{"id":8870,"date":"2015-12-02T13:59:29","date_gmt":"2015-12-02T12:59:29","guid":{"rendered":"https:\/\/www.storevan.com\/pl\/storage-modules-for-vans\/"},"modified":"2026-05-04T07:22:10","modified_gmt":"2026-05-04T07:22:10","slug":"moduly","status":"publish","type":"page","link":"https:\/\/www.storevan.com\/pl\/produkty\/moduly\/","title":{"rendered":"Modu\u0142y"},"content":{"rendered":"<h1 class=\"customblackTitleSmall\">Modu\u0142y<\/h1>\n<p><img decoding=\"async\" loading=\"lazy\" class=\"aligncenter size-full wp-image-6503\" src=\"https:\/\/www.storevan.com\/wp-content\/uploads\/2016\/03\/MODULI.jpg\" alt=\"Modu\u0142y Store Van samochod\u00f3w u\u017cytkowych\" width=\"1170\" height=\"250\" \/><\/p>\n<p>Zabudowy serwisowe StoreVan <strong>dla samochod\u00f3w u\u017cytkowych<\/strong> \u2013 panele \u015bcienne, baga\u017cniki dachowe, tak\u017ce z systemem za\u0142adunku drabiny oraz <strong>rega\u0142y<\/strong>, wszystkie wykonane we W\u0142oszech <strong>\u201cItalian-made\u201d<\/strong> \u2013 pozw\u00f3l sobie na najlepsze <strong>wyposa\u017cenie vana w zabudow\u0119 serwisow\u0105<\/strong>. Przedsi\u0119biorcy koncentruj\u0105cy si\u0119 na maksymalizacji zysku wybieraj\u0105 zabudowy StoreVan by strata czasu i pieni\u0119dzy ju\u017c ich nie dotyczy\u0142a.<\/p>\n<p>StoreVan jest jedynym producentem zabud\u00f3w serwisowych o \u015bwiatowym zasi\u0119gu, kt\u00f3ry u\u017cywa stali galwanizowanej daj\u0105cej ka\u017cdemu elementowi zabudowy serwisowej wysok\u0105 jako\u015b\u0107 powierzchni oraz niezwyk\u0142\u0105 odporno\u015b\u0107 na korozj\u0119. Dzi\u0119ki do\u015bwiadczeniu zdobytemu poprzez zabudowywanie tysi\u0119cy przestrzeni \u0142adunkowych ka\u017cdego roku, projektanci StoreVan wraz z Klientami zawsze znajduj\u0105 rozwi\u0105zanie dla ka\u017cdego mobilnego serwisu \u2013 uszyte na miar\u0119, dopracowane do najdrobniejszych szczeg\u00f3\u0142\u00f3w. Skontaktuj si\u0119 z nami, by uzyska\u0107 niezobowi\u0105zuj\u0105c\u0105 wycen\u0119.<\/p>\n<div class=\"txtGrey bigTxt\"><a href=\"https:\/\/www.storevan.com\/pl\/produkty\/regaly-szafki-zabudowy\/\">REGA\u0141Y DO SAMOCHOD\u00d3W DOSTAWCZYCH<\/a><\/div>\n<hr \/>\n<div class=\"col-xs-12 col-sm-12 col-md-6\">\n<div class=\"text-center\"><a class=\"btn btn-download\" href=\"tel:+390424585455\"><i class=\"fa fa-phone\"><\/i> <span class=\"spanBtn\">ZADZWO\u0143 TERAZ<\/span><br \/>\nuzyskasz wszelkie informacje<\/a><\/div>\n<\/div>\n<div class=\"col-xs-12 col-sm-12 col-md-6\">\n<div class=\"text-center\"><a class=\"btn btn-download\" href=\"#formconttatto\"><i class=\"fa fa-envelope\"><\/i> <span class=\"spanBtn\">NAPISZ<\/span><br \/>\nskontaktujemy si\u0119 <\/a><\/div>\n<\/div>\n<div class=\"break\"><\/div>\n<hr \/>\n<div class=\"one_half\">\n<a href=\"https:\/\/www.storevan.com\/pl\/produkty\/polki-modulowe-do-pojazdow-dostawczych\/\"><img decoding=\"async\" loading=\"lazy\" class=\"aligncenter wp-image-7092 size-full\" src=\"https:\/\/www.storevan.com\/wp-content\/uploads\/2020\/06\/img_ms.jpg\" alt=\"Stalowe p\u00f3\u0142ki opracowane do transportu szerokiej gamy komponent\u00f3w\" width=\"555\" height=\"230\" \/><\/a><\/p>\n<div class=\"listProdTxt\">\n<h3><a href=\"https:\/\/www.storevan.com\/pl\/produkty\/polki-modulowe-do-pojazdow-dostawczych\/\">MULTIFRAME<\/a><\/h3>\n<div class=\"borderTitleOrange dispo\"><\/div>\n<p>Stalowe p\u00f3\u0142ki opracowane do transportu szerokiej gamy komponent\u00f3w. Dost\u0119pne do modu\u0142\u00f3w o wymiarach:<\/p>\n<p><strong>Szeroko\u015b\u0107:<\/strong>\u00a0205 \/ 295 \/ 504 \/ 713 \/ 1012 \/ 1221 \/ 1520 \/ 1729 \/ 1938 \/ 2028\u00a0mm<br \/>\n<strong>G\u0142\u0119boko\u015b\u0107:<\/strong> 265 \/ 365 \/ 445 mm<\/p>\n<div class=\"break\"><\/div>\n<\/div>\n<\/div><div class=\"one_half last\">\n<img decoding=\"async\" loading=\"lazy\" class=\"alignnone wp-image-7086 size-full\" src=\"https:\/\/www.storevan.com\/wp-content\/uploads\/2020\/06\/img_fb.jpg\" alt=\"Blokada walizek.\" width=\"555\" height=\"230\" \/><\/p>\n<div class=\"listProdTxt\">\n<h3>FRAME BLOCK<\/h3>\n<div class=\"borderTitleOrange dispo\">Dost\u0119pne od ko\u0144ca lipca<\/div>\n<p>Blokada walizek. Dost\u0119pne do modu\u0142\u00f3w o wymiarach:<\/p>\n<p><strong>Szeroko\u015b\u0107:<\/strong> 508 \/ 717 \/ 1016 \/ 1225 \/ 1524 mm<br \/>\n<strong>G\u0142\u0119boko\u015b\u0107:<\/strong> 265 \/ 365 \/ 445 mm<\/p>\n<div class=\"break\"><\/div>\n<\/div>\n<\/div><div class=\"clearboth\"><\/div>\n<div class=\"one_half\">\n<img decoding=\"async\" loading=\"lazy\" class=\"aligncenter wp-image-7092 size-full\" src=\"https:\/\/www.storevan.com\/wp-content\/uploads\/2015\/12\/STORAGE_UP.jpg\" alt=\"P\u00f3\u0142ki sta\u0142e i teleskopowe z uchylanym frontem\" width=\"555\" height=\"230\" \/><\/p>\n<div class=\"listProdTxt\">\n<h3>STORAGE UP<\/h3>\n<p>P\u00f3\u0142ki sta\u0142e i\u00a0teleskopowe z uchylanym frontem. Dost\u0119pne do modu\u0142\u00f3w o wymiarach:<\/p>\n<p><strong>Szeroko\u015b\u0107:<\/strong>\u00a0from 717\u00a0to 4153\u00a0mm<br \/>\n<strong>G\u0142\u0119boko\u015b\u0107:<\/strong> 265 \/ 365 mm<br \/>\n<strong>Wysoko\u015b\u0107:<\/strong> 90 mm.<\/p>\n<div class=\"break\"><\/div>\n<\/div>\n<\/div><div class=\"one_half last\">\n<img decoding=\"async\" loading=\"lazy\" class=\"alignnone wp-image-7086 size-full\" src=\"https:\/\/www.storevan.com\/wp-content\/uploads\/2015\/12\/STORAGE_TOP.jpg\" alt=\"P\u00f3\u0142ki g\u00f3rne z metalowymi przegr\u00f3dkami.\" width=\"555\" height=\"230\" \/><\/p>\n<div class=\"listProdTxt\">\n<h3>STORAGE TOP<\/h3>\n<p>P\u00f3\u0142ki g\u00f3rne z metalowymi przegr\u00f3dkami. Dost\u0119pne do modu\u0142\u00f3w o wymiarach:<\/p>\n<p><strong>Szeroko\u015b\u0107:<\/strong> 299 \/ 508 \/ 717 \/ 1016 \/ 1225 \/ 1524 \/ 1733 \/ 1942 \/ 2032 mm<br \/>\n<strong>G\u0142\u0119boko\u015b\u0107:<\/strong> 265 \/ 365 \/ 445 mm<br \/>\n<strong>Wysoko\u015b\u0107 frontu:<\/strong> 73 mm<br \/>\n<strong>Wysoko\u015b\u0107 ty\u0142u:<\/strong> 73 mm<\/p>\n<div class=\"break\"><\/div>\n<\/div>\n<\/div><div class=\"clearboth\"><\/div>\n<div class=\"one_half\">\n<img decoding=\"async\" loading=\"lazy\" class=\"alignnone wp-image-7088 size-full\" src=\"https:\/\/www.storevan.com\/wp-content\/uploads\/2015\/12\/STORAGE_PLUS.jpg\" alt=\"P\u00f3\u0142ski z aluminiowymi przegr\u00f3dkami\" width=\"555\" height=\"230\" \/><\/p>\n<div class=\"listProdTxt\">\n<h3>STORAGE PLUS<\/h3>\n<p>P\u00f3\u0142ski z aluminiowymi przegr\u00f3dkami. Dost\u0119pne do modu\u0142\u00f3w o wymiarach:<\/p>\n<p><strong>Szeroko\u015b\u0107:<\/strong> 508 \/ 717 \/ 1016 \/ 1225 \/ 1524 \/ 1733 \/ 1942 \/ 2032 mm<br \/>\n<strong>G\u0142\u0119boko\u015b\u0107:<\/strong> 265 \/ 365 \/ 445 mm<br \/>\n<strong>Wysoko\u015b\u0107 frontu:<\/strong> 73 mm<br \/>\n<strong>Wysoko\u015b\u0107 ty\u0142u:<\/strong> 146 mm<\/p>\n<div class=\"break\"><\/div>\n<\/div>\n<\/div>\n<div class=\"one_half last\">\n<img decoding=\"async\" loading=\"lazy\" class=\"aligncenter wp-image-6526 size-full\" src=\"https:\/\/www.storevan.com\/wp-content\/uploads\/2016\/03\/MODULI_9.jpg\" alt=\"P\u00f3\u0142ki dost\u0119pne do modu\u0142\u00f3w o wymiarach\" width=\"555\" height=\"230\" \/><\/p>\n<div class=\"listProdTxt\">\n<h3>STORAGE WINDOW<\/h3>\n<p>P\u00f3\u0142ki dost\u0119pne do modu\u0142\u00f3w o wymiarach (Dost\u0119pne z lub bez <a href=\"https:\/\/www.storevan.com\/pl\/produkty\/pojemniki-samochodow-dostawczych\/\">polipropylenowych pojemnik\u00f3w<\/a>):<\/p>\n<p><strong>Szeroko\u015b\u0107: <\/strong>508 \/ 717 \/ 1016 \/ 1225 \/ 1524 mm<strong><br \/>\nG\u0142\u0119boko\u015b\u0107:<\/strong> 265 \/ 365 \/ 445 mm<strong><br \/>\nWysoko\u015b\u0107:<\/strong> 50 mm<\/p>\n<div class=\"break\"><\/div>\n<\/div>\n<\/div><div class=\"clearboth\"><\/div>\n<div class=\"one_half\">\n<img decoding=\"async\" loading=\"lazy\" class=\"aligncenter wp-image-9056 size-full\" src=\"https:\/\/www.storevan.com\/wp-content\/uploads\/2015\/12\/STORAGE_EASY-2.jpg\" alt=\"Mo\u017ce by\u0107 u\u017cywana jako konstrukcja wspieraj\u0105ca lub jako pokrywa. Stabilizuje modu\u0142\" width=\"555\" height=\"230\" srcset=\"https:\/\/www.storevan.com\/wp-content\/uploads\/2015\/12\/STORAGE_EASY-2.jpg 555w, https:\/\/www.storevan.com\/wp-content\/uploads\/2015\/12\/STORAGE_EASY-2-300x124.jpg 300w\" sizes=\"(max-width: 555px) 100vw, 555px\" \/><\/p>\n<div class=\"listProdTxt\">\n<h3>STORAGE EASY<\/h3>\n<p>Mo\u017ce by\u0107 u\u017cywana jako konstrukcja wspieraj\u0105ca lub jako pokrywa. Stabilizuje modu\u0142. Dost\u0119pne do modu\u0142\u00f3w o wymiarach:<br \/>\n<strong><br \/>\nSzeroko\u015b\u0107:<\/strong> 508 \/ 717 \/ 1016 \/ 1225 \/ 1524 mm<br \/>\n<strong>G\u0142\u0119boko\u015b\u0107:<\/strong> 265 \/ 365 \/ 445 mm<br \/>\n<strong>Wysoko\u015b\u0107:<\/strong> 50 mm<\/p>\n<div class=\"break\"><\/div>\n<\/div>\n<\/div>\n<div class=\"one_half last\">\n<a href=\"https:\/\/www.storevan.com\/pl\/produkty\/szafki-szufladowe-do-samochodow-dostawczych\/\" title=\"Szafki szufladowe do samochod\u00f3w dostawczych\"><img decoding=\"async\" loading=\"lazy\" class=\"aligncenter wp-image-7081 size-full\" src=\"https:\/\/www.storevan.com\/wp-content\/uploads\/2015\/12\/DRAWER_D5.jpg\" alt=\"Szuflady z pe\u0142nym wysuwem o ud\u017awigu 50 Kg.\" width=\"555\" height=\"230\" \/><\/a><\/p>\n<div class=\"listProdTxt\">\n<h3>DRAWER S5<\/h3>\n<p>Ca\u0142kowicie wysuwane szuflady o ud\u017awigu 50 kg z mo\u017cliwo\u015bci\u0105 blokady w pozycji zamkni\u0119tej lub otwartej.<\/p>\n<p><a href=\"https:\/\/www.storevan.com\/pl\/produkty\/szafki-szufladowe-do-samochodow-dostawczych\/\" title=\"Szafki szufladowe do samochod\u00f3w dostawczych\">SZCZEG\u00d3\u0141Y <i class=\"fa fa-angle-double-right\"><\/i><\/a><\/p>\n<div class=\"break\"><\/div>\n<\/div>\n<\/div><div class=\"clearboth\"><\/div><div class=\"one_half\">\n<a href=\"https:\/\/www.storevan.com\/pl\/produkty\/szafki-szufladowe-do-samochodow-dostawczych\/\" title=\"Szafki szufladowe do samochod\u00f3w dostawczych\"><img decoding=\"async\" loading=\"lazy\" class=\"aligncenter wp-image-7083 size-full\" src=\"https:\/\/www.storevan.com\/wp-content\/uploads\/2015\/12\/DRAWER_D4.jpg\" alt=\"Szuflady z pe\u0142nym wysuwem o ud\u017awigu 40 Kg.\" width=\"555\" height=\"230\" \/><\/a><\/p>\n<div class=\"listProdTxt\">\n<h3>DRAWER S4<\/h3>\n<p>Ca\u0142kowicie wysuwane szuflady o ud\u017awigu 40 kg z mo\u017cliwo\u015bci\u0105 blokady w pozycji zamkni\u0119tej. Przeznaczone do: Rega\u0142 do samochodu dostawczego SIDE FRAME z szufladami otwieranymi w kierunku drzwi pojazdu.<\/p>\n<p><a href=\"https:\/\/www.storevan.com\/pl\/produkty\/szafki-szufladowe-do-samochodow-dostawczych\/\" title=\"Szafki szufladowe do samochod\u00f3w dostawczych\">SZCZEG\u00d3\u0141Y <i class=\"fa fa-angle-double-right\"><\/i><\/a><\/p>\n<div class=\"break\"><\/div>\n<\/div>\n<\/div>\n<div class=\"one_half last\">\n<img decoding=\"async\" loading=\"lazy\" class=\"aligncenter wp-image-7366 size-full\" src=\"https:\/\/www.storevan.com\/wp-content\/uploads\/2015\/12\/CASE_PLUS.jpg\" alt=\"Wysuwane p\u00f3\u0142ki na jedn\u0105 lub dwie metalowe walizki o r\u00f3\u017cnych wymiarach.\" width=\"555\" height=\"230\" \/><\/p>\n<div class=\"listProdTxt\">\n<h3>CASE PLUS<\/h3>\n<p>Wysuwane p\u00f3\u0142ki na jedn\u0105 lub dwie metalowe\u00a0walizki o r\u00f3\u017cnych wymiarach.<\/p>\n<p><strong>Szeroko\u015b\u0107:<\/strong>\u00a0508\u00a0mm<br \/>\n<strong>G\u0142\u0119boko\u015b\u0107:<\/strong> 365 \/ 445 \u00a0mm<br \/>\n<strong>Wysoko\u015b\u0107:<\/strong> 18 mm<\/p>\n<div class=\"break\"><\/div>\n<\/div>\n<\/div><div class=\"clearboth\"><\/div><div class=\"one_half\">\n<img decoding=\"async\" loading=\"lazy\" class=\"aligncenter wp-image-7364 size-full\" src=\"https:\/\/www.storevan.com\/wp-content\/uploads\/2015\/12\/CASE_EASY.jpg\" alt=\"Wysuwane p\u00f3\u0142ki na 1 lub 2 walizki o r\u00f3\u017cnych wysoko\u015bciach\" width=\"555\" height=\"230\" \/><\/p>\n<div class=\"listProdTxt\">\n<h3>CASE\u00a0EASY<\/h3>\n<p>Wysuwane p\u00f3\u0142ki na 1 lub 2 walizki o r\u00f3\u017cnych wysoko\u015bciach. Dost\u0119pne do modu\u0142\u00f3w o wymiarach:<\/p>\n<p><strong>Szeroko\u015b\u0107:<\/strong> 508 mm<br \/>\n<strong>G\u0142\u0119boko\u015b\u0107:<\/strong> 365 mm<\/p>\n<div class=\"break\"><\/div>\n<\/div>\n<\/div>\n<div class=\"one_half last\">\n<img decoding=\"async\" loading=\"lazy\" class=\"aligncenter wp-image-6532 size-full\" src=\"https:\/\/www.storevan.com\/wp-content\/uploads\/2016\/03\/MODULI_12.jpg\" alt=\"Podnoszone drzwiczki z mechanizmem spr\u0119\u017cynowym.\" width=\"555\" height=\"230\" \/><\/p>\n<div class=\"listProdTxt\">\n<h3>DOOR TOP<\/h3>\n<p>Podnoszone drzwiczki z mechanizmem\u00a0spr\u0119\u017cynowym.<br \/>\nDost\u0119pne do modu\u0142\u00f3w o wymiarach:<\/p>\n<p><strong>Szeroko\u015b\u0107:<\/strong> 508 \/ 717 \/ 1016 \/ 1225 \/ 1524 mm<br \/>\n<strong>Wysoko\u015b\u0107:<\/strong> 350 \/ 400 mm<\/p>\n<div class=\"break\"><\/div>\n<\/div>\n<\/div><div class=\"clearboth\"><\/div>\n<div class=\"one_half\">\n<img decoding=\"async\" loading=\"lazy\" class=\"aligncenter size-full wp-image-54591\" src=\"https:\/\/www.storevan.com\/wp-content\/uploads\/2015\/12\/Portello-scaffalature-furgoni-DOOR-PLUS.jpg\" alt=\"Uchylane drzwiczki do monta\u017cu przy pod\u0142odze lub przy p\u00f3\u0142ce\" width=\"555\" height=\"230\" srcset=\"https:\/\/www.storevan.com\/wp-content\/uploads\/2015\/12\/Portello-scaffalature-furgoni-DOOR-PLUS.jpg 555w, https:\/\/www.storevan.com\/wp-content\/uploads\/2015\/12\/Portello-scaffalature-furgoni-DOOR-PLUS-300x124.jpg 300w\" sizes=\"(max-width: 555px) 100vw, 555px\" \/><\/p>\n<div class=\"listProdTxt\">\n<h3>DOOR PLUS<\/h3>\n<p>Uchylane drzwiczki do monta\u017cu przy\u00a0pod\u0142odze lub przy p\u00f3\u0142ce.\u00a0Dost\u0119pne do modu\u0142\u00f3w o wymiarach:<\/p>\n<p><strong>Szeroko\u015b\u0107:<\/strong> 508 \/ 717 \/ 1016 \/ 1225 \/ 1524 \/ 1733 \/ 1942 \/2032 mm<br \/>\n<strong>Wysoko\u015b\u0107:<\/strong> 200 mm<\/p>\n<div class=\"break\"><\/div>\n<\/div>\n<\/div>\n<div class=\"one_half last\">\n<img decoding=\"async\" loading=\"lazy\" class=\"aligncenter size-full wp-image-55388\" src=\"https:\/\/www.storevan.com\/wp-content\/uploads\/2015\/12\/DOOR-SMALL.jpg\" alt=\"Drzwi z aluminium anodowanego\" width=\"555\" height=\"230\" srcset=\"https:\/\/www.storevan.com\/wp-content\/uploads\/2015\/12\/DOOR-SMALL.jpg 555w, https:\/\/www.storevan.com\/wp-content\/uploads\/2015\/12\/DOOR-SMALL-300x124.jpg 300w\" sizes=\"(max-width: 555px) 100vw, 555px\" \/><\/p>\n<div class=\"listProdTxt\">\n<h3><a href=\"https:\/\/www.storevan.com\/pl\/burta-zamykajaca-do-polek\/\">DOOR SMALL<\/a><\/h3>\n<p>Uchylane drzwiczki do monta\u017cu przy\u00a0pod\u0142odze lub przy p\u00f3\u0142ce. Dost\u0119pne do modu\u0142\u00f3w o wymiarach:<\/p>\n<p><strong>Szeroko\u015b\u0107:<\/strong> 508 \/ 717 \/ 1016 \/ 1225 \/ 1524 \/ 1733 \/ 1942 \/2032 mm<br \/>\n<strong>Wysoko\u015b\u0107:<\/strong>\u00a0100 mm<\/p>\n<div class=\"break\"><\/div>\n<\/div>\n<\/div><div class=\"clearboth\"><\/div>\n<div class=\"one_half\">\n<img decoding=\"async\" loading=\"lazy\" class=\"aligncenter wp-image-7097 size-full\" src=\"https:\/\/www.storevan.com\/wp-content\/uploads\/2015\/12\/ROLL_PLUS.jpg\" alt=\"Miejsce do przechowywania, zamykane \u017caluzj\u0105\" width=\"555\" height=\"230\" \/><\/p>\n<div class=\"listProdTxt\">\n<h3>ROLL PLUS<\/h3>\n<p>Miejsce do przechowywania, zamykane \u017caluzj\u0105. Dost\u0119pne do modu\u0142\u00f3w o wymiarach:<\/p>\n<p><strong>Szeroko\u015b\u0107:<\/strong> 508 \/ 717 \/ 1016 \/ 1225 mm<br \/>\n<strong>Wysoko\u015b\u0107:<\/strong> 450 \/ 650 \/ 825 mm<\/p>\n<div class=\"break\"><\/div>\n<\/div>\n<\/div>\n<div class=\"one_half last\">\n<img decoding=\"async\" loading=\"lazy\" class=\"aligncenter wp-image-7426 size-full\" src=\"https:\/\/www.storevan.com\/wp-content\/uploads\/2015\/12\/FRAME_TOP_1.jpg\" alt=\"Element konstrukcyjny, odpowiedni do stabilizacji rega\u0142\u00f3w\" width=\"555\" height=\"230\" \/><\/p>\n<div class=\"listProdTxt\">\n<h3>FRAME TOP<\/h3>\n<p>Element konstrukcyjny, odpowiedni do stabilizacji rega\u0142\u00f3w. Dost\u0119pne do modu\u0142\u00f3w o wymiarach:<\/p>\n<p><strong>Szeroko\u015b\u0107:<\/strong> 423 \/ 508 \/ 580 \/ 717 \/ 1016 \/ 1225 \/ 1524 mm<br \/>\n<strong>Wysoko\u015b\u0107:<\/strong>\u00a024\u00a0mm<\/p>\n<div class=\"break\"><\/div>\n<\/div>\n<\/div><div class=\"clearboth\"><\/div>\n<div class=\"one_half\">\n<img decoding=\"async\" loading=\"lazy\" class=\"aligncenter wp-image-6536 size-full\" src=\"https:\/\/www.storevan.com\/wp-content\/uploads\/2016\/03\/MODULI_14.jpg\" alt=\"Wspornik\/ element konstrukcyjny, s\u0142u\u017cy do mocowania pasa transportowego\" width=\"555\" height=\"230\" \/><\/p>\n<div class=\"listProdTxt\">\n<h3>FRAME EASY<\/h3>\n<p>Wspornik\/ element konstrukcyjny, s\u0142u\u017cy do mocowania pasa transportowego, kt\u00f3ry umo\u017cliwi bezpieczny transport walizki z narz\u0119dziami. Dost\u0119pne do modu\u0142\u00f3w o wymiarach:<\/p>\n<p><strong>Szeroko\u015b\u0107:<\/strong> 508 \/ 717 \/ 1016 \/ 1225 \/ 1524 \/ 1733 \/ 1942 \/ 2032 mm<\/p>\n<div class=\"break\"><\/div>\n<\/div>\n<\/div>\n<div class=\"one_half last\">\n<img decoding=\"async\" loading=\"lazy\" class=\"aligncenter wp-image-6540 size-full\" src=\"https:\/\/www.storevan.com\/wp-content\/uploads\/2016\/03\/MODULI_16.jpg\" alt=\"Rozk\u0142adane sto\u0142y z imad\u0142em wyposa\u017cone w amortyzator gazowy \" width=\"555\" height=\"230\" \/><\/p>\n<div class=\"listProdTxt\">\n<h3>WORK\u00a0TOP<\/h3>\n<p>Rozk\u0142adane sto\u0142y z imad\u0142em wyposa\u017cone w amortyzator gazowy i nog\u0119 pozwalajac\u0105 na dostosowanie wysoko\u015bci roboczej.<\/p>\n<p><strong>Szeroko\u015b\u0107:<\/strong> 240 \/ 340 mm<br \/>\n<strong>G\u0142\u0119boko\u015b\u0107:<\/strong>\u00a0950\u00a0mm<\/p>\n<div class=\"break\"><\/div>\n<\/div>\n<\/div><div class=\"clearboth\"><\/div>\n<div class=\"one_half\">\n<img decoding=\"async\" loading=\"lazy\" class=\"aligncenter wp-image-6538 size-full\" src=\"https:\/\/www.storevan.com\/wp-content\/uploads\/2016\/03\/MODULI_15.jpg\" alt=\"Wysuwane blaty z imad\u0142em o grubo\u015bci 37 mm\" width=\"555\" height=\"230\" \/><\/p>\n<div class=\"listProdTxt\">\n<h3>WORK EASY<\/h3>\n<p>Wysuwane blaty z imad\u0142em o grubo\u015bci 37 mm.<br \/>\nDost\u0119pne do modu\u0142\u00f3w o wymiarach:<\/p>\n<p><strong>Szeroko\u015b\u0107:<\/strong> 717 \/ 1016 \/ 1225 \/ 1524 mm<br \/>\n<strong>G\u0142\u0119boko\u015b\u0107:<\/strong> 265 \/ 365 \/ 445 mm<\/p>\n<div class=\"break\"><\/div>\n<\/div>\n<\/div>\n<div class=\"one_half last\">\n<img decoding=\"async\" loading=\"lazy\" class=\"aligncenter wp-image-7107 size-full\" src=\"https:\/\/www.storevan.com\/wp-content\/uploads\/2015\/12\/WORK_LOOK.jpg\" alt=\"Plansza perforowana do umieszczenia r\u00f3\u017cnych akcesori\u00f3w, na przyk\u0142ad Visual Box\u00f3w\" width=\"555\" height=\"230\" \/><\/p>\n<div class=\"listProdTxt\">\n<h3>WORK LOOK<\/h3>\n<p>Plansza perforowana do umieszczenia r\u00f3\u017cnych akcesori\u00f3w, na przyk\u0142ad Visual Box\u00f3w \u2013 takich jak na powy\u017cszym zdj\u0119ciu. Dost\u0119pne do modu\u0142\u00f3w o wymiarach:<\/p>\n<p><strong>Szeroko\u015b\u0107:<\/strong> 717 \/ 1016 \/ 1225 mm<br \/>\n<strong>Wysoko\u015b\u0107:<\/strong> 280 \/ 340 \/ 420 \/ 700 mm<\/p>\n<div class=\"break\"><\/div>\n<\/div>\n<\/div><div class=\"clearboth\"><\/div>\n<div class=\"one_half\">\n<img decoding=\"async\" loading=\"lazy\" class=\"aligncenter wp-image-6510 size-full\" src=\"https:\/\/www.storevan.com\/wp-content\/uploads\/2016\/03\/MODULI_1.jpg\" alt=\"Wysuwane p\u00f3\u0142ki na 1 lub 2 walizki o r\u00f3\u017cnych wysoko\u015bciach\" width=\"555\" height=\"230\" \/><\/p>\n<div class=\"listProdTxt\">\n<h3>WORK WOOD<\/h3>\n<p>Wysuwane p\u00f3\u0142ki na 1 lub 2 walizki o r\u00f3\u017cnych wysoko\u015bciach. Dost\u0119pne z nak\u0142adka stalowa pokryta gum\u0105 dla blatu. Dost\u0119pne do modu\u0142\u00f3w o wymiarach:<br \/>\n<strong><br \/>\nSzeroko\u015b\u0107:<\/strong> 508 \/ 717 \/ 1016 \/ 1225 \/ 1524 mm<br \/>\n<strong>G\u0142\u0119boko\u015b\u0107:<\/strong> 365 \/ 445 mm<\/p>\n<div class=\"break\"><\/div>\n<\/div>\n<\/div>\n<div class=\"one_half last\">\n<img decoding=\"async\" loading=\"lazy\" class=\"aligncenter wp-image-7109 size-full\" src=\"https:\/\/www.storevan.com\/wp-content\/uploads\/2015\/12\/PRACTIBOX.jpg\" alt=\"Pojemniki Visual Box z transparentn\u0105 pokryw\u0105, uchylne, z blokad\u0105 blokuj\u0105c\u0105 samoistne otwieranie w czasie jazdy\" width=\"555\" height=\"230\" \/><\/p>\n<div class=\"listProdTxt\">\n<h3>VISUAL BOX<\/h3>\n<p>Pojemniki Visual Box z transparentn\u0105 pokryw\u0105, uchylne, z blokad\u0105 blokuj\u0105c\u0105 samoistne otwieranie w czasie jazdy.<\/p>\n<div class=\"break\"><\/div>\n<\/div>\n<\/div><div class=\"clearboth\"><\/div>\n<div class=\"one_half\">\n<img decoding=\"async\" loading=\"lazy\" class=\"aligncenter wp-image-7374 size-full\" src=\"https:\/\/www.storevan.com\/wp-content\/uploads\/2015\/12\/PROTECTION_TOP.jpg\" alt=\"Element podwy\u017cszaj\u0105cy funkcjonalno\u015b\u0107 p\u00f3\u0142ki\" width=\"555\" height=\"230\" \/><\/p>\n<div class=\"listProdTxt\">\n<h3>PROTECTION TOP<\/h3>\n<p>Element podwy\u017cszaj\u0105cy funkcjonalno\u015b\u0107 p\u00f3\u0142ki. Dost\u0119pne do modu\u0142\u00f3w o wymiarach:<\/p>\n<p><strong>Szeroko\u015b\u0107:<\/strong> 508 \/ 717 \/ 1016 \/ 1225 \/ 1524 mm<br \/>\n<strong>Wysoko\u015b\u0107:<\/strong> 100 \/ 125 \/ 300 mm<\/p>\n<div class=\"break\"><\/div>\n<\/div>\n<\/div>\n<div class=\"one_half last\">\n<img decoding=\"async\" loading=\"lazy\" class=\"aligncenter wp-image-7424 size-full\" src=\"https:\/\/www.storevan.com\/wp-content\/uploads\/2015\/12\/ATHENA_EASY.jpg\" alt=\"EURO BOX EASY Plastikowy pojemnik Euro Box\" width=\"555\" height=\"230\" \/><\/p>\n<div class=\"listProdTxt\">\n<h3>EURO BOX EASY<\/h3>\n<p><a href=\"https:\/\/www.famispa.com\/pl\/produkt\/zamykany-pojemnik-euro\/\" title=\"Zamykany pojemnik Euro Box Classic\">Plastikowy pojemnik Euro Box<\/a>\u00a0mocowany na prowadnicach.\u00a0Dost\u0119pne do modu\u0142\u00f3w o wymiarach:<\/p>\n<p><strong>Szeroko\u015b\u0107:<\/strong>\u00a0508\u00a0mm<br \/>\n<strong>G\u0142\u0119boko\u015b\u0107:<\/strong>\u00a0365\u00a0mm<\/p>\n<div class=\"break\"><\/div>\n<\/div>\n<\/div><div class=\"clearboth\"><\/div>\n<div class=\"one_half last\">\n<img decoding=\"async\" loading=\"lazy\" class=\"aligncenter wp-image-7101 size-full\" src=\"https:\/\/www.storevan.com\/wp-content\/uploads\/2015\/12\/SIDE_FRAME.jpg\" alt=\"SIDE FRAME Modu\u0142y StoreVan rewolucjonizuj\u0105 przestrze\u0144 \u0142adunkow\u0105 van\u00f3w\" width=\"555\" height=\"230\" \/><\/p>\n<div class=\"listProdTxt\"><a name=\"formconttatto\"><\/a><\/p>\n<h3>SIDE FRAME<\/h3>\n<p><a href=\"https:\/\/www.storevan.com\/pl\/produkty\/regaly-szafki-zabudowy\/\">Modu\u0142y<\/a>\u00a0StoreVan rewolucjonizuj\u0105 przestrze\u0144 \u0142adunkow\u0105 van\u00f3w. Ergonomicznie rozplanowane modu\u0142y odwr\u00f3cone z szufladami otwieranymi do drzwi bocznych, daj\u0105 bezpo\u015bredni dost\u0119p z zewn\u0105trz do sprz\u0119tu, kt\u00f3ry jest w nich schowany. W ten spos\u00f3b nie tracimy czasu na szukanie odpowiednich narz\u0119dzi, wszystko jest pod r\u0119k\u0105.<\/p>\n<div class=\"break\"><\/div>\n<\/div>\n<\/div><div class=\"clearboth\"><\/div>\n<hr \/>\n<h4 class=\"bigTxt text-center txtBkOrange\">CHCESZ WIEDZIE\u0106 WI\u0118CEJ?<\/h4>\n\n<div class=\"wpcf7 no-js\" id=\"wpcf7-f67676-o1\" lang=\"it-IT\" dir=\"ltr\">\n<div class=\"screen-reader-response\"><p role=\"status\" aria-live=\"polite\" aria-atomic=\"true\"><\/p> <ul><\/ul><\/div>\n<form action=\"\/pl\/wp-json\/wp\/v2\/pages\/8870#wpcf7-f67676-o1\" method=\"post\" class=\"wpcf7-form init\" aria-label=\"Modulo di contatto\" novalidate=\"novalidate\" data-status=\"init\">\n<div style=\"display: none;\">\n<input type=\"hidden\" name=\"_wpcf7\" value=\"67676\" \/>\n<input type=\"hidden\" name=\"_wpcf7_version\" value=\"5.7.7\" \/>\n<input type=\"hidden\" name=\"_wpcf7_locale\" value=\"it_IT\" \/>\n<input type=\"hidden\" name=\"_wpcf7_unit_tag\" value=\"wpcf7-f67676-o1\" \/>\n<input type=\"hidden\" name=\"_wpcf7_container_post\" value=\"0\" \/>\n<input type=\"hidden\" name=\"_wpcf7_posted_data_hash\" value=\"\" \/>\n<input type=\"hidden\" name=\"_wpcf7_recaptcha_response\" value=\"\" \/>\n<\/div>\n<span class=\"wpcf7-form-control-wrap url\" data-name=\"url\"><input type=\"hidden\" name=\"url\" size=\"40\" class=\"wpcf7-form-control wpcf7-hidden wpcf7dtx wpcf7dtx-hidden\" aria-invalid=\"false\" value=\"moduly\" autocomplete=\"off\" \/><\/span>\n<p>Wype\u0142nij poni\u017csze pola, aby otrzyma\u0107 wi\u0119cej informacji. Nasz operator skontaktuje si\u0119 z\u00a0tob\u0105 najszybciej, jak to mo\u017cliwe (* pola obowi\u0105zkowe):\n<\/p>\n<div class=\"col-xs-12 col-md-6\">\n\t<p><span class='titoli'>Imi\u0119 (*)<\/span>\n\t<\/p>\n\t<p><span class=\"wpcf7-form-control-wrap\" data-name=\"your-name\"><input size=\"40\" class=\"wpcf7-form-control wpcf7-text wpcf7-validates-as-required form-control\" aria-required=\"true\" aria-invalid=\"false\" value=\"\" type=\"text\" name=\"your-name\" \/><\/span>\n\t<\/p>\n<\/div>\n<div class=\"col-xs-12 col-md-6\">\n\t<p><span class='titoli'>Nazwisko (*)<\/span>\n\t<\/p>\n\t<p><span class=\"wpcf7-form-control-wrap\" data-name=\"your-last-name\"><input size=\"40\" class=\"wpcf7-form-control wpcf7-text wpcf7-validates-as-required form-control\" aria-required=\"true\" aria-invalid=\"false\" value=\"\" type=\"text\" name=\"your-last-name\" \/><\/span>\n\t<\/p>\n<\/div>\n<div class=\"col-xs-12 col-md-6\">\n\t<p><span class='titoli'>Firma (*)<\/span>\n\t<\/p>\n\t<p><span class=\"wpcf7-form-control-wrap\" data-name=\"your-company\"><input size=\"40\" class=\"wpcf7-form-control wpcf7-text wpcf7-validates-as-required form-control\" aria-required=\"true\" aria-invalid=\"false\" value=\"\" type=\"text\" name=\"your-company\" \/><\/span>\n\t<\/p>\n<\/div>\n<div class=\"col-xs-12 col-md-6\">\n\t<p><span class='titoli'>Numer NIP<\/span>\n\t<\/p>\n\t<p><span class=\"wpcf7-form-control-wrap\" data-name=\"p-iva\"><input size=\"40\" class=\"wpcf7-form-control wpcf7-text form-control\" aria-invalid=\"false\" value=\"\" type=\"text\" name=\"p-iva\" \/><\/span>\n\t<\/p>\n<\/div>\n<div class=\"clearboth\">\n<\/div>\n<div class=\"col-xs-12 col-md-4\">\n\t<p><span class='titoli'>Kod pocztowy (*)<\/span>\n\t<\/p>\n\t<p><span class=\"wpcf7-form-control-wrap\" data-name=\"your-zip-code\"><input size=\"40\" class=\"wpcf7-form-control wpcf7-text wpcf7-validates-as-required form-control\" aria-required=\"true\" aria-invalid=\"false\" value=\"\" type=\"text\" name=\"your-zip-code\" \/><\/span>\n\t<\/p>\n<\/div>\n<div class=\"col-xs-12 col-md-4\">\n\t<p><span class='titoli'>Adres (*)<\/span>\n\t<\/p>\n\t<p><span class=\"wpcf7-form-control-wrap\" data-name=\"your-address\"><input size=\"40\" class=\"wpcf7-form-control wpcf7-text wpcf7-validates-as-required form-control\" aria-required=\"true\" aria-invalid=\"false\" value=\"\" type=\"text\" name=\"your-address\" \/><\/span>\n\t<\/p>\n<\/div>\n<div class=\"col-xs-12 col-md-4\">\n\t<p><span class='titoli'>Miasto (*)<\/span>\n\t<\/p>\n\t<p><span class=\"wpcf7-form-control-wrap\" data-name=\"your-Town\"><input size=\"40\" class=\"wpcf7-form-control wpcf7-text wpcf7-validates-as-required form-control\" aria-required=\"true\" aria-invalid=\"false\" value=\"\" type=\"text\" name=\"your-Town\" \/><\/span>\n\t<\/p>\n<\/div>\n<div class=\"clearboth\">\n<\/div>\n<div class=\"col-xs-12 col-md-6\">\n\t<p><span class='titoli'>email (*)<\/span>\n\t<\/p>\n\t<p><span class=\"wpcf7-form-control-wrap\" data-name=\"your-email\"><input size=\"40\" class=\"wpcf7-form-control wpcf7-text wpcf7-email wpcf7-validates-as-required wpcf7-validates-as-email form-control\" aria-required=\"true\" aria-invalid=\"false\" value=\"\" type=\"email\" name=\"your-email\" \/><\/span>\n\t<\/p>\n<\/div>\n<div class=\"col-xs-12 col-md-6\">\n\t<p><span class='titoli'>Telefon (*)<\/span>\n\t<\/p>\n\t<p><span class=\"wpcf7-form-control-wrap\" data-name=\"telefono\"><input size=\"40\" class=\"wpcf7-form-control wpcf7-text wpcf7-tel wpcf7-validates-as-required wpcf7-validates-as-tel form-control\" aria-required=\"true\" aria-invalid=\"false\" value=\"\" type=\"tel\" name=\"telefono\" \/><\/span>\n\t<\/p>\n<\/div>\n<div class=\"clearboth\">\n<\/div>\n<div class=\"col-xs-12 col-md-6\">\n\t<p><span class='titoli'>Przedmiot <\/span>\n\t<\/p>\n\t<p><span class=\"wpcf7-form-control-wrap\" data-name=\"oggetto\"><select class=\"wpcf7-form-control wpcf7-select wpcf7-validates-as-required\" aria-required=\"true\" aria-invalid=\"false\" name=\"oggetto\"><option value=\"Oferta\">Oferta<\/option><option value=\"Informacje techniczne\">Informacje techniczne<\/option><option value=\"Powo\u0142anie\">Powo\u0142anie<\/option><\/select><\/span>\n\t<\/p>\n<\/div>\n<div class=\"col-xs-12 col-md-6\">\n\t<p><br \/>\n<span class=\"titoli\"> <span class=\"wpcf7-form-control-wrap\" data-name=\"cliente\"><span class=\"wpcf7-form-control wpcf7-checkbox\"><span class=\"wpcf7-list-item first last\"><label><span class=\"wpcf7-list-item-label\">Jestem ju\u017c klientem<\/span><input type=\"checkbox\" name=\"cliente[]\" value=\"Jestem ju\u017c klientem\" \/><\/label><\/span><\/span><\/span><\/span>\n\t<\/p>\n<\/div>\n<div class=\"col-xs-12 col-md-12\">\n\t<p><span class='titoli'>Wiadomo\u015b\u0107 (*)<\/span>\n\t<\/p>\n\t<p><span class=\"wpcf7-form-control-wrap\" data-name=\"your-message\"><textarea cols=\"40\" rows=\"10\" class=\"wpcf7-form-control wpcf7-textarea wpcf7-validates-as-required form-control\" aria-required=\"true\" aria-invalid=\"false\" name=\"your-message\"><\/textarea><\/span>\n\t<\/p>\n<\/div>\n<div class=\"col-xs-12 col-md-12\">\n\t<p><small>Wprowadzone dane b\u0119d\u0105 traktowane z zachowaniem \u015bcis\u0142ej poufno\u015bci zgodnie z prawem i nasz\u0105 polityk\u0105 prywatno\u015bci. <a href=\"https:\/\/www.storevan.com\/pl\/privacy-policy\/\">Polityk\u0105 prywatno\u015bci<\/a><\/small>\n\t<\/p>\n\t<p><span class=\"wpcf7-form-control-wrap\" data-name=\"AccettazionePrivacy\"><span class=\"wpcf7-form-control wpcf7-acceptance\"><span class=\"wpcf7-list-item\"><input type=\"checkbox\" name=\"AccettazionePrivacy\" value=\"1\" aria-invalid=\"false\" \/><\/span><\/span><\/span> O\u015bwiadczam, \u017ce zapozna\u0142am si\u0119 z <a href=\"https:\/\/www.storevan.com\/pl\/privacy-policy\/\">polityk\u0105 prywatno\u015bci<\/a> i zgadzam si\u0119 na wykorzystanie moich danych osobowych w opisanych tam przypadkach.(*)(*)<br \/>\n\t<span class=\"wpcf7-form-control-wrap recaptcha\" data-name=\"recaptcha\"><span data-sitekey=\"6LdfM4AUAAAAAJjsAucux5WVNA3hsk5KP0a03T_n\" class=\"wpcf7-form-control g-recaptcha wpcf7-recaptcha\"><\/span>\r\n<noscript>\r\n\t<div class=\"grecaptcha-noscript\">\r\n\t\t<iframe src=\"https:\/\/www.google.com\/recaptcha\/api\/fallback?k=6LdfM4AUAAAAAJjsAucux5WVNA3hsk5KP0a03T_n\" frameborder=\"0\" scrolling=\"no\" width=\"310\" height=\"430\">\r\n\t\t<\/iframe>\r\n\t\t<textarea name=\"g-recaptcha-response\" rows=\"3\" cols=\"40\" placeholder=\"reCaptcha Response Here\">\r\n\t\t<\/textarea>\r\n\t<\/div>\r\n<\/noscript>\r\n<\/span>\n\t<\/p>\n<\/div>\n<hr class=\"noColor\" \/>\n<p><input class=\"wpcf7-form-control has-spinner wpcf7-submit\" type=\"submit\" value=\"Wy\u015blij\" \/>\n<\/p><div class=\"wpcf7-response-output\" aria-hidden=\"true\"><\/div>\n<\/form>\n<\/div>\n\n","protected":false},"excerpt":{"rendered":"<p>Modu\u0142y Zabudowy serwisowe StoreVan dla samochod\u00f3w u\u017cytkowych \u2013 panele \u015bcienne, baga\u017cniki dachowe, tak\u017ce z systemem za\u0142adunku drabiny oraz rega\u0142y, wszystkie wykonane we W\u0142oszech \u201cItalian-made\u201d \u2013 pozw\u00f3l sobie na najlepsze wyposa\u017cenie.<\/p>\n","protected":false},"author":470,"featured_media":0,"parent":8994,"menu_order":0,"comment_status":"closed","ping_status":"closed","template":"","meta":[],"acf":[],"yoast_head":"<!-- This site is optimized with the Yoast SEO plugin v20.11 - https:\/\/yoast.com\/wordpress\/plugins\/seo\/ -->\n<title>Modu\u0142y<\/title>\n<meta name=\"description\" content=\"Wszystkie Modu\u0142y Store Van zosta\u0142y zaprojektowane aby optymalizowa\u0107 przestrze\u0144 i pozwoli\u0107 na przechowywanie narz\u0119dzi i akcesori\u00f3w w praktyczny spos\u00f3b.\" \/>\n<meta name=\"robots\" content=\"index, follow, max-snippet:-1, max-image-preview:large, max-video-preview:-1\" \/>\n<link rel=\"canonical\" href=\"https:\/\/www.storevan.com\/pl\/produkty\/moduly\/\" \/>\n<meta property=\"og:locale\" content=\"pl_PL\" \/>\n<meta property=\"og:type\" content=\"article\" \/>\n<meta property=\"og:title\" content=\"Modu\u0142y\" \/>\n<meta property=\"og:description\" content=\"Wszystkie Modu\u0142y Store Van zosta\u0142y zaprojektowane aby optymalizowa\u0107 przestrze\u0144 i pozwoli\u0107 na przechowywanie narz\u0119dzi i akcesori\u00f3w w praktyczny spos\u00f3b.\" \/>\n<meta property=\"og:url\" content=\"https:\/\/www.storevan.com\/pl\/produkty\/moduly\/\" \/>\n<meta property=\"og:site_name\" content=\"Store Van\" \/>\n<meta property=\"article:modified_time\" content=\"2026-05-04T07:22:10+00:00\" \/>\n<meta property=\"og:image\" content=\"https:\/\/www.storevan.com\/wp-content\/uploads\/2016\/03\/MODULI.jpg\" \/>\n<meta name=\"twitter:label1\" content=\"Szacowany czas czytania\" \/>\n\t<meta name=\"twitter:data1\" content=\"12 minut\" \/>\n<script type=\"application\/ld+json\" class=\"yoast-schema-graph\">{\"@context\":\"https:\/\/schema.org\",\"@graph\":[{\"@type\":\"WebPage\",\"@id\":\"https:\/\/www.storevan.com\/pl\/produkty\/moduly\/\",\"url\":\"https:\/\/www.storevan.com\/pl\/produkty\/moduly\/\",\"name\":\"Modu\u0142y\",\"isPartOf\":{\"@id\":\"https:\/\/www.storevan.com\/pl\/#website\"},\"datePublished\":\"2015-12-02T12:59:29+00:00\",\"dateModified\":\"2026-05-04T07:22:10+00:00\",\"description\":\"Wszystkie Modu\u0142y Store Van zosta\u0142y zaprojektowane aby optymalizowa\u0107 przestrze\u0144 i pozwoli\u0107 na przechowywanie narz\u0119dzi i akcesori\u00f3w w praktyczny spos\u00f3b.\",\"breadcrumb\":{\"@id\":\"https:\/\/www.storevan.com\/pl\/produkty\/moduly\/#breadcrumb\"},\"inLanguage\":\"pl-PL\",\"potentialAction\":[{\"@type\":\"ReadAction\",\"target\":[\"https:\/\/www.storevan.com\/pl\/produkty\/moduly\/\"]}]},{\"@type\":\"BreadcrumbList\",\"@id\":\"https:\/\/www.storevan.com\/pl\/produkty\/moduly\/#breadcrumb\",\"itemListElement\":[{\"@type\":\"ListItem\",\"position\":1,\"name\":\"Home\",\"item\":\"https:\/\/www.storevan.com\/pl\/\"},{\"@type\":\"ListItem\",\"position\":2,\"name\":\"Produkty\",\"item\":\"https:\/\/www.storevan.com\/pl\/produkty\/\"},{\"@type\":\"ListItem\",\"position\":3,\"name\":\"Modu\u0142y\"}]},{\"@type\":\"WebSite\",\"@id\":\"https:\/\/www.storevan.com\/pl\/#website\",\"url\":\"https:\/\/www.storevan.com\/pl\/\",\"name\":\"Store Van\",\"description\":\"Zabudowy\",\"potentialAction\":[{\"@type\":\"SearchAction\",\"target\":{\"@type\":\"EntryPoint\",\"urlTemplate\":\"https:\/\/www.storevan.com\/pl\/?s={search_term_string}\"},\"query-input\":\"required name=search_term_string\"}],\"inLanguage\":\"pl-PL\"}]}<\/script>\n<!-- \/ Yoast SEO plugin. -->","yoast_head_json":{"title":"Modu\u0142y","description":"Wszystkie Modu\u0142y Store Van zosta\u0142y zaprojektowane aby optymalizowa\u0107 przestrze\u0144 i pozwoli\u0107 na przechowywanie narz\u0119dzi i akcesori\u00f3w w praktyczny spos\u00f3b.","robots":{"index":"index","follow":"follow","max-snippet":"max-snippet:-1","max-image-preview":"max-image-preview:large","max-video-preview":"max-video-preview:-1"},"canonical":"https:\/\/www.storevan.com\/pl\/produkty\/moduly\/","og_locale":"pl_PL","og_type":"article","og_title":"Modu\u0142y","og_description":"Wszystkie Modu\u0142y Store Van zosta\u0142y zaprojektowane aby optymalizowa\u0107 przestrze\u0144 i pozwoli\u0107 na przechowywanie narz\u0119dzi i akcesori\u00f3w w praktyczny spos\u00f3b.","og_url":"https:\/\/www.storevan.com\/pl\/produkty\/moduly\/","og_site_name":"Store Van","article_modified_time":"2026-05-04T07:22:10+00:00","og_image":[{"url":"https:\/\/www.storevan.com\/wp-content\/uploads\/2016\/03\/MODULI.jpg"}],"twitter_misc":{"Szacowany czas czytania":"12 minut"},"schema":{"@context":"https:\/\/schema.org","@graph":[{"@type":"WebPage","@id":"https:\/\/www.storevan.com\/pl\/produkty\/moduly\/","url":"https:\/\/www.storevan.com\/pl\/produkty\/moduly\/","name":"Modu\u0142y","isPartOf":{"@id":"https:\/\/www.storevan.com\/pl\/#website"},"datePublished":"2015-12-02T12:59:29+00:00","dateModified":"2026-05-04T07:22:10+00:00","description":"Wszystkie Modu\u0142y Store Van zosta\u0142y zaprojektowane aby optymalizowa\u0107 przestrze\u0144 i pozwoli\u0107 na przechowywanie narz\u0119dzi i akcesori\u00f3w w praktyczny spos\u00f3b.","breadcrumb":{"@id":"https:\/\/www.storevan.com\/pl\/produkty\/moduly\/#breadcrumb"},"inLanguage":"pl-PL","potentialAction":[{"@type":"ReadAction","target":["https:\/\/www.storevan.com\/pl\/produkty\/moduly\/"]}]},{"@type":"BreadcrumbList","@id":"https:\/\/www.storevan.com\/pl\/produkty\/moduly\/#breadcrumb","itemListElement":[{"@type":"ListItem","position":1,"name":"Home","item":"https:\/\/www.storevan.com\/pl\/"},{"@type":"ListItem","position":2,"name":"Produkty","item":"https:\/\/www.storevan.com\/pl\/produkty\/"},{"@type":"ListItem","position":3,"name":"Modu\u0142y"}]},{"@type":"WebSite","@id":"https:\/\/www.storevan.com\/pl\/#website","url":"https:\/\/www.storevan.com\/pl\/","name":"Store Van","description":"Zabudowy","potentialAction":[{"@type":"SearchAction","target":{"@type":"EntryPoint","urlTemplate":"https:\/\/www.storevan.com\/pl\/?s={search_term_string}"},"query-input":"required name=search_term_string"}],"inLanguage":"pl-PL"}]}},"_links":{"self":[{"href":"https:\/\/www.storevan.com\/pl\/wp-json\/wp\/v2\/pages\/8870"}],"collection":[{"href":"https:\/\/www.storevan.com\/pl\/wp-json\/wp\/v2\/pages"}],"about":[{"href":"https:\/\/www.storevan.com\/pl\/wp-json\/wp\/v2\/types\/page"}],"author":[{"embeddable":true,"href":"https:\/\/www.storevan.com\/pl\/wp-json\/wp\/v2\/users\/470"}],"replies":[{"embeddable":true,"href":"https:\/\/www.storevan.com\/pl\/wp-json\/wp\/v2\/comments?post=8870"}],"version-history":[{"count":22,"href":"https:\/\/www.storevan.com\/pl\/wp-json\/wp\/v2\/pages\/8870\/revisions"}],"predecessor-version":[{"id":165595,"href":"https:\/\/www.storevan.com\/pl\/wp-json\/wp\/v2\/pages\/8870\/revisions\/165595"}],"up":[{"embeddable":true,"href":"https:\/\/www.storevan.com\/pl\/wp-json\/wp\/v2\/pages\/8994"}],"wp:attachment":[{"href":"https:\/\/www.storevan.com\/pl\/wp-json\/wp\/v2\/media?parent=8870"}],"curies":[{"name":"wp","href":"https:\/\/api.w.org\/{rel}","templated":true}]}}