{"id":57463,"date":"2017-05-26T12:19:07","date_gmt":"2017-05-26T12:19:07","guid":{"rendered":"https:\/\/www.storevan.com\/panelling-floors-volkswagen-crafter\/"},"modified":"2021-10-14T10:23:26","modified_gmt":"2021-10-14T10:23:26","slug":"bagazniki","status":"publish","type":"page","link":"https:\/\/www.storevan.com\/pl\/zabudowy\/volkswagen\/crafter-2017\/bagazniki\/","title":{"rendered":"\u015acieny I Pod\u0142oga"},"content":{"rendered":"<h1 class=\"customblackTitleSmall\">\u015acieny I Pod\u0142oga do Volkswagen crafter 2017<\/h1>\n<p><strong>Nowy Crafter<\/strong>, du\u017cy samoch\u00f3d dostawczy w\u00a0parku pojazd\u00f3w u\u017cytkowych marki Volkswagen zyska\u0142 tytu\u0142\u00a0<em>International Van of the Year 2017<\/em>\u00a0jeszcze przed wypuszczeniem na rynek.\u00a0Nowe wzornictwo, ponad 15 uk\u0142ad\u00f3w wspomagaj\u0105cych jazd\u0119 i\u00a0sze\u015b\u0107 r\u00f3\u017cnych jednostek nap\u0119dowych to nowo\u015bci b\u0119d\u0105ce mocnymi punktami tego modelu.\u00a0Niekt\u00f3re egzemplarze\u00a0<strong>Volkswagen Crafter 2017<\/strong>, dost\u0119pne w\u00a0salonach ju\u017c od kilku miesi\u0119cy, zosta\u0142y\u00a0wyposa\u017cone w\u00a0<strong>wewn\u0119trzne ok\u0142adziny<\/strong>\u00a0do samochod\u00f3w dostawczych, produkowane przez Store Van.\u00a0Wzmocnij konstrukcj\u0119 komory \u0142adunkowej swojego nowego pojazdu za pomoc\u0105\u00a0<strong>pod\u0142\u00f3g<\/strong>\u00a0z wielowarstwowej sklejki szkutniczej fenolowej lub z\u00a0aluminium ryflowanego, paneli bocznych polipropylenowych, krat stalowych do samochod\u00f3w dostawczych, nak\u0142adek na nadkola i\u00a0przegr\u00f3d.\u00a0Wszystkie ok\u0142adziny Store Van do samochod\u00f3w dostawczych cechuj\u0105 si\u0119 ma\u0142\u0105 mas\u0105, wytrzyma\u0142o\u015bci\u0105 i\u00a0odpowiednim profilowaniem, przygotowuj\u0105cym do \u0142atwego i\u00a0szybkiego monta\u017cu.<\/p>\n<p>Ok\u0142adziny i\u00a0pod\u0142ogi do Volkswagena\u00a0Crafter:<\/p>\n<ul>\n<li><strong>pod\u0142ogi<\/strong> z wielowarstwowej sklejki szkutniczej z pow\u0142ok\u0105 fenolow\u0105, o grubo\u015bci 9 mm. Pod\u0142ogi dostarczane s\u0105 z wk\u0142adkami z polipropylenu, \u015brubami i podk\u0142adkami do mocowania do pod\u0142\u00f3g, w miejscach przygotowanych oryginalnie w poje\u017adzie. Innowacyjny i elastyczny system \u0142\u0105czenia, obj\u0119ty ochron\u0105 patentow\u0105.<\/li>\n<li><strong>Panele<\/strong> ochronne, lekkie i wytrzyma\u0142e, wykonane z p\u0142yt polipropylenowych z otworami, o grubo\u015bci 4 mm.<\/li>\n<li><strong>Ok\u0142adziny<\/strong> drzwi tylnych i drzwi bocznych.<\/li>\n<\/ul>\n<p><a href=\"https:\/\/www.storevan.com\/pl\/zabudowy\/volkswagen\/crafter\/scieny-podloga\/\">Zobacz tak\u017ce P\u00f3\u0142ki i panele do modelu Crafter 2006.<\/a><\/p>\n<hr class=\"noColor\" \/>\n<h3 class=\"bigTxt\">PANELE I OK\u0141ADZINY WEWN\u0118TRZNE VOLKSWAGEN CRAFTER:<\/h3>\n<div class=\"txtBlue\">HONEYCOMB<\/div>\n<hr class=\"noColor\" \/>\n<div class=\"one_half\">\n<img decoding=\"async\" loading=\"lazy\" class=\"alignnone size-full wp-image-64517\" src=\"https:\/\/www.storevan.com\/wp-content\/uploads\/veicoli\/pianali-pannellature\/pannellature-per-furgoni-Ducato-honeycomb.jpg\" alt=\"Panele \u015bcienne CRAFTER - Honeycomb\" width=\"625\" height=\"390\" \/><\/p>\n<div class=\"smallTxtGrey blue\">HONEYCOMB PANEL &#8211; A<\/div>\n<p>Panele \u015bcienne polipropylenowe:<br \/>\n&#8211; strona lewa<br \/>\n&#8211; strona prawa z drzwiami przesuwanymi<\/p>\n<div class=\"smallTxtGrey blue\">HONEYCOMB PANEL &#8211; B<\/div>\n<p>Panele \u015bcienne polipropylenowe:<br \/>\n&#8211; dolna cz\u0119\u015b\u0107 drzwi tylnych skrzyd\u0142owych<\/p>\n<div class=\"smallTxtGrey blue\">HONEYCOMB PANEL &#8211; C<\/div>\n<p>Panele \u015bcienne polipropylenowe:<br \/>\n&#8211; g\u00f3rna cz\u0119\u015b\u0107 drzwi tylnych skrzyd\u0142owych<\/p>\n<\/div><div class=\"one_half last\">\n<p>TABELA KOD\u00d3W ARTYKU\u0141\u00d3W DO MODELU:<\/p>\n<table class=\"table tableBorder\">\n<thead>\n<tr>\n<th class=\"txtBkOrange\" width=\"20%\">POJAZD<\/th>\n<th class=\"txtGrey\" style=\"text-align: center;\" colspan=\"2\" rowspan=\"1\">PANELE \u015aCIENNE<\/th>\n<\/tr>\n<tr>\n<th><\/th>\n<th class=\"TESTO12biancoCX\" style=\"text-align: center;\" bgcolor=\"#8d8d8d\">A + B<\/th>\n<th class=\"TESTO12biancoCX\" style=\"text-align: center;\" bgcolor=\"#8d8d8d\">C<\/th>\n<\/tr>\n<tr>\n<th><\/th>\n<th style=\"text-align: center;\">ART.<\/th>\n<th style=\"text-align: center;\">ART.<\/th>\n<\/tr>\n<\/thead>\n<tbody>\n<tr class=\"border_bottomGrey\">\n<td style=\"vertical-align: middle;\" bgcolor=\"#f0f0f0\">L3 H2<\/td>\n<td style=\"text-align: center;\"><span class=\"blue\">F22 HP CR30H2 A0 01<\/span><br \/>\n<span class=\"TESTO12neroCX\">18,34 kg<\/span><\/td>\n<td style=\"text-align: center;\"><span class=\"blue\">F22 HP CRDRH2 A0 01<\/span><br \/>\n<span class=\"TESTO12neroCX\">1,85 kg<\/span><\/td>\n<\/tr>\n<tr class=\"border_bottomGrey\">\n<td style=\"vertical-align: middle;\" bgcolor=\"#f0f0f0\">L3 H3<\/td>\n<td style=\"text-align: center;\"><span class=\"blue\">F22 HP CR30H3 A0 01<\/span><br \/>\n<span class=\"TESTO12neroCX\">21,21 kg<\/span><\/td>\n<td style=\"text-align: center;\"><span class=\"blue\">F22 HP CRDRH3 A0 01<\/span><br \/>\n<span class=\"TESTO12neroCX\">2,95 kg<\/span><\/td>\n<\/tr>\n<tr class=\"border_bottomGrey\">\n<td style=\"vertical-align: middle;\" bgcolor=\"#f0f0f0\">L4 H3<\/td>\n<td style=\"text-align: center;\"><span class=\"blue\">F22 HP CR40H3 A0 01<\/span><br \/>\n<span class=\"TESTO12neroCX\">27,34 kg<\/span><\/td>\n<td style=\"text-align: center;\"><span class=\"blue\">F22 HP CRDRH3 A0 01<\/span><br \/>\n<span class=\"TESTO12neroCX\">2,95 kg<\/span><\/td>\n<\/tr>\n<tr class=\"border_bottomGrey\">\n<td style=\"vertical-align: middle;\" bgcolor=\"#f0f0f0\">L5 H3<\/td>\n<td style=\"text-align: center;\"><span class=\"blue\">F22 HP CR4LH3 A0 01<\/span><br \/>\n<span class=\"TESTO12neroCX\">31,34 kg<\/span><\/td>\n<td style=\"text-align: center;\"><span class=\"blue\">F22 HP CRDRH3 A0 01<\/span><br \/>\n<span class=\"TESTO12neroCX\">2,95 kg<\/span><\/td>\n<\/tr>\n<\/tbody>\n<\/table>\n<\/div><div class=\"clearboth\"><\/div>\n<div class=\"txtBlue\">ALUMINIUM PANEL<\/div>\n<hr class=\"noColor\" \/>\n<div class=\"one_half\">\n<img decoding=\"async\" loading=\"lazy\" class=\"alignnone size-full wp-image-64517\" src=\"https:\/\/www.storevan.com\/wp-content\/uploads\/veicoli\/pianali-pannellature\/pannellature-per-furgoni-Ducato-alluminio.jpg\" alt=\"Pannellature per Crafter - Alluminium\" width=\"738\" height=\"438\" \/><\/p>\n<div class=\"smallTxtGrey blue\">ALUMINIUM PANEL &#8211; A<\/div>\n<p>Panele aluminiowe do:<br \/>\n&#8211; strona lewa<br \/>\n&#8211; strona prawa z drzwiami przesuwanymi<\/p>\n<div class=\"smallTxtGrey blue\">ALUMINIUM PANEL &#8211; B<\/div>\n<p>Panele aluminiowe do:<br \/>\n&#8211; dolna cz\u0119\u015b\u0107 drzwi tylnych skrzyd\u0142owych<\/p>\n<div class=\"smallTxtGrey blue\">ALUMINIUM PANEL &#8211; C<\/div>\n<p>Panele aluminiowe do:<br \/>\n&#8211; g\u00f3rna cz\u0119\u015b\u0107 drzwi tylnych skrzyd\u0142owych<\/p>\n<\/div><div class=\"one_half last\">\n<p>TABELA KOD\u00d3W ARTYKU\u0141\u00d3W DO MODELU:<\/p>\n<table class=\"table tableBorder\">\n<thead>\n<tr>\n<th class=\"txtBkOrange\" width=\"20%\">POJAZD<\/th>\n<th class=\"txtGrey\" style=\"text-align: center;\" colspan=\"2\" rowspan=\"1\">PANELE ALUMINIOWE<\/th>\n<\/tr>\n<tr>\n<th><\/th>\n<th class=\"TESTO12biancoCX\" style=\"text-align: center;\" bgcolor=\"#8d8d8d\">A + B<\/th>\n<th class=\"TESTO12biancoCX\" style=\"text-align: center;\" bgcolor=\"#8d8d8d\">C<\/th>\n<\/tr>\n<tr>\n<th><\/th>\n<th style=\"text-align: center;\">ART.<\/th>\n<th style=\"text-align: center;\">ART.<\/th>\n<\/tr>\n<\/thead>\n<tbody>\n<tr class=\"border_bottomGrey\">\n<td style=\"vertical-align: middle;\" bgcolor=\"#f0f0f0\">L3 H2<\/td>\n<td style=\"text-align: center;\"><span class=\"blue\">F22 AP CR30H2 A0 00<\/span><br \/>\n<span class=\"TESTO12neroCX\">32,14 kg<\/span><\/td>\n<td style=\"text-align: center;\"><span class=\"blue\">F22 AP CRDRH2 A0 00<\/span><br \/>\n<span class=\"TESTO12neroCX\">3,17 kg<\/span><\/td>\n<\/tr>\n<tr class=\"border_bottomGrey\">\n<td style=\"vertical-align: middle;\" bgcolor=\"#f0f0f0\">L3 H3<\/td>\n<td style=\"text-align: center;\"><span class=\"blue\">F22 AP CR30H3 A0 00<\/span><br \/>\n<span class=\"TESTO12neroCX\">36,74 kg<\/span><\/td>\n<td style=\"text-align: center;\"><span class=\"blue\">F22 AP CRDRH3 A0 00<\/span><br \/>\n<span class=\"TESTO12neroCX\">5,08 kg<\/span><\/td>\n<\/tr>\n<tr class=\"border_bottomGrey\">\n<td style=\"vertical-align: middle;\" bgcolor=\"#f0f0f0\">L4 H3<\/td>\n<td style=\"text-align: center;\"><span class=\"blue\">F22 AP CR40H3 A0 00<\/span><br \/>\n<span class=\"TESTO12neroCX\">47,27 kg<\/span><\/td>\n<td style=\"text-align: center;\"><span class=\"blue\">F22 AP CRDRH3 A0 00<\/span><br \/>\n<span class=\"TESTO12neroCX\">5,08 kg<\/span><\/td>\n<\/tr>\n<tr class=\"border_bottomGrey\">\n<td style=\"vertical-align: middle;\" bgcolor=\"#f0f0f0\">L5 H3<\/td>\n<td style=\"text-align: center;\"><span class=\"blue\">F22 AP CR4LH3 A0 00<\/span><br \/>\n<span class=\"TESTO12neroCX\">54,91 kg<\/span><\/td>\n<td style=\"text-align: center;\"><span class=\"blue\">F22 AP CRDRH3 A0 00<\/span><br \/>\n<span class=\"TESTO12neroCX\">5,08 kg<\/span><\/td>\n<\/tr>\n<\/tbody>\n<\/table>\n<\/div><div class=\"clearboth\"><\/div>\n<hr \/>\n<h3 class=\"bigTxt\">POD\u0141OGA SYSTEMOWA DO CRAFTER:<\/h3>\n<div class=\"txtBlue\">WOOD FLOOR<\/div>\n<hr class=\"noColor\" \/>\n<div class=\"one_half\">\n<img decoding=\"async\" loading=\"lazy\" src=\"https:\/\/www.storevan.com\/wp-content\/uploads\/veicoli\/pianali-pannellature\/pianale-furgone-tge-wood-floor.jpg\" alt=\"Pod\u0142oga Crafter - Wood Floor\" width=\"547\" height=\"325\" class=\"aligncenter size-full wp-image-126964\" \/><\/p>\n<div class=\"smallTxtGrey blue\">WOOD FLOOR &#8211; D<\/div>\n<p>Pod\u0142oga ze sklejki drewnianej o grubo\u015bci 9\/12 mm z pow\u0142ok\u0105 fenolow\u0105, z przygotowaniem do mocowania do oryginalnych zaczep\u00f3w pojazdu <\/p>\n<div class=\"smallTxtGrey blue\">WOOD FLOOR &#8211; F<\/div>\n<p>Panel drewniany o grubo\u015bci 12 mm z pow\u0142ok\u0105 fenolow\u0105 na tyln\u0105 \u015bcian\u0119 kabiny<\/p>\n<\/div><div class=\"one_half last\">\n<hr class=\"noColor\" \/>\n<p>TABELA KOD\u00d3W ARTYKU\u0141\u00d3W DO MODELU:<\/p>\n<table class=\"table tableBorder\">\n<thead>\n<tr>\n<th class=\"txtBkOrange\" width=\"20%\">POJAZD<\/th>\n<th class=\"txtGrey\" style=\"text-align: center;\" colspan=\"2\" rowspan=\"1\">POD\u0141OGA<\/th>\n<th class=\"txtGrey\" style=\"text-align: center;\">TYLNA \u015aCIANA KABINY<\/th>\n<\/tr>\n<tr>\n<th><\/th>\n<th class=\"TESTO12biancoCX\" style=\"text-align: center;\" bgcolor=\"#8d8d8d\">D (9 mm)<\/th>\n<th class=\"TESTO12biancoCX\" style=\"text-align: center;\" bgcolor=\"#8d8d8d\">D (12 mm)<\/th>\n<th class=\"TESTO12biancoCX\" style=\"text-align: center;\" bgcolor=\"#8d8d8d\">F (1500x650x12 mm)<\/th>\n<\/tr>\n<tr>\n<th><\/th>\n<th style=\"text-align: center;\" scope=\"col\">ART.<\/th>\n<th style=\"text-align: center;\" scope=\"col\">ART.<\/th>\n<th style=\"text-align: center;\" scope=\"col\">ART.<\/th>\n<\/tr>\n<\/thead>\n<tbody>\n<tr class=\"border_bottomGrey\">\n<td style=\"vertical-align: middle;\" bgcolor=\"#f0f0f0\">L3<\/td>\n<td style=\"text-align: center;\"><span class=\"blue\">F22 WF CR30D1 A0 1S<\/span><br \/>\n<span class=\"TESTO12neroCX\">237,64 kg<\/span><\/td>\n<td style=\"text-align: center;\"><span class=\"blue\">F22 WF CR30T1 A0 1S<\/span><br \/>\n<span class=\"TESTO12neroCX\">46,61 kg<\/span><\/td>\n<td style=\"text-align: center;\"><span class=\"blue\">F22 WF CRWBT1 A0 1S<\/span><br \/>\n<span class=\"TESTO12neroCX\">8,40 kg<\/span><\/td>\n<\/tr>\n<tr class=\"border_bottomGrey\">\n<td style=\"vertical-align: middle;\" bgcolor=\"#f0f0f0\">L4<\/td>\n<td style=\"text-align: center;\"><span class=\"blue\">F22 WF CR40D1 A0 1S<\/span><br \/>\n<span class=\"TESTO12neroCX\">47,84 kg<\/span><\/td>\n<td style=\"text-align: center;\"><span class=\"blue\">F22 WF CR40T1 A0 1S<\/span><br \/>\n<span class=\"TESTO12neroCX\">59,85 kg<\/span><\/td>\n<td style=\"text-align: center;\"><span class=\"blue\">F22 WF CRWBT1 A0 1S<\/span><br \/>\n<span class=\"TESTO12neroCX\">8,40 kg<\/span><\/td>\n<\/tr>\n<tr class=\"border_bottomGrey\">\n<td style=\"vertical-align: middle;\" bgcolor=\"#f0f0f0\">L5<\/td>\n<td style=\"text-align: center;\"><span class=\"blue\">F22 WF CR4LD1 A0 1S<\/span><br \/>\n<span class=\"TESTO12neroCX\">54,80 kg<\/span><\/td>\n<td style=\"text-align: center;\"><span class=\"blue\">F22 WF CR4LT1 A0 1S<\/span><br \/>\n<span class=\"TESTO12neroCX\">67,99 kg<\/span><\/td>\n<td style=\"text-align: center;\"><span class=\"blue\">F22 WF CRWBT1 A0 1S<\/span><br \/>\n<span class=\"TESTO12neroCX\">8,40 kg<\/span><\/td>\n<\/tr>\n<\/tbody>\n<\/table>\n<p>Pod\u0142oga do pojazd\u00f3w z drzwiami bocznymi po prawej stronie i nadwoziem zamkni\u0119tym blaszanym.<\/p>\n<table class=\"table tableBorder\">\n<tbody>\n<tr class=\"border_bottomGrey\">\n<td><img decoding=\"async\" loading=\"lazy\" src=\"https:\/\/www.storevan.com\/wp-content\/uploads\/veicoli\/pianali-pannellature\/logo-ISO9001.jpg\" alt=\"Attrito certificato T\u00dcV\" width=\"120\" height=\"120\" \/><\/td>\n<td style=\"vertical-align: middle;\">Pod\u0142ogami drewnianymi o\u00a0wsp\u00f3\u0142czynniku tarcia posiadaj\u0105cym certyfikat <strong>T\u00dcV<\/strong><\/td>\n<\/tr>\n<\/tbody>\n<\/table>\n<\/div><div class=\"clearboth\"><\/div>\n<div class=\"txtBlue\">ALUMINIUM FLOOR<\/div>\n<hr class=\"noColor\" \/>\n<div class=\"one_half\">\n<img decoding=\"async\" loading=\"lazy\" class=\"alignnone size-full wp-image-64505\" src=\"https:\/\/www.storevan.com\/wp-content\/uploads\/veicoli\/pianali-pannellature\/pianale-per-furgoni-Ducato-alluminio.jpg\" alt=\"Pod\u0142oga Crafter - Aluminium\" width=\"738\" height=\"438\" \/><\/p>\n<div class=\"smallTxtGrey blue\">ALUMINIUM FLOOR &#8211; D<\/div>\n<p>Pod\u0142oga drewniana o grubo\u015bci 9 mm z pow\u0142ok\u0105 z ryflowanego aluminium o grubo\u015bci 2 mm i z miejscem pod oryginalne mocowania w poje\u017adzie<\/p>\n<\/div><div class=\"one_half last\">\n<hr class=\"noColor\" \/>\n<p>TABELA KOD\u00d3W ARTYKU\u0141\u00d3W DO MODELU:<\/p>\n<table class=\"table tableBorder\">\n<thead>\n<tr>\n<th class=\"txtBkOrange\" width=\"20%\">POJAZD<\/th>\n<th class=\"txtGrey\" style=\"text-align: center;\" colspan=\"2\" rowspan=\"1\">POD\u0141OGA ALUMINIOWA (Drewno + Aluminium)<\/th>\n<\/tr>\n<tr>\n<th><\/th>\n<th class=\"TESTO12biancoCX\" style=\"text-align: center;\" bgcolor=\"#8d8d8d\">D (9 mm)<\/th>\n<\/tr>\n<tr>\n<th><\/th>\n<th style=\"text-align: center;\" scope=\"col\">ART.<\/th>\n<\/tr>\n<\/thead>\n<tbody>\n<tr class=\"border_bottomGrey\">\n<td style=\"vertical-align: middle;\" bgcolor=\"#f0f0f0\">L3<\/td>\n<td style=\"text-align: center;\"><span class=\"blue\">F22 AF CR30A1 A0 00 + F22 AF CR30B1 A0 00<\/span><br \/>\n<span class=\"TESTO12neroCX\">38,38 kg + 41,35 kg<\/span><\/td>\n<\/tr>\n<tr class=\"border_bottomGrey\">\n<td style=\"vertical-align: middle;\" bgcolor=\"#f0f0f0\">L4<\/td>\n<td style=\"text-align: center;\"><span class=\"blue\">F22 AF CR40A1 A0 00 + F22 AF CR40B1 A0 00<\/span><br \/>\n<span class=\"TESTO12neroCX\">48,05 kg + 58,57 kg<\/span><\/td>\n<\/tr>\n<tr class=\"border_bottomGrey\">\n<td style=\"vertical-align: middle;\" bgcolor=\"#f0f0f0\">L5<\/td>\n<td style=\"text-align: center;\"><span class=\"blue\">F22 AF CR4LA1 A0 00 + F22 AF CR4LB1 A0 00<\/span><br \/>\n<span class=\"TESTO12neroCX\">54,18 kg + 58,16 kg<\/span><\/td>\n<\/tr>\n<\/tbody>\n<\/table>\n<p>Pod\u0142oga do pojazd\u00f3w z drzwiami bocznymi po prawej stronie i nadwoziem zamkni\u0119tym blaszanym.<br \/>\n<\/div><div class=\"clearboth\"><\/div>\n<div class=\"txtBlue\">SAFETY FLOOR<\/div>\n<hr class=\"noColor\" \/>\n<div class=\"one_half\">\n<img decoding=\"async\" loading=\"lazy\" src=\"https:\/\/www.storevan.com\/wp-content\/uploads\/veicoli\/pianali-pannellature\/pianale-furgone-tge-safety-floor.jpg\" alt=\"Pod\u0142oga Crafter - Safety Floor\" width=\"547\" height=\"343\" class=\"aligncenter size-full wp-image-126965\" \/><\/p>\n<div class=\"smallTxtGrey blue\">SAFETY FLOOR &#8211; D<\/div>\n<p>Panele drewniane o grubo\u015bci 9 mm z pow\u0142ok\u0105 fenolow\u0105 i dodatkowym systemem mocowania<\/p>\n<div class=\"smallTxtGrey blue\">SAFETY FLOOR &#8211; F<\/div>\n<p>Panel drewniany o grubo\u015bci 12 mm z pow\u0142ok\u0105 fenolow\u0105 na tyln\u0105 \u015bcian\u0119 kabiny<br \/>\n<\/div><div class=\"one_half last\">\n<hr class=\"noColor\" \/>\n<p>TABELA KOD\u00d3W ARTYKU\u0141\u00d3W DO MODELU:<\/p>\n<table class=\"table tableBorder\">\n<thead>\n<tr>\n<th class=\"txtBkOrange\" width=\"20%\">POJAZD<\/th>\n<th class=\"txtGrey\" style=\"text-align: center;\">POD\u0141OGA<\/th>\n<th class=\"txtGrey\" style=\"text-align: center;\">TYLNA \u015aCIANA KABINY<\/th>\n<\/tr>\n<tr>\n<th><\/th>\n<th class=\"TESTO12biancoCX\" style=\"text-align: center;\" bgcolor=\"#8d8d8d\">D (9 mm)<\/th>\n<th class=\"TESTO12biancoCX\" style=\"text-align: center;\" bgcolor=\"#8d8d8d\">F (1500x650x12 mm)<\/th>\n<\/tr>\n<tr>\n<th><\/th>\n<th style=\"text-align: center;\">ART.<\/th>\n<th style=\"text-align: center;\">ART.<\/th>\n<\/tr>\n<\/thead>\n<tbody>\n<tr class=\"border_bottomGrey\">\n<td style=\"vertical-align: middle;\" bgcolor=\"#f0f0f0\">L3<\/td>\n<td style=\"text-align: center;\"><span class=\"blue\">F22 SF CR30G1 A0 1S<\/span><br \/>\n<span class=\"TESTO12neroCX\">43,10 kg<\/span><\/td>\n<td style=\"text-align: center;\"><span class=\"blue\">F22 WF CRWBT1 A0 1S<\/span><br \/>\n<span class=\"TESTO12neroCX\">8,40 kg<\/span><\/td>\n<\/tr>\n<tr class=\"border_bottomGrey\">\n<td style=\"vertical-align: middle;\" bgcolor=\"#f0f0f0\">L4<\/td>\n<td style=\"text-align: center;\"><span class=\"blue\">F22 SF CR40G1 A0 1S<\/span><br \/>\n<span class=\"TESTO12neroCX\">55,16 kg<\/span><\/td>\n<td style=\"text-align: center;\"><span class=\"blue\">F22 WF CRWBT1 A0 1S<\/span><br \/>\n<span class=\"TESTO12neroCX\">8,40 kg<\/span><\/td>\n<\/tr>\n<tr class=\"border_bottomGrey\">\n<td style=\"vertical-align: middle;\" bgcolor=\"#f0f0f0\">L5<\/td>\n<td style=\"text-align: center;\"><span class=\"blue\">F22 SF CR4LG1 A0 1S<\/span><br \/>\n<span class=\"TESTO12neroCX\">62,19 kg<\/span><\/td>\n<td style=\"text-align: center;\"><span class=\"blue\">F22 WF CRWBT1 A0 1S<\/span><br \/>\n<span class=\"TESTO12neroCX\">8,40 kg<\/span><\/td>\n<\/tr>\n<\/tbody>\n<\/table>\n<p>Pod\u0142oga do pojazd\u00f3w z drzwiami bocznymi po prawej stronie i nadwoziem zamkni\u0119tym blaszanym.<\/p>\n<div class=\"alert notice\">\n<div class=\"msg\">Pod\u0142og\u0119 nale\u017cy przyklei\u0107 do pojazdu<\/div>\n<\/div>\n<table class=\"table tableBorder\">\n<tbody>\n<tr class=\"border_bottomGrey\">\n<td><img decoding=\"async\" loading=\"lazy\" src=\"https:\/\/www.storevan.com\/wp-content\/uploads\/veicoli\/pianali-pannellature\/logo-ISO9001.jpg\" alt=\"Attrito certificato T\u00dcV\" width=\"120\" height=\"120\" \/><\/td>\n<td style=\"vertical-align: middle;\">Pod\u0142ogami drewnianymi o\u00a0wsp\u00f3\u0142czynniku tarcia posiadaj\u0105cym certyfikat <strong>T\u00dcV<\/strong><\/td>\n<\/tr>\n<\/tbody>\n<\/table>\n<\/div><div class=\"clearboth\"><\/div>\n<div class=\"smallTxtGrey blue\">AKCESORIA ZAPEWNIAJ\u0104CE BEZPIECZE\u0143STWO \u0141ADUNKU &#8211; (1-9)<\/div>\n<div class=\"col-xs-6 col-sm-4 col-md-3 col-lg-2 galleryPage text-center\"><span class=\"testoImgSfondo\">1<\/span><img decoding=\"async\" loading=\"lazy\" src=\"https:\/\/www.storevan.com\/wp-content\/uploads\/veicoli\/pianali-pannellature\/01-barra.jpg\" alt=\"Pozioma listwa aluminiowa\" width=\"200\" height=\"125\" border=\"0\" \/><span class=\"smaller\">Pozioma listwa aluminiowa<\/span><\/div>\n<div class=\"col-xs-6 col-sm-4 col-md-3 col-lg-2 galleryPage text-center\"><span class=\"testoImgSfondo\">2<\/span><img decoding=\"async\" loading=\"lazy\" src=\"https:\/\/www.storevan.com\/wp-content\/uploads\/veicoli\/pianali-pannellature\/02-barra.jpg\" alt=\"Pozioma listwa aluminiowa\" width=\"200\" height=\"125\" border=\"0\" \/><span class=\"smaller\">Pozioma listwa aluminiowa<\/span><\/div>\n<div class=\"col-xs-6 col-sm-4 col-md-3 col-lg-2 galleryPage text-center\"><span class=\"testoImgSfondo\">3<\/span><img decoding=\"async\" loading=\"lazy\" src=\"https:\/\/www.storevan.com\/wp-content\/uploads\/veicoli\/pianali-pannellature\/03-barra.jpg\" alt=\"Pozioma listwa aluminiowa\" width=\"200\" height=\"125\" border=\"0\" \/><span class=\"smaller\">Pozioma listwa aluminiowa<\/span><\/div>\n<div class=\"col-xs-6 col-sm-4 col-md-3 col-lg-2 galleryPage text-center\"><span class=\"testoImgSfondo\">4<\/span><img decoding=\"async\" loading=\"lazy\" src=\"https:\/\/www.storevan.com\/wp-content\/uploads\/veicoli\/pianali-pannellature\/04-barra-telescopica.jpg\" alt=\"Teleskopowy dr\u0105\u017cek rozporowy\" width=\"200\" height=\"125\" border=\"0\" hspace=\"0\" \/><span class=\"smaller\">Barra telescopica<\/span><\/div>\n<div class=\"col-xs-6 col-sm-4 col-md-3 col-lg-2 galleryPage text-center\"><span class=\"testoImgSfondo\">5<\/span><img decoding=\"async\" loading=\"lazy\" src=\"https:\/\/www.storevan.com\/wp-content\/uploads\/veicoli\/pianali-pannellature\/05-finale-plastica.jpg\" alt=\"Plastikowe zako\u0144czenia do listew\" width=\"200\" height=\"125\" border=\"0\" hspace=\"0\" \/><span class=\"smaller\">Plastikowe zako\u0144czenia do listew<\/span><\/div>\n<div class=\"col-xs-6 col-sm-4 col-md-3 col-lg-2 galleryPage text-center\"><span class=\"testoImgSfondo\">6<\/span><img decoding=\"async\" loading=\"lazy\" src=\"https:\/\/www.storevan.com\/wp-content\/uploads\/veicoli\/pianali-pannellature\/06-anello-fermacarico.jpg\" alt=\"Zaczep z pojedynczym sworzniem\" width=\"200\" height=\"125\" border=\"0\" hspace=\"0\" \/><span class=\"smaller\">Zaczep z pojedynczym sworzniem<\/span><\/div>\n<div class=\"col-xs-6 col-sm-4 col-md-3 col-lg-2 galleryPage text-center\"><span class=\"testoImgSfondo\">7<\/span><img decoding=\"async\" loading=\"lazy\" src=\"https:\/\/www.storevan.com\/wp-content\/uploads\/veicoli\/pianali-pannellature\/07-cinghia-fermacarico.jpg\" alt=\"Pas do mocowania \u0142adunku z klamr\u0105\" width=\"200\" height=\"125\" border=\"0\" hspace=\"0\" \/><span class=\"smaller\">Pas do mocowania \u0142adunku z klamr\u0105<\/span><\/div>\n<div class=\"col-xs-6 col-sm-4 col-md-3 col-lg-2 galleryPage text-center\"><span class=\"testoImgSfondo\">8<\/span><img decoding=\"async\" loading=\"lazy\" src=\"https:\/\/www.storevan.com\/wp-content\/uploads\/veicoli\/pianali-pannellature\/08-cinghia-fermacarico.jpg\" alt=\"Pas do mocowania \u0142adunku z grzechotk\u0105\" width=\"200\" height=\"125\" border=\"0\" hspace=\"0\" \/><span class=\"smaller\">Pas do mocowania \u0142adunku z grzechotk\u0105<\/span><\/div>\n<div class=\"col-xs-6 col-sm-4 col-md-3 col-lg-2 galleryPage text-center\"><span class=\"testoImgSfondo\">9<\/span><img decoding=\"async\" loading=\"lazy\" src=\"https:\/\/www.storevan.com\/wp-content\/uploads\/veicoli\/pianali-pannellature\/09-cinghia-fermacarico.jpg\" alt=\"Pas do mocowania \u0142adunku z grzechotk\u0105\" width=\"200\" height=\"125\" border=\"0\" \/><span class=\"smaller\">Pas do mocowania \u0142adunku z grzechotk\u0105<\/span><\/div>\n<div class=\"break\"><\/div>\n<p><a class=\"btn btn-blue\" title=\"Zapoznaj si\u0119 z kompletn\u0105 gam\u0105 akcesori\u00f3w!\" href=\"https:\/\/www.storevan.com\/pl\/produkty\/zabezpieczenie-ladunku\/\">Zapoznaj si\u0119 z kompletn\u0105 gam\u0105 akcesori\u00f3w!<\/a><\/p>\n<hr \/>\n<div class=\"col-xs-12 col-sm-12 col-md-6\">\n<div class=\"text-center\"><a class=\"btn btn-download\" title=\"ZADZWO\u0143 TERAZ\" href=\"tel:+390424585455\"><i class=\"fa fa-phone\"><\/i> <span class=\"spanBtn\">ZADZWO\u0143 TERAZ<\/span><br \/>\nuzyskasz wszelkie informacje<\/a><\/div>\n<\/div>\n<div class=\"col-xs-12 col-sm-12 col-md-6\">\n<div class=\"text-center\"><a class=\"btn btn-download\" title=\"POBIERZ\" href=\"https:\/\/www.storevan.com\/wp-content\/uploads\/doc\/VOLKSWAGEN_CRAFTER_2017_Equipamiento_Wyposazenie_StoreVan_espl.pdf\" target=\"_blank\" rel=\"noopener\"><i class=\"fa fa-download\"><\/i> <span class=\"spanBtn\">POBIERZ<\/span><br \/>\nKATALOG CRAFTER<\/a><\/div>\n<\/div>\n<div class=\"break\"><\/div>\n<hr \/>\n<h4 class=\"bigTxt text-center txtBkOrange\"><i class=\"fa fa-envelope pull-left\"><\/i> CHCESZ WIEDZIE\u0106 WI\u0118CEJ?<\/h4>\n\n<div class=\"wpcf7 no-js\" id=\"wpcf7-f67676-o1\" lang=\"it-IT\" dir=\"ltr\">\n<div class=\"screen-reader-response\"><p role=\"status\" aria-live=\"polite\" aria-atomic=\"true\"><\/p> <ul><\/ul><\/div>\n<form action=\"\/pl\/wp-json\/wp\/v2\/pages\/57463#wpcf7-f67676-o1\" method=\"post\" class=\"wpcf7-form init\" aria-label=\"Modulo di contatto\" novalidate=\"novalidate\" data-status=\"init\">\n<div style=\"display: none;\">\n<input type=\"hidden\" name=\"_wpcf7\" value=\"67676\" \/>\n<input type=\"hidden\" name=\"_wpcf7_version\" value=\"5.7.7\" \/>\n<input type=\"hidden\" name=\"_wpcf7_locale\" value=\"it_IT\" \/>\n<input type=\"hidden\" name=\"_wpcf7_unit_tag\" value=\"wpcf7-f67676-o1\" \/>\n<input type=\"hidden\" name=\"_wpcf7_container_post\" value=\"0\" \/>\n<input type=\"hidden\" name=\"_wpcf7_posted_data_hash\" value=\"\" \/>\n<input type=\"hidden\" name=\"_wpcf7_recaptcha_response\" value=\"\" \/>\n<\/div>\n<span class=\"wpcf7-form-control-wrap url\" data-name=\"url\"><input type=\"hidden\" name=\"url\" size=\"40\" class=\"wpcf7-form-control wpcf7-hidden wpcf7dtx wpcf7dtx-hidden\" aria-invalid=\"false\" value=\"bagazniki\" autocomplete=\"off\" \/><\/span>\n<p>Wype\u0142nij poni\u017csze pola, aby otrzyma\u0107 wi\u0119cej informacji. Nasz operator skontaktuje si\u0119 z\u00a0tob\u0105 najszybciej, jak to mo\u017cliwe (* pola obowi\u0105zkowe):\n<\/p>\n<div class=\"col-xs-12 col-md-6\">\n\t<p><span class='titoli'>Imi\u0119 (*)<\/span>\n\t<\/p>\n\t<p><span class=\"wpcf7-form-control-wrap\" data-name=\"your-name\"><input size=\"40\" class=\"wpcf7-form-control wpcf7-text wpcf7-validates-as-required form-control\" aria-required=\"true\" aria-invalid=\"false\" value=\"\" type=\"text\" name=\"your-name\" \/><\/span>\n\t<\/p>\n<\/div>\n<div class=\"col-xs-12 col-md-6\">\n\t<p><span class='titoli'>Nazwisko (*)<\/span>\n\t<\/p>\n\t<p><span class=\"wpcf7-form-control-wrap\" data-name=\"your-last-name\"><input size=\"40\" class=\"wpcf7-form-control wpcf7-text wpcf7-validates-as-required form-control\" aria-required=\"true\" aria-invalid=\"false\" value=\"\" type=\"text\" name=\"your-last-name\" \/><\/span>\n\t<\/p>\n<\/div>\n<div class=\"col-xs-12 col-md-6\">\n\t<p><span class='titoli'>Firma (*)<\/span>\n\t<\/p>\n\t<p><span class=\"wpcf7-form-control-wrap\" data-name=\"your-company\"><input size=\"40\" class=\"wpcf7-form-control wpcf7-text wpcf7-validates-as-required form-control\" aria-required=\"true\" aria-invalid=\"false\" value=\"\" type=\"text\" name=\"your-company\" \/><\/span>\n\t<\/p>\n<\/div>\n<div class=\"col-xs-12 col-md-6\">\n\t<p><span class='titoli'>Numer NIP<\/span>\n\t<\/p>\n\t<p><span class=\"wpcf7-form-control-wrap\" data-name=\"p-iva\"><input size=\"40\" class=\"wpcf7-form-control wpcf7-text form-control\" aria-invalid=\"false\" value=\"\" type=\"text\" name=\"p-iva\" \/><\/span>\n\t<\/p>\n<\/div>\n<div class=\"clearboth\">\n<\/div>\n<div class=\"col-xs-12 col-md-4\">\n\t<p><span class='titoli'>Kod pocztowy (*)<\/span>\n\t<\/p>\n\t<p><span class=\"wpcf7-form-control-wrap\" data-name=\"your-zip-code\"><input size=\"40\" class=\"wpcf7-form-control wpcf7-text wpcf7-validates-as-required form-control\" aria-required=\"true\" aria-invalid=\"false\" value=\"\" type=\"text\" name=\"your-zip-code\" \/><\/span>\n\t<\/p>\n<\/div>\n<div class=\"col-xs-12 col-md-4\">\n\t<p><span class='titoli'>Adres (*)<\/span>\n\t<\/p>\n\t<p><span class=\"wpcf7-form-control-wrap\" data-name=\"your-address\"><input size=\"40\" class=\"wpcf7-form-control wpcf7-text wpcf7-validates-as-required form-control\" aria-required=\"true\" aria-invalid=\"false\" value=\"\" type=\"text\" name=\"your-address\" \/><\/span>\n\t<\/p>\n<\/div>\n<div class=\"col-xs-12 col-md-4\">\n\t<p><span class='titoli'>Miasto (*)<\/span>\n\t<\/p>\n\t<p><span class=\"wpcf7-form-control-wrap\" data-name=\"your-Town\"><input size=\"40\" class=\"wpcf7-form-control wpcf7-text wpcf7-validates-as-required form-control\" aria-required=\"true\" aria-invalid=\"false\" value=\"\" type=\"text\" name=\"your-Town\" \/><\/span>\n\t<\/p>\n<\/div>\n<div class=\"clearboth\">\n<\/div>\n<div class=\"col-xs-12 col-md-6\">\n\t<p><span class='titoli'>email (*)<\/span>\n\t<\/p>\n\t<p><span class=\"wpcf7-form-control-wrap\" data-name=\"your-email\"><input size=\"40\" class=\"wpcf7-form-control wpcf7-text wpcf7-email wpcf7-validates-as-required wpcf7-validates-as-email form-control\" aria-required=\"true\" aria-invalid=\"false\" value=\"\" type=\"email\" name=\"your-email\" \/><\/span>\n\t<\/p>\n<\/div>\n<div class=\"col-xs-12 col-md-6\">\n\t<p><span class='titoli'>Telefon (*)<\/span>\n\t<\/p>\n\t<p><span class=\"wpcf7-form-control-wrap\" data-name=\"telefono\"><input size=\"40\" class=\"wpcf7-form-control wpcf7-text wpcf7-tel wpcf7-validates-as-required wpcf7-validates-as-tel form-control\" aria-required=\"true\" aria-invalid=\"false\" value=\"\" type=\"tel\" name=\"telefono\" \/><\/span>\n\t<\/p>\n<\/div>\n<div class=\"clearboth\">\n<\/div>\n<div class=\"col-xs-12 col-md-6\">\n\t<p><span class='titoli'>Przedmiot <\/span>\n\t<\/p>\n\t<p><span class=\"wpcf7-form-control-wrap\" data-name=\"oggetto\"><select class=\"wpcf7-form-control wpcf7-select wpcf7-validates-as-required\" aria-required=\"true\" aria-invalid=\"false\" name=\"oggetto\"><option value=\"Oferta\">Oferta<\/option><option value=\"Informacje techniczne\">Informacje techniczne<\/option><option value=\"Powo\u0142anie\">Powo\u0142anie<\/option><\/select><\/span>\n\t<\/p>\n<\/div>\n<div class=\"col-xs-12 col-md-6\">\n\t<p><br \/>\n<span class=\"titoli\"> <span class=\"wpcf7-form-control-wrap\" data-name=\"cliente\"><span class=\"wpcf7-form-control wpcf7-checkbox\"><span class=\"wpcf7-list-item first last\"><label><span class=\"wpcf7-list-item-label\">Jestem ju\u017c klientem<\/span><input type=\"checkbox\" name=\"cliente[]\" value=\"Jestem ju\u017c klientem\" \/><\/label><\/span><\/span><\/span><\/span>\n\t<\/p>\n<\/div>\n<div class=\"col-xs-12 col-md-12\">\n\t<p><span class='titoli'>Wiadomo\u015b\u0107 (*)<\/span>\n\t<\/p>\n\t<p><span class=\"wpcf7-form-control-wrap\" data-name=\"your-message\"><textarea cols=\"40\" rows=\"10\" class=\"wpcf7-form-control wpcf7-textarea wpcf7-validates-as-required form-control\" aria-required=\"true\" aria-invalid=\"false\" name=\"your-message\"><\/textarea><\/span>\n\t<\/p>\n<\/div>\n<div class=\"col-xs-12 col-md-12\">\n\t<p><small>Wprowadzone dane b\u0119d\u0105 traktowane z zachowaniem \u015bcis\u0142ej poufno\u015bci zgodnie z prawem i nasz\u0105 polityk\u0105 prywatno\u015bci. <a href=\"https:\/\/www.storevan.com\/pl\/privacy-policy\/\">Polityk\u0105 prywatno\u015bci<\/a><\/small>\n\t<\/p>\n\t<p><span class=\"wpcf7-form-control-wrap\" data-name=\"AccettazionePrivacy\"><span class=\"wpcf7-form-control wpcf7-acceptance\"><span class=\"wpcf7-list-item\"><input type=\"checkbox\" name=\"AccettazionePrivacy\" value=\"1\" aria-invalid=\"false\" \/><\/span><\/span><\/span> O\u015bwiadczam, \u017ce zapozna\u0142am si\u0119 z <a href=\"https:\/\/www.storevan.com\/pl\/privacy-policy\/\">polityk\u0105 prywatno\u015bci<\/a> i zgadzam si\u0119 na wykorzystanie moich danych osobowych w opisanych tam przypadkach.(*)(*)<br \/>\n\t<span class=\"wpcf7-form-control-wrap recaptcha\" data-name=\"recaptcha\"><span data-sitekey=\"6LdfM4AUAAAAAJjsAucux5WVNA3hsk5KP0a03T_n\" class=\"wpcf7-form-control g-recaptcha wpcf7-recaptcha\"><\/span>\r\n<noscript>\r\n\t<div class=\"grecaptcha-noscript\">\r\n\t\t<iframe src=\"https:\/\/www.google.com\/recaptcha\/api\/fallback?k=6LdfM4AUAAAAAJjsAucux5WVNA3hsk5KP0a03T_n\" frameborder=\"0\" scrolling=\"no\" width=\"310\" height=\"430\">\r\n\t\t<\/iframe>\r\n\t\t<textarea name=\"g-recaptcha-response\" rows=\"3\" cols=\"40\" placeholder=\"reCaptcha Response Here\">\r\n\t\t<\/textarea>\r\n\t<\/div>\r\n<\/noscript>\r\n<\/span>\n\t<\/p>\n<\/div>\n<hr class=\"noColor\" \/>\n<p><input class=\"wpcf7-form-control has-spinner wpcf7-submit\" type=\"submit\" value=\"Wy\u015blij\" \/>\n<\/p><div class=\"wpcf7-response-output\" aria-hidden=\"true\"><\/div>\n<\/form>\n<\/div>\n\n","protected":false},"excerpt":{"rendered":"<p>\u015acieny I Pod\u0142oga do Volkswagen crafter 2017 Nowy Crafter, du\u017cy samoch\u00f3d dostawczy w\u00a0parku pojazd\u00f3w u\u017cytkowych marki Volkswagen zyska\u0142 tytu\u0142\u00a0International Van of the Year 2017\u00a0jeszcze przed wypuszczeniem na rynek.\u00a0Nowe wzornictwo, ponad.<\/p>\n","protected":false},"author":470,"featured_media":0,"parent":57326,"menu_order":0,"comment_status":"closed","ping_status":"closed","template":"","meta":[],"acf":[],"yoast_head":"<!-- This site is optimized with the Yoast SEO plugin v20.11 - https:\/\/yoast.com\/wordpress\/plugins\/seo\/ -->\n<title>\u015acieny I Pod\u0142oga do Volkswagen crafter 2017<\/title>\n<meta name=\"robots\" content=\"index, follow, max-snippet:-1, max-image-preview:large, max-video-preview:-1\" \/>\n<link rel=\"canonical\" href=\"https:\/\/www.storevan.com\/pl\/zabudowy\/volkswagen\/crafter-2017\/bagazniki\/\" \/>\n<meta property=\"og:locale\" content=\"pl_PL\" \/>\n<meta property=\"og:type\" content=\"article\" \/>\n<meta property=\"og:title\" content=\"\u015acieny I Pod\u0142oga do Volkswagen crafter 2017\" \/>\n<meta property=\"og:description\" content=\"\u015acieny I Pod\u0142oga do Volkswagen crafter 2017 Nowy Crafter, du\u017cy samoch\u00f3d dostawczy w\u00a0parku pojazd\u00f3w u\u017cytkowych marki Volkswagen zyska\u0142 tytu\u0142\u00a0International Van of the Year 2017\u00a0jeszcze przed wypuszczeniem na rynek.\u00a0Nowe wzornictwo, ponad.\" \/>\n<meta property=\"og:url\" content=\"https:\/\/www.storevan.com\/pl\/zabudowy\/volkswagen\/crafter-2017\/bagazniki\/\" \/>\n<meta property=\"og:site_name\" content=\"Store Van\" \/>\n<meta property=\"article:modified_time\" content=\"2021-10-14T10:23:26+00:00\" \/>\n<meta property=\"og:image\" content=\"https:\/\/www.storevan.com\/wp-content\/uploads\/veicoli\/pianali-pannellature\/pannellature-per-furgoni-Ducato-honeycomb.jpg\" \/>\n<meta name=\"twitter:label1\" content=\"Szacowany czas czytania\" \/>\n\t<meta name=\"twitter:data1\" content=\"5 minut\" \/>\n<script type=\"application\/ld+json\" class=\"yoast-schema-graph\">{\"@context\":\"https:\/\/schema.org\",\"@graph\":[{\"@type\":\"WebPage\",\"@id\":\"https:\/\/www.storevan.com\/pl\/zabudowy\/volkswagen\/crafter-2017\/bagazniki\/\",\"url\":\"https:\/\/www.storevan.com\/pl\/zabudowy\/volkswagen\/crafter-2017\/bagazniki\/\",\"name\":\"\u015acieny I Pod\u0142oga do Volkswagen crafter 2017\",\"isPartOf\":{\"@id\":\"https:\/\/www.storevan.com\/pl\/#website\"},\"datePublished\":\"2017-05-26T12:19:07+00:00\",\"dateModified\":\"2021-10-14T10:23:26+00:00\",\"breadcrumb\":{\"@id\":\"https:\/\/www.storevan.com\/pl\/zabudowy\/volkswagen\/crafter-2017\/bagazniki\/#breadcrumb\"},\"inLanguage\":\"pl-PL\",\"potentialAction\":[{\"@type\":\"ReadAction\",\"target\":[\"https:\/\/www.storevan.com\/pl\/zabudowy\/volkswagen\/crafter-2017\/bagazniki\/\"]}]},{\"@type\":\"BreadcrumbList\",\"@id\":\"https:\/\/www.storevan.com\/pl\/zabudowy\/volkswagen\/crafter-2017\/bagazniki\/#breadcrumb\",\"itemListElement\":[{\"@type\":\"ListItem\",\"position\":1,\"name\":\"Home\",\"item\":\"https:\/\/www.storevan.com\/pl\/\"},{\"@type\":\"ListItem\",\"position\":2,\"name\":\"Zabudowy\",\"item\":\"https:\/\/www.storevan.com\/allestimenti-veicoli-commerciali\/\"},{\"@type\":\"ListItem\",\"position\":3,\"name\":\"Volkswagen\",\"item\":\"https:\/\/www.storevan.com\/pl\/zabudowy\/volkswagen\/\"},{\"@type\":\"ListItem\",\"position\":4,\"name\":\"Crafter 2017\",\"item\":\"https:\/\/www.storevan.com\/pl\/zabudowy\/volkswagen\/crafter-2017\/\"},{\"@type\":\"ListItem\",\"position\":5,\"name\":\"\u015acieny I Pod\u0142oga\"}]},{\"@type\":\"WebSite\",\"@id\":\"https:\/\/www.storevan.com\/pl\/#website\",\"url\":\"https:\/\/www.storevan.com\/pl\/\",\"name\":\"Store Van\",\"description\":\"Zabudowy\",\"potentialAction\":[{\"@type\":\"SearchAction\",\"target\":{\"@type\":\"EntryPoint\",\"urlTemplate\":\"https:\/\/www.storevan.com\/pl\/?s={search_term_string}\"},\"query-input\":\"required name=search_term_string\"}],\"inLanguage\":\"pl-PL\"}]}<\/script>\n<!-- \/ Yoast SEO plugin. -->","yoast_head_json":{"title":"\u015acieny I Pod\u0142oga do Volkswagen crafter 2017","robots":{"index":"index","follow":"follow","max-snippet":"max-snippet:-1","max-image-preview":"max-image-preview:large","max-video-preview":"max-video-preview:-1"},"canonical":"https:\/\/www.storevan.com\/pl\/zabudowy\/volkswagen\/crafter-2017\/bagazniki\/","og_locale":"pl_PL","og_type":"article","og_title":"\u015acieny I Pod\u0142oga do Volkswagen crafter 2017","og_description":"\u015acieny I Pod\u0142oga do Volkswagen crafter 2017 Nowy Crafter, du\u017cy samoch\u00f3d dostawczy w\u00a0parku pojazd\u00f3w u\u017cytkowych marki Volkswagen zyska\u0142 tytu\u0142\u00a0International Van of the Year 2017\u00a0jeszcze przed wypuszczeniem na rynek.\u00a0Nowe wzornictwo, ponad.","og_url":"https:\/\/www.storevan.com\/pl\/zabudowy\/volkswagen\/crafter-2017\/bagazniki\/","og_site_name":"Store Van","article_modified_time":"2021-10-14T10:23:26+00:00","og_image":[{"url":"https:\/\/www.storevan.com\/wp-content\/uploads\/veicoli\/pianali-pannellature\/pannellature-per-furgoni-Ducato-honeycomb.jpg"}],"twitter_misc":{"Szacowany czas czytania":"5 minut"},"schema":{"@context":"https:\/\/schema.org","@graph":[{"@type":"WebPage","@id":"https:\/\/www.storevan.com\/pl\/zabudowy\/volkswagen\/crafter-2017\/bagazniki\/","url":"https:\/\/www.storevan.com\/pl\/zabudowy\/volkswagen\/crafter-2017\/bagazniki\/","name":"\u015acieny I Pod\u0142oga do Volkswagen crafter 2017","isPartOf":{"@id":"https:\/\/www.storevan.com\/pl\/#website"},"datePublished":"2017-05-26T12:19:07+00:00","dateModified":"2021-10-14T10:23:26+00:00","breadcrumb":{"@id":"https:\/\/www.storevan.com\/pl\/zabudowy\/volkswagen\/crafter-2017\/bagazniki\/#breadcrumb"},"inLanguage":"pl-PL","potentialAction":[{"@type":"ReadAction","target":["https:\/\/www.storevan.com\/pl\/zabudowy\/volkswagen\/crafter-2017\/bagazniki\/"]}]},{"@type":"BreadcrumbList","@id":"https:\/\/www.storevan.com\/pl\/zabudowy\/volkswagen\/crafter-2017\/bagazniki\/#breadcrumb","itemListElement":[{"@type":"ListItem","position":1,"name":"Home","item":"https:\/\/www.storevan.com\/pl\/"},{"@type":"ListItem","position":2,"name":"Zabudowy","item":"https:\/\/www.storevan.com\/allestimenti-veicoli-commerciali\/"},{"@type":"ListItem","position":3,"name":"Volkswagen","item":"https:\/\/www.storevan.com\/pl\/zabudowy\/volkswagen\/"},{"@type":"ListItem","position":4,"name":"Crafter 2017","item":"https:\/\/www.storevan.com\/pl\/zabudowy\/volkswagen\/crafter-2017\/"},{"@type":"ListItem","position":5,"name":"\u015acieny I Pod\u0142oga"}]},{"@type":"WebSite","@id":"https:\/\/www.storevan.com\/pl\/#website","url":"https:\/\/www.storevan.com\/pl\/","name":"Store Van","description":"Zabudowy","potentialAction":[{"@type":"SearchAction","target":{"@type":"EntryPoint","urlTemplate":"https:\/\/www.storevan.com\/pl\/?s={search_term_string}"},"query-input":"required name=search_term_string"}],"inLanguage":"pl-PL"}]}},"_links":{"self":[{"href":"https:\/\/www.storevan.com\/pl\/wp-json\/wp\/v2\/pages\/57463"}],"collection":[{"href":"https:\/\/www.storevan.com\/pl\/wp-json\/wp\/v2\/pages"}],"about":[{"href":"https:\/\/www.storevan.com\/pl\/wp-json\/wp\/v2\/types\/page"}],"author":[{"embeddable":true,"href":"https:\/\/www.storevan.com\/pl\/wp-json\/wp\/v2\/users\/470"}],"replies":[{"embeddable":true,"href":"https:\/\/www.storevan.com\/pl\/wp-json\/wp\/v2\/comments?post=57463"}],"version-history":[{"count":1,"href":"https:\/\/www.storevan.com\/pl\/wp-json\/wp\/v2\/pages\/57463\/revisions"}],"predecessor-version":[{"id":133421,"href":"https:\/\/www.storevan.com\/pl\/wp-json\/wp\/v2\/pages\/57463\/revisions\/133421"}],"up":[{"embeddable":true,"href":"https:\/\/www.storevan.com\/pl\/wp-json\/wp\/v2\/pages\/57326"}],"wp:attachment":[{"href":"https:\/\/www.storevan.com\/pl\/wp-json\/wp\/v2\/media?parent=57463"}],"curies":[{"name":"wp","href":"https:\/\/api.w.org\/{rel}","templated":true}]}}