{"id":54285,"date":"2017-04-07T13:11:52","date_gmt":"2017-04-07T13:11:52","guid":{"rendered":"https:\/\/www.storevan.com\/pianali-pannellature\/"},"modified":"2019-08-27T13:15:35","modified_gmt":"2019-08-27T13:15:35","slug":"scieny-podloga","status":"publish","type":"page","link":"https:\/\/www.storevan.com\/pl\/zabudowy\/dacia\/dokker\/scieny-podloga\/","title":{"rendered":"\u015acieny I Pod\u0142oga"},"content":{"rendered":"<h1 class=\"customblackTitleSmall\">\u015acieny i Pod\u0142oga do Dacia Dokker<\/h1>\n<p>Pod\u0142oga i panele \u015bcienne dla pojazd\u00f3w z drzwiami bocznymi po prawej stronie.\u00a0Store Van produkuje pod\u0142ogi i panele by zabezpieczy\u0107 Twojego <strong>Dacia Dokker<\/strong>.<\/p>\n<p><img decoding=\"async\" loading=\"lazy\" class=\"aligncenter wp-image-16359 size-full\" title=\"\u015acieny i pod\u0142oga Dacia Dokker\" src=\"https:\/\/www.storevan.com\/wp-content\/uploads\/2016\/03\/StoreVan_Pianali_Pannellature_1A.jpg\" alt=\"\u015acieny i pod\u0142oga Dacia Dokker\" width=\"625\" height=\"407\" srcset=\"https:\/\/www.storevan.com\/wp-content\/uploads\/2016\/03\/StoreVan_Pianali_Pannellature_1A.jpg 625w, https:\/\/www.storevan.com\/wp-content\/uploads\/2016\/03\/StoreVan_Pianali_Pannellature_1A-300x195.jpg 300w\" sizes=\"(max-width: 625px) 100vw, 625px\" \/><\/p>\n<table class=\"table tableBorder\">\n<tbody>\n<tr>\n<td class=\"txtBkOrange\">POJAZD<\/td>\n<td class=\"TESTO12biancoCX text-center\" bgcolor=\"#0071B9\">POD\u0141OGA 12 mm\t<\/td>\n<td class=\"TESTO12neroCX text-center\" bgcolor=\"#e4e4e4\">PANELE \u015aCIENNE<\/td>\n<td class=\"TESTO12neroCX text-center\" bgcolor=\"#e4e4e4\">PANELE \u015aCIENNE<\/td>\n<\/tr>\n<tr class=\"border_bottomGrey\">\n<td><\/td>\n<td bgcolor=\"#8d8d8d\" class=\"TESTO12biancoCX text-center\"><strong>D<\/strong><\/td>\n<td bgcolor=\"#8d8d8d\" class=\"TESTO12biancoCX text-center\"><strong>A+B<\/strong><\/td>\n<td bgcolor=\"#8d8d8d\" class=\"TESTO12biancoCX text-center\"><strong>C<\/strong><\/td>\n<\/tr>\n<tr class=\"border_bottomGrey\">\n<td><\/td>\n<td class=\"TESTO12neroCX\"><strong>ART.<\/strong><\/td>\n<td class=\"TESTO12neroCX\"><strong>ART.<\/strong><\/td>\n<td class=\"TESTO12neroCX\"><strong>ART.<\/strong><\/td>\n<\/tr>\n<tr>\n<td style=\"vertical-align: middle;\" bgcolor=\"#f0f0f0\">L1 H1 <sup>A<\/sup><\/td>\n<td style=\"text-align: center;\"><span class=\"blue\">PIL 222<\/span><br \/>\n17,96 kg<\/td>\n<td style=\"text-align: center;\"><span class=\"blue\">PAN 218<\/span><br \/>\n5,60 kg<\/td>\n<td style=\"text-align: center;\"><span class=\"blue\">PAR 211<\/span><br \/>\n1,41 kg<\/td>\n<\/tr>\n<tr>\n<td style=\"vertical-align: middle;\" bgcolor=\"#f0f0f0\">L1 H1 <sup>B<\/sup><\/td>\n<td style=\"text-align: center;\"><span class=\"blue\">PIL 227<\/span><br \/>\n17,53 kg<\/td>\n<td style=\"text-align: center;\"><span class=\"blue\">PAN 218<\/span><br \/>\n5,60 kg<\/td>\n<td style=\"text-align: center;\"><span class=\"blue\">PAR 211<\/span><br \/>\n1,41 kg<\/td>\n<\/tr>\n<\/tbody>\n<\/table>\n<hr class=\"noColor\" \/>\n<sup>A<\/sup>Pe\u0142na \u015bcianka dzia\u0142owa<br \/>\n<sup>B<\/sup>\u015acianka dzia\u0142owa z kratk\u0105<\/p>\n<hr\/>\n","protected":false},"excerpt":{"rendered":"<p>\u015acieny i Pod\u0142oga do Dacia Dokker Pod\u0142oga i panele \u015bcienne dla pojazd\u00f3w z drzwiami bocznymi po prawej stronie.\u00a0Store Van produkuje pod\u0142ogi i panele by zabezpieczy\u0107 Twojego Dacia Dokker. POJAZD POD\u0141OGA.<\/p>\n","protected":false},"author":470,"featured_media":0,"parent":54290,"menu_order":0,"comment_status":"closed","ping_status":"closed","template":"","meta":[],"acf":[],"yoast_head":"<!-- This site is optimized with the Yoast SEO plugin v20.11 - https:\/\/yoast.com\/wordpress\/plugins\/seo\/ -->\n<title>\u015acieny i Pod\u0142oga do Dacia Dokker<\/title>\n<meta name=\"description\" content=\"Pod\u0142oga i panele do Dacia Dokker.\" \/>\n<meta name=\"robots\" content=\"index, follow, max-snippet:-1, max-image-preview:large, max-video-preview:-1\" \/>\n<link rel=\"canonical\" href=\"https:\/\/www.storevan.com\/allestimenti-veicoli-commerciali\/furgoni-dacia\/dokker\/pianali-pannellature\/\" \/>\n<meta property=\"og:locale\" content=\"pl_PL\" \/>\n<meta property=\"og:type\" content=\"article\" \/>\n<meta property=\"og:title\" content=\"\u015acieny i Pod\u0142oga do Dacia Dokker\" \/>\n<meta property=\"og:description\" content=\"Pod\u0142oga i panele do Dacia Dokker.\" \/>\n<meta property=\"og:url\" content=\"https:\/\/www.storevan.com\/allestimenti-veicoli-commerciali\/furgoni-dacia\/dokker\/pianali-pannellature\/\" \/>\n<meta property=\"og:site_name\" content=\"Store Van\" \/>\n<meta property=\"article:modified_time\" content=\"2019-08-27T13:15:35+00:00\" \/>\n<meta property=\"og:image\" content=\"https:\/\/www.storevan.com\/wp-content\/uploads\/2016\/03\/StoreVan_Pianali_Pannellature_1A.jpg\" \/>\n<script type=\"application\/ld+json\" class=\"yoast-schema-graph\">{\"@context\":\"https:\/\/schema.org\",\"@graph\":[{\"@type\":\"WebPage\",\"@id\":\"https:\/\/www.storevan.com\/allestimenti-veicoli-commerciali\/furgoni-dacia\/dokker\/pianali-pannellature\/\",\"url\":\"https:\/\/www.storevan.com\/allestimenti-veicoli-commerciali\/furgoni-dacia\/dokker\/pianali-pannellature\/\",\"name\":\"\u015acieny i Pod\u0142oga do Dacia Dokker\",\"isPartOf\":{\"@id\":\"https:\/\/www.storevan.com\/pl\/#website\"},\"datePublished\":\"2017-04-07T13:11:52+00:00\",\"dateModified\":\"2019-08-27T13:15:35+00:00\",\"description\":\"Pod\u0142oga i panele do Dacia Dokker.\",\"breadcrumb\":{\"@id\":\"https:\/\/www.storevan.com\/allestimenti-veicoli-commerciali\/furgoni-dacia\/dokker\/pianali-pannellature\/#breadcrumb\"},\"inLanguage\":\"pl-PL\",\"potentialAction\":[{\"@type\":\"ReadAction\",\"target\":[\"https:\/\/www.storevan.com\/allestimenti-veicoli-commerciali\/furgoni-dacia\/dokker\/pianali-pannellature\/\"]}]},{\"@type\":\"BreadcrumbList\",\"@id\":\"https:\/\/www.storevan.com\/allestimenti-veicoli-commerciali\/furgoni-dacia\/dokker\/pianali-pannellature\/#breadcrumb\",\"itemListElement\":[{\"@type\":\"ListItem\",\"position\":1,\"name\":\"Home\",\"item\":\"https:\/\/www.storevan.com\/pl\/\"},{\"@type\":\"ListItem\",\"position\":2,\"name\":\"Zabudowy\",\"item\":\"https:\/\/www.storevan.com\/allestimenti-veicoli-commerciali\/\"},{\"@type\":\"ListItem\",\"position\":3,\"name\":\"Dacia\",\"item\":\"https:\/\/www.storevan.com\/allestimenti-veicoli-commerciali\/furgoni-dacia\/\"},{\"@type\":\"ListItem\",\"position\":4,\"name\":\"Dokker\",\"item\":\"https:\/\/www.storevan.com\/allestimenti-veicoli-commerciali\/furgoni-dacia\/dokker\/\"},{\"@type\":\"ListItem\",\"position\":5,\"name\":\"\u015acieny I Pod\u0142oga\"}]},{\"@type\":\"WebSite\",\"@id\":\"https:\/\/www.storevan.com\/pl\/#website\",\"url\":\"https:\/\/www.storevan.com\/pl\/\",\"name\":\"Store Van\",\"description\":\"Zabudowy\",\"potentialAction\":[{\"@type\":\"SearchAction\",\"target\":{\"@type\":\"EntryPoint\",\"urlTemplate\":\"https:\/\/www.storevan.com\/pl\/?s={search_term_string}\"},\"query-input\":\"required name=search_term_string\"}],\"inLanguage\":\"pl-PL\"}]}<\/script>\n<!-- \/ Yoast SEO plugin. -->","yoast_head_json":{"title":"\u015acieny i Pod\u0142oga do Dacia Dokker","description":"Pod\u0142oga i panele do Dacia Dokker.","robots":{"index":"index","follow":"follow","max-snippet":"max-snippet:-1","max-image-preview":"max-image-preview:large","max-video-preview":"max-video-preview:-1"},"canonical":"https:\/\/www.storevan.com\/allestimenti-veicoli-commerciali\/furgoni-dacia\/dokker\/pianali-pannellature\/","og_locale":"pl_PL","og_type":"article","og_title":"\u015acieny i Pod\u0142oga do Dacia Dokker","og_description":"Pod\u0142oga i panele do Dacia Dokker.","og_url":"https:\/\/www.storevan.com\/allestimenti-veicoli-commerciali\/furgoni-dacia\/dokker\/pianali-pannellature\/","og_site_name":"Store Van","article_modified_time":"2019-08-27T13:15:35+00:00","og_image":[{"url":"https:\/\/www.storevan.com\/wp-content\/uploads\/2016\/03\/StoreVan_Pianali_Pannellature_1A.jpg"}],"schema":{"@context":"https:\/\/schema.org","@graph":[{"@type":"WebPage","@id":"https:\/\/www.storevan.com\/allestimenti-veicoli-commerciali\/furgoni-dacia\/dokker\/pianali-pannellature\/","url":"https:\/\/www.storevan.com\/allestimenti-veicoli-commerciali\/furgoni-dacia\/dokker\/pianali-pannellature\/","name":"\u015acieny i Pod\u0142oga do Dacia Dokker","isPartOf":{"@id":"https:\/\/www.storevan.com\/pl\/#website"},"datePublished":"2017-04-07T13:11:52+00:00","dateModified":"2019-08-27T13:15:35+00:00","description":"Pod\u0142oga i panele do Dacia Dokker.","breadcrumb":{"@id":"https:\/\/www.storevan.com\/allestimenti-veicoli-commerciali\/furgoni-dacia\/dokker\/pianali-pannellature\/#breadcrumb"},"inLanguage":"pl-PL","potentialAction":[{"@type":"ReadAction","target":["https:\/\/www.storevan.com\/allestimenti-veicoli-commerciali\/furgoni-dacia\/dokker\/pianali-pannellature\/"]}]},{"@type":"BreadcrumbList","@id":"https:\/\/www.storevan.com\/allestimenti-veicoli-commerciali\/furgoni-dacia\/dokker\/pianali-pannellature\/#breadcrumb","itemListElement":[{"@type":"ListItem","position":1,"name":"Home","item":"https:\/\/www.storevan.com\/pl\/"},{"@type":"ListItem","position":2,"name":"Zabudowy","item":"https:\/\/www.storevan.com\/allestimenti-veicoli-commerciali\/"},{"@type":"ListItem","position":3,"name":"Dacia","item":"https:\/\/www.storevan.com\/allestimenti-veicoli-commerciali\/furgoni-dacia\/"},{"@type":"ListItem","position":4,"name":"Dokker","item":"https:\/\/www.storevan.com\/allestimenti-veicoli-commerciali\/furgoni-dacia\/dokker\/"},{"@type":"ListItem","position":5,"name":"\u015acieny I Pod\u0142oga"}]},{"@type":"WebSite","@id":"https:\/\/www.storevan.com\/pl\/#website","url":"https:\/\/www.storevan.com\/pl\/","name":"Store Van","description":"Zabudowy","potentialAction":[{"@type":"SearchAction","target":{"@type":"EntryPoint","urlTemplate":"https:\/\/www.storevan.com\/pl\/?s={search_term_string}"},"query-input":"required name=search_term_string"}],"inLanguage":"pl-PL"}]}},"_links":{"self":[{"href":"https:\/\/www.storevan.com\/pl\/wp-json\/wp\/v2\/pages\/54285"}],"collection":[{"href":"https:\/\/www.storevan.com\/pl\/wp-json\/wp\/v2\/pages"}],"about":[{"href":"https:\/\/www.storevan.com\/pl\/wp-json\/wp\/v2\/types\/page"}],"author":[{"embeddable":true,"href":"https:\/\/www.storevan.com\/pl\/wp-json\/wp\/v2\/users\/470"}],"replies":[{"embeddable":true,"href":"https:\/\/www.storevan.com\/pl\/wp-json\/wp\/v2\/comments?post=54285"}],"version-history":[{"count":2,"href":"https:\/\/www.storevan.com\/pl\/wp-json\/wp\/v2\/pages\/54285\/revisions"}],"predecessor-version":[{"id":106328,"href":"https:\/\/www.storevan.com\/pl\/wp-json\/wp\/v2\/pages\/54285\/revisions\/106328"}],"up":[{"embeddable":true,"href":"https:\/\/www.storevan.com\/pl\/wp-json\/wp\/v2\/pages\/54290"}],"wp:attachment":[{"href":"https:\/\/www.storevan.com\/pl\/wp-json\/wp\/v2\/media?parent=54285"}],"curies":[{"name":"wp","href":"https:\/\/api.w.org\/{rel}","templated":true}]}}