{"id":53485,"date":"2017-03-09T10:48:28","date_gmt":"2017-03-09T10:48:28","guid":{"rendered":"https:\/\/www.storevan.com\/allestimento-furgoni-germania\/"},"modified":"2023-06-22T15:24:55","modified_gmt":"2023-06-22T15:24:55","slug":"zabudowy-niemcy","status":"publish","type":"page","link":"https:\/\/www.storevan.com\/pl\/zabudowy-niemcy\/","title":{"rendered":"Wyposa\u017cenie Samochod\u00f3w Serwisowych StoreVan &#8211; filia niemiecka"},"content":{"rendered":"<h1 class=\"customblackTitleSmall\">Wyposa\u017cenie Samochod\u00f3w Serwisowych StoreVan &#8211; filia niemiecka<\/h1>\n<p style=\"text-align: justify;\">Marka <strong>StoreVan<\/strong> zawdzi\u0119cza sw\u00f3j sukces ci\u0105g\u0142ym inwestycjom w rozw\u00f3j produkt\u00f3w indywidualnie dopasowanych do potrzeb klienta<strong>. <\/strong>Po osi\u0105gnieciu sukcesu we W\u0142oszech, StoreVan zyska\u0142 tak\u017ce znaczne udzia\u0142y na zagranicznych rynkach, dzi\u0119ki doskona\u0142ej obs\u0142udze w filiach firmy.<\/p>\n<p style=\"text-align: justify;\">Poprzez fili\u0119 <strong>Fami Deutschland GmbH<\/strong>, StoreVan dystrybuuje na terenie Niemiec produkty o tej samej jako\u015bci, z tym samym profesjonalizmem w projektowaniu i monta\u017cu wyposa\u017cenia, kt\u00f3rego do\u015bwiadczaj\u0105 w\u0142oscy klienci. Profesjonalna kadra specjalist\u00f3w, wyszkolona w centrali firmy, towarzyszy klientowi ko\u0144cowemu od projektu a\u017c po monta\u017c.<\/p>\n<p style=\"text-align: justify;\">Filia niemiecka dzia\u0142a bardzo pr\u0119\u017cnie od kilku lat &#8211; wykwalifikowana kadra bezp\u0142atnie przygotowuje wyceny wraz z projektem 3D, kt\u00f3ry ze szczeg\u00f3\u0142ami odwzorowuje przestrze\u0144 \u0142adunkow\u0105 vana. Gama produkt\u00f3w obejmuje rega\u0142y z p\u00f3\u0142kami, szufladami, blatami roboczymi, a tak\u017ce pojemniki na drobne elementy monta\u017cowe, panele \u015bcienne oraz baga\u017cniki dachowe.<\/p>\n<p style=\"text-align: justify;\"><div class=\"one_half\"><a href=\"https:\/\/www.storevan.com\/wp-content\/uploads\/2023\/06\/STOREVAN-GERMANY-FAMI-DEUTSCHLAND-G.jpg\"><img decoding=\"async\" loading=\"lazy\" class=\"wp-image-152128 size-full aligncenter\" title=\"Wyposa\u017cenie Samochod\u00f3w Serwisowych Niemcy - Ga\u0142\u0105\u017a StoreVan\" src=\"https:\/\/www.storevan.com\/wp-content\/uploads\/2023\/06\/STOREVAN-GERMANY-FAMI-DEUTSCHLAND-G.jpg\" alt=\"\" width=\"555\" height=\"230\" srcset=\"https:\/\/www.storevan.com\/wp-content\/uploads\/2023\/06\/STOREVAN-GERMANY-FAMI-DEUTSCHLAND-G.jpg 555w, https:\/\/www.storevan.com\/wp-content\/uploads\/2023\/06\/STOREVAN-GERMANY-FAMI-DEUTSCHLAND-G-300x124.jpg 300w\" sizes=\"(max-width: 555px) 100vw, 555px\" \/><\/a><\/div><div class=\"one_half last\">\n<p><strong>Fami Deutschland GmbH<\/strong><br \/>\nBenzstra\u00dfe 11 a-c<br \/>\n82178 Puchheim &#8211; Deutschland<br \/>\nTelefon: +49 (0)89 1434078 0<\/p>\n<p><a href=\"mailto:info@fami.de\">info@fami.de<\/a><br \/>\n<a title=\"Fahrzeugeinrichtung StoreVan\" href=\"https:\/\/www.storevan.de\">www.storevan.de<\/a><\/p>\n<p style=\"text-align: justify;\"><\/div><div class=\"clearboth\"><\/div>\n","protected":false},"excerpt":{"rendered":"<p>Wyposa\u017cenie Samochod\u00f3w Serwisowych StoreVan &#8211; filia niemiecka Marka StoreVan zawdzi\u0119cza sw\u00f3j sukces ci\u0105g\u0142ym inwestycjom w rozw\u00f3j produkt\u00f3w indywidualnie dopasowanych do potrzeb klienta. Po osi\u0105gnieciu sukcesu we W\u0142oszech, StoreVan zyska\u0142 tak\u017ce.<\/p>\n","protected":false},"author":470,"featured_media":0,"parent":0,"menu_order":0,"comment_status":"closed","ping_status":"closed","template":"","meta":[],"acf":[],"yoast_head":"<!-- This site is optimized with the Yoast SEO plugin v20.11 - https:\/\/yoast.com\/wordpress\/plugins\/seo\/ -->\n<title>Wyposa\u017cenie Samochod\u00f3w Serwisowych StoreVan - filia niemiecka<\/title>\n<meta name=\"description\" content=\"Wyposa\u017cenie StoreVan w Niemczech, filia w Puchheim. Indywidualnie zaprojektowane wyposa\u017cenie mobilnego serwisu. Rega\u0142y, szuflady, pod\u0142ogi ...\" \/>\n<meta name=\"robots\" content=\"index, follow, max-snippet:-1, max-image-preview:large, max-video-preview:-1\" \/>\n<link rel=\"canonical\" href=\"https:\/\/www.storevan.com\/pl\/zabudowy-niemcy\/\" \/>\n<meta property=\"og:locale\" content=\"pl_PL\" \/>\n<meta property=\"og:type\" content=\"article\" \/>\n<meta property=\"og:title\" content=\"Wyposa\u017cenie Samochod\u00f3w Serwisowych StoreVan - filia niemiecka\" \/>\n<meta property=\"og:description\" content=\"Wyposa\u017cenie StoreVan w Niemczech, filia w Puchheim. Indywidualnie zaprojektowane wyposa\u017cenie mobilnego serwisu. Rega\u0142y, szuflady, pod\u0142ogi ...\" \/>\n<meta property=\"og:url\" content=\"https:\/\/www.storevan.com\/pl\/zabudowy-niemcy\/\" \/>\n<meta property=\"og:site_name\" content=\"Store Van\" \/>\n<meta property=\"article:modified_time\" content=\"2023-06-22T15:24:55+00:00\" \/>\n<meta property=\"og:image\" content=\"https:\/\/www.storevan.com\/wp-content\/uploads\/2023\/06\/STOREVAN-GERMANY-FAMI-DEUTSCHLAND-G.jpg\" \/>\n<meta name=\"twitter:label1\" content=\"Szacowany czas czytania\" \/>\n\t<meta name=\"twitter:data1\" content=\"1 minuta\" \/>\n<script type=\"application\/ld+json\" class=\"yoast-schema-graph\">{\"@context\":\"https:\/\/schema.org\",\"@graph\":[{\"@type\":\"WebPage\",\"@id\":\"https:\/\/www.storevan.com\/pl\/zabudowy-niemcy\/\",\"url\":\"https:\/\/www.storevan.com\/pl\/zabudowy-niemcy\/\",\"name\":\"Wyposa\u017cenie Samochod\u00f3w Serwisowych StoreVan - filia niemiecka\",\"isPartOf\":{\"@id\":\"https:\/\/www.storevan.com\/pl\/#website\"},\"datePublished\":\"2017-03-09T10:48:28+00:00\",\"dateModified\":\"2023-06-22T15:24:55+00:00\",\"description\":\"Wyposa\u017cenie StoreVan w Niemczech, filia w Puchheim. Indywidualnie zaprojektowane wyposa\u017cenie mobilnego serwisu. Rega\u0142y, szuflady, pod\u0142ogi ...\",\"breadcrumb\":{\"@id\":\"https:\/\/www.storevan.com\/pl\/zabudowy-niemcy\/#breadcrumb\"},\"inLanguage\":\"pl-PL\",\"potentialAction\":[{\"@type\":\"ReadAction\",\"target\":[\"https:\/\/www.storevan.com\/pl\/zabudowy-niemcy\/\"]}]},{\"@type\":\"BreadcrumbList\",\"@id\":\"https:\/\/www.storevan.com\/pl\/zabudowy-niemcy\/#breadcrumb\",\"itemListElement\":[{\"@type\":\"ListItem\",\"position\":1,\"name\":\"Home\",\"item\":\"https:\/\/www.storevan.com\/pl\/\"},{\"@type\":\"ListItem\",\"position\":2,\"name\":\"Wyposa\u017cenie Samochod\u00f3w Serwisowych StoreVan &#8211; filia niemiecka\"}]},{\"@type\":\"WebSite\",\"@id\":\"https:\/\/www.storevan.com\/pl\/#website\",\"url\":\"https:\/\/www.storevan.com\/pl\/\",\"name\":\"Store Van\",\"description\":\"Zabudowy\",\"potentialAction\":[{\"@type\":\"SearchAction\",\"target\":{\"@type\":\"EntryPoint\",\"urlTemplate\":\"https:\/\/www.storevan.com\/pl\/?s={search_term_string}\"},\"query-input\":\"required name=search_term_string\"}],\"inLanguage\":\"pl-PL\"}]}<\/script>\n<!-- \/ Yoast SEO plugin. -->","yoast_head_json":{"title":"Wyposa\u017cenie Samochod\u00f3w Serwisowych StoreVan - filia niemiecka","description":"Wyposa\u017cenie StoreVan w Niemczech, filia w Puchheim. Indywidualnie zaprojektowane wyposa\u017cenie mobilnego serwisu. Rega\u0142y, szuflady, pod\u0142ogi ...","robots":{"index":"index","follow":"follow","max-snippet":"max-snippet:-1","max-image-preview":"max-image-preview:large","max-video-preview":"max-video-preview:-1"},"canonical":"https:\/\/www.storevan.com\/pl\/zabudowy-niemcy\/","og_locale":"pl_PL","og_type":"article","og_title":"Wyposa\u017cenie Samochod\u00f3w Serwisowych StoreVan - filia niemiecka","og_description":"Wyposa\u017cenie StoreVan w Niemczech, filia w Puchheim. Indywidualnie zaprojektowane wyposa\u017cenie mobilnego serwisu. Rega\u0142y, szuflady, pod\u0142ogi ...","og_url":"https:\/\/www.storevan.com\/pl\/zabudowy-niemcy\/","og_site_name":"Store Van","article_modified_time":"2023-06-22T15:24:55+00:00","og_image":[{"url":"https:\/\/www.storevan.com\/wp-content\/uploads\/2023\/06\/STOREVAN-GERMANY-FAMI-DEUTSCHLAND-G.jpg"}],"twitter_misc":{"Szacowany czas czytania":"1 minuta"},"schema":{"@context":"https:\/\/schema.org","@graph":[{"@type":"WebPage","@id":"https:\/\/www.storevan.com\/pl\/zabudowy-niemcy\/","url":"https:\/\/www.storevan.com\/pl\/zabudowy-niemcy\/","name":"Wyposa\u017cenie Samochod\u00f3w Serwisowych StoreVan - filia niemiecka","isPartOf":{"@id":"https:\/\/www.storevan.com\/pl\/#website"},"datePublished":"2017-03-09T10:48:28+00:00","dateModified":"2023-06-22T15:24:55+00:00","description":"Wyposa\u017cenie StoreVan w Niemczech, filia w Puchheim. Indywidualnie zaprojektowane wyposa\u017cenie mobilnego serwisu. Rega\u0142y, szuflady, pod\u0142ogi ...","breadcrumb":{"@id":"https:\/\/www.storevan.com\/pl\/zabudowy-niemcy\/#breadcrumb"},"inLanguage":"pl-PL","potentialAction":[{"@type":"ReadAction","target":["https:\/\/www.storevan.com\/pl\/zabudowy-niemcy\/"]}]},{"@type":"BreadcrumbList","@id":"https:\/\/www.storevan.com\/pl\/zabudowy-niemcy\/#breadcrumb","itemListElement":[{"@type":"ListItem","position":1,"name":"Home","item":"https:\/\/www.storevan.com\/pl\/"},{"@type":"ListItem","position":2,"name":"Wyposa\u017cenie Samochod\u00f3w Serwisowych StoreVan &#8211; filia niemiecka"}]},{"@type":"WebSite","@id":"https:\/\/www.storevan.com\/pl\/#website","url":"https:\/\/www.storevan.com\/pl\/","name":"Store Van","description":"Zabudowy","potentialAction":[{"@type":"SearchAction","target":{"@type":"EntryPoint","urlTemplate":"https:\/\/www.storevan.com\/pl\/?s={search_term_string}"},"query-input":"required name=search_term_string"}],"inLanguage":"pl-PL"}]}},"_links":{"self":[{"href":"https:\/\/www.storevan.com\/pl\/wp-json\/wp\/v2\/pages\/53485"}],"collection":[{"href":"https:\/\/www.storevan.com\/pl\/wp-json\/wp\/v2\/pages"}],"about":[{"href":"https:\/\/www.storevan.com\/pl\/wp-json\/wp\/v2\/types\/page"}],"author":[{"embeddable":true,"href":"https:\/\/www.storevan.com\/pl\/wp-json\/wp\/v2\/users\/470"}],"replies":[{"embeddable":true,"href":"https:\/\/www.storevan.com\/pl\/wp-json\/wp\/v2\/comments?post=53485"}],"version-history":[{"count":6,"href":"https:\/\/www.storevan.com\/pl\/wp-json\/wp\/v2\/pages\/53485\/revisions"}],"predecessor-version":[{"id":152153,"href":"https:\/\/www.storevan.com\/pl\/wp-json\/wp\/v2\/pages\/53485\/revisions\/152153"}],"wp:attachment":[{"href":"https:\/\/www.storevan.com\/pl\/wp-json\/wp\/v2\/media?parent=53485"}],"curies":[{"name":"wp","href":"https:\/\/api.w.org\/{rel}","templated":true}]}}