{"id":53482,"date":"2017-03-09T10:48:25","date_gmt":"2017-03-09T10:48:25","guid":{"rendered":"https:\/\/www.storevan.com\/allestimento-furgoni-austria\/"},"modified":"2018-07-06T07:42:40","modified_gmt":"2018-07-06T07:42:40","slug":"zabudowy-austria","status":"publish","type":"page","link":"https:\/\/www.storevan.com\/pl\/zabudowy-austria\/","title":{"rendered":"Wyposa\u017cenie Samochod\u00f3w Serwisowych StoreVan \u2013 filia austriacka"},"content":{"rendered":"<h1 class=\"customblackTitleSmall\">Wyposa\u017cenie Samochod\u00f3w Serwisowych StoreVan \u2013 filia austriacka<\/h1>\n<p>Badania i rozw\u00f3j zaawansowanych technologii jest podstaw\u0105 sta\u0142ego rozwoju firmy<strong>. <\/strong>W\u0142a\u015bnie te elementy umocni\u0142y pozycj\u0119 <strong>StoreVan<\/strong> na rynku w\u0142oskim, a nast\u0119pnie da\u0142y prowadzenie na arenie mi\u0119dzynarodowej w bran\u017cy zabud\u00f3w serwisowych.<\/p>\n<p>StoreVan rozszerzy\u0142 swoj\u0105 sie\u0107 sprzeda\u017cy na austriackim rynku o fili\u0119 w Wiedniu \u2013 FAMI HANDELSGES.M.B.H. To tam zesp\u00f3\u0142 specjalist\u00f3w, szkolony we W\u0142oszech, projektuje oraz montuje zabudowy mobilnych serwis\u00f3w, w pe\u0142ni zachowuj\u0105c standardy jako\u015bci w\u0142oskiego producenta.<\/p>\n<p>Ka\u017cda wycena jest prezentowana wraz z projektem 3D, kt\u00f3ry dok\u0142adnie odwzorowuje przestrze\u0144 \u0142adunkow\u0105 vana. Gama produkt\u00f3w obejmuje rega\u0142y z p\u00f3\u0142kami, szufladami, blatami roboczymi, a tak\u017ce pojemniki na drobne elementy monta\u017cowe, panele \u015bcienne oraz baga\u017cniki dachowe.<\/p>\n<div class=\"one_half\"><img decoding=\"async\" loading=\"lazy\" class=\"aligncenter wp-image-53061 size-full\" title=\"Wyposa\u017cenie Samochod\u00f3w Serwisowych Austria - Ga\u0142\u0105\u017a StoreVan\" src=\"https:\/\/www.storevan.com\/wp-content\/uploads\/2017\/03\/STOREVAN-AUSTRIA-FAMI-HANDELS-G.jpg\" alt=\"Wyposa\u017cenie Samochod\u00f3w Serwisowych Austria - Ga\u0142\u0105\u017a StoreVan\" width=\"555\" height=\"230\" srcset=\"https:\/\/www.storevan.com\/wp-content\/uploads\/2017\/03\/STOREVAN-AUSTRIA-FAMI-HANDELS-G.jpg 555w, https:\/\/www.storevan.com\/wp-content\/uploads\/2017\/03\/STOREVAN-AUSTRIA-FAMI-HANDELS-G-300x124.jpg 300w\" sizes=\"(max-width: 555px) 100vw, 555px\" \/><\/div><div class=\"one_half last\">\n<strong>Fami Handels GmbH<\/strong><br \/>\nTriester Str. 136<br \/>\n1230 Wien \u2013 Austria<\/p>\n<p>Telefon: +43 (0)1 662 98 89-0<br \/>\nFax: +43 (0)1 662 98 89-15<\/p>\n<p><a href=\"mailto:office@fami.at\">office@fami.at<\/a><br \/>\n<a href=\"https:\/\/www.famispa.com\/de\/at\/\">www.fami.at<\/a><br \/>\n<\/div><div class=\"clearboth\"><\/div>\n","protected":false},"excerpt":{"rendered":"<p>Wyposa\u017cenie Samochod\u00f3w Serwisowych StoreVan \u2013 filia austriacka Badania i rozw\u00f3j zaawansowanych technologii jest podstaw\u0105 sta\u0142ego rozwoju firmy. W\u0142a\u015bnie te elementy umocni\u0142y pozycj\u0119 StoreVan na rynku w\u0142oskim, a nast\u0119pnie da\u0142y prowadzenie.<\/p>\n","protected":false},"author":470,"featured_media":0,"parent":0,"menu_order":0,"comment_status":"closed","ping_status":"closed","template":"","meta":[],"acf":[],"yoast_head":"<!-- This site is optimized with the Yoast SEO plugin v20.11 - https:\/\/yoast.com\/wordpress\/plugins\/seo\/ -->\n<title>Wyposa\u017cenie Samochod\u00f3w Serwisowych StoreVan \u2013 filia austriacka<\/title>\n<meta name=\"description\" content=\"Wyposa\u017cenie StoreVan w Austrii. Sprzeda\u017c i monta\u017c wyposa\u017cenia dla samochod\u00f3w serwisowych: rega\u0142y, panele \u015bcienne, baga\u017cnik dachowy z system za\u0142adunku ...\" \/>\n<meta name=\"robots\" content=\"index, follow, max-snippet:-1, max-image-preview:large, max-video-preview:-1\" \/>\n<link rel=\"canonical\" href=\"https:\/\/www.storevan.com\/pl\/zabudowy-austria\/\" \/>\n<meta property=\"og:locale\" content=\"pl_PL\" \/>\n<meta property=\"og:type\" content=\"article\" \/>\n<meta property=\"og:title\" content=\"Wyposa\u017cenie Samochod\u00f3w Serwisowych StoreVan \u2013 filia austriacka\" \/>\n<meta property=\"og:description\" content=\"Wyposa\u017cenie StoreVan w Austrii. Sprzeda\u017c i monta\u017c wyposa\u017cenia dla samochod\u00f3w serwisowych: rega\u0142y, panele \u015bcienne, baga\u017cnik dachowy z system za\u0142adunku ...\" \/>\n<meta property=\"og:url\" content=\"https:\/\/www.storevan.com\/pl\/zabudowy-austria\/\" \/>\n<meta property=\"og:site_name\" content=\"Store Van\" \/>\n<meta property=\"article:modified_time\" content=\"2018-07-06T07:42:40+00:00\" \/>\n<meta property=\"og:image\" content=\"https:\/\/www.storevan.com\/wp-content\/uploads\/2017\/03\/STOREVAN-AUSTRIA-FAMI-HANDELS-G.jpg\" \/>\n<meta name=\"twitter:label1\" content=\"Szacowany czas czytania\" \/>\n\t<meta name=\"twitter:data1\" content=\"1 minuta\" \/>\n<script type=\"application\/ld+json\" class=\"yoast-schema-graph\">{\"@context\":\"https:\/\/schema.org\",\"@graph\":[{\"@type\":\"WebPage\",\"@id\":\"https:\/\/www.storevan.com\/pl\/zabudowy-austria\/\",\"url\":\"https:\/\/www.storevan.com\/pl\/zabudowy-austria\/\",\"name\":\"Wyposa\u017cenie Samochod\u00f3w Serwisowych StoreVan \u2013 filia austriacka\",\"isPartOf\":{\"@id\":\"https:\/\/www.storevan.com\/pl\/#website\"},\"datePublished\":\"2017-03-09T10:48:25+00:00\",\"dateModified\":\"2018-07-06T07:42:40+00:00\",\"description\":\"Wyposa\u017cenie StoreVan w Austrii. Sprzeda\u017c i monta\u017c wyposa\u017cenia dla samochod\u00f3w serwisowych: rega\u0142y, panele \u015bcienne, baga\u017cnik dachowy z system za\u0142adunku ...\",\"breadcrumb\":{\"@id\":\"https:\/\/www.storevan.com\/pl\/zabudowy-austria\/#breadcrumb\"},\"inLanguage\":\"pl-PL\",\"potentialAction\":[{\"@type\":\"ReadAction\",\"target\":[\"https:\/\/www.storevan.com\/pl\/zabudowy-austria\/\"]}]},{\"@type\":\"BreadcrumbList\",\"@id\":\"https:\/\/www.storevan.com\/pl\/zabudowy-austria\/#breadcrumb\",\"itemListElement\":[{\"@type\":\"ListItem\",\"position\":1,\"name\":\"Home\",\"item\":\"https:\/\/www.storevan.com\/pl\/\"},{\"@type\":\"ListItem\",\"position\":2,\"name\":\"Wyposa\u017cenie Samochod\u00f3w Serwisowych StoreVan \u2013 filia austriacka\"}]},{\"@type\":\"WebSite\",\"@id\":\"https:\/\/www.storevan.com\/pl\/#website\",\"url\":\"https:\/\/www.storevan.com\/pl\/\",\"name\":\"Store Van\",\"description\":\"Zabudowy\",\"potentialAction\":[{\"@type\":\"SearchAction\",\"target\":{\"@type\":\"EntryPoint\",\"urlTemplate\":\"https:\/\/www.storevan.com\/pl\/?s={search_term_string}\"},\"query-input\":\"required name=search_term_string\"}],\"inLanguage\":\"pl-PL\"}]}<\/script>\n<!-- \/ Yoast SEO plugin. -->","yoast_head_json":{"title":"Wyposa\u017cenie Samochod\u00f3w Serwisowych StoreVan \u2013 filia austriacka","description":"Wyposa\u017cenie StoreVan w Austrii. Sprzeda\u017c i monta\u017c wyposa\u017cenia dla samochod\u00f3w serwisowych: rega\u0142y, panele \u015bcienne, baga\u017cnik dachowy z system za\u0142adunku ...","robots":{"index":"index","follow":"follow","max-snippet":"max-snippet:-1","max-image-preview":"max-image-preview:large","max-video-preview":"max-video-preview:-1"},"canonical":"https:\/\/www.storevan.com\/pl\/zabudowy-austria\/","og_locale":"pl_PL","og_type":"article","og_title":"Wyposa\u017cenie Samochod\u00f3w Serwisowych StoreVan \u2013 filia austriacka","og_description":"Wyposa\u017cenie StoreVan w Austrii. Sprzeda\u017c i monta\u017c wyposa\u017cenia dla samochod\u00f3w serwisowych: rega\u0142y, panele \u015bcienne, baga\u017cnik dachowy z system za\u0142adunku ...","og_url":"https:\/\/www.storevan.com\/pl\/zabudowy-austria\/","og_site_name":"Store Van","article_modified_time":"2018-07-06T07:42:40+00:00","og_image":[{"url":"https:\/\/www.storevan.com\/wp-content\/uploads\/2017\/03\/STOREVAN-AUSTRIA-FAMI-HANDELS-G.jpg"}],"twitter_misc":{"Szacowany czas czytania":"1 minuta"},"schema":{"@context":"https:\/\/schema.org","@graph":[{"@type":"WebPage","@id":"https:\/\/www.storevan.com\/pl\/zabudowy-austria\/","url":"https:\/\/www.storevan.com\/pl\/zabudowy-austria\/","name":"Wyposa\u017cenie Samochod\u00f3w Serwisowych StoreVan \u2013 filia austriacka","isPartOf":{"@id":"https:\/\/www.storevan.com\/pl\/#website"},"datePublished":"2017-03-09T10:48:25+00:00","dateModified":"2018-07-06T07:42:40+00:00","description":"Wyposa\u017cenie StoreVan w Austrii. Sprzeda\u017c i monta\u017c wyposa\u017cenia dla samochod\u00f3w serwisowych: rega\u0142y, panele \u015bcienne, baga\u017cnik dachowy z system za\u0142adunku ...","breadcrumb":{"@id":"https:\/\/www.storevan.com\/pl\/zabudowy-austria\/#breadcrumb"},"inLanguage":"pl-PL","potentialAction":[{"@type":"ReadAction","target":["https:\/\/www.storevan.com\/pl\/zabudowy-austria\/"]}]},{"@type":"BreadcrumbList","@id":"https:\/\/www.storevan.com\/pl\/zabudowy-austria\/#breadcrumb","itemListElement":[{"@type":"ListItem","position":1,"name":"Home","item":"https:\/\/www.storevan.com\/pl\/"},{"@type":"ListItem","position":2,"name":"Wyposa\u017cenie Samochod\u00f3w Serwisowych StoreVan \u2013 filia austriacka"}]},{"@type":"WebSite","@id":"https:\/\/www.storevan.com\/pl\/#website","url":"https:\/\/www.storevan.com\/pl\/","name":"Store Van","description":"Zabudowy","potentialAction":[{"@type":"SearchAction","target":{"@type":"EntryPoint","urlTemplate":"https:\/\/www.storevan.com\/pl\/?s={search_term_string}"},"query-input":"required name=search_term_string"}],"inLanguage":"pl-PL"}]}},"_links":{"self":[{"href":"https:\/\/www.storevan.com\/pl\/wp-json\/wp\/v2\/pages\/53482"}],"collection":[{"href":"https:\/\/www.storevan.com\/pl\/wp-json\/wp\/v2\/pages"}],"about":[{"href":"https:\/\/www.storevan.com\/pl\/wp-json\/wp\/v2\/types\/page"}],"author":[{"embeddable":true,"href":"https:\/\/www.storevan.com\/pl\/wp-json\/wp\/v2\/users\/470"}],"replies":[{"embeddable":true,"href":"https:\/\/www.storevan.com\/pl\/wp-json\/wp\/v2\/comments?post=53482"}],"version-history":[{"count":1,"href":"https:\/\/www.storevan.com\/pl\/wp-json\/wp\/v2\/pages\/53482\/revisions"}],"predecessor-version":[{"id":78623,"href":"https:\/\/www.storevan.com\/pl\/wp-json\/wp\/v2\/pages\/53482\/revisions\/78623"}],"wp:attachment":[{"href":"https:\/\/www.storevan.com\/pl\/wp-json\/wp\/v2\/media?parent=53482"}],"curies":[{"name":"wp","href":"https:\/\/api.w.org\/{rel}","templated":true}]}}