{"id":53411,"date":"2017-02-21T10:19:34","date_gmt":"2017-02-21T10:19:34","guid":{"rendered":"https:\/\/www.storevan.com\/allestimento-furgoni-filiale-lombardia\/"},"modified":"2026-05-06T06:41:30","modified_gmt":"2026-05-06T06:41:30","slug":"zabudowy-lombardia","status":"publish","type":"page","link":"https:\/\/www.storevan.com\/pl\/zabudowy-lombardia\/","title":{"rendered":"Wyposa\u017cenie Samochod\u00f3w Serwisowych Lombardia &#8211; Filiale Store Van"},"content":{"rendered":"<h1 class=\"customblackTitleSmall\">Wyposa\u017cenie Samochod\u00f3w Serwisowych Lombardia &#8211; Filiale Store Van<\/h1>\n<p>Popro\u015b o bezp\u0142atn\u0105 wycen\u0119 zabudowy do Twojego samochodu serwisowego w filii StoreVan w Rivolta d\u2019Adda (Cremona), w Lombardii. Otrzymasz rozwi\u0105zanie skomponowane wed\u0142ug Twoich potrzeb, a wszystko na bazie najlepszych produkt\u00f3w StoreVan: pod\u0142oga, panele \u015bcienne, p\u00f3\u0142ki, szuflady, blat roboczy oraz produkty zabezpieczaj\u0105ce \u0142adunek.<\/p>\n<div class=\"one_half\"><img decoding=\"async\" loading=\"lazy\" class=\"aligncenter size-full wp-image-52436\" src=\"https:\/\/www.storevan.com\/wp-content\/uploads\/2017\/02\/STOREVAN-LOMBARDIA.jpg\" alt=\"Allestimento furgoni Store Van Filiale Lombardia\" width=\"555\" height=\"230\" srcset=\"https:\/\/www.storevan.com\/wp-content\/uploads\/2017\/02\/STOREVAN-LOMBARDIA.jpg 555w, https:\/\/www.storevan.com\/wp-content\/uploads\/2017\/02\/STOREVAN-LOMBARDIA-300x124.jpg 300w\" sizes=\"(max-width: 555px) 100vw, 555px\" \/><\/div><div class=\"one_half last\"><\/div><div class=\"clearboth\"><\/div>\n<p style=\"text-align: justify;\"><strong>Filia Rivolta d\u2019Adda<\/strong> reprezentuje sta\u0142y wzrost osi\u0105gany przez StoreVana, wzmacnia pozycj\u0119 produktu na lokalnym rynku. W porozumieniu z Tob\u0105, zesp\u00f3\u0142 specjalist\u00f3w stworzy tr\u00f3jwymiarowy projekt zabudowy, idealnie dopasowany do przestrzeni \u0142adunkowej samochodu. Zaprojektowany a\u017c po najmniejsze detale, mobilny warsztat StoreVan b\u0119dzie doskona\u0142\u0105 wizyt\u00f3wk\u0105 us\u0142ug \u015bwiadczonych przez Ciebie.<\/p>\n<p style=\"text-align: justify;\">Skontaktuj si\u0119 z nami, by uzgodni\u0107 szczeg\u00f3\u0142y !<\/p>\n<hr class=\"noColor\" style=\"margin-top:40px;\"\/>\n<div class=\"col-xs-12 col-md-6 col-lg-6\" style=\"border-right:2px solid #ccc;\">\n<div class=\"col-md-12\" style=\"height:150px;\">\n\t\t<strong>LOMBARDIA &#8211; Rivolta d&#8217;Adda<\/strong><\/p>\n<p>\t\tVia delle Arti e Mestieri, 3<br \/>\n\t\t26027 Rivolta d&#8217;Adda (CR)<br \/>\n\t\tTel. +39 0363 79934<br \/>\n\t\t<span class=\"TESTOdodici\"><a href=\"mailto:info.rivolta@storevan.it\">info.rivolta@storevan.it <\/a><\/span>\n\t<\/div>\n<hr class=\"noColor\" style=\"margin-bottom:20px; clear:both;\"\/>\n<div class=\"col-xs-12 col-md-6 col-lg-6\">\n\t\t<strong><span style=\"color: #ff9900;\">MILANO, VARESE, COMO, LECCO, SONDRIO, MONZA BRIANZA<\/span><\/strong><br \/>\n\t\tPrzedstawiciel handlowy: ANDREA CARONNI<br \/>\n\t\t<a href=\"mailto:andrea.caronni@storevan.it\">andrea.caronni@storevan.it<\/a><br \/>\n\t\tCell. +39 337 1608160\n\t<\/div>\n<div class=\"col-xs-12 col-md-6 col-lg-6\">\n\t\t<strong><span style=\"color: #ff9900;\">PAVIA<\/span><\/strong><br \/>\n\t\tPrzedstawiciel handlowy: DANIELE SPAGNOLO<br \/>\n\t\t<a href=\"mailto:daniele.spagnolo@storevan.it\">daniele.spagnolo@storevan.it<\/a><br \/>\n\t\tCell. +39 335 1510978\n\t<\/div>\n<hr class=\"noColor\" style=\"clear:both;\"\/>\n<div class=\"col-xs-12 col-md-6 col-lg-6\">\n\t\t<strong><span style=\"color: #ff9900;\">LODI<\/span><\/strong><br \/>\n\t\tPrzedstawiciel handlowy: MORENO FONTANESI<br \/>\n\t\t<a href=\"mailto:moreno.fontanesi@storevan.it\">moreno.fontanesi@storevan.it<\/a><br \/>\n\t\tCell. +39 335 7014833\n\t<\/div>\n<div class=\"col-xs-12 col-md-6 col-lg-6\">\n\t\t<strong><span style=\"color: #ff9900;\">BERGAMO, CREMONA<\/span><\/strong><br \/>\n\t\tPrzedstawiciel handlowy: MATTEO BOSCARATO<br \/>\n\t\t<a href=\"mailto:matteo.boscarato@storevan.it\">matteo.boscarato@storevan.it<\/a><br \/>\n\t\tMob. +39 346 0795016\n\t<\/div>\n<\/div>\n<div class=\"col-xs-12 col-md-6 col-lg-6\">\n<div class=\"col-md-12\" style=\"height:150px;\">\n\t<strong>LOMBARDIA &#8211; Brescia<\/strong><\/p>\n<p>\tVia del Mella, 67<br \/>\n\t25131 Brescia (BS)<br \/>\n\tTel. +39 030 5900014<br \/>\n\t<span class=\"TESTOdodici\"><a href=\"mailto:info.brescia@storevan.it\">info.brescia@storevan.it <\/a><\/span>\n\t<\/div>\n<hr class=\"noColor\" style=\"margin-bottom:20px;clear:both;\"\/>\n<div class=\"col-xs-12 col-md-6 col-lg-6\">\n\t<strong><span style=\"color: #ff9900;\">BRESCIA, MANTOVA<\/span><\/strong><br \/>\n\tPrzedstawiciel handlowy: ALESSANDRO LONGONI<br \/>\n\t<a href=\"mailto:alessandro.longoni@storevan.it\">alessandro.longoni@storevan.it <\/a><br \/>\n\tMob. +39 338 6166687\n\t<\/div>\n<div class=\"col-xs-12 col-md-6 col-lg-6\">\n\t<strong><span style=\"color: #ff9900;\">BRESCIA, VERONA<\/span><\/strong><br \/>\n\tPrzedstawiciel handlowy: MARCO TEZZA<br \/>\n\t<a href=\"mailto:marco.tezza@storevan.it\">marco.tezza@storevan.it <\/a><br \/>\n\tMob. +39 331 8887083\n\t<\/div>\n<\/div>\n<hr class=\"noColor\"\/>\n","protected":false},"excerpt":{"rendered":"<p>Wyposa\u017cenie Samochod\u00f3w Serwisowych Lombardia &#8211; Filiale Store Van Popro\u015b o bezp\u0142atn\u0105 wycen\u0119 zabudowy do Twojego samochodu serwisowego w filii StoreVan w Rivolta d\u2019Adda (Cremona), w Lombardii. Otrzymasz rozwi\u0105zanie skomponowane wed\u0142ug.<\/p>\n","protected":false},"author":470,"featured_media":0,"parent":0,"menu_order":0,"comment_status":"closed","ping_status":"closed","template":"","meta":[],"acf":[],"yoast_head":"<!-- This site is optimized with the Yoast SEO plugin v20.11 - https:\/\/yoast.com\/wordpress\/plugins\/seo\/ -->\n<title>Wyposa\u017cenie Samochod\u00f3w Serwisowych - Lombardia<\/title>\n<meta name=\"description\" content=\"Wyposa\u017cenie do van\u00f3w StoreVan w Lombardii, filia Rivolta d&#039;Adda (Cremona). Indywidualnie zaprojektowane rozwi\u0105zania: rega\u0142y, szuflady, pod\u0142ogi oraz panele do samochod\u00f3w serwisowych.\" \/>\n<meta name=\"robots\" content=\"index, follow, max-snippet:-1, max-image-preview:large, max-video-preview:-1\" \/>\n<link rel=\"canonical\" href=\"https:\/\/www.storevan.com\/pl\/zabudowy-lombardia\/\" \/>\n<meta property=\"og:locale\" content=\"pl_PL\" \/>\n<meta property=\"og:type\" content=\"article\" \/>\n<meta property=\"og:title\" content=\"Wyposa\u017cenie Samochod\u00f3w Serwisowych - Lombardia\" \/>\n<meta property=\"og:description\" content=\"Wyposa\u017cenie do van\u00f3w StoreVan w Lombardii, filia Rivolta d&#039;Adda (Cremona). Indywidualnie zaprojektowane rozwi\u0105zania: rega\u0142y, szuflady, pod\u0142ogi oraz panele do samochod\u00f3w serwisowych.\" \/>\n<meta property=\"og:url\" content=\"https:\/\/www.storevan.com\/pl\/zabudowy-lombardia\/\" \/>\n<meta property=\"og:site_name\" content=\"Store Van\" \/>\n<meta property=\"article:modified_time\" content=\"2026-05-06T06:41:30+00:00\" \/>\n<meta property=\"og:image\" content=\"https:\/\/www.storevan.com\/wp-content\/uploads\/2017\/02\/STOREVAN-LOMBARDIA.jpg\" \/>\n<meta name=\"twitter:label1\" content=\"Szacowany czas czytania\" \/>\n\t<meta name=\"twitter:data1\" content=\"2 minuty\" \/>\n<script type=\"application\/ld+json\" class=\"yoast-schema-graph\">{\"@context\":\"https:\/\/schema.org\",\"@graph\":[{\"@type\":\"WebPage\",\"@id\":\"https:\/\/www.storevan.com\/pl\/zabudowy-lombardia\/\",\"url\":\"https:\/\/www.storevan.com\/pl\/zabudowy-lombardia\/\",\"name\":\"Wyposa\u017cenie Samochod\u00f3w Serwisowych - Lombardia\",\"isPartOf\":{\"@id\":\"https:\/\/www.storevan.com\/pl\/#website\"},\"datePublished\":\"2017-02-21T10:19:34+00:00\",\"dateModified\":\"2026-05-06T06:41:30+00:00\",\"description\":\"Wyposa\u017cenie do van\u00f3w StoreVan w Lombardii, filia Rivolta d'Adda (Cremona). Indywidualnie zaprojektowane rozwi\u0105zania: rega\u0142y, szuflady, pod\u0142ogi oraz panele do samochod\u00f3w serwisowych.\",\"breadcrumb\":{\"@id\":\"https:\/\/www.storevan.com\/pl\/zabudowy-lombardia\/#breadcrumb\"},\"inLanguage\":\"pl-PL\",\"potentialAction\":[{\"@type\":\"ReadAction\",\"target\":[\"https:\/\/www.storevan.com\/pl\/zabudowy-lombardia\/\"]}]},{\"@type\":\"BreadcrumbList\",\"@id\":\"https:\/\/www.storevan.com\/pl\/zabudowy-lombardia\/#breadcrumb\",\"itemListElement\":[{\"@type\":\"ListItem\",\"position\":1,\"name\":\"Home\",\"item\":\"https:\/\/www.storevan.com\/pl\/\"},{\"@type\":\"ListItem\",\"position\":2,\"name\":\"Wyposa\u017cenie Samochod\u00f3w Serwisowych Lombardia &#8211; Filiale Store Van\"}]},{\"@type\":\"WebSite\",\"@id\":\"https:\/\/www.storevan.com\/pl\/#website\",\"url\":\"https:\/\/www.storevan.com\/pl\/\",\"name\":\"Store Van\",\"description\":\"Zabudowy\",\"potentialAction\":[{\"@type\":\"SearchAction\",\"target\":{\"@type\":\"EntryPoint\",\"urlTemplate\":\"https:\/\/www.storevan.com\/pl\/?s={search_term_string}\"},\"query-input\":\"required name=search_term_string\"}],\"inLanguage\":\"pl-PL\"}]}<\/script>\n<!-- \/ Yoast SEO plugin. -->","yoast_head_json":{"title":"Wyposa\u017cenie Samochod\u00f3w Serwisowych - Lombardia","description":"Wyposa\u017cenie do van\u00f3w StoreVan w Lombardii, filia Rivolta d'Adda (Cremona). Indywidualnie zaprojektowane rozwi\u0105zania: rega\u0142y, szuflady, pod\u0142ogi oraz panele do samochod\u00f3w serwisowych.","robots":{"index":"index","follow":"follow","max-snippet":"max-snippet:-1","max-image-preview":"max-image-preview:large","max-video-preview":"max-video-preview:-1"},"canonical":"https:\/\/www.storevan.com\/pl\/zabudowy-lombardia\/","og_locale":"pl_PL","og_type":"article","og_title":"Wyposa\u017cenie Samochod\u00f3w Serwisowych - Lombardia","og_description":"Wyposa\u017cenie do van\u00f3w StoreVan w Lombardii, filia Rivolta d'Adda (Cremona). Indywidualnie zaprojektowane rozwi\u0105zania: rega\u0142y, szuflady, pod\u0142ogi oraz panele do samochod\u00f3w serwisowych.","og_url":"https:\/\/www.storevan.com\/pl\/zabudowy-lombardia\/","og_site_name":"Store Van","article_modified_time":"2026-05-06T06:41:30+00:00","og_image":[{"url":"https:\/\/www.storevan.com\/wp-content\/uploads\/2017\/02\/STOREVAN-LOMBARDIA.jpg"}],"twitter_misc":{"Szacowany czas czytania":"2 minuty"},"schema":{"@context":"https:\/\/schema.org","@graph":[{"@type":"WebPage","@id":"https:\/\/www.storevan.com\/pl\/zabudowy-lombardia\/","url":"https:\/\/www.storevan.com\/pl\/zabudowy-lombardia\/","name":"Wyposa\u017cenie Samochod\u00f3w Serwisowych - Lombardia","isPartOf":{"@id":"https:\/\/www.storevan.com\/pl\/#website"},"datePublished":"2017-02-21T10:19:34+00:00","dateModified":"2026-05-06T06:41:30+00:00","description":"Wyposa\u017cenie do van\u00f3w StoreVan w Lombardii, filia Rivolta d'Adda (Cremona). Indywidualnie zaprojektowane rozwi\u0105zania: rega\u0142y, szuflady, pod\u0142ogi oraz panele do samochod\u00f3w serwisowych.","breadcrumb":{"@id":"https:\/\/www.storevan.com\/pl\/zabudowy-lombardia\/#breadcrumb"},"inLanguage":"pl-PL","potentialAction":[{"@type":"ReadAction","target":["https:\/\/www.storevan.com\/pl\/zabudowy-lombardia\/"]}]},{"@type":"BreadcrumbList","@id":"https:\/\/www.storevan.com\/pl\/zabudowy-lombardia\/#breadcrumb","itemListElement":[{"@type":"ListItem","position":1,"name":"Home","item":"https:\/\/www.storevan.com\/pl\/"},{"@type":"ListItem","position":2,"name":"Wyposa\u017cenie Samochod\u00f3w Serwisowych Lombardia &#8211; Filiale Store Van"}]},{"@type":"WebSite","@id":"https:\/\/www.storevan.com\/pl\/#website","url":"https:\/\/www.storevan.com\/pl\/","name":"Store Van","description":"Zabudowy","potentialAction":[{"@type":"SearchAction","target":{"@type":"EntryPoint","urlTemplate":"https:\/\/www.storevan.com\/pl\/?s={search_term_string}"},"query-input":"required name=search_term_string"}],"inLanguage":"pl-PL"}]}},"_links":{"self":[{"href":"https:\/\/www.storevan.com\/pl\/wp-json\/wp\/v2\/pages\/53411"}],"collection":[{"href":"https:\/\/www.storevan.com\/pl\/wp-json\/wp\/v2\/pages"}],"about":[{"href":"https:\/\/www.storevan.com\/pl\/wp-json\/wp\/v2\/types\/page"}],"author":[{"embeddable":true,"href":"https:\/\/www.storevan.com\/pl\/wp-json\/wp\/v2\/users\/470"}],"replies":[{"embeddable":true,"href":"https:\/\/www.storevan.com\/pl\/wp-json\/wp\/v2\/comments?post=53411"}],"version-history":[{"count":14,"href":"https:\/\/www.storevan.com\/pl\/wp-json\/wp\/v2\/pages\/53411\/revisions"}],"predecessor-version":[{"id":165631,"href":"https:\/\/www.storevan.com\/pl\/wp-json\/wp\/v2\/pages\/53411\/revisions\/165631"}],"wp:attachment":[{"href":"https:\/\/www.storevan.com\/pl\/wp-json\/wp\/v2\/media?parent=53411"}],"curies":[{"name":"wp","href":"https:\/\/api.w.org\/{rel}","templated":true}]}}