{"id":16882,"date":"2016-03-15T17:11:13","date_gmt":"2016-03-15T16:11:13","guid":{"rendered":"https:\/\/www.storevan.com\/pl\/zabudowy\/renault\/kangoo\/portatutto-portascale\/"},"modified":"2019-02-07T15:58:09","modified_gmt":"2019-02-07T15:58:09","slug":"bagazniki-dachowe","status":"publish","type":"page","link":"https:\/\/www.storevan.com\/pl\/zabudowy\/renault\/kangoo\/bagazniki-dachowe\/","title":{"rendered":"Baga\u017cniki"},"content":{"rendered":"<h1 class=\"customblackTitleSmall\">Baga\u017cniki do Renault Kangoo<\/h1>\n<div class=\"two_third\">\n<img decoding=\"async\" loading=\"lazy\" class=\"aligncenter wp-image-16875 size-full\" src=\"https:\/\/www.storevan.com\/wp-content\/uploads\/2016\/03\/StoreVan_Kangoo_2013_portatutto.jpg\" alt=\"Baga\u017cniki Kangoo\" width=\"625\" height=\"260\" srcset=\"https:\/\/www.storevan.com\/wp-content\/uploads\/2016\/03\/StoreVan_Kangoo_2013_portatutto.jpg 625w, https:\/\/www.storevan.com\/wp-content\/uploads\/2016\/03\/StoreVan_Kangoo_2013_portatutto-300x125.jpg 300w\" sizes=\"(max-width: 625px) 100vw, 625px\" \/><br \/>\n<\/div><div class=\"one_third last\">\nBaga\u017cnik dachowy sk\u0142ada si\u0119 z:<br \/>\n&#8211; aluminiowe listwy poprzeczne z uchwytami<br \/>\ni gumowymi os\u0142onami<br \/>\n&#8211; aluminiowe listwy boczne<br \/>\n&#8211; aluminiowa rolka u\u0142atwiaj\u0105ca za\u0142adunek<br \/>\n&#8211; w zestawie komplet \u015brub ze stali nierdzewnej<br \/>\n<\/div><div class=\"clearboth\"><\/div>\n<h2 class=\"text-center\">Baga\u017cnik<\/h2>\n<table class=\"table tableBorder\">\n<tbody>\n<tr>\n<td class=\"txtBkOrange\" bgcolor=\"#0071B9\">POJAZD<\/td>\n<td class=\"txtBkOrange\" bgcolor=\"#0071B9\">BAGA\u017bNIK<\/td>\n<td class=\"txtGrey\" bgcolor=\"#e4e4e4\">WYMIARY<\/td>\n<td class=\"txtGrey\" bgcolor=\"#e4e4e4\">WAGA<\/td>\n<td class=\"txtGrey\" bgcolor=\"#e4e4e4\">UD\u0179WIG<\/td>\n<\/tr>\n<tr>\n<td><\/td>\n<td class=\"TESTO12neroCX\"><strong>ART.<\/strong><\/td>\n<td><\/td>\n<td><\/td>\n<td><\/td>\n<\/tr>\n<tr>\n<td class=\"border_bottomGrey\" bgcolor=\"#f0f0f0\">L0 H1 COMPACT<\/td>\n<td class=\"blue\">POT 201<\/td>\n<td>1800\u00d71400 mm<\/td>\n<td>20,04 Kg<\/td>\n<td>69,00 Kg<\/td>\n<\/tr>\n<tr>\n<td class=\"border_bottomGrey\" bgcolor=\"#f0f0f0\">L1 H1<\/td>\n<td class=\"blue\">POT 202<\/td>\n<td>2000\u00d71400 mm<\/td>\n<td>20,88 Kg<\/td>\n<td>68,00 Kg<\/td>\n<\/tr>\n<tr>\n<td class=\"border_bottomGrey\" bgcolor=\"#f0f0f0\">L2 H1 MAXI<\/td>\n<td class=\"blue\">POT 217<\/td>\n<td>2500\u00d71400 mm<\/td>\n<td>23,18 Kg<\/td>\n<td>66,00 Kg<\/td>\n<\/tr>\n<tr>\n<td class=\"TESTO12neroSX\" colspan=\"5\">Tylko dla samochod\u00f3w z drzwiami tylnymi dwuskrzyd\u0142owymi.<\/td>\n<\/tr>\n<\/tbody>\n<\/table>\n<hr class=\"noColor\">\n<div class=\"two_third\">\n<img decoding=\"async\" loading=\"lazy\" class=\"aligncenter size-full wp-image-6229\" src=\"https:\/\/www.storevan.com\/wp-content\/uploads\/2016\/03\/StoreVan_Kangoo_2013_portascale.jpg\" alt=\"Baga\u017cnik Kangoo\" width=\"625\" height=\"260\" \/><br \/>\n<\/div><div class=\"one_third last\">\nBaga\u017cnik dachowy do przewo\u017cenia drabiny:<br \/>\n&#8211; aluminiowe listwy poprzeczne z uchwytami<br \/>\ni gumowymi os\u0142onami<br \/>\n&#8211; aluminiowa listwa boczna<br \/>\n&#8211; aluminiowa rolka u\u0142atwiaj\u0105ca za\u0142adunek<br \/>\n&#8211; mechanizm do transportu drabiny wykonany<br \/>\nz aluminium i stali nierdzewnej<br \/>\n&#8211; w zestawie komplet \u015brub ze stali nierdzewnej<br \/>\n<\/div><div class=\"clearboth\"><\/div>\n<h2 class=\"text-center\">Baga\u017cnik Renault Kangoo Rapid 2013<\/h2>\n<table class=\"table tableBorder\">\n<tbody>\n<tr>\n<td class=\"txtBkOrange\" bgcolor=\"#0071B9\">POJAZD<\/td>\n<td class=\"txtBkOrange\" bgcolor=\"#0071B9\">BAGA\u017bNIK<\/td>\n<td class=\"txtGrey\" bgcolor=\"#e4e4e4\">WYMIARY<\/td>\n<td class=\"txtGrey\" bgcolor=\"#e4e4e4\">WAGA<\/td>\n<td class=\"txtGrey\" bgcolor=\"#e4e4e4\">UD\u0179WIG<\/td>\n<\/tr>\n<tr>\n<td><\/td>\n<td class=\"TESTO12neroCX\"><strong>ART.<\/strong><\/td>\n<td><\/td>\n<td><\/td>\n<td><\/td>\n<\/tr>\n<tr>\n<td class=\"border_bottomGrey\" bgcolor=\"#f0f0f0\">L0 H1 COMPACT<\/td>\n<td class=\"blue\">POS 201<\/td>\n<td>2110&#215;1380 mm<\/td>\n<td>41,98 Kg<\/td>\n<td>48,00 Kg<\/td>\n<\/tr>\n<tr>\n<td class=\"border_bottomGrey\" bgcolor=\"#f0f0f0\">L1 H1<\/td>\n<td class=\"blue\">POS 202<\/td>\n<td>2110&#215;1380 mm<\/td>\n<td>43,30 Kg<\/td>\n<td>46,00 Kg<\/td>\n<\/tr>\n<tr>\n<td class=\"border_bottomGrey\" bgcolor=\"#f0f0f0\">L2 H1 MAXI<\/td>\n<td class=\"blue\">POS 217<\/td>\n<td>2650&#215;1380 mm<\/td>\n<td>46,97 Kg<\/td>\n<td>43,00 Kg<\/td>\n<\/tr>\n<tr>\n<td class=\"TESTO12neroSX\" colspan=\"5\">Tylko dla samochod\u00f3w z drzwiami tylnymi dwuskrzyd\u0142owymi. W\u00f3zek na drabin\u0119 mo\u017ce by\u0107 mocowany po prawej lub po lewej stronie samochodu.<\/td>\n<\/tr>\n<\/tbody>\n<\/table>\n","protected":false},"excerpt":{"rendered":"<p>Baga\u017cniki do Renault Kangoo Baga\u017cnik POJAZD BAGA\u017bNIK WYMIARY WAGA UD\u0179WIG ART. L0 H1 COMPACT POT 201 1800\u00d71400 mm 20,04 Kg 69,00 Kg L1 H1 POT 202 2000\u00d71400 mm 20,88 Kg.<\/p>\n","protected":false},"author":470,"featured_media":0,"parent":16576,"menu_order":0,"comment_status":"closed","ping_status":"closed","template":"","meta":[],"acf":[],"yoast_head":"<!-- This site is optimized with the Yoast SEO plugin v20.11 - https:\/\/yoast.com\/wordpress\/plugins\/seo\/ -->\n<title>Baga\u017cniki do Renault Kangoo<\/title>\n<meta name=\"description\" content=\"Baga\u017cniki dachowe z drabin\u0105 lub bez do Renault Kangoo\" \/>\n<meta name=\"robots\" content=\"index, follow, max-snippet:-1, max-image-preview:large, max-video-preview:-1\" \/>\n<link rel=\"canonical\" href=\"https:\/\/www.storevan.com\/allestimenti-veicoli-commerciali\/furgoni-renault\/kangoo\/portatutto-portascale\/\" \/>\n<meta property=\"og:locale\" content=\"pl_PL\" \/>\n<meta property=\"og:type\" content=\"article\" \/>\n<meta property=\"og:title\" content=\"Baga\u017cniki do Renault Kangoo\" \/>\n<meta property=\"og:description\" content=\"Baga\u017cniki dachowe z drabin\u0105 lub bez do Renault Kangoo\" \/>\n<meta property=\"og:url\" content=\"https:\/\/www.storevan.com\/allestimenti-veicoli-commerciali\/furgoni-renault\/kangoo\/portatutto-portascale\/\" \/>\n<meta property=\"og:site_name\" content=\"Store Van\" \/>\n<meta property=\"article:modified_time\" content=\"2019-02-07T15:58:09+00:00\" \/>\n<meta property=\"og:image\" content=\"https:\/\/www.storevan.com\/wp-content\/uploads\/2016\/03\/StoreVan_Kangoo_2013_portatutto.jpg\" \/>\n<meta name=\"twitter:label1\" content=\"Szacowany czas czytania\" \/>\n\t<meta name=\"twitter:data1\" content=\"1 minuta\" \/>\n<script type=\"application\/ld+json\" class=\"yoast-schema-graph\">{\"@context\":\"https:\/\/schema.org\",\"@graph\":[{\"@type\":\"WebPage\",\"@id\":\"https:\/\/www.storevan.com\/allestimenti-veicoli-commerciali\/furgoni-renault\/kangoo\/portatutto-portascale\/\",\"url\":\"https:\/\/www.storevan.com\/allestimenti-veicoli-commerciali\/furgoni-renault\/kangoo\/portatutto-portascale\/\",\"name\":\"Baga\u017cniki do Renault Kangoo\",\"isPartOf\":{\"@id\":\"https:\/\/www.storevan.com\/pl\/#website\"},\"datePublished\":\"2016-03-15T16:11:13+00:00\",\"dateModified\":\"2019-02-07T15:58:09+00:00\",\"description\":\"Baga\u017cniki dachowe z drabin\u0105 lub bez do Renault Kangoo\",\"breadcrumb\":{\"@id\":\"https:\/\/www.storevan.com\/allestimenti-veicoli-commerciali\/furgoni-renault\/kangoo\/portatutto-portascale\/#breadcrumb\"},\"inLanguage\":\"pl-PL\",\"potentialAction\":[{\"@type\":\"ReadAction\",\"target\":[\"https:\/\/www.storevan.com\/allestimenti-veicoli-commerciali\/furgoni-renault\/kangoo\/portatutto-portascale\/\"]}]},{\"@type\":\"BreadcrumbList\",\"@id\":\"https:\/\/www.storevan.com\/allestimenti-veicoli-commerciali\/furgoni-renault\/kangoo\/portatutto-portascale\/#breadcrumb\",\"itemListElement\":[{\"@type\":\"ListItem\",\"position\":1,\"name\":\"Home\",\"item\":\"https:\/\/www.storevan.com\/pl\/\"},{\"@type\":\"ListItem\",\"position\":2,\"name\":\"Zabudowy\",\"item\":\"https:\/\/www.storevan.com\/allestimenti-veicoli-commerciali\/\"},{\"@type\":\"ListItem\",\"position\":3,\"name\":\"Renault\",\"item\":\"https:\/\/www.storevan.com\/allestimenti-veicoli-commerciali\/furgoni-renault\/\"},{\"@type\":\"ListItem\",\"position\":4,\"name\":\"Kangoo\",\"item\":\"https:\/\/www.storevan.com\/allestimenti-veicoli-commerciali\/furgoni-renault\/kangoo\/\"},{\"@type\":\"ListItem\",\"position\":5,\"name\":\"Baga\u017cniki\"}]},{\"@type\":\"WebSite\",\"@id\":\"https:\/\/www.storevan.com\/pl\/#website\",\"url\":\"https:\/\/www.storevan.com\/pl\/\",\"name\":\"Store Van\",\"description\":\"Zabudowy\",\"potentialAction\":[{\"@type\":\"SearchAction\",\"target\":{\"@type\":\"EntryPoint\",\"urlTemplate\":\"https:\/\/www.storevan.com\/pl\/?s={search_term_string}\"},\"query-input\":\"required name=search_term_string\"}],\"inLanguage\":\"pl-PL\"}]}<\/script>\n<!-- \/ Yoast SEO plugin. -->","yoast_head_json":{"title":"Baga\u017cniki do Renault Kangoo","description":"Baga\u017cniki dachowe z drabin\u0105 lub bez do Renault Kangoo","robots":{"index":"index","follow":"follow","max-snippet":"max-snippet:-1","max-image-preview":"max-image-preview:large","max-video-preview":"max-video-preview:-1"},"canonical":"https:\/\/www.storevan.com\/allestimenti-veicoli-commerciali\/furgoni-renault\/kangoo\/portatutto-portascale\/","og_locale":"pl_PL","og_type":"article","og_title":"Baga\u017cniki do Renault Kangoo","og_description":"Baga\u017cniki dachowe z drabin\u0105 lub bez do Renault Kangoo","og_url":"https:\/\/www.storevan.com\/allestimenti-veicoli-commerciali\/furgoni-renault\/kangoo\/portatutto-portascale\/","og_site_name":"Store Van","article_modified_time":"2019-02-07T15:58:09+00:00","og_image":[{"url":"https:\/\/www.storevan.com\/wp-content\/uploads\/2016\/03\/StoreVan_Kangoo_2013_portatutto.jpg"}],"twitter_misc":{"Szacowany czas czytania":"1 minuta"},"schema":{"@context":"https:\/\/schema.org","@graph":[{"@type":"WebPage","@id":"https:\/\/www.storevan.com\/allestimenti-veicoli-commerciali\/furgoni-renault\/kangoo\/portatutto-portascale\/","url":"https:\/\/www.storevan.com\/allestimenti-veicoli-commerciali\/furgoni-renault\/kangoo\/portatutto-portascale\/","name":"Baga\u017cniki do Renault Kangoo","isPartOf":{"@id":"https:\/\/www.storevan.com\/pl\/#website"},"datePublished":"2016-03-15T16:11:13+00:00","dateModified":"2019-02-07T15:58:09+00:00","description":"Baga\u017cniki dachowe z drabin\u0105 lub bez do Renault Kangoo","breadcrumb":{"@id":"https:\/\/www.storevan.com\/allestimenti-veicoli-commerciali\/furgoni-renault\/kangoo\/portatutto-portascale\/#breadcrumb"},"inLanguage":"pl-PL","potentialAction":[{"@type":"ReadAction","target":["https:\/\/www.storevan.com\/allestimenti-veicoli-commerciali\/furgoni-renault\/kangoo\/portatutto-portascale\/"]}]},{"@type":"BreadcrumbList","@id":"https:\/\/www.storevan.com\/allestimenti-veicoli-commerciali\/furgoni-renault\/kangoo\/portatutto-portascale\/#breadcrumb","itemListElement":[{"@type":"ListItem","position":1,"name":"Home","item":"https:\/\/www.storevan.com\/pl\/"},{"@type":"ListItem","position":2,"name":"Zabudowy","item":"https:\/\/www.storevan.com\/allestimenti-veicoli-commerciali\/"},{"@type":"ListItem","position":3,"name":"Renault","item":"https:\/\/www.storevan.com\/allestimenti-veicoli-commerciali\/furgoni-renault\/"},{"@type":"ListItem","position":4,"name":"Kangoo","item":"https:\/\/www.storevan.com\/allestimenti-veicoli-commerciali\/furgoni-renault\/kangoo\/"},{"@type":"ListItem","position":5,"name":"Baga\u017cniki"}]},{"@type":"WebSite","@id":"https:\/\/www.storevan.com\/pl\/#website","url":"https:\/\/www.storevan.com\/pl\/","name":"Store Van","description":"Zabudowy","potentialAction":[{"@type":"SearchAction","target":{"@type":"EntryPoint","urlTemplate":"https:\/\/www.storevan.com\/pl\/?s={search_term_string}"},"query-input":"required name=search_term_string"}],"inLanguage":"pl-PL"}]}},"_links":{"self":[{"href":"https:\/\/www.storevan.com\/pl\/wp-json\/wp\/v2\/pages\/16882"}],"collection":[{"href":"https:\/\/www.storevan.com\/pl\/wp-json\/wp\/v2\/pages"}],"about":[{"href":"https:\/\/www.storevan.com\/pl\/wp-json\/wp\/v2\/types\/page"}],"author":[{"embeddable":true,"href":"https:\/\/www.storevan.com\/pl\/wp-json\/wp\/v2\/users\/470"}],"replies":[{"embeddable":true,"href":"https:\/\/www.storevan.com\/pl\/wp-json\/wp\/v2\/comments?post=16882"}],"version-history":[{"count":2,"href":"https:\/\/www.storevan.com\/pl\/wp-json\/wp\/v2\/pages\/16882\/revisions"}],"predecessor-version":[{"id":97820,"href":"https:\/\/www.storevan.com\/pl\/wp-json\/wp\/v2\/pages\/16882\/revisions\/97820"}],"up":[{"embeddable":true,"href":"https:\/\/www.storevan.com\/pl\/wp-json\/wp\/v2\/pages\/16576"}],"wp:attachment":[{"href":"https:\/\/www.storevan.com\/pl\/wp-json\/wp\/v2\/media?parent=16882"}],"curies":[{"name":"wp","href":"https:\/\/api.w.org\/{rel}","templated":true}]}}