{"id":16813,"date":"2015-12-09T12:00:16","date_gmt":"2015-12-09T11:00:16","guid":{"rendered":"https:\/\/www.storevan.com\/pl\/zabudowy\/portatutto-e-portascale\/"},"modified":"2019-05-14T12:41:10","modified_gmt":"2019-05-14T12:41:10","slug":"bagaznik-dachowy-uchwyty-do-drabiny","status":"publish","type":"page","link":"https:\/\/www.storevan.com\/pl\/zabudowy\/bagaznik-dachowy-uchwyty-do-drabiny\/","title":{"rendered":"Baga\u017cnik dachowy &#8211; uchwyty do drabiny"},"content":{"rendered":"<h1 class=\"customblackTitleSmall\">Baga\u017cnik dachowy &#8211; uchwyty do drabiny<\/h1>\n<p>Belki baga\u017cnika, baga\u017cniki i baga\u017cniki z system za\u0142adunku drabiny do samochod\u00f3w dostawczych<\/p>\n<table border=\"0\" width=\"100%\" cellspacing=\"0\" cellpadding=\"0\" bgcolor=\"#ffffff\">\n<tbody>\n<tr>\n<td>\n<table border=\"0\" width=\"100%\" cellspacing=\"0\" cellpadding=\"0\" align=\"center\">\n<tbody>\n<tr>\n<td rowspan=\"4\" valign=\"top\" width=\"55%\"><img decoding=\"async\" src=\"https:\/\/www.storevan.com\/wp-content\/uploads\/2016\/01\/storevan_portatutto.jpg\" alt=\"Baga\u017cnik dachowy sk\u0142ada si\u0119 z - Store Van\" border=\"0\" \/><\/td>\n<td width=\"3%\" height=\"20\"><\/td>\n<td valign=\"middle\" bgcolor=\"#e4e4e4\" width=\"42%\" height=\"20\"><strong>\u00a0 POT<\/strong><\/td>\n<\/tr>\n<tr>\n<td width=\"3%\" height=\"18\"><\/td>\n<td width=\"42%\" height=\"18\"><\/td>\n<\/tr>\n<tr>\n<td width=\"3%\"><\/td>\n<td valign=\"top\" width=\"42%\">Baga\u017cnik dachowy sk\u0142ada si\u0119 z:<br \/>\n&#8211; aluminiowe listwy poprzeczne z uchwytami\u00a0i gumowymi os\u0142onami<br \/>\n&#8211; aluminiowe listwy boczne<br \/>\n&#8211; aluminiowa rolka u\u0142atwiaj\u0105ca za\u0142adunek<br \/>\n&#8211; w zestawie komplet \u015brub ze stali nierdzewnej<\/td>\n<\/tr>\n<\/tbody>\n<\/table>\n<table border=\"0\" width=\"100%\" cellspacing=\"0\" cellpadding=\"0\" align=\"center\">\n<tbody>\n<tr>\n<td colspan=\"3\" height=\"30\"><\/td>\n<\/tr>\n<tr>\n<td rowspan=\"4\" valign=\"top\" width=\"55%\"><img decoding=\"async\" src=\"https:\/\/www.storevan.com\/wp-content\/uploads\/2016\/01\/storevan_portascale.jpg\" alt=\"Baga\u017cnik dachowy do przewo\u017cenia drabiny\" border=\"0\" \/><\/td>\n<td width=\"3%\" height=\"20\"><\/td>\n<td valign=\"middle\" bgcolor=\"#e4e4e4\" width=\"42%\" height=\"20\"><strong>\u00a0 POS<\/strong><\/td>\n<\/tr>\n<tr>\n<td width=\"3%\" height=\"18\"><\/td>\n<td width=\"42%\" height=\"18\"><\/td>\n<\/tr>\n<tr>\n<td width=\"3%\"><\/td>\n<td valign=\"top\" width=\"42%\">Baga\u017cnik dachowy do przewo\u017cenia drabiny:<br \/>\n&#8211; aluminiowe listwy poprzeczne z uchwytami\u00a0i gumowymi os\u0142onami<br \/>\n&#8211; aluminiowa listwa boczna<br \/>\n&#8211; aluminiowa rolka u\u0142atwiaj\u0105ca za\u0142adunek<br \/>\n&#8211; mechanizm do transportu drabiny<br \/>\n&#8211; w zestawie komplet \u015brub ze stali nierdzewnej<\/td>\n<\/tr>\n<\/tbody>\n<\/table>\n<p><img decoding=\"async\" loading=\"lazy\" class=\"aligncenter size-full wp-image-24417\" src=\"https:\/\/www.storevan.com\/wp-content\/uploads\/2015\/12\/storevan_ladder_rack_roof_rack_step.jpg\" alt=\"BAGA\u017bNIKI Store Van\" width=\"1170\" height=\"318\" srcset=\"https:\/\/www.storevan.com\/wp-content\/uploads\/2015\/12\/storevan_ladder_rack_roof_rack_step.jpg 1170w, https:\/\/www.storevan.com\/wp-content\/uploads\/2015\/12\/storevan_ladder_rack_roof_rack_step-300x82.jpg 300w, https:\/\/www.storevan.com\/wp-content\/uploads\/2015\/12\/storevan_ladder_rack_roof_rack_step-768x209.jpg 768w, https:\/\/www.storevan.com\/wp-content\/uploads\/2015\/12\/storevan_ladder_rack_roof_rack_step-1024x278.jpg 1024w, https:\/\/www.storevan.com\/wp-content\/uploads\/2015\/12\/storevan_ladder_rack_roof_rack_step-600x163.jpg 600w\" sizes=\"(max-width: 1170px) 100vw, 1170px\" \/><\/td>\n<\/tr>\n<\/tbody>\n<\/table>\n<div class=\"demo-sep\" style=\"margin-top: 30px;\"><\/div>\n<h4>Wybierz mark\u0119 aby uzyska\u0107 informacje na temat konkretnych zabud\u00f3w. Mo\u017cesz znale\u017a\u0107 dla siebie wiele rozwi\u0105za\u0144:<\/h4>\n<div class=\"selMarca txtBlue\"><div class=\"col-xs-12 col-sm-12 col-md-4\"><p>Wybierz zabudow\u0119 dla:<\/p><\/div>\n\t<div class=\"col-xs-12 col-sm-6 col-md-3\"><select id=\"make\" class=\"form-control\"><option value=\"0\">Marki<\/option><option value=\"1\">Citroen<\/option><option value=\"2\">Dacia<\/option><option value=\"3\">Fiat<\/option><option value=\"4\">Ford<\/option><option value=\"5\">Hyundai<\/option><option value=\"6\">Iveco<\/option><option value=\"7\">Man<\/option><option value=\"8\">Mercedes-benz<\/option><option value=\"9\">Nissan<\/option><option value=\"10\">Opel<\/option><option value=\"11\">Peugeot<\/option><option value=\"12\">Renault<\/option><option value=\"13\">Toyota<\/option><option value=\"14\">Volkswagen<\/option><\/select><\/div><hr class=\"noColor break visible-xs\"\/>\n\t<div class=\"col-xs-12 col-sm-6 col-md-3\"><select id=\"model\" class=\"form-control\"><option value=\"0\">Modelu<\/option><option id=\"https:\/\/www.storevan.com\/pl\/zabudowy\/citroen\/nemo\/\" class=\"Nemo\" value=\"1\">Nemo<\/option><option id=\"https:\/\/www.storevan.com\/pl\/zabudowy\/citroen\/jumpy-2016\/\" class=\"Jumpy\" value=\"1\">Jumpy<\/option><option id=\"https:\/\/www.storevan.com\/pl\/zabudowy\/citroen\/jumper\/\" class=\"Jumper\" value=\"1\">Jumper<\/option><option id=\"https:\/\/www.storevan.com\/pl\/zabudowy\/citroen\/berlingo\/\" class=\"Berlingo\" value=\"1\">Berlingo<\/option><option id=\"https:\/\/www.storevan.com\/pl\/zabudowy\/citroen\/jumpy-2016\/\" class=\"Jumpy\" value=\"1\">Jumpy<\/option><option id=\"https:\/\/www.storevan.com\/pl\/zabudowy\/dacia\/dokker\/\" class=\"Dokker\" value=\"2\">Dokker<\/option><option id=\"https:\/\/www.storevan.com\/pl\/zabudowy\/fiat\/doblo\/\" class=\"Dobl\u00f2\" value=\"3\">Dobl\u00f2<\/option><option id=\"https:\/\/www.storevan.com\/pl\/zabudowy\/fiat\/ducato\/\" class=\"Ducato\" value=\"3\">Ducato<\/option><option id=\"https:\/\/www.storevan.com\/pl\/zabudowy\/fiat\/fiorino\/\" class=\"Fiorino\" value=\"3\">Fiorino<\/option><option id=\"https:\/\/www.storevan.com\/pl\/zabudowy\/fiat\/talento\/\" class=\"Talento\" value=\"3\">Talento<\/option><option id=\"https:\/\/www.storevan.com\/pl\/zabudowy\/ford\/courier\/\" class=\"Courier\" value=\"4\">Courier<\/option><option id=\"https:\/\/www.storevan.com\/pl\/zabudowy\/ford\/connect\/\" class=\"Connect\" value=\"4\">Connect<\/option><option id=\"https:\/\/www.storevan.com\/pl\/zabudowy\/ford\/custom\/\" class=\"Custom\" value=\"4\">Custom<\/option><option id=\"https:\/\/www.storevan.com\/pl\/zabudowy\/ford\/transit\/\" class=\"Transit\" value=\"4\">Transit<\/option><option id=\"https:\/\/www.storevan.com\/pl\/zabudowy\/hyundai\/h350\/\" class=\"H350\" value=\"5\">H350<\/option><option id=\"https:\/\/www.storevan.com\/pl\/zabudowy\/iveco\/daily\/\" class=\"Daily\" value=\"6\">Daily<\/option><option id=\"https:\/\/www.storevan.com\/pl\/zabudowy\/man\/tge\/\" class=\"TGE\" value=\"7\">TGE<\/option><option id=\"https:\/\/www.storevan.com\/pl\/zabudowy\/mercedes-benz\/citan\/\" class=\"Citan\" value=\"8\">Citan<\/option><option id=\"https:\/\/www.storevan.com\/pl\/zabudowy\/mercedes-benz\/vito\/\" class=\"Vito\" value=\"8\">Vito<\/option><option id=\"https:\/\/www.storevan.com\/pl\/zabudowy\/mercedes-benz\/sprinter\/\" class=\"Sprinter\" value=\"8\">Sprinter<\/option><option id=\"https:\/\/www.storevan.com\/pl\/zabudowy\/nissan\/nv200\/\" class=\"NV200\" value=\"9\">NV200<\/option><option id=\"https:\/\/www.storevan.com\/pl\/zabudowy\/nissan\/nv300\/\" class=\"NV300\" value=\"9\">NV300<\/option><option id=\"https:\/\/www.storevan.com\/pl\/zabudowy\/nissan\/nv400\/\" class=\"NV400\" value=\"9\">NV400<\/option><option id=\"https:\/\/www.storevan.com\/pl\/zabudowy\/opel\/combo\/\" class=\"Combo\" value=\"10\">Combo<\/option><option id=\"https:\/\/www.storevan.com\/pl\/zabudowy\/opel\/vivaro\/\" class=\"Vivaro\" value=\"10\">Vivaro<\/option><option id=\"https:\/\/www.storevan.com\/pl\/zabudowy\/opel\/movano\/\" class=\"Movano\" value=\"10\">Movano<\/option><option id=\"https:\/\/www.storevan.com\/pl\/zabudowy\/opel\/movano-2021\/\" class=\"Movano 2021\" value=\"10\">Movano 2021<\/option><option id=\"https:\/\/www.storevan.com\/pl\/zabudowy\/peugeot\/bipper\/\" class=\"Bipper\" value=\"11\">Bipper<\/option><option id=\"https:\/\/www.storevan.com\/pl\/zabudowy\/peugeot\/partner\/\" class=\"Partner\" value=\"11\">Partner<\/option><option id=\"https:\/\/www.storevan.com\/pl\/zabudowy\/peugeot\/boxer\/\" class=\"Boxer\" value=\"11\">Boxer<\/option><option id=\"https:\/\/www.storevan.com\/pl\/zabudowy\/peugeot\/expert-2016\/\" class=\"Expert\" value=\"11\">Expert<\/option><option id=\"https:\/\/www.storevan.com\/pl\/zabudowy\/renault\/kangoo\/\" class=\"Kangoo\" value=\"12\">Kangoo<\/option><option id=\"https:\/\/www.storevan.com\/pl\/zabudowy\/renault\/trafic\/\" class=\"Trafic\" value=\"12\">Trafic<\/option><option id=\"https:\/\/www.storevan.com\/pl\/zabudowy\/renault\/master\/\" class=\"Master\" value=\"12\">Master<\/option><option id=\"https:\/\/www.storevan.com\/pl\/zabudowy\/toyota\/proace\/\" class=\"Proace\" value=\"13\">Proace<\/option><option id=\"https:\/\/www.storevan.com\/pl\/zabudowy\/toyota\/proace-city\/\" class=\"Proace City\" value=\"13\">Proace City<\/option><option id=\"https:\/\/www.storevan.com\/pl\/zabudowy\/volkswagen\/caddy\/\" class=\"Caddy\" value=\"14\">Caddy<\/option><option id=\"https:\/\/www.storevan.com\/pl\/zabudowy\/volkswagen\/transporter\/\" class=\"Transporter\" value=\"14\">Transporter<\/option><option id=\"https:\/\/www.storevan.com\/pl\/zabudowy\/volkswagen\/crafter-2017\/\" class=\"Crafter 2017\" value=\"14\">Crafter 2017<\/option><option id=\"https:\/\/www.storevan.com\/pl\/zabudowy\/volkswagen\/crafter\/\" class=\"Crafter 2006\" value=\"14\">Crafter 2006<\/option><option id=\"https:\/\/www.storevan.com\/pl\/zabudowy\/volkswagen\/caddy-cargo\/\" class=\"Caddy Cargo\" value=\"14\">Caddy Cargo<\/option><\/select><\/div><hr class=\"noColor break visible-xs\"\/>\n\t<div id=\"pagina\" class=\"col-xs-12 col-sm-12 col-md-2\"><input class=\"btn btn-primary\" type=\"submit\" name=\"button\" id=\"button\" value=\"Szukaj\" onclick=\"showURL();\" \/><\/div>\n\t<div class=\"break\"><\/div><\/div>\n","protected":false},"excerpt":{"rendered":"<p>Baga\u017cnik dachowy &#8211; uchwyty do drabiny Belki baga\u017cnika, baga\u017cniki i baga\u017cniki z system za\u0142adunku drabiny do samochod\u00f3w dostawczych \u00a0 POT Baga\u017cnik dachowy sk\u0142ada si\u0119 z: &#8211; aluminiowe listwy poprzeczne z.<\/p>\n","protected":false},"author":470,"featured_media":0,"parent":8457,"menu_order":0,"comment_status":"closed","ping_status":"closed","template":"","meta":[],"acf":[],"yoast_head":"<!-- This site is optimized with the Yoast SEO plugin v20.11 - https:\/\/yoast.com\/wordpress\/plugins\/seo\/ -->\n<title>Baga\u017cnik dachowy - uchwyty do drabiny<\/title>\n<meta name=\"description\" content=\"Baga\u017cniki dachowe do transportu \u0142adunk\u00f3w. Baga\u017cniki z systemem za\u0142adunku drabiny z serwo-mechanizmem do bezpiecznego transportu w samochodach dostawczych\" \/>\n<meta name=\"robots\" content=\"index, follow, max-snippet:-1, max-image-preview:large, max-video-preview:-1\" \/>\n<link rel=\"canonical\" href=\"https:\/\/www.storevan.com\/allestimenti-veicoli-commerciali\/portatutto-e-portascale\/\" \/>\n<meta property=\"og:locale\" content=\"pl_PL\" \/>\n<meta property=\"og:type\" content=\"article\" \/>\n<meta property=\"og:title\" content=\"Baga\u017cnik dachowy - uchwyty do drabiny\" \/>\n<meta property=\"og:description\" content=\"Baga\u017cniki dachowe do transportu \u0142adunk\u00f3w. Baga\u017cniki z systemem za\u0142adunku drabiny z serwo-mechanizmem do bezpiecznego transportu w samochodach dostawczych\" \/>\n<meta property=\"og:url\" content=\"https:\/\/www.storevan.com\/allestimenti-veicoli-commerciali\/portatutto-e-portascale\/\" \/>\n<meta property=\"og:site_name\" content=\"Store Van\" \/>\n<meta property=\"article:modified_time\" content=\"2019-05-14T12:41:10+00:00\" \/>\n<meta property=\"og:image\" content=\"https:\/\/www.storevan.com\/wp-content\/uploads\/2016\/01\/storevan_portatutto.jpg\" \/>\n<meta name=\"twitter:label1\" content=\"Szacowany czas czytania\" \/>\n\t<meta name=\"twitter:data1\" content=\"1 minuta\" \/>\n<script type=\"application\/ld+json\" class=\"yoast-schema-graph\">{\"@context\":\"https:\/\/schema.org\",\"@graph\":[{\"@type\":\"WebPage\",\"@id\":\"https:\/\/www.storevan.com\/allestimenti-veicoli-commerciali\/portatutto-e-portascale\/\",\"url\":\"https:\/\/www.storevan.com\/allestimenti-veicoli-commerciali\/portatutto-e-portascale\/\",\"name\":\"Baga\u017cnik dachowy - uchwyty do drabiny\",\"isPartOf\":{\"@id\":\"https:\/\/www.storevan.com\/pl\/#website\"},\"datePublished\":\"2015-12-09T11:00:16+00:00\",\"dateModified\":\"2019-05-14T12:41:10+00:00\",\"description\":\"Baga\u017cniki dachowe do transportu \u0142adunk\u00f3w. Baga\u017cniki z systemem za\u0142adunku drabiny z serwo-mechanizmem do bezpiecznego transportu w samochodach dostawczych\",\"breadcrumb\":{\"@id\":\"https:\/\/www.storevan.com\/allestimenti-veicoli-commerciali\/portatutto-e-portascale\/#breadcrumb\"},\"inLanguage\":\"pl-PL\",\"potentialAction\":[{\"@type\":\"ReadAction\",\"target\":[\"https:\/\/www.storevan.com\/allestimenti-veicoli-commerciali\/portatutto-e-portascale\/\"]}]},{\"@type\":\"BreadcrumbList\",\"@id\":\"https:\/\/www.storevan.com\/allestimenti-veicoli-commerciali\/portatutto-e-portascale\/#breadcrumb\",\"itemListElement\":[{\"@type\":\"ListItem\",\"position\":1,\"name\":\"Home\",\"item\":\"https:\/\/www.storevan.com\/pl\/\"},{\"@type\":\"ListItem\",\"position\":2,\"name\":\"Zabudowy\",\"item\":\"https:\/\/www.storevan.com\/allestimenti-veicoli-commerciali\/\"},{\"@type\":\"ListItem\",\"position\":3,\"name\":\"Baga\u017cnik dachowy &#8211; uchwyty do drabiny\"}]},{\"@type\":\"WebSite\",\"@id\":\"https:\/\/www.storevan.com\/pl\/#website\",\"url\":\"https:\/\/www.storevan.com\/pl\/\",\"name\":\"Store Van\",\"description\":\"Zabudowy\",\"potentialAction\":[{\"@type\":\"SearchAction\",\"target\":{\"@type\":\"EntryPoint\",\"urlTemplate\":\"https:\/\/www.storevan.com\/pl\/?s={search_term_string}\"},\"query-input\":\"required name=search_term_string\"}],\"inLanguage\":\"pl-PL\"}]}<\/script>\n<!-- \/ Yoast SEO plugin. -->","yoast_head_json":{"title":"Baga\u017cnik dachowy - uchwyty do drabiny","description":"Baga\u017cniki dachowe do transportu \u0142adunk\u00f3w. Baga\u017cniki z systemem za\u0142adunku drabiny z serwo-mechanizmem do bezpiecznego transportu w samochodach dostawczych","robots":{"index":"index","follow":"follow","max-snippet":"max-snippet:-1","max-image-preview":"max-image-preview:large","max-video-preview":"max-video-preview:-1"},"canonical":"https:\/\/www.storevan.com\/allestimenti-veicoli-commerciali\/portatutto-e-portascale\/","og_locale":"pl_PL","og_type":"article","og_title":"Baga\u017cnik dachowy - uchwyty do drabiny","og_description":"Baga\u017cniki dachowe do transportu \u0142adunk\u00f3w. Baga\u017cniki z systemem za\u0142adunku drabiny z serwo-mechanizmem do bezpiecznego transportu w samochodach dostawczych","og_url":"https:\/\/www.storevan.com\/allestimenti-veicoli-commerciali\/portatutto-e-portascale\/","og_site_name":"Store Van","article_modified_time":"2019-05-14T12:41:10+00:00","og_image":[{"url":"https:\/\/www.storevan.com\/wp-content\/uploads\/2016\/01\/storevan_portatutto.jpg"}],"twitter_misc":{"Szacowany czas czytania":"1 minuta"},"schema":{"@context":"https:\/\/schema.org","@graph":[{"@type":"WebPage","@id":"https:\/\/www.storevan.com\/allestimenti-veicoli-commerciali\/portatutto-e-portascale\/","url":"https:\/\/www.storevan.com\/allestimenti-veicoli-commerciali\/portatutto-e-portascale\/","name":"Baga\u017cnik dachowy - uchwyty do drabiny","isPartOf":{"@id":"https:\/\/www.storevan.com\/pl\/#website"},"datePublished":"2015-12-09T11:00:16+00:00","dateModified":"2019-05-14T12:41:10+00:00","description":"Baga\u017cniki dachowe do transportu \u0142adunk\u00f3w. Baga\u017cniki z systemem za\u0142adunku drabiny z serwo-mechanizmem do bezpiecznego transportu w samochodach dostawczych","breadcrumb":{"@id":"https:\/\/www.storevan.com\/allestimenti-veicoli-commerciali\/portatutto-e-portascale\/#breadcrumb"},"inLanguage":"pl-PL","potentialAction":[{"@type":"ReadAction","target":["https:\/\/www.storevan.com\/allestimenti-veicoli-commerciali\/portatutto-e-portascale\/"]}]},{"@type":"BreadcrumbList","@id":"https:\/\/www.storevan.com\/allestimenti-veicoli-commerciali\/portatutto-e-portascale\/#breadcrumb","itemListElement":[{"@type":"ListItem","position":1,"name":"Home","item":"https:\/\/www.storevan.com\/pl\/"},{"@type":"ListItem","position":2,"name":"Zabudowy","item":"https:\/\/www.storevan.com\/allestimenti-veicoli-commerciali\/"},{"@type":"ListItem","position":3,"name":"Baga\u017cnik dachowy &#8211; uchwyty do drabiny"}]},{"@type":"WebSite","@id":"https:\/\/www.storevan.com\/pl\/#website","url":"https:\/\/www.storevan.com\/pl\/","name":"Store Van","description":"Zabudowy","potentialAction":[{"@type":"SearchAction","target":{"@type":"EntryPoint","urlTemplate":"https:\/\/www.storevan.com\/pl\/?s={search_term_string}"},"query-input":"required name=search_term_string"}],"inLanguage":"pl-PL"}]}},"_links":{"self":[{"href":"https:\/\/www.storevan.com\/pl\/wp-json\/wp\/v2\/pages\/16813"}],"collection":[{"href":"https:\/\/www.storevan.com\/pl\/wp-json\/wp\/v2\/pages"}],"about":[{"href":"https:\/\/www.storevan.com\/pl\/wp-json\/wp\/v2\/types\/page"}],"author":[{"embeddable":true,"href":"https:\/\/www.storevan.com\/pl\/wp-json\/wp\/v2\/users\/470"}],"replies":[{"embeddable":true,"href":"https:\/\/www.storevan.com\/pl\/wp-json\/wp\/v2\/comments?post=16813"}],"version-history":[{"count":2,"href":"https:\/\/www.storevan.com\/pl\/wp-json\/wp\/v2\/pages\/16813\/revisions"}],"predecessor-version":[{"id":102202,"href":"https:\/\/www.storevan.com\/pl\/wp-json\/wp\/v2\/pages\/16813\/revisions\/102202"}],"up":[{"embeddable":true,"href":"https:\/\/www.storevan.com\/pl\/wp-json\/wp\/v2\/pages\/8457"}],"wp:attachment":[{"href":"https:\/\/www.storevan.com\/pl\/wp-json\/wp\/v2\/media?parent=16813"}],"curies":[{"name":"wp","href":"https:\/\/api.w.org\/{rel}","templated":true}]}}