{"id":16631,"date":"2016-03-15T10:11:57","date_gmt":"2016-03-15T09:11:57","guid":{"rendered":"https:\/\/www.storevan.com\/pl\/zabudowy\/furgoni-volkswagen\/crafter\/pianali-pannellature\/"},"modified":"2019-10-21T12:59:16","modified_gmt":"2019-10-21T12:59:16","slug":"scieny-podloga","status":"publish","type":"page","link":"https:\/\/www.storevan.com\/pl\/zabudowy\/volkswagen\/crafter\/scieny-podloga\/","title":{"rendered":"\u015acieny I Pod\u0142oga"},"content":{"rendered":"<h1 class=\"customblackTitleSmall\">\u015acieny I Pod\u0142oga do Volkswagena Craftera<\/h1>\n<p>Pod\u0142ogi i\u00a0panele do samochod\u00f3w dostawczych Crafter.\u00a0Volkswagen Crafter\u00a0jest jednym z\u00a0wi\u0119kszych modeli, spo\u015br\u00f3d niewielkich\u00a0pojazd\u00f3w u\u017cytkowych u\u017cywanych w\u00a0handlu, zapewniaj\u0105cym do 17\u00a0m3 przedzia\u0142u \u0142adunkowego w\u00a0wersji z\u00a0nadwoziem zamkni\u0119tym. Do ochrony blachy przed zu\u017cyciem w\u00a0tak du\u017cej przestrzeni magazynowej przygotowane zosta\u0142y ok\u0142adziny wewn\u0119trzne\u00a0Store Van.<\/p>\n<p>Prawid\u0142owe wyposa\u017canie\u00a0mobilnego warsztatu\u00a0zaczyna si\u0119 zawsze od po\u0142o\u017cenia\u00a0paneli\u00a0bocznych\u00a0z polipropylenu\u00a0oraz\u00a0pod\u0142ogi\u00a0ze\u00a0sklejki o\u00a0grubo\u015bci 12\u00a0mm\u00a0z\u00a0pow\u0142ok\u0105 fenolow\u0105 wielowarstwow\u0105,\u00a0z\u00a0przygotowaniem do mocowania do oryginalnych zaczep\u00f3w pojazdu.\u00a0Zapraszamy do niezobowi\u0105zuj\u0105cego kontaktu, aby uzyska\u0107 wycen\u0119 ok\u0142adzin wewn\u0119trznych do twojego samochodu dostawczego Volkswagen\u00a0Crafter!<\/p>\n<p><a href=\"https:\/\/www.storevan.com\/pl\/zabudowy\/volkswagen\/crafter-2017\/bagazniki\/\">Zobacz tak\u017ce P\u00f3\u0142ki i panele do modelu Crafter 2017.<\/a><\/p>\n<hr \/>\n<p><img decoding=\"async\" loading=\"lazy\" class=\"aligncenter size-full wp-image-5770\" src=\"https:\/\/www.storevan.com\/wp-content\/uploads\/2015\/12\/storevan_pianali_pannellature_3B.jpg\" alt=\"Pod\u0142ogi i panele dla du\u017cych samochod\u00f3w dostawczych\" width=\"625\" height=\"407\" \/><\/p>\n<hr class=\"noColor\">\n<table class=\"table tableBorder\">\n<tbody>\n<tr>\n<td class=\"txtBkOrange\">POJAZD<\/td>\n<td class=\"TESTO12biancoCX text-center\" bgcolor=\"#0071B9\">POD\u0141OGA 12 mm<\/td>\n<td class=\"TESTO12neroCX text-center\" bgcolor=\"#e4e4e4\">PANELE \u015aCIENNE<\/td>\n<td class=\"TESTO12neroCX text-center\" bgcolor=\"#e4e4e4\">PANELE \u015aCIENNE<\/td>\n<td class=\"TESTO12neroCX text-center\" bgcolor=\"#e4e4e4\">\u015aCIANKA DZIA\u0141OWA<\/td>\n<\/tr>\n<tr class=\"border_bottomGrey\">\n<td><\/td>\n<td bgcolor=\"#8d8d8d\" class=\"TESTO12biancoCX text-center\"><strong>D<\/strong><\/td>\n<td bgcolor=\"#8d8d8d\" class=\"TESTO12biancoCX text-center\"><strong>A+B<\/strong><\/td>\n<td bgcolor=\"#8d8d8d\" class=\"TESTO12biancoCX text-center\"><strong>C<\/strong><\/td>\n<td bgcolor=\"#8d8d8d\" class=\"TESTO12biancoCX text-center\"><strong>F<\/strong><\/td>\n<\/tr>\n<tr class=\"border_bottomGrey\">\n<td><\/td>\n<td class=\"TESTO12neroCX\"><strong>ART.<\/strong><\/td>\n<td class=\"TESTO12neroCX\"><strong>ART.<\/strong><\/td>\n<td class=\"TESTO12neroCX\"><strong>ART.<\/strong><\/td>\n<td class=\"TESTO12neroCX\"><strong>ART.<\/strong><\/td>\n<\/tr>\n<tr>\n<td style=\"vertical-align: middle;\" bgcolor=\"#f0f0f0\">L1 H1 Kr\u00f3tki, Niski Dach<\/td>\n<td style=\"text-align: center;\"><span class=\"blue\">PIL 107<\/span><br \/>\n33,26 Kg<\/td>\n<td style=\"text-align: center;\"><span class=\"blue\">PAN 113<\/span><br \/>\n13,61 Kg<\/td>\n<td style=\"text-align: center;\"><span class=\"blue\">PAR 107<\/span><br \/>\n1,63 Kg<\/td>\n<td style=\"text-align: center;\"><span class=\"blue\">PIR 103<\/span><br \/>\n8,95 Kg<\/td>\n<\/tr>\n<tr>\n<td style=\"vertical-align: middle;\" bgcolor=\"#f0f0f0\">L1 H2 Kr\u00f3tki, Wysoki Dach<\/td>\n<td style=\"text-align: center;\"><span class=\"blue\">PIL 107<\/span><br \/>\n33,26 Kg<\/td>\n<td style=\"text-align: center;\"><span class=\"blue\">PAN 119<\/span><br \/>\n16,11 Kg<\/td>\n<td style=\"text-align: center;\"><span class=\"blue\">PAR 108<\/span><br \/>\n2,81 Kg<\/td>\n<td style=\"text-align: center;\"><span class=\"blue\">PIR 103<\/span><br \/>\n8,95 Kg<\/td>\n<\/tr>\n<tr>\n<td style=\"vertical-align: middle;\" bgcolor=\"#f0f0f0\">L2 H1 Ko\u0142a tylne pojedyncze<br \/>\n\u015aredni, Niski Dach<\/td>\n<td style=\"text-align: center;\"><span class=\"blue\">PIL 108<\/span><br \/>\n41,92 Kg<\/td>\n<td style=\"text-align: center;\"><span class=\"blue\">PAN 114<\/span><br \/>\n16,71 Kg<\/td>\n<td style=\"text-align: center;\"><span class=\"blue\">PAR 107<\/span><br \/>\n1,63 Kg<\/td>\n<td style=\"text-align: center;\"><span class=\"blue\">PIR 103<\/span><br \/>\n8,95 Kg<\/td>\n<\/tr>\n<tr>\n<td style=\"vertical-align: middle;\" bgcolor=\"#f0f0f0\">L2 H1 Ko\u0142a tylne podw\u00f3jne (bli\u017aniaki)<br \/>\n\u015aredni, Niski Dach<\/td>\n<td style=\"text-align: center;\"><span class=\"blue\">PIL 109<\/span><br \/>\n38,98 Kg<\/td>\n<td style=\"text-align: center;\"><span class=\"blue\">PAN 114<\/span><br \/>\n16,71 Kg<\/td>\n<td style=\"text-align: center;\"><span class=\"blue\">PAR 107<\/span><br \/>\n1,63 Kg<\/td>\n<td style=\"text-align: center;\"><span class=\"blue\">PIR 103<\/span><br \/>\n8,95 Kg<\/td>\n<\/tr>\n<tr>\n<td style=\"vertical-align: middle;\" bgcolor=\"#f0f0f0\">L2 H2 \u2013 H3 Ko\u0142a tylne pojedyncze<br \/>\n\u015aredni, Wysoki \/ Superwysoki Dach<\/td>\n<td style=\"text-align: center;\"><span class=\"blue\">PIL 108<\/span><br \/>\n41,92 Kg<\/td>\n<td style=\"text-align: center;\"><span class=\"blue\">PAN 115<\/span><br \/>\n22,44 Kg<\/td>\n<td style=\"text-align: center;\"><span class=\"blue\">PAR 108<\/span><br \/>\n2,81 Kg<\/td>\n<td style=\"text-align: center;\"><span class=\"blue\">PIR 103<\/span><br \/>\n8,95 Kg<\/td>\n<\/tr>\n<tr>\n<td style=\"vertical-align: middle;\" bgcolor=\"#f0f0f0\">L2 H2 \u2013 H3 Ko\u0142a tylne podw\u00f3jne (bli\u017aniaki)<br \/>\n\u015aredni, Wysoki \/ Superwysoki Dach<\/td>\n<td style=\"text-align: center;\"><span class=\"blue\">PIL 109<\/span><br \/>\n38,98 Kg<\/td>\n<td style=\"text-align: center;\"><span class=\"blue\">PAN 115<\/span><br \/>\n22,44 Kg<\/td>\n<td style=\"text-align: center;\"><span class=\"blue\">PAR 108<\/span><br \/>\n2,81 Kg<\/td>\n<td style=\"text-align: center;\"><span class=\"blue\">PIR 103<\/span><br \/>\n8,95 Kg<\/td>\n<\/tr>\n<tr>\n<td style=\"vertical-align: middle;\" bgcolor=\"#f0f0f0\">L3 H2 \u2013 H3 Ko\u0142a tylne pojedyncze<br \/>\nD\u0142ugi, Wysoki \/ Superwysoki Dach<\/td>\n<td style=\"text-align: center;\"><span class=\"blue\">PIL 110<\/span><br \/>\n57,12 Kg<\/td>\n<td style=\"text-align: center;\"><span class=\"blue\">PAN 116<\/span><br \/>\n29,98 Kg<\/td>\n<td style=\"text-align: center;\"><span class=\"blue\">PAR 108<\/span><br \/>\n2,81 Kg<\/td>\n<td style=\"text-align: center;\"><span class=\"blue\">PIR 103<\/span><br \/>\n8,95 Kg<\/td>\n<\/tr>\n<tr>\n<td style=\"vertical-align: middle;\" bgcolor=\"#f0f0f0\">L3 H2 \u2013 H3 Ko\u0142a tylne podw\u00f3jne (bli\u017aniaki)<br \/>\nD\u0142ugi, Wysoki \/ Superwysoki Dach<\/td>\n<td style=\"text-align: center;\"><span class=\"blue\">PIL 111<\/span><br \/>\n54,26 Kg<\/td>\n<td style=\"text-align: center;\"><span class=\"blue\">PAN 116<\/span><br \/>\n29,98 Kg<\/td>\n<td style=\"text-align: center;\"><span class=\"blue\">PAR 108<\/span><br \/>\n2,81 Kg<\/td>\n<td style=\"text-align: center;\"><span class=\"blue\">PIR 103<\/span><br \/>\n8,95 Kg<\/td>\n<\/tr>\n<tr>\n<td style=\"vertical-align: middle;\" bgcolor=\"#f0f0f0\">L4 H2 \u2013 H3 Ko\u0142a tylne pojedyncze<br \/>\nD\u0142ugi z przed\u0142. Zwisem, Wysoki\/Superwysoki Dach<\/td>\n<td style=\"text-align: center;\"><span class=\"blue\">PIL 112<\/span><br \/>\n62,92 Kg<\/td>\n<td style=\"text-align: center;\"><span class=\"blue\">PAN 117<\/span><br \/>\n30,89 Kg<\/td>\n<td style=\"text-align: center;\"><span class=\"blue\">PAR 108<\/span><br \/>\n2,81 Kg<\/td>\n<td style=\"text-align: center;\"><span class=\"blue\">PIR 103<\/span><br \/>\n8,95 Kg<\/td>\n<\/tr>\n<tr>\n<td style=\"vertical-align: middle;\" bgcolor=\"#f0f0f0\">L4 H2 \u2013 H3 Ko\u0142a tylne podw\u00f3jne (bli\u017aniaki)<br \/>\nD\u0142ugi z przed\u0142. Zwisem, Wysoki\/Superwysoki Dach<\/td>\n<td style=\"text-align: center;\"><span class=\"blue\">PIL 113<\/span><br \/>\n60,14 Kg<\/td>\n<td style=\"text-align: center;\"><span class=\"blue\">PAN 117<\/span><br \/>\n30,89 Kg<\/td>\n<td style=\"text-align: center;\"><span class=\"blue\">PAR 108<\/span><br \/>\n2,81 Kg<\/td>\n<td style=\"text-align: center;\"><span class=\"blue\">PIR 103<\/span><br \/>\n8,95 Kg<\/td>\n<\/tr>\n<\/tbody>\n<\/table>\n<hr class=\"noColor\" \/>\n","protected":false},"excerpt":{"rendered":"<p>\u015acieny I Pod\u0142oga do Volkswagena Craftera Pod\u0142ogi i\u00a0panele do samochod\u00f3w dostawczych Crafter.\u00a0Volkswagen Crafter\u00a0jest jednym z\u00a0wi\u0119kszych modeli, spo\u015br\u00f3d niewielkich\u00a0pojazd\u00f3w u\u017cytkowych u\u017cywanych w\u00a0handlu, zapewniaj\u0105cym do 17\u00a0m3 przedzia\u0142u \u0142adunkowego w\u00a0wersji z\u00a0nadwoziem zamkni\u0119tym. Do.<\/p>\n","protected":false},"author":470,"featured_media":0,"parent":16624,"menu_order":0,"comment_status":"closed","ping_status":"closed","template":"","meta":[],"acf":[],"yoast_head":"<!-- This site is optimized with the Yoast SEO plugin v20.11 - https:\/\/yoast.com\/wordpress\/plugins\/seo\/ -->\n<title>\u015acieny I Pod\u0142oga do Volkswagena Craftera<\/title>\n<meta name=\"description\" content=\"Pod\u0142oga i panele \u015bcienne dla pojazd\u00f3w z drzwiami bocznymi po prawej stronie. Store Van produkuje pod\u0142ogi i panele by zabezpieczy\u0107 Twojego VW Craftera.\" \/>\n<meta name=\"robots\" content=\"index, follow, max-snippet:-1, max-image-preview:large, max-video-preview:-1\" \/>\n<link rel=\"canonical\" href=\"https:\/\/www.storevan.com\/pl\/zabudowy\/volkswagen\/crafter-2017\/bagazniki\/\" \/>\n<meta property=\"og:locale\" content=\"pl_PL\" \/>\n<meta property=\"og:type\" content=\"article\" \/>\n<meta property=\"og:title\" content=\"\u015acieny I Pod\u0142oga do Volkswagena Craftera\" \/>\n<meta property=\"og:description\" content=\"Pod\u0142oga i panele \u015bcienne dla pojazd\u00f3w z drzwiami bocznymi po prawej stronie. Store Van produkuje pod\u0142ogi i panele by zabezpieczy\u0107 Twojego VW Craftera.\" \/>\n<meta property=\"og:url\" content=\"https:\/\/www.storevan.com\/pl\/zabudowy\/volkswagen\/crafter-2017\/bagazniki\/\" \/>\n<meta property=\"og:site_name\" content=\"Store Van\" \/>\n<meta property=\"article:modified_time\" content=\"2019-10-21T12:59:16+00:00\" \/>\n<meta property=\"og:image\" content=\"https:\/\/www.storevan.com\/wp-content\/uploads\/2015\/12\/storevan_pianali_pannellature_3B.jpg\" \/>\n<meta name=\"twitter:label1\" content=\"Szacowany czas czytania\" \/>\n\t<meta name=\"twitter:data1\" content=\"2 minuty\" \/>\n<script type=\"application\/ld+json\" class=\"yoast-schema-graph\">{\"@context\":\"https:\/\/schema.org\",\"@graph\":[{\"@type\":\"WebPage\",\"@id\":\"https:\/\/www.storevan.com\/pl\/zabudowy\/volkswagen\/crafter\/scieny-podloga\/\",\"url\":\"https:\/\/www.storevan.com\/pl\/zabudowy\/volkswagen\/crafter-2017\/bagazniki\/\",\"name\":\"\u015acieny I Pod\u0142oga do Volkswagena Craftera\",\"isPartOf\":{\"@id\":\"https:\/\/www.storevan.com\/pl\/#website\"},\"datePublished\":\"2016-03-15T09:11:57+00:00\",\"dateModified\":\"2019-10-21T12:59:16+00:00\",\"description\":\"Pod\u0142oga i panele \u015bcienne dla pojazd\u00f3w z drzwiami bocznymi po prawej stronie. Store Van produkuje pod\u0142ogi i panele by zabezpieczy\u0107 Twojego VW Craftera.\",\"breadcrumb\":{\"@id\":\"https:\/\/www.storevan.com\/pl\/zabudowy\/volkswagen\/crafter-2017\/bagazniki\/#breadcrumb\"},\"inLanguage\":\"pl-PL\",\"potentialAction\":[{\"@type\":\"ReadAction\",\"target\":[\"https:\/\/www.storevan.com\/pl\/zabudowy\/volkswagen\/crafter-2017\/bagazniki\/\"]}]},{\"@type\":\"BreadcrumbList\",\"@id\":\"https:\/\/www.storevan.com\/pl\/zabudowy\/volkswagen\/crafter-2017\/bagazniki\/#breadcrumb\",\"itemListElement\":[{\"@type\":\"ListItem\",\"position\":1,\"name\":\"Home\",\"item\":\"https:\/\/www.storevan.com\/pl\/\"},{\"@type\":\"ListItem\",\"position\":2,\"name\":\"Zabudowy\",\"item\":\"https:\/\/www.storevan.com\/allestimenti-veicoli-commerciali\/\"},{\"@type\":\"ListItem\",\"position\":3,\"name\":\"Volkswagen\",\"item\":\"https:\/\/www.storevan.com\/pl\/zabudowy\/volkswagen\/\"},{\"@type\":\"ListItem\",\"position\":4,\"name\":\"Craftera 2006\",\"item\":\"https:\/\/www.storevan.com\/pl\/zabudowy\/volkswagen\/crafter\/\"},{\"@type\":\"ListItem\",\"position\":5,\"name\":\"\u015acieny I Pod\u0142oga\"}]},{\"@type\":\"WebSite\",\"@id\":\"https:\/\/www.storevan.com\/pl\/#website\",\"url\":\"https:\/\/www.storevan.com\/pl\/\",\"name\":\"Store Van\",\"description\":\"Zabudowy\",\"potentialAction\":[{\"@type\":\"SearchAction\",\"target\":{\"@type\":\"EntryPoint\",\"urlTemplate\":\"https:\/\/www.storevan.com\/pl\/?s={search_term_string}\"},\"query-input\":\"required name=search_term_string\"}],\"inLanguage\":\"pl-PL\"}]}<\/script>\n<!-- \/ Yoast SEO plugin. -->","yoast_head_json":{"title":"\u015acieny I Pod\u0142oga do Volkswagena Craftera","description":"Pod\u0142oga i panele \u015bcienne dla pojazd\u00f3w z drzwiami bocznymi po prawej stronie. Store Van produkuje pod\u0142ogi i panele by zabezpieczy\u0107 Twojego VW Craftera.","robots":{"index":"index","follow":"follow","max-snippet":"max-snippet:-1","max-image-preview":"max-image-preview:large","max-video-preview":"max-video-preview:-1"},"canonical":"https:\/\/www.storevan.com\/pl\/zabudowy\/volkswagen\/crafter-2017\/bagazniki\/","og_locale":"pl_PL","og_type":"article","og_title":"\u015acieny I Pod\u0142oga do Volkswagena Craftera","og_description":"Pod\u0142oga i panele \u015bcienne dla pojazd\u00f3w z drzwiami bocznymi po prawej stronie. Store Van produkuje pod\u0142ogi i panele by zabezpieczy\u0107 Twojego VW Craftera.","og_url":"https:\/\/www.storevan.com\/pl\/zabudowy\/volkswagen\/crafter-2017\/bagazniki\/","og_site_name":"Store Van","article_modified_time":"2019-10-21T12:59:16+00:00","og_image":[{"url":"https:\/\/www.storevan.com\/wp-content\/uploads\/2015\/12\/storevan_pianali_pannellature_3B.jpg"}],"twitter_misc":{"Szacowany czas czytania":"2 minuty"},"schema":{"@context":"https:\/\/schema.org","@graph":[{"@type":"WebPage","@id":"https:\/\/www.storevan.com\/pl\/zabudowy\/volkswagen\/crafter\/scieny-podloga\/","url":"https:\/\/www.storevan.com\/pl\/zabudowy\/volkswagen\/crafter-2017\/bagazniki\/","name":"\u015acieny I Pod\u0142oga do Volkswagena Craftera","isPartOf":{"@id":"https:\/\/www.storevan.com\/pl\/#website"},"datePublished":"2016-03-15T09:11:57+00:00","dateModified":"2019-10-21T12:59:16+00:00","description":"Pod\u0142oga i panele \u015bcienne dla pojazd\u00f3w z drzwiami bocznymi po prawej stronie. Store Van produkuje pod\u0142ogi i panele by zabezpieczy\u0107 Twojego VW Craftera.","breadcrumb":{"@id":"https:\/\/www.storevan.com\/pl\/zabudowy\/volkswagen\/crafter-2017\/bagazniki\/#breadcrumb"},"inLanguage":"pl-PL","potentialAction":[{"@type":"ReadAction","target":["https:\/\/www.storevan.com\/pl\/zabudowy\/volkswagen\/crafter-2017\/bagazniki\/"]}]},{"@type":"BreadcrumbList","@id":"https:\/\/www.storevan.com\/pl\/zabudowy\/volkswagen\/crafter-2017\/bagazniki\/#breadcrumb","itemListElement":[{"@type":"ListItem","position":1,"name":"Home","item":"https:\/\/www.storevan.com\/pl\/"},{"@type":"ListItem","position":2,"name":"Zabudowy","item":"https:\/\/www.storevan.com\/allestimenti-veicoli-commerciali\/"},{"@type":"ListItem","position":3,"name":"Volkswagen","item":"https:\/\/www.storevan.com\/pl\/zabudowy\/volkswagen\/"},{"@type":"ListItem","position":4,"name":"Craftera 2006","item":"https:\/\/www.storevan.com\/pl\/zabudowy\/volkswagen\/crafter\/"},{"@type":"ListItem","position":5,"name":"\u015acieny I Pod\u0142oga"}]},{"@type":"WebSite","@id":"https:\/\/www.storevan.com\/pl\/#website","url":"https:\/\/www.storevan.com\/pl\/","name":"Store Van","description":"Zabudowy","potentialAction":[{"@type":"SearchAction","target":{"@type":"EntryPoint","urlTemplate":"https:\/\/www.storevan.com\/pl\/?s={search_term_string}"},"query-input":"required name=search_term_string"}],"inLanguage":"pl-PL"}]}},"_links":{"self":[{"href":"https:\/\/www.storevan.com\/pl\/wp-json\/wp\/v2\/pages\/16631"}],"collection":[{"href":"https:\/\/www.storevan.com\/pl\/wp-json\/wp\/v2\/pages"}],"about":[{"href":"https:\/\/www.storevan.com\/pl\/wp-json\/wp\/v2\/types\/page"}],"author":[{"embeddable":true,"href":"https:\/\/www.storevan.com\/pl\/wp-json\/wp\/v2\/users\/470"}],"replies":[{"embeddable":true,"href":"https:\/\/www.storevan.com\/pl\/wp-json\/wp\/v2\/comments?post=16631"}],"version-history":[{"count":2,"href":"https:\/\/www.storevan.com\/pl\/wp-json\/wp\/v2\/pages\/16631\/revisions"}],"predecessor-version":[{"id":110447,"href":"https:\/\/www.storevan.com\/pl\/wp-json\/wp\/v2\/pages\/16631\/revisions\/110447"}],"up":[{"embeddable":true,"href":"https:\/\/www.storevan.com\/pl\/wp-json\/wp\/v2\/pages\/16624"}],"wp:attachment":[{"href":"https:\/\/www.storevan.com\/pl\/wp-json\/wp\/v2\/media?parent=16631"}],"curies":[{"name":"wp","href":"https:\/\/api.w.org\/{rel}","templated":true}]}}