{"id":16586,"date":"2015-12-09T16:19:25","date_gmt":"2015-12-09T15:19:25","guid":{"rendered":"https:\/\/www.storevan.com\/pl\/zabudowy\/furgoni-renault\/master\/"},"modified":"2021-10-20T10:11:41","modified_gmt":"2021-10-20T10:11:41","slug":"master","status":"publish","type":"page","link":"https:\/\/www.storevan.com\/pl\/zabudowy\/renault\/master\/","title":{"rendered":"Master"},"content":{"rendered":"<h1 class=\"customblackTitleSmall\">Zabudowy do Renault Master<\/h1>\n<p>Skontaktuj si\u0119 z nami by uzyska\u0107 indywidulan\u0161, niezboowi\u0161zuj\u0161c\u0161 wycen\u0119 zabudowy Twojego <strong>Renault Master<\/strong>.\u00a0Blacha z\u00a0pow\u0142ok\u0105 \u201eGalvannealed\u201d, stosowana przez Store Van do produkcji wyposa\u017cenia do pojazd\u00f3w u\u017cytkowych Renault Master, zapewnia wy\u017csz\u0105 jako\u015b\u0107 wyrob\u00f3w oraz znacz\u0105co wy\u017csz\u0105\u00a0odporno\u015b\u0107 na korozj\u0119, w\u00a0por\u00f3wnaniu do innych materia\u0142\u00f3w, spot\u0119gowan\u0105 dodatkowo kataforetycznym lakierowaniem zanurzeniowym. Store Van jest jedynym producentem na \u015bwiecie, kt\u00f3ry stosuje t\u0119 technologi\u0119.\u00a0Zapraszamy do niezobowi\u0105zuj\u0105cego kontaktu, aby uzyska\u0107 indywidualn\u0105 wycen\u0119 wyposa\u017cenia do pojazdu u\u017cytkowego Renault Master.<\/p>\n<h3 class=\"customblackTitleExtraSmall\">SYSTEMY WYPOSA\u017bENIA:<\/h3>\n<section id=\"imgSlide\" class=\"regular sliderSV\">\n<div>\n<div class=\"txtBlue\">SAFETY<\/div>\n<div class=\"ts-gallery\"><a title=\"Wyposa\u017cenie wewn\u0119trzne Safety do samochodu dostawczego Master\" href=\"https:\/\/www.storevan.com\/wp-content\/uploads\/veicoli\/pianali-pannellature\/safety-1.jpg\"><img decoding=\"async\" loading=\"lazy\" class=\"alignnone wp-image-62782 size-medium\" src=\"https:\/\/www.storevan.com\/wp-content\/uploads\/veicoli\/pianali-pannellature\/safety-1-300x280.jpg\" alt=\"Safety, wyposa\u017cenie samochod\u00f3w dostawczych Renault Master\" width=\"300\" height=\"280\" \/><\/a><\/div>\n<h3 class=\"bigTxt\">Rega\u0142y z mocowaniem \u0142adunku w standardzie<\/h3>\n<div class=\"borderTitle\"><\/div>\n<p><strong>Przyk\u0142ady wyposa\u017cenia:<\/strong><\/p>\n<p><a title=\"Safety L1 H1\" href=\"https:\/\/www.storevan.com\/pl\/wyposazanie-samochodow-dostawczych\/master-l1h1-s\/\"><strong>L1 H1<\/strong> Nap\u0119d na prz\u00f3d (3182 mm)<\/a><br \/>\n<a title=\"Safety L2 H2 \/ H3\" href=\"https:\/\/www.storevan.com\/pl\/wyposazanie-samochodow-dostawczych\/master-l2h2-s\/\"><strong>L2 H2 \/ H3<\/strong> Nap\u0119d na prz\u00f3d (3682 mm)<\/a><br \/>\n<a title=\"Safety L3 H2 \/ H3 Nap\u0119d na prz\u00f3d\" href=\"https:\/\/www.storevan.com\/pl\/wyposazanie-samochodow-dostawczych\/master-l3h2-s\/\"><strong>L3 H2 \/ H3<\/strong> Nap\u0119d na prz\u00f3d (4332 mm)<\/a><br \/>\n<a title=\"Safety L3 H2 \/ H3 Nap\u0119d na ty\u0142\" href=\"https:\/\/www.storevan.com\/pl\/wyposazanie-samochodow-dostawczych\/master-l3h2p-s\/\"><strong>L3 H2 \/ H3<\/strong> Nap\u0119d na ty\u0142 (3682 mm)<\/a><\/p>\n<\/div>\n<div>\n<div class=\"txtBlue\">PROFESSIONAL<\/div>\n<div class=\"ts-gallery\"><a title=\"Wyposa\u017cenie wewn\u0119trzne Professional do samochodu dostawczego Master\" href=\"https:\/\/www.storevan.com\/wp-content\/uploads\/veicoli\/pianali-pannellature\/professional-1.jpg\"><img decoding=\"async\" loading=\"lazy\" class=\"alignnone wp-image-62788 size-medium\" src=\"https:\/\/www.storevan.com\/wp-content\/uploads\/veicoli\/pianali-pannellature\/professional-1-300x280.jpg\" alt=\"Professional, wyposa\u017cenie samochod\u00f3w dostawczych Renault Master\" width=\"300\" height=\"280\" \/><\/a><\/div>\n<h3 class=\"bigTxt\">Rega\u0142y z dodatkowymi systemami mocowania Airline<\/h3>\n<div class=\"borderTitle\"><\/div>\n<p><strong>Przyk\u0142ady wyposa\u017cenia:<\/strong><\/p>\n<p><a title=\"Professional L1 H1\" href=\"https:\/\/www.storevan.com\/pl\/wyposazanie-samochodow-dostawczych\/master-l1h1-p\/\"><strong>L1 H1<\/strong> Nap\u0119d na prz\u00f3d (3182 mm)<\/a><br \/>\n<a title=\"Professional L2 H2\" href=\"https:\/\/www.storevan.com\/pl\/wyposazanie-samochodow-dostawczych\/master-l2h2-p\/\"><strong>L2 H2<\/strong> Nap\u0119d na prz\u00f3d (3682 mm)<\/a><br \/>\n<a title=\"Professional L3 H2 Nap\u0119d na prz\u00f3d\" href=\"https:\/\/www.storevan.com\/pl\/wyposazanie-samochodow-dostawczych\/master-l3h2-p\/\"><strong>L3 H2<\/strong> Nap\u0119d na prz\u00f3d (4332 mm)<\/a><br \/>\n<a title=\"Professional L3 H2 Nap\u0119d na ty\u0142\" href=\"https:\/\/www.storevan.com\/pl\/wyposazanie-samochodow-dostawczych\/master-l3h2p-p\/\"><strong>L3 H2<\/strong> Nap\u0119d na ty\u0142 (3682 mm)<\/a><\/p>\n<\/div>\n<div>\n<div class=\"txtBlue\">MOBILE<\/div>\n<div id=\"myGallery\" class=\"ts-gallery\"><a title=\"Wyposa\u017cenie wewn\u0119trzne Mobile do samochodu dostawczego Master\" href=\"https:\/\/www.storevan.com\/wp-content\/uploads\/veicoli\/pianali-pannellature\/mobile-1.jpg\"><img decoding=\"async\" loading=\"lazy\" class=\"alignnone wp-image-62794 size-medium\" src=\"https:\/\/www.storevan.com\/wp-content\/uploads\/veicoli\/pianali-pannellature\/mobile-1-300x280.jpg\" alt=\"Mobile, wyposa\u017cenie samochod\u00f3w dostawczych Renault Master\" width=\"300\" height=\"280\" \/><\/a><\/div>\n<h3 class=\"bigTxt\">Wyposa\u017cenie uzupe\u0142nione o walizki na drobne elementy i w\u00f3zki<\/h3>\n<div class=\"borderTitle\"><\/div>\n<p><strong>Przyk\u0142ady wyposa\u017cenia:<\/strong><\/p>\n<p><a title=\"Mobile L1 H1\" href=\"https:\/\/www.storevan.com\/pl\/wyposazanie-samochodow-dostawczych\/master-l1h1-m\/\"><strong>L1 H1<\/strong> Nap\u0119d na prz\u00f3d (3182 mm)<\/a><br \/>\n<a title=\"Mobile L2 H2\" href=\"https:\/\/www.storevan.com\/pl\/wyposazanie-samochodow-dostawczych\/master-l2h2-m\/\"><strong>L2 H2<\/strong> Nap\u0119d na prz\u00f3d (3682 mm)<\/a><br \/>\n<a title=\"Mobile L3 H2 Nap\u0119d na prz\u00f3d\" href=\"https:\/\/www.storevan.com\/pl\/wyposazanie-samochodow-dostawczych\/master-l3h2-m\/\"><strong>L3 H2<\/strong> Nap\u0119d na prz\u00f3d (4332 mm)<\/a><br \/>\n<a title=\"Mobile L3 H2 Nap\u0119d na ty\u0142\" href=\"https:\/\/www.storevan.com\/pl\/wyposazanie-samochodow-dostawczych\/master-l3h2p-m\/\"><strong>L3 H2<\/strong> Nap\u0119d na ty\u0142 (3682 mm)<\/a><\/p>\n<\/div>\n<div>\n<div class=\"txtBlue\">LIGHT SHELF<\/div>\n<div id=\"myGallery\" class=\"ts-gallery\"><a title=\"Wyposa\u017cenie wewn\u0119trzne Light Shelf do samochodu dostawczego Master\" href=\"https:\/\/www.storevan.com\/wp-content\/uploads\/veicoli\/pianali-pannellature\/lightshelf-1.jpg\"><img decoding=\"async\" loading=\"lazy\" src=\"https:\/\/www.storevan.com\/wp-content\/uploads\/veicoli\/pianali-pannellature\/lightshelf-1-300x280.jpg\" alt=\"Wyposa\u017cenie wewn\u0119trzne Light Shelf do samochodu dostawczego Renault Master\" width=\"300\" height=\"280\" class=\"alignnone size-medium wp-image-103359\" \/><\/a><\/div>\n<h3 class=\"bigTxt\">Sk\u0142adane p\u00f3\u0142ki<\/h3>\n<div class=\"borderTitle\"><\/div>\n<p><strong>Przyk\u0142ady wyposa\u017cenia:<\/strong><\/p>\n<p><a title=\"Zabudowy Light Shelf L2 H2 \/ H3\" href=\"https:\/\/www.storevan.com\/pl\/wyposazanie-samochodow-dostawczych\/master-l2h2-l\/\"><strong>L2 H2 \/ H3<\/strong> (Rozstaw osi 3682 mm)<\/a><br \/>\n<a title=\"Zabudowy Light Shelf L3 H2 \/ H3\" href=\"https:\/\/www.storevan.com\/pl\/wyposazanie-samochodow-dostawczych\/master-l3h2-l\/\"><strong>L3 H2 \/ H3<\/strong> (Rozstaw osi 4332 mm)<\/a><\/p>\n<\/div>\n<\/section>\n<p><a class=\"btn btnLink\" title=\"Kliknij tutaj, aby dowiedzie\u0107 si\u0119 wi\u0119cej o\u00a0systemach Safety, Professional e Mobile\" href=\"https:\/\/www.storevan.com\/pl\/wyposazenia-wewnetrzne-do-samochodow-dostawczych\/\"> Kliknij tutaj, aby dowiedzie\u0107 si\u0119 wi\u0119cej o\u00a0systemach <strong>SAFETY, PROFESSIONAL e MOBILE<\/strong><\/a><\/p>\n<hr class=\"noColor\" \/>\n<h3 class=\"bigTxt text-center txtGrey\">PODSTAWA SKUTECZNEJ OCHRONY POJAZD\u00d3W<\/h3>\n<hr class=\"noColor\" \/>\n<div class=\"two_third\">\n<a title=\"Ok\u0142adzina wewn\u0119trzna i\u00a0pod\u0142oga do Renault Master\" href=\"https:\/\/www.storevan.com\/pl\/zabudowy\/renault\/master\/scieny-podloga\/\"><img decoding=\"async\" loading=\"lazy\" class=\"aligncenter size-full wp-image-64855\" src=\"https:\/\/www.storevan.com\/wp-content\/uploads\/veicoli\/pianali-pannellature\/pianali-furgone-rivestimento-interno.jpg\" alt=\"Ok\u0142adzina wewn\u0119trzna i\u00a0pod\u0142oga do Renault Master\" width=\"750\" height=\"600\" \/><\/a><\/p>\n<\/div><div class=\"one_third last\">\n<div class=\"boxBorder\">\n<h4 class=\"bigTxt blue hidden-xs\">POD\u0141OGA MASTER I OK\u0141ADZINA WEWN\u0118TRZNA<\/h4>\n<div class=\"borderTitleCenter hidden-xs\"><\/div>\n<h5 class=\"hidden-xs\">Systemy certyfikat T\u00dcV.<img decoding=\"async\" loading=\"lazy\" class=\"alignnone size-full wp-image-67768\" src=\"https:\/\/www.storevan.com\/wp-content\/uploads\/veicoli\/pianali-pannellature\/logo-ISO9001.jpg\" alt=\"certyfikat T\u00dcV\" width=\"50\" height=\"50\" \/><\/h5>\n<div class=\"borderTitleCenter hidden-xs\"><\/div>\n<hr class=\"noColor hidden-xs\" \/>\n<div class=\"ts-gallery hidden-xs\"><div class=\"one_half\">\n<a href=\"https:\/\/www.storevan.com\/wp-content\/uploads\/veicoli\/pianali-pannellature\/Dettaglio-pianale-per-furgone-con-punti-ancoraggio-verticali-e-orizzontali.jpg\"><img decoding=\"async\" loading=\"lazy\" class=\"alignnone wp-image-64381 size-thumbnail\" title=\"Poznaj pod\u0142ogi i panele\" src=\"https:\/\/www.storevan.com\/wp-content\/uploads\/veicoli\/pianali-pannellature\/Dettaglio-pianale-per-furgone-con-punti-ancoraggio-verticali-e-orizzontali-150x150.jpg\" alt=\"Poznaj pod\u0142ogi i panele\" width=\"150\" height=\"150\" \/><\/a><br \/>\n<\/div><div class=\"one_half last\">\n<a href=\"https:\/\/www.storevan.com\/wp-content\/uploads\/veicoli\/pianali-pannellature\/allestimento-per-furgone-con-pianale-wood-floor.jpg\"><img decoding=\"async\" loading=\"lazy\" class=\"alignnone wp-image-64450 size-thumbnail\" title=\"pod\u0142ogi i panele\" src=\"https:\/\/www.storevan.com\/wp-content\/uploads\/veicoli\/pianali-pannellature\/allestimento-per-furgone-con-pianale-wood-floor-150x150.jpg\" alt=\"pod\u0142ogi i panele safety-floor\" width=\"150\" height=\"150\" \/><\/a><br \/>\n<\/div><div class=\"clearboth\"><\/div><\/div>\n<div class=\"ts-gallery hidden-xs\"><div class=\"one_half\">\n<a href=\"https:\/\/www.storevan.com\/wp-content\/uploads\/veicoli\/pianali-pannellature\/guide-airline-soffitto-furgone.jpg\"><img decoding=\"async\" loading=\"lazy\" class=\"alignnone wp-image-64393 size-thumbnail\" title=\"pod\u0142ogi i panele\" src=\"https:\/\/www.storevan.com\/wp-content\/uploads\/veicoli\/pianali-pannellature\/guide-airline-soffitto-furgone-150x150.jpg\" alt=\"pod\u0142ogi i panele\" width=\"150\" height=\"150\" \/><\/a><br \/>\n<\/div><div class=\"one_half last\">\n<a href=\"https:\/\/www.storevan.com\/wp-content\/uploads\/veicoli\/pianali-pannellature\/pianale-per-furgone-con-barre-fermacarico.jpg\"><img decoding=\"async\" loading=\"lazy\" class=\"alignnone wp-image-64417 size-thumbnail\" title=\"Poznaj pod\u0142ogi i panele\" src=\"https:\/\/www.storevan.com\/wp-content\/uploads\/veicoli\/pianali-pannellature\/pianale-per-furgone-con-barre-fermacarico-150x150.jpg\" alt=\"Poznaj pod\u0142ogi i panele\" width=\"150\" height=\"150\" \/><\/a><br \/>\n<\/div><div class=\"clearboth\"><\/div><\/div>\n<div class=\"btnFullWidth\"><a class=\"btn btn-blue\" href=\"https:\/\/www.storevan.com\/pl\/zabudowy\/renault\/master\/scieny-podloga\/\">POZNAJ POD\u0141OGI I PANELE DO MASTER <i class=\"fa fa-angle-double-right\"><\/i><\/a><\/div>\n<\/div>\n<\/div><div class=\"clearboth\"><\/div>\n<h3 class=\"bigTxt text-center txtGrey\">UZUPE\u0141NIJ WYPOSA\u017bENIE DO MASTER CARGO O<\/h3>\n<div class=\"one_half\">\n<img decoding=\"async\" loading=\"lazy\" class=\"aligncenter wp-image-66331 size-full\" src=\"https:\/\/www.storevan.com\/wp-content\/uploads\/veicoli\/pianali-pannellature\/portatutto-portascala-space-up.jpg\" alt=\"Uchwyt uniwersalny i uchwyt do drabiny do Ducato\" width=\"745\" height=\"200\" \/><br \/>\n<\/div><div class=\"one_half last\">\n<h4 class=\"bigTxt blue\">UCHWYT UNIWERSALNY I UCHWYT DO DRABIN DO MASTER<\/h4>\n<div class=\"borderTitle\"><\/div>\n<p>Wyposa\u017cenie mo\u017ce zosta\u0107 uzupe\u0142nione o baga\u017cnik dachowy, uchwyt do drabin i uchwyt do rur, kt\u00f3re mo\u017cna \u0142atwo zamontowa\u0107 na dachu samochodu dostawczego.<\/p>\n<p><a class=\"btn btn-blue\" title=\"Poznaj uchwyty uniwersalne i uchwyty do drabin do Master\" href=\"https:\/\/www.storevan.com\/pl\/zabudowy\/renault\/master\/bagazniki-dachowe\/\">POZNAJ UCHWYTY UNIWERSALNE I UCHWYTY DO DRABIN DO MASTER<\/a><br \/>\n<\/div><div class=\"clearboth\"><\/div>\n<hr class=\"noColor\" \/>\n<div class=\"break\"><\/div>\n<hr \/>\n<div class=\"one_third\">\n<div class=\"text-center\"><a class=\"btn btn-download\" title=\"ZADZWO\u0143 TERAZ!\" href=\"tel:+390424585455\"><i class=\"fa fa-phone\"><\/i> <span class=\"spanBtn\">ZADZWO\u0143 TERAZ<\/span><br \/>\nuzyskasz wszelkie informacje<\/a><\/div>\n<\/div><div class=\"one_third\">\n<div class=\"text-center\"><a class=\"btn btn-download\" title=\"DOWNLOAD\" href=\"https:\/\/www.storevan.com\/wp-content\/uploads\/doc\/Lightshelf_ESPL_CCT03S2600_web.pdf\" target=\"_blank\" rel=\"noopener noreferrer\"><i class=\"fa fa-download\"><\/i> <span class=\"spanBtn\">DOWNLOAD<\/span><br \/>\nKATALOG LIGHT SHELF<\/a><\/div>\n<\/div><div class=\"one_third last\">\n<div class=\"text-center\"><a class=\"btn btn-download\" title=\"POBIERZ\" href=\"https:\/\/www.storevan.com\/wp-content\/uploads\/doc\/RENAULT_MASTER_Equipamiento_Wyposazenie_StoreVan_espl.pdf\" target=\"_blank\" rel=\"noopener noreferrer\"><i class=\"fa fa-download\"><\/i> <span class=\"spanBtn\">POBIERZ<\/span><br \/>\nKATALOG MASTER<\/a><\/div>\n<\/div><div class=\"clearboth\"><\/div>\n<hr \/>\n<h4 class=\"bigTxt text-center txtBkOrange\"><i class=\"fa fa-envelope pull-left\"><\/i>CHCESZ WIEDZIE\u0106 WI\u0118CEJ?<\/h4>\n\n<div class=\"wpcf7 no-js\" id=\"wpcf7-f67676-o1\" lang=\"it-IT\" dir=\"ltr\">\n<div class=\"screen-reader-response\"><p role=\"status\" aria-live=\"polite\" aria-atomic=\"true\"><\/p> <ul><\/ul><\/div>\n<form action=\"\/pl\/wp-json\/wp\/v2\/pages\/16586#wpcf7-f67676-o1\" method=\"post\" class=\"wpcf7-form init\" aria-label=\"Modulo di contatto\" novalidate=\"novalidate\" data-status=\"init\">\n<div style=\"display: none;\">\n<input type=\"hidden\" name=\"_wpcf7\" value=\"67676\" \/>\n<input type=\"hidden\" name=\"_wpcf7_version\" value=\"5.7.7\" \/>\n<input type=\"hidden\" name=\"_wpcf7_locale\" value=\"it_IT\" \/>\n<input type=\"hidden\" name=\"_wpcf7_unit_tag\" value=\"wpcf7-f67676-o1\" \/>\n<input type=\"hidden\" name=\"_wpcf7_container_post\" value=\"0\" \/>\n<input type=\"hidden\" name=\"_wpcf7_posted_data_hash\" value=\"\" \/>\n<input type=\"hidden\" name=\"_wpcf7_recaptcha_response\" value=\"\" \/>\n<\/div>\n<span class=\"wpcf7-form-control-wrap url\" data-name=\"url\"><input type=\"hidden\" name=\"url\" size=\"40\" class=\"wpcf7-form-control wpcf7-hidden wpcf7dtx wpcf7dtx-hidden\" aria-invalid=\"false\" value=\"master\" autocomplete=\"off\" \/><\/span>\n<p>Wype\u0142nij poni\u017csze pola, aby otrzyma\u0107 wi\u0119cej informacji. Nasz operator skontaktuje si\u0119 z\u00a0tob\u0105 najszybciej, jak to mo\u017cliwe (* pola obowi\u0105zkowe):\n<\/p>\n<div class=\"col-xs-12 col-md-6\">\n\t<p><span class='titoli'>Imi\u0119 (*)<\/span>\n\t<\/p>\n\t<p><span class=\"wpcf7-form-control-wrap\" data-name=\"your-name\"><input size=\"40\" class=\"wpcf7-form-control wpcf7-text wpcf7-validates-as-required form-control\" aria-required=\"true\" aria-invalid=\"false\" value=\"\" type=\"text\" name=\"your-name\" \/><\/span>\n\t<\/p>\n<\/div>\n<div class=\"col-xs-12 col-md-6\">\n\t<p><span class='titoli'>Nazwisko (*)<\/span>\n\t<\/p>\n\t<p><span class=\"wpcf7-form-control-wrap\" data-name=\"your-last-name\"><input size=\"40\" class=\"wpcf7-form-control wpcf7-text wpcf7-validates-as-required form-control\" aria-required=\"true\" aria-invalid=\"false\" value=\"\" type=\"text\" name=\"your-last-name\" \/><\/span>\n\t<\/p>\n<\/div>\n<div class=\"col-xs-12 col-md-6\">\n\t<p><span class='titoli'>Firma (*)<\/span>\n\t<\/p>\n\t<p><span class=\"wpcf7-form-control-wrap\" data-name=\"your-company\"><input size=\"40\" class=\"wpcf7-form-control wpcf7-text wpcf7-validates-as-required form-control\" aria-required=\"true\" aria-invalid=\"false\" value=\"\" type=\"text\" name=\"your-company\" \/><\/span>\n\t<\/p>\n<\/div>\n<div class=\"col-xs-12 col-md-6\">\n\t<p><span class='titoli'>Numer NIP<\/span>\n\t<\/p>\n\t<p><span class=\"wpcf7-form-control-wrap\" data-name=\"p-iva\"><input size=\"40\" class=\"wpcf7-form-control wpcf7-text form-control\" aria-invalid=\"false\" value=\"\" type=\"text\" name=\"p-iva\" \/><\/span>\n\t<\/p>\n<\/div>\n<div class=\"clearboth\">\n<\/div>\n<div class=\"col-xs-12 col-md-4\">\n\t<p><span class='titoli'>Kod pocztowy (*)<\/span>\n\t<\/p>\n\t<p><span class=\"wpcf7-form-control-wrap\" data-name=\"your-zip-code\"><input size=\"40\" class=\"wpcf7-form-control wpcf7-text wpcf7-validates-as-required form-control\" aria-required=\"true\" aria-invalid=\"false\" value=\"\" type=\"text\" name=\"your-zip-code\" \/><\/span>\n\t<\/p>\n<\/div>\n<div class=\"col-xs-12 col-md-4\">\n\t<p><span class='titoli'>Adres (*)<\/span>\n\t<\/p>\n\t<p><span class=\"wpcf7-form-control-wrap\" data-name=\"your-address\"><input size=\"40\" class=\"wpcf7-form-control wpcf7-text wpcf7-validates-as-required form-control\" aria-required=\"true\" aria-invalid=\"false\" value=\"\" type=\"text\" name=\"your-address\" \/><\/span>\n\t<\/p>\n<\/div>\n<div class=\"col-xs-12 col-md-4\">\n\t<p><span class='titoli'>Miasto (*)<\/span>\n\t<\/p>\n\t<p><span class=\"wpcf7-form-control-wrap\" data-name=\"your-Town\"><input size=\"40\" class=\"wpcf7-form-control wpcf7-text wpcf7-validates-as-required form-control\" aria-required=\"true\" aria-invalid=\"false\" value=\"\" type=\"text\" name=\"your-Town\" \/><\/span>\n\t<\/p>\n<\/div>\n<div class=\"clearboth\">\n<\/div>\n<div class=\"col-xs-12 col-md-6\">\n\t<p><span class='titoli'>email (*)<\/span>\n\t<\/p>\n\t<p><span class=\"wpcf7-form-control-wrap\" data-name=\"your-email\"><input size=\"40\" class=\"wpcf7-form-control wpcf7-text wpcf7-email wpcf7-validates-as-required wpcf7-validates-as-email form-control\" aria-required=\"true\" aria-invalid=\"false\" value=\"\" type=\"email\" name=\"your-email\" \/><\/span>\n\t<\/p>\n<\/div>\n<div class=\"col-xs-12 col-md-6\">\n\t<p><span class='titoli'>Telefon (*)<\/span>\n\t<\/p>\n\t<p><span class=\"wpcf7-form-control-wrap\" data-name=\"telefono\"><input size=\"40\" class=\"wpcf7-form-control wpcf7-text wpcf7-tel wpcf7-validates-as-required wpcf7-validates-as-tel form-control\" aria-required=\"true\" aria-invalid=\"false\" value=\"\" type=\"tel\" name=\"telefono\" \/><\/span>\n\t<\/p>\n<\/div>\n<div class=\"clearboth\">\n<\/div>\n<div class=\"col-xs-12 col-md-6\">\n\t<p><span class='titoli'>Przedmiot <\/span>\n\t<\/p>\n\t<p><span class=\"wpcf7-form-control-wrap\" data-name=\"oggetto\"><select class=\"wpcf7-form-control wpcf7-select wpcf7-validates-as-required\" aria-required=\"true\" aria-invalid=\"false\" name=\"oggetto\"><option value=\"Oferta\">Oferta<\/option><option value=\"Informacje techniczne\">Informacje techniczne<\/option><option value=\"Powo\u0142anie\">Powo\u0142anie<\/option><\/select><\/span>\n\t<\/p>\n<\/div>\n<div class=\"col-xs-12 col-md-6\">\n\t<p><br \/>\n<span class=\"titoli\"> <span class=\"wpcf7-form-control-wrap\" data-name=\"cliente\"><span class=\"wpcf7-form-control wpcf7-checkbox\"><span class=\"wpcf7-list-item first last\"><label><span class=\"wpcf7-list-item-label\">Jestem ju\u017c klientem<\/span><input type=\"checkbox\" name=\"cliente[]\" value=\"Jestem ju\u017c klientem\" \/><\/label><\/span><\/span><\/span><\/span>\n\t<\/p>\n<\/div>\n<div class=\"col-xs-12 col-md-12\">\n\t<p><span class='titoli'>Wiadomo\u015b\u0107 (*)<\/span>\n\t<\/p>\n\t<p><span class=\"wpcf7-form-control-wrap\" data-name=\"your-message\"><textarea cols=\"40\" rows=\"10\" class=\"wpcf7-form-control wpcf7-textarea wpcf7-validates-as-required form-control\" aria-required=\"true\" aria-invalid=\"false\" name=\"your-message\"><\/textarea><\/span>\n\t<\/p>\n<\/div>\n<div class=\"col-xs-12 col-md-12\">\n\t<p><small>Wprowadzone dane b\u0119d\u0105 traktowane z zachowaniem \u015bcis\u0142ej poufno\u015bci zgodnie z prawem i nasz\u0105 polityk\u0105 prywatno\u015bci. <a href=\"https:\/\/www.storevan.com\/pl\/privacy-policy\/\">Polityk\u0105 prywatno\u015bci<\/a><\/small>\n\t<\/p>\n\t<p><span class=\"wpcf7-form-control-wrap\" data-name=\"AccettazionePrivacy\"><span class=\"wpcf7-form-control wpcf7-acceptance\"><span class=\"wpcf7-list-item\"><input type=\"checkbox\" name=\"AccettazionePrivacy\" value=\"1\" aria-invalid=\"false\" \/><\/span><\/span><\/span> O\u015bwiadczam, \u017ce zapozna\u0142am si\u0119 z <a href=\"https:\/\/www.storevan.com\/pl\/privacy-policy\/\">polityk\u0105 prywatno\u015bci<\/a> i zgadzam si\u0119 na wykorzystanie moich danych osobowych w opisanych tam przypadkach.(*)(*)<br \/>\n\t<span class=\"wpcf7-form-control-wrap recaptcha\" data-name=\"recaptcha\"><span data-sitekey=\"6LdfM4AUAAAAAJjsAucux5WVNA3hsk5KP0a03T_n\" class=\"wpcf7-form-control g-recaptcha wpcf7-recaptcha\"><\/span>\r\n<noscript>\r\n\t<div class=\"grecaptcha-noscript\">\r\n\t\t<iframe src=\"https:\/\/www.google.com\/recaptcha\/api\/fallback?k=6LdfM4AUAAAAAJjsAucux5WVNA3hsk5KP0a03T_n\" frameborder=\"0\" scrolling=\"no\" width=\"310\" height=\"430\">\r\n\t\t<\/iframe>\r\n\t\t<textarea name=\"g-recaptcha-response\" rows=\"3\" cols=\"40\" placeholder=\"reCaptcha Response Here\">\r\n\t\t<\/textarea>\r\n\t<\/div>\r\n<\/noscript>\r\n<\/span>\n\t<\/p>\n<\/div>\n<hr class=\"noColor\" \/>\n<p><input class=\"wpcf7-form-control has-spinner wpcf7-submit\" type=\"submit\" value=\"Wy\u015blij\" \/>\n<\/p><div class=\"wpcf7-response-output\" aria-hidden=\"true\"><\/div>\n<\/form>\n<\/div>\n\n","protected":false},"excerpt":{"rendered":"<p>Zabudowy do Renault Master Skontaktuj si\u0119 z nami by uzyska\u0107 indywidulan\u0161, niezboowi\u0161zuj\u0161c\u0161 wycen\u0119 zabudowy Twojego Renault Master.\u00a0Blacha z\u00a0pow\u0142ok\u0105 \u201eGalvannealed\u201d, stosowana przez Store Van do produkcji wyposa\u017cenia do pojazd\u00f3w u\u017cytkowych Renault.<\/p>\n","protected":false},"author":470,"featured_media":0,"parent":16569,"menu_order":0,"comment_status":"closed","ping_status":"closed","template":"pageSlider.php","meta":[],"acf":[],"yoast_head":"<!-- This site is optimized with the Yoast SEO plugin v20.11 - https:\/\/yoast.com\/wordpress\/plugins\/seo\/ -->\n<title>Zabudowy do Renault Master<\/title>\n<meta name=\"description\" content=\"Wyposa\u017cenie Store Van do samochod\u00f3w dostawczych przekszta\u0142ca samoch\u00f3d roboczy w\u00a0mobilny warsztat w\u00a0prawdziwym tego s\u0142owa znaczeniu.\" \/>\n<meta name=\"robots\" content=\"index, follow, max-snippet:-1, max-image-preview:large, max-video-preview:-1\" \/>\n<link rel=\"canonical\" href=\"https:\/\/www.storevan.com\/allestimenti-veicoli-commerciali\/furgoni-renault\/master\/\" \/>\n<meta property=\"og:locale\" content=\"pl_PL\" \/>\n<meta property=\"og:type\" content=\"article\" \/>\n<meta property=\"og:title\" content=\"Zabudowy do Renault Master\" \/>\n<meta property=\"og:description\" content=\"Wyposa\u017cenie Store Van do samochod\u00f3w dostawczych przekszta\u0142ca samoch\u00f3d roboczy w\u00a0mobilny warsztat w\u00a0prawdziwym tego s\u0142owa znaczeniu.\" \/>\n<meta property=\"og:url\" content=\"https:\/\/www.storevan.com\/allestimenti-veicoli-commerciali\/furgoni-renault\/master\/\" \/>\n<meta property=\"og:site_name\" content=\"Store Van\" \/>\n<meta property=\"article:modified_time\" content=\"2021-10-20T10:11:41+00:00\" \/>\n<meta property=\"og:image\" content=\"https:\/\/www.storevan.com\/wp-content\/uploads\/veicoli\/pianali-pannellature\/safety-1-300x280.jpg\" \/>\n<meta name=\"twitter:label1\" content=\"Szacowany czas czytania\" \/>\n\t<meta name=\"twitter:data1\" content=\"2 minuty\" \/>\n<script type=\"application\/ld+json\" class=\"yoast-schema-graph\">{\"@context\":\"https:\/\/schema.org\",\"@graph\":[{\"@type\":\"WebPage\",\"@id\":\"https:\/\/www.storevan.com\/allestimenti-veicoli-commerciali\/furgoni-renault\/master\/\",\"url\":\"https:\/\/www.storevan.com\/allestimenti-veicoli-commerciali\/furgoni-renault\/master\/\",\"name\":\"Zabudowy do Renault Master\",\"isPartOf\":{\"@id\":\"https:\/\/www.storevan.com\/pl\/#website\"},\"datePublished\":\"2015-12-09T15:19:25+00:00\",\"dateModified\":\"2021-10-20T10:11:41+00:00\",\"description\":\"Wyposa\u017cenie Store Van do samochod\u00f3w dostawczych przekszta\u0142ca samoch\u00f3d roboczy w\u00a0mobilny warsztat w\u00a0prawdziwym tego s\u0142owa znaczeniu.\",\"breadcrumb\":{\"@id\":\"https:\/\/www.storevan.com\/allestimenti-veicoli-commerciali\/furgoni-renault\/master\/#breadcrumb\"},\"inLanguage\":\"pl-PL\",\"potentialAction\":[{\"@type\":\"ReadAction\",\"target\":[\"https:\/\/www.storevan.com\/allestimenti-veicoli-commerciali\/furgoni-renault\/master\/\"]}]},{\"@type\":\"BreadcrumbList\",\"@id\":\"https:\/\/www.storevan.com\/allestimenti-veicoli-commerciali\/furgoni-renault\/master\/#breadcrumb\",\"itemListElement\":[{\"@type\":\"ListItem\",\"position\":1,\"name\":\"Home\",\"item\":\"https:\/\/www.storevan.com\/pl\/\"},{\"@type\":\"ListItem\",\"position\":2,\"name\":\"Zabudowy\",\"item\":\"https:\/\/www.storevan.com\/allestimenti-veicoli-commerciali\/\"},{\"@type\":\"ListItem\",\"position\":3,\"name\":\"Renault\",\"item\":\"https:\/\/www.storevan.com\/allestimenti-veicoli-commerciali\/furgoni-renault\/\"},{\"@type\":\"ListItem\",\"position\":4,\"name\":\"Master\"}]},{\"@type\":\"WebSite\",\"@id\":\"https:\/\/www.storevan.com\/pl\/#website\",\"url\":\"https:\/\/www.storevan.com\/pl\/\",\"name\":\"Store Van\",\"description\":\"Zabudowy\",\"potentialAction\":[{\"@type\":\"SearchAction\",\"target\":{\"@type\":\"EntryPoint\",\"urlTemplate\":\"https:\/\/www.storevan.com\/pl\/?s={search_term_string}\"},\"query-input\":\"required name=search_term_string\"}],\"inLanguage\":\"pl-PL\"}]}<\/script>\n<!-- \/ Yoast SEO plugin. -->","yoast_head_json":{"title":"Zabudowy do Renault Master","description":"Wyposa\u017cenie Store Van do samochod\u00f3w dostawczych przekszta\u0142ca samoch\u00f3d roboczy w\u00a0mobilny warsztat w\u00a0prawdziwym tego s\u0142owa znaczeniu.","robots":{"index":"index","follow":"follow","max-snippet":"max-snippet:-1","max-image-preview":"max-image-preview:large","max-video-preview":"max-video-preview:-1"},"canonical":"https:\/\/www.storevan.com\/allestimenti-veicoli-commerciali\/furgoni-renault\/master\/","og_locale":"pl_PL","og_type":"article","og_title":"Zabudowy do Renault Master","og_description":"Wyposa\u017cenie Store Van do samochod\u00f3w dostawczych przekszta\u0142ca samoch\u00f3d roboczy w\u00a0mobilny warsztat w\u00a0prawdziwym tego s\u0142owa znaczeniu.","og_url":"https:\/\/www.storevan.com\/allestimenti-veicoli-commerciali\/furgoni-renault\/master\/","og_site_name":"Store Van","article_modified_time":"2021-10-20T10:11:41+00:00","og_image":[{"url":"https:\/\/www.storevan.com\/wp-content\/uploads\/veicoli\/pianali-pannellature\/safety-1-300x280.jpg"}],"twitter_misc":{"Szacowany czas czytania":"2 minuty"},"schema":{"@context":"https:\/\/schema.org","@graph":[{"@type":"WebPage","@id":"https:\/\/www.storevan.com\/allestimenti-veicoli-commerciali\/furgoni-renault\/master\/","url":"https:\/\/www.storevan.com\/allestimenti-veicoli-commerciali\/furgoni-renault\/master\/","name":"Zabudowy do Renault Master","isPartOf":{"@id":"https:\/\/www.storevan.com\/pl\/#website"},"datePublished":"2015-12-09T15:19:25+00:00","dateModified":"2021-10-20T10:11:41+00:00","description":"Wyposa\u017cenie Store Van do samochod\u00f3w dostawczych przekszta\u0142ca samoch\u00f3d roboczy w\u00a0mobilny warsztat w\u00a0prawdziwym tego s\u0142owa znaczeniu.","breadcrumb":{"@id":"https:\/\/www.storevan.com\/allestimenti-veicoli-commerciali\/furgoni-renault\/master\/#breadcrumb"},"inLanguage":"pl-PL","potentialAction":[{"@type":"ReadAction","target":["https:\/\/www.storevan.com\/allestimenti-veicoli-commerciali\/furgoni-renault\/master\/"]}]},{"@type":"BreadcrumbList","@id":"https:\/\/www.storevan.com\/allestimenti-veicoli-commerciali\/furgoni-renault\/master\/#breadcrumb","itemListElement":[{"@type":"ListItem","position":1,"name":"Home","item":"https:\/\/www.storevan.com\/pl\/"},{"@type":"ListItem","position":2,"name":"Zabudowy","item":"https:\/\/www.storevan.com\/allestimenti-veicoli-commerciali\/"},{"@type":"ListItem","position":3,"name":"Renault","item":"https:\/\/www.storevan.com\/allestimenti-veicoli-commerciali\/furgoni-renault\/"},{"@type":"ListItem","position":4,"name":"Master"}]},{"@type":"WebSite","@id":"https:\/\/www.storevan.com\/pl\/#website","url":"https:\/\/www.storevan.com\/pl\/","name":"Store Van","description":"Zabudowy","potentialAction":[{"@type":"SearchAction","target":{"@type":"EntryPoint","urlTemplate":"https:\/\/www.storevan.com\/pl\/?s={search_term_string}"},"query-input":"required name=search_term_string"}],"inLanguage":"pl-PL"}]}},"_links":{"self":[{"href":"https:\/\/www.storevan.com\/pl\/wp-json\/wp\/v2\/pages\/16586"}],"collection":[{"href":"https:\/\/www.storevan.com\/pl\/wp-json\/wp\/v2\/pages"}],"about":[{"href":"https:\/\/www.storevan.com\/pl\/wp-json\/wp\/v2\/types\/page"}],"author":[{"embeddable":true,"href":"https:\/\/www.storevan.com\/pl\/wp-json\/wp\/v2\/users\/470"}],"replies":[{"embeddable":true,"href":"https:\/\/www.storevan.com\/pl\/wp-json\/wp\/v2\/comments?post=16586"}],"version-history":[{"count":5,"href":"https:\/\/www.storevan.com\/pl\/wp-json\/wp\/v2\/pages\/16586\/revisions"}],"predecessor-version":[{"id":134375,"href":"https:\/\/www.storevan.com\/pl\/wp-json\/wp\/v2\/pages\/16586\/revisions\/134375"}],"up":[{"embeddable":true,"href":"https:\/\/www.storevan.com\/pl\/wp-json\/wp\/v2\/pages\/16569"}],"wp:attachment":[{"href":"https:\/\/www.storevan.com\/pl\/wp-json\/wp\/v2\/media?parent=16586"}],"curies":[{"name":"wp","href":"https:\/\/api.w.org\/{rel}","templated":true}]}}