{"id":16576,"date":"2015-12-09T16:19:19","date_gmt":"2015-12-09T15:19:19","guid":{"rendered":"https:\/\/www.storevan.com\/pl\/zabudowy\/furgoni-renault\/kangoo\/"},"modified":"2019-02-07T10:40:31","modified_gmt":"2019-02-07T10:40:31","slug":"kangoo","status":"publish","type":"page","link":"https:\/\/www.storevan.com\/pl\/zabudowy\/renault\/kangoo\/","title":{"rendered":"Kangoo"},"content":{"rendered":"<h1 class=\"customblackTitleSmall\">Zabudowy do Renault Kangoo<\/h1>\n<p><img decoding=\"async\" loading=\"lazy\" class=\"aligncenter size-full wp-image-5725\" src=\"https:\/\/www.storevan.com\/wp-content\/uploads\/2015\/12\/Renault_Kangoo_2013_top.jpg\" alt=\"Store Van - wyposa\u017cenie samochod\u00f3w serwisowych Renault Kangoo\" width=\"1170\" height=\"199\" \/><\/p>\n<p>Wyposa\u017cenie Store Van do samochod\u00f3w dostawczych Renault Kangoo \u00a0poddawane jest cyklowi lakierowania kataforetycznego, co zapewnia poszczeg\u00f3lnym elementom znaczn\u0105\u00a0odporno\u015b\u0107 na korozj\u0119\u00a0(powy\u017cej 500 godzin dla wilgotno\u015bci ASTM D1735) i\u00a0rdz\u0119. Lakierowanie pozwala uzyska\u0107 r\u00f3wnomiern\u0105 warstw\u0119 \u017cywicy akrylowej na powierzchni elementu, a\u00a0tym samym element nara\u017cony na dzia\u0142anie czynnik\u00f3w atmosferycznych nie traci swoich parametr\u00f3w. Store Van oferuje\u00a0indywidualne systemy wyposa\u017cenia pojazd\u00f3w u\u017cytkowych,\u00a0pozwalaj\u0105ce przekszta\u0142ci\u0107 samoch\u00f3d dostawczy\u00a0Renault Kangoo\u00a0w mobilny warsztat,\u00a0dostosowany do okre\u015blonych potrzeb u\u017cytkownika. Zapraszamy do niezobowi\u0105zuj\u0105cego kontaktu, aby uzyska\u0107 indywidualn\u0105 wycen\u0119 wyposa\u017cenia do samochodu dostawczego Kangoo Express.<\/p>\n<h3 class=\"customblackTitleExtraSmall\">SYSTEMY WYPOSA\u017bENIA:<\/h3>\n<section id=\"imgSlide\" class=\"regular sliderSV\">\n<div>\n<div class=\"txtBlue\">SAFETY<\/div>\n<div class=\"ts-gallery\"><a title=\"Wyposa\u017cenie wewn\u0119trzne Safety do samochodu dostawczego KANGOO\" href=\"https:\/\/www.storevan.com\/wp-content\/uploads\/2018\/05\/allestimenti-furgoni-piccoli-Safety.jpg\"><img decoding=\"async\" loading=\"lazy\" class=\"alignnone wp-image-62778 size-medium\" src=\"https:\/\/www.storevan.com\/wp-content\/uploads\/2018\/02\/safety-1-300x280.jpg\" alt=\"Safety, wyposa\u017cenie samochod\u00f3w dostawczych Renault Kangoo\" width=\"300\" height=\"280\" srcset=\"https:\/\/www.storevan.com\/wp-content\/uploads\/2018\/02\/safety-1-300x280.jpg 300w, https:\/\/www.storevan.com\/wp-content\/uploads\/2018\/02\/safety-1-600x560.jpg 600w, https:\/\/www.storevan.com\/wp-content\/uploads\/2018\/02\/safety-1.jpg 750w\" sizes=\"(max-width: 300px) 100vw, 300px\" \/><\/a><\/div>\n<h3 class=\"bigTxt\">Safety, rega\u0142y z mocowaniem \u0142adunku w standardzie<\/h3>\n<div class=\"borderTitle\"><\/div>\n<p><strong>Przyk\u0142ady wyposa\u017cenia:<\/strong><\/p>\n<p><a title=\"Wyposa\u017cenie samochod\u00f3w dostawczych Safety Kangoo L1 H1\" href=\"https:\/\/www.storevan.com\/pl\/wyposazanie-samochodow-dostawczych\/kangoo-l1h1-s\/\"><strong>L1 H1<\/strong> (Rozstaw 2697 mm)<\/a><br \/>\n<a title=\"Wyposa\u017cenie samochod\u00f3w dostawczych Safety Kangoo L2 H1\" href=\"https:\/\/www.storevan.com\/pl\/wyposazanie-samochodow-dostawczych\/kangoo-l2h1-s\/\"><strong>L2 H1<\/strong> (Rozstaw 3081 mm)<\/a><\/p>\n<\/div>\n<div>\n<div class=\"txtBlue\">PROFESSIONAL<\/div>\n<div class=\"ts-gallery\"><a title=\"Wyposa\u017cenie wewn\u0119trzne Professional do samochodu dostawczego KANGOO\" href=\"https:\/\/www.storevan.com\/wp-content\/uploads\/2018\/05\/scaffalature-per-furgone-piccolo-Professional.jpg\"><img decoding=\"async\" loading=\"lazy\" class=\"alignnone wp-image-62784 size-medium\" src=\"https:\/\/www.storevan.com\/wp-content\/uploads\/2018\/02\/professional-1-300x280.jpg\" alt=\"Professional, wyposa\u017cenie samochod\u00f3w dostawczych Renault Kangoo\" width=\"300\" height=\"280\" srcset=\"https:\/\/www.storevan.com\/wp-content\/uploads\/2018\/02\/professional-1-300x280.jpg 300w, https:\/\/www.storevan.com\/wp-content\/uploads\/2018\/02\/professional-1-600x560.jpg 600w, https:\/\/www.storevan.com\/wp-content\/uploads\/2018\/02\/professional-1.jpg 750w\" sizes=\"(max-width: 300px) 100vw, 300px\" \/><\/a><\/div>\n<h3 class=\"bigTxt\">Professional, Rega\u0142y z dodatkowymi systemami mocowania Airline<\/h3>\n<div class=\"borderTitle\"><\/div>\n<p><strong>Przyk\u0142ady wyposa\u017cenia:<\/strong><\/p>\n<p><a title=\"Professional Kangoo L1 H1\" href=\"https:\/\/www.storevan.com\/pl\/wyposazanie-samochodow-dostawczych\/kangoo-l1h1-p\/\"><strong>L1 H1<\/strong> (Rozstaw 2697 mm)<\/a><br \/>\n<a title=\"Professional Kangoo L2 H1\" href=\"https:\/\/www.storevan.com\/pl\/wyposazanie-samochodow-dostawczych\/kangoo-l2h1-p\/\"><strong>L2 H1<\/strong> (Rozstaw 3081 mm)<\/a><\/p>\n<\/div>\n<div>\n<div class=\"txtBlue\">MOBILE<\/div>\n<div id=\"myGallery\" class=\"ts-gallery\"><a title=\"Wyposa\u017cenie wewn\u0119trzne Mobile do samochodu dostawczego KANGOO\" href=\"https:\/\/www.storevan.com\/wp-content\/uploads\/2018\/05\/allestimento-furgoni-piccoli-Mobile.jpg\"><img decoding=\"async\" loading=\"lazy\" class=\"alignnone wp-image-62790 size-medium\" src=\"https:\/\/www.storevan.com\/wp-content\/uploads\/2018\/02\/mobile-1-300x280.jpg\" alt=\"Mobile, wyposa\u017cenie samochod\u00f3w dostawczych Renault Kangoo\" width=\"300\" height=\"280\" srcset=\"https:\/\/www.storevan.com\/wp-content\/uploads\/2018\/02\/mobile-1-300x280.jpg 300w, https:\/\/www.storevan.com\/wp-content\/uploads\/2018\/02\/mobile-1-600x560.jpg 600w, https:\/\/www.storevan.com\/wp-content\/uploads\/2018\/02\/mobile-1.jpg 750w\" sizes=\"(max-width: 300px) 100vw, 300px\" \/><\/a><\/div>\n<h3 class=\"bigTxt\">Mobile, Wyposa\u017cenie uzupe\u0142nione o walizki na drobne elementy i w\u00f3zki<\/h3>\n<div class=\"borderTitle\"><\/div>\n<p><strong>Przyk\u0142ady wyposa\u017cenia:<\/strong><\/p>\n<p><a title=\"Wyposa\u017cenie wewn\u0119trzne Mobile do KANGOO L1 H1\" href=\"https:\/\/www.storevan.com\/pl\/wyposazanie-samochodow-dostawczych\/kangoo-l1h1-m\/\"><strong>L1 H1<\/strong> (Rozstaw 2697 mm)<\/a><br \/>\n<a title=\"Wyposa\u017cenie wewn\u0119trzne Mobile do KANGOO L2 H1\" href=\"https:\/\/www.storevan.com\/pl\/wyposazanie-samochodow-dostawczych\/kangoo-l2h1-m\/\"><strong>L2 H1<\/strong> (Rozstaw 3081 mm)<\/a><\/p>\n<\/div>\n<div>\n<div class=\"txtBlue\">FLOOR UP<\/div>\n<div class=\"ts-gallery\"><a title=\"Wyposa\u017cenie wewn\u0119trzne Floor Up do samochodu dostawczego KANGOO\" href=\"https:\/\/www.storevan.com\/wp-content\/uploads\/2018\/05\/pianale-rialzato-con-cassetti-Floor-up.jpg\"><img decoding=\"async\" loading=\"lazy\" class=\"alignnone size-medium wp-image-63521\" src=\"https:\/\/www.storevan.com\/wp-content\/uploads\/2018\/03\/allestimento-floor-up-2-300x280.jpg\" alt=\"Floor Up, , wyposa\u017cenie samochod\u00f3w dostawczych Renault Kangoo\" width=\"300\" height=\"280\" srcset=\"https:\/\/www.storevan.com\/wp-content\/uploads\/2018\/03\/allestimento-floor-up-2-300x280.jpg 300w, https:\/\/www.storevan.com\/wp-content\/uploads\/2018\/03\/allestimento-floor-up-2-600x560.jpg 600w, https:\/\/www.storevan.com\/wp-content\/uploads\/2018\/03\/allestimento-floor-up-2.jpg 750w\" sizes=\"(max-width: 300px) 100vw, 300px\" \/><\/a><\/div>\n<h3 class=\"bigTxt\">Floor Up, System z szufladami pod pod\u0142og\u0105 i rega\u0142ami do samochod\u00f3w dostawczych ma\u0142ych i \u015brednich<\/h3>\n<div class=\"borderTitle\"><\/div>\n<p><strong>Przyk\u0142ady wyposa\u017cenia:<\/strong><\/p>\n<p><a title=\"Floor Up Kangoo L1 H1\" href=\"https:\/\/www.storevan.com\/pl\/wyposazanie-samochodow-dostawczych\/kangoo-l1h1-f\/\"><strong>L1 H1<\/strong> (Rozstaw 2697 mm)<\/a><br \/>\n<a title=\"Floor Up Kangoo L2 H1\" href=\"https:\/\/www.storevan.com\/pl\/wyposazanie-samochodow-dostawczych\/kangoo-l2h1-f\/\"><strong>L2 H1<\/strong> (Rozstaw 3081 mm)<\/a><\/p>\n<\/div>\n<\/section>\n<hr class=\"noColor\" \/>\n<p><a class=\"btn btnLink\" title=\"Kliknij tutaj, aby dowiedzie\u0107 si\u0119 wi\u0119cej o\u00a0systemach SAFETY, PROFESSIONAL, MOBILE I FLOOR UP\" href=\"https:\/\/www.storevan.com\/pl\/wyposazenia-wewnetrzne-do-samochodow-dostawczych\/\"> Kliknij tutaj, aby dowiedzie\u0107 si\u0119 wi\u0119cej o\u00a0systemach SAFETY, PROFESSIONAL, MOBILE I FLOOR UP<\/a><\/p>\n<h3 class=\"bigTxt text-center txtGrey\">PODSTAWA SKUTECZNEJ OCHRONY POJAZD\u00d3W<\/h3>\n<hr class=\"noColor\" \/>\n<div class=\"two_third\">\n<a title=\"Ok\u0142adzina wewn\u0119trzna i\u00a0pod\u0142oga do Fiata KANGOO\" href=\"https:\/\/www.storevan.com\/pl\/zabudowy\/renault\/kangoo\/scieny-podloga\/\"><img decoding=\"async\" loading=\"lazy\" class=\"aligncenter size-full wp-image-64855\" src=\"https:\/\/www.storevan.com\/wp-content\/uploads\/2018\/03\/pianali-furgone-rivestimento-interno.jpg\" alt=\"Ok\u0142adzina wewn\u0119trzna i\u00a0pod\u0142oga do Fiata KANGOO\" width=\"750\" height=\"600\" srcset=\"https:\/\/www.storevan.com\/wp-content\/uploads\/2018\/03\/pianali-furgone-rivestimento-interno.jpg 750w, https:\/\/www.storevan.com\/wp-content\/uploads\/2018\/03\/pianali-furgone-rivestimento-interno-300x240.jpg 300w, https:\/\/www.storevan.com\/wp-content\/uploads\/2018\/03\/pianali-furgone-rivestimento-interno-600x480.jpg 600w\" sizes=\"(max-width: 750px) 100vw, 750px\" \/><\/a><\/p>\n<\/div><div class=\"one_third last\">\n<div class=\"boxBorder\">\n<h4 class=\"bigTxt blue hidden-xs\">POD\u0141OGA KANGOO I OK\u0141ADZINA WEWN\u0118TRZNA<\/h4>\n<div class=\"borderTitleCenter hidden-xs\"><\/div>\n<h5 class=\"hidden-xs\">Systemy certyfikat T\u00dcV.<img decoding=\"async\" loading=\"lazy\" class=\"alignnone size-full wp-image-67764\" src=\"https:\/\/www.storevan.com\/wp-content\/uploads\/2018\/05\/logo-ISO9001.jpg\" alt=\"certyfikat T\u00dcV\" width=\"50\" height=\"50\" srcset=\"https:\/\/www.storevan.com\/wp-content\/uploads\/2018\/05\/logo-ISO9001.jpg 120w, https:\/\/www.storevan.com\/wp-content\/uploads\/2018\/05\/logo-ISO9001-48x48.jpg 48w\" sizes=\"(max-width: 50px) 100vw, 50px\" \/><\/h5>\n<div class=\"borderTitleCenter hidden-xs\"><\/div>\n<hr class=\"noColor hidden-xs\" \/>\n<div class=\"ts-gallery hidden-xs\"><div class=\"one_half\">\n<a href=\"https:\/\/www.storevan.com\/wp-content\/uploads\/2018\/03\/Dettaglio-pianale-per-furgone-con-punti-ancoraggio-verticali-e-orizzontali-150x150.jpg\"><img decoding=\"async\" loading=\"lazy\" class=\"alignnone wp-image-64377 size-thumbnail\" title=\"Poznaj pod\u0142ogi i panele do KANGOO\" src=\"https:\/\/www.storevan.com\/wp-content\/uploads\/2018\/03\/Dettaglio-pianale-per-furgone-con-punti-ancoraggio-verticali-e-orizzontali-150x150.jpg\" alt=\"Poznaj pod\u0142ogi i panele do KANGOO\" width=\"150\" height=\"150\" srcset=\"https:\/\/www.storevan.com\/wp-content\/uploads\/2018\/03\/Dettaglio-pianale-per-furgone-con-punti-ancoraggio-verticali-e-orizzontali-150x150.jpg 150w, https:\/\/www.storevan.com\/wp-content\/uploads\/2018\/03\/Dettaglio-pianale-per-furgone-con-punti-ancoraggio-verticali-e-orizzontali-300x300.jpg 300w, https:\/\/www.storevan.com\/wp-content\/uploads\/2018\/03\/Dettaglio-pianale-per-furgone-con-punti-ancoraggio-verticali-e-orizzontali-768x768.jpg 768w, https:\/\/www.storevan.com\/wp-content\/uploads\/2018\/03\/Dettaglio-pianale-per-furgone-con-punti-ancoraggio-verticali-e-orizzontali-600x600.jpg 600w, https:\/\/www.storevan.com\/wp-content\/uploads\/2018\/03\/Dettaglio-pianale-per-furgone-con-punti-ancoraggio-verticali-e-orizzontali-48x48.jpg 48w, https:\/\/www.storevan.com\/wp-content\/uploads\/2018\/03\/Dettaglio-pianale-per-furgone-con-punti-ancoraggio-verticali-e-orizzontali-480x480.jpg 480w, https:\/\/www.storevan.com\/wp-content\/uploads\/2018\/03\/Dettaglio-pianale-per-furgone-con-punti-ancoraggio-verticali-e-orizzontali.jpg 800w\" sizes=\"(max-width: 150px) 100vw, 150px\" \/><\/a><br \/>\n<\/div><div class=\"one_half last\">\n<a href=\"https:\/\/www.storevan.com\/wp-content\/uploads\/2018\/03\/allestimento-per-furgone-con-pianale-wood-floor-150x150.jpg\"><img decoding=\"async\" loading=\"lazy\" class=\"alignnone wp-image-64446 size-thumbnail\" title=\"pod\u0142ogi i panele\" src=\"https:\/\/www.storevan.com\/wp-content\/uploads\/2018\/03\/allestimento-per-furgone-con-pianale-wood-floor-150x150.jpg\" alt=\"pod\u0142ogi i panele safety-floor\" width=\"150\" height=\"150\" srcset=\"https:\/\/www.storevan.com\/wp-content\/uploads\/2018\/03\/allestimento-per-furgone-con-pianale-wood-floor-150x150.jpg 150w, https:\/\/www.storevan.com\/wp-content\/uploads\/2018\/03\/allestimento-per-furgone-con-pianale-wood-floor-300x300.jpg 300w, https:\/\/www.storevan.com\/wp-content\/uploads\/2018\/03\/allestimento-per-furgone-con-pianale-wood-floor-768x768.jpg 768w, https:\/\/www.storevan.com\/wp-content\/uploads\/2018\/03\/allestimento-per-furgone-con-pianale-wood-floor-600x600.jpg 600w, https:\/\/www.storevan.com\/wp-content\/uploads\/2018\/03\/allestimento-per-furgone-con-pianale-wood-floor-48x48.jpg 48w, https:\/\/www.storevan.com\/wp-content\/uploads\/2018\/03\/allestimento-per-furgone-con-pianale-wood-floor-480x480.jpg 480w, https:\/\/www.storevan.com\/wp-content\/uploads\/2018\/03\/allestimento-per-furgone-con-pianale-wood-floor.jpg 800w\" sizes=\"(max-width: 150px) 100vw, 150px\" \/><\/a><br \/>\n<\/div><div class=\"clearboth\"><\/div><\/div>\n<div class=\"ts-gallery hidden-xs\"><div class=\"one_half\">\n<a href=\"https:\/\/www.storevan.com\/wp-content\/uploads\/2018\/03\/guide-airline-soffitto-furgone-150x150.jpg\"><img decoding=\"async\" loading=\"lazy\" class=\"alignnone wp-image-64389 size-thumbnail\" title=\"pod\u0142ogi i panele\" src=\"https:\/\/www.storevan.com\/wp-content\/uploads\/2018\/03\/guide-airline-soffitto-furgone-150x150.jpg\" alt=\"pod\u0142ogi i panele\" width=\"150\" height=\"150\" srcset=\"https:\/\/www.storevan.com\/wp-content\/uploads\/2018\/03\/guide-airline-soffitto-furgone-150x150.jpg 150w, https:\/\/www.storevan.com\/wp-content\/uploads\/2018\/03\/guide-airline-soffitto-furgone-300x300.jpg 300w, https:\/\/www.storevan.com\/wp-content\/uploads\/2018\/03\/guide-airline-soffitto-furgone-768x768.jpg 768w, https:\/\/www.storevan.com\/wp-content\/uploads\/2018\/03\/guide-airline-soffitto-furgone-600x600.jpg 600w, https:\/\/www.storevan.com\/wp-content\/uploads\/2018\/03\/guide-airline-soffitto-furgone-48x48.jpg 48w, https:\/\/www.storevan.com\/wp-content\/uploads\/2018\/03\/guide-airline-soffitto-furgone-480x480.jpg 480w, https:\/\/www.storevan.com\/wp-content\/uploads\/2018\/03\/guide-airline-soffitto-furgone.jpg 800w\" sizes=\"(max-width: 150px) 100vw, 150px\" \/><\/a><br \/>\n<\/div><div class=\"one_half last\">\n<a href=\"https:\/\/www.storevan.com\/wp-content\/uploads\/2018\/03\/pianale-per-furgone-con-barre-fermacarico-150x150.jpg\"><img decoding=\"async\" loading=\"lazy\" class=\"alignnone wp-image-64413 size-thumbnail\" title=\"Poznaj pod\u0142ogi i panele do KANGOO\" src=\"https:\/\/www.storevan.com\/wp-content\/uploads\/2018\/03\/pianale-per-furgone-con-barre-fermacarico-150x150.jpg\" alt=\"Poznaj pod\u0142ogi i panele do KANGOO\" width=\"150\" height=\"150\" srcset=\"https:\/\/www.storevan.com\/wp-content\/uploads\/2018\/03\/pianale-per-furgone-con-barre-fermacarico-150x150.jpg 150w, https:\/\/www.storevan.com\/wp-content\/uploads\/2018\/03\/pianale-per-furgone-con-barre-fermacarico-300x300.jpg 300w, https:\/\/www.storevan.com\/wp-content\/uploads\/2018\/03\/pianale-per-furgone-con-barre-fermacarico-768x768.jpg 768w, https:\/\/www.storevan.com\/wp-content\/uploads\/2018\/03\/pianale-per-furgone-con-barre-fermacarico-600x600.jpg 600w, https:\/\/www.storevan.com\/wp-content\/uploads\/2018\/03\/pianale-per-furgone-con-barre-fermacarico-48x48.jpg 48w, https:\/\/www.storevan.com\/wp-content\/uploads\/2018\/03\/pianale-per-furgone-con-barre-fermacarico-480x480.jpg 480w, https:\/\/www.storevan.com\/wp-content\/uploads\/2018\/03\/pianale-per-furgone-con-barre-fermacarico.jpg 800w\" sizes=\"(max-width: 150px) 100vw, 150px\" \/><\/a><br \/>\n<\/div><div class=\"clearboth\"><\/div><\/div>\n<div class=\"btnFullWidth\"><a class=\"btn btn-blue\" href=\"https:\/\/www.storevan.com\/pl\/zabudowy\/renault\/kangoo\/scieny-podloga\/\">POZNAJ POD\u0141OGI I PANELE DO KANGOO <i class=\"fa fa-angle-double-right\"><\/i><\/a><\/div>\n<\/div>\n<\/div><div class=\"clearboth\"><\/div>\n<h3 class=\"bigTxt text-center txtGrey\">UZUPE\u0141NIJ WYPOSA\u017bENIE DO KANGOO CARGO O<\/h3>\n<div class=\"two_third\">\n<img decoding=\"async\" loading=\"lazy\" class=\"aligncenter wp-image-66327 size-full\" src=\"https:\/\/www.storevan.com\/wp-content\/uploads\/2018\/04\/012-portascale_portatutto.jpg\" alt=\"UCHWYT UNIWERSALNY I UCHWYT DO DRABIN DO KANGOO\" width=\"745\" height=\"200\" srcset=\"https:\/\/www.storevan.com\/wp-content\/uploads\/2018\/04\/012-portascale_portatutto.jpg 745w, https:\/\/www.storevan.com\/wp-content\/uploads\/2018\/04\/012-portascale_portatutto-300x81.jpg 300w, https:\/\/www.storevan.com\/wp-content\/uploads\/2018\/04\/012-portascale_portatutto-600x161.jpg 600w\" sizes=\"(max-width: 745px) 100vw, 745px\" \/><br \/>\n<\/div><div class=\"one_third last\">\n<h4 class=\"bigTxt blue\">UCHWYT UNIWERSALNY I UCHWYT DO DRABIN DO KANGOO<\/h4>\n<div class=\"borderTitle\"><\/div>\n<p>Gdy transport materia\u0142\u00f3w i sprz\u0119tu odbywa si\u0119 wewn\u0105trz samochodu dostawczego, wi\u0119ksz\u0105 ilo\u015b\u0107 miejsca zapewni pod\u0142oga podwy\u017cszona Store Van. Gdyby to by\u0142o has\u0142o reklamowe, brzmia\u0142by \u201eLess is more\u201d. Natomiast jest to kwintesencja wzornictwa, kt\u00f3re zwi\u0119ksza pojemno\u015b\u0107 przedzia\u0142u \u0142adunkowego \u015brednich i ma\u0142ych pojazd\u00f3w u\u017cytkowych.<\/p>\n<p><a class=\"btn btn-blue\" title=\"Poznaj uchwyty uniwersalne i uchwyty do drabin do KANGOO\" href=\"https:\/\/www.storevan.com\/pl\/zabudowy\/renault\/kangoo\/bagazniki-dachowe\/\">POZNAJ UCHWYTY UNIWERSALNE I UCHWYTY DO DRABIN DO KANGOO<\/a><br \/>\n<\/div><div class=\"clearboth\"><\/div>\n<hr class=\"noColor\" \/>\n<div class=\"break\"><\/div>\n<hr \/>\n<div class=\"one_half\">\n<div class=\"text-center\"><a class=\"btn btn-download\" href=\"tel:+390424585455\"><i class=\"fa fa-phone\"><\/i> <span class=\"spanBtn\">ZADZWO\u0143 TERAZ<\/span><br \/>\nuzyskasz wszelkie informacje<\/a><\/div>\n<\/div><div class=\"one_half last\">\n<div class=\"text-center\"><a class=\"btn btn-download\" href=\"https:\/\/www.storevan.com\/wp-content\/uploads\/doc\/RENAULT_KANGOO_Equipamiento_Wyposazenie_StoreVan_espl.pdf\" target=\"_blank\" rel=\"noopener\"><i class=\"fa fa-download\"><\/i> <span class=\"spanBtn\">Pobierz<\/span><br \/>\nKATALOG KANGOO<\/a><\/div>\n<\/div><div class=\"clearboth\"><\/div>\n<hr \/>\n<h4 class=\"bigTxt text-center txtBkOrange\"><i class=\"fa fa-envelope pull-left\"><\/i>Vuoi saperne di pi\u00f9? CHCESZ WIEDZIE\u0106 WI\u0118CEJ?<\/h4>\n\n<div class=\"wpcf7 no-js\" id=\"wpcf7-f67676-o1\" lang=\"it-IT\" dir=\"ltr\">\n<div class=\"screen-reader-response\"><p role=\"status\" aria-live=\"polite\" aria-atomic=\"true\"><\/p> <ul><\/ul><\/div>\n<form action=\"\/pl\/wp-json\/wp\/v2\/pages\/16576#wpcf7-f67676-o1\" method=\"post\" class=\"wpcf7-form init\" aria-label=\"Modulo di contatto\" novalidate=\"novalidate\" data-status=\"init\">\n<div style=\"display: none;\">\n<input type=\"hidden\" name=\"_wpcf7\" value=\"67676\" \/>\n<input type=\"hidden\" name=\"_wpcf7_version\" value=\"5.7.7\" \/>\n<input type=\"hidden\" name=\"_wpcf7_locale\" value=\"it_IT\" \/>\n<input type=\"hidden\" name=\"_wpcf7_unit_tag\" value=\"wpcf7-f67676-o1\" \/>\n<input type=\"hidden\" name=\"_wpcf7_container_post\" value=\"0\" \/>\n<input type=\"hidden\" name=\"_wpcf7_posted_data_hash\" value=\"\" \/>\n<input type=\"hidden\" name=\"_wpcf7_recaptcha_response\" value=\"\" \/>\n<\/div>\n<span class=\"wpcf7-form-control-wrap url\" data-name=\"url\"><input type=\"hidden\" name=\"url\" size=\"40\" class=\"wpcf7-form-control wpcf7-hidden wpcf7dtx wpcf7dtx-hidden\" aria-invalid=\"false\" value=\"kangoo\" autocomplete=\"off\" \/><\/span>\n<p>Wype\u0142nij poni\u017csze pola, aby otrzyma\u0107 wi\u0119cej informacji. Nasz operator skontaktuje si\u0119 z\u00a0tob\u0105 najszybciej, jak to mo\u017cliwe (* pola obowi\u0105zkowe):\n<\/p>\n<div class=\"col-xs-12 col-md-6\">\n\t<p><span class='titoli'>Imi\u0119 (*)<\/span>\n\t<\/p>\n\t<p><span class=\"wpcf7-form-control-wrap\" data-name=\"your-name\"><input size=\"40\" class=\"wpcf7-form-control wpcf7-text wpcf7-validates-as-required form-control\" aria-required=\"true\" aria-invalid=\"false\" value=\"\" type=\"text\" name=\"your-name\" \/><\/span>\n\t<\/p>\n<\/div>\n<div class=\"col-xs-12 col-md-6\">\n\t<p><span class='titoli'>Nazwisko (*)<\/span>\n\t<\/p>\n\t<p><span class=\"wpcf7-form-control-wrap\" data-name=\"your-last-name\"><input size=\"40\" class=\"wpcf7-form-control wpcf7-text wpcf7-validates-as-required form-control\" aria-required=\"true\" aria-invalid=\"false\" value=\"\" type=\"text\" name=\"your-last-name\" \/><\/span>\n\t<\/p>\n<\/div>\n<div class=\"col-xs-12 col-md-6\">\n\t<p><span class='titoli'>Firma (*)<\/span>\n\t<\/p>\n\t<p><span class=\"wpcf7-form-control-wrap\" data-name=\"your-company\"><input size=\"40\" class=\"wpcf7-form-control wpcf7-text wpcf7-validates-as-required form-control\" aria-required=\"true\" aria-invalid=\"false\" value=\"\" type=\"text\" name=\"your-company\" \/><\/span>\n\t<\/p>\n<\/div>\n<div class=\"col-xs-12 col-md-6\">\n\t<p><span class='titoli'>Numer NIP<\/span>\n\t<\/p>\n\t<p><span class=\"wpcf7-form-control-wrap\" data-name=\"p-iva\"><input size=\"40\" class=\"wpcf7-form-control wpcf7-text form-control\" aria-invalid=\"false\" value=\"\" type=\"text\" name=\"p-iva\" \/><\/span>\n\t<\/p>\n<\/div>\n<div class=\"clearboth\">\n<\/div>\n<div class=\"col-xs-12 col-md-4\">\n\t<p><span class='titoli'>Kod pocztowy (*)<\/span>\n\t<\/p>\n\t<p><span class=\"wpcf7-form-control-wrap\" data-name=\"your-zip-code\"><input size=\"40\" class=\"wpcf7-form-control wpcf7-text wpcf7-validates-as-required form-control\" aria-required=\"true\" aria-invalid=\"false\" value=\"\" type=\"text\" name=\"your-zip-code\" \/><\/span>\n\t<\/p>\n<\/div>\n<div class=\"col-xs-12 col-md-4\">\n\t<p><span class='titoli'>Adres (*)<\/span>\n\t<\/p>\n\t<p><span class=\"wpcf7-form-control-wrap\" data-name=\"your-address\"><input size=\"40\" class=\"wpcf7-form-control wpcf7-text wpcf7-validates-as-required form-control\" aria-required=\"true\" aria-invalid=\"false\" value=\"\" type=\"text\" name=\"your-address\" \/><\/span>\n\t<\/p>\n<\/div>\n<div class=\"col-xs-12 col-md-4\">\n\t<p><span class='titoli'>Miasto (*)<\/span>\n\t<\/p>\n\t<p><span class=\"wpcf7-form-control-wrap\" data-name=\"your-Town\"><input size=\"40\" class=\"wpcf7-form-control wpcf7-text wpcf7-validates-as-required form-control\" aria-required=\"true\" aria-invalid=\"false\" value=\"\" type=\"text\" name=\"your-Town\" \/><\/span>\n\t<\/p>\n<\/div>\n<div class=\"clearboth\">\n<\/div>\n<div class=\"col-xs-12 col-md-6\">\n\t<p><span class='titoli'>email (*)<\/span>\n\t<\/p>\n\t<p><span class=\"wpcf7-form-control-wrap\" data-name=\"your-email\"><input size=\"40\" class=\"wpcf7-form-control wpcf7-text wpcf7-email wpcf7-validates-as-required wpcf7-validates-as-email form-control\" aria-required=\"true\" aria-invalid=\"false\" value=\"\" type=\"email\" name=\"your-email\" \/><\/span>\n\t<\/p>\n<\/div>\n<div class=\"col-xs-12 col-md-6\">\n\t<p><span class='titoli'>Telefon (*)<\/span>\n\t<\/p>\n\t<p><span class=\"wpcf7-form-control-wrap\" data-name=\"telefono\"><input size=\"40\" class=\"wpcf7-form-control wpcf7-text wpcf7-tel wpcf7-validates-as-required wpcf7-validates-as-tel form-control\" aria-required=\"true\" aria-invalid=\"false\" value=\"\" type=\"tel\" name=\"telefono\" \/><\/span>\n\t<\/p>\n<\/div>\n<div class=\"clearboth\">\n<\/div>\n<div class=\"col-xs-12 col-md-6\">\n\t<p><span class='titoli'>Przedmiot <\/span>\n\t<\/p>\n\t<p><span class=\"wpcf7-form-control-wrap\" data-name=\"oggetto\"><select class=\"wpcf7-form-control wpcf7-select wpcf7-validates-as-required\" aria-required=\"true\" aria-invalid=\"false\" name=\"oggetto\"><option value=\"Oferta\">Oferta<\/option><option value=\"Informacje techniczne\">Informacje techniczne<\/option><option value=\"Powo\u0142anie\">Powo\u0142anie<\/option><\/select><\/span>\n\t<\/p>\n<\/div>\n<div class=\"col-xs-12 col-md-6\">\n\t<p><br \/>\n<span class=\"titoli\"> <span class=\"wpcf7-form-control-wrap\" data-name=\"cliente\"><span class=\"wpcf7-form-control wpcf7-checkbox\"><span class=\"wpcf7-list-item first last\"><label><span class=\"wpcf7-list-item-label\">Jestem ju\u017c klientem<\/span><input type=\"checkbox\" name=\"cliente[]\" value=\"Jestem ju\u017c klientem\" \/><\/label><\/span><\/span><\/span><\/span>\n\t<\/p>\n<\/div>\n<div class=\"col-xs-12 col-md-12\">\n\t<p><span class='titoli'>Wiadomo\u015b\u0107 (*)<\/span>\n\t<\/p>\n\t<p><span class=\"wpcf7-form-control-wrap\" data-name=\"your-message\"><textarea cols=\"40\" rows=\"10\" class=\"wpcf7-form-control wpcf7-textarea wpcf7-validates-as-required form-control\" aria-required=\"true\" aria-invalid=\"false\" name=\"your-message\"><\/textarea><\/span>\n\t<\/p>\n<\/div>\n<div class=\"col-xs-12 col-md-12\">\n\t<p><small>Wprowadzone dane b\u0119d\u0105 traktowane z zachowaniem \u015bcis\u0142ej poufno\u015bci zgodnie z prawem i nasz\u0105 polityk\u0105 prywatno\u015bci. <a href=\"https:\/\/www.storevan.com\/pl\/privacy-policy\/\">Polityk\u0105 prywatno\u015bci<\/a><\/small>\n\t<\/p>\n\t<p><span class=\"wpcf7-form-control-wrap\" data-name=\"AccettazionePrivacy\"><span class=\"wpcf7-form-control wpcf7-acceptance\"><span class=\"wpcf7-list-item\"><input type=\"checkbox\" name=\"AccettazionePrivacy\" value=\"1\" aria-invalid=\"false\" \/><\/span><\/span><\/span> O\u015bwiadczam, \u017ce zapozna\u0142am si\u0119 z <a href=\"https:\/\/www.storevan.com\/pl\/privacy-policy\/\">polityk\u0105 prywatno\u015bci<\/a> i zgadzam si\u0119 na wykorzystanie moich danych osobowych w opisanych tam przypadkach.(*)(*)<br \/>\n\t<span class=\"wpcf7-form-control-wrap recaptcha\" data-name=\"recaptcha\"><span data-sitekey=\"6LdfM4AUAAAAAJjsAucux5WVNA3hsk5KP0a03T_n\" class=\"wpcf7-form-control g-recaptcha wpcf7-recaptcha\"><\/span>\r\n<noscript>\r\n\t<div class=\"grecaptcha-noscript\">\r\n\t\t<iframe src=\"https:\/\/www.google.com\/recaptcha\/api\/fallback?k=6LdfM4AUAAAAAJjsAucux5WVNA3hsk5KP0a03T_n\" frameborder=\"0\" scrolling=\"no\" width=\"310\" height=\"430\">\r\n\t\t<\/iframe>\r\n\t\t<textarea name=\"g-recaptcha-response\" rows=\"3\" cols=\"40\" placeholder=\"reCaptcha Response Here\">\r\n\t\t<\/textarea>\r\n\t<\/div>\r\n<\/noscript>\r\n<\/span>\n\t<\/p>\n<\/div>\n<hr class=\"noColor\" \/>\n<p><input class=\"wpcf7-form-control has-spinner wpcf7-submit\" type=\"submit\" value=\"Wy\u015blij\" \/>\n<\/p><div class=\"wpcf7-response-output\" aria-hidden=\"true\"><\/div>\n<\/form>\n<\/div>\n\n","protected":false},"excerpt":{"rendered":"<p>Zabudowy do Renault Kangoo Wyposa\u017cenie Store Van do samochod\u00f3w dostawczych Renault Kangoo \u00a0poddawane jest cyklowi lakierowania kataforetycznego, co zapewnia poszczeg\u00f3lnym elementom znaczn\u0105\u00a0odporno\u015b\u0107 na korozj\u0119\u00a0(powy\u017cej 500 godzin dla wilgotno\u015bci ASTM D1735).<\/p>\n","protected":false},"author":470,"featured_media":0,"parent":16569,"menu_order":0,"comment_status":"closed","ping_status":"closed","template":"pageSlider.php","meta":[],"acf":[],"yoast_head":"<!-- This site is optimized with the Yoast SEO plugin v20.11 - https:\/\/yoast.com\/wordpress\/plugins\/seo\/ -->\n<title>Zabudowy do Renault Kangoo<\/title>\n<meta name=\"description\" content=\"Skontaktuj si\u0119 z nami by uzyska\u0107 indywidulan\u0161, niezboowi\u0161zuj\u0161c\u0161 wycen\u0119 zabudowy Twojego Reanult Kangoo.\" \/>\n<meta name=\"robots\" content=\"index, follow, max-snippet:-1, max-image-preview:large, max-video-preview:-1\" \/>\n<link rel=\"canonical\" href=\"https:\/\/www.storevan.com\/allestimenti-veicoli-commerciali\/furgoni-renault\/kangoo\/\" \/>\n<meta property=\"og:locale\" content=\"pl_PL\" \/>\n<meta property=\"og:type\" content=\"article\" \/>\n<meta property=\"og:title\" content=\"Zabudowy do Renault Kangoo\" \/>\n<meta property=\"og:description\" content=\"Skontaktuj si\u0119 z nami by uzyska\u0107 indywidulan\u0161, niezboowi\u0161zuj\u0161c\u0161 wycen\u0119 zabudowy Twojego Reanult Kangoo.\" \/>\n<meta property=\"og:url\" content=\"https:\/\/www.storevan.com\/allestimenti-veicoli-commerciali\/furgoni-renault\/kangoo\/\" \/>\n<meta property=\"og:site_name\" content=\"Store Van\" \/>\n<meta property=\"article:modified_time\" content=\"2019-02-07T10:40:31+00:00\" \/>\n<meta property=\"og:image\" content=\"https:\/\/www.storevan.com\/wp-content\/uploads\/2015\/12\/Renault_Kangoo_2013_top.jpg\" \/>\n<meta name=\"twitter:label1\" content=\"Szacowany czas czytania\" \/>\n\t<meta name=\"twitter:data1\" content=\"2 minuty\" \/>\n<script type=\"application\/ld+json\" class=\"yoast-schema-graph\">{\"@context\":\"https:\/\/schema.org\",\"@graph\":[{\"@type\":\"WebPage\",\"@id\":\"https:\/\/www.storevan.com\/allestimenti-veicoli-commerciali\/furgoni-renault\/kangoo\/\",\"url\":\"https:\/\/www.storevan.com\/allestimenti-veicoli-commerciali\/furgoni-renault\/kangoo\/\",\"name\":\"Zabudowy do Renault Kangoo\",\"isPartOf\":{\"@id\":\"https:\/\/www.storevan.com\/pl\/#website\"},\"datePublished\":\"2015-12-09T15:19:19+00:00\",\"dateModified\":\"2019-02-07T10:40:31+00:00\",\"description\":\"Skontaktuj si\u0119 z nami by uzyska\u0107 indywidulan\u0161, niezboowi\u0161zuj\u0161c\u0161 wycen\u0119 zabudowy Twojego Reanult Kangoo.\",\"breadcrumb\":{\"@id\":\"https:\/\/www.storevan.com\/allestimenti-veicoli-commerciali\/furgoni-renault\/kangoo\/#breadcrumb\"},\"inLanguage\":\"pl-PL\",\"potentialAction\":[{\"@type\":\"ReadAction\",\"target\":[\"https:\/\/www.storevan.com\/allestimenti-veicoli-commerciali\/furgoni-renault\/kangoo\/\"]}]},{\"@type\":\"BreadcrumbList\",\"@id\":\"https:\/\/www.storevan.com\/allestimenti-veicoli-commerciali\/furgoni-renault\/kangoo\/#breadcrumb\",\"itemListElement\":[{\"@type\":\"ListItem\",\"position\":1,\"name\":\"Home\",\"item\":\"https:\/\/www.storevan.com\/pl\/\"},{\"@type\":\"ListItem\",\"position\":2,\"name\":\"Zabudowy\",\"item\":\"https:\/\/www.storevan.com\/allestimenti-veicoli-commerciali\/\"},{\"@type\":\"ListItem\",\"position\":3,\"name\":\"Renault\",\"item\":\"https:\/\/www.storevan.com\/allestimenti-veicoli-commerciali\/furgoni-renault\/\"},{\"@type\":\"ListItem\",\"position\":4,\"name\":\"Kangoo\"}]},{\"@type\":\"WebSite\",\"@id\":\"https:\/\/www.storevan.com\/pl\/#website\",\"url\":\"https:\/\/www.storevan.com\/pl\/\",\"name\":\"Store Van\",\"description\":\"Zabudowy\",\"potentialAction\":[{\"@type\":\"SearchAction\",\"target\":{\"@type\":\"EntryPoint\",\"urlTemplate\":\"https:\/\/www.storevan.com\/pl\/?s={search_term_string}\"},\"query-input\":\"required name=search_term_string\"}],\"inLanguage\":\"pl-PL\"}]}<\/script>\n<!-- \/ Yoast SEO plugin. -->","yoast_head_json":{"title":"Zabudowy do Renault Kangoo","description":"Skontaktuj si\u0119 z nami by uzyska\u0107 indywidulan\u0161, niezboowi\u0161zuj\u0161c\u0161 wycen\u0119 zabudowy Twojego Reanult Kangoo.","robots":{"index":"index","follow":"follow","max-snippet":"max-snippet:-1","max-image-preview":"max-image-preview:large","max-video-preview":"max-video-preview:-1"},"canonical":"https:\/\/www.storevan.com\/allestimenti-veicoli-commerciali\/furgoni-renault\/kangoo\/","og_locale":"pl_PL","og_type":"article","og_title":"Zabudowy do Renault Kangoo","og_description":"Skontaktuj si\u0119 z nami by uzyska\u0107 indywidulan\u0161, niezboowi\u0161zuj\u0161c\u0161 wycen\u0119 zabudowy Twojego Reanult Kangoo.","og_url":"https:\/\/www.storevan.com\/allestimenti-veicoli-commerciali\/furgoni-renault\/kangoo\/","og_site_name":"Store Van","article_modified_time":"2019-02-07T10:40:31+00:00","og_image":[{"url":"https:\/\/www.storevan.com\/wp-content\/uploads\/2015\/12\/Renault_Kangoo_2013_top.jpg"}],"twitter_misc":{"Szacowany czas czytania":"2 minuty"},"schema":{"@context":"https:\/\/schema.org","@graph":[{"@type":"WebPage","@id":"https:\/\/www.storevan.com\/allestimenti-veicoli-commerciali\/furgoni-renault\/kangoo\/","url":"https:\/\/www.storevan.com\/allestimenti-veicoli-commerciali\/furgoni-renault\/kangoo\/","name":"Zabudowy do Renault Kangoo","isPartOf":{"@id":"https:\/\/www.storevan.com\/pl\/#website"},"datePublished":"2015-12-09T15:19:19+00:00","dateModified":"2019-02-07T10:40:31+00:00","description":"Skontaktuj si\u0119 z nami by uzyska\u0107 indywidulan\u0161, niezboowi\u0161zuj\u0161c\u0161 wycen\u0119 zabudowy Twojego Reanult Kangoo.","breadcrumb":{"@id":"https:\/\/www.storevan.com\/allestimenti-veicoli-commerciali\/furgoni-renault\/kangoo\/#breadcrumb"},"inLanguage":"pl-PL","potentialAction":[{"@type":"ReadAction","target":["https:\/\/www.storevan.com\/allestimenti-veicoli-commerciali\/furgoni-renault\/kangoo\/"]}]},{"@type":"BreadcrumbList","@id":"https:\/\/www.storevan.com\/allestimenti-veicoli-commerciali\/furgoni-renault\/kangoo\/#breadcrumb","itemListElement":[{"@type":"ListItem","position":1,"name":"Home","item":"https:\/\/www.storevan.com\/pl\/"},{"@type":"ListItem","position":2,"name":"Zabudowy","item":"https:\/\/www.storevan.com\/allestimenti-veicoli-commerciali\/"},{"@type":"ListItem","position":3,"name":"Renault","item":"https:\/\/www.storevan.com\/allestimenti-veicoli-commerciali\/furgoni-renault\/"},{"@type":"ListItem","position":4,"name":"Kangoo"}]},{"@type":"WebSite","@id":"https:\/\/www.storevan.com\/pl\/#website","url":"https:\/\/www.storevan.com\/pl\/","name":"Store Van","description":"Zabudowy","potentialAction":[{"@type":"SearchAction","target":{"@type":"EntryPoint","urlTemplate":"https:\/\/www.storevan.com\/pl\/?s={search_term_string}"},"query-input":"required name=search_term_string"}],"inLanguage":"pl-PL"}]}},"_links":{"self":[{"href":"https:\/\/www.storevan.com\/pl\/wp-json\/wp\/v2\/pages\/16576"}],"collection":[{"href":"https:\/\/www.storevan.com\/pl\/wp-json\/wp\/v2\/pages"}],"about":[{"href":"https:\/\/www.storevan.com\/pl\/wp-json\/wp\/v2\/types\/page"}],"author":[{"embeddable":true,"href":"https:\/\/www.storevan.com\/pl\/wp-json\/wp\/v2\/users\/470"}],"replies":[{"embeddable":true,"href":"https:\/\/www.storevan.com\/pl\/wp-json\/wp\/v2\/comments?post=16576"}],"version-history":[{"count":3,"href":"https:\/\/www.storevan.com\/pl\/wp-json\/wp\/v2\/pages\/16576\/revisions"}],"predecessor-version":[{"id":97542,"href":"https:\/\/www.storevan.com\/pl\/wp-json\/wp\/v2\/pages\/16576\/revisions\/97542"}],"up":[{"embeddable":true,"href":"https:\/\/www.storevan.com\/pl\/wp-json\/wp\/v2\/pages\/16569"}],"wp:attachment":[{"href":"https:\/\/www.storevan.com\/pl\/wp-json\/wp\/v2\/media?parent=16576"}],"curies":[{"name":"wp","href":"https:\/\/api.w.org\/{rel}","templated":true}]}}