{"id":16445,"date":"2016-03-14T11:22:25","date_gmt":"2016-03-14T10:22:25","guid":{"rendered":"https:\/\/www.storevan.com\/pl\/zabudowy\/furgoni-mercedes-benz\/citan\/pianali-pannellature\/"},"modified":"2019-02-07T12:21:56","modified_gmt":"2019-02-07T12:21:56","slug":"scieny-podloga","status":"publish","type":"page","link":"https:\/\/www.storevan.com\/pl\/zabudowy\/mercedes-benz\/citan\/scieny-podloga\/","title":{"rendered":"\u015acieny I Pod\u0142oga"},"content":{"rendered":"<h1 class=\"customblackTitleSmall\">\u015acieny I Pod\u0142oga do Mercedes-Benz Citan<\/h1>\n<p>Pod\u0142oga i panele \u015bcienne dla pojazd\u00f3w z drzwiami bocznymi po prawej stronie.\u00a0Store Van produkuje pod\u0142ogi i panele by zabezpieczy\u0107 Twojego <strong>Mercedes Benz Citan<\/strong>. Bior\u0105c pod uwag\u0119 trzy warianty d\u0142ugo\u015bci (Compact, Long i\u00a0Extralong), trzy rozstawy osi i\u00a0trzy d\u0142ugo\u015bci \u0142adunku (do 1258\u00a0mm), elastyczno\u015b\u0107 jest bez w\u0105tpienia mocnym punktem\u00a0Mercedes-Benz Citan. Bez wzgl\u0119du na rozmiary przedzia\u0142u \u0142adunkowego wybranej przez ciebie wersji, jeste\u015bmy w\u00a0stanie zaoferowa\u0107 indywidualnie dostosowane rozwi\u0105zanie do\u00a0ochrony nadwozia\u00a0przed zu\u017cyciem i\u00a0korozj\u0105. Wybierz\u00a0ok\u0142adziny wewn\u0119trzne\u00a0Store Van do\u00a0samochod\u00f3w u\u017cytkowych. Store Van wykonuje pod\u0142ogi i\u00a0panele do modelu Citan. Oferujemy\u00a0panele\u00a0z\u00a0polipropylenu komorowego\u00a0i\u00a0pod\u0142og\u0119\u00a0z\u00a0wielowarstwowej sklejki szkutniczej fenolowej (9 mm),\u00a0z\u00a0przygotowaniem do mocowania do oryginalnych zaczep\u00f3w pojazdu.<\/p>\n<hr class=\"noColor\" \/>\n<h3 class=\"bigTxt\">PANELE I OK\u0141ADZINY WEWN\u0118TRZNE DO MERCEDES-BENZ CITAN:<\/h3>\n<div class=\"borderTitle\"><\/div>\n<div class=\"one_half\">\n<div class=\"txtBlue\">HONEYCOMB<\/div>\n<p><img decoding=\"async\" loading=\"lazy\" src=\"https:\/\/www.storevan.com\/wp-content\/uploads\/2019\/02\/kangoo-honeycomb.jpg\" alt=\"Panele \u015bcienne CITAN Honeycomb\" width=\"547\" height=\"265\" class=\"aligncenter size-full wp-image-97511\" srcset=\"https:\/\/www.storevan.com\/wp-content\/uploads\/2019\/02\/kangoo-honeycomb.jpg 547w, https:\/\/www.storevan.com\/wp-content\/uploads\/2019\/02\/kangoo-honeycomb-300x145.jpg 300w\" sizes=\"(max-width: 547px) 100vw, 547px\" \/><\/p>\n<div class=\"smallTxtGrey blue\">HONEYCOMB PANEL -A<\/div>\n<p>Panele \u015bcienne polipropylenowe<br \/>\n&#8211; strona lewa<br \/>\n&#8211; strona prawa z drzwiami przesuwanymi<\/p>\n<div class=\"smallTxtGrey blue\">HONEYCOMB PANEL -C<\/div>\n<p>Panele \u015bcienne polipropylenowe<br \/>\n&#8211; g\u00f3rna cz\u0119\u015b\u0107 drzwi tylnych skrzyd\u0142owych<\/p>\n<\/div><div class=\"one_half last\">\n<p>TABELA KOD\u00d3W ARTYKU\u0141\u00d3W DO MODELU:<\/p>\n<table class=\"table tableBorder\">\n<thead>\n<tr>\n<th class=\"txtBkOrange\" width=\"20%\">POJAZD<\/th>\n<th class=\"txtGrey\" style=\"text-align: center;\" colspan=\"2\" rowspan=\"1\">PANELE \u015aCIENNE<\/th>\n<\/tr>\n<tr>\n<th><\/th>\n<th class=\"TESTO12biancoCX\" style=\"text-align: center;\" bgcolor=\"#8d8d8d\">A<\/th>\n<th class=\"TESTO12biancoCX\" style=\"text-align: center;\" bgcolor=\"#8d8d8d\">C<\/th>\n<\/tr>\n<tr>\n<th><\/th>\n<th style=\"text-align: center;\">ART.<\/th>\n<th style=\"text-align: center;\">ART.<\/th>\n<\/tr>\n<\/thead>\n<tbody>\n<tr class=\"border_bottomGrey\">\n<td style=\"vertical-align: middle;\" bgcolor=\"#f0f0f0\">L0 H1 Compact <sup>A<\/sup><\/td>\n<td style=\"text-align: center;\"><span class=\"blue\">KA 00H1 D0<\/span><br \/>\n<span class=\"TESTO12neroCX\">3,38 kg<\/span><\/td>\n<td style=\"text-align: center;\"><span class=\"blue\">KA DRH1 A0<\/span><br \/>\n<span class=\"TESTO12neroCX\">0,86 kg<\/span><\/td>\n<\/tr>\n<tr class=\"border_bottomGrey\">\n<td style=\"vertical-align: middle;\" bgcolor=\"#f0f0f0\">L0 H1 Compact <sup>A<\/sup><\/td>\n<td style=\"text-align: center;\"><span class=\"blue\">KA 00H1 D0<\/span><br \/>\n<span class=\"TESTO12neroCX\">3,38 kg<\/span><\/td>\n<td style=\"text-align: center;\"><span class=\"blue\">KA DRH1 A0<\/span><br \/>\n<span class=\"TESTO12neroCX\">0,86 kg<\/span><\/td>\n<\/tr>\n<tr class=\"border_bottomGrey\">\n<td style=\"vertical-align: middle;\" bgcolor=\"#f0f0f0\">L1 H1 <sup>A<\/sup><\/td>\n<td style=\"text-align: center;\"><span class=\"blue\">KA 10H1 A0<\/span><br \/>\n<span class=\"TESTO12neroCX\">3,47 kg<\/span><\/td>\n<td style=\"text-align: center;\"><span class=\"blue\">KA DRH1 A0<\/span><br \/>\n<span class=\"TESTO12neroCX\">0,86 kg<\/span><\/td>\n<\/tr>\n<tr class=\"border_bottomGrey\">\n<td style=\"vertical-align: middle;\" bgcolor=\"#f0f0f0\">L1 H1 <sup>B<\/sup><\/td>\n<td style=\"text-align: center;\"><span class=\"blue\">KA 10H1 A0<\/span><br \/>\n<span class=\"TESTO12neroCX\">3,47 kg<\/span><\/td>\n<td style=\"text-align: center;\"><span class=\"blue\">KA DRH1 A0<\/span><br \/>\n<span class=\"TESTO12neroCX\">0,86 kg<\/span><\/td>\n<\/tr>\n<tr class=\"border_bottomGrey\">\n<td style=\"vertical-align: middle;\" bgcolor=\"#f0f0f0\">L2 H1 Maxi <sup>A<\/sup><\/td>\n<td style=\"text-align: center;\"><span class=\"blue\">KA 20H1 A0<\/span><br \/>\n<span class=\"TESTO12neroCX\">4,48 kg<\/span><\/td>\n<td style=\"text-align: center;\"><span class=\"blue\">KA DRH1 A0<\/span><br \/>\n<span class=\"TESTO12neroCX\">0,86 kg<\/span><\/td>\n<\/tr>\n<tr class=\"border_bottomGrey\">\n<td style=\"vertical-align: middle;\" bgcolor=\"#f0f0f0\">L2 H1 Maxi <sup>B<\/sup><\/td>\n<td style=\"text-align: center;\"><span class=\"blue\">KA 20H1 A0<\/span><br \/>\n<span class=\"TESTO12neroCX\">4,48 kg<\/span><\/td>\n<td style=\"text-align: center;\"><span class=\"blue\">KA DRH1 A0<\/span><br \/>\n<span class=\"TESTO12neroCX\">0,86 kg<\/span><\/td>\n<\/tr>\n<\/tbody>\n<\/table>\n<hr class=\"noColor\" \/>\n<p><sup>A<\/sup> Pe\u0142na \u015bcianka dzia\u0142owa<\/p>\n<p><sup>B<\/sup> \u015acianka dzia\u0142owa z kratk\u0105<\/p>\n<p>Panele \u015bcienne do pojazd\u00f3w z drzwiami bocznymi po prawej stronie i nadwoziem zamkni\u0119tym blaszanym.<br \/>\n<\/div><div class=\"clearboth\"><\/div>\n<hr \/>\n<h3 class=\"bigTxt\">POD\u0141OGA SYSTEMOWA DO MERCEDES CITAN:<\/h3>\n<div class=\"borderTitle\"><\/div>\n<div class=\"one_half\">\n<div class=\"txtBlue\">WOOD FLOOR<\/div>\n<p><img decoding=\"async\" loading=\"lazy\" src=\"https:\/\/www.storevan.com\/wp-content\/uploads\/2019\/02\/kangoo-wood-floor.jpg\" alt=\"Pod\u0142oga CITAN Wood Floor\" width=\"547\" height=\"265\" class=\"aligncenter size-full wp-image-97518\" srcset=\"https:\/\/www.storevan.com\/wp-content\/uploads\/2019\/02\/kangoo-wood-floor.jpg 547w, https:\/\/www.storevan.com\/wp-content\/uploads\/2019\/02\/kangoo-wood-floor-300x145.jpg 300w\" sizes=\"(max-width: 547px) 100vw, 547px\" \/><\/p>\n<div class=\"smallTxtGrey blue\">POD\u0141OGA WOOD FLOOR &#8211; D<\/div>\n<p>Pod\u0142oga ze sklejki drewnianej o grubo\u015bci 9 mm z pow\u0142ok\u0105 fenolow\u0105, z przygotowaniem do mocowania do oryginalnych zaczep\u00f3w pojazdu<\/p>\n<\/div><div class=\"one_half last\">\n<hr class=\"noColor\" \/>\n<p>TABELA KOD\u00d3W ARTYKU\u0141\u00d3W DO MODELU:<\/p>\n<table class=\"table tableBorder\">\n<thead>\n<tr>\n<th class=\"txtBkOrange\" width=\"20%\">POJAZD<\/th>\n<th class=\"txtGrey\" style=\"text-align: center;\">POD\u0141OGA<\/th>\n<\/tr>\n<tr>\n<th><\/th>\n<th class=\"TESTO12biancoCX\" style=\"text-align: center;\" bgcolor=\"#8d8d8d\">D(9 mm)<\/th>\n<\/tr>\n<tr>\n<th><\/th>\n<th style=\"text-align: center;\">ART.<\/th>\n<\/tr>\n<\/thead>\n<tbody>\n<tr class=\"border_bottomGrey\">\n<td style=\"vertical-align: middle;\" bgcolor=\"#f0f0f0\">L0 <sup>A<\/sup><\/td>\n<td style=\"text-align: center;\"><span class=\"blue\">KA 00D1 D0<\/span><br \/>\n<span class=\"TESTO12neroCX\">9,74 kg<\/span><\/td>\n<\/tr>\n<tr class=\"border_bottomGrey\">\n<td style=\"vertical-align: middle;\" bgcolor=\"#f0f0f0\">L0 <sup>B<\/sup><\/td>\n<td style=\"text-align: center;\"><span class=\"blue\">KA 00D2 D0<\/span><br \/>\n<span class=\"TESTO12neroCX\">9,29 kg<\/span><\/td>\n<\/tr>\n<tr class=\"border_bottomGrey\">\n<td style=\"vertical-align: middle;\" bgcolor=\"#f0f0f0\">H1 <sup>A<\/sup><\/td>\n<td style=\"text-align: center;\"><span class=\"blue\">KA 10D1 B0<\/span><br \/>\n<span class=\"TESTO12neroCX\">13,10 kg<\/span><\/td>\n<\/tr>\n<tr class=\"border_bottomGrey\">\n<td style=\"vertical-align: middle;\" bgcolor=\"#f0f0f0\">H1 <sup>B<\/sup><\/td>\n<td style=\"text-align: center;\"><span class=\"blue\">KA 10D2 B0<\/span><br \/>\n<span class=\"TESTO12neroCX\">12,65 kg<\/span><\/td>\n<\/tr>\n<tr class=\"border_bottomGrey\">\n<td style=\"vertical-align: middle;\" bgcolor=\"#f0f0f0\">L2 <sup>A<\/sup><\/td>\n<td style=\"text-align: center;\"><span class=\"blue\">KA 20D1 B0<\/span><br \/>\n<span class=\"TESTO12neroCX\">16,82 kg<\/span><\/td>\n<\/tr>\n<tr class=\"border_bottomGrey\">\n<td style=\"vertical-align: middle;\" bgcolor=\"#f0f0f0\">L2 <sup>B<\/sup><\/td>\n<td style=\"text-align: center;\"><span class=\"blue\">KA 20D2 B0<\/span><br \/>\n<span class=\"TESTO12neroCX\">16,38 kg<\/span><\/td>\n<\/tr>\n<\/tbody>\n<\/table>\n<hr class=\"noColor\" \/>\n<p><sup>A<\/sup> Pe\u0142na \u015bcianka dzia\u0142owa<\/p>\n<p><sup>B<\/sup> \u015acianka dzia\u0142owa z kratk\u0105<\/p>\n<p>Pod\u0142oga do pojazd\u00f3w z drzwiami bocznymi po prawej stronie i nadwoziem zamkni\u0119tym blaszanym.<\/p>\n<table class=\"table tableBorder\">\n<tbody>\n<tr class=\"border_bottomGrey\">\n<td><img decoding=\"async\" loading=\"lazy\" src=\"https:\/\/www.storevan.com\/wp-content\/uploads\/2018\/05\/logo-ISO9001.jpg\" alt=\"Attrito certificato T\u00dcV\" width=\"120\" height=\"120\" \/><\/td>\n<td style=\"vertical-align: middle;\">Pod\u0142ogami drewnianymi o\u00a0wsp\u00f3\u0142czynniku tarcia posiadaj\u0105cym certyfikat <strong>T\u00dcV<\/strong><\/td>\n<\/tr>\n<\/tbody>\n<\/table>\n<\/div><div class=\"clearboth\"><\/div>\n<hr \/>\n<div class=\"one_half\">\n<div class=\"txtBlue\">SAFETY FLOOR<\/div>\n<p><img decoding=\"async\" loading=\"lazy\" src=\"https:\/\/www.storevan.com\/wp-content\/uploads\/2019\/02\/kangoo-safety-floor.jpg\" alt=\"Pod\u0142oga Mercedes CITAN Safety floor\" width=\"547\" height=\"310\" class=\"aligncenter size-full wp-image-97524\" srcset=\"https:\/\/www.storevan.com\/wp-content\/uploads\/2019\/02\/kangoo-safety-floor.jpg 547w, https:\/\/www.storevan.com\/wp-content\/uploads\/2019\/02\/kangoo-safety-floor-300x170.jpg 300w\" sizes=\"(max-width: 547px) 100vw, 547px\" \/><\/p>\n<div class=\"smallTxtGrey blue\">POD\u0141OGA SAFETY FLOOR &#8211; D<\/div>\n<p>Panele drewniane o grubo\u015bci 9 mm z pow\u0142ok\u0105 fenolow\u0105 i dodatkowym systemem mocowania<br \/>\n<\/div><div class=\"one_half last\">\n<hr class=\"noColor\" \/>\n<p>TABELA KOD\u00d3W ARTYKU\u0141\u00d3W DO MODELU:<\/p>\n<table class=\"table tableBorder\">\n<thead>\n<tr>\n<th class=\"txtBkOrange\" width=\"20%\">POJAZD<\/th>\n<th class=\"txtGrey\" style=\"text-align: center;\">POD\u0141OGA<\/th>\n<\/tr>\n<tr>\n<th><\/th>\n<th class=\"TESTO12biancoCX\" style=\"text-align: center;\" bgcolor=\"#8d8d8d\">D (9 mm)<\/th>\n<\/tr>\n<tr>\n<th><\/th>\n<th style=\"text-align: center;\">ART.<\/th>\n<\/tr>\n<\/thead>\n<tbody>\n<tr class=\"border_bottomGrey\">\n<td style=\"vertical-align: middle;\" bgcolor=\"#f0f0f0\">L1 <sup>A<\/sup><\/td>\n<td style=\"text-align: center;\"><span class=\"blue\">KA 10K1 B0<\/span><br \/>\n<span class=\"TESTO12neroCX\">14,92 kg<\/span><\/td>\n<\/tr>\n<tr class=\"border_bottomGrey\">\n<td style=\"vertical-align: middle;\" bgcolor=\"#f0f0f0\">L2 <sup>A<\/sup><\/td>\n<td style=\"text-align: center;\"><span class=\"blue\">KA 20K1 B0<\/span><br \/>\n<span class=\"TESTO12neroCX\">19,25 kg<\/span><\/td>\n<\/tr>\n<\/tbody>\n<\/table>\n<p>Pod\u0142oga do pojazd\u00f3w z drzwiami bocznymi po prawej stronie i nadwoziem zamkni\u0119tym blaszanym.<\/p>\n<div class=\"alert notice\">\n<div class=\"msg\">Pod\u0142og\u0119 nale\u017cy przyklei\u0107 do pojazdu.<\/div>\n<\/div>\n<table class=\"table tableBorder\">\n<tbody>\n<tr class=\"border_bottomGrey\">\n<td><img decoding=\"async\" loading=\"lazy\" src=\"https:\/\/www.storevan.com\/wp-content\/uploads\/2018\/05\/logo-ISO9001.jpg\" alt=\"Attrito certificato T\u00dcV\" width=\"120\" height=\"120\" \/><\/td>\n<td style=\"vertical-align: middle;\">Pod\u0142ogami drewnianymi o\u00a0wsp\u00f3\u0142czynniku tarcia posiadaj\u0105cym certyfikat <strong>T\u00dcV<\/strong><\/td>\n<\/tr>\n<\/tbody>\n<\/table>\n<hr class=\"noColor\" \/>\n<p><sup>A<\/sup> Pe\u0142na \u015bcianka dzia\u0142owa<\/p>\n<\/div><div class=\"clearboth\"><\/div>\n<div class=\"smallTxtGrey blue\">AKCESORIA ZAPEWNIAJ\u0104CE BEZPIECZE\u0143STWO \u0141ADUNKU &#8211; (1-9)<\/div>\n<div class=\"col-xs-6 col-sm-4 col-md-3 col-lg-2 galleryPage text-center\"><span class=\"testoImgSfondo\">1<\/span><img decoding=\"async\" loading=\"lazy\" src=\"https:\/\/www.storevan.com\/wp-content\/uploads\/2018\/03\/01-barra.jpg\" alt=\"Pozioma listwa aluminiowa\" width=\"200\" height=\"125\" border=\"0\" \/><span class=\"smaller\">Pozioma listwa aluminiowa<\/span><\/div>\n<div class=\"col-xs-6 col-sm-4 col-md-3 col-lg-2 galleryPage text-center\"><span class=\"testoImgSfondo\">2<\/span><img decoding=\"async\" loading=\"lazy\" src=\"https:\/\/www.storevan.com\/wp-content\/uploads\/2018\/03\/02-barra.jpg\" alt=\"Pozioma listwa aluminiowa\" width=\"200\" height=\"125\" border=\"0\" \/><span class=\"smaller\">Pozioma listwa aluminiowa<\/span><\/div>\n<div class=\"col-xs-6 col-sm-4 col-md-3 col-lg-2 galleryPage text-center\"><span class=\"testoImgSfondo\">3<\/span><img decoding=\"async\" loading=\"lazy\" src=\"https:\/\/www.storevan.com\/wp-content\/uploads\/2018\/03\/03-barra.jpg\" alt=\"Pozioma listwa aluminiowa\" width=\"200\" height=\"125\" border=\"0\" \/><span class=\"smaller\">Pozioma listwa aluminiowa<\/span><\/div>\n<div class=\"col-xs-6 col-sm-4 col-md-3 col-lg-2 galleryPage text-center\"><span class=\"testoImgSfondo\">4<\/span><img decoding=\"async\" loading=\"lazy\" src=\"https:\/\/www.storevan.com\/wp-content\/uploads\/2018\/03\/04-barra-telescopica.jpg\" alt=\"Teleskopowy dr\u0105\u017cek rozporowy\" width=\"200\" height=\"125\" border=\"0\" hspace=\"0\" \/><span class=\"smaller\">Teleskopowy dr\u0105\u017cek rozporowy<\/span><\/div>\n<div class=\"col-xs-6 col-sm-4 col-md-3 col-lg-2 galleryPage text-center\"><span class=\"testoImgSfondo\">5<\/span><img decoding=\"async\" loading=\"lazy\" src=\"https:\/\/www.storevan.com\/wp-content\/uploads\/2018\/03\/05-finale-plastica.jpg\" alt=\"Plastikowe zako\u0144czenia do listew\" width=\"200\" height=\"125\" border=\"0\" hspace=\"0\" \/><span class=\"smaller\">Plastikowe zako\u0144czenia do listew<\/span><\/div>\n<div class=\"col-xs-6 col-sm-4 col-md-3 col-lg-2 galleryPage text-center\"><span class=\"testoImgSfondo\">6<\/span><img decoding=\"async\" loading=\"lazy\" src=\"https:\/\/www.storevan.com\/wp-content\/uploads\/2018\/03\/06-anello-fermacarico.jpg\" alt=\"Zaczep z pojedynczym sworzniem\" width=\"200\" height=\"125\" border=\"0\" hspace=\"0\" \/><span class=\"smaller\">Zaczep z pojedynczym sworzniem<\/span><\/div>\n<div class=\"col-xs-6 col-sm-4 col-md-3 col-lg-2 galleryPage text-center\"><span class=\"testoImgSfondo\">7<\/span><img decoding=\"async\" loading=\"lazy\" src=\"https:\/\/www.storevan.com\/wp-content\/uploads\/2018\/03\/07-cinghia-fermacarico.jpg\" alt=\"Pas do mocowania \u0142adunku z klamr\u0105\" width=\"200\" height=\"125\" border=\"0\" hspace=\"0\" \/><span class=\"smaller\">Pas do mocowania \u0142adunku z klamr\u0105<\/span><\/div>\n<div class=\"col-xs-6 col-sm-4 col-md-3 col-lg-2 galleryPage text-center\"><span class=\"testoImgSfondo\">8<\/span><img decoding=\"async\" loading=\"lazy\" src=\"https:\/\/www.storevan.com\/wp-content\/uploads\/2018\/03\/08-cinghia-fermacarico.jpg\" alt=\"Pas do mocowania \u0142adunku z grzechotk\u0105\" width=\"200\" height=\"125\" border=\"0\" hspace=\"0\" \/><span class=\"smaller\">Pas do mocowania \u0142adunku z grzechotk\u0105<\/span><\/div>\n<div class=\"col-xs-6 col-sm-4 col-md-3 col-lg-2 galleryPage text-center\"><span class=\"testoImgSfondo\">9<\/span><img decoding=\"async\" loading=\"lazy\" src=\"https:\/\/www.storevan.com\/wp-content\/uploads\/2018\/03\/09-cinghia-fermacarico.jpg\" alt=\"Pas do mocowania \u0142adunku z grzechotk\u0105\" width=\"200\" height=\"125\" border=\"0\" \/><span class=\"smaller\">Pas do mocowania \u0142adunku z grzechotk\u0105<\/span><\/div>\n<div class=\"break\"><\/div>\n<p><a class=\"btn btn-blue\" title=\"Zapoznaj si\u0119 z kompletn\u0105 gam\u0105 akcesori\u00f3w!\" href=\"https:\/\/www.storevan.com\/pl\/produkty\/zabezpieczenie-ladunku\/\">Zapoznaj si\u0119 z kompletn\u0105 gam\u0105 akcesori\u00f3w!<\/a><\/p>\n<hr \/>\n<div class=\"col-xs-12 col-sm-12 col-md-6\">\n<div class=\"text-center\"><a class=\"btn btn-download\" title=\"ZADZWO\u0143 TERAZ\" href=\"tel:+390424585455\"><i class=\"fa fa-phone\"><\/i> <span class=\"spanBtn\">ZADZWO\u0143 TERAZ<\/span><br \/>\nuzyskasz wszelkie informacje<\/a><\/div>\n<\/div>\n<div class=\"col-xs-12 col-sm-12 col-md-6\">\n<div class=\"text-center\"><a class=\"btn btn-download\" title=\"POBIERZ\" href=\"https:\/\/www.storevan.com\/wp-content\/uploads\/doc\/MERCEDES-BENZ_CITAN_Equipamiento_Wyposazenie_StoreVan_espl.pdf\" target=\"_blank\" rel=\"noopener\"><i class=\"fa fa-download\"><\/i> <span class=\"spanBtn\">POBIERZ<\/span><br \/>\nKATALOG CITAN<\/a><\/div>\n<\/div>\n<div class=\"break\"><\/div>\n<hr \/>\n<h4 class=\"bigTxt text-center txtBkOrange\"><i class=\"fa fa-envelope pull-left\"><\/i> CHCESZ WIEDZIE\u0106 WI\u0118CEJ?<\/h4>\n\n<div class=\"wpcf7 no-js\" id=\"wpcf7-f67676-o1\" lang=\"it-IT\" dir=\"ltr\">\n<div class=\"screen-reader-response\"><p role=\"status\" aria-live=\"polite\" aria-atomic=\"true\"><\/p> <ul><\/ul><\/div>\n<form action=\"\/pl\/wp-json\/wp\/v2\/pages\/16445#wpcf7-f67676-o1\" method=\"post\" class=\"wpcf7-form init\" aria-label=\"Modulo di contatto\" novalidate=\"novalidate\" data-status=\"init\">\n<div style=\"display: none;\">\n<input type=\"hidden\" name=\"_wpcf7\" value=\"67676\" \/>\n<input type=\"hidden\" name=\"_wpcf7_version\" value=\"5.7.7\" \/>\n<input type=\"hidden\" name=\"_wpcf7_locale\" value=\"it_IT\" \/>\n<input type=\"hidden\" name=\"_wpcf7_unit_tag\" value=\"wpcf7-f67676-o1\" \/>\n<input type=\"hidden\" name=\"_wpcf7_container_post\" value=\"0\" \/>\n<input type=\"hidden\" name=\"_wpcf7_posted_data_hash\" value=\"\" \/>\n<input type=\"hidden\" name=\"_wpcf7_recaptcha_response\" value=\"\" \/>\n<\/div>\n<span class=\"wpcf7-form-control-wrap url\" data-name=\"url\"><input type=\"hidden\" name=\"url\" size=\"40\" class=\"wpcf7-form-control wpcf7-hidden wpcf7dtx wpcf7dtx-hidden\" aria-invalid=\"false\" value=\"scieny-podloga\" autocomplete=\"off\" \/><\/span>\n<p>Wype\u0142nij poni\u017csze pola, aby otrzyma\u0107 wi\u0119cej informacji. Nasz operator skontaktuje si\u0119 z\u00a0tob\u0105 najszybciej, jak to mo\u017cliwe (* pola obowi\u0105zkowe):\n<\/p>\n<div class=\"col-xs-12 col-md-6\">\n\t<p><span class='titoli'>Imi\u0119 (*)<\/span>\n\t<\/p>\n\t<p><span class=\"wpcf7-form-control-wrap\" data-name=\"your-name\"><input size=\"40\" class=\"wpcf7-form-control wpcf7-text wpcf7-validates-as-required form-control\" aria-required=\"true\" aria-invalid=\"false\" value=\"\" type=\"text\" name=\"your-name\" \/><\/span>\n\t<\/p>\n<\/div>\n<div class=\"col-xs-12 col-md-6\">\n\t<p><span class='titoli'>Nazwisko (*)<\/span>\n\t<\/p>\n\t<p><span class=\"wpcf7-form-control-wrap\" data-name=\"your-last-name\"><input size=\"40\" class=\"wpcf7-form-control wpcf7-text wpcf7-validates-as-required form-control\" aria-required=\"true\" aria-invalid=\"false\" value=\"\" type=\"text\" name=\"your-last-name\" \/><\/span>\n\t<\/p>\n<\/div>\n<div class=\"col-xs-12 col-md-6\">\n\t<p><span class='titoli'>Firma (*)<\/span>\n\t<\/p>\n\t<p><span class=\"wpcf7-form-control-wrap\" data-name=\"your-company\"><input size=\"40\" class=\"wpcf7-form-control wpcf7-text wpcf7-validates-as-required form-control\" aria-required=\"true\" aria-invalid=\"false\" value=\"\" type=\"text\" name=\"your-company\" \/><\/span>\n\t<\/p>\n<\/div>\n<div class=\"col-xs-12 col-md-6\">\n\t<p><span class='titoli'>Numer NIP<\/span>\n\t<\/p>\n\t<p><span class=\"wpcf7-form-control-wrap\" data-name=\"p-iva\"><input size=\"40\" class=\"wpcf7-form-control wpcf7-text form-control\" aria-invalid=\"false\" value=\"\" type=\"text\" name=\"p-iva\" \/><\/span>\n\t<\/p>\n<\/div>\n<div class=\"clearboth\">\n<\/div>\n<div class=\"col-xs-12 col-md-4\">\n\t<p><span class='titoli'>Kod pocztowy (*)<\/span>\n\t<\/p>\n\t<p><span class=\"wpcf7-form-control-wrap\" data-name=\"your-zip-code\"><input size=\"40\" class=\"wpcf7-form-control wpcf7-text wpcf7-validates-as-required form-control\" aria-required=\"true\" aria-invalid=\"false\" value=\"\" type=\"text\" name=\"your-zip-code\" \/><\/span>\n\t<\/p>\n<\/div>\n<div class=\"col-xs-12 col-md-4\">\n\t<p><span class='titoli'>Adres (*)<\/span>\n\t<\/p>\n\t<p><span class=\"wpcf7-form-control-wrap\" data-name=\"your-address\"><input size=\"40\" class=\"wpcf7-form-control wpcf7-text wpcf7-validates-as-required form-control\" aria-required=\"true\" aria-invalid=\"false\" value=\"\" type=\"text\" name=\"your-address\" \/><\/span>\n\t<\/p>\n<\/div>\n<div class=\"col-xs-12 col-md-4\">\n\t<p><span class='titoli'>Miasto (*)<\/span>\n\t<\/p>\n\t<p><span class=\"wpcf7-form-control-wrap\" data-name=\"your-Town\"><input size=\"40\" class=\"wpcf7-form-control wpcf7-text wpcf7-validates-as-required form-control\" aria-required=\"true\" aria-invalid=\"false\" value=\"\" type=\"text\" name=\"your-Town\" \/><\/span>\n\t<\/p>\n<\/div>\n<div class=\"clearboth\">\n<\/div>\n<div class=\"col-xs-12 col-md-6\">\n\t<p><span class='titoli'>email (*)<\/span>\n\t<\/p>\n\t<p><span class=\"wpcf7-form-control-wrap\" data-name=\"your-email\"><input size=\"40\" class=\"wpcf7-form-control wpcf7-text wpcf7-email wpcf7-validates-as-required wpcf7-validates-as-email form-control\" aria-required=\"true\" aria-invalid=\"false\" value=\"\" type=\"email\" name=\"your-email\" \/><\/span>\n\t<\/p>\n<\/div>\n<div class=\"col-xs-12 col-md-6\">\n\t<p><span class='titoli'>Telefon (*)<\/span>\n\t<\/p>\n\t<p><span class=\"wpcf7-form-control-wrap\" data-name=\"telefono\"><input size=\"40\" class=\"wpcf7-form-control wpcf7-text wpcf7-tel wpcf7-validates-as-required wpcf7-validates-as-tel form-control\" aria-required=\"true\" aria-invalid=\"false\" value=\"\" type=\"tel\" name=\"telefono\" \/><\/span>\n\t<\/p>\n<\/div>\n<div class=\"clearboth\">\n<\/div>\n<div class=\"col-xs-12 col-md-6\">\n\t<p><span class='titoli'>Przedmiot <\/span>\n\t<\/p>\n\t<p><span class=\"wpcf7-form-control-wrap\" data-name=\"oggetto\"><select class=\"wpcf7-form-control wpcf7-select wpcf7-validates-as-required\" aria-required=\"true\" aria-invalid=\"false\" name=\"oggetto\"><option value=\"Oferta\">Oferta<\/option><option value=\"Informacje techniczne\">Informacje techniczne<\/option><option value=\"Powo\u0142anie\">Powo\u0142anie<\/option><\/select><\/span>\n\t<\/p>\n<\/div>\n<div class=\"col-xs-12 col-md-6\">\n\t<p><br \/>\n<span class=\"titoli\"> <span class=\"wpcf7-form-control-wrap\" data-name=\"cliente\"><span class=\"wpcf7-form-control wpcf7-checkbox\"><span class=\"wpcf7-list-item first last\"><label><span class=\"wpcf7-list-item-label\">Jestem ju\u017c klientem<\/span><input type=\"checkbox\" name=\"cliente[]\" value=\"Jestem ju\u017c klientem\" \/><\/label><\/span><\/span><\/span><\/span>\n\t<\/p>\n<\/div>\n<div class=\"col-xs-12 col-md-12\">\n\t<p><span class='titoli'>Wiadomo\u015b\u0107 (*)<\/span>\n\t<\/p>\n\t<p><span class=\"wpcf7-form-control-wrap\" data-name=\"your-message\"><textarea cols=\"40\" rows=\"10\" class=\"wpcf7-form-control wpcf7-textarea wpcf7-validates-as-required form-control\" aria-required=\"true\" aria-invalid=\"false\" name=\"your-message\"><\/textarea><\/span>\n\t<\/p>\n<\/div>\n<div class=\"col-xs-12 col-md-12\">\n\t<p><small>Wprowadzone dane b\u0119d\u0105 traktowane z zachowaniem \u015bcis\u0142ej poufno\u015bci zgodnie z prawem i nasz\u0105 polityk\u0105 prywatno\u015bci. <a href=\"https:\/\/www.storevan.com\/pl\/privacy-policy\/\">Polityk\u0105 prywatno\u015bci<\/a><\/small>\n\t<\/p>\n\t<p><span class=\"wpcf7-form-control-wrap\" data-name=\"AccettazionePrivacy\"><span class=\"wpcf7-form-control wpcf7-acceptance\"><span class=\"wpcf7-list-item\"><input type=\"checkbox\" name=\"AccettazionePrivacy\" value=\"1\" aria-invalid=\"false\" \/><\/span><\/span><\/span> O\u015bwiadczam, \u017ce zapozna\u0142am si\u0119 z <a href=\"https:\/\/www.storevan.com\/pl\/privacy-policy\/\">polityk\u0105 prywatno\u015bci<\/a> i zgadzam si\u0119 na wykorzystanie moich danych osobowych w opisanych tam przypadkach.(*)(*)<br \/>\n\t<span class=\"wpcf7-form-control-wrap recaptcha\" data-name=\"recaptcha\"><span data-sitekey=\"6LdfM4AUAAAAAJjsAucux5WVNA3hsk5KP0a03T_n\" class=\"wpcf7-form-control g-recaptcha wpcf7-recaptcha\"><\/span>\r\n<noscript>\r\n\t<div class=\"grecaptcha-noscript\">\r\n\t\t<iframe src=\"https:\/\/www.google.com\/recaptcha\/api\/fallback?k=6LdfM4AUAAAAAJjsAucux5WVNA3hsk5KP0a03T_n\" frameborder=\"0\" scrolling=\"no\" width=\"310\" height=\"430\">\r\n\t\t<\/iframe>\r\n\t\t<textarea name=\"g-recaptcha-response\" rows=\"3\" cols=\"40\" placeholder=\"reCaptcha Response Here\">\r\n\t\t<\/textarea>\r\n\t<\/div>\r\n<\/noscript>\r\n<\/span>\n\t<\/p>\n<\/div>\n<hr class=\"noColor\" \/>\n<p><input class=\"wpcf7-form-control has-spinner wpcf7-submit\" type=\"submit\" value=\"Wy\u015blij\" \/>\n<\/p><div class=\"wpcf7-response-output\" aria-hidden=\"true\"><\/div>\n<\/form>\n<\/div>\n\n","protected":false},"excerpt":{"rendered":"<p>\u015acieny I Pod\u0142oga do Mercedes-Benz Citan Pod\u0142oga i panele \u015bcienne dla pojazd\u00f3w z drzwiami bocznymi po prawej stronie.\u00a0Store Van produkuje pod\u0142ogi i panele by zabezpieczy\u0107 Twojego Mercedes Benz Citan. Bior\u0105c.<\/p>\n","protected":false},"author":470,"featured_media":0,"parent":16439,"menu_order":0,"comment_status":"closed","ping_status":"closed","template":"","meta":[],"acf":[],"yoast_head":"<!-- This site is optimized with the Yoast SEO plugin v20.11 - https:\/\/yoast.com\/wordpress\/plugins\/seo\/ -->\n<title>\u015acieny I Pod\u0142oga do Mercedes-Benz Citan<\/title>\n<meta name=\"description\" content=\"Pod\u0142oga i panele \u015bcienne dla pojazd\u00f3w z drzwiami bocznymi po prawej stronie. Store Van produkuje pod\u0142ogi i panele by zabezpieczy\u0107 Twojego Mercedes Citan.\" \/>\n<meta name=\"robots\" content=\"index, follow, max-snippet:-1, max-image-preview:large, max-video-preview:-1\" \/>\n<link rel=\"canonical\" href=\"https:\/\/www.storevan.com\/allestimenti-veicoli-commerciali\/furgoni-mercedes-benz\/citan\/pianali-pannellature\/\" \/>\n<meta property=\"og:locale\" content=\"pl_PL\" \/>\n<meta property=\"og:type\" content=\"article\" \/>\n<meta property=\"og:title\" content=\"\u015acieny I Pod\u0142oga do Mercedes-Benz Citan\" \/>\n<meta property=\"og:description\" content=\"Pod\u0142oga i panele \u015bcienne dla pojazd\u00f3w z drzwiami bocznymi po prawej stronie. Store Van produkuje pod\u0142ogi i panele by zabezpieczy\u0107 Twojego Mercedes Citan.\" \/>\n<meta property=\"og:url\" content=\"https:\/\/www.storevan.com\/allestimenti-veicoli-commerciali\/furgoni-mercedes-benz\/citan\/pianali-pannellature\/\" \/>\n<meta property=\"og:site_name\" content=\"Store Van\" \/>\n<meta property=\"article:modified_time\" content=\"2019-02-07T12:21:56+00:00\" \/>\n<meta property=\"og:image\" content=\"https:\/\/www.storevan.com\/wp-content\/uploads\/2019\/02\/kangoo-honeycomb.jpg\" \/>\n<meta name=\"twitter:label1\" content=\"Szacowany czas czytania\" \/>\n\t<meta name=\"twitter:data1\" content=\"3 minuty\" \/>\n<script type=\"application\/ld+json\" class=\"yoast-schema-graph\">{\"@context\":\"https:\/\/schema.org\",\"@graph\":[{\"@type\":\"WebPage\",\"@id\":\"https:\/\/www.storevan.com\/allestimenti-veicoli-commerciali\/furgoni-mercedes-benz\/citan\/pianali-pannellature\/\",\"url\":\"https:\/\/www.storevan.com\/allestimenti-veicoli-commerciali\/furgoni-mercedes-benz\/citan\/pianali-pannellature\/\",\"name\":\"\u015acieny I Pod\u0142oga do Mercedes-Benz Citan\",\"isPartOf\":{\"@id\":\"https:\/\/www.storevan.com\/pl\/#website\"},\"datePublished\":\"2016-03-14T10:22:25+00:00\",\"dateModified\":\"2019-02-07T12:21:56+00:00\",\"description\":\"Pod\u0142oga i panele \u015bcienne dla pojazd\u00f3w z drzwiami bocznymi po prawej stronie. Store Van produkuje pod\u0142ogi i panele by zabezpieczy\u0107 Twojego Mercedes Citan.\",\"breadcrumb\":{\"@id\":\"https:\/\/www.storevan.com\/allestimenti-veicoli-commerciali\/furgoni-mercedes-benz\/citan\/pianali-pannellature\/#breadcrumb\"},\"inLanguage\":\"pl-PL\",\"potentialAction\":[{\"@type\":\"ReadAction\",\"target\":[\"https:\/\/www.storevan.com\/allestimenti-veicoli-commerciali\/furgoni-mercedes-benz\/citan\/pianali-pannellature\/\"]}]},{\"@type\":\"BreadcrumbList\",\"@id\":\"https:\/\/www.storevan.com\/allestimenti-veicoli-commerciali\/furgoni-mercedes-benz\/citan\/pianali-pannellature\/#breadcrumb\",\"itemListElement\":[{\"@type\":\"ListItem\",\"position\":1,\"name\":\"Home\",\"item\":\"https:\/\/www.storevan.com\/pl\/\"},{\"@type\":\"ListItem\",\"position\":2,\"name\":\"Zabudowy\",\"item\":\"https:\/\/www.storevan.com\/allestimenti-veicoli-commerciali\/\"},{\"@type\":\"ListItem\",\"position\":3,\"name\":\"Mercedes-Benz\",\"item\":\"https:\/\/www.storevan.com\/allestimenti-veicoli-commerciali\/furgoni-mercedes-benz\/\"},{\"@type\":\"ListItem\",\"position\":4,\"name\":\"Citan\",\"item\":\"https:\/\/www.storevan.com\/allestimenti-veicoli-commerciali\/furgoni-mercedes-benz\/citan\/\"},{\"@type\":\"ListItem\",\"position\":5,\"name\":\"\u015acieny I Pod\u0142oga\"}]},{\"@type\":\"WebSite\",\"@id\":\"https:\/\/www.storevan.com\/pl\/#website\",\"url\":\"https:\/\/www.storevan.com\/pl\/\",\"name\":\"Store Van\",\"description\":\"Zabudowy\",\"potentialAction\":[{\"@type\":\"SearchAction\",\"target\":{\"@type\":\"EntryPoint\",\"urlTemplate\":\"https:\/\/www.storevan.com\/pl\/?s={search_term_string}\"},\"query-input\":\"required name=search_term_string\"}],\"inLanguage\":\"pl-PL\"}]}<\/script>\n<!-- \/ Yoast SEO plugin. -->","yoast_head_json":{"title":"\u015acieny I Pod\u0142oga do Mercedes-Benz Citan","description":"Pod\u0142oga i panele \u015bcienne dla pojazd\u00f3w z drzwiami bocznymi po prawej stronie. Store Van produkuje pod\u0142ogi i panele by zabezpieczy\u0107 Twojego Mercedes Citan.","robots":{"index":"index","follow":"follow","max-snippet":"max-snippet:-1","max-image-preview":"max-image-preview:large","max-video-preview":"max-video-preview:-1"},"canonical":"https:\/\/www.storevan.com\/allestimenti-veicoli-commerciali\/furgoni-mercedes-benz\/citan\/pianali-pannellature\/","og_locale":"pl_PL","og_type":"article","og_title":"\u015acieny I Pod\u0142oga do Mercedes-Benz Citan","og_description":"Pod\u0142oga i panele \u015bcienne dla pojazd\u00f3w z drzwiami bocznymi po prawej stronie. Store Van produkuje pod\u0142ogi i panele by zabezpieczy\u0107 Twojego Mercedes Citan.","og_url":"https:\/\/www.storevan.com\/allestimenti-veicoli-commerciali\/furgoni-mercedes-benz\/citan\/pianali-pannellature\/","og_site_name":"Store Van","article_modified_time":"2019-02-07T12:21:56+00:00","og_image":[{"url":"https:\/\/www.storevan.com\/wp-content\/uploads\/2019\/02\/kangoo-honeycomb.jpg"}],"twitter_misc":{"Szacowany czas czytania":"3 minuty"},"schema":{"@context":"https:\/\/schema.org","@graph":[{"@type":"WebPage","@id":"https:\/\/www.storevan.com\/allestimenti-veicoli-commerciali\/furgoni-mercedes-benz\/citan\/pianali-pannellature\/","url":"https:\/\/www.storevan.com\/allestimenti-veicoli-commerciali\/furgoni-mercedes-benz\/citan\/pianali-pannellature\/","name":"\u015acieny I Pod\u0142oga do Mercedes-Benz Citan","isPartOf":{"@id":"https:\/\/www.storevan.com\/pl\/#website"},"datePublished":"2016-03-14T10:22:25+00:00","dateModified":"2019-02-07T12:21:56+00:00","description":"Pod\u0142oga i panele \u015bcienne dla pojazd\u00f3w z drzwiami bocznymi po prawej stronie. Store Van produkuje pod\u0142ogi i panele by zabezpieczy\u0107 Twojego Mercedes Citan.","breadcrumb":{"@id":"https:\/\/www.storevan.com\/allestimenti-veicoli-commerciali\/furgoni-mercedes-benz\/citan\/pianali-pannellature\/#breadcrumb"},"inLanguage":"pl-PL","potentialAction":[{"@type":"ReadAction","target":["https:\/\/www.storevan.com\/allestimenti-veicoli-commerciali\/furgoni-mercedes-benz\/citan\/pianali-pannellature\/"]}]},{"@type":"BreadcrumbList","@id":"https:\/\/www.storevan.com\/allestimenti-veicoli-commerciali\/furgoni-mercedes-benz\/citan\/pianali-pannellature\/#breadcrumb","itemListElement":[{"@type":"ListItem","position":1,"name":"Home","item":"https:\/\/www.storevan.com\/pl\/"},{"@type":"ListItem","position":2,"name":"Zabudowy","item":"https:\/\/www.storevan.com\/allestimenti-veicoli-commerciali\/"},{"@type":"ListItem","position":3,"name":"Mercedes-Benz","item":"https:\/\/www.storevan.com\/allestimenti-veicoli-commerciali\/furgoni-mercedes-benz\/"},{"@type":"ListItem","position":4,"name":"Citan","item":"https:\/\/www.storevan.com\/allestimenti-veicoli-commerciali\/furgoni-mercedes-benz\/citan\/"},{"@type":"ListItem","position":5,"name":"\u015acieny I Pod\u0142oga"}]},{"@type":"WebSite","@id":"https:\/\/www.storevan.com\/pl\/#website","url":"https:\/\/www.storevan.com\/pl\/","name":"Store Van","description":"Zabudowy","potentialAction":[{"@type":"SearchAction","target":{"@type":"EntryPoint","urlTemplate":"https:\/\/www.storevan.com\/pl\/?s={search_term_string}"},"query-input":"required name=search_term_string"}],"inLanguage":"pl-PL"}]}},"_links":{"self":[{"href":"https:\/\/www.storevan.com\/pl\/wp-json\/wp\/v2\/pages\/16445"}],"collection":[{"href":"https:\/\/www.storevan.com\/pl\/wp-json\/wp\/v2\/pages"}],"about":[{"href":"https:\/\/www.storevan.com\/pl\/wp-json\/wp\/v2\/types\/page"}],"author":[{"embeddable":true,"href":"https:\/\/www.storevan.com\/pl\/wp-json\/wp\/v2\/users\/470"}],"replies":[{"embeddable":true,"href":"https:\/\/www.storevan.com\/pl\/wp-json\/wp\/v2\/comments?post=16445"}],"version-history":[{"count":2,"href":"https:\/\/www.storevan.com\/pl\/wp-json\/wp\/v2\/pages\/16445\/revisions"}],"predecessor-version":[{"id":97578,"href":"https:\/\/www.storevan.com\/pl\/wp-json\/wp\/v2\/pages\/16445\/revisions\/97578"}],"up":[{"embeddable":true,"href":"https:\/\/www.storevan.com\/pl\/wp-json\/wp\/v2\/pages\/16439"}],"wp:attachment":[{"href":"https:\/\/www.storevan.com\/pl\/wp-json\/wp\/v2\/media?parent=16445"}],"curies":[{"name":"wp","href":"https:\/\/api.w.org\/{rel}","templated":true}]}}