{"id":16428,"date":"2015-12-09T15:42:20","date_gmt":"2015-12-09T14:42:20","guid":{"rendered":"https:\/\/www.storevan.com\/pl\/zabudowy\/furgoni-mercedes-benz\/sprinter\/"},"modified":"2021-11-03T11:31:18","modified_gmt":"2021-11-03T11:31:18","slug":"sprinter","status":"publish","type":"page","link":"https:\/\/www.storevan.com\/pl\/zabudowy\/mercedes-benz\/sprinter\/","title":{"rendered":"Sprinter"},"content":{"rendered":"<h1 class=\"customblackTitleSmall\">Zabudowy do Mercedes-Benz Sprinter<\/h1>\n<p>Skontaktuj si\u0119 z nami by uzyska\u0107 indywidulan\u0105, niezobowi\u0105zuj\u0105c\u0105 wycen\u0119 zabudowy Twojego <strong>Mercedes Benz Sprinter<\/strong>. Wyposa\u017cenie samochod\u00f3w serwisowych.\u00a0Zwi\u0119ksz warto\u015b\u0107 swojego samochodu dostawczego Mercedes-Benz Sprinter, montuj\u0105c mobilny warsztat Store Van! Nasze systemy wyposa\u017cenia samochod\u00f3w dostawczych Mercedes-Benz Sprinter posiadaj\u0105 certyfikat GS. Zapewniaj\u0105 jako\u015b\u0107 i\u00a0odporno\u015b\u0107 na korozj\u0119 znacznie przekraczaj\u0105c\u0105 \u015bredni\u0105. Do produkcji wykorzystujemy blach\u0119 z\u00a0pow\u0142ok\u0105 Galvannealed (stosowan\u0105 w\u00a0bran\u017cy motoryzacyjnej) lakierowan\u0105 kataforetycznie. Jest to niezwykle wytrzyma\u0142y materia\u0142 o\u00a0zadeklarowanej odporno\u015bci na korozj\u0119, przekraczaj\u0105cej 500 godzin (wilgotno\u015b\u0107 ASTM D1735) oraz bardzo wysokiej twardo\u015bci, minimalnie 2H. Zas\u0142ugujesz na to, co najlepsze. Zamontuj wyposa\u017cenie Store Van dla modelu Mercedes-Benz Sprinter w\u00a0przedziale \u0142adunkowym twojego samochodu dostawczego.<\/p>\n<h3 class=\"customblackTitleExtraSmall\">SYSTEMY WYPOSA\u017bENIA:<\/h3>\n<section id=\"imgSlide\" class=\"regular sliderSV\">\n<div>\n<div class=\"txtBlue\">SAFETY<\/div>\n<div class=\"ts-gallery\"><a title=\"Wyposa\u017cenie wewn\u0119trzne Safety do samochodu dostawczego Sprinter\" href=\"https:\/\/www.storevan.com\/wp-content\/uploads\/veicoli\/pianali-pannellature\/safety-1-300x280.jpg\"><img decoding=\"async\" loading=\"lazy\" class=\"alignnone wp-image-62782 size-medium\" src=\"https:\/\/www.storevan.com\/wp-content\/uploads\/veicoli\/pianali-pannellature\/safety-1-300x280.jpg\" alt=\"Safety, wyposa\u017cenie samochod\u00f3w dostawczych MERCEDES-BENZ SPRINTER\" width=\"300\" height=\"280\" \/><\/a><\/div>\n<h3 class=\"bigTxt\">Rega\u0142y z mocowaniem \u0142adunku w standardzie<\/h3>\n<div class=\"borderTitle\"><\/div>\n<p><strong>Przyk\u0142ady wyposa\u017cenia:<\/strong><\/p>\n<p><a title=\"Wyposa\u017cenie samochod\u00f3w dostawczych Safety Kompaktowa, Dach normalny\" href=\"https:\/\/www.storevan.com\/pl\/wyposazanie-samochodow-dostawczych\/sprinter-l1h1-s\/\"><strong>Kompaktowa, Dach normalny<\/strong> (Rozstaw osi 3250\/3259 mm)<\/a><br \/>\n<a title=\"Wyposa\u017cenie samochod\u00f3w dostawczych Safety StStandardowa, Dach normalny\" href=\"https:\/\/www.storevan.com\/pl\/wyposazanie-samochodow-dostawczych\/sprinter-l2h1-s\/\"><strong>Standardowa, Dach normalny<\/strong> (Rozstaw osi 3665\/3924 mm)<\/a><br \/>\n<a title=\"Wyposa\u017cenie samochod\u00f3w dostawczych Safety Standardowa, Dach Wysoki\" href=\"https:\/\/www.storevan.com\/pl\/wyposazanie-samochodow-dostawczych\/sprinter-l2h2-s\/\"><strong>Standardowa, Dach Wysoki<\/strong> (Rozstaw osi 3665\/3924 mm)<\/a><\/p>\n<\/div>\n<div>\n<div class=\"txtBlue\">PROFESSIONAL<\/div>\n<div class=\"ts-gallery\"><a title=\"Wyposa\u017cenie wewn\u0119trzne Professional do samochodu dostawczego Sprinter\" href=\"https:\/\/www.storevan.com\/wp-content\/uploads\/veicoli\/pianali-pannellature\/professional-1-300x280.jpg\"><img decoding=\"async\" loading=\"lazy\" class=\"alignnone wp-image-62788 size-medium\" src=\"https:\/\/www.storevan.com\/wp-content\/uploads\/veicoli\/pianali-pannellature\/professional-1-300x280.jpg\" alt=\"Professional, wyposa\u017cenie samochod\u00f3w dostawczych MERCEDES-BENZ SPRINTER\" width=\"300\" height=\"280\" \/><\/a><\/div>\n<h3 class=\"bigTxt\">Rega\u0142y z dodatkowymi systemami mocowania Airline<\/h3>\n<div class=\"borderTitle\"><\/div>\n<p><strong>Przyk\u0142ady wyposa\u017cenia:<\/strong><\/p>\n<p><a title=\"Wyposa\u017cenie samochod\u00f3w dostawczych Professional Standardowa, Dach Wysoki\" href=\"https:\/\/www.storevan.com\/pl\/wyposazanie-samochodow-dostawczych\/sprinter-l2h2-p\/\"><strong>Standardowa, Dach Wysoki<\/strong> (Rozstaw osi 3665\/3924 mm)<\/a><br \/>\n<a title=\"Wyposa\u017cenie samochod\u00f3w dostawczych Professional D\u0142uga, Dach Wysoki\/Superwysoki\" href=\"https:\/\/www.storevan.com\/pl\/wyposazanie-samochodow-dostawczych\/sprinter-l3h2-p\/\"><strong>D\u0142uga, Dach Wysoki\/Superwysoki<\/strong> (Rozstaw osi 4325 mm)<\/a><\/p>\n<\/div>\n<div>\n<div class=\"txtBlue\">MOBILE<\/div>\n<div id=\"myGallery\" class=\"ts-gallery\"><a title=\"Wyposa\u017cenie wewn\u0119trzne Mobile do samochodu dostawczego Sprinter\" href=\"https:\/\/www.storevan.com\/wp-content\/uploads\/veicoli\/pianali-pannellature\/mobile-1-300x280.jpg\"><img decoding=\"async\" loading=\"lazy\" class=\"alignnone wp-image-62794 size-medium\" src=\"https:\/\/www.storevan.com\/wp-content\/uploads\/veicoli\/pianali-pannellature\/mobile-1-300x280.jpg\" alt=\"Mobile, wyposa\u017cenie samochod\u00f3w dostawczych MERCEDES-BENZ SPRINTER\" width=\"300\" height=\"280\" \/><\/a><\/div>\n<h3 class=\"bigTxt\">Wyposa\u017cenie uzupe\u0142nione o walizki na drobne elementy i w\u00f3zki<\/h3>\n<div class=\"borderTitle\"><\/div>\n<p><strong>Przyk\u0142ady wyposa\u017cenia:<\/strong><\/p>\n<p><a title=\"Wyposa\u017cenie samochod\u00f3w dostawczych Mobile Standardowa, Dach Wysoki\" href=\"https:\/\/www.storevan.com\/pl\/wyposazanie-samochodow-dostawczych\/sprinter-l2h2-m\/\"><strong>Standardowa, Dach Wysoki<\/strong> (Rozstaw osi 3665\/3924 mm)<\/a><br \/>\n<a title=\"Wyposa\u017cenie samochod\u00f3w dostawczych Mobile D\u0142uga, Dach Wysoki\/Superwysoki\" href=\"https:\/\/www.storevan.com\/pl\/wyposazanie-samochodow-dostawczych\/sprinter-l3h2-m\/\"><strong>D\u0142uga, Dach Wysoki\/Superwysoki<\/strong> (Rozstaw osi 4325 mm)<\/a><\/p>\n<\/div>\n<div>\n<div class=\"txtBlue\">LIGHT SHELF<\/div>\n<div id=\"myGallery\" class=\"ts-gallery\"><a title=\"Allestimenti interni Light Shelf per furgone Sprinter\" href=\"https:\/\/www.storevan.com\/wp-content\/uploads\/veicoli\/pianali-pannellature\/lightshelf-1.jpg\"><img decoding=\"async\" loading=\"lazy\" class=\"aligncenter size-medium\" src=\"https:\/\/www.storevan.com\/wp-content\/uploads\/veicoli\/pianali-pannellature\/lightshelf-1-300x280.jpg\" alt=\"Allestimenti interni Light Shelf per furgone Sprinter\" width=\"300\" height=\"280\" \/><\/a><\/div>\n<h3 class=\"bigTxt\">Sk\u0142adane p\u00f3\u0142ki<\/h3>\n<div class=\"borderTitle\"><\/div>\n<p><strong>Przyk\u0142ady wyposa\u017cenia:<\/strong><\/p>\n<p><a title=\"Wyposa\u017cenie samochod\u00f3w dostawczych Light Shelf Standardowa, Dach Wysoki\" href=\"https:\/\/www.storevan.com\/pl\/wyposazanie-samochodow-dostawczych\/sprinter-l2h2-l\/\"><strong>Standardowa, Dach Wysoki<\/strong> (Rozstaw osi 3665\/3924 mm)<\/a><br \/>\n<a title=\"Wyposa\u017cenie samochod\u00f3w dostawczych Light Shelf D\u0142uga, Dach Wysoki\/Superwysoki\" href=\"https:\/\/www.storevan.com\/pl\/wyposazanie-samochodow-dostawczych\/sprinter-l3h2-l\/\"><strong>D\u0142uga, Dach Wysoki\/Superwysoki<\/strong> (Rozstaw osi 4325 mm)<\/a><\/p>\n<\/div>\n<\/section>\n<hr class=\"noColor\" \/>\n<p><a class=\"btn btnLink\" title=\"Kliknij tutaj, aby dowiedzie\u0107 si\u0119 wi\u0119cej o\u00a0systemach Safety, Professional e Mobile\" href=\"https:\/\/www.storevan.com\/pl\/wyposazenia-wewnetrzne-do-samochodow-dostawczych\/\"> Kliknij tutaj, aby dowiedzie\u0107 si\u0119 wi\u0119cej o\u00a0systemach <strong>SAFETY, PROFESSIONAL e MOBILE<\/strong><\/a><\/p>\n<hr class=\"noColor\" \/>\n<h3 class=\"bigTxt text-center txtGrey\">PODSTAWA SKUTECZNEJ OCHRONY POJAZD\u00d3W<\/h3>\n<hr class=\"noColor\" \/>\n<div class=\"two_third\">\n<a href=\"https:\/\/www.storevan.com\/pl\/zabudowy\/mercedes-benz\/sprinter\/scieny-podloga\/\"><img decoding=\"async\" loading=\"lazy\" class=\"aligncenter size-full wp-image-64855\" src=\"https:\/\/www.storevan.com\/wp-content\/uploads\/veicoli\/pianali-pannellature\/pianali-furgone-rivestimento-interno.jpg\" alt=\"Ok\u0142adzina wewn\u0119trzna i\u00a0pod\u0142oga do MERCEDES-BENZ SPRINTER\" width=\"750\" height=\"600\" \/><\/a><\/p>\n<\/div><div class=\"one_third last\">\n<div class=\"boxBorder\">\n<h4 class=\"bigTxt blue hidden-xs\">POD\u0141OGA SPRINTER I OK\u0141ADZINA WEWN\u0118TRZNA<\/h4>\n<div class=\"borderTitleCenter hidden-xs\"><\/div>\n<h5 class=\"hidden-xs\">Systemy certyfikat T\u00dcV.<img decoding=\"async\" loading=\"lazy\" class=\"alignnone size-full wp-image-67768\" src=\"https:\/\/www.storevan.com\/wp-content\/uploads\/veicoli\/pianali-pannellature\/logo-ISO9001.jpg\" alt=\"certyfikat T\u00dcV\" width=\"50\" height=\"50\" \/><\/h5>\n<div class=\"borderTitleCenter hidden-xs\"><\/div>\n<hr class=\"noColor hidden-xs\" \/>\n<div class=\"ts-gallery hidden-xs\"><div class=\"one_half\">\n<a href=\"https:\/\/www.storevan.com\/wp-content\/uploads\/veicoli\/pianali-pannellature\/Dettaglio-pianale-per-furgone-con-punti-ancoraggio-verticali-e-orizzontali-150x150.jpg\"><img decoding=\"async\" loading=\"lazy\" class=\"alignnone wp-image-64381 size-thumbnail\" title=\"Poznaj pod\u0142ogi i panele\" src=\"https:\/\/www.storevan.com\/wp-content\/uploads\/veicoli\/pianali-pannellature\/Dettaglio-pianale-per-furgone-con-punti-ancoraggio-verticali-e-orizzontali-150x150.jpg\" alt=\"Poznaj pod\u0142ogi i panele\" width=\"150\" height=\"150\" \/><\/a><br \/>\n<\/div><div class=\"one_half last\">\n<a href=\"https:\/\/www.storevan.com\/wp-content\/uploads\/veicoli\/pianali-pannellature\/allestimento-per-furgone-con-pianale-wood-floor-150x150.jpg\"><img decoding=\"async\" loading=\"lazy\" class=\"alignnone wp-image-64450 size-thumbnail\" title=\"pod\u0142ogi i panele\" src=\"https:\/\/www.storevan.com\/wp-content\/uploads\/veicoli\/pianali-pannellature\/allestimento-per-furgone-con-pianale-wood-floor-150x150.jpg\" alt=\"pod\u0142ogi i panele safety-floor\" width=\"150\" height=\"150\" \/><\/a><br \/>\n<\/div><div class=\"clearboth\"><\/div><\/div>\n<div class=\"ts-gallery hidden-xs\"><div class=\"one_half\">\n<a href=\"https:\/\/www.storevan.com\/wp-content\/uploads\/veicoli\/pianali-pannellature\/guide-airline-soffitto-furgone-150x150.jpg\"><img decoding=\"async\" loading=\"lazy\" class=\"alignnone wp-image-64393 size-thumbnail\" title=\"pod\u0142ogi i panele\" src=\"https:\/\/www.storevan.com\/wp-content\/uploads\/veicoli\/pianali-pannellature\/guide-airline-soffitto-furgone-150x150.jpg\" alt=\"pod\u0142ogi i panele\" width=\"150\" height=\"150\" \/><\/a><br \/>\n<\/div><div class=\"one_half last\">\n<a href=\"https:\/\/www.storevan.com\/wp-content\/uploads\/veicoli\/pianali-pannellature\/pianale-per-furgone-con-barre-fermacarico-150x150.jpg\"><img decoding=\"async\" loading=\"lazy\" class=\"alignnone wp-image-64417 size-thumbnail\" title=\"Poznaj pod\u0142ogi i panele\" src=\"https:\/\/www.storevan.com\/wp-content\/uploads\/veicoli\/pianali-pannellature\/pianale-per-furgone-con-barre-fermacarico-150x150.jpg\" alt=\"Poznaj pod\u0142ogi i panele\" width=\"150\" height=\"150\" \/><\/a><br \/>\n<\/div><div class=\"clearboth\"><\/div><\/div>\n<div class=\"btnFullWidth\"><a class=\"btn btn-blue\" href=\"https:\/\/www.storevan.com\/pl\/zabudowy\/mercedes-benz\/sprinter\/scieny-podloga\/\">POZNAJ POD\u0141OGI I PANELE DO SPRINTER <i class=\"fa fa-angle-double-right\"><\/i><\/a><\/div>\n<\/div>\n<\/div><div class=\"clearboth\"><\/div>\n<h3 class=\"bigTxt text-center txtGrey\">UZUPE\u0141NIJ WYPOSA\u017bENIE DO SPRINTER CARGO O:<\/h3>\n<div class=\"one_half\">\n<img decoding=\"async\" loading=\"lazy\" class=\"aligncenter wp-image-66331 size-full\" src=\"https:\/\/www.storevan.com\/wp-content\/uploads\/veicoli\/pianali-pannellature\/portatutto-portascala-space-up.jpg\" alt=\"Uchwyt uniwersalny i uchwyt do drabiny do Sprinter\" width=\"745\" height=\"200\" \/><br \/>\n<\/div><div class=\"one_half last\">\n<h4 class=\"bigTxt blue\">UCHWYT UNIWERSALNY I UCHWYT DO DRABIN DO MERCEDES-BENZ SPRINTER<\/h4>\n<div class=\"borderTitle\"><\/div>\n<p>Do przewozu towar\u00f3w i\u00a0sprz\u0119tu o\u00a0du\u017cej d\u0142ugo\u015bci, Store Van oferuje belki uniwersalne i\u00a0uchwyty stalowe do drabin. Niezniszczalne uniwersalne belki dachowe Stpre Van, niezb\u0119dne do wykonywania codziennej pracy, s\u0105 \u0142atwe w\u00a0monta\u017cu i\u00a0u\u017cytkowaniu.<\/p>\n<p><a class=\"btn btn-blue\" title=\"Poznaj uchwyty uniwersalne i uchwyty do drabin do Sprinter\" href=\"https:\/\/www.storevan.com\/pl\/zabudowy\/mercedes-benz\/sprinter\/bagazniki-dachowe\/\">POZNAJ UCHWYTY UNIWERSALNE I UCHWYTY DO DRABIN DO MERCEDES-BENZ SPRINTER<\/a><br \/>\n<\/div><div class=\"clearboth\"><\/div>\n<hr class=\"noColor\" \/>\n<div class=\"break\"><\/div>\n<hr \/>\n<div class=\"one_third\">\n<div class=\"text-center\"><a class=\"btn btn-download\" title=\"ZADZWO\u0143 TERAZ!\" href=\"tel:+390424585455\"><i class=\"fa fa-phone\"><\/i> <span class=\"spanBtn\">ZADZWO\u0143 TERAZ<\/span><br \/>\nuzyskasz wszelkie informacje<\/a><\/div>\n<\/div><div class=\"one_third\">\n<div class=\"text-center\"><a class=\"btn btn-download\" title=\"DOWNLOAD\" href=\"https:\/\/www.storevan.com\/wp-content\/uploads\/doc\/Lightshelf_ESPL_CCT03S2600_web.pdf\" target=\"_blank\" rel=\"noopener noreferrer\"><i class=\"fa fa-download\"><\/i> <span class=\"spanBtn\">DOWNLOAD<\/span><br \/>\nKATALOG LIGHT SHELF<\/a><\/div>\n<\/div><div class=\"one_third last\">\n<div class=\"text-center\"><a class=\"btn btn-download\" title=\"POBIERZ\" href=\"https:\/\/www.storevan.com\/wp-content\/uploads\/doc\/MERCEDES-BENZ_SPRINTER_Equipamiento_Wyposazenie_StoreVan_espl.pdf\" target=\"_blank\" rel=\"noopener noreferrer\"><i class=\"fa fa-download\"><\/i> <span class=\"spanBtn\">POBIERZ<\/span><br \/>\nKATALOG SPRINTER<\/a><\/div>\n<\/div><div class=\"clearboth\"><\/div>\n<hr \/>\n<h4 class=\"bigTxt text-center txtBkOrange\"><i class=\"fa fa-envelope pull-left\"><\/i>CHCESZ WIEDZIE\u0106 WI\u0118CEJ?<\/h4>\n\n<div class=\"wpcf7 no-js\" id=\"wpcf7-f67676-o1\" lang=\"it-IT\" dir=\"ltr\">\n<div class=\"screen-reader-response\"><p role=\"status\" aria-live=\"polite\" aria-atomic=\"true\"><\/p> <ul><\/ul><\/div>\n<form action=\"\/pl\/wp-json\/wp\/v2\/pages\/16428#wpcf7-f67676-o1\" method=\"post\" class=\"wpcf7-form init\" aria-label=\"Modulo di contatto\" novalidate=\"novalidate\" data-status=\"init\">\n<div style=\"display: none;\">\n<input type=\"hidden\" name=\"_wpcf7\" value=\"67676\" \/>\n<input type=\"hidden\" name=\"_wpcf7_version\" value=\"5.7.7\" \/>\n<input type=\"hidden\" name=\"_wpcf7_locale\" value=\"it_IT\" \/>\n<input type=\"hidden\" name=\"_wpcf7_unit_tag\" value=\"wpcf7-f67676-o1\" \/>\n<input type=\"hidden\" name=\"_wpcf7_container_post\" value=\"0\" \/>\n<input type=\"hidden\" name=\"_wpcf7_posted_data_hash\" value=\"\" \/>\n<input type=\"hidden\" name=\"_wpcf7_recaptcha_response\" value=\"\" \/>\n<\/div>\n<span class=\"wpcf7-form-control-wrap url\" data-name=\"url\"><input type=\"hidden\" name=\"url\" size=\"40\" class=\"wpcf7-form-control wpcf7-hidden wpcf7dtx wpcf7dtx-hidden\" aria-invalid=\"false\" value=\"sprinter\" autocomplete=\"off\" \/><\/span>\n<p>Wype\u0142nij poni\u017csze pola, aby otrzyma\u0107 wi\u0119cej informacji. Nasz operator skontaktuje si\u0119 z\u00a0tob\u0105 najszybciej, jak to mo\u017cliwe (* pola obowi\u0105zkowe):\n<\/p>\n<div class=\"col-xs-12 col-md-6\">\n\t<p><span class='titoli'>Imi\u0119 (*)<\/span>\n\t<\/p>\n\t<p><span class=\"wpcf7-form-control-wrap\" data-name=\"your-name\"><input size=\"40\" class=\"wpcf7-form-control wpcf7-text wpcf7-validates-as-required form-control\" aria-required=\"true\" aria-invalid=\"false\" value=\"\" type=\"text\" name=\"your-name\" \/><\/span>\n\t<\/p>\n<\/div>\n<div class=\"col-xs-12 col-md-6\">\n\t<p><span class='titoli'>Nazwisko (*)<\/span>\n\t<\/p>\n\t<p><span class=\"wpcf7-form-control-wrap\" data-name=\"your-last-name\"><input size=\"40\" class=\"wpcf7-form-control wpcf7-text wpcf7-validates-as-required form-control\" aria-required=\"true\" aria-invalid=\"false\" value=\"\" type=\"text\" name=\"your-last-name\" \/><\/span>\n\t<\/p>\n<\/div>\n<div class=\"col-xs-12 col-md-6\">\n\t<p><span class='titoli'>Firma (*)<\/span>\n\t<\/p>\n\t<p><span class=\"wpcf7-form-control-wrap\" data-name=\"your-company\"><input size=\"40\" class=\"wpcf7-form-control wpcf7-text wpcf7-validates-as-required form-control\" aria-required=\"true\" aria-invalid=\"false\" value=\"\" type=\"text\" name=\"your-company\" \/><\/span>\n\t<\/p>\n<\/div>\n<div class=\"col-xs-12 col-md-6\">\n\t<p><span class='titoli'>Numer NIP<\/span>\n\t<\/p>\n\t<p><span class=\"wpcf7-form-control-wrap\" data-name=\"p-iva\"><input size=\"40\" class=\"wpcf7-form-control wpcf7-text form-control\" aria-invalid=\"false\" value=\"\" type=\"text\" name=\"p-iva\" \/><\/span>\n\t<\/p>\n<\/div>\n<div class=\"clearboth\">\n<\/div>\n<div class=\"col-xs-12 col-md-4\">\n\t<p><span class='titoli'>Kod pocztowy (*)<\/span>\n\t<\/p>\n\t<p><span class=\"wpcf7-form-control-wrap\" data-name=\"your-zip-code\"><input size=\"40\" class=\"wpcf7-form-control wpcf7-text wpcf7-validates-as-required form-control\" aria-required=\"true\" aria-invalid=\"false\" value=\"\" type=\"text\" name=\"your-zip-code\" \/><\/span>\n\t<\/p>\n<\/div>\n<div class=\"col-xs-12 col-md-4\">\n\t<p><span class='titoli'>Adres (*)<\/span>\n\t<\/p>\n\t<p><span class=\"wpcf7-form-control-wrap\" data-name=\"your-address\"><input size=\"40\" class=\"wpcf7-form-control wpcf7-text wpcf7-validates-as-required form-control\" aria-required=\"true\" aria-invalid=\"false\" value=\"\" type=\"text\" name=\"your-address\" \/><\/span>\n\t<\/p>\n<\/div>\n<div class=\"col-xs-12 col-md-4\">\n\t<p><span class='titoli'>Miasto (*)<\/span>\n\t<\/p>\n\t<p><span class=\"wpcf7-form-control-wrap\" data-name=\"your-Town\"><input size=\"40\" class=\"wpcf7-form-control wpcf7-text wpcf7-validates-as-required form-control\" aria-required=\"true\" aria-invalid=\"false\" value=\"\" type=\"text\" name=\"your-Town\" \/><\/span>\n\t<\/p>\n<\/div>\n<div class=\"clearboth\">\n<\/div>\n<div class=\"col-xs-12 col-md-6\">\n\t<p><span class='titoli'>email (*)<\/span>\n\t<\/p>\n\t<p><span class=\"wpcf7-form-control-wrap\" data-name=\"your-email\"><input size=\"40\" class=\"wpcf7-form-control wpcf7-text wpcf7-email wpcf7-validates-as-required wpcf7-validates-as-email form-control\" aria-required=\"true\" aria-invalid=\"false\" value=\"\" type=\"email\" name=\"your-email\" \/><\/span>\n\t<\/p>\n<\/div>\n<div class=\"col-xs-12 col-md-6\">\n\t<p><span class='titoli'>Telefon (*)<\/span>\n\t<\/p>\n\t<p><span class=\"wpcf7-form-control-wrap\" data-name=\"telefono\"><input size=\"40\" class=\"wpcf7-form-control wpcf7-text wpcf7-tel wpcf7-validates-as-required wpcf7-validates-as-tel form-control\" aria-required=\"true\" aria-invalid=\"false\" value=\"\" type=\"tel\" name=\"telefono\" \/><\/span>\n\t<\/p>\n<\/div>\n<div class=\"clearboth\">\n<\/div>\n<div class=\"col-xs-12 col-md-6\">\n\t<p><span class='titoli'>Przedmiot <\/span>\n\t<\/p>\n\t<p><span class=\"wpcf7-form-control-wrap\" data-name=\"oggetto\"><select class=\"wpcf7-form-control wpcf7-select wpcf7-validates-as-required\" aria-required=\"true\" aria-invalid=\"false\" name=\"oggetto\"><option value=\"Oferta\">Oferta<\/option><option value=\"Informacje techniczne\">Informacje techniczne<\/option><option value=\"Powo\u0142anie\">Powo\u0142anie<\/option><\/select><\/span>\n\t<\/p>\n<\/div>\n<div class=\"col-xs-12 col-md-6\">\n\t<p><br \/>\n<span class=\"titoli\"> <span class=\"wpcf7-form-control-wrap\" data-name=\"cliente\"><span class=\"wpcf7-form-control wpcf7-checkbox\"><span class=\"wpcf7-list-item first last\"><label><span class=\"wpcf7-list-item-label\">Jestem ju\u017c klientem<\/span><input type=\"checkbox\" name=\"cliente[]\" value=\"Jestem ju\u017c klientem\" \/><\/label><\/span><\/span><\/span><\/span>\n\t<\/p>\n<\/div>\n<div class=\"col-xs-12 col-md-12\">\n\t<p><span class='titoli'>Wiadomo\u015b\u0107 (*)<\/span>\n\t<\/p>\n\t<p><span class=\"wpcf7-form-control-wrap\" data-name=\"your-message\"><textarea cols=\"40\" rows=\"10\" class=\"wpcf7-form-control wpcf7-textarea wpcf7-validates-as-required form-control\" aria-required=\"true\" aria-invalid=\"false\" name=\"your-message\"><\/textarea><\/span>\n\t<\/p>\n<\/div>\n<div class=\"col-xs-12 col-md-12\">\n\t<p><small>Wprowadzone dane b\u0119d\u0105 traktowane z zachowaniem \u015bcis\u0142ej poufno\u015bci zgodnie z prawem i nasz\u0105 polityk\u0105 prywatno\u015bci. <a href=\"https:\/\/www.storevan.com\/pl\/privacy-policy\/\">Polityk\u0105 prywatno\u015bci<\/a><\/small>\n\t<\/p>\n\t<p><span class=\"wpcf7-form-control-wrap\" data-name=\"AccettazionePrivacy\"><span class=\"wpcf7-form-control wpcf7-acceptance\"><span class=\"wpcf7-list-item\"><input type=\"checkbox\" name=\"AccettazionePrivacy\" value=\"1\" aria-invalid=\"false\" \/><\/span><\/span><\/span> O\u015bwiadczam, \u017ce zapozna\u0142am si\u0119 z <a href=\"https:\/\/www.storevan.com\/pl\/privacy-policy\/\">polityk\u0105 prywatno\u015bci<\/a> i zgadzam si\u0119 na wykorzystanie moich danych osobowych w opisanych tam przypadkach.(*)(*)<br \/>\n\t<span class=\"wpcf7-form-control-wrap recaptcha\" data-name=\"recaptcha\"><span data-sitekey=\"6LdfM4AUAAAAAJjsAucux5WVNA3hsk5KP0a03T_n\" class=\"wpcf7-form-control g-recaptcha wpcf7-recaptcha\"><\/span>\r\n<noscript>\r\n\t<div class=\"grecaptcha-noscript\">\r\n\t\t<iframe src=\"https:\/\/www.google.com\/recaptcha\/api\/fallback?k=6LdfM4AUAAAAAJjsAucux5WVNA3hsk5KP0a03T_n\" frameborder=\"0\" scrolling=\"no\" width=\"310\" height=\"430\">\r\n\t\t<\/iframe>\r\n\t\t<textarea name=\"g-recaptcha-response\" rows=\"3\" cols=\"40\" placeholder=\"reCaptcha Response Here\">\r\n\t\t<\/textarea>\r\n\t<\/div>\r\n<\/noscript>\r\n<\/span>\n\t<\/p>\n<\/div>\n<hr class=\"noColor\" \/>\n<p><input class=\"wpcf7-form-control has-spinner wpcf7-submit\" type=\"submit\" value=\"Wy\u015blij\" \/>\n<\/p><div class=\"wpcf7-response-output\" aria-hidden=\"true\"><\/div>\n<\/form>\n<\/div>\n\n","protected":false},"excerpt":{"rendered":"<p>Zabudowy do Mercedes-Benz Sprinter Skontaktuj si\u0119 z nami by uzyska\u0107 indywidulan\u0105, niezobowi\u0105zuj\u0105c\u0105 wycen\u0119 zabudowy Twojego Mercedes Benz Sprinter. Wyposa\u017cenie samochod\u00f3w serwisowych.\u00a0Zwi\u0119ksz warto\u015b\u0107 swojego samochodu dostawczego Mercedes-Benz Sprinter, montuj\u0105c mobilny warsztat.<\/p>\n","protected":false},"author":470,"featured_media":0,"parent":16421,"menu_order":0,"comment_status":"closed","ping_status":"closed","template":"pageSlider.php","meta":[],"acf":[],"yoast_head":"<!-- This site is optimized with the Yoast SEO plugin v20.11 - https:\/\/yoast.com\/wordpress\/plugins\/seo\/ -->\n<title>Zabudowy do Mercedes-Benz Sprinter<\/title>\n<meta name=\"description\" content=\"Skontaktuj si\u0119 z nami by uzyska\u0107 indywidulan\u0105, niezobowi\u0105zuj\u0105c\u0105 wycen\u0119 zabudowy Twojego Mercedes Benz Sprinter.wyposa\u017cenie samochod\u00f3w serwisowych\" \/>\n<meta name=\"robots\" content=\"index, follow, max-snippet:-1, max-image-preview:large, max-video-preview:-1\" \/>\n<link rel=\"canonical\" href=\"https:\/\/www.storevan.com\/allestimenti-veicoli-commerciali\/furgoni-mercedes-benz\/sprinter\/\" \/>\n<meta property=\"og:locale\" content=\"pl_PL\" \/>\n<meta property=\"og:type\" content=\"article\" \/>\n<meta property=\"og:title\" content=\"Zabudowy do Mercedes-Benz Sprinter\" \/>\n<meta property=\"og:description\" content=\"Skontaktuj si\u0119 z nami by uzyska\u0107 indywidulan\u0105, niezobowi\u0105zuj\u0105c\u0105 wycen\u0119 zabudowy Twojego Mercedes Benz Sprinter.wyposa\u017cenie samochod\u00f3w serwisowych\" \/>\n<meta property=\"og:url\" content=\"https:\/\/www.storevan.com\/allestimenti-veicoli-commerciali\/furgoni-mercedes-benz\/sprinter\/\" \/>\n<meta property=\"og:site_name\" content=\"Store Van\" \/>\n<meta property=\"article:modified_time\" content=\"2021-11-03T11:31:18+00:00\" \/>\n<meta property=\"og:image\" content=\"https:\/\/www.storevan.com\/wp-content\/uploads\/veicoli\/pianali-pannellature\/safety-1-300x280.jpg\" \/>\n<meta name=\"twitter:label1\" content=\"Szacowany czas czytania\" \/>\n\t<meta name=\"twitter:data1\" content=\"2 minuty\" \/>\n<script type=\"application\/ld+json\" class=\"yoast-schema-graph\">{\"@context\":\"https:\/\/schema.org\",\"@graph\":[{\"@type\":\"WebPage\",\"@id\":\"https:\/\/www.storevan.com\/allestimenti-veicoli-commerciali\/furgoni-mercedes-benz\/sprinter\/\",\"url\":\"https:\/\/www.storevan.com\/allestimenti-veicoli-commerciali\/furgoni-mercedes-benz\/sprinter\/\",\"name\":\"Zabudowy do Mercedes-Benz Sprinter\",\"isPartOf\":{\"@id\":\"https:\/\/www.storevan.com\/pl\/#website\"},\"datePublished\":\"2015-12-09T14:42:20+00:00\",\"dateModified\":\"2021-11-03T11:31:18+00:00\",\"description\":\"Skontaktuj si\u0119 z nami by uzyska\u0107 indywidulan\u0105, niezobowi\u0105zuj\u0105c\u0105 wycen\u0119 zabudowy Twojego Mercedes Benz Sprinter.wyposa\u017cenie samochod\u00f3w serwisowych\",\"breadcrumb\":{\"@id\":\"https:\/\/www.storevan.com\/allestimenti-veicoli-commerciali\/furgoni-mercedes-benz\/sprinter\/#breadcrumb\"},\"inLanguage\":\"pl-PL\",\"potentialAction\":[{\"@type\":\"ReadAction\",\"target\":[\"https:\/\/www.storevan.com\/allestimenti-veicoli-commerciali\/furgoni-mercedes-benz\/sprinter\/\"]}]},{\"@type\":\"BreadcrumbList\",\"@id\":\"https:\/\/www.storevan.com\/allestimenti-veicoli-commerciali\/furgoni-mercedes-benz\/sprinter\/#breadcrumb\",\"itemListElement\":[{\"@type\":\"ListItem\",\"position\":1,\"name\":\"Home\",\"item\":\"https:\/\/www.storevan.com\/pl\/\"},{\"@type\":\"ListItem\",\"position\":2,\"name\":\"Zabudowy\",\"item\":\"https:\/\/www.storevan.com\/allestimenti-veicoli-commerciali\/\"},{\"@type\":\"ListItem\",\"position\":3,\"name\":\"Mercedes-Benz\",\"item\":\"https:\/\/www.storevan.com\/allestimenti-veicoli-commerciali\/furgoni-mercedes-benz\/\"},{\"@type\":\"ListItem\",\"position\":4,\"name\":\"Sprinter\"}]},{\"@type\":\"WebSite\",\"@id\":\"https:\/\/www.storevan.com\/pl\/#website\",\"url\":\"https:\/\/www.storevan.com\/pl\/\",\"name\":\"Store Van\",\"description\":\"Zabudowy\",\"potentialAction\":[{\"@type\":\"SearchAction\",\"target\":{\"@type\":\"EntryPoint\",\"urlTemplate\":\"https:\/\/www.storevan.com\/pl\/?s={search_term_string}\"},\"query-input\":\"required name=search_term_string\"}],\"inLanguage\":\"pl-PL\"}]}<\/script>\n<!-- \/ Yoast SEO plugin. -->","yoast_head_json":{"title":"Zabudowy do Mercedes-Benz Sprinter","description":"Skontaktuj si\u0119 z nami by uzyska\u0107 indywidulan\u0105, niezobowi\u0105zuj\u0105c\u0105 wycen\u0119 zabudowy Twojego Mercedes Benz Sprinter.wyposa\u017cenie samochod\u00f3w serwisowych","robots":{"index":"index","follow":"follow","max-snippet":"max-snippet:-1","max-image-preview":"max-image-preview:large","max-video-preview":"max-video-preview:-1"},"canonical":"https:\/\/www.storevan.com\/allestimenti-veicoli-commerciali\/furgoni-mercedes-benz\/sprinter\/","og_locale":"pl_PL","og_type":"article","og_title":"Zabudowy do Mercedes-Benz Sprinter","og_description":"Skontaktuj si\u0119 z nami by uzyska\u0107 indywidulan\u0105, niezobowi\u0105zuj\u0105c\u0105 wycen\u0119 zabudowy Twojego Mercedes Benz Sprinter.wyposa\u017cenie samochod\u00f3w serwisowych","og_url":"https:\/\/www.storevan.com\/allestimenti-veicoli-commerciali\/furgoni-mercedes-benz\/sprinter\/","og_site_name":"Store Van","article_modified_time":"2021-11-03T11:31:18+00:00","og_image":[{"url":"https:\/\/www.storevan.com\/wp-content\/uploads\/veicoli\/pianali-pannellature\/safety-1-300x280.jpg"}],"twitter_misc":{"Szacowany czas czytania":"2 minuty"},"schema":{"@context":"https:\/\/schema.org","@graph":[{"@type":"WebPage","@id":"https:\/\/www.storevan.com\/allestimenti-veicoli-commerciali\/furgoni-mercedes-benz\/sprinter\/","url":"https:\/\/www.storevan.com\/allestimenti-veicoli-commerciali\/furgoni-mercedes-benz\/sprinter\/","name":"Zabudowy do Mercedes-Benz Sprinter","isPartOf":{"@id":"https:\/\/www.storevan.com\/pl\/#website"},"datePublished":"2015-12-09T14:42:20+00:00","dateModified":"2021-11-03T11:31:18+00:00","description":"Skontaktuj si\u0119 z nami by uzyska\u0107 indywidulan\u0105, niezobowi\u0105zuj\u0105c\u0105 wycen\u0119 zabudowy Twojego Mercedes Benz Sprinter.wyposa\u017cenie samochod\u00f3w serwisowych","breadcrumb":{"@id":"https:\/\/www.storevan.com\/allestimenti-veicoli-commerciali\/furgoni-mercedes-benz\/sprinter\/#breadcrumb"},"inLanguage":"pl-PL","potentialAction":[{"@type":"ReadAction","target":["https:\/\/www.storevan.com\/allestimenti-veicoli-commerciali\/furgoni-mercedes-benz\/sprinter\/"]}]},{"@type":"BreadcrumbList","@id":"https:\/\/www.storevan.com\/allestimenti-veicoli-commerciali\/furgoni-mercedes-benz\/sprinter\/#breadcrumb","itemListElement":[{"@type":"ListItem","position":1,"name":"Home","item":"https:\/\/www.storevan.com\/pl\/"},{"@type":"ListItem","position":2,"name":"Zabudowy","item":"https:\/\/www.storevan.com\/allestimenti-veicoli-commerciali\/"},{"@type":"ListItem","position":3,"name":"Mercedes-Benz","item":"https:\/\/www.storevan.com\/allestimenti-veicoli-commerciali\/furgoni-mercedes-benz\/"},{"@type":"ListItem","position":4,"name":"Sprinter"}]},{"@type":"WebSite","@id":"https:\/\/www.storevan.com\/pl\/#website","url":"https:\/\/www.storevan.com\/pl\/","name":"Store Van","description":"Zabudowy","potentialAction":[{"@type":"SearchAction","target":{"@type":"EntryPoint","urlTemplate":"https:\/\/www.storevan.com\/pl\/?s={search_term_string}"},"query-input":"required name=search_term_string"}],"inLanguage":"pl-PL"}]}},"_links":{"self":[{"href":"https:\/\/www.storevan.com\/pl\/wp-json\/wp\/v2\/pages\/16428"}],"collection":[{"href":"https:\/\/www.storevan.com\/pl\/wp-json\/wp\/v2\/pages"}],"about":[{"href":"https:\/\/www.storevan.com\/pl\/wp-json\/wp\/v2\/types\/page"}],"author":[{"embeddable":true,"href":"https:\/\/www.storevan.com\/pl\/wp-json\/wp\/v2\/users\/470"}],"replies":[{"embeddable":true,"href":"https:\/\/www.storevan.com\/pl\/wp-json\/wp\/v2\/comments?post=16428"}],"version-history":[{"count":7,"href":"https:\/\/www.storevan.com\/pl\/wp-json\/wp\/v2\/pages\/16428\/revisions"}],"predecessor-version":[{"id":135501,"href":"https:\/\/www.storevan.com\/pl\/wp-json\/wp\/v2\/pages\/16428\/revisions\/135501"}],"up":[{"embeddable":true,"href":"https:\/\/www.storevan.com\/pl\/wp-json\/wp\/v2\/pages\/16421"}],"wp:attachment":[{"href":"https:\/\/www.storevan.com\/pl\/wp-json\/wp\/v2\/media?parent=16428"}],"curies":[{"name":"wp","href":"https:\/\/api.w.org\/{rel}","templated":true}]}}