{"id":16355,"date":"2015-12-09T15:25:44","date_gmt":"2015-12-09T14:25:44","guid":{"rendered":"https:\/\/www.storevan.com\/pl\/zabudowy\/furgoni-ford\/connect\/"},"modified":"2022-09-07T08:11:14","modified_gmt":"2022-09-07T08:11:14","slug":"connect","status":"publish","type":"page","link":"https:\/\/www.storevan.com\/pl\/zabudowy\/ford\/connect\/","title":{"rendered":"Connecta"},"content":{"rendered":"<h1 class=\"customblackTitleSmall\">Zabudowy do Ford Transit Connect<\/h1>\n<p>W\u0142a\u015bcicielom pojazd\u00f3w u\u017cytkowych\u00a0<strong>Forda Connecta<\/strong>,\u00a0Store Van\u00a0oferuje\u00a0indywidualnie dostosowane systemy wyposa\u017cenia samochod\u00f3w dostawczych,\u00a0z wykorzystaniem szerokiej gamy rega\u0142\u00f3w, p\u00f3\u0142ek i\u00a0paneli, uchwyt\u00f3w uniwersalnych i\u00a0uchwyt\u00f3w do drabin, akcesori\u00f3w, system\u00f3w bezpiecze\u0144stwa \u0142adunku i\u00a0wielu innych element\u00f3w. Nasze wieloletnie do\u015bwiadczenie, zdobyte podczas realizacji niezliczonych wersji mobilnego warsztatu,\u00a0pozwala nam zaspokoi\u0107 potrzeby klient\u00f3w, takich jak\u00a0hydraulicy, elektrycy, konserwatorzy, instalatorzy, przewo\u017anicy, handlowcy, przedstawiciele\u00a0itp. Indywidualne wyposa\u017cenie do\u00a0samochod\u00f3w dostawczych\u00a0Connect. Zapytaj o\u00a0bezp\u0142atn\u0105 wycen\u0119!<\/p>\n<h3 class=\"customblackTitleExtraSmall\">SYSTEMY WYPOSA\u017bENIA:<\/h3>\n<section id=\"imgSlide\" class=\"regular sliderSV\">\n<div>\n<div class=\"txtBlue\">SAFETY<\/div>\n<div class=\"ts-gallery\"><a title=\"Wyposa\u017cenie wewn\u0119trzne Safety do samochodu dostawczego Connecta\" href=\"https:\/\/www.storevan.com\/wp-content\/uploads\/veicoli\/pianali-pannellature\/allestimenti-furgoni-piccoli-Safety.jpg\"><img decoding=\"async\" loading=\"lazy\" class=\"alignnone wp-image-62782 size-medium\" src=\"https:\/\/www.storevan.com\/wp-content\/uploads\/veicoli\/pianali-pannellature\/allestimenti-furgoni-piccoli-Safety-300x171.jpg\" alt=\"Safety, wyposa\u017cenie samochod\u00f3w dostawczych Forda Connecta\" width=\"300\" height=\"280\" \/><\/a><\/div>\n<h3 class=\"bigTxt\">Safety, rega\u0142y z mocowaniem \u0142adunku w standardzie<\/h3>\n<div class=\"borderTitle\"><\/div>\n<p><strong>Przyk\u0142ady wyposa\u017cenia:<\/strong><\/p>\n<p><a title=\"Wyposa\u017cenie samochod\u00f3w dostawczych Safety Connecta L1 H1\" href=\"https:\/\/www.storevan.com\/pl\/wyposazanie-samochodow-dostawczych\/connect-l1h1-s\/\"><strong>L1 H1<\/strong> (Rozstaw 2662 mm)<\/a><br \/>\n<a title=\"Wyposa\u017cenie samochod\u00f3w dostawczych Safety Connecta L2 H1\" href=\"https:\/\/www.storevan.com\/pl\/wyposazanie-samochodow-dostawczych\/connect-l2h1-s\/\"><strong>L2 H1<\/strong> (Rozstaw 3062 mm)<\/a><\/p>\n<\/div>\n<div>\n<div class=\"txtBlue\">PROFESSIONAL<\/div>\n<div class=\"ts-gallery\"><a title=\"Wyposa\u017cenie wewn\u0119trzne Professional do samochodu dostawczego Connecta\" href=\"https:\/\/www.storevan.com\/wp-content\/uploads\/veicoli\/pianali-pannellature\/scaffalature-per-furgone-piccolo-Professional.jpg\"><img decoding=\"async\" loading=\"lazy\" class=\"alignnone wp-image-62788 size-medium\" src=\"https:\/\/www.storevan.com\/wp-content\/uploads\/veicoli\/pianali-pannellature\/scaffalature-per-furgone-piccolo-Professional-300x171.jpg\" alt=\"Professional, wyposa\u017cenie samochod\u00f3w dostawczych Forda Connecta\" width=\"300\" height=\"280\" \/><\/a><\/div>\n<h3 class=\"bigTxt\">Professional, Rega\u0142y z dodatkowymi systemami mocowania Airline<\/h3>\n<div class=\"borderTitle\"><\/div>\n<p><strong>Przyk\u0142ady wyposa\u017cenia:<\/strong><\/p>\n<p><a title=\"Professional Connecta L1 H1\" href=\"https:\/\/www.storevan.com\/pl\/wyposazanie-samochodow-dostawczych\/connect-l1h1-p\/\"><strong>L1 H1<\/strong> (Rozstaw 2662 mm)<\/a><br \/>\n<a title=\"Professional Connecta L2 H1\" href=\"https:\/\/www.storevan.com\/pl\/wyposazanie-samochodow-dostawczych\/connect-l2h1-p\/\"><strong>L2 H1<\/strong> (Rozstaw 3062 mm)<\/a><\/p>\n<\/div>\n<div>\n<div class=\"txtBlue\">MOBILE<\/div>\n<div id=\"myGallery\" class=\"ts-gallery\"><a title=\"Wyposa\u017cenie wewn\u0119trzne Mobile do samochodu dostawczego Connecta\" href=\"https:\/\/www.storevan.com\/wp-content\/uploads\/veicoli\/pianali-pannellature\/allestimento-furgoni-piccoli-Mobile.jpg\"><img decoding=\"async\" loading=\"lazy\" class=\"alignnone wp-image-62794 size-medium\" src=\"https:\/\/www.storevan.com\/wp-content\/uploads\/veicoli\/pianali-pannellature\/allestimento-furgoni-piccoli-Mobile-300x171.jpg\" alt=\"Mobile, wyposa\u017cenie samochod\u00f3w dostawczych Forda Connecta\" width=\"300\" height=\"280\" \/><\/a><\/div>\n<h3 class=\"bigTxt\">Mobile, Wyposa\u017cenie uzupe\u0142nione o walizki na drobne elementy i w\u00f3zki<\/h3>\n<div class=\"borderTitle\"><\/div>\n<p><strong>Przyk\u0142ady wyposa\u017cenia:<\/strong><\/p>\n<p><a title=\"Wyposa\u017cenie wewn\u0119trzne Mobile do samochodu dostawczego Connecta L1 H1\" href=\"https:\/\/www.storevan.com\/pl\/wyposazanie-samochodow-dostawczych\/connect-l1h1-m\/\"><strong>L1 H1<\/strong> (Rozstaw 2662 mm)<\/a><br \/>\n<a title=\"Wyposa\u017cenie wewn\u0119trzne Mobile do samochodu dostawczego Connecta L2 H1\" href=\"https:\/\/www.storevan.com\/pl\/wyposazanie-samochodow-dostawczych\/connect-l2h1-m\/\"><strong>L2 H1<\/strong> (Rozstaw 3062 mm)<\/a><\/p>\n<\/div>\n<div>\n<div class=\"txtBlue\">FLOOR UP<\/div>\n<div class=\"ts-gallery\"><a title=\"Wyposa\u017cenie wewn\u0119trzne Floor Up do samochodu dostawczego Connecta\" href=\"https:\/\/www.storevan.com\/wp-content\/uploads\/veicoli\/pianali-pannellature\/pianale-rialzato-con-cassetti-Floor-up.jpg\"><img decoding=\"async\" loading=\"lazy\" class=\"alignnone size-medium wp-image-63525\" src=\"https:\/\/www.storevan.com\/wp-content\/uploads\/veicoli\/pianali-pannellature\/pianale-rialzato-con-cassetti-Floor-up-300x171.jpg\" alt=\"Floor Up, , wyposa\u017cenie samochod\u00f3w dostawczych Forda Connecta\" width=\"300\" height=\"280\" \/><\/a><\/div>\n<h3 class=\"bigTxt\">Floor Up, System z szufladami pod pod\u0142og\u0105 i rega\u0142ami do samochod\u00f3w dostawczych ma\u0142ych i \u015brednich<\/h3>\n<div class=\"borderTitle\"><\/div>\n<p><strong>Przyk\u0142ady wyposa\u017cenia:<\/strong><\/p>\n<p><a title=\"Floor Up Connecta L1 H1\" href=\"https:\/\/www.storevan.com\/pl\/wyposazanie-samochodow-dostawczych\/connect-l1h1-f\/\"><strong>L1 H1<\/strong> (Rozstaw 2662 mm)<\/a><br \/>\n<a title=\"Floor Up Connecta L2 H1\" href=\"https:\/\/www.storevan.com\/pl\/wyposazanie-samochodow-dostawczych\/connect-l2h1-f\/\"><strong>L2 H1<\/strong> (Rozstaw 3062 mm)<\/a><\/p>\n<\/div>\n<\/section>\n<hr class=\"noColor\" \/>\n<p class=\"btn btnLink\" > Kliknij tutaj, aby dowiedzie\u0107 si\u0119 wi\u0119cej o systemach <strong><a title=\"Kliknij tutaj, aby dowiedzie\u0107 si\u0119 wi\u0119cej o systemach SAFETY, PROFESSIONAL, MOBILE\" href=\"https:\/\/www.storevan.com\/pl\/wyposazenia-wewnetrzne-do-samochodow-dostawczych\/\"style=\"margin-right:0;\">SAFETY, PROFESSIONAL, MOBILE<\/a> I <a href=\"https:\/\/www.storevan.com\/pl\/produkty\/podloga-podwyzszana\/\" title=\"Floor Up, System z szufladami pod pod\u0142og\u0105 i rega\u0142ami do samochod\u00f3w dostawczych ma\u0142ych i \u015brednich\">FLOOR UP<\/a><\/strong><\/p>\n<hr class=\"noColor\"\/>\n<h3 class=\"bigTxt text-center txtGrey\">PODSTAWA SKUTECZNEJ OCHRONY POJAZD\u00d3W<\/h3>\n<hr class=\"noColor\" \/>\n<div class=\"two_third\">\n<a title=\"Ok\u0142adzina wewn\u0119trzna i\u00a0pod\u0142oga do Connecta\" href=\"https:\/\/www.storevan.com\/pl\/zabudowy\/ford\/connect\/scieny-podloga\/\"><img decoding=\"async\" loading=\"lazy\" class=\"aligncenter size-full wp-image-64855\" src=\"https:\/\/www.storevan.com\/wp-content\/uploads\/veicoli\/pianali-pannellature\/pianali-furgone-rivestimento-interno.jpg\" alt=\"Ok\u0142adzina wewn\u0119trzna i\u00a0pod\u0142oga do Forda Connecta\" width=\"750\" height=\"600\" \/><\/a><\/p>\n<\/div><div class=\"one_third last\">\n<div class=\"boxBorder\">\n<h4 class=\"bigTxt blue hidden-xs\">POD\u0141OGA CONNECT I OK\u0141ADZINA WEWN\u0118TRZNA<\/h4>\n<div class=\"borderTitleCenter hidden-xs\"><\/div>\n<h5 class=\"hidden-xs\">Systemy certyfikat T\u00dcV.<img decoding=\"async\" loading=\"lazy\" class=\"alignnone size-full wp-image-67768\" src=\"https:\/\/www.storevan.com\/wp-content\/uploads\/veicoli\/pianali-pannellature\/logo-ISO9001.jpg\" alt=\"certyfikat T\u00dcV\" width=\"50\" height=\"50\" \/><\/h5>\n<div class=\"borderTitleCenter hidden-xs\"><\/div>\n<hr class=\"noColor hidden-xs\" \/>\n<div class=\"ts-gallery hidden-xs\"><div class=\"one_half\">\n<a href=\"https:\/\/www.storevan.com\/wp-content\/uploads\/veicoli\/pianali-pannellature\/Dettaglio-pianale-per-furgone-con-punti-ancoraggio-verticali-e-orizzontali-150x150.jpg\"><img decoding=\"async\" loading=\"lazy\" class=\"alignnone wp-image-64381 size-thumbnail\" title=\"Poznaj pod\u0142ogi i panele do Connecta\" src=\"https:\/\/www.storevan.com\/wp-content\/uploads\/veicoli\/pianali-pannellature\/Dettaglio-pianale-per-furgone-con-punti-ancoraggio-verticali-e-orizzontali-300x300.jpg\" alt=\"Poznaj pod\u0142ogi i panele do Connecta\" width=\"150\" height=\"150\" \/><\/a><br \/>\n<\/div><div class=\"one_half last\">\n<a href=\"https:\/\/www.storevan.com\/wp-content\/uploads\/veicoli\/pianali-pannellature\/allestimento-per-furgone-con-pianale-wood-floor-150x150.jpg\"><img decoding=\"async\" loading=\"lazy\" class=\"alignnone wp-image-64450 size-thumbnail\" title=\"pod\u0142ogi i panele\" src=\"https:\/\/www.storevan.com\/wp-content\/uploads\/veicoli\/pianali-pannellature\/allestimento-per-furgone-con-pianale-wood-floor-300x300.jpg\" alt=\"pod\u0142ogi i panele safety-floor\" width=\"150\" height=\"150\" \/><\/a><br \/>\n<\/div><div class=\"clearboth\"><\/div><\/div>\n<div class=\"ts-gallery hidden-xs\"><div class=\"one_half\">\n<a href=\"https:\/\/www.storevan.com\/wp-content\/uploads\/veicoli\/pianali-pannellature\/guide-airline-soffitto-furgone-150x150.jpg\"><img decoding=\"async\" loading=\"lazy\" class=\"alignnone wp-image-64393 size-thumbnail\" title=\"pod\u0142ogi i panele\" src=\"https:\/\/www.storevan.com\/wp-content\/uploads\/veicoli\/pianali-pannellature\/guide-airline-soffitto-furgone-300x300.jpg\" alt=\"pod\u0142ogi i panele\" width=\"150\" height=\"150\" \/><\/a><br \/>\n<\/div><div class=\"one_half last\">\n<a href=\"https:\/\/www.storevan.com\/wp-content\/uploads\/veicoli\/pianali-pannellature\/pianale-per-furgone-con-barre-fermacarico-150x150.jpg\"><img decoding=\"async\" loading=\"lazy\" class=\"alignnone wp-image-64417 size-thumbnail\" title=\"Poznaj pod\u0142ogi i panele do Connecta\" src=\"https:\/\/www.storevan.com\/wp-content\/uploads\/veicoli\/pianali-pannellature\/pianale-per-furgone-con-barre-fermacarico-300x300.jpg\" alt=\"Poznaj pod\u0142ogi i panele do Connecta\" width=\"150\" height=\"150\" \/><\/a><br \/>\n<\/div><div class=\"clearboth\"><\/div><\/div>\n<div class=\"btnFullWidth\"><a class=\"btn btn-blue\" href=\"https:\/\/www.storevan.com\/pl\/zabudowy\/ford\/connect\/scieny-podloga\/\">\u015aCIANY I POD\u0141OGA DO CONNECT <i class=\"fa fa-angle-double-right\"><\/i><\/a><\/div>\n<\/div>\n<\/div><div class=\"clearboth\"><\/div>\n<p>Wyposa\u017cenie wewn\u0119trzne mo\u017cna uzupe\u0142ni\u0107 o <strong>prowadnice \u201eAirline\u201d<\/strong>, tworz\u0105c kompletny system <strong>mocowania poziomego i pionowego<\/strong>. W ten spos\u00f3b uzyskuje si\u0119 mo\u017cliwo\u015b\u0107 elastycznego i bezpiecznego mocowania towaru, zgodnie z wymaganiami <a href=\"https:\/\/www.storevan.com\/pl\/produkty\/zabezpieczenie-ladunku\/\">dyrektywy 2014\/47\/WE<\/a> i najwy\u017cszymi standardami jako\u015bciowymi.<\/p>\n<h3 class=\"bigTxt text-center txtGrey\">UZUPE\u0141NIJ WYPOSA\u017bENIE DO CONNECTA CARGO O<\/h3>\n<div class=\"two_third\">\n<img decoding=\"async\" loading=\"lazy\" class=\"aligncenter wp-image-66331 size-full\" src=\"https:\/\/www.storevan.com\/wp-content\/uploads\/veicoli\/pianali-pannellature\/portatutto-portascala-space-up.jpg\" alt=\"UCHWYT UNIWERSALNY I UCHWYT DO DRABIN DO CONNECTA\" width=\"745\" height=\"200\" \/><br \/>\n<\/div><div class=\"one_third last\">\n<h4 class=\"bigTxt blue\">UCHWYT UNIWERSALNY I UCHWYT DO DRABIN DO CONNECTA<\/h4>\n<div class=\"borderTitle\"><\/div>\n<p>Gdy transport materia\u0142\u00f3w i sprz\u0119tu odbywa si\u0119 wewn\u0105trz samochodu dostawczego, wi\u0119ksz\u0105 ilo\u015b\u0107 miejsca zapewni pod\u0142oga podwy\u017cszona Store Van. Gdyby to by\u0142o has\u0142o reklamowe, brzmia\u0142by \u201eLess is more\u201d. Natomiast jest to kwintesencja wzornictwa, kt\u00f3re zwi\u0119ksza pojemno\u015b\u0107 przedzia\u0142u \u0142adunkowego \u015brednich i ma\u0142ych pojazd\u00f3w u\u017cytkowych.<\/p>\n<p><a class=\"btn btn-blue\" title=\"Poznaj uchwyty uniwersalne i uchwyty do drabin do Connect\" href=\"https:\/\/www.storevan.com\/pl\/zabudowy\/ford\/connect\/bagazniki-dachowe\/\">BAGA\u017bNIKI DO CONNECT<\/a><br \/>\n<\/div><div class=\"clearboth\"><\/div>\n<hr class=\"noColor\" \/>\n<div class=\"break\"><\/div>\n<hr \/>\n<div class=\"one_half\">\n<div class=\"text-center\"><a class=\"btn btn-download\" href=\"tel:+390424585455\"><i class=\"fa fa-phone\"><\/i> <span class=\"spanBtn\">ZADZWO\u0143 TERAZ<\/span><br \/>\nuzyskasz wszelkie informacje<\/a><\/div>\n<\/div><div class=\"one_half last\">\n<div class=\"text-center\"><a class=\"btn btn-download\" href=\"https:\/\/www.storevan.com\/wp-content\/uploads\/doc\/FORD_CONNECT_2013_Equipamiento_Wyposazenie_StoreVan_espl.pdf\" target=\"_blank\" rel=\"noopener\"><i class=\"fa fa-download\"><\/i> <span class=\"spanBtn\">Pobierz<\/span><br \/>\nKATALOG CONNECTA<\/a><\/div>\n<\/div><div class=\"clearboth\"><\/div>\n<hr \/>\n<h4 class=\"bigTxt text-center txtBkOrange\"><i class=\"fa fa-envelope pull-left\"><\/i>Vuoi saperne di pi\u00f9? CHCESZ WIEDZIE\u0106 WI\u0118CEJ?<\/h4>\n\n<div class=\"wpcf7 no-js\" id=\"wpcf7-f67676-o1\" lang=\"it-IT\" dir=\"ltr\">\n<div class=\"screen-reader-response\"><p role=\"status\" aria-live=\"polite\" aria-atomic=\"true\"><\/p> <ul><\/ul><\/div>\n<form action=\"\/pl\/wp-json\/wp\/v2\/pages\/16355#wpcf7-f67676-o1\" method=\"post\" class=\"wpcf7-form init\" aria-label=\"Modulo di contatto\" novalidate=\"novalidate\" data-status=\"init\">\n<div style=\"display: none;\">\n<input type=\"hidden\" name=\"_wpcf7\" value=\"67676\" \/>\n<input type=\"hidden\" name=\"_wpcf7_version\" value=\"5.7.7\" \/>\n<input type=\"hidden\" name=\"_wpcf7_locale\" value=\"it_IT\" \/>\n<input type=\"hidden\" name=\"_wpcf7_unit_tag\" value=\"wpcf7-f67676-o1\" \/>\n<input type=\"hidden\" name=\"_wpcf7_container_post\" value=\"0\" \/>\n<input type=\"hidden\" name=\"_wpcf7_posted_data_hash\" value=\"\" \/>\n<input type=\"hidden\" name=\"_wpcf7_recaptcha_response\" value=\"\" \/>\n<\/div>\n<span class=\"wpcf7-form-control-wrap url\" data-name=\"url\"><input type=\"hidden\" name=\"url\" size=\"40\" class=\"wpcf7-form-control wpcf7-hidden wpcf7dtx wpcf7dtx-hidden\" aria-invalid=\"false\" value=\"connect\" autocomplete=\"off\" \/><\/span>\n<p>Wype\u0142nij poni\u017csze pola, aby otrzyma\u0107 wi\u0119cej informacji. Nasz operator skontaktuje si\u0119 z\u00a0tob\u0105 najszybciej, jak to mo\u017cliwe (* pola obowi\u0105zkowe):\n<\/p>\n<div class=\"col-xs-12 col-md-6\">\n\t<p><span class='titoli'>Imi\u0119 (*)<\/span>\n\t<\/p>\n\t<p><span class=\"wpcf7-form-control-wrap\" data-name=\"your-name\"><input size=\"40\" class=\"wpcf7-form-control wpcf7-text wpcf7-validates-as-required form-control\" aria-required=\"true\" aria-invalid=\"false\" value=\"\" type=\"text\" name=\"your-name\" \/><\/span>\n\t<\/p>\n<\/div>\n<div class=\"col-xs-12 col-md-6\">\n\t<p><span class='titoli'>Nazwisko (*)<\/span>\n\t<\/p>\n\t<p><span class=\"wpcf7-form-control-wrap\" data-name=\"your-last-name\"><input size=\"40\" class=\"wpcf7-form-control wpcf7-text wpcf7-validates-as-required form-control\" aria-required=\"true\" aria-invalid=\"false\" value=\"\" type=\"text\" name=\"your-last-name\" \/><\/span>\n\t<\/p>\n<\/div>\n<div class=\"col-xs-12 col-md-6\">\n\t<p><span class='titoli'>Firma (*)<\/span>\n\t<\/p>\n\t<p><span class=\"wpcf7-form-control-wrap\" data-name=\"your-company\"><input size=\"40\" class=\"wpcf7-form-control wpcf7-text wpcf7-validates-as-required form-control\" aria-required=\"true\" aria-invalid=\"false\" value=\"\" type=\"text\" name=\"your-company\" \/><\/span>\n\t<\/p>\n<\/div>\n<div class=\"col-xs-12 col-md-6\">\n\t<p><span class='titoli'>Numer NIP<\/span>\n\t<\/p>\n\t<p><span class=\"wpcf7-form-control-wrap\" data-name=\"p-iva\"><input size=\"40\" class=\"wpcf7-form-control wpcf7-text form-control\" aria-invalid=\"false\" value=\"\" type=\"text\" name=\"p-iva\" \/><\/span>\n\t<\/p>\n<\/div>\n<div class=\"clearboth\">\n<\/div>\n<div class=\"col-xs-12 col-md-4\">\n\t<p><span class='titoli'>Kod pocztowy (*)<\/span>\n\t<\/p>\n\t<p><span class=\"wpcf7-form-control-wrap\" data-name=\"your-zip-code\"><input size=\"40\" class=\"wpcf7-form-control wpcf7-text wpcf7-validates-as-required form-control\" aria-required=\"true\" aria-invalid=\"false\" value=\"\" type=\"text\" name=\"your-zip-code\" \/><\/span>\n\t<\/p>\n<\/div>\n<div class=\"col-xs-12 col-md-4\">\n\t<p><span class='titoli'>Adres (*)<\/span>\n\t<\/p>\n\t<p><span class=\"wpcf7-form-control-wrap\" data-name=\"your-address\"><input size=\"40\" class=\"wpcf7-form-control wpcf7-text wpcf7-validates-as-required form-control\" aria-required=\"true\" aria-invalid=\"false\" value=\"\" type=\"text\" name=\"your-address\" \/><\/span>\n\t<\/p>\n<\/div>\n<div class=\"col-xs-12 col-md-4\">\n\t<p><span class='titoli'>Miasto (*)<\/span>\n\t<\/p>\n\t<p><span class=\"wpcf7-form-control-wrap\" data-name=\"your-Town\"><input size=\"40\" class=\"wpcf7-form-control wpcf7-text wpcf7-validates-as-required form-control\" aria-required=\"true\" aria-invalid=\"false\" value=\"\" type=\"text\" name=\"your-Town\" \/><\/span>\n\t<\/p>\n<\/div>\n<div class=\"clearboth\">\n<\/div>\n<div class=\"col-xs-12 col-md-6\">\n\t<p><span class='titoli'>email (*)<\/span>\n\t<\/p>\n\t<p><span class=\"wpcf7-form-control-wrap\" data-name=\"your-email\"><input size=\"40\" class=\"wpcf7-form-control wpcf7-text wpcf7-email wpcf7-validates-as-required wpcf7-validates-as-email form-control\" aria-required=\"true\" aria-invalid=\"false\" value=\"\" type=\"email\" name=\"your-email\" \/><\/span>\n\t<\/p>\n<\/div>\n<div class=\"col-xs-12 col-md-6\">\n\t<p><span class='titoli'>Telefon (*)<\/span>\n\t<\/p>\n\t<p><span class=\"wpcf7-form-control-wrap\" data-name=\"telefono\"><input size=\"40\" class=\"wpcf7-form-control wpcf7-text wpcf7-tel wpcf7-validates-as-required wpcf7-validates-as-tel form-control\" aria-required=\"true\" aria-invalid=\"false\" value=\"\" type=\"tel\" name=\"telefono\" \/><\/span>\n\t<\/p>\n<\/div>\n<div class=\"clearboth\">\n<\/div>\n<div class=\"col-xs-12 col-md-6\">\n\t<p><span class='titoli'>Przedmiot <\/span>\n\t<\/p>\n\t<p><span class=\"wpcf7-form-control-wrap\" data-name=\"oggetto\"><select class=\"wpcf7-form-control wpcf7-select wpcf7-validates-as-required\" aria-required=\"true\" aria-invalid=\"false\" name=\"oggetto\"><option value=\"Oferta\">Oferta<\/option><option value=\"Informacje techniczne\">Informacje techniczne<\/option><option value=\"Powo\u0142anie\">Powo\u0142anie<\/option><\/select><\/span>\n\t<\/p>\n<\/div>\n<div class=\"col-xs-12 col-md-6\">\n\t<p><br \/>\n<span class=\"titoli\"> <span class=\"wpcf7-form-control-wrap\" data-name=\"cliente\"><span class=\"wpcf7-form-control wpcf7-checkbox\"><span class=\"wpcf7-list-item first last\"><label><span class=\"wpcf7-list-item-label\">Jestem ju\u017c klientem<\/span><input type=\"checkbox\" name=\"cliente[]\" value=\"Jestem ju\u017c klientem\" \/><\/label><\/span><\/span><\/span><\/span>\n\t<\/p>\n<\/div>\n<div class=\"col-xs-12 col-md-12\">\n\t<p><span class='titoli'>Wiadomo\u015b\u0107 (*)<\/span>\n\t<\/p>\n\t<p><span class=\"wpcf7-form-control-wrap\" data-name=\"your-message\"><textarea cols=\"40\" rows=\"10\" class=\"wpcf7-form-control wpcf7-textarea wpcf7-validates-as-required form-control\" aria-required=\"true\" aria-invalid=\"false\" name=\"your-message\"><\/textarea><\/span>\n\t<\/p>\n<\/div>\n<div class=\"col-xs-12 col-md-12\">\n\t<p><small>Wprowadzone dane b\u0119d\u0105 traktowane z zachowaniem \u015bcis\u0142ej poufno\u015bci zgodnie z prawem i nasz\u0105 polityk\u0105 prywatno\u015bci. <a href=\"https:\/\/www.storevan.com\/pl\/privacy-policy\/\">Polityk\u0105 prywatno\u015bci<\/a><\/small>\n\t<\/p>\n\t<p><span class=\"wpcf7-form-control-wrap\" data-name=\"AccettazionePrivacy\"><span class=\"wpcf7-form-control wpcf7-acceptance\"><span class=\"wpcf7-list-item\"><input type=\"checkbox\" name=\"AccettazionePrivacy\" value=\"1\" aria-invalid=\"false\" \/><\/span><\/span><\/span> O\u015bwiadczam, \u017ce zapozna\u0142am si\u0119 z <a href=\"https:\/\/www.storevan.com\/pl\/privacy-policy\/\">polityk\u0105 prywatno\u015bci<\/a> i zgadzam si\u0119 na wykorzystanie moich danych osobowych w opisanych tam przypadkach.(*)(*)<br \/>\n\t<span class=\"wpcf7-form-control-wrap recaptcha\" data-name=\"recaptcha\"><span data-sitekey=\"6LdfM4AUAAAAAJjsAucux5WVNA3hsk5KP0a03T_n\" class=\"wpcf7-form-control g-recaptcha wpcf7-recaptcha\"><\/span>\r\n<noscript>\r\n\t<div class=\"grecaptcha-noscript\">\r\n\t\t<iframe src=\"https:\/\/www.google.com\/recaptcha\/api\/fallback?k=6LdfM4AUAAAAAJjsAucux5WVNA3hsk5KP0a03T_n\" frameborder=\"0\" scrolling=\"no\" width=\"310\" height=\"430\">\r\n\t\t<\/iframe>\r\n\t\t<textarea name=\"g-recaptcha-response\" rows=\"3\" cols=\"40\" placeholder=\"reCaptcha Response Here\">\r\n\t\t<\/textarea>\r\n\t<\/div>\r\n<\/noscript>\r\n<\/span>\n\t<\/p>\n<\/div>\n<hr class=\"noColor\" \/>\n<p><input class=\"wpcf7-form-control has-spinner wpcf7-submit\" type=\"submit\" value=\"Wy\u015blij\" \/>\n<\/p><div class=\"wpcf7-response-output\" aria-hidden=\"true\"><\/div>\n<\/form>\n<\/div>\n\n","protected":false},"excerpt":{"rendered":"<p>Zabudowy do Ford Transit Connect W\u0142a\u015bcicielom pojazd\u00f3w u\u017cytkowych\u00a0Forda Connecta,\u00a0Store Van\u00a0oferuje\u00a0indywidualnie dostosowane systemy wyposa\u017cenia samochod\u00f3w dostawczych,\u00a0z wykorzystaniem szerokiej gamy rega\u0142\u00f3w, p\u00f3\u0142ek i\u00a0paneli, uchwyt\u00f3w uniwersalnych i\u00a0uchwyt\u00f3w do drabin, akcesori\u00f3w, system\u00f3w bezpiecze\u0144stwa \u0142adunku.<\/p>\n","protected":false},"author":470,"featured_media":0,"parent":16349,"menu_order":0,"comment_status":"closed","ping_status":"closed","template":"pageSlider.php","meta":[],"acf":[],"yoast_head":"<!-- This site is optimized with the Yoast SEO plugin v20.11 - https:\/\/yoast.com\/wordpress\/plugins\/seo\/ -->\n<title>Zabudowy do Forda Connecta<\/title>\n<meta name=\"description\" content=\"Zabudowa Store Van do Forda Connecta 2012.wyposa\u017cenie samochod\u00f3w serwisowych Ford Connect\" \/>\n<meta name=\"robots\" content=\"index, follow, max-snippet:-1, max-image-preview:large, max-video-preview:-1\" \/>\n<link rel=\"canonical\" href=\"https:\/\/www.storevan.com\/allestimenti-veicoli-commerciali\/furgoni-ford\/connect\/\" \/>\n<meta property=\"og:locale\" content=\"pl_PL\" \/>\n<meta property=\"og:type\" content=\"article\" \/>\n<meta property=\"og:title\" content=\"Zabudowy do Forda Connecta\" \/>\n<meta property=\"og:description\" content=\"Zabudowa Store Van do Forda Connecta 2012.wyposa\u017cenie samochod\u00f3w serwisowych Ford Connect\" \/>\n<meta property=\"og:url\" content=\"https:\/\/www.storevan.com\/allestimenti-veicoli-commerciali\/furgoni-ford\/connect\/\" \/>\n<meta property=\"og:site_name\" content=\"Store Van\" \/>\n<meta property=\"article:modified_time\" content=\"2022-09-07T08:11:14+00:00\" \/>\n<meta property=\"og:image\" content=\"https:\/\/www.storevan.com\/wp-content\/uploads\/veicoli\/pianali-pannellature\/allestimenti-furgoni-piccoli-Safety-300x171.jpg\" \/>\n<meta name=\"twitter:label1\" content=\"Szacowany czas czytania\" \/>\n\t<meta name=\"twitter:data1\" content=\"2 minuty\" \/>\n<script type=\"application\/ld+json\" class=\"yoast-schema-graph\">{\"@context\":\"https:\/\/schema.org\",\"@graph\":[{\"@type\":\"WebPage\",\"@id\":\"https:\/\/www.storevan.com\/allestimenti-veicoli-commerciali\/furgoni-ford\/connect\/\",\"url\":\"https:\/\/www.storevan.com\/allestimenti-veicoli-commerciali\/furgoni-ford\/connect\/\",\"name\":\"Zabudowy do Forda Connecta\",\"isPartOf\":{\"@id\":\"https:\/\/www.storevan.com\/pl\/#website\"},\"datePublished\":\"2015-12-09T14:25:44+00:00\",\"dateModified\":\"2022-09-07T08:11:14+00:00\",\"description\":\"Zabudowa Store Van do Forda Connecta 2012.wyposa\u017cenie samochod\u00f3w serwisowych Ford Connect\",\"breadcrumb\":{\"@id\":\"https:\/\/www.storevan.com\/allestimenti-veicoli-commerciali\/furgoni-ford\/connect\/#breadcrumb\"},\"inLanguage\":\"pl-PL\",\"potentialAction\":[{\"@type\":\"ReadAction\",\"target\":[\"https:\/\/www.storevan.com\/allestimenti-veicoli-commerciali\/furgoni-ford\/connect\/\"]}]},{\"@type\":\"BreadcrumbList\",\"@id\":\"https:\/\/www.storevan.com\/allestimenti-veicoli-commerciali\/furgoni-ford\/connect\/#breadcrumb\",\"itemListElement\":[{\"@type\":\"ListItem\",\"position\":1,\"name\":\"Home\",\"item\":\"https:\/\/www.storevan.com\/pl\/\"},{\"@type\":\"ListItem\",\"position\":2,\"name\":\"Zabudowy\",\"item\":\"https:\/\/www.storevan.com\/allestimenti-veicoli-commerciali\/\"},{\"@type\":\"ListItem\",\"position\":3,\"name\":\"Ford\",\"item\":\"https:\/\/www.storevan.com\/allestimenti-veicoli-commerciali\/furgoni-ford\/\"},{\"@type\":\"ListItem\",\"position\":4,\"name\":\"Connecta\"}]},{\"@type\":\"WebSite\",\"@id\":\"https:\/\/www.storevan.com\/pl\/#website\",\"url\":\"https:\/\/www.storevan.com\/pl\/\",\"name\":\"Store Van\",\"description\":\"Zabudowy\",\"potentialAction\":[{\"@type\":\"SearchAction\",\"target\":{\"@type\":\"EntryPoint\",\"urlTemplate\":\"https:\/\/www.storevan.com\/pl\/?s={search_term_string}\"},\"query-input\":\"required name=search_term_string\"}],\"inLanguage\":\"pl-PL\"}]}<\/script>\n<!-- \/ Yoast SEO plugin. -->","yoast_head_json":{"title":"Zabudowy do Forda Connecta","description":"Zabudowa Store Van do Forda Connecta 2012.wyposa\u017cenie samochod\u00f3w serwisowych Ford Connect","robots":{"index":"index","follow":"follow","max-snippet":"max-snippet:-1","max-image-preview":"max-image-preview:large","max-video-preview":"max-video-preview:-1"},"canonical":"https:\/\/www.storevan.com\/allestimenti-veicoli-commerciali\/furgoni-ford\/connect\/","og_locale":"pl_PL","og_type":"article","og_title":"Zabudowy do Forda Connecta","og_description":"Zabudowa Store Van do Forda Connecta 2012.wyposa\u017cenie samochod\u00f3w serwisowych Ford Connect","og_url":"https:\/\/www.storevan.com\/allestimenti-veicoli-commerciali\/furgoni-ford\/connect\/","og_site_name":"Store Van","article_modified_time":"2022-09-07T08:11:14+00:00","og_image":[{"url":"https:\/\/www.storevan.com\/wp-content\/uploads\/veicoli\/pianali-pannellature\/allestimenti-furgoni-piccoli-Safety-300x171.jpg"}],"twitter_misc":{"Szacowany czas czytania":"2 minuty"},"schema":{"@context":"https:\/\/schema.org","@graph":[{"@type":"WebPage","@id":"https:\/\/www.storevan.com\/allestimenti-veicoli-commerciali\/furgoni-ford\/connect\/","url":"https:\/\/www.storevan.com\/allestimenti-veicoli-commerciali\/furgoni-ford\/connect\/","name":"Zabudowy do Forda Connecta","isPartOf":{"@id":"https:\/\/www.storevan.com\/pl\/#website"},"datePublished":"2015-12-09T14:25:44+00:00","dateModified":"2022-09-07T08:11:14+00:00","description":"Zabudowa Store Van do Forda Connecta 2012.wyposa\u017cenie samochod\u00f3w serwisowych Ford Connect","breadcrumb":{"@id":"https:\/\/www.storevan.com\/allestimenti-veicoli-commerciali\/furgoni-ford\/connect\/#breadcrumb"},"inLanguage":"pl-PL","potentialAction":[{"@type":"ReadAction","target":["https:\/\/www.storevan.com\/allestimenti-veicoli-commerciali\/furgoni-ford\/connect\/"]}]},{"@type":"BreadcrumbList","@id":"https:\/\/www.storevan.com\/allestimenti-veicoli-commerciali\/furgoni-ford\/connect\/#breadcrumb","itemListElement":[{"@type":"ListItem","position":1,"name":"Home","item":"https:\/\/www.storevan.com\/pl\/"},{"@type":"ListItem","position":2,"name":"Zabudowy","item":"https:\/\/www.storevan.com\/allestimenti-veicoli-commerciali\/"},{"@type":"ListItem","position":3,"name":"Ford","item":"https:\/\/www.storevan.com\/allestimenti-veicoli-commerciali\/furgoni-ford\/"},{"@type":"ListItem","position":4,"name":"Connecta"}]},{"@type":"WebSite","@id":"https:\/\/www.storevan.com\/pl\/#website","url":"https:\/\/www.storevan.com\/pl\/","name":"Store Van","description":"Zabudowy","potentialAction":[{"@type":"SearchAction","target":{"@type":"EntryPoint","urlTemplate":"https:\/\/www.storevan.com\/pl\/?s={search_term_string}"},"query-input":"required name=search_term_string"}],"inLanguage":"pl-PL"}]}},"_links":{"self":[{"href":"https:\/\/www.storevan.com\/pl\/wp-json\/wp\/v2\/pages\/16355"}],"collection":[{"href":"https:\/\/www.storevan.com\/pl\/wp-json\/wp\/v2\/pages"}],"about":[{"href":"https:\/\/www.storevan.com\/pl\/wp-json\/wp\/v2\/types\/page"}],"author":[{"embeddable":true,"href":"https:\/\/www.storevan.com\/pl\/wp-json\/wp\/v2\/users\/470"}],"replies":[{"embeddable":true,"href":"https:\/\/www.storevan.com\/pl\/wp-json\/wp\/v2\/comments?post=16355"}],"version-history":[{"count":7,"href":"https:\/\/www.storevan.com\/pl\/wp-json\/wp\/v2\/pages\/16355\/revisions"}],"predecessor-version":[{"id":148505,"href":"https:\/\/www.storevan.com\/pl\/wp-json\/wp\/v2\/pages\/16355\/revisions\/148505"}],"up":[{"embeddable":true,"href":"https:\/\/www.storevan.com\/pl\/wp-json\/wp\/v2\/pages\/16349"}],"wp:attachment":[{"href":"https:\/\/www.storevan.com\/pl\/wp-json\/wp\/v2\/media?parent=16355"}],"curies":[{"name":"wp","href":"https:\/\/api.w.org\/{rel}","templated":true}]}}