{"id":16301,"date":"2015-12-09T15:16:46","date_gmt":"2015-12-09T14:16:46","guid":{"rendered":"https:\/\/www.storevan.com\/pl\/zabudowy\/fiat\/doblo\/"},"modified":"2022-07-22T11:29:11","modified_gmt":"2022-07-22T11:29:11","slug":"doblo","status":"publish","type":"page","link":"https:\/\/www.storevan.com\/pl\/zabudowy\/fiat\/doblo\/","title":{"rendered":"Dobl\u00f2"},"content":{"rendered":"<h1 class=\"customblackTitleSmall\">Wyposa\u017cenie samochod\u00f3w dostawczych Fiat Dobl\u00f2<\/h1>\n<h2>Systemy wyposa\u017cenia Dobl\u00f2 z pod\u0142ogami, ok\u0142adzinami wewn\u0119trznymi i rega\u0142ami<\/h2>\n<p>Dobl\u00f2, oferowany zar\u00f3wno w wersji do przewozu pasa\u017cer\u00f3w, jak i Cargo do u\u017cytku komercyjnego, jest jednym z najcz\u0119\u015bciej sprzedawanych samochod\u00f3w dostawczych marki Fiat. <strong>Wyposa\u017cenie Dobl\u00f2 Cargo<\/strong>\u00a0Store Van mo\u017ce by\u0107 montowany zar\u00f3wno w samochodach dostawczych nowych, jak i u\u017cywanych. <strong>Systemy s\u0105 indywidualnie dostosowywane<\/strong> dla ka\u017cdych wymaga\u0144 roboczych.<\/p>\n<p>Dobl\u00f2 Cargo, wyposa\u017cony w <strong>rega\u0142y z mo\u017cliwo\u015bci\u0105 montowania licznych akcesori\u00f3w<\/strong>, stanowi doskona\u0142e rozwi\u0105zanie w zakresie mobilnego warsztatu.<\/p>\n<p><strong>Pod\u0142ogi i ok\u0142adziny zosta\u0142y indywidualnie zaprojektowane<\/strong> w celu ochrony nadwozia oraz zapewnienia mo\u017cliwo\u015bci <strong>bezpiecznego mocowania \u0142adunku<\/strong>. Pod\u0142oga do Fiata Dobl\u00f2 <strong>oferowana jest<\/strong> r\u00f3wnie\u017c w wersji Floor up. Ta wersja wyposa\u017cenia do Dobl\u00f2, obejmuj\u0105ca <strong>podwy\u017cszon\u0105 pod\u0142og\u0119, szuflady podpod\u0142ogowe i rega\u0142<\/strong>,\u00a0pozwala zoptymalizowa\u0107 przestrze\u0144 w niewielkim samochodzie dostawczym, takim jak ten.<\/p>\n<p>Wyposa\u017cenie mo\u017ce zosta\u0107 uzupe\u0142nione o <strong>baga\u017cnik dachowy, uchwyt do drabin i uchwyt do rur<\/strong>, kt\u00f3re mo\u017cna \u0142atwo zamontowa\u0107 na dachu samochodu dostawczego.<\/p>\n<h3 class=\"customblackTitleExtraSmall\">SYSTEMY WYPOSA\u017bENIA:<\/h3>\n<section id=\"imgSlide\" class=\"regular sliderSV\">\n<div>\n<div class=\"txtBlue\">SAFETY<\/div>\n<div class=\"ts-gallery\"><a title=\"Wyposa\u017cenie wewn\u0119trzne Safety do samochodu dostawczego Dobl\u00f2\" href=\"https:\/\/www.storevan.com\/wp-content\/uploads\/veicoli\/pianali-pannellature\/allestimenti-furgoni-piccoli-Safety.jpg\"><img decoding=\"async\" loading=\"lazy\" class=\"alignnone size-medium wp-image-69544\" src=\"https:\/\/www.storevan.com\/wp-content\/uploads\/veicoli\/pianali-pannellature\/allestimenti-furgoni-piccoli-Safety-300x171.jpg\" alt=\"Safety, wyposa\u017cenie samochod\u00f3w dostawczych Fiat Dobl\u00f2\" width=\"300\" height=\"280\" \/><\/a><\/div>\n<h3 class=\"bigTxt\">Safety, rega\u0142y z mocowaniem \u0142adunku w standardzie<\/h3>\n<div class=\"borderTitle\"><\/div>\n<p><strong>Przyk\u0142ady wyposa\u017cenia:<\/strong><\/p>\n<p><a title=\"Wyposa\u017cenie samochod\u00f3w dostawczych Safety L1 H1\" href=\"https:\/\/www.storevan.com\/allestimento-furgoni\/doblo-l1h1-s\/\"><strong>L1 H1<\/strong> (Rozstaw 2755mm)<\/a><br \/>\n<a title=\"Wyposa\u017cenie samochod\u00f3w dostawczych Safety L2 H1 MAXI\" href=\"https:\/\/www.storevan.com\/allestimento-furgoni\/doblo-l2h1-s\/\"><strong>L2 H1 MAXI<\/strong> (Rozstaw 3105 mm)<\/a><\/p>\n<\/div>\n<div>\n<div class=\"txtBlue\">PROFESSIONAL<\/div>\n<div class=\"ts-gallery\"><a title=\"Wyposa\u017cenie wewn\u0119trzne Professional do samochodu dostawczego Dobl\u00f2\" href=\"https:\/\/www.storevan.com\/wp-content\/uploads\/veicoli\/pianali-pannellature\/scaffalature-per-furgone-piccolo-Professional.jpg\"><img decoding=\"async\" loading=\"lazy\" class=\"alignnone size-medium wp-image-69562\" src=\"https:\/\/www.storevan.com\/wp-content\/uploads\/veicoli\/pianali-pannellature\/scaffalature-per-furgone-piccolo-Professional-300x171.jpg\" alt=\"Professional, wyposa\u017cenie samochod\u00f3w dostawczych Fiat Dobl\u00f2\" width=\"300\" height=\"280\" \/><\/a><\/div>\n<h3 class=\"bigTxt\">Professional, Rega\u0142y z dodatkowymi systemami mocowania Airline<\/h3>\n<div class=\"borderTitle\"><\/div>\n<p><strong>Przyk\u0142ady wyposa\u017cenia:<\/strong><\/p>\n<p><a title=\"Professional L1 H1\" href=\"https:\/\/www.storevan.com\/allestimento-furgoni\/doblo-l1h1-p\/\"><strong>L1 H1<\/strong> (Rozstaw 2755mm)<\/a><br \/>\n<a title=\"Professional L2 H1 MAXI\" href=\"https:\/\/www.storevan.com\/allestimento-furgoni\/doblo-l2h1-p\/\"><strong>L2 H1 MAXI<\/strong> (Rozstaw 3105 mm)<\/a><\/p>\n<\/div>\n<div>\n<div class=\"txtBlue\">MOBILE<\/div>\n<div id=\"myGallery\" class=\"ts-gallery\"><a title=\"Wyposa\u017cenie wewn\u0119trzne Mobile do samochodu dostawczego Dobl\u00f2\" href=\"https:\/\/www.storevan.com\/wp-content\/uploads\/veicoli\/pianali-pannellature\/allestimento-furgoni-piccoli-Mobile.jpg\"><img decoding=\"async\" loading=\"lazy\" class=\"alignnone wp-image-69550 size-medium\" src=\"https:\/\/www.storevan.com\/wp-content\/uploads\/veicoli\/pianali-pannellature\/allestimento-furgoni-piccoli-Mobile-300x171.jpg\" alt=\"Mobile, wyposa\u017cenie samochod\u00f3w dostawczych Fiat Dobl\u00f2\" width=\"300\" height=\"280\" \/><\/a><\/div>\n<h3 class=\"bigTxt\">Mobile, Wyposa\u017cenie uzupe\u0142nione o walizki na drobne elementy i w\u00f3zki<\/h3>\n<div class=\"borderTitle\"><\/div>\n<p><strong>Przyk\u0142ady wyposa\u017cenia:<\/strong><\/p>\n<p><a title=\"Wyposa\u017cenie wewn\u0119trzne Mobile do samochodu dostawczego Dobl\u00f2 L1 H1\" href=\"https:\/\/www.storevan.com\/allestimento-furgoni\/doblo-l1h1-m\/\"><strong>L1 H1<\/strong> (Rozstaw 2755 mm)<\/a><br \/>\n<a title=\"Wyposa\u017cenie wewn\u0119trzne Mobile do samochodu dostawczego Dobl\u00f2 L2 H1 MAXI\" href=\"https:\/\/www.storevan.com\/allestimento-furgoni\/doblo-l2h1-m\/\"><strong>L2 H1 MAXI<\/strong> (Rozstaw 3105 mm)<\/a><\/p>\n<\/div>\n<div>\n<div class=\"txtBlue\">FLOOR UP<\/div>\n<div class=\"ts-gallery\"><a title=\"Wyposa\u017cenie wewn\u0119trzne Floor Up do samochodu dostawczego Dobl\u00f2\" href=\"https:\/\/www.storevan.com\/wp-content\/uploads\/veicoli\/pianali-pannellature\/pianale-rialzato-con-cassetti-Floor-up.jpg\"><img decoding=\"async\" loading=\"lazy\" class=\"alignnone size-medium wp-image-69556\" src=\"https:\/\/www.storevan.com\/wp-content\/uploads\/veicoli\/pianali-pannellature\/pianale-rialzato-con-cassetti-Floor-up-300x171.jpg\" alt=\"Allestimento interni furgone Floor Up\" alt=\"Floor Up, wyposa\u017cenie samochod\u00f3w dostawczych Fiat Dobl\u00f2\" width=\"300\" height=\"280\" \/><\/a><\/div>\n<h3 class=\"bigTxt\">Floor Up, System z szufladami pod pod\u0142og\u0105 i rega\u0142ami do samochod\u00f3w dostawczych ma\u0142ych i \u015brednich<\/h3>\n<div class=\"borderTitle\"><\/div>\n<p><strong>Przyk\u0142ady wyposa\u017cenia:<\/strong><\/p>\n<p><a title=\"Floor Up Dobl\u00f2 L1 H1\" href=\"https:\/\/www.storevan.com\/allestimento-furgoni\/doblo-l1h1-f\/\"><strong>L1 H1<\/strong> (Rozstaw 2755mm)<\/a><br \/>\n<a title=\"Floor Up Dobl\u00f2 L2 H1 MAXI\" href=\"https:\/\/www.storevan.com\/allestimento-furgoni\/doblo-l2h1-f\/\"><strong>L2 H1 MAXI<\/strong> (Rozstaw 3105 mm)<\/a><\/p>\n<\/div>\n<\/section>\n<hr class=\"noColor\" \/>\n<p class=\"btn btnLink\" > Kliknij tutaj, aby dowiedzie\u0107 si\u0119 wi\u0119cej o\u00a0systemach <strong><a title=\"Kliknij tutaj, aby dowiedzie\u0107 si\u0119 wi\u0119cej o\u00a0systemach SAFETY, PROFESSIONAL, MOBILE\" href=\"https:\/\/www.storevan.com\/pl\/wyposazenia-wewnetrzne-do-samochodow-dostawczych\/\"style=\"margin-right:0;\">SAFETY, PROFESSIONAL, MOBILE<\/a> I <a href=\"https:\/\/www.storevan.com\/pl\/produkty\/podloga-podwyzszana\/\" title=\"Floor Up, System z szufladami pod pod\u0142og\u0105 i rega\u0142ami do samochod\u00f3w dostawczych ma\u0142ych i \u015brednich\">FLOOR UP<\/a><\/strong><\/p>\n<hr class=\"noColor\"\/>\n<h3 class=\"bigTxt text-center txtGrey\">PODSTAWA SKUTECZNEJ OCHRONY POJAZD\u00d3W<\/h3>\n<hr class=\"noColor\" \/>\n<div class=\"two_third\">\n<a title=\"Ok\u0142adzina wewn\u0119trzna i\u00a0pod\u0142oga do Fiata Dobl\u00f2\" href=\"https:\/\/www.storevan.com\/pl\/zabudowy\/fiat\/doblo\/scieny-podloga\/\"><img decoding=\"async\" loading=\"lazy\" class=\"aligncenter size-full wp-image-64855\" src=\"https:\/\/www.storevan.com\/wp-content\/uploads\/2018\/03\/pianali-furgone-rivestimento-interno.jpg\" alt=\"Ok\u0142adzina wewn\u0119trzna i\u00a0pod\u0142oga do Fiata Dobl\u00f2\" width=\"750\" height=\"600\" srcset=\"https:\/\/www.storevan.com\/wp-content\/uploads\/2018\/03\/pianali-furgone-rivestimento-interno.jpg 750w, https:\/\/www.storevan.com\/wp-content\/uploads\/2018\/03\/pianali-furgone-rivestimento-interno-300x240.jpg 300w, https:\/\/www.storevan.com\/wp-content\/uploads\/2018\/03\/pianali-furgone-rivestimento-interno-600x480.jpg 600w\" sizes=\"(max-width: 750px) 100vw, 750px\" \/><\/a><\/p>\n<\/div><div class=\"one_third last\">\n<div class=\"boxBorder\">\n<h4 class=\"bigTxt blue hidden-xs\">POD\u0141OGA DOBL\u00d2 I OK\u0141ADZINA WEWN\u0118TRZNA<\/h4>\n<div class=\"borderTitleCenter hidden-xs\"><\/div>\n<h5 class=\"hidden-xs\">Systemy certyfikat T\u00dcV.<img decoding=\"async\" loading=\"lazy\" class=\"alignnone size-full wp-image-67768\" src=\"https:\/\/www.storevan.com\/wp-content\/uploads\/veicoli\/pianali-pannellature\/logo-ISO9001.jpg\" alt=\"certyfikat T\u00dcV\" width=\"50\" height=\"50\" \/><\/h5>\n<div class=\"borderTitleCenter hidden-xs\"><\/div>\n<hr class=\"noColor hidden-xs\" \/>\n<div class=\"ts-gallery hidden-xs\"><div class=\"one_half\">\n<a href=\"https:\/\/www.storevan.com\/wp-content\/uploads\/veicoli\/pianali-pannellature\/Dettaglio-pianale-per-furgone-con-punti-ancoraggio-verticali-e-orizzontali.jpg\"><img decoding=\"async\" loading=\"lazy\" class=\"alignnone wp-image-64381 size-thumbnail\" title=\"Poznaj pod\u0142ogi i panele do Dobl\u00f2\" src=\"https:\/\/www.storevan.com\/wp-content\/uploads\/veicoli\/pianali-pannellature\/Dettaglio-pianale-per-furgone-con-punti-ancoraggio-verticali-e-orizzontali-150x150.jpg\" alt=\"Poznaj pod\u0142ogi i panele do Dobl\u00f2\" width=\"150\" height=\"150\" \/><\/a><br \/>\n<\/div><div class=\"one_half last\">\n<a href=\"https:\/\/www.storevan.com\/wp-content\/uploads\/veicoli\/pianali-pannellature\/allestimento-per-furgone-con-pianale-wood-floor.jpg\"><img decoding=\"async\" loading=\"lazy\" class=\"alignnone wp-image-64450 size-thumbnail\" title=\"pod\u0142ogi i panele\" src=\"https:\/\/www.storevan.com\/wp-content\/uploads\/veicoli\/pianali-pannellature\/allestimento-per-furgone-con-pianale-wood-floor-150x150.jpg\" alt=\"pod\u0142ogi i panele safety-floor\" width=\"150\" height=\"150\" \/><\/a><br \/>\n<\/div><div class=\"clearboth\"><\/div><\/div>\n<div class=\"ts-gallery hidden-xs\"><div class=\"one_half\">\n<a href=\"https:\/\/www.storevan.com\/wp-content\/uploads\/veicoli\/pianali-pannellature\/guide-airline-soffitto-furgone.jpg\"><img decoding=\"async\" loading=\"lazy\" class=\"alignnone wp-image-64393 size-thumbnail\" title=\"pod\u0142ogi i panele\" src=\"https:\/\/www.storevan.com\/wp-content\/uploads\/veicoli\/pianali-pannellature\/guide-airline-soffitto-furgone-150x150.jpg\" alt=\"pod\u0142ogi i panele\" width=\"150\" height=\"150\" \/><\/a><br \/>\n<\/div><div class=\"one_half last\">\n<a href=\"https:\/\/www.storevan.com\/wp-content\/uploads\/veicoli\/pianali-pannellature\/pianale-per-furgone-con-barre-fermacarico.jpg\"><img decoding=\"async\" loading=\"lazy\" class=\"alignnone wp-image-64417 size-thumbnail\" title=\"Poznaj pod\u0142ogi i panele do Dobl\u00f2\" src=\"https:\/\/www.storevan.com\/wp-content\/uploads\/veicoli\/pianali-pannellature\/pianale-per-furgone-con-barre-fermacarico-150x150.jpg\" alt=\"Poznaj pod\u0142ogi i panele do Dobl\u00f2\" width=\"150\" height=\"150\" \/><\/a><br \/>\n<\/div><div class=\"clearboth\"><\/div><\/div>\n<div class=\"btnFullWidth\"><a class=\"btn btn-blue\" href=\"https:\/\/www.storevan.com\/pl\/zabudowy\/fiat\/doblo\/scieny-podloga\/\">POZNAJ POD\u0141OGI I PANELE DO DOBL\u00d2 <i class=\"fa fa-angle-double-right\"><\/i><\/a><\/div>\n<\/div>\n<\/div><div class=\"clearboth\"><\/div>\n<p>Wyposa\u017cenie i towary przewo\u017cone luzem, beczki, rdza i zu\u017cycie stanowi\u0105 g\u0142\u00f3wne zagro\u017cenia dla wewn\u0119trznej cz\u0119\u015bci nadwozia Dobl\u00f2, a tym samym portfela jego w\u0142a\u015bciciela. Store Van zaprojektowa\u0142 w najdrobniejszych detalach pod\u0142ogi i panele, uzyskuj\u0105c <strong>maksymaln\u0105 wytrzyma\u0142o\u015b\u0107, trwa\u0142o\u015b\u0107, ochron\u0119 i bezpiecze\u0144stwo przewo\u017conego towaru i karoserii<\/strong>.<br \/>\nPod\u0142oga z wielowarstwowego drewna fenolowego lub z\u00a0blachy aluminiowej ryflowanej chroni pod\u0142o\u017ce do chodzenia przed napr\u0119\u017ceniami podczas transportu. Natomiast boczne panele z polipropylenowej p\u0142yty komorowej chroni\u0105 \u015bciany przed wgnieceniami, kt\u00f3rych koszt naprawy jest znaczny.<\/p>\n<p>Wyposa\u017cenie wewn\u0119trzne mo\u017cna uzupe\u0142ni\u0107 o <strong>prowadnice \u201eAirline\u201d<\/strong>, tworz\u0105c kompletny system <strong>mocowania poziomego i pionowego<\/strong>.<\/p>\n<p>W ten spos\u00f3b uzyskuje si\u0119 mo\u017cliwo\u015b\u0107 elastycznego i bezpiecznego mocowania towaru, zgodnie z wymaganiami <a href=\"https:\/\/www.storevan.com\/pl\/produkty\/zabezpieczenie-ladunku\/\">dyrektywy 2014\/47\/WE<\/a> i najwy\u017cszymi standardami jako\u015bciowymi.<\/p>\n<h4>KORZY\u015aCI<\/h4>\n<ul class=\"arrow\">\n<li>ochrona nadwozia<\/li>\n<li>bezpieczny przew\u00f3z towar\u00f3w<\/li>\n<li>przestrzeganie wymaga\u0144 dyrektywy 2014\/47\/WE<\/li>\n<\/ul>\n<h3 class=\"bigTxt text-center txtGrey\">UZUPE\u0141NIJ WYPOSA\u017bENIE DO DOBL\u00d2 CARGO O<\/h3>\n<div class=\"one_half\">\n<img decoding=\"async\" loading=\"lazy\" class=\"aligncenter wp-image-66331 size-full\" src=\"https:\/\/www.storevan.com\/wp-content\/uploads\/veicoli\/pianali-pannellature\/portatutto-portascala-space-up.jpg\" alt=\"UCHWYT UNIWERSALNY I UCHWYT DO DRABIN DO DOBL\u00d2\" width=\"745\" height=\"200\" \/><br \/>\n<\/div><div class=\"one_half last\">\n<h4 class=\"bigTxt blue\">UCHWYT UNIWERSALNY I UCHWYT DO DRABIN DO DOBL\u00d2<\/h4>\n<div class=\"borderTitle\"><\/div>\n<p>Gdy transport materia\u0142\u00f3w i sprz\u0119tu odbywa si\u0119 wewn\u0105trz samochodu dostawczego, wi\u0119ksz\u0105 ilo\u015b\u0107 miejsca zapewni pod\u0142oga podwy\u017cszona Store Van. Gdyby to by\u0142o has\u0142o reklamowe, brzmia\u0142by \u201eLess is more\u201d. Natomiast jest to kwintesencja wzornictwa, kt\u00f3re zwi\u0119ksza pojemno\u015b\u0107 przedzia\u0142u \u0142adunkowego \u015brednich i ma\u0142ych pojazd\u00f3w u\u017cytkowych.<\/p>\n<p><a class=\"btn btn-blue\" title=\"Poznaj uchwyty uniwersalne i uchwyty do drabin do dobl\u00f2\" href=\"https:\/\/www.storevan.com\/pl\/zabudowy\/fiat\/doblo\/bagazniki-dachowe\/\">POZNAJ UCHWYTY UNIWERSALNE I UCHWYTY DO DRABIN DO DOBL\u00d2<\/a><br \/>\n<\/div><div class=\"clearboth\"><\/div>\n<hr class=\"noColor\" \/>\n<div class=\"break\"><\/div>\n<hr \/>\n<div class=\"one_half\">\n<div class=\"text-center\"><a class=\"btn btn-download\" href=\"tel:+390424585455\"><i class=\"fa fa-phone\"><\/i> <span class=\"spanBtn\">ZADZWO\u0143 TERAZ<\/span><br \/>\nuzyskasz wszelkie informacje<\/a><\/div>\n<\/div><div class=\"one_half last\">\n<div class=\"text-center\"><a class=\"btn btn-download\" href=\"https:\/\/www.storevan.com\/wp-content\/uploads\/doc\/FIAT_DOBLO_Equipamiento_Wyposazenie_StoreVan_espl.pdf\" target=\"_blank\" rel=\"noopener\"><i class=\"fa fa-download\"><\/i> <span class=\"spanBtn\">Pobierz<\/span><br \/>\nKATALOG DOBL\u00d2<\/a><\/div>\n<\/div><div class=\"clearboth\"><\/div>\n<hr \/>\n<h4 class=\"bigTxt\">Przekszta\u0142cenie twojego samochodu dostawczego Fiata Dobl\u00f2 w\u00a0mobilny warsztat.<\/h4>\n<div class=\"borderTitle\"><\/div>\n<p>Store Van realizuje najr\u00f3\u017cniejsze systemy wyposa\u017cenia mobilnego warsztatu, bez wzgl\u0119du na rodzaj prac wykonywanych z wykorzystaniem samochodu dostawczego. Jest jedynym producentem na \u015bwiecie, kt\u00f3ry wykorzystuje blach\u0119 z pow\u0142ok\u0105 \u201egalvannealed\u201d lakierowan\u0105 kataforetycznie, kt\u00f3ra cechuje si\u0119 lepsz\u0105 odporno\u015bci\u0105 na agresywne dzia\u0142anie korozji. Zadowolenie klienta z otrzymanej us\u0142ugi zale\u017cy od umiej\u0119tno\u015bci rzemie\u015blnika oraz kompetencji, gotowo\u015bci i terminowo\u015bci, z jak\u0105 wykonuje swoj\u0105 prac\u0119. Z tego punktu widzenia dobre wyposa\u017cenie staje si\u0119 wizyt\u00f3wk\u0105 szacunku dla klienta i symbolem najwy\u017cszego profesjonalizmu oraz rodzajem reklamy w\u015br\u00f3d znajomych i koleg\u00f3w, poszukuj\u0105cych \u201edobrej rady\u201d.<\/p>\n<p><strong><em>Inwestycja, kt\u00f3ra zwi\u0119ksza produkcyjno\u015b\u0107 przedsi\u0119biorstwa.<\/em><\/strong><br \/>\n<a name=\"formconttatto\"><\/a><br \/>\nPo ustaleniu licznych oferowanych korzy\u015bci, przedsi\u0119biorca z pewno\u015bci\u0105 skorzysta z okazji do uzyskania przewagi nad konkurencj\u0105 oraz oszcz\u0119dno\u015bci poprzez inwestowanie w innowacyjne technologie. Wyposa\u017cenie do samochod\u00f3w dostawczych Dobl\u00f2 poprawia relacje z klientami i zmniejsza koszty, poprzez skr\u00f3cenie okres\u00f3w przestoju. <strong>Zarejestrowanie samochodu jako mobilnego warsztatu<\/strong> skutkuje <strong>30% oszcz\u0119dno\u015bci\u0105<\/strong> koszt\u00f3w ubezpieczenia.<\/p>\n<p><a class=\"btn btn-blue\" title=\"Zapraszamy do odwiedzenia galerii zdj\u0119\u0107\" href=\"https:\/\/www.storevan.com\/pl\/zabudowy-samochodow-serwisowych-gallery\/fiat\/\" target=\"_blank\" rel=\"noopener\">Zapraszamy do odwiedzenia galerii zdj\u0119\u0107 <i class=\"fa fa-angle-double-right\"><\/i><\/a><\/p>\n<hr \/>\n<h4 class=\"bigTxt text-center txtBkOrange\"><i class=\"fa fa-envelope pull-left\"><\/i>CHCESZ WIEDZIE\u0106 WI\u0118CEJ?<\/h4>\n\n<div class=\"wpcf7 no-js\" id=\"wpcf7-f67676-o1\" lang=\"it-IT\" dir=\"ltr\">\n<div class=\"screen-reader-response\"><p role=\"status\" aria-live=\"polite\" aria-atomic=\"true\"><\/p> <ul><\/ul><\/div>\n<form action=\"\/pl\/wp-json\/wp\/v2\/pages\/16301#wpcf7-f67676-o1\" method=\"post\" class=\"wpcf7-form init\" aria-label=\"Modulo di contatto\" novalidate=\"novalidate\" data-status=\"init\">\n<div style=\"display: none;\">\n<input type=\"hidden\" name=\"_wpcf7\" value=\"67676\" \/>\n<input type=\"hidden\" name=\"_wpcf7_version\" value=\"5.7.7\" \/>\n<input type=\"hidden\" name=\"_wpcf7_locale\" value=\"it_IT\" \/>\n<input type=\"hidden\" name=\"_wpcf7_unit_tag\" value=\"wpcf7-f67676-o1\" \/>\n<input type=\"hidden\" name=\"_wpcf7_container_post\" value=\"0\" \/>\n<input type=\"hidden\" name=\"_wpcf7_posted_data_hash\" value=\"\" \/>\n<input type=\"hidden\" name=\"_wpcf7_recaptcha_response\" value=\"\" \/>\n<\/div>\n<span class=\"wpcf7-form-control-wrap url\" data-name=\"url\"><input type=\"hidden\" name=\"url\" size=\"40\" class=\"wpcf7-form-control wpcf7-hidden wpcf7dtx wpcf7dtx-hidden\" aria-invalid=\"false\" value=\"doblo\" autocomplete=\"off\" \/><\/span>\n<p>Wype\u0142nij poni\u017csze pola, aby otrzyma\u0107 wi\u0119cej informacji. Nasz operator skontaktuje si\u0119 z\u00a0tob\u0105 najszybciej, jak to mo\u017cliwe (* pola obowi\u0105zkowe):\n<\/p>\n<div class=\"col-xs-12 col-md-6\">\n\t<p><span class='titoli'>Imi\u0119 (*)<\/span>\n\t<\/p>\n\t<p><span class=\"wpcf7-form-control-wrap\" data-name=\"your-name\"><input size=\"40\" class=\"wpcf7-form-control wpcf7-text wpcf7-validates-as-required form-control\" aria-required=\"true\" aria-invalid=\"false\" value=\"\" type=\"text\" name=\"your-name\" \/><\/span>\n\t<\/p>\n<\/div>\n<div class=\"col-xs-12 col-md-6\">\n\t<p><span class='titoli'>Nazwisko (*)<\/span>\n\t<\/p>\n\t<p><span class=\"wpcf7-form-control-wrap\" data-name=\"your-last-name\"><input size=\"40\" class=\"wpcf7-form-control wpcf7-text wpcf7-validates-as-required form-control\" aria-required=\"true\" aria-invalid=\"false\" value=\"\" type=\"text\" name=\"your-last-name\" \/><\/span>\n\t<\/p>\n<\/div>\n<div class=\"col-xs-12 col-md-6\">\n\t<p><span class='titoli'>Firma (*)<\/span>\n\t<\/p>\n\t<p><span class=\"wpcf7-form-control-wrap\" data-name=\"your-company\"><input size=\"40\" class=\"wpcf7-form-control wpcf7-text wpcf7-validates-as-required form-control\" aria-required=\"true\" aria-invalid=\"false\" value=\"\" type=\"text\" name=\"your-company\" \/><\/span>\n\t<\/p>\n<\/div>\n<div class=\"col-xs-12 col-md-6\">\n\t<p><span class='titoli'>Numer NIP<\/span>\n\t<\/p>\n\t<p><span class=\"wpcf7-form-control-wrap\" data-name=\"p-iva\"><input size=\"40\" class=\"wpcf7-form-control wpcf7-text form-control\" aria-invalid=\"false\" value=\"\" type=\"text\" name=\"p-iva\" \/><\/span>\n\t<\/p>\n<\/div>\n<div class=\"clearboth\">\n<\/div>\n<div class=\"col-xs-12 col-md-4\">\n\t<p><span class='titoli'>Kod pocztowy (*)<\/span>\n\t<\/p>\n\t<p><span class=\"wpcf7-form-control-wrap\" data-name=\"your-zip-code\"><input size=\"40\" class=\"wpcf7-form-control wpcf7-text wpcf7-validates-as-required form-control\" aria-required=\"true\" aria-invalid=\"false\" value=\"\" type=\"text\" name=\"your-zip-code\" \/><\/span>\n\t<\/p>\n<\/div>\n<div class=\"col-xs-12 col-md-4\">\n\t<p><span class='titoli'>Adres (*)<\/span>\n\t<\/p>\n\t<p><span class=\"wpcf7-form-control-wrap\" data-name=\"your-address\"><input size=\"40\" class=\"wpcf7-form-control wpcf7-text wpcf7-validates-as-required form-control\" aria-required=\"true\" aria-invalid=\"false\" value=\"\" type=\"text\" name=\"your-address\" \/><\/span>\n\t<\/p>\n<\/div>\n<div class=\"col-xs-12 col-md-4\">\n\t<p><span class='titoli'>Miasto (*)<\/span>\n\t<\/p>\n\t<p><span class=\"wpcf7-form-control-wrap\" data-name=\"your-Town\"><input size=\"40\" class=\"wpcf7-form-control wpcf7-text wpcf7-validates-as-required form-control\" aria-required=\"true\" aria-invalid=\"false\" value=\"\" type=\"text\" name=\"your-Town\" \/><\/span>\n\t<\/p>\n<\/div>\n<div class=\"clearboth\">\n<\/div>\n<div class=\"col-xs-12 col-md-6\">\n\t<p><span class='titoli'>email (*)<\/span>\n\t<\/p>\n\t<p><span class=\"wpcf7-form-control-wrap\" data-name=\"your-email\"><input size=\"40\" class=\"wpcf7-form-control wpcf7-text wpcf7-email wpcf7-validates-as-required wpcf7-validates-as-email form-control\" aria-required=\"true\" aria-invalid=\"false\" value=\"\" type=\"email\" name=\"your-email\" \/><\/span>\n\t<\/p>\n<\/div>\n<div class=\"col-xs-12 col-md-6\">\n\t<p><span class='titoli'>Telefon (*)<\/span>\n\t<\/p>\n\t<p><span class=\"wpcf7-form-control-wrap\" data-name=\"telefono\"><input size=\"40\" class=\"wpcf7-form-control wpcf7-text wpcf7-tel wpcf7-validates-as-required wpcf7-validates-as-tel form-control\" aria-required=\"true\" aria-invalid=\"false\" value=\"\" type=\"tel\" name=\"telefono\" \/><\/span>\n\t<\/p>\n<\/div>\n<div class=\"clearboth\">\n<\/div>\n<div class=\"col-xs-12 col-md-6\">\n\t<p><span class='titoli'>Przedmiot <\/span>\n\t<\/p>\n\t<p><span class=\"wpcf7-form-control-wrap\" data-name=\"oggetto\"><select class=\"wpcf7-form-control wpcf7-select wpcf7-validates-as-required\" aria-required=\"true\" aria-invalid=\"false\" name=\"oggetto\"><option value=\"Oferta\">Oferta<\/option><option value=\"Informacje techniczne\">Informacje techniczne<\/option><option value=\"Powo\u0142anie\">Powo\u0142anie<\/option><\/select><\/span>\n\t<\/p>\n<\/div>\n<div class=\"col-xs-12 col-md-6\">\n\t<p><br \/>\n<span class=\"titoli\"> <span class=\"wpcf7-form-control-wrap\" data-name=\"cliente\"><span class=\"wpcf7-form-control wpcf7-checkbox\"><span class=\"wpcf7-list-item first last\"><label><span class=\"wpcf7-list-item-label\">Jestem ju\u017c klientem<\/span><input type=\"checkbox\" name=\"cliente[]\" value=\"Jestem ju\u017c klientem\" \/><\/label><\/span><\/span><\/span><\/span>\n\t<\/p>\n<\/div>\n<div class=\"col-xs-12 col-md-12\">\n\t<p><span class='titoli'>Wiadomo\u015b\u0107 (*)<\/span>\n\t<\/p>\n\t<p><span class=\"wpcf7-form-control-wrap\" data-name=\"your-message\"><textarea cols=\"40\" rows=\"10\" class=\"wpcf7-form-control wpcf7-textarea wpcf7-validates-as-required form-control\" aria-required=\"true\" aria-invalid=\"false\" name=\"your-message\"><\/textarea><\/span>\n\t<\/p>\n<\/div>\n<div class=\"col-xs-12 col-md-12\">\n\t<p><small>Wprowadzone dane b\u0119d\u0105 traktowane z zachowaniem \u015bcis\u0142ej poufno\u015bci zgodnie z prawem i nasz\u0105 polityk\u0105 prywatno\u015bci. <a href=\"https:\/\/www.storevan.com\/pl\/privacy-policy\/\">Polityk\u0105 prywatno\u015bci<\/a><\/small>\n\t<\/p>\n\t<p><span class=\"wpcf7-form-control-wrap\" data-name=\"AccettazionePrivacy\"><span class=\"wpcf7-form-control wpcf7-acceptance\"><span class=\"wpcf7-list-item\"><input type=\"checkbox\" name=\"AccettazionePrivacy\" value=\"1\" aria-invalid=\"false\" \/><\/span><\/span><\/span> O\u015bwiadczam, \u017ce zapozna\u0142am si\u0119 z <a href=\"https:\/\/www.storevan.com\/pl\/privacy-policy\/\">polityk\u0105 prywatno\u015bci<\/a> i zgadzam si\u0119 na wykorzystanie moich danych osobowych w opisanych tam przypadkach.(*)(*)<br \/>\n\t<span class=\"wpcf7-form-control-wrap recaptcha\" data-name=\"recaptcha\"><span data-sitekey=\"6LdfM4AUAAAAAJjsAucux5WVNA3hsk5KP0a03T_n\" class=\"wpcf7-form-control g-recaptcha wpcf7-recaptcha\"><\/span>\r\n<noscript>\r\n\t<div class=\"grecaptcha-noscript\">\r\n\t\t<iframe src=\"https:\/\/www.google.com\/recaptcha\/api\/fallback?k=6LdfM4AUAAAAAJjsAucux5WVNA3hsk5KP0a03T_n\" frameborder=\"0\" scrolling=\"no\" width=\"310\" height=\"430\">\r\n\t\t<\/iframe>\r\n\t\t<textarea name=\"g-recaptcha-response\" rows=\"3\" cols=\"40\" placeholder=\"reCaptcha Response Here\">\r\n\t\t<\/textarea>\r\n\t<\/div>\r\n<\/noscript>\r\n<\/span>\n\t<\/p>\n<\/div>\n<hr class=\"noColor\" \/>\n<p><input class=\"wpcf7-form-control has-spinner wpcf7-submit\" type=\"submit\" value=\"Wy\u015blij\" \/>\n<\/p><div class=\"wpcf7-response-output\" aria-hidden=\"true\"><\/div>\n<\/form>\n<\/div>\n\n","protected":false},"excerpt":{"rendered":"<p>Wyposa\u017cenie samochod\u00f3w dostawczych Fiat Dobl\u00f2 Systemy wyposa\u017cenia Dobl\u00f2 z pod\u0142ogami, ok\u0142adzinami wewn\u0119trznymi i rega\u0142ami Dobl\u00f2, oferowany zar\u00f3wno w wersji do przewozu pasa\u017cer\u00f3w, jak i Cargo do u\u017cytku komercyjnego, jest jednym.<\/p>\n","protected":false},"author":470,"featured_media":0,"parent":16294,"menu_order":0,"comment_status":"closed","ping_status":"closed","template":"pageSlider.php","meta":[],"acf":[],"yoast_head":"<!-- This site is optimized with the Yoast SEO plugin v20.11 - https:\/\/yoast.com\/wordpress\/plugins\/seo\/ -->\n<title>Zabudowy do Fiat Dobl\u00f2<\/title>\n<meta name=\"description\" content=\"Systemy wyposa\u017cenia Dobl\u00f2 Cargo z rega\u0142ami do samochod\u00f3w dostawczych, pod\u0142og\u0105, ok\u0142adzinami wewn\u0119trznymi, uchwytem uniwersalnym i uchwytem do drabin. Skonfiguruj ze Store Van w\u0142asne, indywidualnie dostosowane wyposa\u017cenie do samochodu dostawczego Dobl\u00f2!\" \/>\n<meta name=\"robots\" content=\"index, follow, max-snippet:-1, max-image-preview:large, max-video-preview:-1\" \/>\n<link rel=\"canonical\" href=\"https:\/\/www.storevan.com\/allestimenti-veicoli-commerciali\/furgoni-fiat\/doblo\/\" \/>\n<meta property=\"og:locale\" content=\"pl_PL\" \/>\n<meta property=\"og:type\" content=\"article\" \/>\n<meta property=\"og:title\" content=\"Zabudowy do Fiat Dobl\u00f2\" \/>\n<meta property=\"og:description\" content=\"Systemy wyposa\u017cenia Dobl\u00f2 Cargo z rega\u0142ami do samochod\u00f3w dostawczych, pod\u0142og\u0105, ok\u0142adzinami wewn\u0119trznymi, uchwytem uniwersalnym i uchwytem do drabin. Skonfiguruj ze Store Van w\u0142asne, indywidualnie dostosowane wyposa\u017cenie do samochodu dostawczego Dobl\u00f2!\" \/>\n<meta property=\"og:url\" content=\"https:\/\/www.storevan.com\/allestimenti-veicoli-commerciali\/furgoni-fiat\/doblo\/\" \/>\n<meta property=\"og:site_name\" content=\"Store Van\" \/>\n<meta property=\"article:modified_time\" content=\"2022-07-22T11:29:11+00:00\" \/>\n<meta property=\"og:image\" content=\"https:\/\/www.storevan.com\/wp-content\/uploads\/veicoli\/pianali-pannellature\/allestimenti-furgoni-piccoli-Safety-300x171.jpg\" \/>\n<meta name=\"twitter:label1\" content=\"Szacowany czas czytania\" \/>\n\t<meta name=\"twitter:data1\" content=\"4 minuty\" \/>\n<script type=\"application\/ld+json\" class=\"yoast-schema-graph\">{\"@context\":\"https:\/\/schema.org\",\"@graph\":[{\"@type\":\"WebPage\",\"@id\":\"https:\/\/www.storevan.com\/allestimenti-veicoli-commerciali\/furgoni-fiat\/doblo\/\",\"url\":\"https:\/\/www.storevan.com\/allestimenti-veicoli-commerciali\/furgoni-fiat\/doblo\/\",\"name\":\"Zabudowy do Fiat Dobl\u00f2\",\"isPartOf\":{\"@id\":\"https:\/\/www.storevan.com\/pl\/#website\"},\"datePublished\":\"2015-12-09T14:16:46+00:00\",\"dateModified\":\"2022-07-22T11:29:11+00:00\",\"description\":\"Systemy wyposa\u017cenia Dobl\u00f2 Cargo z rega\u0142ami do samochod\u00f3w dostawczych, pod\u0142og\u0105, ok\u0142adzinami wewn\u0119trznymi, uchwytem uniwersalnym i uchwytem do drabin. Skonfiguruj ze Store Van w\u0142asne, indywidualnie dostosowane wyposa\u017cenie do samochodu dostawczego Dobl\u00f2!\",\"breadcrumb\":{\"@id\":\"https:\/\/www.storevan.com\/allestimenti-veicoli-commerciali\/furgoni-fiat\/doblo\/#breadcrumb\"},\"inLanguage\":\"pl-PL\",\"potentialAction\":[{\"@type\":\"ReadAction\",\"target\":[\"https:\/\/www.storevan.com\/allestimenti-veicoli-commerciali\/furgoni-fiat\/doblo\/\"]}]},{\"@type\":\"BreadcrumbList\",\"@id\":\"https:\/\/www.storevan.com\/allestimenti-veicoli-commerciali\/furgoni-fiat\/doblo\/#breadcrumb\",\"itemListElement\":[{\"@type\":\"ListItem\",\"position\":1,\"name\":\"Home\",\"item\":\"https:\/\/www.storevan.com\/pl\/\"},{\"@type\":\"ListItem\",\"position\":2,\"name\":\"Zabudowy\",\"item\":\"https:\/\/www.storevan.com\/allestimenti-veicoli-commerciali\/\"},{\"@type\":\"ListItem\",\"position\":3,\"name\":\"Fiat\",\"item\":\"https:\/\/www.storevan.com\/allestimenti-veicoli-commerciali\/furgoni-fiat\/\"},{\"@type\":\"ListItem\",\"position\":4,\"name\":\"Dobl\u00f2\"}]},{\"@type\":\"WebSite\",\"@id\":\"https:\/\/www.storevan.com\/pl\/#website\",\"url\":\"https:\/\/www.storevan.com\/pl\/\",\"name\":\"Store Van\",\"description\":\"Zabudowy\",\"potentialAction\":[{\"@type\":\"SearchAction\",\"target\":{\"@type\":\"EntryPoint\",\"urlTemplate\":\"https:\/\/www.storevan.com\/pl\/?s={search_term_string}\"},\"query-input\":\"required name=search_term_string\"}],\"inLanguage\":\"pl-PL\"}]}<\/script>\n<!-- \/ Yoast SEO plugin. -->","yoast_head_json":{"title":"Zabudowy do Fiat Dobl\u00f2","description":"Systemy wyposa\u017cenia Dobl\u00f2 Cargo z rega\u0142ami do samochod\u00f3w dostawczych, pod\u0142og\u0105, ok\u0142adzinami wewn\u0119trznymi, uchwytem uniwersalnym i uchwytem do drabin. Skonfiguruj ze Store Van w\u0142asne, indywidualnie dostosowane wyposa\u017cenie do samochodu dostawczego Dobl\u00f2!","robots":{"index":"index","follow":"follow","max-snippet":"max-snippet:-1","max-image-preview":"max-image-preview:large","max-video-preview":"max-video-preview:-1"},"canonical":"https:\/\/www.storevan.com\/allestimenti-veicoli-commerciali\/furgoni-fiat\/doblo\/","og_locale":"pl_PL","og_type":"article","og_title":"Zabudowy do Fiat Dobl\u00f2","og_description":"Systemy wyposa\u017cenia Dobl\u00f2 Cargo z rega\u0142ami do samochod\u00f3w dostawczych, pod\u0142og\u0105, ok\u0142adzinami wewn\u0119trznymi, uchwytem uniwersalnym i uchwytem do drabin. Skonfiguruj ze Store Van w\u0142asne, indywidualnie dostosowane wyposa\u017cenie do samochodu dostawczego Dobl\u00f2!","og_url":"https:\/\/www.storevan.com\/allestimenti-veicoli-commerciali\/furgoni-fiat\/doblo\/","og_site_name":"Store Van","article_modified_time":"2022-07-22T11:29:11+00:00","og_image":[{"url":"https:\/\/www.storevan.com\/wp-content\/uploads\/veicoli\/pianali-pannellature\/allestimenti-furgoni-piccoli-Safety-300x171.jpg"}],"twitter_misc":{"Szacowany czas czytania":"4 minuty"},"schema":{"@context":"https:\/\/schema.org","@graph":[{"@type":"WebPage","@id":"https:\/\/www.storevan.com\/allestimenti-veicoli-commerciali\/furgoni-fiat\/doblo\/","url":"https:\/\/www.storevan.com\/allestimenti-veicoli-commerciali\/furgoni-fiat\/doblo\/","name":"Zabudowy do Fiat Dobl\u00f2","isPartOf":{"@id":"https:\/\/www.storevan.com\/pl\/#website"},"datePublished":"2015-12-09T14:16:46+00:00","dateModified":"2022-07-22T11:29:11+00:00","description":"Systemy wyposa\u017cenia Dobl\u00f2 Cargo z rega\u0142ami do samochod\u00f3w dostawczych, pod\u0142og\u0105, ok\u0142adzinami wewn\u0119trznymi, uchwytem uniwersalnym i uchwytem do drabin. Skonfiguruj ze Store Van w\u0142asne, indywidualnie dostosowane wyposa\u017cenie do samochodu dostawczego Dobl\u00f2!","breadcrumb":{"@id":"https:\/\/www.storevan.com\/allestimenti-veicoli-commerciali\/furgoni-fiat\/doblo\/#breadcrumb"},"inLanguage":"pl-PL","potentialAction":[{"@type":"ReadAction","target":["https:\/\/www.storevan.com\/allestimenti-veicoli-commerciali\/furgoni-fiat\/doblo\/"]}]},{"@type":"BreadcrumbList","@id":"https:\/\/www.storevan.com\/allestimenti-veicoli-commerciali\/furgoni-fiat\/doblo\/#breadcrumb","itemListElement":[{"@type":"ListItem","position":1,"name":"Home","item":"https:\/\/www.storevan.com\/pl\/"},{"@type":"ListItem","position":2,"name":"Zabudowy","item":"https:\/\/www.storevan.com\/allestimenti-veicoli-commerciali\/"},{"@type":"ListItem","position":3,"name":"Fiat","item":"https:\/\/www.storevan.com\/allestimenti-veicoli-commerciali\/furgoni-fiat\/"},{"@type":"ListItem","position":4,"name":"Dobl\u00f2"}]},{"@type":"WebSite","@id":"https:\/\/www.storevan.com\/pl\/#website","url":"https:\/\/www.storevan.com\/pl\/","name":"Store Van","description":"Zabudowy","potentialAction":[{"@type":"SearchAction","target":{"@type":"EntryPoint","urlTemplate":"https:\/\/www.storevan.com\/pl\/?s={search_term_string}"},"query-input":"required name=search_term_string"}],"inLanguage":"pl-PL"}]}},"_links":{"self":[{"href":"https:\/\/www.storevan.com\/pl\/wp-json\/wp\/v2\/pages\/16301"}],"collection":[{"href":"https:\/\/www.storevan.com\/pl\/wp-json\/wp\/v2\/pages"}],"about":[{"href":"https:\/\/www.storevan.com\/pl\/wp-json\/wp\/v2\/types\/page"}],"author":[{"embeddable":true,"href":"https:\/\/www.storevan.com\/pl\/wp-json\/wp\/v2\/users\/470"}],"replies":[{"embeddable":true,"href":"https:\/\/www.storevan.com\/pl\/wp-json\/wp\/v2\/comments?post=16301"}],"version-history":[{"count":7,"href":"https:\/\/www.storevan.com\/pl\/wp-json\/wp\/v2\/pages\/16301\/revisions"}],"predecessor-version":[{"id":146757,"href":"https:\/\/www.storevan.com\/pl\/wp-json\/wp\/v2\/pages\/16301\/revisions\/146757"}],"up":[{"embeddable":true,"href":"https:\/\/www.storevan.com\/pl\/wp-json\/wp\/v2\/pages\/16294"}],"wp:attachment":[{"href":"https:\/\/www.storevan.com\/pl\/wp-json\/wp\/v2\/media?parent=16301"}],"curies":[{"name":"wp","href":"https:\/\/api.w.org\/{rel}","templated":true}]}}