{"id":16261,"date":"2015-12-09T10:02:07","date_gmt":"2015-12-09T09:02:07","guid":{"rendered":"https:\/\/www.storevan.com\/pl\/zabudowy\/citroen\/nemo\/"},"modified":"2022-04-20T15:00:13","modified_gmt":"2022-04-20T15:00:13","slug":"nemo","status":"publish","type":"page","link":"https:\/\/www.storevan.com\/pl\/zabudowy\/citroen\/nemo\/","title":{"rendered":"Nemo"},"content":{"rendered":"<h1 class=\"customblackTitleSmall\">Zabudowy do Citro\u00ebn Nemo<\/h1>\n<h2>Skontaktuj si\u0119 z nami by uzyska\u0107 indywidulan\u0161, niezboowi\u0161zuj\u0161c\u0161 wycen\u0119 zabudowy Twojego Nemo<\/h2>\n<p>Wyposa\u017cenie samochod\u00f3w dostawczych Nemo. Indywidualnie dostosowane wyposa\u017cenie do samochod\u00f3w u\u017cytkowych Citro\u00ebn Nemo, obejmuj\u0105ce m.in.: uchwyt uniwersalny, ok\u0142adziny, rega\u0142y, szafki szufladowe itp.<\/p>\n<p>Wykonujemy wiele wersji wyposa\u017cenia warsztatu mobilnego\u00a0do\u00a0<strong>samochod\u00f3w u\u017cytkowych Citro\u00ebn Nemo<\/strong>,\u00a0zapewniaj\u0105c\u00a0wytrzyma\u0142o\u015b\u0107, modu\u0142owo\u015b\u0107 i\u00a0indywidualne dostosowanie\u00a0poszczeg\u00f3lnych element\u00f3w. W\u00a0przedziale \u0142adunkowym samochodu dostawczego montujemy wyposa\u017cenie wyr\u00f3\u017cniaj\u0105ce si\u0119 du\u017c\u0105 odporno\u015bci\u0105 na korozj\u0119, uszkodzenia i\u00a0odkszta\u0142cenia. Nasze modu\u0142y, produkowane z\u00a0niezwykle odpornej na korozj\u0119 blachy z\u00a0pow\u0142ok\u0105 Galvannealed, poddawane s\u0105\u00a0lakierowaniu kataforetycznemu. Obr\u00f3bka ta zapewnia jeszcze wi\u0119ksz\u0105 odporno\u015b\u0107 na dzia\u0142anie czynnik\u00f3w chemicznych i\u00a0atmosferycznych. Store Van jest jedynym producentem wyposa\u017cenia do samochod\u00f3w dostawczych\u00a0NA \u015aWIECIE, kt\u00f3ry stosuje opisan\u0105 technologi\u0119. Polega ona na zanurzaniu blachy w\u00a0\u017cywicy akrylowej, kt\u00f3ra odk\u0142ada si\u0119 r\u00f3wnomiernie na powierzchni elementu.<\/p>\n<h3 class=\"customblackTitleExtraSmall\">SYSTEMY WYPOSA\u017bENIA:<\/h3>\n<section id=\"imgSlide\" class=\"regular sliderSV\">\n<div>\n<div class=\"txtBlue\">SAFETY<\/div>\n<div class=\"ts-gallery\"><a title=\"Wyposa\u017cenie wewn\u0119trzne Safety do samochodu dostawczego Citro\u00ebn Nemo\" href=\"https:\/\/www.storevan.com\/wp-content\/uploads\/veicoli\/pianali-pannellature\/allestimenti-furgoni-piccoli-Safety.jpg\"><img decoding=\"async\" loading=\"lazy\" class=\"alignnone size-medium wp-image-69548\" src=\"https:\/\/www.storevan.com\/wp-content\/uploads\/veicoli\/pianali-pannellature\/allestimenti-furgoni-piccoli-Safety-300x171.jpg\" alt=\"Safety, wyposa\u017cenie samochod\u00f3w dostawczych Citro\u00ebn Nemo\" width=\"300\" height=\"171\" \/><\/a><\/div>\n<h3 class=\"bigTxt\">Safety, rega\u0142y z mocowaniem \u0142adunku w standardzie<\/h3>\n<div class=\"borderTitle\"><\/div>\n<p>Przyk\u0142ady wyposa\u017cenia:<\/p>\n<p><a title=\"Wyposa\u017cenie samochod\u00f3w dostawczych Safety L1 H1\" href=\"https:\/\/www.storevan.com\/pl\/wyposazanie-samochodow-dostawczych\/citroen-nemo-l1-h1-safety\/\"><strong>L1 H1<\/strong> (Rozstaw 2513 mm)<\/a><\/p>\n<\/div>\n<div>\n<div class=\"txtBlue\">PROFESSIONAL<\/div>\n<div class=\"ts-gallery\"><a title=\"Wyposa\u017cenie wewn\u0119trzne Professional do samochodu dostawczego Citro\u00ebn Nemo\" href=\"https:\/\/www.storevan.com\/wp-content\/uploads\/veicoli\/pianali-pannellature\/scaffalature-per-furgone-piccolo-Professional.jpg\"><img decoding=\"async\" loading=\"lazy\" class=\"alignnone size-medium wp-image-69566\" src=\"https:\/\/www.storevan.com\/wp-content\/uploads\/veicoli\/pianali-pannellature\/scaffalature-per-furgone-piccolo-Professional-300x171.jpg\" alt=\"Professional, wyposa\u017cenie samochod\u00f3w dostawczych Citro\u00ebn Nemo\" width=\"300\" height=\"171\" \/><\/a><\/div>\n<h3 class=\"bigTxt\">Professional, Rega\u0142y z dodatkowymi systemami mocowania Airline<\/h3>\n<div class=\"borderTitle\"><\/div>\n<p>Przyk\u0142ady wyposa\u017cenia:<\/p>\n<p><a title=\"Professional L1 H1\" href=\"https:\/\/www.storevan.com\/pl\/wyposazanie-samochodow-dostawczych\/citroen-nemo-l1-h1-professional\/\"><strong>L1 H1<\/strong> (Rozstaw 2513 mm)<\/a><\/p>\n<\/div>\n<div>\n<div class=\"txtBlue\">MOBILE<\/div>\n<div id=\"myGallery\" class=\"ts-gallery\"><a title=\"Wyposa\u017cenie wewn\u0119trzne Mobile do samochodu dostawczego Citro\u00ebn Nemo\" href=\"https:\/\/www.storevan.com\/wp-content\/uploads\/veicoli\/pianali-pannellature\/allestimento-furgoni-piccoli-Mobile.jpg\"><img decoding=\"async\" loading=\"lazy\" class=\"alignnone wp-image-69554 size-medium\" src=\"https:\/\/www.storevan.com\/wp-content\/uploads\/veicoli\/pianali-pannellature\/allestimento-furgoni-piccoli-Mobile-300x171.jpg\" alt=\"Mobile, wyposa\u017cenie samochod\u00f3w dostawczych Citro\u00ebn Nemo\" width=\"300\" height=\"171\" \/><\/a><\/div>\n<h3 class=\"bigTxt\">Mobile, Wyposa\u017cenie uzupe\u0142nione o walizki na drobne elementy i w\u00f3zki<\/h3>\n<div class=\"borderTitle\"><\/div>\n<p>Przyk\u0142ady wyposa\u017cenia:<\/p>\n<p><a title=\"Wyposa\u017cenie wewn\u0119trzne Mobile do samochodu dostawczego L1 H1\" href=\"https:\/\/www.storevan.com\/pl\/wyposazanie-samochodow-dostawczych\/citroen-nemo-l1-h1-mobile\/\"><strong>L1 H1<\/strong> (Rozstaw 2513 mm)<\/a><\/p>\n<\/div>\n<div>\n<div class=\"txtBlue\">FLOOR UP<\/div>\n<div class=\"ts-gallery\"><a title=\"Wyposa\u017cenie wewn\u0119trzne Floor Up do samochodu dostawczego Citro\u00ebn Nemo\" href=\"https:\/\/www.storevan.com\/wp-content\/uploads\/veicoli\/pianali-pannellature\/pianale-rialzato-con-cassetti-Floor-up.jpg\"><img decoding=\"async\" loading=\"lazy\" class=\"alignnone size-medium wp-image-69560\" src=\"https:\/\/www.storevan.com\/wp-content\/uploads\/veicoli\/pianali-pannellature\/pianale-rialzato-con-cassetti-Floor-up-300x171.jpg\" alt=\"Floor Up, wyposa\u017cenie samochod\u00f3w dostawczych Citro\u00ebn Nemo\" width=\"300\" height=\"171\" \/><\/a><\/div>\n<h3 class=\"bigTxt\">Floor Up, System z szufladami pod pod\u0142og\u0105 i rega\u0142ami do samochod\u00f3w dostawczych ma\u0142ych i \u015brednich<\/h3>\n<div class=\"borderTitle\"><\/div>\n<p>Przyk\u0142ady wyposa\u017cenia:<\/p>\n<p><a title=\"Floor Up L1 H1\" href=\"https:\/\/www.storevan.com\/pl\/wyposazanie-samochodow-dostawczych\/citroen-nemo-l1-h1-floor-up\/\"><strong>L1 H1<\/strong> (Rozstaw 2513 mm)<\/a><\/p>\n<\/div>\n<\/section>\n<hr class=\"noColor\" \/>\n<p class=\"btn btnLink\"><strong>Kliknij tutaj, aby dowiedzie\u0107 si\u0119 wi\u0119cej o\u00a0systemach <a title=\"Kliknij tutaj, aby dowiedzie\u0107 si\u0119 wi\u0119cej o\u00a0systemach SAFETY, PROFESSIONAL, MOBILE\" href=\"https:\/\/www.storevan.com\/allestimenti-interni-furgoni\/\" style=\"margin-right:0;\">SAFETY, PROFESSIONAL, MOBILE<\/a> i <a title=\"Kliknij tutaj, aby dowiedzie\u0107 si\u0119 wi\u0119cej o\u00a0systemach FLOOR UP\" href=\"https:\/\/www.storevan.com\/prodotti\/allestimenti-pianale-rialzato-sottopianale\/\">FLOOR UP<\/a><\/strong><\/p>\n<h3 class=\"bigTxt text-center txtGrey\">PODSTAWA SKUTECZNEJ OCHRONY POJAZD\u00d3W<\/h3>\n<hr class=\"noColor\" \/>\n<div class=\"two_third\">\n<a title=\"Ok\u0142adzina wewn\u0119trzna i\u00a0pod\u0142oga do Citro\u00ebn Nemo\" href=\"https:\/\/www.storevan.com\/pl\/zabudowy\/citroen\/nemo\/scieny-podloga\/\"><img decoding=\"async\" loading=\"lazy\" class=\"aligncenter size-full wp-image-64855\" src=\"https:\/\/www.storevan.com\/wp-content\/uploads\/veicoli\/pianali-pannellature\/pianali-furgone-rivestimento-interno.jpg\" alt=\"Ok\u0142adzina wewn\u0119trzna i\u00a0pod\u0142oga do Citro\u00ebn Nemo\" width=\"750\" height=\"600\" \/><\/a><\/p>\n<\/div><div class=\"one_third last\">\n<div class=\"boxBorder\">\n<h4 class=\"bigTxt blue hidden-xs\">POD\u0141OGA NEMO I OK\u0141ADZINA WEWN\u0118TRZNA<\/h4>\n<div class=\"borderTitleCenter hidden-xs\"><\/div>\n<h5 class=\"hidden-xs\">Systemy certyfikat T\u00dcV.<img decoding=\"async\" loading=\"lazy\" class=\"alignnone size-full wp-image-67768\" src=\"https:\/\/www.storevan.com\/wp-content\/uploads\/veicoli\/pianali-pannellature\/logo-ISO9001.jpg\" alt=\"Attrito certificato T\u00dcV\" width=\"50\" height=\"50\" \/><\/h5>\n<div class=\"borderTitleCenter hidden-xs\"><\/div>\n<hr class=\"noColor hidden-xs\" \/>\n<div class=\"ts-gallery hidden-xs\"><div class=\"one_half\">\n<a href=\"https:\/\/www.storevan.com\/wp-content\/uploads\/veicoli\/pianali-pannellature\/Dettaglio-pianale-per-furgone-con-punti-ancoraggio-verticali-e-orizzontali.jpg\"><img decoding=\"async\" loading=\"lazy\" class=\"alignnone wp-image-64381 size-thumbnail\" title=\"Dettaglio pianale per furgone con punti ancoraggio\" src=\"https:\/\/www.storevan.com\/wp-content\/uploads\/veicoli\/pianali-pannellature\/Dettaglio-pianale-per-furgone-con-punti-ancoraggio-verticali-e-orizzontali-150x150.jpg\" alt=\"Dettaglio pianale per furgone con punti ancoraggio\" width=\"150\" height=\"150\" \/><\/a><br \/>\n<\/div><div class=\"one_half last\">\n<a href=\"https:\/\/www.storevan.com\/wp-content\/uploads\/veicoli\/pianali-pannellature\/allestimento-per-furgone-con-pianale-wood-floor.jpg\"><img decoding=\"async\" loading=\"lazy\" class=\"alignnone wp-image-64450 size-thumbnail\" title=\"Fissaggio del carico su pianale furgone\" src=\"https:\/\/www.storevan.com\/wp-content\/uploads\/veicoli\/pianali-pannellature\/allestimento-per-furgone-con-pianale-wood-floor-150x150.jpg\" alt=\"Fissaggio del carico su pianale furgone safety-floor\" width=\"150\" height=\"150\" \/><\/a><br \/>\n<\/div><div class=\"clearboth\"><\/div><\/div>\n<div class=\"ts-gallery hidden-xs\"><div class=\"one_half\">\n<a href=\"https:\/\/www.storevan.com\/wp-content\/uploads\/veicoli\/pianali-pannellature\/guide-airline-soffitto-furgone.jpg\"><img decoding=\"async\" loading=\"lazy\" class=\"alignnone wp-image-64393 size-thumbnail\" title=\"Pianale per furgoni Safety Floor\" src=\"https:\/\/www.storevan.com\/wp-content\/uploads\/veicoli\/pianali-pannellature\/guide-airline-soffitto-furgone-150x150.jpg\" alt=\"Pianale per furgoni Safety Floor\" width=\"150\" height=\"150\" \/><\/a><br \/>\n<\/div><div class=\"one_half last\">\n<a href=\"https:\/\/www.storevan.com\/wp-content\/uploads\/veicoli\/pianali-pannellature\/pianale-per-furgone-con-barre-fermacarico.jpg\"><img decoding=\"async\" loading=\"lazy\" class=\"alignnone wp-image-64417 size-thumbnail\" title=\"Pianale per furgone con barre fermacarico\" src=\"https:\/\/www.storevan.com\/wp-content\/uploads\/veicoli\/pianali-pannellature\/pianale-per-furgone-con-barre-fermacarico-150x150.jpg\" alt=\"Pianale per furgone con barre fermacarico\" width=\"150\" height=\"150\" \/><\/a><br \/>\n<\/div><div class=\"clearboth\"><\/div><\/div>\n<div class=\"btnFullWidth\"><a class=\"btn btn-blue\" href=\"https:\/\/www.storevan.com\/pl\/zabudowy\/citroen\/nemo\/scieny-podloga\/\">POZNAJ POD\u0141OGI I PANELE DO NEMO <i class=\"fa fa-angle-double-right\"><\/i><\/a><\/div>\n<\/div>\n<\/div><div class=\"clearboth\"><\/div>\n<p>Wyposa\u017cenie i towary przewo\u017cone luzem, beczki, rdza i zu\u017cycie stanowi\u0105 g\u0142\u00f3wne zagro\u017cenia dla wewn\u0119trznej cz\u0119\u015bci nadwozia Nemo, a tym samym portfela jego w\u0142a\u015bciciela. Store Van zaprojektowa\u0142 w najdrobniejszych detalach pod\u0142ogi i panele, uzyskuj\u0105c <strong>maksymaln\u0105 wytrzyma\u0142o\u015b\u0107, trwa\u0142o\u015b\u0107, ochron\u0119 i bezpiecze\u0144stwo przewo\u017conego towaru i karoserii<\/strong>.<br \/>\nPod\u0142oga z wielowarstwowego drewna fenolowego lub z\u00a0blachy aluminiowej ryflowanej chroni pod\u0142o\u017ce do chodzenia przed napr\u0119\u017ceniami podczas transportu. Natomiast boczne panele z polipropylenowej p\u0142yty komorowej chroni\u0105 \u015bciany przed wgnieceniami, kt\u00f3rych koszt naprawy jest znaczny.<\/p>\n<p>Wyposa\u017cenie wewn\u0119trzne mo\u017cna uzupe\u0142ni\u0107 o <strong>prowadnice \u201eAirline\u201d<\/strong>, tworz\u0105c kompletny system <strong>mocowania poziomego i pionowego<\/strong>.<\/p>\n<p>W ten spos\u00f3b uzyskuje si\u0119 mo\u017cliwo\u015b\u0107 elastycznego i bezpiecznego mocowania towaru, zgodnie z wymaganiami <a href=\"https:\/\/www.storevan.com\/prodotti\/sicurezza-del-carico-bloccaggio-merce\/\">dyrektywy 2014\/47\/WE<\/a> i najwy\u017cszymi standardami jako\u015bciowymi.<\/p>\n<h4>KORZY\u015aCI<\/h4>\n<ul class=\"arrow\">\n<li>ochrona nadwozia<\/li>\n<li>bezpieczny przew\u00f3z towar\u00f3w<\/li>\n<li>przestrzeganie wymaga\u0144 dyrektywy 2014\/47\/WE<\/li>\n<\/ul>\n<h3 class=\"bigTxt text-center txtGrey\">UZUPE\u0141NIJ WYPOSA\u017bENIE DO NEMO O<\/h3>\n<div class=\"one_half\">\n<img decoding=\"async\" loading=\"lazy\" src=\"https:\/\/www.storevan.com\/wp-content\/uploads\/veicoli\/pianali-pannellature\/portatutto-portascala-space-up.jpg\" alt=\"UCHWYT UNIWERSALNY I UCHWYT DO DRABIN DO NEMO\" width=\"600\" height=\"265\" class=\"aligncenter size-full wp-image-127221\" \/><br \/>\n<\/div><div class=\"one_half last\">\n<h4 class=\"bigTxt blue\">UCHWYT UNIWERSALNY I UCHWYT DO DRABIN DO NEMO<\/h4>\n<div class=\"borderTitle\"><\/div>\n<p>Gdy transport materia\u0142\u00f3w i sprz\u0119tu odbywa si\u0119 wewn\u0105trz samochodu dostawczego, wi\u0119ksz\u0105 ilo\u015b\u0107 miejsca zapewni pod\u0142oga podwy\u017cszona Store Van. Gdyby to by\u0142o has\u0142o reklamowe, brzmia\u0142by \u201eLess is more\u201d. Natomiast jest to kwintesencja wzornictwa, kt\u00f3re zwi\u0119ksza pojemno\u015b\u0107 przedzia\u0142u \u0142adunkowego \u015brednich i ma\u0142ych pojazd\u00f3w u\u017cytkowych.<\/p>\n<p><a class=\"btn btn-blue\" title=\"Poznaj uchwyty uniwersalne i uchwyty do drabin do Citro\u00ebn Nemo\" href=\"https:\/\/www.storevan.com\/pl\/zabudowy\/citroen\/nemo\/bagazniki-dachowe\/\">POZNAJ UCHWYTY UNIWERSALNE I UCHWYTY DO DRABIN DO NEMO<\/a><br \/>\n<\/div><div class=\"clearboth\"><\/div>\n<hr class=\"noColor\" \/>\n<div class=\"break\"><\/div>\n<hr \/>\n<div class=\"one_half\">\n<div class=\"text-center\"><a class=\"btn btn-download\" href=\"tel:+390424585455\"><i class=\"fa fa-phone\"><\/i> <span class=\"spanBtn\">ZADZWO\u0143 TERAZ<\/span><br \/>\nuzyskasz wszelkie informacje<\/a><\/div>\n<\/div><div class=\"one_half last\">\n<div class=\"text-center\"><a class=\"btn btn-download\" href=\"https:\/\/www.storevan.com\/wp-content\/uploads\/doc\/CITROEN_NEMO_Equipamiento_Wyposazenie_StoreVan_espl.pdf\" target=\"_blank\" rel=\"noopener\"><i class=\"fa fa-download\"><\/i> <span class=\"spanBtn\">Pobierz<\/span><br \/>\nKATALOG NEMO<\/a><\/div>\n<\/div><div class=\"clearboth\"><\/div>\n<hr \/>\n<h4 class=\"bigTxt text-center txtBkOrange\"><i class=\"fa fa-envelope pull-left\"><\/i>CHCESZ WIEDZIE\u0106 WI\u0118CEJ?<\/h4>\n\n<div class=\"wpcf7 no-js\" id=\"wpcf7-f67676-o1\" lang=\"it-IT\" dir=\"ltr\">\n<div class=\"screen-reader-response\"><p role=\"status\" aria-live=\"polite\" aria-atomic=\"true\"><\/p> <ul><\/ul><\/div>\n<form action=\"\/pl\/wp-json\/wp\/v2\/pages\/16261#wpcf7-f67676-o1\" method=\"post\" class=\"wpcf7-form init\" aria-label=\"Modulo di contatto\" novalidate=\"novalidate\" data-status=\"init\">\n<div style=\"display: none;\">\n<input type=\"hidden\" name=\"_wpcf7\" value=\"67676\" \/>\n<input type=\"hidden\" name=\"_wpcf7_version\" value=\"5.7.7\" \/>\n<input type=\"hidden\" name=\"_wpcf7_locale\" value=\"it_IT\" \/>\n<input type=\"hidden\" name=\"_wpcf7_unit_tag\" value=\"wpcf7-f67676-o1\" \/>\n<input type=\"hidden\" name=\"_wpcf7_container_post\" value=\"0\" \/>\n<input type=\"hidden\" name=\"_wpcf7_posted_data_hash\" value=\"\" \/>\n<input type=\"hidden\" name=\"_wpcf7_recaptcha_response\" value=\"\" \/>\n<\/div>\n<span class=\"wpcf7-form-control-wrap url\" data-name=\"url\"><input type=\"hidden\" name=\"url\" size=\"40\" class=\"wpcf7-form-control wpcf7-hidden wpcf7dtx wpcf7dtx-hidden\" aria-invalid=\"false\" value=\"nemo\" autocomplete=\"off\" \/><\/span>\n<p>Wype\u0142nij poni\u017csze pola, aby otrzyma\u0107 wi\u0119cej informacji. Nasz operator skontaktuje si\u0119 z\u00a0tob\u0105 najszybciej, jak to mo\u017cliwe (* pola obowi\u0105zkowe):\n<\/p>\n<div class=\"col-xs-12 col-md-6\">\n\t<p><span class='titoli'>Imi\u0119 (*)<\/span>\n\t<\/p>\n\t<p><span class=\"wpcf7-form-control-wrap\" data-name=\"your-name\"><input size=\"40\" class=\"wpcf7-form-control wpcf7-text wpcf7-validates-as-required form-control\" aria-required=\"true\" aria-invalid=\"false\" value=\"\" type=\"text\" name=\"your-name\" \/><\/span>\n\t<\/p>\n<\/div>\n<div class=\"col-xs-12 col-md-6\">\n\t<p><span class='titoli'>Nazwisko (*)<\/span>\n\t<\/p>\n\t<p><span class=\"wpcf7-form-control-wrap\" data-name=\"your-last-name\"><input size=\"40\" class=\"wpcf7-form-control wpcf7-text wpcf7-validates-as-required form-control\" aria-required=\"true\" aria-invalid=\"false\" value=\"\" type=\"text\" name=\"your-last-name\" \/><\/span>\n\t<\/p>\n<\/div>\n<div class=\"col-xs-12 col-md-6\">\n\t<p><span class='titoli'>Firma (*)<\/span>\n\t<\/p>\n\t<p><span class=\"wpcf7-form-control-wrap\" data-name=\"your-company\"><input size=\"40\" class=\"wpcf7-form-control wpcf7-text wpcf7-validates-as-required form-control\" aria-required=\"true\" aria-invalid=\"false\" value=\"\" type=\"text\" name=\"your-company\" \/><\/span>\n\t<\/p>\n<\/div>\n<div class=\"col-xs-12 col-md-6\">\n\t<p><span class='titoli'>Numer NIP<\/span>\n\t<\/p>\n\t<p><span class=\"wpcf7-form-control-wrap\" data-name=\"p-iva\"><input size=\"40\" class=\"wpcf7-form-control wpcf7-text form-control\" aria-invalid=\"false\" value=\"\" type=\"text\" name=\"p-iva\" \/><\/span>\n\t<\/p>\n<\/div>\n<div class=\"clearboth\">\n<\/div>\n<div class=\"col-xs-12 col-md-4\">\n\t<p><span class='titoli'>Kod pocztowy (*)<\/span>\n\t<\/p>\n\t<p><span class=\"wpcf7-form-control-wrap\" data-name=\"your-zip-code\"><input size=\"40\" class=\"wpcf7-form-control wpcf7-text wpcf7-validates-as-required form-control\" aria-required=\"true\" aria-invalid=\"false\" value=\"\" type=\"text\" name=\"your-zip-code\" \/><\/span>\n\t<\/p>\n<\/div>\n<div class=\"col-xs-12 col-md-4\">\n\t<p><span class='titoli'>Adres (*)<\/span>\n\t<\/p>\n\t<p><span class=\"wpcf7-form-control-wrap\" data-name=\"your-address\"><input size=\"40\" class=\"wpcf7-form-control wpcf7-text wpcf7-validates-as-required form-control\" aria-required=\"true\" aria-invalid=\"false\" value=\"\" type=\"text\" name=\"your-address\" \/><\/span>\n\t<\/p>\n<\/div>\n<div class=\"col-xs-12 col-md-4\">\n\t<p><span class='titoli'>Miasto (*)<\/span>\n\t<\/p>\n\t<p><span class=\"wpcf7-form-control-wrap\" data-name=\"your-Town\"><input size=\"40\" class=\"wpcf7-form-control wpcf7-text wpcf7-validates-as-required form-control\" aria-required=\"true\" aria-invalid=\"false\" value=\"\" type=\"text\" name=\"your-Town\" \/><\/span>\n\t<\/p>\n<\/div>\n<div class=\"clearboth\">\n<\/div>\n<div class=\"col-xs-12 col-md-6\">\n\t<p><span class='titoli'>email (*)<\/span>\n\t<\/p>\n\t<p><span class=\"wpcf7-form-control-wrap\" data-name=\"your-email\"><input size=\"40\" class=\"wpcf7-form-control wpcf7-text wpcf7-email wpcf7-validates-as-required wpcf7-validates-as-email form-control\" aria-required=\"true\" aria-invalid=\"false\" value=\"\" type=\"email\" name=\"your-email\" \/><\/span>\n\t<\/p>\n<\/div>\n<div class=\"col-xs-12 col-md-6\">\n\t<p><span class='titoli'>Telefon (*)<\/span>\n\t<\/p>\n\t<p><span class=\"wpcf7-form-control-wrap\" data-name=\"telefono\"><input size=\"40\" class=\"wpcf7-form-control wpcf7-text wpcf7-tel wpcf7-validates-as-required wpcf7-validates-as-tel form-control\" aria-required=\"true\" aria-invalid=\"false\" value=\"\" type=\"tel\" name=\"telefono\" \/><\/span>\n\t<\/p>\n<\/div>\n<div class=\"clearboth\">\n<\/div>\n<div class=\"col-xs-12 col-md-6\">\n\t<p><span class='titoli'>Przedmiot <\/span>\n\t<\/p>\n\t<p><span class=\"wpcf7-form-control-wrap\" data-name=\"oggetto\"><select class=\"wpcf7-form-control wpcf7-select wpcf7-validates-as-required\" aria-required=\"true\" aria-invalid=\"false\" name=\"oggetto\"><option value=\"Oferta\">Oferta<\/option><option value=\"Informacje techniczne\">Informacje techniczne<\/option><option value=\"Powo\u0142anie\">Powo\u0142anie<\/option><\/select><\/span>\n\t<\/p>\n<\/div>\n<div class=\"col-xs-12 col-md-6\">\n\t<p><br \/>\n<span class=\"titoli\"> <span class=\"wpcf7-form-control-wrap\" data-name=\"cliente\"><span class=\"wpcf7-form-control wpcf7-checkbox\"><span class=\"wpcf7-list-item first last\"><label><span class=\"wpcf7-list-item-label\">Jestem ju\u017c klientem<\/span><input type=\"checkbox\" name=\"cliente[]\" value=\"Jestem ju\u017c klientem\" \/><\/label><\/span><\/span><\/span><\/span>\n\t<\/p>\n<\/div>\n<div class=\"col-xs-12 col-md-12\">\n\t<p><span class='titoli'>Wiadomo\u015b\u0107 (*)<\/span>\n\t<\/p>\n\t<p><span class=\"wpcf7-form-control-wrap\" data-name=\"your-message\"><textarea cols=\"40\" rows=\"10\" class=\"wpcf7-form-control wpcf7-textarea wpcf7-validates-as-required form-control\" aria-required=\"true\" aria-invalid=\"false\" name=\"your-message\"><\/textarea><\/span>\n\t<\/p>\n<\/div>\n<div class=\"col-xs-12 col-md-12\">\n\t<p><small>Wprowadzone dane b\u0119d\u0105 traktowane z zachowaniem \u015bcis\u0142ej poufno\u015bci zgodnie z prawem i nasz\u0105 polityk\u0105 prywatno\u015bci. <a href=\"https:\/\/www.storevan.com\/pl\/privacy-policy\/\">Polityk\u0105 prywatno\u015bci<\/a><\/small>\n\t<\/p>\n\t<p><span class=\"wpcf7-form-control-wrap\" data-name=\"AccettazionePrivacy\"><span class=\"wpcf7-form-control wpcf7-acceptance\"><span class=\"wpcf7-list-item\"><input type=\"checkbox\" name=\"AccettazionePrivacy\" value=\"1\" aria-invalid=\"false\" \/><\/span><\/span><\/span> O\u015bwiadczam, \u017ce zapozna\u0142am si\u0119 z <a href=\"https:\/\/www.storevan.com\/pl\/privacy-policy\/\">polityk\u0105 prywatno\u015bci<\/a> i zgadzam si\u0119 na wykorzystanie moich danych osobowych w opisanych tam przypadkach.(*)(*)<br \/>\n\t<span class=\"wpcf7-form-control-wrap recaptcha\" data-name=\"recaptcha\"><span data-sitekey=\"6LdfM4AUAAAAAJjsAucux5WVNA3hsk5KP0a03T_n\" class=\"wpcf7-form-control g-recaptcha wpcf7-recaptcha\"><\/span>\r\n<noscript>\r\n\t<div class=\"grecaptcha-noscript\">\r\n\t\t<iframe src=\"https:\/\/www.google.com\/recaptcha\/api\/fallback?k=6LdfM4AUAAAAAJjsAucux5WVNA3hsk5KP0a03T_n\" frameborder=\"0\" scrolling=\"no\" width=\"310\" height=\"430\">\r\n\t\t<\/iframe>\r\n\t\t<textarea name=\"g-recaptcha-response\" rows=\"3\" cols=\"40\" placeholder=\"reCaptcha Response Here\">\r\n\t\t<\/textarea>\r\n\t<\/div>\r\n<\/noscript>\r\n<\/span>\n\t<\/p>\n<\/div>\n<hr class=\"noColor\" \/>\n<p><input class=\"wpcf7-form-control has-spinner wpcf7-submit\" type=\"submit\" value=\"Wy\u015blij\" \/>\n<\/p><div class=\"wpcf7-response-output\" aria-hidden=\"true\"><\/div>\n<\/form>\n<\/div>\n\n","protected":false},"excerpt":{"rendered":"<p>Zabudowy do Citro\u00ebn Nemo Skontaktuj si\u0119 z nami by uzyska\u0107 indywidulan\u0161, niezboowi\u0161zuj\u0161c\u0161 wycen\u0119 zabudowy Twojego Nemo Wyposa\u017cenie samochod\u00f3w dostawczych Nemo. Indywidualnie dostosowane wyposa\u017cenie do samochod\u00f3w u\u017cytkowych Citro\u00ebn Nemo, obejmuj\u0105ce m.in.:.<\/p>\n","protected":false},"author":470,"featured_media":0,"parent":13407,"menu_order":0,"comment_status":"closed","ping_status":"closed","template":"pageSlider.php","meta":[],"acf":[],"yoast_head":"<!-- This site is optimized with the Yoast SEO plugin v20.11 - https:\/\/yoast.com\/wordpress\/plugins\/seo\/ -->\n<title>Wyposa\u017cenie samochod\u00f3w dostawczych Citro\u00ebn Nemo<\/title>\n<meta name=\"description\" content=\"Wyposa\u017cenie samochod\u00f3w dostawczych Citro\u00ebn Nemo. Obejmuj\u0105ce m.in.: uchwyt uniwersalny, ok\u0142adziny, rega\u0142y, szafki szufladowe itp.\" \/>\n<meta name=\"robots\" content=\"index, follow, max-snippet:-1, max-image-preview:large, max-video-preview:-1\" \/>\n<link rel=\"canonical\" href=\"https:\/\/www.storevan.com\/allestimenti-veicoli-commerciali\/furgoni-citroen\/nemo\/\" \/>\n<meta property=\"og:locale\" content=\"pl_PL\" \/>\n<meta property=\"og:type\" content=\"article\" \/>\n<meta property=\"og:title\" content=\"Wyposa\u017cenie samochod\u00f3w dostawczych Citro\u00ebn Nemo\" \/>\n<meta property=\"og:description\" content=\"Wyposa\u017cenie samochod\u00f3w dostawczych Citro\u00ebn Nemo. Obejmuj\u0105ce m.in.: uchwyt uniwersalny, ok\u0142adziny, rega\u0142y, szafki szufladowe itp.\" \/>\n<meta property=\"og:url\" content=\"https:\/\/www.storevan.com\/allestimenti-veicoli-commerciali\/furgoni-citroen\/nemo\/\" \/>\n<meta property=\"og:site_name\" content=\"Store Van\" \/>\n<meta property=\"article:modified_time\" content=\"2022-04-20T15:00:13+00:00\" \/>\n<meta property=\"og:image\" content=\"https:\/\/www.storevan.com\/wp-content\/uploads\/veicoli\/pianali-pannellature\/allestimenti-furgoni-piccoli-Safety-300x171.jpg\" \/>\n<meta name=\"twitter:label1\" content=\"Szacowany czas czytania\" \/>\n\t<meta name=\"twitter:data1\" content=\"3 minuty\" \/>\n<script type=\"application\/ld+json\" class=\"yoast-schema-graph\">{\"@context\":\"https:\/\/schema.org\",\"@graph\":[{\"@type\":\"WebPage\",\"@id\":\"https:\/\/www.storevan.com\/allestimenti-veicoli-commerciali\/furgoni-citroen\/nemo\/\",\"url\":\"https:\/\/www.storevan.com\/allestimenti-veicoli-commerciali\/furgoni-citroen\/nemo\/\",\"name\":\"Wyposa\u017cenie samochod\u00f3w dostawczych Citro\u00ebn Nemo\",\"isPartOf\":{\"@id\":\"https:\/\/www.storevan.com\/pl\/#website\"},\"datePublished\":\"2015-12-09T09:02:07+00:00\",\"dateModified\":\"2022-04-20T15:00:13+00:00\",\"description\":\"Wyposa\u017cenie samochod\u00f3w dostawczych Citro\u00ebn Nemo. Obejmuj\u0105ce m.in.: uchwyt uniwersalny, ok\u0142adziny, rega\u0142y, szafki szufladowe itp.\",\"breadcrumb\":{\"@id\":\"https:\/\/www.storevan.com\/allestimenti-veicoli-commerciali\/furgoni-citroen\/nemo\/#breadcrumb\"},\"inLanguage\":\"pl-PL\",\"potentialAction\":[{\"@type\":\"ReadAction\",\"target\":[\"https:\/\/www.storevan.com\/allestimenti-veicoli-commerciali\/furgoni-citroen\/nemo\/\"]}]},{\"@type\":\"BreadcrumbList\",\"@id\":\"https:\/\/www.storevan.com\/allestimenti-veicoli-commerciali\/furgoni-citroen\/nemo\/#breadcrumb\",\"itemListElement\":[{\"@type\":\"ListItem\",\"position\":1,\"name\":\"Home\",\"item\":\"https:\/\/www.storevan.com\/pl\/\"},{\"@type\":\"ListItem\",\"position\":2,\"name\":\"Zabudowy\",\"item\":\"https:\/\/www.storevan.com\/allestimenti-veicoli-commerciali\/\"},{\"@type\":\"ListItem\",\"position\":3,\"name\":\"Citro\u00ebn\",\"item\":\"https:\/\/www.storevan.com\/allestimenti-veicoli-commerciali\/furgoni-citroen\/\"},{\"@type\":\"ListItem\",\"position\":4,\"name\":\"Nemo\"}]},{\"@type\":\"WebSite\",\"@id\":\"https:\/\/www.storevan.com\/pl\/#website\",\"url\":\"https:\/\/www.storevan.com\/pl\/\",\"name\":\"Store Van\",\"description\":\"Zabudowy\",\"potentialAction\":[{\"@type\":\"SearchAction\",\"target\":{\"@type\":\"EntryPoint\",\"urlTemplate\":\"https:\/\/www.storevan.com\/pl\/?s={search_term_string}\"},\"query-input\":\"required name=search_term_string\"}],\"inLanguage\":\"pl-PL\"}]}<\/script>\n<!-- \/ Yoast SEO plugin. -->","yoast_head_json":{"title":"Wyposa\u017cenie samochod\u00f3w dostawczych Citro\u00ebn Nemo","description":"Wyposa\u017cenie samochod\u00f3w dostawczych Citro\u00ebn Nemo. Obejmuj\u0105ce m.in.: uchwyt uniwersalny, ok\u0142adziny, rega\u0142y, szafki szufladowe itp.","robots":{"index":"index","follow":"follow","max-snippet":"max-snippet:-1","max-image-preview":"max-image-preview:large","max-video-preview":"max-video-preview:-1"},"canonical":"https:\/\/www.storevan.com\/allestimenti-veicoli-commerciali\/furgoni-citroen\/nemo\/","og_locale":"pl_PL","og_type":"article","og_title":"Wyposa\u017cenie samochod\u00f3w dostawczych Citro\u00ebn Nemo","og_description":"Wyposa\u017cenie samochod\u00f3w dostawczych Citro\u00ebn Nemo. Obejmuj\u0105ce m.in.: uchwyt uniwersalny, ok\u0142adziny, rega\u0142y, szafki szufladowe itp.","og_url":"https:\/\/www.storevan.com\/allestimenti-veicoli-commerciali\/furgoni-citroen\/nemo\/","og_site_name":"Store Van","article_modified_time":"2022-04-20T15:00:13+00:00","og_image":[{"url":"https:\/\/www.storevan.com\/wp-content\/uploads\/veicoli\/pianali-pannellature\/allestimenti-furgoni-piccoli-Safety-300x171.jpg"}],"twitter_misc":{"Szacowany czas czytania":"3 minuty"},"schema":{"@context":"https:\/\/schema.org","@graph":[{"@type":"WebPage","@id":"https:\/\/www.storevan.com\/allestimenti-veicoli-commerciali\/furgoni-citroen\/nemo\/","url":"https:\/\/www.storevan.com\/allestimenti-veicoli-commerciali\/furgoni-citroen\/nemo\/","name":"Wyposa\u017cenie samochod\u00f3w dostawczych Citro\u00ebn Nemo","isPartOf":{"@id":"https:\/\/www.storevan.com\/pl\/#website"},"datePublished":"2015-12-09T09:02:07+00:00","dateModified":"2022-04-20T15:00:13+00:00","description":"Wyposa\u017cenie samochod\u00f3w dostawczych Citro\u00ebn Nemo. Obejmuj\u0105ce m.in.: uchwyt uniwersalny, ok\u0142adziny, rega\u0142y, szafki szufladowe itp.","breadcrumb":{"@id":"https:\/\/www.storevan.com\/allestimenti-veicoli-commerciali\/furgoni-citroen\/nemo\/#breadcrumb"},"inLanguage":"pl-PL","potentialAction":[{"@type":"ReadAction","target":["https:\/\/www.storevan.com\/allestimenti-veicoli-commerciali\/furgoni-citroen\/nemo\/"]}]},{"@type":"BreadcrumbList","@id":"https:\/\/www.storevan.com\/allestimenti-veicoli-commerciali\/furgoni-citroen\/nemo\/#breadcrumb","itemListElement":[{"@type":"ListItem","position":1,"name":"Home","item":"https:\/\/www.storevan.com\/pl\/"},{"@type":"ListItem","position":2,"name":"Zabudowy","item":"https:\/\/www.storevan.com\/allestimenti-veicoli-commerciali\/"},{"@type":"ListItem","position":3,"name":"Citro\u00ebn","item":"https:\/\/www.storevan.com\/allestimenti-veicoli-commerciali\/furgoni-citroen\/"},{"@type":"ListItem","position":4,"name":"Nemo"}]},{"@type":"WebSite","@id":"https:\/\/www.storevan.com\/pl\/#website","url":"https:\/\/www.storevan.com\/pl\/","name":"Store Van","description":"Zabudowy","potentialAction":[{"@type":"SearchAction","target":{"@type":"EntryPoint","urlTemplate":"https:\/\/www.storevan.com\/pl\/?s={search_term_string}"},"query-input":"required name=search_term_string"}],"inLanguage":"pl-PL"}]}},"_links":{"self":[{"href":"https:\/\/www.storevan.com\/pl\/wp-json\/wp\/v2\/pages\/16261"}],"collection":[{"href":"https:\/\/www.storevan.com\/pl\/wp-json\/wp\/v2\/pages"}],"about":[{"href":"https:\/\/www.storevan.com\/pl\/wp-json\/wp\/v2\/types\/page"}],"author":[{"embeddable":true,"href":"https:\/\/www.storevan.com\/pl\/wp-json\/wp\/v2\/users\/470"}],"replies":[{"embeddable":true,"href":"https:\/\/www.storevan.com\/pl\/wp-json\/wp\/v2\/comments?post=16261"}],"version-history":[{"count":10,"href":"https:\/\/www.storevan.com\/pl\/wp-json\/wp\/v2\/pages\/16261\/revisions"}],"predecessor-version":[{"id":144553,"href":"https:\/\/www.storevan.com\/pl\/wp-json\/wp\/v2\/pages\/16261\/revisions\/144553"}],"up":[{"embeddable":true,"href":"https:\/\/www.storevan.com\/pl\/wp-json\/wp\/v2\/pages\/13407"}],"wp:attachment":[{"href":"https:\/\/www.storevan.com\/pl\/wp-json\/wp\/v2\/media?parent=16261"}],"curies":[{"name":"wp","href":"https:\/\/api.w.org\/{rel}","templated":true}]}}