{"id":16252,"date":"2015-12-09T14:45:36","date_gmt":"2015-12-09T13:45:36","guid":{"rendered":"https:\/\/www.storevan.com\/pl\/zabudowy\/citroen\/jumper\/"},"modified":"2021-06-14T07:56:11","modified_gmt":"2021-06-14T07:56:11","slug":"jumper","status":"publish","type":"page","link":"https:\/\/www.storevan.com\/pl\/zabudowy\/citroen\/jumper\/","title":{"rendered":"Jumper"},"content":{"rendered":"<h1 class=\"customblackTitleSmall\">Zabudowy do Citro\u00ebn\u00a0Jumper 2014<\/h1>\n<p>Zabudowa Store Van do <strong>Citro\u00ebn<\/strong><strong>\u00a0Jumper<\/strong>. Skontaktuj si\u0119 z nami by uzyska\u0107 indywidulan\u0161, niezobowi\u0161zuj\u0161c\u0161 wycen\u0119 zabudowy Twojego Citro\u00ebn\u00a0Jumper.<\/p>\n<hr \/>\n<h3 class=\"bigTxt\">SYSTEMY WYPOSA\u017bENIA:<\/h3>\n<hr class=\"noColor\" \/>\n<section id=\"imgSlide\" class=\"regular sliderSV\">\n<div>\n<div class=\"txtBlue\">SAFETY<\/div>\n<div class=\"ts-gallery\"><a title=\"Wyposa\u017cenie wewn\u0119trzne Safety do samochodu dostawczego Jumper\" href=\"https:\/\/www.storevan.com\/wp-content\/uploads\/2018\/02\/safety-1-300x280.jpg\"><img decoding=\"async\" loading=\"lazy\" class=\"alignnone wp-image-62778 size-medium\" src=\"https:\/\/www.storevan.com\/wp-content\/uploads\/2018\/02\/safety-1-300x280.jpg\" alt=\"Safety, wyposa\u017cenie samochod\u00f3w dostawczych Citro\u00ebn Jumper\" width=\"300\" height=\"280\" srcset=\"https:\/\/www.storevan.com\/wp-content\/uploads\/2018\/02\/safety-1-300x280.jpg 300w, https:\/\/www.storevan.com\/wp-content\/uploads\/2018\/02\/safety-1-600x560.jpg 600w, https:\/\/www.storevan.com\/wp-content\/uploads\/2018\/02\/safety-1.jpg 750w\" sizes=\"(max-width: 300px) 100vw, 300px\" \/><\/a><\/div>\n<h3 class=\"bigTxt\">Safety, rega\u0142y z mocowaniem \u0142adunku w standardzie<\/h3>\n<div class=\"borderTitle\"><\/div>\n<p><strong>Przyk\u0142ady wyposa\u017cenia:<\/strong><\/p>\n<p><a title=\"Zabudowy Safety Jumper L1 H1\" href=\"https:\/\/www.storevan.com\/pl\/wyposazanie-samochodow-dostawczych\/jumper-l1h1-s\/\"><strong>L1 H1<\/strong> (Rozstaw osi 3000 mm)<\/a><br \/>\n<a title=\"Zabudowy Safety Jumper L2 H1\" href=\"https:\/\/www.storevan.com\/pl\/wyposazanie-samochodow-dostawczych\/jumper-l2h1-s\/\"><strong>L2 H1<\/strong> (Rozstaw osi 3450 mm)<\/a><br \/>\n<a title=\"Zabudowy Safety Jumper L2 H2\" href=\"https:\/\/www.storevan.com\/pl\/wyposazanie-samochodow-dostawczych\/jumper-l2h2-s\/\"><strong>L2 H2<\/strong> (Rozstaw osi 3450 mm)<\/a><br \/>\n<a title=\"Zabudowy Safety Jumper L3 H2\" href=\"https:\/\/www.storevan.com\/pl\/wyposazanie-samochodow-dostawczych\/jumper-l3h2-s\/\"><strong>L3 H2<\/strong> (Rozstaw osi 4035 mm)<\/a><\/p>\n<\/div>\n<div>\n<div class=\"txtBlue\">PROFESSIONAL<\/div>\n<div class=\"ts-gallery\"><a title=\"Wyposa\u017cenie wewn\u0119trzne Professional do samochodu dostawczego Jumper\" href=\"https:\/\/www.storevan.com\/wp-content\/uploads\/2018\/02\/professional-1-300x280.jpg\"><img decoding=\"async\" loading=\"lazy\" class=\"alignnone wp-image-62784 size-medium\" src=\"https:\/\/www.storevan.com\/wp-content\/uploads\/2018\/02\/professional-1-300x280.jpg\" alt=\"Professional, wyposa\u017cenie samochod\u00f3w dostawczych Citro\u00ebn Jumper\" width=\"300\" height=\"280\" srcset=\"https:\/\/www.storevan.com\/wp-content\/uploads\/2018\/02\/professional-1-300x280.jpg 300w, https:\/\/www.storevan.com\/wp-content\/uploads\/2018\/02\/professional-1-600x560.jpg 600w, https:\/\/www.storevan.com\/wp-content\/uploads\/2018\/02\/professional-1.jpg 750w\" sizes=\"(max-width: 300px) 100vw, 300px\" \/><\/a><\/div>\n<h3 class=\"bigTxt\">Professional, Rega\u0142y z dodatkowymi systemami mocowania Airline<\/h3>\n<div class=\"borderTitle\"><\/div>\n<p><strong>Przyk\u0142ady wyposa\u017cenia:<\/strong><\/p>\n<p><a title=\"Zabudowy Professional Jumper L1 H1\" href=\"https:\/\/www.storevan.com\/pl\/wyposazanie-samochodow-dostawczych\/jumper-l1h1-p\/\"><strong>L1 H1<\/strong> (Rozstaw osi 3000 mm)<\/a><br \/>\n<a title=\"Zabudowy Professional Jumper L2 H1\" href=\"https:\/\/www.storevan.com\/pl\/wyposazanie-samochodow-dostawczych\/jumper-l2h1-p\/\"><strong>L2 H1<\/strong> (Rozstaw osi 3450 mm)<\/a><br \/>\n<a title=\"Zabudowy Professional Jumper L2 H2\" href=\"https:\/\/www.storevan.com\/pl\/wyposazanie-samochodow-dostawczych\/jumper-l2h2-p\/\"><strong>L2 H2<\/strong> (Rozstaw osi 3450 mm)<\/a><br \/>\n<a title=\"Zabudowy Professional Jumper L3 H2\" href=\"https:\/\/www.storevan.com\/pl\/wyposazanie-samochodow-dostawczych\/jumper-l3h2-p\/\"><strong>L3 H2<\/strong> (Rozstaw osi 4035 mm)<\/a><br \/>\n<a title=\"Zabudowy Professional Jumper L4 H2\" href=\"https:\/\/www.storevan.com\/pl\/wyposazanie-samochodow-dostawczych\/jumper-l4h2-p\/\"><strong>L4 H2<\/strong> (Rozstaw osi 4035 mm)<\/a><\/p>\n<\/div>\n<div>\n<div class=\"txtBlue\">MOBILE<\/div>\n<div id=\"myGallery\" class=\"ts-gallery\"><a title=\"Wyposa\u017cenie wewn\u0119trzne Mobile do samochodu dostawczego Jumper\" href=\"https:\/\/www.storevan.com\/wp-content\/uploads\/2018\/02\/mobile-1-300x280.jpg\"><img decoding=\"async\" loading=\"lazy\" class=\"alignnone wp-image-62790 size-medium\" src=\"https:\/\/www.storevan.com\/wp-content\/uploads\/2018\/02\/mobile-1-300x280.jpg\" alt=\"Mobile, wyposa\u017cenie samochod\u00f3w dostawczych Citro\u00ebn Jumper\" width=\"300\" height=\"280\" srcset=\"https:\/\/www.storevan.com\/wp-content\/uploads\/2018\/02\/mobile-1-300x280.jpg 300w, https:\/\/www.storevan.com\/wp-content\/uploads\/2018\/02\/mobile-1-600x560.jpg 600w, https:\/\/www.storevan.com\/wp-content\/uploads\/2018\/02\/mobile-1.jpg 750w\" sizes=\"(max-width: 300px) 100vw, 300px\" \/><\/a><\/div>\n<h3 class=\"bigTxt\">Mobile, Wyposa\u017cenie uzupe\u0142nione o walizki na drobne elementy i w\u00f3zki<\/h3>\n<div class=\"borderTitle\"><\/div>\n<p><strong>Przyk\u0142ady wyposa\u017cenia:<\/strong><\/p>\n<p><a title=\"Wyposa\u017cenie wewn\u0119trzne Mobile Jumper L1 H1\" href=\"https:\/\/www.storevan.com\/pl\/wyposazanie-samochodow-dostawczych\/jumper-l1h1-m\/\"><strong>L1 H1<\/strong> (Rozstaw osi 3000 mm)<\/a><br \/>\n<a title=\"Wyposa\u017cenie wewn\u0119trzne Mobile Jumper L2 H1\" href=\"https:\/\/www.storevan.com\/pl\/wyposazanie-samochodow-dostawczych\/jumper-l2h1-m\/\"><strong>L2 H1<\/strong> (Rozstaw osi 3450 mm)<\/a><br \/>\n<a title=\"Wyposa\u017cenie wewn\u0119trzne Mobile Jumper L2 H2\" href=\"https:\/\/www.storevan.com\/pl\/wyposazanie-samochodow-dostawczych\/jumper-l2h2-m\/\"><strong>L2 H2<\/strong> (Rozstaw osi 3450 mm)<\/a><br \/>\n<a title=\"Wyposa\u017cenie wewn\u0119trzne Mobile Jumper L3 H2\" href=\"https:\/\/www.storevan.com\/pl\/wyposazanie-samochodow-dostawczych\/jumper-l3h2-m\/\"><strong>L3 H2<\/strong> (Rozstaw osi 4035 mm)<\/a><br \/>\n<a title=\"Wyposa\u017cenie wewn\u0119trzne Mobile Jumper L4 H2\" href=\"https:\/\/www.storevan.com\/pl\/wyposazanie-samochodow-dostawczych\/jumper-l4h2-m\/\"><strong>L4 H2<\/strong> (Rozstaw osi 4035 mm)<\/a><\/p>\n<\/div>\n<div>\n<div class=\"txtBlue\">LIGHT SHELF<\/div>\n<div id=\"myGallery\" class=\"ts-gallery\"><a title=\"Wyposa\u017cenie wewn\u0119trzne Light Shelf do samochodu dostawczego TGE\" href=\"https:\/\/www.storevan.com\/wp-content\/uploads\/2019\/05\/lightshelf-1.jpg\"><img decoding=\"async\" loading=\"lazy\" src=\"https:\/\/www.storevan.com\/wp-content\/uploads\/2019\/05\/lightshelf-1-300x280.jpg\" alt=\"Wyposa\u017cenie wewn\u0119trzne Light Shelf do samochodu dostawczego MAN TGE\" width=\"300\" height=\"280\" class=\"alignnone size-medium wp-image-103355\" srcset=\"https:\/\/www.storevan.com\/wp-content\/uploads\/2019\/05\/lightshelf-1-300x280.jpg 300w, https:\/\/www.storevan.com\/wp-content\/uploads\/2019\/05\/lightshelf-1.jpg 750w\" sizes=\"(max-width: 300px) 100vw, 300px\" \/><\/a><\/div>\n<h3 class=\"bigTxt\">Sk\u0142adane p\u00f3\u0142ki<\/h3>\n<div class=\"borderTitle\"><\/div>\n<p><strong>Przyk\u0142ady wyposa\u017cenia:<\/strong><\/p>\n<p><a title=\"Zabudowy Light Shelf L2 H2\" href=\"https:\/\/www.storevan.com\/pl\/wyposazanie-samochodow-dostawczych\/jumper-l2h2-l\/\"><strong>L2 H2<\/strong> (Rozstaw osi 3450 mm)<\/a><br \/>\n<a title=\"Zabudowy Light Shelf L3 H2\" href=\"https:\/\/www.storevan.com\/pl\/wyposazanie-samochodow-dostawczych\/jumper-l3h2-l\/\"><strong>L3 H2<\/strong> (Rozstaw osi 4035 mm)<\/a><br \/>\n<a title=\"Zabudowy Light Shelf L4 H2\" href=\"https:\/\/www.storevan.com\/pl\/wyposazanie-samochodow-dostawczych\/jumper-l4h2-l\/\"><strong>L4 H2<\/strong> (Rozstaw osi 4035 mm)<\/a><\/p>\n<\/div>\n<\/section>\n<hr class=\"noColor\" \/>\n<p><a class=\"btn btnLink\" title=\"Kliknij tutaj, aby dowiedzie\u0107 si\u0119 wi\u0119cej o\u00a0systemach Safety, Professional i Mobile\" href=\"https:\/\/www.storevan.com\/pl\/wyposazenia-wewnetrzne-do-samochodow-dostawczych\/\"> Kliknij tutaj, aby dowiedzie\u0107 si\u0119 wi\u0119cej o\u00a0systemach <strong>SAFETY, PROFESSIONAL i MOBILE<\/strong><\/a><\/p>\n<hr class=\"noColor\" \/>\n<h3 class=\"bigTxt text-center txtGrey\">PODSTAWA SKUTECZNEJ OCHRONY POJAZD\u00d3W<\/h3>\n<hr class=\"noColor\" \/>\n<div class=\"two_third\">\n<a title=\"Ok\u0142adzina wewn\u0119trzna i\u00a0pod\u0142oga do Citro\u00ebn Jumper\" href=\"https:\/\/www.storevan.com\/pl\/zabudowy\/citroen\/jumper\/scieny-podloga\/\"><img decoding=\"async\" loading=\"lazy\" class=\"aligncenter size-full wp-image-64855\" src=\"https:\/\/www.storevan.com\/wp-content\/uploads\/2018\/03\/pianali-furgone-rivestimento-interno.jpg\" alt=\"Ok\u0142adzina wewn\u0119trzna i\u00a0pod\u0142oga do Citro\u00ebn Jumper\" width=\"750\" height=\"600\" srcset=\"https:\/\/www.storevan.com\/wp-content\/uploads\/2018\/03\/pianali-furgone-rivestimento-interno.jpg 750w, https:\/\/www.storevan.com\/wp-content\/uploads\/2018\/03\/pianali-furgone-rivestimento-interno-300x240.jpg 300w, https:\/\/www.storevan.com\/wp-content\/uploads\/2018\/03\/pianali-furgone-rivestimento-interno-600x480.jpg 600w\" sizes=\"(max-width: 750px) 100vw, 750px\" \/><\/a><\/p>\n<\/div><div class=\"one_third last\">\n<div class=\"boxBorder\">\n<h4 class=\"bigTxt blue hidden-xs\">POD\u0141OGA JUMPER I OK\u0141ADZINA WEWN\u0118TRZNA<\/h4>\n<div class=\"borderTitleCenter hidden-xs\"><\/div>\n<h5 class=\"hidden-xs\">Systemy certyfikat T\u00dcV.<img decoding=\"async\" loading=\"lazy\" class=\"alignnone size-full wp-image-67768\" src=\"https:\/\/www.storevan.com\/wp-content\/uploads\/2018\/05\/logo-ISO9001.jpg\" alt=\"certyfikat T\u00dcV\" width=\"50\" height=\"50\" srcset=\"https:\/\/www.storevan.com\/wp-content\/uploads\/2018\/05\/logo-ISO9001.jpg 120w, https:\/\/www.storevan.com\/wp-content\/uploads\/2018\/05\/logo-ISO9001-48x48.jpg 48w\" sizes=\"(max-width: 50px) 100vw, 50px\" \/><\/h5>\n<div class=\"borderTitleCenter hidden-xs\"><\/div>\n<hr class=\"noColor hidden-xs\" \/>\n<div class=\"ts-gallery hidden-xs\"><div class=\"one_half\">\n<a href=\"https:\/\/www.storevan.com\/wp-content\/uploads\/2018\/03\/Dettaglio-pianale-per-furgone-con-punti-ancoraggio-verticali-e-orizzontali-150x150.jpg\"><img decoding=\"async\" loading=\"lazy\" class=\"alignnone wp-image-64377 size-thumbnail\" title=\"Poznaj pod\u0142ogi i panele\" src=\"https:\/\/www.storevan.com\/wp-content\/uploads\/2018\/03\/Dettaglio-pianale-per-furgone-con-punti-ancoraggio-verticali-e-orizzontali-150x150.jpg\" alt=\"Poznaj pod\u0142ogi i panele\" width=\"150\" height=\"150\" srcset=\"https:\/\/www.storevan.com\/wp-content\/uploads\/2018\/03\/Dettaglio-pianale-per-furgone-con-punti-ancoraggio-verticali-e-orizzontali-150x150.jpg 150w, https:\/\/www.storevan.com\/wp-content\/uploads\/2018\/03\/Dettaglio-pianale-per-furgone-con-punti-ancoraggio-verticali-e-orizzontali-300x300.jpg 300w, https:\/\/www.storevan.com\/wp-content\/uploads\/2018\/03\/Dettaglio-pianale-per-furgone-con-punti-ancoraggio-verticali-e-orizzontali-768x768.jpg 768w, https:\/\/www.storevan.com\/wp-content\/uploads\/2018\/03\/Dettaglio-pianale-per-furgone-con-punti-ancoraggio-verticali-e-orizzontali-600x600.jpg 600w, https:\/\/www.storevan.com\/wp-content\/uploads\/2018\/03\/Dettaglio-pianale-per-furgone-con-punti-ancoraggio-verticali-e-orizzontali-48x48.jpg 48w, https:\/\/www.storevan.com\/wp-content\/uploads\/2018\/03\/Dettaglio-pianale-per-furgone-con-punti-ancoraggio-verticali-e-orizzontali-480x480.jpg 480w, https:\/\/www.storevan.com\/wp-content\/uploads\/2018\/03\/Dettaglio-pianale-per-furgone-con-punti-ancoraggio-verticali-e-orizzontali.jpg 800w\" sizes=\"(max-width: 150px) 100vw, 150px\" \/><\/a><br \/>\n<\/div><div class=\"one_half last\">\n<a href=\"https:\/\/www.storevan.com\/wp-content\/uploads\/2018\/03\/allestimento-per-furgone-con-pianale-wood-floor-150x150.jpg\"><img decoding=\"async\" loading=\"lazy\" class=\"alignnone wp-image-64446 size-thumbnail\" title=\"pod\u0142ogi i panele\" src=\"https:\/\/www.storevan.com\/wp-content\/uploads\/2018\/03\/allestimento-per-furgone-con-pianale-wood-floor-150x150.jpg\" alt=\"pod\u0142ogi i panele safety-floor\" width=\"150\" height=\"150\" srcset=\"https:\/\/www.storevan.com\/wp-content\/uploads\/2018\/03\/allestimento-per-furgone-con-pianale-wood-floor-150x150.jpg 150w, https:\/\/www.storevan.com\/wp-content\/uploads\/2018\/03\/allestimento-per-furgone-con-pianale-wood-floor-300x300.jpg 300w, https:\/\/www.storevan.com\/wp-content\/uploads\/2018\/03\/allestimento-per-furgone-con-pianale-wood-floor-768x768.jpg 768w, https:\/\/www.storevan.com\/wp-content\/uploads\/2018\/03\/allestimento-per-furgone-con-pianale-wood-floor-600x600.jpg 600w, https:\/\/www.storevan.com\/wp-content\/uploads\/2018\/03\/allestimento-per-furgone-con-pianale-wood-floor-48x48.jpg 48w, https:\/\/www.storevan.com\/wp-content\/uploads\/2018\/03\/allestimento-per-furgone-con-pianale-wood-floor-480x480.jpg 480w, https:\/\/www.storevan.com\/wp-content\/uploads\/2018\/03\/allestimento-per-furgone-con-pianale-wood-floor.jpg 800w\" sizes=\"(max-width: 150px) 100vw, 150px\" \/><\/a><br \/>\n<\/div><div class=\"clearboth\"><\/div><\/div>\n<div class=\"ts-gallery hidden-xs\"><div class=\"one_half\">\n<a href=\"https:\/\/www.storevan.com\/wp-content\/uploads\/2018\/03\/guide-airline-soffitto-furgone-150x150.jpg\"><img decoding=\"async\" loading=\"lazy\" class=\"alignnone wp-image-64389 size-thumbnail\" title=\"pod\u0142ogi i panele\" src=\"https:\/\/www.storevan.com\/wp-content\/uploads\/2018\/03\/guide-airline-soffitto-furgone-150x150.jpg\" alt=\"pod\u0142ogi i panele\" width=\"150\" height=\"150\" srcset=\"https:\/\/www.storevan.com\/wp-content\/uploads\/2018\/03\/guide-airline-soffitto-furgone-150x150.jpg 150w, https:\/\/www.storevan.com\/wp-content\/uploads\/2018\/03\/guide-airline-soffitto-furgone-300x300.jpg 300w, https:\/\/www.storevan.com\/wp-content\/uploads\/2018\/03\/guide-airline-soffitto-furgone-768x768.jpg 768w, https:\/\/www.storevan.com\/wp-content\/uploads\/2018\/03\/guide-airline-soffitto-furgone-600x600.jpg 600w, https:\/\/www.storevan.com\/wp-content\/uploads\/2018\/03\/guide-airline-soffitto-furgone-48x48.jpg 48w, https:\/\/www.storevan.com\/wp-content\/uploads\/2018\/03\/guide-airline-soffitto-furgone-480x480.jpg 480w, https:\/\/www.storevan.com\/wp-content\/uploads\/2018\/03\/guide-airline-soffitto-furgone.jpg 800w\" sizes=\"(max-width: 150px) 100vw, 150px\" \/><\/a><br \/>\n<\/div><div class=\"one_half last\">\n<a href=\"https:\/\/www.storevan.com\/wp-content\/uploads\/2018\/03\/pianale-per-furgone-con-barre-fermacarico-150x150.jpg\"><img decoding=\"async\" loading=\"lazy\" class=\"alignnone wp-image-64413 size-thumbnail\" title=\"Poznaj pod\u0142ogi i panele\" src=\"https:\/\/www.storevan.com\/wp-content\/uploads\/2018\/03\/pianale-per-furgone-con-barre-fermacarico-150x150.jpg\" alt=\"Poznaj pod\u0142ogi i panele\" width=\"150\" height=\"150\" srcset=\"https:\/\/www.storevan.com\/wp-content\/uploads\/2018\/03\/pianale-per-furgone-con-barre-fermacarico-150x150.jpg 150w, https:\/\/www.storevan.com\/wp-content\/uploads\/2018\/03\/pianale-per-furgone-con-barre-fermacarico-300x300.jpg 300w, https:\/\/www.storevan.com\/wp-content\/uploads\/2018\/03\/pianale-per-furgone-con-barre-fermacarico-768x768.jpg 768w, https:\/\/www.storevan.com\/wp-content\/uploads\/2018\/03\/pianale-per-furgone-con-barre-fermacarico-600x600.jpg 600w, https:\/\/www.storevan.com\/wp-content\/uploads\/2018\/03\/pianale-per-furgone-con-barre-fermacarico-48x48.jpg 48w, https:\/\/www.storevan.com\/wp-content\/uploads\/2018\/03\/pianale-per-furgone-con-barre-fermacarico-480x480.jpg 480w, https:\/\/www.storevan.com\/wp-content\/uploads\/2018\/03\/pianale-per-furgone-con-barre-fermacarico.jpg 800w\" sizes=\"(max-width: 150px) 100vw, 150px\" \/><\/a><br \/>\n<\/div><div class=\"clearboth\"><\/div><\/div>\n<div class=\"btnFullWidth\"><a class=\"btn btn-blue\" href=\"https:\/\/www.storevan.com\/pl\/zabudowy\/citroen\/jumper\/scieny-podloga\/\">POZNAJ POD\u0141OGI I PANELE DO JUMPER <i class=\"fa fa-angle-double-right\"><\/i><\/a><\/div>\n<\/div>\n<\/div><div class=\"clearboth\"><\/div>\n<h3 class=\"bigTxt text-center txtGrey\">UZUPE\u0141NIJ WYPOSA\u017bENIE DO JUMPER O:<\/h3>\n<div class=\"one_half\">\n<img decoding=\"async\" loading=\"lazy\" class=\"aligncenter wp-image-66331 size-full\" src=\"https:\/\/www.storevan.com\/wp-content\/uploads\/2021\/06\/portatutto-portascala-space-up.jpg\" alt=\"Uchwyt uniwersalny i uchwyt do drabiny do Jumper\" width=\"745\" height=\"200\" \/><br \/>\n<\/div><div class=\"one_half last\">\n<h4 class=\"bigTxt blue\">UCHWYT UNIWERSALNY I UCHWYT DO DRABINY DO JUMPER<\/h4>\n<div class=\"borderTitle\"><\/div>\n<p>Wyposa\u017cenie z\u00a0mo\u017cliwo\u015bci\u0105 r\u00f3\u017cnorodnych konfiguracji pozwala dostosowa\u0107 je do wszelkich wymaga\u0144 przewozowych. Dlatego te\u017c, gdy przestrze\u0144 wewn\u0119trzna nie jest wystarczaj\u0105ca, mo\u017cna wykorzysta\u0107 powierzchni\u0119 dachu, wybieraj\u0105c spo\u015br\u00f3d licznych konfiguracji <strong>dr\u0105\u017ck\u00f3w uniwersalnych, uchwyt\u00f3w do rur i\u00a0uchwyt\u00f3w do drabin<\/strong>.<\/p>\n<p><a class=\"btn btn-blue\" title=\"Poznaj uchwyty uniwersalne i uchwyty do drabin do Jumper\" href=\"https:\/\/www.storevan.com\/pl\/zabudowy\/citroen\/jumper\/bagazniki-dachowe\/\">POZNAJ UCHWYTY UNIWERSALNE I UCHWYTY DO DRABIN DO JUMPER<\/a><br \/>\n<\/div><div class=\"clearboth\"><\/div>\n<hr class=\"noColor\" \/>\n<div class=\"break\"><\/div>\n<p class=\"text-center\"><strong class=\"bigTxt\"><i>Praktyczne, funkcjonalne i\u00a0wydajne. My\u015blisz: \u201eZbyt pi\u0119kne, aby by\u0142o prawdziwe\u201d! Ale wystarczy tylko zapragn\u0105\u0107, a\u00a0niemo\u017cliwe stanie si\u0119 mo\u017cliwe! Zacznij komponowa\u0107 wyposa\u017cenie!<\/i><\/strong><\/p>\n<hr \/>\n<div class=\"one_third\">\n<div class=\"text-center\"><a class=\"btn btn-download\" title=\"ZADZWO\u0143 TERAZ!\" href=\"tel:+390424585455\"><i class=\"fa fa-phone\"><\/i> <span class=\"spanBtn\">ZADZWO\u0143 TERAZ<\/span><br \/>\nuzyskasz wszelkie informacje<\/a><\/div>\n<\/div><div class=\"one_third\">\n<div class=\"text-center\"><a class=\"btn btn-download\" title=\"DOWNLOAD\" href=\"https:\/\/www.storevan.com\/wp-content\/uploads\/doc\/Lightshelf_ESPL_CCT03S2600_web.pdf\" target=\"_blank\" rel=\"noopener noreferrer\"><i class=\"fa fa-download\"><\/i> <span class=\"spanBtn\">DOWNLOAD<\/span><br \/>\nKATALOG LIGHT SHELF<\/a><\/div>\n<\/div><div class=\"one_third last\">\n<div class=\"text-center\"><a class=\"btn btn-download\" title=\"POBIERZ\" href=\"https:\/\/www.storevan.com\/wp-content\/uploads\/doc\/CITROEN_JUMPER_Equipamiento_Wyposazenie_StoreVan_espl.pdf\" target=\"_blank\" rel=\"noopener noreferrer\"><i class=\"fa fa-download\"><\/i> <span class=\"spanBtn\">POBIERZ<\/span><br \/>\nKATALOG JUMPER<\/a><\/div>\n<\/div><div class=\"clearboth\"><\/div>\n<hr \/>\n<h4 class=\"bigTxt text-center txtBkOrange\"><i class=\"fa fa-envelope pull-left\"><\/i>CHCESZ WIEDZIE\u0106 WI\u0118CEJ?<\/h4>\n\n<div class=\"wpcf7 no-js\" id=\"wpcf7-f67676-o1\" lang=\"it-IT\" dir=\"ltr\">\n<div class=\"screen-reader-response\"><p role=\"status\" aria-live=\"polite\" aria-atomic=\"true\"><\/p> <ul><\/ul><\/div>\n<form action=\"\/pl\/wp-json\/wp\/v2\/pages\/16252#wpcf7-f67676-o1\" method=\"post\" class=\"wpcf7-form init\" aria-label=\"Modulo di contatto\" novalidate=\"novalidate\" data-status=\"init\">\n<div style=\"display: none;\">\n<input type=\"hidden\" name=\"_wpcf7\" value=\"67676\" \/>\n<input type=\"hidden\" name=\"_wpcf7_version\" value=\"5.7.7\" \/>\n<input type=\"hidden\" name=\"_wpcf7_locale\" value=\"it_IT\" \/>\n<input type=\"hidden\" name=\"_wpcf7_unit_tag\" value=\"wpcf7-f67676-o1\" \/>\n<input type=\"hidden\" name=\"_wpcf7_container_post\" value=\"0\" \/>\n<input type=\"hidden\" name=\"_wpcf7_posted_data_hash\" value=\"\" \/>\n<input type=\"hidden\" name=\"_wpcf7_recaptcha_response\" value=\"\" \/>\n<\/div>\n<span class=\"wpcf7-form-control-wrap url\" data-name=\"url\"><input type=\"hidden\" name=\"url\" size=\"40\" class=\"wpcf7-form-control wpcf7-hidden wpcf7dtx wpcf7dtx-hidden\" aria-invalid=\"false\" value=\"jumper\" autocomplete=\"off\" \/><\/span>\n<p>Wype\u0142nij poni\u017csze pola, aby otrzyma\u0107 wi\u0119cej informacji. Nasz operator skontaktuje si\u0119 z\u00a0tob\u0105 najszybciej, jak to mo\u017cliwe (* pola obowi\u0105zkowe):\n<\/p>\n<div class=\"col-xs-12 col-md-6\">\n\t<p><span class='titoli'>Imi\u0119 (*)<\/span>\n\t<\/p>\n\t<p><span class=\"wpcf7-form-control-wrap\" data-name=\"your-name\"><input size=\"40\" class=\"wpcf7-form-control wpcf7-text wpcf7-validates-as-required form-control\" aria-required=\"true\" aria-invalid=\"false\" value=\"\" type=\"text\" name=\"your-name\" \/><\/span>\n\t<\/p>\n<\/div>\n<div class=\"col-xs-12 col-md-6\">\n\t<p><span class='titoli'>Nazwisko (*)<\/span>\n\t<\/p>\n\t<p><span class=\"wpcf7-form-control-wrap\" data-name=\"your-last-name\"><input size=\"40\" class=\"wpcf7-form-control wpcf7-text wpcf7-validates-as-required form-control\" aria-required=\"true\" aria-invalid=\"false\" value=\"\" type=\"text\" name=\"your-last-name\" \/><\/span>\n\t<\/p>\n<\/div>\n<div class=\"col-xs-12 col-md-6\">\n\t<p><span class='titoli'>Firma (*)<\/span>\n\t<\/p>\n\t<p><span class=\"wpcf7-form-control-wrap\" data-name=\"your-company\"><input size=\"40\" class=\"wpcf7-form-control wpcf7-text wpcf7-validates-as-required form-control\" aria-required=\"true\" aria-invalid=\"false\" value=\"\" type=\"text\" name=\"your-company\" \/><\/span>\n\t<\/p>\n<\/div>\n<div class=\"col-xs-12 col-md-6\">\n\t<p><span class='titoli'>Numer NIP<\/span>\n\t<\/p>\n\t<p><span class=\"wpcf7-form-control-wrap\" data-name=\"p-iva\"><input size=\"40\" class=\"wpcf7-form-control wpcf7-text form-control\" aria-invalid=\"false\" value=\"\" type=\"text\" name=\"p-iva\" \/><\/span>\n\t<\/p>\n<\/div>\n<div class=\"clearboth\">\n<\/div>\n<div class=\"col-xs-12 col-md-4\">\n\t<p><span class='titoli'>Kod pocztowy (*)<\/span>\n\t<\/p>\n\t<p><span class=\"wpcf7-form-control-wrap\" data-name=\"your-zip-code\"><input size=\"40\" class=\"wpcf7-form-control wpcf7-text wpcf7-validates-as-required form-control\" aria-required=\"true\" aria-invalid=\"false\" value=\"\" type=\"text\" name=\"your-zip-code\" \/><\/span>\n\t<\/p>\n<\/div>\n<div class=\"col-xs-12 col-md-4\">\n\t<p><span class='titoli'>Adres (*)<\/span>\n\t<\/p>\n\t<p><span class=\"wpcf7-form-control-wrap\" data-name=\"your-address\"><input size=\"40\" class=\"wpcf7-form-control wpcf7-text wpcf7-validates-as-required form-control\" aria-required=\"true\" aria-invalid=\"false\" value=\"\" type=\"text\" name=\"your-address\" \/><\/span>\n\t<\/p>\n<\/div>\n<div class=\"col-xs-12 col-md-4\">\n\t<p><span class='titoli'>Miasto (*)<\/span>\n\t<\/p>\n\t<p><span class=\"wpcf7-form-control-wrap\" data-name=\"your-Town\"><input size=\"40\" class=\"wpcf7-form-control wpcf7-text wpcf7-validates-as-required form-control\" aria-required=\"true\" aria-invalid=\"false\" value=\"\" type=\"text\" name=\"your-Town\" \/><\/span>\n\t<\/p>\n<\/div>\n<div class=\"clearboth\">\n<\/div>\n<div class=\"col-xs-12 col-md-6\">\n\t<p><span class='titoli'>email (*)<\/span>\n\t<\/p>\n\t<p><span class=\"wpcf7-form-control-wrap\" data-name=\"your-email\"><input size=\"40\" class=\"wpcf7-form-control wpcf7-text wpcf7-email wpcf7-validates-as-required wpcf7-validates-as-email form-control\" aria-required=\"true\" aria-invalid=\"false\" value=\"\" type=\"email\" name=\"your-email\" \/><\/span>\n\t<\/p>\n<\/div>\n<div class=\"col-xs-12 col-md-6\">\n\t<p><span class='titoli'>Telefon (*)<\/span>\n\t<\/p>\n\t<p><span class=\"wpcf7-form-control-wrap\" data-name=\"telefono\"><input size=\"40\" class=\"wpcf7-form-control wpcf7-text wpcf7-tel wpcf7-validates-as-required wpcf7-validates-as-tel form-control\" aria-required=\"true\" aria-invalid=\"false\" value=\"\" type=\"tel\" name=\"telefono\" \/><\/span>\n\t<\/p>\n<\/div>\n<div class=\"clearboth\">\n<\/div>\n<div class=\"col-xs-12 col-md-6\">\n\t<p><span class='titoli'>Przedmiot <\/span>\n\t<\/p>\n\t<p><span class=\"wpcf7-form-control-wrap\" data-name=\"oggetto\"><select class=\"wpcf7-form-control wpcf7-select wpcf7-validates-as-required\" aria-required=\"true\" aria-invalid=\"false\" name=\"oggetto\"><option value=\"Oferta\">Oferta<\/option><option value=\"Informacje techniczne\">Informacje techniczne<\/option><option value=\"Powo\u0142anie\">Powo\u0142anie<\/option><\/select><\/span>\n\t<\/p>\n<\/div>\n<div class=\"col-xs-12 col-md-6\">\n\t<p><br \/>\n<span class=\"titoli\"> <span class=\"wpcf7-form-control-wrap\" data-name=\"cliente\"><span class=\"wpcf7-form-control wpcf7-checkbox\"><span class=\"wpcf7-list-item first last\"><label><span class=\"wpcf7-list-item-label\">Jestem ju\u017c klientem<\/span><input type=\"checkbox\" name=\"cliente[]\" value=\"Jestem ju\u017c klientem\" \/><\/label><\/span><\/span><\/span><\/span>\n\t<\/p>\n<\/div>\n<div class=\"col-xs-12 col-md-12\">\n\t<p><span class='titoli'>Wiadomo\u015b\u0107 (*)<\/span>\n\t<\/p>\n\t<p><span class=\"wpcf7-form-control-wrap\" data-name=\"your-message\"><textarea cols=\"40\" rows=\"10\" class=\"wpcf7-form-control wpcf7-textarea wpcf7-validates-as-required form-control\" aria-required=\"true\" aria-invalid=\"false\" name=\"your-message\"><\/textarea><\/span>\n\t<\/p>\n<\/div>\n<div class=\"col-xs-12 col-md-12\">\n\t<p><small>Wprowadzone dane b\u0119d\u0105 traktowane z zachowaniem \u015bcis\u0142ej poufno\u015bci zgodnie z prawem i nasz\u0105 polityk\u0105 prywatno\u015bci. <a href=\"https:\/\/www.storevan.com\/pl\/privacy-policy\/\">Polityk\u0105 prywatno\u015bci<\/a><\/small>\n\t<\/p>\n\t<p><span class=\"wpcf7-form-control-wrap\" data-name=\"AccettazionePrivacy\"><span class=\"wpcf7-form-control wpcf7-acceptance\"><span class=\"wpcf7-list-item\"><input type=\"checkbox\" name=\"AccettazionePrivacy\" value=\"1\" aria-invalid=\"false\" \/><\/span><\/span><\/span> O\u015bwiadczam, \u017ce zapozna\u0142am si\u0119 z <a href=\"https:\/\/www.storevan.com\/pl\/privacy-policy\/\">polityk\u0105 prywatno\u015bci<\/a> i zgadzam si\u0119 na wykorzystanie moich danych osobowych w opisanych tam przypadkach.(*)(*)<br \/>\n\t<span class=\"wpcf7-form-control-wrap recaptcha\" data-name=\"recaptcha\"><span data-sitekey=\"6LdfM4AUAAAAAJjsAucux5WVNA3hsk5KP0a03T_n\" class=\"wpcf7-form-control g-recaptcha wpcf7-recaptcha\"><\/span>\r\n<noscript>\r\n\t<div class=\"grecaptcha-noscript\">\r\n\t\t<iframe src=\"https:\/\/www.google.com\/recaptcha\/api\/fallback?k=6LdfM4AUAAAAAJjsAucux5WVNA3hsk5KP0a03T_n\" frameborder=\"0\" scrolling=\"no\" width=\"310\" height=\"430\">\r\n\t\t<\/iframe>\r\n\t\t<textarea name=\"g-recaptcha-response\" rows=\"3\" cols=\"40\" placeholder=\"reCaptcha Response Here\">\r\n\t\t<\/textarea>\r\n\t<\/div>\r\n<\/noscript>\r\n<\/span>\n\t<\/p>\n<\/div>\n<hr class=\"noColor\" \/>\n<p><input class=\"wpcf7-form-control has-spinner wpcf7-submit\" type=\"submit\" value=\"Wy\u015blij\" \/>\n<\/p><div class=\"wpcf7-response-output\" aria-hidden=\"true\"><\/div>\n<\/form>\n<\/div>\n\n","protected":false},"excerpt":{"rendered":"<p>Zabudowy do Citro\u00ebn\u00a0Jumper 2014 Zabudowa Store Van do Citro\u00ebn\u00a0Jumper. Skontaktuj si\u0119 z nami by uzyska\u0107 indywidulan\u0161, niezobowi\u0161zuj\u0161c\u0161 wycen\u0119 zabudowy Twojego Citro\u00ebn\u00a0Jumper. SYSTEMY WYPOSA\u017bENIA: SAFETY Safety, rega\u0142y z mocowaniem \u0142adunku w.<\/p>\n","protected":false},"author":470,"featured_media":0,"parent":13407,"menu_order":0,"comment_status":"closed","ping_status":"closed","template":"pageSlider.php","meta":[],"acf":[],"yoast_head":"<!-- This site is optimized with the Yoast SEO plugin v20.11 - https:\/\/yoast.com\/wordpress\/plugins\/seo\/ -->\n<title>Zabudowy do Citro\u00ebn\u00a0Jumper 2014<\/title>\n<meta name=\"description\" content=\"Zabudowa Store Van do Citroena Jumpera. Skontaktuj si\u0119 z nami by uzyska\u0107 indywidulan\u0161, niezobowi\u0161zuj\u0161c\u0161 wycen\u0119 zabudowy Twojego Citroena Jumpera\" \/>\n<meta name=\"robots\" content=\"index, follow, max-snippet:-1, max-image-preview:large, max-video-preview:-1\" \/>\n<link rel=\"canonical\" href=\"https:\/\/www.storevan.com\/allestimenti-veicoli-commerciali\/furgoni-citroen\/jumper\/\" \/>\n<meta property=\"og:locale\" content=\"pl_PL\" \/>\n<meta property=\"og:type\" content=\"article\" \/>\n<meta property=\"og:title\" content=\"Zabudowy do Citro\u00ebn\u00a0Jumper 2014\" \/>\n<meta property=\"og:description\" content=\"Zabudowa Store Van do Citroena Jumpera. Skontaktuj si\u0119 z nami by uzyska\u0107 indywidulan\u0161, niezobowi\u0161zuj\u0161c\u0161 wycen\u0119 zabudowy Twojego Citroena Jumpera\" \/>\n<meta property=\"og:url\" content=\"https:\/\/www.storevan.com\/allestimenti-veicoli-commerciali\/furgoni-citroen\/jumper\/\" \/>\n<meta property=\"og:site_name\" content=\"Store Van\" \/>\n<meta property=\"article:modified_time\" content=\"2021-06-14T07:56:11+00:00\" \/>\n<meta property=\"og:image\" content=\"https:\/\/www.storevan.com\/wp-content\/uploads\/2018\/02\/safety-1-300x280.jpg\" \/>\n<meta name=\"twitter:label1\" content=\"Szacowany czas czytania\" \/>\n\t<meta name=\"twitter:data1\" content=\"2 minuty\" \/>\n<script type=\"application\/ld+json\" class=\"yoast-schema-graph\">{\"@context\":\"https:\/\/schema.org\",\"@graph\":[{\"@type\":\"WebPage\",\"@id\":\"https:\/\/www.storevan.com\/allestimenti-veicoli-commerciali\/furgoni-citroen\/jumper\/\",\"url\":\"https:\/\/www.storevan.com\/allestimenti-veicoli-commerciali\/furgoni-citroen\/jumper\/\",\"name\":\"Zabudowy do Citro\u00ebn\u00a0Jumper 2014\",\"isPartOf\":{\"@id\":\"https:\/\/www.storevan.com\/pl\/#website\"},\"datePublished\":\"2015-12-09T13:45:36+00:00\",\"dateModified\":\"2021-06-14T07:56:11+00:00\",\"description\":\"Zabudowa Store Van do Citroena Jumpera. Skontaktuj si\u0119 z nami by uzyska\u0107 indywidulan\u0161, niezobowi\u0161zuj\u0161c\u0161 wycen\u0119 zabudowy Twojego Citroena Jumpera\",\"breadcrumb\":{\"@id\":\"https:\/\/www.storevan.com\/allestimenti-veicoli-commerciali\/furgoni-citroen\/jumper\/#breadcrumb\"},\"inLanguage\":\"pl-PL\",\"potentialAction\":[{\"@type\":\"ReadAction\",\"target\":[\"https:\/\/www.storevan.com\/allestimenti-veicoli-commerciali\/furgoni-citroen\/jumper\/\"]}]},{\"@type\":\"BreadcrumbList\",\"@id\":\"https:\/\/www.storevan.com\/allestimenti-veicoli-commerciali\/furgoni-citroen\/jumper\/#breadcrumb\",\"itemListElement\":[{\"@type\":\"ListItem\",\"position\":1,\"name\":\"Home\",\"item\":\"https:\/\/www.storevan.com\/pl\/\"},{\"@type\":\"ListItem\",\"position\":2,\"name\":\"Zabudowy\",\"item\":\"https:\/\/www.storevan.com\/allestimenti-veicoli-commerciali\/\"},{\"@type\":\"ListItem\",\"position\":3,\"name\":\"Citro\u00ebn\",\"item\":\"https:\/\/www.storevan.com\/allestimenti-veicoli-commerciali\/furgoni-citroen\/\"},{\"@type\":\"ListItem\",\"position\":4,\"name\":\"Jumper\"}]},{\"@type\":\"WebSite\",\"@id\":\"https:\/\/www.storevan.com\/pl\/#website\",\"url\":\"https:\/\/www.storevan.com\/pl\/\",\"name\":\"Store Van\",\"description\":\"Zabudowy\",\"potentialAction\":[{\"@type\":\"SearchAction\",\"target\":{\"@type\":\"EntryPoint\",\"urlTemplate\":\"https:\/\/www.storevan.com\/pl\/?s={search_term_string}\"},\"query-input\":\"required name=search_term_string\"}],\"inLanguage\":\"pl-PL\"}]}<\/script>\n<!-- \/ Yoast SEO plugin. -->","yoast_head_json":{"title":"Zabudowy do Citro\u00ebn\u00a0Jumper 2014","description":"Zabudowa Store Van do Citroena Jumpera. Skontaktuj si\u0119 z nami by uzyska\u0107 indywidulan\u0161, niezobowi\u0161zuj\u0161c\u0161 wycen\u0119 zabudowy Twojego Citroena Jumpera","robots":{"index":"index","follow":"follow","max-snippet":"max-snippet:-1","max-image-preview":"max-image-preview:large","max-video-preview":"max-video-preview:-1"},"canonical":"https:\/\/www.storevan.com\/allestimenti-veicoli-commerciali\/furgoni-citroen\/jumper\/","og_locale":"pl_PL","og_type":"article","og_title":"Zabudowy do Citro\u00ebn\u00a0Jumper 2014","og_description":"Zabudowa Store Van do Citroena Jumpera. Skontaktuj si\u0119 z nami by uzyska\u0107 indywidulan\u0161, niezobowi\u0161zuj\u0161c\u0161 wycen\u0119 zabudowy Twojego Citroena Jumpera","og_url":"https:\/\/www.storevan.com\/allestimenti-veicoli-commerciali\/furgoni-citroen\/jumper\/","og_site_name":"Store Van","article_modified_time":"2021-06-14T07:56:11+00:00","og_image":[{"url":"https:\/\/www.storevan.com\/wp-content\/uploads\/2018\/02\/safety-1-300x280.jpg"}],"twitter_misc":{"Szacowany czas czytania":"2 minuty"},"schema":{"@context":"https:\/\/schema.org","@graph":[{"@type":"WebPage","@id":"https:\/\/www.storevan.com\/allestimenti-veicoli-commerciali\/furgoni-citroen\/jumper\/","url":"https:\/\/www.storevan.com\/allestimenti-veicoli-commerciali\/furgoni-citroen\/jumper\/","name":"Zabudowy do Citro\u00ebn\u00a0Jumper 2014","isPartOf":{"@id":"https:\/\/www.storevan.com\/pl\/#website"},"datePublished":"2015-12-09T13:45:36+00:00","dateModified":"2021-06-14T07:56:11+00:00","description":"Zabudowa Store Van do Citroena Jumpera. Skontaktuj si\u0119 z nami by uzyska\u0107 indywidulan\u0161, niezobowi\u0161zuj\u0161c\u0161 wycen\u0119 zabudowy Twojego Citroena Jumpera","breadcrumb":{"@id":"https:\/\/www.storevan.com\/allestimenti-veicoli-commerciali\/furgoni-citroen\/jumper\/#breadcrumb"},"inLanguage":"pl-PL","potentialAction":[{"@type":"ReadAction","target":["https:\/\/www.storevan.com\/allestimenti-veicoli-commerciali\/furgoni-citroen\/jumper\/"]}]},{"@type":"BreadcrumbList","@id":"https:\/\/www.storevan.com\/allestimenti-veicoli-commerciali\/furgoni-citroen\/jumper\/#breadcrumb","itemListElement":[{"@type":"ListItem","position":1,"name":"Home","item":"https:\/\/www.storevan.com\/pl\/"},{"@type":"ListItem","position":2,"name":"Zabudowy","item":"https:\/\/www.storevan.com\/allestimenti-veicoli-commerciali\/"},{"@type":"ListItem","position":3,"name":"Citro\u00ebn","item":"https:\/\/www.storevan.com\/allestimenti-veicoli-commerciali\/furgoni-citroen\/"},{"@type":"ListItem","position":4,"name":"Jumper"}]},{"@type":"WebSite","@id":"https:\/\/www.storevan.com\/pl\/#website","url":"https:\/\/www.storevan.com\/pl\/","name":"Store Van","description":"Zabudowy","potentialAction":[{"@type":"SearchAction","target":{"@type":"EntryPoint","urlTemplate":"https:\/\/www.storevan.com\/pl\/?s={search_term_string}"},"query-input":"required name=search_term_string"}],"inLanguage":"pl-PL"}]}},"_links":{"self":[{"href":"https:\/\/www.storevan.com\/pl\/wp-json\/wp\/v2\/pages\/16252"}],"collection":[{"href":"https:\/\/www.storevan.com\/pl\/wp-json\/wp\/v2\/pages"}],"about":[{"href":"https:\/\/www.storevan.com\/pl\/wp-json\/wp\/v2\/types\/page"}],"author":[{"embeddable":true,"href":"https:\/\/www.storevan.com\/pl\/wp-json\/wp\/v2\/users\/470"}],"replies":[{"embeddable":true,"href":"https:\/\/www.storevan.com\/pl\/wp-json\/wp\/v2\/comments?post=16252"}],"version-history":[{"count":8,"href":"https:\/\/www.storevan.com\/pl\/wp-json\/wp\/v2\/pages\/16252\/revisions"}],"predecessor-version":[{"id":127704,"href":"https:\/\/www.storevan.com\/pl\/wp-json\/wp\/v2\/pages\/16252\/revisions\/127704"}],"up":[{"embeddable":true,"href":"https:\/\/www.storevan.com\/pl\/wp-json\/wp\/v2\/pages\/13407"}],"wp:attachment":[{"href":"https:\/\/www.storevan.com\/pl\/wp-json\/wp\/v2\/media?parent=16252"}],"curies":[{"name":"wp","href":"https:\/\/api.w.org\/{rel}","templated":true}]}}