{"id":16112,"date":"2015-12-09T10:53:05","date_gmt":"2015-12-09T09:53:05","guid":{"rendered":"https:\/\/www.storevan.com\/pl\/zabudowy\/pavimenti-rivestimenti-interni-furgoni\/"},"modified":"2020-12-18T11:25:32","modified_gmt":"2020-12-18T11:25:32","slug":"podloga-panele-scienne","status":"publish","type":"page","link":"https:\/\/www.storevan.com\/pl\/zabudowy\/podloga-panele-scienne\/","title":{"rendered":"Pod\u0142ogi i panele do samochod\u00f3w dostawczych"},"content":{"rendered":"<h1 class=\"customblackTitleSmall\">Pod\u0142ogi i panele do samochod\u00f3w dostawczych<\/h1>\n<div class=\"one_half\">\n<div id=\"cf4a\"><img decoding=\"async\" loading=\"lazy\" src=\"https:\/\/www.storevan.com\/wp-content\/uploads\/2019\/09\/rivestimenti-interni-per-furgoni.jpg\" alt=\"\" width=\"750\" height=\"600\" class=\"aligncenter size-full wp-image-107869\" srcset=\"https:\/\/www.storevan.com\/wp-content\/uploads\/2019\/09\/rivestimenti-interni-per-furgoni.jpg 750w, https:\/\/www.storevan.com\/wp-content\/uploads\/2019\/09\/rivestimenti-interni-per-furgoni-300x240.jpg 300w\" sizes=\"(max-width: 750px) 100vw, 750px\" \/><img decoding=\"async\" loading=\"lazy\" src=\"https:\/\/www.storevan.com\/wp-content\/uploads\/2019\/09\/rivestimento-interno-furgone.jpg\" alt=\"\" width=\"750\" height=\"600\" class=\"aligncenter size-full wp-image-107875\" srcset=\"https:\/\/www.storevan.com\/wp-content\/uploads\/2019\/09\/rivestimento-interno-furgone.jpg 750w, https:\/\/www.storevan.com\/wp-content\/uploads\/2019\/09\/rivestimento-interno-furgone-300x240.jpg 300w\" sizes=\"(max-width: 750px) 100vw, 750px\" \/><img decoding=\"async\" loading=\"lazy\" src=\"https:\/\/www.storevan.com\/wp-content\/uploads\/2019\/09\/rivestimento-pareti-pavimento-furgone.jpg\" alt=\"\" width=\"750\" height=\"600\" class=\"aligncenter size-full wp-image-107887\" srcset=\"https:\/\/www.storevan.com\/wp-content\/uploads\/2019\/09\/rivestimento-pareti-pavimento-furgone.jpg 750w, https:\/\/www.storevan.com\/wp-content\/uploads\/2019\/09\/rivestimento-pareti-pavimento-furgone-300x240.jpg 300w\" sizes=\"(max-width: 750px) 100vw, 750px\" \/><img decoding=\"async\" loading=\"lazy\" src=\"https:\/\/www.storevan.com\/wp-content\/uploads\/2019\/09\/rivestimento-pavimento-furgone.jpg\" alt=\"\" width=\"750\" height=\"600\" class=\"aligncenter size-full wp-image-107893\" srcset=\"https:\/\/www.storevan.com\/wp-content\/uploads\/2019\/09\/rivestimento-pavimento-furgone.jpg 750w, https:\/\/www.storevan.com\/wp-content\/uploads\/2019\/09\/rivestimento-pavimento-furgone-300x240.jpg 300w\" sizes=\"(max-width: 750px) 100vw, 750px\" \/><\/div>\n<\/div>\n<div class=\"one_half last\">\n<p class=\"txtUp customblackTitleExtraSmall\">Dzi\u0119ki wewn\u0119trznym ok\u0142adzinom Store Van do samochod\u00f3w dostawczych zapewniona jest ochrona nadwozia pojazdu.<\/p>\n<div class=\"borderTitleOrange\"><\/div>\n<hr class=\"noColor\" \/>\n<p><strong>Pod\u0142og\u0119 pojazdu<\/strong> mo\u017cna zabezpieczy\u0107 p\u0142ytami pod\u0142ogowymi wykonanymi z drewna wodoodpornego lub aluminium ryflowanego, chroni\u0105c w ten spos\u00f3b lakier ochronny pojazdu i same nadwozie przed zadrapaniami i obiciami powodowanymi przez sprz\u0119t i \u0142adunek. <strong>\u015aciany boczne i tylna klapa pojazdu s\u0105 zamiast tego<\/strong> pokryte p\u0119cherzykowymi panelami polipropylenowymi. <\/p>\n<p>Pe\u0142na ok\u0142adzina w przestrzeni \u0142adunkowej zapewnia r\u00f3wnie\u017c <strong>ochron\u0119 przegrody tylnej cz\u0119\u015bci kabiny<\/strong>: systemowa zabudowa \u015bciany grodziowej Store Van, sk\u0142adaj\u0105ca si\u0119 ze stalowych poprzeczek i wzmocnie\u0144 bocznych oraz paneli z drewna i\/lub perforowanego metalu, opr\u00f3cz ochrony nadwozia, pe\u0142ni tak\u017ce funkcj\u0119 przechowywania sprz\u0119tu i akcesori\u00f3w. <\/p>\n<p>Aby uzupe\u0142ni\u0107 wewn\u0119trzn\u0105 ok\u0142adzin\u0119 pojazdu, mo\u017cna doda\u0107 zabudowy nadkoli Store Van ze stalow\u0105 konstrukcj\u0105 i pokrywami bocznymi z drewna lub blachy perforowanej, kt\u00f3ra idealnie nadaje si\u0119 do mocowania r\u00f3\u017cnych narz\u0119dzi i urz\u0105dze\u0144 za pomoc\u0105 pas\u00f3w i hak\u00f3w zabezpieczaj\u0105cych \u0142adunek.<\/p>\n<\/div><div class=\"clearboth\"><\/div>\n<hr class=\"noColor\" \/>\n<hr \/>\n<div class=\"col-xs-12 col-sm-12 col-md-6\">\n<div class=\"text-center\"><a class=\"btn btn-download\" href=\"tel:+390424585455\"><i class=\"fa fa-phone\"><\/i> <span class=\"spanBtn\">ZADZWO\u0143 TERAZ<\/span><br \/>\nuzyskasz wszelkie informacje<\/a><\/div>\n<\/div>\n<div class=\"col-xs-12 col-sm-12 col-md-6\">\n<div class=\"text-center\"><a class=\"btn btn-download btnToggle\" href=\"#formcontatto\"><i class=\"fa fa-envelope\"><\/i> <span class=\"spanBtn\">NAPISZ<\/span><br \/>\nskontaktujemy si\u0119 <\/a><\/div>\n<\/div>\n<div class=\"break\"><\/div>\n<hr \/>\n<hr class=\"noColor\" \/>\n<hr class=\"noColor\" \/>\n<hr class=\"noColor\" \/>\n<h3 class=\"customblackTitleExtraSmall\">Wybierz mark\u0119 aby uzyska\u0107 informacje na temat konkretnych zabud\u00f3w. Mo\u017cesz znale\u017a\u0107 dla siebie wiele rozwi\u0105za\u0144:<\/h3>\n<hr class=\"noColor\" \/>\n<div class=\"col-xs-12 col-sm-6 col-md-6\">\n<div style=\"padding: 10px;\">\n<div class=\"col-xs-6 col-sm-5 col-md-5\"><img decoding=\"async\" loading=\"lazy\" src=\"https:\/\/www.storevan.com\/wp-content\/uploads\/2019\/09\/pianale-furgone.jpg\" alt=\"Pod\u0142ogi\" width=\"300\" height=\"300\" class=\"aligncenter size-full wp-image-107905\" srcset=\"https:\/\/www.storevan.com\/wp-content\/uploads\/2019\/09\/pianale-furgone.jpg 300w, https:\/\/www.storevan.com\/wp-content\/uploads\/2019\/09\/pianale-furgone-150x150.jpg 150w, https:\/\/www.storevan.com\/wp-content\/uploads\/2019\/09\/pianale-furgone-48x48.jpg 48w\" sizes=\"(max-width: 300px) 100vw, 300px\" \/><\/div>\n<div class=\"col-xs-6 col-sm-7 col-md-7\">\n<h4 class=\"bigTxt txtUp txtBlack\">Pod\u0142ogi<\/h4>\n<div class=\"borderTitle\"><\/div>\n<p>9\/12 mm pod\u0142oga ze sklejki pokrytej pow\u0142ok\u0105 antypo\u015blizgow\u0105 z otworami. Pod\u0142og\u0119 uzupe\u0142nia system po\u0142\u0105cze\u0144 z opatentowanego profilu aluminiowego, o wsp\u00f3\u0142czynniku tarcia posiadaj\u0105cym certyfikat T\u00dcV.<br \/>\n<a class=\"btn btn-primary noMarg\" title=\"Pod\u0142ogi\" href=\"https:\/\/www.storevan.com\/pl\/produkty\/sciany-podlogi\/\">Pod\u0142ogi <i class=\"fa fa-angle-double-right\"><\/i><\/a><\/p>\n<\/div>\n<div class=\"break\"><\/div>\n<\/div>\n<\/div>\n<div class=\"col-xs-12 col-sm-6 col-md-6\">\n<div style=\"padding: 10px;\">\n<div class=\"col-xs-6 col-sm-5 col-md-5\"><img decoding=\"async\" loading=\"lazy\" src=\"https:\/\/www.storevan.com\/wp-content\/uploads\/2019\/09\/pannellature-furgone.jpg\" alt=\"Panele\" width=\"300\" height=\"300\" class=\"aligncenter size-full wp-image-107899\" srcset=\"https:\/\/www.storevan.com\/wp-content\/uploads\/2019\/09\/pannellature-furgone.jpg 300w, https:\/\/www.storevan.com\/wp-content\/uploads\/2019\/09\/pannellature-furgone-150x150.jpg 150w, https:\/\/www.storevan.com\/wp-content\/uploads\/2019\/09\/pannellature-furgone-48x48.jpg 48w\" sizes=\"(max-width: 300px) 100vw, 300px\" \/><\/div>\n<div class=\"col-xs-6 col-sm-7 col-md-7\">\n<h4 class=\"bigTxt txtUp txtBlack\">Panele<\/h4>\n<div class=\"borderTitle\"><\/div>\n<p>\u015aciany polipropylenowe strona lewa, strona prawa z drzwiami przesuwanymi, dolna cz\u0119\u015b\u0107 drzwi tylnych.<br \/>\n<a class=\"btn btn-primary noMarg\" title=\"Panele\" href=\"https:\/\/www.storevan.com\/pl\/produkty\/sciany-podlogi\/\">Panele <i class=\"fa fa-angle-double-right\"><\/i><\/a><\/p>\n<\/div>\n<div class=\"break\"><\/div>\n<\/div>\n<\/div>\n<div class=\"break\"><\/div>\n<hr class=\"noColor\" \/>\n<div class=\"col-xs-12 col-sm-6 col-md-6\">\n<div style=\"padding: 10px;\">\n<div class=\"col-xs-6 col-sm-5 col-md-5\"><img decoding=\"async\" loading=\"lazy\" src=\"https:\/\/www.storevan.com\/wp-content\/uploads\/2019\/09\/rivestimento-paratia-divisoria-furgone.jpg\" alt=\"Systemowa zabudowa \u015bciany grodziowej tylnej cz\u0119\u015bci kabiny\" width=\"300\" height=\"300\" class=\"aligncenter size-full wp-image-107881\" srcset=\"https:\/\/www.storevan.com\/wp-content\/uploads\/2019\/09\/rivestimento-paratia-divisoria-furgone.jpg 300w, https:\/\/www.storevan.com\/wp-content\/uploads\/2019\/09\/rivestimento-paratia-divisoria-furgone-150x150.jpg 150w, https:\/\/www.storevan.com\/wp-content\/uploads\/2019\/09\/rivestimento-paratia-divisoria-furgone-48x48.jpg 48w\" sizes=\"(max-width: 300px) 100vw, 300px\" \/><\/div>\n<div class=\"col-xs-6 col-sm-7 col-md-7\">\n<h4 class=\"bigTxt txtUp txtBlack\">Systemowa zabudowa \u015bciany grodziowej tylnej cz\u0119\u015bci kabiny<\/h4>\n<div class=\"borderTitle\"><\/div>\n<p>\u015aciana ochronna mocowana na przegrodzie grodziowej y pojazdu, z\u0142o\u017cona z solidnej konstrukcji utworzonej z poprzeczek i \u017ceber bocznych ze stali i g\u0142adkich paneli modu\u0142owych z wielowarstwowej sklejki brzozowej lub perforowanej lakierowanej stali. Trzy funkcje: ochrona, przechowywanie, bezpiecze\u0144stwo \u0142adunku.<\/p>\n<p><a class=\"btn btn-primary noMarg\" title=\"Systemowa zabudowa \u015bciany grodziowej tylnej cz\u0119\u015bci kabiny\" href=\"https:\/\/www.storevan.com\/pl\/produkty\/systemowa-zabudowa-sciany-grodziowej\/\">Systemowa zabudowa \u015bciany grodziowej tylnej cz\u0119\u015bci kabiny <i class=\"fa fa-angle-double-right\"><\/i><\/a><\/p>\n<\/div>\n<div class=\"break\"><\/div>\n<\/div>\n<\/div>\n<div class=\"col-xs-12 col-sm-6 col-md-6\">\n<div style=\"padding: 10px;\">\n<div class=\"col-xs-6 col-sm-5 col-md-5\"><img decoding=\"async\" class=\"aligncenter\" src=\"https:\/\/www.storevan.com\/wp-content\/uploads\/2019\/09\/02-copripassaruota-legno.jpg\" alt=\"abudowa nadkola do samochod\u00f3w dostawczych\" \/><\/div>\n<div class=\"col-xs-6 col-sm-7 col-md-7\">\n<h4 class=\"bigTxt txtUp txtBlack\">Zabudowa nadkola do samochod\u00f3w dostawczych<\/h4>\n<div class=\"borderTitle\"><\/div>\n<p>Zakrycie nadkola zapobiega deformacji nadwozia spowodowanej ci\u0119\u017carem transportowanego \u0142adunku. Zabudowa nadkola Store Van jest wykonana ze stali samochodowej 12\/10, z otworami na ramach bocznych do przymocowania narz\u0119dzi i akcesori\u00f3w Store Van, z przodu mo\u017ce by\u0107 wy\u0142o\u017cona stalowymi lub drewnianymi panelami.<br \/>\n<a class=\"btn btn-primary noMarg\" title=\"Zabudowa nadkola do samochod\u00f3w dostawczych\" href=\"https:\/\/www.storevan.com\/pl\/produkty\/zabudowa-nadkola\/\">Zabudowa nadkola do samochod\u00f3w dostawczych <i class=\"fa fa-angle-double-right\"><\/i><\/a><\/p>\n<\/div>\n<div class=\"break\"><\/div>\n<\/div>\n<\/div>\n<div class=\"break\"><\/div>\n<hr class=\"noColor\" \/>\n<hr class=\"noColor\" \/>\n<hr class=\"noColor\" \/>\n<h4 class=\"customblackTitleExtraSmall\">Cerca il modello del tuo furgone:<\/h4>\n<hr class=\"noColor\" \/>\n<div class=\"selMarca txtBlue\"><div class=\"col-xs-12 col-sm-12 col-md-4\"><p>Wybierz zabudow\u0119 dla:<\/p><\/div>\n\t<div class=\"col-xs-12 col-sm-6 col-md-3\"><select id=\"make\" class=\"form-control\"><option value=\"0\">Marki<\/option><option value=\"1\">Citroen<\/option><option value=\"2\">Dacia<\/option><option value=\"3\">Fiat<\/option><option value=\"4\">Ford<\/option><option value=\"5\">Hyundai<\/option><option value=\"6\">Iveco<\/option><option value=\"7\">Man<\/option><option value=\"8\">Mercedes-benz<\/option><option value=\"9\">Nissan<\/option><option value=\"10\">Opel<\/option><option value=\"11\">Peugeot<\/option><option value=\"12\">Renault<\/option><option value=\"13\">Toyota<\/option><option value=\"14\">Volkswagen<\/option><\/select><\/div><hr class=\"noColor break visible-xs\"\/>\n\t<div class=\"col-xs-12 col-sm-6 col-md-3\"><select id=\"model\" class=\"form-control\"><option value=\"0\">Modelu<\/option><option id=\"https:\/\/www.storevan.com\/pl\/zabudowy\/citroen\/nemo\/\" class=\"Nemo\" value=\"1\">Nemo<\/option><option id=\"https:\/\/www.storevan.com\/pl\/zabudowy\/citroen\/jumpy-2016\/\" class=\"Jumpy\" value=\"1\">Jumpy<\/option><option id=\"https:\/\/www.storevan.com\/pl\/zabudowy\/citroen\/jumper\/\" class=\"Jumper\" value=\"1\">Jumper<\/option><option id=\"https:\/\/www.storevan.com\/pl\/zabudowy\/citroen\/berlingo\/\" class=\"Berlingo\" value=\"1\">Berlingo<\/option><option id=\"https:\/\/www.storevan.com\/pl\/zabudowy\/citroen\/jumpy-2016\/\" class=\"Jumpy\" value=\"1\">Jumpy<\/option><option id=\"https:\/\/www.storevan.com\/pl\/zabudowy\/dacia\/dokker\/\" class=\"Dokker\" value=\"2\">Dokker<\/option><option id=\"https:\/\/www.storevan.com\/pl\/zabudowy\/fiat\/doblo\/\" class=\"Dobl\u00f2\" value=\"3\">Dobl\u00f2<\/option><option id=\"https:\/\/www.storevan.com\/pl\/zabudowy\/fiat\/ducato\/\" class=\"Ducato\" value=\"3\">Ducato<\/option><option id=\"https:\/\/www.storevan.com\/pl\/zabudowy\/fiat\/fiorino\/\" class=\"Fiorino\" value=\"3\">Fiorino<\/option><option id=\"https:\/\/www.storevan.com\/pl\/zabudowy\/fiat\/talento\/\" class=\"Talento\" value=\"3\">Talento<\/option><option id=\"https:\/\/www.storevan.com\/pl\/zabudowy\/ford\/courier\/\" class=\"Courier\" value=\"4\">Courier<\/option><option id=\"https:\/\/www.storevan.com\/pl\/zabudowy\/ford\/connect\/\" class=\"Connect\" value=\"4\">Connect<\/option><option id=\"https:\/\/www.storevan.com\/pl\/zabudowy\/ford\/custom\/\" class=\"Custom\" value=\"4\">Custom<\/option><option id=\"https:\/\/www.storevan.com\/pl\/zabudowy\/ford\/transit\/\" class=\"Transit\" value=\"4\">Transit<\/option><option id=\"https:\/\/www.storevan.com\/pl\/zabudowy\/hyundai\/h350\/\" class=\"H350\" value=\"5\">H350<\/option><option id=\"https:\/\/www.storevan.com\/pl\/zabudowy\/iveco\/daily\/\" class=\"Daily\" value=\"6\">Daily<\/option><option id=\"https:\/\/www.storevan.com\/pl\/zabudowy\/man\/tge\/\" class=\"TGE\" value=\"7\">TGE<\/option><option id=\"https:\/\/www.storevan.com\/pl\/zabudowy\/mercedes-benz\/citan\/\" class=\"Citan\" value=\"8\">Citan<\/option><option id=\"https:\/\/www.storevan.com\/pl\/zabudowy\/mercedes-benz\/vito\/\" class=\"Vito\" value=\"8\">Vito<\/option><option id=\"https:\/\/www.storevan.com\/pl\/zabudowy\/mercedes-benz\/sprinter\/\" class=\"Sprinter\" value=\"8\">Sprinter<\/option><option id=\"https:\/\/www.storevan.com\/pl\/zabudowy\/nissan\/nv200\/\" class=\"NV200\" value=\"9\">NV200<\/option><option id=\"https:\/\/www.storevan.com\/pl\/zabudowy\/nissan\/nv300\/\" class=\"NV300\" value=\"9\">NV300<\/option><option id=\"https:\/\/www.storevan.com\/pl\/zabudowy\/nissan\/nv400\/\" class=\"NV400\" value=\"9\">NV400<\/option><option id=\"https:\/\/www.storevan.com\/pl\/zabudowy\/opel\/combo\/\" class=\"Combo\" value=\"10\">Combo<\/option><option id=\"https:\/\/www.storevan.com\/pl\/zabudowy\/opel\/vivaro\/\" class=\"Vivaro\" value=\"10\">Vivaro<\/option><option id=\"https:\/\/www.storevan.com\/pl\/zabudowy\/opel\/movano\/\" class=\"Movano\" value=\"10\">Movano<\/option><option id=\"https:\/\/www.storevan.com\/pl\/zabudowy\/opel\/movano-2021\/\" class=\"Movano 2021\" value=\"10\">Movano 2021<\/option><option id=\"https:\/\/www.storevan.com\/pl\/zabudowy\/peugeot\/bipper\/\" class=\"Bipper\" value=\"11\">Bipper<\/option><option id=\"https:\/\/www.storevan.com\/pl\/zabudowy\/peugeot\/partner\/\" class=\"Partner\" value=\"11\">Partner<\/option><option id=\"https:\/\/www.storevan.com\/pl\/zabudowy\/peugeot\/boxer\/\" class=\"Boxer\" value=\"11\">Boxer<\/option><option id=\"https:\/\/www.storevan.com\/pl\/zabudowy\/peugeot\/expert-2016\/\" class=\"Expert\" value=\"11\">Expert<\/option><option id=\"https:\/\/www.storevan.com\/pl\/zabudowy\/renault\/kangoo\/\" class=\"Kangoo\" value=\"12\">Kangoo<\/option><option id=\"https:\/\/www.storevan.com\/pl\/zabudowy\/renault\/trafic\/\" class=\"Trafic\" value=\"12\">Trafic<\/option><option id=\"https:\/\/www.storevan.com\/pl\/zabudowy\/renault\/master\/\" class=\"Master\" value=\"12\">Master<\/option><option id=\"https:\/\/www.storevan.com\/pl\/zabudowy\/toyota\/proace\/\" class=\"Proace\" value=\"13\">Proace<\/option><option id=\"https:\/\/www.storevan.com\/pl\/zabudowy\/toyota\/proace-city\/\" class=\"Proace City\" value=\"13\">Proace City<\/option><option id=\"https:\/\/www.storevan.com\/pl\/zabudowy\/volkswagen\/caddy\/\" class=\"Caddy\" value=\"14\">Caddy<\/option><option id=\"https:\/\/www.storevan.com\/pl\/zabudowy\/volkswagen\/transporter\/\" class=\"Transporter\" value=\"14\">Transporter<\/option><option id=\"https:\/\/www.storevan.com\/pl\/zabudowy\/volkswagen\/crafter-2017\/\" class=\"Crafter 2017\" value=\"14\">Crafter 2017<\/option><option id=\"https:\/\/www.storevan.com\/pl\/zabudowy\/volkswagen\/crafter\/\" class=\"Crafter 2006\" value=\"14\">Crafter 2006<\/option><option id=\"https:\/\/www.storevan.com\/pl\/zabudowy\/volkswagen\/caddy-cargo\/\" class=\"Caddy Cargo\" value=\"14\">Caddy Cargo<\/option><\/select><\/div><hr class=\"noColor break visible-xs\"\/>\n\t<div id=\"pagina\" class=\"col-xs-12 col-sm-12 col-md-2\"><input class=\"btn btn-primary\" type=\"submit\" name=\"button\" id=\"button\" value=\"Szukaj\" onclick=\"showURL();\" \/><\/div>\n\t<div class=\"break\"><\/div><\/div>\n<hr class=\"noColor\" \/>\n<p><a class=\"destination\" name=\"formcontatto\"><\/a><\/p>\n<div class=\"formToggle\">\n<h4 class=\"bigTxt text-center txtBkOrange\"><i class=\"fa fa-envelope pull-left\"><\/i>Szafki szufladowe do samochod\u00f3w dostawczych \u2013 ceny i informacje<\/h4>\n\n<div class=\"wpcf7 no-js\" id=\"wpcf7-f67676-o1\" lang=\"it-IT\" dir=\"ltr\">\n<div class=\"screen-reader-response\"><p role=\"status\" aria-live=\"polite\" aria-atomic=\"true\"><\/p> <ul><\/ul><\/div>\n<form action=\"\/pl\/wp-json\/wp\/v2\/pages\/16112#wpcf7-f67676-o1\" method=\"post\" class=\"wpcf7-form init\" id=\"form-pianali-pannellature-pl\" aria-label=\"Modulo di contatto\" novalidate=\"novalidate\" data-status=\"init\">\n<div style=\"display: none;\">\n<input type=\"hidden\" name=\"_wpcf7\" value=\"67676\" \/>\n<input type=\"hidden\" name=\"_wpcf7_version\" value=\"5.7.7\" \/>\n<input type=\"hidden\" name=\"_wpcf7_locale\" value=\"it_IT\" \/>\n<input type=\"hidden\" name=\"_wpcf7_unit_tag\" value=\"wpcf7-f67676-o1\" \/>\n<input type=\"hidden\" name=\"_wpcf7_container_post\" value=\"0\" \/>\n<input type=\"hidden\" name=\"_wpcf7_posted_data_hash\" value=\"\" \/>\n<input type=\"hidden\" name=\"_wpcf7_recaptcha_response\" value=\"\" \/>\n<\/div>\n<span class=\"wpcf7-form-control-wrap url\" data-name=\"url\"><input type=\"hidden\" name=\"url\" size=\"40\" class=\"wpcf7-form-control wpcf7-hidden wpcf7dtx wpcf7dtx-hidden\" aria-invalid=\"false\" value=\"podloga-panele-scienne\" autocomplete=\"off\" \/><\/span>\n<p>Wype\u0142nij poni\u017csze pola, aby otrzyma\u0107 wi\u0119cej informacji. Nasz operator skontaktuje si\u0119 z\u00a0tob\u0105 najszybciej, jak to mo\u017cliwe (* pola obowi\u0105zkowe):\n<\/p>\n<div class=\"col-xs-12 col-md-6\">\n\t<p><span class='titoli'>Imi\u0119 (*)<\/span>\n\t<\/p>\n\t<p><span class=\"wpcf7-form-control-wrap\" data-name=\"your-name\"><input size=\"40\" class=\"wpcf7-form-control wpcf7-text wpcf7-validates-as-required form-control\" aria-required=\"true\" aria-invalid=\"false\" value=\"\" type=\"text\" name=\"your-name\" \/><\/span>\n\t<\/p>\n<\/div>\n<div class=\"col-xs-12 col-md-6\">\n\t<p><span class='titoli'>Nazwisko (*)<\/span>\n\t<\/p>\n\t<p><span class=\"wpcf7-form-control-wrap\" data-name=\"your-last-name\"><input size=\"40\" class=\"wpcf7-form-control wpcf7-text wpcf7-validates-as-required form-control\" aria-required=\"true\" aria-invalid=\"false\" value=\"\" type=\"text\" name=\"your-last-name\" \/><\/span>\n\t<\/p>\n<\/div>\n<div class=\"col-xs-12 col-md-6\">\n\t<p><span class='titoli'>Firma (*)<\/span>\n\t<\/p>\n\t<p><span class=\"wpcf7-form-control-wrap\" data-name=\"your-company\"><input size=\"40\" class=\"wpcf7-form-control wpcf7-text wpcf7-validates-as-required form-control\" aria-required=\"true\" aria-invalid=\"false\" value=\"\" type=\"text\" name=\"your-company\" \/><\/span>\n\t<\/p>\n<\/div>\n<div class=\"col-xs-12 col-md-6\">\n\t<p><span class='titoli'>Numer NIP<\/span>\n\t<\/p>\n\t<p><span class=\"wpcf7-form-control-wrap\" data-name=\"p-iva\"><input size=\"40\" class=\"wpcf7-form-control wpcf7-text form-control\" aria-invalid=\"false\" value=\"\" type=\"text\" name=\"p-iva\" \/><\/span>\n\t<\/p>\n<\/div>\n<div class=\"clearboth\">\n<\/div>\n<div class=\"col-xs-12 col-md-4\">\n\t<p><span class='titoli'>Kod pocztowy (*)<\/span>\n\t<\/p>\n\t<p><span class=\"wpcf7-form-control-wrap\" data-name=\"your-zip-code\"><input size=\"40\" class=\"wpcf7-form-control wpcf7-text wpcf7-validates-as-required form-control\" aria-required=\"true\" aria-invalid=\"false\" value=\"\" type=\"text\" name=\"your-zip-code\" \/><\/span>\n\t<\/p>\n<\/div>\n<div class=\"col-xs-12 col-md-4\">\n\t<p><span class='titoli'>Adres (*)<\/span>\n\t<\/p>\n\t<p><span class=\"wpcf7-form-control-wrap\" data-name=\"your-address\"><input size=\"40\" class=\"wpcf7-form-control wpcf7-text wpcf7-validates-as-required form-control\" aria-required=\"true\" aria-invalid=\"false\" value=\"\" type=\"text\" name=\"your-address\" \/><\/span>\n\t<\/p>\n<\/div>\n<div class=\"col-xs-12 col-md-4\">\n\t<p><span class='titoli'>Miasto (*)<\/span>\n\t<\/p>\n\t<p><span class=\"wpcf7-form-control-wrap\" data-name=\"your-Town\"><input size=\"40\" class=\"wpcf7-form-control wpcf7-text wpcf7-validates-as-required form-control\" aria-required=\"true\" aria-invalid=\"false\" value=\"\" type=\"text\" name=\"your-Town\" \/><\/span>\n\t<\/p>\n<\/div>\n<div class=\"clearboth\">\n<\/div>\n<div class=\"col-xs-12 col-md-6\">\n\t<p><span class='titoli'>email (*)<\/span>\n\t<\/p>\n\t<p><span class=\"wpcf7-form-control-wrap\" data-name=\"your-email\"><input size=\"40\" class=\"wpcf7-form-control wpcf7-text wpcf7-email wpcf7-validates-as-required wpcf7-validates-as-email form-control\" aria-required=\"true\" aria-invalid=\"false\" value=\"\" type=\"email\" name=\"your-email\" \/><\/span>\n\t<\/p>\n<\/div>\n<div class=\"col-xs-12 col-md-6\">\n\t<p><span class='titoli'>Telefon (*)<\/span>\n\t<\/p>\n\t<p><span class=\"wpcf7-form-control-wrap\" data-name=\"telefono\"><input size=\"40\" class=\"wpcf7-form-control wpcf7-text wpcf7-tel wpcf7-validates-as-required wpcf7-validates-as-tel form-control\" aria-required=\"true\" aria-invalid=\"false\" value=\"\" type=\"tel\" name=\"telefono\" \/><\/span>\n\t<\/p>\n<\/div>\n<div class=\"clearboth\">\n<\/div>\n<div class=\"col-xs-12 col-md-6\">\n\t<p><span class='titoli'>Przedmiot <\/span>\n\t<\/p>\n\t<p><span class=\"wpcf7-form-control-wrap\" data-name=\"oggetto\"><select class=\"wpcf7-form-control wpcf7-select wpcf7-validates-as-required\" aria-required=\"true\" aria-invalid=\"false\" name=\"oggetto\"><option value=\"Oferta\">Oferta<\/option><option value=\"Informacje techniczne\">Informacje techniczne<\/option><option value=\"Powo\u0142anie\">Powo\u0142anie<\/option><\/select><\/span>\n\t<\/p>\n<\/div>\n<div class=\"col-xs-12 col-md-6\">\n\t<p><br \/>\n<span class=\"titoli\"> <span class=\"wpcf7-form-control-wrap\" data-name=\"cliente\"><span class=\"wpcf7-form-control wpcf7-checkbox\"><span class=\"wpcf7-list-item first last\"><label><span class=\"wpcf7-list-item-label\">Jestem ju\u017c klientem<\/span><input type=\"checkbox\" name=\"cliente[]\" value=\"Jestem ju\u017c klientem\" \/><\/label><\/span><\/span><\/span><\/span>\n\t<\/p>\n<\/div>\n<div class=\"col-xs-12 col-md-12\">\n\t<p><span class='titoli'>Wiadomo\u015b\u0107 (*)<\/span>\n\t<\/p>\n\t<p><span class=\"wpcf7-form-control-wrap\" data-name=\"your-message\"><textarea cols=\"40\" rows=\"10\" class=\"wpcf7-form-control wpcf7-textarea wpcf7-validates-as-required form-control\" aria-required=\"true\" aria-invalid=\"false\" name=\"your-message\"><\/textarea><\/span>\n\t<\/p>\n<\/div>\n<div class=\"col-xs-12 col-md-12\">\n\t<p><small>Wprowadzone dane b\u0119d\u0105 traktowane z zachowaniem \u015bcis\u0142ej poufno\u015bci zgodnie z prawem i nasz\u0105 polityk\u0105 prywatno\u015bci. <a href=\"https:\/\/www.storevan.com\/pl\/privacy-policy\/\">Polityk\u0105 prywatno\u015bci<\/a><\/small>\n\t<\/p>\n\t<p><span class=\"wpcf7-form-control-wrap\" data-name=\"AccettazionePrivacy\"><span class=\"wpcf7-form-control wpcf7-acceptance\"><span class=\"wpcf7-list-item\"><input type=\"checkbox\" name=\"AccettazionePrivacy\" value=\"1\" aria-invalid=\"false\" \/><\/span><\/span><\/span> O\u015bwiadczam, \u017ce zapozna\u0142am si\u0119 z <a href=\"https:\/\/www.storevan.com\/pl\/privacy-policy\/\">polityk\u0105 prywatno\u015bci<\/a> i zgadzam si\u0119 na wykorzystanie moich danych osobowych w opisanych tam przypadkach.(*)(*)<br \/>\n\t<span class=\"wpcf7-form-control-wrap recaptcha\" data-name=\"recaptcha\"><span data-sitekey=\"6LdfM4AUAAAAAJjsAucux5WVNA3hsk5KP0a03T_n\" class=\"wpcf7-form-control g-recaptcha wpcf7-recaptcha\"><\/span>\r\n<noscript>\r\n\t<div class=\"grecaptcha-noscript\">\r\n\t\t<iframe src=\"https:\/\/www.google.com\/recaptcha\/api\/fallback?k=6LdfM4AUAAAAAJjsAucux5WVNA3hsk5KP0a03T_n\" frameborder=\"0\" scrolling=\"no\" width=\"310\" height=\"430\">\r\n\t\t<\/iframe>\r\n\t\t<textarea name=\"g-recaptcha-response\" rows=\"3\" cols=\"40\" placeholder=\"reCaptcha Response Here\">\r\n\t\t<\/textarea>\r\n\t<\/div>\r\n<\/noscript>\r\n<\/span>\n\t<\/p>\n<\/div>\n<hr class=\"noColor\" \/>\n<p><input class=\"wpcf7-form-control has-spinner wpcf7-submit\" type=\"submit\" value=\"Wy\u015blij\" \/>\n<\/p><div class=\"wpcf7-response-output\" aria-hidden=\"true\"><\/div>\n<\/form>\n<\/div>\n<\/div>\n","protected":false},"excerpt":{"rendered":"<p>Pod\u0142ogi i panele do samochod\u00f3w dostawczych ZADZWO\u0143 TERAZ uzyskasz wszelkie informacje NAPISZ skontaktujemy si\u0119 Wybierz mark\u0119 aby uzyska\u0107 informacje na temat konkretnych zabud\u00f3w. Mo\u017cesz znale\u017a\u0107 dla siebie wiele rozwi\u0105za\u0144: Pod\u0142ogi.<\/p>\n","protected":false},"author":470,"featured_media":108696,"parent":8457,"menu_order":0,"comment_status":"closed","ping_status":"closed","template":"","meta":[],"acf":[],"yoast_head":"<!-- This site is optimized with the Yoast SEO plugin v20.11 - https:\/\/yoast.com\/wordpress\/plugins\/seo\/ -->\n<title>Pod\u0142ogi i panele do samochod\u00f3w dostawczych<\/title>\n<meta name=\"description\" content=\"Pod\u0142ogi i panele \u015bcienne zabezpieczaj\u0105ce przestrze\u0144 \u0142adunkow\u0105. Panele dedykowane do ka\u017cdego modelu samochodu\" \/>\n<meta name=\"robots\" content=\"index, follow, max-snippet:-1, max-image-preview:large, max-video-preview:-1\" \/>\n<link rel=\"canonical\" href=\"https:\/\/www.storevan.com\/allestimenti-veicoli-commerciali\/pavimenti-rivestimenti-interni-furgoni\/\" \/>\n<meta property=\"og:locale\" content=\"pl_PL\" \/>\n<meta property=\"og:type\" content=\"article\" \/>\n<meta property=\"og:title\" content=\"Pod\u0142ogi i panele do samochod\u00f3w dostawczych\" \/>\n<meta property=\"og:description\" content=\"Pod\u0142ogi i panele \u015bcienne zabezpieczaj\u0105ce przestrze\u0144 \u0142adunkow\u0105. Panele dedykowane do ka\u017cdego modelu samochodu\" \/>\n<meta property=\"og:url\" content=\"https:\/\/www.storevan.com\/allestimenti-veicoli-commerciali\/pavimenti-rivestimenti-interni-furgoni\/\" \/>\n<meta property=\"og:site_name\" content=\"Store Van\" \/>\n<meta property=\"article:modified_time\" content=\"2020-12-18T11:25:32+00:00\" \/>\n<meta property=\"og:image\" content=\"https:\/\/www.storevan.com\/wp-content\/uploads\/2019\/09\/rivestimenti-interni-furgoni.jpg\" \/>\n\t<meta property=\"og:image:width\" content=\"800\" \/>\n\t<meta property=\"og:image:height\" content=\"800\" \/>\n\t<meta property=\"og:image:type\" content=\"image\/jpeg\" \/>\n<meta name=\"twitter:label1\" content=\"Szacowany czas czytania\" \/>\n\t<meta name=\"twitter:data1\" content=\"2 minuty\" \/>\n<script type=\"application\/ld+json\" class=\"yoast-schema-graph\">{\"@context\":\"https:\/\/schema.org\",\"@graph\":[{\"@type\":\"WebPage\",\"@id\":\"https:\/\/www.storevan.com\/allestimenti-veicoli-commerciali\/pavimenti-rivestimenti-interni-furgoni\/\",\"url\":\"https:\/\/www.storevan.com\/allestimenti-veicoli-commerciali\/pavimenti-rivestimenti-interni-furgoni\/\",\"name\":\"Pod\u0142ogi i panele do samochod\u00f3w dostawczych\",\"isPartOf\":{\"@id\":\"https:\/\/www.storevan.com\/pl\/#website\"},\"datePublished\":\"2015-12-09T09:53:05+00:00\",\"dateModified\":\"2020-12-18T11:25:32+00:00\",\"description\":\"Pod\u0142ogi i panele \u015bcienne zabezpieczaj\u0105ce przestrze\u0144 \u0142adunkow\u0105. Panele dedykowane do ka\u017cdego modelu samochodu\",\"breadcrumb\":{\"@id\":\"https:\/\/www.storevan.com\/allestimenti-veicoli-commerciali\/pavimenti-rivestimenti-interni-furgoni\/#breadcrumb\"},\"inLanguage\":\"pl-PL\",\"potentialAction\":[{\"@type\":\"ReadAction\",\"target\":[\"https:\/\/www.storevan.com\/allestimenti-veicoli-commerciali\/pavimenti-rivestimenti-interni-furgoni\/\"]}]},{\"@type\":\"BreadcrumbList\",\"@id\":\"https:\/\/www.storevan.com\/allestimenti-veicoli-commerciali\/pavimenti-rivestimenti-interni-furgoni\/#breadcrumb\",\"itemListElement\":[{\"@type\":\"ListItem\",\"position\":1,\"name\":\"Home\",\"item\":\"https:\/\/www.storevan.com\/pl\/\"},{\"@type\":\"ListItem\",\"position\":2,\"name\":\"Zabudowy\",\"item\":\"https:\/\/www.storevan.com\/allestimenti-veicoli-commerciali\/\"},{\"@type\":\"ListItem\",\"position\":3,\"name\":\"Pod\u0142ogi i panele do samochod\u00f3w dostawczych\"}]},{\"@type\":\"WebSite\",\"@id\":\"https:\/\/www.storevan.com\/pl\/#website\",\"url\":\"https:\/\/www.storevan.com\/pl\/\",\"name\":\"Store Van\",\"description\":\"Zabudowy\",\"potentialAction\":[{\"@type\":\"SearchAction\",\"target\":{\"@type\":\"EntryPoint\",\"urlTemplate\":\"https:\/\/www.storevan.com\/pl\/?s={search_term_string}\"},\"query-input\":\"required name=search_term_string\"}],\"inLanguage\":\"pl-PL\"}]}<\/script>\n<!-- \/ Yoast SEO plugin. -->","yoast_head_json":{"title":"Pod\u0142ogi i panele do samochod\u00f3w dostawczych","description":"Pod\u0142ogi i panele \u015bcienne zabezpieczaj\u0105ce przestrze\u0144 \u0142adunkow\u0105. Panele dedykowane do ka\u017cdego modelu samochodu","robots":{"index":"index","follow":"follow","max-snippet":"max-snippet:-1","max-image-preview":"max-image-preview:large","max-video-preview":"max-video-preview:-1"},"canonical":"https:\/\/www.storevan.com\/allestimenti-veicoli-commerciali\/pavimenti-rivestimenti-interni-furgoni\/","og_locale":"pl_PL","og_type":"article","og_title":"Pod\u0142ogi i panele do samochod\u00f3w dostawczych","og_description":"Pod\u0142ogi i panele \u015bcienne zabezpieczaj\u0105ce przestrze\u0144 \u0142adunkow\u0105. Panele dedykowane do ka\u017cdego modelu samochodu","og_url":"https:\/\/www.storevan.com\/allestimenti-veicoli-commerciali\/pavimenti-rivestimenti-interni-furgoni\/","og_site_name":"Store Van","article_modified_time":"2020-12-18T11:25:32+00:00","og_image":[{"width":800,"height":800,"url":"https:\/\/www.storevan.com\/wp-content\/uploads\/2019\/09\/rivestimenti-interni-furgoni.jpg","type":"image\/jpeg"}],"twitter_misc":{"Szacowany czas czytania":"2 minuty"},"schema":{"@context":"https:\/\/schema.org","@graph":[{"@type":"WebPage","@id":"https:\/\/www.storevan.com\/allestimenti-veicoli-commerciali\/pavimenti-rivestimenti-interni-furgoni\/","url":"https:\/\/www.storevan.com\/allestimenti-veicoli-commerciali\/pavimenti-rivestimenti-interni-furgoni\/","name":"Pod\u0142ogi i panele do samochod\u00f3w dostawczych","isPartOf":{"@id":"https:\/\/www.storevan.com\/pl\/#website"},"datePublished":"2015-12-09T09:53:05+00:00","dateModified":"2020-12-18T11:25:32+00:00","description":"Pod\u0142ogi i panele \u015bcienne zabezpieczaj\u0105ce przestrze\u0144 \u0142adunkow\u0105. Panele dedykowane do ka\u017cdego modelu samochodu","breadcrumb":{"@id":"https:\/\/www.storevan.com\/allestimenti-veicoli-commerciali\/pavimenti-rivestimenti-interni-furgoni\/#breadcrumb"},"inLanguage":"pl-PL","potentialAction":[{"@type":"ReadAction","target":["https:\/\/www.storevan.com\/allestimenti-veicoli-commerciali\/pavimenti-rivestimenti-interni-furgoni\/"]}]},{"@type":"BreadcrumbList","@id":"https:\/\/www.storevan.com\/allestimenti-veicoli-commerciali\/pavimenti-rivestimenti-interni-furgoni\/#breadcrumb","itemListElement":[{"@type":"ListItem","position":1,"name":"Home","item":"https:\/\/www.storevan.com\/pl\/"},{"@type":"ListItem","position":2,"name":"Zabudowy","item":"https:\/\/www.storevan.com\/allestimenti-veicoli-commerciali\/"},{"@type":"ListItem","position":3,"name":"Pod\u0142ogi i panele do samochod\u00f3w dostawczych"}]},{"@type":"WebSite","@id":"https:\/\/www.storevan.com\/pl\/#website","url":"https:\/\/www.storevan.com\/pl\/","name":"Store Van","description":"Zabudowy","potentialAction":[{"@type":"SearchAction","target":{"@type":"EntryPoint","urlTemplate":"https:\/\/www.storevan.com\/pl\/?s={search_term_string}"},"query-input":"required name=search_term_string"}],"inLanguage":"pl-PL"}]}},"_links":{"self":[{"href":"https:\/\/www.storevan.com\/pl\/wp-json\/wp\/v2\/pages\/16112"}],"collection":[{"href":"https:\/\/www.storevan.com\/pl\/wp-json\/wp\/v2\/pages"}],"about":[{"href":"https:\/\/www.storevan.com\/pl\/wp-json\/wp\/v2\/types\/page"}],"author":[{"embeddable":true,"href":"https:\/\/www.storevan.com\/pl\/wp-json\/wp\/v2\/users\/470"}],"replies":[{"embeddable":true,"href":"https:\/\/www.storevan.com\/pl\/wp-json\/wp\/v2\/comments?post=16112"}],"version-history":[{"count":7,"href":"https:\/\/www.storevan.com\/pl\/wp-json\/wp\/v2\/pages\/16112\/revisions"}],"predecessor-version":[{"id":122889,"href":"https:\/\/www.storevan.com\/pl\/wp-json\/wp\/v2\/pages\/16112\/revisions\/122889"}],"up":[{"embeddable":true,"href":"https:\/\/www.storevan.com\/pl\/wp-json\/wp\/v2\/pages\/8457"}],"wp:featuredmedia":[{"embeddable":true,"href":"https:\/\/www.storevan.com\/pl\/wp-json\/wp\/v2\/media\/108696"}],"wp:attachment":[{"href":"https:\/\/www.storevan.com\/pl\/wp-json\/wp\/v2\/media?parent=16112"}],"curies":[{"name":"wp","href":"https:\/\/api.w.org\/{rel}","templated":true}]}}