{"id":154751,"date":"2017-12-04T15:26:15","date_gmt":"2017-12-04T15:26:15","guid":{"rendered":"https:\/\/www.storevan.com\/allestimento-furgoni-torino-piemonte\/"},"modified":"2024-02-07T11:01:04","modified_gmt":"2024-02-07T11:01:04","slug":"wyposazenie-samochodow-dostawczych-w-turynie-oddzial-piemont","status":"publish","type":"page","link":"https:\/\/www.storevan.com\/pl\/wyposazenie-samochodow-dostawczych-w-turynie-oddzial-piemont\/","title":{"rendered":"Wyposa\u017cenie samochod\u00f3w dostawczych w Turynie &#8211; Oddzia\u0142 Piemont"},"content":{"rendered":"<h1 class=\"customblackTitleSmall\">Wyposa\u017cenie samochod\u00f3w dostawczych w Turynie &#8211; Oddzia\u0142 Piemont<\/h1>\n<h2><strong>SZUKASZ SPECJALISTY OD WYPOSA\u017bENIA SAMOCHOD\u00d3W DOSTAWCZYCH W TURYNIE?<\/strong><\/h2>\n<div class=\"borderTitle\"><\/div>\n<p>Odwied\u017a nas w nowym oddziale Store Van w Turynie. Nasze systemy s\u0105 w ca\u0142kowicie adaptowalne, \u0142atwe w monta\u017cu i nie wymagaj\u0105 modyfikacji pojazdu. Oferujemy rozwi\u0105zania dla wszystkich marek pojazd\u00f3w u\u017cytkowych. Znajdziesz tu pe\u0142n\u0105 gam\u0119 produkt\u00f3w, umo\u017cliwiaj\u0105cych wyposa\u017cenie pojazdu:<\/p>\n<ul class=\"arrow\">\n<li>pow\u0142oki wewn\u0119trzne do ochrony karoserii;<\/li>\n<li>rega\u0142y do samochod\u00f3w dostawczych z p\u00f3\u0142kami i szufladami;<\/li>\n<li>sto\u0142y warsztatowe ze \u015bciankami narz\u0119dziowymi;<\/li>\n<li>niestandardowe modu\u0142y;<\/li>\n<li>produkty do zabezpieczania i mocowania \u0142adunk\u00f3w: haki, pasy, pr\u0119ty itp.;<\/li>\n<li>plastikowe pojemniki i wszelkiego rodzaju akcesoria umo\u017cliwiaj\u0105ce uporz\u0105dkowanie narz\u0119dzi i drobnych cz\u0119\u015bci.<\/li>\n<\/ul>\n<h3>Przekszta\u0142\u0107 sw\u00f3j samoch\u00f3d dostawczy w mobilny warsztat.<\/h3>\n<p>Mobilny warsztat to w pe\u0142ni wyposa\u017cony samoch\u00f3d dostawczy, w kt\u00f3rym znajduje si\u0119 st\u00f3\u0142 warsztatowy z szufladami na narz\u0119dzia i przyrz\u0105dy, niezale\u017cne o\u015bwietlenie, rega\u0142y, wewn\u0119trzna pow\u0142oka z mo\u017cliwo\u015bci\u0105 zakotwiczenia towar\u00f3w w przestrzeni \u0142adunkowej itp. Pracownicy oddzia\u0142u Store Van w Turynie doskonale znaj\u0105 potrzeby profesjonalist\u00f3w r\u00f3\u017cnych bran\u017cy, kt\u00f3rzy potrzebuj\u0105 wyposa\u017cenia swojego samochodu dostawczego, aby przeobrazi\u0107 go w mobilny warsztat.<br \/>\n<div class=\"demo-sep\" style=\"margin-top: 40px;\"><\/div>\n<div class=\"col-xs-12 col-md-6 ts-gallery\">\n<p><a class=\"col-xs-12 col-md-6\" title=\"Wyposa\u017cenie samochod\u00f3w dostawczych w Turynie - Oddzia\u0142 Piemont\" href=\"https:\/\/www.storevan.com\/wp-content\/uploads\/2019\/02\/IMG_4435.jpg\"><img decoding=\"async\" loading=\"lazy\" class=\"aligncenter wp-image-97431 size-full\" src=\"https:\/\/www.storevan.com\/wp-content\/uploads\/2019\/02\/IMG_4435.jpg\" alt=\"Wyposa\u017cenie samochod\u00f3w dostawczych w Turynie - Oddzia\u0142 Piemont\" width=\"800\" height=\"594\" srcset=\"https:\/\/www.storevan.com\/wp-content\/uploads\/2019\/02\/IMG_4435.jpg 800w, https:\/\/www.storevan.com\/wp-content\/uploads\/2019\/02\/IMG_4435-300x223.jpg 300w, https:\/\/www.storevan.com\/wp-content\/uploads\/2019\/02\/IMG_4435-768x570.jpg 768w\" sizes=\"(max-width: 800px) 100vw, 800px\" \/><\/a><a class=\"col-xs-12 col-md-6\" title=\"Wyposa\u017cenie samochod\u00f3w dostawczych w Turynie\" href=\"https:\/\/www.storevan.com\/wp-content\/uploads\/2019\/02\/IMG_4434-300x223.jpg\"><img decoding=\"async\" loading=\"lazy\" class=\"aligncenter size-medium wp-image-97438\" src=\"https:\/\/www.storevan.com\/wp-content\/uploads\/2019\/02\/IMG_4434-300x223.jpg\" alt=\"Wyposa\u017cenie samochod\u00f3w dostawczych w Turynie\" width=\"300\" height=\"223\" srcset=\"https:\/\/www.storevan.com\/wp-content\/uploads\/2019\/02\/IMG_4434-300x223.jpg 300w, https:\/\/www.storevan.com\/wp-content\/uploads\/2019\/02\/IMG_4434-768x570.jpg 768w, https:\/\/www.storevan.com\/wp-content\/uploads\/2019\/02\/IMG_4434.jpg 800w\" sizes=\"(max-width: 300px) 100vw, 300px\" \/><\/a><\/p>\n<div class=\"break\"><\/div>\n<\/div>\n<div class=\"col-xs-12 col-md-6\">\n<p><strong>PIEMONTE &#8211; FAMI S.r.l<\/strong>.<br \/>\nStrada del Portone, 61<br \/>\n10137 Torino (<a title=\"Przejazd do Store Van \u2013 Turyn\" href=\"https:\/\/goo.gl\/maps\/fS8U1yWZC8n\" target=\"_blank\" rel=\"nofollow noreferrer noopener\">Otw\u00f3rz map\u0119<\/a>)<br \/>\nTel. <a title=\"Zadzwo\u0144 do Store Van w Turynie ju\u017c teraz!\" href=\"tel:+390113081992\">+39 011 30 81 992<\/a><br \/>\nE-mail <a href=\"mailto:info@storevan.it\">info@storevan.it<\/a><br \/>\n<strong>Czas otwarcia::<\/strong><br \/>\nOd poniedzia\u0142ku do pi\u0105tku od 8.30 do 12.30 i od 13.30 do 17.30<\/p>\n<\/div>\n<div class=\"break\"><\/div>\n<div class=\"demo-sep\" style=\"margin-top: 40px;\"><\/div>\n<div class=\"one_half\">\n<p><em><span style=\"color: #ff9900;\"><strong>BIELLA, ASTI, TORINO, CUNEO<\/strong><\/span><\/em><\/p>\n<p><strong>ENRICO MACINA<\/strong><br \/>\nTel. +39\u00a0349 0797858<br \/>\n<a href=\"mailto:enrico.macina@storevan.it\">enrico.macina@storevan.it<\/a><\/p>\n<\/div>\n<div class=\"one_half last\">\n<p><em><span style=\"color: #ff9900;\"><strong>AOSTA, ALESSANDRIA, NOVARA, VERCELLI, VERBANIA<\/strong><\/span><\/em><\/p>\n<p><strong>DANIELE SPAGNOLO<\/strong><br \/>\nTel. +39 335 1510978<br \/>\n<a href=\"mailto:daniele.spagnolo@storevan.it\">daniele.spagnolo@storevan.it<\/a><\/p>\n<\/div><div class=\"clearboth\"><\/div>\n<div class=\"break\"><\/div>\n","protected":false},"excerpt":{"rendered":"<p>Wyposa\u017cenie samochod\u00f3w dostawczych w Turynie &#8211; Oddzia\u0142 Piemont SZUKASZ SPECJALISTY OD WYPOSA\u017bENIA SAMOCHOD\u00d3W DOSTAWCZYCH W TURYNIE? Odwied\u017a nas w nowym oddziale Store Van w Turynie. Nasze systemy s\u0105 w ca\u0142kowicie.<\/p>\n","protected":false},"author":470,"featured_media":0,"parent":0,"menu_order":0,"comment_status":"closed","ping_status":"closed","template":"","meta":[],"acf":[],"yoast_head":"<!-- This site is optimized with the Yoast SEO plugin v20.11 - https:\/\/yoast.com\/wordpress\/plugins\/seo\/ -->\n<title>Wyposa\u017cenie samochod\u00f3w dostawczych w Turynie - Oddzia\u0142 Piemont<\/title>\n<meta name=\"description\" content=\"Odwied\u017a nas w oddziale Store Van w Turynie, w kt\u00f3rym wyposa\u017camy samochody dostawcze. Skorzystaj z naszych rozwi\u0105za\u0144 i zamie\u0144 sw\u00f3j samoch\u00f3d dostawczy w mobilny warsztat.\" \/>\n<meta name=\"robots\" content=\"index, follow, max-snippet:-1, max-image-preview:large, max-video-preview:-1\" \/>\n<link rel=\"canonical\" href=\"https:\/\/www.storevan.com\/pl\/wyposazenie-samochodow-dostawczych-w-turynie-oddzial-piemont\/\" \/>\n<meta property=\"og:locale\" content=\"pl_PL\" \/>\n<meta property=\"og:type\" content=\"article\" \/>\n<meta property=\"og:title\" content=\"Wyposa\u017cenie samochod\u00f3w dostawczych w Turynie - Oddzia\u0142 Piemont\" \/>\n<meta property=\"og:description\" content=\"Odwied\u017a nas w oddziale Store Van w Turynie, w kt\u00f3rym wyposa\u017camy samochody dostawcze. Skorzystaj z naszych rozwi\u0105za\u0144 i zamie\u0144 sw\u00f3j samoch\u00f3d dostawczy w mobilny warsztat.\" \/>\n<meta property=\"og:url\" content=\"https:\/\/www.storevan.com\/pl\/wyposazenie-samochodow-dostawczych-w-turynie-oddzial-piemont\/\" \/>\n<meta property=\"og:site_name\" content=\"Store Van\" \/>\n<meta property=\"article:modified_time\" content=\"2024-02-07T11:01:04+00:00\" \/>\n<meta property=\"og:image\" content=\"https:\/\/www.storevan.com\/wp-content\/uploads\/2019\/02\/IMG_4435.jpg\" \/>\n<meta name=\"twitter:label1\" content=\"Szacowany czas czytania\" \/>\n\t<meta name=\"twitter:data1\" content=\"2 minuty\" \/>\n<script type=\"application\/ld+json\" class=\"yoast-schema-graph\">{\"@context\":\"https:\/\/schema.org\",\"@graph\":[{\"@type\":\"WebPage\",\"@id\":\"https:\/\/www.storevan.com\/pl\/wyposazenie-samochodow-dostawczych-w-turynie-oddzial-piemont\/\",\"url\":\"https:\/\/www.storevan.com\/pl\/wyposazenie-samochodow-dostawczych-w-turynie-oddzial-piemont\/\",\"name\":\"Wyposa\u017cenie samochod\u00f3w dostawczych w Turynie - Oddzia\u0142 Piemont\",\"isPartOf\":{\"@id\":\"https:\/\/www.storevan.com\/pl\/#website\"},\"datePublished\":\"2017-12-04T15:26:15+00:00\",\"dateModified\":\"2024-02-07T11:01:04+00:00\",\"description\":\"Odwied\u017a nas w oddziale Store Van w Turynie, w kt\u00f3rym wyposa\u017camy samochody dostawcze. Skorzystaj z naszych rozwi\u0105za\u0144 i zamie\u0144 sw\u00f3j samoch\u00f3d dostawczy w mobilny warsztat.\",\"breadcrumb\":{\"@id\":\"https:\/\/www.storevan.com\/pl\/wyposazenie-samochodow-dostawczych-w-turynie-oddzial-piemont\/#breadcrumb\"},\"inLanguage\":\"pl-PL\",\"potentialAction\":[{\"@type\":\"ReadAction\",\"target\":[\"https:\/\/www.storevan.com\/pl\/wyposazenie-samochodow-dostawczych-w-turynie-oddzial-piemont\/\"]}]},{\"@type\":\"BreadcrumbList\",\"@id\":\"https:\/\/www.storevan.com\/pl\/wyposazenie-samochodow-dostawczych-w-turynie-oddzial-piemont\/#breadcrumb\",\"itemListElement\":[{\"@type\":\"ListItem\",\"position\":1,\"name\":\"Home\",\"item\":\"https:\/\/www.storevan.com\/pl\/\"},{\"@type\":\"ListItem\",\"position\":2,\"name\":\"Wyposa\u017cenie samochod\u00f3w dostawczych w Turynie &#8211; Oddzia\u0142 Piemont\"}]},{\"@type\":\"WebSite\",\"@id\":\"https:\/\/www.storevan.com\/pl\/#website\",\"url\":\"https:\/\/www.storevan.com\/pl\/\",\"name\":\"Store Van\",\"description\":\"Zabudowy\",\"potentialAction\":[{\"@type\":\"SearchAction\",\"target\":{\"@type\":\"EntryPoint\",\"urlTemplate\":\"https:\/\/www.storevan.com\/pl\/?s={search_term_string}\"},\"query-input\":\"required name=search_term_string\"}],\"inLanguage\":\"pl-PL\"}]}<\/script>\n<!-- \/ Yoast SEO plugin. -->","yoast_head_json":{"title":"Wyposa\u017cenie samochod\u00f3w dostawczych w Turynie - Oddzia\u0142 Piemont","description":"Odwied\u017a nas w oddziale Store Van w Turynie, w kt\u00f3rym wyposa\u017camy samochody dostawcze. Skorzystaj z naszych rozwi\u0105za\u0144 i zamie\u0144 sw\u00f3j samoch\u00f3d dostawczy w mobilny warsztat.","robots":{"index":"index","follow":"follow","max-snippet":"max-snippet:-1","max-image-preview":"max-image-preview:large","max-video-preview":"max-video-preview:-1"},"canonical":"https:\/\/www.storevan.com\/pl\/wyposazenie-samochodow-dostawczych-w-turynie-oddzial-piemont\/","og_locale":"pl_PL","og_type":"article","og_title":"Wyposa\u017cenie samochod\u00f3w dostawczych w Turynie - Oddzia\u0142 Piemont","og_description":"Odwied\u017a nas w oddziale Store Van w Turynie, w kt\u00f3rym wyposa\u017camy samochody dostawcze. Skorzystaj z naszych rozwi\u0105za\u0144 i zamie\u0144 sw\u00f3j samoch\u00f3d dostawczy w mobilny warsztat.","og_url":"https:\/\/www.storevan.com\/pl\/wyposazenie-samochodow-dostawczych-w-turynie-oddzial-piemont\/","og_site_name":"Store Van","article_modified_time":"2024-02-07T11:01:04+00:00","og_image":[{"url":"https:\/\/www.storevan.com\/wp-content\/uploads\/2019\/02\/IMG_4435.jpg"}],"twitter_misc":{"Szacowany czas czytania":"2 minuty"},"schema":{"@context":"https:\/\/schema.org","@graph":[{"@type":"WebPage","@id":"https:\/\/www.storevan.com\/pl\/wyposazenie-samochodow-dostawczych-w-turynie-oddzial-piemont\/","url":"https:\/\/www.storevan.com\/pl\/wyposazenie-samochodow-dostawczych-w-turynie-oddzial-piemont\/","name":"Wyposa\u017cenie samochod\u00f3w dostawczych w Turynie - Oddzia\u0142 Piemont","isPartOf":{"@id":"https:\/\/www.storevan.com\/pl\/#website"},"datePublished":"2017-12-04T15:26:15+00:00","dateModified":"2024-02-07T11:01:04+00:00","description":"Odwied\u017a nas w oddziale Store Van w Turynie, w kt\u00f3rym wyposa\u017camy samochody dostawcze. Skorzystaj z naszych rozwi\u0105za\u0144 i zamie\u0144 sw\u00f3j samoch\u00f3d dostawczy w mobilny warsztat.","breadcrumb":{"@id":"https:\/\/www.storevan.com\/pl\/wyposazenie-samochodow-dostawczych-w-turynie-oddzial-piemont\/#breadcrumb"},"inLanguage":"pl-PL","potentialAction":[{"@type":"ReadAction","target":["https:\/\/www.storevan.com\/pl\/wyposazenie-samochodow-dostawczych-w-turynie-oddzial-piemont\/"]}]},{"@type":"BreadcrumbList","@id":"https:\/\/www.storevan.com\/pl\/wyposazenie-samochodow-dostawczych-w-turynie-oddzial-piemont\/#breadcrumb","itemListElement":[{"@type":"ListItem","position":1,"name":"Home","item":"https:\/\/www.storevan.com\/pl\/"},{"@type":"ListItem","position":2,"name":"Wyposa\u017cenie samochod\u00f3w dostawczych w Turynie &#8211; Oddzia\u0142 Piemont"}]},{"@type":"WebSite","@id":"https:\/\/www.storevan.com\/pl\/#website","url":"https:\/\/www.storevan.com\/pl\/","name":"Store Van","description":"Zabudowy","potentialAction":[{"@type":"SearchAction","target":{"@type":"EntryPoint","urlTemplate":"https:\/\/www.storevan.com\/pl\/?s={search_term_string}"},"query-input":"required name=search_term_string"}],"inLanguage":"pl-PL"}]}},"_links":{"self":[{"href":"https:\/\/www.storevan.com\/pl\/wp-json\/wp\/v2\/pages\/154751"}],"collection":[{"href":"https:\/\/www.storevan.com\/pl\/wp-json\/wp\/v2\/pages"}],"about":[{"href":"https:\/\/www.storevan.com\/pl\/wp-json\/wp\/v2\/types\/page"}],"author":[{"embeddable":true,"href":"https:\/\/www.storevan.com\/pl\/wp-json\/wp\/v2\/users\/470"}],"replies":[{"embeddable":true,"href":"https:\/\/www.storevan.com\/pl\/wp-json\/wp\/v2\/comments?post=154751"}],"version-history":[{"count":2,"href":"https:\/\/www.storevan.com\/pl\/wp-json\/wp\/v2\/pages\/154751\/revisions"}],"predecessor-version":[{"id":154753,"href":"https:\/\/www.storevan.com\/pl\/wp-json\/wp\/v2\/pages\/154751\/revisions\/154753"}],"wp:attachment":[{"href":"https:\/\/www.storevan.com\/pl\/wp-json\/wp\/v2\/media?parent=154751"}],"curies":[{"name":"wp","href":"https:\/\/api.w.org\/{rel}","templated":true}]}}