{"id":119554,"date":"2019-01-08T14:22:20","date_gmt":"2019-01-08T14:22:20","guid":{"rendered":"https:\/\/www.storevan.com\/zabudowy-specjalne-do-samochodow-dostawczych-z-wyposazeniem\/sprzedaz\/vendita-volkswagen-crafter\/"},"modified":"2020-07-31T09:46:44","modified_gmt":"2020-07-31T09:46:44","slug":"indywidualne-rozwiazanie-do-pozjadu-demo-dla-firmy-einhell-volkswagen-crafter","status":"publish","type":"page","link":"https:\/\/www.storevan.com\/pl\/zabudowy-specjalne-do-samochodow-dostawczych-z-wyposazeniem\/sprzedaz\/indywidualne-rozwiazanie-do-pozjadu-demo-dla-firmy-einhell-volkswagen-crafter\/","title":{"rendered":"Indywidualne rozwi\u0105zanie do pozjadu Demo dla firmy Einhell"},"content":{"rendered":"<h1 class=\"customblackTitleSmall\">Indywidualne rozwi\u0105zanie do pozjadu Demo dla firmy Einhell<\/h1>\n<hr class=\"noColor\" \/>\n<div class=\"one_half\">\n<p><img decoding=\"async\" loading=\"lazy\" src=\"https:\/\/www.storevan.com\/wp-content\/uploads\/2019\/10\/v-crafter-00.jpg\" alt=\"Indywidualne rozwi\u0105zanie do pozjadu Demo dla firmy Einhell\" width=\"525\" height=\"525\" class=\"aligncenter size-full wp-image-109239\" srcset=\"https:\/\/www.storevan.com\/wp-content\/uploads\/2019\/10\/v-crafter-00.jpg 525w, https:\/\/www.storevan.com\/wp-content\/uploads\/2019\/10\/v-crafter-00-150x150.jpg 150w, https:\/\/www.storevan.com\/wp-content\/uploads\/2019\/10\/v-crafter-00-300x300.jpg 300w, https:\/\/www.storevan.com\/wp-content\/uploads\/2019\/10\/v-crafter-00-48x48.jpg 48w, https:\/\/www.storevan.com\/wp-content\/uploads\/2019\/10\/v-crafter-00-480x480.jpg 480w\" sizes=\"(max-width: 525px) 100vw, 525px\" \/><\/p>\n<p>Specjalne wyposa\u017cenie dla Einhell, znanej niemieckiej firmy specjalizuj\u0105cej si\u0119 w rozwi\u0105zaniach dla dom\u00f3w, ogrod\u00f3w i rekreacji. Dzi\u0119ki tej zabudowie dla Volkswagen Crafter, EinHell mo\u017ce prezentowa\u0107 swoje produkty w uporz\u0105dkowany, widoczny i przede wszystkim bezpieczny spos\u00f3b.<\/p>\n<\/div><div class=\"one_half last\">\n<h2 class=\"bigTxt txtBkOrange\">ZABUDOWA DO VOLKSWAGEN CRAFTER L3 H3<\/h2>\n<h3>UWAGI TECHNICZNE:\u00a0<\/h3>\n<ul class=\"arrow nomarg\">\n<li>Pod\u0142oga Safety Floor.<\/li>\n<li>Panele boczne z blachy z kwadratowymi otworami.<\/li>\n<li>Sto\u0142y warsztatowe z szufladami do samochod\u00f3w dostawczych.<\/li>\n<li>Apteczka.<\/li>\n<li>Wysuwane blaty z imad\u0142em.<\/li>\n<\/ul>\n<hr class=\"noColor\" \/>\n<div class=\"ts-gallery col-md-10 col-md-offset-1\">\n<div class=\"borderTitleCenterOrange\"><\/div>\n<div class=\"col-xs-3 col-md-3\"><a href=\"https:\/\/www.storevan.com\/wp-content\/uploads\/2019\/01\/allestimento-furgone-Einhell.jpg\"><img decoding=\"async\" loading=\"lazy\" class=\"aligncenter size-thumbnail wp-image-95683\" src=\"https:\/\/www.storevan.com\/wp-content\/uploads\/2019\/01\/allestimento-furgone-Einhell-150x150.jpg\" alt=\"Indywidualne rozwi\u0105zanie do pozjadu Demo dla firmy Einhell\" width=\"150\" height=\"150\" srcset=\"https:\/\/www.storevan.com\/wp-content\/uploads\/2019\/01\/allestimento-furgone-Einhell-150x150.jpg 150w, https:\/\/www.storevan.com\/wp-content\/uploads\/2019\/01\/allestimento-furgone-Einhell-300x300.jpg 300w, https:\/\/www.storevan.com\/wp-content\/uploads\/2019\/01\/allestimento-furgone-Einhell-768x768.jpg 768w, https:\/\/www.storevan.com\/wp-content\/uploads\/2019\/01\/allestimento-furgone-Einhell-48x48.jpg 48w, https:\/\/www.storevan.com\/wp-content\/uploads\/2019\/01\/allestimento-furgone-Einhell-480x480.jpg 480w, https:\/\/www.storevan.com\/wp-content\/uploads\/2019\/01\/allestimento-furgone-Einhell.jpg 800w\" sizes=\"(max-width: 150px) 100vw, 150px\" \/><\/a><\/div>\n<div class=\"col-xs-3 col-md-3\"><a href=\"https:\/\/www.storevan.com\/wp-content\/uploads\/2019\/01\/Einhell-StoreVan.jpg\"><img decoding=\"async\" loading=\"lazy\" class=\"aligncenter size-thumbnail wp-image-95689\" src=\"https:\/\/www.storevan.com\/wp-content\/uploads\/2019\/01\/Einhell-StoreVan-150x150.jpg\" alt=\"Indywidualne rozwi\u0105zanie do pozjadu Demo dla firmy Einhell\" width=\"150\" height=\"150\" srcset=\"https:\/\/www.storevan.com\/wp-content\/uploads\/2019\/01\/Einhell-StoreVan-150x150.jpg 150w, https:\/\/www.storevan.com\/wp-content\/uploads\/2019\/01\/Einhell-StoreVan-300x300.jpg 300w, https:\/\/www.storevan.com\/wp-content\/uploads\/2019\/01\/Einhell-StoreVan-768x768.jpg 768w, https:\/\/www.storevan.com\/wp-content\/uploads\/2019\/01\/Einhell-StoreVan-48x48.jpg 48w, https:\/\/www.storevan.com\/wp-content\/uploads\/2019\/01\/Einhell-StoreVan-480x480.jpg 480w, https:\/\/www.storevan.com\/wp-content\/uploads\/2019\/01\/Einhell-StoreVan.jpg 800w\" sizes=\"(max-width: 150px) 100vw, 150px\" \/><\/a><\/div>\n<div class=\"col-xs-3 col-md-3\"><a href=\"https:\/\/www.storevan.com\/wp-content\/uploads\/2019\/01\/allestimento-store-van-Crafter-Volkswagen.jpg\"><img decoding=\"async\" loading=\"lazy\" class=\"aligncenter size-thumbnail wp-image-95695\" src=\"https:\/\/www.storevan.com\/wp-content\/uploads\/2019\/01\/allestimento-store-van-Crafter-Volkswagen-150x150.jpg\" alt=\"Indywidualne rozwi\u0105zanie do pozjadu Demo dla firmy Einhell\" width=\"150\" height=\"150\" srcset=\"https:\/\/www.storevan.com\/wp-content\/uploads\/2019\/01\/allestimento-store-van-Crafter-Volkswagen-150x150.jpg 150w, https:\/\/www.storevan.com\/wp-content\/uploads\/2019\/01\/allestimento-store-van-Crafter-Volkswagen-300x300.jpg 300w, https:\/\/www.storevan.com\/wp-content\/uploads\/2019\/01\/allestimento-store-van-Crafter-Volkswagen-768x768.jpg 768w, https:\/\/www.storevan.com\/wp-content\/uploads\/2019\/01\/allestimento-store-van-Crafter-Volkswagen-48x48.jpg 48w, https:\/\/www.storevan.com\/wp-content\/uploads\/2019\/01\/allestimento-store-van-Crafter-Volkswagen-480x480.jpg 480w, https:\/\/www.storevan.com\/wp-content\/uploads\/2019\/01\/allestimento-store-van-Crafter-Volkswagen.jpg 800w\" sizes=\"(max-width: 150px) 100vw, 150px\" \/><\/a><\/div>\n<div class=\"col-xs-3 col-md-3\"><a href=\"https:\/\/www.storevan.com\/wp-content\/uploads\/2019\/01\/allestimento-su-misura-store-van.jpg\"><img decoding=\"async\" loading=\"lazy\" class=\"aligncenter size-thumbnail wp-image-95701\" src=\"https:\/\/www.storevan.com\/wp-content\/uploads\/2019\/01\/allestimento-su-misura-store-van-150x150.jpg\" alt=\"Indywidualne rozwi\u0105zanie do pozjadu Demo dla firmy Einhell\" width=\"150\" height=\"150\" srcset=\"https:\/\/www.storevan.com\/wp-content\/uploads\/2019\/01\/allestimento-su-misura-store-van-150x150.jpg 150w, https:\/\/www.storevan.com\/wp-content\/uploads\/2019\/01\/allestimento-su-misura-store-van-300x300.jpg 300w, https:\/\/www.storevan.com\/wp-content\/uploads\/2019\/01\/allestimento-su-misura-store-van-768x768.jpg 768w, https:\/\/www.storevan.com\/wp-content\/uploads\/2019\/01\/allestimento-su-misura-store-van-48x48.jpg 48w, https:\/\/www.storevan.com\/wp-content\/uploads\/2019\/01\/allestimento-su-misura-store-van-480x480.jpg 480w, https:\/\/www.storevan.com\/wp-content\/uploads\/2019\/01\/allestimento-su-misura-store-van.jpg 800w\" sizes=\"(max-width: 150px) 100vw, 150px\" \/><\/a><\/div>\n<hr class=\"noColor break\" \/>\n<div class=\"col-xs-3 col-md-3\"><a href=\"https:\/\/www.storevan.com\/wp-content\/uploads\/2019\/01\/cassettiere-e-scaffali-per-furgoni.jpg\"><img decoding=\"async\" loading=\"lazy\" class=\"aligncenter size-thumbnail wp-image-95713\" src=\"https:\/\/www.storevan.com\/wp-content\/uploads\/2019\/01\/cassettiere-e-scaffali-per-furgoni-150x150.jpg\" alt=\"Indywidualne rozwi\u0105zanie do pozjadu Demo dla firmy Einhell\" width=\"150\" height=\"150\" srcset=\"https:\/\/www.storevan.com\/wp-content\/uploads\/2019\/01\/cassettiere-e-scaffali-per-furgoni-150x150.jpg 150w, https:\/\/www.storevan.com\/wp-content\/uploads\/2019\/01\/cassettiere-e-scaffali-per-furgoni-300x300.jpg 300w, https:\/\/www.storevan.com\/wp-content\/uploads\/2019\/01\/cassettiere-e-scaffali-per-furgoni-768x768.jpg 768w, https:\/\/www.storevan.com\/wp-content\/uploads\/2019\/01\/cassettiere-e-scaffali-per-furgoni-48x48.jpg 48w, https:\/\/www.storevan.com\/wp-content\/uploads\/2019\/01\/cassettiere-e-scaffali-per-furgoni-480x480.jpg 480w, https:\/\/www.storevan.com\/wp-content\/uploads\/2019\/01\/cassettiere-e-scaffali-per-furgoni.jpg 800w\" sizes=\"(max-width: 150px) 100vw, 150px\" \/><\/a><\/div>\n<div class=\"col-xs-3 col-md-3\"><a href=\"https:\/\/www.storevan.com\/wp-content\/uploads\/2019\/01\/ganci-per-parete-attrezzata.jpg\"><img decoding=\"async\" loading=\"lazy\" class=\"aligncenter size-thumbnail wp-image-95719\" src=\"https:\/\/www.storevan.com\/wp-content\/uploads\/2019\/01\/ganci-per-parete-attrezzata-150x150.jpg\" alt=\"Indywidualne rozwi\u0105zanie do pozjadu Demo dla firmy Einhell\" width=\"150\" height=\"150\" srcset=\"https:\/\/www.storevan.com\/wp-content\/uploads\/2019\/01\/ganci-per-parete-attrezzata-150x150.jpg 150w, https:\/\/www.storevan.com\/wp-content\/uploads\/2019\/01\/ganci-per-parete-attrezzata-300x300.jpg 300w, https:\/\/www.storevan.com\/wp-content\/uploads\/2019\/01\/ganci-per-parete-attrezzata-768x768.jpg 768w, https:\/\/www.storevan.com\/wp-content\/uploads\/2019\/01\/ganci-per-parete-attrezzata-48x48.jpg 48w, https:\/\/www.storevan.com\/wp-content\/uploads\/2019\/01\/ganci-per-parete-attrezzata-480x480.jpg 480w, https:\/\/www.storevan.com\/wp-content\/uploads\/2019\/01\/ganci-per-parete-attrezzata.jpg 800w\" sizes=\"(max-width: 150px) 100vw, 150px\" \/><\/a><\/div>\n<div class=\"col-xs-3 col-md-3\"><a href=\"https:\/\/www.storevan.com\/wp-content\/uploads\/2019\/01\/cassettiera-per-furgone-VW-Crafter.jpg\"><img decoding=\"async\" loading=\"lazy\" class=\"aligncenter size-thumbnail wp-image-95725\" src=\"https:\/\/www.storevan.com\/wp-content\/uploads\/2019\/01\/cassettiera-per-furgone-VW-Crafter-150x150.jpg\" alt=\"Indywidualne rozwi\u0105zanie do pozjadu Demo dla firmy Einhell\" width=\"150\" height=\"150\" srcset=\"https:\/\/www.storevan.com\/wp-content\/uploads\/2019\/01\/cassettiera-per-furgone-VW-Crafter-150x150.jpg 150w, https:\/\/www.storevan.com\/wp-content\/uploads\/2019\/01\/cassettiera-per-furgone-VW-Crafter-300x300.jpg 300w, https:\/\/www.storevan.com\/wp-content\/uploads\/2019\/01\/cassettiera-per-furgone-VW-Crafter-768x768.jpg 768w, https:\/\/www.storevan.com\/wp-content\/uploads\/2019\/01\/cassettiera-per-furgone-VW-Crafter-48x48.jpg 48w, https:\/\/www.storevan.com\/wp-content\/uploads\/2019\/01\/cassettiera-per-furgone-VW-Crafter-480x480.jpg 480w, https:\/\/www.storevan.com\/wp-content\/uploads\/2019\/01\/cassettiera-per-furgone-VW-Crafter.jpg 800w\" sizes=\"(max-width: 150px) 100vw, 150px\" \/><\/a><\/div>\n<div class=\"col-xs-3 col-md-3\"><a href=\"https:\/\/www.storevan.com\/wp-content\/uploads\/2019\/01\/luci-a-led-per-furgoni.jpg\"><img decoding=\"async\" loading=\"lazy\" class=\"aligncenter size-thumbnail wp-image-95737\" src=\"https:\/\/www.storevan.com\/wp-content\/uploads\/2019\/01\/luci-a-led-per-furgoni-150x150.jpg\" alt=\"Indywidualne rozwi\u0105zanie do pozjadu Demo dla firmy Einhell\" width=\"150\" height=\"150\" srcset=\"https:\/\/www.storevan.com\/wp-content\/uploads\/2019\/01\/luci-a-led-per-furgoni-150x150.jpg 150w, https:\/\/www.storevan.com\/wp-content\/uploads\/2019\/01\/luci-a-led-per-furgoni-300x300.jpg 300w, https:\/\/www.storevan.com\/wp-content\/uploads\/2019\/01\/luci-a-led-per-furgoni-768x768.jpg 768w, https:\/\/www.storevan.com\/wp-content\/uploads\/2019\/01\/luci-a-led-per-furgoni-48x48.jpg 48w, https:\/\/www.storevan.com\/wp-content\/uploads\/2019\/01\/luci-a-led-per-furgoni-480x480.jpg 480w, https:\/\/www.storevan.com\/wp-content\/uploads\/2019\/01\/luci-a-led-per-furgoni.jpg 800w\" sizes=\"(max-width: 150px) 100vw, 150px\" \/><\/a><\/div>\n<hr class=\"noColor break\" \/>\n<div class=\"col-xs-3 col-md-3\"><a href=\"https:\/\/www.storevan.com\/wp-content\/uploads\/2019\/01\/parete-attrezzata-per-furgone.jpg\"><img decoding=\"async\" loading=\"lazy\" class=\"aligncenter size-thumbnail wp-image-95743\" src=\"https:\/\/www.storevan.com\/wp-content\/uploads\/2019\/01\/parete-attrezzata-per-furgone-150x150.jpg\" alt=\"Indywidualne rozwi\u0105zanie do pozjadu Demo dla firmy Einhell\" width=\"150\" height=\"150\" srcset=\"https:\/\/www.storevan.com\/wp-content\/uploads\/2019\/01\/parete-attrezzata-per-furgone-150x150.jpg 150w, https:\/\/www.storevan.com\/wp-content\/uploads\/2019\/01\/parete-attrezzata-per-furgone-300x300.jpg 300w, https:\/\/www.storevan.com\/wp-content\/uploads\/2019\/01\/parete-attrezzata-per-furgone-768x768.jpg 768w, https:\/\/www.storevan.com\/wp-content\/uploads\/2019\/01\/parete-attrezzata-per-furgone-48x48.jpg 48w, https:\/\/www.storevan.com\/wp-content\/uploads\/2019\/01\/parete-attrezzata-per-furgone-480x480.jpg 480w, https:\/\/www.storevan.com\/wp-content\/uploads\/2019\/01\/parete-attrezzata-per-furgone.jpg 800w\" sizes=\"(max-width: 150px) 100vw, 150px\" \/><\/a><\/div>\n<div class=\"col-xs-3 col-md-3\"><a href=\"https:\/\/www.storevan.com\/wp-content\/uploads\/2019\/01\/pianale-in-legno-per-crafter.jpg\"><img decoding=\"async\" loading=\"lazy\" class=\"aligncenter size-thumbnail wp-image-95755\" src=\"https:\/\/www.storevan.com\/wp-content\/uploads\/2019\/01\/pianale-in-legno-per-crafter-150x150.jpg\" alt=\"Indywidualne rozwi\u0105zanie do pozjadu Demo dla firmy Einhell\" width=\"150\" height=\"150\" srcset=\"https:\/\/www.storevan.com\/wp-content\/uploads\/2019\/01\/pianale-in-legno-per-crafter-150x150.jpg 150w, https:\/\/www.storevan.com\/wp-content\/uploads\/2019\/01\/pianale-in-legno-per-crafter-300x300.jpg 300w, https:\/\/www.storevan.com\/wp-content\/uploads\/2019\/01\/pianale-in-legno-per-crafter-768x768.jpg 768w, https:\/\/www.storevan.com\/wp-content\/uploads\/2019\/01\/pianale-in-legno-per-crafter-48x48.jpg 48w, https:\/\/www.storevan.com\/wp-content\/uploads\/2019\/01\/pianale-in-legno-per-crafter-480x480.jpg 480w, https:\/\/www.storevan.com\/wp-content\/uploads\/2019\/01\/pianale-in-legno-per-crafter.jpg 800w\" sizes=\"(max-width: 150px) 100vw, 150px\" \/><\/a><\/div>\n<div class=\"col-xs-3 col-md-3\"><a href=\"https:\/\/www.storevan.com\/wp-content\/uploads\/2019\/01\/rivestimento-furgone-crafter.jpg\"><img decoding=\"async\" loading=\"lazy\" class=\"aligncenter size-thumbnail wp-image-95761\" src=\"https:\/\/www.storevan.com\/wp-content\/uploads\/2019\/01\/rivestimento-furgone-crafter-150x150.jpg\" alt=\"Indywidualne rozwi\u0105zanie do pozjadu Demo dla firmy Einhell\" width=\"150\" height=\"150\" srcset=\"https:\/\/www.storevan.com\/wp-content\/uploads\/2019\/01\/rivestimento-furgone-crafter-150x150.jpg 150w, https:\/\/www.storevan.com\/wp-content\/uploads\/2019\/01\/rivestimento-furgone-crafter-300x300.jpg 300w, https:\/\/www.storevan.com\/wp-content\/uploads\/2019\/01\/rivestimento-furgone-crafter-768x768.jpg 768w, https:\/\/www.storevan.com\/wp-content\/uploads\/2019\/01\/rivestimento-furgone-crafter-48x48.jpg 48w, https:\/\/www.storevan.com\/wp-content\/uploads\/2019\/01\/rivestimento-furgone-crafter-480x480.jpg 480w, https:\/\/www.storevan.com\/wp-content\/uploads\/2019\/01\/rivestimento-furgone-crafter.jpg 800w\" sizes=\"(max-width: 150px) 100vw, 150px\" \/><\/a><\/div>\n<div class=\"col-xs-3 col-md-3\"><a href=\"https:\/\/www.storevan.com\/wp-content\/uploads\/2019\/01\/parete-forata-Crafter-Volkswagen.jpg\"><img decoding=\"async\" loading=\"lazy\" class=\"aligncenter size-thumbnail wp-image-95767\" src=\"https:\/\/www.storevan.com\/wp-content\/uploads\/2019\/01\/parete-forata-Crafter-Volkswagen-150x150.jpg\" alt=\"Indywidualne rozwi\u0105zanie do pozjadu Demo dla firmy Einhell\" width=\"150\" height=\"150\" srcset=\"https:\/\/www.storevan.com\/wp-content\/uploads\/2019\/01\/parete-forata-Crafter-Volkswagen-150x150.jpg 150w, https:\/\/www.storevan.com\/wp-content\/uploads\/2019\/01\/parete-forata-Crafter-Volkswagen-300x300.jpg 300w, https:\/\/www.storevan.com\/wp-content\/uploads\/2019\/01\/parete-forata-Crafter-Volkswagen-768x768.jpg 768w, https:\/\/www.storevan.com\/wp-content\/uploads\/2019\/01\/parete-forata-Crafter-Volkswagen-48x48.jpg 48w, https:\/\/www.storevan.com\/wp-content\/uploads\/2019\/01\/parete-forata-Crafter-Volkswagen-480x480.jpg 480w, https:\/\/www.storevan.com\/wp-content\/uploads\/2019\/01\/parete-forata-Crafter-Volkswagen.jpg 800w\" sizes=\"(max-width: 150px) 100vw, 150px\" \/><\/a><\/div>\n<hr class=\"noColor break\" \/>\n<div class=\"borderTitleCenterOrange\"><\/div>\n<\/div>\n<hr class=\"noColor break\" \/>\n<hr \/>\n<div class=\"text-center\"><a class=\"btn btn-download btnToggle\"><i class=\"fa fa-envelope\"><\/i> <span class=\"spanBtn\">NAPISZ<\/span><br \/>\nskontaktujemy si\u0119<\/a><\/div>\n<\/div><div class=\"clearboth\"><\/div>\n<div class=\"break\"><\/div>\n<hr class=\"noColor\" \/>\n<a name=\"formcontatto\"><\/a><\/p>\n<div class=\"formToggle\">\n<h4 class=\"bigTxt text-center txtBkOrange\"><i class=\"fa fa-envelope pull-left\"><\/i>CHCESZ WIEDZIE\u0106 WI\u0118CEJ?<\/h4>\n\n<div class=\"wpcf7 no-js\" id=\"wpcf7-f67676-o1\" lang=\"it-IT\" dir=\"ltr\">\n<div class=\"screen-reader-response\"><p role=\"status\" aria-live=\"polite\" aria-atomic=\"true\"><\/p> <ul><\/ul><\/div>\n<form action=\"\/pl\/wp-json\/wp\/v2\/pages\/119554#wpcf7-f67676-o1\" method=\"post\" class=\"wpcf7-form init\" aria-label=\"Modulo di contatto\" novalidate=\"novalidate\" data-status=\"init\">\n<div style=\"display: none;\">\n<input type=\"hidden\" name=\"_wpcf7\" value=\"67676\" \/>\n<input type=\"hidden\" name=\"_wpcf7_version\" value=\"5.7.7\" \/>\n<input type=\"hidden\" name=\"_wpcf7_locale\" value=\"it_IT\" \/>\n<input type=\"hidden\" name=\"_wpcf7_unit_tag\" value=\"wpcf7-f67676-o1\" \/>\n<input type=\"hidden\" name=\"_wpcf7_container_post\" value=\"0\" \/>\n<input type=\"hidden\" name=\"_wpcf7_posted_data_hash\" value=\"\" \/>\n<input type=\"hidden\" name=\"_wpcf7_recaptcha_response\" value=\"\" \/>\n<\/div>\n<span class=\"wpcf7-form-control-wrap url\" data-name=\"url\"><input type=\"hidden\" name=\"url\" size=\"40\" class=\"wpcf7-form-control wpcf7-hidden wpcf7dtx wpcf7dtx-hidden\" aria-invalid=\"false\" value=\"indywidualne-rozwiazanie-do-pozjadu-demo-dla-firmy-einhell-volkswagen-crafter\" autocomplete=\"off\" \/><\/span>\n<p>Wype\u0142nij poni\u017csze pola, aby otrzyma\u0107 wi\u0119cej informacji. Nasz operator skontaktuje si\u0119 z\u00a0tob\u0105 najszybciej, jak to mo\u017cliwe (* pola obowi\u0105zkowe):\n<\/p>\n<div class=\"col-xs-12 col-md-6\">\n\t<p><span class='titoli'>Imi\u0119 (*)<\/span>\n\t<\/p>\n\t<p><span class=\"wpcf7-form-control-wrap\" data-name=\"your-name\"><input size=\"40\" class=\"wpcf7-form-control wpcf7-text wpcf7-validates-as-required form-control\" aria-required=\"true\" aria-invalid=\"false\" value=\"\" type=\"text\" name=\"your-name\" \/><\/span>\n\t<\/p>\n<\/div>\n<div class=\"col-xs-12 col-md-6\">\n\t<p><span class='titoli'>Nazwisko (*)<\/span>\n\t<\/p>\n\t<p><span class=\"wpcf7-form-control-wrap\" data-name=\"your-last-name\"><input size=\"40\" class=\"wpcf7-form-control wpcf7-text wpcf7-validates-as-required form-control\" aria-required=\"true\" aria-invalid=\"false\" value=\"\" type=\"text\" name=\"your-last-name\" \/><\/span>\n\t<\/p>\n<\/div>\n<div class=\"col-xs-12 col-md-6\">\n\t<p><span class='titoli'>Firma (*)<\/span>\n\t<\/p>\n\t<p><span class=\"wpcf7-form-control-wrap\" data-name=\"your-company\"><input size=\"40\" class=\"wpcf7-form-control wpcf7-text wpcf7-validates-as-required form-control\" aria-required=\"true\" aria-invalid=\"false\" value=\"\" type=\"text\" name=\"your-company\" \/><\/span>\n\t<\/p>\n<\/div>\n<div class=\"col-xs-12 col-md-6\">\n\t<p><span class='titoli'>Numer NIP<\/span>\n\t<\/p>\n\t<p><span class=\"wpcf7-form-control-wrap\" data-name=\"p-iva\"><input size=\"40\" class=\"wpcf7-form-control wpcf7-text form-control\" aria-invalid=\"false\" value=\"\" type=\"text\" name=\"p-iva\" \/><\/span>\n\t<\/p>\n<\/div>\n<div class=\"clearboth\">\n<\/div>\n<div class=\"col-xs-12 col-md-4\">\n\t<p><span class='titoli'>Kod pocztowy (*)<\/span>\n\t<\/p>\n\t<p><span class=\"wpcf7-form-control-wrap\" data-name=\"your-zip-code\"><input size=\"40\" class=\"wpcf7-form-control wpcf7-text wpcf7-validates-as-required form-control\" aria-required=\"true\" aria-invalid=\"false\" value=\"\" type=\"text\" name=\"your-zip-code\" \/><\/span>\n\t<\/p>\n<\/div>\n<div class=\"col-xs-12 col-md-4\">\n\t<p><span class='titoli'>Adres (*)<\/span>\n\t<\/p>\n\t<p><span class=\"wpcf7-form-control-wrap\" data-name=\"your-address\"><input size=\"40\" class=\"wpcf7-form-control wpcf7-text wpcf7-validates-as-required form-control\" aria-required=\"true\" aria-invalid=\"false\" value=\"\" type=\"text\" name=\"your-address\" \/><\/span>\n\t<\/p>\n<\/div>\n<div class=\"col-xs-12 col-md-4\">\n\t<p><span class='titoli'>Miasto (*)<\/span>\n\t<\/p>\n\t<p><span class=\"wpcf7-form-control-wrap\" data-name=\"your-Town\"><input size=\"40\" class=\"wpcf7-form-control wpcf7-text wpcf7-validates-as-required form-control\" aria-required=\"true\" aria-invalid=\"false\" value=\"\" type=\"text\" name=\"your-Town\" \/><\/span>\n\t<\/p>\n<\/div>\n<div class=\"clearboth\">\n<\/div>\n<div class=\"col-xs-12 col-md-6\">\n\t<p><span class='titoli'>email (*)<\/span>\n\t<\/p>\n\t<p><span class=\"wpcf7-form-control-wrap\" data-name=\"your-email\"><input size=\"40\" class=\"wpcf7-form-control wpcf7-text wpcf7-email wpcf7-validates-as-required wpcf7-validates-as-email form-control\" aria-required=\"true\" aria-invalid=\"false\" value=\"\" type=\"email\" name=\"your-email\" \/><\/span>\n\t<\/p>\n<\/div>\n<div class=\"col-xs-12 col-md-6\">\n\t<p><span class='titoli'>Telefon (*)<\/span>\n\t<\/p>\n\t<p><span class=\"wpcf7-form-control-wrap\" data-name=\"telefono\"><input size=\"40\" class=\"wpcf7-form-control wpcf7-text wpcf7-tel wpcf7-validates-as-required wpcf7-validates-as-tel form-control\" aria-required=\"true\" aria-invalid=\"false\" value=\"\" type=\"tel\" name=\"telefono\" \/><\/span>\n\t<\/p>\n<\/div>\n<div class=\"clearboth\">\n<\/div>\n<div class=\"col-xs-12 col-md-6\">\n\t<p><span class='titoli'>Przedmiot <\/span>\n\t<\/p>\n\t<p><span class=\"wpcf7-form-control-wrap\" data-name=\"oggetto\"><select class=\"wpcf7-form-control wpcf7-select wpcf7-validates-as-required\" aria-required=\"true\" aria-invalid=\"false\" name=\"oggetto\"><option value=\"Oferta\">Oferta<\/option><option value=\"Informacje techniczne\">Informacje techniczne<\/option><option value=\"Powo\u0142anie\">Powo\u0142anie<\/option><\/select><\/span>\n\t<\/p>\n<\/div>\n<div class=\"col-xs-12 col-md-6\">\n\t<p><br \/>\n<span class=\"titoli\"> <span class=\"wpcf7-form-control-wrap\" data-name=\"cliente\"><span class=\"wpcf7-form-control wpcf7-checkbox\"><span class=\"wpcf7-list-item first last\"><label><span class=\"wpcf7-list-item-label\">Jestem ju\u017c klientem<\/span><input type=\"checkbox\" name=\"cliente[]\" value=\"Jestem ju\u017c klientem\" \/><\/label><\/span><\/span><\/span><\/span>\n\t<\/p>\n<\/div>\n<div class=\"col-xs-12 col-md-12\">\n\t<p><span class='titoli'>Wiadomo\u015b\u0107 (*)<\/span>\n\t<\/p>\n\t<p><span class=\"wpcf7-form-control-wrap\" data-name=\"your-message\"><textarea cols=\"40\" rows=\"10\" class=\"wpcf7-form-control wpcf7-textarea wpcf7-validates-as-required form-control\" aria-required=\"true\" aria-invalid=\"false\" name=\"your-message\"><\/textarea><\/span>\n\t<\/p>\n<\/div>\n<div class=\"col-xs-12 col-md-12\">\n\t<p><small>Wprowadzone dane b\u0119d\u0105 traktowane z zachowaniem \u015bcis\u0142ej poufno\u015bci zgodnie z prawem i nasz\u0105 polityk\u0105 prywatno\u015bci. <a href=\"https:\/\/www.storevan.com\/pl\/privacy-policy\/\">Polityk\u0105 prywatno\u015bci<\/a><\/small>\n\t<\/p>\n\t<p><span class=\"wpcf7-form-control-wrap\" data-name=\"AccettazionePrivacy\"><span class=\"wpcf7-form-control wpcf7-acceptance\"><span class=\"wpcf7-list-item\"><input type=\"checkbox\" name=\"AccettazionePrivacy\" value=\"1\" aria-invalid=\"false\" \/><\/span><\/span><\/span> O\u015bwiadczam, \u017ce zapozna\u0142am si\u0119 z <a href=\"https:\/\/www.storevan.com\/pl\/privacy-policy\/\">polityk\u0105 prywatno\u015bci<\/a> i zgadzam si\u0119 na wykorzystanie moich danych osobowych w opisanych tam przypadkach.(*)(*)<br \/>\n\t<span class=\"wpcf7-form-control-wrap recaptcha\" data-name=\"recaptcha\"><span data-sitekey=\"6LdfM4AUAAAAAJjsAucux5WVNA3hsk5KP0a03T_n\" class=\"wpcf7-form-control g-recaptcha wpcf7-recaptcha\"><\/span>\r\n<noscript>\r\n\t<div class=\"grecaptcha-noscript\">\r\n\t\t<iframe src=\"https:\/\/www.google.com\/recaptcha\/api\/fallback?k=6LdfM4AUAAAAAJjsAucux5WVNA3hsk5KP0a03T_n\" frameborder=\"0\" scrolling=\"no\" width=\"310\" height=\"430\">\r\n\t\t<\/iframe>\r\n\t\t<textarea name=\"g-recaptcha-response\" rows=\"3\" cols=\"40\" placeholder=\"reCaptcha Response Here\">\r\n\t\t<\/textarea>\r\n\t<\/div>\r\n<\/noscript>\r\n<\/span>\n\t<\/p>\n<\/div>\n<hr class=\"noColor\" \/>\n<p><input class=\"wpcf7-form-control has-spinner wpcf7-submit\" type=\"submit\" value=\"Wy\u015blij\" \/>\n<\/p><div class=\"wpcf7-response-output\" aria-hidden=\"true\"><\/div>\n<\/form>\n<\/div>\n<\/div>\n","protected":false},"excerpt":{"rendered":"<p>Indywidualne rozwi\u0105zanie do pozjadu Demo dla firmy Einhell CHCESZ WIEDZIE\u0106 WI\u0118CEJ?<\/p>\n","protected":false},"author":470,"featured_media":0,"parent":119508,"menu_order":0,"comment_status":"closed","ping_status":"closed","template":"","meta":[],"acf":[],"yoast_head":"<!-- This site is optimized with the Yoast SEO plugin v20.11 - https:\/\/yoast.com\/wordpress\/plugins\/seo\/ -->\n<title>Indywidualne rozwi\u0105zanie do pozjadu Demo dla firmy Einhell<\/title>\n<meta name=\"robots\" content=\"index, follow, max-snippet:-1, max-image-preview:large, max-video-preview:-1\" \/>\n<link rel=\"canonical\" href=\"https:\/\/www.storevan.com\/pl\/zabudowy-specjalne-do-samochodow-dostawczych-z-wyposazeniem\/sprzedaz\/indywidualne-rozwiazanie-do-pozjadu-demo-dla-firmy-einhell-volkswagen-crafter\/\" \/>\n<meta property=\"og:locale\" content=\"pl_PL\" \/>\n<meta property=\"og:type\" content=\"article\" \/>\n<meta property=\"og:title\" content=\"Indywidualne rozwi\u0105zanie do pozjadu Demo dla firmy Einhell\" \/>\n<meta property=\"og:description\" content=\"Indywidualne rozwi\u0105zanie do pozjadu Demo dla firmy Einhell CHCESZ WIEDZIE\u0106 WI\u0118CEJ?\" \/>\n<meta property=\"og:url\" content=\"https:\/\/www.storevan.com\/pl\/zabudowy-specjalne-do-samochodow-dostawczych-z-wyposazeniem\/sprzedaz\/indywidualne-rozwiazanie-do-pozjadu-demo-dla-firmy-einhell-volkswagen-crafter\/\" \/>\n<meta property=\"og:site_name\" content=\"Store Van\" \/>\n<meta property=\"article:modified_time\" content=\"2020-07-31T09:46:44+00:00\" \/>\n<meta property=\"og:image\" content=\"https:\/\/www.storevan.com\/wp-content\/uploads\/2019\/10\/v-crafter-00.jpg\" \/>\n<meta name=\"twitter:label1\" content=\"Szacowany czas czytania\" \/>\n\t<meta name=\"twitter:data1\" content=\"1 minuta\" \/>\n<script type=\"application\/ld+json\" class=\"yoast-schema-graph\">{\"@context\":\"https:\/\/schema.org\",\"@graph\":[{\"@type\":\"WebPage\",\"@id\":\"https:\/\/www.storevan.com\/pl\/zabudowy-specjalne-do-samochodow-dostawczych-z-wyposazeniem\/sprzedaz\/indywidualne-rozwiazanie-do-pozjadu-demo-dla-firmy-einhell-volkswagen-crafter\/\",\"url\":\"https:\/\/www.storevan.com\/pl\/zabudowy-specjalne-do-samochodow-dostawczych-z-wyposazeniem\/sprzedaz\/indywidualne-rozwiazanie-do-pozjadu-demo-dla-firmy-einhell-volkswagen-crafter\/\",\"name\":\"Indywidualne rozwi\u0105zanie do pozjadu Demo dla firmy Einhell\",\"isPartOf\":{\"@id\":\"https:\/\/www.storevan.com\/pl\/#website\"},\"datePublished\":\"2019-01-08T14:22:20+00:00\",\"dateModified\":\"2020-07-31T09:46:44+00:00\",\"breadcrumb\":{\"@id\":\"https:\/\/www.storevan.com\/pl\/zabudowy-specjalne-do-samochodow-dostawczych-z-wyposazeniem\/sprzedaz\/indywidualne-rozwiazanie-do-pozjadu-demo-dla-firmy-einhell-volkswagen-crafter\/#breadcrumb\"},\"inLanguage\":\"pl-PL\",\"potentialAction\":[{\"@type\":\"ReadAction\",\"target\":[\"https:\/\/www.storevan.com\/pl\/zabudowy-specjalne-do-samochodow-dostawczych-z-wyposazeniem\/sprzedaz\/indywidualne-rozwiazanie-do-pozjadu-demo-dla-firmy-einhell-volkswagen-crafter\/\"]}]},{\"@type\":\"BreadcrumbList\",\"@id\":\"https:\/\/www.storevan.com\/pl\/zabudowy-specjalne-do-samochodow-dostawczych-z-wyposazeniem\/sprzedaz\/indywidualne-rozwiazanie-do-pozjadu-demo-dla-firmy-einhell-volkswagen-crafter\/#breadcrumb\",\"itemListElement\":[{\"@type\":\"ListItem\",\"position\":1,\"name\":\"Home\",\"item\":\"https:\/\/www.storevan.com\/pl\/\"},{\"@type\":\"ListItem\",\"position\":2,\"name\":\"Zabudowy specjalne do samochod\u00f3w dostawczych z wyposa\u017ceniem\",\"item\":\"https:\/\/www.storevan.com\/pl\/zabudowy-specjalne-do-samochodow-dostawczych-z-wyposazeniem\/\"},{\"@type\":\"ListItem\",\"position\":3,\"name\":\"Do sprzeda\u017cy\",\"item\":\"https:\/\/www.storevan.com\/pl\/zabudowy-specjalne-do-samochodow-dostawczych-z-wyposazeniem\/sprzedaz\/\"},{\"@type\":\"ListItem\",\"position\":4,\"name\":\"Indywidualne rozwi\u0105zanie do pozjadu Demo dla firmy Einhell\"}]},{\"@type\":\"WebSite\",\"@id\":\"https:\/\/www.storevan.com\/pl\/#website\",\"url\":\"https:\/\/www.storevan.com\/pl\/\",\"name\":\"Store Van\",\"description\":\"Zabudowy\",\"potentialAction\":[{\"@type\":\"SearchAction\",\"target\":{\"@type\":\"EntryPoint\",\"urlTemplate\":\"https:\/\/www.storevan.com\/pl\/?s={search_term_string}\"},\"query-input\":\"required name=search_term_string\"}],\"inLanguage\":\"pl-PL\"}]}<\/script>\n<!-- \/ Yoast SEO plugin. -->","yoast_head_json":{"title":"Indywidualne rozwi\u0105zanie do pozjadu Demo dla firmy Einhell","robots":{"index":"index","follow":"follow","max-snippet":"max-snippet:-1","max-image-preview":"max-image-preview:large","max-video-preview":"max-video-preview:-1"},"canonical":"https:\/\/www.storevan.com\/pl\/zabudowy-specjalne-do-samochodow-dostawczych-z-wyposazeniem\/sprzedaz\/indywidualne-rozwiazanie-do-pozjadu-demo-dla-firmy-einhell-volkswagen-crafter\/","og_locale":"pl_PL","og_type":"article","og_title":"Indywidualne rozwi\u0105zanie do pozjadu Demo dla firmy Einhell","og_description":"Indywidualne rozwi\u0105zanie do pozjadu Demo dla firmy Einhell CHCESZ WIEDZIE\u0106 WI\u0118CEJ?","og_url":"https:\/\/www.storevan.com\/pl\/zabudowy-specjalne-do-samochodow-dostawczych-z-wyposazeniem\/sprzedaz\/indywidualne-rozwiazanie-do-pozjadu-demo-dla-firmy-einhell-volkswagen-crafter\/","og_site_name":"Store Van","article_modified_time":"2020-07-31T09:46:44+00:00","og_image":[{"url":"https:\/\/www.storevan.com\/wp-content\/uploads\/2019\/10\/v-crafter-00.jpg"}],"twitter_misc":{"Szacowany czas czytania":"1 minuta"},"schema":{"@context":"https:\/\/schema.org","@graph":[{"@type":"WebPage","@id":"https:\/\/www.storevan.com\/pl\/zabudowy-specjalne-do-samochodow-dostawczych-z-wyposazeniem\/sprzedaz\/indywidualne-rozwiazanie-do-pozjadu-demo-dla-firmy-einhell-volkswagen-crafter\/","url":"https:\/\/www.storevan.com\/pl\/zabudowy-specjalne-do-samochodow-dostawczych-z-wyposazeniem\/sprzedaz\/indywidualne-rozwiazanie-do-pozjadu-demo-dla-firmy-einhell-volkswagen-crafter\/","name":"Indywidualne rozwi\u0105zanie do pozjadu Demo dla firmy Einhell","isPartOf":{"@id":"https:\/\/www.storevan.com\/pl\/#website"},"datePublished":"2019-01-08T14:22:20+00:00","dateModified":"2020-07-31T09:46:44+00:00","breadcrumb":{"@id":"https:\/\/www.storevan.com\/pl\/zabudowy-specjalne-do-samochodow-dostawczych-z-wyposazeniem\/sprzedaz\/indywidualne-rozwiazanie-do-pozjadu-demo-dla-firmy-einhell-volkswagen-crafter\/#breadcrumb"},"inLanguage":"pl-PL","potentialAction":[{"@type":"ReadAction","target":["https:\/\/www.storevan.com\/pl\/zabudowy-specjalne-do-samochodow-dostawczych-z-wyposazeniem\/sprzedaz\/indywidualne-rozwiazanie-do-pozjadu-demo-dla-firmy-einhell-volkswagen-crafter\/"]}]},{"@type":"BreadcrumbList","@id":"https:\/\/www.storevan.com\/pl\/zabudowy-specjalne-do-samochodow-dostawczych-z-wyposazeniem\/sprzedaz\/indywidualne-rozwiazanie-do-pozjadu-demo-dla-firmy-einhell-volkswagen-crafter\/#breadcrumb","itemListElement":[{"@type":"ListItem","position":1,"name":"Home","item":"https:\/\/www.storevan.com\/pl\/"},{"@type":"ListItem","position":2,"name":"Zabudowy specjalne do samochod\u00f3w dostawczych z wyposa\u017ceniem","item":"https:\/\/www.storevan.com\/pl\/zabudowy-specjalne-do-samochodow-dostawczych-z-wyposazeniem\/"},{"@type":"ListItem","position":3,"name":"Do sprzeda\u017cy","item":"https:\/\/www.storevan.com\/pl\/zabudowy-specjalne-do-samochodow-dostawczych-z-wyposazeniem\/sprzedaz\/"},{"@type":"ListItem","position":4,"name":"Indywidualne rozwi\u0105zanie do pozjadu Demo dla firmy Einhell"}]},{"@type":"WebSite","@id":"https:\/\/www.storevan.com\/pl\/#website","url":"https:\/\/www.storevan.com\/pl\/","name":"Store Van","description":"Zabudowy","potentialAction":[{"@type":"SearchAction","target":{"@type":"EntryPoint","urlTemplate":"https:\/\/www.storevan.com\/pl\/?s={search_term_string}"},"query-input":"required name=search_term_string"}],"inLanguage":"pl-PL"}]}},"_links":{"self":[{"href":"https:\/\/www.storevan.com\/pl\/wp-json\/wp\/v2\/pages\/119554"}],"collection":[{"href":"https:\/\/www.storevan.com\/pl\/wp-json\/wp\/v2\/pages"}],"about":[{"href":"https:\/\/www.storevan.com\/pl\/wp-json\/wp\/v2\/types\/page"}],"author":[{"embeddable":true,"href":"https:\/\/www.storevan.com\/pl\/wp-json\/wp\/v2\/users\/470"}],"replies":[{"embeddable":true,"href":"https:\/\/www.storevan.com\/pl\/wp-json\/wp\/v2\/comments?post=119554"}],"version-history":[{"count":3,"href":"https:\/\/www.storevan.com\/pl\/wp-json\/wp\/v2\/pages\/119554\/revisions"}],"predecessor-version":[{"id":120020,"href":"https:\/\/www.storevan.com\/pl\/wp-json\/wp\/v2\/pages\/119554\/revisions\/120020"}],"up":[{"embeddable":true,"href":"https:\/\/www.storevan.com\/pl\/wp-json\/wp\/v2\/pages\/119508"}],"wp:attachment":[{"href":"https:\/\/www.storevan.com\/pl\/wp-json\/wp\/v2\/media?parent=119554"}],"curies":[{"name":"wp","href":"https:\/\/api.w.org\/{rel}","templated":true}]}}