{"id":119508,"date":"2019-10-11T11:29:53","date_gmt":"2019-10-11T11:29:53","guid":{"rendered":"https:\/\/www.storevan.com\/zabudowy-specjalne-do-samochodow-dostawczych-z-wyposazeniem\/vendita\/"},"modified":"2020-07-30T09:03:06","modified_gmt":"2020-07-30T09:03:06","slug":"sprzedaz","status":"publish","type":"page","link":"https:\/\/www.storevan.com\/pl\/zabudowy-specjalne-do-samochodow-dostawczych-z-wyposazeniem\/sprzedaz\/","title":{"rendered":"Do sprzeda\u017cy"},"content":{"rendered":"<h1 class=\"customblackTitleSmall\">ZABUDOWA SPECJALNA DO POJAZD\u00d3W DOSTAWCZYCH PRZEZNACZONYCH DO CEL\u00d3W REPREZENTACYJNYCH, EKSPOZYCYJNYCH I SPRZEDA\u017bOWYCH<\/h1>\n<h2>SPERSONALIZOWANA ZABUDOWA, KT\u00d3RA POZWALA OTRZYMA\u0106 SKLEP NA K\u00d3\u0141KACH<\/h2>\n<div class=\"col-xs-12 col-sm-6 col-md-6\">\n<img decoding=\"async\" src=\"https:\/\/www.storevan.com\/wp-content\/uploads\/2019\/10\/allestimenti-speciali-vendita.jpg\" alt=\"ZABUDOWA SPECJALNA DO POJAZD\u00d3W DOSTAWCZYCH PRZEZNACZONYCH DO CEL\u00d3W REPREZENTACYJNYCH, EKSPOZYCYJNYCH I SPRZEDA\u017bOWYCH\" class=\"size-full\" \/>\n<\/div>\n<div class=\"col-xs-12 col-sm-6 col-md-6\">\n<p class=\"txtBlack\">Robienie zakup\u00f3w bezpo\u015brednio z domu sta\u0142o si\u0119 normalne dla wi\u0119kszo\u015bci ludzi, ale dla firm nadal wa\u017cne jest, aby m\u00f3c zobaczy\u0107 i dotkn\u0105\u0107 narz\u0119dzi, przybor\u00f3w i wszystkiego, co jest u\u017cywane w ich codziennej pracy. Coraz wi\u0119cej producent\u00f3w poszukuje metod i rozwi\u0105za\u0144 umo\u017cliwiaj\u0105cych prezentacj\u0119 ich produkt\u00f3w bezpo\u015brednio w siedzibie klienta. Transport artyku\u0142\u00f3w musi odbywa\u0107 si\u0119 z zachowaniem <strong>pe\u0142nego bezpiecze\u0144stwa<\/strong>, a dodatkowo nale\u017cy zapewni\u0107 <strong>powierzchni\u0119 ekspozycyjn\u0105<\/strong>, w obr\u0119bie kt\u00f3rej mo\u017cna wystawia\u0107 produkty lub demonstrowa\u0107 ich u\u017cycie w praktyce.<\/p>\n<hr class=\"noColor\"\/>\n<h3 class=\"customblackTitleSmall txtSmall\">ROZWI\u0104ZANIA STORE VAN<\/h3>\n<p class=\"customblackTitleSmall\" style=\"font-size: 126%;\">DZI\u0118KI KT\u00d3RYM UZYSKASZ SKLEP NA CZTERECH K\u00d3\u0141KACH!<\/p>\n<p class=\"txtBlack\">Zabudowy specjalne opracowane przez Store Van umo\u017cliwiaj\u0105 \u0142\u0105czenie modu\u0142\u00f3w i komponent\u00f3w w celu stworzenia prawdziwych sklep\u00f3w na k\u00f3\u0142kach, bezpiecznych i funkcjonalnych. P\u00f3\u0142ki, szuflady i perforowane \u015bcianki w komplecie z haczykami i akcesoriami uchwytowymi do narz\u0119dzi, w po\u0142\u0105czeniu z efektywnymi ok\u0142adzinami wewn\u0119trznymi, przekszta\u0142caj\u0105 ka\u017cdy samoch\u00f3d dostawczy w fantastyczn\u0105 przestrze\u0144 ekspozycyjn\u0105 idealn\u0105 dla sprzedawc\u00f3w i przedstawicieli handlowych. <\/p>\n<hr class=\"noColor\"\/>\n<\/div>\n<div class=\"break\"><\/div>\n<hr class=\"noColor\"\/>\n<h3 class=\"txtGrey customblackTitleExtraSmall\" style=\"color:#000;\">PRZYK\u0141ADY NIEKT\u00d3RYCH REALIZACJI:<\/h3>\n<hr class=\"noColor\" \/>\n<hr class=\"noColor\"\/>\n<style>#jtg-119732 .modula-item .jtg-social a, .lightbox-socials.jtg-social a{ color: #ffffff }#jtg-119732 .modula-item .jtg-social svg, .lightbox-socials.jtg-social svg { height: 16px; width: 16px }#jtg-119732 .modula-item .jtg-social a:not(:last-child), .lightbox-socials.jtg-social a:not(:last-child) { margin-right: 10px }#jtg-119732 .modula-item .figc {color:#000000;}#jtg-119732 .modula-item .figc .jtg-title {  font-size: 18px; }#jtg-119732 .modula-item .modula-item-content { transform: scale(1) }#jtg-119732 { width:100%;}#jtg-119732 .modula-items{height:500px;}@media screen and (max-width: 992px) {#jtg-119732 .modula-items{height:500px;}}@media screen and (max-width: 768px) {#jtg-119732 .modula-items{height:500px;}}#jtg-119732 .modula-items .figc p.description { font-size:14px; }#jtg-119732 .modula-items .figc p.description { color:#000000;}#jtg-119732 .modula-items .figc .jtg-title { color:#000000; }#jtg-119732.modula-gallery .modula-item > a, #jtg-119732.modula-gallery .modula-item, #jtg-119732.modula-gallery .modula-item-content > a:not(.modula-no-follow) { cursor:pointer; } #jtg-119732.modula-gallery .modula-item-content .modula-no-follow { cursor: default; } #jtg-119732 .modula-item .modula-item-overlay, #jtg-119732 .modula-item.effect-layla, #jtg-119732  .modula-item.effect-ruby,#jtg-119732 .modula-item.effect-bubba,#jtg-119732 .modula-item.effect-sarah,#jtg-119732 .modula-item.effect-milo,#jtg-119732 .modula-item.effect-julia,#jtg-119732 .modula-item.effect-hera,#jtg-119732 .modula-item.effect-winston,#jtg-119732 .modula-item.effect-selena,#jtg-119732 .modula-item.effect-terry,#jtg-119732 .modula-item.effect-phoebe,#jtg-119732 .modula-item.effect-apollo,#jtg-119732 .modula-item.effect-steve,#jtg-119732 .modula-item.effect-ming{ background-color:#ffffff; }#jtg-119732  .modula-item.effect-oscar { background: -webkit-linear-gradient(45deg,#ffffff 0,#9b4a1b 40%,#ffffff 100%);background: linear-gradient(45deg,#ffffff 0,#9b4a1b 40%,#ffffff 100%);}#jtg-119732  .modula-item.effect-roxy {background: -webkit-linear-gradient(45deg,#ffffff 0,#05abe0 100%);background: linear-gradient(45deg,#ffffff 0,#05abe0 100%);}#jtg-119732 .modula-item.effect-dexter {background: -webkit-linear-gradient(top,#ffffff 0,rgba(104,60,19,1) 100%); background: linear-gradient(to bottom,#ffffff 0,rgba(104,60,19,1) 100%);}#jtg-119732  .modula-item.effect-jazz {background: -webkit-linear-gradient(-45deg,#ffffff 0,#f33f58 100%);background: linear-gradient(-45deg,#ffffff 0,#f33f58 100%);}#jtg-119732 .modula-item.effect-lexi {background: -webkit-linear-gradient(-45deg,#ffffff 0,#fff 100%);background: linear-gradient(-45deg,#ffffff 0,#fff 100%);}#jtg-119732 .modula-item.effect-duke {background: -webkit-linear-gradient(-45deg,#ffffff 0,#cc6055 100%);background: linear-gradient(-45deg,#ffffff 0,#cc6055 100%);}#jtg-119732 .modula-item:hover img { opacity: 0.5; }#jtg-119732 .jtg-title {font-weight:400; }#jtg-119732 p.description {font-weight:normal; }#jtg-119732:not(.modula-loaded-scale)  .modula-item .modula-item-content { transform: scale(1) translate(0px,0px) rotate(0deg); }@keyframes modulaScaling { 0% {transform: scale(1) translate(0px,p0x) rotate(0deg);} 50%{transform: scale(1) translate(0px,0px) rotate(0deg);}100%{transform: scale(1) translate(0px,p0x) rotate(0deg);}}#jtg-119732.modula-gallery .modula-item.effect-terry .jtg-social a:not(:last-child){margin-bottom:10px;}.modula-fancybox-container.modula-lightbox-jtg-119732 .modula-fancybox-caption .modula-fancybox-caption__body, .modula-fancybox-container.modula-lightbox-jtg-119732 .modula-fancybox-caption .modula-fancybox-caption__body p {text-align:left}html body .modula.modula-columns .modula-items.grid-gallery .modula-item.effect-under .modula-item-content { height:auto;}.jtg-title {font-family:ConduitITCPro-Black;}@media screen and (max-width:480px){#jtg-119732 .modula-item .figc .jtg-title {  font-size: 12px; }#jtg-119732 .modula-items .figc p.description { color:#000000;font-size:10px; }}<\/style>\n<!-- Gallery Container -->\n<div  id=\"jtg-119732\" class=\"modula modula-gallery modula-creative-gallery\" data-config=\"{&quot;height&quot;:500,&quot;tabletHeight&quot;:500,&quot;mobileHeight&quot;:500,&quot;desktopHeight&quot;:500,&quot;enableTwitter&quot;:false,&quot;enableWhatsapp&quot;:false,&quot;enableFacebook&quot;:false,&quot;enablePinterest&quot;:false,&quot;enableLinkedin&quot;:false,&quot;enableEmail&quot;:false,&quot;randomFactor&quot;:0.5,&quot;type&quot;:&quot;creative-gallery&quot;,&quot;columns&quot;:12,&quot;gutter&quot;:10,&quot;mobileGutter&quot;:10,&quot;tabletGutter&quot;:10,&quot;desktopGutter&quot;:10,&quot;enableResponsive&quot;:&quot;0&quot;,&quot;tabletColumns&quot;:&quot;2&quot;,&quot;mobileColumns&quot;:&quot;1&quot;,&quot;lazyLoad&quot;:&quot;1&quot;,&quot;lightboxOpts&quot;:{&quot;loop&quot;:false,&quot;arrows&quot;:true,&quot;toolbar&quot;:true,&quot;keyboard&quot;:false,&quot;wheel&quot;:false,&quot;buttons&quot;:[&quot;close&quot;],&quot;hash&quot;:false,&quot;lang&quot;:&quot;en&quot;,&quot;touch&quot;:false,&quot;protect&quot;:false,&quot;i18n&quot;:{&quot;en&quot;:{&quot;CLOSE&quot;:&quot;Zamknij&quot;,&quot;NEXT&quot;:&quot;Nast\\u0119pny&quot;,&quot;PREV&quot;:&quot;Poprzedni&quot;,&quot;Error&quot;:&quot;Nie mo\\u017cna za\\u0142adowa\\u0107 \\u017c\\u0105danej tre\\u015bci. Spr\\u00f3buj ponownie p\\u00f3\\u017aniej.&quot;,&quot;PLAY_START&quot;:&quot;Rozpocznij pokaz slajd\\u00f3w&quot;,&quot;PLAY_STOP&quot;:&quot;Zatrzymaj pokaz slajd\\u00f3w&quot;,&quot;FULL_SCREEN&quot;:&quot;Pe\\u0142ny ekran&quot;,&quot;THUMBS&quot;:&quot;Miniatury&quot;,&quot;DOWNLOAD&quot;:&quot;Pobieranie&quot;,&quot;SHARE&quot;:&quot;Udost\\u0119pnij&quot;,&quot;ZOOM&quot;:&quot;Powi\\u0119kszenie&quot;}},&quot;clickSlide&quot;:false,&quot;clickOutside&quot;:false,&quot;dblclickContent&quot;:false,&quot;dblclickSlide&quot;:false,&quot;dblclickOutside&quot;:false,&quot;baseTpl&quot;:&quot;&lt;div class=\\&quot;modula-fancybox-container modula-lightbox-jtg-119732\\&quot; role=\\&quot;dialog\\&quot; tabindex=\\&quot;-1\\&quot;&gt;&lt;div class=\\&quot;modula-fancybox-bg\\&quot;&gt;&lt;\\\/div&gt;&lt;div class=\\&quot;modula-fancybox-inner\\&quot;&gt;&lt;div class=\\&quot;modula-fancybox-infobar\\&quot;&gt;&lt;span data-fancybox-index&gt;&lt;\\\/span&gt;&nbsp;\\\/&nbsp;&lt;span data-fancybox-count&gt;&lt;\\\/span&gt;&lt;\\\/div&gt;&lt;div class=\\&quot;modula-fancybox-toolbar\\&quot;&gt;{{buttons}}&lt;\\\/div&gt;&lt;div class=\\&quot;modula-fancybox-navigation\\&quot;&gt;{{arrows}}&lt;\\\/div&gt;&lt;div class=\\&quot;modula-fancybox-stage\\&quot;&gt;&lt;\\\/div&gt;&lt;div class=\\&quot;modula-fancybox-caption\\&quot;&gt;&lt;div class=\\&quot;modula-fancybox-caption__body\\&quot;&gt;&lt;\\\/div&gt;&lt;\\\/div&gt;&lt;\\\/div&gt;&lt;\\\/div&gt;&quot;,&quot;infobar&quot;:true,&quot;animationEffect&quot;:false,&quot;animationDuration&quot;:366,&quot;transitionEffect&quot;:false,&quot;transitionDuration&quot;:366,&quot;thumbs&quot;:{&quot;autoStart&quot;:false,&quot;axis&quot;:&quot;y&quot;},&quot;preventCaptionOverlap&quot;:false},&quot;inView&quot;:false,&quot;email_subject&quot;:&quot;Check out this awesome image !!&quot;,&quot;email_message&quot;:&quot;Here is the link to the image : %%image_link%% and this is the link to the gallery : %%gallery_link%%&quot;,&quot;lightbox&quot;:&quot;attachment-page&quot;,&quot;filterClick&quot;:&quot;0&quot;,&quot;dropdownFilters&quot;:&quot;0&quot;,&quot;defaultActiveFilter&quot;:&quot;all&quot;,&quot;initLightbox&quot;:&quot;modula_pro_init_lightbox&quot;,&quot;haveFilters&quot;:0}\">\n\n\t\n\t<!-- Items Container -->\n\t<div  class=\"modula-items\">\n\t\t<div class=\"modula-item modula-simple-link modula-simple-link effect-zoe jtg-filter-all jtg-filter-\" >\n\t<div class=\"modula-item-overlay\"><\/div>\n\n\t<div class=\"modula-item-content\">\n\n\t\t\t\t\n\t\t\t\t\t<a data-image-id=\"109217\" class=\"modula-simple-link modula-simple-link\" aria-label=\"Otw\u00f3rz stron\u0119 za\u0142\u0105cznika\" href=\"https:\/\/www.storevan.com\/pl\/zabudowy-specjalne-do-samochodow-dostawczych-z-wyposazeniem\/sprzedaz\/indywidualne-rozwiazanie-dla-sklepow-narzedziowych-ford-transit-connect\/\" data-thumb=\"https:\/\/www.storevan.com\/wp-content\/uploads\/2019\/10\/v-ford-connect-08-150x150.jpg\" class=\"tile-inner modula-item-link\"><\/a>\n\t\t\n\t\t<img class=\"pic wp-image-109217 lazyload\"  data-valign=\"middle\" data-halign=\"left\" alt=\"Allestimento speciale Ford Connect\" data-full=\"https:\/\/www.storevan.com\/wp-content\/uploads\/2019\/10\/v-ford-connect-08.jpg\" title=\"FORD CONNECT &lt;i class=&quot;fa fa-angle-double-right&quot;&gt;&lt;\/i&gt;\" width=\"300\" height=\"300\" data-src=\"https:\/\/www.storevan.com\/wp-content\/uploads\/2019\/10\/v-ford-connect-08-300x300.jpg\" data-caption=\"Scopri l&#039;allestimento speciale su Ford Connect\" data-source=\"modula\" data-srcset=\"https:\/\/www.storevan.com\/wp-content\/uploads\/2019\/10\/v-ford-connect-08.jpg 800w, https:\/\/www.storevan.com\/wp-content\/uploads\/2019\/10\/v-ford-connect-08-150x150.jpg 150w, https:\/\/www.storevan.com\/wp-content\/uploads\/2019\/10\/v-ford-connect-08-300x300.jpg 300w, https:\/\/www.storevan.com\/wp-content\/uploads\/2019\/10\/v-ford-connect-08-768x768.jpg 768w, https:\/\/www.storevan.com\/wp-content\/uploads\/2019\/10\/v-ford-connect-08-48x48.jpg 48w, https:\/\/www.storevan.com\/wp-content\/uploads\/2019\/10\/v-ford-connect-08-480x480.jpg 480w\" data-sizes=\"(max-width: 300px) 100vw, 300px\" \/>\n\t\t<div class=\"figc\">\n\t\t\t<div class=\"figc-inner\">\n\t\t\t\t\t\t\t\t\t<div class='jtg-title'>FORD CONNECT <i class=\"fa fa-angle-double-right\"><\/i><\/div>\n\t\t\t\t\t\t\t\t\t\t\t\t\t\t\t<\/div>\n\t\t<\/div>\n\n\t<\/div>\n\n<\/div><div class=\"modula-item modula-simple-link modula-simple-link effect-zoe jtg-filter-all jtg-filter-\" >\n\t<div class=\"modula-item-overlay\"><\/div>\n\n\t<div class=\"modula-item-content\">\n\n\t\t\t\t\n\t\t\t\t\t<a data-image-id=\"109199\" class=\"modula-simple-link modula-simple-link\" aria-label=\"Otw\u00f3rz stron\u0119 za\u0142\u0105cznika\" href=\"https:\/\/www.storevan.com\/pl\/zabudowy-specjalne-do-samochodow-dostawczych-z-wyposazeniem\/sprzedaz\/indywidualne-rozwiazanie-dla-sklepow-narzedziowych-ford-transit-connect\/\" data-thumb=\"https:\/\/www.storevan.com\/wp-content\/uploads\/2019\/10\/v-ford-connect-04-150x150.jpg\" class=\"tile-inner modula-item-link\"><\/a>\n\t\t\n\t\t<img class=\"pic wp-image-109199 lazyload\"  data-valign=\"middle\" data-halign=\"left\" alt=\"Ripiano ribaltabile per Ford Connect\" data-full=\"https:\/\/www.storevan.com\/wp-content\/uploads\/2019\/10\/v-ford-connect-04.jpg\" title=\"FORD CONNECT &lt;i class=&quot;fa fa-angle-double-right&quot;&gt;&lt;\/i&gt;\" width=\"300\" height=\"182\" data-src=\"https:\/\/www.storevan.com\/wp-content\/uploads\/2019\/10\/v-ford-connect-04-300x182.jpg\" data-caption=\"Scopri l&#039;allestimento speciale su Ford Connect\" data-source=\"modula\" data-srcset=\"https:\/\/www.storevan.com\/wp-content\/uploads\/2019\/10\/v-ford-connect-04.jpg 800w, https:\/\/www.storevan.com\/wp-content\/uploads\/2019\/10\/v-ford-connect-04-300x182.jpg 300w, https:\/\/www.storevan.com\/wp-content\/uploads\/2019\/10\/v-ford-connect-04-768x466.jpg 768w\" data-sizes=\"(max-width: 300px) 100vw, 300px\" \/>\n\t\t<div class=\"figc\">\n\t\t\t<div class=\"figc-inner\">\n\t\t\t\t\t\t\t\t\t<div class='jtg-title'>FORD CONNECT <i class=\"fa fa-angle-double-right\"><\/i><\/div>\n\t\t\t\t\t\t\t\t\t\t\t\t\t\t\t<\/div>\n\t\t<\/div>\n\n\t<\/div>\n\n<\/div><div class=\"modula-item modula-simple-link modula-simple-link effect-zoe jtg-filter-all jtg-filter-\" >\n\t<div class=\"modula-item-overlay\"><\/div>\n\n\t<div class=\"modula-item-content\">\n\n\t\t\t\t\n\t\t\t\t\t<a data-image-id=\"95683\" class=\"modula-simple-link modula-simple-link\" aria-label=\"Otw\u00f3rz stron\u0119 za\u0142\u0105cznika\" href=\"https:\/\/www.storevan.com\/pl\/zabudowy-specjalne-do-samochodow-dostawczych-z-wyposazeniem\/sprzedaz\/indywidualne-rozwiazanie-do-pozjadu-demo-dla-firmy-einhell-volkswagen-crafter\/\" data-thumb=\"https:\/\/www.storevan.com\/wp-content\/uploads\/2019\/01\/allestimento-furgone-Einhell-150x150.jpg\" class=\"tile-inner modula-item-link\"><\/a>\n\t\t\n\t\t<img class=\"pic wp-image-95683 lazyload\"  data-valign=\"middle\" data-halign=\"left\" alt=\"Allestimento con pareti attrezzate su VW Crafter\" data-full=\"https:\/\/www.storevan.com\/wp-content\/uploads\/2019\/01\/allestimento-furgone-Einhell.jpg\" title=\"VOLKSWAGEN CRAFTER &lt;i class=&quot;fa fa-angle-double-right&quot;&gt;&lt;\/i&gt;\" width=\"300\" height=\"300\" data-src=\"https:\/\/www.storevan.com\/wp-content\/uploads\/2019\/01\/allestimento-furgone-Einhell-300x300.jpg\" data-caption=\"Scopri l&#039;allestimento su misura realizzato per Einhell\" data-source=\"modula\" data-srcset=\"https:\/\/www.storevan.com\/wp-content\/uploads\/2019\/01\/allestimento-furgone-Einhell.jpg 800w, https:\/\/www.storevan.com\/wp-content\/uploads\/2019\/01\/allestimento-furgone-Einhell-150x150.jpg 150w, https:\/\/www.storevan.com\/wp-content\/uploads\/2019\/01\/allestimento-furgone-Einhell-300x300.jpg 300w, https:\/\/www.storevan.com\/wp-content\/uploads\/2019\/01\/allestimento-furgone-Einhell-768x768.jpg 768w, https:\/\/www.storevan.com\/wp-content\/uploads\/2019\/01\/allestimento-furgone-Einhell-48x48.jpg 48w, https:\/\/www.storevan.com\/wp-content\/uploads\/2019\/01\/allestimento-furgone-Einhell-480x480.jpg 480w\" data-sizes=\"(max-width: 300px) 100vw, 300px\" \/>\n\t\t<div class=\"figc\">\n\t\t\t<div class=\"figc-inner\">\n\t\t\t\t\t\t\t\t\t<div class='jtg-title'>VOLKSWAGEN CRAFTER <i class=\"fa fa-angle-double-right\"><\/i><\/div>\n\t\t\t\t\t\t\t\t\t\t\t\t\t\t\t<\/div>\n\t\t<\/div>\n\n\t<\/div>\n\n<\/div><div class=\"modula-item modula-simple-link modula-simple-link effect-zoe jtg-filter-all jtg-filter-\" >\n\t<div class=\"modula-item-overlay\"><\/div>\n\n\t<div class=\"modula-item-content\">\n\n\t\t\t\t\n\t\t\t\t\t<a data-image-id=\"95755\" class=\"modula-simple-link modula-simple-link\" aria-label=\"Otw\u00f3rz stron\u0119 za\u0142\u0105cznika\" href=\"https:\/\/www.storevan.com\/pl\/zabudowy-specjalne-do-samochodow-dostawczych-z-wyposazeniem\/sprzedaz\/indywidualne-rozwiazanie-do-pozjadu-demo-dla-firmy-einhell-volkswagen-crafter\/\" data-thumb=\"https:\/\/www.storevan.com\/wp-content\/uploads\/2019\/01\/pianale-in-legno-per-crafter-150x150.jpg\" class=\"tile-inner modula-item-link\"><\/a>\n\t\t\n\t\t<img class=\"pic wp-image-95755 lazyload\"  data-valign=\"middle\" data-halign=\"left\" alt=\"Allestimento speciale per Einhel\" data-full=\"https:\/\/www.storevan.com\/wp-content\/uploads\/2019\/01\/pianale-in-legno-per-crafter.jpg\" title=\"VOLKSWAGEN CRAFTER &lt;i class=&quot;fa fa-angle-double-right&quot;&gt;&lt;\/i&gt;\" width=\"300\" height=\"300\" data-src=\"https:\/\/www.storevan.com\/wp-content\/uploads\/2019\/01\/pianale-in-legno-per-crafter-300x300.jpg\" data-caption=\"Scopri l&#039;allestimento su misura realizzato per Einhell\" data-source=\"modula\" data-srcset=\"https:\/\/www.storevan.com\/wp-content\/uploads\/2019\/01\/pianale-in-legno-per-crafter.jpg 800w, https:\/\/www.storevan.com\/wp-content\/uploads\/2019\/01\/pianale-in-legno-per-crafter-150x150.jpg 150w, https:\/\/www.storevan.com\/wp-content\/uploads\/2019\/01\/pianale-in-legno-per-crafter-300x300.jpg 300w, https:\/\/www.storevan.com\/wp-content\/uploads\/2019\/01\/pianale-in-legno-per-crafter-768x768.jpg 768w, https:\/\/www.storevan.com\/wp-content\/uploads\/2019\/01\/pianale-in-legno-per-crafter-48x48.jpg 48w, https:\/\/www.storevan.com\/wp-content\/uploads\/2019\/01\/pianale-in-legno-per-crafter-480x480.jpg 480w\" data-sizes=\"(max-width: 300px) 100vw, 300px\" \/>\n\t\t<div class=\"figc\">\n\t\t\t<div class=\"figc-inner\">\n\t\t\t\t\t\t\t\t\t<div class='jtg-title'>VOLKSWAGEN CRAFTER <i class=\"fa fa-angle-double-right\"><\/i><\/div>\n\t\t\t\t\t\t\t\t\t\t\t\t\t\t\t<\/div>\n\t\t<\/div>\n\n\t<\/div>\n\n<\/div><div class=\"modula-item modula-simple-link modula-simple-link effect-zoe jtg-filter-all jtg-filter-\" >\n\t<div class=\"modula-item-overlay\"><\/div>\n\n\t<div class=\"modula-item-content\">\n\n\t\t\t\t\n\t\t\t\t\t<a data-image-id=\"109223\" class=\"modula-simple-link modula-simple-link\" aria-label=\"Otw\u00f3rz stron\u0119 za\u0142\u0105cznika\" href=\"https:\/\/www.storevan.com\/pl\/zabudowy-specjalne-do-samochodow-dostawczych-z-wyposazeniem\/sprzedaz\/indywidualne-rozwiazanie-dla-sklepow-narzedziowych-ford-transit-connect\/\" data-thumb=\"https:\/\/www.storevan.com\/wp-content\/uploads\/2019\/10\/v-ford-connect-0120-150x150.jpg\" class=\"tile-inner modula-item-link\"><\/a>\n\t\t\n\t\t<img class=\"pic wp-image-109223 lazyload\"  data-valign=\"middle\" data-halign=\"left\" alt=\"Ripiano ribaltabile per retrocabina Ford Connect\" data-full=\"https:\/\/www.storevan.com\/wp-content\/uploads\/2019\/10\/v-ford-connect-0120.jpg\" title=\"FORD CONNECT &lt;i class=&quot;fa fa-angle-double-right&quot;&gt;&lt;\/i&gt;\" width=\"200\" height=\"300\" data-src=\"https:\/\/www.storevan.com\/wp-content\/uploads\/2019\/10\/v-ford-connect-0120-200x300.jpg\" data-caption=\"Scopri l&#039;allestimento ideato per la vendita di utensileria\" data-source=\"modula\" data-srcset=\"https:\/\/www.storevan.com\/wp-content\/uploads\/2019\/10\/v-ford-connect-0120.jpg 533w, https:\/\/www.storevan.com\/wp-content\/uploads\/2019\/10\/v-ford-connect-0120-200x300.jpg 200w\" data-sizes=\"(max-width: 200px) 100vw, 200px\" \/>\n\t\t<div class=\"figc\">\n\t\t\t<div class=\"figc-inner\">\n\t\t\t\t\t\t\t\t\t<div class='jtg-title'>FORD CONNECT <i class=\"fa fa-angle-double-right\"><\/i><\/div>\n\t\t\t\t\t\t\t\t\t\t\t\t\t\t\t<\/div>\n\t\t<\/div>\n\n\t<\/div>\n\n<\/div><div class=\"modula-item modula-simple-link modula-simple-link effect-zoe jtg-filter-all jtg-filter-\" >\n\t<div class=\"modula-item-overlay\"><\/div>\n\n\t<div class=\"modula-item-content\">\n\n\t\t\t\t\n\t\t\t\t\t<a data-image-id=\"109186\" class=\"modula-simple-link modula-simple-link\" aria-label=\"Otw\u00f3rz stron\u0119 za\u0142\u0105cznika\" href=\"https:\/\/www.storevan.com\/pl\/zabudowy-specjalne-do-samochodow-dostawczych-z-wyposazeniem\/sprzedaz\/indywidualne-rozwiazanie-dla-sklepow-narzedziowych-ford-transit-connect\/\" data-thumb=\"https:\/\/www.storevan.com\/wp-content\/uploads\/2019\/10\/v-ford-connect-02-150x150.jpg\" class=\"tile-inner modula-item-link\"><\/a>\n\t\t\n\t\t<img class=\"pic wp-image-109186 lazyload\"  data-valign=\"middle\" data-halign=\"left\" alt=\"Allestimento speciale su Ford Connect\" data-full=\"https:\/\/www.storevan.com\/wp-content\/uploads\/2019\/10\/v-ford-connect-02.jpg\" title=\"FORD CONNECT &lt;i class=&quot;fa fa-angle-double-right&quot;&gt;&lt;\/i&gt;\" width=\"300\" height=\"166\" data-src=\"https:\/\/www.storevan.com\/wp-content\/uploads\/2019\/10\/v-ford-connect-02-300x166.jpg\" data-caption=\"Scopri l&#039;allestimento ideato per la vendita di utensileria\" data-source=\"modula\" data-srcset=\"https:\/\/www.storevan.com\/wp-content\/uploads\/2019\/10\/v-ford-connect-02.jpg 800w, https:\/\/www.storevan.com\/wp-content\/uploads\/2019\/10\/v-ford-connect-02-300x166.jpg 300w, https:\/\/www.storevan.com\/wp-content\/uploads\/2019\/10\/v-ford-connect-02-768x424.jpg 768w\" data-sizes=\"(max-width: 300px) 100vw, 300px\" \/>\n\t\t<div class=\"figc\">\n\t\t\t<div class=\"figc-inner\">\n\t\t\t\t\t\t\t\t\t<div class='jtg-title'>FORD CONNECT <i class=\"fa fa-angle-double-right\"><\/i><\/div>\n\t\t\t\t\t\t\t\t\t\t\t\t\t\t\t<\/div>\n\t\t<\/div>\n\n\t<\/div>\n\n<\/div><div class=\"modula-item modula-simple-link modula-simple-link effect-zoe jtg-filter-all jtg-filter-\" >\n\t<div class=\"modula-item-overlay\"><\/div>\n\n\t<div class=\"modula-item-content\">\n\n\t\t\t\t\n\t\t\t\t\t<a data-image-id=\"95713\" class=\"modula-simple-link modula-simple-link\" aria-label=\"Otw\u00f3rz stron\u0119 za\u0142\u0105cznika\" href=\"https:\/\/www.storevan.com\/pl\/zabudowy-specjalne-do-samochodow-dostawczych-z-wyposazeniem\/sprzedaz\/indywidualne-rozwiazanie-do-pozjadu-demo-dla-firmy-einhell-volkswagen-crafter\/\" data-thumb=\"https:\/\/www.storevan.com\/wp-content\/uploads\/2019\/01\/cassettiere-e-scaffali-per-furgoni-150x150.jpg\" class=\"tile-inner modula-item-link\"><\/a>\n\t\t\n\t\t<img class=\"pic wp-image-95713 lazyload\"  data-valign=\"middle\" data-halign=\"left\" alt=\"Cassettiere e scaffali per furgoni\" data-full=\"https:\/\/www.storevan.com\/wp-content\/uploads\/2019\/01\/cassettiere-e-scaffali-per-furgoni.jpg\" title=\"VOLKSWAGEN CRAFTER &lt;i class=&quot;fa fa-angle-double-right&quot;&gt;&lt;\/i&gt;\" width=\"300\" height=\"300\" data-src=\"https:\/\/www.storevan.com\/wp-content\/uploads\/2019\/01\/cassettiere-e-scaffali-per-furgoni-300x300.jpg\" data-caption=\"Scopri l&#039;allestimento speciale realizzato per Einhell\" data-source=\"modula\" data-srcset=\"https:\/\/www.storevan.com\/wp-content\/uploads\/2019\/01\/cassettiere-e-scaffali-per-furgoni.jpg 800w, https:\/\/www.storevan.com\/wp-content\/uploads\/2019\/01\/cassettiere-e-scaffali-per-furgoni-150x150.jpg 150w, https:\/\/www.storevan.com\/wp-content\/uploads\/2019\/01\/cassettiere-e-scaffali-per-furgoni-300x300.jpg 300w, https:\/\/www.storevan.com\/wp-content\/uploads\/2019\/01\/cassettiere-e-scaffali-per-furgoni-768x768.jpg 768w, https:\/\/www.storevan.com\/wp-content\/uploads\/2019\/01\/cassettiere-e-scaffali-per-furgoni-48x48.jpg 48w, https:\/\/www.storevan.com\/wp-content\/uploads\/2019\/01\/cassettiere-e-scaffali-per-furgoni-480x480.jpg 480w\" data-sizes=\"(max-width: 300px) 100vw, 300px\" \/>\n\t\t<div class=\"figc\">\n\t\t\t<div class=\"figc-inner\">\n\t\t\t\t\t\t\t\t\t<div class='jtg-title'>VOLKSWAGEN CRAFTER <i class=\"fa fa-angle-double-right\"><\/i><\/div>\n\t\t\t\t\t\t\t\t\t\t\t\t\t\t\t<\/div>\n\t\t<\/div>\n\n\t<\/div>\n\n<\/div>\t\t\n\t<\/div>\n\n\t\n\t\n\t<script type=\"application\/ld+json\">\n\t{\n\t\t\"@context\": \"http:\/\/schema.org\",\n\t\t\"@type\"   : \"ImageGallery\",\n\t\t\"id\"      : \"https:\/\/www.storevan.com\/pl\/wp-json\/wp\/v2\/pages\/119508\/\",\n\t\t\"url\"     : \"https:\/\/www.storevan.com\/pl\/wp-json\/wp\/v2\/pages\/119508\/\"\n\t}\n\n    <\/script>\n\n\t\n<\/div>\n<hr \/>\n<div class=\"col-xs-12 col-sm-12 col-md-6\">\n<div class=\"text-center\"><a class=\"btn btn-download\" href=\"tel:+390424585455\"><i class=\"fa fa-phone\"><\/i> <span class=\"spanBtn\">ZADZWO\u0143 TERAZ<\/span><br \/>\nuzyskasz wszelkie informacje<\/a><\/div>\n<\/div>\n<div class=\"col-xs-12 col-sm-12 col-md-6\">\n<div class=\"text-center\"><a class=\"btn btn-download btnToggle\"><i class=\"fa fa-envelope\"><\/i> <span class=\"spanBtn\">NAPISZ<\/span><br \/>\nskontaktujemy si\u0119<\/a><\/div>\n<\/div>\n<div class=\"break\"><\/div>\n<hr \/>\n<hr class=\"noColor\"\/>\n<p>Przedzia\u0142 \u0142adunkowy mo\u017cna wyposa\u017cy\u0107 w sk\u0142adane p\u00f3\u0142ki na pude\u0142ka lub walizki, a panele z uchwytami na narz\u0119dzia mo\u017cna wykorzysta\u0107 jako ekspozytory, do kt\u00f3rych produkty s\u0105 mocowane przy u\u017cyciu haczyk\u00f3w do paneli. P\u00f3\u0142ki pojazd\u00f3w dostawczych mo\u017cna r\u00f3wnie\u017c wyposa\u017cy\u0107 we wspornik na komputer do prezentacji kart danych technicznych lub powi\u0105zanych produkt\u00f3w, a tak\u017ce innego sprz\u0119tu.<br \/>\nZakup samochodu u\u017cytkowego i monta\u017c zabudowy pojazdu do cel\u00f3w sprzeda\u017cy pozwala zatem na dotarcie do klient\u00f3w w komfortowych warunkach, niezale\u017cnie od tego, gdzie znajduje si\u0119 ich siedziba. Sklep na k\u00f3\u0142kach pomaga agentom i sprzedawcom w ich codziennej pracy, dzi\u0119ki mo\u017cliwo\u015bci zaprezentowania si\u0119 potencjalnym nabywcom w uporz\u0105dkowanym i wyposa\u017conym poje\u017adzie.\n<\/p>\n<hr class=\"noColor\"\/>\n<h3 class=\"txtGrey customblackTitleExtraSmall\" style=\"color:#000;\">POZNAJ SZCZEG\u00d3\u0141Y JU\u017b WYKONANYCH ZABUD\u00d3W!<\/h3>\n<hr class=\"noColor\"\/>\n<div class=\"col-xs-12 col-sm-12 col-md-12\">\n<ul class=\"arrow txtUp\">\n<li><a href=\"https:\/\/www.storevan.com\/allestimenti-speciali-furgoni\/vendita\/vendita-ford-transit-connect\/\">Dla sklep\u00f3w narz\u0119dziowych i z artyku\u0142ami \u017celaznymi na FORDZIE TRANSIT CONNECT L1 H1<\/a><\/li>\n<li><a href=\"https:\/\/www.storevan.com\/allestimenti-speciali-furgoni\/vendita\/vendita-volkswagen-crafter\/\">Dla sklepu z narz\u0119dziowego Einhell, na VOLKSWAGEN CRAFTER L3 H3<\/a><\/li>\n<\/ul>\n<hr class=\"noColor\"\/>\n<\/div>\n<div class=\"break\"><\/div>\n<hr class=\"noColor\"\/>\n<a name=\"formcontatto\"><\/a><\/p>\n<div class=\"formToggle\">\n<h4 class=\"bigTxt text-center txtBkOrange\"><i class=\"fa fa-envelope pull-left\"><\/i>CHCESZ WIEDZIE\u0106 WI\u0118CEJ?<\/h4>\n\n<div class=\"wpcf7 no-js\" id=\"wpcf7-f67676-o1\" lang=\"it-IT\" dir=\"ltr\">\n<div class=\"screen-reader-response\"><p role=\"status\" aria-live=\"polite\" aria-atomic=\"true\"><\/p> <ul><\/ul><\/div>\n<form action=\"\/pl\/wp-json\/wp\/v2\/pages\/119508#wpcf7-f67676-o1\" method=\"post\" class=\"wpcf7-form init\" aria-label=\"Modulo di contatto\" novalidate=\"novalidate\" data-status=\"init\">\n<div style=\"display: none;\">\n<input type=\"hidden\" name=\"_wpcf7\" value=\"67676\" \/>\n<input type=\"hidden\" name=\"_wpcf7_version\" value=\"5.7.7\" \/>\n<input type=\"hidden\" name=\"_wpcf7_locale\" value=\"it_IT\" \/>\n<input type=\"hidden\" name=\"_wpcf7_unit_tag\" value=\"wpcf7-f67676-o1\" \/>\n<input type=\"hidden\" name=\"_wpcf7_container_post\" value=\"0\" \/>\n<input type=\"hidden\" name=\"_wpcf7_posted_data_hash\" value=\"\" \/>\n<input type=\"hidden\" name=\"_wpcf7_recaptcha_response\" value=\"\" \/>\n<\/div>\n<span class=\"wpcf7-form-control-wrap url\" data-name=\"url\"><input type=\"hidden\" name=\"url\" size=\"40\" class=\"wpcf7-form-control wpcf7-hidden wpcf7dtx wpcf7dtx-hidden\" aria-invalid=\"false\" value=\"sprzedaz\" autocomplete=\"off\" \/><\/span>\n<p>Wype\u0142nij poni\u017csze pola, aby otrzyma\u0107 wi\u0119cej informacji. Nasz operator skontaktuje si\u0119 z\u00a0tob\u0105 najszybciej, jak to mo\u017cliwe (* pola obowi\u0105zkowe):\n<\/p>\n<div class=\"col-xs-12 col-md-6\">\n\t<p><span class='titoli'>Imi\u0119 (*)<\/span>\n\t<\/p>\n\t<p><span class=\"wpcf7-form-control-wrap\" data-name=\"your-name\"><input size=\"40\" class=\"wpcf7-form-control wpcf7-text wpcf7-validates-as-required form-control\" aria-required=\"true\" aria-invalid=\"false\" value=\"\" type=\"text\" name=\"your-name\" \/><\/span>\n\t<\/p>\n<\/div>\n<div class=\"col-xs-12 col-md-6\">\n\t<p><span class='titoli'>Nazwisko (*)<\/span>\n\t<\/p>\n\t<p><span class=\"wpcf7-form-control-wrap\" data-name=\"your-last-name\"><input size=\"40\" class=\"wpcf7-form-control wpcf7-text wpcf7-validates-as-required form-control\" aria-required=\"true\" aria-invalid=\"false\" value=\"\" type=\"text\" name=\"your-last-name\" \/><\/span>\n\t<\/p>\n<\/div>\n<div class=\"col-xs-12 col-md-6\">\n\t<p><span class='titoli'>Firma (*)<\/span>\n\t<\/p>\n\t<p><span class=\"wpcf7-form-control-wrap\" data-name=\"your-company\"><input size=\"40\" class=\"wpcf7-form-control wpcf7-text wpcf7-validates-as-required form-control\" aria-required=\"true\" aria-invalid=\"false\" value=\"\" type=\"text\" name=\"your-company\" \/><\/span>\n\t<\/p>\n<\/div>\n<div class=\"col-xs-12 col-md-6\">\n\t<p><span class='titoli'>Numer NIP<\/span>\n\t<\/p>\n\t<p><span class=\"wpcf7-form-control-wrap\" data-name=\"p-iva\"><input size=\"40\" class=\"wpcf7-form-control wpcf7-text form-control\" aria-invalid=\"false\" value=\"\" type=\"text\" name=\"p-iva\" \/><\/span>\n\t<\/p>\n<\/div>\n<div class=\"clearboth\">\n<\/div>\n<div class=\"col-xs-12 col-md-4\">\n\t<p><span class='titoli'>Kod pocztowy (*)<\/span>\n\t<\/p>\n\t<p><span class=\"wpcf7-form-control-wrap\" data-name=\"your-zip-code\"><input size=\"40\" class=\"wpcf7-form-control wpcf7-text wpcf7-validates-as-required form-control\" aria-required=\"true\" aria-invalid=\"false\" value=\"\" type=\"text\" name=\"your-zip-code\" \/><\/span>\n\t<\/p>\n<\/div>\n<div class=\"col-xs-12 col-md-4\">\n\t<p><span class='titoli'>Adres (*)<\/span>\n\t<\/p>\n\t<p><span class=\"wpcf7-form-control-wrap\" data-name=\"your-address\"><input size=\"40\" class=\"wpcf7-form-control wpcf7-text wpcf7-validates-as-required form-control\" aria-required=\"true\" aria-invalid=\"false\" value=\"\" type=\"text\" name=\"your-address\" \/><\/span>\n\t<\/p>\n<\/div>\n<div class=\"col-xs-12 col-md-4\">\n\t<p><span class='titoli'>Miasto (*)<\/span>\n\t<\/p>\n\t<p><span class=\"wpcf7-form-control-wrap\" data-name=\"your-Town\"><input size=\"40\" class=\"wpcf7-form-control wpcf7-text wpcf7-validates-as-required form-control\" aria-required=\"true\" aria-invalid=\"false\" value=\"\" type=\"text\" name=\"your-Town\" \/><\/span>\n\t<\/p>\n<\/div>\n<div class=\"clearboth\">\n<\/div>\n<div class=\"col-xs-12 col-md-6\">\n\t<p><span class='titoli'>email (*)<\/span>\n\t<\/p>\n\t<p><span class=\"wpcf7-form-control-wrap\" data-name=\"your-email\"><input size=\"40\" class=\"wpcf7-form-control wpcf7-text wpcf7-email wpcf7-validates-as-required wpcf7-validates-as-email form-control\" aria-required=\"true\" aria-invalid=\"false\" value=\"\" type=\"email\" name=\"your-email\" \/><\/span>\n\t<\/p>\n<\/div>\n<div class=\"col-xs-12 col-md-6\">\n\t<p><span class='titoli'>Telefon (*)<\/span>\n\t<\/p>\n\t<p><span class=\"wpcf7-form-control-wrap\" data-name=\"telefono\"><input size=\"40\" class=\"wpcf7-form-control wpcf7-text wpcf7-tel wpcf7-validates-as-required wpcf7-validates-as-tel form-control\" aria-required=\"true\" aria-invalid=\"false\" value=\"\" type=\"tel\" name=\"telefono\" \/><\/span>\n\t<\/p>\n<\/div>\n<div class=\"clearboth\">\n<\/div>\n<div class=\"col-xs-12 col-md-6\">\n\t<p><span class='titoli'>Przedmiot <\/span>\n\t<\/p>\n\t<p><span class=\"wpcf7-form-control-wrap\" data-name=\"oggetto\"><select class=\"wpcf7-form-control wpcf7-select wpcf7-validates-as-required\" aria-required=\"true\" aria-invalid=\"false\" name=\"oggetto\"><option value=\"Oferta\">Oferta<\/option><option value=\"Informacje techniczne\">Informacje techniczne<\/option><option value=\"Powo\u0142anie\">Powo\u0142anie<\/option><\/select><\/span>\n\t<\/p>\n<\/div>\n<div class=\"col-xs-12 col-md-6\">\n\t<p><br \/>\n<span class=\"titoli\"> <span class=\"wpcf7-form-control-wrap\" data-name=\"cliente\"><span class=\"wpcf7-form-control wpcf7-checkbox\"><span class=\"wpcf7-list-item first last\"><label><span class=\"wpcf7-list-item-label\">Jestem ju\u017c klientem<\/span><input type=\"checkbox\" name=\"cliente[]\" value=\"Jestem ju\u017c klientem\" \/><\/label><\/span><\/span><\/span><\/span>\n\t<\/p>\n<\/div>\n<div class=\"col-xs-12 col-md-12\">\n\t<p><span class='titoli'>Wiadomo\u015b\u0107 (*)<\/span>\n\t<\/p>\n\t<p><span class=\"wpcf7-form-control-wrap\" data-name=\"your-message\"><textarea cols=\"40\" rows=\"10\" class=\"wpcf7-form-control wpcf7-textarea wpcf7-validates-as-required form-control\" aria-required=\"true\" aria-invalid=\"false\" name=\"your-message\"><\/textarea><\/span>\n\t<\/p>\n<\/div>\n<div class=\"col-xs-12 col-md-12\">\n\t<p><small>Wprowadzone dane b\u0119d\u0105 traktowane z zachowaniem \u015bcis\u0142ej poufno\u015bci zgodnie z prawem i nasz\u0105 polityk\u0105 prywatno\u015bci. <a href=\"https:\/\/www.storevan.com\/pl\/privacy-policy\/\">Polityk\u0105 prywatno\u015bci<\/a><\/small>\n\t<\/p>\n\t<p><span class=\"wpcf7-form-control-wrap\" data-name=\"AccettazionePrivacy\"><span class=\"wpcf7-form-control wpcf7-acceptance\"><span class=\"wpcf7-list-item\"><input type=\"checkbox\" name=\"AccettazionePrivacy\" value=\"1\" aria-invalid=\"false\" \/><\/span><\/span><\/span> O\u015bwiadczam, \u017ce zapozna\u0142am si\u0119 z <a href=\"https:\/\/www.storevan.com\/pl\/privacy-policy\/\">polityk\u0105 prywatno\u015bci<\/a> i zgadzam si\u0119 na wykorzystanie moich danych osobowych w opisanych tam przypadkach.(*)(*)<br \/>\n\t<span class=\"wpcf7-form-control-wrap recaptcha\" data-name=\"recaptcha\"><span data-sitekey=\"6LdfM4AUAAAAAJjsAucux5WVNA3hsk5KP0a03T_n\" class=\"wpcf7-form-control g-recaptcha wpcf7-recaptcha\"><\/span>\r\n<noscript>\r\n\t<div class=\"grecaptcha-noscript\">\r\n\t\t<iframe src=\"https:\/\/www.google.com\/recaptcha\/api\/fallback?k=6LdfM4AUAAAAAJjsAucux5WVNA3hsk5KP0a03T_n\" frameborder=\"0\" scrolling=\"no\" width=\"310\" height=\"430\">\r\n\t\t<\/iframe>\r\n\t\t<textarea name=\"g-recaptcha-response\" rows=\"3\" cols=\"40\" placeholder=\"reCaptcha Response Here\">\r\n\t\t<\/textarea>\r\n\t<\/div>\r\n<\/noscript>\r\n<\/span>\n\t<\/p>\n<\/div>\n<hr class=\"noColor\" \/>\n<p><input class=\"wpcf7-form-control has-spinner wpcf7-submit\" type=\"submit\" value=\"Wy\u015blij\" \/>\n<\/p><div class=\"wpcf7-response-output\" aria-hidden=\"true\"><\/div>\n<\/form>\n<\/div>\n\n<\/div>\n","protected":false},"excerpt":{"rendered":"<p>ZABUDOWA SPECJALNA DO POJAZD\u00d3W DOSTAWCZYCH PRZEZNACZONYCH DO CEL\u00d3W REPREZENTACYJNYCH, EKSPOZYCYJNYCH I SPRZEDA\u017bOWYCH SPERSONALIZOWANA ZABUDOWA, KT\u00d3RA POZWALA OTRZYMA\u0106 SKLEP NA K\u00d3\u0141KACH Robienie zakup\u00f3w bezpo\u015brednio z domu sta\u0142o si\u0119 normalne dla wi\u0119kszo\u015bci.<\/p>\n","protected":false},"author":470,"featured_media":0,"parent":119499,"menu_order":0,"comment_status":"closed","ping_status":"closed","template":"","meta":[],"acf":[],"yoast_head":"<!-- This site is optimized with the Yoast SEO plugin v20.11 - https:\/\/yoast.com\/wordpress\/plugins\/seo\/ -->\n<title>Zabudowa specjalna do pojazd\u00f3w dostawczych przeznaczonych do cel\u00f3w reprezentacyjnych, ekspozycyjnych I sprzeda\u017cowych<\/title>\n<meta name=\"robots\" content=\"index, follow, max-snippet:-1, max-image-preview:large, max-video-preview:-1\" \/>\n<link rel=\"canonical\" href=\"https:\/\/www.storevan.com\/pl\/zabudowy-specjalne-do-samochodow-dostawczych-z-wyposazeniem\/sprzedaz\/\" \/>\n<meta property=\"og:locale\" content=\"pl_PL\" \/>\n<meta property=\"og:type\" content=\"article\" \/>\n<meta property=\"og:title\" content=\"Zabudowa specjalna do pojazd\u00f3w dostawczych przeznaczonych do cel\u00f3w reprezentacyjnych, ekspozycyjnych I sprzeda\u017cowych\" \/>\n<meta property=\"og:description\" content=\"ZABUDOWA SPECJALNA DO POJAZD\u00d3W DOSTAWCZYCH PRZEZNACZONYCH DO CEL\u00d3W REPREZENTACYJNYCH, EKSPOZYCYJNYCH I SPRZEDA\u017bOWYCH SPERSONALIZOWANA ZABUDOWA, KT\u00d3RA POZWALA OTRZYMA\u0106 SKLEP NA K\u00d3\u0141KACH Robienie zakup\u00f3w bezpo\u015brednio z domu sta\u0142o si\u0119 normalne dla wi\u0119kszo\u015bci.\" \/>\n<meta property=\"og:url\" content=\"https:\/\/www.storevan.com\/pl\/zabudowy-specjalne-do-samochodow-dostawczych-z-wyposazeniem\/sprzedaz\/\" \/>\n<meta property=\"og:site_name\" content=\"Store Van\" \/>\n<meta property=\"article:modified_time\" content=\"2020-07-30T09:03:06+00:00\" \/>\n<meta property=\"og:image\" content=\"https:\/\/www.storevan.com\/wp-content\/uploads\/2019\/10\/allestimenti-speciali-vendita.jpg\" \/>\n<meta name=\"twitter:label1\" content=\"Szacowany czas czytania\" \/>\n\t<meta name=\"twitter:data1\" content=\"2 minuty\" \/>\n<script type=\"application\/ld+json\" class=\"yoast-schema-graph\">{\"@context\":\"https:\/\/schema.org\",\"@graph\":[{\"@type\":\"WebPage\",\"@id\":\"https:\/\/www.storevan.com\/pl\/zabudowy-specjalne-do-samochodow-dostawczych-z-wyposazeniem\/sprzedaz\/\",\"url\":\"https:\/\/www.storevan.com\/pl\/zabudowy-specjalne-do-samochodow-dostawczych-z-wyposazeniem\/sprzedaz\/\",\"name\":\"Zabudowa specjalna do pojazd\u00f3w dostawczych przeznaczonych do cel\u00f3w reprezentacyjnych, ekspozycyjnych I sprzeda\u017cowych\",\"isPartOf\":{\"@id\":\"https:\/\/www.storevan.com\/pl\/#website\"},\"datePublished\":\"2019-10-11T11:29:53+00:00\",\"dateModified\":\"2020-07-30T09:03:06+00:00\",\"breadcrumb\":{\"@id\":\"https:\/\/www.storevan.com\/pl\/zabudowy-specjalne-do-samochodow-dostawczych-z-wyposazeniem\/sprzedaz\/#breadcrumb\"},\"inLanguage\":\"pl-PL\",\"potentialAction\":[{\"@type\":\"ReadAction\",\"target\":[\"https:\/\/www.storevan.com\/pl\/zabudowy-specjalne-do-samochodow-dostawczych-z-wyposazeniem\/sprzedaz\/\"]}]},{\"@type\":\"BreadcrumbList\",\"@id\":\"https:\/\/www.storevan.com\/pl\/zabudowy-specjalne-do-samochodow-dostawczych-z-wyposazeniem\/sprzedaz\/#breadcrumb\",\"itemListElement\":[{\"@type\":\"ListItem\",\"position\":1,\"name\":\"Home\",\"item\":\"https:\/\/www.storevan.com\/pl\/\"},{\"@type\":\"ListItem\",\"position\":2,\"name\":\"Zabudowy specjalne do samochod\u00f3w dostawczych z wyposa\u017ceniem\",\"item\":\"https:\/\/www.storevan.com\/pl\/zabudowy-specjalne-do-samochodow-dostawczych-z-wyposazeniem\/\"},{\"@type\":\"ListItem\",\"position\":3,\"name\":\"Do sprzeda\u017cy\"}]},{\"@type\":\"WebSite\",\"@id\":\"https:\/\/www.storevan.com\/pl\/#website\",\"url\":\"https:\/\/www.storevan.com\/pl\/\",\"name\":\"Store Van\",\"description\":\"Zabudowy\",\"potentialAction\":[{\"@type\":\"SearchAction\",\"target\":{\"@type\":\"EntryPoint\",\"urlTemplate\":\"https:\/\/www.storevan.com\/pl\/?s={search_term_string}\"},\"query-input\":\"required name=search_term_string\"}],\"inLanguage\":\"pl-PL\"}]}<\/script>\n<!-- \/ Yoast SEO plugin. -->","yoast_head_json":{"title":"Zabudowa specjalna do pojazd\u00f3w dostawczych przeznaczonych do cel\u00f3w reprezentacyjnych, ekspozycyjnych I sprzeda\u017cowych","robots":{"index":"index","follow":"follow","max-snippet":"max-snippet:-1","max-image-preview":"max-image-preview:large","max-video-preview":"max-video-preview:-1"},"canonical":"https:\/\/www.storevan.com\/pl\/zabudowy-specjalne-do-samochodow-dostawczych-z-wyposazeniem\/sprzedaz\/","og_locale":"pl_PL","og_type":"article","og_title":"Zabudowa specjalna do pojazd\u00f3w dostawczych przeznaczonych do cel\u00f3w reprezentacyjnych, ekspozycyjnych I sprzeda\u017cowych","og_description":"ZABUDOWA SPECJALNA DO POJAZD\u00d3W DOSTAWCZYCH PRZEZNACZONYCH DO CEL\u00d3W REPREZENTACYJNYCH, EKSPOZYCYJNYCH I SPRZEDA\u017bOWYCH SPERSONALIZOWANA ZABUDOWA, KT\u00d3RA POZWALA OTRZYMA\u0106 SKLEP NA K\u00d3\u0141KACH Robienie zakup\u00f3w bezpo\u015brednio z domu sta\u0142o si\u0119 normalne dla wi\u0119kszo\u015bci.","og_url":"https:\/\/www.storevan.com\/pl\/zabudowy-specjalne-do-samochodow-dostawczych-z-wyposazeniem\/sprzedaz\/","og_site_name":"Store Van","article_modified_time":"2020-07-30T09:03:06+00:00","og_image":[{"url":"https:\/\/www.storevan.com\/wp-content\/uploads\/2019\/10\/allestimenti-speciali-vendita.jpg"}],"twitter_misc":{"Szacowany czas czytania":"2 minuty"},"schema":{"@context":"https:\/\/schema.org","@graph":[{"@type":"WebPage","@id":"https:\/\/www.storevan.com\/pl\/zabudowy-specjalne-do-samochodow-dostawczych-z-wyposazeniem\/sprzedaz\/","url":"https:\/\/www.storevan.com\/pl\/zabudowy-specjalne-do-samochodow-dostawczych-z-wyposazeniem\/sprzedaz\/","name":"Zabudowa specjalna do pojazd\u00f3w dostawczych przeznaczonych do cel\u00f3w reprezentacyjnych, ekspozycyjnych I sprzeda\u017cowych","isPartOf":{"@id":"https:\/\/www.storevan.com\/pl\/#website"},"datePublished":"2019-10-11T11:29:53+00:00","dateModified":"2020-07-30T09:03:06+00:00","breadcrumb":{"@id":"https:\/\/www.storevan.com\/pl\/zabudowy-specjalne-do-samochodow-dostawczych-z-wyposazeniem\/sprzedaz\/#breadcrumb"},"inLanguage":"pl-PL","potentialAction":[{"@type":"ReadAction","target":["https:\/\/www.storevan.com\/pl\/zabudowy-specjalne-do-samochodow-dostawczych-z-wyposazeniem\/sprzedaz\/"]}]},{"@type":"BreadcrumbList","@id":"https:\/\/www.storevan.com\/pl\/zabudowy-specjalne-do-samochodow-dostawczych-z-wyposazeniem\/sprzedaz\/#breadcrumb","itemListElement":[{"@type":"ListItem","position":1,"name":"Home","item":"https:\/\/www.storevan.com\/pl\/"},{"@type":"ListItem","position":2,"name":"Zabudowy specjalne do samochod\u00f3w dostawczych z wyposa\u017ceniem","item":"https:\/\/www.storevan.com\/pl\/zabudowy-specjalne-do-samochodow-dostawczych-z-wyposazeniem\/"},{"@type":"ListItem","position":3,"name":"Do sprzeda\u017cy"}]},{"@type":"WebSite","@id":"https:\/\/www.storevan.com\/pl\/#website","url":"https:\/\/www.storevan.com\/pl\/","name":"Store Van","description":"Zabudowy","potentialAction":[{"@type":"SearchAction","target":{"@type":"EntryPoint","urlTemplate":"https:\/\/www.storevan.com\/pl\/?s={search_term_string}"},"query-input":"required name=search_term_string"}],"inLanguage":"pl-PL"}]}},"_links":{"self":[{"href":"https:\/\/www.storevan.com\/pl\/wp-json\/wp\/v2\/pages\/119508"}],"collection":[{"href":"https:\/\/www.storevan.com\/pl\/wp-json\/wp\/v2\/pages"}],"about":[{"href":"https:\/\/www.storevan.com\/pl\/wp-json\/wp\/v2\/types\/page"}],"author":[{"embeddable":true,"href":"https:\/\/www.storevan.com\/pl\/wp-json\/wp\/v2\/users\/470"}],"replies":[{"embeddable":true,"href":"https:\/\/www.storevan.com\/pl\/wp-json\/wp\/v2\/comments?post=119508"}],"version-history":[{"count":5,"href":"https:\/\/www.storevan.com\/pl\/wp-json\/wp\/v2\/pages\/119508\/revisions"}],"predecessor-version":[{"id":119905,"href":"https:\/\/www.storevan.com\/pl\/wp-json\/wp\/v2\/pages\/119508\/revisions\/119905"}],"up":[{"embeddable":true,"href":"https:\/\/www.storevan.com\/pl\/wp-json\/wp\/v2\/pages\/119499"}],"wp:attachment":[{"href":"https:\/\/www.storevan.com\/pl\/wp-json\/wp\/v2\/media?parent=119508"}],"curies":[{"name":"wp","href":"https:\/\/api.w.org\/{rel}","templated":true}]}}