{"id":119505,"date":"2019-10-11T11:12:45","date_gmt":"2019-10-11T11:12:45","guid":{"rendered":"https:\/\/www.storevan.com\/zabudowy-specjalne-do-samochodow-dostawczych-z-wyposazeniem\/manutenzione\/"},"modified":"2020-07-30T08:48:31","modified_gmt":"2020-07-30T08:48:31","slug":"konserwacja","status":"publish","type":"page","link":"https:\/\/www.storevan.com\/pl\/zabudowy-specjalne-do-samochodow-dostawczych-z-wyposazeniem\/konserwacja\/","title":{"rendered":"Dla serwisu i obs\u0142ugi technicznej"},"content":{"rendered":"<h1 class=\"customblackTitleSmall\">ZABUDOWA NA WYMIAR DLA SERWISU I OBS\u0141UGI TECHNICZNEJ<\/h1>\n<h2>WARSZTAT MOBILNY DOSTOSOWANY DO POTRZEB U\u017bYTKOWNIKA, KT\u00d3RY PRZYSPIESZA I U\u0141ATWIA WYKONYWANIE PRAC<\/h2>\n<div class=\"col-xs-12 col-sm-6 col-md-6\">\n<img decoding=\"async\" src=\"https:\/\/www.storevan.com\/wp-content\/uploads\/2019\/10\/allestimenti-speciali-manutenzione.jpg\" alt=\"ZABUDOWA NA WYMIAR DLA SERWISU I OBS\u0141UGI TECHNICZNEJ\" class=\"size-full\" \/>\n<\/div>\n<div class=\"col-xs-12 col-sm-6 col-md-6\">\n<p class=\"txtBlack\">\u015awiadczenie us\u0142ug <strong>serwisowych w celu przeprowadzenia napraw i przegl\u0105d\u00f3w bezpo\u015brednio u klienta<\/strong> stanowi warto\u015b\u0107 dodan\u0105, kt\u00f3rej wiele os\u00f3b poszukuje, wybieraj\u0105c partnera w zakresie dostaw sprz\u0119tu, maszyn i instalacji. Firma oferuj\u0105ca takie us\u0142ugi musi dysponowa\u0107 <strong>zabudow\u0105 dostosowan\u0105 do indywidualnych potrzeb<\/strong>, aby mie\u0107 dost\u0119p do ca\u0142ego sprz\u0119tu niezb\u0119dnego do stawienia czo\u0142a mo\u017cliwym usterkom. Bardzo cz\u0119sto prace konserwacyjne mog\u0105 dotyczy\u0107 maszyn, w kt\u00f3rych zabrak\u0142o paliwa lub oleju, awarii element\u00f3w o r\u00f3\u017cnych rozmiarach lub roz\u0142adowanych akumulator\u00f3w i innych urz\u0105dze\u0144 elektrycznych.<\/p>\n<hr class=\"noColor\"\/>\n<h3 class=\"customblackTitleSmall txtSmall\">ZABUDOWY SPECJALNE I NA WYMIAR STORE VAN<\/h3>\n<p class=\"customblackTitleSmall\" style=\"font-size: 126%;\">SYSTEMY PRZEZNACZONE DO OBS\u0141UGI TECHNICZNEJ, NAPRAW I SERWISU<\/p>\n<p class=\"txtBlack\">Dzi\u0119ki <strong>spersonalizowanym zabudowom Store Van<\/strong> zapewnienie <strong>sprawnej i efektywnej obs\u0142ugi<\/strong> u klienta nie jest ju\u017c problemem! Poszczeg\u00f3lne elementy zabudowy mog\u0105 zosta\u0107 spersonalizowane i dostosowane do r\u00f3\u017cnego rodzaju napraw wykonywanych przez u\u017cytkownika. <\/p>\n<hr class=\"noColor\"\/>\n<\/div>\n<div class=\"break\"><\/div>\n<hr class=\"noColor\"\/>\n<h3 class=\"txtGrey customblackTitleExtraSmall\" style=\"color:#000;\">PRZYK\u0141ADY NIEKT\u00d3RYCH REALIZACJI:<\/h3>\n<hr class=\"noColor\" \/>\n<hr class=\"noColor\"\/>\n<style>#jtg-119728 .modula-item .jtg-social a, .lightbox-socials.jtg-social a{ color: #ffffff }#jtg-119728 .modula-item .jtg-social svg, .lightbox-socials.jtg-social svg { height: 16px; width: 16px }#jtg-119728 .modula-item .jtg-social a:not(:last-child), .lightbox-socials.jtg-social a:not(:last-child) { margin-right: 10px }#jtg-119728 .modula-item .figc {color:#000000;}#jtg-119728 .modula-item .figc .jtg-title {  font-size: 18px; }#jtg-119728 .modula-item .modula-item-content { transform: scale(1) }#jtg-119728 { width:100%;}#jtg-119728 .modula-items{height:500px;}@media screen and (max-width: 992px) {#jtg-119728 .modula-items{height:500px;}}@media screen and (max-width: 768px) {#jtg-119728 .modula-items{height:500px;}}#jtg-119728 .modula-items .figc p.description { font-size:14px; }#jtg-119728 .modula-items .figc p.description { color:#000000;}#jtg-119728 .modula-items .figc .jtg-title { color:#000000; }#jtg-119728.modula-gallery .modula-item > a, #jtg-119728.modula-gallery .modula-item, #jtg-119728.modula-gallery .modula-item-content > a:not(.modula-no-follow) { cursor:pointer; } #jtg-119728.modula-gallery .modula-item-content .modula-no-follow { cursor: default; } #jtg-119728 .modula-item .modula-item-overlay, #jtg-119728 .modula-item.effect-layla, #jtg-119728  .modula-item.effect-ruby,#jtg-119728 .modula-item.effect-bubba,#jtg-119728 .modula-item.effect-sarah,#jtg-119728 .modula-item.effect-milo,#jtg-119728 .modula-item.effect-julia,#jtg-119728 .modula-item.effect-hera,#jtg-119728 .modula-item.effect-winston,#jtg-119728 .modula-item.effect-selena,#jtg-119728 .modula-item.effect-terry,#jtg-119728 .modula-item.effect-phoebe,#jtg-119728 .modula-item.effect-apollo,#jtg-119728 .modula-item.effect-steve,#jtg-119728 .modula-item.effect-ming{ background-color:#ffffff; }#jtg-119728  .modula-item.effect-oscar { background: -webkit-linear-gradient(45deg,#ffffff 0,#9b4a1b 40%,#ffffff 100%);background: linear-gradient(45deg,#ffffff 0,#9b4a1b 40%,#ffffff 100%);}#jtg-119728  .modula-item.effect-roxy {background: -webkit-linear-gradient(45deg,#ffffff 0,#05abe0 100%);background: linear-gradient(45deg,#ffffff 0,#05abe0 100%);}#jtg-119728 .modula-item.effect-dexter {background: -webkit-linear-gradient(top,#ffffff 0,rgba(104,60,19,1) 100%); background: linear-gradient(to bottom,#ffffff 0,rgba(104,60,19,1) 100%);}#jtg-119728  .modula-item.effect-jazz {background: -webkit-linear-gradient(-45deg,#ffffff 0,#f33f58 100%);background: linear-gradient(-45deg,#ffffff 0,#f33f58 100%);}#jtg-119728 .modula-item.effect-lexi {background: -webkit-linear-gradient(-45deg,#ffffff 0,#fff 100%);background: linear-gradient(-45deg,#ffffff 0,#fff 100%);}#jtg-119728 .modula-item.effect-duke {background: -webkit-linear-gradient(-45deg,#ffffff 0,#cc6055 100%);background: linear-gradient(-45deg,#ffffff 0,#cc6055 100%);}#jtg-119728 .modula-item:hover img { opacity: 0.5; }#jtg-119728 .jtg-title {font-weight:400; }#jtg-119728 p.description {font-weight:normal; }#jtg-119728:not(.modula-loaded-scale)  .modula-item .modula-item-content { transform: scale(1) translate(0px,0px) rotate(0deg); }@keyframes modulaScaling { 0% {transform: scale(1) translate(0px,p0x) rotate(0deg);} 50%{transform: scale(1) translate(0px,0px) rotate(0deg);}100%{transform: scale(1) translate(0px,p0x) rotate(0deg);}}#jtg-119728.modula-gallery .modula-item.effect-terry .jtg-social a:not(:last-child){margin-bottom:10px;}.modula-fancybox-container.modula-lightbox-jtg-119728 .modula-fancybox-caption .modula-fancybox-caption__body, .modula-fancybox-container.modula-lightbox-jtg-119728 .modula-fancybox-caption .modula-fancybox-caption__body p {text-align:left}html body .modula.modula-columns .modula-items.grid-gallery .modula-item.effect-under .modula-item-content { height:auto;}.jtg-title {font-family:ConduitITCPro-Black;}@media screen and (max-width:480px){#jtg-119728 .modula-item .figc .jtg-title {  font-size: 12px; }#jtg-119728 .modula-items .figc p.description { color:#000000;font-size:10px; }}<\/style>\n<!-- Gallery Container -->\n<div  id=\"jtg-119728\" class=\"modula modula-gallery modula-creative-gallery\" data-config=\"{&quot;height&quot;:500,&quot;tabletHeight&quot;:500,&quot;mobileHeight&quot;:500,&quot;desktopHeight&quot;:500,&quot;enableTwitter&quot;:false,&quot;enableWhatsapp&quot;:false,&quot;enableFacebook&quot;:false,&quot;enablePinterest&quot;:false,&quot;enableLinkedin&quot;:false,&quot;enableEmail&quot;:false,&quot;randomFactor&quot;:0.5,&quot;type&quot;:&quot;creative-gallery&quot;,&quot;columns&quot;:12,&quot;gutter&quot;:10,&quot;mobileGutter&quot;:10,&quot;tabletGutter&quot;:10,&quot;desktopGutter&quot;:10,&quot;enableResponsive&quot;:&quot;0&quot;,&quot;tabletColumns&quot;:&quot;2&quot;,&quot;mobileColumns&quot;:&quot;1&quot;,&quot;lazyLoad&quot;:&quot;1&quot;,&quot;lightboxOpts&quot;:{&quot;loop&quot;:false,&quot;arrows&quot;:true,&quot;toolbar&quot;:true,&quot;keyboard&quot;:false,&quot;wheel&quot;:false,&quot;buttons&quot;:[&quot;close&quot;],&quot;hash&quot;:false,&quot;lang&quot;:&quot;en&quot;,&quot;touch&quot;:false,&quot;protect&quot;:false,&quot;i18n&quot;:{&quot;en&quot;:{&quot;CLOSE&quot;:&quot;Zamknij&quot;,&quot;NEXT&quot;:&quot;Nast\\u0119pny&quot;,&quot;PREV&quot;:&quot;Poprzedni&quot;,&quot;Error&quot;:&quot;Nie mo\\u017cna za\\u0142adowa\\u0107 \\u017c\\u0105danej tre\\u015bci. Spr\\u00f3buj ponownie p\\u00f3\\u017aniej.&quot;,&quot;PLAY_START&quot;:&quot;Rozpocznij pokaz slajd\\u00f3w&quot;,&quot;PLAY_STOP&quot;:&quot;Zatrzymaj pokaz slajd\\u00f3w&quot;,&quot;FULL_SCREEN&quot;:&quot;Pe\\u0142ny ekran&quot;,&quot;THUMBS&quot;:&quot;Miniatury&quot;,&quot;DOWNLOAD&quot;:&quot;Pobieranie&quot;,&quot;SHARE&quot;:&quot;Udost\\u0119pnij&quot;,&quot;ZOOM&quot;:&quot;Powi\\u0119kszenie&quot;}},&quot;clickSlide&quot;:false,&quot;clickOutside&quot;:false,&quot;dblclickContent&quot;:false,&quot;dblclickSlide&quot;:false,&quot;dblclickOutside&quot;:false,&quot;baseTpl&quot;:&quot;&lt;div class=\\&quot;modula-fancybox-container modula-lightbox-jtg-119728\\&quot; role=\\&quot;dialog\\&quot; tabindex=\\&quot;-1\\&quot;&gt;&lt;div class=\\&quot;modula-fancybox-bg\\&quot;&gt;&lt;\\\/div&gt;&lt;div class=\\&quot;modula-fancybox-inner\\&quot;&gt;&lt;div class=\\&quot;modula-fancybox-infobar\\&quot;&gt;&lt;span data-fancybox-index&gt;&lt;\\\/span&gt;&nbsp;\\\/&nbsp;&lt;span data-fancybox-count&gt;&lt;\\\/span&gt;&lt;\\\/div&gt;&lt;div class=\\&quot;modula-fancybox-toolbar\\&quot;&gt;{{buttons}}&lt;\\\/div&gt;&lt;div class=\\&quot;modula-fancybox-navigation\\&quot;&gt;{{arrows}}&lt;\\\/div&gt;&lt;div class=\\&quot;modula-fancybox-stage\\&quot;&gt;&lt;\\\/div&gt;&lt;div class=\\&quot;modula-fancybox-caption\\&quot;&gt;&lt;div class=\\&quot;modula-fancybox-caption__body\\&quot;&gt;&lt;\\\/div&gt;&lt;\\\/div&gt;&lt;\\\/div&gt;&lt;\\\/div&gt;&quot;,&quot;infobar&quot;:true,&quot;animationEffect&quot;:false,&quot;animationDuration&quot;:366,&quot;transitionEffect&quot;:false,&quot;transitionDuration&quot;:366,&quot;thumbs&quot;:{&quot;autoStart&quot;:false,&quot;axis&quot;:&quot;y&quot;},&quot;preventCaptionOverlap&quot;:false},&quot;inView&quot;:false,&quot;email_subject&quot;:&quot;Check out this awesome image !!&quot;,&quot;email_message&quot;:&quot;Here is the link to the image : %%image_link%% and this is the link to the gallery : %%gallery_link%%&quot;,&quot;lightbox&quot;:&quot;attachment-page&quot;,&quot;filterClick&quot;:&quot;0&quot;,&quot;dropdownFilters&quot;:&quot;0&quot;,&quot;defaultActiveFilter&quot;:&quot;all&quot;,&quot;initLightbox&quot;:&quot;modula_pro_init_lightbox&quot;,&quot;haveFilters&quot;:0}\">\n\n\t\n\t<!-- Items Container -->\n\t<div  class=\"modula-items\">\n\t\t<div class=\"modula-item modula-simple-link modula-simple-link effect-zoe jtg-filter-all jtg-filter-\" >\n\t<div class=\"modula-item-overlay\"><\/div>\n\n\t<div class=\"modula-item-content\">\n\n\t\t\t\t\n\t\t\t\t\t<a data-image-id=\"109014\" class=\"modula-simple-link modula-simple-link\" aria-label=\"Otw\u00f3rz stron\u0119 za\u0142\u0105cznika\" href=\"https:\/\/www.storevan.com\/pl\/zabudowy-specjalne-do-samochodow-dostawczych-z-wyposazeniem\/konserwacja\/zabudowa-do-obslugi-technicznej-i-serwisowania-suwnic-fiat-ducato\/\" data-thumb=\"https:\/\/www.storevan.com\/wp-content\/uploads\/2019\/10\/m-fiat-ducato-04-150x150.jpg\" class=\"tile-inner modula-item-link\"><\/a>\n\t\t\n\t\t<img class=\"pic wp-image-109014 lazyload\"  data-valign=\"middle\" data-halign=\"left\" alt=\"Allestimento su misura per FIAT DUCATO L2 H2\" data-full=\"https:\/\/www.storevan.com\/wp-content\/uploads\/2019\/10\/m-fiat-ducato-04.jpg\" title=\"FIAT DUCATO &lt;i class=&quot;fa fa-angle-double-right&quot;&gt;&lt;\/i&gt;\" width=\"200\" height=\"300\" data-src=\"https:\/\/www.storevan.com\/wp-content\/uploads\/2019\/10\/m-fiat-ducato-04-200x300.jpg\" data-caption=\"Scopri l&#039;allestimento su FIAT DUCATO \" data-source=\"modula\" data-srcset=\"https:\/\/www.storevan.com\/wp-content\/uploads\/2019\/10\/m-fiat-ducato-04.jpg 800w, https:\/\/www.storevan.com\/wp-content\/uploads\/2019\/10\/m-fiat-ducato-04-200x300.jpg 200w, https:\/\/www.storevan.com\/wp-content\/uploads\/2019\/10\/m-fiat-ducato-04-768x1152.jpg 768w, https:\/\/www.storevan.com\/wp-content\/uploads\/2019\/10\/m-fiat-ducato-04-683x1024.jpg 683w\" data-sizes=\"(max-width: 200px) 100vw, 200px\" \/>\n\t\t<div class=\"figc\">\n\t\t\t<div class=\"figc-inner\">\n\t\t\t\t\t\t\t\t\t<div class='jtg-title'>FIAT DUCATO <i class=\"fa fa-angle-double-right\"><\/i><\/div>\n\t\t\t\t\t\t\t\t\t\t\t\t\t\t\t<\/div>\n\t\t<\/div>\n\n\t<\/div>\n\n<\/div><div class=\"modula-item modula-simple-link modula-simple-link effect-zoe jtg-filter-all jtg-filter-\" >\n\t<div class=\"modula-item-overlay\"><\/div>\n\n\t<div class=\"modula-item-content\">\n\n\t\t\t\t\n\t\t\t\t\t<a data-image-id=\"108996\" class=\"modula-simple-link modula-simple-link\" aria-label=\"Otw\u00f3rz stron\u0119 za\u0142\u0105cznika\" href=\"https:\/\/www.storevan.com\/pl\/zabudowy-specjalne-do-samochodow-dostawczych-z-wyposazeniem\/konserwacja\/zabudowa-do-obslugi-technicznej-i-serwisowania-suwnic-fiat-ducato\/\" data-thumb=\"https:\/\/www.storevan.com\/wp-content\/uploads\/2019\/10\/m-fiat-ducato-01-150x150.jpg\" class=\"tile-inner modula-item-link\"><\/a>\n\t\t\n\t\t<img class=\"pic wp-image-108996 lazyload\"  data-valign=\"middle\" data-halign=\"left\" alt=\"Allestimento su misura per FIAT DUCATO L2 H2\" data-full=\"https:\/\/www.storevan.com\/wp-content\/uploads\/2019\/10\/m-fiat-ducato-01.jpg\" title=\"FIAT DUCATO &lt;i class=&quot;fa fa-angle-double-right&quot;&gt;&lt;\/i&gt;\" width=\"200\" height=\"300\" data-src=\"https:\/\/www.storevan.com\/wp-content\/uploads\/2019\/10\/m-fiat-ducato-01-200x300.jpg\" data-caption=\"Scopri l&#039;allestimento su FIAT DUCATO \" data-source=\"modula\" data-srcset=\"https:\/\/www.storevan.com\/wp-content\/uploads\/2019\/10\/m-fiat-ducato-01.jpg 800w, https:\/\/www.storevan.com\/wp-content\/uploads\/2019\/10\/m-fiat-ducato-01-200x300.jpg 200w, https:\/\/www.storevan.com\/wp-content\/uploads\/2019\/10\/m-fiat-ducato-01-768x1152.jpg 768w, https:\/\/www.storevan.com\/wp-content\/uploads\/2019\/10\/m-fiat-ducato-01-683x1024.jpg 683w\" data-sizes=\"(max-width: 200px) 100vw, 200px\" \/>\n\t\t<div class=\"figc\">\n\t\t\t<div class=\"figc-inner\">\n\t\t\t\t\t\t\t\t\t<div class='jtg-title'>FIAT DUCATO <i class=\"fa fa-angle-double-right\"><\/i><\/div>\n\t\t\t\t\t\t\t\t\t\t\t\t\t\t\t<\/div>\n\t\t<\/div>\n\n\t<\/div>\n\n<\/div><div class=\"modula-item modula-simple-link modula-simple-link effect-zoe jtg-filter-all jtg-filter-\" >\n\t<div class=\"modula-item-overlay\"><\/div>\n\n\t<div class=\"modula-item-content\">\n\n\t\t\t\t\n\t\t\t\t\t<a data-image-id=\"108861\" class=\"modula-simple-link modula-simple-link\" aria-label=\"Otw\u00f3rz stron\u0119 za\u0142\u0105cznika\" href=\"https:\/\/www.storevan.com\/pl\/zabudowy-specjalne-do-samochodow-dostawczych-z-wyposazeniem\/konserwacja\/m-iveco-daily\/\" data-thumb=\"https:\/\/www.storevan.com\/wp-content\/uploads\/2019\/10\/m-iveco-daily-02-150x150.jpg\" class=\"tile-inner modula-item-link\"><\/a>\n\t\t\n\t\t<img class=\"pic wp-image-108861 lazyload\"  data-valign=\"middle\" data-halign=\"left\" alt=\"Allestimento speciale per Iveco Daily L2L H2\" data-full=\"https:\/\/www.storevan.com\/wp-content\/uploads\/2019\/10\/m-iveco-daily-02.jpg\" title=\"IVECO DAILY  &lt;i class=&quot;fa fa-angle-double-right&quot;&gt;&lt;\/i&gt;\" width=\"300\" height=\"225\" data-src=\"https:\/\/www.storevan.com\/wp-content\/uploads\/2019\/10\/m-iveco-daily-02-300x225.jpg\" data-caption=\"Scopri l&#039;allestimento su IVECO DAILY\" data-source=\"modula\" data-srcset=\"https:\/\/www.storevan.com\/wp-content\/uploads\/2019\/10\/m-iveco-daily-02.jpg 800w, https:\/\/www.storevan.com\/wp-content\/uploads\/2019\/10\/m-iveco-daily-02-300x225.jpg 300w, https:\/\/www.storevan.com\/wp-content\/uploads\/2019\/10\/m-iveco-daily-02-768x576.jpg 768w, https:\/\/www.storevan.com\/wp-content\/uploads\/2019\/10\/m-iveco-daily-02-425x320.jpg 425w\" data-sizes=\"(max-width: 300px) 100vw, 300px\" \/>\n\t\t<div class=\"figc\">\n\t\t\t<div class=\"figc-inner\">\n\t\t\t\t\t\t\t\t\t<div class='jtg-title'>IVECO DAILY  <i class=\"fa fa-angle-double-right\"><\/i><\/div>\n\t\t\t\t\t\t\t\t\t\t\t\t\t\t\t<\/div>\n\t\t<\/div>\n\n\t<\/div>\n\n<\/div><div class=\"modula-item modula-simple-link modula-simple-link effect-zoe jtg-filter-all jtg-filter-\" >\n\t<div class=\"modula-item-overlay\"><\/div>\n\n\t<div class=\"modula-item-content\">\n\n\t\t\t\t\n\t\t\t\t\t<a data-image-id=\"108930\" class=\"modula-simple-link modula-simple-link\" aria-label=\"Otw\u00f3rz stron\u0119 za\u0142\u0105cznika\" href=\"https:\/\/www.storevan.com\/pl\/zabudowy-specjalne-do-samochodow-dostawczych-z-wyposazeniem\/konserwacja\/zabudowa-do-konserwacji-wind-fiat-fiorino\/\" data-thumb=\"https:\/\/www.storevan.com\/wp-content\/uploads\/2019\/10\/m-fiat-fiorino-00-150x150.jpg\" class=\"tile-inner modula-item-link\"><\/a>\n\t\t\n\t\t<img class=\"pic wp-image-108930 lazyload\"  data-valign=\"middle\" data-halign=\"left\" alt=\"Allestimento su misura per Fiat Fiorino\" data-full=\"https:\/\/www.storevan.com\/wp-content\/uploads\/2019\/10\/m-fiat-fiorino-00.jpg\" title=\"FIAT FIORINO  &lt;i class=&quot;fa fa-angle-double-right&quot;&gt;&lt;\/i&gt;\" width=\"286\" height=\"300\" data-src=\"https:\/\/www.storevan.com\/wp-content\/uploads\/2019\/10\/m-fiat-fiorino-00-286x300.jpg\" data-caption=\"Scopri l&#039;allestimento su Fiat Fiorino \" data-source=\"modula\" data-srcset=\"https:\/\/www.storevan.com\/wp-content\/uploads\/2019\/10\/m-fiat-fiorino-00.jpg 525w, https:\/\/www.storevan.com\/wp-content\/uploads\/2019\/10\/m-fiat-fiorino-00-286x300.jpg 286w\" data-sizes=\"(max-width: 286px) 100vw, 286px\" \/>\n\t\t<div class=\"figc\">\n\t\t\t<div class=\"figc-inner\">\n\t\t\t\t\t\t\t\t\t<div class='jtg-title'>FIAT FIORINO  <i class=\"fa fa-angle-double-right\"><\/i><\/div>\n\t\t\t\t\t\t\t\t\t\t\t\t\t\t\t<\/div>\n\t\t<\/div>\n\n\t<\/div>\n\n<\/div><div class=\"modula-item modula-simple-link modula-simple-link effect-zoe jtg-filter-all jtg-filter-\" >\n\t<div class=\"modula-item-overlay\"><\/div>\n\n\t<div class=\"modula-item-content\">\n\n\t\t\t\t\n\t\t\t\t\t<a data-image-id=\"108888\" class=\"modula-simple-link modula-simple-link\" aria-label=\"Otw\u00f3rz stron\u0119 za\u0142\u0105cznika\" href=\"https:\/\/www.storevan.com\/pl\/zabudowy-specjalne-do-samochodow-dostawczych-z-wyposazeniem\/konserwacja\/zabudowa-dla-hydraulikow-fiat-doblo\/\" data-thumb=\"https:\/\/www.storevan.com\/wp-content\/uploads\/2019\/10\/m-fiat-doblo-01-150x150.jpg\" class=\"tile-inner modula-item-link\"><\/a>\n\t\t\n\t\t<img class=\"pic wp-image-108888 lazyload\"  data-valign=\"middle\" data-halign=\"left\" alt=\"Allestimento speciale per Dobl\u00f2 Fiat\" data-full=\"https:\/\/www.storevan.com\/wp-content\/uploads\/2019\/10\/m-fiat-doblo-01.jpg\" title=\" FIAT DOBL\u00d2  &lt;i class=&quot;fa fa-angle-double-right&quot;&gt;&lt;\/i&gt;\" width=\"300\" height=\"225\" data-src=\"https:\/\/www.storevan.com\/wp-content\/uploads\/2019\/10\/m-fiat-doblo-01-300x225.jpg\" data-caption=\"Scopri l&#039;allestimento su Fiat Dobl\u00f2\" data-source=\"modula\" data-srcset=\"https:\/\/www.storevan.com\/wp-content\/uploads\/2019\/10\/m-fiat-doblo-01.jpg 800w, https:\/\/www.storevan.com\/wp-content\/uploads\/2019\/10\/m-fiat-doblo-01-300x225.jpg 300w, https:\/\/www.storevan.com\/wp-content\/uploads\/2019\/10\/m-fiat-doblo-01-768x576.jpg 768w, https:\/\/www.storevan.com\/wp-content\/uploads\/2019\/10\/m-fiat-doblo-01-425x320.jpg 425w\" data-sizes=\"(max-width: 300px) 100vw, 300px\" \/>\n\t\t<div class=\"figc\">\n\t\t\t<div class=\"figc-inner\">\n\t\t\t\t\t\t\t\t\t<div class='jtg-title'> FIAT DOBL\u00d2  <i class=\"fa fa-angle-double-right\"><\/i><\/div>\n\t\t\t\t\t\t\t\t\t\t\t\t\t\t\t<\/div>\n\t\t<\/div>\n\n\t<\/div>\n\n<\/div><div class=\"modula-item modula-simple-link modula-simple-link effect-zoe jtg-filter-all jtg-filter-\" >\n\t<div class=\"modula-item-overlay\"><\/div>\n\n\t<div class=\"modula-item-content\">\n\n\t\t\t\t\n\t\t\t\t\t<a data-image-id=\"108849\" class=\"modula-simple-link modula-simple-link\" aria-label=\"Otw\u00f3rz stron\u0119 za\u0142\u0105cznika\" href=\"https:\/\/www.storevan.com\/pl\/zabudowy-specjalne-do-samochodow-dostawczych-z-wyposazeniem\/konserwacja\/m-iveco-daily\/\" data-thumb=\"https:\/\/www.storevan.com\/wp-content\/uploads\/2019\/10\/m-iveco-daily-03-150x150.jpg\" class=\"tile-inner modula-item-link\"><\/a>\n\t\t\n\t\t<img class=\"pic wp-image-108849 lazyload\"  data-valign=\"middle\" data-halign=\"left\" alt=\"Allestimento officina mobile per Iveco Daily\" data-full=\"https:\/\/www.storevan.com\/wp-content\/uploads\/2019\/10\/m-iveco-daily-03.jpg\" title=\"IVECO DAILY &lt;i class=&quot;fa fa-angle-double-right&quot;&gt;&lt;\/i&gt;\" width=\"269\" height=\"300\" data-src=\"https:\/\/www.storevan.com\/wp-content\/uploads\/2019\/10\/m-iveco-daily-03-269x300.jpg\" data-caption=\"Scopri l&#039;allestimento speciale per Iveco Daily\" data-source=\"modula\" data-srcset=\"https:\/\/www.storevan.com\/wp-content\/uploads\/2019\/10\/m-iveco-daily-03.jpg 525w, https:\/\/www.storevan.com\/wp-content\/uploads\/2019\/10\/m-iveco-daily-03-269x300.jpg 269w\" data-sizes=\"(max-width: 269px) 100vw, 269px\" \/>\n\t\t<div class=\"figc\">\n\t\t\t<div class=\"figc-inner\">\n\t\t\t\t\t\t\t\t\t<div class='jtg-title'>IVECO DAILY <i class=\"fa fa-angle-double-right\"><\/i><\/div>\n\t\t\t\t\t\t\t\t\t\t\t\t\t\t\t<\/div>\n\t\t<\/div>\n\n\t<\/div>\n\n<\/div><div class=\"modula-item modula-simple-link modula-simple-link effect-zoe jtg-filter-all jtg-filter-\" >\n\t<div class=\"modula-item-overlay\"><\/div>\n\n\t<div class=\"modula-item-content\">\n\n\t\t\t\t\n\t\t\t\t\t<a data-image-id=\"108855\" class=\"modula-simple-link modula-simple-link\" aria-label=\"Otw\u00f3rz stron\u0119 za\u0142\u0105cznika\" href=\"https:\/\/www.storevan.com\/pl\/zabudowy-specjalne-do-samochodow-dostawczych-z-wyposazeniem\/konserwacja\/m-iveco-daily\/\" data-thumb=\"https:\/\/www.storevan.com\/wp-content\/uploads\/2019\/10\/m-iveco-daily-01-150x150.jpg\" class=\"tile-inner modula-item-link\"><\/a>\n\t\t\n\t\t<img class=\"pic wp-image-108855 lazyload\"  data-valign=\"middle\" data-halign=\"left\" alt=\"Allestimento speciale per Iveco Daily L2L H2\" data-full=\"https:\/\/www.storevan.com\/wp-content\/uploads\/2019\/10\/m-iveco-daily-01.jpg\" title=\" IVECO DAILY &lt;i class=&quot;fa fa-angle-double-right&quot;&gt;&lt;\/i&gt;\" width=\"300\" height=\"225\" data-src=\"https:\/\/www.storevan.com\/wp-content\/uploads\/2019\/10\/m-iveco-daily-01-300x225.jpg\" data-caption=\"Scopri l&#039;allestimento su Iveco Daily\" data-source=\"modula\" data-srcset=\"https:\/\/www.storevan.com\/wp-content\/uploads\/2019\/10\/m-iveco-daily-01.jpg 800w, https:\/\/www.storevan.com\/wp-content\/uploads\/2019\/10\/m-iveco-daily-01-300x225.jpg 300w, https:\/\/www.storevan.com\/wp-content\/uploads\/2019\/10\/m-iveco-daily-01-768x576.jpg 768w, https:\/\/www.storevan.com\/wp-content\/uploads\/2019\/10\/m-iveco-daily-01-425x320.jpg 425w\" data-sizes=\"(max-width: 300px) 100vw, 300px\" \/>\n\t\t<div class=\"figc\">\n\t\t\t<div class=\"figc-inner\">\n\t\t\t\t\t\t\t\t\t<div class='jtg-title'> IVECO DAILY <i class=\"fa fa-angle-double-right\"><\/i><\/div>\n\t\t\t\t\t\t\t\t\t\t\t\t\t\t\t<\/div>\n\t\t<\/div>\n\n\t<\/div>\n\n<\/div><div class=\"modula-item modula-simple-link modula-simple-link effect-zoe jtg-filter-all jtg-filter-\" >\n\t<div class=\"modula-item-overlay\"><\/div>\n\n\t<div class=\"modula-item-content\">\n\n\t\t\t\t\n\t\t\t\t\t<a data-image-id=\"108966\" class=\"modula-simple-link modula-simple-link\" aria-label=\"Otw\u00f3rz stron\u0119 za\u0142\u0105cznika\" href=\"https:\/\/www.storevan.com\/pl\/zabudowy-specjalne-do-samochodow-dostawczych-z-wyposazeniem\/konserwacja\/zabudowa-do-konserwacji-wind-fiat-fiorino\/\" data-thumb=\"https:\/\/www.storevan.com\/wp-content\/uploads\/2019\/10\/m-fiat-fiorino-07-150x150.jpg\" class=\"tile-inner modula-item-link\"><\/a>\n\t\t\n\t\t<img class=\"pic wp-image-108966 lazyload\"  data-valign=\"middle\" data-halign=\"left\" alt=\"Banco morsa per allestimento su misura di un Fiat fiorino\" data-full=\"https:\/\/www.storevan.com\/wp-content\/uploads\/2019\/10\/m-fiat-fiorino-07.jpg\" title=\"FIAT FIORINO &lt;i class=&quot;fa fa-angle-double-right&quot;&gt;&lt;\/i&gt;\" width=\"300\" height=\"225\" data-src=\"https:\/\/www.storevan.com\/wp-content\/uploads\/2019\/10\/m-fiat-fiorino-07-300x225.jpg\" data-caption=\"Scopri l&#039;allestimento su Fiat fiorino\" data-source=\"modula\" data-srcset=\"https:\/\/www.storevan.com\/wp-content\/uploads\/2019\/10\/m-fiat-fiorino-07.jpg 800w, https:\/\/www.storevan.com\/wp-content\/uploads\/2019\/10\/m-fiat-fiorino-07-300x225.jpg 300w, https:\/\/www.storevan.com\/wp-content\/uploads\/2019\/10\/m-fiat-fiorino-07-768x576.jpg 768w, https:\/\/www.storevan.com\/wp-content\/uploads\/2019\/10\/m-fiat-fiorino-07-425x320.jpg 425w\" data-sizes=\"(max-width: 300px) 100vw, 300px\" \/>\n\t\t<div class=\"figc\">\n\t\t\t<div class=\"figc-inner\">\n\t\t\t\t\t\t\t\t\t<div class='jtg-title'>FIAT FIORINO <i class=\"fa fa-angle-double-right\"><\/i><\/div>\n\t\t\t\t\t\t\t\t\t\t\t\t\t\t\t<\/div>\n\t\t<\/div>\n\n\t<\/div>\n\n<\/div>\t\t\n\t<\/div>\n\n\t\n\t\n\t<script type=\"application\/ld+json\">\n\t{\n\t\t\"@context\": \"http:\/\/schema.org\",\n\t\t\"@type\"   : \"ImageGallery\",\n\t\t\"id\"      : \"https:\/\/www.storevan.com\/pl\/wp-json\/wp\/v2\/pages\/119505\/\",\n\t\t\"url\"     : \"https:\/\/www.storevan.com\/pl\/wp-json\/wp\/v2\/pages\/119505\/\"\n\t}\n\n    <\/script>\n\n\t\n<\/div>\n<hr \/>\n<div class=\"col-xs-12 col-sm-12 col-md-6\">\n<div class=\"text-center\"><a class=\"btn btn-download\" href=\"tel:+390424585455\"><i class=\"fa fa-phone\"><\/i> <span class=\"spanBtn\">ZADZWO\u0143 TERAZ<\/span><br \/>\nuzyskasz wszelkie informacje<\/a><\/div>\n<\/div>\n<div class=\"col-xs-12 col-sm-12 col-md-6\">\n<div class=\"text-center\"><a class=\"btn btn-download btnToggle\"><i class=\"fa fa-envelope\"><\/i> <span class=\"spanBtn\">NAPISZ<\/span><br \/>\nskontaktujemy si\u0119<\/a><\/div>\n<\/div>\n<div class=\"break\"><\/div>\n<hr \/>\n<hr class=\"noColor\"\/>\n<p><strong>Rega\u0142y do samochod\u00f3w dostawczych i szuflady na drobne elementy<\/strong> mo\u017cna \u0142atwo zainstalowa\u0107 w ka\u017cdym samochodzie dostawczym, aby utrzymywa\u0107 w porz\u0105dku narz\u0119dzia, materia\u0142y robocze i ma\u0142e cz\u0119\u015bci, za\u015b <strong>rampy za\u0142adunkowe<\/strong> przydaj\u0105 si\u0119, gdy konieczne jest przemieszczenie maszyn lub cz\u0119\u015bci zamiennych o du\u017cych wymiarach i wadze. Zabudowy przeznaczone do prac serwisu i obs\u0142ugi technicznej obejmuj\u0105 zawsze <strong>komory na kanistry<\/strong> z paliwem, <strong>elektryczne \u017curawie<\/strong> do przenoszenia ci\u0119\u017ckich cz\u0119\u015bci zamiennych, <strong>generatory lub zapasowe baterie<\/strong> w celu zapewnienia dodatkowej energii elektrycznej. Wszystkie elementy wyposa\u017cenia pojazdu mo\u017cna zabezpieczy\u0107 za pomoc\u0105 listew i pas\u00f3w mocuj\u0105cych \u0142adunek, tak aby m\u00f3c podr\u00f3\u017cowa\u0107 bezpiecznie, bez ryzyka uszkodzenia przewo\u017conego \u0142adunku.<br \/>\nZabudowa przeznaczona do serwisu i obs\u0142ugi technicznej pozwala <strong>maksymalnie wykorzysta\u0107 przestrze\u0144 wewn\u0105trz pojazdu u\u017cytkowego<\/strong>, przekszta\u0142caj\u0105c go w prawdziwy warsztat na k\u00f3\u0142kach. W ten spos\u00f3b materia\u0142y niezb\u0119dne do r\u00f3\u017cnego rodzaju prac b\u0119d\u0105 zawsze dost\u0119pne, co pozwoli na podwy\u017cszenie poziomu us\u0142ugi \u015bwiadczonej klientowi.<\/p>\n<hr class=\"noColor\"\/>\n<h3 class=\"txtGrey customblackTitleExtraSmall\" style=\"color:#000;\">POZNAJ SZCZEG\u00d3\u0141Y JU\u017b WYKONANYCH ZABUD\u00d3W!<\/h3>\n<hr class=\"noColor\"\/>\n<div class=\"col-xs-12 col-sm-6 col-md-6\">\n<ul class=\"arrow txtUp\">\n<li><a href=\"https:\/\/www.storevan.com\/allestimenti-speciali-furgoni\/manutenzione\/m-iveco-daily\/\">Dla przemys\u0142u lotniczego, IVECO DAILY L2L H2<\/a><\/li>\n<li><a href=\"https:\/\/www.storevan.com\/allestimenti-speciali-furgoni\/manutenzione\/m-fiat-doblo\/\">Dla hydraulik\u00f3w (monta\u017c maszyn), FIAT DOBL\u00d2 L1 H1<\/a><\/li>\n<li><a href=\"https:\/\/www.storevan.com\/allestimenti-speciali-furgoni\/manutenzione\/m-fiat-fiorino\/\">Do konserwacji wind, FIAT FIORINO L1 H1<\/a><\/li>\n<li><a href=\"https:\/\/www.storevan.com\/allestimenti-speciali-furgoni\/manutenzione\/m-fiat-ducato\/\">Do obs\u0142ugi technicznej i serwisowania suwnic, FIAT DUCATO L2 H2<\/a><\/li>\n<\/ul>\n<\/div>\n<div class=\"col-xs-12 col-sm-6 col-md-6\">\n<ul class=\"arrow txtUp\">\n<li><a href=\"https:\/\/www.storevan.com\/allestimenti-speciali-furgoni\/manutenzione\/m-fiat-ducato-l2h1\/\">Do konserwacji sieci wodnej, FIAT DUCATO L2 H1<\/a><\/li>\n<li><a href=\"https:\/\/www.storevan.com\/allestimenti-speciali-furgoni\/manutenzione\/m-fiat-doblo-l2h1\/\">Do kontroli szczelno\u015bci sieci gazowych, FIAT DOBL\u00d2 L2 H1<\/a><\/li>\n<li><a href=\"https:\/\/www.storevan.com\/allestimenti-speciali-furgoni\/manutenzione\/m-fiat-fiorino-l1h1\/\">Do serwisowania i konserwacji sieci gazowej, FIAT FIORINO L1 H1<\/a><\/li>\n<\/ul>\n<\/div>\n<hr class=\"noColor\"\/>\n<\/div>\n<div class=\"break\"><\/div>\n<hr class=\"noColor\"\/>\n<a name=\"formcontatto\"><\/a><\/p>\n<div class=\"formToggle\">\n<h4 class=\"bigTxt text-center txtBkOrange\"><i class=\"fa fa-envelope pull-left\"><\/i>CHCESZ WIEDZIE\u0106 WI\u0118CEJ?<\/h4>\n\n<div class=\"wpcf7 no-js\" id=\"wpcf7-f67676-o1\" lang=\"it-IT\" dir=\"ltr\">\n<div class=\"screen-reader-response\"><p role=\"status\" aria-live=\"polite\" aria-atomic=\"true\"><\/p> <ul><\/ul><\/div>\n<form action=\"\/pl\/wp-json\/wp\/v2\/pages\/119505#wpcf7-f67676-o1\" method=\"post\" class=\"wpcf7-form init\" aria-label=\"Modulo di contatto\" novalidate=\"novalidate\" data-status=\"init\">\n<div style=\"display: none;\">\n<input type=\"hidden\" name=\"_wpcf7\" value=\"67676\" \/>\n<input type=\"hidden\" name=\"_wpcf7_version\" value=\"5.7.7\" \/>\n<input type=\"hidden\" name=\"_wpcf7_locale\" value=\"it_IT\" \/>\n<input type=\"hidden\" name=\"_wpcf7_unit_tag\" value=\"wpcf7-f67676-o1\" \/>\n<input type=\"hidden\" name=\"_wpcf7_container_post\" value=\"0\" \/>\n<input type=\"hidden\" name=\"_wpcf7_posted_data_hash\" value=\"\" \/>\n<input type=\"hidden\" name=\"_wpcf7_recaptcha_response\" value=\"\" \/>\n<\/div>\n<span class=\"wpcf7-form-control-wrap url\" data-name=\"url\"><input type=\"hidden\" name=\"url\" size=\"40\" class=\"wpcf7-form-control wpcf7-hidden wpcf7dtx wpcf7dtx-hidden\" aria-invalid=\"false\" value=\"konserwacja\" autocomplete=\"off\" \/><\/span>\n<p>Wype\u0142nij poni\u017csze pola, aby otrzyma\u0107 wi\u0119cej informacji. Nasz operator skontaktuje si\u0119 z\u00a0tob\u0105 najszybciej, jak to mo\u017cliwe (* pola obowi\u0105zkowe):\n<\/p>\n<div class=\"col-xs-12 col-md-6\">\n\t<p><span class='titoli'>Imi\u0119 (*)<\/span>\n\t<\/p>\n\t<p><span class=\"wpcf7-form-control-wrap\" data-name=\"your-name\"><input size=\"40\" class=\"wpcf7-form-control wpcf7-text wpcf7-validates-as-required form-control\" aria-required=\"true\" aria-invalid=\"false\" value=\"\" type=\"text\" name=\"your-name\" \/><\/span>\n\t<\/p>\n<\/div>\n<div class=\"col-xs-12 col-md-6\">\n\t<p><span class='titoli'>Nazwisko (*)<\/span>\n\t<\/p>\n\t<p><span class=\"wpcf7-form-control-wrap\" data-name=\"your-last-name\"><input size=\"40\" class=\"wpcf7-form-control wpcf7-text wpcf7-validates-as-required form-control\" aria-required=\"true\" aria-invalid=\"false\" value=\"\" type=\"text\" name=\"your-last-name\" \/><\/span>\n\t<\/p>\n<\/div>\n<div class=\"col-xs-12 col-md-6\">\n\t<p><span class='titoli'>Firma (*)<\/span>\n\t<\/p>\n\t<p><span class=\"wpcf7-form-control-wrap\" data-name=\"your-company\"><input size=\"40\" class=\"wpcf7-form-control wpcf7-text wpcf7-validates-as-required form-control\" aria-required=\"true\" aria-invalid=\"false\" value=\"\" type=\"text\" name=\"your-company\" \/><\/span>\n\t<\/p>\n<\/div>\n<div class=\"col-xs-12 col-md-6\">\n\t<p><span class='titoli'>Numer NIP<\/span>\n\t<\/p>\n\t<p><span class=\"wpcf7-form-control-wrap\" data-name=\"p-iva\"><input size=\"40\" class=\"wpcf7-form-control wpcf7-text form-control\" aria-invalid=\"false\" value=\"\" type=\"text\" name=\"p-iva\" \/><\/span>\n\t<\/p>\n<\/div>\n<div class=\"clearboth\">\n<\/div>\n<div class=\"col-xs-12 col-md-4\">\n\t<p><span class='titoli'>Kod pocztowy (*)<\/span>\n\t<\/p>\n\t<p><span class=\"wpcf7-form-control-wrap\" data-name=\"your-zip-code\"><input size=\"40\" class=\"wpcf7-form-control wpcf7-text wpcf7-validates-as-required form-control\" aria-required=\"true\" aria-invalid=\"false\" value=\"\" type=\"text\" name=\"your-zip-code\" \/><\/span>\n\t<\/p>\n<\/div>\n<div class=\"col-xs-12 col-md-4\">\n\t<p><span class='titoli'>Adres (*)<\/span>\n\t<\/p>\n\t<p><span class=\"wpcf7-form-control-wrap\" data-name=\"your-address\"><input size=\"40\" class=\"wpcf7-form-control wpcf7-text wpcf7-validates-as-required form-control\" aria-required=\"true\" aria-invalid=\"false\" value=\"\" type=\"text\" name=\"your-address\" \/><\/span>\n\t<\/p>\n<\/div>\n<div class=\"col-xs-12 col-md-4\">\n\t<p><span class='titoli'>Miasto (*)<\/span>\n\t<\/p>\n\t<p><span class=\"wpcf7-form-control-wrap\" data-name=\"your-Town\"><input size=\"40\" class=\"wpcf7-form-control wpcf7-text wpcf7-validates-as-required form-control\" aria-required=\"true\" aria-invalid=\"false\" value=\"\" type=\"text\" name=\"your-Town\" \/><\/span>\n\t<\/p>\n<\/div>\n<div class=\"clearboth\">\n<\/div>\n<div class=\"col-xs-12 col-md-6\">\n\t<p><span class='titoli'>email (*)<\/span>\n\t<\/p>\n\t<p><span class=\"wpcf7-form-control-wrap\" data-name=\"your-email\"><input size=\"40\" class=\"wpcf7-form-control wpcf7-text wpcf7-email wpcf7-validates-as-required wpcf7-validates-as-email form-control\" aria-required=\"true\" aria-invalid=\"false\" value=\"\" type=\"email\" name=\"your-email\" \/><\/span>\n\t<\/p>\n<\/div>\n<div class=\"col-xs-12 col-md-6\">\n\t<p><span class='titoli'>Telefon (*)<\/span>\n\t<\/p>\n\t<p><span class=\"wpcf7-form-control-wrap\" data-name=\"telefono\"><input size=\"40\" class=\"wpcf7-form-control wpcf7-text wpcf7-tel wpcf7-validates-as-required wpcf7-validates-as-tel form-control\" aria-required=\"true\" aria-invalid=\"false\" value=\"\" type=\"tel\" name=\"telefono\" \/><\/span>\n\t<\/p>\n<\/div>\n<div class=\"clearboth\">\n<\/div>\n<div class=\"col-xs-12 col-md-6\">\n\t<p><span class='titoli'>Przedmiot <\/span>\n\t<\/p>\n\t<p><span class=\"wpcf7-form-control-wrap\" data-name=\"oggetto\"><select class=\"wpcf7-form-control wpcf7-select wpcf7-validates-as-required\" aria-required=\"true\" aria-invalid=\"false\" name=\"oggetto\"><option value=\"Oferta\">Oferta<\/option><option value=\"Informacje techniczne\">Informacje techniczne<\/option><option value=\"Powo\u0142anie\">Powo\u0142anie<\/option><\/select><\/span>\n\t<\/p>\n<\/div>\n<div class=\"col-xs-12 col-md-6\">\n\t<p><br \/>\n<span class=\"titoli\"> <span class=\"wpcf7-form-control-wrap\" data-name=\"cliente\"><span class=\"wpcf7-form-control wpcf7-checkbox\"><span class=\"wpcf7-list-item first last\"><label><span class=\"wpcf7-list-item-label\">Jestem ju\u017c klientem<\/span><input type=\"checkbox\" name=\"cliente[]\" value=\"Jestem ju\u017c klientem\" \/><\/label><\/span><\/span><\/span><\/span>\n\t<\/p>\n<\/div>\n<div class=\"col-xs-12 col-md-12\">\n\t<p><span class='titoli'>Wiadomo\u015b\u0107 (*)<\/span>\n\t<\/p>\n\t<p><span class=\"wpcf7-form-control-wrap\" data-name=\"your-message\"><textarea cols=\"40\" rows=\"10\" class=\"wpcf7-form-control wpcf7-textarea wpcf7-validates-as-required form-control\" aria-required=\"true\" aria-invalid=\"false\" name=\"your-message\"><\/textarea><\/span>\n\t<\/p>\n<\/div>\n<div class=\"col-xs-12 col-md-12\">\n\t<p><small>Wprowadzone dane b\u0119d\u0105 traktowane z zachowaniem \u015bcis\u0142ej poufno\u015bci zgodnie z prawem i nasz\u0105 polityk\u0105 prywatno\u015bci. <a href=\"https:\/\/www.storevan.com\/pl\/privacy-policy\/\">Polityk\u0105 prywatno\u015bci<\/a><\/small>\n\t<\/p>\n\t<p><span class=\"wpcf7-form-control-wrap\" data-name=\"AccettazionePrivacy\"><span class=\"wpcf7-form-control wpcf7-acceptance\"><span class=\"wpcf7-list-item\"><input type=\"checkbox\" name=\"AccettazionePrivacy\" value=\"1\" aria-invalid=\"false\" \/><\/span><\/span><\/span> O\u015bwiadczam, \u017ce zapozna\u0142am si\u0119 z <a href=\"https:\/\/www.storevan.com\/pl\/privacy-policy\/\">polityk\u0105 prywatno\u015bci<\/a> i zgadzam si\u0119 na wykorzystanie moich danych osobowych w opisanych tam przypadkach.(*)(*)<br \/>\n\t<span class=\"wpcf7-form-control-wrap recaptcha\" data-name=\"recaptcha\"><span data-sitekey=\"6LdfM4AUAAAAAJjsAucux5WVNA3hsk5KP0a03T_n\" class=\"wpcf7-form-control g-recaptcha wpcf7-recaptcha\"><\/span>\r\n<noscript>\r\n\t<div class=\"grecaptcha-noscript\">\r\n\t\t<iframe src=\"https:\/\/www.google.com\/recaptcha\/api\/fallback?k=6LdfM4AUAAAAAJjsAucux5WVNA3hsk5KP0a03T_n\" frameborder=\"0\" scrolling=\"no\" width=\"310\" height=\"430\">\r\n\t\t<\/iframe>\r\n\t\t<textarea name=\"g-recaptcha-response\" rows=\"3\" cols=\"40\" placeholder=\"reCaptcha Response Here\">\r\n\t\t<\/textarea>\r\n\t<\/div>\r\n<\/noscript>\r\n<\/span>\n\t<\/p>\n<\/div>\n<hr class=\"noColor\" \/>\n<p><input class=\"wpcf7-form-control has-spinner wpcf7-submit\" type=\"submit\" value=\"Wy\u015blij\" \/>\n<\/p><div class=\"wpcf7-response-output\" aria-hidden=\"true\"><\/div>\n<\/form>\n<\/div>\n\n<\/div>\n","protected":false},"excerpt":{"rendered":"<p>ZABUDOWA NA WYMIAR DLA SERWISU I OBS\u0141UGI TECHNICZNEJ WARSZTAT MOBILNY DOSTOSOWANY DO POTRZEB U\u017bYTKOWNIKA, KT\u00d3RY PRZYSPIESZA I U\u0141ATWIA WYKONYWANIE PRAC \u015awiadczenie us\u0142ug serwisowych w celu przeprowadzenia napraw i przegl\u0105d\u00f3w bezpo\u015brednio.<\/p>\n","protected":false},"author":470,"featured_media":110023,"parent":119499,"menu_order":0,"comment_status":"closed","ping_status":"closed","template":"","meta":[],"acf":[],"yoast_head":"<!-- This site is optimized with the Yoast SEO plugin v20.11 - https:\/\/yoast.com\/wordpress\/plugins\/seo\/ -->\n<title>Zabudowa na wymiar dla serwisu i obs\u0142ugi technicznej<\/title>\n<meta name=\"robots\" content=\"index, follow, max-snippet:-1, max-image-preview:large, max-video-preview:-1\" \/>\n<link rel=\"canonical\" href=\"https:\/\/www.storevan.com\/pl\/zabudowy-specjalne-do-samochodow-dostawczych-z-wyposazeniem\/konserwacja\/\" \/>\n<meta property=\"og:locale\" content=\"pl_PL\" \/>\n<meta property=\"og:type\" content=\"article\" \/>\n<meta property=\"og:title\" content=\"Zabudowa na wymiar dla serwisu i obs\u0142ugi technicznej\" \/>\n<meta property=\"og:description\" content=\"ZABUDOWA NA WYMIAR DLA SERWISU I OBS\u0141UGI TECHNICZNEJ WARSZTAT MOBILNY DOSTOSOWANY DO POTRZEB U\u017bYTKOWNIKA, KT\u00d3RY PRZYSPIESZA I U\u0141ATWIA WYKONYWANIE PRAC \u015awiadczenie us\u0142ug serwisowych w celu przeprowadzenia napraw i przegl\u0105d\u00f3w bezpo\u015brednio.\" \/>\n<meta property=\"og:url\" content=\"https:\/\/www.storevan.com\/pl\/zabudowy-specjalne-do-samochodow-dostawczych-z-wyposazeniem\/konserwacja\/\" \/>\n<meta property=\"og:site_name\" content=\"Store Van\" \/>\n<meta property=\"article:modified_time\" content=\"2020-07-30T08:48:31+00:00\" \/>\n<meta property=\"og:image\" content=\"https:\/\/www.storevan.com\/wp-content\/uploads\/2019\/10\/allestimenti-speciali-manutenzione.jpg\" \/>\n\t<meta property=\"og:image:width\" content=\"525\" \/>\n\t<meta property=\"og:image:height\" content=\"350\" \/>\n\t<meta property=\"og:image:type\" content=\"image\/jpeg\" \/>\n<meta name=\"twitter:label1\" content=\"Szacowany czas czytania\" \/>\n\t<meta name=\"twitter:data1\" content=\"2 minuty\" \/>\n<script type=\"application\/ld+json\" class=\"yoast-schema-graph\">{\"@context\":\"https:\/\/schema.org\",\"@graph\":[{\"@type\":\"WebPage\",\"@id\":\"https:\/\/www.storevan.com\/pl\/zabudowy-specjalne-do-samochodow-dostawczych-z-wyposazeniem\/konserwacja\/\",\"url\":\"https:\/\/www.storevan.com\/pl\/zabudowy-specjalne-do-samochodow-dostawczych-z-wyposazeniem\/konserwacja\/\",\"name\":\"Zabudowa na wymiar dla serwisu i obs\u0142ugi technicznej\",\"isPartOf\":{\"@id\":\"https:\/\/www.storevan.com\/pl\/#website\"},\"datePublished\":\"2019-10-11T11:12:45+00:00\",\"dateModified\":\"2020-07-30T08:48:31+00:00\",\"breadcrumb\":{\"@id\":\"https:\/\/www.storevan.com\/pl\/zabudowy-specjalne-do-samochodow-dostawczych-z-wyposazeniem\/konserwacja\/#breadcrumb\"},\"inLanguage\":\"pl-PL\",\"potentialAction\":[{\"@type\":\"ReadAction\",\"target\":[\"https:\/\/www.storevan.com\/pl\/zabudowy-specjalne-do-samochodow-dostawczych-z-wyposazeniem\/konserwacja\/\"]}]},{\"@type\":\"BreadcrumbList\",\"@id\":\"https:\/\/www.storevan.com\/pl\/zabudowy-specjalne-do-samochodow-dostawczych-z-wyposazeniem\/konserwacja\/#breadcrumb\",\"itemListElement\":[{\"@type\":\"ListItem\",\"position\":1,\"name\":\"Home\",\"item\":\"https:\/\/www.storevan.com\/pl\/\"},{\"@type\":\"ListItem\",\"position\":2,\"name\":\"Zabudowy specjalne do samochod\u00f3w dostawczych z wyposa\u017ceniem\",\"item\":\"https:\/\/www.storevan.com\/pl\/zabudowy-specjalne-do-samochodow-dostawczych-z-wyposazeniem\/\"},{\"@type\":\"ListItem\",\"position\":3,\"name\":\"Dla serwisu i obs\u0142ugi technicznej\"}]},{\"@type\":\"WebSite\",\"@id\":\"https:\/\/www.storevan.com\/pl\/#website\",\"url\":\"https:\/\/www.storevan.com\/pl\/\",\"name\":\"Store Van\",\"description\":\"Zabudowy\",\"potentialAction\":[{\"@type\":\"SearchAction\",\"target\":{\"@type\":\"EntryPoint\",\"urlTemplate\":\"https:\/\/www.storevan.com\/pl\/?s={search_term_string}\"},\"query-input\":\"required name=search_term_string\"}],\"inLanguage\":\"pl-PL\"}]}<\/script>\n<!-- \/ Yoast SEO plugin. -->","yoast_head_json":{"title":"Zabudowa na wymiar dla serwisu i obs\u0142ugi technicznej","robots":{"index":"index","follow":"follow","max-snippet":"max-snippet:-1","max-image-preview":"max-image-preview:large","max-video-preview":"max-video-preview:-1"},"canonical":"https:\/\/www.storevan.com\/pl\/zabudowy-specjalne-do-samochodow-dostawczych-z-wyposazeniem\/konserwacja\/","og_locale":"pl_PL","og_type":"article","og_title":"Zabudowa na wymiar dla serwisu i obs\u0142ugi technicznej","og_description":"ZABUDOWA NA WYMIAR DLA SERWISU I OBS\u0141UGI TECHNICZNEJ WARSZTAT MOBILNY DOSTOSOWANY DO POTRZEB U\u017bYTKOWNIKA, KT\u00d3RY PRZYSPIESZA I U\u0141ATWIA WYKONYWANIE PRAC \u015awiadczenie us\u0142ug serwisowych w celu przeprowadzenia napraw i przegl\u0105d\u00f3w bezpo\u015brednio.","og_url":"https:\/\/www.storevan.com\/pl\/zabudowy-specjalne-do-samochodow-dostawczych-z-wyposazeniem\/konserwacja\/","og_site_name":"Store Van","article_modified_time":"2020-07-30T08:48:31+00:00","og_image":[{"width":525,"height":350,"url":"https:\/\/www.storevan.com\/wp-content\/uploads\/2019\/10\/allestimenti-speciali-manutenzione.jpg","type":"image\/jpeg"}],"twitter_misc":{"Szacowany czas czytania":"2 minuty"},"schema":{"@context":"https:\/\/schema.org","@graph":[{"@type":"WebPage","@id":"https:\/\/www.storevan.com\/pl\/zabudowy-specjalne-do-samochodow-dostawczych-z-wyposazeniem\/konserwacja\/","url":"https:\/\/www.storevan.com\/pl\/zabudowy-specjalne-do-samochodow-dostawczych-z-wyposazeniem\/konserwacja\/","name":"Zabudowa na wymiar dla serwisu i obs\u0142ugi technicznej","isPartOf":{"@id":"https:\/\/www.storevan.com\/pl\/#website"},"datePublished":"2019-10-11T11:12:45+00:00","dateModified":"2020-07-30T08:48:31+00:00","breadcrumb":{"@id":"https:\/\/www.storevan.com\/pl\/zabudowy-specjalne-do-samochodow-dostawczych-z-wyposazeniem\/konserwacja\/#breadcrumb"},"inLanguage":"pl-PL","potentialAction":[{"@type":"ReadAction","target":["https:\/\/www.storevan.com\/pl\/zabudowy-specjalne-do-samochodow-dostawczych-z-wyposazeniem\/konserwacja\/"]}]},{"@type":"BreadcrumbList","@id":"https:\/\/www.storevan.com\/pl\/zabudowy-specjalne-do-samochodow-dostawczych-z-wyposazeniem\/konserwacja\/#breadcrumb","itemListElement":[{"@type":"ListItem","position":1,"name":"Home","item":"https:\/\/www.storevan.com\/pl\/"},{"@type":"ListItem","position":2,"name":"Zabudowy specjalne do samochod\u00f3w dostawczych z wyposa\u017ceniem","item":"https:\/\/www.storevan.com\/pl\/zabudowy-specjalne-do-samochodow-dostawczych-z-wyposazeniem\/"},{"@type":"ListItem","position":3,"name":"Dla serwisu i obs\u0142ugi technicznej"}]},{"@type":"WebSite","@id":"https:\/\/www.storevan.com\/pl\/#website","url":"https:\/\/www.storevan.com\/pl\/","name":"Store Van","description":"Zabudowy","potentialAction":[{"@type":"SearchAction","target":{"@type":"EntryPoint","urlTemplate":"https:\/\/www.storevan.com\/pl\/?s={search_term_string}"},"query-input":"required name=search_term_string"}],"inLanguage":"pl-PL"}]}},"_links":{"self":[{"href":"https:\/\/www.storevan.com\/pl\/wp-json\/wp\/v2\/pages\/119505"}],"collection":[{"href":"https:\/\/www.storevan.com\/pl\/wp-json\/wp\/v2\/pages"}],"about":[{"href":"https:\/\/www.storevan.com\/pl\/wp-json\/wp\/v2\/types\/page"}],"author":[{"embeddable":true,"href":"https:\/\/www.storevan.com\/pl\/wp-json\/wp\/v2\/users\/470"}],"replies":[{"embeddable":true,"href":"https:\/\/www.storevan.com\/pl\/wp-json\/wp\/v2\/comments?post=119505"}],"version-history":[{"count":7,"href":"https:\/\/www.storevan.com\/pl\/wp-json\/wp\/v2\/pages\/119505\/revisions"}],"predecessor-version":[{"id":119904,"href":"https:\/\/www.storevan.com\/pl\/wp-json\/wp\/v2\/pages\/119505\/revisions\/119904"}],"up":[{"embeddable":true,"href":"https:\/\/www.storevan.com\/pl\/wp-json\/wp\/v2\/pages\/119499"}],"wp:featuredmedia":[{"embeddable":true,"href":"https:\/\/www.storevan.com\/pl\/wp-json\/wp\/v2\/media\/110023"}],"wp:attachment":[{"href":"https:\/\/www.storevan.com\/pl\/wp-json\/wp\/v2\/media?parent=119505"}],"curies":[{"name":"wp","href":"https:\/\/api.w.org\/{rel}","templated":true}]}}