{"id":119502,"date":"2016-11-24T16:00:39","date_gmt":"2016-11-24T16:00:39","guid":{"rendered":"https:\/\/www.storevan.com\/zabudowy-specjalne-do-samochodow-dostawczych-z-wyposazeniem\/rifornimento-distributori-automatici\/"},"modified":"2020-07-22T08:06:05","modified_gmt":"2020-07-22T08:06:05","slug":"vending","status":"publish","type":"page","link":"https:\/\/www.storevan.com\/pl\/zabudowy-specjalne-do-samochodow-dostawczych-z-wyposazeniem\/vending\/","title":{"rendered":"Uzupe\u0142nianie towaru w automatach vendingowych"},"content":{"rendered":"<h1 class=\"customblackTitleSmall\">ZABUDOWA POJAZDU DOSTAWCZEGO DO UZUPE\u0141NIANIA TOWARU W AUTOMATACH VENDINGOWYCH<\/h1>\n<h2>ROZWI\u0104ZANIA W ZAKRESIE ZABUDOWY POJAZD\u00d3W DOSTAWCZYCH DO VENDINGU<\/h2>\n<div class=\"col-xs-12 col-sm-6 col-md-7\">\n<img decoding=\"async\" loading=\"lazy\" src=\"https:\/\/www.storevan.com\/wp-content\/uploads\/2019\/10\/allestimento-vending.jpg\" alt=\"ZABUDOWA POJAZDU DOSTAWCZEGO DO UZUPE\u0141NIANIA TOWARU W AUTOMATACH VENDINGOWYCH\" width=\"485\" height=\"535\" class=\"aligncenter size-full wp-image-110116\" srcset=\"https:\/\/www.storevan.com\/wp-content\/uploads\/2019\/10\/allestimento-vending.jpg 485w, https:\/\/www.storevan.com\/wp-content\/uploads\/2019\/10\/allestimento-vending-272x300.jpg 272w\" sizes=\"(max-width: 485px) 100vw, 485px\" \/>\n<\/div>\n<div class=\"col-xs-12 col-sm-6 col-md-5\">\n<p class=\"txtBlack\">Vending, czyli sprzeda\u017c automatyczna, to sektor zajmuj\u0105cy si\u0119 instalowaniem, serwisem i zarz\u0105dzaniem <strong class=\"txtBlack bigTxt txtUp\">AUTOMATAMI Z NAPOJAMI I \u017bYWNO\u015aCI\u0104<\/strong>. Operatorzy tego sektora potrzebuj\u0105 zabudowy pojazdu dostawczego przeznaczonej do obs\u0142ugi automat\u00f3w do napoj\u00f3w i artyku\u0142\u00f3w spo\u017cywczych. <\/p>\n<hr class=\"noColor\"\/>\n<ul class=\"listDalia\">\n<li><span class=\"numVan\"><i class=\"fa fa-angle-double-right\"><\/i><\/span> <span class=\"txtBlack\">SPERSONALIZOWANA NO\u015aNO\u015a\u0106 P\u00d3\u0141EK<\/span><\/li>\n<li><span class=\"numVan\"><i class=\"fa fa-angle-double-right\"><\/i><\/span> <span class=\"txtBlack\">PROFILE ZE STALI DLA PRZEMYS\u0141U MOTORYZACYJNEGO<\/span><\/li>\n<li><span class=\"numVan\"><i class=\"fa fa-angle-double-right\"><\/i><\/span> <span class=\"txtBlack\">REGULOWANE P\u00d3\u0141KI<\/span><\/li>\n<li><span class=\"numVan\"><i class=\"fa fa-angle-double-right\"><\/i><\/span> <span class=\"txtBlack\">KONSTRUKCJA SAMONO\u015aNA, BEZ DODATKOWYCH OTWOR\u00d3W<\/span><\/li>\n<li><span class=\"numVan\"><i class=\"fa fa-angle-double-right\"><\/i><\/span> <span class=\"txtBlack\">ZINTEGROWANE ZABEZPIECZENIE \u0141ADUNKU<\/span><\/li>\n<\/ul>\n<hr class=\"noColor\"\/>\n<h3 class=\"customblackTitleSmall txtSmall\">WSZYSTKO W ZASI\u0118GU R\u0118KI<\/h3>\n<p class=\"customblackTitleSmall\" style=\"font-size: 125%;\">ZAPROJEKTOWANE TAK, ABY OSZCZ\u0118DZA\u0106 CZAS I CHRONI\u0106 TOWARY<\/p>\n<p class=\"txtBlack\">Zabudowy samochod\u00f3w dostawczych dla sektora vendingowego Store Van s\u0105 przygotowywane na wymiar, zgodnie z potrzebami ka\u017cdego klienta. Zwykle sk\u0142adaj\u0105 si\u0119 na nie regulowane p\u00f3\u0142ki do samochod\u00f3w dostawczych i szafki na lod\u00f3wki lub sejfy. Maj\u0105 na celu drastyczne skr\u00f3cenie czasu potrzebnego operatorowi na pobranie \u017cywno\u015bci z pojazdu u\u017cytkowego. <\/p>\n<hr class=\"noColor\"\/>\n<\/div>\n<div class=\"break\"><\/div>\n<\/div>\n<h3 class=\"txtGrey customblackTitleExtraSmall\" style=\"color:#000;\">KILKA PRZYK\u0141AD\u00d3W REALIZACJI W SEKTORZE VENDINGOWYM:<\/h3>\n<hr class=\"noColor\" \/>\n<hr class=\"noColor\"\/>\n<div class=\"col-xs-12 col-sm-12 col-md-3\">\n<h3 class=\"txtBlack\">VENDING DLA FIATA DUCATO<\/h3>\n<div class=\"borderTitleOrange\"><\/div>\n<hr class=\"noColor\"\/>\nZabudowa do vendingu opracowana dla Fiata Ducato wi\u0105\u017ce si\u0119 z podzia\u0142em powierzchni za\u0142adunkowej na dwie strefy: jedna jest dost\u0119pna przez drzwi boczne, a druga przez drzwi tylne. Utworzona przestrze\u0144 zosta\u0142a podzielona regulowanymi na wysoko\u015b\u0107 p\u00f3\u0142kami do za\u0142adunku napoj\u00f3w i artyku\u0142\u00f3w spo\u017cywczych o r\u00f3\u017cnych rozmiarach. Samono\u015bna konstrukcja jest wyposa\u017cona w punkty mocowania do bezpiecznego transportu towar\u00f3w i przymocowana do nadwozia pojazdu przy wykorzystaniu istniej\u0105cych otwor\u00f3w w nadwoziu przestrzeni \u0142adunkowej.<\/p>\n<hr class=\"noColor\"\/>\n<a class=\"noMarg btn btn-primary\" href=\"https:\/\/www.storevan.com\/allestimenti-speciali-furgoni\/rifornimento-distributori-automatici\/vending-fiat-ducato\/\" title=\"ZABUDOWA POJAZDU DOSTAWCZEGO DO UZUPE\u0141NIANIA TOWARU W AUTOMATACH VENDINGOWYCH Fiat Ducato L2 H2\/L3 H3\">PRZEJD\u0179 DO KARTY<\/a>\n<\/div>\n<div class=\"col-xs-12 col-sm-12 col-md-9\">\n<style>#jtg-119721 .modula-item .jtg-social a, .lightbox-socials.jtg-social a{ color: #ffffff }#jtg-119721 .modula-item .jtg-social svg, .lightbox-socials.jtg-social svg { height: 16px; width: 16px }#jtg-119721 .modula-item .jtg-social a:not(:last-child), .lightbox-socials.jtg-social a:not(:last-child) { margin-right: 10px }#jtg-119721 .modula-item .figc {color:#000000;}#jtg-119721 .modula-item .figc .jtg-title {  font-size: 18px; }#jtg-119721 .modula-item .modula-item-content { transform: scale(1) }#jtg-119721 { width:100%;}#jtg-119721 .modula-items{height:450px;}@media screen and (max-width: 992px) {#jtg-119721 .modula-items{height:450px;}}@media screen and (max-width: 768px) {#jtg-119721 .modula-items{height:450px;}}#jtg-119721 .modula-items .figc p.description { font-size:18px; }#jtg-119721 .modula-items .figc p.description { color:#000000;}#jtg-119721 .modula-items .figc .jtg-title { color:#000000; }#jtg-119721.modula-gallery .modula-item > a, #jtg-119721.modula-gallery .modula-item, #jtg-119721.modula-gallery .modula-item-content > a:not(.modula-no-follow) { cursor:pointer; } #jtg-119721.modula-gallery .modula-item-content .modula-no-follow { cursor: default; } #jtg-119721 .modula-item .modula-item-overlay, #jtg-119721 .modula-item.effect-layla, #jtg-119721  .modula-item.effect-ruby,#jtg-119721 .modula-item.effect-bubba,#jtg-119721 .modula-item.effect-sarah,#jtg-119721 .modula-item.effect-milo,#jtg-119721 .modula-item.effect-julia,#jtg-119721 .modula-item.effect-hera,#jtg-119721 .modula-item.effect-winston,#jtg-119721 .modula-item.effect-selena,#jtg-119721 .modula-item.effect-terry,#jtg-119721 .modula-item.effect-phoebe,#jtg-119721 .modula-item.effect-apollo,#jtg-119721 .modula-item.effect-steve,#jtg-119721 .modula-item.effect-ming{ background-color:#ffffff; }#jtg-119721  .modula-item.effect-oscar { background: -webkit-linear-gradient(45deg,#ffffff 0,#9b4a1b 40%,#ffffff 100%);background: linear-gradient(45deg,#ffffff 0,#9b4a1b 40%,#ffffff 100%);}#jtg-119721  .modula-item.effect-roxy {background: -webkit-linear-gradient(45deg,#ffffff 0,#05abe0 100%);background: linear-gradient(45deg,#ffffff 0,#05abe0 100%);}#jtg-119721 .modula-item.effect-dexter {background: -webkit-linear-gradient(top,#ffffff 0,rgba(104,60,19,1) 100%); background: linear-gradient(to bottom,#ffffff 0,rgba(104,60,19,1) 100%);}#jtg-119721  .modula-item.effect-jazz {background: -webkit-linear-gradient(-45deg,#ffffff 0,#f33f58 100%);background: linear-gradient(-45deg,#ffffff 0,#f33f58 100%);}#jtg-119721 .modula-item.effect-lexi {background: -webkit-linear-gradient(-45deg,#ffffff 0,#fff 100%);background: linear-gradient(-45deg,#ffffff 0,#fff 100%);}#jtg-119721 .modula-item.effect-duke {background: -webkit-linear-gradient(-45deg,#ffffff 0,#cc6055 100%);background: linear-gradient(-45deg,#ffffff 0,#cc6055 100%);}#jtg-119721 .modula-item:hover img { opacity: 0.5; }#jtg-119721 .jtg-title {font-weight:400; }#jtg-119721 p.description {font-weight:normal; }#jtg-119721:not(.modula-loaded-scale)  .modula-item .modula-item-content { transform: scale(1) translate(0px,0px) rotate(0deg); }@keyframes modulaScaling { 0% {transform: scale(1) translate(0px,p0x) rotate(0deg);} 50%{transform: scale(1) translate(0px,0px) rotate(0deg);}100%{transform: scale(1) translate(0px,p0x) rotate(0deg);}}#jtg-119721.modula-gallery .modula-item.effect-terry .jtg-social a:not(:last-child){margin-bottom:10px;}.modula-fancybox-container.modula-lightbox-jtg-119721 .modula-fancybox-caption .modula-fancybox-caption__body, .modula-fancybox-container.modula-lightbox-jtg-119721 .modula-fancybox-caption .modula-fancybox-caption__body p {text-align:left}html body .modula.modula-columns .modula-items.grid-gallery .modula-item.effect-under .modula-item-content { height:auto;}.jtg-title {font-family:ConduitITCPro-Black;}@media screen and (max-width:480px){#jtg-119721 .modula-item .figc .jtg-title {  font-size: 12px; }#jtg-119721 .modula-items .figc p.description { color:#000000;font-size:10px; }}<\/style>\n<!-- Gallery Container -->\n<div  id=\"jtg-119721\" class=\"modula modula-gallery modula-creative-gallery\" data-config=\"{&quot;height&quot;:450,&quot;tabletHeight&quot;:450,&quot;mobileHeight&quot;:450,&quot;desktopHeight&quot;:450,&quot;enableTwitter&quot;:false,&quot;enableWhatsapp&quot;:true,&quot;enableFacebook&quot;:false,&quot;enablePinterest&quot;:false,&quot;enableLinkedin&quot;:false,&quot;enableEmail&quot;:false,&quot;randomFactor&quot;:0.5,&quot;type&quot;:&quot;creative-gallery&quot;,&quot;columns&quot;:12,&quot;gutter&quot;:10,&quot;mobileGutter&quot;:10,&quot;tabletGutter&quot;:10,&quot;desktopGutter&quot;:10,&quot;enableResponsive&quot;:&quot;0&quot;,&quot;tabletColumns&quot;:&quot;2&quot;,&quot;mobileColumns&quot;:&quot;1&quot;,&quot;lazyLoad&quot;:&quot;1&quot;,&quot;lightboxOpts&quot;:{&quot;loop&quot;:false,&quot;arrows&quot;:true,&quot;toolbar&quot;:true,&quot;keyboard&quot;:false,&quot;wheel&quot;:false,&quot;buttons&quot;:[&quot;close&quot;],&quot;hash&quot;:false,&quot;lang&quot;:&quot;en&quot;,&quot;touch&quot;:false,&quot;protect&quot;:false,&quot;i18n&quot;:{&quot;en&quot;:{&quot;CLOSE&quot;:&quot;Zamknij&quot;,&quot;NEXT&quot;:&quot;Nast\\u0119pny&quot;,&quot;PREV&quot;:&quot;Poprzedni&quot;,&quot;Error&quot;:&quot;Nie mo\\u017cna za\\u0142adowa\\u0107 \\u017c\\u0105danej tre\\u015bci. Spr\\u00f3buj ponownie p\\u00f3\\u017aniej.&quot;,&quot;PLAY_START&quot;:&quot;Rozpocznij pokaz slajd\\u00f3w&quot;,&quot;PLAY_STOP&quot;:&quot;Zatrzymaj pokaz slajd\\u00f3w&quot;,&quot;FULL_SCREEN&quot;:&quot;Pe\\u0142ny ekran&quot;,&quot;THUMBS&quot;:&quot;Miniatury&quot;,&quot;DOWNLOAD&quot;:&quot;Pobieranie&quot;,&quot;SHARE&quot;:&quot;Udost\\u0119pnij&quot;,&quot;ZOOM&quot;:&quot;Powi\\u0119kszenie&quot;}},&quot;clickSlide&quot;:false,&quot;clickOutside&quot;:false,&quot;dblclickContent&quot;:false,&quot;dblclickSlide&quot;:false,&quot;dblclickOutside&quot;:false,&quot;baseTpl&quot;:&quot;&lt;div class=\\&quot;modula-fancybox-container modula-lightbox-jtg-119721\\&quot; role=\\&quot;dialog\\&quot; tabindex=\\&quot;-1\\&quot;&gt;&lt;div class=\\&quot;modula-fancybox-bg\\&quot;&gt;&lt;\\\/div&gt;&lt;div class=\\&quot;modula-fancybox-inner\\&quot;&gt;&lt;div class=\\&quot;modula-fancybox-infobar\\&quot;&gt;&lt;span data-fancybox-index&gt;&lt;\\\/span&gt;&nbsp;\\\/&nbsp;&lt;span data-fancybox-count&gt;&lt;\\\/span&gt;&lt;\\\/div&gt;&lt;div class=\\&quot;modula-fancybox-toolbar\\&quot;&gt;{{buttons}}&lt;\\\/div&gt;&lt;div class=\\&quot;modula-fancybox-navigation\\&quot;&gt;{{arrows}}&lt;\\\/div&gt;&lt;div class=\\&quot;modula-fancybox-stage\\&quot;&gt;&lt;\\\/div&gt;&lt;div class=\\&quot;modula-fancybox-caption\\&quot;&gt;&lt;div class=\\&quot;modula-fancybox-caption__body\\&quot;&gt;&lt;\\\/div&gt;&lt;\\\/div&gt;&lt;\\\/div&gt;&lt;\\\/div&gt;&quot;,&quot;infobar&quot;:true,&quot;animationEffect&quot;:false,&quot;animationDuration&quot;:366,&quot;transitionEffect&quot;:false,&quot;transitionDuration&quot;:366,&quot;thumbs&quot;:{&quot;autoStart&quot;:false,&quot;axis&quot;:&quot;y&quot;},&quot;preventCaptionOverlap&quot;:false},&quot;inView&quot;:false,&quot;email_subject&quot;:&quot;Check out this awesome image !!&quot;,&quot;email_message&quot;:&quot;Here is the link to the image : %%image_link%% and this is the link to the gallery : %%gallery_link%%&quot;,&quot;lightbox&quot;:&quot;fancybox&quot;,&quot;filterClick&quot;:&quot;0&quot;,&quot;dropdownFilters&quot;:&quot;0&quot;,&quot;defaultActiveFilter&quot;:&quot;all&quot;,&quot;initLightbox&quot;:&quot;modula_pro_init_lightbox&quot;,&quot;haveFilters&quot;:0}\">\n\n\t\n\t<!-- Items Container -->\n\t<div  class=\"modula-items\">\n\t\t<div class=\"modula-item modula-simple-link effect-zoe jtg-filter-all jtg-filter-\" >\n\t<div class=\"modula-item-overlay\"><\/div>\n\n\t<div class=\"modula-item-content\">\n\n\t\t\t\t\n\t\t\t\t\t<a data-image-id=\"109340\" href=\"https:\/\/www.storevan.com\/pl\/zabudowy-specjalne-do-samochodow-dostawczych-z-wyposazeniem\/vending\/vending-fiat-ducato\/\" aria-label=\"Otw\u00f3rz obrazek w Lightboxie\" data-thumb=\"https:\/\/www.storevan.com\/wp-content\/uploads\/2019\/10\/v-fiat-ducato-07-150x150.jpg\" class=\"modula-simple-link\" class=\"tile-inner modula-item-link\"><\/a>\n\t\t\n\t\t<img class=\"pic wp-image-109340 lazyload\"  data-valign=\"middle\" data-halign=\"left\" alt=\"Rivestimento e ripiani per vending su Fiat Ducato\" data-full=\"https:\/\/www.storevan.com\/wp-content\/uploads\/2019\/10\/v-fiat-ducato-07.jpg\" title=\"FIAT DUCATO &lt;i class=&quot;fa fa-search-plus&quot;&gt;&lt;\/i&gt;\" width=\"200\" height=\"300\" data-src=\"https:\/\/www.storevan.com\/wp-content\/uploads\/2019\/10\/v-fiat-ducato-07-200x300.jpg\" data-caption=\"Rivestimento e ripiani per vending su Fiat Ducato\" data-source=\"modula\" data-srcset=\"https:\/\/www.storevan.com\/wp-content\/uploads\/2019\/10\/v-fiat-ducato-07.jpg 534w, https:\/\/www.storevan.com\/wp-content\/uploads\/2019\/10\/v-fiat-ducato-07-200x300.jpg 200w\" data-sizes=\"(max-width: 200px) 100vw, 200px\" \/>\n\t\t<div class=\"figc\">\n\t\t\t<div class=\"figc-inner\">\n\t\t\t\t\t\t\t\t\t<div class='jtg-title'>FIAT DUCATO <i class=\"fa fa-search-plus\"><\/i><\/div>\n\t\t\t\t\t\t\t\t\t\t\t\t\t\t\t\t\t<div class=\"jtg-social\">\n\t\t\t\t\t\t\t\t\t\t\t\t\t\t\t\t\t\t\t\t\t\t\t\t\t<a class=\"modula-icon-whatsapp\"\n\t\t\t\t\t\t\t   href=\"#\"><svg aria-hidden=\"true\" focusable=\"false\" preserveAspectRatio=\"xMidYMid meet\" viewBox=\"0 0 1536 1600\"><path d=\"M985 878q13 0 97.5 44t89.5 53q2 5 2 15q0 33-17 76q-16 39-71 65.5T984 1158q-57 0-190-62q-98-45-170-118T476 793q-72-107-71-194v-8q3-91 74-158q24-22 52-22q6 0 18 1.5t19 1.5q19 0 26.5 6.5T610 448q8 20 33 88t25 75q0 21-34.5 57.5T599 715q0 7 5 15q34 73 102 137q56 53 151 101q12 7 22 7q15 0 54-48.5t52-48.5zm-203 530q127 0 243.5-50t200.5-134t134-200.5t50-243.5t-50-243.5T1226 336t-200.5-134T782 152t-243.5 50T338 336T204 536.5T154 780q0 203 120 368l-79 233l242-77q158 104 345 104zm0-1382q153 0 292.5 60T1315 247t161 240.5t60 292.5t-60 292.5t-161 240.5t-240.5 161t-292.5 60q-195 0-365-94L0 1574l136-405Q28 991 28 780q0-153 60-292.5T249 247T489.5 86T782 26z\" fill=\"currentColor\"\/><\/svg><\/a>\n\t\t\t\t\t\t\t\t\t\t\t\t\t\t\t\t\t\t\t\t\t\t\t\t\t\t\t\t\t\t\t\t\t\t\t<\/div>\n\t\t\t\t\t\t\t<\/div>\n\t\t<\/div>\n\n\t<\/div>\n\n<\/div><div class=\"modula-item modula-simple-link effect-zoe jtg-filter-all jtg-filter-\" >\n\t<div class=\"modula-item-overlay\"><\/div>\n\n\t<div class=\"modula-item-content\">\n\n\t\t\t\t\n\t\t\t\t\t<a data-image-id=\"109334\" href=\"https:\/\/www.storevan.com\/pl\/zabudowy-specjalne-do-samochodow-dostawczych-z-wyposazeniem\/vending\/vending-fiat-ducato\/\" aria-label=\"Otw\u00f3rz obrazek w Lightboxie\" data-thumb=\"https:\/\/www.storevan.com\/wp-content\/uploads\/2019\/10\/v-fiat-ducato-06-150x150.jpg\" class=\"modula-simple-link\" class=\"tile-inner modula-item-link\"><\/a>\n\t\t\n\t\t<img class=\"pic wp-image-109334 lazyload\"  data-valign=\"middle\" data-halign=\"left\" alt=\"Ripiani per Fiat Ducato\" data-full=\"https:\/\/www.storevan.com\/wp-content\/uploads\/2019\/10\/v-fiat-ducato-06.jpg\" title=\"FIAT DUCATO &lt;i class=&quot;fa fa-search-plus&quot;&gt;&lt;\/i&gt;\" width=\"200\" height=\"300\" data-src=\"https:\/\/www.storevan.com\/wp-content\/uploads\/2019\/10\/v-fiat-ducato-06-200x300.jpg\" data-caption=\"Fissaggio dei ripiani regolabili su furgone Fiat Ducato\" data-source=\"modula\" data-srcset=\"https:\/\/www.storevan.com\/wp-content\/uploads\/2019\/10\/v-fiat-ducato-06.jpg 534w, https:\/\/www.storevan.com\/wp-content\/uploads\/2019\/10\/v-fiat-ducato-06-200x300.jpg 200w\" data-sizes=\"(max-width: 200px) 100vw, 200px\" \/>\n\t\t<div class=\"figc\">\n\t\t\t<div class=\"figc-inner\">\n\t\t\t\t\t\t\t\t\t<div class='jtg-title'>FIAT DUCATO <i class=\"fa fa-search-plus\"><\/i><\/div>\n\t\t\t\t\t\t\t\t\t\t\t\t\t\t\t\t\t<div class=\"jtg-social\">\n\t\t\t\t\t\t\t\t\t\t\t\t\t\t\t\t\t\t\t\t\t\t\t\t\t<a class=\"modula-icon-whatsapp\"\n\t\t\t\t\t\t\t   href=\"#\"><svg aria-hidden=\"true\" focusable=\"false\" preserveAspectRatio=\"xMidYMid meet\" viewBox=\"0 0 1536 1600\"><path d=\"M985 878q13 0 97.5 44t89.5 53q2 5 2 15q0 33-17 76q-16 39-71 65.5T984 1158q-57 0-190-62q-98-45-170-118T476 793q-72-107-71-194v-8q3-91 74-158q24-22 52-22q6 0 18 1.5t19 1.5q19 0 26.5 6.5T610 448q8 20 33 88t25 75q0 21-34.5 57.5T599 715q0 7 5 15q34 73 102 137q56 53 151 101q12 7 22 7q15 0 54-48.5t52-48.5zm-203 530q127 0 243.5-50t200.5-134t134-200.5t50-243.5t-50-243.5T1226 336t-200.5-134T782 152t-243.5 50T338 336T204 536.5T154 780q0 203 120 368l-79 233l242-77q158 104 345 104zm0-1382q153 0 292.5 60T1315 247t161 240.5t60 292.5t-60 292.5t-161 240.5t-240.5 161t-292.5 60q-195 0-365-94L0 1574l136-405Q28 991 28 780q0-153 60-292.5T249 247T489.5 86T782 26z\" fill=\"currentColor\"\/><\/svg><\/a>\n\t\t\t\t\t\t\t\t\t\t\t\t\t\t\t\t\t\t\t\t\t\t\t\t\t\t\t\t\t\t\t\t\t\t\t<\/div>\n\t\t\t\t\t\t\t<\/div>\n\t\t<\/div>\n\n\t<\/div>\n\n<\/div><div class=\"modula-item modula-simple-link effect-zoe jtg-filter-all jtg-filter-\" >\n\t<div class=\"modula-item-overlay\"><\/div>\n\n\t<div class=\"modula-item-content\">\n\n\t\t\t\t\n\t\t\t\t\t<a data-image-id=\"109322\" href=\"https:\/\/www.storevan.com\/pl\/zabudowy-specjalne-do-samochodow-dostawczych-z-wyposazeniem\/vending\/vending-fiat-ducato\/\" aria-label=\"Otw\u00f3rz obrazek w Lightboxie\" data-thumb=\"https:\/\/www.storevan.com\/wp-content\/uploads\/2019\/10\/v-fiat-ducato-04-150x150.jpg\" class=\"modula-simple-link\" class=\"tile-inner modula-item-link\"><\/a>\n\t\t\n\t\t<img class=\"pic wp-image-109322 lazyload\"  data-valign=\"middle\" data-halign=\"left\" alt=\"Allestimento su misura per Ducato\" data-full=\"https:\/\/www.storevan.com\/wp-content\/uploads\/2019\/10\/v-fiat-ducato-04.jpg\" title=\"FIAT DUCATO &lt;i class=&quot;fa fa-search-plus&quot;&gt;&lt;\/i&gt;\" width=\"200\" height=\"300\" data-src=\"https:\/\/www.storevan.com\/wp-content\/uploads\/2019\/10\/v-fiat-ducato-04-200x300.jpg\" data-caption=\"Allestimento per la manutenzione di distributori automatici\" data-source=\"modula\" data-srcset=\"https:\/\/www.storevan.com\/wp-content\/uploads\/2019\/10\/v-fiat-ducato-04.jpg 534w, https:\/\/www.storevan.com\/wp-content\/uploads\/2019\/10\/v-fiat-ducato-04-200x300.jpg 200w\" data-sizes=\"(max-width: 200px) 100vw, 200px\" \/>\n\t\t<div class=\"figc\">\n\t\t\t<div class=\"figc-inner\">\n\t\t\t\t\t\t\t\t\t<div class='jtg-title'>FIAT DUCATO <i class=\"fa fa-search-plus\"><\/i><\/div>\n\t\t\t\t\t\t\t\t\t\t\t\t\t\t\t\t\t<div class=\"jtg-social\">\n\t\t\t\t\t\t\t\t\t\t\t\t\t\t\t\t\t\t\t\t\t\t\t\t\t<a class=\"modula-icon-whatsapp\"\n\t\t\t\t\t\t\t   href=\"#\"><svg aria-hidden=\"true\" focusable=\"false\" preserveAspectRatio=\"xMidYMid meet\" viewBox=\"0 0 1536 1600\"><path d=\"M985 878q13 0 97.5 44t89.5 53q2 5 2 15q0 33-17 76q-16 39-71 65.5T984 1158q-57 0-190-62q-98-45-170-118T476 793q-72-107-71-194v-8q3-91 74-158q24-22 52-22q6 0 18 1.5t19 1.5q19 0 26.5 6.5T610 448q8 20 33 88t25 75q0 21-34.5 57.5T599 715q0 7 5 15q34 73 102 137q56 53 151 101q12 7 22 7q15 0 54-48.5t52-48.5zm-203 530q127 0 243.5-50t200.5-134t134-200.5t50-243.5t-50-243.5T1226 336t-200.5-134T782 152t-243.5 50T338 336T204 536.5T154 780q0 203 120 368l-79 233l242-77q158 104 345 104zm0-1382q153 0 292.5 60T1315 247t161 240.5t60 292.5t-60 292.5t-161 240.5t-240.5 161t-292.5 60q-195 0-365-94L0 1574l136-405Q28 991 28 780q0-153 60-292.5T249 247T489.5 86T782 26z\" fill=\"currentColor\"\/><\/svg><\/a>\n\t\t\t\t\t\t\t\t\t\t\t\t\t\t\t\t\t\t\t\t\t\t\t\t\t\t\t\t\t\t\t\t\t\t\t<\/div>\n\t\t\t\t\t\t\t<\/div>\n\t\t<\/div>\n\n\t<\/div>\n\n<\/div><div class=\"modula-item modula-simple-link effect-zoe jtg-filter-all jtg-filter-\" >\n\t<div class=\"modula-item-overlay\"><\/div>\n\n\t<div class=\"modula-item-content\">\n\n\t\t\t\t\n\t\t\t\t\t<a data-image-id=\"109316\" href=\"https:\/\/www.storevan.com\/pl\/zabudowy-specjalne-do-samochodow-dostawczych-z-wyposazeniem\/vending\/vending-fiat-ducato\/\" aria-label=\"Otw\u00f3rz obrazek w Lightboxie\" data-thumb=\"https:\/\/www.storevan.com\/wp-content\/uploads\/2019\/10\/v-fiat-ducato-03-150x150.jpg\" class=\"modula-simple-link\" class=\"tile-inner modula-item-link\"><\/a>\n\t\t\n\t\t<img class=\"pic wp-image-109316 lazyload\"  data-valign=\"middle\" data-halign=\"left\" alt=\"Allestimento su FIAT DUCATO L2 H2 \/ L3 H2\" data-full=\"https:\/\/www.storevan.com\/wp-content\/uploads\/2019\/10\/v-fiat-ducato-03.jpg\" title=\"FIAT DUCATO &lt;i class=&quot;fa fa-search-plus&quot;&gt;&lt;\/i&gt;\" width=\"300\" height=\"213\" data-src=\"https:\/\/www.storevan.com\/wp-content\/uploads\/2019\/10\/v-fiat-ducato-03-300x213.jpg\" data-caption=\"Allestimento per Vending con ripiani su Fiat Ducato \" data-source=\"modula\" data-srcset=\"https:\/\/www.storevan.com\/wp-content\/uploads\/2019\/10\/v-fiat-ducato-03.jpg 800w, https:\/\/www.storevan.com\/wp-content\/uploads\/2019\/10\/v-fiat-ducato-03-300x213.jpg 300w, https:\/\/www.storevan.com\/wp-content\/uploads\/2019\/10\/v-fiat-ducato-03-768x544.jpg 768w\" data-sizes=\"(max-width: 300px) 100vw, 300px\" \/>\n\t\t<div class=\"figc\">\n\t\t\t<div class=\"figc-inner\">\n\t\t\t\t\t\t\t\t\t<div class='jtg-title'>FIAT DUCATO <i class=\"fa fa-search-plus\"><\/i><\/div>\n\t\t\t\t\t\t\t\t\t\t\t\t\t\t\t\t\t<div class=\"jtg-social\">\n\t\t\t\t\t\t\t\t\t\t\t\t\t\t\t\t\t\t\t\t\t\t\t\t\t<a class=\"modula-icon-whatsapp\"\n\t\t\t\t\t\t\t   href=\"#\"><svg aria-hidden=\"true\" focusable=\"false\" preserveAspectRatio=\"xMidYMid meet\" viewBox=\"0 0 1536 1600\"><path d=\"M985 878q13 0 97.5 44t89.5 53q2 5 2 15q0 33-17 76q-16 39-71 65.5T984 1158q-57 0-190-62q-98-45-170-118T476 793q-72-107-71-194v-8q3-91 74-158q24-22 52-22q6 0 18 1.5t19 1.5q19 0 26.5 6.5T610 448q8 20 33 88t25 75q0 21-34.5 57.5T599 715q0 7 5 15q34 73 102 137q56 53 151 101q12 7 22 7q15 0 54-48.5t52-48.5zm-203 530q127 0 243.5-50t200.5-134t134-200.5t50-243.5t-50-243.5T1226 336t-200.5-134T782 152t-243.5 50T338 336T204 536.5T154 780q0 203 120 368l-79 233l242-77q158 104 345 104zm0-1382q153 0 292.5 60T1315 247t161 240.5t60 292.5t-60 292.5t-161 240.5t-240.5 161t-292.5 60q-195 0-365-94L0 1574l136-405Q28 991 28 780q0-153 60-292.5T249 247T489.5 86T782 26z\" fill=\"currentColor\"\/><\/svg><\/a>\n\t\t\t\t\t\t\t\t\t\t\t\t\t\t\t\t\t\t\t\t\t\t\t\t\t\t\t\t\t\t\t\t\t\t\t<\/div>\n\t\t\t\t\t\t\t<\/div>\n\t\t<\/div>\n\n\t<\/div>\n\n<\/div><div class=\"modula-item modula-simple-link effect-zoe jtg-filter-all jtg-filter-\" >\n\t<div class=\"modula-item-overlay\"><\/div>\n\n\t<div class=\"modula-item-content\">\n\n\t\t\t\t\n\t\t\t\t\t<a data-image-id=\"109298\" href=\"https:\/\/www.storevan.com\/pl\/zabudowy-specjalne-do-samochodow-dostawczych-z-wyposazeniem\/vending\/vending-fiat-ducato\/\" aria-label=\"Otw\u00f3rz obrazek w Lightboxie\" data-thumb=\"https:\/\/www.storevan.com\/wp-content\/uploads\/2019\/10\/v-fiat-ducato-00-150x150.jpg\" class=\"modula-simple-link\" class=\"tile-inner modula-item-link\"><\/a>\n\t\t\n\t\t<img class=\"pic wp-image-109298 lazyload\"  data-valign=\"middle\" data-halign=\"left\" alt=\"FIAT DUCATO\" data-full=\"https:\/\/www.storevan.com\/wp-content\/uploads\/2019\/10\/v-fiat-ducato-00.jpg\" title=\"FIAT DUCATO &lt;i class=&quot;fa fa-search-plus&quot;&gt;&lt;\/i&gt;\" width=\"292\" height=\"300\" data-src=\"https:\/\/www.storevan.com\/wp-content\/uploads\/2019\/10\/v-fiat-ducato-00-292x300.jpg\" data-caption=\"Ducato allestito per Vending con rivestimenti interni e ripiani regolabili\" data-source=\"modula\" data-srcset=\"https:\/\/www.storevan.com\/wp-content\/uploads\/2019\/10\/v-fiat-ducato-00.jpg 525w, https:\/\/www.storevan.com\/wp-content\/uploads\/2019\/10\/v-fiat-ducato-00-292x300.jpg 292w, https:\/\/www.storevan.com\/wp-content\/uploads\/2019\/10\/v-fiat-ducato-00-48x48.jpg 48w\" data-sizes=\"(max-width: 292px) 100vw, 292px\" \/>\n\t\t<div class=\"figc\">\n\t\t\t<div class=\"figc-inner\">\n\t\t\t\t\t\t\t\t\t<div class='jtg-title'>FIAT DUCATO <i class=\"fa fa-search-plus\"><\/i><\/div>\n\t\t\t\t\t\t\t\t\t\t\t\t\t\t\t\t\t<div class=\"jtg-social\">\n\t\t\t\t\t\t\t\t\t\t\t\t\t\t\t\t\t\t\t\t\t\t\t\t\t<a class=\"modula-icon-whatsapp\"\n\t\t\t\t\t\t\t   href=\"#\"><svg aria-hidden=\"true\" focusable=\"false\" preserveAspectRatio=\"xMidYMid meet\" viewBox=\"0 0 1536 1600\"><path d=\"M985 878q13 0 97.5 44t89.5 53q2 5 2 15q0 33-17 76q-16 39-71 65.5T984 1158q-57 0-190-62q-98-45-170-118T476 793q-72-107-71-194v-8q3-91 74-158q24-22 52-22q6 0 18 1.5t19 1.5q19 0 26.5 6.5T610 448q8 20 33 88t25 75q0 21-34.5 57.5T599 715q0 7 5 15q34 73 102 137q56 53 151 101q12 7 22 7q15 0 54-48.5t52-48.5zm-203 530q127 0 243.5-50t200.5-134t134-200.5t50-243.5t-50-243.5T1226 336t-200.5-134T782 152t-243.5 50T338 336T204 536.5T154 780q0 203 120 368l-79 233l242-77q158 104 345 104zm0-1382q153 0 292.5 60T1315 247t161 240.5t60 292.5t-60 292.5t-161 240.5t-240.5 161t-292.5 60q-195 0-365-94L0 1574l136-405Q28 991 28 780q0-153 60-292.5T249 247T489.5 86T782 26z\" fill=\"currentColor\"\/><\/svg><\/a>\n\t\t\t\t\t\t\t\t\t\t\t\t\t\t\t\t\t\t\t\t\t\t\t\t\t\t\t\t\t\t\t\t\t\t\t<\/div>\n\t\t\t\t\t\t\t<\/div>\n\t\t<\/div>\n\n\t<\/div>\n\n<\/div><div class=\"modula-item modula-simple-link effect-zoe jtg-filter-all jtg-filter-\" >\n\t<div class=\"modula-item-overlay\"><\/div>\n\n\t<div class=\"modula-item-content\">\n\n\t\t\t\t\n\t\t\t\t\t<a data-image-id=\"110011\" href=\"https:\/\/www.storevan.com\/pl\/zabudowy-specjalne-do-samochodow-dostawczych-z-wyposazeniem\/vending\/vending-fiat-ducato\/\" aria-label=\"Otw\u00f3rz obrazek w Lightboxie\" data-thumb=\"https:\/\/www.storevan.com\/wp-content\/uploads\/2019\/10\/allestimento-autoportante-ducato-vending-150x150.jpg\" class=\"modula-simple-link\" class=\"tile-inner modula-item-link\"><\/a>\n\t\t\n\t\t<img class=\"pic wp-image-110011 lazyload\"  data-valign=\"middle\" data-halign=\"left\" alt=\"FIAT DUCATO\" data-full=\"https:\/\/www.storevan.com\/wp-content\/uploads\/2019\/10\/allestimento-autoportante-ducato-vending.jpg\" title=\"FIAT DUCATO &lt;i class=&quot;fa fa-search-plus&quot;&gt;&lt;\/i&gt;\" width=\"200\" height=\"300\" data-src=\"https:\/\/www.storevan.com\/wp-content\/uploads\/2019\/10\/allestimento-autoportante-ducato-vending-200x300.jpg\" data-caption=\"Rivestimento interno e ripiani per vending \" data-source=\"modula\" data-srcset=\"https:\/\/www.storevan.com\/wp-content\/uploads\/2019\/10\/allestimento-autoportante-ducato-vending.jpg 800w, https:\/\/www.storevan.com\/wp-content\/uploads\/2019\/10\/allestimento-autoportante-ducato-vending-200x300.jpg 200w, https:\/\/www.storevan.com\/wp-content\/uploads\/2019\/10\/allestimento-autoportante-ducato-vending-768x1152.jpg 768w, https:\/\/www.storevan.com\/wp-content\/uploads\/2019\/10\/allestimento-autoportante-ducato-vending-683x1024.jpg 683w\" data-sizes=\"(max-width: 200px) 100vw, 200px\" \/>\n\t\t<div class=\"figc\">\n\t\t\t<div class=\"figc-inner\">\n\t\t\t\t\t\t\t\t\t<div class='jtg-title'>FIAT DUCATO <i class=\"fa fa-search-plus\"><\/i><\/div>\n\t\t\t\t\t\t\t\t\t\t\t\t\t\t\t\t\t<div class=\"jtg-social\">\n\t\t\t\t\t\t\t\t\t\t\t\t\t\t\t\t\t\t\t\t\t\t\t\t\t<a class=\"modula-icon-whatsapp\"\n\t\t\t\t\t\t\t   href=\"#\"><svg aria-hidden=\"true\" focusable=\"false\" preserveAspectRatio=\"xMidYMid meet\" viewBox=\"0 0 1536 1600\"><path d=\"M985 878q13 0 97.5 44t89.5 53q2 5 2 15q0 33-17 76q-16 39-71 65.5T984 1158q-57 0-190-62q-98-45-170-118T476 793q-72-107-71-194v-8q3-91 74-158q24-22 52-22q6 0 18 1.5t19 1.5q19 0 26.5 6.5T610 448q8 20 33 88t25 75q0 21-34.5 57.5T599 715q0 7 5 15q34 73 102 137q56 53 151 101q12 7 22 7q15 0 54-48.5t52-48.5zm-203 530q127 0 243.5-50t200.5-134t134-200.5t50-243.5t-50-243.5T1226 336t-200.5-134T782 152t-243.5 50T338 336T204 536.5T154 780q0 203 120 368l-79 233l242-77q158 104 345 104zm0-1382q153 0 292.5 60T1315 247t161 240.5t60 292.5t-60 292.5t-161 240.5t-240.5 161t-292.5 60q-195 0-365-94L0 1574l136-405Q28 991 28 780q0-153 60-292.5T249 247T489.5 86T782 26z\" fill=\"currentColor\"\/><\/svg><\/a>\n\t\t\t\t\t\t\t\t\t\t\t\t\t\t\t\t\t\t\t\t\t\t\t\t\t\t\t\t\t\t\t\t\t\t\t<\/div>\n\t\t\t\t\t\t\t<\/div>\n\t\t<\/div>\n\n\t<\/div>\n\n<\/div>\t\t\n\t<\/div>\n\n\t\n\t\n\t<script type=\"application\/ld+json\">\n\t{\n\t\t\"@context\": \"http:\/\/schema.org\",\n\t\t\"@type\"   : \"ImageGallery\",\n\t\t\"id\"      : \"https:\/\/www.storevan.com\/pl\/wp-json\/wp\/v2\/pages\/119502\/\",\n\t\t\"url\"     : \"https:\/\/www.storevan.com\/pl\/wp-json\/wp\/v2\/pages\/119502\/\"\n\t}\n\n    <\/script>\n\n\t\n<\/div>\n<\/div>\n<div class=\"break\"><\/div>\n<hr class=\"noColor\"\/>\n<hr class=\"visible-xs\"\/>\n<hr class=\"noColor\"\/>\n<div class=\"col-xs-12 col-sm-12 col-md-9\"><style>#jtg-119723 .modula-item .jtg-social a, .lightbox-socials.jtg-social a{ color: #ffffff }#jtg-119723 .modula-item .jtg-social svg, .lightbox-socials.jtg-social svg { height: 16px; width: 16px }#jtg-119723 .modula-item .jtg-social a:not(:last-child), .lightbox-socials.jtg-social a:not(:last-child) { margin-right: 10px }#jtg-119723 .modula-item .figc {color:#000000;}#jtg-119723 .modula-item .figc .jtg-title {  font-size: 18px; }#jtg-119723 .modula-item .modula-item-content { transform: scale(1) }#jtg-119723 { width:100%;}#jtg-119723 .modula-items{height:450px;}@media screen and (max-width: 992px) {#jtg-119723 .modula-items{height:450px;}}@media screen and (max-width: 768px) {#jtg-119723 .modula-items{height:450px;}}#jtg-119723 .modula-items .figc p.description { font-size:18px; }#jtg-119723 .modula-items .figc p.description { color:#000000;}#jtg-119723 .modula-items .figc .jtg-title { color:#000000; }#jtg-119723.modula-gallery .modula-item > a, #jtg-119723.modula-gallery .modula-item, #jtg-119723.modula-gallery .modula-item-content > a:not(.modula-no-follow) { cursor:pointer; } #jtg-119723.modula-gallery .modula-item-content .modula-no-follow { cursor: default; } #jtg-119723 .modula-item .modula-item-overlay, #jtg-119723 .modula-item.effect-layla, #jtg-119723  .modula-item.effect-ruby,#jtg-119723 .modula-item.effect-bubba,#jtg-119723 .modula-item.effect-sarah,#jtg-119723 .modula-item.effect-milo,#jtg-119723 .modula-item.effect-julia,#jtg-119723 .modula-item.effect-hera,#jtg-119723 .modula-item.effect-winston,#jtg-119723 .modula-item.effect-selena,#jtg-119723 .modula-item.effect-terry,#jtg-119723 .modula-item.effect-phoebe,#jtg-119723 .modula-item.effect-apollo,#jtg-119723 .modula-item.effect-steve,#jtg-119723 .modula-item.effect-ming{ background-color:#ffffff; }#jtg-119723  .modula-item.effect-oscar { background: -webkit-linear-gradient(45deg,#ffffff 0,#9b4a1b 40%,#ffffff 100%);background: linear-gradient(45deg,#ffffff 0,#9b4a1b 40%,#ffffff 100%);}#jtg-119723  .modula-item.effect-roxy {background: -webkit-linear-gradient(45deg,#ffffff 0,#05abe0 100%);background: linear-gradient(45deg,#ffffff 0,#05abe0 100%);}#jtg-119723 .modula-item.effect-dexter {background: -webkit-linear-gradient(top,#ffffff 0,rgba(104,60,19,1) 100%); background: linear-gradient(to bottom,#ffffff 0,rgba(104,60,19,1) 100%);}#jtg-119723  .modula-item.effect-jazz {background: -webkit-linear-gradient(-45deg,#ffffff 0,#f33f58 100%);background: linear-gradient(-45deg,#ffffff 0,#f33f58 100%);}#jtg-119723 .modula-item.effect-lexi {background: -webkit-linear-gradient(-45deg,#ffffff 0,#fff 100%);background: linear-gradient(-45deg,#ffffff 0,#fff 100%);}#jtg-119723 .modula-item.effect-duke {background: -webkit-linear-gradient(-45deg,#ffffff 0,#cc6055 100%);background: linear-gradient(-45deg,#ffffff 0,#cc6055 100%);}#jtg-119723 .modula-item:hover img { opacity: 0.5; }#jtg-119723 .jtg-title {font-weight:400; }#jtg-119723 p.description {font-weight:normal; }#jtg-119723:not(.modula-loaded-scale)  .modula-item .modula-item-content { transform: scale(1) translate(0px,0px) rotate(0deg); }@keyframes modulaScaling { 0% {transform: scale(1) translate(0px,p0x) rotate(0deg);} 50%{transform: scale(1) translate(0px,0px) rotate(0deg);}100%{transform: scale(1) translate(0px,p0x) rotate(0deg);}}#jtg-119723.modula-gallery .filters a {color: #f7a600 !important;}#jtg-119723 .menu--ceres .modula_menu__item::before, #jtg-119723 .menu--ceres .modula_menu__item::after, #jtg-119723 .menu--ceres .modula_menu__link::after,#jtg-119723 .menu--ariel .modula_menu__item::before, #jtg-119723 .menu--ariel .modula_menu__item::after, #jtg-119723 .menu--ariel .modula_menu__link::after, #jtg-119723 .menu--ariel .modula_menu__link::before{background-color: #009de0 !important;}#jtg-119723.modula-gallery .filters a:hover, #jtg-119723.modula-gallery .filters li.modula_menu__item--current a {color: #009de0 !important;border-color: #009de0 !important}#jtg-119723.modula-gallery .filters li.modula_menu__item--current a:hover:before,#jtg-119723.modula-gallery .filters li.modula_menu__item--current a:hover:after,#jtg-119723.modula-gallery .filters li.modula_menu__item--current:hover:before,#jtg-119723.modula-gallery .filters li.modula_menu__item--current:hover:after { border-color:#009de0;background-color:#009de0}#jtg-119723.modula-gallery .filters li.modula_menu__item--current a:before,#jtg-119723.modula-gallery .filters li.modula_menu__item--current a:after,#jtg-119723.modula-gallery .filters li.modula_menu__item--current:before,#jtg-119723.modula-gallery .filters li.modula_menu__item--current:after{border-color:#009de0; background-color:#009de0;}#jtg-119723.modula .menu--antonio .modula_menu__item::after, #jtg-119723.modula .menu--antonio .modula_menu__item::before, #jtg-119723.modula .menu--antonio .modula_menu__link::after, #jtg-119723.modula .menu--antonio .modula_menu__link::before{background-color:#009de0;}#jtg-119723.modula .menu--caliban .modula_menu__link::before,#jtg-119723.modula .menu--caliban .modula_menu__link::after{border-color:#009de0;}#jtg-119723.modula .menu--ferdinand .modula_menu__link::before{background-color:#009de0;}#jtg-119723.modula .menu--francisco .modula_menu__link::before, #jtg-119723.modula .menu--trinculo .modula_menu__link::before{background-color:#009de0;}#jtg-119723.modula .menu--horatio .modula_menu__item a::after, #jtg-119723.modula .menu--horatio .modula_menu__item a::before, #jtg-119723.modula .menu--horatio .modula_menu__item::after, #jtg-119723.modula .menu--horatio .modula_menu__item::before{border-color:#009de0}#jtg-119723.modula .menu--invulner .modula_menu__link::before{border-color:#009de0}#jtg-119723.modula .menu--iris .modula_menu__link::after, #jtg-119723.modula .menu--iris .modula_menu__link::before{border-color:#009de0}#jtg-119723.modula .menu--juno .modula_menu__item::after,#jtg-119723.modula .menu--juno .modula_menu__item::before,#jtg-119723.modula .menu--juno .modula_menu__link::after,#jtg-119723.modula .menu--juno .modula_menu__link::before{background-color:#009de0;}#jtg-119723.modula .menu--maria .modula_menu__item::before{background-color:#009de0;}#jtg-119723.modula .menu--miranda .modula_menu__item::after,#jtg-119723.modula .menu--miranda .modula_menu__item::before,#jtg-119723.modula .menu--miranda .modula_menu__link::after,#jtg-119723.modula .menu--miranda .modula_menu__link::before{background-color:#009de0;}#jtg-119723.modula .menu--prospero .modula_menu__link::before{background-color:#009de0;}#jtg-119723.modula .menu--sebastian .modula_menu__link::after,#jtg-119723.modula .menu--sebastian .modula_menu__link::before{background-color:#009de0;}#jtg-119723.modula .menu--shylock .modula_menu__link::after{background-color:#009de0;}#jtg-119723.modula .menu--stephano .modula_menu__item::before,#jtg-119723.modula .menu--stephano .modula_menu__link::after,#jtg-119723.modula .menu--stephano .modula_menu__link::before{background-color:#009de0;}#jtg-119723.modula .menu--tantalid .modula_menu__link::after,#jtg-119723.modula .menu--tantalid .modula_menu__link::before{border-color:#009de0}#jtg-119723.modula .menu--valentine .modula_menu__item::after,#jtg-119723.modula .menu--valentine .modula_menu__item::before,#jtg-119723.modula .menu--valentine .modula_menu__link::after,#jtg-119723.modula .menu--valentine .modula_menu__link::before{background-color:#009de0;}#jtg-119723.modula .menu--viola .modula_menu__item::after,#jtg-119723.modula .menu--viola .modula_menu__item::before,#jtg-119723.modula .menu--viola .modula_menu__link::after,#jtg-119723.modula .menu--viola .modula_menu__link::before{background-color:#009de0;}#jtg-119723.modula-gallery .modula-item.effect-terry .jtg-social a:not(:last-child){margin-bottom:10px;}.modula-fancybox-container.modula-lightbox-jtg-119723 .modula-fancybox-caption .modula-fancybox-caption__body, .modula-fancybox-container.modula-lightbox-jtg-119723 .modula-fancybox-caption .modula-fancybox-caption__body p {text-align:left}html body .modula.modula-columns .modula-items.grid-gallery .modula-item.effect-under .modula-item-content { height:auto;}.jtg-title {font-family:ConduitITCPro-Black;}@media screen and (max-width:480px){#jtg-119723 .modula-item .figc .jtg-title {  font-size: 12px; }#jtg-119723 .modula-items .figc p.description { color:#000000;font-size:10px; }}<\/style>\n<!-- Gallery Container -->\n<div  id=\"jtg-119723\" class=\"modula modula-gallery modula-creative-gallery\" data-config=\"{&quot;height&quot;:450,&quot;tabletHeight&quot;:450,&quot;mobileHeight&quot;:450,&quot;desktopHeight&quot;:450,&quot;enableTwitter&quot;:false,&quot;enableWhatsapp&quot;:false,&quot;enableFacebook&quot;:true,&quot;enablePinterest&quot;:false,&quot;enableLinkedin&quot;:true,&quot;enableEmail&quot;:false,&quot;randomFactor&quot;:0.5,&quot;type&quot;:&quot;creative-gallery&quot;,&quot;columns&quot;:12,&quot;gutter&quot;:10,&quot;mobileGutter&quot;:10,&quot;tabletGutter&quot;:10,&quot;desktopGutter&quot;:10,&quot;enableResponsive&quot;:&quot;0&quot;,&quot;tabletColumns&quot;:&quot;2&quot;,&quot;mobileColumns&quot;:&quot;1&quot;,&quot;lazyLoad&quot;:&quot;1&quot;,&quot;lightboxOpts&quot;:{&quot;loop&quot;:false,&quot;arrows&quot;:true,&quot;toolbar&quot;:true,&quot;keyboard&quot;:false,&quot;wheel&quot;:false,&quot;buttons&quot;:[&quot;close&quot;],&quot;hash&quot;:false,&quot;lang&quot;:&quot;en&quot;,&quot;touch&quot;:false,&quot;protect&quot;:false,&quot;i18n&quot;:{&quot;en&quot;:{&quot;CLOSE&quot;:&quot;Zamknij&quot;,&quot;NEXT&quot;:&quot;Nast\\u0119pny&quot;,&quot;PREV&quot;:&quot;Poprzedni&quot;,&quot;Error&quot;:&quot;Nie mo\\u017cna za\\u0142adowa\\u0107 \\u017c\\u0105danej tre\\u015bci. Spr\\u00f3buj ponownie p\\u00f3\\u017aniej.&quot;,&quot;PLAY_START&quot;:&quot;Rozpocznij pokaz slajd\\u00f3w&quot;,&quot;PLAY_STOP&quot;:&quot;Zatrzymaj pokaz slajd\\u00f3w&quot;,&quot;FULL_SCREEN&quot;:&quot;Pe\\u0142ny ekran&quot;,&quot;THUMBS&quot;:&quot;Miniatury&quot;,&quot;DOWNLOAD&quot;:&quot;Pobieranie&quot;,&quot;SHARE&quot;:&quot;Udost\\u0119pnij&quot;,&quot;ZOOM&quot;:&quot;Powi\\u0119kszenie&quot;}},&quot;clickSlide&quot;:false,&quot;clickOutside&quot;:false,&quot;dblclickContent&quot;:false,&quot;dblclickSlide&quot;:false,&quot;dblclickOutside&quot;:false,&quot;baseTpl&quot;:&quot;&lt;div class=\\&quot;modula-fancybox-container modula-lightbox-jtg-119723\\&quot; role=\\&quot;dialog\\&quot; tabindex=\\&quot;-1\\&quot;&gt;&lt;div class=\\&quot;modula-fancybox-bg\\&quot;&gt;&lt;\\\/div&gt;&lt;div class=\\&quot;modula-fancybox-inner\\&quot;&gt;&lt;div class=\\&quot;modula-fancybox-infobar\\&quot;&gt;&lt;span data-fancybox-index&gt;&lt;\\\/span&gt;&nbsp;\\\/&nbsp;&lt;span data-fancybox-count&gt;&lt;\\\/span&gt;&lt;\\\/div&gt;&lt;div class=\\&quot;modula-fancybox-toolbar\\&quot;&gt;{{buttons}}&lt;\\\/div&gt;&lt;div class=\\&quot;modula-fancybox-navigation\\&quot;&gt;{{arrows}}&lt;\\\/div&gt;&lt;div class=\\&quot;modula-fancybox-stage\\&quot;&gt;&lt;\\\/div&gt;&lt;div class=\\&quot;modula-fancybox-caption\\&quot;&gt;&lt;div class=\\&quot;modula-fancybox-caption__body\\&quot;&gt;&lt;\\\/div&gt;&lt;\\\/div&gt;&lt;\\\/div&gt;&lt;\\\/div&gt;&quot;,&quot;infobar&quot;:true,&quot;animationEffect&quot;:false,&quot;animationDuration&quot;:366,&quot;transitionEffect&quot;:false,&quot;transitionDuration&quot;:366,&quot;thumbs&quot;:{&quot;autoStart&quot;:false,&quot;axis&quot;:&quot;y&quot;},&quot;preventCaptionOverlap&quot;:false},&quot;inView&quot;:false,&quot;email_subject&quot;:&quot;Check out this awesome image !!&quot;,&quot;email_message&quot;:&quot;Here is the link to the image : %%image_link%% and this is the link to the gallery : %%gallery_link%%&quot;,&quot;lightbox&quot;:&quot;fancybox&quot;,&quot;filterClick&quot;:&quot;0&quot;,&quot;dropdownFilters&quot;:&quot;0&quot;,&quot;defaultActiveFilter&quot;:&quot;all&quot;,&quot;initLightbox&quot;:&quot;modula_pro_init_lightbox&quot;,&quot;haveFilters&quot;:0}\">\n\n\t\n\t<!-- Items Container -->\n\t<div  class=\"modula-items\">\n\t\t<div class=\"modula-item modula-simple-link effect-zoe jtg-filter-all jtg-filter-\" >\n\t<div class=\"modula-item-overlay\"><\/div>\n\n\t<div class=\"modula-item-content\">\n\n\t\t\t\t\n\t\t\t\t\t<a data-image-id=\"109354\" href=\"https:\/\/www.storevan.com\/pl\/zabudowy-specjalne-do-samochodow-dostawczych-z-wyposazeniem\/vending\/vending-volkswagen-crafter\/\" aria-label=\"Otw\u00f3rz obrazek w Lightboxie\" data-thumb=\"https:\/\/www.storevan.com\/wp-content\/uploads\/2019\/10\/v-volkswagen-crafter-01-150x150.jpg\" class=\"modula-simple-link\" class=\"tile-inner modula-item-link\"><\/a>\n\t\t\n\t\t<img class=\"pic wp-image-109354 lazyload\"  data-valign=\"middle\" data-halign=\"left\" alt=\"Vano frigorifero con ripiani per allestimento Crafter\" data-full=\"https:\/\/www.storevan.com\/wp-content\/uploads\/2019\/10\/v-volkswagen-crafter-01.jpg\" title=\"VW CRAFTER &lt;i class=&quot;fa fa-search-plus&quot;&gt;&lt;\/i&gt;\" width=\"300\" height=\"188\" data-src=\"https:\/\/www.storevan.com\/wp-content\/uploads\/2019\/10\/v-volkswagen-crafter-01-300x188.jpg\" data-caption=\"Allestimento su  VOLKSWAGEN CRAFTER L3 H2\" data-source=\"modula\" data-srcset=\"https:\/\/www.storevan.com\/wp-content\/uploads\/2019\/10\/v-volkswagen-crafter-01.jpg 800w, https:\/\/www.storevan.com\/wp-content\/uploads\/2019\/10\/v-volkswagen-crafter-01-300x188.jpg 300w, https:\/\/www.storevan.com\/wp-content\/uploads\/2019\/10\/v-volkswagen-crafter-01-768x480.jpg 768w\" data-sizes=\"(max-width: 300px) 100vw, 300px\" \/>\n\t\t<div class=\"figc\">\n\t\t\t<div class=\"figc-inner\">\n\t\t\t\t\t\t\t\t\t<div class='jtg-title'>VW CRAFTER <i class=\"fa fa-search-plus\"><\/i><\/div>\n\t\t\t\t\t\t\t\t\t\t\t\t\t\t\t<\/div>\n\t\t<\/div>\n\n\t<\/div>\n\n<\/div><div class=\"modula-item modula-simple-link effect-zoe jtg-filter-all jtg-filter-\" >\n\t<div class=\"modula-item-overlay\"><\/div>\n\n\t<div class=\"modula-item-content\">\n\n\t\t\t\t\n\t\t\t\t\t<a data-image-id=\"109986\" href=\"https:\/\/www.storevan.com\/pl\/zabudowy-specjalne-do-samochodow-dostawczych-z-wyposazeniem\/vending\/vending-volkswagen-crafter\/\" aria-label=\"Otw\u00f3rz obrazek w Lightboxie\" data-thumb=\"https:\/\/www.storevan.com\/wp-content\/uploads\/2019\/10\/v-volkswagen-crafter-04-01-150x150.jpg\" class=\"modula-simple-link\" class=\"tile-inner modula-item-link\"><\/a>\n\t\t\n\t\t<img class=\"pic wp-image-109986 lazyload\"  data-valign=\"middle\" data-halign=\"left\" alt=\"Mensole regolabili per furgone Crafter\" data-full=\"https:\/\/www.storevan.com\/wp-content\/uploads\/2019\/10\/v-volkswagen-crafter-04-01.jpg\" title=\"VW CRAFTER &lt;i class=&quot;fa fa-search-plus&quot;&gt;&lt;\/i&gt;\" width=\"300\" height=\"200\" data-src=\"https:\/\/www.storevan.com\/wp-content\/uploads\/2019\/10\/v-volkswagen-crafter-04-01-300x200.jpg\" data-caption=\"Allestimento con mensole regolabili su furgone  Crafter\" data-source=\"modula\" data-srcset=\"https:\/\/www.storevan.com\/wp-content\/uploads\/2019\/10\/v-volkswagen-crafter-04-01.jpg 800w, https:\/\/www.storevan.com\/wp-content\/uploads\/2019\/10\/v-volkswagen-crafter-04-01-300x200.jpg 300w, https:\/\/www.storevan.com\/wp-content\/uploads\/2019\/10\/v-volkswagen-crafter-04-01-768x513.jpg 768w\" data-sizes=\"(max-width: 300px) 100vw, 300px\" \/>\n\t\t<div class=\"figc\">\n\t\t\t<div class=\"figc-inner\">\n\t\t\t\t\t\t\t\t\t<div class='jtg-title'>VW CRAFTER <i class=\"fa fa-search-plus\"><\/i><\/div>\n\t\t\t\t\t\t\t\t\t\t\t\t\t\t\t<\/div>\n\t\t<\/div>\n\n\t<\/div>\n\n<\/div><div class=\"modula-item modula-simple-link effect-zoe jtg-filter-all jtg-filter-\" >\n\t<div class=\"modula-item-overlay\"><\/div>\n\n\t<div class=\"modula-item-content\">\n\n\t\t\t\t\n\t\t\t\t\t<a data-image-id=\"109980\" href=\"https:\/\/www.storevan.com\/pl\/zabudowy-specjalne-do-samochodow-dostawczych-z-wyposazeniem\/vending\/vending-volkswagen-crafter\/\" aria-label=\"Otw\u00f3rz obrazek w Lightboxie\" data-thumb=\"https:\/\/www.storevan.com\/wp-content\/uploads\/2019\/10\/v-volkswagen-crafter-03-01-150x150.jpg\" class=\"modula-simple-link\" class=\"tile-inner modula-item-link\"><\/a>\n\t\t\n\t\t<img class=\"pic wp-image-109980 lazyload\"  data-valign=\"middle\" data-halign=\"left\" alt=\"Allestimento su misura per Volkswagen Crafter\" data-full=\"https:\/\/www.storevan.com\/wp-content\/uploads\/2019\/10\/v-volkswagen-crafter-03-01.jpg\" title=\"VW CRAFTER &lt;i class=&quot;fa fa-search-plus&quot;&gt;&lt;\/i&gt;\" width=\"200\" height=\"300\" data-src=\"https:\/\/www.storevan.com\/wp-content\/uploads\/2019\/10\/v-volkswagen-crafter-03-01-200x300.jpg\" data-caption=\"Allestimento per vending su Volkswagen Crafter\" data-source=\"modula\" data-srcset=\"https:\/\/www.storevan.com\/wp-content\/uploads\/2019\/10\/v-volkswagen-crafter-03-01.jpg 534w, https:\/\/www.storevan.com\/wp-content\/uploads\/2019\/10\/v-volkswagen-crafter-03-01-200x300.jpg 200w\" data-sizes=\"(max-width: 200px) 100vw, 200px\" \/>\n\t\t<div class=\"figc\">\n\t\t\t<div class=\"figc-inner\">\n\t\t\t\t\t\t\t\t\t<div class='jtg-title'>VW CRAFTER <i class=\"fa fa-search-plus\"><\/i><\/div>\n\t\t\t\t\t\t\t\t\t\t\t\t\t\t\t<\/div>\n\t\t<\/div>\n\n\t<\/div>\n\n<\/div><div class=\"modula-item modula-simple-link effect-zoe jtg-filter-all jtg-filter-\" >\n\t<div class=\"modula-item-overlay\"><\/div>\n\n\t<div class=\"modula-item-content\">\n\n\t\t\t\t\n\t\t\t\t\t<a data-image-id=\"109348\" href=\"https:\/\/www.storevan.com\/pl\/zabudowy-specjalne-do-samochodow-dostawczych-z-wyposazeniem\/vending\/vending-volkswagen-crafter\/\" aria-label=\"Otw\u00f3rz obrazek w Lightboxie\" data-thumb=\"https:\/\/www.storevan.com\/wp-content\/uploads\/2019\/10\/v-volkswagen-crafter-00-150x150.jpg\" class=\"modula-simple-link\" class=\"tile-inner modula-item-link\"><\/a>\n\t\t\n\t\t<img class=\"pic wp-image-109348 lazyload\"  data-valign=\"middle\" data-halign=\"left\" alt=\"Allestimento con vano frigorifero per Volkswagen Crafter\" data-full=\"https:\/\/www.storevan.com\/wp-content\/uploads\/2019\/10\/v-volkswagen-crafter-00.jpg\" title=\"VW CRAFTER &lt;i class=&quot;fa fa-search-plus&quot;&gt;&lt;\/i&gt;\" width=\"300\" height=\"286\" data-src=\"https:\/\/www.storevan.com\/wp-content\/uploads\/2019\/10\/v-volkswagen-crafter-00-300x286.jpg\" data-caption=\"Vano per frigorifero e ripiani regolabili per allestimento vending\" data-source=\"modula\" data-srcset=\"https:\/\/www.storevan.com\/wp-content\/uploads\/2019\/10\/v-volkswagen-crafter-00.jpg 525w, https:\/\/www.storevan.com\/wp-content\/uploads\/2019\/10\/v-volkswagen-crafter-00-300x286.jpg 300w\" data-sizes=\"(max-width: 300px) 100vw, 300px\" \/>\n\t\t<div class=\"figc\">\n\t\t\t<div class=\"figc-inner\">\n\t\t\t\t\t\t\t\t\t<div class='jtg-title'>VW CRAFTER <i class=\"fa fa-search-plus\"><\/i><\/div>\n\t\t\t\t\t\t\t\t\t\t\t\t\t\t\t<\/div>\n\t\t<\/div>\n\n\t<\/div>\n\n<\/div><div class=\"modula-item modula-simple-link effect-zoe jtg-filter-all jtg-filter-\" >\n\t<div class=\"modula-item-overlay\"><\/div>\n\n\t<div class=\"modula-item-content\">\n\n\t\t\t\t\n\t\t\t\t\t<a data-image-id=\"109974\" href=\"https:\/\/www.storevan.com\/pl\/zabudowy-specjalne-do-samochodow-dostawczych-z-wyposazeniem\/vending\/vending-volkswagen-crafter\/\" aria-label=\"Otw\u00f3rz obrazek w Lightboxie\" data-thumb=\"https:\/\/www.storevan.com\/wp-content\/uploads\/2019\/10\/v-volkswagen-crafter-02-01-150x150.jpg\" class=\"modula-simple-link\" class=\"tile-inner modula-item-link\"><\/a>\n\t\t\n\t\t<img class=\"pic wp-image-109974 lazyload\"  data-valign=\"middle\" data-halign=\"left\" alt=\"Ripiani regolabili per Volkswagen Crafter\" data-full=\"https:\/\/www.storevan.com\/wp-content\/uploads\/2019\/10\/v-volkswagen-crafter-02-01.jpg\" title=\"VW CRAFTER &lt;i class=&quot;fa fa-search-plus&quot;&gt;&lt;\/i&gt;\" width=\"200\" height=\"300\" data-src=\"https:\/\/www.storevan.com\/wp-content\/uploads\/2019\/10\/v-volkswagen-crafter-02-01-200x300.jpg\" data-caption=\"Ripiani regolabili per Volkswagen Crafter\" data-source=\"modula\" data-srcset=\"https:\/\/www.storevan.com\/wp-content\/uploads\/2019\/10\/v-volkswagen-crafter-02-01.jpg 534w, https:\/\/www.storevan.com\/wp-content\/uploads\/2019\/10\/v-volkswagen-crafter-02-01-200x300.jpg 200w\" data-sizes=\"(max-width: 200px) 100vw, 200px\" \/>\n\t\t<div class=\"figc\">\n\t\t\t<div class=\"figc-inner\">\n\t\t\t\t\t\t\t\t\t<div class='jtg-title'>VW CRAFTER <i class=\"fa fa-search-plus\"><\/i><\/div>\n\t\t\t\t\t\t\t\t\t\t\t\t\t\t\t<\/div>\n\t\t<\/div>\n\n\t<\/div>\n\n<\/div>\t\t\n\t<\/div>\n\n\t\n\t\n\t<script type=\"application\/ld+json\">\n\t{\n\t\t\"@context\": \"http:\/\/schema.org\",\n\t\t\"@type\"   : \"ImageGallery\",\n\t\t\"id\"      : \"https:\/\/www.storevan.com\/pl\/wp-json\/wp\/v2\/pages\/119502\/\",\n\t\t\"url\"     : \"https:\/\/www.storevan.com\/pl\/wp-json\/wp\/v2\/pages\/119502\/\"\n\t}\n\n    <\/script>\n\n\t\n<\/div><\/div>\n<div class=\"col-xs-12 col-sm-12 col-md-3\">\n<h3 class=\"txtBlack\">VENDING DLA VOLKSWAGENA CRAFTER<\/h3>\n<div class=\"borderTitleOrange\"><\/div>\n<hr class=\"noColor\"\/>\nZabudowa do vendingu opracowana przez Store Van dla Volkswagena Crafter przewiduje stworzenie zewn\u0119trznej i samono\u015bnej konstrukcji, zakotwiczonej z wykorzystaniem element\u00f3w przygotowanych przez producenta pojazdu. P\u00f3\u0142ki o regulowanej wysoko\u015bci s\u0105 po\u0142\u0105czone z konstrukcj\u0105 no\u015bn\u0105 pojazdu, ale nie s\u0105 po\u0142\u0105czone ze \u015bciank\u0105 grodziow\u0105 mi\u0119dzy kabin\u0105 a przedzia\u0142em \u0142adunkowym. W zabudowie Store Van nie mo\u017ce zabrakn\u0105\u0107 zabezpieczenia \u0142adunku: ka\u017cda p\u00f3\u0142ka posiada punkty mocowania, dzi\u0119ki czemu towar mo\u017ce by\u0107 zabezpieczony za pomoc\u0105 pas\u00f3w i innych system\u00f3w.<br \/>\n<a class=\"noMarg btn btn-primary\" href=\"https:\/\/www.storevan.com\/allestimenti-speciali-furgoni\/rifornimento-distributori-automatici\/vending-volkswagen-crafter\/\" title=\"ZABUDOWA POJAZDU DOSTAWCZEGO DO UZUPE\u0141NIANIA TOWARU W AUTOMATACH VENDINGOWYCH Fiat Ducato L2 H2\/L3 H3\">PRZEJD\u0179 DO KARTY<\/a>\n<\/div>\n<div class=\"break\"><\/div>\n<hr class=\"noColor\"\/>\n<hr \/>\n<div class=\"col-xs-12 col-sm-12 col-md-6\">\n<div class=\"text-center\"><a class=\"btn btn-download\" href=\"tel:+390424585455\"><i class=\"fa fa-phone\"><\/i> <span class=\"spanBtn\">ZADZWO\u0143 TERAZ<\/span><br \/>\nuzyskasz wszelkie informacje<\/a><\/div>\n<\/div>\n<div class=\"col-xs-12 col-sm-12 col-md-6\">\n<div class=\"text-center\"><a class=\"btn btn-download btnToggle\"><i class=\"fa fa-envelope\"><\/i> <span class=\"spanBtn\">NAPISZ<\/span><br \/>\nskontaktujemy si\u0119<\/a><\/div>\n<\/div>\n<div class=\"break\"><\/div>\n<hr \/>\n<h3 class=\"txtGrey customblackTitleExtraSmall\" style=\"color:#000;\">POZNAJ SZCZEG\u00d3\u0141Y JU\u017b WYKONANYCH ZABUD\u00d3W!<\/h3>\n<hr class=\"noColor\"\/>\n<div class=\"col-xs-12 col-sm-6 col-md-6\">\n<ul class=\"arrow txtUp\">\n<li><a href=\"https:\/\/www.storevan.com\/allestimenti-speciali-furgoni\/rifornimento-distributori-automatici\/vending-fiat-ducato\/\">FIAT DUCATO L2 H2 \/ L3 H2<\/a><\/li>\n<li><a href=\"https:\/\/www.storevan.com\/allestimenti-speciali-furgoni\/rifornimento-distributori-automatici\/vending-volkswagen-crafter\/\">VOLKSWAGEN CRAFTER L3 H2<\/a><\/li>\n<\/ul>\n<\/div>\n<div class=\"col-xs-12 col-sm-6 col-md-6\">\n<ul class=\"arrow txtUp\">\n<li><a href=\"https:\/\/www.storevan.com\/allestimenti-speciali-furgoni\/rifornimento-distributori-automatici\/vending-opel-movano\/\">OPEL MOVANO L2 H2<\/a><\/li>\n<li><a href=\"https:\/\/www.storevan.com\/allestimenti-speciali-furgoni\/rifornimento-distributori-automatici\/vending-renault-trafic\/\">RENAULT TRAFIC L2 H1<\/a><\/li>\n<li><a href=\"https:\/\/www.storevan.com\/allestimenti-speciali-furgoni\/rifornimento-distributori-automatici\/vending-renault-trafic-glasfaserkunststoff\/\">RENAULT TRAFIC L2 H1 z w\u0142\u00f3kna szklanego<\/a><\/li>\n<\/ul>\n<\/div>\n<div class=\"break\"><\/div>\n<hr class=\"noColor\" \/>\n<p><a name=\"formcontatto\"><\/a><\/p>\n<div class=\"formToggle\">\n<h4 class=\"bigTxt text-center txtBkOrange\"><i class=\"fa fa-envelope pull-left\"><\/i>CHCESZ WIEDZIE\u0106 WI\u0118CEJ?<\/h4>\n\n<div class=\"wpcf7 no-js\" id=\"wpcf7-f67676-o1\" lang=\"it-IT\" dir=\"ltr\">\n<div class=\"screen-reader-response\"><p role=\"status\" aria-live=\"polite\" aria-atomic=\"true\"><\/p> <ul><\/ul><\/div>\n<form action=\"\/pl\/wp-json\/wp\/v2\/pages\/119502#wpcf7-f67676-o1\" method=\"post\" class=\"wpcf7-form init\" aria-label=\"Modulo di contatto\" novalidate=\"novalidate\" data-status=\"init\">\n<div style=\"display: none;\">\n<input type=\"hidden\" name=\"_wpcf7\" value=\"67676\" \/>\n<input type=\"hidden\" name=\"_wpcf7_version\" value=\"5.7.7\" \/>\n<input type=\"hidden\" name=\"_wpcf7_locale\" value=\"it_IT\" \/>\n<input type=\"hidden\" name=\"_wpcf7_unit_tag\" value=\"wpcf7-f67676-o1\" \/>\n<input type=\"hidden\" name=\"_wpcf7_container_post\" value=\"0\" \/>\n<input type=\"hidden\" name=\"_wpcf7_posted_data_hash\" value=\"\" \/>\n<input type=\"hidden\" name=\"_wpcf7_recaptcha_response\" value=\"\" \/>\n<\/div>\n<span class=\"wpcf7-form-control-wrap url\" data-name=\"url\"><input type=\"hidden\" name=\"url\" size=\"40\" class=\"wpcf7-form-control wpcf7-hidden wpcf7dtx wpcf7dtx-hidden\" aria-invalid=\"false\" value=\"vending\" autocomplete=\"off\" \/><\/span>\n<p>Wype\u0142nij poni\u017csze pola, aby otrzyma\u0107 wi\u0119cej informacji. Nasz operator skontaktuje si\u0119 z\u00a0tob\u0105 najszybciej, jak to mo\u017cliwe (* pola obowi\u0105zkowe):\n<\/p>\n<div class=\"col-xs-12 col-md-6\">\n\t<p><span class='titoli'>Imi\u0119 (*)<\/span>\n\t<\/p>\n\t<p><span class=\"wpcf7-form-control-wrap\" data-name=\"your-name\"><input size=\"40\" class=\"wpcf7-form-control wpcf7-text wpcf7-validates-as-required form-control\" aria-required=\"true\" aria-invalid=\"false\" value=\"\" type=\"text\" name=\"your-name\" \/><\/span>\n\t<\/p>\n<\/div>\n<div class=\"col-xs-12 col-md-6\">\n\t<p><span class='titoli'>Nazwisko (*)<\/span>\n\t<\/p>\n\t<p><span class=\"wpcf7-form-control-wrap\" data-name=\"your-last-name\"><input size=\"40\" class=\"wpcf7-form-control wpcf7-text wpcf7-validates-as-required form-control\" aria-required=\"true\" aria-invalid=\"false\" value=\"\" type=\"text\" name=\"your-last-name\" \/><\/span>\n\t<\/p>\n<\/div>\n<div class=\"col-xs-12 col-md-6\">\n\t<p><span class='titoli'>Firma (*)<\/span>\n\t<\/p>\n\t<p><span class=\"wpcf7-form-control-wrap\" data-name=\"your-company\"><input size=\"40\" class=\"wpcf7-form-control wpcf7-text wpcf7-validates-as-required form-control\" aria-required=\"true\" aria-invalid=\"false\" value=\"\" type=\"text\" name=\"your-company\" \/><\/span>\n\t<\/p>\n<\/div>\n<div class=\"col-xs-12 col-md-6\">\n\t<p><span class='titoli'>Numer NIP<\/span>\n\t<\/p>\n\t<p><span class=\"wpcf7-form-control-wrap\" data-name=\"p-iva\"><input size=\"40\" class=\"wpcf7-form-control wpcf7-text form-control\" aria-invalid=\"false\" value=\"\" type=\"text\" name=\"p-iva\" \/><\/span>\n\t<\/p>\n<\/div>\n<div class=\"clearboth\">\n<\/div>\n<div class=\"col-xs-12 col-md-4\">\n\t<p><span class='titoli'>Kod pocztowy (*)<\/span>\n\t<\/p>\n\t<p><span class=\"wpcf7-form-control-wrap\" data-name=\"your-zip-code\"><input size=\"40\" class=\"wpcf7-form-control wpcf7-text wpcf7-validates-as-required form-control\" aria-required=\"true\" aria-invalid=\"false\" value=\"\" type=\"text\" name=\"your-zip-code\" \/><\/span>\n\t<\/p>\n<\/div>\n<div class=\"col-xs-12 col-md-4\">\n\t<p><span class='titoli'>Adres (*)<\/span>\n\t<\/p>\n\t<p><span class=\"wpcf7-form-control-wrap\" data-name=\"your-address\"><input size=\"40\" class=\"wpcf7-form-control wpcf7-text wpcf7-validates-as-required form-control\" aria-required=\"true\" aria-invalid=\"false\" value=\"\" type=\"text\" name=\"your-address\" \/><\/span>\n\t<\/p>\n<\/div>\n<div class=\"col-xs-12 col-md-4\">\n\t<p><span class='titoli'>Miasto (*)<\/span>\n\t<\/p>\n\t<p><span class=\"wpcf7-form-control-wrap\" data-name=\"your-Town\"><input size=\"40\" class=\"wpcf7-form-control wpcf7-text wpcf7-validates-as-required form-control\" aria-required=\"true\" aria-invalid=\"false\" value=\"\" type=\"text\" name=\"your-Town\" \/><\/span>\n\t<\/p>\n<\/div>\n<div class=\"clearboth\">\n<\/div>\n<div class=\"col-xs-12 col-md-6\">\n\t<p><span class='titoli'>email (*)<\/span>\n\t<\/p>\n\t<p><span class=\"wpcf7-form-control-wrap\" data-name=\"your-email\"><input size=\"40\" class=\"wpcf7-form-control wpcf7-text wpcf7-email wpcf7-validates-as-required wpcf7-validates-as-email form-control\" aria-required=\"true\" aria-invalid=\"false\" value=\"\" type=\"email\" name=\"your-email\" \/><\/span>\n\t<\/p>\n<\/div>\n<div class=\"col-xs-12 col-md-6\">\n\t<p><span class='titoli'>Telefon (*)<\/span>\n\t<\/p>\n\t<p><span class=\"wpcf7-form-control-wrap\" data-name=\"telefono\"><input size=\"40\" class=\"wpcf7-form-control wpcf7-text wpcf7-tel wpcf7-validates-as-required wpcf7-validates-as-tel form-control\" aria-required=\"true\" aria-invalid=\"false\" value=\"\" type=\"tel\" name=\"telefono\" \/><\/span>\n\t<\/p>\n<\/div>\n<div class=\"clearboth\">\n<\/div>\n<div class=\"col-xs-12 col-md-6\">\n\t<p><span class='titoli'>Przedmiot <\/span>\n\t<\/p>\n\t<p><span class=\"wpcf7-form-control-wrap\" data-name=\"oggetto\"><select class=\"wpcf7-form-control wpcf7-select wpcf7-validates-as-required\" aria-required=\"true\" aria-invalid=\"false\" name=\"oggetto\"><option value=\"Oferta\">Oferta<\/option><option value=\"Informacje techniczne\">Informacje techniczne<\/option><option value=\"Powo\u0142anie\">Powo\u0142anie<\/option><\/select><\/span>\n\t<\/p>\n<\/div>\n<div class=\"col-xs-12 col-md-6\">\n\t<p><br \/>\n<span class=\"titoli\"> <span class=\"wpcf7-form-control-wrap\" data-name=\"cliente\"><span class=\"wpcf7-form-control wpcf7-checkbox\"><span class=\"wpcf7-list-item first last\"><label><span class=\"wpcf7-list-item-label\">Jestem ju\u017c klientem<\/span><input type=\"checkbox\" name=\"cliente[]\" value=\"Jestem ju\u017c klientem\" \/><\/label><\/span><\/span><\/span><\/span>\n\t<\/p>\n<\/div>\n<div class=\"col-xs-12 col-md-12\">\n\t<p><span class='titoli'>Wiadomo\u015b\u0107 (*)<\/span>\n\t<\/p>\n\t<p><span class=\"wpcf7-form-control-wrap\" data-name=\"your-message\"><textarea cols=\"40\" rows=\"10\" class=\"wpcf7-form-control wpcf7-textarea wpcf7-validates-as-required form-control\" aria-required=\"true\" aria-invalid=\"false\" name=\"your-message\"><\/textarea><\/span>\n\t<\/p>\n<\/div>\n<div class=\"col-xs-12 col-md-12\">\n\t<p><small>Wprowadzone dane b\u0119d\u0105 traktowane z zachowaniem \u015bcis\u0142ej poufno\u015bci zgodnie z prawem i nasz\u0105 polityk\u0105 prywatno\u015bci. <a href=\"https:\/\/www.storevan.com\/pl\/privacy-policy\/\">Polityk\u0105 prywatno\u015bci<\/a><\/small>\n\t<\/p>\n\t<p><span class=\"wpcf7-form-control-wrap\" data-name=\"AccettazionePrivacy\"><span class=\"wpcf7-form-control wpcf7-acceptance\"><span class=\"wpcf7-list-item\"><input type=\"checkbox\" name=\"AccettazionePrivacy\" value=\"1\" aria-invalid=\"false\" \/><\/span><\/span><\/span> O\u015bwiadczam, \u017ce zapozna\u0142am si\u0119 z <a href=\"https:\/\/www.storevan.com\/pl\/privacy-policy\/\">polityk\u0105 prywatno\u015bci<\/a> i zgadzam si\u0119 na wykorzystanie moich danych osobowych w opisanych tam przypadkach.(*)(*)<br \/>\n\t<span class=\"wpcf7-form-control-wrap recaptcha\" data-name=\"recaptcha\"><span data-sitekey=\"6LdfM4AUAAAAAJjsAucux5WVNA3hsk5KP0a03T_n\" class=\"wpcf7-form-control g-recaptcha wpcf7-recaptcha\"><\/span>\r\n<noscript>\r\n\t<div class=\"grecaptcha-noscript\">\r\n\t\t<iframe src=\"https:\/\/www.google.com\/recaptcha\/api\/fallback?k=6LdfM4AUAAAAAJjsAucux5WVNA3hsk5KP0a03T_n\" frameborder=\"0\" scrolling=\"no\" width=\"310\" height=\"430\">\r\n\t\t<\/iframe>\r\n\t\t<textarea name=\"g-recaptcha-response\" rows=\"3\" cols=\"40\" placeholder=\"reCaptcha Response Here\">\r\n\t\t<\/textarea>\r\n\t<\/div>\r\n<\/noscript>\r\n<\/span>\n\t<\/p>\n<\/div>\n<hr class=\"noColor\" \/>\n<p><input class=\"wpcf7-form-control has-spinner wpcf7-submit\" type=\"submit\" value=\"Wy\u015blij\" \/>\n<\/p><div class=\"wpcf7-response-output\" aria-hidden=\"true\"><\/div>\n<\/form>\n<\/div>\n\n<\/div>\n","protected":false},"excerpt":{"rendered":"<p>ZABUDOWA POJAZDU DOSTAWCZEGO DO UZUPE\u0141NIANIA TOWARU W AUTOMATACH VENDINGOWYCH ROZWI\u0104ZANIA W ZAKRESIE ZABUDOWY POJAZD\u00d3W DOSTAWCZYCH DO VENDINGU Vending, czyli sprzeda\u017c automatyczna, to sektor zajmuj\u0105cy si\u0119 instalowaniem, serwisem i zarz\u0105dzaniem AUTOMATAMI.<\/p>\n","protected":false},"author":470,"featured_media":0,"parent":119499,"menu_order":0,"comment_status":"closed","ping_status":"closed","template":"","meta":[],"acf":[],"yoast_head":"<!-- This site is optimized with the Yoast SEO plugin v20.11 - https:\/\/yoast.com\/wordpress\/plugins\/seo\/ -->\n<title>Uzupe\u0142nianie towaru w automatach vendingowych<\/title>\n<meta name=\"description\" content=\"Odkryj rozwi\u0105zania w zakresie zabudowy do samochod\u00f3w dostawczych u\u017cywanych do obs\u0142ugi automat\u00f3w vendingowych. Przyk\u0142ady zabudowy w VW Crafter i Fiat Ducato.\" \/>\n<meta name=\"robots\" content=\"index, follow, max-snippet:-1, max-image-preview:large, max-video-preview:-1\" \/>\n<link rel=\"canonical\" href=\"https:\/\/www.storevan.com\/pl\/zabudowy-specjalne-do-samochodow-dostawczych-z-wyposazeniem\/vending\/\" \/>\n<meta property=\"og:locale\" content=\"pl_PL\" \/>\n<meta property=\"og:type\" content=\"article\" \/>\n<meta property=\"og:title\" content=\"Uzupe\u0142nianie towaru w automatach vendingowych\" \/>\n<meta property=\"og:description\" content=\"Odkryj rozwi\u0105zania w zakresie zabudowy do samochod\u00f3w dostawczych u\u017cywanych do obs\u0142ugi automat\u00f3w vendingowych. Przyk\u0142ady zabudowy w VW Crafter i Fiat Ducato.\" \/>\n<meta property=\"og:url\" content=\"https:\/\/www.storevan.com\/pl\/zabudowy-specjalne-do-samochodow-dostawczych-z-wyposazeniem\/vending\/\" \/>\n<meta property=\"og:site_name\" content=\"Store Van\" \/>\n<meta property=\"article:modified_time\" content=\"2020-07-22T08:06:05+00:00\" \/>\n<meta property=\"og:image\" content=\"https:\/\/www.storevan.com\/wp-content\/uploads\/2019\/10\/allestimento-vending.jpg\" \/>\n<meta name=\"twitter:label1\" content=\"Szacowany czas czytania\" \/>\n\t<meta name=\"twitter:data1\" content=\"2 minuty\" \/>\n<script type=\"application\/ld+json\" class=\"yoast-schema-graph\">{\"@context\":\"https:\/\/schema.org\",\"@graph\":[{\"@type\":\"WebPage\",\"@id\":\"https:\/\/www.storevan.com\/pl\/zabudowy-specjalne-do-samochodow-dostawczych-z-wyposazeniem\/vending\/\",\"url\":\"https:\/\/www.storevan.com\/pl\/zabudowy-specjalne-do-samochodow-dostawczych-z-wyposazeniem\/vending\/\",\"name\":\"Uzupe\u0142nianie towaru w automatach vendingowych\",\"isPartOf\":{\"@id\":\"https:\/\/www.storevan.com\/pl\/#website\"},\"datePublished\":\"2016-11-24T16:00:39+00:00\",\"dateModified\":\"2020-07-22T08:06:05+00:00\",\"description\":\"Odkryj rozwi\u0105zania w zakresie zabudowy do samochod\u00f3w dostawczych u\u017cywanych do obs\u0142ugi automat\u00f3w vendingowych. Przyk\u0142ady zabudowy w VW Crafter i Fiat Ducato.\",\"breadcrumb\":{\"@id\":\"https:\/\/www.storevan.com\/pl\/zabudowy-specjalne-do-samochodow-dostawczych-z-wyposazeniem\/vending\/#breadcrumb\"},\"inLanguage\":\"pl-PL\",\"potentialAction\":[{\"@type\":\"ReadAction\",\"target\":[\"https:\/\/www.storevan.com\/pl\/zabudowy-specjalne-do-samochodow-dostawczych-z-wyposazeniem\/vending\/\"]}]},{\"@type\":\"BreadcrumbList\",\"@id\":\"https:\/\/www.storevan.com\/pl\/zabudowy-specjalne-do-samochodow-dostawczych-z-wyposazeniem\/vending\/#breadcrumb\",\"itemListElement\":[{\"@type\":\"ListItem\",\"position\":1,\"name\":\"Home\",\"item\":\"https:\/\/www.storevan.com\/pl\/\"},{\"@type\":\"ListItem\",\"position\":2,\"name\":\"Zabudowy specjalne do samochod\u00f3w dostawczych z wyposa\u017ceniem\",\"item\":\"https:\/\/www.storevan.com\/pl\/zabudowy-specjalne-do-samochodow-dostawczych-z-wyposazeniem\/\"},{\"@type\":\"ListItem\",\"position\":3,\"name\":\"Uzupe\u0142nianie towaru w automatach vendingowych\"}]},{\"@type\":\"WebSite\",\"@id\":\"https:\/\/www.storevan.com\/pl\/#website\",\"url\":\"https:\/\/www.storevan.com\/pl\/\",\"name\":\"Store Van\",\"description\":\"Zabudowy\",\"potentialAction\":[{\"@type\":\"SearchAction\",\"target\":{\"@type\":\"EntryPoint\",\"urlTemplate\":\"https:\/\/www.storevan.com\/pl\/?s={search_term_string}\"},\"query-input\":\"required name=search_term_string\"}],\"inLanguage\":\"pl-PL\"}]}<\/script>\n<!-- \/ Yoast SEO plugin. -->","yoast_head_json":{"title":"Uzupe\u0142nianie towaru w automatach vendingowych","description":"Odkryj rozwi\u0105zania w zakresie zabudowy do samochod\u00f3w dostawczych u\u017cywanych do obs\u0142ugi automat\u00f3w vendingowych. Przyk\u0142ady zabudowy w VW Crafter i Fiat Ducato.","robots":{"index":"index","follow":"follow","max-snippet":"max-snippet:-1","max-image-preview":"max-image-preview:large","max-video-preview":"max-video-preview:-1"},"canonical":"https:\/\/www.storevan.com\/pl\/zabudowy-specjalne-do-samochodow-dostawczych-z-wyposazeniem\/vending\/","og_locale":"pl_PL","og_type":"article","og_title":"Uzupe\u0142nianie towaru w automatach vendingowych","og_description":"Odkryj rozwi\u0105zania w zakresie zabudowy do samochod\u00f3w dostawczych u\u017cywanych do obs\u0142ugi automat\u00f3w vendingowych. Przyk\u0142ady zabudowy w VW Crafter i Fiat Ducato.","og_url":"https:\/\/www.storevan.com\/pl\/zabudowy-specjalne-do-samochodow-dostawczych-z-wyposazeniem\/vending\/","og_site_name":"Store Van","article_modified_time":"2020-07-22T08:06:05+00:00","og_image":[{"url":"https:\/\/www.storevan.com\/wp-content\/uploads\/2019\/10\/allestimento-vending.jpg"}],"twitter_misc":{"Szacowany czas czytania":"2 minuty"},"schema":{"@context":"https:\/\/schema.org","@graph":[{"@type":"WebPage","@id":"https:\/\/www.storevan.com\/pl\/zabudowy-specjalne-do-samochodow-dostawczych-z-wyposazeniem\/vending\/","url":"https:\/\/www.storevan.com\/pl\/zabudowy-specjalne-do-samochodow-dostawczych-z-wyposazeniem\/vending\/","name":"Uzupe\u0142nianie towaru w automatach vendingowych","isPartOf":{"@id":"https:\/\/www.storevan.com\/pl\/#website"},"datePublished":"2016-11-24T16:00:39+00:00","dateModified":"2020-07-22T08:06:05+00:00","description":"Odkryj rozwi\u0105zania w zakresie zabudowy do samochod\u00f3w dostawczych u\u017cywanych do obs\u0142ugi automat\u00f3w vendingowych. Przyk\u0142ady zabudowy w VW Crafter i Fiat Ducato.","breadcrumb":{"@id":"https:\/\/www.storevan.com\/pl\/zabudowy-specjalne-do-samochodow-dostawczych-z-wyposazeniem\/vending\/#breadcrumb"},"inLanguage":"pl-PL","potentialAction":[{"@type":"ReadAction","target":["https:\/\/www.storevan.com\/pl\/zabudowy-specjalne-do-samochodow-dostawczych-z-wyposazeniem\/vending\/"]}]},{"@type":"BreadcrumbList","@id":"https:\/\/www.storevan.com\/pl\/zabudowy-specjalne-do-samochodow-dostawczych-z-wyposazeniem\/vending\/#breadcrumb","itemListElement":[{"@type":"ListItem","position":1,"name":"Home","item":"https:\/\/www.storevan.com\/pl\/"},{"@type":"ListItem","position":2,"name":"Zabudowy specjalne do samochod\u00f3w dostawczych z wyposa\u017ceniem","item":"https:\/\/www.storevan.com\/pl\/zabudowy-specjalne-do-samochodow-dostawczych-z-wyposazeniem\/"},{"@type":"ListItem","position":3,"name":"Uzupe\u0142nianie towaru w automatach vendingowych"}]},{"@type":"WebSite","@id":"https:\/\/www.storevan.com\/pl\/#website","url":"https:\/\/www.storevan.com\/pl\/","name":"Store Van","description":"Zabudowy","potentialAction":[{"@type":"SearchAction","target":{"@type":"EntryPoint","urlTemplate":"https:\/\/www.storevan.com\/pl\/?s={search_term_string}"},"query-input":"required name=search_term_string"}],"inLanguage":"pl-PL"}]}},"_links":{"self":[{"href":"https:\/\/www.storevan.com\/pl\/wp-json\/wp\/v2\/pages\/119502"}],"collection":[{"href":"https:\/\/www.storevan.com\/pl\/wp-json\/wp\/v2\/pages"}],"about":[{"href":"https:\/\/www.storevan.com\/pl\/wp-json\/wp\/v2\/types\/page"}],"author":[{"embeddable":true,"href":"https:\/\/www.storevan.com\/pl\/wp-json\/wp\/v2\/users\/470"}],"replies":[{"embeddable":true,"href":"https:\/\/www.storevan.com\/pl\/wp-json\/wp\/v2\/comments?post=119502"}],"version-history":[{"count":6,"href":"https:\/\/www.storevan.com\/pl\/wp-json\/wp\/v2\/pages\/119502\/revisions"}],"predecessor-version":[{"id":119725,"href":"https:\/\/www.storevan.com\/pl\/wp-json\/wp\/v2\/pages\/119502\/revisions\/119725"}],"up":[{"embeddable":true,"href":"https:\/\/www.storevan.com\/pl\/wp-json\/wp\/v2\/pages\/119499"}],"wp:attachment":[{"href":"https:\/\/www.storevan.com\/pl\/wp-json\/wp\/v2\/media?parent=119502"}],"curies":[{"name":"wp","href":"https:\/\/api.w.org\/{rel}","templated":true}]}}