{"id":107561,"date":"2019-09-30T06:38:34","date_gmt":"2019-09-30T06:38:34","guid":{"rendered":"https:\/\/www.storevan.com\/?page_id=107561"},"modified":"2019-09-30T06:38:34","modified_gmt":"2019-09-30T06:38:34","slug":"zabudowa-nadkola","status":"publish","type":"page","link":"https:\/\/www.storevan.com\/pl\/produkty\/zabudowa-nadkola\/","title":{"rendered":"Zabudowa nadkola"},"content":{"rendered":"<h1 class=\"customblackTitleSmall\">Zabudowa nadkola do samochod\u00f3w dostawczych<\/h1>\n<h2 class=\"txtUp\">Chro\u0144 nadwozie pojazdu dzi\u0119ki zabudowie nadkoli Store Van<\/h2>\n<p>Zabudowa nadkola Store Van powsta\u0142a z konieczno\u015bci ochrony, a zarazem wykorzystania ok\u0142adzin wewn\u0119trznych samochod\u00f3w dostawczych.<\/p>\n<div id=\"cf3a\">\n<div id=\"galleryPassaruota\">\n\t<img decoding=\"async\" src=\"https:\/\/www.storevan.com\/wp-content\/uploads\/2019\/09\/copripassaruota-ani-03.jpg\" alt=\"Zabudowa nadkola\" style=\"width:100%; opacity:0;\"\/>\n\t<\/div>\n<\/div>\n<div class=\"clearboth\"><\/div>\n<div class=\"ts-gallery col-md-10 col-md-offset-1 galleryEffect class=\">\n<div class=\"borderTitleCenterOrange\"><\/div>\n<div class=\"col-xs-4 col-md-2 galleryPage\"><a title=\"Boczna rama z otworami na akcesoria\" href=\"https:\/\/www.storevan.com\/wp-content\/uploads\/2019\/09\/e-accessori.jpg\"><span class=\"testoImgSfondo text-center\">1<\/span><img decoding=\"async\" loading=\"lazy\" class=\"aligncenter size-thumbnail wp-image-107309\" src=\"https:\/\/www.storevan.com\/wp-content\/uploads\/2019\/09\/e-accessori-150x150.jpg\" alt=\"Boczna rama z otworami na akcesoria\" width=\"150\" height=\"150\" srcset=\"https:\/\/www.storevan.com\/wp-content\/uploads\/2019\/09\/e-accessori-150x150.jpg 150w, https:\/\/www.storevan.com\/wp-content\/uploads\/2019\/09\/e-accessori-300x300.jpg 300w, https:\/\/www.storevan.com\/wp-content\/uploads\/2019\/09\/e-accessori-768x768.jpg 768w, https:\/\/www.storevan.com\/wp-content\/uploads\/2019\/09\/e-accessori-48x48.jpg 48w, https:\/\/www.storevan.com\/wp-content\/uploads\/2019\/09\/e-accessori-480x480.jpg 480w, https:\/\/www.storevan.com\/wp-content\/uploads\/2019\/09\/e-accessori.jpg 800w\" sizes=\"(max-width: 150px) 100vw, 150px\" \/><\/a><\/div>\n<div class=\"col-xs-4 col-md-2 galleryPage\"><a title=\"Techniczna przestrze\u0144 \u0142adunkowa z zamontowanym dr\u0105\u017ckiem blokuj\u0105cym \u0142adunek\" href=\"https:\/\/www.storevan.com\/wp-content\/uploads\/2019\/09\/e-barra-fermacarico.jpg\"><span class=\"testoImgSfondo text-center\">2<\/span><img decoding=\"async\" loading=\"lazy\" class=\"aligncenter size-thumbnail wp-image-107315\" src=\"https:\/\/www.storevan.com\/wp-content\/uploads\/2019\/09\/e-barra-fermacarico-150x150.jpg\" alt=\"Vano tecnico di carico con barra ferma carico abbinata\" width=\"150\" height=\"150\" srcset=\"https:\/\/www.storevan.com\/wp-content\/uploads\/2019\/09\/e-barra-fermacarico-150x150.jpg 150w, https:\/\/www.storevan.com\/wp-content\/uploads\/2019\/09\/e-barra-fermacarico-300x300.jpg 300w, https:\/\/www.storevan.com\/wp-content\/uploads\/2019\/09\/e-barra-fermacarico-768x768.jpg 768w, https:\/\/www.storevan.com\/wp-content\/uploads\/2019\/09\/e-barra-fermacarico-48x48.jpg 48w, https:\/\/www.storevan.com\/wp-content\/uploads\/2019\/09\/e-barra-fermacarico-480x480.jpg 480w, https:\/\/www.storevan.com\/wp-content\/uploads\/2019\/09\/e-barra-fermacarico.jpg 800w\" sizes=\"(max-width: 150px) 100vw, 150px\" \/><\/a><\/div>\n<div class=\"col-xs-4 col-md-2 galleryPage\"><a title=\"Drewniana lub metalowa przednia pokrywa zabezpieczaj\u0105ca\" href=\"https:\/\/www.storevan.com\/wp-content\/uploads\/2019\/09\/e-metallo-legno.jpg\"><span class=\"testoImgSfondo text-center\">3<\/span><img decoding=\"async\" loading=\"lazy\" class=\"aligncenter size-thumbnail wp-image-107321\" src=\"https:\/\/www.storevan.com\/wp-content\/uploads\/2019\/09\/e-metallo-legno-150x150.jpg\" alt=\"Drewniana lub metalowa przednia pokrywa zabezpieczaj\u0105ca\" width=\"150\" height=\"150\" srcset=\"https:\/\/www.storevan.com\/wp-content\/uploads\/2019\/09\/e-metallo-legno-150x150.jpg 150w, https:\/\/www.storevan.com\/wp-content\/uploads\/2019\/09\/e-metallo-legno-300x300.jpg 300w, https:\/\/www.storevan.com\/wp-content\/uploads\/2019\/09\/e-metallo-legno-768x768.jpg 768w, https:\/\/www.storevan.com\/wp-content\/uploads\/2019\/09\/e-metallo-legno-48x48.jpg 48w, https:\/\/www.storevan.com\/wp-content\/uploads\/2019\/09\/e-metallo-legno-480x480.jpg 480w, https:\/\/www.storevan.com\/wp-content\/uploads\/2019\/09\/e-metallo-legno.jpg 800w\" sizes=\"(max-width: 150px) 100vw, 150px\" \/><\/a><\/div>\n<div class=\"col-xs-4 col-md-2 galleryPage\"><a title=\"Antykorozyjna ego pow\u0142oka nak\u0142adana elektrolitycznie\" href=\"https:\/\/www.storevan.com\/wp-content\/uploads\/2019\/09\/e-vernice.jpg\"><span class=\"testoImgSfondo text-center\">4<\/span><img decoding=\"async\" loading=\"lazy\" class=\"aligncenter size-thumbnail wp-image-107621\" src=\"https:\/\/www.storevan.com\/wp-content\/uploads\/2019\/09\/e-vernice-150x150.jpg\" alt=\"Antykorozyjna ego pow\u0142oka nak\u0142adana elektrolitycznie\" width=\"150\" height=\"150\" srcset=\"https:\/\/www.storevan.com\/wp-content\/uploads\/2019\/09\/e-vernice-150x150.jpg 150w, https:\/\/www.storevan.com\/wp-content\/uploads\/2019\/09\/e-vernice-300x300.jpg 300w, https:\/\/www.storevan.com\/wp-content\/uploads\/2019\/09\/e-vernice-768x768.jpg 768w, https:\/\/www.storevan.com\/wp-content\/uploads\/2019\/09\/e-vernice-48x48.jpg 48w, https:\/\/www.storevan.com\/wp-content\/uploads\/2019\/09\/e-vernice-480x480.jpg 480w, https:\/\/www.storevan.com\/wp-content\/uploads\/2019\/09\/e-vernice.jpg 800w\" sizes=\"(max-width: 150px) 100vw, 150px\" \/><\/a><\/div>\n<div class=\"col-xs-4 col-md-2 galleryPage\"><a title=\"Ukryty system mocowania\" href=\"https:\/\/www.storevan.com\/wp-content\/uploads\/2019\/09\/e-fissaggi-a-scomparsa.jpg\"><span class=\"testoImgSfondo text-center\">5<\/span><img decoding=\"async\" loading=\"lazy\" class=\"aligncenter size-thumbnail wp-image-107615\" src=\"https:\/\/www.storevan.com\/wp-content\/uploads\/2019\/09\/e-fissaggi-a-scomparsa-150x150.jpg\" alt=\"Ukryty system mocowania\" width=\"150\" height=\"150\" srcset=\"https:\/\/www.storevan.com\/wp-content\/uploads\/2019\/09\/e-fissaggi-a-scomparsa-150x150.jpg 150w, https:\/\/www.storevan.com\/wp-content\/uploads\/2019\/09\/e-fissaggi-a-scomparsa-300x300.jpg 300w, https:\/\/www.storevan.com\/wp-content\/uploads\/2019\/09\/e-fissaggi-a-scomparsa-768x768.jpg 768w, https:\/\/www.storevan.com\/wp-content\/uploads\/2019\/09\/e-fissaggi-a-scomparsa-48x48.jpg 48w, https:\/\/www.storevan.com\/wp-content\/uploads\/2019\/09\/e-fissaggi-a-scomparsa-480x480.jpg 480w, https:\/\/www.storevan.com\/wp-content\/uploads\/2019\/09\/e-fissaggi-a-scomparsa.jpg 800w\" sizes=\"(max-width: 150px) 100vw, 150px\" \/><\/a><\/div>\n<div class=\"col-xs-4 col-md-2 galleryPage\"><a title=\"G\u00f3rny pojemnik z mat\u0105 antypo\u015blizgow\u0105\" href=\"https:\/\/www.storevan.com\/wp-content\/uploads\/2019\/09\/e-tappetino.jpg\"><span class=\"testoImgSfondo text-center\">6<\/span><img decoding=\"async\" loading=\"lazy\" class=\"aligncenter size-thumbnail wp-image-107303\" src=\"https:\/\/www.storevan.com\/wp-content\/uploads\/2019\/09\/e-tappetino-150x150.jpg\" alt=\"G\u00f3rny pojemnik z mat\u0105 antypo\u015blizgow\u0105\" width=\"150\" height=\"150\" srcset=\"https:\/\/www.storevan.com\/wp-content\/uploads\/2019\/09\/e-tappetino-150x150.jpg 150w, https:\/\/www.storevan.com\/wp-content\/uploads\/2019\/09\/e-tappetino-300x300.jpg 300w, https:\/\/www.storevan.com\/wp-content\/uploads\/2019\/09\/e-tappetino-768x768.jpg 768w, https:\/\/www.storevan.com\/wp-content\/uploads\/2019\/09\/e-tappetino-48x48.jpg 48w, https:\/\/www.storevan.com\/wp-content\/uploads\/2019\/09\/e-tappetino-480x480.jpg 480w, https:\/\/www.storevan.com\/wp-content\/uploads\/2019\/09\/e-tappetino.jpg 800w\" sizes=\"(max-width: 150px) 100vw, 150px\" \/><\/a><\/div>\n<hr class=\"noColor break\" \/>\n<div class=\"borderTitleCenterOrange\"><\/div>\n<\/div>\n<hr class=\"noColor break\" \/>\n<p>Nadkole jest elementem pojazdu, kt\u00f3ry zwykle nie jest brany pod uwag\u0119 w momencie monta\u017cu wyposa\u017cenia samochodu dostawczego. I tak,. tylne ko\u0142a s\u0105 cz\u0119sto wbudowane w doln\u0105 cz\u0119\u015b\u0107 rega\u0142\u00f3w. Utworzona w ten spos\u00f3b wn\u0119ka mo\u017ce zosta\u0107 dodatkowo wykorzystana do przechowywania w nich skrzynek na narz\u0119dzia oraz sprz\u0119tu \u015bredniej wielko\u015bci i mo\u017ce zosta\u0107 zamkni\u0119ta za pomoc\u0105 klapy lub \u017caluzji.<\/p>\n<p>W przypadku wyposa\u017cenia samochodu sk\u0142adaj\u0105cego si\u0119 tylko z p\u0142yty pod\u0142ogowej i paneli, nadkole pozostaje odkryte, co zwi\u0119ksza prawdopodobie\u0144stwo uszkodze\u0144 w wyniku uderzenia lub zu\u017cycia. Aby unikn\u0105\u0107 tego problemu, Store Van zaprojektowa\u0142 now\u0105 wewn\u0119trzn\u0105 ok\u0142adzin\u0119: zabudow\u0119 nadkola z trzema zamkni\u0119tymi bokami i pojemnikiem na g\u00f3rze. \u0141atwo\u015b\u0107 monta\u017cu jest zapewniona dzi\u0119ki systemowi mocowania k\u0105townik\u00f3w do pod\u0142ogi po bokach nadkola, system mocowania jest niewidoczny i ukryty.<\/p>\n<div class=\"demo-sep\" style=\"margin-top: 40px;\"><\/div>\n<h3 class=\"txtGrey customblackTitleExtraSmall\">Zabudowa nadkola z panelem przednim z drewna lub blachy<\/h3>\n<div class=\"one_half\">\n<div id=\"attachment_106707\" style=\"width: 510px\" class=\"wp-caption aligncenter\"><img aria-describedby=\"caption-attachment-106707\" decoding=\"async\" loading=\"lazy\" class=\"size-full wp-image-106707\" title=\"Zabudowa nadkola z panelem przednim z blachy\" src=\"https:\/\/www.storevan.com\/wp-content\/uploads\/2019\/09\/01-copripassaruota-acciaio.jpg\" alt=\"Copripassaruota per furgoni\" width=\"500\" height=\"489\" srcset=\"https:\/\/www.storevan.com\/wp-content\/uploads\/2019\/09\/01-copripassaruota-acciaio.jpg 500w, https:\/\/www.storevan.com\/wp-content\/uploads\/2019\/09\/01-copripassaruota-acciaio-300x293.jpg 300w, https:\/\/www.storevan.com\/wp-content\/uploads\/2019\/09\/01-copripassaruota-acciaio-48x48.jpg 48w\" sizes=\"(max-width: 500px) 100vw, 500px\" \/><p id=\"caption-attachment-106707\" class=\"wp-caption-text\">Zabudowa nadkola z panelem przednim z blachy<\/p><\/div>\n<\/div><div class=\"one_half last\">\n<div id=\"attachment_106713\" style=\"width: 510px\" class=\"wp-caption aligncenter\"><img aria-describedby=\"caption-attachment-106713\" decoding=\"async\" loading=\"lazy\" class=\"size-full wp-image-106713\" title=\"Zabudowa nadkola z panelem przednim z drewna\" src=\"https:\/\/www.storevan.com\/wp-content\/uploads\/2019\/09\/02-copripassaruota-legno.jpg\" alt=\"Copripassaruota per furgone\" width=\"500\" height=\"489\" srcset=\"https:\/\/www.storevan.com\/wp-content\/uploads\/2019\/09\/02-copripassaruota-legno.jpg 500w, https:\/\/www.storevan.com\/wp-content\/uploads\/2019\/09\/02-copripassaruota-legno-300x293.jpg 300w, https:\/\/www.storevan.com\/wp-content\/uploads\/2019\/09\/02-copripassaruota-legno-48x48.jpg 48w\" sizes=\"(max-width: 500px) 100vw, 500px\" \/><p id=\"caption-attachment-106713\" class=\"wp-caption-text\">Zabudowa nadkola z panelem przednim z drewna<\/p><\/div>\n<\/div><div class=\"clearboth\"><\/div>\n<h3 class=\"txtGrey customblackTitleExtraSmall\">CECHY<\/h3>\n<p>Zabudowa nadkola w samochodach dostawczych staje si\u0119 u\u017cytecznym elementem wyposa\u017cenia \u2014 to modu\u0142, , do kt\u00f3rego mo\u017cna przymocowa\u0107 akcesoria lub na kt\u00f3rym mo\u017cna umie\u015bci\u0107 sprz\u0119t o ma\u0142ej i \u015bredniej wielko\u015bci. Elementy konstrukcji zabudowy nadkoli:<\/p>\n<ul class=\"arrow\">\n<li>Ramy boczne: wykonane zosta\u0142y z ocynkowanej stali samochodowej 12\/10 i s\u0105 solidnymi wzmocnieniami z panelem z otworami umo\u017cliwiaj\u0105cymi zamocowanie akcesori\u00f3w, takich jak uchwyty na puszki, kieszenie na dokumenty, uchwyty na maty.<\/li>\n<li>Pokrywa przednia: panel przedni pokrywaj\u0105cy nadkole mo\u017ce by\u0107 wykonany z ocynkowanej stali samochodowej 12\/10 lub ze sklejki brzozowej 9\u00a0mm z pokryciem fenolowym w kolorze szarym.<\/li>\n<li> Pojemnik g\u00f3rny: mo\u017ce by\u0107 wy\u0142o\u017cony mat\u0105 antypo\u015blizgow\u0105, na kt\u00f3rej mo\u017cna ustawi\u0107 narz\u0119dzia ma\u0142ych i \u015brednich rozmiar\u00f3w. Gdy do g\u00f3rnej cz\u0119\u015bci \u015bciany bocznej zamontowane s\u0105 dr\u0105\u017cki blokuj\u0105ce \u0142adunek, narz\u0119dzia takie jak drabiny, rampy za\u0142adunkowe i w\u00f3zki mo\u017cna \u0142atwo zabezpieczy\u0107 zaczepami do blokowania \u0142adunku.<\/li>\n<\/ul>\n<hr \/>\n<div class=\"col-xs-12 col-sm-12 col-md-6\">\n<div class=\"text-center\"><a class=\"btn btn-download\" href=\"tel:+390424585455\"><i class=\"fa fa-phone\"><\/i> <span class=\"spanBtn\">ZADZWO\u0143 TERAZ<\/span><br \/>\nuzyskasz wszelkie informacje<\/a><\/div>\n<\/div>\n<div class=\"col-xs-12 col-sm-12 col-md-6\">\n<div class=\"text-center\"><a class=\"btn btn-download btnToggle\" href=\"#formcontatto\"><i class=\"fa fa-envelope\"><\/i> <span class=\"spanBtn\">NAPISZ<\/span><br \/>\nskontaktujemy si\u0119 <\/a><\/div>\n<\/div>\n<div class=\"break\"><\/div>\n<hr \/>\n<p><a class=\"destination\" name=\"formcontatto\"><\/a><\/p>\n<div class=\"formToggle\">\n<h4 class=\"bigTxt text-center txtBkOrange\">CHCESZ WIEDZIE\u0106 WI\u0118CEJ?<\/h4>\n\n<div class=\"wpcf7 no-js\" id=\"wpcf7-f67676-o1\" lang=\"it-IT\" dir=\"ltr\">\n<div class=\"screen-reader-response\"><p role=\"status\" aria-live=\"polite\" aria-atomic=\"true\"><\/p> <ul><\/ul><\/div>\n<form action=\"\/pl\/wp-json\/wp\/v2\/pages\/107561#wpcf7-f67676-o1\" method=\"post\" class=\"wpcf7-form init\" aria-label=\"Modulo di contatto\" novalidate=\"novalidate\" data-status=\"init\">\n<div style=\"display: none;\">\n<input type=\"hidden\" name=\"_wpcf7\" value=\"67676\" \/>\n<input type=\"hidden\" name=\"_wpcf7_version\" value=\"5.7.7\" \/>\n<input type=\"hidden\" name=\"_wpcf7_locale\" value=\"it_IT\" \/>\n<input type=\"hidden\" name=\"_wpcf7_unit_tag\" value=\"wpcf7-f67676-o1\" \/>\n<input type=\"hidden\" name=\"_wpcf7_container_post\" value=\"0\" \/>\n<input type=\"hidden\" name=\"_wpcf7_posted_data_hash\" value=\"\" \/>\n<input type=\"hidden\" name=\"_wpcf7_recaptcha_response\" value=\"\" \/>\n<\/div>\n<span class=\"wpcf7-form-control-wrap url\" data-name=\"url\"><input type=\"hidden\" name=\"url\" size=\"40\" class=\"wpcf7-form-control wpcf7-hidden wpcf7dtx wpcf7dtx-hidden\" aria-invalid=\"false\" value=\"zabudowa-nadkola\" autocomplete=\"off\" \/><\/span>\n<p>Wype\u0142nij poni\u017csze pola, aby otrzyma\u0107 wi\u0119cej informacji. Nasz operator skontaktuje si\u0119 z\u00a0tob\u0105 najszybciej, jak to mo\u017cliwe (* pola obowi\u0105zkowe):\n<\/p>\n<div class=\"col-xs-12 col-md-6\">\n\t<p><span class='titoli'>Imi\u0119 (*)<\/span>\n\t<\/p>\n\t<p><span class=\"wpcf7-form-control-wrap\" data-name=\"your-name\"><input size=\"40\" class=\"wpcf7-form-control wpcf7-text wpcf7-validates-as-required form-control\" aria-required=\"true\" aria-invalid=\"false\" value=\"\" type=\"text\" name=\"your-name\" \/><\/span>\n\t<\/p>\n<\/div>\n<div class=\"col-xs-12 col-md-6\">\n\t<p><span class='titoli'>Nazwisko (*)<\/span>\n\t<\/p>\n\t<p><span class=\"wpcf7-form-control-wrap\" data-name=\"your-last-name\"><input size=\"40\" class=\"wpcf7-form-control wpcf7-text wpcf7-validates-as-required form-control\" aria-required=\"true\" aria-invalid=\"false\" value=\"\" type=\"text\" name=\"your-last-name\" \/><\/span>\n\t<\/p>\n<\/div>\n<div class=\"col-xs-12 col-md-6\">\n\t<p><span class='titoli'>Firma (*)<\/span>\n\t<\/p>\n\t<p><span class=\"wpcf7-form-control-wrap\" data-name=\"your-company\"><input size=\"40\" class=\"wpcf7-form-control wpcf7-text wpcf7-validates-as-required form-control\" aria-required=\"true\" aria-invalid=\"false\" value=\"\" type=\"text\" name=\"your-company\" \/><\/span>\n\t<\/p>\n<\/div>\n<div class=\"col-xs-12 col-md-6\">\n\t<p><span class='titoli'>Numer NIP<\/span>\n\t<\/p>\n\t<p><span class=\"wpcf7-form-control-wrap\" data-name=\"p-iva\"><input size=\"40\" class=\"wpcf7-form-control wpcf7-text form-control\" aria-invalid=\"false\" value=\"\" type=\"text\" name=\"p-iva\" \/><\/span>\n\t<\/p>\n<\/div>\n<div class=\"clearboth\">\n<\/div>\n<div class=\"col-xs-12 col-md-4\">\n\t<p><span class='titoli'>Kod pocztowy (*)<\/span>\n\t<\/p>\n\t<p><span class=\"wpcf7-form-control-wrap\" data-name=\"your-zip-code\"><input size=\"40\" class=\"wpcf7-form-control wpcf7-text wpcf7-validates-as-required form-control\" aria-required=\"true\" aria-invalid=\"false\" value=\"\" type=\"text\" name=\"your-zip-code\" \/><\/span>\n\t<\/p>\n<\/div>\n<div class=\"col-xs-12 col-md-4\">\n\t<p><span class='titoli'>Adres (*)<\/span>\n\t<\/p>\n\t<p><span class=\"wpcf7-form-control-wrap\" data-name=\"your-address\"><input size=\"40\" class=\"wpcf7-form-control wpcf7-text wpcf7-validates-as-required form-control\" aria-required=\"true\" aria-invalid=\"false\" value=\"\" type=\"text\" name=\"your-address\" \/><\/span>\n\t<\/p>\n<\/div>\n<div class=\"col-xs-12 col-md-4\">\n\t<p><span class='titoli'>Miasto (*)<\/span>\n\t<\/p>\n\t<p><span class=\"wpcf7-form-control-wrap\" data-name=\"your-Town\"><input size=\"40\" class=\"wpcf7-form-control wpcf7-text wpcf7-validates-as-required form-control\" aria-required=\"true\" aria-invalid=\"false\" value=\"\" type=\"text\" name=\"your-Town\" \/><\/span>\n\t<\/p>\n<\/div>\n<div class=\"clearboth\">\n<\/div>\n<div class=\"col-xs-12 col-md-6\">\n\t<p><span class='titoli'>email (*)<\/span>\n\t<\/p>\n\t<p><span class=\"wpcf7-form-control-wrap\" data-name=\"your-email\"><input size=\"40\" class=\"wpcf7-form-control wpcf7-text wpcf7-email wpcf7-validates-as-required wpcf7-validates-as-email form-control\" aria-required=\"true\" aria-invalid=\"false\" value=\"\" type=\"email\" name=\"your-email\" \/><\/span>\n\t<\/p>\n<\/div>\n<div class=\"col-xs-12 col-md-6\">\n\t<p><span class='titoli'>Telefon (*)<\/span>\n\t<\/p>\n\t<p><span class=\"wpcf7-form-control-wrap\" data-name=\"telefono\"><input size=\"40\" class=\"wpcf7-form-control wpcf7-text wpcf7-tel wpcf7-validates-as-required wpcf7-validates-as-tel form-control\" aria-required=\"true\" aria-invalid=\"false\" value=\"\" type=\"tel\" name=\"telefono\" \/><\/span>\n\t<\/p>\n<\/div>\n<div class=\"clearboth\">\n<\/div>\n<div class=\"col-xs-12 col-md-6\">\n\t<p><span class='titoli'>Przedmiot <\/span>\n\t<\/p>\n\t<p><span class=\"wpcf7-form-control-wrap\" data-name=\"oggetto\"><select class=\"wpcf7-form-control wpcf7-select wpcf7-validates-as-required\" aria-required=\"true\" aria-invalid=\"false\" name=\"oggetto\"><option value=\"Oferta\">Oferta<\/option><option value=\"Informacje techniczne\">Informacje techniczne<\/option><option value=\"Powo\u0142anie\">Powo\u0142anie<\/option><\/select><\/span>\n\t<\/p>\n<\/div>\n<div class=\"col-xs-12 col-md-6\">\n\t<p><br \/>\n<span class=\"titoli\"> <span class=\"wpcf7-form-control-wrap\" data-name=\"cliente\"><span class=\"wpcf7-form-control wpcf7-checkbox\"><span class=\"wpcf7-list-item first last\"><label><span class=\"wpcf7-list-item-label\">Jestem ju\u017c klientem<\/span><input type=\"checkbox\" name=\"cliente[]\" value=\"Jestem ju\u017c klientem\" \/><\/label><\/span><\/span><\/span><\/span>\n\t<\/p>\n<\/div>\n<div class=\"col-xs-12 col-md-12\">\n\t<p><span class='titoli'>Wiadomo\u015b\u0107 (*)<\/span>\n\t<\/p>\n\t<p><span class=\"wpcf7-form-control-wrap\" data-name=\"your-message\"><textarea cols=\"40\" rows=\"10\" class=\"wpcf7-form-control wpcf7-textarea wpcf7-validates-as-required form-control\" aria-required=\"true\" aria-invalid=\"false\" name=\"your-message\"><\/textarea><\/span>\n\t<\/p>\n<\/div>\n<div class=\"col-xs-12 col-md-12\">\n\t<p><small>Wprowadzone dane b\u0119d\u0105 traktowane z zachowaniem \u015bcis\u0142ej poufno\u015bci zgodnie z prawem i nasz\u0105 polityk\u0105 prywatno\u015bci. <a href=\"https:\/\/www.storevan.com\/pl\/privacy-policy\/\">Polityk\u0105 prywatno\u015bci<\/a><\/small>\n\t<\/p>\n\t<p><span class=\"wpcf7-form-control-wrap\" data-name=\"AccettazionePrivacy\"><span class=\"wpcf7-form-control wpcf7-acceptance\"><span class=\"wpcf7-list-item\"><input type=\"checkbox\" name=\"AccettazionePrivacy\" value=\"1\" aria-invalid=\"false\" \/><\/span><\/span><\/span> O\u015bwiadczam, \u017ce zapozna\u0142am si\u0119 z <a href=\"https:\/\/www.storevan.com\/pl\/privacy-policy\/\">polityk\u0105 prywatno\u015bci<\/a> i zgadzam si\u0119 na wykorzystanie moich danych osobowych w opisanych tam przypadkach.(*)(*)<br \/>\n\t<span class=\"wpcf7-form-control-wrap recaptcha\" data-name=\"recaptcha\"><span data-sitekey=\"6LdfM4AUAAAAAJjsAucux5WVNA3hsk5KP0a03T_n\" class=\"wpcf7-form-control g-recaptcha wpcf7-recaptcha\"><\/span>\r\n<noscript>\r\n\t<div class=\"grecaptcha-noscript\">\r\n\t\t<iframe src=\"https:\/\/www.google.com\/recaptcha\/api\/fallback?k=6LdfM4AUAAAAAJjsAucux5WVNA3hsk5KP0a03T_n\" frameborder=\"0\" scrolling=\"no\" width=\"310\" height=\"430\">\r\n\t\t<\/iframe>\r\n\t\t<textarea name=\"g-recaptcha-response\" rows=\"3\" cols=\"40\" placeholder=\"reCaptcha Response Here\">\r\n\t\t<\/textarea>\r\n\t<\/div>\r\n<\/noscript>\r\n<\/span>\n\t<\/p>\n<\/div>\n<hr class=\"noColor\" \/>\n<p><input class=\"wpcf7-form-control has-spinner wpcf7-submit\" type=\"submit\" value=\"Wy\u015blij\" \/>\n<\/p><div class=\"wpcf7-response-output\" aria-hidden=\"true\"><\/div>\n<\/form>\n<\/div>\n<\/div>\n","protected":false},"excerpt":{"rendered":"<p>Zabudowa nadkola do samochod\u00f3w dostawczych Chro\u0144 nadwozie pojazdu dzi\u0119ki zabudowie nadkoli Store Van Zabudowa nadkola Store Van powsta\u0142a z konieczno\u015bci ochrony, a zarazem wykorzystania ok\u0142adzin wewn\u0119trznych samochod\u00f3w dostawczych. 1 2.<\/p>\n","protected":false},"author":470,"featured_media":108673,"parent":8994,"menu_order":0,"comment_status":"closed","ping_status":"closed","template":"","meta":[],"acf":[],"yoast_head":"<!-- This site is optimized with the Yoast SEO plugin v20.11 - https:\/\/yoast.com\/wordpress\/plugins\/seo\/ -->\n<title>Zabudowa nadkola do samochod\u00f3w dostawczych<\/title>\n<meta name=\"description\" content=\"Zabudowa nadkola Store Van pokryta panelami drewnianymi lub stalowymi z otworami chroni nadkola i umo\u017cliwia monta\u017c zaczep\u00f3w i pas\u00f3w do furgon\u00f3w.\" \/>\n<meta name=\"robots\" content=\"index, follow, max-snippet:-1, max-image-preview:large, max-video-preview:-1\" \/>\n<link rel=\"canonical\" href=\"https:\/\/www.storevan.com\/pl\/produkty\/zabudowa-nadkola\/\" \/>\n<meta property=\"og:locale\" content=\"pl_PL\" \/>\n<meta property=\"og:type\" content=\"article\" \/>\n<meta property=\"og:title\" content=\"Zabudowa nadkola do samochod\u00f3w dostawczych\" \/>\n<meta property=\"og:description\" content=\"Zabudowa nadkola Store Van pokryta panelami drewnianymi lub stalowymi z otworami chroni nadkola i umo\u017cliwia monta\u017c zaczep\u00f3w i pas\u00f3w do furgon\u00f3w.\" \/>\n<meta property=\"og:url\" content=\"https:\/\/www.storevan.com\/pl\/produkty\/zabudowa-nadkola\/\" \/>\n<meta property=\"og:site_name\" content=\"Store Van\" \/>\n<meta property=\"og:image\" content=\"https:\/\/www.storevan.com\/wp-content\/uploads\/2019\/09\/ACS-copripassaruota.jpg\" \/>\n\t<meta property=\"og:image:width\" content=\"350\" \/>\n\t<meta property=\"og:image:height\" content=\"250\" \/>\n\t<meta property=\"og:image:type\" content=\"image\/jpeg\" \/>\n<meta name=\"twitter:label1\" content=\"Szacowany czas czytania\" \/>\n\t<meta name=\"twitter:data1\" content=\"2 minuty\" \/>\n<script type=\"application\/ld+json\" class=\"yoast-schema-graph\">{\"@context\":\"https:\/\/schema.org\",\"@graph\":[{\"@type\":\"WebPage\",\"@id\":\"https:\/\/www.storevan.com\/pl\/produkty\/zabudowa-nadkola\/\",\"url\":\"https:\/\/www.storevan.com\/pl\/produkty\/zabudowa-nadkola\/\",\"name\":\"Zabudowa nadkola do samochod\u00f3w dostawczych\",\"isPartOf\":{\"@id\":\"https:\/\/www.storevan.com\/pl\/#website\"},\"datePublished\":\"2019-09-30T06:38:34+00:00\",\"dateModified\":\"2019-09-30T06:38:34+00:00\",\"description\":\"Zabudowa nadkola Store Van pokryta panelami drewnianymi lub stalowymi z otworami chroni nadkola i umo\u017cliwia monta\u017c zaczep\u00f3w i pas\u00f3w do furgon\u00f3w.\",\"breadcrumb\":{\"@id\":\"https:\/\/www.storevan.com\/pl\/produkty\/zabudowa-nadkola\/#breadcrumb\"},\"inLanguage\":\"pl-PL\",\"potentialAction\":[{\"@type\":\"ReadAction\",\"target\":[\"https:\/\/www.storevan.com\/pl\/produkty\/zabudowa-nadkola\/\"]}]},{\"@type\":\"BreadcrumbList\",\"@id\":\"https:\/\/www.storevan.com\/pl\/produkty\/zabudowa-nadkola\/#breadcrumb\",\"itemListElement\":[{\"@type\":\"ListItem\",\"position\":1,\"name\":\"Home\",\"item\":\"https:\/\/www.storevan.com\/pl\/\"},{\"@type\":\"ListItem\",\"position\":2,\"name\":\"Produkty\",\"item\":\"https:\/\/www.storevan.com\/pl\/produkty\/\"},{\"@type\":\"ListItem\",\"position\":3,\"name\":\"Zabudowa nadkola\"}]},{\"@type\":\"WebSite\",\"@id\":\"https:\/\/www.storevan.com\/pl\/#website\",\"url\":\"https:\/\/www.storevan.com\/pl\/\",\"name\":\"Store Van\",\"description\":\"Zabudowy\",\"potentialAction\":[{\"@type\":\"SearchAction\",\"target\":{\"@type\":\"EntryPoint\",\"urlTemplate\":\"https:\/\/www.storevan.com\/pl\/?s={search_term_string}\"},\"query-input\":\"required name=search_term_string\"}],\"inLanguage\":\"pl-PL\"}]}<\/script>\n<!-- \/ Yoast SEO plugin. -->","yoast_head_json":{"title":"Zabudowa nadkola do samochod\u00f3w dostawczych","description":"Zabudowa nadkola Store Van pokryta panelami drewnianymi lub stalowymi z otworami chroni nadkola i umo\u017cliwia monta\u017c zaczep\u00f3w i pas\u00f3w do furgon\u00f3w.","robots":{"index":"index","follow":"follow","max-snippet":"max-snippet:-1","max-image-preview":"max-image-preview:large","max-video-preview":"max-video-preview:-1"},"canonical":"https:\/\/www.storevan.com\/pl\/produkty\/zabudowa-nadkola\/","og_locale":"pl_PL","og_type":"article","og_title":"Zabudowa nadkola do samochod\u00f3w dostawczych","og_description":"Zabudowa nadkola Store Van pokryta panelami drewnianymi lub stalowymi z otworami chroni nadkola i umo\u017cliwia monta\u017c zaczep\u00f3w i pas\u00f3w do furgon\u00f3w.","og_url":"https:\/\/www.storevan.com\/pl\/produkty\/zabudowa-nadkola\/","og_site_name":"Store Van","og_image":[{"width":350,"height":250,"url":"https:\/\/www.storevan.com\/wp-content\/uploads\/2019\/09\/ACS-copripassaruota.jpg","type":"image\/jpeg"}],"twitter_misc":{"Szacowany czas czytania":"2 minuty"},"schema":{"@context":"https:\/\/schema.org","@graph":[{"@type":"WebPage","@id":"https:\/\/www.storevan.com\/pl\/produkty\/zabudowa-nadkola\/","url":"https:\/\/www.storevan.com\/pl\/produkty\/zabudowa-nadkola\/","name":"Zabudowa nadkola do samochod\u00f3w dostawczych","isPartOf":{"@id":"https:\/\/www.storevan.com\/pl\/#website"},"datePublished":"2019-09-30T06:38:34+00:00","dateModified":"2019-09-30T06:38:34+00:00","description":"Zabudowa nadkola Store Van pokryta panelami drewnianymi lub stalowymi z otworami chroni nadkola i umo\u017cliwia monta\u017c zaczep\u00f3w i pas\u00f3w do furgon\u00f3w.","breadcrumb":{"@id":"https:\/\/www.storevan.com\/pl\/produkty\/zabudowa-nadkola\/#breadcrumb"},"inLanguage":"pl-PL","potentialAction":[{"@type":"ReadAction","target":["https:\/\/www.storevan.com\/pl\/produkty\/zabudowa-nadkola\/"]}]},{"@type":"BreadcrumbList","@id":"https:\/\/www.storevan.com\/pl\/produkty\/zabudowa-nadkola\/#breadcrumb","itemListElement":[{"@type":"ListItem","position":1,"name":"Home","item":"https:\/\/www.storevan.com\/pl\/"},{"@type":"ListItem","position":2,"name":"Produkty","item":"https:\/\/www.storevan.com\/pl\/produkty\/"},{"@type":"ListItem","position":3,"name":"Zabudowa nadkola"}]},{"@type":"WebSite","@id":"https:\/\/www.storevan.com\/pl\/#website","url":"https:\/\/www.storevan.com\/pl\/","name":"Store Van","description":"Zabudowy","potentialAction":[{"@type":"SearchAction","target":{"@type":"EntryPoint","urlTemplate":"https:\/\/www.storevan.com\/pl\/?s={search_term_string}"},"query-input":"required name=search_term_string"}],"inLanguage":"pl-PL"}]}},"_links":{"self":[{"href":"https:\/\/www.storevan.com\/pl\/wp-json\/wp\/v2\/pages\/107561"}],"collection":[{"href":"https:\/\/www.storevan.com\/pl\/wp-json\/wp\/v2\/pages"}],"about":[{"href":"https:\/\/www.storevan.com\/pl\/wp-json\/wp\/v2\/types\/page"}],"author":[{"embeddable":true,"href":"https:\/\/www.storevan.com\/pl\/wp-json\/wp\/v2\/users\/470"}],"replies":[{"embeddable":true,"href":"https:\/\/www.storevan.com\/pl\/wp-json\/wp\/v2\/comments?post=107561"}],"version-history":[{"count":14,"href":"https:\/\/www.storevan.com\/pl\/wp-json\/wp\/v2\/pages\/107561\/revisions"}],"predecessor-version":[{"id":107950,"href":"https:\/\/www.storevan.com\/pl\/wp-json\/wp\/v2\/pages\/107561\/revisions\/107950"}],"up":[{"embeddable":true,"href":"https:\/\/www.storevan.com\/pl\/wp-json\/wp\/v2\/pages\/8994"}],"wp:featuredmedia":[{"embeddable":true,"href":"https:\/\/www.storevan.com\/pl\/wp-json\/wp\/v2\/media\/108673"}],"wp:attachment":[{"href":"https:\/\/www.storevan.com\/pl\/wp-json\/wp\/v2\/media?parent=107561"}],"curies":[{"name":"wp","href":"https:\/\/api.w.org\/{rel}","templated":true}]}}