{"id":107514,"date":"2019-09-30T06:38:37","date_gmt":"2019-09-30T06:38:37","guid":{"rendered":"https:\/\/www.storevan.com\/?page_id=107514"},"modified":"2022-01-18T14:34:10","modified_gmt":"2022-01-18T14:34:10","slug":"skladany-stol-warsztatowy","status":"publish","type":"page","link":"https:\/\/www.storevan.com\/pl\/produkty\/skladany-stol-warsztatowy\/","title":{"rendered":"Sk\u0142adany st\u00f3\u0142 warsztatowy"},"content":{"rendered":"<h1 class=\"customblackTitleSmall\">Sk\u0142adany st\u00f3\u0142 warsztatowy: dwa rozmiary do tysi\u0105ca zastosowa\u0144<\/h1>\n<h2>Lekkie, przeno\u015bne sk\u0142adane sto\u0142y warsztatowe: zawsze gotowe w razie potrzeby!<\/h2>\n<hr class=\"noColor\" \/>\n<p><img decoding=\"async\" loading=\"lazy\" class=\"aligncenter size-full wp-image-137973\" src=\"https:\/\/www.storevan.com\/wp-content\/uploads\/2022\/01\/banchi-lavoro-pieghevoli.jpg\" alt=\"Sk\u0142adany st\u00f3\u0142 warsztatowy\" width=\"1100\" height=\"273\" srcset=\"https:\/\/www.storevan.com\/wp-content\/uploads\/2022\/01\/banchi-lavoro-pieghevoli.jpg 1100w, https:\/\/www.storevan.com\/wp-content\/uploads\/2022\/01\/banchi-lavoro-pieghevoli-300x74.jpg 300w, https:\/\/www.storevan.com\/wp-content\/uploads\/2022\/01\/banchi-lavoro-pieghevoli-1024x254.jpg 1024w, https:\/\/www.storevan.com\/wp-content\/uploads\/2022\/01\/banchi-lavoro-pieghevoli-768x191.jpg 768w\" sizes=\"(max-width: 1100px) 100vw, 1100px\" \/><\/p>\n<hr class=\"noColor\" \/>\n<p>Sk\u0142adany st\u00f3\u0142 warsztatowy to idealne rozwi\u0105zanie umo\u017cliwiaj\u0105ce wykonanie drobnych zada\u0144, kt\u00f3re mog\u0105 okaza\u0107 si\u0119 niezb\u0119dne podczas pracy.<\/p>\n<p>Sk\u0142adane sto\u0142y warsztatowe Store Van zosta\u0142y zaprojektowane w taki spos\u00f3b, aby zajmowa\u0107 jak najmniej miejsca tak\u017ce po z\u0142o\u017ceniu; s\u0105 produkowane z surowc\u00f3w wysokiej jako\u015bci, gwarantuj\u0105cych ich stabilno\u015b\u0107 i trwa\u0142o\u015b\u0107.<\/p>\n<p>Nogi s\u0105 wyposa\u017cone w <strong>praktyczny system sk\u0142adania<\/strong>, a <strong>drewniany blat z otworami<\/strong> umo\u017cliwia mocowanie i u\u017cywanie zacisk\u00f3w i innego sprz\u0119tu do pracy.<\/p>\n<p><strong>Mocny, prosty i lekki<\/strong> sk\u0142adany st\u00f3\u0142 warsztatowy Store Van w obu wariantach mo\u017ce by\u0107 stosowany w dowolnym kontek\u015bcie i doskonale sprawdza si\u0119 r\u00f3wnie\u017c jako sk\u0142adany st\u00f3\u0142 warsztatowy majsterkowicza.<\/p>\n<hr class=\"noColor\" \/>\n<hr class=\"noColor\" \/>\n<div class=\"tabsBanchi\"><div class=\"tab-holder shortcode-tabs\"><div class=\"tab-hold tabs-wrapper\"><ul id=\"tabs\" class=\"tabset tabs nav-tabs\"><li><a href=\"#tab1\" data-toggle=\"tab\"><span class='hidden-xs'>Sk\u0142adany st\u00f3\u0142 warsztatowy Work Table - <\/span><span class='txtOrange customblackTitleExtraSmall'>LARGE<\/span><\/a><\/li><li><a href=\"#tab2\" data-toggle=\"tab\"><span class='hidden-xs'>Przeno\u015bny st\u00f3\u0142 warsztatowy - <\/span><span class='txtOrange customblackTitleExtraSmall'>SMALL<\/span><\/a><\/li><\/ul><div class=\"tab-box tabs-container\">\n<div id=\"tab1\" class=\"tab tab_content\">\n<div id=\"bancoLarge\" class=\"ts-gallery\">\n<div class=\"col-xs-12 col-md-6\"><a href=\"https:\/\/www.storevan.com\/wp-content\/uploads\/2021\/12\/banco-lavoro-pieghevole-large.jpg\" title=\"Sk\u0142adany st\u00f3\u0142 warsztatowy - Large\"><img decoding=\"async\" loading=\"lazy\" class=\"aligncenter wp-image-137235\" src=\"https:\/\/www.storevan.com\/wp-content\/uploads\/2021\/12\/banco-lavoro-pieghevole-large.jpg\" alt=\"Sk\u0142adany st\u00f3\u0142 warsztatowy - Large\" width=\"746\" height=\"500\" srcset=\"https:\/\/www.storevan.com\/wp-content\/uploads\/2021\/12\/banco-lavoro-pieghevole-large.jpg 800w, https:\/\/www.storevan.com\/wp-content\/uploads\/2021\/12\/banco-lavoro-pieghevole-large-300x201.jpg 300w, https:\/\/www.storevan.com\/wp-content\/uploads\/2021\/12\/banco-lavoro-pieghevole-large-768x515.jpg 768w\" sizes=\"(max-width: 746px) 100vw, 746px\" \/><\/a><\/div>\n<div class=\"col-xs-12 col-md-6\">\n<p>Nowy sk\u0142adany st\u00f3\u0142 warsztatowy WORK TABLE zosta\u0142 zaprojektowany z my\u015bl\u0105 o tych, kt\u00f3rzy potrzebuj\u0105 blatu roboczego o znacznych wymiarach i no\u015bno\u015bci, do u\u017cywania zar\u00f3wno wewn\u0105trz, jak i na zewn\u0105trz samochodu dostawczego.<\/p>\n<hr class=\"noColor\" \/>\n<ul class=\"listDalia\" style=\"margin: 0;\">\n<li><i class=\"fa fa-angle-double-right numVan\"><\/i> <span class=\"txtBlack\">ROZ\u0141O\u017bONY ST\u00d3\u0141 WARSZTATOWY: <span class=\"customblackTitleExtraSmall\">1184 x 590 x 896 mm<\/span><\/span><\/li>\n<li><i class=\"fa fa-angle-double-right numVan\"><\/i> <span class=\"txtBlack\">Z\u0141O\u017bONY ST\u00d3\u0141 WARSZTATOWY: <span class=\"customblackTitleExtraSmall\">1100 x 590 x 60 mm<\/span><\/span><\/li>\n<li><i class=\"fa fa-angle-double-right numVan\"><\/i> <span class=\"txtBlack\">WAGA: <span class=\"customblackTitleExtraSmall\">20kg<\/span><\/span><\/li>\n<li><i class=\"fa fa-angle-double-right numVan\"><\/i> <span class=\"txtBlack\">NO\u015aNO\u015a\u0106: <span class=\"customblackTitleExtraSmall\">400kg<\/span><\/span><\/li>\n<\/ul>\n<hr class=\"noColor\" \/>\n<p>Zamkni\u0119ty zajmuje tylko 60 mm, a wytrzyma\u0142o\u015b\u0107 n\u00f3g gwarantuje sk\u0142adanemu sto\u0142owi warsztatowemu Work Table no\u015bno\u015b\u0107 400 kg.<\/p>\n<p>Po z\u0142o\u017ceniu mo\u017cna go swobodnie przymocowa\u0107 na 3 wieszakach wspornikowych, do\u0142\u0105czonych w zestawie, do kwadratowych otwor\u00f3w w panelach z otworami, znajduj\u0105cych si\u0119 w przestrzeni za\u0142adunkowej.<\/p>\n<p>Z uwagi na wymiary sk\u0142adany st\u00f3\u0142 warsztatowy nie pasuje do systemowej zabudowy \u015bciany grodziowej.<\/p>\n<\/div>\n<div class=\"break\"><\/div>\n<hr class=\"noColor\" \/>\n<hr \/>\n<hr class=\"noColor\" \/>\n<h3 class=\"col-xs-12 col-md-12 text-left\">CHARAKTERYSTYKA:<\/h3>\n<div class=\"break\"><\/div>\n<hr class=\"noColor\" \/>\n<div class=\"contentVantaggi col-md-7\">\n<div class=\"inner_desc\">\n<div class=\"single_area fadeInUp wow\" data-wow-duration=\".5s\" data-wow-delay=\"0.6s\">\n<p><input id=\"area1\" class=\"read-more-state\" type=\"checkbox\" \/><\/p>\n<div class=\"BigNumber\">1<\/div>\n<p><strong class=\"txtUp text-left\">Uniwersalne wsporniki mocuj\u0105ce<\/strong><\/p>\n<\/div>\n<div class=\"single_area fadeInUp wow\" data-wow-duration=\".5s\" data-wow-delay=\"0.8s\">\n<p><input id=\"area2\" class=\"read-more-state\" type=\"checkbox\" \/><\/p>\n<div class=\"BigNumber\">2<\/div>\n<p><strong class=\"txtUp text-left\">Zabezpieczenie kraw\u0119dzi wok\u00f3\u0142 ca\u0142ego obwodu<\/strong><\/p>\n<\/div>\n<div class=\"single_area fadeInUp wow\" data-wow-duration=\".5s\" data-wow-delay=\"1s\">\n<p><input id=\"area3\" class=\"read-more-state\" type=\"checkbox\" \/><\/p>\n<div class=\"BigNumber\">3<\/div>\n<p><strong class=\"txtUp text-left\">Poprzeczki wzmacniaj\u0105ce<\/strong><\/p>\n<\/div>\n<div class=\"single_area fadeInUp wow\" data-wow-duration=\".5s\" data-wow-delay=\"1.2s\">\n<p><input id=\"area4\" class=\"read-more-state\" type=\"checkbox\" \/><\/p>\n<div class=\"BigNumber\">4<\/div>\n<p><strong class=\"txtUp text-left\">Otwory pod wsporniki mocuj\u0105ce<\/strong><\/p>\n<\/div>\n<\/div>\n<\/div>\n<div class=\"col-xs-12 col-md-5\"><a href=\"https:\/\/www.storevan.com\/wp-content\/uploads\/2022\/01\/banco-lavoro-pieghevole-large.jpg\" title=\"St\u00f3\u0142 oszcz\u0119dzaj\u0105cy miejsce - Large\"><img decoding=\"async\" loading=\"lazy\" src=\"https:\/\/www.storevan.com\/wp-content\/uploads\/2022\/01\/banco-lavoro-pieghevole-large-300x225.jpg\" alt=\"St\u00f3\u0142 oszcz\u0119dzaj\u0105cy miejsce - Large\" width=\"300\" height=\"225\" class=\"aligncenter size-medium wp-image-138095\" srcset=\"https:\/\/www.storevan.com\/wp-content\/uploads\/2022\/01\/banco-lavoro-pieghevole-large-300x225.jpg 300w, https:\/\/www.storevan.com\/wp-content\/uploads\/2022\/01\/banco-lavoro-pieghevole-large-768x576.jpg 768w, https:\/\/www.storevan.com\/wp-content\/uploads\/2022\/01\/banco-lavoro-pieghevole-large-425x320.jpg 425w, https:\/\/www.storevan.com\/wp-content\/uploads\/2022\/01\/banco-lavoro-pieghevole-large.jpg 800w\" sizes=\"(max-width: 300px) 100vw, 300px\" \/><\/a>\n<\/div>\n<div class=\"break\"><\/div>\n<hr class=\"noColor\" \/>\n<hr \/>\n<hr class=\"noColor\" \/>\n<h3 class=\"col-xs-12 col-md-12 text-left\">VIDEO:<\/h3>\n<div class=\"break\"><\/div>\n<hr class=\"noColor\" \/>\n<div class=\"col-xs-12 col-md-6\">\n<div class=\"iframeContent video\"><iframe loading=\"lazy\" width=\"560\" height=\"315\" src=\"https:\/\/www.youtube.com\/embed\/m_h94bqNBRc\" title=\"YouTube video player\" frameborder=\"0\" allow=\"accelerometer; autoplay; clipboard-write; encrypted-media; gyroscope; picture-in-picture\" allowfullscreen><\/iframe><\/div>\n<\/div>\n<div class=\"break\"><\/div>\n<hr \/>\n<hr class=\"noColor\" \/>\n<h3 class=\"col-xs-12 col-md-12 text-left\">GALLERY:<\/h3>\n<div class=\"break\"><\/div>\n<hr class=\"noColor\" \/>\n<div class=\"ts-gallery col-md-10 col-md-offset-1 galleryEffect mai\">\n<div class=\"col-xs-4 col-md-2\"><a href=\"https:\/\/www.storevan.com\/wp-content\/uploads\/2021\/12\/banco-da-lavoro-pieghevole.jpg\" title=\"Sk\u0142adany st\u00f3\u0142 warsztatowy - Large\"><img decoding=\"async\" loading=\"lazy\" class=\"aligncenter size-full wp-image-137477\" src=\"https:\/\/www.storevan.com\/wp-content\/uploads\/2021\/12\/banco-da-lavoro-pieghevole.jpg\" alt=\"Sk\u0142adany st\u00f3\u0142 warsztatowy\" width=\"150\" height=\"150\" srcset=\"https:\/\/www.storevan.com\/wp-content\/uploads\/2021\/12\/banco-da-lavoro-pieghevole.jpg 690w, https:\/\/www.storevan.com\/wp-content\/uploads\/2021\/12\/banco-da-lavoro-pieghevole-300x300.jpg 300w, https:\/\/www.storevan.com\/wp-content\/uploads\/2021\/12\/banco-da-lavoro-pieghevole-150x150.jpg 150w, https:\/\/www.storevan.com\/wp-content\/uploads\/2021\/12\/banco-da-lavoro-pieghevole-48x48.jpg 48w, https:\/\/www.storevan.com\/wp-content\/uploads\/2021\/12\/banco-da-lavoro-pieghevole-480x480.jpg 480w\" sizes=\"(max-width: 150px) 100vw, 150px\" \/><\/a><\/div>\n<div class=\"col-xs-4 col-md-2\"><a href=\"https:\/\/www.storevan.com\/wp-content\/uploads\/2021\/12\/2.jpg\" title=\"Sk\u0142adany st\u00f3\u0142 warsztatowy - Large\"><img decoding=\"async\" loading=\"lazy\" class=\"aligncenter size-full wp-image-137489\" src=\"https:\/\/www.storevan.com\/wp-content\/uploads\/2021\/12\/2.jpg\" alt=\"Sk\u0142adany st\u00f3\u0142 warsztatowy\" width=\"150\" height=\"150\" srcset=\"https:\/\/www.storevan.com\/wp-content\/uploads\/2021\/12\/2.jpg 690w, https:\/\/www.storevan.com\/wp-content\/uploads\/2021\/12\/2-300x300.jpg 300w, https:\/\/www.storevan.com\/wp-content\/uploads\/2021\/12\/2-150x150.jpg 150w, https:\/\/www.storevan.com\/wp-content\/uploads\/2021\/12\/2-48x48.jpg 48w, https:\/\/www.storevan.com\/wp-content\/uploads\/2021\/12\/2-480x480.jpg 480w\" sizes=\"(max-width: 150px) 100vw, 150px\" \/><\/a><\/div>\n<div class=\"col-xs-4 col-md-2\"><a href=\"https:\/\/www.storevan.com\/wp-content\/uploads\/2021\/12\/3.jpg\" title=\"Sk\u0142adany st\u00f3\u0142 warsztatowy majsterkowicza - Large\"><img decoding=\"async\" loading=\"lazy\" class=\"aligncenter size-full wp-image-137495\" src=\"https:\/\/www.storevan.com\/wp-content\/uploads\/2021\/12\/3.jpg\" alt=\"Sk\u0142adany st\u00f3\u0142 warsztatowy majsterkowicza\" width=\"150\" height=\"150\" srcset=\"https:\/\/www.storevan.com\/wp-content\/uploads\/2021\/12\/3.jpg 690w, https:\/\/www.storevan.com\/wp-content\/uploads\/2021\/12\/3-300x300.jpg 300w, https:\/\/www.storevan.com\/wp-content\/uploads\/2021\/12\/3-150x150.jpg 150w, https:\/\/www.storevan.com\/wp-content\/uploads\/2021\/12\/3-48x48.jpg 48w, https:\/\/www.storevan.com\/wp-content\/uploads\/2021\/12\/3-480x480.jpg 480w\" sizes=\"(max-width: 150px) 100vw, 150px\" \/><\/a><\/div>\n<div class=\"col-xs-4 col-md-2\"><a href=\"https:\/\/www.storevan.com\/wp-content\/uploads\/2021\/12\/5.jpg\" title=\"Uniwersalne wsporniki mocuj\u0105ce - Large\"><img decoding=\"async\" loading=\"lazy\" class=\"aligncenter size-full wp-image-137471\" src=\"https:\/\/www.storevan.com\/wp-content\/uploads\/2021\/12\/5.jpg\" alt=\"Uniwersalne wsporniki mocuj\u0105ce\" width=\"150\" height=\"150\" srcset=\"https:\/\/www.storevan.com\/wp-content\/uploads\/2021\/12\/5.jpg 690w, https:\/\/www.storevan.com\/wp-content\/uploads\/2021\/12\/5-300x300.jpg 300w, https:\/\/www.storevan.com\/wp-content\/uploads\/2021\/12\/5-150x150.jpg 150w, https:\/\/www.storevan.com\/wp-content\/uploads\/2021\/12\/5-48x48.jpg 48w, https:\/\/www.storevan.com\/wp-content\/uploads\/2021\/12\/5-480x480.jpg 480w\" sizes=\"(max-width: 150px) 100vw, 150px\" \/><\/a><\/div>\n<div class=\"col-xs-4 col-md-2\"><a href=\"https:\/\/www.storevan.com\/wp-content\/uploads\/2021\/12\/4.jpg\" title=\"St\u00f3\u0142 oszcz\u0119dzaj\u0105cy miejsce - Large\"><img decoding=\"async\" loading=\"lazy\" class=\"aligncenter size-full wp-image-137465\" src=\"https:\/\/www.storevan.com\/wp-content\/uploads\/2021\/12\/4.jpg\" alt=\"St\u00f3\u0142 oszcz\u0119dzaj\u0105cy miejsce\" width=\"150\" height=\"150\" srcset=\"https:\/\/www.storevan.com\/wp-content\/uploads\/2021\/12\/4.jpg 690w, https:\/\/www.storevan.com\/wp-content\/uploads\/2021\/12\/4-300x300.jpg 300w, https:\/\/www.storevan.com\/wp-content\/uploads\/2021\/12\/4-150x150.jpg 150w, https:\/\/www.storevan.com\/wp-content\/uploads\/2021\/12\/4-48x48.jpg 48w, https:\/\/www.storevan.com\/wp-content\/uploads\/2021\/12\/4-480x480.jpg 480w\" sizes=\"(max-width: 150px) 100vw, 150px\" \/><\/a><\/div>\n<div class=\"col-xs-4 col-md-2\"><a href=\"https:\/\/www.storevan.com\/wp-content\/uploads\/2021\/12\/tavolo-da-lavoro-pieghevole-work-table.jpg\"  title=\"Sk\u0142adany st\u00f3\u0142 warsztatowy - Large\"><img decoding=\"async\" loading=\"lazy\" class=\"aligncenter size-full wp-image-137483\" src=\"https:\/\/www.storevan.com\/wp-content\/uploads\/2021\/12\/tavolo-da-lavoro-pieghevole-work-table.jpg\" alt=\"Sk\u0142adany st\u00f3\u0142 warsztatowy Work Table\" width=\"150\" height=\"150\" srcset=\"https:\/\/www.storevan.com\/wp-content\/uploads\/2021\/12\/tavolo-da-lavoro-pieghevole-work-table.jpg 800w, https:\/\/www.storevan.com\/wp-content\/uploads\/2021\/12\/tavolo-da-lavoro-pieghevole-work-table-300x300.jpg 300w, https:\/\/www.storevan.com\/wp-content\/uploads\/2021\/12\/tavolo-da-lavoro-pieghevole-work-table-150x150.jpg 150w, https:\/\/www.storevan.com\/wp-content\/uploads\/2021\/12\/tavolo-da-lavoro-pieghevole-work-table-768x768.jpg 768w, https:\/\/www.storevan.com\/wp-content\/uploads\/2021\/12\/tavolo-da-lavoro-pieghevole-work-table-48x48.jpg 48w, https:\/\/www.storevan.com\/wp-content\/uploads\/2021\/12\/tavolo-da-lavoro-pieghevole-work-table-480x480.jpg 480w\" sizes=\"(max-width: 150px) 100vw, 150px\" \/><\/a><\/div>\n<hr class=\"noColor break\" \/>\n<\/div>\n<hr class=\"noColor break\" \/>\n<\/div>\n<\/div>\n<div id=\"tab2\" class=\"tab tab_content\">\n<div id=\"bancoSmall\" class=\"\">\n<div class=\"col-xs-12 col-md-6 ts-gallery\"><a href=\"https:\/\/www.storevan.com\/wp-content\/uploads\/2021\/12\/banco-da-lavoro-pieghevole-1.jpg\" title=\"Przeno\u015bny st\u00f3\u0142 warsztatowye - Small\"><img decoding=\"async\" loading=\"lazy\" class=\"aligncenter wp-image-137621\" src=\"https:\/\/www.storevan.com\/wp-content\/uploads\/2021\/12\/banco-da-lavoro-pieghevole-1.jpg\" alt=\"Przeno\u015bny st\u00f3\u0142 warsztatowye\" width=\"345\" height=\"345\" srcset=\"https:\/\/www.storevan.com\/wp-content\/uploads\/2021\/12\/banco-da-lavoro-pieghevole-1.jpg 690w, https:\/\/www.storevan.com\/wp-content\/uploads\/2021\/12\/banco-da-lavoro-pieghevole-1-300x300.jpg 300w, https:\/\/www.storevan.com\/wp-content\/uploads\/2021\/12\/banco-da-lavoro-pieghevole-1-150x150.jpg 150w, https:\/\/www.storevan.com\/wp-content\/uploads\/2021\/12\/banco-da-lavoro-pieghevole-1-48x48.jpg 48w, https:\/\/www.storevan.com\/wp-content\/uploads\/2021\/12\/banco-da-lavoro-pieghevole-1-480x480.jpg 480w\" sizes=\"(max-width: 345px) 100vw, 345px\" \/><\/a><\/div>\n<div class=\"col-xs-12 col-md-6\">\n<p>Sk\u0142adany przeno\u015bny st\u00f3\u0142 warsztatowy powsta\u0142 w odpowiedzi na oczekiwania tych os\u00f3b, kt\u00f3rych dzia\u0142alno\u015b\u0107 wymaga u\u017cywania blatu roboczego, kt\u00f3ry w razie potrzeby b\u0119dzie szybko dost\u0119pny i b\u0119dzie zajmowa\u0142 niewiele miejsca, w czasie kiedy si\u0119 z niego nie korzysta.<\/p>\n<ul class=\"listDalia\">\n<li><i class=\"fa fa-angle-double-right numVan\"><\/i> <span class=\"txtBlack\">ROZ\u0141O\u017bONY ST\u00d3\u0141 WARSZTATOWY: <span class=\"customblackTitleExtraSmall\">802 x 980 x 423 mm<\/span><\/span><\/li>\n<li><i class=\"fa fa-angle-double-right numVan\"><\/i> <span class=\"txtBlack\">Z\u0141O\u017bONY ST\u00d3\u0141 WARSZTATOWY: <span class=\"customblackTitleExtraSmall\">55 x 980 x 423 mm<\/span><\/span><\/li>\n<li><i class=\"fa fa-angle-double-right numVan\"><\/i> <span class=\"txtBlack\">WAGA: <span class=\"customblackTitleExtraSmall\">15kg<\/span><\/span><\/li>\n<li><i class=\"fa fa-angle-double-right numVan\"><\/i> <span class=\"txtBlack\">NO\u015aNO\u015a\u0106: <span class=\"customblackTitleExtraSmall\">150kg<\/span><\/span><\/li>\n<\/ul>\n<p>Przeno\u015bny st\u00f3\u0142 warsztatowy o niewielkich rozmiarach jest jednocze\u015bnie bardzo por\u0119czny i mo\u017cna go bez problemu przewozi\u0107 w samochodzie dostawczym, poniewa\u017c mie\u015bci si\u0119 w systemowej zabudowie \u015bciany grodziowej Store Van.<\/p>\n<hr class=\"noColor\" \/>\n<\/div>\n<div class=\"break\"><\/div>\n<hr class=\"noColor\" \/>\n<hr \/>\n<hr class=\"noColor\" \/>\n<h3 class=\"col-xs-12 col-md-12 text-left\">CHARAKTERYSTYKA:<\/h3>\n<div class=\"break\"><\/div>\n<hr class=\"noColor\" \/>\n<div class=\"contentVantaggi col-md-7\">\n<div class=\"inner_desc\">\n<div class=\"single_area fadeInUp wow\" data-wow-duration=\".5s\" data-wow-delay=\"0.6s\">\n<p><input id=\"area1\" class=\"read-more-state\" type=\"checkbox\" \/><\/p>\n<div class=\"BigNumber\">1<\/div>\n<p><strong class=\"txtUp text-left\">PROFIL BOCZNEJ KRAW\u0118DZI UMO\u017bLIWIAJ\u0104CY SZYBKIE MOCOWANIE NA SYSTEMOWEJ ZABUDOWIE \u015aCIANY GRODZIOWEJ<\/strong><\/p>\n<\/div>\n<div class=\"single_area fadeInUp wow\" data-wow-duration=\".5s\" data-wow-delay=\"0.8s\">\n<p><input id=\"area2\" class=\"read-more-state\" type=\"checkbox\" \/><\/p>\n<div class=\"BigNumber\">2<\/div>\n<p><strong class=\"txtUp text-left\">OSZCZ\u0118DZAJ\u0104CE PRZESTRZE\u0143 SK\u0141ADANE N\u00d3\u017bKI Z SZYBKIM ZAMYKANIEM<\/strong><\/p>\n<\/div>\n<div class=\"single_area fadeInUp wow\" data-wow-duration=\".5s\" data-wow-delay=\"1s\">\n<p><input id=\"area3\" class=\"read-more-state\" type=\"checkbox\" \/><\/p>\n<div class=\"BigNumber\">3<\/div>\n<p><strong class=\"txtUp text-left\">OTWORY TECHNICZNE UMO\u017bLIWIAJ\u0104CE MOCOWANIE UCHWYT\u00d3W I TRANSPORT<\/strong><\/p>\n<\/div>\n<div class=\"single_area fadeInUp wow\" data-wow-duration=\".5s\" data-wow-delay=\"1.2s\">\n<p><input id=\"area4\" class=\"read-more-state\" type=\"checkbox\" \/><\/p>\n<div class=\"BigNumber\">4<\/div>\n<p><strong class=\"txtUp text-left\">P\u0141YTA NO\u015aNA DO ZACZEP\u00d3W AIRLINE<\/strong><\/p>\n<\/div>\n<\/div>\n<\/div>\n<div class=\"col-xs-12 col-md-5 ts-gallery\"><a href=\"https:\/\/www.storevan.com\/wp-content\/uploads\/2021\/12\/banco-lavoro-furgone.jpg\" title=\"Przeno\u015bny st\u00f3\u0142 warsztatowy - Small\"><img decoding=\"async\" loading=\"lazy\" class=\"aligncenter size-full wp-image-137598\" src=\"https:\/\/www.storevan.com\/wp-content\/uploads\/2021\/12\/banco-lavoro-furgone.jpg\" alt=\"Przeno\u015bny st\u00f3\u0142 warsztatowy - Small\" width=\"300\" height=\"300\" srcset=\"https:\/\/www.storevan.com\/wp-content\/uploads\/2021\/12\/banco-lavoro-furgone.jpg 690w, https:\/\/www.storevan.com\/wp-content\/uploads\/2021\/12\/banco-lavoro-furgone-300x300.jpg 300w, https:\/\/www.storevan.com\/wp-content\/uploads\/2021\/12\/banco-lavoro-furgone-150x150.jpg 150w, https:\/\/www.storevan.com\/wp-content\/uploads\/2021\/12\/banco-lavoro-furgone-48x48.jpg 48w, https:\/\/www.storevan.com\/wp-content\/uploads\/2021\/12\/banco-lavoro-furgone-480x480.jpg 480w\" sizes=\"(max-width: 300px) 100vw, 300px\" \/><\/a><\/div>\n<div class=\"break\"><\/div>\n<hr class=\"noColor\" \/>\n<\/div>\n<div class=\"break\"><\/div>\n<hr \/>\n<hr class=\"noColor\" \/>\n<h3 class=\"col-xs-12 col-md-12 text-left\">VIDEO:<\/h3>\n<hr class=\"noColor\" \/>\n<div class=\"iframeContent video\"><iframe loading=\"lazy\" src=\"https:\/\/www.youtube.com\/embed\/WDxLvnLrlAo\" width=\"560\" height=\"315\" frameborder=\"0\" allowfullscreen=\"allowfullscreen\"><\/iframe><\/div>\n<hr class=\"noColor\" \/>\n<hr \/>\n<hr class=\"noColor\" \/>\n<h3 class=\"col-xs-12 col-md-12 text-left\">GALLERY:<\/h3>\n<div class=\"break\"><\/div>\n<hr class=\"noColor\" \/>\n<div class=\"ts-gallery col-md-10 col-md-offset-1 galleryEffect mai\">\n<div class=\"col-xs-4 col-md-2\"><a href=\"https:\/\/www.storevan.com\/wp-content\/uploads\/2021\/12\/banchetto-lavoro-pieghevole.jpg\" title=\"Przeno\u015bny st\u00f3\u0142 warsztatowye - Small\"><img decoding=\"async\" loading=\"lazy\" class=\"aligncenter wp-image-137610 size-thumbnail\" title=\"Przeno\u015bny st\u00f3\u0142 warsztatowye\" src=\"https:\/\/www.storevan.com\/wp-content\/uploads\/2021\/12\/banchetto-lavoro-pieghevole-150x150.jpg\" alt=\"Przeno\u015bny st\u00f3\u0142 warsztatowye\" width=\"150\" height=\"150\" srcset=\"https:\/\/www.storevan.com\/wp-content\/uploads\/2021\/12\/banchetto-lavoro-pieghevole-150x150.jpg 150w, https:\/\/www.storevan.com\/wp-content\/uploads\/2021\/12\/banchetto-lavoro-pieghevole-300x300.jpg 300w, https:\/\/www.storevan.com\/wp-content\/uploads\/2021\/12\/banchetto-lavoro-pieghevole-48x48.jpg 48w, https:\/\/www.storevan.com\/wp-content\/uploads\/2021\/12\/banchetto-lavoro-pieghevole-480x480.jpg 480w, https:\/\/www.storevan.com\/wp-content\/uploads\/2021\/12\/banchetto-lavoro-pieghevole.jpg 690w\" sizes=\"(max-width: 150px) 100vw, 150px\" \/><\/a><\/div>\n<div class=\"col-xs-4 col-md-2\"><a href=\"https:\/\/www.storevan.com\/wp-content\/uploads\/2021\/12\/tavolo-da-lavoro-portatile.jpg\" title=\"Sk\u0142adany st\u00f3\u0142 warsztatowy - Small\"><img decoding=\"async\" loading=\"lazy\" class=\"aligncenter wp-image-137604 size-thumbnail\" title=\"Sk\u0142adany st\u00f3\u0142 warsztatowy\" src=\"https:\/\/www.storevan.com\/wp-content\/uploads\/2021\/12\/tavolo-da-lavoro-portatile-150x150.jpg\" alt=\"Sk\u0142adany st\u00f3\u0142 warsztatowy\" width=\"150\" height=\"150\" srcset=\"https:\/\/www.storevan.com\/wp-content\/uploads\/2021\/12\/tavolo-da-lavoro-portatile-150x150.jpg 150w, https:\/\/www.storevan.com\/wp-content\/uploads\/2021\/12\/tavolo-da-lavoro-portatile-300x300.jpg 300w, https:\/\/www.storevan.com\/wp-content\/uploads\/2021\/12\/tavolo-da-lavoro-portatile-48x48.jpg 48w, https:\/\/www.storevan.com\/wp-content\/uploads\/2021\/12\/tavolo-da-lavoro-portatile-480x480.jpg 480w, https:\/\/www.storevan.com\/wp-content\/uploads\/2021\/12\/tavolo-da-lavoro-portatile.jpg 690w\" sizes=\"(max-width: 150px) 100vw, 150px\" \/><\/a><\/div>\n<div class=\"col-xs-4 col-md-2\"><a href=\"https:\/\/www.storevan.com\/wp-content\/uploads\/2019\/09\/Banco-lavoro-incastro-rapido.jpg\" title=\"Przeno\u015bny st\u00f3\u0142 warsztatowy do samochod\u00f3w dostawczych - Small\"><img decoding=\"async\" loading=\"lazy\" class=\"aligncenter wp-image-107002 size-thumbnail\" title=\"Przeno\u015bny st\u00f3\u0142 warsztatowy do samochod\u00f3w dostawczych\" src=\"https:\/\/www.storevan.com\/wp-content\/uploads\/2019\/09\/Banco-lavoro-incastro-rapido-150x150.jpg\" alt=\"Przeno\u015bny st\u00f3\u0142 warsztatowy do samochod\u00f3w dostawczych\" width=\"150\" height=\"150\" srcset=\"https:\/\/www.storevan.com\/wp-content\/uploads\/2019\/09\/Banco-lavoro-incastro-rapido-150x150.jpg 150w, https:\/\/www.storevan.com\/wp-content\/uploads\/2019\/09\/Banco-lavoro-incastro-rapido-300x300.jpg 300w, https:\/\/www.storevan.com\/wp-content\/uploads\/2019\/09\/Banco-lavoro-incastro-rapido-768x768.jpg 768w, https:\/\/www.storevan.com\/wp-content\/uploads\/2019\/09\/Banco-lavoro-incastro-rapido-48x48.jpg 48w, https:\/\/www.storevan.com\/wp-content\/uploads\/2019\/09\/Banco-lavoro-incastro-rapido-480x480.jpg 480w, https:\/\/www.storevan.com\/wp-content\/uploads\/2019\/09\/Banco-lavoro-incastro-rapido.jpg 800w\" sizes=\"(max-width: 150px) 100vw, 150px\" \/><\/a><\/div>\n<div class=\"col-xs-4 col-md-2\"><a href=\"https:\/\/www.storevan.com\/wp-content\/uploads\/2019\/09\/Tavolo-da-lavoro-pieghevole.jpg\" title=\"Oszcz\u0119dzaj\u0105ce przestrze\u0144 sk\u0142adane n\u00f3\u017cki z szybkim zamykaniem - Small\"><img decoding=\"async\" loading=\"lazy\" class=\"aligncenter wp-image-107014 size-thumbnail\" title=\"Oszcz\u0119dzaj\u0105ce przestrze\u0144 sk\u0142adane n\u00f3\u017cki z szybkim zamykaniem\" src=\"https:\/\/www.storevan.com\/wp-content\/uploads\/2019\/09\/Tavolo-da-lavoro-pieghevole-150x150.jpg\" alt=\"Oszcz\u0119dzaj\u0105ce przestrze\u0144 sk\u0142adane n\u00f3\u017cki z szybkim zamykaniem\" width=\"150\" height=\"150\" srcset=\"https:\/\/www.storevan.com\/wp-content\/uploads\/2019\/09\/Tavolo-da-lavoro-pieghevole-150x150.jpg 150w, https:\/\/www.storevan.com\/wp-content\/uploads\/2019\/09\/Tavolo-da-lavoro-pieghevole-300x300.jpg 300w, https:\/\/www.storevan.com\/wp-content\/uploads\/2019\/09\/Tavolo-da-lavoro-pieghevole-768x768.jpg 768w, https:\/\/www.storevan.com\/wp-content\/uploads\/2019\/09\/Tavolo-da-lavoro-pieghevole-48x48.jpg 48w, https:\/\/www.storevan.com\/wp-content\/uploads\/2019\/09\/Tavolo-da-lavoro-pieghevole-480x480.jpg 480w, https:\/\/www.storevan.com\/wp-content\/uploads\/2019\/09\/Tavolo-da-lavoro-pieghevole.jpg 800w\" sizes=\"(max-width: 150px) 100vw, 150px\" \/><\/a><\/div>\n<div class=\"col-xs-4 col-md-2\"><a href=\"https:\/\/www.storevan.com\/wp-content\/uploads\/2019\/09\/Banco-per-morsetti.jpg\" title=\"Otwory techniczne umo\u017cliwiaj\u0105ce mocowanie uchwyt\u00f3w i transport - Small\"><img decoding=\"async\" loading=\"lazy\" class=\"aligncenter wp-image-107008 size-thumbnail\" title=\"Otwory techniczne umo\u017cliwiaj\u0105ce mocowanie uchwyt\u00f3w i transport\" src=\"https:\/\/www.storevan.com\/wp-content\/uploads\/2019\/09\/Banco-per-morsetti-150x150.jpg\" alt=\"Otwory techniczne umo\u017cliwiaj\u0105ce mocowanie uchwyt\u00f3w i transport\" width=\"150\" height=\"150\" srcset=\"https:\/\/www.storevan.com\/wp-content\/uploads\/2019\/09\/Banco-per-morsetti-150x150.jpg 150w, https:\/\/www.storevan.com\/wp-content\/uploads\/2019\/09\/Banco-per-morsetti-300x300.jpg 300w, https:\/\/www.storevan.com\/wp-content\/uploads\/2019\/09\/Banco-per-morsetti-768x768.jpg 768w, https:\/\/www.storevan.com\/wp-content\/uploads\/2019\/09\/Banco-per-morsetti-48x48.jpg 48w, https:\/\/www.storevan.com\/wp-content\/uploads\/2019\/09\/Banco-per-morsetti-480x480.jpg 480w, https:\/\/www.storevan.com\/wp-content\/uploads\/2019\/09\/Banco-per-morsetti.jpg 800w\" sizes=\"(max-width: 150px) 100vw, 150px\" \/><\/a><\/div>\n<div class=\"col-xs-4 col-md-2\"><a href=\"https:\/\/www.storevan.com\/wp-content\/uploads\/2019\/09\/piastra-tavolo.jpg\" title=\"P\u0142yta no\u015bna do zaczep\u00f3w Airline - Small\"><img decoding=\"async\" loading=\"lazy\" class=\"aligncenter wp-image-107711 size-thumbnail\" title=\"P\u0142yta no\u015bna do zaczep\u00f3w Airline\" src=\"https:\/\/www.storevan.com\/wp-content\/uploads\/2019\/09\/piastra-tavolo-150x150.jpg\" alt=\"P\u0142yta no\u015bna do zaczep\u00f3w Airline\" width=\"150\" height=\"150\" srcset=\"https:\/\/www.storevan.com\/wp-content\/uploads\/2019\/09\/piastra-tavolo-150x150.jpg 150w, https:\/\/www.storevan.com\/wp-content\/uploads\/2019\/09\/piastra-tavolo-300x300.jpg 300w, https:\/\/www.storevan.com\/wp-content\/uploads\/2019\/09\/piastra-tavolo-768x768.jpg 768w, https:\/\/www.storevan.com\/wp-content\/uploads\/2019\/09\/piastra-tavolo-48x48.jpg 48w, https:\/\/www.storevan.com\/wp-content\/uploads\/2019\/09\/piastra-tavolo-480x480.jpg 480w, https:\/\/www.storevan.com\/wp-content\/uploads\/2019\/09\/piastra-tavolo.jpg 800w\" sizes=\"(max-width: 150px) 100vw, 150px\" \/><\/a><\/div>\n<div class=\"break\"><\/div>\n<hr class=\"noColor\" \/>\n<\/div>\n<div class=\"break\"><\/div>\n<hr class=\"noColor\" \/>\n<\/div>\n<\/div><\/div><\/div>\n<div class=\"break\"><\/div>\n<hr \/>\n<div class=\"col-xs-12 col-sm-12 col-md-6\">\n<div class=\"text-center\"><a class=\"btn btn-download\" href=\"tel:+390424585455\"><i class=\"fa fa-phone\"><\/i> <span class=\"spanBtn\">ZADZWO\u0143 TERAZ<\/span><br \/>\nuzyskasz wszelkie informacje<\/a><\/div>\n<\/div>\n<div class=\"col-xs-12 col-sm-12 col-md-6\">\n<div class=\"text-center\"><a class=\"btn btn-download btnToggle\" href=\"#formcontatto\"><i class=\"fa fa-envelope\"><\/i> <span class=\"spanBtn\">NAPISZ<\/span><br \/>\nskontaktujemy si\u0119 <\/a><\/div>\n<\/div>\n<div class=\"break\"><\/div>\n<hr \/>\n<p><a class=\"destination\" name=\"formcontatto\"><\/a><\/p>\n<div class=\"formToggle\">\n<h4 class=\"bigTxt text-center txtBkOrange\">CHCESZ WIEDZIE\u0106 WI\u0118CEJ?<\/h4>\n\n<div class=\"wpcf7 no-js\" id=\"wpcf7-f67676-o1\" lang=\"it-IT\" dir=\"ltr\">\n<div class=\"screen-reader-response\"><p role=\"status\" aria-live=\"polite\" aria-atomic=\"true\"><\/p> <ul><\/ul><\/div>\n<form action=\"\/pl\/wp-json\/wp\/v2\/pages\/107514#wpcf7-f67676-o1\" method=\"post\" class=\"wpcf7-form init\" aria-label=\"Modulo di contatto\" novalidate=\"novalidate\" data-status=\"init\">\n<div style=\"display: none;\">\n<input type=\"hidden\" name=\"_wpcf7\" value=\"67676\" \/>\n<input type=\"hidden\" name=\"_wpcf7_version\" value=\"5.7.7\" \/>\n<input type=\"hidden\" name=\"_wpcf7_locale\" value=\"it_IT\" \/>\n<input type=\"hidden\" name=\"_wpcf7_unit_tag\" value=\"wpcf7-f67676-o1\" \/>\n<input type=\"hidden\" name=\"_wpcf7_container_post\" value=\"0\" \/>\n<input type=\"hidden\" name=\"_wpcf7_posted_data_hash\" value=\"\" \/>\n<input type=\"hidden\" name=\"_wpcf7_recaptcha_response\" value=\"\" \/>\n<\/div>\n<span class=\"wpcf7-form-control-wrap url\" data-name=\"url\"><input type=\"hidden\" name=\"url\" size=\"40\" class=\"wpcf7-form-control wpcf7-hidden wpcf7dtx wpcf7dtx-hidden\" aria-invalid=\"false\" value=\"skladany-stol-warsztatowy\" autocomplete=\"off\" \/><\/span>\n<p>Wype\u0142nij poni\u017csze pola, aby otrzyma\u0107 wi\u0119cej informacji. Nasz operator skontaktuje si\u0119 z\u00a0tob\u0105 najszybciej, jak to mo\u017cliwe (* pola obowi\u0105zkowe):\n<\/p>\n<div class=\"col-xs-12 col-md-6\">\n\t<p><span class='titoli'>Imi\u0119 (*)<\/span>\n\t<\/p>\n\t<p><span class=\"wpcf7-form-control-wrap\" data-name=\"your-name\"><input size=\"40\" class=\"wpcf7-form-control wpcf7-text wpcf7-validates-as-required form-control\" aria-required=\"true\" aria-invalid=\"false\" value=\"\" type=\"text\" name=\"your-name\" \/><\/span>\n\t<\/p>\n<\/div>\n<div class=\"col-xs-12 col-md-6\">\n\t<p><span class='titoli'>Nazwisko (*)<\/span>\n\t<\/p>\n\t<p><span class=\"wpcf7-form-control-wrap\" data-name=\"your-last-name\"><input size=\"40\" class=\"wpcf7-form-control wpcf7-text wpcf7-validates-as-required form-control\" aria-required=\"true\" aria-invalid=\"false\" value=\"\" type=\"text\" name=\"your-last-name\" \/><\/span>\n\t<\/p>\n<\/div>\n<div class=\"col-xs-12 col-md-6\">\n\t<p><span class='titoli'>Firma (*)<\/span>\n\t<\/p>\n\t<p><span class=\"wpcf7-form-control-wrap\" data-name=\"your-company\"><input size=\"40\" class=\"wpcf7-form-control wpcf7-text wpcf7-validates-as-required form-control\" aria-required=\"true\" aria-invalid=\"false\" value=\"\" type=\"text\" name=\"your-company\" \/><\/span>\n\t<\/p>\n<\/div>\n<div class=\"col-xs-12 col-md-6\">\n\t<p><span class='titoli'>Numer NIP<\/span>\n\t<\/p>\n\t<p><span class=\"wpcf7-form-control-wrap\" data-name=\"p-iva\"><input size=\"40\" class=\"wpcf7-form-control wpcf7-text form-control\" aria-invalid=\"false\" value=\"\" type=\"text\" name=\"p-iva\" \/><\/span>\n\t<\/p>\n<\/div>\n<div class=\"clearboth\">\n<\/div>\n<div class=\"col-xs-12 col-md-4\">\n\t<p><span class='titoli'>Kod pocztowy (*)<\/span>\n\t<\/p>\n\t<p><span class=\"wpcf7-form-control-wrap\" data-name=\"your-zip-code\"><input size=\"40\" class=\"wpcf7-form-control wpcf7-text wpcf7-validates-as-required form-control\" aria-required=\"true\" aria-invalid=\"false\" value=\"\" type=\"text\" name=\"your-zip-code\" \/><\/span>\n\t<\/p>\n<\/div>\n<div class=\"col-xs-12 col-md-4\">\n\t<p><span class='titoli'>Adres (*)<\/span>\n\t<\/p>\n\t<p><span class=\"wpcf7-form-control-wrap\" data-name=\"your-address\"><input size=\"40\" class=\"wpcf7-form-control wpcf7-text wpcf7-validates-as-required form-control\" aria-required=\"true\" aria-invalid=\"false\" value=\"\" type=\"text\" name=\"your-address\" \/><\/span>\n\t<\/p>\n<\/div>\n<div class=\"col-xs-12 col-md-4\">\n\t<p><span class='titoli'>Miasto (*)<\/span>\n\t<\/p>\n\t<p><span class=\"wpcf7-form-control-wrap\" data-name=\"your-Town\"><input size=\"40\" class=\"wpcf7-form-control wpcf7-text wpcf7-validates-as-required form-control\" aria-required=\"true\" aria-invalid=\"false\" value=\"\" type=\"text\" name=\"your-Town\" \/><\/span>\n\t<\/p>\n<\/div>\n<div class=\"clearboth\">\n<\/div>\n<div class=\"col-xs-12 col-md-6\">\n\t<p><span class='titoli'>email (*)<\/span>\n\t<\/p>\n\t<p><span class=\"wpcf7-form-control-wrap\" data-name=\"your-email\"><input size=\"40\" class=\"wpcf7-form-control wpcf7-text wpcf7-email wpcf7-validates-as-required wpcf7-validates-as-email form-control\" aria-required=\"true\" aria-invalid=\"false\" value=\"\" type=\"email\" name=\"your-email\" \/><\/span>\n\t<\/p>\n<\/div>\n<div class=\"col-xs-12 col-md-6\">\n\t<p><span class='titoli'>Telefon (*)<\/span>\n\t<\/p>\n\t<p><span class=\"wpcf7-form-control-wrap\" data-name=\"telefono\"><input size=\"40\" class=\"wpcf7-form-control wpcf7-text wpcf7-tel wpcf7-validates-as-required wpcf7-validates-as-tel form-control\" aria-required=\"true\" aria-invalid=\"false\" value=\"\" type=\"tel\" name=\"telefono\" \/><\/span>\n\t<\/p>\n<\/div>\n<div class=\"clearboth\">\n<\/div>\n<div class=\"col-xs-12 col-md-6\">\n\t<p><span class='titoli'>Przedmiot <\/span>\n\t<\/p>\n\t<p><span class=\"wpcf7-form-control-wrap\" data-name=\"oggetto\"><select class=\"wpcf7-form-control wpcf7-select wpcf7-validates-as-required\" aria-required=\"true\" aria-invalid=\"false\" name=\"oggetto\"><option value=\"Oferta\">Oferta<\/option><option value=\"Informacje techniczne\">Informacje techniczne<\/option><option value=\"Powo\u0142anie\">Powo\u0142anie<\/option><\/select><\/span>\n\t<\/p>\n<\/div>\n<div class=\"col-xs-12 col-md-6\">\n\t<p><br \/>\n<span class=\"titoli\"> <span class=\"wpcf7-form-control-wrap\" data-name=\"cliente\"><span class=\"wpcf7-form-control wpcf7-checkbox\"><span class=\"wpcf7-list-item first last\"><label><span class=\"wpcf7-list-item-label\">Jestem ju\u017c klientem<\/span><input type=\"checkbox\" name=\"cliente[]\" value=\"Jestem ju\u017c klientem\" \/><\/label><\/span><\/span><\/span><\/span>\n\t<\/p>\n<\/div>\n<div class=\"col-xs-12 col-md-12\">\n\t<p><span class='titoli'>Wiadomo\u015b\u0107 (*)<\/span>\n\t<\/p>\n\t<p><span class=\"wpcf7-form-control-wrap\" data-name=\"your-message\"><textarea cols=\"40\" rows=\"10\" class=\"wpcf7-form-control wpcf7-textarea wpcf7-validates-as-required form-control\" aria-required=\"true\" aria-invalid=\"false\" name=\"your-message\"><\/textarea><\/span>\n\t<\/p>\n<\/div>\n<div class=\"col-xs-12 col-md-12\">\n\t<p><small>Wprowadzone dane b\u0119d\u0105 traktowane z zachowaniem \u015bcis\u0142ej poufno\u015bci zgodnie z prawem i nasz\u0105 polityk\u0105 prywatno\u015bci. <a href=\"https:\/\/www.storevan.com\/pl\/privacy-policy\/\">Polityk\u0105 prywatno\u015bci<\/a><\/small>\n\t<\/p>\n\t<p><span class=\"wpcf7-form-control-wrap\" data-name=\"AccettazionePrivacy\"><span class=\"wpcf7-form-control wpcf7-acceptance\"><span class=\"wpcf7-list-item\"><input type=\"checkbox\" name=\"AccettazionePrivacy\" value=\"1\" aria-invalid=\"false\" \/><\/span><\/span><\/span> O\u015bwiadczam, \u017ce zapozna\u0142am si\u0119 z <a href=\"https:\/\/www.storevan.com\/pl\/privacy-policy\/\">polityk\u0105 prywatno\u015bci<\/a> i zgadzam si\u0119 na wykorzystanie moich danych osobowych w opisanych tam przypadkach.(*)(*)<br \/>\n\t<span class=\"wpcf7-form-control-wrap recaptcha\" data-name=\"recaptcha\"><span data-sitekey=\"6LdfM4AUAAAAAJjsAucux5WVNA3hsk5KP0a03T_n\" class=\"wpcf7-form-control g-recaptcha wpcf7-recaptcha\"><\/span>\r\n<noscript>\r\n\t<div class=\"grecaptcha-noscript\">\r\n\t\t<iframe src=\"https:\/\/www.google.com\/recaptcha\/api\/fallback?k=6LdfM4AUAAAAAJjsAucux5WVNA3hsk5KP0a03T_n\" frameborder=\"0\" scrolling=\"no\" width=\"310\" height=\"430\">\r\n\t\t<\/iframe>\r\n\t\t<textarea name=\"g-recaptcha-response\" rows=\"3\" cols=\"40\" placeholder=\"reCaptcha Response Here\">\r\n\t\t<\/textarea>\r\n\t<\/div>\r\n<\/noscript>\r\n<\/span>\n\t<\/p>\n<\/div>\n<hr class=\"noColor\" \/>\n<p><input class=\"wpcf7-form-control has-spinner wpcf7-submit\" type=\"submit\" value=\"Wy\u015blij\" \/>\n<\/p><div class=\"wpcf7-response-output\" aria-hidden=\"true\"><\/div>\n<\/form>\n<\/div>\n<\/div>\n","protected":false},"excerpt":{"rendered":"<p>Sk\u0142adany st\u00f3\u0142 warsztatowy: dwa rozmiary do tysi\u0105ca zastosowa\u0144 Lekkie, przeno\u015bne sk\u0142adane sto\u0142y warsztatowe: zawsze gotowe w razie potrzeby! Sk\u0142adany st\u00f3\u0142 warsztatowy to idealne rozwi\u0105zanie umo\u017cliwiaj\u0105ce wykonanie drobnych zada\u0144, kt\u00f3re mog\u0105.<\/p>\n","protected":false},"author":470,"featured_media":137604,"parent":8994,"menu_order":0,"comment_status":"closed","ping_status":"closed","template":"","meta":[],"acf":[],"yoast_head":"<!-- This site is optimized with the Yoast SEO plugin v20.11 - https:\/\/yoast.com\/wordpress\/plugins\/seo\/ -->\n<title>Sk\u0142adany st\u00f3\u0142 warsztatowy<\/title>\n<meta name=\"description\" content=\"Sk\u0142adany st\u00f3\u0142 warsztatowy: dost\u0119pne 2 wersje, r\u00f3\u017cni\u0105ce si\u0119 przeznaczeniem i no\u015bno\u015bci\u0105. Idealna zabudowa warsztat\u00f3w na k\u00f3\u0142kach i st\u00f3\u0142 majsterkowicza.\" \/>\n<meta name=\"robots\" content=\"index, follow, max-snippet:-1, max-image-preview:large, max-video-preview:-1\" \/>\n<link rel=\"canonical\" href=\"https:\/\/www.storevan.com\/pl\/produkty\/skladany-stol-warsztatowy\/\" \/>\n<meta property=\"og:locale\" content=\"pl_PL\" \/>\n<meta property=\"og:type\" content=\"article\" \/>\n<meta property=\"og:title\" content=\"Sk\u0142adany st\u00f3\u0142 warsztatowy\" \/>\n<meta property=\"og:description\" content=\"Sk\u0142adany st\u00f3\u0142 warsztatowy: dost\u0119pne 2 wersje, r\u00f3\u017cni\u0105ce si\u0119 przeznaczeniem i no\u015bno\u015bci\u0105. Idealna zabudowa warsztat\u00f3w na k\u00f3\u0142kach i st\u00f3\u0142 majsterkowicza.\" \/>\n<meta property=\"og:url\" content=\"https:\/\/www.storevan.com\/pl\/produkty\/skladany-stol-warsztatowy\/\" \/>\n<meta property=\"og:site_name\" content=\"Store Van\" \/>\n<meta property=\"article:modified_time\" content=\"2022-01-18T14:34:10+00:00\" \/>\n<meta property=\"og:image\" content=\"https:\/\/www.storevan.com\/wp-content\/uploads\/2021\/12\/tavolo-da-lavoro-portatile.jpg\" \/>\n\t<meta property=\"og:image:width\" content=\"690\" \/>\n\t<meta property=\"og:image:height\" content=\"690\" \/>\n\t<meta property=\"og:image:type\" content=\"image\/jpeg\" \/>\n<meta name=\"twitter:label1\" content=\"Szacowany czas czytania\" \/>\n\t<meta name=\"twitter:data1\" content=\"2 minuty\" \/>\n<script type=\"application\/ld+json\" class=\"yoast-schema-graph\">{\"@context\":\"https:\/\/schema.org\",\"@graph\":[{\"@type\":\"WebPage\",\"@id\":\"https:\/\/www.storevan.com\/pl\/produkty\/skladany-stol-warsztatowy\/\",\"url\":\"https:\/\/www.storevan.com\/pl\/produkty\/skladany-stol-warsztatowy\/\",\"name\":\"Sk\u0142adany st\u00f3\u0142 warsztatowy\",\"isPartOf\":{\"@id\":\"https:\/\/www.storevan.com\/pl\/#website\"},\"datePublished\":\"2019-09-30T06:38:37+00:00\",\"dateModified\":\"2022-01-18T14:34:10+00:00\",\"description\":\"Sk\u0142adany st\u00f3\u0142 warsztatowy: dost\u0119pne 2 wersje, r\u00f3\u017cni\u0105ce si\u0119 przeznaczeniem i no\u015bno\u015bci\u0105. Idealna zabudowa warsztat\u00f3w na k\u00f3\u0142kach i st\u00f3\u0142 majsterkowicza.\",\"breadcrumb\":{\"@id\":\"https:\/\/www.storevan.com\/pl\/produkty\/skladany-stol-warsztatowy\/#breadcrumb\"},\"inLanguage\":\"pl-PL\",\"potentialAction\":[{\"@type\":\"ReadAction\",\"target\":[\"https:\/\/www.storevan.com\/pl\/produkty\/skladany-stol-warsztatowy\/\"]}]},{\"@type\":\"BreadcrumbList\",\"@id\":\"https:\/\/www.storevan.com\/pl\/produkty\/skladany-stol-warsztatowy\/#breadcrumb\",\"itemListElement\":[{\"@type\":\"ListItem\",\"position\":1,\"name\":\"Home\",\"item\":\"https:\/\/www.storevan.com\/pl\/\"},{\"@type\":\"ListItem\",\"position\":2,\"name\":\"Produkty\",\"item\":\"https:\/\/www.storevan.com\/pl\/produkty\/\"},{\"@type\":\"ListItem\",\"position\":3,\"name\":\"Sk\u0142adany st\u00f3\u0142 warsztatowy\"}]},{\"@type\":\"WebSite\",\"@id\":\"https:\/\/www.storevan.com\/pl\/#website\",\"url\":\"https:\/\/www.storevan.com\/pl\/\",\"name\":\"Store Van\",\"description\":\"Zabudowy\",\"potentialAction\":[{\"@type\":\"SearchAction\",\"target\":{\"@type\":\"EntryPoint\",\"urlTemplate\":\"https:\/\/www.storevan.com\/pl\/?s={search_term_string}\"},\"query-input\":\"required name=search_term_string\"}],\"inLanguage\":\"pl-PL\"}]}<\/script>\n<!-- \/ Yoast SEO plugin. -->","yoast_head_json":{"title":"Sk\u0142adany st\u00f3\u0142 warsztatowy","description":"Sk\u0142adany st\u00f3\u0142 warsztatowy: dost\u0119pne 2 wersje, r\u00f3\u017cni\u0105ce si\u0119 przeznaczeniem i no\u015bno\u015bci\u0105. Idealna zabudowa warsztat\u00f3w na k\u00f3\u0142kach i st\u00f3\u0142 majsterkowicza.","robots":{"index":"index","follow":"follow","max-snippet":"max-snippet:-1","max-image-preview":"max-image-preview:large","max-video-preview":"max-video-preview:-1"},"canonical":"https:\/\/www.storevan.com\/pl\/produkty\/skladany-stol-warsztatowy\/","og_locale":"pl_PL","og_type":"article","og_title":"Sk\u0142adany st\u00f3\u0142 warsztatowy","og_description":"Sk\u0142adany st\u00f3\u0142 warsztatowy: dost\u0119pne 2 wersje, r\u00f3\u017cni\u0105ce si\u0119 przeznaczeniem i no\u015bno\u015bci\u0105. Idealna zabudowa warsztat\u00f3w na k\u00f3\u0142kach i st\u00f3\u0142 majsterkowicza.","og_url":"https:\/\/www.storevan.com\/pl\/produkty\/skladany-stol-warsztatowy\/","og_site_name":"Store Van","article_modified_time":"2022-01-18T14:34:10+00:00","og_image":[{"width":690,"height":690,"url":"https:\/\/www.storevan.com\/wp-content\/uploads\/2021\/12\/tavolo-da-lavoro-portatile.jpg","type":"image\/jpeg"}],"twitter_misc":{"Szacowany czas czytania":"2 minuty"},"schema":{"@context":"https:\/\/schema.org","@graph":[{"@type":"WebPage","@id":"https:\/\/www.storevan.com\/pl\/produkty\/skladany-stol-warsztatowy\/","url":"https:\/\/www.storevan.com\/pl\/produkty\/skladany-stol-warsztatowy\/","name":"Sk\u0142adany st\u00f3\u0142 warsztatowy","isPartOf":{"@id":"https:\/\/www.storevan.com\/pl\/#website"},"datePublished":"2019-09-30T06:38:37+00:00","dateModified":"2022-01-18T14:34:10+00:00","description":"Sk\u0142adany st\u00f3\u0142 warsztatowy: dost\u0119pne 2 wersje, r\u00f3\u017cni\u0105ce si\u0119 przeznaczeniem i no\u015bno\u015bci\u0105. Idealna zabudowa warsztat\u00f3w na k\u00f3\u0142kach i st\u00f3\u0142 majsterkowicza.","breadcrumb":{"@id":"https:\/\/www.storevan.com\/pl\/produkty\/skladany-stol-warsztatowy\/#breadcrumb"},"inLanguage":"pl-PL","potentialAction":[{"@type":"ReadAction","target":["https:\/\/www.storevan.com\/pl\/produkty\/skladany-stol-warsztatowy\/"]}]},{"@type":"BreadcrumbList","@id":"https:\/\/www.storevan.com\/pl\/produkty\/skladany-stol-warsztatowy\/#breadcrumb","itemListElement":[{"@type":"ListItem","position":1,"name":"Home","item":"https:\/\/www.storevan.com\/pl\/"},{"@type":"ListItem","position":2,"name":"Produkty","item":"https:\/\/www.storevan.com\/pl\/produkty\/"},{"@type":"ListItem","position":3,"name":"Sk\u0142adany st\u00f3\u0142 warsztatowy"}]},{"@type":"WebSite","@id":"https:\/\/www.storevan.com\/pl\/#website","url":"https:\/\/www.storevan.com\/pl\/","name":"Store Van","description":"Zabudowy","potentialAction":[{"@type":"SearchAction","target":{"@type":"EntryPoint","urlTemplate":"https:\/\/www.storevan.com\/pl\/?s={search_term_string}"},"query-input":"required name=search_term_string"}],"inLanguage":"pl-PL"}]}},"_links":{"self":[{"href":"https:\/\/www.storevan.com\/pl\/wp-json\/wp\/v2\/pages\/107514"}],"collection":[{"href":"https:\/\/www.storevan.com\/pl\/wp-json\/wp\/v2\/pages"}],"about":[{"href":"https:\/\/www.storevan.com\/pl\/wp-json\/wp\/v2\/types\/page"}],"author":[{"embeddable":true,"href":"https:\/\/www.storevan.com\/pl\/wp-json\/wp\/v2\/users\/470"}],"replies":[{"embeddable":true,"href":"https:\/\/www.storevan.com\/pl\/wp-json\/wp\/v2\/comments?post=107514"}],"version-history":[{"count":11,"href":"https:\/\/www.storevan.com\/pl\/wp-json\/wp\/v2\/pages\/107514\/revisions"}],"predecessor-version":[{"id":138569,"href":"https:\/\/www.storevan.com\/pl\/wp-json\/wp\/v2\/pages\/107514\/revisions\/138569"}],"up":[{"embeddable":true,"href":"https:\/\/www.storevan.com\/pl\/wp-json\/wp\/v2\/pages\/8994"}],"wp:featuredmedia":[{"embeddable":true,"href":"https:\/\/www.storevan.com\/pl\/wp-json\/wp\/v2\/media\/137604"}],"wp:attachment":[{"href":"https:\/\/www.storevan.com\/pl\/wp-json\/wp\/v2\/media?parent=107514"}],"curies":[{"name":"wp","href":"https:\/\/api.w.org\/{rel}","templated":true}]}}