{"id":105182,"date":"2019-06-25T13:10:05","date_gmt":"2019-06-25T13:10:05","guid":{"rendered":"https:\/\/www.storevan.com\/?page_id=105182"},"modified":"2019-07-22T09:52:14","modified_gmt":"2019-07-22T09:52:14","slug":"transport-sprzetu-agd","status":"publish","type":"page","link":"https:\/\/www.storevan.com\/pl\/produkty\/skladane-polki-do-samochodow-dostawczych\/transport-sprzetu-agd\/","title":{"rendered":"Transport sprz\u0119tu AGD"},"content":{"rendered":"<h1 class=\"customblackTitleSmall\">Zabudowa do transportu sprz\u0119tu agd<\/h1>\n<hr class=\"noColor\" \/>\n<div class=\"col-xs-12 col-sm-6 col-md-6\">\n<h2 class=\"txtBlack\">Jak wys\u0142a\u0107 sprz\u0119t AGD<\/h2>\n<div class=\"borderTitle\"><\/div>\n<p>Transport sprz\u0119tu AGD i og\u00f3lnie wszelkich produkt\u00f3w o r\u00f3\u017cnych rozmiarach, czasem r\u00f3wnie\u017c delikatnych, mo\u017ce wi\u0105za\u0107 si\u0119 ze znacznym ryzykiem. Towar nale\u017cy <strong>za\u0142adowa\u0107, pami\u0119taj\u0105c o r\u00f3\u017cnych rozmiarach, wadze i mo\u017cliwo\u015bci uk\u0142adania produkt\u00f3w jeden na drugim<\/strong>. Przy przewo\u017ceniu w pozycji poziomej przedni i tylny bok produktu nie powinien styka\u0107 si\u0119 z pod\u0142o\u017cem. Ponadto nale\u017cy zwr\u00f3ci\u0107 szczeg\u00f3ln\u0105 uwag\u0119 na spos\u00f3b opakowania produkt\u00f3w. Najlepiej u\u017cywa\u0107 w tym celu styropianu, tektury, folii, ta\u015bmy stalowej i palet, tak aby towar by\u0142 stabilny i bezpieczny.<\/p>\n<h3>Light Shelf, idealne rozwi\u0105zanie przy transporcie sprz\u0119tu agd<\/h3>\n<p><a href=\"https:\/\/www.storevan.com\/pl\/produkty\/skladane-polki-do-samochodow-dostawczych\/\" title=\"System sk\u0142adanych p\u00f3\u0142ek Light Shelf\">System sk\u0142adanych p\u00f3\u0142ek Light Shelf<\/a> stanowi idealne rozwi\u0105zanie nie tylko dla sklep\u00f3w sprz\u0119tu AGD, ale r\u00f3wnie\u017c dla wszystkich tych, kt\u00f3rzy zajmuj\u0105 si\u0119 <strong>transportem i monta\u017cem sprz\u0119tu AGD<\/strong>. P\u00f3\u0142ki do samochod\u00f3w dostawczych mo\u017cna sk\u0142ada\u0107 w zale\u017cno\u015bci od liczby i wielko\u015bci przewo\u017conych produkt\u00f3w. Na przyk\u0142ad po otwarciu <strong>p\u00f3\u0142ek mo\u017cna na nich przewozi\u0107 towary ma\u0142ej i \u015bredniej wielko\u015bci<\/strong>, takie jak \u017celazka czy tostery, podczas gdy <strong>w \u015brodkowej przestrzeni mo\u017cna umie\u015bci\u0107 pralki, zmywarki<\/strong> itp. Natomiast po zamkni\u0119ciu p\u00f3\u0142ek wolna przestrze\u0144 znacznie si\u0119 zwi\u0119ksza, umo\u017cliwiaj\u0105c za\u0142adowanie wi\u0119kszych towar\u00f3w \u2013 to idealne rozwi\u0105zanie przy <strong>transporcie lod\u00f3wek lub zamra\u017carek skrzyniowych<\/strong>.<\/p>\n<div class=\"ts-gallery col-md-10 col-md-offset-1\">\n<div class=\"borderTitleCenterOrange\"><\/div>\n<div class=\"col-xs-6 col-md-3\"><a href=\"https:\/\/www.storevan.com\/wp-content\/uploads\/2019\/06\/ripiani-ribaltabili-trasporto-elettrodomestici.jpg\"><img decoding=\"async\" loading=\"lazy\" src=\"https:\/\/www.storevan.com\/wp-content\/uploads\/2019\/06\/ripiani-ribaltabili-trasporto-elettrodomestici-150x150.jpg\" alt=\"Sk\u0142adane p\u00f3\u0142ki idealne do transportu oprzyrz\u0105dowania i sprz\u0119tu AGD\" width=\"150\" height=\"150\" class=\"aligncenter size-thumbnail wp-image-104448\" srcset=\"https:\/\/www.storevan.com\/wp-content\/uploads\/2019\/06\/ripiani-ribaltabili-trasporto-elettrodomestici-150x150.jpg 150w, https:\/\/www.storevan.com\/wp-content\/uploads\/2019\/06\/ripiani-ribaltabili-trasporto-elettrodomestici-48x48.jpg 48w, https:\/\/www.storevan.com\/wp-content\/uploads\/2019\/06\/ripiani-ribaltabili-trasporto-elettrodomestici-480x480.jpg 480w\" sizes=\"(max-width: 150px) 100vw, 150px\" \/><\/a><\/div>\n<div class=\"col-xs-6 col-md-3\"><a href=\"https:\/\/www.storevan.com\/wp-content\/uploads\/2019\/06\/furgoni-negozi-elettrodomestici.jpg\"><img decoding=\"async\" loading=\"lazy\" src=\"https:\/\/www.storevan.com\/wp-content\/uploads\/2019\/06\/furgoni-negozi-elettrodomestici-150x150.jpg\" alt=\"Furgoni per negozi di elettrodomestici\" width=\"150\" height=\"150\" class=\"aligncenter size-thumbnail wp-image-104442\" srcset=\"https:\/\/www.storevan.com\/wp-content\/uploads\/2019\/06\/furgoni-negozi-elettrodomestici-150x150.jpg 150w, https:\/\/www.storevan.com\/wp-content\/uploads\/2019\/06\/furgoni-negozi-elettrodomestici-48x48.jpg 48w, https:\/\/www.storevan.com\/wp-content\/uploads\/2019\/06\/furgoni-negozi-elettrodomestici-480x480.jpg 480w\" sizes=\"(max-width: 150px) 100vw, 150px\" \/><\/a><\/div>\n<hr class=\"noColor break visible-xs\"\/>\n<div class=\"col-xs-6 col-md-3\"><a href=\"https:\/\/www.storevan.com\/wp-content\/uploads\/2019\/06\/consegna-elettrodomestici.jpg\"><img decoding=\"async\" loading=\"lazy\" src=\"https:\/\/www.storevan.com\/wp-content\/uploads\/2019\/06\/consegna-elettrodomestici-150x150.jpg\" alt=\"Consegna elettrodomestici\" width=\"150\" height=\"150\" class=\"aligncenter size-thumbnail wp-image-104463\" srcset=\"https:\/\/www.storevan.com\/wp-content\/uploads\/2019\/06\/consegna-elettrodomestici-150x150.jpg 150w, https:\/\/www.storevan.com\/wp-content\/uploads\/2019\/06\/consegna-elettrodomestici-48x48.jpg 48w\" sizes=\"(max-width: 150px) 100vw, 150px\" \/><\/a><\/div>\n<div class=\"col-xs-6 col-md-3\"><a href=\"https:\/\/www.storevan.com\/wp-content\/uploads\/2019\/06\/ripiano-scaffalatura.jpg\"><img decoding=\"async\" loading=\"lazy\" src=\"https:\/\/www.storevan.com\/wp-content\/uploads\/2019\/06\/ripiano-scaffalatura-150x150.jpg\" alt=\"Ripiani  e scaffalatura per furgoni\" width=\"150\" height=\"150\" class=\"aligncenter size-thumbnail wp-image-104469\" srcset=\"https:\/\/www.storevan.com\/wp-content\/uploads\/2019\/06\/ripiano-scaffalatura-150x150.jpg 150w, https:\/\/www.storevan.com\/wp-content\/uploads\/2019\/06\/ripiano-scaffalatura-48x48.jpg 48w, https:\/\/www.storevan.com\/wp-content\/uploads\/2019\/06\/ripiano-scaffalatura-480x480.jpg 480w\" sizes=\"(max-width: 150px) 100vw, 150px\" \/><\/a><\/div>\n<div class=\"break\"><\/div>\n<div class=\"borderTitleCenterOrange\"><\/div>\n<hr class=\"noColor \" \/>\n<\/div>\n<\/div>\n<div class=\"col-xs-12 col-sm-6 col-md-6 text-center\"><img decoding=\"async\" loading=\"lazy\" src=\"https:\/\/www.storevan.com\/wp-content\/uploads\/2019\/06\/allestimento-trasporto-elettrodomestici.jpg\" alt=\"Zabudowa do transportu sprz\u0119tu agd\" width=\"550\" height=\"520\" class=\"aligncenter size-full wp-image-104436\" srcset=\"https:\/\/www.storevan.com\/wp-content\/uploads\/2019\/06\/allestimento-trasporto-elettrodomestici.jpg 550w, https:\/\/www.storevan.com\/wp-content\/uploads\/2019\/06\/allestimento-trasporto-elettrodomestici-300x284.jpg 300w\" sizes=\"(max-width: 550px) 100vw, 550px\" \/><a href=\"#formcontatto\" class=\"btn btn-primary btnToggle noMarg\" title=\"Uzyskaj dodatkowe informacje\">Chesz wiedzie\u0107 wi\u0119cej o Light Shelf? Uzyskaj dodatkowe informacje!  <i class=\"fa fa-angle-double-right\"><\/i><\/a><\/div>\n<div class=\"break\"><\/div>\n<hr class=\"noColor\"\/>\n<hr class=\"noColor\"\/>\n<div class=\"col-xs-12 col-sm-12 col-md-12\">\n<p class=\"text-justify\"><strong>Bezpiecze\u0144stwo \u0142adunku<\/strong> podczas transportu zapewniaj\u0105 <strong>pasy mocuj\u0105ce i dr\u0105\u017cki teleskopowe<\/strong>, w po\u0142\u0105czeniu z punktami kotwienia znajduj\u0105cymi si\u0119 w pod\u0142odze i pod p\u00f3\u0142kami. Zastosowanie tych element\u00f3w pozwala stworzy\u0107 konstrukcj\u0119 szkieletow\u0105 zapobiegaj\u0105c\u0105 przesuwaniu si\u0119 i przechylaniu towar\u00f3w podczas ruchu pojazdu. W przypadku przewozu towaru na paletach mo\u017cna zastosowa\u0107 gumowe maty antypo\u015blizgowe zwi\u0119kszaj\u0105ce tarcie mi\u0119dzy paletami i pod\u0142og\u0105.<\/p>\n<p>Do ka\u017cdej zabudowy mo\u017cna doda\u0107 <strong>rampy za\u0142adunkowe<\/strong> Store Van, stanowi\u0105ce istotn\u0105 pomoc przy \u0142adowaniu i wy\u0142adowywaniu przewo\u017conego sprz\u0119tu AGD. Ponadto baga\u017cniki drabinowe i uchwyty uniwersalne to dwa dodatkowe elementy, kt\u00f3re mog\u0105 okaza\u0107 si\u0119 pomocne w przypadku monta\u017cu sprz\u0119tu AGD na wysoko\u015bci (klimatyzatory, okapy itp.).<\/p>\n<hr class=\"noColor\"\/>\n<div class=\"hidden-xs col-sm-2 col-md-3\">\n<hr class=\"orangeLine\">\n<\/div>\n<div class=\"col-xs-12 col-sm-8 col-md-6\">\n<h3 class=\"text-center titBoxDivisor\">Zalety systemu sk\u0142adanych p\u00f3\u0142ek do samochod\u00f3w dostawczych Light Shelf:<\/h3>\n<\/div>\n<div class=\"hidden-xs col-sm-2 col-md-3\">\n<hr class=\"orangeLine\">\n<\/div>\n<div class=\"break\"><\/div>\n<hr class=\"noColor\"\/>\n<ul class=\"noList\">\n<li class=\"col-xs-12 col-sm-6 col-md-4\"><i class=\"fa fa-check txtGreen\"><\/i> No\u015bno\u015b\u0107 do 120 kg;<\/li>\n<li class=\"col-xs-12 col-sm-6 col-md-4\"><i class=\"fa fa-check txtGreen\"><\/i> 6 p\u00f3\u0142ek na wysoko\u015b\u0107;<\/li>\n<li class=\"col-xs-12 col-sm-6 col-md-4\"><i class=\"fa fa-check txtGreen\"><\/i> Idealny do transportu wyd\u0142u\u017conych towar\u00f3w;<\/li>\n<li class=\"col-xs-12 col-sm-6 col-md-4\"><i class=\"fa fa-check txtGreen\"><\/i> Kompatybilny z opakowaniami o standardowych rozmiarach europejskich;<\/li>\n<li class=\"col-xs-12 col-sm-6 col-md-4\"><i class=\"fa fa-check txtGreen\"><\/i> Zamkni\u0119cie ca\u0142kowite lub cz\u0119\u015bciowe;<\/li>\n<li class=\"col-xs-12 col-sm-6 col-md-4\"><i class=\"fa fa-check txtGreen\"><\/i> Brak ostrych kant\u00f3w na wszystkich kraw\u0119dziach i otworach.<\/li>\n<\/ul>\n<\/div>\n<div class=\"break\"><\/div>\n<hr class=\"noColor\" \/>\n<hr class=\"noColor\"\/>\n<hr \/>\n<div class=\"col-xs-12 col-sm-12 col-md-6\">\n<div class=\"text-center\"><a class=\"btn btn-download\" href=\"tel:+390424585455\"><i class=\"fa fa-phone\"><\/i> <span class=\"spanBtn\">ZADZWO\u0143 TERAZ<\/span><br \/>\nuzyskasz wszelkie informacje<\/a><\/div>\n<\/div>\n<div class=\"col-xs-12 col-sm-12 col-md-6\">\n<div class=\"text-center\"><a class=\"btn btn-download btnToggle\" href=\"#formcontatto\"><i class=\"fa fa-envelope\"><\/i> <span class=\"spanBtn\">NAPISZ<\/span><br \/>\nskontaktujemy si\u0119 <\/a><\/div>\n<\/div>\n<div class=\"break\"><\/div>\n<hr \/>\n<p><a name=\"formcontatto\" class=\"destination\"><\/a><\/p>\n<div class=\"formToggle\">\n<h4 class=\"bigTxt text-center txtBkOrange\"><i class=\"fa fa-envelope pull-left\"><\/i>Szafki szufladowe do samochod\u00f3w dostawczych \u2013 ceny i informacje<\/h4>\n\n<div class=\"wpcf7 no-js\" id=\"wpcf7-f67676-o1\" lang=\"it-IT\" dir=\"ltr\">\n<div class=\"screen-reader-response\"><p role=\"status\" aria-live=\"polite\" aria-atomic=\"true\"><\/p> <ul><\/ul><\/div>\n<form action=\"\/pl\/wp-json\/wp\/v2\/pages\/105182#wpcf7-f67676-o1\" method=\"post\" class=\"wpcf7-form init\" aria-label=\"Modulo di contatto\" novalidate=\"novalidate\" data-status=\"init\">\n<div style=\"display: none;\">\n<input type=\"hidden\" name=\"_wpcf7\" value=\"67676\" \/>\n<input type=\"hidden\" name=\"_wpcf7_version\" value=\"5.7.7\" \/>\n<input type=\"hidden\" name=\"_wpcf7_locale\" value=\"it_IT\" \/>\n<input type=\"hidden\" name=\"_wpcf7_unit_tag\" value=\"wpcf7-f67676-o1\" \/>\n<input type=\"hidden\" name=\"_wpcf7_container_post\" value=\"0\" \/>\n<input type=\"hidden\" name=\"_wpcf7_posted_data_hash\" value=\"\" \/>\n<input type=\"hidden\" name=\"_wpcf7_recaptcha_response\" value=\"\" \/>\n<\/div>\n<span class=\"wpcf7-form-control-wrap url\" data-name=\"url\"><input type=\"hidden\" name=\"url\" size=\"40\" class=\"wpcf7-form-control wpcf7-hidden wpcf7dtx wpcf7dtx-hidden\" aria-invalid=\"false\" value=\"transport-sprzetu-agd\" autocomplete=\"off\" \/><\/span>\n<p>Wype\u0142nij poni\u017csze pola, aby otrzyma\u0107 wi\u0119cej informacji. Nasz operator skontaktuje si\u0119 z\u00a0tob\u0105 najszybciej, jak to mo\u017cliwe (* pola obowi\u0105zkowe):\n<\/p>\n<div class=\"col-xs-12 col-md-6\">\n\t<p><span class='titoli'>Imi\u0119 (*)<\/span>\n\t<\/p>\n\t<p><span class=\"wpcf7-form-control-wrap\" data-name=\"your-name\"><input size=\"40\" class=\"wpcf7-form-control wpcf7-text wpcf7-validates-as-required form-control\" aria-required=\"true\" aria-invalid=\"false\" value=\"\" type=\"text\" name=\"your-name\" \/><\/span>\n\t<\/p>\n<\/div>\n<div class=\"col-xs-12 col-md-6\">\n\t<p><span class='titoli'>Nazwisko (*)<\/span>\n\t<\/p>\n\t<p><span class=\"wpcf7-form-control-wrap\" data-name=\"your-last-name\"><input size=\"40\" class=\"wpcf7-form-control wpcf7-text wpcf7-validates-as-required form-control\" aria-required=\"true\" aria-invalid=\"false\" value=\"\" type=\"text\" name=\"your-last-name\" \/><\/span>\n\t<\/p>\n<\/div>\n<div class=\"col-xs-12 col-md-6\">\n\t<p><span class='titoli'>Firma (*)<\/span>\n\t<\/p>\n\t<p><span class=\"wpcf7-form-control-wrap\" data-name=\"your-company\"><input size=\"40\" class=\"wpcf7-form-control wpcf7-text wpcf7-validates-as-required form-control\" aria-required=\"true\" aria-invalid=\"false\" value=\"\" type=\"text\" name=\"your-company\" \/><\/span>\n\t<\/p>\n<\/div>\n<div class=\"col-xs-12 col-md-6\">\n\t<p><span class='titoli'>Numer NIP<\/span>\n\t<\/p>\n\t<p><span class=\"wpcf7-form-control-wrap\" data-name=\"p-iva\"><input size=\"40\" class=\"wpcf7-form-control wpcf7-text form-control\" aria-invalid=\"false\" value=\"\" type=\"text\" name=\"p-iva\" \/><\/span>\n\t<\/p>\n<\/div>\n<div class=\"clearboth\">\n<\/div>\n<div class=\"col-xs-12 col-md-4\">\n\t<p><span class='titoli'>Kod pocztowy (*)<\/span>\n\t<\/p>\n\t<p><span class=\"wpcf7-form-control-wrap\" data-name=\"your-zip-code\"><input size=\"40\" class=\"wpcf7-form-control wpcf7-text wpcf7-validates-as-required form-control\" aria-required=\"true\" aria-invalid=\"false\" value=\"\" type=\"text\" name=\"your-zip-code\" \/><\/span>\n\t<\/p>\n<\/div>\n<div class=\"col-xs-12 col-md-4\">\n\t<p><span class='titoli'>Adres (*)<\/span>\n\t<\/p>\n\t<p><span class=\"wpcf7-form-control-wrap\" data-name=\"your-address\"><input size=\"40\" class=\"wpcf7-form-control wpcf7-text wpcf7-validates-as-required form-control\" aria-required=\"true\" aria-invalid=\"false\" value=\"\" type=\"text\" name=\"your-address\" \/><\/span>\n\t<\/p>\n<\/div>\n<div class=\"col-xs-12 col-md-4\">\n\t<p><span class='titoli'>Miasto (*)<\/span>\n\t<\/p>\n\t<p><span class=\"wpcf7-form-control-wrap\" data-name=\"your-Town\"><input size=\"40\" class=\"wpcf7-form-control wpcf7-text wpcf7-validates-as-required form-control\" aria-required=\"true\" aria-invalid=\"false\" value=\"\" type=\"text\" name=\"your-Town\" \/><\/span>\n\t<\/p>\n<\/div>\n<div class=\"clearboth\">\n<\/div>\n<div class=\"col-xs-12 col-md-6\">\n\t<p><span class='titoli'>email (*)<\/span>\n\t<\/p>\n\t<p><span class=\"wpcf7-form-control-wrap\" data-name=\"your-email\"><input size=\"40\" class=\"wpcf7-form-control wpcf7-text wpcf7-email wpcf7-validates-as-required wpcf7-validates-as-email form-control\" aria-required=\"true\" aria-invalid=\"false\" value=\"\" type=\"email\" name=\"your-email\" \/><\/span>\n\t<\/p>\n<\/div>\n<div class=\"col-xs-12 col-md-6\">\n\t<p><span class='titoli'>Telefon (*)<\/span>\n\t<\/p>\n\t<p><span class=\"wpcf7-form-control-wrap\" data-name=\"telefono\"><input size=\"40\" class=\"wpcf7-form-control wpcf7-text wpcf7-tel wpcf7-validates-as-required wpcf7-validates-as-tel form-control\" aria-required=\"true\" aria-invalid=\"false\" value=\"\" type=\"tel\" name=\"telefono\" \/><\/span>\n\t<\/p>\n<\/div>\n<div class=\"clearboth\">\n<\/div>\n<div class=\"col-xs-12 col-md-6\">\n\t<p><span class='titoli'>Przedmiot <\/span>\n\t<\/p>\n\t<p><span class=\"wpcf7-form-control-wrap\" data-name=\"oggetto\"><select class=\"wpcf7-form-control wpcf7-select wpcf7-validates-as-required\" aria-required=\"true\" aria-invalid=\"false\" name=\"oggetto\"><option value=\"Oferta\">Oferta<\/option><option value=\"Informacje techniczne\">Informacje techniczne<\/option><option value=\"Powo\u0142anie\">Powo\u0142anie<\/option><\/select><\/span>\n\t<\/p>\n<\/div>\n<div class=\"col-xs-12 col-md-6\">\n\t<p><br \/>\n<span class=\"titoli\"> <span class=\"wpcf7-form-control-wrap\" data-name=\"cliente\"><span class=\"wpcf7-form-control wpcf7-checkbox\"><span class=\"wpcf7-list-item first last\"><label><span class=\"wpcf7-list-item-label\">Jestem ju\u017c klientem<\/span><input type=\"checkbox\" name=\"cliente[]\" value=\"Jestem ju\u017c klientem\" \/><\/label><\/span><\/span><\/span><\/span>\n\t<\/p>\n<\/div>\n<div class=\"col-xs-12 col-md-12\">\n\t<p><span class='titoli'>Wiadomo\u015b\u0107 (*)<\/span>\n\t<\/p>\n\t<p><span class=\"wpcf7-form-control-wrap\" data-name=\"your-message\"><textarea cols=\"40\" rows=\"10\" class=\"wpcf7-form-control wpcf7-textarea wpcf7-validates-as-required form-control\" aria-required=\"true\" aria-invalid=\"false\" name=\"your-message\"><\/textarea><\/span>\n\t<\/p>\n<\/div>\n<div class=\"col-xs-12 col-md-12\">\n\t<p><small>Wprowadzone dane b\u0119d\u0105 traktowane z zachowaniem \u015bcis\u0142ej poufno\u015bci zgodnie z prawem i nasz\u0105 polityk\u0105 prywatno\u015bci. <a href=\"https:\/\/www.storevan.com\/pl\/privacy-policy\/\">Polityk\u0105 prywatno\u015bci<\/a><\/small>\n\t<\/p>\n\t<p><span class=\"wpcf7-form-control-wrap\" data-name=\"AccettazionePrivacy\"><span class=\"wpcf7-form-control wpcf7-acceptance\"><span class=\"wpcf7-list-item\"><input type=\"checkbox\" name=\"AccettazionePrivacy\" value=\"1\" aria-invalid=\"false\" \/><\/span><\/span><\/span> O\u015bwiadczam, \u017ce zapozna\u0142am si\u0119 z <a href=\"https:\/\/www.storevan.com\/pl\/privacy-policy\/\">polityk\u0105 prywatno\u015bci<\/a> i zgadzam si\u0119 na wykorzystanie moich danych osobowych w opisanych tam przypadkach.(*)(*)<br \/>\n\t<span class=\"wpcf7-form-control-wrap recaptcha\" data-name=\"recaptcha\"><span data-sitekey=\"6LdfM4AUAAAAAJjsAucux5WVNA3hsk5KP0a03T_n\" class=\"wpcf7-form-control g-recaptcha wpcf7-recaptcha\"><\/span>\r\n<noscript>\r\n\t<div class=\"grecaptcha-noscript\">\r\n\t\t<iframe src=\"https:\/\/www.google.com\/recaptcha\/api\/fallback?k=6LdfM4AUAAAAAJjsAucux5WVNA3hsk5KP0a03T_n\" frameborder=\"0\" scrolling=\"no\" width=\"310\" height=\"430\">\r\n\t\t<\/iframe>\r\n\t\t<textarea name=\"g-recaptcha-response\" rows=\"3\" cols=\"40\" placeholder=\"reCaptcha Response Here\">\r\n\t\t<\/textarea>\r\n\t<\/div>\r\n<\/noscript>\r\n<\/span>\n\t<\/p>\n<\/div>\n<hr class=\"noColor\" \/>\n<p><input class=\"wpcf7-form-control has-spinner wpcf7-submit\" type=\"submit\" value=\"Wy\u015blij\" \/>\n<\/p><div class=\"wpcf7-response-output\" aria-hidden=\"true\"><\/div>\n<\/form>\n<\/div>\n<\/div>\n","protected":false},"excerpt":{"rendered":"<p>Zabudowa do transportu sprz\u0119tu agd Jak wys\u0142a\u0107 sprz\u0119t AGD Transport sprz\u0119tu AGD i og\u00f3lnie wszelkich produkt\u00f3w o r\u00f3\u017cnych rozmiarach, czasem r\u00f3wnie\u017c delikatnych, mo\u017ce wi\u0105za\u0107 si\u0119 ze znacznym ryzykiem. Towar nale\u017cy.<\/p>\n","protected":false},"author":470,"featured_media":0,"parent":86573,"menu_order":0,"comment_status":"closed","ping_status":"closed","template":"","meta":[],"acf":[],"yoast_head":"<!-- This site is optimized with the Yoast SEO plugin v20.11 - https:\/\/yoast.com\/wordpress\/plugins\/seo\/ -->\n<title>Zabudowa do transportu sprz\u0119tu agd<\/title>\n<meta name=\"description\" content=\"Sk\u0142adane p\u00f3\u0142ki idealne do transportu oprzyrz\u0105dowania i sprz\u0119tu AGD.\" \/>\n<meta name=\"robots\" content=\"index, follow, max-snippet:-1, max-image-preview:large, max-video-preview:-1\" \/>\n<link rel=\"canonical\" href=\"https:\/\/www.storevan.com\/pl\/produkty\/skladane-polki-do-samochodow-dostawczych\/transport-sprzetu-agd\/\" \/>\n<meta property=\"og:locale\" content=\"pl_PL\" \/>\n<meta property=\"og:type\" content=\"article\" \/>\n<meta property=\"og:title\" content=\"Zabudowa do transportu sprz\u0119tu agd\" \/>\n<meta property=\"og:description\" content=\"Sk\u0142adane p\u00f3\u0142ki idealne do transportu oprzyrz\u0105dowania i sprz\u0119tu AGD.\" \/>\n<meta property=\"og:url\" content=\"https:\/\/www.storevan.com\/pl\/produkty\/skladane-polki-do-samochodow-dostawczych\/transport-sprzetu-agd\/\" \/>\n<meta property=\"og:site_name\" content=\"Store Van\" \/>\n<meta property=\"article:modified_time\" content=\"2019-07-22T09:52:14+00:00\" \/>\n<meta property=\"og:image\" content=\"https:\/\/www.storevan.com\/wp-content\/uploads\/2019\/06\/ripiani-ribaltabili-trasporto-elettrodomestici-150x150.jpg\" \/>\n<meta name=\"twitter:label1\" content=\"Szacowany czas czytania\" \/>\n\t<meta name=\"twitter:data1\" content=\"2 minuty\" \/>\n<script type=\"application\/ld+json\" class=\"yoast-schema-graph\">{\"@context\":\"https:\/\/schema.org\",\"@graph\":[{\"@type\":\"WebPage\",\"@id\":\"https:\/\/www.storevan.com\/pl\/produkty\/skladane-polki-do-samochodow-dostawczych\/transport-sprzetu-agd\/\",\"url\":\"https:\/\/www.storevan.com\/pl\/produkty\/skladane-polki-do-samochodow-dostawczych\/transport-sprzetu-agd\/\",\"name\":\"Zabudowa do transportu sprz\u0119tu agd\",\"isPartOf\":{\"@id\":\"https:\/\/www.storevan.com\/pl\/#website\"},\"datePublished\":\"2019-06-25T13:10:05+00:00\",\"dateModified\":\"2019-07-22T09:52:14+00:00\",\"description\":\"Sk\u0142adane p\u00f3\u0142ki idealne do transportu oprzyrz\u0105dowania i sprz\u0119tu AGD.\",\"breadcrumb\":{\"@id\":\"https:\/\/www.storevan.com\/pl\/produkty\/skladane-polki-do-samochodow-dostawczych\/transport-sprzetu-agd\/#breadcrumb\"},\"inLanguage\":\"pl-PL\",\"potentialAction\":[{\"@type\":\"ReadAction\",\"target\":[\"https:\/\/www.storevan.com\/pl\/produkty\/skladane-polki-do-samochodow-dostawczych\/transport-sprzetu-agd\/\"]}]},{\"@type\":\"BreadcrumbList\",\"@id\":\"https:\/\/www.storevan.com\/pl\/produkty\/skladane-polki-do-samochodow-dostawczych\/transport-sprzetu-agd\/#breadcrumb\",\"itemListElement\":[{\"@type\":\"ListItem\",\"position\":1,\"name\":\"Home\",\"item\":\"https:\/\/www.storevan.com\/pl\/\"},{\"@type\":\"ListItem\",\"position\":2,\"name\":\"Produkty\",\"item\":\"https:\/\/www.storevan.com\/pl\/produkty\/\"},{\"@type\":\"ListItem\",\"position\":3,\"name\":\"Sk\u0142adane p\u00f3\u0142ki do samochod\u00f3w dostawczych\",\"item\":\"https:\/\/www.storevan.com\/pl\/produkty\/skladane-polki-do-samochodow-dostawczych\/\"},{\"@type\":\"ListItem\",\"position\":4,\"name\":\"Transport sprz\u0119tu AGD\"}]},{\"@type\":\"WebSite\",\"@id\":\"https:\/\/www.storevan.com\/pl\/#website\",\"url\":\"https:\/\/www.storevan.com\/pl\/\",\"name\":\"Store Van\",\"description\":\"Zabudowy\",\"potentialAction\":[{\"@type\":\"SearchAction\",\"target\":{\"@type\":\"EntryPoint\",\"urlTemplate\":\"https:\/\/www.storevan.com\/pl\/?s={search_term_string}\"},\"query-input\":\"required name=search_term_string\"}],\"inLanguage\":\"pl-PL\"}]}<\/script>\n<!-- \/ Yoast SEO plugin. -->","yoast_head_json":{"title":"Zabudowa do transportu sprz\u0119tu agd","description":"Sk\u0142adane p\u00f3\u0142ki idealne do transportu oprzyrz\u0105dowania i sprz\u0119tu AGD.","robots":{"index":"index","follow":"follow","max-snippet":"max-snippet:-1","max-image-preview":"max-image-preview:large","max-video-preview":"max-video-preview:-1"},"canonical":"https:\/\/www.storevan.com\/pl\/produkty\/skladane-polki-do-samochodow-dostawczych\/transport-sprzetu-agd\/","og_locale":"pl_PL","og_type":"article","og_title":"Zabudowa do transportu sprz\u0119tu agd","og_description":"Sk\u0142adane p\u00f3\u0142ki idealne do transportu oprzyrz\u0105dowania i sprz\u0119tu AGD.","og_url":"https:\/\/www.storevan.com\/pl\/produkty\/skladane-polki-do-samochodow-dostawczych\/transport-sprzetu-agd\/","og_site_name":"Store Van","article_modified_time":"2019-07-22T09:52:14+00:00","og_image":[{"url":"https:\/\/www.storevan.com\/wp-content\/uploads\/2019\/06\/ripiani-ribaltabili-trasporto-elettrodomestici-150x150.jpg"}],"twitter_misc":{"Szacowany czas czytania":"2 minuty"},"schema":{"@context":"https:\/\/schema.org","@graph":[{"@type":"WebPage","@id":"https:\/\/www.storevan.com\/pl\/produkty\/skladane-polki-do-samochodow-dostawczych\/transport-sprzetu-agd\/","url":"https:\/\/www.storevan.com\/pl\/produkty\/skladane-polki-do-samochodow-dostawczych\/transport-sprzetu-agd\/","name":"Zabudowa do transportu sprz\u0119tu agd","isPartOf":{"@id":"https:\/\/www.storevan.com\/pl\/#website"},"datePublished":"2019-06-25T13:10:05+00:00","dateModified":"2019-07-22T09:52:14+00:00","description":"Sk\u0142adane p\u00f3\u0142ki idealne do transportu oprzyrz\u0105dowania i sprz\u0119tu AGD.","breadcrumb":{"@id":"https:\/\/www.storevan.com\/pl\/produkty\/skladane-polki-do-samochodow-dostawczych\/transport-sprzetu-agd\/#breadcrumb"},"inLanguage":"pl-PL","potentialAction":[{"@type":"ReadAction","target":["https:\/\/www.storevan.com\/pl\/produkty\/skladane-polki-do-samochodow-dostawczych\/transport-sprzetu-agd\/"]}]},{"@type":"BreadcrumbList","@id":"https:\/\/www.storevan.com\/pl\/produkty\/skladane-polki-do-samochodow-dostawczych\/transport-sprzetu-agd\/#breadcrumb","itemListElement":[{"@type":"ListItem","position":1,"name":"Home","item":"https:\/\/www.storevan.com\/pl\/"},{"@type":"ListItem","position":2,"name":"Produkty","item":"https:\/\/www.storevan.com\/pl\/produkty\/"},{"@type":"ListItem","position":3,"name":"Sk\u0142adane p\u00f3\u0142ki do samochod\u00f3w dostawczych","item":"https:\/\/www.storevan.com\/pl\/produkty\/skladane-polki-do-samochodow-dostawczych\/"},{"@type":"ListItem","position":4,"name":"Transport sprz\u0119tu AGD"}]},{"@type":"WebSite","@id":"https:\/\/www.storevan.com\/pl\/#website","url":"https:\/\/www.storevan.com\/pl\/","name":"Store Van","description":"Zabudowy","potentialAction":[{"@type":"SearchAction","target":{"@type":"EntryPoint","urlTemplate":"https:\/\/www.storevan.com\/pl\/?s={search_term_string}"},"query-input":"required name=search_term_string"}],"inLanguage":"pl-PL"}]}},"_links":{"self":[{"href":"https:\/\/www.storevan.com\/pl\/wp-json\/wp\/v2\/pages\/105182"}],"collection":[{"href":"https:\/\/www.storevan.com\/pl\/wp-json\/wp\/v2\/pages"}],"about":[{"href":"https:\/\/www.storevan.com\/pl\/wp-json\/wp\/v2\/types\/page"}],"author":[{"embeddable":true,"href":"https:\/\/www.storevan.com\/pl\/wp-json\/wp\/v2\/users\/470"}],"replies":[{"embeddable":true,"href":"https:\/\/www.storevan.com\/pl\/wp-json\/wp\/v2\/comments?post=105182"}],"version-history":[{"count":5,"href":"https:\/\/www.storevan.com\/pl\/wp-json\/wp\/v2\/pages\/105182\/revisions"}],"predecessor-version":[{"id":105187,"href":"https:\/\/www.storevan.com\/pl\/wp-json\/wp\/v2\/pages\/105182\/revisions\/105187"}],"up":[{"embeddable":true,"href":"https:\/\/www.storevan.com\/pl\/wp-json\/wp\/v2\/pages\/86573"}],"wp:attachment":[{"href":"https:\/\/www.storevan.com\/pl\/wp-json\/wp\/v2\/media?parent=105182"}],"curies":[{"name":"wp","href":"https:\/\/api.w.org\/{rel}","templated":true}]}}