{"id":87721,"date":"2018-09-04T14:30:10","date_gmt":"2018-09-04T14:30:10","guid":{"rendered":"https:\/\/www.storevan.com\/trasformazione-veicoli-commerciali-cep\/"},"modified":"2026-06-22T07:32:05","modified_gmt":"2026-06-22T07:32:05","slug":"transformation-vehicules-utilitaires-pour-coursiers-express","status":"publish","type":"page","link":"https:\/\/www.storevan.com\/fr\/transformation-vehicules-utilitaires-pour-coursiers-express\/","title":{"rendered":"Transformation de v\u00e9hicules utilitaires pour coursiers express CEP"},"content":{"rendered":"<h1 class=\"customblackTitleSmall\">Transformation de v\u00e9hicules utilitaires pour coursiers express CEP<\/h1>\n<h2>Transformation de v\u00e9hicules de Livraison<\/h2>\n<div id=\"bannerCep\" class=\"text-center\">\n<div class=\"col-md-5 pull-right\">\n<hr class=\"noColor\" \/>\n<hr class=\"noColor\" \/>\n<p class=\"text-center\"><strong style=\"color: #f7a600; font-size: 2.1rem;\">CEP &#8211; Courier Express Parcel<\/strong><\/p>\n<hr class=\"noColor\" \/>\n<h3 class=\"txtBannerCep\">Transformation de v\u00e9hicules utilitaires, avec homologation d\u00e9di\u00e9e, avec cloison de s\u00e9paration avec porte coulissante, \u00e9tag\u00e8res pliables et acc\u00e8s anti-effraction \u00e0 la zone de chargement.<\/h3>\n<\/div>\n<\/div>\n<div class=\"break\"><\/div>\n<hr class=\"noColor\" \/>\n<h3 class=\"bigTxt\">TRANSFORMATION DE V\u00c9HICULES UTILITAIRES DE LIVRAISON ET DE COMMERCE AMBULANT<\/h3>\n<div class=\"borderTitle\"><\/div>\n<p>Les transformations de v\u00e9hicules utilitaires pour coursier express (CEP) con\u00e7ues et r\u00e9alis\u00e9es par Store Van repr\u00e9sentent la solution id\u00e9ale pour transporter des marchandises en toute s\u00e9curit\u00e9, de fa\u00e7on pratique et rapide gr\u00e2ce \u00e0 une utilisation optimale et polyvalente de l&rsquo;espace. Selon les besoins, nous offrons l&rsquo;<a href=\"https:\/\/www.storevan.com\/fr\/produits\/etageres-pliables-pour-vehicules-utilitaires\/\">am\u00e9nagement Light Shelf<\/a>, des \u00e9tag\u00e8res pliables disponibles dans plusieurs longueurs \u00e0 personnaliser selon les besoins, et la transformation du v\u00e9hicule pour service de coursier express (CEP), pour une s\u00e9curit\u00e9 au travail optimale gr\u00e2ce \u00e0 la cloison de s\u00e9paration avec porte coulissante, \u00e0 l&rsquo;acc\u00e8s anti-effraction \u00e0 la zone de chargement et aux \u00e9tag\u00e8res pliables dont la capacit\u00e9 de charge atteint 80 kg.<\/p>\n<hr class=\"noColor\" \/>\n<div class=\"one_third\">\n<div class=\"text-center cepBlock\"><a href=\"https:\/\/www.storevan.com\/wp-content\/uploads\/doc\/CEP_Volkswagen_Crafter_ITFR.pdf\" title=\"Transformation Volkswagen Crafter - T\u00c9L\u00c9CHARGEMENT PDF\"><br \/>\n<img decoding=\"async\" loading=\"lazy\" class=\"aligncenter size-full wp-image-85296\" src=\"https:\/\/www.storevan.com\/wp-content\/uploads\/2018\/09\/trasformazione-corriere-per-crafter-1.jpg\" alt=\"Transformation VW Crafter de v\u00e9hicules de Livraison\" width=\"600\" height=\"422\" srcset=\"https:\/\/www.storevan.com\/wp-content\/uploads\/2018\/09\/trasformazione-corriere-per-crafter-1.jpg 600w, https:\/\/www.storevan.com\/wp-content\/uploads\/2018\/09\/trasformazione-corriere-per-crafter-1-300x211.jpg 300w\" sizes=\"(max-width: 600px) 100vw, 600px\" \/><br \/>\n<span class=\"noMarg\">TRANSFORMATION <strong style=\"color: #f7a600;\">VW CRAFTER <i class=\"fa fa-download\"><\/i><\/strong><\/span><\/a><\/div>\n<\/div>\n<div class=\"one_third\">\n<div class=\"text-center cepBlock\"><a href=\"https:\/\/www.storevan.com\/wp-content\/uploads\/doc\/CEP_Renault_Master_ITFR.pdf\" title=\"Transformation Renault Master - T\u00c9L\u00c9CHARGEMENT PDF\"><br \/>\n<img decoding=\"async\" loading=\"lazy\" class=\"aligncenter size-full wp-image-85308\" src=\"https:\/\/www.storevan.com\/wp-content\/uploads\/2018\/09\/trasformazione-corriere-per-master-1.jpg\" alt=\"Transformation Renault Master de v\u00e9hicules de Livraison\" width=\"600\" height=\"422\" srcset=\"https:\/\/www.storevan.com\/wp-content\/uploads\/2018\/09\/trasformazione-corriere-per-master-1.jpg 600w, https:\/\/www.storevan.com\/wp-content\/uploads\/2018\/09\/trasformazione-corriere-per-master-1-300x211.jpg 300w\" sizes=\"(max-width: 600px) 100vw, 600px\" \/><br \/>\n<span class=\"noMarg\">TRANSFORMATION <strong style=\"color: #f7a600;\">RENAULT MASTER <i class=\"fa fa-download\"><\/i><\/strong><\/span><\/a><\/div>\n<\/div>\n<div class=\"one_third last\">\n<div class=\"text-center cepBlock\"><a href=\"https:\/\/www.storevan.com\/wp-content\/uploads\/doc\/CEP_Fiat_Ducato_ITFR.pdf\" title=\"Transformation Fiat Ducato - T\u00c9L\u00c9CHARGEMENT PDF\"><br \/>\n<img decoding=\"async\" loading=\"lazy\" class=\"aligncenter size-full wp-image-85302\" src=\"https:\/\/www.storevan.com\/wp-content\/uploads\/2018\/09\/trasformazione-corriere-per-ducato-1.jpg\" alt=\"TransformationFiat Ducato de v\u00e9hicules de Livraison\" width=\"600\" height=\"422\" srcset=\"https:\/\/www.storevan.com\/wp-content\/uploads\/2018\/09\/trasformazione-corriere-per-ducato-1.jpg 600w, https:\/\/www.storevan.com\/wp-content\/uploads\/2018\/09\/trasformazione-corriere-per-ducato-1-300x211.jpg 300w\" sizes=\"(max-width: 600px) 100vw, 600px\" \/><br \/>\n<span class=\"noMarg\">TRANSFORMATION <strong style=\"color: #f7a600;\">FIAT DUCATO <i class=\"fa fa-download\"><\/i><\/strong><\/span><\/a><\/div>\n<\/div><div class=\"clearboth\"><\/div>\n<div class=\"bigTxt txtGrey\">CARACT\u00c9RISTIQUES DE LA TRANSFORMATION DE V\u00c9HICULES UTILITAIRES<\/div>\n<hr class=\"noColor\" \/>\n<div class=\"invert\"><div class=\"one_half\">\n<img decoding=\"async\" loading=\"lazy\" class=\"aligncenter size-full wp-image-85316\" src=\"https:\/\/www.storevan.com\/wp-content\/uploads\/2018\/09\/paratia-divisoria-con-porta-scorrevole-1.jpg\" alt=\"Cloison avec porte coulissante\" width=\"800\" height=\"595\" srcset=\"https:\/\/www.storevan.com\/wp-content\/uploads\/2018\/09\/paratia-divisoria-con-porta-scorrevole-1.jpg 800w, https:\/\/www.storevan.com\/wp-content\/uploads\/2018\/09\/paratia-divisoria-con-porta-scorrevole-1-300x223.jpg 300w, https:\/\/www.storevan.com\/wp-content\/uploads\/2018\/09\/paratia-divisoria-con-porta-scorrevole-1-768x571.jpg 768w\" sizes=\"(max-width: 800px) 100vw, 800px\" \/><br \/>\n<\/div>\n<div class=\"one_half last\">\n<strong>CLOISON AVEC PORTE COULISSANTE<\/strong><\/p>\n<div class=\"borderTitle\"><\/div>\n<p>LA CLOISON AVEC PORTE COULISSANTE na\u00eet d\u2019une demande des plus en plus importante du march\u00e9 des Courriers Express. Les d\u00e9lais de livraisons de plus en plus rapides et exigeants demandent une solution simple, flexible et performante. Pour cela Store Van avec ses am\u00e9nagements de service CEP (Courier Express Parcel) a mis\u00e9 sur la s\u00e9curit\u00e9, la fiabilit\u00e9 et la qualit\u00e9. L\u2019acc\u00e8s direct<br \/>\nde l\u2019habitacle au compartiment de charge garantit une utilisation optimale et flexible de l\u2019espace, une entr\u00e9e ergonomique et s\u00e9curis\u00e9e. Le syst\u00e8me CLOISON pr\u00e9voit l\u2019utilisation de:<\/p>\n<ul>\n<li class=\"noMarg\">Panneaux en contreplaqu\u00e9 ph\u00e9nolique lamin\u00e9s couleur gris, fa\u00e7onn\u00e9s et perc\u00e9s pour fixation ;<\/li>\n<li class=\"noMarg\">Barres en acier pour fixation et tenue qui ancrent le ch\u00e2ssis \u00e0 la paroi et permettent une connexion entre les \u00e9l\u00e9ments structuraux principaux du v\u00e9hicule en renfor\u00e7ant les points essentiels ;<\/li>\n<li class=\"noMarg\"><strong>Strapontin c\u00f4t\u00e9 passager avec appuie-t\u00eate fix\u00e9 \u00e0 la cloison;*<\/strong><\/li>\n<li class=\"noMarg\">Serrure m\u00e9canique avec cl\u00e9s de s\u00e9curit\u00e9 sur porte coulissante et poign\u00e9e d\u2019ouverture et fermeture. Possibilit\u00e9 d\u2019impl\u00e9menter la porte avec une serrure \u00e9lectronique avec code num\u00e9rique ;<\/li>\n<li class=\"noMarg\">Rev\u00eatement sol de la cabine de conduite en aluminium larm\u00e9;<\/li>\n<li class=\"noMarg\">Habillage pavillon cabine de conduite avec nouvelle forme s\u2019adaptant \u00e0 la cloison.<\/li>\n<\/ul>\n<\/div><div class=\"clearboth\"><\/div>\n<\/div>\n<div class=\"alert notice\">\n<div class=\"msg\">\n<p><strong>* Volkswagen Crafter \/ Renault Master:<\/strong><\/p>\n<p>L&rsquo;option Strapontin est uniquement disponible avec la d\u00e9livrance du certificat de conformit\u00e9 (COC) sur un site approuv\u00e9 Store Van<br \/>\nPour plus de d\u00e9tails, veuillez contacter le bureau des ventes Store Van.<\/p>\n<\/div>\n<\/div>\n<div class=\"alert notice\">\n<div class=\"msg\">\n<p><strong>Fiat Ducato:<\/strong><\/p>\n<p>Transformation du v\u00e9hicule disponible uniquement avec l\u2019octroi d&rsquo;un certificat de conformit\u00e9 (COC) sur un site approuv\u00e9 Store Van.<br \/>\nPour plus de d\u00e9tails, veuillez contacter le service commercial de Store Van.<\/p>\n<\/div>\n<\/div>\n<div class=\"one_half\">\n<strong>\u00c9TAG\u00c8RES PLIABLES<\/strong><\/p>\n<div class=\"borderTitle\"><\/div>\n<p>\u00c9tag\u00e8res pliables avec une capacit\u00e9 de charge de<strong> 80 kg par m\u00e8tre lin\u00e9aire<\/strong> et ouverture amortie par ressorts \u00e0 gaz.<br \/>\nAdaptables aux besoins du client jusqu&rsquo;\u00e0 <strong>4000 mm de long et 600 mm de profondeur<\/strong> en une seule pi\u00e8ce.<br \/>\nFournies avec tapis anti-d\u00e9rapant, bord avant \u00e0 adh\u00e9rence \u00e9lev\u00e9e et s\u00e9parateurs m\u00e9talliques de 200 mm de haut test\u00e9s par T\u00dcV pour une c<strong>harge de 80 Kg chacune<\/strong> en cas de freinage en urgence.<br \/>\nLes montants en tube d&rsquo;acier sont pli\u00e9s pour s&rsquo;adapter \u00e0 la forme du v\u00e9hicule et exploiter au mieux la profondeur des \u00e9tag\u00e8res sans g\u00eaner le passage dans le couloir central.<br \/>\nLe syst\u00e8me n&rsquo;est pas soud\u00e9, il est fix\u00e9 au v\u00e9hicule par des vis. Ce syst\u00e8me de fixation permet de d\u00e9placer le rayonnage dans un autre v\u00e9hicule sans endommager la structure.<\/p>\n<\/div>\n<div class=\"one_half last\">\n<img decoding=\"async\" loading=\"lazy\" class=\"aligncenter size-full wp-image-85322\" src=\"https:\/\/www.storevan.com\/wp-content\/uploads\/2018\/09\/ripiani-abbattibili-per-furgoni-1.jpg\" alt=\"\u00c9tag\u00e8res pliables pour coursiers express\" width=\"800\" height=\"492\" srcset=\"https:\/\/www.storevan.com\/wp-content\/uploads\/2018\/09\/ripiani-abbattibili-per-furgoni-1.jpg 800w, https:\/\/www.storevan.com\/wp-content\/uploads\/2018\/09\/ripiani-abbattibili-per-furgoni-1-300x185.jpg 300w, https:\/\/www.storevan.com\/wp-content\/uploads\/2018\/09\/ripiani-abbattibili-per-furgoni-1-768x472.jpg 768w\" sizes=\"(max-width: 800px) 100vw, 800px\" \/><br \/>\n<\/div><div class=\"clearboth\"><\/div>\n<div class=\"invert2\"><div class=\"one_half\"><img decoding=\"async\" loading=\"lazy\" class=\"aligncenter size-full wp-image-85328\" src=\"https:\/\/www.storevan.com\/wp-content\/uploads\/2018\/09\/sicurezza-vano-di-carico-furgone.jpg\" alt=\"S\u00e9curit\u00e9 acc\u00e9s compartiment de charge\" width=\"800\" height=\"356\" srcset=\"https:\/\/www.storevan.com\/wp-content\/uploads\/2018\/09\/sicurezza-vano-di-carico-furgone.jpg 800w, https:\/\/www.storevan.com\/wp-content\/uploads\/2018\/09\/sicurezza-vano-di-carico-furgone-300x134.jpg 300w, https:\/\/www.storevan.com\/wp-content\/uploads\/2018\/09\/sicurezza-vano-di-carico-furgone-768x342.jpg 768w\" sizes=\"(max-width: 800px) 100vw, 800px\" \/><\/div>\n<div class=\"one_half last\">\n<strong>S\u00c9CURIT\u00c9 ACC\u00c8S COMPARTIMENT DE CHARGE<\/strong><\/p>\n<div class=\"borderTitle\"><\/div>\n<p>Syst\u00e8me de fermeture avec <strong>trois niveaux de s\u00e9curit\u00e9<\/strong> : fermeture m\u00e9canique \u00e0 cl\u00e9s, fermeture \u00e9lectronique avec clavier \u00e0 code num\u00e9rique et m\u00e9moire des 1000 derni\u00e8res op\u00e9rations, fermeture avec t\u00e9l\u00e9commande suppl\u00e9mentaire.<br \/>\nOuverture de la cabine de conduite par une poign\u00e9e ergonomique int\u00e9gr\u00e9e, possibilit\u00e9 d\u2019application d\u00e9tecteur de mouvements pour les lumi\u00e8res.<\/div><div class=\"clearboth\"><\/div>\n<\/div>\n<div class=\"one_half\">\n<strong>CERTIFICATIONS<\/strong><\/p>\n<div class=\"borderTitle\"><\/div>\n<p>Store Van est \u00e0 m\u00eame de transformer le v\u00e9hicule avec cloison dans une fa\u00e7on compl\u00e8te et fiable, gr\u00e2ce \u00e0 l\u2019octroi du <strong>Certificat COC<\/strong> pour la transformation du v\u00e9hicule. <strong>Store Van est parmi les rares producteurs en Europe \u00e0 avoir obtenu toutes les certifications et essais pour la fourniture et le montage de ce produit<\/strong>.<br \/>\nPour r\u00e9pondre aux exigences d\u2019homologation on a compl\u00e9t\u00e9 les suivants essais aupr\u00e8s d\u2019un organisme autoris\u00e9:<\/p>\n<ul>\n<li class=\"noMarg\">Essai au sens du R\u00e8glement ECE R14 sur les ancrages des ceintures de s\u00e9curit\u00e9 en cabine de conduite (si\u00e8ge conducteur original\/si\u00e8ge passager Fami;essai SIMULTAN\u00c9 effectu\u00e9 sur une carrosserie);<\/li>\n<li class=\"noMarg\">Essai d\u2019impact sur l\u2019appuie-t\u00eate Fami fix\u00e9 \u00e0 la cloison, au sens du R\u00e8glement ECE R25, comme pr\u00e9vu pour les v\u00e9hicules de cat\u00e9gorie N1 ;<\/li>\n<li class=\"noMarg\">Essai complet de v\u00e9rification sur la cloison en conformit\u00e9 avec la norme ISO 27956 :2009 \u2013 comme pr\u00e9vu \u00e0 l\u2019Annexe II de la Directive 2007\/46\/EC pour les v\u00e9hicules de cat\u00e9gorie N1 (paragraphe 3 \u2013 point 3.4).<\/li>\n<\/ul>\n<\/div>\n<div class=\"one_half last\">\n<img decoding=\"async\" loading=\"lazy\" class=\"aligncenter size-full wp-image-85334\" src=\"https:\/\/www.storevan.com\/wp-content\/uploads\/2018\/09\/certificazioni-furgoni-per-spedizionieri-1.jpg\" alt=\"CERTIFICATIONS\" width=\"800\" height=\"533\" srcset=\"https:\/\/www.storevan.com\/wp-content\/uploads\/2018\/09\/certificazioni-furgoni-per-spedizionieri-1.jpg 800w, https:\/\/www.storevan.com\/wp-content\/uploads\/2018\/09\/certificazioni-furgoni-per-spedizionieri-1-300x200.jpg 300w, https:\/\/www.storevan.com\/wp-content\/uploads\/2018\/09\/certificazioni-furgoni-per-spedizionieri-1-768x512.jpg 768w\" sizes=\"(max-width: 800px) 100vw, 800px\" \/><br \/>\n<\/div><div class=\"clearboth\"><\/div>\n<hr \/>\n<div class=\"col-xs-12 col-sm-12 col-md-6\">\n<div class=\"text-center\"><a class=\"btn btn-download\" href=\"tel:+390424585455\"><i class=\"fa fa-phone\"><\/i> <span class=\"spanBtn\">APPELEZ-NOUS<\/span><br \/>\npour toute information<\/a><\/div>\n<\/div>\n<div class=\"col-xs-12 col-sm-12 col-md-6\">\n<div class=\"text-center\"><a class=\"btn btn-download btnToggle\"><i class=\"fa fa-envelope\"><\/i> <span class=\"spanBtn\">\u00c9CRIVEZ-NOUS<\/span><br \/>\nvous serez contact\u00e9s<\/a><\/div>\n<\/div>\n<div class=\"break\"><\/div>\n<hr \/>\n<div class=\"formToggle\">\n<h4 class=\"bigTxt text-center txtBkOrange\"><i class=\"fa fa-envelope pull-left\"><\/i>VOULEZ-VOUS EN SAVOIR PLUS?<\/h4>\n\n<div class=\"wpcf7 no-js\" id=\"wpcf7-f67673-o1\" lang=\"it-IT\" dir=\"ltr\">\n<div class=\"screen-reader-response\"><p role=\"status\" aria-live=\"polite\" aria-atomic=\"true\"><\/p> <ul><\/ul><\/div>\n<form action=\"\/fr\/wp-json\/wp\/v2\/pages\/87721#wpcf7-f67673-o1\" method=\"post\" class=\"wpcf7-form init\" id=\"form-trasformazioni-fr\" aria-label=\"Modulo di contatto\" novalidate=\"novalidate\" data-status=\"init\">\n<div style=\"display: none;\">\n<input type=\"hidden\" name=\"_wpcf7\" value=\"67673\" \/>\n<input type=\"hidden\" name=\"_wpcf7_version\" value=\"5.7.7\" \/>\n<input type=\"hidden\" name=\"_wpcf7_locale\" value=\"it_IT\" \/>\n<input type=\"hidden\" name=\"_wpcf7_unit_tag\" value=\"wpcf7-f67673-o1\" \/>\n<input type=\"hidden\" name=\"_wpcf7_container_post\" value=\"0\" \/>\n<input type=\"hidden\" name=\"_wpcf7_posted_data_hash\" value=\"\" \/>\n<input type=\"hidden\" name=\"_wpcf7_recaptcha_response\" value=\"\" \/>\n<\/div>\n<span class=\"wpcf7-form-control-wrap url\" data-name=\"url\"><input type=\"hidden\" name=\"url\" size=\"40\" class=\"wpcf7-form-control wpcf7-hidden wpcf7dtx wpcf7dtx-hidden\" aria-invalid=\"false\" value=\"transformation-vehicules-utilitaires-pour-coursiers-express\" autocomplete=\"off\" \/><\/span>\n<p>Pour plus d'informations, remplissez les champs suivants. L'un de nos op\u00e9rateurs vous recontactera dans les plus brefs d\u00e9lais (* champs obligatoires):\n<\/p>\n<div class=\"col-xs-12 col-md-6\">\n\t<p><span class='titoli'>Pr\u00e9nom (*)<\/span>\n\t<\/p>\n\t<p><span class=\"wpcf7-form-control-wrap\" data-name=\"your-name\"><input size=\"40\" class=\"wpcf7-form-control wpcf7-text wpcf7-validates-as-required form-control\" aria-required=\"true\" aria-invalid=\"false\" value=\"\" type=\"text\" name=\"your-name\" \/><\/span>\n\t<\/p>\n<\/div>\n<div class=\"col-xs-12 col-md-6\">\n\t<p><span class='titoli'>Nom (*)<\/span>\n\t<\/p>\n\t<p><span class=\"wpcf7-form-control-wrap\" data-name=\"your-last-name\"><input size=\"40\" class=\"wpcf7-form-control wpcf7-text wpcf7-validates-as-required form-control\" aria-required=\"true\" aria-invalid=\"false\" value=\"\" type=\"text\" name=\"your-last-name\" \/><\/span>\n\t<\/p>\n<\/div>\n<div class=\"col-xs-12 col-md-6\">\n\t<p><span class='titoli'>Entreprise (*)<\/span>\n\t<\/p>\n\t<p><span class=\"wpcf7-form-control-wrap\" data-name=\"your-company\"><input size=\"40\" class=\"wpcf7-form-control wpcf7-text wpcf7-validates-as-required form-control\" aria-required=\"true\" aria-invalid=\"false\" value=\"\" type=\"text\" name=\"your-company\" \/><\/span>\n\t<\/p>\n<\/div>\n<div class=\"col-xs-12 col-md-6\">\n\t<p><span class='titoli'>TVA<\/span>\n\t<\/p>\n\t<p><span class=\"wpcf7-form-control-wrap\" data-name=\"p-iva\"><input size=\"40\" class=\"wpcf7-form-control wpcf7-text form-control\" aria-invalid=\"false\" value=\"\" type=\"text\" name=\"p-iva\" \/><\/span>\n\t<\/p>\n<\/div>\n<div class=\"clearboth\">\n<\/div>\n<div class=\"col-xs-12 col-md-4\">\n\t<p><span class='titoli'>Code Postal (*)<\/span>\n\t<\/p>\n\t<p><span class=\"wpcf7-form-control-wrap\" data-name=\"your-zip-code\"><input size=\"40\" class=\"wpcf7-form-control wpcf7-text wpcf7-validates-as-required form-control\" aria-required=\"true\" aria-invalid=\"false\" value=\"\" type=\"text\" name=\"your-zip-code\" \/><\/span>\n\t<\/p>\n<\/div>\n<div class=\"col-xs-12 col-md-4\">\n\t<p><span class='titoli'>Adresse (*)<\/span>\n\t<\/p>\n\t<p><span class=\"wpcf7-form-control-wrap\" data-name=\"your-address\"><input size=\"40\" class=\"wpcf7-form-control wpcf7-text wpcf7-validates-as-required form-control\" aria-required=\"true\" aria-invalid=\"false\" value=\"\" type=\"text\" name=\"your-address\" \/><\/span>\n\t<\/p>\n<\/div>\n<div class=\"col-xs-12 col-md-4\">\n\t<p><span class='titoli'>Ville (*)<\/span>\n\t<\/p>\n\t<p><span class=\"wpcf7-form-control-wrap\" data-name=\"your-Town\"><input size=\"40\" class=\"wpcf7-form-control wpcf7-text wpcf7-validates-as-required form-control\" aria-required=\"true\" aria-invalid=\"false\" value=\"\" type=\"text\" name=\"your-Town\" \/><\/span>\n\t<\/p>\n<\/div>\n<div class=\"clearboth\">\n<\/div>\n<div class=\"col-xs-12 col-md-6\">\n\t<p><span class='titoli'>email (*)<\/span>\n\t<\/p>\n\t<p><span class=\"wpcf7-form-control-wrap\" data-name=\"your-email\"><input size=\"40\" class=\"wpcf7-form-control wpcf7-text wpcf7-email wpcf7-validates-as-required wpcf7-validates-as-email form-control\" aria-required=\"true\" aria-invalid=\"false\" value=\"\" type=\"email\" name=\"your-email\" \/><\/span>\n\t<\/p>\n<\/div>\n<div class=\"col-xs-12 col-md-6\">\n\t<p><span class='titoli'>T\u00e9l\u00e9phone (*)<\/span>\n\t<\/p>\n\t<p><span class=\"wpcf7-form-control-wrap\" data-name=\"telefono\"><input size=\"40\" class=\"wpcf7-form-control wpcf7-text wpcf7-tel wpcf7-validates-as-required wpcf7-validates-as-tel form-control\" aria-required=\"true\" aria-invalid=\"false\" value=\"\" type=\"tel\" name=\"telefono\" \/><\/span>\n\t<\/p>\n<\/div>\n<div class=\"clearboth\">\n<\/div>\n<div class=\"col-xs-12 col-md-6\">\n\t<p><span class='titoli'>Objet <\/span>\n\t<\/p>\n\t<p><span class=\"wpcf7-form-control-wrap\" data-name=\"oggetto\"><select class=\"wpcf7-form-control wpcf7-select wpcf7-validates-as-required\" aria-required=\"true\" aria-invalid=\"false\" name=\"oggetto\"><option value=\"Citation\">Citation<\/option><option value=\"Information technique\">Information technique<\/option><option value=\"Rendez-vous\">Rendez-vous<\/option><\/select><\/span>\n\t<\/p>\n<\/div>\n<div class=\"col-xs-12 col-md-6\">\n\t<p><br \/>\n<span class=\"titoli\"> <span class=\"wpcf7-form-control-wrap\" data-name=\"cliente\"><span class=\"wpcf7-form-control wpcf7-checkbox\"><span class=\"wpcf7-list-item first last\"><label><span class=\"wpcf7-list-item-label\">Je suis d\u00e9j\u00e0 client<\/span><input type=\"checkbox\" name=\"cliente[]\" value=\"Je suis d\u00e9j\u00e0 client\" \/><\/label><\/span><\/span><\/span><\/span>\n\t<\/p>\n<\/div>\n<div class=\"col-xs-12 col-md-12\">\n\t<p><span class='titoli'>Message (*)<\/span>\n\t<\/p>\n\t<p><span class=\"wpcf7-form-control-wrap\" data-name=\"your-message\"><textarea cols=\"40\" rows=\"10\" class=\"wpcf7-form-control wpcf7-textarea wpcf7-validates-as-required form-control\" aria-required=\"true\" aria-invalid=\"false\" name=\"your-message\"><\/textarea><\/span>\n\t<\/p>\n<\/div>\n<div class=\"col-xs-12 col-md-12\">\n\t<p><small>Les donn\u00e9es saisies seront trait\u00e9es de mani\u00e8re strictement confidentielle conform\u00e9ment \u00e0 la loi et \u00e0 notre <a href=\"https:\/\/www.storevan.com\/fr\/privacy-policy\/\">politique de confidentialit\u00e9<\/a>.<\/small>\n\t<\/p>\n\t<p><span class=\"wpcf7-form-control-wrap\" data-name=\"AccettazionePrivacy\"><span class=\"wpcf7-form-control wpcf7-acceptance\"><span class=\"wpcf7-list-item\"><input type=\"checkbox\" name=\"AccettazionePrivacy\" value=\"1\" aria-invalid=\"false\" \/><\/span><\/span><\/span> Je d\u00e9clare avoir pris connaissance de la Note Informative sur les <a href=\"https:\/\/www.storevan.com\/fr\/privacy-policy\/\">Note Informative sur les Informations priv\u00e9es<\/a> et j\u2019autorise au traitement de mes donn\u00e9es personnelles en conformit\u00e9 avec ce qui y est \u00e9crit. (*)<br \/>\n\t<span class=\"wpcf7-form-control-wrap recaptcha\" data-name=\"recaptcha\"><span data-sitekey=\"6LdfM4AUAAAAAJjsAucux5WVNA3hsk5KP0a03T_n\" class=\"wpcf7-form-control g-recaptcha wpcf7-recaptcha\"><\/span>\r\n<noscript>\r\n\t<div class=\"grecaptcha-noscript\">\r\n\t\t<iframe src=\"https:\/\/www.google.com\/recaptcha\/api\/fallback?k=6LdfM4AUAAAAAJjsAucux5WVNA3hsk5KP0a03T_n\" frameborder=\"0\" scrolling=\"no\" width=\"310\" height=\"430\">\r\n\t\t<\/iframe>\r\n\t\t<textarea name=\"g-recaptcha-response\" rows=\"3\" cols=\"40\" placeholder=\"reCaptcha Response Here\">\r\n\t\t<\/textarea>\r\n\t<\/div>\r\n<\/noscript>\r\n<\/span>\n\t<\/p>\n<\/div>\n<hr class=\"noColor\" \/>\n<p><input class=\"wpcf7-form-control has-spinner wpcf7-submit\" type=\"submit\" value=\"Envoi\" \/>\n<\/p><div class=\"wpcf7-response-output\" aria-hidden=\"true\"><\/div>\n<\/form>\n<\/div>\n\n<\/div>\n","protected":false},"excerpt":{"rendered":"<p>Transformation de v\u00e9hicules utilitaires pour coursiers express CEP Transformation de v\u00e9hicules de Livraison CEP &#8211; Courier Express Parcel Transformation de v\u00e9hicules utilitaires, avec homologation d\u00e9di\u00e9e, avec cloison de s\u00e9paration avec.<\/p>\n","protected":false},"author":470,"featured_media":0,"parent":0,"menu_order":0,"comment_status":"closed","ping_status":"closed","template":"","meta":[],"acf":[],"yoast_head":"<!-- This site is optimized with the Yoast SEO plugin v20.11 - https:\/\/yoast.com\/wordpress\/plugins\/seo\/ -->\n<title>Transformation de v\u00e9hicules utilitaires pour coursiers express CEP<\/title>\n<meta name=\"description\" content=\"CEP, transformation de v\u00e9hicules utilitaires de livraison et de commerce ambulant avec \u00e9tag\u00e8res pliables et cloison de s\u00e9paration avec porte coulissante.\" \/>\n<meta name=\"robots\" content=\"index, follow, max-snippet:-1, max-image-preview:large, max-video-preview:-1\" \/>\n<link rel=\"canonical\" href=\"https:\/\/www.storevan.com\/fr\/transformation-vehicules-utilitaires-pour-coursiers-express\/\" \/>\n<meta property=\"og:locale\" content=\"fr_FR\" \/>\n<meta property=\"og:type\" content=\"article\" \/>\n<meta property=\"og:title\" content=\"Transformation de v\u00e9hicules utilitaires pour coursiers express CEP\" \/>\n<meta property=\"og:description\" content=\"CEP, transformation de v\u00e9hicules utilitaires de livraison et de commerce ambulant avec \u00e9tag\u00e8res pliables et cloison de s\u00e9paration avec porte coulissante.\" \/>\n<meta property=\"og:url\" content=\"https:\/\/www.storevan.com\/fr\/transformation-vehicules-utilitaires-pour-coursiers-express\/\" \/>\n<meta property=\"og:site_name\" content=\"Store Van\" \/>\n<meta property=\"article:modified_time\" content=\"2026-06-22T07:32:05+00:00\" \/>\n<meta property=\"og:image\" content=\"https:\/\/www.storevan.com\/wp-content\/uploads\/2018\/09\/trasformazione-per-corrieri-fb.jpg\" \/>\n\t<meta property=\"og:image:width\" content=\"1200\" \/>\n\t<meta property=\"og:image:height\" content=\"630\" \/>\n\t<meta property=\"og:image:type\" content=\"image\/jpeg\" \/>\n<meta name=\"twitter:label1\" content=\"Dur\u00e9e de lecture estim\u00e9e\" \/>\n\t<meta name=\"twitter:data1\" content=\"6 minutes\" \/>\n<script type=\"application\/ld+json\" class=\"yoast-schema-graph\">{\"@context\":\"https:\/\/schema.org\",\"@graph\":[{\"@type\":\"WebPage\",\"@id\":\"https:\/\/www.storevan.com\/fr\/transformation-vehicules-utilitaires-pour-coursiers-express\/\",\"url\":\"https:\/\/www.storevan.com\/fr\/transformation-vehicules-utilitaires-pour-coursiers-express\/\",\"name\":\"Transformation de v\u00e9hicules utilitaires pour coursiers express CEP\",\"isPartOf\":{\"@id\":\"https:\/\/www.storevan.com\/pl\/#website\"},\"datePublished\":\"2018-09-04T14:30:10+00:00\",\"dateModified\":\"2026-06-22T07:32:05+00:00\",\"description\":\"CEP, transformation de v\u00e9hicules utilitaires de livraison et de commerce ambulant avec \u00e9tag\u00e8res pliables et cloison de s\u00e9paration avec porte coulissante.\",\"breadcrumb\":{\"@id\":\"https:\/\/www.storevan.com\/fr\/transformation-vehicules-utilitaires-pour-coursiers-express\/#breadcrumb\"},\"inLanguage\":\"fr-FR\",\"potentialAction\":[{\"@type\":\"ReadAction\",\"target\":[\"https:\/\/www.storevan.com\/fr\/transformation-vehicules-utilitaires-pour-coursiers-express\/\"]}]},{\"@type\":\"BreadcrumbList\",\"@id\":\"https:\/\/www.storevan.com\/fr\/transformation-vehicules-utilitaires-pour-coursiers-express\/#breadcrumb\",\"itemListElement\":[{\"@type\":\"ListItem\",\"position\":1,\"name\":\"Home\",\"item\":\"https:\/\/www.storevan.com\/fr\/\"},{\"@type\":\"ListItem\",\"position\":2,\"name\":\"Transformation de v\u00e9hicules utilitaires pour coursiers express CEP\"}]},{\"@type\":\"WebSite\",\"@id\":\"https:\/\/www.storevan.com\/pl\/#website\",\"url\":\"https:\/\/www.storevan.com\/pl\/\",\"name\":\"Store Van\",\"description\":\"Am\u00e9nagements fourgons\",\"potentialAction\":[{\"@type\":\"SearchAction\",\"target\":{\"@type\":\"EntryPoint\",\"urlTemplate\":\"https:\/\/www.storevan.com\/pl\/?s={search_term_string}\"},\"query-input\":\"required name=search_term_string\"}],\"inLanguage\":\"fr-FR\"}]}<\/script>\n<!-- \/ Yoast SEO plugin. -->","yoast_head_json":{"title":"Transformation de v\u00e9hicules utilitaires pour coursiers express CEP","description":"CEP, transformation de v\u00e9hicules utilitaires de livraison et de commerce ambulant avec \u00e9tag\u00e8res pliables et cloison de s\u00e9paration avec porte coulissante.","robots":{"index":"index","follow":"follow","max-snippet":"max-snippet:-1","max-image-preview":"max-image-preview:large","max-video-preview":"max-video-preview:-1"},"canonical":"https:\/\/www.storevan.com\/fr\/transformation-vehicules-utilitaires-pour-coursiers-express\/","og_locale":"fr_FR","og_type":"article","og_title":"Transformation de v\u00e9hicules utilitaires pour coursiers express CEP","og_description":"CEP, transformation de v\u00e9hicules utilitaires de livraison et de commerce ambulant avec \u00e9tag\u00e8res pliables et cloison de s\u00e9paration avec porte coulissante.","og_url":"https:\/\/www.storevan.com\/fr\/transformation-vehicules-utilitaires-pour-coursiers-express\/","og_site_name":"Store Van","article_modified_time":"2026-06-22T07:32:05+00:00","og_image":[{"width":1200,"height":630,"url":"https:\/\/www.storevan.com\/wp-content\/uploads\/2018\/09\/trasformazione-per-corrieri-fb.jpg","type":"image\/jpeg"}],"twitter_misc":{"Dur\u00e9e de lecture estim\u00e9e":"6 minutes"},"schema":{"@context":"https:\/\/schema.org","@graph":[{"@type":"WebPage","@id":"https:\/\/www.storevan.com\/fr\/transformation-vehicules-utilitaires-pour-coursiers-express\/","url":"https:\/\/www.storevan.com\/fr\/transformation-vehicules-utilitaires-pour-coursiers-express\/","name":"Transformation de v\u00e9hicules utilitaires pour coursiers express CEP","isPartOf":{"@id":"https:\/\/www.storevan.com\/pl\/#website"},"datePublished":"2018-09-04T14:30:10+00:00","dateModified":"2026-06-22T07:32:05+00:00","description":"CEP, transformation de v\u00e9hicules utilitaires de livraison et de commerce ambulant avec \u00e9tag\u00e8res pliables et cloison de s\u00e9paration avec porte coulissante.","breadcrumb":{"@id":"https:\/\/www.storevan.com\/fr\/transformation-vehicules-utilitaires-pour-coursiers-express\/#breadcrumb"},"inLanguage":"fr-FR","potentialAction":[{"@type":"ReadAction","target":["https:\/\/www.storevan.com\/fr\/transformation-vehicules-utilitaires-pour-coursiers-express\/"]}]},{"@type":"BreadcrumbList","@id":"https:\/\/www.storevan.com\/fr\/transformation-vehicules-utilitaires-pour-coursiers-express\/#breadcrumb","itemListElement":[{"@type":"ListItem","position":1,"name":"Home","item":"https:\/\/www.storevan.com\/fr\/"},{"@type":"ListItem","position":2,"name":"Transformation de v\u00e9hicules utilitaires pour coursiers express CEP"}]},{"@type":"WebSite","@id":"https:\/\/www.storevan.com\/pl\/#website","url":"https:\/\/www.storevan.com\/pl\/","name":"Store Van","description":"Am\u00e9nagements fourgons","potentialAction":[{"@type":"SearchAction","target":{"@type":"EntryPoint","urlTemplate":"https:\/\/www.storevan.com\/pl\/?s={search_term_string}"},"query-input":"required name=search_term_string"}],"inLanguage":"fr-FR"}]}},"_links":{"self":[{"href":"https:\/\/www.storevan.com\/fr\/wp-json\/wp\/v2\/pages\/87721"}],"collection":[{"href":"https:\/\/www.storevan.com\/fr\/wp-json\/wp\/v2\/pages"}],"about":[{"href":"https:\/\/www.storevan.com\/fr\/wp-json\/wp\/v2\/types\/page"}],"author":[{"embeddable":true,"href":"https:\/\/www.storevan.com\/fr\/wp-json\/wp\/v2\/users\/470"}],"replies":[{"embeddable":true,"href":"https:\/\/www.storevan.com\/fr\/wp-json\/wp\/v2\/comments?post=87721"}],"version-history":[{"count":8,"href":"https:\/\/www.storevan.com\/fr\/wp-json\/wp\/v2\/pages\/87721\/revisions"}],"predecessor-version":[{"id":166028,"href":"https:\/\/www.storevan.com\/fr\/wp-json\/wp\/v2\/pages\/87721\/revisions\/166028"}],"wp:attachment":[{"href":"https:\/\/www.storevan.com\/fr\/wp-json\/wp\/v2\/media?parent=87721"}],"curies":[{"name":"wp","href":"https:\/\/api.w.org\/{rel}","templated":true}]}}