{"id":56860,"date":"2017-05-12T07:20:12","date_gmt":"2017-05-12T07:20:12","guid":{"rendered":"https:\/\/www.storevan.com\/selle-reggicavi-furgoni\/"},"modified":"2018-03-02T12:54:27","modified_gmt":"2018-03-02T12:54:27","slug":"support-cables-fourgons","status":"publish","type":"page","link":"https:\/\/www.storevan.com\/fr\/support-cables-fourgons\/","title":{"rendered":"Support c\u00e2bles pour fourgons"},"content":{"rendered":"<h1 class=\"customblackTitleSmall\">Support c\u00e2bles pour fourgons<\/h1>\n<p>Pour rem\u00e9dier au d\u00e9sordre cr\u00e9\u00e9 par les rallonges et les c\u00e2bles emm\u00eal\u00e9s et \u00e9parpill\u00e9s dans l\u2019espace de chargement, Store Van a con\u00e7u le tr\u00e8s pratique support pour c\u00e2bles pour v\u00e9hicules utilitaires, qui rend l\u2019espace plus confortable et am\u00e9liore les conditions de travail \u00e0 bord du fourgon.<\/p>\n<p>Le support pour c\u00e2bles de la gamme d\u2019am\u00e9nagements pour atelier mobile, a \u00e9t\u00e9 sp\u00e9cifiquement con\u00e7u pour ranger les c\u00e2bles, les rallonges et les sondes de moyennes-grandes dimensions et les conserver \u00e0 port\u00e9e de main\u00a0; c\u2019est une structure en acier pratique, qu\u2019un double traitement de thermolaquage et par <a href=\"https:\/\/www.storevan.com\/fr\/societe\/technologie\/\">cataphor\u00e8se<\/a> a rendue extr\u00eamement r\u00e9sistante aux chocs et \u00e0 la corrosion.<\/p>\n<div class=\"ts-gallery\">\n<div class=\"one_half\">\n<p><a href=\"https:\/\/www.storevan.com\/wp-content\/uploads\/2017\/05\/kit-sella-reggicavi-furgoni-2.jpg\"><img decoding=\"async\" loading=\"lazy\" class=\"aligncenter wp-image-55717 size-full\" src=\"https:\/\/www.storevan.com\/wp-content\/uploads\/2017\/05\/kit-sella-reggicavi-furgoni-2.jpg\" alt=\"Support c\u00e2bles pour fourgons\" width=\"800\" height=\"850\" srcset=\"https:\/\/www.storevan.com\/wp-content\/uploads\/2017\/05\/kit-sella-reggicavi-furgoni-2.jpg 800w, https:\/\/www.storevan.com\/wp-content\/uploads\/2017\/05\/kit-sella-reggicavi-furgoni-2-282x300.jpg 282w, https:\/\/www.storevan.com\/wp-content\/uploads\/2017\/05\/kit-sella-reggicavi-furgoni-2-768x816.jpg 768w, https:\/\/www.storevan.com\/wp-content\/uploads\/2017\/05\/kit-sella-reggicavi-furgoni-2-600x638.jpg 600w\" sizes=\"(max-width: 800px) 100vw, 800px\" \/><\/a><\/p>\n<\/div><div class=\"one_half last\">\n<p><a href=\"https:\/\/www.storevan.com\/wp-content\/uploads\/2017\/05\/kit-sella-reggicavi-furgoni-1.jpg\"><img decoding=\"async\" loading=\"lazy\" class=\"aligncenter wp-image-55723 size-full\" src=\"https:\/\/www.storevan.com\/wp-content\/uploads\/2017\/05\/kit-sella-reggicavi-furgoni-1.jpg\" alt=\"Support c\u00e2bles pour fourgons\" width=\"800\" height=\"850\" srcset=\"https:\/\/www.storevan.com\/wp-content\/uploads\/2017\/05\/kit-sella-reggicavi-furgoni-1.jpg 800w, https:\/\/www.storevan.com\/wp-content\/uploads\/2017\/05\/kit-sella-reggicavi-furgoni-1-282x300.jpg 282w, https:\/\/www.storevan.com\/wp-content\/uploads\/2017\/05\/kit-sella-reggicavi-furgoni-1-768x816.jpg 768w, https:\/\/www.storevan.com\/wp-content\/uploads\/2017\/05\/kit-sella-reggicavi-furgoni-1-600x638.jpg 600w\" sizes=\"(max-width: 800px) 100vw, 800px\" \/><\/a><\/p>\n<\/div><div class=\"clearboth\"><\/div>\n<\/div>\n<p>Pourvu de trous AIRLINE auxquels fixer des crochets porte-outils, le support pour c\u00e2bles est fourni de s\u00e9rie avec une courroie \u00e9lastique m\u00e9trique noire \u00e0 laquelle il est possible d\u2019arrimer des objets longs et l\u00e9gers, comme des balais.\u00a0Le support pour c\u00e2bles est disponible pour diff\u00e9rents modules pour fourgons Store Van et se fixe facilement aux rayonnages m\u00e9talliques avec quatre vis.<\/p>\n<div class=\"txtGrey\"><a href=\"https:\/\/www.storevan.com\/fr\/produits\/accessoires\/\">Accessoires pour fourgons<\/a><\/div>\n","protected":false},"excerpt":{"rendered":"<p>Support c\u00e2bles pour fourgons Pour rem\u00e9dier au d\u00e9sordre cr\u00e9\u00e9 par les rallonges et les c\u00e2bles emm\u00eal\u00e9s et \u00e9parpill\u00e9s dans l\u2019espace de chargement, Store Van a con\u00e7u le tr\u00e8s pratique support.<\/p>\n","protected":false},"author":470,"featured_media":0,"parent":0,"menu_order":0,"comment_status":"closed","ping_status":"closed","template":"","meta":[],"acf":[],"yoast_head":"<!-- This site is optimized with the Yoast SEO plugin v20.11 - https:\/\/yoast.com\/wordpress\/plugins\/seo\/ -->\n<title>Support c\u00e2bles pour fourgons<\/title>\n<meta name=\"description\" content=\"Store Van a con\u00e7u le tr\u00e8s pratique support pour c\u00e2bles pour v\u00e9hicules utilitaires, qui rend am\u00e9liore les conditions de travail \u00e0 bord du fourgon.\" \/>\n<meta name=\"robots\" content=\"index, follow, max-snippet:-1, max-image-preview:large, max-video-preview:-1\" \/>\n<link rel=\"canonical\" href=\"https:\/\/www.storevan.com\/fr\/support-cables-fourgons\/\" \/>\n<meta property=\"og:locale\" content=\"fr_FR\" \/>\n<meta property=\"og:type\" content=\"article\" \/>\n<meta property=\"og:title\" content=\"Support c\u00e2bles pour fourgons\" \/>\n<meta property=\"og:description\" content=\"Store Van a con\u00e7u le tr\u00e8s pratique support pour c\u00e2bles pour v\u00e9hicules utilitaires, qui rend am\u00e9liore les conditions de travail \u00e0 bord du fourgon.\" \/>\n<meta property=\"og:url\" content=\"https:\/\/www.storevan.com\/fr\/support-cables-fourgons\/\" \/>\n<meta property=\"og:site_name\" content=\"Store Van\" \/>\n<meta property=\"article:modified_time\" content=\"2018-03-02T12:54:27+00:00\" \/>\n<meta property=\"og:image\" content=\"https:\/\/www.storevan.com\/wp-content\/uploads\/2017\/05\/kit-sella-reggicavi-furgoni-2.jpg\" \/>\n<meta name=\"twitter:label1\" content=\"Dur\u00e9e de lecture estim\u00e9e\" \/>\n\t<meta name=\"twitter:data1\" content=\"1 minute\" \/>\n<script type=\"application\/ld+json\" class=\"yoast-schema-graph\">{\"@context\":\"https:\/\/schema.org\",\"@graph\":[{\"@type\":\"WebPage\",\"@id\":\"https:\/\/www.storevan.com\/fr\/support-cables-fourgons\/\",\"url\":\"https:\/\/www.storevan.com\/fr\/support-cables-fourgons\/\",\"name\":\"Support c\u00e2bles pour fourgons\",\"isPartOf\":{\"@id\":\"https:\/\/www.storevan.com\/pl\/#website\"},\"datePublished\":\"2017-05-12T07:20:12+00:00\",\"dateModified\":\"2018-03-02T12:54:27+00:00\",\"description\":\"Store Van a con\u00e7u le tr\u00e8s pratique support pour c\u00e2bles pour v\u00e9hicules utilitaires, qui rend am\u00e9liore les conditions de travail \u00e0 bord du fourgon.\",\"breadcrumb\":{\"@id\":\"https:\/\/www.storevan.com\/fr\/support-cables-fourgons\/#breadcrumb\"},\"inLanguage\":\"fr-FR\",\"potentialAction\":[{\"@type\":\"ReadAction\",\"target\":[\"https:\/\/www.storevan.com\/fr\/support-cables-fourgons\/\"]}]},{\"@type\":\"BreadcrumbList\",\"@id\":\"https:\/\/www.storevan.com\/fr\/support-cables-fourgons\/#breadcrumb\",\"itemListElement\":[{\"@type\":\"ListItem\",\"position\":1,\"name\":\"Home\",\"item\":\"https:\/\/www.storevan.com\/fr\/\"},{\"@type\":\"ListItem\",\"position\":2,\"name\":\"Support c\u00e2bles pour fourgons\"}]},{\"@type\":\"WebSite\",\"@id\":\"https:\/\/www.storevan.com\/pl\/#website\",\"url\":\"https:\/\/www.storevan.com\/pl\/\",\"name\":\"Store Van\",\"description\":\"Am\u00e9nagements fourgons\",\"potentialAction\":[{\"@type\":\"SearchAction\",\"target\":{\"@type\":\"EntryPoint\",\"urlTemplate\":\"https:\/\/www.storevan.com\/pl\/?s={search_term_string}\"},\"query-input\":\"required name=search_term_string\"}],\"inLanguage\":\"fr-FR\"}]}<\/script>\n<!-- \/ Yoast SEO plugin. -->","yoast_head_json":{"title":"Support c\u00e2bles pour fourgons","description":"Store Van a con\u00e7u le tr\u00e8s pratique support pour c\u00e2bles pour v\u00e9hicules utilitaires, qui rend am\u00e9liore les conditions de travail \u00e0 bord du fourgon.","robots":{"index":"index","follow":"follow","max-snippet":"max-snippet:-1","max-image-preview":"max-image-preview:large","max-video-preview":"max-video-preview:-1"},"canonical":"https:\/\/www.storevan.com\/fr\/support-cables-fourgons\/","og_locale":"fr_FR","og_type":"article","og_title":"Support c\u00e2bles pour fourgons","og_description":"Store Van a con\u00e7u le tr\u00e8s pratique support pour c\u00e2bles pour v\u00e9hicules utilitaires, qui rend am\u00e9liore les conditions de travail \u00e0 bord du fourgon.","og_url":"https:\/\/www.storevan.com\/fr\/support-cables-fourgons\/","og_site_name":"Store Van","article_modified_time":"2018-03-02T12:54:27+00:00","og_image":[{"url":"https:\/\/www.storevan.com\/wp-content\/uploads\/2017\/05\/kit-sella-reggicavi-furgoni-2.jpg"}],"twitter_misc":{"Dur\u00e9e de lecture estim\u00e9e":"1 minute"},"schema":{"@context":"https:\/\/schema.org","@graph":[{"@type":"WebPage","@id":"https:\/\/www.storevan.com\/fr\/support-cables-fourgons\/","url":"https:\/\/www.storevan.com\/fr\/support-cables-fourgons\/","name":"Support c\u00e2bles pour fourgons","isPartOf":{"@id":"https:\/\/www.storevan.com\/pl\/#website"},"datePublished":"2017-05-12T07:20:12+00:00","dateModified":"2018-03-02T12:54:27+00:00","description":"Store Van a con\u00e7u le tr\u00e8s pratique support pour c\u00e2bles pour v\u00e9hicules utilitaires, qui rend am\u00e9liore les conditions de travail \u00e0 bord du fourgon.","breadcrumb":{"@id":"https:\/\/www.storevan.com\/fr\/support-cables-fourgons\/#breadcrumb"},"inLanguage":"fr-FR","potentialAction":[{"@type":"ReadAction","target":["https:\/\/www.storevan.com\/fr\/support-cables-fourgons\/"]}]},{"@type":"BreadcrumbList","@id":"https:\/\/www.storevan.com\/fr\/support-cables-fourgons\/#breadcrumb","itemListElement":[{"@type":"ListItem","position":1,"name":"Home","item":"https:\/\/www.storevan.com\/fr\/"},{"@type":"ListItem","position":2,"name":"Support c\u00e2bles pour fourgons"}]},{"@type":"WebSite","@id":"https:\/\/www.storevan.com\/pl\/#website","url":"https:\/\/www.storevan.com\/pl\/","name":"Store Van","description":"Am\u00e9nagements fourgons","potentialAction":[{"@type":"SearchAction","target":{"@type":"EntryPoint","urlTemplate":"https:\/\/www.storevan.com\/pl\/?s={search_term_string}"},"query-input":"required name=search_term_string"}],"inLanguage":"fr-FR"}]}},"_links":{"self":[{"href":"https:\/\/www.storevan.com\/fr\/wp-json\/wp\/v2\/pages\/56860"}],"collection":[{"href":"https:\/\/www.storevan.com\/fr\/wp-json\/wp\/v2\/pages"}],"about":[{"href":"https:\/\/www.storevan.com\/fr\/wp-json\/wp\/v2\/types\/page"}],"author":[{"embeddable":true,"href":"https:\/\/www.storevan.com\/fr\/wp-json\/wp\/v2\/users\/470"}],"replies":[{"embeddable":true,"href":"https:\/\/www.storevan.com\/fr\/wp-json\/wp\/v2\/comments?post=56860"}],"version-history":[{"count":0,"href":"https:\/\/www.storevan.com\/fr\/wp-json\/wp\/v2\/pages\/56860\/revisions"}],"wp:attachment":[{"href":"https:\/\/www.storevan.com\/fr\/wp-json\/wp\/v2\/media?parent=56860"}],"curies":[{"name":"wp","href":"https:\/\/api.w.org\/{rel}","templated":true}]}}