{"id":56545,"date":"2017-02-16T14:46:11","date_gmt":"2017-02-16T14:46:11","guid":{"rendered":"https:\/\/www.storevan.com\/allestimento-furgoni-gallery\/dacia\/"},"modified":"2017-06-08T12:54:45","modified_gmt":"2017-06-08T12:54:45","slug":"dacia","status":"publish","type":"page","link":"https:\/\/www.storevan.com\/fr\/amenagements-vehicule-utilitaire-gallery\/dacia\/","title":{"rendered":"Gallery Am\u00e9nagements V\u00e9hicule Utilitaire | Dacia"},"content":{"rendered":"<h1 class=\"customblackTitleSmall\">Gallery Am\u00e9nagements V\u00e9hicule Utilitaire | Dacia<\/h1>\n<div class=\"breadcrumb\"><a href=\"https:\/\/www.storevan.com\/fr\/amenagements-vehicule-utilitaire-gallery\/\" rel=\"prev\">Gallery<\/a>\u00a0<span class=\"separator\">\u00bb<\/span> Dacia<\/div>\n<div class=\"ts-gallery\">\n<div class=\"one_fourth\"><a href=\"https:\/\/www.storevan.com\/wp-content\/uploads\/2017\/02\/Allestimenti-furgoni-Dacia-Dokker-3-StoreVan.jpg\"><img decoding=\"async\" loading=\"lazy\" class=\"aligncenter size-thumbnail wp-image-51248\" src=\"https:\/\/www.storevan.com\/wp-content\/uploads\/2017\/02\/Allestimenti-furgoni-Dacia-Dokker-3-StoreVan-150x150.jpg\" alt=\"Am\u00e9nagements V\u00e9hicule Utilitaire Dacia Dokker\" width=\"150\" height=\"150\" srcset=\"https:\/\/www.storevan.com\/wp-content\/uploads\/2017\/02\/Allestimenti-furgoni-Dacia-Dokker-3-StoreVan-150x150.jpg 150w, https:\/\/www.storevan.com\/wp-content\/uploads\/2017\/02\/Allestimenti-furgoni-Dacia-Dokker-3-StoreVan-300x300.jpg 300w, https:\/\/www.storevan.com\/wp-content\/uploads\/2017\/02\/Allestimenti-furgoni-Dacia-Dokker-3-StoreVan-768x768.jpg 768w, https:\/\/www.storevan.com\/wp-content\/uploads\/2017\/02\/Allestimenti-furgoni-Dacia-Dokker-3-StoreVan-600x600.jpg 600w, https:\/\/www.storevan.com\/wp-content\/uploads\/2017\/02\/Allestimenti-furgoni-Dacia-Dokker-3-StoreVan-48x48.jpg 48w, https:\/\/www.storevan.com\/wp-content\/uploads\/2017\/02\/Allestimenti-furgoni-Dacia-Dokker-3-StoreVan-480x480.jpg 480w, https:\/\/www.storevan.com\/wp-content\/uploads\/2017\/02\/Allestimenti-furgoni-Dacia-Dokker-3-StoreVan.jpg 800w\" sizes=\"(max-width: 150px) 100vw, 150px\" \/><\/a><\/div><div class=\"one_fourth\"><a href=\"https:\/\/www.storevan.com\/wp-content\/uploads\/2017\/02\/Allestimenti-furgoni-Dacia-Dokker-4-StoreVan.jpg\"><img decoding=\"async\" loading=\"lazy\" class=\"aligncenter wp-image-51254 size-thumbnail\" src=\"https:\/\/www.storevan.com\/wp-content\/uploads\/2017\/02\/Allestimenti-furgoni-Dacia-Dokker-4-StoreVan-150x150.jpg\" alt=\"Am\u00e9nagements V\u00e9hicule Utilitaire Dacia Dokker\" width=\"150\" height=\"150\" srcset=\"https:\/\/www.storevan.com\/wp-content\/uploads\/2017\/02\/Allestimenti-furgoni-Dacia-Dokker-4-StoreVan-150x150.jpg 150w, https:\/\/www.storevan.com\/wp-content\/uploads\/2017\/02\/Allestimenti-furgoni-Dacia-Dokker-4-StoreVan-300x300.jpg 300w, https:\/\/www.storevan.com\/wp-content\/uploads\/2017\/02\/Allestimenti-furgoni-Dacia-Dokker-4-StoreVan-768x768.jpg 768w, https:\/\/www.storevan.com\/wp-content\/uploads\/2017\/02\/Allestimenti-furgoni-Dacia-Dokker-4-StoreVan-600x600.jpg 600w, https:\/\/www.storevan.com\/wp-content\/uploads\/2017\/02\/Allestimenti-furgoni-Dacia-Dokker-4-StoreVan-48x48.jpg 48w, https:\/\/www.storevan.com\/wp-content\/uploads\/2017\/02\/Allestimenti-furgoni-Dacia-Dokker-4-StoreVan-480x480.jpg 480w, https:\/\/www.storevan.com\/wp-content\/uploads\/2017\/02\/Allestimenti-furgoni-Dacia-Dokker-4-StoreVan.jpg 800w\" sizes=\"(max-width: 150px) 100vw, 150px\" \/><\/a><\/div><div class=\"one_fourth\"><a href=\"https:\/\/www.storevan.com\/wp-content\/uploads\/2017\/02\/Allestimento-furgoni-Dacia-Dokker-1-StoreVan.jpg\"><img decoding=\"async\" loading=\"lazy\" class=\"aligncenter wp-image-51260 size-thumbnail\" src=\"https:\/\/www.storevan.com\/wp-content\/uploads\/2017\/02\/Allestimento-furgoni-Dacia-Dokker-1-StoreVan-150x150.jpg\" alt=\"Am\u00e9nagements V\u00e9hicule Utilitaire Dacia Dokker\" width=\"150\" height=\"150\" srcset=\"https:\/\/www.storevan.com\/wp-content\/uploads\/2017\/02\/Allestimento-furgoni-Dacia-Dokker-1-StoreVan-150x150.jpg 150w, https:\/\/www.storevan.com\/wp-content\/uploads\/2017\/02\/Allestimento-furgoni-Dacia-Dokker-1-StoreVan-300x300.jpg 300w, https:\/\/www.storevan.com\/wp-content\/uploads\/2017\/02\/Allestimento-furgoni-Dacia-Dokker-1-StoreVan-768x768.jpg 768w, https:\/\/www.storevan.com\/wp-content\/uploads\/2017\/02\/Allestimento-furgoni-Dacia-Dokker-1-StoreVan-600x600.jpg 600w, https:\/\/www.storevan.com\/wp-content\/uploads\/2017\/02\/Allestimento-furgoni-Dacia-Dokker-1-StoreVan-48x48.jpg 48w, https:\/\/www.storevan.com\/wp-content\/uploads\/2017\/02\/Allestimento-furgoni-Dacia-Dokker-1-StoreVan-480x480.jpg 480w, https:\/\/www.storevan.com\/wp-content\/uploads\/2017\/02\/Allestimento-furgoni-Dacia-Dokker-1-StoreVan.jpg 800w\" sizes=\"(max-width: 150px) 100vw, 150px\" \/><\/a><\/div><div class=\"one_fourth last\"><a href=\"https:\/\/www.storevan.com\/wp-content\/uploads\/2017\/02\/Allestimento-furgoni-Dacia-Dokker-2-StoreVan.jpg\"><img decoding=\"async\" loading=\"lazy\" class=\"aligncenter wp-image-51266 size-thumbnail\" src=\"https:\/\/www.storevan.com\/wp-content\/uploads\/2017\/02\/Allestimento-furgoni-Dacia-Dokker-2-StoreVan-150x150.jpg\" alt=\"Am\u00e9nagements V\u00e9hicule Utilitaire Dacia Dokker\" width=\"150\" height=\"150\" srcset=\"https:\/\/www.storevan.com\/wp-content\/uploads\/2017\/02\/Allestimento-furgoni-Dacia-Dokker-2-StoreVan-150x150.jpg 150w, https:\/\/www.storevan.com\/wp-content\/uploads\/2017\/02\/Allestimento-furgoni-Dacia-Dokker-2-StoreVan-300x300.jpg 300w, https:\/\/www.storevan.com\/wp-content\/uploads\/2017\/02\/Allestimento-furgoni-Dacia-Dokker-2-StoreVan-768x768.jpg 768w, https:\/\/www.storevan.com\/wp-content\/uploads\/2017\/02\/Allestimento-furgoni-Dacia-Dokker-2-StoreVan-600x600.jpg 600w, https:\/\/www.storevan.com\/wp-content\/uploads\/2017\/02\/Allestimento-furgoni-Dacia-Dokker-2-StoreVan-48x48.jpg 48w, https:\/\/www.storevan.com\/wp-content\/uploads\/2017\/02\/Allestimento-furgoni-Dacia-Dokker-2-StoreVan-480x480.jpg 480w, https:\/\/www.storevan.com\/wp-content\/uploads\/2017\/02\/Allestimento-furgoni-Dacia-Dokker-2-StoreVan.jpg 800w\" sizes=\"(max-width: 150px) 100vw, 150px\" \/><\/a><\/div><div class=\"clearboth\"><\/div>\n<\/div>\n","protected":false},"excerpt":{"rendered":"<p>Gallery Am\u00e9nagements V\u00e9hicule Utilitaire | Dacia Gallery\u00a0\u00bb Dacia<\/p>\n","protected":false},"author":470,"featured_media":0,"parent":56535,"menu_order":0,"comment_status":"closed","ping_status":"closed","template":"","meta":[],"acf":[],"yoast_head":"<!-- This site is optimized with the Yoast SEO plugin v20.11 - https:\/\/yoast.com\/wordpress\/plugins\/seo\/ -->\n<title>Gallery Am\u00e9nagements V\u00e9hicule Utilitaire | Dacia<\/title>\n<meta name=\"robots\" content=\"index, follow, max-snippet:-1, max-image-preview:large, max-video-preview:-1\" \/>\n<link rel=\"canonical\" href=\"https:\/\/www.storevan.com\/fr\/amenagements-vehicule-utilitaire-gallery\/dacia\/\" \/>\n<meta property=\"og:locale\" content=\"fr_FR\" \/>\n<meta property=\"og:type\" content=\"article\" \/>\n<meta property=\"og:title\" content=\"Gallery Am\u00e9nagements V\u00e9hicule Utilitaire | Dacia\" \/>\n<meta property=\"og:description\" content=\"Gallery Am\u00e9nagements V\u00e9hicule Utilitaire | Dacia Gallery\u00a0\u00bb Dacia\" \/>\n<meta property=\"og:url\" content=\"https:\/\/www.storevan.com\/fr\/amenagements-vehicule-utilitaire-gallery\/dacia\/\" \/>\n<meta property=\"og:site_name\" content=\"Store Van\" \/>\n<meta property=\"article:modified_time\" content=\"2017-06-08T12:54:45+00:00\" \/>\n<meta property=\"og:image\" content=\"https:\/\/www.storevan.com\/wp-content\/uploads\/2017\/02\/Allestimenti-furgoni-Dacia-Dokker-3-StoreVan-150x150.jpg\" \/>\n<script type=\"application\/ld+json\" class=\"yoast-schema-graph\">{\"@context\":\"https:\/\/schema.org\",\"@graph\":[{\"@type\":\"WebPage\",\"@id\":\"https:\/\/www.storevan.com\/fr\/amenagements-vehicule-utilitaire-gallery\/dacia\/\",\"url\":\"https:\/\/www.storevan.com\/fr\/amenagements-vehicule-utilitaire-gallery\/dacia\/\",\"name\":\"Gallery Am\u00e9nagements V\u00e9hicule Utilitaire | Dacia\",\"isPartOf\":{\"@id\":\"https:\/\/www.storevan.com\/pl\/#website\"},\"datePublished\":\"2017-02-16T14:46:11+00:00\",\"dateModified\":\"2017-06-08T12:54:45+00:00\",\"breadcrumb\":{\"@id\":\"https:\/\/www.storevan.com\/fr\/amenagements-vehicule-utilitaire-gallery\/dacia\/#breadcrumb\"},\"inLanguage\":\"fr-FR\",\"potentialAction\":[{\"@type\":\"ReadAction\",\"target\":[\"https:\/\/www.storevan.com\/fr\/amenagements-vehicule-utilitaire-gallery\/dacia\/\"]}]},{\"@type\":\"BreadcrumbList\",\"@id\":\"https:\/\/www.storevan.com\/fr\/amenagements-vehicule-utilitaire-gallery\/dacia\/#breadcrumb\",\"itemListElement\":[{\"@type\":\"ListItem\",\"position\":1,\"name\":\"Home\",\"item\":\"https:\/\/www.storevan.com\/fr\/\"},{\"@type\":\"ListItem\",\"position\":2,\"name\":\"Am\u00e9nagements V\u00e9hicule Utilitaire Gallery\",\"item\":\"https:\/\/www.storevan.com\/fr\/amenagements-vehicule-utilitaire-gallery\/\"},{\"@type\":\"ListItem\",\"position\":3,\"name\":\"Gallery Am\u00e9nagements V\u00e9hicule Utilitaire | Dacia\"}]},{\"@type\":\"WebSite\",\"@id\":\"https:\/\/www.storevan.com\/pl\/#website\",\"url\":\"https:\/\/www.storevan.com\/pl\/\",\"name\":\"Store Van\",\"description\":\"Am\u00e9nagements fourgons\",\"potentialAction\":[{\"@type\":\"SearchAction\",\"target\":{\"@type\":\"EntryPoint\",\"urlTemplate\":\"https:\/\/www.storevan.com\/pl\/?s={search_term_string}\"},\"query-input\":\"required name=search_term_string\"}],\"inLanguage\":\"fr-FR\"}]}<\/script>\n<!-- \/ Yoast SEO plugin. -->","yoast_head_json":{"title":"Gallery Am\u00e9nagements V\u00e9hicule Utilitaire | Dacia","robots":{"index":"index","follow":"follow","max-snippet":"max-snippet:-1","max-image-preview":"max-image-preview:large","max-video-preview":"max-video-preview:-1"},"canonical":"https:\/\/www.storevan.com\/fr\/amenagements-vehicule-utilitaire-gallery\/dacia\/","og_locale":"fr_FR","og_type":"article","og_title":"Gallery Am\u00e9nagements V\u00e9hicule Utilitaire | Dacia","og_description":"Gallery Am\u00e9nagements V\u00e9hicule Utilitaire | Dacia Gallery\u00a0\u00bb Dacia","og_url":"https:\/\/www.storevan.com\/fr\/amenagements-vehicule-utilitaire-gallery\/dacia\/","og_site_name":"Store Van","article_modified_time":"2017-06-08T12:54:45+00:00","og_image":[{"url":"https:\/\/www.storevan.com\/wp-content\/uploads\/2017\/02\/Allestimenti-furgoni-Dacia-Dokker-3-StoreVan-150x150.jpg"}],"schema":{"@context":"https:\/\/schema.org","@graph":[{"@type":"WebPage","@id":"https:\/\/www.storevan.com\/fr\/amenagements-vehicule-utilitaire-gallery\/dacia\/","url":"https:\/\/www.storevan.com\/fr\/amenagements-vehicule-utilitaire-gallery\/dacia\/","name":"Gallery Am\u00e9nagements V\u00e9hicule Utilitaire | Dacia","isPartOf":{"@id":"https:\/\/www.storevan.com\/pl\/#website"},"datePublished":"2017-02-16T14:46:11+00:00","dateModified":"2017-06-08T12:54:45+00:00","breadcrumb":{"@id":"https:\/\/www.storevan.com\/fr\/amenagements-vehicule-utilitaire-gallery\/dacia\/#breadcrumb"},"inLanguage":"fr-FR","potentialAction":[{"@type":"ReadAction","target":["https:\/\/www.storevan.com\/fr\/amenagements-vehicule-utilitaire-gallery\/dacia\/"]}]},{"@type":"BreadcrumbList","@id":"https:\/\/www.storevan.com\/fr\/amenagements-vehicule-utilitaire-gallery\/dacia\/#breadcrumb","itemListElement":[{"@type":"ListItem","position":1,"name":"Home","item":"https:\/\/www.storevan.com\/fr\/"},{"@type":"ListItem","position":2,"name":"Am\u00e9nagements V\u00e9hicule Utilitaire Gallery","item":"https:\/\/www.storevan.com\/fr\/amenagements-vehicule-utilitaire-gallery\/"},{"@type":"ListItem","position":3,"name":"Gallery Am\u00e9nagements V\u00e9hicule Utilitaire | Dacia"}]},{"@type":"WebSite","@id":"https:\/\/www.storevan.com\/pl\/#website","url":"https:\/\/www.storevan.com\/pl\/","name":"Store Van","description":"Am\u00e9nagements fourgons","potentialAction":[{"@type":"SearchAction","target":{"@type":"EntryPoint","urlTemplate":"https:\/\/www.storevan.com\/pl\/?s={search_term_string}"},"query-input":"required name=search_term_string"}],"inLanguage":"fr-FR"}]}},"_links":{"self":[{"href":"https:\/\/www.storevan.com\/fr\/wp-json\/wp\/v2\/pages\/56545"}],"collection":[{"href":"https:\/\/www.storevan.com\/fr\/wp-json\/wp\/v2\/pages"}],"about":[{"href":"https:\/\/www.storevan.com\/fr\/wp-json\/wp\/v2\/types\/page"}],"author":[{"embeddable":true,"href":"https:\/\/www.storevan.com\/fr\/wp-json\/wp\/v2\/users\/470"}],"replies":[{"embeddable":true,"href":"https:\/\/www.storevan.com\/fr\/wp-json\/wp\/v2\/comments?post=56545"}],"version-history":[{"count":0,"href":"https:\/\/www.storevan.com\/fr\/wp-json\/wp\/v2\/pages\/56545\/revisions"}],"up":[{"embeddable":true,"href":"https:\/\/www.storevan.com\/fr\/wp-json\/wp\/v2\/pages\/56535"}],"wp:attachment":[{"href":"https:\/\/www.storevan.com\/fr\/wp-json\/wp\/v2\/media?parent=56545"}],"curies":[{"name":"wp","href":"https:\/\/api.w.org\/{rel}","templated":true}]}}