{"id":56535,"date":"2017-02-16T13:19:59","date_gmt":"2017-02-16T13:19:59","guid":{"rendered":"https:\/\/www.storevan.com\/allestimento-furgoni-gallery\/"},"modified":"2019-06-21T07:13:22","modified_gmt":"2019-06-21T07:13:22","slug":"amenagements-vehicule-utilitaire-gallery","status":"publish","type":"page","link":"https:\/\/www.storevan.com\/fr\/amenagements-vehicule-utilitaire-gallery\/","title":{"rendered":"Am\u00e9nagements V\u00e9hicule Utilitaire Gallery"},"content":{"rendered":"<h1 class=\"customblackTitleSmall\">Am\u00e9nagements V\u00e9hicule Utilitaire Gallery<\/h1>\n<div class=\"three_fourth\">\n<p class=\"txtBlack bigTxt\"><strong>360-DEGREE VIDEO<\/strong><\/p>\n<p>to examine every detail of our Store Van equipment.<\/p>\n<div class=\"intrinsic-container intrinsic-container-4x3\" style=\"margin-bottom: 20px;\"><iframe loading=\"lazy\" src=\"https:\/\/www.youtube.com\/embed\/JCPxrubDzmw\" width=\"640\" height=\"360\" frameborder=\"0\" allowfullscreen=\"allowfullscreen\"><br \/>\n<\/iframe><\/div>\n<div class=\"txtGrey\">\n<h3>PHOTO GALLERY<\/h3>\n<p>S\u00e9lectionnez la marque des \u00e9quipements de fourgonnette qui vous int\u00e9resse<\/p>\n<section class=\"clearfix\">\n<ul id=\"filters\" class=\"option-set clearfix unstyled\" data-option-key=\"filter\">\n<li><a href=\"https:\/\/www.storevan.com\/fr\/amenagements-vehicule-utilitaire-gallery\/citroen\/\" rel=\"next\">Citro\u00ebn<\/a><\/li>\n<li><a href=\"https:\/\/www.storevan.com\/fr\/amenagements-vehicule-utilitaire-gallery\/dacia\/\" rel=\"next\">Dacia<\/a><\/li>\n<li><a href=\"https:\/\/www.storevan.com\/fr\/amenagements-vehicule-utilitaire-gallery\/fiat\/\" rel=\"next\">Fiat<\/a><\/li>\n<li><a href=\"https:\/\/www.storevan.com\/fr\/amenagements-vehicule-utilitaire-gallery\/ford\/\" rel=\"next\">Ford<\/a><\/li>\n<li><a href=\"https:\/\/www.storevan.com\/fr\/amenagements-vehicule-utilitaire-gallery\/hyundai\/\" rel=\"next\">Hyundai<\/a><\/li>\n<li><a href=\"https:\/\/www.storevan.com\/fr\/amenagements-vehicule-utilitaire-gallery\/iveco\/\" rel=\"next\">Iveco<\/a><\/li>\n<li><a href=\"https:\/\/www.storevan.com\/fr\/amenagements-vehicule-utilitaire-gallery\/mercedes-benz\/\" rel=\"next\">Mercedes-benz<\/a><\/li>\n<li><a href=\"https:\/\/www.storevan.com\/fr\/amenagements-vehicule-utilitaire-gallery\/nissan\/\" rel=\"next\">Nissan<\/a><\/li>\n<li><a href=\"https:\/\/www.storevan.com\/fr\/amenagements-vehicule-utilitaire-gallery\/opel\/\" rel=\"next\">Opel<\/a><\/li>\n<li><a href=\"https:\/\/www.storevan.com\/fr\/amenagements-vehicule-utilitaire-gallery\/peugeot\/\" rel=\"next\">Peugeot<\/a><\/li>\n<li><a href=\"https:\/\/www.storevan.com\/fr\/amenagements-vehicule-utilitaire-gallery\/renault\/\" rel=\"next\">Renault<\/a><\/li>\n<li><a href=\"https:\/\/www.storevan.com\/fr\/amenagements-vehicule-utilitaire-gallery\/toyota\/\" rel=\"next\">Toyota<\/a><\/li>\n<li><a href=\"https:\/\/www.storevan.com\/fr\/amenagements-vehicule-utilitaire-gallery\/volkswagen\/\" rel=\"next\">Volkswagen<\/a><\/li>\n<\/ul>\n<\/section>\n<\/div>\n<\/div><div class=\"one_fourth last\">\nLe design a <a href=\"https:\/\/www.storevan.com\/fr\/produits\/amenagement-rayonnage-fourgon\/\">fait l\u2019objet<\/a> aussi d\u2019un restyling profond. Parmi les caract\u00e9ristiques nous comptons les \u00e9l\u00e9ments construits avec un syst\u00e8me tubulaire \u00e0 haute capacit\u00e9 et r\u00e9sistance, les poign\u00e9es ergonomiques en plastique, les tiroirs \u00e0 haute coulissement avec blocage m\u00e9canique de s\u00fbret\u00e9 lors de l\u2019ouverture et fermeture, le r\u00e9glage en hauteur des diff\u00e9rents \u00e9l\u00e9ments avec pas de 25 mm.<\/p>\n<ul class=\"arrow\">\n<li>Structure modulaire en acier galvannealed. Laquage par immersion, cathodique, avec r\u00e9sine acrylique<\/li>\n<li>El\u00e9ments absorbants acoustiques de s\u00e9curit\u00e9 entre les divers composants en m\u00e9tal<\/li>\n<li>Syst\u00e8me innovant de fixation des modules \u00e0 la carrosserie au moyen d\u2019une barre en aluminium<\/li>\n<li>Tiroirs coulissants avec blocage de s\u00e9curit\u00e9 en ouverture et fermeture (D5)<\/li>\n<li>El\u00e9ments avec syst\u00e8me tubulaire : capacit\u00e9 de charge et r\u00e9sistance \u00e9lev\u00e9es<\/li>\n<\/ul>\n<\/div><div class=\"clearboth\"><\/div>\n<h5 class=\"bigTxt txtGrey\">La ligne Store Van permet, \u00e9galement, d\u2019optimiser l\u2019espace soit avec l\u2019addition de <a href=\"https:\/\/www.storevan.com\/fr\/produits\/bacs-rangements-fourgons\/\">bacs en plastique<\/a>.<\/h5>\n<div class=\"ts-gallery\">\n<div class=\"one_fourth\">\n<p><a href=\"https:\/\/www.storevan.com\/wp-content\/uploads\/2017\/02\/Allestimenti-furgoni-Citroen-Jumper-4-StoreVan.jpg\"><img decoding=\"async\" loading=\"lazy\" class=\"size-thumbnail wp-image-51204 aligncenter\" src=\"https:\/\/www.storevan.com\/wp-content\/uploads\/2017\/02\/Allestimenti-furgoni-Citroen-Jumper-4-StoreVan-150x150.jpg\" alt=\"Am\u00e9nagements V\u00e9hicule Utilitaire Citro\u00ebn Jumper\" width=\"150\" height=\"150\" srcset=\"https:\/\/www.storevan.com\/wp-content\/uploads\/2017\/02\/Allestimenti-furgoni-Citroen-Jumper-4-StoreVan-150x150.jpg 150w, https:\/\/www.storevan.com\/wp-content\/uploads\/2017\/02\/Allestimenti-furgoni-Citroen-Jumper-4-StoreVan-300x300.jpg 300w, https:\/\/www.storevan.com\/wp-content\/uploads\/2017\/02\/Allestimenti-furgoni-Citroen-Jumper-4-StoreVan-768x768.jpg 768w, https:\/\/www.storevan.com\/wp-content\/uploads\/2017\/02\/Allestimenti-furgoni-Citroen-Jumper-4-StoreVan-600x600.jpg 600w, https:\/\/www.storevan.com\/wp-content\/uploads\/2017\/02\/Allestimenti-furgoni-Citroen-Jumper-4-StoreVan-48x48.jpg 48w, https:\/\/www.storevan.com\/wp-content\/uploads\/2017\/02\/Allestimenti-furgoni-Citroen-Jumper-4-StoreVan-480x480.jpg 480w, https:\/\/www.storevan.com\/wp-content\/uploads\/2017\/02\/Allestimenti-furgoni-Citroen-Jumper-4-StoreVan.jpg 800w\" sizes=\"(max-width: 150px) 100vw, 150px\" \/><\/a><\/p>\n<\/div><div class=\"one_fourth\">\n<p><a href=\"https:\/\/www.storevan.com\/wp-content\/uploads\/2017\/02\/Allestimenti-furgoni-Fiat-Ducato-2-StoreVan.jpg\"><img decoding=\"async\" loading=\"lazy\" class=\"size-thumbnail wp-image-51292 aligncenter\" src=\"https:\/\/www.storevan.com\/wp-content\/uploads\/2017\/02\/Allestimenti-furgoni-Fiat-Ducato-2-StoreVan-150x150.jpg\" alt=\"Am\u00e9nagements V\u00e9hicule Utilitaire Fiat Ducato\" width=\"150\" height=\"150\" srcset=\"https:\/\/www.storevan.com\/wp-content\/uploads\/2017\/02\/Allestimenti-furgoni-Fiat-Ducato-2-StoreVan-150x150.jpg 150w, https:\/\/www.storevan.com\/wp-content\/uploads\/2017\/02\/Allestimenti-furgoni-Fiat-Ducato-2-StoreVan-300x300.jpg 300w, https:\/\/www.storevan.com\/wp-content\/uploads\/2017\/02\/Allestimenti-furgoni-Fiat-Ducato-2-StoreVan-768x768.jpg 768w, https:\/\/www.storevan.com\/wp-content\/uploads\/2017\/02\/Allestimenti-furgoni-Fiat-Ducato-2-StoreVan-600x600.jpg 600w, https:\/\/www.storevan.com\/wp-content\/uploads\/2017\/02\/Allestimenti-furgoni-Fiat-Ducato-2-StoreVan-48x48.jpg 48w, https:\/\/www.storevan.com\/wp-content\/uploads\/2017\/02\/Allestimenti-furgoni-Fiat-Ducato-2-StoreVan-480x480.jpg 480w, https:\/\/www.storevan.com\/wp-content\/uploads\/2017\/02\/Allestimenti-furgoni-Fiat-Ducato-2-StoreVan.jpg 800w\" sizes=\"(max-width: 150px) 100vw, 150px\" \/><\/a><\/p>\n<\/div><div class=\"one_fourth\">\n<p><a href=\"https:\/\/www.storevan.com\/wp-content\/uploads\/2017\/02\/Allestimenti-furgoni-Fiat-Ducato-1-StoreVan.jpg\"><img decoding=\"async\" loading=\"lazy\" class=\"size-thumbnail wp-image-51286 aligncenter\" src=\"https:\/\/www.storevan.com\/wp-content\/uploads\/2017\/02\/Allestimenti-furgoni-Fiat-Ducato-1-StoreVan-150x150.jpg\" alt=\"Am\u00e9nagements V\u00e9hicule Utilitaire Fiat Ducato\" width=\"150\" height=\"150\" srcset=\"https:\/\/www.storevan.com\/wp-content\/uploads\/2017\/02\/Allestimenti-furgoni-Fiat-Ducato-1-StoreVan-150x150.jpg 150w, https:\/\/www.storevan.com\/wp-content\/uploads\/2017\/02\/Allestimenti-furgoni-Fiat-Ducato-1-StoreVan-300x300.jpg 300w, https:\/\/www.storevan.com\/wp-content\/uploads\/2017\/02\/Allestimenti-furgoni-Fiat-Ducato-1-StoreVan-768x768.jpg 768w, https:\/\/www.storevan.com\/wp-content\/uploads\/2017\/02\/Allestimenti-furgoni-Fiat-Ducato-1-StoreVan-600x600.jpg 600w, https:\/\/www.storevan.com\/wp-content\/uploads\/2017\/02\/Allestimenti-furgoni-Fiat-Ducato-1-StoreVan-48x48.jpg 48w, https:\/\/www.storevan.com\/wp-content\/uploads\/2017\/02\/Allestimenti-furgoni-Fiat-Ducato-1-StoreVan-480x480.jpg 480w, https:\/\/www.storevan.com\/wp-content\/uploads\/2017\/02\/Allestimenti-furgoni-Fiat-Ducato-1-StoreVan.jpg 800w\" sizes=\"(max-width: 150px) 100vw, 150px\" \/><\/a><\/p>\n<\/div><div class=\"one_fourth last\">\n<p><a href=\"https:\/\/www.storevan.com\/wp-content\/uploads\/2017\/02\/Allestimenti-furgoni-Fiat-Ducato-3-StoreVan.jpg\"><img decoding=\"async\" loading=\"lazy\" class=\"size-thumbnail wp-image-51298 aligncenter\" src=\"https:\/\/www.storevan.com\/wp-content\/uploads\/2017\/02\/Allestimenti-furgoni-Fiat-Ducato-3-StoreVan-150x150.jpg\" alt=\"Am\u00e9nagements V\u00e9hicule Utilitaire Fiat Ducato\" width=\"150\" height=\"150\" srcset=\"https:\/\/www.storevan.com\/wp-content\/uploads\/2017\/02\/Allestimenti-furgoni-Fiat-Ducato-3-StoreVan-150x150.jpg 150w, https:\/\/www.storevan.com\/wp-content\/uploads\/2017\/02\/Allestimenti-furgoni-Fiat-Ducato-3-StoreVan-300x300.jpg 300w, https:\/\/www.storevan.com\/wp-content\/uploads\/2017\/02\/Allestimenti-furgoni-Fiat-Ducato-3-StoreVan-768x768.jpg 768w, https:\/\/www.storevan.com\/wp-content\/uploads\/2017\/02\/Allestimenti-furgoni-Fiat-Ducato-3-StoreVan-600x600.jpg 600w, https:\/\/www.storevan.com\/wp-content\/uploads\/2017\/02\/Allestimenti-furgoni-Fiat-Ducato-3-StoreVan-48x48.jpg 48w, https:\/\/www.storevan.com\/wp-content\/uploads\/2017\/02\/Allestimenti-furgoni-Fiat-Ducato-3-StoreVan-480x480.jpg 480w, https:\/\/www.storevan.com\/wp-content\/uploads\/2017\/02\/Allestimenti-furgoni-Fiat-Ducato-3-StoreVan.jpg 800w\" sizes=\"(max-width: 150px) 100vw, 150px\" \/><\/a><\/p>\n<\/div><div class=\"clearboth\"><\/div><div class=\"one_fourth\">\n<p><a href=\"https:\/\/www.storevan.com\/wp-content\/uploads\/2017\/02\/Allestimenti-furgoni-Fiat-Ducato-4-StoreVan.jpg\"><img decoding=\"async\" loading=\"lazy\" class=\"size-thumbnail wp-image-51304 aligncenter\" src=\"https:\/\/www.storevan.com\/wp-content\/uploads\/2017\/02\/Allestimenti-furgoni-Fiat-Ducato-4-StoreVan-150x150.jpg\" alt=\"Am\u00e9nagements V\u00e9hicule Utilitaire Fiat Ducato\" width=\"150\" height=\"150\" srcset=\"https:\/\/www.storevan.com\/wp-content\/uploads\/2017\/02\/Allestimenti-furgoni-Fiat-Ducato-4-StoreVan-150x150.jpg 150w, https:\/\/www.storevan.com\/wp-content\/uploads\/2017\/02\/Allestimenti-furgoni-Fiat-Ducato-4-StoreVan-300x300.jpg 300w, https:\/\/www.storevan.com\/wp-content\/uploads\/2017\/02\/Allestimenti-furgoni-Fiat-Ducato-4-StoreVan-768x768.jpg 768w, https:\/\/www.storevan.com\/wp-content\/uploads\/2017\/02\/Allestimenti-furgoni-Fiat-Ducato-4-StoreVan-600x600.jpg 600w, https:\/\/www.storevan.com\/wp-content\/uploads\/2017\/02\/Allestimenti-furgoni-Fiat-Ducato-4-StoreVan-48x48.jpg 48w, https:\/\/www.storevan.com\/wp-content\/uploads\/2017\/02\/Allestimenti-furgoni-Fiat-Ducato-4-StoreVan-480x480.jpg 480w, https:\/\/www.storevan.com\/wp-content\/uploads\/2017\/02\/Allestimenti-furgoni-Fiat-Ducato-4-StoreVan.jpg 800w\" sizes=\"(max-width: 150px) 100vw, 150px\" \/><\/a><\/p>\n<\/div><div class=\"one_fourth\">\n<p><a href=\"https:\/\/www.storevan.com\/wp-content\/uploads\/2017\/02\/Allestimenti-furgoni-Fiat-Ducato-5-StoreVan.jpg\"><img decoding=\"async\" loading=\"lazy\" class=\"size-thumbnail wp-image-51310 aligncenter\" src=\"https:\/\/www.storevan.com\/wp-content\/uploads\/2017\/02\/Allestimenti-furgoni-Fiat-Ducato-5-StoreVan-150x150.jpg\" alt=\"Am\u00e9nagements V\u00e9hicule Utilitaire Fiat Ducato\" width=\"150\" height=\"150\" srcset=\"https:\/\/www.storevan.com\/wp-content\/uploads\/2017\/02\/Allestimenti-furgoni-Fiat-Ducato-5-StoreVan-150x150.jpg 150w, https:\/\/www.storevan.com\/wp-content\/uploads\/2017\/02\/Allestimenti-furgoni-Fiat-Ducato-5-StoreVan-300x300.jpg 300w, https:\/\/www.storevan.com\/wp-content\/uploads\/2017\/02\/Allestimenti-furgoni-Fiat-Ducato-5-StoreVan-768x768.jpg 768w, https:\/\/www.storevan.com\/wp-content\/uploads\/2017\/02\/Allestimenti-furgoni-Fiat-Ducato-5-StoreVan-600x600.jpg 600w, https:\/\/www.storevan.com\/wp-content\/uploads\/2017\/02\/Allestimenti-furgoni-Fiat-Ducato-5-StoreVan-48x48.jpg 48w, https:\/\/www.storevan.com\/wp-content\/uploads\/2017\/02\/Allestimenti-furgoni-Fiat-Ducato-5-StoreVan-480x480.jpg 480w, https:\/\/www.storevan.com\/wp-content\/uploads\/2017\/02\/Allestimenti-furgoni-Fiat-Ducato-5-StoreVan.jpg 800w\" sizes=\"(max-width: 150px) 100vw, 150px\" \/><\/a><\/p>\n<\/div><div class=\"one_fourth\">\n<p><a href=\"https:\/\/www.storevan.com\/wp-content\/uploads\/2017\/02\/Allestimento-furgoni-Peugeot-Boxer-2-StoreVan.jpg\"><img decoding=\"async\" loading=\"lazy\" class=\"size-thumbnail wp-image-52061 aligncenter\" src=\"https:\/\/www.storevan.com\/wp-content\/uploads\/2017\/02\/Allestimento-furgoni-Peugeot-Boxer-2-StoreVan-150x150.jpg\" alt=\"Am\u00e9nagements V\u00e9hicule Utilitaire Peugeot Boxer\" width=\"150\" height=\"150\" srcset=\"https:\/\/www.storevan.com\/wp-content\/uploads\/2017\/02\/Allestimento-furgoni-Peugeot-Boxer-2-StoreVan-150x150.jpg 150w, https:\/\/www.storevan.com\/wp-content\/uploads\/2017\/02\/Allestimento-furgoni-Peugeot-Boxer-2-StoreVan-300x300.jpg 300w, https:\/\/www.storevan.com\/wp-content\/uploads\/2017\/02\/Allestimento-furgoni-Peugeot-Boxer-2-StoreVan-768x768.jpg 768w, https:\/\/www.storevan.com\/wp-content\/uploads\/2017\/02\/Allestimento-furgoni-Peugeot-Boxer-2-StoreVan-600x600.jpg 600w, https:\/\/www.storevan.com\/wp-content\/uploads\/2017\/02\/Allestimento-furgoni-Peugeot-Boxer-2-StoreVan-48x48.jpg 48w, https:\/\/www.storevan.com\/wp-content\/uploads\/2017\/02\/Allestimento-furgoni-Peugeot-Boxer-2-StoreVan-480x480.jpg 480w, https:\/\/www.storevan.com\/wp-content\/uploads\/2017\/02\/Allestimento-furgoni-Peugeot-Boxer-2-StoreVan.jpg 800w\" sizes=\"(max-width: 150px) 100vw, 150px\" \/><\/a><\/p>\n<\/div><div class=\"one_fourth last\">\n<p><a href=\"https:\/\/www.storevan.com\/wp-content\/uploads\/2017\/02\/Allestimento-furgoni-Opel-Vivaro-3-StoreVan.jpg\"><img decoding=\"async\" loading=\"lazy\" class=\"size-thumbnail wp-image-51999 aligncenter\" src=\"https:\/\/www.storevan.com\/wp-content\/uploads\/2017\/02\/Allestimento-furgoni-Opel-Vivaro-3-StoreVan-150x150.jpg\" alt=\"Am\u00e9nagements V\u00e9hicule Utilitaire Opel Vivaro\" width=\"150\" height=\"150\" srcset=\"https:\/\/www.storevan.com\/wp-content\/uploads\/2017\/02\/Allestimento-furgoni-Opel-Vivaro-3-StoreVan-150x150.jpg 150w, https:\/\/www.storevan.com\/wp-content\/uploads\/2017\/02\/Allestimento-furgoni-Opel-Vivaro-3-StoreVan-300x300.jpg 300w, https:\/\/www.storevan.com\/wp-content\/uploads\/2017\/02\/Allestimento-furgoni-Opel-Vivaro-3-StoreVan-768x768.jpg 768w, https:\/\/www.storevan.com\/wp-content\/uploads\/2017\/02\/Allestimento-furgoni-Opel-Vivaro-3-StoreVan-600x600.jpg 600w, https:\/\/www.storevan.com\/wp-content\/uploads\/2017\/02\/Allestimento-furgoni-Opel-Vivaro-3-StoreVan-48x48.jpg 48w, https:\/\/www.storevan.com\/wp-content\/uploads\/2017\/02\/Allestimento-furgoni-Opel-Vivaro-3-StoreVan-480x480.jpg 480w, https:\/\/www.storevan.com\/wp-content\/uploads\/2017\/02\/Allestimento-furgoni-Opel-Vivaro-3-StoreVan.jpg 800w\" sizes=\"(max-width: 150px) 100vw, 150px\" \/><\/a><\/p>\n<\/div><div class=\"clearboth\"><\/div>\n<\/div>\n","protected":false},"excerpt":{"rendered":"<p>Am\u00e9nagements V\u00e9hicule Utilitaire Gallery La ligne Store Van permet, \u00e9galement, d\u2019optimiser l\u2019espace soit avec l\u2019addition de bacs en plastique.<\/p>\n","protected":false},"author":470,"featured_media":0,"parent":0,"menu_order":0,"comment_status":"closed","ping_status":"closed","template":"","meta":[],"acf":[],"yoast_head":"<!-- This site is optimized with the Yoast SEO plugin v20.11 - https:\/\/yoast.com\/wordpress\/plugins\/seo\/ -->\n<title>Am\u00e9nagements V\u00e9hicule Utilitaire Gallery<\/title>\n<meta name=\"robots\" content=\"index, follow, max-snippet:-1, max-image-preview:large, max-video-preview:-1\" \/>\n<link rel=\"canonical\" href=\"https:\/\/www.storevan.com\/fr\/amenagements-vehicule-utilitaire-gallery\/\" \/>\n<meta property=\"og:locale\" content=\"fr_FR\" \/>\n<meta property=\"og:type\" content=\"article\" \/>\n<meta property=\"og:title\" content=\"Am\u00e9nagements V\u00e9hicule Utilitaire Gallery\" \/>\n<meta property=\"og:description\" content=\"Am\u00e9nagements V\u00e9hicule Utilitaire Gallery La ligne Store Van permet, \u00e9galement, d\u2019optimiser l\u2019espace soit avec l\u2019addition de bacs en plastique.\" \/>\n<meta property=\"og:url\" content=\"https:\/\/www.storevan.com\/fr\/amenagements-vehicule-utilitaire-gallery\/\" \/>\n<meta property=\"og:site_name\" content=\"Store Van\" \/>\n<meta property=\"article:modified_time\" content=\"2019-06-21T07:13:22+00:00\" \/>\n<meta property=\"og:image\" content=\"https:\/\/www.storevan.com\/wp-content\/uploads\/2017\/02\/Allestimenti-furgoni-Citroen-Jumper-4-StoreVan-150x150.jpg\" \/>\n<meta name=\"twitter:label1\" content=\"Dur\u00e9e de lecture estim\u00e9e\" \/>\n\t<meta name=\"twitter:data1\" content=\"1 minute\" \/>\n<script type=\"application\/ld+json\" class=\"yoast-schema-graph\">{\"@context\":\"https:\/\/schema.org\",\"@graph\":[{\"@type\":\"WebPage\",\"@id\":\"https:\/\/www.storevan.com\/fr\/amenagements-vehicule-utilitaire-gallery\/\",\"url\":\"https:\/\/www.storevan.com\/fr\/amenagements-vehicule-utilitaire-gallery\/\",\"name\":\"Am\u00e9nagements V\u00e9hicule Utilitaire Gallery\",\"isPartOf\":{\"@id\":\"https:\/\/www.storevan.com\/pl\/#website\"},\"datePublished\":\"2017-02-16T13:19:59+00:00\",\"dateModified\":\"2019-06-21T07:13:22+00:00\",\"breadcrumb\":{\"@id\":\"https:\/\/www.storevan.com\/fr\/amenagements-vehicule-utilitaire-gallery\/#breadcrumb\"},\"inLanguage\":\"fr-FR\",\"potentialAction\":[{\"@type\":\"ReadAction\",\"target\":[\"https:\/\/www.storevan.com\/fr\/amenagements-vehicule-utilitaire-gallery\/\"]}]},{\"@type\":\"BreadcrumbList\",\"@id\":\"https:\/\/www.storevan.com\/fr\/amenagements-vehicule-utilitaire-gallery\/#breadcrumb\",\"itemListElement\":[{\"@type\":\"ListItem\",\"position\":1,\"name\":\"Home\",\"item\":\"https:\/\/www.storevan.com\/fr\/\"},{\"@type\":\"ListItem\",\"position\":2,\"name\":\"Am\u00e9nagements V\u00e9hicule Utilitaire Gallery\"}]},{\"@type\":\"WebSite\",\"@id\":\"https:\/\/www.storevan.com\/pl\/#website\",\"url\":\"https:\/\/www.storevan.com\/pl\/\",\"name\":\"Store Van\",\"description\":\"Am\u00e9nagements fourgons\",\"potentialAction\":[{\"@type\":\"SearchAction\",\"target\":{\"@type\":\"EntryPoint\",\"urlTemplate\":\"https:\/\/www.storevan.com\/pl\/?s={search_term_string}\"},\"query-input\":\"required name=search_term_string\"}],\"inLanguage\":\"fr-FR\"}]}<\/script>\n<!-- \/ Yoast SEO plugin. -->","yoast_head_json":{"title":"Am\u00e9nagements V\u00e9hicule Utilitaire Gallery","robots":{"index":"index","follow":"follow","max-snippet":"max-snippet:-1","max-image-preview":"max-image-preview:large","max-video-preview":"max-video-preview:-1"},"canonical":"https:\/\/www.storevan.com\/fr\/amenagements-vehicule-utilitaire-gallery\/","og_locale":"fr_FR","og_type":"article","og_title":"Am\u00e9nagements V\u00e9hicule Utilitaire Gallery","og_description":"Am\u00e9nagements V\u00e9hicule Utilitaire Gallery La ligne Store Van permet, \u00e9galement, d\u2019optimiser l\u2019espace soit avec l\u2019addition de bacs en plastique.","og_url":"https:\/\/www.storevan.com\/fr\/amenagements-vehicule-utilitaire-gallery\/","og_site_name":"Store Van","article_modified_time":"2019-06-21T07:13:22+00:00","og_image":[{"url":"https:\/\/www.storevan.com\/wp-content\/uploads\/2017\/02\/Allestimenti-furgoni-Citroen-Jumper-4-StoreVan-150x150.jpg"}],"twitter_misc":{"Dur\u00e9e de lecture estim\u00e9e":"1 minute"},"schema":{"@context":"https:\/\/schema.org","@graph":[{"@type":"WebPage","@id":"https:\/\/www.storevan.com\/fr\/amenagements-vehicule-utilitaire-gallery\/","url":"https:\/\/www.storevan.com\/fr\/amenagements-vehicule-utilitaire-gallery\/","name":"Am\u00e9nagements V\u00e9hicule Utilitaire Gallery","isPartOf":{"@id":"https:\/\/www.storevan.com\/pl\/#website"},"datePublished":"2017-02-16T13:19:59+00:00","dateModified":"2019-06-21T07:13:22+00:00","breadcrumb":{"@id":"https:\/\/www.storevan.com\/fr\/amenagements-vehicule-utilitaire-gallery\/#breadcrumb"},"inLanguage":"fr-FR","potentialAction":[{"@type":"ReadAction","target":["https:\/\/www.storevan.com\/fr\/amenagements-vehicule-utilitaire-gallery\/"]}]},{"@type":"BreadcrumbList","@id":"https:\/\/www.storevan.com\/fr\/amenagements-vehicule-utilitaire-gallery\/#breadcrumb","itemListElement":[{"@type":"ListItem","position":1,"name":"Home","item":"https:\/\/www.storevan.com\/fr\/"},{"@type":"ListItem","position":2,"name":"Am\u00e9nagements V\u00e9hicule Utilitaire Gallery"}]},{"@type":"WebSite","@id":"https:\/\/www.storevan.com\/pl\/#website","url":"https:\/\/www.storevan.com\/pl\/","name":"Store Van","description":"Am\u00e9nagements fourgons","potentialAction":[{"@type":"SearchAction","target":{"@type":"EntryPoint","urlTemplate":"https:\/\/www.storevan.com\/pl\/?s={search_term_string}"},"query-input":"required name=search_term_string"}],"inLanguage":"fr-FR"}]}},"_links":{"self":[{"href":"https:\/\/www.storevan.com\/fr\/wp-json\/wp\/v2\/pages\/56535"}],"collection":[{"href":"https:\/\/www.storevan.com\/fr\/wp-json\/wp\/v2\/pages"}],"about":[{"href":"https:\/\/www.storevan.com\/fr\/wp-json\/wp\/v2\/types\/page"}],"author":[{"embeddable":true,"href":"https:\/\/www.storevan.com\/fr\/wp-json\/wp\/v2\/users\/470"}],"replies":[{"embeddable":true,"href":"https:\/\/www.storevan.com\/fr\/wp-json\/wp\/v2\/comments?post=56535"}],"version-history":[{"count":3,"href":"https:\/\/www.storevan.com\/fr\/wp-json\/wp\/v2\/pages\/56535\/revisions"}],"predecessor-version":[{"id":104370,"href":"https:\/\/www.storevan.com\/fr\/wp-json\/wp\/v2\/pages\/56535\/revisions\/104370"}],"wp:attachment":[{"href":"https:\/\/www.storevan.com\/fr\/wp-json\/wp\/v2\/media?parent=56535"}],"curies":[{"name":"wp","href":"https:\/\/api.w.org\/{rel}","templated":true}]}}