{"id":54278,"date":"2017-04-07T13:42:09","date_gmt":"2017-04-07T13:42:09","guid":{"rendered":"https:\/\/www.storevan.com\/portatutto-portascale\/"},"modified":"2018-01-29T13:09:18","modified_gmt":"2018-01-29T13:09:18","slug":"porte-tout-porte-echelles","status":"publish","type":"page","link":"https:\/\/www.storevan.com\/fr\/amenagement-vehicules-utilitaires\/fourgons-dacia\/dokker\/porte-tout-porte-echelles\/","title":{"rendered":"Porte tout et Porte-\u00e9chelles"},"content":{"rendered":"<h1 class=\"customblackTitleSmall\">Porte tout et porte-\u00e9chelles pour Dacia Dokker<\/h1>\n<p>Le <strong>porte-\u00e9chelle<\/strong> et le <strong>porte-tout<\/strong>\u00a0Store Van sont des <strong>am\u00e9nagements<\/strong> con\u00e7us pour optimiser la capacit\u00e9 de chargement de votre <strong>fourgon Dacia Dokker<\/strong>, en vous permettant d\u2019utiliser la zone du toit comme espace utile de transport de l\u2019\u00e9chelle et des outillages encombrants. R\u00e9alis\u00e9s conform\u00e9ment \u00e0 la loi et certifi\u00e9s GS, les deux produits garantissent la s\u00e9curit\u00e9 du mat\u00e9riel transport\u00e9 durant les d\u00e9placements comme en cas de freinage brusque. Le rouleau de chargement et le chariot \u00e0 descente assist\u00e9e, construits en aluminium et acier inox, facilitent le chargement et le d\u00e9chargement du toit et ont une dur\u00e9e de vie illimit\u00e9e.<\/p>\n<table class=\"aligncenter\" border=\"0\" width=\"890\" cellspacing=\"0\" cellpadding=\"0\" align=\"center\">\n<tbody>\n<tr>\n<td colspan=\"3\"><\/td>\n<\/tr>\n<tr>\n<td rowspan=\"4\" valign=\"top\"><img decoding=\"async\" loading=\"lazy\" class=\"aligncenter wp-image-54264 size-full\" src=\"https:\/\/www.storevan.com\/wp-content\/uploads\/2017\/04\/Dokker-portatutto.jpg\" alt=\"Porte tout Dacia Dokker\" width=\"625\" height=\"260\" srcset=\"https:\/\/www.storevan.com\/wp-content\/uploads\/2017\/04\/Dokker-portatutto.jpg 625w, https:\/\/www.storevan.com\/wp-content\/uploads\/2017\/04\/Dokker-portatutto-300x125.jpg 300w, https:\/\/www.storevan.com\/wp-content\/uploads\/2017\/04\/Dokker-portatutto-600x250.jpg 600w\" sizes=\"(max-width: 625px) 100vw, 625px\" \/><\/td>\n<td width=\"20\" height=\"5\"><\/td>\n<td style=\"text-align: left;\" width=\"245\" height=\"5\"><a href=\"https:\/\/www.storevan.com\/fr\/amenagement-vehicules-utilitaires\/porte-echelle-porte-objets\/\"><strong><span style=\"font-size: 14px;\">PORTE TOUT ET<br \/>\nPORTE-\u00c9CHELLES<\/span><\/strong><\/a><\/td>\n<\/tr>\n<tr>\n<td width=\"20\" height=\"18\"><\/td>\n<td width=\"245\" height=\"18\">\n<hr noshade=\"noshade\" size=\"1\" \/>\n<\/td>\n<\/tr>\n<tr>\n<td width=\"20\" height=\"110\"><\/td>\n<td valign=\"top\" width=\"245\" height=\"110\"><a href=\"https:\/\/www.storevan.com\/fr\/amenagement-vehicules-utilitaires\/porte-echelle-porte-objets\/\"><img decoding=\"async\" loading=\"lazy\" class=\"alignnone\" src=\"https:\/\/www.storevan.com\/wp-content\/uploads\/2015\/12\/storevan_portascale_portatutto_small.jpg\" alt=\"Porte tout et Porte-\u00e9chelles\" width=\"250\" height=\"110\" border=\"0\" \/><\/a><\/td>\n<\/tr>\n<tr>\n<td width=\"20\"><\/td>\n<td width=\"245\"><\/td>\n<\/tr>\n<\/tbody>\n<\/table>\n<h2 class=\"TITOLO20arancione\" style=\"text-align: center;\">PORTE TOUT<\/h2>\n<table class=\" aligncenter\" border=\"0\" width=\"890\" cellspacing=\"0\" cellpadding=\"0\" align=\"center\">\n<tbody>\n<tr>\n<td class=\"TESTO12biancoSX\" bgcolor=\"#0071B9\" width=\"151\" height=\"50\">V\u00c9HICULE<\/td>\n<td width=\"5\" height=\"50\"><\/td>\n<td class=\"TESTO12biancoCX\" bgcolor=\"#0071B9\" width=\"166\" height=\"50\">PORTE TOUT<\/td>\n<td width=\"5\" height=\"50\"><\/td>\n<td class=\"TESTO12neroCX\" bgcolor=\"#e4e4e4\" width=\"166\" height=\"50\"><strong>DIMENSIONS<\/strong><\/td>\n<td width=\"5\" height=\"50\"><\/td>\n<td class=\"TESTO12neroCX\" bgcolor=\"#e4e4e4\" width=\"166\" height=\"50\"><strong>POIDS<\/strong><\/td>\n<td width=\"5\" height=\"50\"><\/td>\n<td class=\"TESTO12neroCX\" bgcolor=\"#e4e4e4\" width=\"206\" height=\"50\"><strong>CHARGE<\/strong><\/td>\n<\/tr>\n<tr>\n<td class=\"TESTO12neroSX\" width=\"151\"><\/td>\n<td width=\"5\"><\/td>\n<td class=\"TESTO12neroCX\" width=\"166\" height=\"25\"><strong>ART.<\/strong><\/td>\n<td width=\"5\" height=\"25\"><\/td>\n<td class=\"TESTO12neroCX\" width=\"166\" height=\"25\"><\/td>\n<td width=\"5\" height=\"25\"><\/td>\n<td class=\"TESTO12neroCX\" width=\"166\" height=\"25\"><\/td>\n<td width=\"5\" height=\"25\"><\/td>\n<td class=\"TESTO12neroCX\" width=\"206\" height=\"25\"><\/td>\n<\/tr>\n<tr>\n<td class=\"TESTO12neroCX\" width=\"151\" height=\"18\"><\/td>\n<td height=\"18\"><\/td>\n<td class=\"TESTO12neroCX\" height=\"18\"><\/td>\n<td height=\"18\"><\/td>\n<td height=\"18\"><\/td>\n<td height=\"18\"><\/td>\n<td height=\"18\"><\/td>\n<td height=\"18\"><\/td>\n<td height=\"18\"><\/td>\n<\/tr>\n<tr>\n<td class=\"TESTO12neroSX\" bgcolor=\"#e4e4e4\" width=\"151\" height=\"35\"><strong>L1 H1<\/strong><\/td>\n<td width=\"5\" height=\"35\"><\/td>\n<td class=\"TESTO12arancioCX\" width=\"166\" height=\"35\"><strong>POT\u00a0221<\/strong><\/td>\n<td width=\"5\" height=\"35\"><\/td>\n<td class=\"TESTO12neroCX\" width=\"166\" height=\"35\">2000&#215;1400 mm<\/td>\n<td width=\"5\" height=\"35\"><\/td>\n<td class=\"TESTO12neroCX\" width=\"166\" height=\"35\">21,72 kg<\/td>\n<td width=\"5\" height=\"35\"><\/td>\n<td class=\"TESTO12neroCX\" width=\"206\" height=\"35\">58,00 kg<\/td>\n<\/tr>\n<tr>\n<td width=\"151\" height=\"18\"><\/td>\n<td width=\"5\" height=\"18\"><\/td>\n<td width=\"166\" height=\"18\">\n<hr class=\"FILETTOgrigio\" noshade=\"noshade\" \/>\n<\/td>\n<td width=\"5\" height=\"18\"><\/td>\n<td width=\"166\" height=\"18\">\n<hr class=\"FILETTOgrigio\" noshade=\"noshade\" \/>\n<\/td>\n<td width=\"5\" height=\"18\"><\/td>\n<td width=\"166\" height=\"18\">\n<hr class=\"FILETTOgrigio\" noshade=\"noshade\" \/>\n<\/td>\n<td width=\"5\" height=\"18\"><\/td>\n<td width=\"206\" height=\"18\">\n<hr class=\"FILETTOgrigio\" noshade=\"noshade\" \/>\n<\/td>\n<\/tr>\n<tr>\n<td class=\"TESTO12neroSX\" colspan=\"9\" height=\"18\">Seulement pour v\u00e9hicule avec portes arri\u00e8re battantes.<\/td>\n<\/tr>\n<\/tbody>\n<\/table>\n<p>&nbsp;<\/p>\n<table class=\" aligncenter\" border=\"0\" width=\"890\" cellspacing=\"0\" cellpadding=\"0\" align=\"center\">\n<tbody>\n<tr>\n<td rowspan=\"4\" valign=\"top\"><img decoding=\"async\" loading=\"lazy\" class=\"aligncenter size-full wp-image-54270\" src=\"https:\/\/www.storevan.com\/wp-content\/uploads\/2017\/04\/Dokker-portascale.jpg\" alt=\"Portes-\u00e9chelles pour Dacia Dokker\" width=\"625\" height=\"260\" srcset=\"https:\/\/www.storevan.com\/wp-content\/uploads\/2017\/04\/Dokker-portascale.jpg 625w, https:\/\/www.storevan.com\/wp-content\/uploads\/2017\/04\/Dokker-portascale-300x125.jpg 300w, https:\/\/www.storevan.com\/wp-content\/uploads\/2017\/04\/Dokker-portascale-600x250.jpg 600w\" sizes=\"(max-width: 625px) 100vw, 625px\" \/><\/td>\n<td width=\"20\" height=\"5\"><\/td>\n<td class=\"TESTO16grigio\" width=\"245\" height=\"5\"><\/td>\n<\/tr>\n<tr>\n<td width=\"20\" height=\"18\"><\/td>\n<td width=\"245\" height=\"18\"><\/td>\n<\/tr>\n<tr>\n<td width=\"20\" height=\"110\"><\/td>\n<td valign=\"top\" width=\"245\" height=\"110\"><\/td>\n<\/tr>\n<tr>\n<td width=\"20\"><\/td>\n<td width=\"245\"><\/td>\n<\/tr>\n<\/tbody>\n<\/table>\n<p>&nbsp;<\/p>\n<h2 class=\"TITOLO20arancione\" style=\"text-align: center;\">Portes-\u00e9chelles pour Dacia Dokker<\/h2>\n<table class=\" aligncenter\" border=\"0\" width=\"890\" cellspacing=\"0\" cellpadding=\"0\" align=\"center\">\n<tbody>\n<tr>\n<td class=\"TESTO12biancoSX\" bgcolor=\"#0071B9\" width=\"151\" height=\"50\">V\u00c9HICULE<\/td>\n<td width=\"5\" height=\"50\"><\/td>\n<td class=\"TESTO12biancoCX\" bgcolor=\"#0071B9\" width=\"166\" height=\"50\">PORTE-\u00c9CHELLES<\/td>\n<td width=\"5\" height=\"50\"><\/td>\n<td class=\"TESTO12neroCX\" bgcolor=\"#e4e4e4\" width=\"166\" height=\"50\"><strong>DIMENSIONS<\/strong><\/td>\n<td width=\"5\" height=\"50\"><\/td>\n<td class=\"TESTO12neroCX\" bgcolor=\"#e4e4e4\" width=\"166\" height=\"50\"><strong>POIDS<\/strong><\/td>\n<td width=\"5\" height=\"50\"><\/td>\n<td class=\"TESTO12neroCX\" bgcolor=\"#e4e4e4\" width=\"206\" height=\"50\"><strong>CHARGE<\/strong><\/td>\n<\/tr>\n<tr>\n<td class=\"TESTO12neroSX\" width=\"151\"><\/td>\n<td width=\"5\"><\/td>\n<td class=\"TESTO12neroCX\" width=\"166\" height=\"25\"><strong>ART.<\/strong><\/td>\n<td width=\"5\" height=\"25\"><\/td>\n<td class=\"TESTO12neroCX\" width=\"166\" height=\"25\"><\/td>\n<td width=\"5\" height=\"25\"><\/td>\n<td class=\"TESTO12neroCX\" width=\"166\" height=\"25\"><\/td>\n<td width=\"5\" height=\"25\"><\/td>\n<td class=\"TESTO12neroCX\" width=\"206\" height=\"25\"><\/td>\n<\/tr>\n<tr>\n<td class=\"TESTO12neroCX\" width=\"151\" height=\"18\"><\/td>\n<td height=\"18\"><\/td>\n<td class=\"TESTO12neroCX\" height=\"18\"><\/td>\n<td height=\"18\"><\/td>\n<td height=\"18\"><\/td>\n<td height=\"18\"><\/td>\n<td height=\"18\"><\/td>\n<td height=\"18\"><\/td>\n<td height=\"18\"><\/td>\n<\/tr>\n<tr>\n<td class=\"TESTO12neroSX\" bgcolor=\"#e4e4e4\" width=\"151\" height=\"35\"><strong>L1 H1<\/strong><\/td>\n<td width=\"5\" height=\"35\"><\/td>\n<td class=\"TESTO12arancioCX\" width=\"166\" height=\"35\"><strong>POS\u00a0221<\/strong><\/td>\n<td width=\"5\" height=\"35\"><\/td>\n<td class=\"TESTO12neroCX\" width=\"166\" height=\"35\">2192&#215;1380 mm<\/td>\n<td width=\"5\" height=\"35\"><\/td>\n<td class=\"TESTO12neroCX\" width=\"166\" height=\"35\">43,26 kg<\/td>\n<td width=\"5\" height=\"35\"><\/td>\n<td class=\"TESTO12neroCX\" width=\"206\" height=\"35\">37,00 kg<\/td>\n<\/tr>\n<tr>\n<td width=\"151\" height=\"18\"><\/td>\n<td width=\"5\" height=\"18\"><\/td>\n<td width=\"166\" height=\"18\">\n<hr class=\"FILETTOgrigio\" noshade=\"noshade\" \/>\n<\/td>\n<td width=\"5\" height=\"18\"><\/td>\n<td width=\"166\" height=\"18\">\n<hr class=\"FILETTOgrigio\" noshade=\"noshade\" \/>\n<\/td>\n<td width=\"5\" height=\"18\"><\/td>\n<td width=\"166\" height=\"18\">\n<hr class=\"FILETTOgrigio\" noshade=\"noshade\" \/>\n<\/td>\n<td width=\"5\" height=\"18\"><\/td>\n<td width=\"206\" height=\"18\">\n<hr class=\"FILETTOgrigio\" noshade=\"noshade\" \/>\n<\/td>\n<\/tr>\n<tr>\n<td class=\"TESTO12neroSX\" colspan=\"9\" height=\"18\">Seulement pour v\u00e9hicule avec portes arri\u00e8re battantes. Le chariot porte-\u00e9chelles peut \u00eatre mont\u00e9 \u00e0 droite ou \u00e0 gauche.<\/td>\n<\/tr>\n<\/tbody>\n<\/table>\n","protected":false},"excerpt":{"rendered":"<p>Porte tout et porte-\u00e9chelles pour Dacia Dokker Le porte-\u00e9chelle et le porte-tout\u00a0Store Van sont des am\u00e9nagements con\u00e7us pour optimiser la capacit\u00e9 de chargement de votre fourgon Dacia Dokker, en vous.<\/p>\n","protected":false},"author":470,"featured_media":0,"parent":54288,"menu_order":0,"comment_status":"closed","ping_status":"closed","template":"","meta":[],"acf":[],"yoast_head":"<!-- This site is optimized with the Yoast SEO plugin v20.11 - https:\/\/yoast.com\/wordpress\/plugins\/seo\/ -->\n<title>Porte tout et porte-\u00e9chelles pour fourgons Dacia Dokker<\/title>\n<meta name=\"robots\" content=\"index, follow, max-snippet:-1, max-image-preview:large, max-video-preview:-1\" \/>\n<link rel=\"canonical\" href=\"https:\/\/www.storevan.com\/fr\/amenagement-vehicules-utilitaires\/fourgons-dacia\/dokker\/porte-tout-porte-echelles\/\" \/>\n<meta property=\"og:locale\" content=\"fr_FR\" \/>\n<meta property=\"og:type\" content=\"article\" \/>\n<meta property=\"og:title\" content=\"Porte tout et porte-\u00e9chelles pour fourgons Dacia Dokker\" \/>\n<meta property=\"og:description\" content=\"Porte tout et porte-\u00e9chelles pour Dacia Dokker Le porte-\u00e9chelle et le porte-tout\u00a0Store Van sont des am\u00e9nagements con\u00e7us pour optimiser la capacit\u00e9 de chargement de votre fourgon Dacia Dokker, en vous.\" \/>\n<meta property=\"og:url\" content=\"https:\/\/www.storevan.com\/fr\/amenagement-vehicules-utilitaires\/fourgons-dacia\/dokker\/porte-tout-porte-echelles\/\" \/>\n<meta property=\"og:site_name\" content=\"Store Van\" \/>\n<meta property=\"article:modified_time\" content=\"2018-01-29T13:09:18+00:00\" \/>\n<meta property=\"og:image\" content=\"https:\/\/www.storevan.com\/wp-content\/uploads\/2017\/04\/Dokker-portatutto.jpg\" \/>\n<meta name=\"twitter:label1\" content=\"Dur\u00e9e de lecture estim\u00e9e\" \/>\n\t<meta name=\"twitter:data1\" content=\"1 minute\" \/>\n<script type=\"application\/ld+json\" class=\"yoast-schema-graph\">{\"@context\":\"https:\/\/schema.org\",\"@graph\":[{\"@type\":\"WebPage\",\"@id\":\"https:\/\/www.storevan.com\/fr\/amenagement-vehicules-utilitaires\/fourgons-dacia\/dokker\/porte-tout-porte-echelles\/\",\"url\":\"https:\/\/www.storevan.com\/fr\/amenagement-vehicules-utilitaires\/fourgons-dacia\/dokker\/porte-tout-porte-echelles\/\",\"name\":\"Porte tout et porte-\u00e9chelles pour fourgons Dacia Dokker\",\"isPartOf\":{\"@id\":\"https:\/\/www.storevan.com\/pl\/#website\"},\"datePublished\":\"2017-04-07T13:42:09+00:00\",\"dateModified\":\"2018-01-29T13:09:18+00:00\",\"breadcrumb\":{\"@id\":\"https:\/\/www.storevan.com\/fr\/amenagement-vehicules-utilitaires\/fourgons-dacia\/dokker\/porte-tout-porte-echelles\/#breadcrumb\"},\"inLanguage\":\"fr-FR\",\"potentialAction\":[{\"@type\":\"ReadAction\",\"target\":[\"https:\/\/www.storevan.com\/fr\/amenagement-vehicules-utilitaires\/fourgons-dacia\/dokker\/porte-tout-porte-echelles\/\"]}]},{\"@type\":\"BreadcrumbList\",\"@id\":\"https:\/\/www.storevan.com\/fr\/amenagement-vehicules-utilitaires\/fourgons-dacia\/dokker\/porte-tout-porte-echelles\/#breadcrumb\",\"itemListElement\":[{\"@type\":\"ListItem\",\"position\":1,\"name\":\"Home\",\"item\":\"https:\/\/www.storevan.com\/fr\/\"},{\"@type\":\"ListItem\",\"position\":2,\"name\":\"Am\u00e9nagement de v\u00e9hicule utilitaire\",\"item\":\"https:\/\/www.storevan.com\/fr\/amenagement-vehicules-utilitaires\/\"},{\"@type\":\"ListItem\",\"position\":3,\"name\":\"Dacia\",\"item\":\"https:\/\/www.storevan.com\/fr\/amenagement-vehicules-utilitaires\/fourgons-dacia\/\"},{\"@type\":\"ListItem\",\"position\":4,\"name\":\"Dokker\",\"item\":\"https:\/\/www.storevan.com\/fr\/amenagement-vehicules-utilitaires\/fourgons-dacia\/dokker\/\"},{\"@type\":\"ListItem\",\"position\":5,\"name\":\"Porte tout et Porte-\u00e9chelles\"}]},{\"@type\":\"WebSite\",\"@id\":\"https:\/\/www.storevan.com\/pl\/#website\",\"url\":\"https:\/\/www.storevan.com\/pl\/\",\"name\":\"Store Van\",\"description\":\"Am\u00e9nagements fourgons\",\"potentialAction\":[{\"@type\":\"SearchAction\",\"target\":{\"@type\":\"EntryPoint\",\"urlTemplate\":\"https:\/\/www.storevan.com\/pl\/?s={search_term_string}\"},\"query-input\":\"required name=search_term_string\"}],\"inLanguage\":\"fr-FR\"}]}<\/script>\n<!-- \/ Yoast SEO plugin. -->","yoast_head_json":{"title":"Porte tout et porte-\u00e9chelles pour fourgons Dacia Dokker","robots":{"index":"index","follow":"follow","max-snippet":"max-snippet:-1","max-image-preview":"max-image-preview:large","max-video-preview":"max-video-preview:-1"},"canonical":"https:\/\/www.storevan.com\/fr\/amenagement-vehicules-utilitaires\/fourgons-dacia\/dokker\/porte-tout-porte-echelles\/","og_locale":"fr_FR","og_type":"article","og_title":"Porte tout et porte-\u00e9chelles pour fourgons Dacia Dokker","og_description":"Porte tout et porte-\u00e9chelles pour Dacia Dokker Le porte-\u00e9chelle et le porte-tout\u00a0Store Van sont des am\u00e9nagements con\u00e7us pour optimiser la capacit\u00e9 de chargement de votre fourgon Dacia Dokker, en vous.","og_url":"https:\/\/www.storevan.com\/fr\/amenagement-vehicules-utilitaires\/fourgons-dacia\/dokker\/porte-tout-porte-echelles\/","og_site_name":"Store Van","article_modified_time":"2018-01-29T13:09:18+00:00","og_image":[{"url":"https:\/\/www.storevan.com\/wp-content\/uploads\/2017\/04\/Dokker-portatutto.jpg"}],"twitter_misc":{"Dur\u00e9e de lecture estim\u00e9e":"1 minute"},"schema":{"@context":"https:\/\/schema.org","@graph":[{"@type":"WebPage","@id":"https:\/\/www.storevan.com\/fr\/amenagement-vehicules-utilitaires\/fourgons-dacia\/dokker\/porte-tout-porte-echelles\/","url":"https:\/\/www.storevan.com\/fr\/amenagement-vehicules-utilitaires\/fourgons-dacia\/dokker\/porte-tout-porte-echelles\/","name":"Porte tout et porte-\u00e9chelles pour fourgons Dacia Dokker","isPartOf":{"@id":"https:\/\/www.storevan.com\/pl\/#website"},"datePublished":"2017-04-07T13:42:09+00:00","dateModified":"2018-01-29T13:09:18+00:00","breadcrumb":{"@id":"https:\/\/www.storevan.com\/fr\/amenagement-vehicules-utilitaires\/fourgons-dacia\/dokker\/porte-tout-porte-echelles\/#breadcrumb"},"inLanguage":"fr-FR","potentialAction":[{"@type":"ReadAction","target":["https:\/\/www.storevan.com\/fr\/amenagement-vehicules-utilitaires\/fourgons-dacia\/dokker\/porte-tout-porte-echelles\/"]}]},{"@type":"BreadcrumbList","@id":"https:\/\/www.storevan.com\/fr\/amenagement-vehicules-utilitaires\/fourgons-dacia\/dokker\/porte-tout-porte-echelles\/#breadcrumb","itemListElement":[{"@type":"ListItem","position":1,"name":"Home","item":"https:\/\/www.storevan.com\/fr\/"},{"@type":"ListItem","position":2,"name":"Am\u00e9nagement de v\u00e9hicule utilitaire","item":"https:\/\/www.storevan.com\/fr\/amenagement-vehicules-utilitaires\/"},{"@type":"ListItem","position":3,"name":"Dacia","item":"https:\/\/www.storevan.com\/fr\/amenagement-vehicules-utilitaires\/fourgons-dacia\/"},{"@type":"ListItem","position":4,"name":"Dokker","item":"https:\/\/www.storevan.com\/fr\/amenagement-vehicules-utilitaires\/fourgons-dacia\/dokker\/"},{"@type":"ListItem","position":5,"name":"Porte tout et Porte-\u00e9chelles"}]},{"@type":"WebSite","@id":"https:\/\/www.storevan.com\/pl\/#website","url":"https:\/\/www.storevan.com\/pl\/","name":"Store Van","description":"Am\u00e9nagements fourgons","potentialAction":[{"@type":"SearchAction","target":{"@type":"EntryPoint","urlTemplate":"https:\/\/www.storevan.com\/pl\/?s={search_term_string}"},"query-input":"required name=search_term_string"}],"inLanguage":"fr-FR"}]}},"_links":{"self":[{"href":"https:\/\/www.storevan.com\/fr\/wp-json\/wp\/v2\/pages\/54278"}],"collection":[{"href":"https:\/\/www.storevan.com\/fr\/wp-json\/wp\/v2\/pages"}],"about":[{"href":"https:\/\/www.storevan.com\/fr\/wp-json\/wp\/v2\/types\/page"}],"author":[{"embeddable":true,"href":"https:\/\/www.storevan.com\/fr\/wp-json\/wp\/v2\/users\/470"}],"replies":[{"embeddable":true,"href":"https:\/\/www.storevan.com\/fr\/wp-json\/wp\/v2\/comments?post=54278"}],"version-history":[{"count":0,"href":"https:\/\/www.storevan.com\/fr\/wp-json\/wp\/v2\/pages\/54278\/revisions"}],"up":[{"embeddable":true,"href":"https:\/\/www.storevan.com\/fr\/wp-json\/wp\/v2\/pages\/54288"}],"wp:attachment":[{"href":"https:\/\/www.storevan.com\/fr\/wp-json\/wp\/v2\/media?parent=54278"}],"curies":[{"name":"wp","href":"https:\/\/api.w.org\/{rel}","templated":true}]}}