{"id":53487,"date":"2017-03-09T10:48:32","date_gmt":"2017-03-09T10:48:32","guid":{"rendered":"https:\/\/www.storevan.com\/allestimento-furgoni-svizzera\/"},"modified":"2025-11-24T13:26:15","modified_gmt":"2025-11-24T13:26:15","slug":"amenagements-filiale-suisse","status":"publish","type":"page","link":"https:\/\/www.storevan.com\/fr\/amenagements-filiale-suisse\/","title":{"rendered":"Am\u00e9nagement pour fourgons Store Van &#8211; Filiale Suisse"},"content":{"rendered":"<h1 class=\"customblackTitleSmall\">Am\u00e9nagement pour fourgons Store Van &#8211; Filiale Suisse<\/h1>\n<p style=\"text-align: justify;\">Store Van a continu\u00e9 la consolidation de sa marque sur le march\u00e9 \u00e9tranger en \u00e9largissant le r\u00e9seau de vente de produits pour l\u2019<strong>am\u00e9nagement de fourgons<\/strong> avec sa filiale helv\u00e9tique <strong>Fami AG<\/strong>.<\/p>\n<p style=\"text-align: justify;\">La <strong>Suisse<\/strong> aussi a son lieu de r\u00e9f\u00e9rence Store Van, sp\u00e9cialis\u00e9 dans la conception et le montage de meubles et d&rsquo;\u00e9quipements pour v\u00e9hicules utilitaires, une filiale en constante \u00e9volution en mesure de proposer des solutions d&rsquo;atelier mobile personnalis\u00e9es pour de multiples cat\u00e9gories professionnelles, en exploitant toute la gamme de rayonnages modulaires, de rev\u00eatements de protection de la carrosserie et du chargement, d&rsquo;\u00e9quipements et d&rsquo;accessoires pour fourgons Store Van.<\/p>\n<p style=\"text-align: justify;\">L&rsquo;\u00e9quipe de techniciens professionnels locaux, comp\u00e9tents au niveau du produit Store Van tout comme du \u00ab syst\u00e8me am\u00e9nagement \u00bb, est en mesure d&rsquo;offrir un service de la m\u00eame qualit\u00e9 que les autres centres de montage agr\u00e9\u00e9s italiens et donc un niveau de qualit\u00e9 homog\u00e8ne.<\/p>\n<div class=\"col-xs-12 col-md-6 col-lg-6\">\n<a href=\"https:\/\/www.storevan.com\/wp-content\/uploads\/2023\/06\/stabilimento.jpg\"><img decoding=\"async\" loading=\"lazy\" class=\"aligncenter wp-image-152213 size-full\" src=\"https:\/\/www.storevan.com\/wp-content\/uploads\/2023\/06\/stabilimento.jpg\" alt=\"\" width=\"600\" height=\"455\" srcset=\"https:\/\/www.storevan.com\/wp-content\/uploads\/2023\/06\/stabilimento.jpg 600w, https:\/\/www.storevan.com\/wp-content\/uploads\/2023\/06\/stabilimento-300x228.jpg 300w\" sizes=\"(max-width: 600px) 100vw, 600px\" \/><\/a>\n<\/div>\n<div class=\"col-xs-12 col-md-6 col-lg-6\">\n<p style=\"margin-left:10px;\"><strong>Fami Ag<\/strong><br \/>\nTannenwiesenstrasse 5a<br \/>\n8570 Weinfelden<br \/>\nTelefon: +41 (0)71 699 19 14<br \/>\nFax: +41 (0)71 699 19 12<br \/>\n<a href=\"mailto:info@fami-ag.ch\">info@fami-ag.ch<\/a><br \/>\n<a href=\"https:\/\/fami-ag.ch\/\">www.fami-ag.ch<\/a>\n<\/p>\n<div class=\"col-xs-6 col-md-6\"><a href=\"https:\/\/www.storevan.com\/wp-content\/uploads\/2023\/06\/showroom-300x223.jpg\"><img decoding=\"async\" loading=\"lazy\" class=\"wp-image-152207 size-medium aligncenter\" src=\"https:\/\/www.storevan.com\/wp-content\/uploads\/2023\/06\/showroom-300x223.jpg\" alt=\"\" width=\"300\" height=\"223\" srcset=\"https:\/\/www.storevan.com\/wp-content\/uploads\/2023\/06\/showroom-300x223.jpg 300w, https:\/\/www.storevan.com\/wp-content\/uploads\/2023\/06\/showroom.jpg 600w\" sizes=\"(max-width: 300px) 100vw, 300px\" \/><\/a><\/div>\n<div class=\"col-xs-6 col-md-6\"><a href=\"https:\/\/www.storevan.com\/wp-content\/uploads\/2023\/06\/uffici-300x225.jpg\"><img decoding=\"async\" loading=\"lazy\" class=\"wp-image-152219 size-medium aligncenter\" src=\"https:\/\/www.storevan.com\/wp-content\/uploads\/2023\/06\/uffici-300x225.jpg\" alt=\"\" width=\"300\" height=\"225\" srcset=\"https:\/\/www.storevan.com\/wp-content\/uploads\/2023\/06\/uffici-300x225.jpg 300w, https:\/\/www.storevan.com\/wp-content\/uploads\/2023\/06\/uffici-425x320.jpg 425w, https:\/\/www.storevan.com\/wp-content\/uploads\/2023\/06\/uffici.jpg 600w\" sizes=\"(max-width: 300px) 100vw, 300px\" \/><\/a><\/div>\n<hr class=\"noColor\" style=\"clear:both\"\/>\n<\/div>\n<hr class=\"noColor\" style=\"clear:both\"\/>\n","protected":false},"excerpt":{"rendered":"<p>Am\u00e9nagement pour fourgons Store Van &#8211; Filiale Suisse Store Van a continu\u00e9 la consolidation de sa marque sur le march\u00e9 \u00e9tranger en \u00e9largissant le r\u00e9seau de vente de produits pour.<\/p>\n","protected":false},"author":470,"featured_media":0,"parent":0,"menu_order":0,"comment_status":"closed","ping_status":"closed","template":"","meta":[],"acf":[],"yoast_head":"<!-- This site is optimized with the Yoast SEO plugin v20.11 - https:\/\/yoast.com\/wordpress\/plugins\/seo\/ -->\n<title>Am\u00e9nagement pour fourgons Store Van - Filiale Suisse<\/title>\n<meta name=\"description\" content=\"Am\u00e9nagement fourgons en Suisse. Am\u00e9nagements personnalis\u00e9s d&#039;atelier mobile pour v\u00e9hicules utilitaires : rayonnages, \u00e9tablis, plancher et panneaux.\" \/>\n<meta name=\"robots\" content=\"index, follow, max-snippet:-1, max-image-preview:large, max-video-preview:-1\" \/>\n<link rel=\"canonical\" href=\"https:\/\/www.storevan.com\/fr\/amenagements-filiale-suisse\/\" \/>\n<meta property=\"og:locale\" content=\"fr_FR\" \/>\n<meta property=\"og:type\" content=\"article\" \/>\n<meta property=\"og:title\" content=\"Am\u00e9nagement pour fourgons Store Van - Filiale Suisse\" \/>\n<meta property=\"og:description\" content=\"Am\u00e9nagement fourgons en Suisse. Am\u00e9nagements personnalis\u00e9s d&#039;atelier mobile pour v\u00e9hicules utilitaires : rayonnages, \u00e9tablis, plancher et panneaux.\" \/>\n<meta property=\"og:url\" content=\"https:\/\/www.storevan.com\/fr\/amenagements-filiale-suisse\/\" \/>\n<meta property=\"og:site_name\" content=\"Store Van\" \/>\n<meta property=\"article:modified_time\" content=\"2025-11-24T13:26:15+00:00\" \/>\n<meta property=\"og:image\" content=\"https:\/\/www.storevan.com\/wp-content\/uploads\/2023\/06\/stabilimento.jpg\" \/>\n<meta name=\"twitter:label1\" content=\"Dur\u00e9e de lecture estim\u00e9e\" \/>\n\t<meta name=\"twitter:data1\" content=\"2 minutes\" \/>\n<script type=\"application\/ld+json\" class=\"yoast-schema-graph\">{\"@context\":\"https:\/\/schema.org\",\"@graph\":[{\"@type\":\"WebPage\",\"@id\":\"https:\/\/www.storevan.com\/fr\/amenagements-filiale-suisse\/\",\"url\":\"https:\/\/www.storevan.com\/fr\/amenagements-filiale-suisse\/\",\"name\":\"Am\u00e9nagement pour fourgons Store Van - Filiale Suisse\",\"isPartOf\":{\"@id\":\"https:\/\/www.storevan.com\/pl\/#website\"},\"datePublished\":\"2017-03-09T10:48:32+00:00\",\"dateModified\":\"2025-11-24T13:26:15+00:00\",\"description\":\"Am\u00e9nagement fourgons en Suisse. Am\u00e9nagements personnalis\u00e9s d'atelier mobile pour v\u00e9hicules utilitaires : rayonnages, \u00e9tablis, plancher et panneaux.\",\"breadcrumb\":{\"@id\":\"https:\/\/www.storevan.com\/fr\/amenagements-filiale-suisse\/#breadcrumb\"},\"inLanguage\":\"fr-FR\",\"potentialAction\":[{\"@type\":\"ReadAction\",\"target\":[\"https:\/\/www.storevan.com\/fr\/amenagements-filiale-suisse\/\"]}]},{\"@type\":\"BreadcrumbList\",\"@id\":\"https:\/\/www.storevan.com\/fr\/amenagements-filiale-suisse\/#breadcrumb\",\"itemListElement\":[{\"@type\":\"ListItem\",\"position\":1,\"name\":\"Home\",\"item\":\"https:\/\/www.storevan.com\/fr\/\"},{\"@type\":\"ListItem\",\"position\":2,\"name\":\"Am\u00e9nagement pour fourgons Store Van &#8211; Filiale Suisse\"}]},{\"@type\":\"WebSite\",\"@id\":\"https:\/\/www.storevan.com\/pl\/#website\",\"url\":\"https:\/\/www.storevan.com\/pl\/\",\"name\":\"Store Van\",\"description\":\"Am\u00e9nagements fourgons\",\"potentialAction\":[{\"@type\":\"SearchAction\",\"target\":{\"@type\":\"EntryPoint\",\"urlTemplate\":\"https:\/\/www.storevan.com\/pl\/?s={search_term_string}\"},\"query-input\":\"required name=search_term_string\"}],\"inLanguage\":\"fr-FR\"}]}<\/script>\n<!-- \/ Yoast SEO plugin. -->","yoast_head_json":{"title":"Am\u00e9nagement pour fourgons Store Van - Filiale Suisse","description":"Am\u00e9nagement fourgons en Suisse. Am\u00e9nagements personnalis\u00e9s d'atelier mobile pour v\u00e9hicules utilitaires : rayonnages, \u00e9tablis, plancher et panneaux.","robots":{"index":"index","follow":"follow","max-snippet":"max-snippet:-1","max-image-preview":"max-image-preview:large","max-video-preview":"max-video-preview:-1"},"canonical":"https:\/\/www.storevan.com\/fr\/amenagements-filiale-suisse\/","og_locale":"fr_FR","og_type":"article","og_title":"Am\u00e9nagement pour fourgons Store Van - Filiale Suisse","og_description":"Am\u00e9nagement fourgons en Suisse. Am\u00e9nagements personnalis\u00e9s d'atelier mobile pour v\u00e9hicules utilitaires : rayonnages, \u00e9tablis, plancher et panneaux.","og_url":"https:\/\/www.storevan.com\/fr\/amenagements-filiale-suisse\/","og_site_name":"Store Van","article_modified_time":"2025-11-24T13:26:15+00:00","og_image":[{"url":"https:\/\/www.storevan.com\/wp-content\/uploads\/2023\/06\/stabilimento.jpg"}],"twitter_misc":{"Dur\u00e9e de lecture estim\u00e9e":"2 minutes"},"schema":{"@context":"https:\/\/schema.org","@graph":[{"@type":"WebPage","@id":"https:\/\/www.storevan.com\/fr\/amenagements-filiale-suisse\/","url":"https:\/\/www.storevan.com\/fr\/amenagements-filiale-suisse\/","name":"Am\u00e9nagement pour fourgons Store Van - Filiale Suisse","isPartOf":{"@id":"https:\/\/www.storevan.com\/pl\/#website"},"datePublished":"2017-03-09T10:48:32+00:00","dateModified":"2025-11-24T13:26:15+00:00","description":"Am\u00e9nagement fourgons en Suisse. Am\u00e9nagements personnalis\u00e9s d'atelier mobile pour v\u00e9hicules utilitaires : rayonnages, \u00e9tablis, plancher et panneaux.","breadcrumb":{"@id":"https:\/\/www.storevan.com\/fr\/amenagements-filiale-suisse\/#breadcrumb"},"inLanguage":"fr-FR","potentialAction":[{"@type":"ReadAction","target":["https:\/\/www.storevan.com\/fr\/amenagements-filiale-suisse\/"]}]},{"@type":"BreadcrumbList","@id":"https:\/\/www.storevan.com\/fr\/amenagements-filiale-suisse\/#breadcrumb","itemListElement":[{"@type":"ListItem","position":1,"name":"Home","item":"https:\/\/www.storevan.com\/fr\/"},{"@type":"ListItem","position":2,"name":"Am\u00e9nagement pour fourgons Store Van &#8211; Filiale Suisse"}]},{"@type":"WebSite","@id":"https:\/\/www.storevan.com\/pl\/#website","url":"https:\/\/www.storevan.com\/pl\/","name":"Store Van","description":"Am\u00e9nagements fourgons","potentialAction":[{"@type":"SearchAction","target":{"@type":"EntryPoint","urlTemplate":"https:\/\/www.storevan.com\/pl\/?s={search_term_string}"},"query-input":"required name=search_term_string"}],"inLanguage":"fr-FR"}]}},"_links":{"self":[{"href":"https:\/\/www.storevan.com\/fr\/wp-json\/wp\/v2\/pages\/53487"}],"collection":[{"href":"https:\/\/www.storevan.com\/fr\/wp-json\/wp\/v2\/pages"}],"about":[{"href":"https:\/\/www.storevan.com\/fr\/wp-json\/wp\/v2\/types\/page"}],"author":[{"embeddable":true,"href":"https:\/\/www.storevan.com\/fr\/wp-json\/wp\/v2\/users\/470"}],"replies":[{"embeddable":true,"href":"https:\/\/www.storevan.com\/fr\/wp-json\/wp\/v2\/comments?post=53487"}],"version-history":[{"count":7,"href":"https:\/\/www.storevan.com\/fr\/wp-json\/wp\/v2\/pages\/53487\/revisions"}],"predecessor-version":[{"id":163617,"href":"https:\/\/www.storevan.com\/fr\/wp-json\/wp\/v2\/pages\/53487\/revisions\/163617"}],"wp:attachment":[{"href":"https:\/\/www.storevan.com\/fr\/wp-json\/wp\/v2\/media?parent=53487"}],"curies":[{"name":"wp","href":"https:\/\/api.w.org\/{rel}","templated":true}]}}