{"id":53481,"date":"2017-03-09T10:48:25","date_gmt":"2017-03-09T10:48:25","guid":{"rendered":"https:\/\/www.storevan.com\/allestimento-furgoni-austria\/"},"modified":"2018-07-06T07:42:15","modified_gmt":"2018-07-06T07:42:15","slug":"amenagements-filiale-autriche","status":"publish","type":"page","link":"https:\/\/www.storevan.com\/fr\/amenagements-filiale-autriche\/","title":{"rendered":"\u00c9quipements pour fourgons Store Van &#8211; Filiale Autriche"},"content":{"rendered":"<h1 class=\"customblackTitleSmall\">\u00c9quipements pour fourgons Store Van &#8211; Filiale Autriche<\/h1>\n<p>L&rsquo;investissement constant dans la recherche et le d\u00e9veloppement de solutions techniques d&rsquo;avant-garde est \u00e0 la base de la croissance progressive de l&rsquo;entreprise, qui a favoris\u00e9 l&rsquo;ascension d&rsquo;abord puis la consolidation du leadership de StoreVan sur le march\u00e9 national et \u00e9tranger de l&rsquo;<strong>am\u00e9nagement pour v\u00e9hicules utilitaires<\/strong>.<\/p>\n<p>StoreVan a \u00e9tendu son r\u00e9seau de vente sur le march\u00e9 <strong>autrichien<\/strong> avec la <strong>filiale de Vienne, FAMI HANDELSGES.M.B.H.<\/strong>, dans laquelle une \u00e9quipe de professionnels locaux, apr\u00e8s avoir re\u00e7u une formation technique en Italie, con\u00e7oit et monte des solutions personnalis\u00e9es d&rsquo;atelier mobile, en offrant les m\u00eames standards de qualit\u00e9 que les filiales italiennes.<\/p>\n<p>Chaque offre commerciale est accompagn\u00e9e de dessins 3D qui permettent d&rsquo;avoir une simulation r\u00e9aliste de l&rsquo;espace de chargement du fourgon dans les moindres d\u00e9tails. L\u2019offre \u00e9tendue de produits propose des rayonnages modulaires, des blocs-tiroirs, des \u00e9tablis, des bacs pour petites pi\u00e8ces, des rev\u00eatements int\u00e9rieurs, des syst\u00e8mes \u00e0 support multifonction et porte-\u00e9chelle.<\/p>\n<div class=\"one_half\"><img decoding=\"async\" loading=\"lazy\" class=\"aligncenter wp-image-53061 size-full\" title=\"\u00c9quipements pour fourgons Store Van - Filiale Autriche\" src=\"https:\/\/www.storevan.com\/wp-content\/uploads\/2017\/03\/STOREVAN-AUSTRIA-FAMI-HANDELS-G.jpg\" alt=\"\u00c9quipements pour fourgons Store Van - Filiale Autriche\" width=\"555\" height=\"230\" srcset=\"https:\/\/www.storevan.com\/wp-content\/uploads\/2017\/03\/STOREVAN-AUSTRIA-FAMI-HANDELS-G.jpg 555w, https:\/\/www.storevan.com\/wp-content\/uploads\/2017\/03\/STOREVAN-AUSTRIA-FAMI-HANDELS-G-300x124.jpg 300w\" sizes=\"(max-width: 555px) 100vw, 555px\" \/><\/div><div class=\"one_half last\">\n<strong>Fami Handels GmbH<\/strong><br \/>\nTriester Str. 136<br \/>\n1230 Wien \u2013 Austria<\/p>\n<p>Telefon: +43 (0)1 662 98 89-0<br \/>\nFax: +43 (0)1 662 98 89-15<\/p>\n<p><a href=\"mailto:office@fami.at\">office@fami.at<\/a><br \/>\n<a href=\"https:\/\/www.famispa.com\/de\/at\/\">www.fami.at<\/a><br \/>\n<\/div><div class=\"clearboth\"><\/div>\n","protected":false},"excerpt":{"rendered":"<p>\u00c9quipements pour fourgons Store Van &#8211; Filiale Autriche L&rsquo;investissement constant dans la recherche et le d\u00e9veloppement de solutions techniques d&rsquo;avant-garde est \u00e0 la base de la croissance progressive de l&rsquo;entreprise,.<\/p>\n","protected":false},"author":470,"featured_media":0,"parent":0,"menu_order":0,"comment_status":"closed","ping_status":"closed","template":"","meta":[],"acf":[],"yoast_head":"<!-- This site is optimized with the Yoast SEO plugin v20.11 - https:\/\/yoast.com\/wordpress\/plugins\/seo\/ -->\n<title>\u00c9quipements pour fourgons Store Van - Filiale Autriche<\/title>\n<meta name=\"description\" content=\"Am\u00e9nagements fourgons en Autriche. Vente et montage d&#039;\u00e9quipements pour v\u00e9hicules utilitaires : rayonnages, rev\u00eatements int\u00e9rieurs,porte-\u00e9chelle, \u00e9tablis.\" \/>\n<meta name=\"robots\" content=\"index, follow, max-snippet:-1, max-image-preview:large, max-video-preview:-1\" \/>\n<link rel=\"canonical\" href=\"https:\/\/www.storevan.com\/fr\/amenagements-filiale-autriche\/\" \/>\n<meta property=\"og:locale\" content=\"fr_FR\" \/>\n<meta property=\"og:type\" content=\"article\" \/>\n<meta property=\"og:title\" content=\"\u00c9quipements pour fourgons Store Van - Filiale Autriche\" \/>\n<meta property=\"og:description\" content=\"Am\u00e9nagements fourgons en Autriche. Vente et montage d&#039;\u00e9quipements pour v\u00e9hicules utilitaires : rayonnages, rev\u00eatements int\u00e9rieurs,porte-\u00e9chelle, \u00e9tablis.\" \/>\n<meta property=\"og:url\" content=\"https:\/\/www.storevan.com\/fr\/amenagements-filiale-autriche\/\" \/>\n<meta property=\"og:site_name\" content=\"Store Van\" \/>\n<meta property=\"article:modified_time\" content=\"2018-07-06T07:42:15+00:00\" \/>\n<meta property=\"og:image\" content=\"https:\/\/www.storevan.com\/wp-content\/uploads\/2017\/03\/STOREVAN-AUSTRIA-FAMI-HANDELS-G.jpg\" \/>\n<meta name=\"twitter:label1\" content=\"Dur\u00e9e de lecture estim\u00e9e\" \/>\n\t<meta name=\"twitter:data1\" content=\"1 minute\" \/>\n<script type=\"application\/ld+json\" class=\"yoast-schema-graph\">{\"@context\":\"https:\/\/schema.org\",\"@graph\":[{\"@type\":\"WebPage\",\"@id\":\"https:\/\/www.storevan.com\/fr\/amenagements-filiale-autriche\/\",\"url\":\"https:\/\/www.storevan.com\/fr\/amenagements-filiale-autriche\/\",\"name\":\"\u00c9quipements pour fourgons Store Van - Filiale Autriche\",\"isPartOf\":{\"@id\":\"https:\/\/www.storevan.com\/pl\/#website\"},\"datePublished\":\"2017-03-09T10:48:25+00:00\",\"dateModified\":\"2018-07-06T07:42:15+00:00\",\"description\":\"Am\u00e9nagements fourgons en Autriche. Vente et montage d'\u00e9quipements pour v\u00e9hicules utilitaires : rayonnages, rev\u00eatements int\u00e9rieurs,porte-\u00e9chelle, \u00e9tablis.\",\"breadcrumb\":{\"@id\":\"https:\/\/www.storevan.com\/fr\/amenagements-filiale-autriche\/#breadcrumb\"},\"inLanguage\":\"fr-FR\",\"potentialAction\":[{\"@type\":\"ReadAction\",\"target\":[\"https:\/\/www.storevan.com\/fr\/amenagements-filiale-autriche\/\"]}]},{\"@type\":\"BreadcrumbList\",\"@id\":\"https:\/\/www.storevan.com\/fr\/amenagements-filiale-autriche\/#breadcrumb\",\"itemListElement\":[{\"@type\":\"ListItem\",\"position\":1,\"name\":\"Home\",\"item\":\"https:\/\/www.storevan.com\/fr\/\"},{\"@type\":\"ListItem\",\"position\":2,\"name\":\"\u00c9quipements pour fourgons Store Van &#8211; Filiale Autriche\"}]},{\"@type\":\"WebSite\",\"@id\":\"https:\/\/www.storevan.com\/pl\/#website\",\"url\":\"https:\/\/www.storevan.com\/pl\/\",\"name\":\"Store Van\",\"description\":\"Am\u00e9nagements fourgons\",\"potentialAction\":[{\"@type\":\"SearchAction\",\"target\":{\"@type\":\"EntryPoint\",\"urlTemplate\":\"https:\/\/www.storevan.com\/pl\/?s={search_term_string}\"},\"query-input\":\"required name=search_term_string\"}],\"inLanguage\":\"fr-FR\"}]}<\/script>\n<!-- \/ Yoast SEO plugin. -->","yoast_head_json":{"title":"\u00c9quipements pour fourgons Store Van - Filiale Autriche","description":"Am\u00e9nagements fourgons en Autriche. Vente et montage d'\u00e9quipements pour v\u00e9hicules utilitaires : rayonnages, rev\u00eatements int\u00e9rieurs,porte-\u00e9chelle, \u00e9tablis.","robots":{"index":"index","follow":"follow","max-snippet":"max-snippet:-1","max-image-preview":"max-image-preview:large","max-video-preview":"max-video-preview:-1"},"canonical":"https:\/\/www.storevan.com\/fr\/amenagements-filiale-autriche\/","og_locale":"fr_FR","og_type":"article","og_title":"\u00c9quipements pour fourgons Store Van - Filiale Autriche","og_description":"Am\u00e9nagements fourgons en Autriche. Vente et montage d'\u00e9quipements pour v\u00e9hicules utilitaires : rayonnages, rev\u00eatements int\u00e9rieurs,porte-\u00e9chelle, \u00e9tablis.","og_url":"https:\/\/www.storevan.com\/fr\/amenagements-filiale-autriche\/","og_site_name":"Store Van","article_modified_time":"2018-07-06T07:42:15+00:00","og_image":[{"url":"https:\/\/www.storevan.com\/wp-content\/uploads\/2017\/03\/STOREVAN-AUSTRIA-FAMI-HANDELS-G.jpg"}],"twitter_misc":{"Dur\u00e9e de lecture estim\u00e9e":"1 minute"},"schema":{"@context":"https:\/\/schema.org","@graph":[{"@type":"WebPage","@id":"https:\/\/www.storevan.com\/fr\/amenagements-filiale-autriche\/","url":"https:\/\/www.storevan.com\/fr\/amenagements-filiale-autriche\/","name":"\u00c9quipements pour fourgons Store Van - Filiale Autriche","isPartOf":{"@id":"https:\/\/www.storevan.com\/pl\/#website"},"datePublished":"2017-03-09T10:48:25+00:00","dateModified":"2018-07-06T07:42:15+00:00","description":"Am\u00e9nagements fourgons en Autriche. Vente et montage d'\u00e9quipements pour v\u00e9hicules utilitaires : rayonnages, rev\u00eatements int\u00e9rieurs,porte-\u00e9chelle, \u00e9tablis.","breadcrumb":{"@id":"https:\/\/www.storevan.com\/fr\/amenagements-filiale-autriche\/#breadcrumb"},"inLanguage":"fr-FR","potentialAction":[{"@type":"ReadAction","target":["https:\/\/www.storevan.com\/fr\/amenagements-filiale-autriche\/"]}]},{"@type":"BreadcrumbList","@id":"https:\/\/www.storevan.com\/fr\/amenagements-filiale-autriche\/#breadcrumb","itemListElement":[{"@type":"ListItem","position":1,"name":"Home","item":"https:\/\/www.storevan.com\/fr\/"},{"@type":"ListItem","position":2,"name":"\u00c9quipements pour fourgons Store Van &#8211; Filiale Autriche"}]},{"@type":"WebSite","@id":"https:\/\/www.storevan.com\/pl\/#website","url":"https:\/\/www.storevan.com\/pl\/","name":"Store Van","description":"Am\u00e9nagements fourgons","potentialAction":[{"@type":"SearchAction","target":{"@type":"EntryPoint","urlTemplate":"https:\/\/www.storevan.com\/pl\/?s={search_term_string}"},"query-input":"required name=search_term_string"}],"inLanguage":"fr-FR"}]}},"_links":{"self":[{"href":"https:\/\/www.storevan.com\/fr\/wp-json\/wp\/v2\/pages\/53481"}],"collection":[{"href":"https:\/\/www.storevan.com\/fr\/wp-json\/wp\/v2\/pages"}],"about":[{"href":"https:\/\/www.storevan.com\/fr\/wp-json\/wp\/v2\/types\/page"}],"author":[{"embeddable":true,"href":"https:\/\/www.storevan.com\/fr\/wp-json\/wp\/v2\/users\/470"}],"replies":[{"embeddable":true,"href":"https:\/\/www.storevan.com\/fr\/wp-json\/wp\/v2\/comments?post=53481"}],"version-history":[{"count":1,"href":"https:\/\/www.storevan.com\/fr\/wp-json\/wp\/v2\/pages\/53481\/revisions"}],"predecessor-version":[{"id":78622,"href":"https:\/\/www.storevan.com\/fr\/wp-json\/wp\/v2\/pages\/53481\/revisions\/78622"}],"wp:attachment":[{"href":"https:\/\/www.storevan.com\/fr\/wp-json\/wp\/v2\/media?parent=53481"}],"curies":[{"name":"wp","href":"https:\/\/api.w.org\/{rel}","templated":true}]}}