{"id":53409,"date":"2017-02-21T10:19:34","date_gmt":"2017-02-21T10:19:34","guid":{"rendered":"https:\/\/www.storevan.com\/allestimento-furgoni-filiale-lombardia\/"},"modified":"2026-05-06T06:40:50","modified_gmt":"2026-05-06T06:40:50","slug":"amenagements-filiale-lombardia","status":"publish","type":"page","link":"https:\/\/www.storevan.com\/fr\/amenagements-filiale-lombardia\/","title":{"rendered":"Am\u00e9nagements fourgons Store Van Filiale Lombardie"},"content":{"rendered":"<h1 class=\"customblackTitleSmall\">Am\u00e9nagements fourgons Store Van Filiale Lombardie<\/h1>\n<p style=\"text-align: justify;\">Demandez un devis gratuit pour l\u2019am\u00e9nagement de votre v\u00e9hicule utilitaire \u00e0 la filiale Store Van de Rivolta d\u2019Adda (CR), en Lombardie. Vous recevrez la solution la plus adapt\u00e9e \u00e0 vos exigences, con\u00e7ue avec les meilleurs <strong>am\u00e9nagements pour fourgons<\/strong>\u00a0: planchers et panneaux de protection des parties int\u00e9rieures, rayonnages, blocs-tiroirs, \u00e9tablis et tout le n\u00e9cessaire pour <a href=\"https:\/\/www.storevan.com\/fr\/produits\/securisation-chargement\/\">fixer la marchandise durant le transport<\/a>.<\/p>\n<p style=\"text-align: justify;\">La <strong>filiale<\/strong> de <strong>Rivolta d\u2019Adda<\/strong> repr\u00e9sente parfaitement la croissance constante de l&rsquo;entreprise Store Van qui souhaite fermement consolider sa pr\u00e9sence sur le march\u00e9 italien de l&rsquo;am\u00e9nagement des fourgons\u00a0; elle est au service, sur le territoire, des concessionnaires et des utilisateurs de v\u00e9hicules utilitaires am\u00e9nag\u00e9s.<\/p>\n<p style=\"text-align: justify;\">L&rsquo;\u00e9quipe de la filiale Store Van de Rivolta d\u2019Adda con\u00e7oit avec vous l&rsquo;am\u00e9nagement optimal pour votre fourgon, en vous fournissant les dessins tridimensionnels de la solution personnalis\u00e9e, con\u00e7ue de mani\u00e8re \u00e0 vous offrir une simulation r\u00e9aliste des am\u00e9nagements int\u00e9rieurs dans les moindres d\u00e9tails.<\/p>\n<p style=\"text-align: justify;\">Soign\u00e9e dans les moindres d\u00e9tails, l\u2019atelier mobile Store Van est une excellente carte de visite pour votre professionnalisme. Contactez-nous et parlons-en\u00a0!<\/p>\n<hr class=\"noColor\" style=\"margin-top:40px;\"\/>\n<div class=\"col-xs-12 col-md-6 col-lg-6\" style=\"border-right:2px solid #ccc;\">\n<div class=\"col-md-12\" style=\"height:150px;\">\n\t\t<strong>LOMBARDIA &#8211; Rivolta d&rsquo;Adda<\/strong><\/p>\n<p>\t\tVia delle Arti e Mestieri, 3<br \/>\n\t\t26027 Rivolta d&rsquo;Adda (CR)<br \/>\n\t\tTel. +39 0363 79934<br \/>\n\t\t<span class=\"TESTOdodici\"><a href=\"mailto:info.rivolta@storevan.it\">info.rivolta@storevan.it <\/a><\/span>\n\t<\/div>\n<hr class=\"noColor\" style=\"margin-bottom:20px; clear:both;\"\/>\n<div class=\"col-xs-12 col-md-6 col-lg-6\">\n\t\t<strong><span style=\"color: #ff9900;\">MILANO, VARESE, COMO, LECCO, SONDRIO, MONZA BRIANZA<\/span><\/strong><br \/>\n\t\tRepr\u00e9sentant des ventes: ANDREA CARONNI<br \/>\n\t\t<a href=\"mailto:andrea.caronni@storevan.it\">andrea.caronni@storevan.it<\/a><br \/>\n\t\tCell. +39 337 1608160\n\t<\/div>\n<div class=\"col-xs-12 col-md-6 col-lg-6\">\n\t\t<strong><span style=\"color: #ff9900;\">PAVIA<\/span><\/strong><br \/>\n\t\tRepr\u00e9sentant des ventes: DANIELE SPAGNOLO<br \/>\n\t\t<a href=\"mailto:daniele.spagnolo@storevan.it\">daniele.spagnolo@storevan.it<\/a><br \/>\n\t\tCell. +39 335 1510978\n\t<\/div>\n<hr class=\"noColor\" style=\"clear:both;\"\/>\n<div class=\"col-xs-12 col-md-6 col-lg-6\">\n\t\t<strong><span style=\"color: #ff9900;\">LODI<\/span><\/strong><br \/>\n\t\tRepr\u00e9sentant des ventes: MORENO FONTANESI<br \/>\n\t\t<a href=\"mailto:moreno.fontanesi@storevan.it\">moreno.fontanesi@storevan.it<\/a><br \/>\n\t\tCell. +39 335 7014833\n\t<\/div>\n<div class=\"col-xs-12 col-md-6 col-lg-6\">\n\t\t<strong><span style=\"color: #ff9900;\">BERGAMO, CREMONA<\/span><\/strong><br \/>\n\t\tRepr\u00e9sentant des ventes: MATTEO BOSCARATO<br \/>\n\t\t<a href=\"mailto:matteo.boscarato@storevan.it\">matteo.boscarato@storevan.it<\/a><br \/>\n\t\tMob. +39 346 0795016\n\t<\/div>\n<\/div>\n<div class=\"col-xs-12 col-md-6 col-lg-6\">\n<div class=\"col-md-12\" style=\"height:150px;\">\n\t<strong>LOMBARDIA &#8211; Brescia<\/strong><\/p>\n<p>\tVia del Mella, 67<br \/>\n\t25131 Brescia (BS)<br \/>\n\tTel. +39 030 5900014<br \/>\n\t<span class=\"TESTOdodici\"><a href=\"mailto:info.brescia@storevan.it\">info.brescia@storevan.it <\/a><\/span>\n\t<\/div>\n<hr class=\"noColor\" style=\"margin-bottom:20px;clear:both;\"\/>\n<div class=\"col-xs-12 col-md-6 col-lg-6\">\n\t<strong><span style=\"color: #ff9900;\">BRESCIA, MANTOVA<\/span><\/strong><br \/>\n\tRepr\u00e9sentant des ventes: ALESSANDRO LONGONI<br \/>\n\t<a href=\"mailto:alessandro.longoni@storevan.it\">alessandro.longoni@storevan.it <\/a><br \/>\n\tMob. +39 338 6166687\n\t<\/div>\n<div class=\"col-xs-12 col-md-6 col-lg-6\">\n\t<strong><span style=\"color: #ff9900;\">BRESCIA, VERONA<\/span><\/strong><br \/>\n\tRepr\u00e9sentant des ventes: MARCO TEZZA<br \/>\n\t<a href=\"mailto:marco.tezza@storevan.it\">marco.tezza@storevan.it <\/a><br \/>\n\tMob. +39 331 8887083\n\t<\/div>\n<\/div>\n<hr class=\"noColor\"\/>\n","protected":false},"excerpt":{"rendered":"<p>Am\u00e9nagements fourgons Store Van Filiale Lombardie Demandez un devis gratuit pour l\u2019am\u00e9nagement de votre v\u00e9hicule utilitaire \u00e0 la filiale Store Van de Rivolta d\u2019Adda (CR), en Lombardie. Vous recevrez la.<\/p>\n","protected":false},"author":470,"featured_media":0,"parent":0,"menu_order":0,"comment_status":"closed","ping_status":"closed","template":"","meta":[],"acf":[],"yoast_head":"<!-- This site is optimized with the Yoast SEO plugin v20.11 - https:\/\/yoast.com\/wordpress\/plugins\/seo\/ -->\n<title>Am\u00e9nagements fourgons Store Van Filiale Lombardie<\/title>\n<meta name=\"description\" content=\"Am\u00e9nagements pour fourgons Store Van en Lombardie, filiale de Rivolta d&#039;Adda (CR). Solutions personnalis\u00e9es avec rayonnages, blocs-tiroirs, planchers et panneaux pour v\u00e9hicules utilitaires\" \/>\n<meta name=\"robots\" content=\"index, follow, max-snippet:-1, max-image-preview:large, max-video-preview:-1\" \/>\n<link rel=\"canonical\" href=\"https:\/\/www.storevan.com\/fr\/amenagements-filiale-lombardia\/\" \/>\n<meta property=\"og:locale\" content=\"fr_FR\" \/>\n<meta property=\"og:type\" content=\"article\" \/>\n<meta property=\"og:title\" content=\"Am\u00e9nagements fourgons Store Van Filiale Lombardie\" \/>\n<meta property=\"og:description\" content=\"Am\u00e9nagements pour fourgons Store Van en Lombardie, filiale de Rivolta d&#039;Adda (CR). Solutions personnalis\u00e9es avec rayonnages, blocs-tiroirs, planchers et panneaux pour v\u00e9hicules utilitaires\" \/>\n<meta property=\"og:url\" content=\"https:\/\/www.storevan.com\/fr\/amenagements-filiale-lombardia\/\" \/>\n<meta property=\"og:site_name\" content=\"Store Van\" \/>\n<meta property=\"article:modified_time\" content=\"2026-05-06T06:40:50+00:00\" \/>\n<meta name=\"twitter:label1\" content=\"Dur\u00e9e de lecture estim\u00e9e\" \/>\n\t<meta name=\"twitter:data1\" content=\"2 minutes\" \/>\n<script type=\"application\/ld+json\" class=\"yoast-schema-graph\">{\"@context\":\"https:\/\/schema.org\",\"@graph\":[{\"@type\":\"WebPage\",\"@id\":\"https:\/\/www.storevan.com\/fr\/amenagements-filiale-lombardia\/\",\"url\":\"https:\/\/www.storevan.com\/fr\/amenagements-filiale-lombardia\/\",\"name\":\"Am\u00e9nagements fourgons Store Van Filiale Lombardie\",\"isPartOf\":{\"@id\":\"https:\/\/www.storevan.com\/pl\/#website\"},\"datePublished\":\"2017-02-21T10:19:34+00:00\",\"dateModified\":\"2026-05-06T06:40:50+00:00\",\"description\":\"Am\u00e9nagements pour fourgons Store Van en Lombardie, filiale de Rivolta d'Adda (CR). Solutions personnalis\u00e9es avec rayonnages, blocs-tiroirs, planchers et panneaux pour v\u00e9hicules utilitaires\",\"breadcrumb\":{\"@id\":\"https:\/\/www.storevan.com\/fr\/amenagements-filiale-lombardia\/#breadcrumb\"},\"inLanguage\":\"fr-FR\",\"potentialAction\":[{\"@type\":\"ReadAction\",\"target\":[\"https:\/\/www.storevan.com\/fr\/amenagements-filiale-lombardia\/\"]}]},{\"@type\":\"BreadcrumbList\",\"@id\":\"https:\/\/www.storevan.com\/fr\/amenagements-filiale-lombardia\/#breadcrumb\",\"itemListElement\":[{\"@type\":\"ListItem\",\"position\":1,\"name\":\"Home\",\"item\":\"https:\/\/www.storevan.com\/fr\/\"},{\"@type\":\"ListItem\",\"position\":2,\"name\":\"Am\u00e9nagements fourgons Store Van Filiale Lombardie\"}]},{\"@type\":\"WebSite\",\"@id\":\"https:\/\/www.storevan.com\/pl\/#website\",\"url\":\"https:\/\/www.storevan.com\/pl\/\",\"name\":\"Store Van\",\"description\":\"Am\u00e9nagements fourgons\",\"potentialAction\":[{\"@type\":\"SearchAction\",\"target\":{\"@type\":\"EntryPoint\",\"urlTemplate\":\"https:\/\/www.storevan.com\/pl\/?s={search_term_string}\"},\"query-input\":\"required name=search_term_string\"}],\"inLanguage\":\"fr-FR\"}]}<\/script>\n<!-- \/ Yoast SEO plugin. -->","yoast_head_json":{"title":"Am\u00e9nagements fourgons Store Van Filiale Lombardie","description":"Am\u00e9nagements pour fourgons Store Van en Lombardie, filiale de Rivolta d'Adda (CR). Solutions personnalis\u00e9es avec rayonnages, blocs-tiroirs, planchers et panneaux pour v\u00e9hicules utilitaires","robots":{"index":"index","follow":"follow","max-snippet":"max-snippet:-1","max-image-preview":"max-image-preview:large","max-video-preview":"max-video-preview:-1"},"canonical":"https:\/\/www.storevan.com\/fr\/amenagements-filiale-lombardia\/","og_locale":"fr_FR","og_type":"article","og_title":"Am\u00e9nagements fourgons Store Van Filiale Lombardie","og_description":"Am\u00e9nagements pour fourgons Store Van en Lombardie, filiale de Rivolta d'Adda (CR). Solutions personnalis\u00e9es avec rayonnages, blocs-tiroirs, planchers et panneaux pour v\u00e9hicules utilitaires","og_url":"https:\/\/www.storevan.com\/fr\/amenagements-filiale-lombardia\/","og_site_name":"Store Van","article_modified_time":"2026-05-06T06:40:50+00:00","twitter_misc":{"Dur\u00e9e de lecture estim\u00e9e":"2 minutes"},"schema":{"@context":"https:\/\/schema.org","@graph":[{"@type":"WebPage","@id":"https:\/\/www.storevan.com\/fr\/amenagements-filiale-lombardia\/","url":"https:\/\/www.storevan.com\/fr\/amenagements-filiale-lombardia\/","name":"Am\u00e9nagements fourgons Store Van Filiale Lombardie","isPartOf":{"@id":"https:\/\/www.storevan.com\/pl\/#website"},"datePublished":"2017-02-21T10:19:34+00:00","dateModified":"2026-05-06T06:40:50+00:00","description":"Am\u00e9nagements pour fourgons Store Van en Lombardie, filiale de Rivolta d'Adda (CR). Solutions personnalis\u00e9es avec rayonnages, blocs-tiroirs, planchers et panneaux pour v\u00e9hicules utilitaires","breadcrumb":{"@id":"https:\/\/www.storevan.com\/fr\/amenagements-filiale-lombardia\/#breadcrumb"},"inLanguage":"fr-FR","potentialAction":[{"@type":"ReadAction","target":["https:\/\/www.storevan.com\/fr\/amenagements-filiale-lombardia\/"]}]},{"@type":"BreadcrumbList","@id":"https:\/\/www.storevan.com\/fr\/amenagements-filiale-lombardia\/#breadcrumb","itemListElement":[{"@type":"ListItem","position":1,"name":"Home","item":"https:\/\/www.storevan.com\/fr\/"},{"@type":"ListItem","position":2,"name":"Am\u00e9nagements fourgons Store Van Filiale Lombardie"}]},{"@type":"WebSite","@id":"https:\/\/www.storevan.com\/pl\/#website","url":"https:\/\/www.storevan.com\/pl\/","name":"Store Van","description":"Am\u00e9nagements fourgons","potentialAction":[{"@type":"SearchAction","target":{"@type":"EntryPoint","urlTemplate":"https:\/\/www.storevan.com\/pl\/?s={search_term_string}"},"query-input":"required name=search_term_string"}],"inLanguage":"fr-FR"}]}},"_links":{"self":[{"href":"https:\/\/www.storevan.com\/fr\/wp-json\/wp\/v2\/pages\/53409"}],"collection":[{"href":"https:\/\/www.storevan.com\/fr\/wp-json\/wp\/v2\/pages"}],"about":[{"href":"https:\/\/www.storevan.com\/fr\/wp-json\/wp\/v2\/types\/page"}],"author":[{"embeddable":true,"href":"https:\/\/www.storevan.com\/fr\/wp-json\/wp\/v2\/users\/470"}],"replies":[{"embeddable":true,"href":"https:\/\/www.storevan.com\/fr\/wp-json\/wp\/v2\/comments?post=53409"}],"version-history":[{"count":14,"href":"https:\/\/www.storevan.com\/fr\/wp-json\/wp\/v2\/pages\/53409\/revisions"}],"predecessor-version":[{"id":165629,"href":"https:\/\/www.storevan.com\/fr\/wp-json\/wp\/v2\/pages\/53409\/revisions\/165629"}],"wp:attachment":[{"href":"https:\/\/www.storevan.com\/fr\/wp-json\/wp\/v2\/media?parent=53409"}],"curies":[{"name":"wp","href":"https:\/\/api.w.org\/{rel}","templated":true}]}}