{"id":53404,"date":"2017-02-21T09:03:11","date_gmt":"2017-02-21T09:03:11","guid":{"rendered":"https:\/\/www.storevan.com\/allestimento-furgoni-filiale-emilia\/"},"modified":"2024-02-01T15:17:43","modified_gmt":"2024-02-01T15:17:43","slug":"amenagements-filiale-emilia","status":"publish","type":"page","link":"https:\/\/www.storevan.com\/fr\/amenagements-filiale-emilia\/","title":{"rendered":"Am\u00e9nagement pour les fourgons Store Van Filiale \u00c9milie-Romagne"},"content":{"rendered":"<h1 class=\"customblackTitleSmall\">Am\u00e9nagement pour les fourgons Store Van Filiale \u00c9milie-Romagne<\/h1>\n<p style=\"text-align: justify;\"><strong>Am\u00e9nagements pour v\u00e9hicules utilitaires<\/strong> Store Van en \u00c9milie-Romagne. Montage de\u00a0solutions d\u2019am\u00e9nagement personnalis\u00e9es pour fourgons de toutes les marques avec des rayonnages, des rev\u00eatements int\u00e9rieurs pour la protection de l&rsquo;espace de chargement, des blocs-tiroirs, des \u00e9tablis, des bacs en plastique pour petites parties, des parois perfor\u00e9es pour suspendre les outils, des galeries de toit et des porte-\u00e9chelle. L\u2019arrimage de la marchandise est fondamental pour la <a href=\"https:\/\/www.storevan.com\/fr\/produits\/securisation-chargement\/\">s\u00e9curit\u00e9 du chargement<\/a>, c&rsquo;est pourquoi la filiale d&rsquo;\u00c9milie-Romagne fournit tout le n\u00e9cessaire pour fixer la marchandise durant le transport\u00a0: crochets et courroies pour fixer le chargement, barres t\u00e9lescopiques, etc.<\/p>\n<p>&nbsp;<\/p>\n<div class=\"one_half\">\n<p><img decoding=\"async\" loading=\"lazy\" class=\"aligncenter wp-image-52403 size-full\" title=\"Am\u00e9nagement pour les fourgons Store Van Filiale \u00c9milie-Romagne\" src=\"https:\/\/www.storevan.com\/wp-content\/uploads\/2022\/01\/sede-Zola-Pedrosa.jpg\" alt=\"Am\u00e9nagement pour les fourgons Store Van Filiale \u00c9milie-Romagne\" width=\"555\" height=\"230\" \/><\/p>\n<\/div><div class=\"one_half last\">\n<p style=\"text-align: justify;\">En renfor\u00e7ant sa pr\u00e9sence sur le march\u00e9 italien de l&rsquo;am\u00e9nagement des fourgons \u00e0 travers l&rsquo;ouverture d&rsquo;une filiale \u00e0 <strong>Zola Predosa (BO)<\/strong>, Store Van confirme qu&rsquo;elle est une entreprise en expansion constante et qui souhaite fournir plus de services aux concessionnaires et \u00e0 tous les clients du secteur de l&rsquo;am\u00e9nagement de v\u00e9hicules utilitaires.<\/p>\n<p style=\"text-align: justify;\">L&rsquo;\u00e9quipe de la filiale Store Van de Zola Predosa vous attend pour concevoir ensemble l\u2019am\u00e9nagement optimal pour votre v\u00e9hicule. Les propositions sont accompagn\u00e9es des dessins en 3D du mod\u00e8le sp\u00e9cifique demand\u00e9 de mani\u00e8re \u00e0 vous offrir une simulation r\u00e9aliste des am\u00e9nagements int\u00e9rieurs dans les moindres d\u00e9tails.<\/p>\n<p style=\"text-align: justify;\">L\u2019atelier mobile Store Van est votre meilleure carte de visite professionnelle. Venez nous voir dans notre filiale en \u00c9milie\u00a0Romagne. Nous vous attendons\u00a0!<\/p>\n<\/div><div class=\"clearboth\"><\/div>\n<p><strong>EMILIA ROMAGNA &#8211; FAMI S.r.l.<\/strong><br \/>\nVia Guido Rossa, 13 &#8211; 40069 Zola Predosa (BO)<br \/>\nTel. +39 051 734826 &#8211; Fax. +39 051 6504609<br \/>\n<a class=\"TESTlinkmenu\" href=\"mailto:commerciale.bologna@storevan.it\">commerciale.bologna@storevan.it<\/a><br \/>\n<div class=\"demo-sep\" style=\"margin-top: 40px;\"><\/div>\n<div class=\"one_third\">\n<strong><em><span style=\"color: #ff9900;\">BOLOGNA, MODENA<\/span><\/em><\/strong><\/p>\n<p>R\u00e9f\u00e9rence : Sig. MIRCO GALLONI<br \/>\n<a class=\"TESTlinkmenu\" href=\"mailto:mirco.galloni@storevan.it\">mirco.galloni@storevan.it<\/a><br \/>\nCell. +39 392 9791956<br \/>\n<\/div>\n<div class=\"one_third\">\n<strong><em><span style=\"color: #ff9900;\">REGGIO EMILIA, PARMA, PIACENZA<\/span><\/em><\/strong><\/p>\n<p>R\u00e9f\u00e9rence : Sig. MORENO FONTANESI<br \/>\n<a class=\"TESTlinkmenu\" href=\"mailto:moreno.fontanesi@storevan.it\">moreno.fontanesi@storevan.it<\/a><br \/>\nCell. +39 335 7014833<br \/>\n<\/div>\n<div class=\"one_third last\">\n<strong><em><span style=\"color: #ff9900;\">FERRARA, FORLI&rsquo;-CESENA, RAVENNA, RIMINI <\/span><\/em><\/strong><\/p>\n<p>R\u00e9f\u00e9rence: Sig. MAURO MANIZZA<br \/>\n<a class=\"TESTlinkmenu\" href=\"mailto:mauro.manizza@storevan.it\">mauro.manizza@storevan.it<\/a><br \/>\nCell. +39 366 9011216<br \/>\n<\/div><div class=\"clearboth\"><\/div>\n<p>&nbsp;<\/p>\n","protected":false},"excerpt":{"rendered":"<p>Am\u00e9nagement pour les fourgons Store Van Filiale \u00c9milie-Romagne Am\u00e9nagements pour v\u00e9hicules utilitaires Store Van en \u00c9milie-Romagne. Montage de\u00a0solutions d\u2019am\u00e9nagement personnalis\u00e9es pour fourgons de toutes les marques avec des rayonnages, des.<\/p>\n","protected":false},"author":470,"featured_media":0,"parent":0,"menu_order":0,"comment_status":"closed","ping_status":"closed","template":"","meta":[],"acf":[],"yoast_head":"<!-- This site is optimized with the Yoast SEO plugin v20.11 - https:\/\/yoast.com\/wordpress\/plugins\/seo\/ -->\n<title>Am\u00e9nagement pour les fourgons Store Van Filiale \u00c9milie-Romagne<\/title>\n<meta name=\"description\" content=\"Am\u00e9nagements pour les fourgons Store Van en \u00c9milie-Romagne. Montage de rayonnages, rev\u00eatements int\u00e9rieurs, blocs-tiroirs, porte-\u00e9chelle.\" \/>\n<meta name=\"robots\" content=\"index, follow, max-snippet:-1, max-image-preview:large, max-video-preview:-1\" \/>\n<link rel=\"canonical\" href=\"https:\/\/www.storevan.com\/fr\/amenagements-filiale-emilia\/\" \/>\n<meta property=\"og:locale\" content=\"fr_FR\" \/>\n<meta property=\"og:type\" content=\"article\" \/>\n<meta property=\"og:title\" content=\"Am\u00e9nagement pour les fourgons Store Van Filiale \u00c9milie-Romagne\" \/>\n<meta property=\"og:description\" content=\"Am\u00e9nagements pour les fourgons Store Van en \u00c9milie-Romagne. Montage de rayonnages, rev\u00eatements int\u00e9rieurs, blocs-tiroirs, porte-\u00e9chelle.\" \/>\n<meta property=\"og:url\" content=\"https:\/\/www.storevan.com\/fr\/amenagements-filiale-emilia\/\" \/>\n<meta property=\"og:site_name\" content=\"Store Van\" \/>\n<meta property=\"article:modified_time\" content=\"2024-02-01T15:17:43+00:00\" \/>\n<meta property=\"og:image\" content=\"https:\/\/www.storevan.com\/wp-content\/uploads\/2022\/01\/sede-Zola-Pedrosa.jpg\" \/>\n<meta name=\"twitter:label1\" content=\"Dur\u00e9e de lecture estim\u00e9e\" \/>\n\t<meta name=\"twitter:data1\" content=\"2 minutes\" \/>\n<script type=\"application\/ld+json\" class=\"yoast-schema-graph\">{\"@context\":\"https:\/\/schema.org\",\"@graph\":[{\"@type\":\"WebPage\",\"@id\":\"https:\/\/www.storevan.com\/fr\/amenagements-filiale-emilia\/\",\"url\":\"https:\/\/www.storevan.com\/fr\/amenagements-filiale-emilia\/\",\"name\":\"Am\u00e9nagement pour les fourgons Store Van Filiale \u00c9milie-Romagne\",\"isPartOf\":{\"@id\":\"https:\/\/www.storevan.com\/pl\/#website\"},\"datePublished\":\"2017-02-21T09:03:11+00:00\",\"dateModified\":\"2024-02-01T15:17:43+00:00\",\"description\":\"Am\u00e9nagements pour les fourgons Store Van en \u00c9milie-Romagne. Montage de rayonnages, rev\u00eatements int\u00e9rieurs, blocs-tiroirs, porte-\u00e9chelle.\",\"breadcrumb\":{\"@id\":\"https:\/\/www.storevan.com\/fr\/amenagements-filiale-emilia\/#breadcrumb\"},\"inLanguage\":\"fr-FR\",\"potentialAction\":[{\"@type\":\"ReadAction\",\"target\":[\"https:\/\/www.storevan.com\/fr\/amenagements-filiale-emilia\/\"]}]},{\"@type\":\"BreadcrumbList\",\"@id\":\"https:\/\/www.storevan.com\/fr\/amenagements-filiale-emilia\/#breadcrumb\",\"itemListElement\":[{\"@type\":\"ListItem\",\"position\":1,\"name\":\"Home\",\"item\":\"https:\/\/www.storevan.com\/fr\/\"},{\"@type\":\"ListItem\",\"position\":2,\"name\":\"Am\u00e9nagement pour les fourgons Store Van Filiale \u00c9milie-Romagne\"}]},{\"@type\":\"WebSite\",\"@id\":\"https:\/\/www.storevan.com\/pl\/#website\",\"url\":\"https:\/\/www.storevan.com\/pl\/\",\"name\":\"Store Van\",\"description\":\"Am\u00e9nagements fourgons\",\"potentialAction\":[{\"@type\":\"SearchAction\",\"target\":{\"@type\":\"EntryPoint\",\"urlTemplate\":\"https:\/\/www.storevan.com\/pl\/?s={search_term_string}\"},\"query-input\":\"required name=search_term_string\"}],\"inLanguage\":\"fr-FR\"}]}<\/script>\n<!-- \/ Yoast SEO plugin. -->","yoast_head_json":{"title":"Am\u00e9nagement pour les fourgons Store Van Filiale \u00c9milie-Romagne","description":"Am\u00e9nagements pour les fourgons Store Van en \u00c9milie-Romagne. Montage de rayonnages, rev\u00eatements int\u00e9rieurs, blocs-tiroirs, porte-\u00e9chelle.","robots":{"index":"index","follow":"follow","max-snippet":"max-snippet:-1","max-image-preview":"max-image-preview:large","max-video-preview":"max-video-preview:-1"},"canonical":"https:\/\/www.storevan.com\/fr\/amenagements-filiale-emilia\/","og_locale":"fr_FR","og_type":"article","og_title":"Am\u00e9nagement pour les fourgons Store Van Filiale \u00c9milie-Romagne","og_description":"Am\u00e9nagements pour les fourgons Store Van en \u00c9milie-Romagne. Montage de rayonnages, rev\u00eatements int\u00e9rieurs, blocs-tiroirs, porte-\u00e9chelle.","og_url":"https:\/\/www.storevan.com\/fr\/amenagements-filiale-emilia\/","og_site_name":"Store Van","article_modified_time":"2024-02-01T15:17:43+00:00","og_image":[{"url":"https:\/\/www.storevan.com\/wp-content\/uploads\/2022\/01\/sede-Zola-Pedrosa.jpg"}],"twitter_misc":{"Dur\u00e9e de lecture estim\u00e9e":"2 minutes"},"schema":{"@context":"https:\/\/schema.org","@graph":[{"@type":"WebPage","@id":"https:\/\/www.storevan.com\/fr\/amenagements-filiale-emilia\/","url":"https:\/\/www.storevan.com\/fr\/amenagements-filiale-emilia\/","name":"Am\u00e9nagement pour les fourgons Store Van Filiale \u00c9milie-Romagne","isPartOf":{"@id":"https:\/\/www.storevan.com\/pl\/#website"},"datePublished":"2017-02-21T09:03:11+00:00","dateModified":"2024-02-01T15:17:43+00:00","description":"Am\u00e9nagements pour les fourgons Store Van en \u00c9milie-Romagne. Montage de rayonnages, rev\u00eatements int\u00e9rieurs, blocs-tiroirs, porte-\u00e9chelle.","breadcrumb":{"@id":"https:\/\/www.storevan.com\/fr\/amenagements-filiale-emilia\/#breadcrumb"},"inLanguage":"fr-FR","potentialAction":[{"@type":"ReadAction","target":["https:\/\/www.storevan.com\/fr\/amenagements-filiale-emilia\/"]}]},{"@type":"BreadcrumbList","@id":"https:\/\/www.storevan.com\/fr\/amenagements-filiale-emilia\/#breadcrumb","itemListElement":[{"@type":"ListItem","position":1,"name":"Home","item":"https:\/\/www.storevan.com\/fr\/"},{"@type":"ListItem","position":2,"name":"Am\u00e9nagement pour les fourgons Store Van Filiale \u00c9milie-Romagne"}]},{"@type":"WebSite","@id":"https:\/\/www.storevan.com\/pl\/#website","url":"https:\/\/www.storevan.com\/pl\/","name":"Store Van","description":"Am\u00e9nagements fourgons","potentialAction":[{"@type":"SearchAction","target":{"@type":"EntryPoint","urlTemplate":"https:\/\/www.storevan.com\/pl\/?s={search_term_string}"},"query-input":"required name=search_term_string"}],"inLanguage":"fr-FR"}]}},"_links":{"self":[{"href":"https:\/\/www.storevan.com\/fr\/wp-json\/wp\/v2\/pages\/53404"}],"collection":[{"href":"https:\/\/www.storevan.com\/fr\/wp-json\/wp\/v2\/pages"}],"about":[{"href":"https:\/\/www.storevan.com\/fr\/wp-json\/wp\/v2\/types\/page"}],"author":[{"embeddable":true,"href":"https:\/\/www.storevan.com\/fr\/wp-json\/wp\/v2\/users\/470"}],"replies":[{"embeddable":true,"href":"https:\/\/www.storevan.com\/fr\/wp-json\/wp\/v2\/comments?post=53404"}],"version-history":[{"count":11,"href":"https:\/\/www.storevan.com\/fr\/wp-json\/wp\/v2\/pages\/53404\/revisions"}],"predecessor-version":[{"id":154667,"href":"https:\/\/www.storevan.com\/fr\/wp-json\/wp\/v2\/pages\/53404\/revisions\/154667"}],"wp:attachment":[{"href":"https:\/\/www.storevan.com\/fr\/wp-json\/wp\/v2\/media?parent=53404"}],"curies":[{"name":"wp","href":"https:\/\/api.w.org\/{rel}","templated":true}]}}