{"id":43479,"date":"2017-01-18T10:56:13","date_gmt":"2017-01-18T10:56:13","guid":{"rendered":"https:\/\/www.storevan.com\/amenagement-vehicules-utilitaires\/furgoni-toyota\/"},"modified":"2022-07-25T09:30:37","modified_gmt":"2022-07-25T09:30:37","slug":"toyota","status":"publish","type":"page","link":"https:\/\/www.storevan.com\/fr\/amenagement-vehicules-utilitaires\/toyota\/","title":{"rendered":"Toyota"},"content":{"rendered":"<h1 class=\"customblackTitleSmall\">Am\u00e9nagements v\u00e9hicules utilitaires Toyota<\/h1>\n<p><img decoding=\"async\" loading=\"lazy\" class=\"alignright wp-image-43751 size-full\" title=\"Am\u00e9nagement Toyota\" src=\"https:\/\/www.storevan.com\/wp-content\/uploads\/2017\/01\/HOME12-Allestimenti-TOYOTA.png\" alt=\"Am\u00e9nagement Toyota\" width=\"116\" height=\"105\" \/><\/p>\n<p>Store Van produit des solutions d\u2019<strong>am\u00e9nagement<\/strong> sp\u00e9cifiques pour<strong> v\u00e9hicules utilitaires Toyota<\/strong>. <strong>Rev\u00eatements<\/strong> pour la protection de l\u2019espace de chargement, galeries de toit et porte-\u00e9chelles pour transporter un chargement en toute s\u00e9curit\u00e9 sur le toit du fourgon, et nombreux rayonnages pour \u00e9quiper le v\u00e9hicule utilitaire en fonction des exigences professionnelles sp\u00e9cifiques. Nous avons toutes les solutions d\u2019am\u00e9nagement de <strong>fourgons Toyota<\/strong> : Appelez-nous pour avoir un devis gratuit !<\/p>\n<h3 class=\"customblackTitleExtraSmall\">S\u00c9LECTIONNEZ LE MOD\u00c8LE DE VOTRE FOURGON:<\/h3>\n<div class=\"one_third\">\n<p class=\"text-center\"><strong>PROACE CITY<\/strong><\/p>\n<hr class=\"hidden-xs hidden-sm\"\/>\n<p><a href=\"https:\/\/www.storevan.com\/fr\/amenagement-vehicules-utilitaires\/toyota\/proace-city\/\" class=\"txtOrange\" title=\"Am\u00e9nagement pour Proace City\"><img decoding=\"async\" loading=\"lazy\" class=\"aligncenter wp-image-43391 size-full\" src=\"https:\/\/www.storevan.com\/wp-content\/uploads\/veicoli\/toyota\/proace-city-2019\/Allestimento-furgoni-Toyota-Proace-City-2019.jpg\" alt=\"Am\u00e9nagements v\u00e9hicules utilitaires Toyota Proace\" width=\"350\" height=\"220\" \/><br \/>\nAm\u00e9nagement pour Proace City<i class=\"fa fa-angle-double-right\"><\/i><\/a><br \/>\n<a href=\"https:\/\/www.storevan.com\/fr\/amenagement-vehicules-utilitaires\/toyota\/proace-city\/planchers-et-habillages\/\" class=\"txtOrange\" title=\"Plancher et rev\u00eatements int\u00e9rieurs Proace City\">Plancher et rev\u00eatements int\u00e9rieurs  <i class=\"fa fa-angle-double-right\"><\/i><\/a><br \/>\n<a href=\"https:\/\/www.storevan.com\/fr\/amenagement-vehicules-utilitaires\/toyota\/proace-city\/porte-tout-et-porte-echelles\/\" class=\"txtOrange\" title=\"Porte-\u00e9chelles et porte-tubes pour Proace City\">Porte-\u00e9chelles et porte-tubes <i class=\"fa fa-angle-double-right\"><\/i><\/a> <\/p>\n<hr class=\"visible-xs\" \/>\n<\/div><div class=\"one_third last\">\n<p class=\"text-center\"><strong>PROACE<\/strong><\/p>\n<hr class=\"hidden-xs hidden-sm\"\/>\n<p><a href=\"https:\/\/www.storevan.com\/fr\/amenagement-vehicules-utilitaires\/toyota\/proace\/\" class=\"txtOrange\" title=\"Am\u00e9nagement pour Proace\"><img decoding=\"async\" loading=\"lazy\" class=\"aligncenter wp-image-43391 size-full\" src=\"https:\/\/www.storevan.com\/wp-content\/uploads\/2017\/01\/Allestimento-furgoni-Toyota-Proace-2016.jpg\" alt=\"Am\u00e9nagements v\u00e9hicules utilitaires Toyota Proace\" width=\"350\" height=\"220\" srcset=\"https:\/\/www.storevan.com\/wp-content\/uploads\/2017\/01\/Allestimento-furgoni-Toyota-Proace-2016.jpg 350w, https:\/\/www.storevan.com\/wp-content\/uploads\/2017\/01\/Allestimento-furgoni-Toyota-Proace-2016-300x189.jpg 300w\" sizes=\"(max-width: 350px) 100vw, 350px\" \/><br \/>\nAm\u00e9nagement pour Proace <i class=\"fa fa-angle-double-right\"><\/i><\/a><br \/>\n<a href=\"https:\/\/www.storevan.com\/fr\/amenagement-vehicules-utilitaires\/toyota\/proace\/planchers-habillages\/\" class=\"txtOrange\" title=\"Plancher et rev\u00eatements int\u00e9rieurs Proace\">Plancher et rev\u00eatements int\u00e9rieurs  <i class=\"fa fa-angle-double-right\"><\/i><\/a><br \/>\n<a href=\"https:\/\/www.storevan.com\/fr\/amenagement-vehicules-utilitaires\/toyota\/proace\/porte-tout-porte-echelles\/\" class=\"txtOrange\" title=\"Porte-\u00e9chelles et porte-tubes pour Proace\">Porte-\u00e9chelles et porte-tubes <i class=\"fa fa-angle-double-right\"><\/i><\/a> <\/p>\n<hr class=\"visible-xs\" \/>\n<\/div><div class=\"clearboth\"><\/div>\n","protected":false},"excerpt":{"rendered":"<p>Am\u00e9nagements v\u00e9hicules utilitaires Toyota Store Van produit des solutions d\u2019am\u00e9nagement sp\u00e9cifiques pour v\u00e9hicules utilitaires Toyota. Rev\u00eatements pour la protection de l\u2019espace de chargement, galeries de toit et porte-\u00e9chelles pour transporter.<\/p>\n","protected":false},"author":470,"featured_media":0,"parent":26069,"menu_order":0,"comment_status":"closed","ping_status":"closed","template":"","meta":[],"acf":[],"yoast_head":"<!-- This site is optimized with the Yoast SEO plugin v20.11 - https:\/\/yoast.com\/wordpress\/plugins\/seo\/ -->\n<title>Am\u00e9nagements v\u00e9hicules utilitaires Toyota<\/title>\n<meta name=\"robots\" content=\"index, follow, max-snippet:-1, max-image-preview:large, max-video-preview:-1\" \/>\n<link rel=\"canonical\" href=\"https:\/\/www.storevan.com\/fr\/amenagement-vehicules-utilitaires\/toyota\/\" \/>\n<meta property=\"og:locale\" content=\"fr_FR\" \/>\n<meta property=\"og:type\" content=\"article\" \/>\n<meta property=\"og:title\" content=\"Am\u00e9nagements v\u00e9hicules utilitaires Toyota\" \/>\n<meta property=\"og:description\" content=\"Am\u00e9nagements v\u00e9hicules utilitaires Toyota Store Van produit des solutions d\u2019am\u00e9nagement sp\u00e9cifiques pour v\u00e9hicules utilitaires Toyota. Rev\u00eatements pour la protection de l\u2019espace de chargement, galeries de toit et porte-\u00e9chelles pour transporter.\" \/>\n<meta property=\"og:url\" content=\"https:\/\/www.storevan.com\/fr\/amenagement-vehicules-utilitaires\/toyota\/\" \/>\n<meta property=\"og:site_name\" content=\"Store Van\" \/>\n<meta property=\"article:modified_time\" content=\"2022-07-25T09:30:37+00:00\" \/>\n<meta property=\"og:image\" content=\"https:\/\/www.storevan.com\/wp-content\/uploads\/2017\/01\/HOME12-Allestimenti-TOYOTA.png\" \/>\n<meta name=\"twitter:label1\" content=\"Dur\u00e9e de lecture estim\u00e9e\" \/>\n\t<meta name=\"twitter:data1\" content=\"1 minute\" \/>\n<script type=\"application\/ld+json\" class=\"yoast-schema-graph\">{\"@context\":\"https:\/\/schema.org\",\"@graph\":[{\"@type\":\"WebPage\",\"@id\":\"https:\/\/www.storevan.com\/fr\/amenagement-vehicules-utilitaires\/toyota\/\",\"url\":\"https:\/\/www.storevan.com\/fr\/amenagement-vehicules-utilitaires\/toyota\/\",\"name\":\"Am\u00e9nagements v\u00e9hicules utilitaires Toyota\",\"isPartOf\":{\"@id\":\"https:\/\/www.storevan.com\/pl\/#website\"},\"datePublished\":\"2017-01-18T10:56:13+00:00\",\"dateModified\":\"2022-07-25T09:30:37+00:00\",\"breadcrumb\":{\"@id\":\"https:\/\/www.storevan.com\/fr\/amenagement-vehicules-utilitaires\/toyota\/#breadcrumb\"},\"inLanguage\":\"fr-FR\",\"potentialAction\":[{\"@type\":\"ReadAction\",\"target\":[\"https:\/\/www.storevan.com\/fr\/amenagement-vehicules-utilitaires\/toyota\/\"]}]},{\"@type\":\"BreadcrumbList\",\"@id\":\"https:\/\/www.storevan.com\/fr\/amenagement-vehicules-utilitaires\/toyota\/#breadcrumb\",\"itemListElement\":[{\"@type\":\"ListItem\",\"position\":1,\"name\":\"Home\",\"item\":\"https:\/\/www.storevan.com\/fr\/\"},{\"@type\":\"ListItem\",\"position\":2,\"name\":\"Am\u00e9nagement de v\u00e9hicule utilitaire\",\"item\":\"https:\/\/www.storevan.com\/fr\/amenagement-vehicules-utilitaires\/\"},{\"@type\":\"ListItem\",\"position\":3,\"name\":\"Toyota\"}]},{\"@type\":\"WebSite\",\"@id\":\"https:\/\/www.storevan.com\/pl\/#website\",\"url\":\"https:\/\/www.storevan.com\/pl\/\",\"name\":\"Store Van\",\"description\":\"Am\u00e9nagements fourgons\",\"potentialAction\":[{\"@type\":\"SearchAction\",\"target\":{\"@type\":\"EntryPoint\",\"urlTemplate\":\"https:\/\/www.storevan.com\/pl\/?s={search_term_string}\"},\"query-input\":\"required name=search_term_string\"}],\"inLanguage\":\"fr-FR\"}]}<\/script>\n<!-- \/ Yoast SEO plugin. -->","yoast_head_json":{"title":"Am\u00e9nagements v\u00e9hicules utilitaires Toyota","robots":{"index":"index","follow":"follow","max-snippet":"max-snippet:-1","max-image-preview":"max-image-preview:large","max-video-preview":"max-video-preview:-1"},"canonical":"https:\/\/www.storevan.com\/fr\/amenagement-vehicules-utilitaires\/toyota\/","og_locale":"fr_FR","og_type":"article","og_title":"Am\u00e9nagements v\u00e9hicules utilitaires Toyota","og_description":"Am\u00e9nagements v\u00e9hicules utilitaires Toyota Store Van produit des solutions d\u2019am\u00e9nagement sp\u00e9cifiques pour v\u00e9hicules utilitaires Toyota. Rev\u00eatements pour la protection de l\u2019espace de chargement, galeries de toit et porte-\u00e9chelles pour transporter.","og_url":"https:\/\/www.storevan.com\/fr\/amenagement-vehicules-utilitaires\/toyota\/","og_site_name":"Store Van","article_modified_time":"2022-07-25T09:30:37+00:00","og_image":[{"url":"https:\/\/www.storevan.com\/wp-content\/uploads\/2017\/01\/HOME12-Allestimenti-TOYOTA.png"}],"twitter_misc":{"Dur\u00e9e de lecture estim\u00e9e":"1 minute"},"schema":{"@context":"https:\/\/schema.org","@graph":[{"@type":"WebPage","@id":"https:\/\/www.storevan.com\/fr\/amenagement-vehicules-utilitaires\/toyota\/","url":"https:\/\/www.storevan.com\/fr\/amenagement-vehicules-utilitaires\/toyota\/","name":"Am\u00e9nagements v\u00e9hicules utilitaires Toyota","isPartOf":{"@id":"https:\/\/www.storevan.com\/pl\/#website"},"datePublished":"2017-01-18T10:56:13+00:00","dateModified":"2022-07-25T09:30:37+00:00","breadcrumb":{"@id":"https:\/\/www.storevan.com\/fr\/amenagement-vehicules-utilitaires\/toyota\/#breadcrumb"},"inLanguage":"fr-FR","potentialAction":[{"@type":"ReadAction","target":["https:\/\/www.storevan.com\/fr\/amenagement-vehicules-utilitaires\/toyota\/"]}]},{"@type":"BreadcrumbList","@id":"https:\/\/www.storevan.com\/fr\/amenagement-vehicules-utilitaires\/toyota\/#breadcrumb","itemListElement":[{"@type":"ListItem","position":1,"name":"Home","item":"https:\/\/www.storevan.com\/fr\/"},{"@type":"ListItem","position":2,"name":"Am\u00e9nagement de v\u00e9hicule utilitaire","item":"https:\/\/www.storevan.com\/fr\/amenagement-vehicules-utilitaires\/"},{"@type":"ListItem","position":3,"name":"Toyota"}]},{"@type":"WebSite","@id":"https:\/\/www.storevan.com\/pl\/#website","url":"https:\/\/www.storevan.com\/pl\/","name":"Store Van","description":"Am\u00e9nagements fourgons","potentialAction":[{"@type":"SearchAction","target":{"@type":"EntryPoint","urlTemplate":"https:\/\/www.storevan.com\/pl\/?s={search_term_string}"},"query-input":"required name=search_term_string"}],"inLanguage":"fr-FR"}]}},"_links":{"self":[{"href":"https:\/\/www.storevan.com\/fr\/wp-json\/wp\/v2\/pages\/43479"}],"collection":[{"href":"https:\/\/www.storevan.com\/fr\/wp-json\/wp\/v2\/pages"}],"about":[{"href":"https:\/\/www.storevan.com\/fr\/wp-json\/wp\/v2\/types\/page"}],"author":[{"embeddable":true,"href":"https:\/\/www.storevan.com\/fr\/wp-json\/wp\/v2\/users\/470"}],"replies":[{"embeddable":true,"href":"https:\/\/www.storevan.com\/fr\/wp-json\/wp\/v2\/comments?post=43479"}],"version-history":[{"count":4,"href":"https:\/\/www.storevan.com\/fr\/wp-json\/wp\/v2\/pages\/43479\/revisions"}],"predecessor-version":[{"id":146777,"href":"https:\/\/www.storevan.com\/fr\/wp-json\/wp\/v2\/pages\/43479\/revisions\/146777"}],"up":[{"embeddable":true,"href":"https:\/\/www.storevan.com\/fr\/wp-json\/wp\/v2\/pages\/26069"}],"wp:attachment":[{"href":"https:\/\/www.storevan.com\/fr\/wp-json\/wp\/v2\/media?parent=43479"}],"curies":[{"name":"wp","href":"https:\/\/api.w.org\/{rel}","templated":true}]}}