{"id":40970,"date":"2016-11-15T13:58:32","date_gmt":"2016-11-15T13:58:32","guid":{"rendered":"https:\/\/www.storevan.com\/fr\/amenagement-vehicules-utilitaires\/fourgons-mercedes-benz\/vito\/"},"modified":"2021-11-03T12:52:37","modified_gmt":"2021-11-03T12:52:37","slug":"vito","status":"publish","type":"page","link":"https:\/\/www.storevan.com\/fr\/amenagement-vehicules-utilitaires\/fourgons-mercedes-benz\/vito\/","title":{"rendered":"Vito"},"content":{"rendered":"<h1 class=\"customblackTitleSmall\">Am\u00e9nagements fourgons Mercedes-Benz Vito<\/h1>\n<p><img decoding=\"async\" loading=\"lazy\" class=\"aligncenter wp-image-40950 size-full\" src=\"https:\/\/www.storevan.com\/wp-content\/uploads\/2016\/11\/Mercedes-Benz_Vito_2015_top.jpg\" alt=\"Am\u00e9nagements Vito - Fourgons Mercedes-benz\" width=\"1170\" height=\"199\" srcset=\"https:\/\/www.storevan.com\/wp-content\/uploads\/2016\/11\/Mercedes-Benz_Vito_2015_top.jpg 1170w, https:\/\/www.storevan.com\/wp-content\/uploads\/2016\/11\/Mercedes-Benz_Vito_2015_top-300x51.jpg 300w, https:\/\/www.storevan.com\/wp-content\/uploads\/2016\/11\/Mercedes-Benz_Vito_2015_top-768x131.jpg 768w, https:\/\/www.storevan.com\/wp-content\/uploads\/2016\/11\/Mercedes-Benz_Vito_2015_top-1024x174.jpg 1024w, https:\/\/www.storevan.com\/wp-content\/uploads\/2016\/11\/Mercedes-Benz_Vito_2015_top-600x102.jpg 600w\" sizes=\"(max-width: 1170px) 100vw, 1170px\" \/><\/p>\n<p>Store Van r\u00e9alise des <strong>am\u00e9nagements<\/strong> pour <strong>fourgonnettes Mercedes-Benz Vito<\/strong> en utilisant de la t\u00f4le galvannealed employ\u00e9e dans le secteur Automobile, qui est la variante de la t\u00f4le galvanis\u00e9e \u00e0 chaud soumise \u00e0 un chauffage suppl\u00e9mentaire \u00e0 la temp\u00e9rature d\u2019environ 550\u00b0C. Gr\u00e2ce \u00e0 ce processus, le zinc se lie \u00e0 la surface en cr\u00e9ant un alliage avec l\u2019acier et une couche galvanis\u00e9e uniforme. Puis, la t\u00f4le est par ailleurs renforc\u00e9e par la peinture cataphor\u00e8se, un traitement qui forme un d\u00e9p\u00f4t uniforme d\u2019une r\u00e9sine acrylique sur la surface de l\u2019\u00e9l\u00e9ment pour prot\u00e9ger contre la rouille. C\u2019est pourquoi la qualit\u00e9 et le degr\u00e9 \u00e9lev\u00e9 de r\u00e9sistance \u00e0 la corrosion des modules pour l\u2019atelier mobile de votre v\u00e9hicule utilitaire Mercedes-Benz Vito 2015 sont nettement sup\u00e9rieurs aux autres. Nous proposons des solutions personnalis\u00e9es pour rev\u00eatements int\u00e9rieurs, planchers et modules. Appelez-nous pour un devis gratuit pour l\u2019am\u00e9nagement de votre <strong>fourgos Vito<\/strong>.<\/p>\n<h3 class=\"customblackTitleExtraSmall\">SOLUTIONS D\u2019AM\u00c9NAGEMENT:<\/h3>\n<section id=\"imgSlide\" class=\"regular sliderSV\">\n<div>\n<div class=\"txtBlue\">SAFETY<\/div>\n<div class=\"ts-gallery\"><a title=\"Am\u00e9nagements int\u00e9rieurs Safety pour fourgon VITO\" href=\"https:\/\/www.storevan.com\/wp-content\/uploads\/veicoli\/pianali-pannellature\/safety-1.jpg\"><img decoding=\"async\" loading=\"lazy\" class=\"alignnone wp-image-62780 size-medium\" src=\"https:\/\/www.storevan.com\/wp-content\/uploads\/veicoli\/pianali-pannellature\/safety-1-300x280.jpg\" alt=\"Safety, l'am\u00e9nagement pour fourgons MERCEDES-BENZ VITO\" width=\"300\" height=\"280\" \/><\/a><\/div>\n<h3 class=\"bigTxt\">Rayonnages avec arrimage des charges de s\u00e9rie<\/h3>\n<div class=\"borderTitle\"><\/div>\n<p>Exemples d&rsquo;am\u00e9nagements: <\/p>\n<p><a title=\"Am\u00e9nagement Safety Court\" href=\"https:\/\/www.storevan.com\/fr\/amenagements-fourgon\/vito-l1h1-s\/\"><strong>Court<\/strong> (Empattement 3200 mm)<\/a><br \/>\n<a title=\"Am\u00e9nagement Safety Long\" href=\"https:\/\/www.storevan.com\/fr\/amenagements-fourgon\/vito-l1lh1-s\/\"><strong>Long<\/strong> (Empattement 3200 mm)<\/a><br \/>\n<a title=\"Am\u00e9nagement Safety Extra Long\" href=\"https:\/\/www.storevan.com\/fr\/amenagements-fourgon\/vito-l2h1-s\/\"><strong>Extra Long<\/strong> (Empattement 3430 mm)<\/a><\/p>\n<\/div>\n<div>\n<div class=\"txtBlue\">PROFESSIONAL<\/div>\n<div class=\"ts-gallery\"><a title=\"Am\u00e9nagements int\u00e9rieurs Professional pour fourgon VITO\" href=\"https:\/\/www.storevan.com\/wp-content\/uploads\/veicoli\/pianali-pannellature\/professional-1.jpg\"><img decoding=\"async\" loading=\"lazy\" class=\"alignnone wp-image-62786 size-medium\" src=\"https:\/\/www.storevan.com\/wp-content\/uploads\/veicoli\/pianali-pannellature\/professional-1-300x280.jpg\" alt=\"Professional, l'am\u00e9nagement pour fourgons MERCEDES-BENZ VITO\" width=\"300\" height=\"280\" \/><\/a><\/div>\n<h3 class=\"bigTxt\">Rayonnages avec syst\u00e8mes de maintien Airline suppl\u00e9mentaires<\/h3>\n<div class=\"borderTitle\"><\/div>\n<p>Exemples d&rsquo;am\u00e9nagements: <\/p>\n<p><a title=\"Am\u00e9nagement Professional Court\" href=\"https:\/\/www.storevan.com\/fr\/amenagements-fourgon\/vito-l1h1-p\/\"><strong>Court<\/strong> (Empattement 3200 mm)<\/a><br \/>\n<a title=\"Am\u00e9nagement Professional Long\" href=\"https:\/\/www.storevan.com\/fr\/amenagements-fourgon\/vito-l1lh1-p\/\"><strong>Long<\/strong> (Empattement 3200 mm)<\/a><\/p>\n<\/div>\n<div>\n<div class=\"txtBlue\">MOBILE<\/div>\n<div id=\"myGallery\" class=\"ts-gallery\"><a title=\"Am\u00e9nagements int\u00e9rieurs Mobile pour fourgon VITO\" href=\"https:\/\/www.storevan.com\/wp-content\/uploads\/veicoli\/pianali-pannellature\/mobile-1.jpg\"><img decoding=\"async\" loading=\"lazy\" class=\"alignnone wp-image-62792 size-medium\" src=\"https:\/\/www.storevan.com\/wp-content\/uploads\/veicoli\/pianali-pannellature\/mobile-1-300x280.jpg\" alt=\"Mobile, l'am\u00e9nagement pour fourgons MERCEDES-BENZ VITO\" width=\"300\" height=\"280\" \/><\/a><\/div>\n<h3 class=\"bigTxt\">Am\u00e9nagement compl\u00e9t\u00e9 avec des mallettes pour petites pi\u00e8ces et des chariots<\/h3>\n<div class=\"borderTitle\"><\/div>\n<p>Exemples d&rsquo;am\u00e9nagements: <\/p>\n<p><a title=\"Am\u00e9nagement Mobile Court\" href=\"https:\/\/www.storevan.com\/fr\/amenagements-fourgon\/vito-l1h1-m\/\"><strong>Court<\/strong> (Empattement 3200 mm)<\/a><br \/>\n<a title=\"Am\u00e9nagement Mobile Long\" href=\"https:\/\/www.storevan.com\/fr\/amenagements-fourgon\/vito-l1lh1-p\/\"><strong>Long<\/strong> (Empattement 3200 mm)<\/a><\/p>\n<\/div>\n<\/section>\n<hr class=\"noColor\" \/>\n<p><a class=\"btn btnLink\" title=\"Solutions d'am\u00e9nagement Safety, Professional e Mobile\" href=\"https:\/\/www.storevan.com\/fr\/amenagements-interieurs-fourgons\/\"> Cliquer ici pour en savoir plus sur les solutions <strong>SAFETY, PROFESSIONAL et MOBILE<\/strong><\/a><\/p>\n<hr class=\"noColor\" \/>\n<h3 class=\"bigTxt text-center txtGrey\">LA BASE POUR UNE PROTECTION S\u00dbRE DES V\u00c9HICULES<\/h3>\n<hr class=\"noColor\" \/>\n<div class=\"two_third\">\n<a href=\"https:\/\/www.storevan.com\/fr\/amenagement-vehicules-utilitaires\/fourgons-mercedes-benz\/vito\/planchers-habillages\/\"><img decoding=\"async\" loading=\"lazy\" class=\"aligncenter size-full wp-image-64855\" src=\"https:\/\/www.storevan.com\/wp-content\/uploads\/veicoli\/pianali-pannellature\/pianali-furgone-rivestimento-interno.jpg\" alt=\"Rev\u00eatement int\u00e9rieur et plancher pour MERCEDES-BENZ VITO\" width=\"750\" height=\"600\" \/><\/a><\/p>\n<\/div><div class=\"one_third last\">\n<div class=\"boxBorder\">\n<h4 class=\"bigTxt blue hidden-xs\">PLANCHER VITO ET REV\u00caTEMENT INT\u00c9RIEUR<\/h4>\n<div class=\"borderTitleCenter hidden-xs\"><\/div>\n<h5 class=\"hidden-xs\">Solutions certifi\u00e9 par T\u00dcV.<img decoding=\"async\" loading=\"lazy\" class=\"alignnone size-full wp-image-67766\" src=\"https:\/\/www.storevan.com\/wp-content\/uploads\/veicoli\/pianali-pannellature\/logo-ISO9001.jpg\" alt=\"certifi\u00e9 par T\u00dcV\" width=\"50\" height=\"50\" \/><\/h5>\n<div class=\"borderTitleCenter hidden-xs\"><\/div>\n<hr class=\"noColor hidden-xs\" \/>\n<div class=\"ts-gallery hidden-xs\"><div class=\"one_half\">\n<a href=\"https:\/\/www.storevan.com\/wp-content\/uploads\/veicoli\/pianali-pannellature\/Dettaglio-pianale-per-furgone-con-punti-ancoraggio-verticali-e-orizzontali.jpg\"><img decoding=\"async\" loading=\"lazy\" class=\"alignnone wp-image-64379 size-thumbnail\" title=\"planchers et habillages\" src=\"https:\/\/www.storevan.com\/wp-content\/uploads\/veicoli\/pianali-pannellature\/Dettaglio-pianale-per-furgone-con-punti-ancoraggio-verticali-e-orizzontali-150x150.jpg\" alt=\"planchers et habillages\" width=\"150\" height=\"150\" \/><\/a><br \/>\n<\/div><div class=\"one_half last\">\n<a href=\"https:\/\/www.storevan.com\/wp-content\/uploads\/veicoli\/pianali-pannellature\/allestimento-per-furgone-con-pianale-wood-floor.jpg\"><img decoding=\"async\" loading=\"lazy\" class=\"alignnone wp-image-64448 size-thumbnail\" title=\"planchers et habillages\" src=\"https:\/\/www.storevan.com\/wp-content\/uploads\/veicoli\/pianali-pannellature\/allestimento-per-furgone-con-pianale-wood-floor-150x150.jpg\" alt=\"Planchers et habillages\" width=\"150\" height=\"150\" \/><\/a><br \/>\n<\/div><div class=\"clearboth\"><\/div><\/div>\n<div class=\"ts-gallery hidden-xs\"><div class=\"one_half\">\n<a href=\"https:\/\/www.storevan.com\/wp-content\/uploads\/veicoli\/pianali-pannellature\/guide-airline-soffitto-furgone.jpg\"><img decoding=\"async\" loading=\"lazy\" class=\"alignnone wp-image-64391 size-thumbnail\" title=\"planchers Safety Floor\" src=\"https:\/\/www.storevan.com\/wp-content\/uploads\/veicoli\/pianali-pannellature\/guide-airline-soffitto-furgone-150x150.jpg\" alt=\"planchers Safety Floor\" width=\"150\" height=\"150\" \/><\/a><br \/>\n<\/div><div class=\"one_half last\">\n<a href=\"https:\/\/www.storevan.com\/wp-content\/uploads\/veicoli\/pianali-pannellature\/pianale-per-furgone-con-barre-fermacarico.jpg\"><img decoding=\"async\" loading=\"lazy\" class=\"alignnone wp-image-64415 size-thumbnail\" title=\"planchers et habillages\" src=\"https:\/\/www.storevan.com\/wp-content\/uploads\/veicoli\/pianali-pannellature\/pianale-per-furgone-con-barre-fermacarico-150x150.jpg\" alt=\"planchers et habillages\" width=\"150\" height=\"150\" \/><\/a><br \/>\n<\/div><div class=\"clearboth\"><\/div><\/div>\n<div class=\"btnFullWidth\"><a class=\"btn btn-blue\" href=\"https:\/\/www.storevan.com\/fr\/amenagement-vehicules-utilitaires\/fourgons-mercedes-benz\/vito\/planchers-habillages\/\">PLANCHERS ET HABILLAGES POUR VITO <i class=\"fa fa-angle-double-right\"><\/i><\/a><\/div>\n<\/div>\n<\/div><div class=\"clearboth\"><\/div>\n<h3 class=\"bigTxt text-center txtGrey\">COMPL\u00c9TEZ L\u2019AM\u00c9NAGEMENT POUR VITO AVEC:<\/h3>\n<hr class=\"noColor\" \/>\n<div class=\"two_third\">\n<img decoding=\"async\" loading=\"lazy\" class=\"aligncenter wp-image-66329 size-full\" src=\"https:\/\/www.storevan.com\/wp-content\/uploads\/veicoli\/pianali-pannellature\/portatutto-portascala-space-up.jpg\" alt=\"Supports multifonctions et porte-\u00e9chelles pour MERCEDES-BENZ VITO\" width=\"745\" height=\"200\" \/><br \/>\n<\/div><div class=\"one_third last\">\n<h4 class=\"bigTxt blue\">DES SUPPORTS MULTIFONCTIONS ET DES PORTE-\u00c9CHELLES POUR MERCEDES-BENZ VITO<\/h4>\n<div class=\"borderTitle\"><\/div>\n<p>Pour transporter des marchandises et des outillages aux dimensions longues, Store Van propose des barres porte-tout et des barres porte-\u00e9chelles en acier. Indispensables pour affronter le travail quotidien, les indestructibles barres porte-tout Store Van sont simples \u00e0 monter et faciles \u00e0 utiliser.<\/p>\n<p><a class=\"btn btn-blue\" title=\"D\u00e9couvrez les supports multifonctions et les porte-\u00e9chelles pour MERCEDES-BENZ VITO\" href=\"https:\/\/www.storevan.com\/fr\/amenagement-vehicules-utilitaires\/fourgons-mercedes-benz\/vito\/porte-tout-porte-echelles\/\">PORTE TOUT ET PORTE-\u00c9CHELLES VITO<\/a><br \/>\n<\/div><div class=\"clearboth\"><\/div>\n<hr class=\"noColor\" \/>\n<div class=\"break\"><\/div>\n<hr \/>\n<div class=\"one_half\">\n<div class=\"text-center\"><a class=\"btn btn-download\" title=\"APPELEZ-NOUS!\" href=\"tel:+390424585455\"><i class=\"fa fa-phone\"><\/i> <span class=\"spanBtn\">APPELEZ-NOUS<\/span><br \/>\npour toute information<\/a><\/div>\n<\/div><div class=\"one_half last\">\n<div class=\"text-center\"><a class=\"btn btn-download\" title=\"DOWNLOAD\" href=\"https:\/\/www.storevan.com\/wp-content\/uploads\/doc\/MERCEDES-BENZ_VITO_Allestimenti_Amenagements_StoreVan_itfr.pdf\" target=\"_blank\" rel=\"noopener noreferrer\"><i class=\"fa fa-download\"><\/i> <span class=\"spanBtn\">DOWNLOAD<\/span><br \/>\nCATALOGUE VITO<\/a><\/div>\n<\/div><div class=\"clearboth\"><\/div>\n<hr \/>\n<h4 class=\"bigTxt text-center txtBkOrange\"><i class=\"fa fa-envelope pull-left\"><\/i>VOULEZ-VOUS EN SAVOIR PLUS?<\/h4>\n\n<div class=\"wpcf7 no-js\" id=\"wpcf7-f67673-o1\" lang=\"it-IT\" dir=\"ltr\">\n<div class=\"screen-reader-response\"><p role=\"status\" aria-live=\"polite\" aria-atomic=\"true\"><\/p> <ul><\/ul><\/div>\n<form action=\"\/fr\/wp-json\/wp\/v2\/pages\/40970#wpcf7-f67673-o1\" method=\"post\" class=\"wpcf7-form init\" aria-label=\"Modulo di contatto\" novalidate=\"novalidate\" data-status=\"init\">\n<div style=\"display: none;\">\n<input type=\"hidden\" name=\"_wpcf7\" value=\"67673\" \/>\n<input type=\"hidden\" name=\"_wpcf7_version\" value=\"5.7.7\" \/>\n<input type=\"hidden\" name=\"_wpcf7_locale\" value=\"it_IT\" \/>\n<input type=\"hidden\" name=\"_wpcf7_unit_tag\" value=\"wpcf7-f67673-o1\" \/>\n<input type=\"hidden\" name=\"_wpcf7_container_post\" value=\"0\" \/>\n<input type=\"hidden\" name=\"_wpcf7_posted_data_hash\" value=\"\" \/>\n<input type=\"hidden\" name=\"_wpcf7_recaptcha_response\" value=\"\" \/>\n<\/div>\n<span class=\"wpcf7-form-control-wrap url\" data-name=\"url\"><input type=\"hidden\" name=\"url\" size=\"40\" class=\"wpcf7-form-control wpcf7-hidden wpcf7dtx wpcf7dtx-hidden\" aria-invalid=\"false\" value=\"vito\" autocomplete=\"off\" \/><\/span>\n<p>Pour plus d'informations, remplissez les champs suivants. L'un de nos op\u00e9rateurs vous recontactera dans les plus brefs d\u00e9lais (* champs obligatoires):\n<\/p>\n<div class=\"col-xs-12 col-md-6\">\n\t<p><span class='titoli'>Pr\u00e9nom (*)<\/span>\n\t<\/p>\n\t<p><span class=\"wpcf7-form-control-wrap\" data-name=\"your-name\"><input size=\"40\" class=\"wpcf7-form-control wpcf7-text wpcf7-validates-as-required form-control\" aria-required=\"true\" aria-invalid=\"false\" value=\"\" type=\"text\" name=\"your-name\" \/><\/span>\n\t<\/p>\n<\/div>\n<div class=\"col-xs-12 col-md-6\">\n\t<p><span class='titoli'>Nom (*)<\/span>\n\t<\/p>\n\t<p><span class=\"wpcf7-form-control-wrap\" data-name=\"your-last-name\"><input size=\"40\" class=\"wpcf7-form-control wpcf7-text wpcf7-validates-as-required form-control\" aria-required=\"true\" aria-invalid=\"false\" value=\"\" type=\"text\" name=\"your-last-name\" \/><\/span>\n\t<\/p>\n<\/div>\n<div class=\"col-xs-12 col-md-6\">\n\t<p><span class='titoli'>Entreprise (*)<\/span>\n\t<\/p>\n\t<p><span class=\"wpcf7-form-control-wrap\" data-name=\"your-company\"><input size=\"40\" class=\"wpcf7-form-control wpcf7-text wpcf7-validates-as-required form-control\" aria-required=\"true\" aria-invalid=\"false\" value=\"\" type=\"text\" name=\"your-company\" \/><\/span>\n\t<\/p>\n<\/div>\n<div class=\"col-xs-12 col-md-6\">\n\t<p><span class='titoli'>TVA<\/span>\n\t<\/p>\n\t<p><span class=\"wpcf7-form-control-wrap\" data-name=\"p-iva\"><input size=\"40\" class=\"wpcf7-form-control wpcf7-text form-control\" aria-invalid=\"false\" value=\"\" type=\"text\" name=\"p-iva\" \/><\/span>\n\t<\/p>\n<\/div>\n<div class=\"clearboth\">\n<\/div>\n<div class=\"col-xs-12 col-md-4\">\n\t<p><span class='titoli'>Code Postal (*)<\/span>\n\t<\/p>\n\t<p><span class=\"wpcf7-form-control-wrap\" data-name=\"your-zip-code\"><input size=\"40\" class=\"wpcf7-form-control wpcf7-text wpcf7-validates-as-required form-control\" aria-required=\"true\" aria-invalid=\"false\" value=\"\" type=\"text\" name=\"your-zip-code\" \/><\/span>\n\t<\/p>\n<\/div>\n<div class=\"col-xs-12 col-md-4\">\n\t<p><span class='titoli'>Adresse (*)<\/span>\n\t<\/p>\n\t<p><span class=\"wpcf7-form-control-wrap\" data-name=\"your-address\"><input size=\"40\" class=\"wpcf7-form-control wpcf7-text wpcf7-validates-as-required form-control\" aria-required=\"true\" aria-invalid=\"false\" value=\"\" type=\"text\" name=\"your-address\" \/><\/span>\n\t<\/p>\n<\/div>\n<div class=\"col-xs-12 col-md-4\">\n\t<p><span class='titoli'>Ville (*)<\/span>\n\t<\/p>\n\t<p><span class=\"wpcf7-form-control-wrap\" data-name=\"your-Town\"><input size=\"40\" class=\"wpcf7-form-control wpcf7-text wpcf7-validates-as-required form-control\" aria-required=\"true\" aria-invalid=\"false\" value=\"\" type=\"text\" name=\"your-Town\" \/><\/span>\n\t<\/p>\n<\/div>\n<div class=\"clearboth\">\n<\/div>\n<div class=\"col-xs-12 col-md-6\">\n\t<p><span class='titoli'>email (*)<\/span>\n\t<\/p>\n\t<p><span class=\"wpcf7-form-control-wrap\" data-name=\"your-email\"><input size=\"40\" class=\"wpcf7-form-control wpcf7-text wpcf7-email wpcf7-validates-as-required wpcf7-validates-as-email form-control\" aria-required=\"true\" aria-invalid=\"false\" value=\"\" type=\"email\" name=\"your-email\" \/><\/span>\n\t<\/p>\n<\/div>\n<div class=\"col-xs-12 col-md-6\">\n\t<p><span class='titoli'>T\u00e9l\u00e9phone (*)<\/span>\n\t<\/p>\n\t<p><span class=\"wpcf7-form-control-wrap\" data-name=\"telefono\"><input size=\"40\" class=\"wpcf7-form-control wpcf7-text wpcf7-tel wpcf7-validates-as-required wpcf7-validates-as-tel form-control\" aria-required=\"true\" aria-invalid=\"false\" value=\"\" type=\"tel\" name=\"telefono\" \/><\/span>\n\t<\/p>\n<\/div>\n<div class=\"clearboth\">\n<\/div>\n<div class=\"col-xs-12 col-md-6\">\n\t<p><span class='titoli'>Objet <\/span>\n\t<\/p>\n\t<p><span class=\"wpcf7-form-control-wrap\" data-name=\"oggetto\"><select class=\"wpcf7-form-control wpcf7-select wpcf7-validates-as-required\" aria-required=\"true\" aria-invalid=\"false\" name=\"oggetto\"><option value=\"Citation\">Citation<\/option><option value=\"Information technique\">Information technique<\/option><option value=\"Rendez-vous\">Rendez-vous<\/option><\/select><\/span>\n\t<\/p>\n<\/div>\n<div class=\"col-xs-12 col-md-6\">\n\t<p><br \/>\n<span class=\"titoli\"> <span class=\"wpcf7-form-control-wrap\" data-name=\"cliente\"><span class=\"wpcf7-form-control wpcf7-checkbox\"><span class=\"wpcf7-list-item first last\"><label><span class=\"wpcf7-list-item-label\">Je suis d\u00e9j\u00e0 client<\/span><input type=\"checkbox\" name=\"cliente[]\" value=\"Je suis d\u00e9j\u00e0 client\" \/><\/label><\/span><\/span><\/span><\/span>\n\t<\/p>\n<\/div>\n<div class=\"col-xs-12 col-md-12\">\n\t<p><span class='titoli'>Message (*)<\/span>\n\t<\/p>\n\t<p><span class=\"wpcf7-form-control-wrap\" data-name=\"your-message\"><textarea cols=\"40\" rows=\"10\" class=\"wpcf7-form-control wpcf7-textarea wpcf7-validates-as-required form-control\" aria-required=\"true\" aria-invalid=\"false\" name=\"your-message\"><\/textarea><\/span>\n\t<\/p>\n<\/div>\n<div class=\"col-xs-12 col-md-12\">\n\t<p><small>Les donn\u00e9es saisies seront trait\u00e9es de mani\u00e8re strictement confidentielle conform\u00e9ment \u00e0 la loi et \u00e0 notre <a href=\"https:\/\/www.storevan.com\/fr\/privacy-policy\/\">politique de confidentialit\u00e9<\/a>.<\/small>\n\t<\/p>\n\t<p><span class=\"wpcf7-form-control-wrap\" data-name=\"AccettazionePrivacy\"><span class=\"wpcf7-form-control wpcf7-acceptance\"><span class=\"wpcf7-list-item\"><input type=\"checkbox\" name=\"AccettazionePrivacy\" value=\"1\" aria-invalid=\"false\" \/><\/span><\/span><\/span> Je d\u00e9clare avoir pris connaissance de la Note Informative sur les <a href=\"https:\/\/www.storevan.com\/fr\/privacy-policy\/\">Note Informative sur les Informations priv\u00e9es<\/a> et j\u2019autorise au traitement de mes donn\u00e9es personnelles en conformit\u00e9 avec ce qui y est \u00e9crit. (*)<br \/>\n\t<span class=\"wpcf7-form-control-wrap recaptcha\" data-name=\"recaptcha\"><span data-sitekey=\"6LdfM4AUAAAAAJjsAucux5WVNA3hsk5KP0a03T_n\" class=\"wpcf7-form-control g-recaptcha wpcf7-recaptcha\"><\/span>\r\n<noscript>\r\n\t<div class=\"grecaptcha-noscript\">\r\n\t\t<iframe src=\"https:\/\/www.google.com\/recaptcha\/api\/fallback?k=6LdfM4AUAAAAAJjsAucux5WVNA3hsk5KP0a03T_n\" frameborder=\"0\" scrolling=\"no\" width=\"310\" height=\"430\">\r\n\t\t<\/iframe>\r\n\t\t<textarea name=\"g-recaptcha-response\" rows=\"3\" cols=\"40\" placeholder=\"reCaptcha Response Here\">\r\n\t\t<\/textarea>\r\n\t<\/div>\r\n<\/noscript>\r\n<\/span>\n\t<\/p>\n<\/div>\n<hr class=\"noColor\" \/>\n<p><input class=\"wpcf7-form-control has-spinner wpcf7-submit\" type=\"submit\" value=\"Envoi\" \/>\n<\/p><div class=\"wpcf7-response-output\" aria-hidden=\"true\"><\/div>\n<\/form>\n<\/div>\n\n","protected":false},"excerpt":{"rendered":"<p>Am\u00e9nagements fourgons Mercedes-Benz Vito Store Van r\u00e9alise des am\u00e9nagements pour fourgonnettes Mercedes-Benz Vito en utilisant de la t\u00f4le galvannealed employ\u00e9e dans le secteur Automobile, qui est la variante de la.<\/p>\n","protected":false},"author":470,"featured_media":0,"parent":26123,"menu_order":0,"comment_status":"closed","ping_status":"closed","template":"pageSlider.php","meta":[],"acf":[],"yoast_head":"<!-- This site is optimized with the Yoast SEO plugin v20.11 - https:\/\/yoast.com\/wordpress\/plugins\/seo\/ -->\n<title>Am\u00e9nagements fourgons Mercedes-Benz Vito<\/title>\n<meta name=\"robots\" content=\"index, follow, max-snippet:-1, max-image-preview:large, max-video-preview:-1\" \/>\n<link rel=\"canonical\" href=\"https:\/\/www.storevan.com\/fr\/amenagement-vehicules-utilitaires\/fourgons-mercedes-benz\/vito\/\" \/>\n<meta property=\"og:locale\" content=\"fr_FR\" \/>\n<meta property=\"og:type\" content=\"article\" \/>\n<meta property=\"og:title\" content=\"Am\u00e9nagements fourgons Mercedes-Benz Vito\" \/>\n<meta property=\"og:description\" content=\"Am\u00e9nagements fourgons Mercedes-Benz Vito Store Van r\u00e9alise des am\u00e9nagements pour fourgonnettes Mercedes-Benz Vito en utilisant de la t\u00f4le galvannealed employ\u00e9e dans le secteur Automobile, qui est la variante de la.\" \/>\n<meta property=\"og:url\" content=\"https:\/\/www.storevan.com\/fr\/amenagement-vehicules-utilitaires\/fourgons-mercedes-benz\/vito\/\" \/>\n<meta property=\"og:site_name\" content=\"Store Van\" \/>\n<meta property=\"article:modified_time\" content=\"2021-11-03T12:52:37+00:00\" \/>\n<meta property=\"og:image\" content=\"https:\/\/www.storevan.com\/wp-content\/uploads\/2016\/11\/Mercedes-Benz_Vito_2015_top.jpg\" \/>\n<meta name=\"twitter:label1\" content=\"Dur\u00e9e de lecture estim\u00e9e\" \/>\n\t<meta name=\"twitter:data1\" content=\"2 minutes\" \/>\n<script type=\"application\/ld+json\" class=\"yoast-schema-graph\">{\"@context\":\"https:\/\/schema.org\",\"@graph\":[{\"@type\":\"WebPage\",\"@id\":\"https:\/\/www.storevan.com\/fr\/amenagement-vehicules-utilitaires\/fourgons-mercedes-benz\/vito\/\",\"url\":\"https:\/\/www.storevan.com\/fr\/amenagement-vehicules-utilitaires\/fourgons-mercedes-benz\/vito\/\",\"name\":\"Am\u00e9nagements fourgons Mercedes-Benz Vito\",\"isPartOf\":{\"@id\":\"https:\/\/www.storevan.com\/pl\/#website\"},\"datePublished\":\"2016-11-15T13:58:32+00:00\",\"dateModified\":\"2021-11-03T12:52:37+00:00\",\"breadcrumb\":{\"@id\":\"https:\/\/www.storevan.com\/fr\/amenagement-vehicules-utilitaires\/fourgons-mercedes-benz\/vito\/#breadcrumb\"},\"inLanguage\":\"fr-FR\",\"potentialAction\":[{\"@type\":\"ReadAction\",\"target\":[\"https:\/\/www.storevan.com\/fr\/amenagement-vehicules-utilitaires\/fourgons-mercedes-benz\/vito\/\"]}]},{\"@type\":\"BreadcrumbList\",\"@id\":\"https:\/\/www.storevan.com\/fr\/amenagement-vehicules-utilitaires\/fourgons-mercedes-benz\/vito\/#breadcrumb\",\"itemListElement\":[{\"@type\":\"ListItem\",\"position\":1,\"name\":\"Home\",\"item\":\"https:\/\/www.storevan.com\/fr\/\"},{\"@type\":\"ListItem\",\"position\":2,\"name\":\"Am\u00e9nagement de v\u00e9hicule utilitaire\",\"item\":\"https:\/\/www.storevan.com\/fr\/amenagement-vehicules-utilitaires\/\"},{\"@type\":\"ListItem\",\"position\":3,\"name\":\"Mercedes-benz\",\"item\":\"https:\/\/www.storevan.com\/fr\/amenagement-vehicules-utilitaires\/fourgons-mercedes-benz\/\"},{\"@type\":\"ListItem\",\"position\":4,\"name\":\"Vito\"}]},{\"@type\":\"WebSite\",\"@id\":\"https:\/\/www.storevan.com\/pl\/#website\",\"url\":\"https:\/\/www.storevan.com\/pl\/\",\"name\":\"Store Van\",\"description\":\"Am\u00e9nagements fourgons\",\"potentialAction\":[{\"@type\":\"SearchAction\",\"target\":{\"@type\":\"EntryPoint\",\"urlTemplate\":\"https:\/\/www.storevan.com\/pl\/?s={search_term_string}\"},\"query-input\":\"required name=search_term_string\"}],\"inLanguage\":\"fr-FR\"}]}<\/script>\n<!-- \/ Yoast SEO plugin. -->","yoast_head_json":{"title":"Am\u00e9nagements fourgons Mercedes-Benz Vito","robots":{"index":"index","follow":"follow","max-snippet":"max-snippet:-1","max-image-preview":"max-image-preview:large","max-video-preview":"max-video-preview:-1"},"canonical":"https:\/\/www.storevan.com\/fr\/amenagement-vehicules-utilitaires\/fourgons-mercedes-benz\/vito\/","og_locale":"fr_FR","og_type":"article","og_title":"Am\u00e9nagements fourgons Mercedes-Benz Vito","og_description":"Am\u00e9nagements fourgons Mercedes-Benz Vito Store Van r\u00e9alise des am\u00e9nagements pour fourgonnettes Mercedes-Benz Vito en utilisant de la t\u00f4le galvannealed employ\u00e9e dans le secteur Automobile, qui est la variante de la.","og_url":"https:\/\/www.storevan.com\/fr\/amenagement-vehicules-utilitaires\/fourgons-mercedes-benz\/vito\/","og_site_name":"Store Van","article_modified_time":"2021-11-03T12:52:37+00:00","og_image":[{"url":"https:\/\/www.storevan.com\/wp-content\/uploads\/2016\/11\/Mercedes-Benz_Vito_2015_top.jpg"}],"twitter_misc":{"Dur\u00e9e de lecture estim\u00e9e":"2 minutes"},"schema":{"@context":"https:\/\/schema.org","@graph":[{"@type":"WebPage","@id":"https:\/\/www.storevan.com\/fr\/amenagement-vehicules-utilitaires\/fourgons-mercedes-benz\/vito\/","url":"https:\/\/www.storevan.com\/fr\/amenagement-vehicules-utilitaires\/fourgons-mercedes-benz\/vito\/","name":"Am\u00e9nagements fourgons Mercedes-Benz Vito","isPartOf":{"@id":"https:\/\/www.storevan.com\/pl\/#website"},"datePublished":"2016-11-15T13:58:32+00:00","dateModified":"2021-11-03T12:52:37+00:00","breadcrumb":{"@id":"https:\/\/www.storevan.com\/fr\/amenagement-vehicules-utilitaires\/fourgons-mercedes-benz\/vito\/#breadcrumb"},"inLanguage":"fr-FR","potentialAction":[{"@type":"ReadAction","target":["https:\/\/www.storevan.com\/fr\/amenagement-vehicules-utilitaires\/fourgons-mercedes-benz\/vito\/"]}]},{"@type":"BreadcrumbList","@id":"https:\/\/www.storevan.com\/fr\/amenagement-vehicules-utilitaires\/fourgons-mercedes-benz\/vito\/#breadcrumb","itemListElement":[{"@type":"ListItem","position":1,"name":"Home","item":"https:\/\/www.storevan.com\/fr\/"},{"@type":"ListItem","position":2,"name":"Am\u00e9nagement de v\u00e9hicule utilitaire","item":"https:\/\/www.storevan.com\/fr\/amenagement-vehicules-utilitaires\/"},{"@type":"ListItem","position":3,"name":"Mercedes-benz","item":"https:\/\/www.storevan.com\/fr\/amenagement-vehicules-utilitaires\/fourgons-mercedes-benz\/"},{"@type":"ListItem","position":4,"name":"Vito"}]},{"@type":"WebSite","@id":"https:\/\/www.storevan.com\/pl\/#website","url":"https:\/\/www.storevan.com\/pl\/","name":"Store Van","description":"Am\u00e9nagements fourgons","potentialAction":[{"@type":"SearchAction","target":{"@type":"EntryPoint","urlTemplate":"https:\/\/www.storevan.com\/pl\/?s={search_term_string}"},"query-input":"required name=search_term_string"}],"inLanguage":"fr-FR"}]}},"_links":{"self":[{"href":"https:\/\/www.storevan.com\/fr\/wp-json\/wp\/v2\/pages\/40970"}],"collection":[{"href":"https:\/\/www.storevan.com\/fr\/wp-json\/wp\/v2\/pages"}],"about":[{"href":"https:\/\/www.storevan.com\/fr\/wp-json\/wp\/v2\/types\/page"}],"author":[{"embeddable":true,"href":"https:\/\/www.storevan.com\/fr\/wp-json\/wp\/v2\/users\/470"}],"replies":[{"embeddable":true,"href":"https:\/\/www.storevan.com\/fr\/wp-json\/wp\/v2\/comments?post=40970"}],"version-history":[{"count":16,"href":"https:\/\/www.storevan.com\/fr\/wp-json\/wp\/v2\/pages\/40970\/revisions"}],"predecessor-version":[{"id":135507,"href":"https:\/\/www.storevan.com\/fr\/wp-json\/wp\/v2\/pages\/40970\/revisions\/135507"}],"up":[{"embeddable":true,"href":"https:\/\/www.storevan.com\/fr\/wp-json\/wp\/v2\/pages\/26123"}],"wp:attachment":[{"href":"https:\/\/www.storevan.com\/fr\/wp-json\/wp\/v2\/media?parent=40970"}],"curies":[{"name":"wp","href":"https:\/\/api.w.org\/{rel}","templated":true}]}}