{"id":26255,"date":"2015-12-09T12:00:16","date_gmt":"2015-12-09T11:00:16","guid":{"rendered":"https:\/\/www.storevan.com\/fr\/allestimenti-veicoli-commerciali\/portatutto-e-portascale\/"},"modified":"2019-05-14T12:40:45","modified_gmt":"2019-05-14T12:40:45","slug":"porte-echelle-porte-objets","status":"publish","type":"page","link":"https:\/\/www.storevan.com\/fr\/amenagement-vehicules-utilitaires\/porte-echelle-porte-objets\/","title":{"rendered":"PORTES-\u00c9CHELLES ET PORTE-OBJETS"},"content":{"rendered":"<h1 class=\"customblackTitleSmall\">PORTES-\u00c9CHELLES ET PORTE-OBJETS<\/h1>\n<p><strong>Porte \u00e9chelles<\/strong> adaptable pour toutes marques et mod\u00e8les de <strong>fourgon<\/strong>.\u00a0Supports multifonctions et galeries de toit pour transporter du mat\u00e9riel sur le toit du fourgon. Porte-\u00e9chelles avec descente et mont\u00e9e assist\u00e9e pour transporter l\u2019\u00e9chelle sur des v\u00e9hicules utilitaires en toute s\u00e9curit\u00e9.<\/p>\n<table border=\"0\" width=\"100%\" cellspacing=\"0\" cellpadding=\"0\" bgcolor=\"#ffffff\">\n<tbody>\n<tr>\n<td>\n<table border=\"0\" width=\"100%\" cellspacing=\"0\" cellpadding=\"0\" align=\"center\">\n<tbody>\n<tr>\n<td rowspan=\"4\" valign=\"top\" width=\"55%\"><img decoding=\"async\" loading=\"lazy\" class=\"alignnone\" src=\"https:\/\/www.storevan.com\/wp-content\/uploads\/2016\/01\/storevan_portatutto.jpg\" alt=\"Porte-objets Am\u00e9nager son v\u00e9hicule utilitaire - Store Van\" width=\"500\" height=\"200\" border=\"0\" \/><\/td>\n<td width=\"3%\" height=\"20\"><\/td>\n<td valign=\"middle\" bgcolor=\"#e4e4e4\" width=\"42%\" height=\"20\"><strong>\u00a0 POT<\/strong><\/td>\n<\/tr>\n<tr>\n<td width=\"3%\" height=\"18\"><\/td>\n<td width=\"42%\" height=\"18\"><\/td>\n<\/tr>\n<tr>\n<td width=\"3%\"><\/td>\n<td valign=\"top\" width=\"42%\">Galerie de toit compl\u00e8te de:<br \/>\n\n<ul class=\"arrow\">\n<li>barres en aluminium avec fixations et profil en caoutchouc<\/li>\n<li>rebords lat\u00e9raux en aluminium<\/li>\n<li>rouleau de chargement en aluminium<\/li>\n<li>visserie de fixation fournie en acier inox<\/li>\n<\/ul>\n<\/td>\n<\/tr>\n<\/tbody>\n<\/table>\n<table border=\"0\" width=\"100%\" cellspacing=\"0\" cellpadding=\"0\" align=\"center\">\n<tbody>\n<tr>\n<td colspan=\"3\" height=\"30\"><\/td>\n<\/tr>\n<tr>\n<td rowspan=\"4\" valign=\"top\" width=\"55%\"><img decoding=\"async\" loading=\"lazy\" class=\"alignnone\" src=\"https:\/\/www.storevan.com\/wp-content\/uploads\/2016\/01\/storevan_portascale.jpg\" alt=\"Portes-\u00e9chelles Am\u00e9nager son v\u00e9hicule utilitaire - Store Van\" width=\"500\" height=\"200\" border=\"0\" \/><\/td>\n<td width=\"3%\" height=\"20\"><\/td>\n<td valign=\"middle\" bgcolor=\"#e4e4e4\" width=\"42%\" height=\"20\"><strong>\u00a0 POS<\/strong><\/td>\n<\/tr>\n<tr>\n<td width=\"3%\" height=\"18\"><\/td>\n<td width=\"42%\" height=\"18\"><\/td>\n<\/tr>\n<tr>\n<td width=\"3%\"><\/td>\n<td valign=\"top\" width=\"42%\">Porte-\u00e9chelles complet de:<br \/>\n\n<ul class=\"arrow\">\n<li>barres en aluminium avec fixations et profil en caoutchouc<\/li>\n<li>rebord lat\u00e9ral en aluminium<\/li>\n<li>rouleau de chargement en aluminium<\/li>\n<li>chariot porte-\u00e9chelles en aluminium et acier inox<\/li>\n<li>visserie de fixation fournie en acier inox<\/li>\n<\/ul>\n<\/td>\n<\/tr>\n<\/tbody>\n<\/table>\n<p><img decoding=\"async\" loading=\"lazy\" class=\"aligncenter wp-image-24408 size-full\" src=\"https:\/\/www.storevan.com\/wp-content\/uploads\/2015\/12\/StoreVan_Portatutto_Portascale_Fasi.jpg\" alt=\"Portes-\u00e9chelles et porte-objets Store Van\" width=\"1170\" height=\"318\" srcset=\"https:\/\/www.storevan.com\/wp-content\/uploads\/2015\/12\/StoreVan_Portatutto_Portascale_Fasi.jpg 1170w, https:\/\/www.storevan.com\/wp-content\/uploads\/2015\/12\/StoreVan_Portatutto_Portascale_Fasi-300x82.jpg 300w, https:\/\/www.storevan.com\/wp-content\/uploads\/2015\/12\/StoreVan_Portatutto_Portascale_Fasi-768x209.jpg 768w, https:\/\/www.storevan.com\/wp-content\/uploads\/2015\/12\/StoreVan_Portatutto_Portascale_Fasi-1024x278.jpg 1024w, https:\/\/www.storevan.com\/wp-content\/uploads\/2015\/12\/StoreVan_Portatutto_Portascale_Fasi-600x163.jpg 600w\" sizes=\"(max-width: 1170px) 100vw, 1170px\" \/><\/td>\n<\/tr>\n<\/tbody>\n<\/table>\n<div class=\"demo-sep\" style=\"margin-top: 30px;\"><\/div>\n<h4>Consultez notre catalogue de v\u00e9hicules commerciaux:<\/h4>\n<div class=\"selMarca txtBlue\"><div class=\"col-xs-12 col-sm-12 col-md-4\"><p>S\u00e9lectionnez l'am\u00e9nagement pour: <\/p><\/div>\n\t<div class=\"col-xs-12 col-sm-6 col-md-3\"><select id=\"make\" class=\"form-control\"><option value=\"0\">Marque<\/option><option value=\"1\">Citroen<\/option><option value=\"2\">Dacia<\/option><option value=\"3\">Fiat<\/option><option value=\"4\">Ford<\/option><option value=\"5\">Hyundai<\/option><option value=\"6\">Iveco<\/option><option value=\"7\">Man<\/option><option value=\"8\">Mercedes-benz<\/option><option value=\"9\">Nissan<\/option><option value=\"10\">Opel<\/option><option value=\"11\">Peugeot<\/option><option value=\"12\">Renault<\/option><option value=\"13\">Toyota<\/option><option value=\"14\">Volkswagen<\/option><\/select><\/div><hr class=\"noColor break visible-xs\"\/>\n\t<div class=\"col-xs-12 col-sm-6 col-md-3\"><select id=\"model\" class=\"form-control\"><option value=\"0\">Mod\u00e8le\u00a0<\/option><option id=\"https:\/\/www.storevan.com\/fr\/amenagement-vehicules-utilitaires\/fourgons-citroen\/nemo\/\" class=\"Nemo\" value=\"1\">Nemo<\/option><option id=\"https:\/\/www.storevan.com\/fr\/amenagement-vehicules-utilitaires\/fourgons-citroen\/jumpy-2016\/\" class=\"Jumpy\" value=\"1\">Jumpy<\/option><option id=\"https:\/\/www.storevan.com\/fr\/amenagement-vehicules-utilitaires\/fourgons-citroen\/jumper\/\" class=\"Jumper\" value=\"1\">Jumper<\/option><option id=\"https:\/\/www.storevan.com\/fr\/amenagement-vehicules-utilitaires\/fourgons-citroen\/berlingo\/\" class=\"Berlingo\" value=\"1\">Berlingo<\/option><option id=\"https:\/\/www.storevan.com\/fr\/amenagement-vehicules-utilitaires\/fourgons-citroen\/jumpy-2016\/\" class=\"Jumpy\" value=\"1\">Jumpy<\/option><option id=\"https:\/\/www.storevan.com\/fr\/amenagement-vehicules-utilitaires\/fourgons-dacia\/dokker\/\" class=\"Dokker\" value=\"2\">Dokker<\/option><option id=\"https:\/\/www.storevan.com\/fr\/amenagement-vehicules-utilitaires\/fourgons-fiat\/doblo\/\" class=\"Dobl\u00f2\" value=\"3\">Dobl\u00f2<\/option><option id=\"https:\/\/www.storevan.com\/fr\/amenagement-vehicules-utilitaires\/fourgons-fiat\/ducato\/\" class=\"Ducato\" value=\"3\">Ducato<\/option><option id=\"https:\/\/www.storevan.com\/fr\/amenagement-vehicules-utilitaires\/fourgons-fiat\/fiorino\/\" class=\"Fiorino\" value=\"3\">Fiorino<\/option><option id=\"https:\/\/www.storevan.com\/fr\/amenagement-vehicules-utilitaires\/fourgons-fiat\/talento\/\" class=\"Talento\" value=\"3\">Talento<\/option><option id=\"https:\/\/www.storevan.com\/fr\/amenagement-vehicules-utilitaires\/fourgons-ford\/courier\/\" class=\"Courier\" value=\"4\">Courier<\/option><option id=\"https:\/\/www.storevan.com\/fr\/amenagement-vehicules-utilitaires\/fourgons-ford\/connect\/\" class=\"Connect\" value=\"4\">Connect<\/option><option id=\"https:\/\/www.storevan.com\/fr\/amenagement-vehicules-utilitaires\/fourgons-ford\/custom\/\" class=\"Custom\" value=\"4\">Custom<\/option><option id=\"https:\/\/www.storevan.com\/fr\/amenagement-vehicules-utilitaires\/fourgons-ford\/transit\/\" class=\"Transit\" value=\"4\">Transit<\/option><option id=\"https:\/\/www.storevan.com\/fr\/amenagement-vehicules-utilitaires\/fourgons-hyundai\/h350\/\" class=\"H350\" value=\"5\">H350<\/option><option id=\"https:\/\/www.storevan.com\/fr\/amenagement-vehicules-utilitaires\/fourgons-iveco\/daily\/\" class=\"Daily\" value=\"6\">Daily<\/option><option id=\"https:\/\/www.storevan.com\/fr\/amenagement-vehicules-utilitaires\/man\/tge\/\" class=\"TGE\" value=\"7\">TGE<\/option><option id=\"https:\/\/www.storevan.com\/fr\/amenagement-vehicules-utilitaires\/fourgons-mercedes-benz\/citan\/\" class=\"Citan\" value=\"8\">Citan<\/option><option id=\"https:\/\/www.storevan.com\/fr\/amenagement-vehicules-utilitaires\/fourgons-mercedes-benz\/vito\/\" class=\"Vito\" value=\"8\">Vito<\/option><option id=\"https:\/\/www.storevan.com\/fr\/amenagement-vehicules-utilitaires\/fourgons-mercedes-benz\/sprinter\/\" class=\"Sprinter\" value=\"8\">Sprinter<\/option><option id=\"https:\/\/www.storevan.com\/fr\/amenagement-vehicules-utilitaires\/fourgons-nissan\/nv200\/\" class=\"NV200\" value=\"9\">NV200<\/option><option id=\"https:\/\/www.storevan.com\/fr\/amenagement-vehicules-utilitaires\/fourgons-nissan\/nv300\/\" class=\"NV300\" value=\"9\">NV300<\/option><option id=\"https:\/\/www.storevan.com\/fr\/amenagement-vehicules-utilitaires\/fourgons-nissan\/nv400\/\" class=\"NV400\" value=\"9\">NV400<\/option><option id=\"https:\/\/www.storevan.com\/fr\/amenagement-vehicules-utilitaires\/fourgons-opel\/combo\/\" class=\"Combo\" value=\"10\">Combo<\/option><option id=\"https:\/\/www.storevan.com\/fr\/amenagement-vehicules-utilitaires\/fourgons-opel\/vivaro\/\" class=\"Vivaro\" value=\"10\">Vivaro<\/option><option id=\"https:\/\/www.storevan.com\/fr\/amenagement-vehicules-utilitaires\/fourgons-opel\/movano\/\" class=\"Movano\" value=\"10\">Movano<\/option><option id=\"https:\/\/www.storevan.com\/fr\/amenagement-vehicules-utilitaires\/fourgons-opel\/movano-2021\/\" class=\"Movano 2021\" value=\"10\">Movano 2021<\/option><option id=\"https:\/\/www.storevan.com\/fr\/amenagement-vehicules-utilitaires\/fourgons-peugeot\/bipper\/\" class=\"Bipper\" value=\"11\">Bipper<\/option><option id=\"https:\/\/www.storevan.com\/fr\/amenagement-vehicules-utilitaires\/fourgons-peugeot\/partner\/\" class=\"Partner\" value=\"11\">Partner<\/option><option id=\"https:\/\/www.storevan.com\/fr\/amenagement-vehicules-utilitaires\/fourgons-peugeot\/boxer\/\" class=\"Boxer\" value=\"11\">Boxer<\/option><option id=\"https:\/\/www.storevan.com\/fr\/amenagement-vehicules-utilitaires\/fourgons-peugeot\/expert-2016\/\" class=\"Expert\" value=\"11\">Expert<\/option><option id=\"https:\/\/www.storevan.com\/fr\/amenagement-vehicules-utilitaires\/fourgons-renault\/kangoo\/\" class=\"Kangoo\" value=\"12\">Kangoo<\/option><option id=\"https:\/\/www.storevan.com\/fr\/amenagement-vehicules-utilitaires\/fourgons-renault\/trafic\/\" class=\"Trafic\" value=\"12\">Trafic<\/option><option id=\"https:\/\/www.storevan.com\/fr\/amenagement-vehicules-utilitaires\/fourgons-renault\/master\/\" class=\"Master\" value=\"12\">Master<\/option><option id=\"https:\/\/www.storevan.com\/fr\/amenagement-vehicules-utilitaires\/toyota\/proace\/\" class=\"Proace\" value=\"13\">Proace<\/option><option id=\"https:\/\/www.storevan.com\/fr\/amenagement-vehicules-utilitaires\/toyota\/proace-city\/\" class=\"Proace City\" value=\"13\">Proace City<\/option><option id=\"https:\/\/www.storevan.com\/fr\/amenagement-vehicules-utilitaires\/fourgons-volkswagen\/caddy\/\" class=\"Caddy\" value=\"14\">Caddy<\/option><option id=\"https:\/\/www.storevan.com\/fr\/amenagement-vehicules-utilitaires\/fourgons-volkswagen\/transporter\/\" class=\"Transporter\" value=\"14\">Transporter<\/option><option id=\"https:\/\/www.storevan.com\/fr\/amenagement-vehicules-utilitaires\/fourgons-volkswagen\/crafter-2017\/\" class=\"Crafter 2017\" value=\"14\">Crafter 2017<\/option><option id=\"https:\/\/www.storevan.com\/fr\/amenagement-vehicules-utilitaires\/fourgons-volkswagen\/crafter\/\" class=\"Crafter 2006\" value=\"14\">Crafter 2006<\/option><option id=\"https:\/\/www.storevan.com\/fr\/amenagement-vehicules-utilitaires\/fourgons-volkswagen\/caddy-cargo\/\" class=\"Caddy Cargo\" value=\"14\">Caddy Cargo<\/option><\/select><\/div><hr class=\"noColor break visible-xs\"\/>\n\t<div id=\"pagina\" class=\"col-xs-12 col-sm-12 col-md-2\"><input class=\"btn btn-primary\" type=\"submit\" name=\"button\" id=\"button\" value=\"Cherche \" onclick=\"showURL();\" \/><\/div>\n\t<div class=\"break\"><\/div><\/div>\n","protected":false},"excerpt":{"rendered":"<p>PORTES-\u00c9CHELLES ET PORTE-OBJETS Porte \u00e9chelles adaptable pour toutes marques et mod\u00e8les de fourgon.\u00a0Supports multifonctions et galeries de toit pour transporter du mat\u00e9riel sur le toit du fourgon. Porte-\u00e9chelles avec descente.<\/p>\n","protected":false},"author":470,"featured_media":0,"parent":26069,"menu_order":0,"comment_status":"closed","ping_status":"closed","template":"","meta":[],"acf":[],"yoast_head":"<!-- This site is optimized with the Yoast SEO plugin v20.11 - https:\/\/yoast.com\/wordpress\/plugins\/seo\/ -->\n<title>Portes-\u00e9chelles et porte-objets<\/title>\n<meta name=\"description\" content=\"Support multifonctionnel et porte-\u00e9chelle avec certification T\u00dcV-GS. Portes-\u00e9chelles et porte-objets enti\u00e8rement construits en aluminium et en acier inox.\" \/>\n<meta name=\"robots\" content=\"index, follow, max-snippet:-1, max-image-preview:large, max-video-preview:-1\" \/>\n<link rel=\"canonical\" href=\"https:\/\/www.storevan.com\/fr\/amenagement-vehicules-utilitaires\/porte-echelle-porte-objets\/\" \/>\n<meta property=\"og:locale\" content=\"fr_FR\" \/>\n<meta property=\"og:type\" content=\"article\" \/>\n<meta property=\"og:title\" content=\"Portes-\u00e9chelles et porte-objets\" \/>\n<meta property=\"og:description\" content=\"Support multifonctionnel et porte-\u00e9chelle avec certification T\u00dcV-GS. Portes-\u00e9chelles et porte-objets enti\u00e8rement construits en aluminium et en acier inox.\" \/>\n<meta property=\"og:url\" content=\"https:\/\/www.storevan.com\/fr\/amenagement-vehicules-utilitaires\/porte-echelle-porte-objets\/\" \/>\n<meta property=\"og:site_name\" content=\"Store Van\" \/>\n<meta property=\"article:modified_time\" content=\"2019-05-14T12:40:45+00:00\" \/>\n<meta property=\"og:image\" content=\"https:\/\/www.storevan.com\/wp-content\/uploads\/2016\/01\/storevan_portatutto.jpg\" \/>\n<meta name=\"twitter:label1\" content=\"Dur\u00e9e de lecture estim\u00e9e\" \/>\n\t<meta name=\"twitter:data1\" content=\"1 minute\" \/>\n<script type=\"application\/ld+json\" class=\"yoast-schema-graph\">{\"@context\":\"https:\/\/schema.org\",\"@graph\":[{\"@type\":\"WebPage\",\"@id\":\"https:\/\/www.storevan.com\/fr\/amenagement-vehicules-utilitaires\/porte-echelle-porte-objets\/\",\"url\":\"https:\/\/www.storevan.com\/fr\/amenagement-vehicules-utilitaires\/porte-echelle-porte-objets\/\",\"name\":\"Portes-\u00e9chelles et porte-objets\",\"isPartOf\":{\"@id\":\"https:\/\/www.storevan.com\/pl\/#website\"},\"datePublished\":\"2015-12-09T11:00:16+00:00\",\"dateModified\":\"2019-05-14T12:40:45+00:00\",\"description\":\"Support multifonctionnel et porte-\u00e9chelle avec certification T\u00dcV-GS. Portes-\u00e9chelles et porte-objets enti\u00e8rement construits en aluminium et en acier inox.\",\"breadcrumb\":{\"@id\":\"https:\/\/www.storevan.com\/fr\/amenagement-vehicules-utilitaires\/porte-echelle-porte-objets\/#breadcrumb\"},\"inLanguage\":\"fr-FR\",\"potentialAction\":[{\"@type\":\"ReadAction\",\"target\":[\"https:\/\/www.storevan.com\/fr\/amenagement-vehicules-utilitaires\/porte-echelle-porte-objets\/\"]}]},{\"@type\":\"BreadcrumbList\",\"@id\":\"https:\/\/www.storevan.com\/fr\/amenagement-vehicules-utilitaires\/porte-echelle-porte-objets\/#breadcrumb\",\"itemListElement\":[{\"@type\":\"ListItem\",\"position\":1,\"name\":\"Home\",\"item\":\"https:\/\/www.storevan.com\/fr\/\"},{\"@type\":\"ListItem\",\"position\":2,\"name\":\"Am\u00e9nagement de v\u00e9hicule utilitaire\",\"item\":\"https:\/\/www.storevan.com\/fr\/amenagement-vehicules-utilitaires\/\"},{\"@type\":\"ListItem\",\"position\":3,\"name\":\"PORTES-\u00c9CHELLES ET PORTE-OBJETS\"}]},{\"@type\":\"WebSite\",\"@id\":\"https:\/\/www.storevan.com\/pl\/#website\",\"url\":\"https:\/\/www.storevan.com\/pl\/\",\"name\":\"Store Van\",\"description\":\"Am\u00e9nagements fourgons\",\"potentialAction\":[{\"@type\":\"SearchAction\",\"target\":{\"@type\":\"EntryPoint\",\"urlTemplate\":\"https:\/\/www.storevan.com\/pl\/?s={search_term_string}\"},\"query-input\":\"required name=search_term_string\"}],\"inLanguage\":\"fr-FR\"}]}<\/script>\n<!-- \/ Yoast SEO plugin. -->","yoast_head_json":{"title":"Portes-\u00e9chelles et porte-objets","description":"Support multifonctionnel et porte-\u00e9chelle avec certification T\u00dcV-GS. Portes-\u00e9chelles et porte-objets enti\u00e8rement construits en aluminium et en acier inox.","robots":{"index":"index","follow":"follow","max-snippet":"max-snippet:-1","max-image-preview":"max-image-preview:large","max-video-preview":"max-video-preview:-1"},"canonical":"https:\/\/www.storevan.com\/fr\/amenagement-vehicules-utilitaires\/porte-echelle-porte-objets\/","og_locale":"fr_FR","og_type":"article","og_title":"Portes-\u00e9chelles et porte-objets","og_description":"Support multifonctionnel et porte-\u00e9chelle avec certification T\u00dcV-GS. Portes-\u00e9chelles et porte-objets enti\u00e8rement construits en aluminium et en acier inox.","og_url":"https:\/\/www.storevan.com\/fr\/amenagement-vehicules-utilitaires\/porte-echelle-porte-objets\/","og_site_name":"Store Van","article_modified_time":"2019-05-14T12:40:45+00:00","og_image":[{"url":"https:\/\/www.storevan.com\/wp-content\/uploads\/2016\/01\/storevan_portatutto.jpg"}],"twitter_misc":{"Dur\u00e9e de lecture estim\u00e9e":"1 minute"},"schema":{"@context":"https:\/\/schema.org","@graph":[{"@type":"WebPage","@id":"https:\/\/www.storevan.com\/fr\/amenagement-vehicules-utilitaires\/porte-echelle-porte-objets\/","url":"https:\/\/www.storevan.com\/fr\/amenagement-vehicules-utilitaires\/porte-echelle-porte-objets\/","name":"Portes-\u00e9chelles et porte-objets","isPartOf":{"@id":"https:\/\/www.storevan.com\/pl\/#website"},"datePublished":"2015-12-09T11:00:16+00:00","dateModified":"2019-05-14T12:40:45+00:00","description":"Support multifonctionnel et porte-\u00e9chelle avec certification T\u00dcV-GS. Portes-\u00e9chelles et porte-objets enti\u00e8rement construits en aluminium et en acier inox.","breadcrumb":{"@id":"https:\/\/www.storevan.com\/fr\/amenagement-vehicules-utilitaires\/porte-echelle-porte-objets\/#breadcrumb"},"inLanguage":"fr-FR","potentialAction":[{"@type":"ReadAction","target":["https:\/\/www.storevan.com\/fr\/amenagement-vehicules-utilitaires\/porte-echelle-porte-objets\/"]}]},{"@type":"BreadcrumbList","@id":"https:\/\/www.storevan.com\/fr\/amenagement-vehicules-utilitaires\/porte-echelle-porte-objets\/#breadcrumb","itemListElement":[{"@type":"ListItem","position":1,"name":"Home","item":"https:\/\/www.storevan.com\/fr\/"},{"@type":"ListItem","position":2,"name":"Am\u00e9nagement de v\u00e9hicule utilitaire","item":"https:\/\/www.storevan.com\/fr\/amenagement-vehicules-utilitaires\/"},{"@type":"ListItem","position":3,"name":"PORTES-\u00c9CHELLES ET PORTE-OBJETS"}]},{"@type":"WebSite","@id":"https:\/\/www.storevan.com\/pl\/#website","url":"https:\/\/www.storevan.com\/pl\/","name":"Store Van","description":"Am\u00e9nagements fourgons","potentialAction":[{"@type":"SearchAction","target":{"@type":"EntryPoint","urlTemplate":"https:\/\/www.storevan.com\/pl\/?s={search_term_string}"},"query-input":"required name=search_term_string"}],"inLanguage":"fr-FR"}]}},"_links":{"self":[{"href":"https:\/\/www.storevan.com\/fr\/wp-json\/wp\/v2\/pages\/26255"}],"collection":[{"href":"https:\/\/www.storevan.com\/fr\/wp-json\/wp\/v2\/pages"}],"about":[{"href":"https:\/\/www.storevan.com\/fr\/wp-json\/wp\/v2\/types\/page"}],"author":[{"embeddable":true,"href":"https:\/\/www.storevan.com\/fr\/wp-json\/wp\/v2\/users\/470"}],"replies":[{"embeddable":true,"href":"https:\/\/www.storevan.com\/fr\/wp-json\/wp\/v2\/comments?post=26255"}],"version-history":[{"count":2,"href":"https:\/\/www.storevan.com\/fr\/wp-json\/wp\/v2\/pages\/26255\/revisions"}],"predecessor-version":[{"id":102201,"href":"https:\/\/www.storevan.com\/fr\/wp-json\/wp\/v2\/pages\/26255\/revisions\/102201"}],"up":[{"embeddable":true,"href":"https:\/\/www.storevan.com\/fr\/wp-json\/wp\/v2\/pages\/26069"}],"wp:attachment":[{"href":"https:\/\/www.storevan.com\/fr\/wp-json\/wp\/v2\/media?parent=26255"}],"curies":[{"name":"wp","href":"https:\/\/api.w.org\/{rel}","templated":true}]}}