{"id":26243,"date":"2016-03-15T10:11:57","date_gmt":"2016-03-15T09:11:57","guid":{"rendered":"https:\/\/www.storevan.com\/fr\/allestimenti-veicoli-commerciali\/furgoni-volkswagen\/crafter\/pianali-pannellature\/"},"modified":"2019-10-21T12:28:59","modified_gmt":"2019-10-21T12:28:59","slug":"planchers-habillages","status":"publish","type":"page","link":"https:\/\/www.storevan.com\/fr\/amenagement-vehicules-utilitaires\/fourgons-volkswagen\/crafter\/planchers-habillages\/","title":{"rendered":"Planchers et habillages"},"content":{"rendered":"<h1 class=\"customblackTitleSmall\">Planchers et habillages pour Volkswagen Crafter<\/h1>\n<p>Le<strong> fourgon Volkswagen Crafter<\/strong> est l\u2019un des <strong>v\u00e9hicules utilitaires<\/strong> l\u00e9gers les plus grands et les plus polyvalents du march\u00e9, puisqu\u2019il offre un espace de chargement qui peut atteindre 17 m3 dans la version fourgon. Pour prot\u00e9ger de l\u2019usure la t\u00f4le d\u2019un tel espace de stockage du mat\u00e9riel, les <strong>rev\u00eatements int\u00e9rieurs<\/strong> Store Van sont la meilleure solution. Un bon am\u00e9nagement pour atelier mobile commence toujours par la pose des <strong>panneaux lat\u00e9raux<\/strong> en polypropyl\u00e8ne et du plancher en bois multiplis \u00e0 rev\u00eatement ph\u00e9nolique de 12 mm d\u2019\u00e9paisseur, con\u00e7u en fonction des arrimages d\u2019origine du v\u00e9hicule.Planchers et habillages pour CRAFTER.<\/p>\n<p><img decoding=\"async\" loading=\"lazy\" class=\"aligncenter size-full\" src=\"https:\/\/www.storevan.com\/wp-content\/uploads\/2015\/12\/storevan_pianali_pannellature_3B.jpg\" alt=\"Planchers et habillages pour Volkswagen Crafter\" width=\"625\" height=\"407\" \/><\/p>\n<table class=\"table tableBorder\">\n<tbody>\n<tr>\n<td class=\"txtBkOrange\">V\u00c9HICULE<\/td>\n<td class=\"TESTO12biancoCX text-center\" bgcolor=\"#0071B9\">PLANCHER 12 mm<\/td>\n<td class=\"TESTO12neroCX text-center\" bgcolor=\"#e4e4e4\">HABILLAGE<\/td>\n<td class=\"TESTO12neroCX text-center\" bgcolor=\"#e4e4e4\">HABILLAGE<\/td>\n<td class=\"TESTO12neroCX text-center\" bgcolor=\"#e4e4e4\">ARRI\u00c8RE CABINE<\/td>\n<\/tr>\n<tr class=\"border_bottomGrey\">\n<td><\/td>\n<td bgcolor=\"#8d8d8d\" class=\"TESTO12biancoCX text-center\"><strong>D<\/strong><\/td>\n<td bgcolor=\"#8d8d8d\" class=\"TESTO12biancoCX text-center\"><strong>A+B<\/strong><\/td>\n<td bgcolor=\"#8d8d8d\" class=\"TESTO12biancoCX text-center\"><strong>C<\/strong><\/td>\n<td bgcolor=\"#8d8d8d\" class=\"TESTO12biancoCX text-center\"><strong>F<\/strong><\/td>\n<\/tr>\n<tr class=\"border_bottomGrey\">\n<td><\/td>\n<td class=\"TESTO12neroCX\"><strong>ART.<\/strong><\/td>\n<td class=\"TESTO12neroCX\"><strong>ART.<\/strong><\/td>\n<td class=\"TESTO12neroCX\"><strong>ART.<\/strong><\/td>\n<td class=\"TESTO12neroCX\"><strong>ART.<\/strong><\/td>\n<\/tr>\n<tr>\n<td style=\"vertical-align: middle;\" bgcolor=\"#f0f0f0\">L1 H1 Court, Toit Moyen<\/td>\n<td style=\"text-align: center;\"><span class=\"blue\">PIL 107<\/span><br \/>\n33,26 Kg<\/td>\n<td style=\"text-align: center;\"><span class=\"blue\">PAN 113<\/span><br \/>\n13,61 Kg<\/td>\n<td style=\"text-align: center;\"><span class=\"blue\">PAR 107<\/span><br \/>\n1,63 Kg<\/td>\n<td style=\"text-align: center;\"><span class=\"blue\">PIR 103<\/span><br \/>\n8,95 Kg<\/td>\n<\/tr>\n<tr>\n<td style=\"vertical-align: middle;\" bgcolor=\"#f0f0f0\">L1 H2 Court, Toit Haut<\/td>\n<td style=\"text-align: center;\"><span class=\"blue\">PIL 107<\/span><br \/>\n33,26 Kg<\/td>\n<td style=\"text-align: center;\"><span class=\"blue\">PAN 119<\/span><br \/>\n16,11 Kg<\/td>\n<td style=\"text-align: center;\"><span class=\"blue\">PAR 108<\/span><br \/>\n2,81 Kg<\/td>\n<td style=\"text-align: center;\"><span class=\"blue\">PIR 103<\/span><br \/>\n8,95 Kg<\/td>\n<\/tr>\n<tr>\n<td style=\"vertical-align: middle;\" bgcolor=\"#f0f0f0\">L2 H1 roues individuelles<br \/>\nMoyen, Toit Moyen<\/td>\n<td style=\"text-align: center;\"><span class=\"blue\">PIL 108<\/span><br \/>\n41,92 Kg<\/td>\n<td style=\"text-align: center;\"><span class=\"blue\">PAN 114<\/span><br \/>\n16,71 Kg<\/td>\n<td style=\"text-align: center;\"><span class=\"blue\">PAR 107<\/span><br \/>\n1,63 Kg<\/td>\n<td style=\"text-align: center;\"><span class=\"blue\">PIR 103<\/span><br \/>\n8,95 Kg<\/td>\n<\/tr>\n<tr>\n<td style=\"vertical-align: middle;\" bgcolor=\"#f0f0f0\">L2 H1 roues jumel\u00e9es<br \/>\nMoyen, Toit Moyen<\/td>\n<td style=\"text-align: center;\"><span class=\"blue\">PIL 109<\/span><br \/>\n38,98 Kg<\/td>\n<td style=\"text-align: center;\"><span class=\"blue\">PAN 114<\/span><br \/>\n16,71 Kg<\/td>\n<td style=\"text-align: center;\"><span class=\"blue\">PAR 107<\/span><br \/>\n1,63 Kg<\/td>\n<td style=\"text-align: center;\"><span class=\"blue\">PIR 103<\/span><br \/>\n8,95 Kg<\/td>\n<\/tr>\n<tr>\n<td style=\"vertical-align: middle;\" bgcolor=\"#f0f0f0\">L2 H2 \u2013 H3 roues individuelles<br \/>\nMoyen, Toit Haut \/ Super\u00e9lev\u00e9<\/td>\n<td style=\"text-align: center;\"><span class=\"blue\">PIL 108<\/span><br \/>\n41,92 Kg<\/td>\n<td style=\"text-align: center;\"><span class=\"blue\">PAN 115<\/span><br \/>\n22,44 Kg<\/td>\n<td style=\"text-align: center;\"><span class=\"blue\">PAR 108<\/span><br \/>\n2,81 Kg<\/td>\n<td style=\"text-align: center;\"><span class=\"blue\">PIR 103<\/span><br \/>\n8,95 Kg<\/td>\n<\/tr>\n<tr>\n<td style=\"vertical-align: middle;\" bgcolor=\"#f0f0f0\">L2 H2 \u2013 H3 roues jumel\u00e9es<br \/>\nMoyen, Toit Haut \/ Super\u00e9lev\u00e9<\/td>\n<td style=\"text-align: center;\"><span class=\"blue\">PIL 109<\/span><br \/>\n38,98 Kg<\/td>\n<td style=\"text-align: center;\"><span class=\"blue\">PAN 115<\/span><br \/>\n22,44 Kg<\/td>\n<td style=\"text-align: center;\"><span class=\"blue\">PAR 108<\/span><br \/>\n2,81 Kg<\/td>\n<td style=\"text-align: center;\"><span class=\"blue\">PIR 103<\/span><br \/>\n8,95 Kg<\/td>\n<\/tr>\n<tr>\n<td style=\"vertical-align: middle;\" bgcolor=\"#f0f0f0\">L3 H2 \u2013 H3 roues individuelles<br \/>\nLong, Toit Haut \/ Super\u00e9lev\u00e9<\/td>\n<td style=\"text-align: center;\"><span class=\"blue\">PIL 110<\/span><br \/>\n57,12 Kg<\/td>\n<td style=\"text-align: center;\"><span class=\"blue\">PAN 116<\/span><br \/>\n29,98 Kg<\/td>\n<td style=\"text-align: center;\"><span class=\"blue\">PAR 108<\/span><br \/>\n2,81 Kg<\/td>\n<td style=\"text-align: center;\"><span class=\"blue\">PIR 103<\/span><br \/>\n8,95 Kg<\/td>\n<\/tr>\n<tr>\n<td style=\"vertical-align: middle;\" bgcolor=\"#f0f0f0\">L3 H2 \u2013 H3 roues jumel\u00e9es<br \/>\nLong, Toit Haut \/ Super\u00e9lev\u00e9<\/td>\n<td style=\"text-align: center;\"><span class=\"blue\">PIL 111<\/span><br \/>\n54,26 Kg<\/td>\n<td style=\"text-align: center;\"><span class=\"blue\">PAN 116<\/span><br \/>\n29,98 Kg<\/td>\n<td style=\"text-align: center;\"><span class=\"blue\">PAR 108<\/span><br \/>\n2,81 Kg<\/td>\n<td style=\"text-align: center;\"><span class=\"blue\">PIR 103<\/span><br \/>\n8,95 Kg<\/td>\n<\/tr>\n<tr>\n<td style=\"vertical-align: middle;\" bgcolor=\"#f0f0f0\">L4 H2 \u2013 H3 roues individuelles<br \/>\nLong avec Porte-\u00e0-faux, Toit Haut \/ Super\u00e9lev\u00e9<\/td>\n<td style=\"text-align: center;\"><span class=\"blue\">PIL 112<\/span><br \/>\n62,92 Kg<\/td>\n<td style=\"text-align: center;\"><span class=\"blue\">PAN 117<\/span><br \/>\n30,89 Kg<\/td>\n<td style=\"text-align: center;\"><span class=\"blue\">PAR 108<\/span><br \/>\n2,81 Kg<\/td>\n<td style=\"text-align: center;\"><span class=\"blue\">PIR 103<\/span><br \/>\n8,95 Kg<\/td>\n<\/tr>\n<tr>\n<td style=\"vertical-align: middle;\" bgcolor=\"#f0f0f0\">L4 H2 \u2013 H3 roues jumel\u00e9es<br \/>\nLong avec Porte-\u00e0-faux, Toit Haut \/ Super\u00e9lev\u00e9<\/td>\n<td style=\"text-align: center;\"><span class=\"blue\">PIL 113<\/span><br \/>\n60,14 Kg<\/td>\n<td style=\"text-align: center;\"><span class=\"blue\">PAN 117<\/span><br \/>\n30,89 Kg<\/td>\n<td style=\"text-align: center;\"><span class=\"blue\">PAR 108<\/span><br \/>\n2,81 Kg<\/td>\n<td style=\"text-align: center;\"><span class=\"blue\">PIR 103<\/span><br \/>\n8,95 Kg<\/td>\n<\/tr>\n<\/tbody>\n<\/table>\n<hr class=\"noColor\" \/>\n","protected":false},"excerpt":{"rendered":"<p>Planchers et habillages pour Volkswagen Crafter Le fourgon Volkswagen Crafter est l\u2019un des v\u00e9hicules utilitaires l\u00e9gers les plus grands et les plus polyvalents du march\u00e9, puisqu\u2019il offre un espace de.<\/p>\n","protected":false},"author":470,"featured_media":0,"parent":26241,"menu_order":0,"comment_status":"closed","ping_status":"closed","template":"","meta":[],"acf":[],"yoast_head":"<!-- This site is optimized with the Yoast SEO plugin v20.11 - https:\/\/yoast.com\/wordpress\/plugins\/seo\/ -->\n<title>Planchers et habillages pour Volkswagen Crafter<\/title>\n<meta name=\"description\" content=\"Planchers et habillages pour CRAFTER. Store Van r\u00e9alise des planchers et des panneaux pour prot\u00e9ger votre fourgon Volkswagen Crafter\" \/>\n<meta name=\"robots\" content=\"index, follow, max-snippet:-1, max-image-preview:large, max-video-preview:-1\" \/>\n<link rel=\"canonical\" href=\"https:\/\/www.storevan.com\/fr\/amenagement-vehicules-utilitaires\/fourgons-volkswagen\/crafter-2017\/planchers-habillages\/\" \/>\n<meta property=\"og:locale\" content=\"fr_FR\" \/>\n<meta property=\"og:type\" content=\"article\" \/>\n<meta property=\"og:title\" content=\"Planchers et habillages pour Volkswagen Crafter\" \/>\n<meta property=\"og:description\" content=\"Planchers et habillages pour CRAFTER. Store Van r\u00e9alise des planchers et des panneaux pour prot\u00e9ger votre fourgon Volkswagen Crafter\" \/>\n<meta property=\"og:url\" content=\"https:\/\/www.storevan.com\/fr\/amenagement-vehicules-utilitaires\/fourgons-volkswagen\/crafter-2017\/planchers-habillages\/\" \/>\n<meta property=\"og:site_name\" content=\"Store Van\" \/>\n<meta property=\"article:modified_time\" content=\"2019-10-21T12:28:59+00:00\" \/>\n<meta property=\"og:image\" content=\"https:\/\/www.storevan.com\/wp-content\/uploads\/2015\/12\/storevan_pianali_pannellature_3B.jpg\" \/>\n<meta name=\"twitter:label1\" content=\"Dur\u00e9e de lecture estim\u00e9e\" \/>\n\t<meta name=\"twitter:data1\" content=\"2 minutes\" \/>\n<script type=\"application\/ld+json\" class=\"yoast-schema-graph\">{\"@context\":\"https:\/\/schema.org\",\"@graph\":[{\"@type\":\"WebPage\",\"@id\":\"https:\/\/www.storevan.com\/fr\/amenagement-vehicules-utilitaires\/fourgons-volkswagen\/crafter\/planchers-habillages\/\",\"url\":\"https:\/\/www.storevan.com\/fr\/amenagement-vehicules-utilitaires\/fourgons-volkswagen\/crafter-2017\/planchers-habillages\/\",\"name\":\"Planchers et habillages pour Volkswagen Crafter\",\"isPartOf\":{\"@id\":\"https:\/\/www.storevan.com\/pl\/#website\"},\"datePublished\":\"2016-03-15T09:11:57+00:00\",\"dateModified\":\"2019-10-21T12:28:59+00:00\",\"description\":\"Planchers et habillages pour CRAFTER. Store Van r\u00e9alise des planchers et des panneaux pour prot\u00e9ger votre fourgon Volkswagen Crafter\",\"breadcrumb\":{\"@id\":\"https:\/\/www.storevan.com\/fr\/amenagement-vehicules-utilitaires\/fourgons-volkswagen\/crafter-2017\/planchers-habillages\/#breadcrumb\"},\"inLanguage\":\"fr-FR\",\"potentialAction\":[{\"@type\":\"ReadAction\",\"target\":[\"https:\/\/www.storevan.com\/fr\/amenagement-vehicules-utilitaires\/fourgons-volkswagen\/crafter-2017\/planchers-habillages\/\"]}]},{\"@type\":\"BreadcrumbList\",\"@id\":\"https:\/\/www.storevan.com\/fr\/amenagement-vehicules-utilitaires\/fourgons-volkswagen\/crafter-2017\/planchers-habillages\/#breadcrumb\",\"itemListElement\":[{\"@type\":\"ListItem\",\"position\":1,\"name\":\"Home\",\"item\":\"https:\/\/www.storevan.com\/fr\/\"},{\"@type\":\"ListItem\",\"position\":2,\"name\":\"Am\u00e9nagement de v\u00e9hicule utilitaire\",\"item\":\"https:\/\/www.storevan.com\/fr\/amenagement-vehicules-utilitaires\/\"},{\"@type\":\"ListItem\",\"position\":3,\"name\":\"Volkswagen\",\"item\":\"https:\/\/www.storevan.com\/fr\/amenagement-vehicules-utilitaires\/fourgons-volkswagen\/\"},{\"@type\":\"ListItem\",\"position\":4,\"name\":\"Crafter 2006\",\"item\":\"https:\/\/www.storevan.com\/fr\/amenagement-vehicules-utilitaires\/fourgons-volkswagen\/crafter\/\"},{\"@type\":\"ListItem\",\"position\":5,\"name\":\"Planchers et habillages\"}]},{\"@type\":\"WebSite\",\"@id\":\"https:\/\/www.storevan.com\/pl\/#website\",\"url\":\"https:\/\/www.storevan.com\/pl\/\",\"name\":\"Store Van\",\"description\":\"Am\u00e9nagements fourgons\",\"potentialAction\":[{\"@type\":\"SearchAction\",\"target\":{\"@type\":\"EntryPoint\",\"urlTemplate\":\"https:\/\/www.storevan.com\/pl\/?s={search_term_string}\"},\"query-input\":\"required name=search_term_string\"}],\"inLanguage\":\"fr-FR\"}]}<\/script>\n<!-- \/ Yoast SEO plugin. -->","yoast_head_json":{"title":"Planchers et habillages pour Volkswagen Crafter","description":"Planchers et habillages pour CRAFTER. Store Van r\u00e9alise des planchers et des panneaux pour prot\u00e9ger votre fourgon Volkswagen Crafter","robots":{"index":"index","follow":"follow","max-snippet":"max-snippet:-1","max-image-preview":"max-image-preview:large","max-video-preview":"max-video-preview:-1"},"canonical":"https:\/\/www.storevan.com\/fr\/amenagement-vehicules-utilitaires\/fourgons-volkswagen\/crafter-2017\/planchers-habillages\/","og_locale":"fr_FR","og_type":"article","og_title":"Planchers et habillages pour Volkswagen Crafter","og_description":"Planchers et habillages pour CRAFTER. Store Van r\u00e9alise des planchers et des panneaux pour prot\u00e9ger votre fourgon Volkswagen Crafter","og_url":"https:\/\/www.storevan.com\/fr\/amenagement-vehicules-utilitaires\/fourgons-volkswagen\/crafter-2017\/planchers-habillages\/","og_site_name":"Store Van","article_modified_time":"2019-10-21T12:28:59+00:00","og_image":[{"url":"https:\/\/www.storevan.com\/wp-content\/uploads\/2015\/12\/storevan_pianali_pannellature_3B.jpg"}],"twitter_misc":{"Dur\u00e9e de lecture estim\u00e9e":"2 minutes"},"schema":{"@context":"https:\/\/schema.org","@graph":[{"@type":"WebPage","@id":"https:\/\/www.storevan.com\/fr\/amenagement-vehicules-utilitaires\/fourgons-volkswagen\/crafter\/planchers-habillages\/","url":"https:\/\/www.storevan.com\/fr\/amenagement-vehicules-utilitaires\/fourgons-volkswagen\/crafter-2017\/planchers-habillages\/","name":"Planchers et habillages pour Volkswagen Crafter","isPartOf":{"@id":"https:\/\/www.storevan.com\/pl\/#website"},"datePublished":"2016-03-15T09:11:57+00:00","dateModified":"2019-10-21T12:28:59+00:00","description":"Planchers et habillages pour CRAFTER. Store Van r\u00e9alise des planchers et des panneaux pour prot\u00e9ger votre fourgon Volkswagen Crafter","breadcrumb":{"@id":"https:\/\/www.storevan.com\/fr\/amenagement-vehicules-utilitaires\/fourgons-volkswagen\/crafter-2017\/planchers-habillages\/#breadcrumb"},"inLanguage":"fr-FR","potentialAction":[{"@type":"ReadAction","target":["https:\/\/www.storevan.com\/fr\/amenagement-vehicules-utilitaires\/fourgons-volkswagen\/crafter-2017\/planchers-habillages\/"]}]},{"@type":"BreadcrumbList","@id":"https:\/\/www.storevan.com\/fr\/amenagement-vehicules-utilitaires\/fourgons-volkswagen\/crafter-2017\/planchers-habillages\/#breadcrumb","itemListElement":[{"@type":"ListItem","position":1,"name":"Home","item":"https:\/\/www.storevan.com\/fr\/"},{"@type":"ListItem","position":2,"name":"Am\u00e9nagement de v\u00e9hicule utilitaire","item":"https:\/\/www.storevan.com\/fr\/amenagement-vehicules-utilitaires\/"},{"@type":"ListItem","position":3,"name":"Volkswagen","item":"https:\/\/www.storevan.com\/fr\/amenagement-vehicules-utilitaires\/fourgons-volkswagen\/"},{"@type":"ListItem","position":4,"name":"Crafter 2006","item":"https:\/\/www.storevan.com\/fr\/amenagement-vehicules-utilitaires\/fourgons-volkswagen\/crafter\/"},{"@type":"ListItem","position":5,"name":"Planchers et habillages"}]},{"@type":"WebSite","@id":"https:\/\/www.storevan.com\/pl\/#website","url":"https:\/\/www.storevan.com\/pl\/","name":"Store Van","description":"Am\u00e9nagements fourgons","potentialAction":[{"@type":"SearchAction","target":{"@type":"EntryPoint","urlTemplate":"https:\/\/www.storevan.com\/pl\/?s={search_term_string}"},"query-input":"required name=search_term_string"}],"inLanguage":"fr-FR"}]}},"_links":{"self":[{"href":"https:\/\/www.storevan.com\/fr\/wp-json\/wp\/v2\/pages\/26243"}],"collection":[{"href":"https:\/\/www.storevan.com\/fr\/wp-json\/wp\/v2\/pages"}],"about":[{"href":"https:\/\/www.storevan.com\/fr\/wp-json\/wp\/v2\/types\/page"}],"author":[{"embeddable":true,"href":"https:\/\/www.storevan.com\/fr\/wp-json\/wp\/v2\/users\/470"}],"replies":[{"embeddable":true,"href":"https:\/\/www.storevan.com\/fr\/wp-json\/wp\/v2\/comments?post=26243"}],"version-history":[{"count":2,"href":"https:\/\/www.storevan.com\/fr\/wp-json\/wp\/v2\/pages\/26243\/revisions"}],"predecessor-version":[{"id":110443,"href":"https:\/\/www.storevan.com\/fr\/wp-json\/wp\/v2\/pages\/26243\/revisions\/110443"}],"up":[{"embeddable":true,"href":"https:\/\/www.storevan.com\/fr\/wp-json\/wp\/v2\/pages\/26241"}],"wp:attachment":[{"href":"https:\/\/www.storevan.com\/fr\/wp-json\/wp\/v2\/media?parent=26243"}],"curies":[{"name":"wp","href":"https:\/\/api.w.org\/{rel}","templated":true}]}}