{"id":26233,"date":"2015-12-14T10:12:12","date_gmt":"2015-12-14T09:12:12","guid":{"rendered":"https:\/\/www.storevan.com\/fr\/allestimenti-veicoli-commerciali\/furgoni-volkswagen\/"},"modified":"2022-09-29T11:43:58","modified_gmt":"2022-09-29T11:43:58","slug":"fourgons-volkswagen","status":"publish","type":"page","link":"https:\/\/www.storevan.com\/fr\/amenagement-vehicules-utilitaires\/fourgons-volkswagen\/","title":{"rendered":"Volkswagen"},"content":{"rendered":"<h1 class=\"customblackTitleSmall\">Am\u00e9nagements fourgons Volkswagen<\/h1>\n<h2>Am\u00e9nagement en atelier mobile: la solution parfaite pour votre v\u00e9hicule utilitaire Volkswagen<\/h2>\n<p><img decoding=\"async\" loading=\"lazy\" class=\"alignright wp-image-43757 size-full\" title=\"Am\u00e9nagement Volkswagen\" src=\"https:\/\/www.storevan.com\/wp-content\/uploads\/2017\/01\/HOME13-Allestimenti-VOLKSWAGEN.png\" alt=\"Am\u00e9nagement Volkswagen\" width=\"116\" height=\"105\" \/><br \/>\nStore Van produit des solutions d\u2019<strong>am\u00e9nagement pour fourgons Volkswagen<\/strong>, des rev\u00eatements pour la protection de l\u2019espace de chargement, des galeries de toit et porte-\u00e9chelles pour installer un chargement sur le toit du fourgon en toute s\u00e9curit\u00e9, et de nombreux rayonnages pour \u00e9quiper le v\u00e9hicule utilitaire en fonction d\u2019exigences professionnelles sp\u00e9cifiques.<br \/>\nDans tous les centres de montage Store Van, l\u2019am\u00e9nagement de votre fourgon Volkswagen est r\u00e9alisable afin de le transformer en atelier mobile personnalis\u00e9, en choisissant le plancher et les habillages de protection de la carrosserie de l\u2019espace de chargement, la composition de rayonnages sur mesure pour ses propres exigences et le syst\u00e8me de galeries porte-tout et porte-\u00e9chelles.<\/p>\n<div class=\"break\"><\/div>\n<h3 class=\"customblackTitleExtraSmall\">S\u00c9LECTIONNEZ LE MOD\u00c8LE DE VOTRE FOURGON:<\/h3>\n<hr class=\"noColor\"\/>\n<div class=\"one_fourth\">\n<p style=\"text-align: center;\"><strong>CADDY 2015<\/strong><\/p>\n<hr class=\"hidden-xs hidden-sm\"\/>\n<p><a href=\"https:\/\/www.storevan.com\/fr\/amenagement-vehicules-utilitaires\/fourgons-volkswagen\/caddy\/\" class=\"txtOrange\" title=\"Am\u00e9nagement pour Caddy\"><img decoding=\"async\" loading=\"lazy\" class=\"aligncenter size-full wp-image-40368\" src=\"https:\/\/www.storevan.com\/wp-content\/uploads\/2015\/12\/Allestimento-furgoni-Volkswagen-Caddy-2015-1.jpg\" alt=\"Am\u00e9nagement fourgons Volkswagen Caddy\" width=\"350\" height=\"220\" srcset=\"https:\/\/www.storevan.com\/wp-content\/uploads\/2015\/12\/Allestimento-furgoni-Volkswagen-Caddy-2015-1.jpg 350w, https:\/\/www.storevan.com\/wp-content\/uploads\/2015\/12\/Allestimento-furgoni-Volkswagen-Caddy-2015-1-300x189.jpg 300w\" sizes=\"(max-width: 350px) 100vw, 350px\" \/><br \/>\nAm\u00e9nagement pour Caddy <i class=\"fa fa-angle-double-right\"><\/i><\/a><br \/>\n<a href=\"https:\/\/www.storevan.com\/fr\/amenagement-vehicules-utilitaires\/fourgons-volkswagen\/caddy\/planchers-habillages\/\" class=\"txtOrange\" title=\"Plancher et rev\u00eatements int\u00e9rieurs Caddy\">Plancher et rev\u00eatements int\u00e9rieurs  <i class=\"fa fa-angle-double-right\"><\/i><\/a><br \/>\n<a href=\"https:\/\/www.storevan.com\/fr\/amenagement-vehicules-utilitaires\/fourgons-volkswagen\/caddy\/porte-tout-porte-echelles\/\" class=\"txtOrange\" title=\"Porte-\u00e9chelles et porte-tubes pour Caddy\">Porte-\u00e9chelles et porte-tubes <i class=\"fa fa-angle-double-right\"><\/i><\/a> <\/p>\n<hr noshade=\"noshade\" size=\"1\" class=\"visible-xs\" \/>\n<\/div><div class=\"one_fourth\">\n<p style=\"text-align: center;\"><strong>CADDY CARGO 2021<\/strong><\/p>\n<hr class=\"hidden-xs hidden-sm\"\/>\n<p><a href=\"https:\/\/www.storevan.com\/fr\/amenagement-vehicules-utilitaires\/fourgons-volkswagen\/caddy-cargo\/\" class=\"txtOrange\" title=\"Am\u00e9nagement pour Caddy Cargo\"><img decoding=\"async\" loading=\"lazy\" class=\"aligncenter wp-image-40374 size-full\" src=\"https:\/\/www.storevan.com\/wp-content\/uploads\/veicoli\/volkswagen\/caddycargo2021\/Allestimento-furgoni-Volkswagen-Caddy-Cargo-2021.jpg\" alt=\"Am\u00e9nagement fourgons Volkswagen Caddy Cargo\" width=\"350\" height=\"220\" \/><br \/>\nAm\u00e9nagement pour Caddy Cargo <i class=\"fa fa-angle-double-right\"><\/i><\/a><br \/>\n<a href=\"https:\/\/www.storevan.com\/fr\/amenagement-vehicules-utilitaires\/fourgons-volkswagen\/caddy-cargo\/planchers-et-habillages\/\" class=\"txtOrange\" title=\"Plancher et rev\u00eatements int\u00e9rieurs Caddy Cargo\">Plancher et rev\u00eatements int\u00e9rieurs  <i class=\"fa fa-angle-double-right\"><\/i><\/a><br \/>\n<a href=\"https:\/\/www.storevan.com\/fr\/amenagement-vehicules-utilitaires\/fourgons-volkswagen\/caddy-cargo\/porte-tout-et-porte-echelles\/\" class=\"txtOrange\" title=\"Porte-\u00e9chelles et porte-tubes pour Caddy Cargo\">Porte-\u00e9chelles et porte-tubes <i class=\"fa fa-angle-double-right\"><\/i><\/a> <\/p>\n<hr noshade=\"noshade\" size=\"1\" class=\"visible-xs\" \/>\n<\/div><div class=\"one_fourth\">\n<p style=\"text-align: center;\"><strong>TRANSPORTER 2015<\/strong><\/p>\n<hr class=\"hidden-xs hidden-sm\"\/>\n<p><a href=\"https:\/\/www.storevan.com\/fr\/amenagement-vehicules-utilitaires\/fourgons-volkswagen\/transporter\/\" class=\"txtOrange\" title=\"Am\u00e9nagement pour Transporter\"><img decoding=\"async\" loading=\"lazy\" class=\"aligncenter wp-image-40374 size-full\" src=\"https:\/\/www.storevan.com\/wp-content\/uploads\/2015\/12\/Allestimento-furgoni-Volkswagen-Transporter-2015-1.jpg\" alt=\"Am\u00e9nagement fourgons Volkswagen Transporter\" width=\"350\" height=\"220\" srcset=\"https:\/\/www.storevan.com\/wp-content\/uploads\/2015\/12\/Allestimento-furgoni-Volkswagen-Transporter-2015-1.jpg 350w, https:\/\/www.storevan.com\/wp-content\/uploads\/2015\/12\/Allestimento-furgoni-Volkswagen-Transporter-2015-1-300x189.jpg 300w\" sizes=\"(max-width: 350px) 100vw, 350px\" \/><br \/>\nAm\u00e9nagement pour Transporter <i class=\"fa fa-angle-double-right\"><\/i><\/a><br \/>\n<a href=\"https:\/\/www.storevan.com\/fr\/amenagement-vehicules-utilitaires\/fourgons-volkswagen\/transporter\/planchers-habillages\/\" class=\"txtOrange\" title=\"Plancher et rev\u00eatements int\u00e9rieurs Transporter\">Plancher et rev\u00eatements int\u00e9rieurs  <i class=\"fa fa-angle-double-right\"><\/i><\/a><br \/>\n<a href=\"https:\/\/www.storevan.com\/fr\/amenagement-vehicules-utilitaires\/fourgons-volkswagen\/transporter\/porte-tout-porte-echelles\/\" class=\"txtOrange\" title=\"Porte-\u00e9chelles et porte-tubes pour Transporter\">Porte-\u00e9chelles et porte-tubes <i class=\"fa fa-angle-double-right\"><\/i><\/a> <\/p>\n<hr noshade=\"noshade\" size=\"1\" class=\"visible-xs\" \/>\n<\/div><div class=\"one_fourth last\">\n<p style=\"text-align: center;\"><strong>CRAFTER 2017<\/strong><\/p>\n<hr class=\"hidden-xs hidden-sm\"\/>\n<p><a href=\"https:\/\/www.storevan.com\/fr\/amenagement-vehicules-utilitaires\/fourgons-volkswagen\/crafter-2017\/\" class=\"txtOrange\" title=\"Am\u00e9nagement pour Crafter 2017\"><img decoding=\"async\" loading=\"lazy\" class=\"aligncenter size-full wp-image-57482\" src=\"https:\/\/www.storevan.com\/wp-content\/uploads\/2015\/12\/Allestimento-furgoni-Volkswagen-Crafter-2017.jpg\" alt=\"Am\u00e9nagements fourgons Volkswagen Crafter 2017\" width=\"350\" height=\"220\" srcset=\"https:\/\/www.storevan.com\/wp-content\/uploads\/2015\/12\/Allestimento-furgoni-Volkswagen-Crafter-2017.jpg 350w, https:\/\/www.storevan.com\/wp-content\/uploads\/2015\/12\/Allestimento-furgoni-Volkswagen-Crafter-2017-300x189.jpg 300w\" sizes=\"(max-width: 350px) 100vw, 350px\" \/><br \/>\nAm\u00e9nagement pour Crafter <i class=\"fa fa-angle-double-right\"><\/i><\/a><br \/>\n<a href=\"https:\/\/www.storevan.com\/fr\/amenagement-vehicules-utilitaires\/fourgons-volkswagen\/crafter-2017\/planchers-habillages\/\" class=\"txtOrange\" title=\"Plancher et rev\u00eatements int\u00e9rieurs Crafter 2017\">Plancher et rev\u00eatements int\u00e9rieurs  <i class=\"fa fa-angle-double-right\"><\/i><\/a><br \/>\n<a href=\"https:\/\/www.storevan.com\/fr\/amenagement-vehicules-utilitaires\/fourgons-volkswagen\/crafter-2017\/porte-tout-porte-echelles\/\" class=\"txtOrange\" title=\"Porte-\u00e9chelles et porte-tubes pour Crafter 2017\">Porte-\u00e9chelles et porte-tubes <i class=\"fa fa-angle-double-right\"><\/i><\/a> <\/p>\n<hr noshade=\"noshade\" size=\"1\" class=\"visible-xs\" \/>\n<\/div><div class=\"clearboth\"><\/div><div class=\"one_fourth last\">\n<p style=\"text-align: center;\"><strong>CRAFTER 2006<\/strong><\/p>\n<hr class=\"hidden-xs hidden-sm\"\/>\n<p><a href=\"https:\/\/www.storevan.com\/fr\/amenagement-vehicules-utilitaires\/fourgons-volkswagen\/crafter\/\" class=\"txtOrange\" title=\"Am\u00e9nagement pour Crafter 2006\"><img decoding=\"async\" loading=\"lazy\" class=\"aligncenter size-full wp-image-40380\" src=\"https:\/\/www.storevan.com\/wp-content\/uploads\/2015\/12\/Allestimento-furgoni-Volkswagen-Crafter-2006-1.jpg\" alt=\"Am\u00e9nagements fourgons Volkswagen Crafter 2006\" width=\"350\" height=\"220\" srcset=\"https:\/\/www.storevan.com\/wp-content\/uploads\/2015\/12\/Allestimento-furgoni-Volkswagen-Crafter-2006-1.jpg 350w, https:\/\/www.storevan.com\/wp-content\/uploads\/2015\/12\/Allestimento-furgoni-Volkswagen-Crafter-2006-1-300x189.jpg 300w\" sizes=\"(max-width: 350px) 100vw, 350px\" \/><br \/>\nAm\u00e9nagement pour Crafter 2006<i class=\"fa fa-angle-double-right\"><\/i><\/a><br \/>\n<a href=\"https:\/\/www.storevan.com\/fr\/amenagement-vehicules-utilitaires\/fourgons-volkswagen\/crafter\/planchers-habillages\/\" class=\"txtOrange\" title=\"Plancher et rev\u00eatements int\u00e9rieurs Crafter 2006\">Plancher et rev\u00eatements int\u00e9rieurs  <i class=\"fa fa-angle-double-right\"><\/i><\/a><br \/>\n<a href=\"https:\/\/www.storevan.com\/fr\/amenagement-vehicules-utilitaires\/fourgons-volkswagen\/crafter\/porte-tout-porte-echelles\/\" class=\"txtOrange\" title=\"Porte-\u00e9chelles et porte-tubes pour Crafter 2006\">Porte-\u00e9chelles et porte-tubes <i class=\"fa fa-angle-double-right\"><\/i><\/a> <\/p>\n<hr noshade=\"noshade\" size=\"1\" class=\"visible-xs\" \/>\n<\/div><div class=\"clearboth\"><\/div>\n<p>Il est possible de renforcer et de <strong>prot\u00e9ger la carrosserie int\u00e9rieure du v\u00e9hicule<\/strong> avec le plancher en bois multiplis et les habillages en polypropyl\u00e8ne pour les parois lat\u00e9rales, et d\u2019<strong>organiser l\u2019espace avec un rayonnage<\/strong>. Les marchandises et les outillages sont ainsi bien ordonn\u00e9s, efficacement stock\u00e9s et donc rapidement accessibles dans les tiroirs, les compartiments ferm\u00e9s par une porte, les bacs avec diviseurs, les tablettes avec bacs et les plateaux porte-mallettes pour petites pi\u00e8ces. Ainsi, le professionnel ne gaspille ni son temps ni son \u00e9nergie et le fourgon devient un support d\u2019une grande importance.<\/p>\n","protected":false},"excerpt":{"rendered":"<p>Am\u00e9nagements fourgons Volkswagen Am\u00e9nagement en atelier mobile: la solution parfaite pour votre v\u00e9hicule utilitaire Volkswagen Store Van produit des solutions d\u2019am\u00e9nagement pour fourgons Volkswagen, des rev\u00eatements pour la protection de.<\/p>\n","protected":false},"author":470,"featured_media":0,"parent":26069,"menu_order":0,"comment_status":"closed","ping_status":"closed","template":"","meta":[],"acf":[],"yoast_head":"<!-- This site is optimized with the Yoast SEO plugin v20.11 - https:\/\/yoast.com\/wordpress\/plugins\/seo\/ -->\n<title>Am\u00e9nagements fourgons Volkswagen<\/title>\n<meta name=\"description\" content=\"Am\u00e9nagements des fourgons Volkswagen. Rev\u00eatements int\u00e9rieurs, porte-\u00e9chelles pour transporter un chargement en toute s\u00e9curit\u00e9 sur le toit du fourgon.\" \/>\n<meta name=\"robots\" content=\"index, follow, max-snippet:-1, max-image-preview:large, max-video-preview:-1\" \/>\n<link rel=\"canonical\" href=\"https:\/\/www.storevan.com\/fr\/amenagement-vehicules-utilitaires\/fourgons-volkswagen\/\" \/>\n<meta property=\"og:locale\" content=\"fr_FR\" \/>\n<meta property=\"og:type\" content=\"article\" \/>\n<meta property=\"og:title\" content=\"Am\u00e9nagements fourgons Volkswagen\" \/>\n<meta property=\"og:description\" content=\"Am\u00e9nagements des fourgons Volkswagen. Rev\u00eatements int\u00e9rieurs, porte-\u00e9chelles pour transporter un chargement en toute s\u00e9curit\u00e9 sur le toit du fourgon.\" \/>\n<meta property=\"og:url\" content=\"https:\/\/www.storevan.com\/fr\/amenagement-vehicules-utilitaires\/fourgons-volkswagen\/\" \/>\n<meta property=\"og:site_name\" content=\"Store Van\" \/>\n<meta property=\"article:modified_time\" content=\"2022-09-29T11:43:58+00:00\" \/>\n<meta property=\"og:image\" content=\"https:\/\/www.storevan.com\/wp-content\/uploads\/2017\/01\/HOME13-Allestimenti-VOLKSWAGEN.png\" \/>\n<meta name=\"twitter:label1\" content=\"Dur\u00e9e de lecture estim\u00e9e\" \/>\n\t<meta name=\"twitter:data1\" content=\"3 minutes\" \/>\n<script type=\"application\/ld+json\" class=\"yoast-schema-graph\">{\"@context\":\"https:\/\/schema.org\",\"@graph\":[{\"@type\":\"WebPage\",\"@id\":\"https:\/\/www.storevan.com\/fr\/amenagement-vehicules-utilitaires\/fourgons-volkswagen\/\",\"url\":\"https:\/\/www.storevan.com\/fr\/amenagement-vehicules-utilitaires\/fourgons-volkswagen\/\",\"name\":\"Am\u00e9nagements fourgons Volkswagen\",\"isPartOf\":{\"@id\":\"https:\/\/www.storevan.com\/pl\/#website\"},\"datePublished\":\"2015-12-14T09:12:12+00:00\",\"dateModified\":\"2022-09-29T11:43:58+00:00\",\"description\":\"Am\u00e9nagements des fourgons Volkswagen. Rev\u00eatements int\u00e9rieurs, porte-\u00e9chelles pour transporter un chargement en toute s\u00e9curit\u00e9 sur le toit du fourgon.\",\"breadcrumb\":{\"@id\":\"https:\/\/www.storevan.com\/fr\/amenagement-vehicules-utilitaires\/fourgons-volkswagen\/#breadcrumb\"},\"inLanguage\":\"fr-FR\",\"potentialAction\":[{\"@type\":\"ReadAction\",\"target\":[\"https:\/\/www.storevan.com\/fr\/amenagement-vehicules-utilitaires\/fourgons-volkswagen\/\"]}]},{\"@type\":\"BreadcrumbList\",\"@id\":\"https:\/\/www.storevan.com\/fr\/amenagement-vehicules-utilitaires\/fourgons-volkswagen\/#breadcrumb\",\"itemListElement\":[{\"@type\":\"ListItem\",\"position\":1,\"name\":\"Home\",\"item\":\"https:\/\/www.storevan.com\/fr\/\"},{\"@type\":\"ListItem\",\"position\":2,\"name\":\"Am\u00e9nagement de v\u00e9hicule utilitaire\",\"item\":\"https:\/\/www.storevan.com\/fr\/amenagement-vehicules-utilitaires\/\"},{\"@type\":\"ListItem\",\"position\":3,\"name\":\"Volkswagen\"}]},{\"@type\":\"WebSite\",\"@id\":\"https:\/\/www.storevan.com\/pl\/#website\",\"url\":\"https:\/\/www.storevan.com\/pl\/\",\"name\":\"Store Van\",\"description\":\"Am\u00e9nagements fourgons\",\"potentialAction\":[{\"@type\":\"SearchAction\",\"target\":{\"@type\":\"EntryPoint\",\"urlTemplate\":\"https:\/\/www.storevan.com\/pl\/?s={search_term_string}\"},\"query-input\":\"required name=search_term_string\"}],\"inLanguage\":\"fr-FR\"}]}<\/script>\n<!-- \/ Yoast SEO plugin. -->","yoast_head_json":{"title":"Am\u00e9nagements fourgons Volkswagen","description":"Am\u00e9nagements des fourgons Volkswagen. Rev\u00eatements int\u00e9rieurs, porte-\u00e9chelles pour transporter un chargement en toute s\u00e9curit\u00e9 sur le toit du fourgon.","robots":{"index":"index","follow":"follow","max-snippet":"max-snippet:-1","max-image-preview":"max-image-preview:large","max-video-preview":"max-video-preview:-1"},"canonical":"https:\/\/www.storevan.com\/fr\/amenagement-vehicules-utilitaires\/fourgons-volkswagen\/","og_locale":"fr_FR","og_type":"article","og_title":"Am\u00e9nagements fourgons Volkswagen","og_description":"Am\u00e9nagements des fourgons Volkswagen. Rev\u00eatements int\u00e9rieurs, porte-\u00e9chelles pour transporter un chargement en toute s\u00e9curit\u00e9 sur le toit du fourgon.","og_url":"https:\/\/www.storevan.com\/fr\/amenagement-vehicules-utilitaires\/fourgons-volkswagen\/","og_site_name":"Store Van","article_modified_time":"2022-09-29T11:43:58+00:00","og_image":[{"url":"https:\/\/www.storevan.com\/wp-content\/uploads\/2017\/01\/HOME13-Allestimenti-VOLKSWAGEN.png"}],"twitter_misc":{"Dur\u00e9e de lecture estim\u00e9e":"3 minutes"},"schema":{"@context":"https:\/\/schema.org","@graph":[{"@type":"WebPage","@id":"https:\/\/www.storevan.com\/fr\/amenagement-vehicules-utilitaires\/fourgons-volkswagen\/","url":"https:\/\/www.storevan.com\/fr\/amenagement-vehicules-utilitaires\/fourgons-volkswagen\/","name":"Am\u00e9nagements fourgons Volkswagen","isPartOf":{"@id":"https:\/\/www.storevan.com\/pl\/#website"},"datePublished":"2015-12-14T09:12:12+00:00","dateModified":"2022-09-29T11:43:58+00:00","description":"Am\u00e9nagements des fourgons Volkswagen. Rev\u00eatements int\u00e9rieurs, porte-\u00e9chelles pour transporter un chargement en toute s\u00e9curit\u00e9 sur le toit du fourgon.","breadcrumb":{"@id":"https:\/\/www.storevan.com\/fr\/amenagement-vehicules-utilitaires\/fourgons-volkswagen\/#breadcrumb"},"inLanguage":"fr-FR","potentialAction":[{"@type":"ReadAction","target":["https:\/\/www.storevan.com\/fr\/amenagement-vehicules-utilitaires\/fourgons-volkswagen\/"]}]},{"@type":"BreadcrumbList","@id":"https:\/\/www.storevan.com\/fr\/amenagement-vehicules-utilitaires\/fourgons-volkswagen\/#breadcrumb","itemListElement":[{"@type":"ListItem","position":1,"name":"Home","item":"https:\/\/www.storevan.com\/fr\/"},{"@type":"ListItem","position":2,"name":"Am\u00e9nagement de v\u00e9hicule utilitaire","item":"https:\/\/www.storevan.com\/fr\/amenagement-vehicules-utilitaires\/"},{"@type":"ListItem","position":3,"name":"Volkswagen"}]},{"@type":"WebSite","@id":"https:\/\/www.storevan.com\/pl\/#website","url":"https:\/\/www.storevan.com\/pl\/","name":"Store Van","description":"Am\u00e9nagements fourgons","potentialAction":[{"@type":"SearchAction","target":{"@type":"EntryPoint","urlTemplate":"https:\/\/www.storevan.com\/pl\/?s={search_term_string}"},"query-input":"required name=search_term_string"}],"inLanguage":"fr-FR"}]}},"_links":{"self":[{"href":"https:\/\/www.storevan.com\/fr\/wp-json\/wp\/v2\/pages\/26233"}],"collection":[{"href":"https:\/\/www.storevan.com\/fr\/wp-json\/wp\/v2\/pages"}],"about":[{"href":"https:\/\/www.storevan.com\/fr\/wp-json\/wp\/v2\/types\/page"}],"author":[{"embeddable":true,"href":"https:\/\/www.storevan.com\/fr\/wp-json\/wp\/v2\/users\/470"}],"replies":[{"embeddable":true,"href":"https:\/\/www.storevan.com\/fr\/wp-json\/wp\/v2\/comments?post=26233"}],"version-history":[{"count":7,"href":"https:\/\/www.storevan.com\/fr\/wp-json\/wp\/v2\/pages\/26233\/revisions"}],"predecessor-version":[{"id":149249,"href":"https:\/\/www.storevan.com\/fr\/wp-json\/wp\/v2\/pages\/26233\/revisions\/149249"}],"up":[{"embeddable":true,"href":"https:\/\/www.storevan.com\/fr\/wp-json\/wp\/v2\/pages\/26069"}],"wp:attachment":[{"href":"https:\/\/www.storevan.com\/fr\/wp-json\/wp\/v2\/media?parent=26233"}],"curies":[{"name":"wp","href":"https:\/\/api.w.org\/{rel}","templated":true}]}}