{"id":26153,"date":"2015-12-09T15:58:48","date_gmt":"2015-12-09T14:58:48","guid":{"rendered":"https:\/\/www.storevan.com\/fr\/allestimenti-veicoli-commerciali\/furgoni-opel\/combo\/"},"modified":"2022-07-27T08:06:13","modified_gmt":"2022-07-27T08:06:13","slug":"combo","status":"publish","type":"page","link":"https:\/\/www.storevan.com\/fr\/amenagement-vehicules-utilitaires\/fourgons-opel\/combo\/","title":{"rendered":"Combo"},"content":{"rendered":"<h1 class=\"customblackTitleSmall\">Am\u00e9nagements fourgons Opel Combo 2018<\/h1>\n<h2>Solutions d\u2019am\u00e9nagement Combo avec planchers, rev\u00eatements int\u00e9rieurs et rayonnages<\/h2>\n<div class=\"borderTitle\"><\/div>\n<p>Apportez la robustesse des <strong>am\u00e9nagements<\/strong> pour<strong> v\u00e9hicules utilitaires<\/strong> Store Van dans votre <strong>fourgon Opel Combo<\/strong>. Chaque \u00e9l\u00e9ment de notre atelier mobile est produit en t\u00f4le recuite par galvanisation et soumise \u00e0 un traitement de peinture par cataphor\u00e8se, le mat\u00e9riau le plus r\u00e9sistant \u00e0 la corrosion actuellement disponible sur le march\u00e9. Store Van est en effet le seul producteur au monde \u00e0 utiliser cette technologie qui consiste \u00e0 \u00e9paissir la t\u00f4le avec une couche uniforme de r\u00e9sine acrylique appliqu\u00e9e \u00e0 la surface.<\/p>\n<h3 class=\"customblackTitleExtraSmall\">SOLUTIONS D\u2019AM\u00c9NAGEMENT:<\/h3>\n<section id=\"imgSlide\" class=\"regular sliderSV\">\n<div>\n<div class=\"txtBlue\">SAFETY<\/div>\n<div class=\"ts-gallery\"><a title=\"Am\u00e9nagements int\u00e9rieurs Safety pour fourgon Combo\" href=\"https:\/\/www.storevan.com\/wp-content\/uploads\/veicoli\/pianali-pannellature\/allestimenti-furgoni-piccoli-Safety.jpg\"><img decoding=\"async\" loading=\"lazy\" class=\"alignnone wp-image-62780 size-medium\" src=\"https:\/\/www.storevan.com\/wp-content\/uploads\/veicoli\/pianali-pannellature\/allestimenti-furgoni-piccoli-Safety-300x171.jpg\" alt=\"Safety, l'am\u00e9nagement pour fourgons Opel Combo\" width=\"300\" height=\"280\" \/><\/a><\/div>\n<h3 class=\"bigTxt\">Rayonnages avec arrimage des charges de s\u00e9rie<\/h3>\n<div class=\"borderTitle\"><\/div>\n<p>Exemples d&rsquo;am\u00e9nagements:<\/p>\n<p><a title=\"Am\u00e9nagements int\u00e9rieurs Safety pour fourgon Combo L1 H1\" href=\"https:\/\/www.storevan.com\/fr\/amenagements-fourgon\/combo-l1h1-s\/\"><strong>L1 H1<\/strong> (Empattement 2785 mm)<\/a><br \/>\n<a title=\"Am\u00e9nagements int\u00e9rieurs Safety pour fourgon Combo L2 H1\" href=\"https:\/\/www.storevan.com\/fr\/amenagements-fourgon\/combo-l2h1-s\/\"><strong>L2 H1<\/strong> (Empattement 2975 mm)<\/a><\/p>\n<\/div>\n<div>\n<div class=\"txtBlue\">PROFESSIONAL<\/div>\n<div class=\"ts-gallery\"><a title=\"Am\u00e9nagements int\u00e9rieurs Professional pour fourgon Combo\" href=\"https:\/\/www.storevan.com\/wp-content\/uploads\/veicoli\/pianali-pannellature\/scaffalature-per-furgone-piccolo-Professional.jpg\"><img decoding=\"async\" loading=\"lazy\" class=\"alignnone wp-image-62786 size-medium\" src=\"https:\/\/www.storevan.com\/wp-content\/uploads\/veicoli\/pianali-pannellature\/scaffalature-per-furgone-piccolo-Professional-300x171.jpg\" alt=\"Professional, l'am\u00e9nagement pour fourgons Opel Combo\" width=\"300\" height=\"280\" \/><\/a><\/div>\n<h3 class=\"bigTxt\">Rayonnages avec syst\u00e8mes de maintien Airline suppl\u00e9mentaires<\/h3>\n<div class=\"borderTitle\"><\/div>\n<p>Exemples d&rsquo;am\u00e9nagements:<\/p>\n<p><a title=\"Am\u00e9nagement professional pour Combo L1 H1\" href=\"https:\/\/www.storevan.com\/fr\/amenagements-fourgon\/combo-l1h1-p\/\"><strong>L1 H1<\/strong> (Empattement 2785 mm)<\/a><br \/>\n<a title=\"Am\u00e9nagement professional pour Combo L2 H1\" href=\"https:\/\/www.storevan.com\/fr\/amenagements-fourgon\/combo-l2h1-p\/\"><strong>L2 H1<\/strong> (Empattement 2975 mm)<\/a><\/p>\n<\/div>\n<div>\n<div class=\"txtBlue\">MOBILE<\/div>\n<div id=\"myGallery\" class=\"ts-gallery\"><a title=\"Am\u00e9nagements int\u00e9rieurs Mobile pour fourgon Combo\" href=\"https:\/\/www.storevan.com\/wp-content\/uploads\/veicoli\/pianali-pannellature\/allestimento-furgoni-piccoli-Mobile.jpg\"><img decoding=\"async\" loading=\"lazy\" class=\"alignnone wp-image-62792 size-medium\" src=\"https:\/\/www.storevan.com\/wp-content\/uploads\/veicoli\/pianali-pannellature\/allestimento-furgoni-piccoli-Mobile-300x171.jpg\" alt=\"Mobile, l'am\u00e9nagement pour fourgons Opel Combo\" width=\"300\" height=\"280\" \/><\/a><\/div>\n<h3 class=\"bigTxt\">Am\u00e9nagement compl\u00e9t\u00e9 avec des mallettes pour petites pi\u00e8ces et des chariots<\/h3>\n<div class=\"borderTitle\"><\/div>\n<p>Exemples d&rsquo;am\u00e9nagements:<\/p>\n<p><a title=\"Am\u00e9nagements Mobile pour L1 H1\" href=\"https:\/\/www.storevan.com\/fr\/amenagements-fourgon\/combo-l1h1-m\/\"><strong>L1 H1<\/strong> (Empattement 2785 mm)<\/a><br \/>\n<a title=\"Am\u00e9nagements Mobile pour L2 H1\" href=\"https:\/\/www.storevan.com\/fr\/amenagements-fourgon\/combo-l2h1-m\/\"><strong>L2 H1<\/strong> (Empattement 2975 mm)<\/a><\/p>\n<\/div>\n<div>\n<div class=\"txtBlue\">FLOOR UP<\/div>\n<div class=\"ts-gallery\"><a title=\"Am\u00e9nagements int\u00e9rieurs Floor Up pour fourgon Combo\" href=\"https:\/\/www.storevan.com\/wp-content\/uploads\/veicoli\/pianali-pannellature\/pianale-rialzato-con-cassetti-Floor-up.jpg\"><img decoding=\"async\" loading=\"lazy\" class=\"alignnone size-medium wp-image-63523\" src=\"https:\/\/www.storevan.com\/wp-content\/uploads\/veicoli\/pianali-pannellature\/pianale-rialzato-con-cassetti-Floor-up-300x171.jpg\" alt=\"Floor Up, l'am\u00e9nagement pour fourgons Opel Combo\" width=\"300\" height=\"280\" \/><\/a><\/div>\n<h3 class=\"bigTxt\">Solution avec des tiroirs sous le plancher et des rayonnages pour fourgons de petite taille et de taille moyenne<\/h3>\n<div class=\"borderTitle\"><\/div>\n<p>Exemples d&rsquo;am\u00e9nagements:<\/p>\n<p><a title=\"Floor Up, am\u00e9nagement Combo L1 H1\" href=\"https:\/\/www.storevan.com\/fr\/amenagements-fourgon\/combo-l1h1-f\/\"><strong>L1 H1<\/strong> (Empattement 2785 mm)<\/a><br \/>\n<a title=\"Floor Up, am\u00e9nagement Combo L2 H1\" href=\"https:\/\/www.storevan.com\/fr\/amenagements-fourgon\/combo-l2h1-f\/\"><strong>L2 H1<\/strong> (Empattement 2975 mm)<\/a><\/p>\n<\/div>\n<\/section>\n<hr class=\"noColor\" \/>\n<p class=\"btn btnLink\" > Cliquer ici pour en savoir plus sur les solutions <strong><a title=\"Solution d\u2019am\u00e9nagements Safety, Professional, Mobile\" href=\"https:\/\/www.storevan.com\/fr\/amenagements-interieurs-fourgons\/\"style=\"margin-right:0;\">SAFETY, PROFESSIONAL, MOBILE<\/a> e <a href=\"https:\/\/www.storevan.com\/fr\/produits\/plancher-deux-niveaux\/\" title=\"Floor Up, am\u00e9nagement pour fourgon\">FLOOR UP<\/a><\/strong><\/p>\n<hr class=\"noColor\"\/>\n<h3 class=\"bigTxt text-center txtGrey\">LA BASE POUR UNE PROTECTION S\u00dbRE DES V\u00c9HICULES<\/h3>\n<hr class=\"noColor\" \/>\n<div class=\"two_third\">\n<a title=\"Rev\u00eatement int\u00e9rieur et plancher pour Opel Combo\" href=\"https:\/\/www.storevan.com\/fr\/amenagement-vehicules-utilitaires\/fourgons-opel\/combo\/planchers-habillages\/\"><img decoding=\"async\" loading=\"lazy\" class=\"aligncenter size-full wp-image-64855\" src=\"https:\/\/www.storevan.com\/wp-content\/uploads\/veicoli\/pianali-pannellature\/pianali-furgone-rivestimento-interno.jpg\" alt=\"Rev\u00eatement int\u00e9rieur et plancher pour Opel Combo\" width=\"750\" height=\"600\" \/><\/a><\/p>\n<\/div><div class=\"one_third last\">\n<div class=\"boxBorder\">\n<h4 class=\"bigTxt blue hidden-xs\">PLANCHER COMBO ET REV\u00caTEMENT INT\u00c9RIEUR<\/h4>\n<div class=\"borderTitleCenter hidden-xs\"><\/div>\n<h5 class=\"hidden-xs\">Solutions certifi\u00e9 par T\u00dcV.<img decoding=\"async\" loading=\"lazy\" class=\"alignnone size-full wp-image-67766\" src=\"https:\/\/www.storevan.com\/wp-content\/uploads\/2018\/05\/logo-ISO9001.jpg\" alt=\"certifi\u00e9 par T\u00dcV\" width=\"50\" height=\"50\" srcset=\"https:\/\/www.storevan.com\/wp-content\/uploads\/2018\/05\/logo-ISO9001.jpg 120w, https:\/\/www.storevan.com\/wp-content\/uploads\/2018\/05\/logo-ISO9001-48x48.jpg 48w\" sizes=\"(max-width: 50px) 100vw, 50px\" \/><\/h5>\n<div class=\"borderTitleCenter hidden-xs\"><\/div>\n<hr class=\"noColor hidden-xs\" \/>\n<div class=\"ts-gallery hidden-xs\"><div class=\"one_half\">\n<a href=\"https:\/\/www.storevan.com\/wp-content\/uploads\/veicoli\/pianali-pannellature\/Dettaglio-pianale-per-furgone-con-punti-ancoraggio-verticali-e-orizzontali-150x150.jpg\"><img decoding=\"async\" loading=\"lazy\" class=\"alignnone wp-image-64379 size-thumbnail\" title=\"planchers et habillages pour Combo\" src=\"https:\/\/www.storevan.com\/wp-content\/uploads\/veicoli\/pianali-pannellature\/Dettaglio-pianale-per-furgone-con-punti-ancoraggio-verticali-e-orizzontali-150x150.jpg\" alt=\"planchers et habillages pour Combo\" width=\"150\" height=\"150\" \/><\/a><br \/>\n<\/div><div class=\"one_half last\">\n<a href=\"https:\/\/www.storevan.com\/wp-content\/uploads\/veicoli\/pianali-pannellature\/allestimento-per-furgone-con-pianale-wood-floor-150x150.jpg\"><img decoding=\"async\" loading=\"lazy\" class=\"alignnone wp-image-64448 size-thumbnail\" title=\"planchers et habillages\" src=\"https:\/\/www.storevan.com\/wp-content\/uploads\/veicoli\/pianali-pannellature\/allestimento-per-furgone-con-pianale-wood-floor-150x150.jpg\" alt=\"Planchers et habillages\" width=\"150\" height=\"150\" \/><\/a><br \/>\n<\/div><div class=\"clearboth\"><\/div><div class=\"one_half\">\n<a href=\"https:\/\/www.storevan.com\/wp-content\/uploads\/veicoli\/pianali-pannellature\/guide-airline-soffitto-furgone-150x150.jpg\"><img decoding=\"async\" loading=\"lazy\" class=\"alignnone wp-image-64391 size-thumbnail\" title=\"planchers Safety Floor\" src=\"https:\/\/www.storevan.com\/wp-content\/uploads\/veicoli\/pianali-pannellature\/guide-airline-soffitto-furgone-150x150.jpg\" alt=\"planchers Safety Floor\" width=\"150\" height=\"150\" \/><\/a><br \/>\n<\/div><div class=\"one_half last\">\n<a href=\"https:\/\/www.storevan.com\/wp-content\/uploads\/veicoli\/pianali-pannellature\/pianale-per-furgone-con-barre-fermacarico-150x150.jpg\"><img decoding=\"async\" loading=\"lazy\" class=\"alignnone wp-image-64415 size-thumbnail\" title=\"planchers et habillages pour Combo\" src=\"https:\/\/www.storevan.com\/wp-content\/uploads\/veicoli\/pianali-pannellature\/pianale-per-furgone-con-barre-fermacarico-150x150.jpg\" alt=\"planchers et habillages pour Combo\" width=\"150\" height=\"150\" \/><\/a><br \/>\n<\/div><div class=\"clearboth\"><\/div><\/div>\n<div class=\"btnFullWidth\"><a class=\"btn btn-blue\" href=\"https:\/\/www.storevan.com\/fr\/amenagement-vehicules-utilitaires\/fourgons-opel\/combo\/planchers-habillages\/\">PLANCHERS ET HABILLAGES POUR COMBO <i class=\"fa fa-angle-double-right\"><\/i><\/a><\/div>\n<\/div>\n<\/div><div class=\"clearboth\"><\/div>\n<h3 class=\"bigTxt text-center txtGrey\">COMPL\u00c9TEZ L\u2019AM\u00c9NAGEMENT POUR COMBO AVEC<\/h3>\n<div class=\"two_third\">\n<img decoding=\"async\" loading=\"lazy\" class=\"aligncenter wp-image-66329 size-full\" src=\"https:\/\/www.storevan.com\/wp-content\/uploads\/veicoli\/pianali-pannellature\/portatutto-portascala-space-up.jpg\" alt=\"Des supports multifonctions et des porte-\u00e9chelles pour Combo\" width=\"745\" height=\"200\" \/><br \/>\n<\/div><div class=\"one_third last\">\n<h4 class=\"bigTxt blue\">DES SUPPORTS MULTIFONCTIONS ET DES PORTE-\u00c9CHELLES POUR COMBO<\/h4>\n<div class=\"borderTitle\"><\/div>\n<p>Quand le mat\u00e9riel et les outillages transport\u00e9s sont \u00e0 l\u2019\u00e9troit dans votre fourgon, vous pouvez leur faire de la place gr\u00e2ce au plancher \u00e0 deux niveaux Store Van.<\/p>\n<p><a class=\"btn btn-blue\" title=\"Supports multifonctions et porte-\u00e9chelles pour Combo\" href=\"https:\/\/www.storevan.com\/fr\/amenagement-vehicules-utilitaires\/fourgons-opel\/combo\/porte-tout-porte-echelles\/\">D\u00c9COUVREZ LES SUPPORTS MULTIFONCTIONS ET LES PORTE-\u00c9CHELLES POUR COMBO<\/a><br \/>\n<\/div><div class=\"clearboth\"><\/div>\n<hr class=\"noColor\" \/>\n<div class=\"break\"><\/div>\n<hr class=\"noColor\" \/>\n<p><a name=\"formconttatto\"><\/a><\/p>\n<div class=\"col-xs-12 col-sm-12 col-md-4\">\n<div class=\"text-center\"><a class=\"btn btn-download\" href=\"tel:+390424585455\"><i class=\"fa fa-phone\"><\/i> <span class=\"spanBtn\">Appelez-nous<\/span><br \/>\npour toute information<\/a><\/div>\n<\/div>\n<div class=\"col-xs-12 col-sm-12 col-md-4\">\n<div class=\"text-center\"><a class=\"btn btn-download\" href=\"#formconttatto\"><i class=\"fa fa-envelope\"><\/i> <span class=\"spanBtn\">\u00c9crivez-nous<\/span><br \/>\nvous serez recontact\u00e9s<\/a><\/div>\n<\/div>\n<div class=\"col-xs-12 col-sm-12 col-md-4\">\n<div class=\"text-center\"><a class=\"btn btn-download\" href=\"https:\/\/www.storevan.com\/wp-content\/uploads\/doc\/OPEL_COMBO_2018_Allestimenti_Amenagements_StoreVan_itfr.pdf\" target=\"_blank\" rel=\"noopener noreferrer\"><i class=\"fa fa-download\"><\/i> <span class=\"spanBtn\">T\u00e9l\u00e9chargement<\/span><br \/>\nCATALOGUE COMBO<\/a><\/div>\n<\/div>\n<div class=\"break\"><\/div>\n<hr class=\"noColor\" \/>\n<hr \/>\n<h4 class=\"bigTxt text-center txtBkOrange\"><i class=\"fa fa-envelope pull-left\"><\/i>VOULEZ-VOUS EN SAVOIR PLUS?<\/h4>\n\n<div class=\"wpcf7 no-js\" id=\"wpcf7-f67673-o1\" lang=\"it-IT\" dir=\"ltr\">\n<div class=\"screen-reader-response\"><p role=\"status\" aria-live=\"polite\" aria-atomic=\"true\"><\/p> <ul><\/ul><\/div>\n<form action=\"\/fr\/wp-json\/wp\/v2\/pages\/26153#wpcf7-f67673-o1\" method=\"post\" class=\"wpcf7-form init\" aria-label=\"Modulo di contatto\" novalidate=\"novalidate\" data-status=\"init\">\n<div style=\"display: none;\">\n<input type=\"hidden\" name=\"_wpcf7\" value=\"67673\" \/>\n<input type=\"hidden\" name=\"_wpcf7_version\" value=\"5.7.7\" \/>\n<input type=\"hidden\" name=\"_wpcf7_locale\" value=\"it_IT\" \/>\n<input type=\"hidden\" name=\"_wpcf7_unit_tag\" value=\"wpcf7-f67673-o1\" \/>\n<input type=\"hidden\" name=\"_wpcf7_container_post\" value=\"0\" \/>\n<input type=\"hidden\" name=\"_wpcf7_posted_data_hash\" value=\"\" \/>\n<input type=\"hidden\" name=\"_wpcf7_recaptcha_response\" value=\"\" \/>\n<\/div>\n<span class=\"wpcf7-form-control-wrap url\" data-name=\"url\"><input type=\"hidden\" name=\"url\" size=\"40\" class=\"wpcf7-form-control wpcf7-hidden wpcf7dtx wpcf7dtx-hidden\" aria-invalid=\"false\" value=\"combo\" autocomplete=\"off\" \/><\/span>\n<p>Pour plus d'informations, remplissez les champs suivants. L'un de nos op\u00e9rateurs vous recontactera dans les plus brefs d\u00e9lais (* champs obligatoires):\n<\/p>\n<div class=\"col-xs-12 col-md-6\">\n\t<p><span class='titoli'>Pr\u00e9nom (*)<\/span>\n\t<\/p>\n\t<p><span class=\"wpcf7-form-control-wrap\" data-name=\"your-name\"><input size=\"40\" class=\"wpcf7-form-control wpcf7-text wpcf7-validates-as-required form-control\" aria-required=\"true\" aria-invalid=\"false\" value=\"\" type=\"text\" name=\"your-name\" \/><\/span>\n\t<\/p>\n<\/div>\n<div class=\"col-xs-12 col-md-6\">\n\t<p><span class='titoli'>Nom (*)<\/span>\n\t<\/p>\n\t<p><span class=\"wpcf7-form-control-wrap\" data-name=\"your-last-name\"><input size=\"40\" class=\"wpcf7-form-control wpcf7-text wpcf7-validates-as-required form-control\" aria-required=\"true\" aria-invalid=\"false\" value=\"\" type=\"text\" name=\"your-last-name\" \/><\/span>\n\t<\/p>\n<\/div>\n<div class=\"col-xs-12 col-md-6\">\n\t<p><span class='titoli'>Entreprise (*)<\/span>\n\t<\/p>\n\t<p><span class=\"wpcf7-form-control-wrap\" data-name=\"your-company\"><input size=\"40\" class=\"wpcf7-form-control wpcf7-text wpcf7-validates-as-required form-control\" aria-required=\"true\" aria-invalid=\"false\" value=\"\" type=\"text\" name=\"your-company\" \/><\/span>\n\t<\/p>\n<\/div>\n<div class=\"col-xs-12 col-md-6\">\n\t<p><span class='titoli'>TVA<\/span>\n\t<\/p>\n\t<p><span class=\"wpcf7-form-control-wrap\" data-name=\"p-iva\"><input size=\"40\" class=\"wpcf7-form-control wpcf7-text form-control\" aria-invalid=\"false\" value=\"\" type=\"text\" name=\"p-iva\" \/><\/span>\n\t<\/p>\n<\/div>\n<div class=\"clearboth\">\n<\/div>\n<div class=\"col-xs-12 col-md-4\">\n\t<p><span class='titoli'>Code Postal (*)<\/span>\n\t<\/p>\n\t<p><span class=\"wpcf7-form-control-wrap\" data-name=\"your-zip-code\"><input size=\"40\" class=\"wpcf7-form-control wpcf7-text wpcf7-validates-as-required form-control\" aria-required=\"true\" aria-invalid=\"false\" value=\"\" type=\"text\" name=\"your-zip-code\" \/><\/span>\n\t<\/p>\n<\/div>\n<div class=\"col-xs-12 col-md-4\">\n\t<p><span class='titoli'>Adresse (*)<\/span>\n\t<\/p>\n\t<p><span class=\"wpcf7-form-control-wrap\" data-name=\"your-address\"><input size=\"40\" class=\"wpcf7-form-control wpcf7-text wpcf7-validates-as-required form-control\" aria-required=\"true\" aria-invalid=\"false\" value=\"\" type=\"text\" name=\"your-address\" \/><\/span>\n\t<\/p>\n<\/div>\n<div class=\"col-xs-12 col-md-4\">\n\t<p><span class='titoli'>Ville (*)<\/span>\n\t<\/p>\n\t<p><span class=\"wpcf7-form-control-wrap\" data-name=\"your-Town\"><input size=\"40\" class=\"wpcf7-form-control wpcf7-text wpcf7-validates-as-required form-control\" aria-required=\"true\" aria-invalid=\"false\" value=\"\" type=\"text\" name=\"your-Town\" \/><\/span>\n\t<\/p>\n<\/div>\n<div class=\"clearboth\">\n<\/div>\n<div class=\"col-xs-12 col-md-6\">\n\t<p><span class='titoli'>email (*)<\/span>\n\t<\/p>\n\t<p><span class=\"wpcf7-form-control-wrap\" data-name=\"your-email\"><input size=\"40\" class=\"wpcf7-form-control wpcf7-text wpcf7-email wpcf7-validates-as-required wpcf7-validates-as-email form-control\" aria-required=\"true\" aria-invalid=\"false\" value=\"\" type=\"email\" name=\"your-email\" \/><\/span>\n\t<\/p>\n<\/div>\n<div class=\"col-xs-12 col-md-6\">\n\t<p><span class='titoli'>T\u00e9l\u00e9phone (*)<\/span>\n\t<\/p>\n\t<p><span class=\"wpcf7-form-control-wrap\" data-name=\"telefono\"><input size=\"40\" class=\"wpcf7-form-control wpcf7-text wpcf7-tel wpcf7-validates-as-required wpcf7-validates-as-tel form-control\" aria-required=\"true\" aria-invalid=\"false\" value=\"\" type=\"tel\" name=\"telefono\" \/><\/span>\n\t<\/p>\n<\/div>\n<div class=\"clearboth\">\n<\/div>\n<div class=\"col-xs-12 col-md-6\">\n\t<p><span class='titoli'>Objet <\/span>\n\t<\/p>\n\t<p><span class=\"wpcf7-form-control-wrap\" data-name=\"oggetto\"><select class=\"wpcf7-form-control wpcf7-select wpcf7-validates-as-required\" aria-required=\"true\" aria-invalid=\"false\" name=\"oggetto\"><option value=\"Citation\">Citation<\/option><option value=\"Information technique\">Information technique<\/option><option value=\"Rendez-vous\">Rendez-vous<\/option><\/select><\/span>\n\t<\/p>\n<\/div>\n<div class=\"col-xs-12 col-md-6\">\n\t<p><br \/>\n<span class=\"titoli\"> <span class=\"wpcf7-form-control-wrap\" data-name=\"cliente\"><span class=\"wpcf7-form-control wpcf7-checkbox\"><span class=\"wpcf7-list-item first last\"><label><span class=\"wpcf7-list-item-label\">Je suis d\u00e9j\u00e0 client<\/span><input type=\"checkbox\" name=\"cliente[]\" value=\"Je suis d\u00e9j\u00e0 client\" \/><\/label><\/span><\/span><\/span><\/span>\n\t<\/p>\n<\/div>\n<div class=\"col-xs-12 col-md-12\">\n\t<p><span class='titoli'>Message (*)<\/span>\n\t<\/p>\n\t<p><span class=\"wpcf7-form-control-wrap\" data-name=\"your-message\"><textarea cols=\"40\" rows=\"10\" class=\"wpcf7-form-control wpcf7-textarea wpcf7-validates-as-required form-control\" aria-required=\"true\" aria-invalid=\"false\" name=\"your-message\"><\/textarea><\/span>\n\t<\/p>\n<\/div>\n<div class=\"col-xs-12 col-md-12\">\n\t<p><small>Les donn\u00e9es saisies seront trait\u00e9es de mani\u00e8re strictement confidentielle conform\u00e9ment \u00e0 la loi et \u00e0 notre <a href=\"https:\/\/www.storevan.com\/fr\/privacy-policy\/\">politique de confidentialit\u00e9<\/a>.<\/small>\n\t<\/p>\n\t<p><span class=\"wpcf7-form-control-wrap\" data-name=\"AccettazionePrivacy\"><span class=\"wpcf7-form-control wpcf7-acceptance\"><span class=\"wpcf7-list-item\"><input type=\"checkbox\" name=\"AccettazionePrivacy\" value=\"1\" aria-invalid=\"false\" \/><\/span><\/span><\/span> Je d\u00e9clare avoir pris connaissance de la Note Informative sur les <a href=\"https:\/\/www.storevan.com\/fr\/privacy-policy\/\">Note Informative sur les Informations priv\u00e9es<\/a> et j\u2019autorise au traitement de mes donn\u00e9es personnelles en conformit\u00e9 avec ce qui y est \u00e9crit. (*)<br \/>\n\t<span class=\"wpcf7-form-control-wrap recaptcha\" data-name=\"recaptcha\"><span data-sitekey=\"6LdfM4AUAAAAAJjsAucux5WVNA3hsk5KP0a03T_n\" class=\"wpcf7-form-control g-recaptcha wpcf7-recaptcha\"><\/span>\r\n<noscript>\r\n\t<div class=\"grecaptcha-noscript\">\r\n\t\t<iframe src=\"https:\/\/www.google.com\/recaptcha\/api\/fallback?k=6LdfM4AUAAAAAJjsAucux5WVNA3hsk5KP0a03T_n\" frameborder=\"0\" scrolling=\"no\" width=\"310\" height=\"430\">\r\n\t\t<\/iframe>\r\n\t\t<textarea name=\"g-recaptcha-response\" rows=\"3\" cols=\"40\" placeholder=\"reCaptcha Response Here\">\r\n\t\t<\/textarea>\r\n\t<\/div>\r\n<\/noscript>\r\n<\/span>\n\t<\/p>\n<\/div>\n<hr class=\"noColor\" \/>\n<p><input class=\"wpcf7-form-control has-spinner wpcf7-submit\" type=\"submit\" value=\"Envoi\" \/>\n<\/p><div class=\"wpcf7-response-output\" aria-hidden=\"true\"><\/div>\n<\/form>\n<\/div>\n\n","protected":false},"excerpt":{"rendered":"<p>Am\u00e9nagements fourgons Opel Combo 2018 Solutions d\u2019am\u00e9nagement Combo avec planchers, rev\u00eatements int\u00e9rieurs et rayonnages Apportez la robustesse des am\u00e9nagements pour v\u00e9hicules utilitaires Store Van dans votre fourgon Opel Combo. Chaque.<\/p>\n","protected":false},"author":470,"featured_media":0,"parent":26151,"menu_order":0,"comment_status":"closed","ping_status":"closed","template":"pageSlider.php","meta":[],"acf":[],"yoast_head":"<!-- This site is optimized with the Yoast SEO plugin v20.11 - https:\/\/yoast.com\/wordpress\/plugins\/seo\/ -->\n<title>Am\u00e9nagements fourgons Opel Combo<\/title>\n<meta name=\"description\" content=\"Contactez-nous sans engagement pour obtenir un devis personnalis\u00e9 pour l\u2019am\u00e9nagement de votre Opel Combo\" \/>\n<meta name=\"robots\" content=\"index, follow, max-snippet:-1, max-image-preview:large, max-video-preview:-1\" \/>\n<link rel=\"canonical\" href=\"https:\/\/www.storevan.com\/fr\/amenagement-vehicules-utilitaires\/fourgons-opel\/combo\/\" \/>\n<meta property=\"og:locale\" content=\"fr_FR\" \/>\n<meta property=\"og:type\" content=\"article\" \/>\n<meta property=\"og:title\" content=\"Am\u00e9nagements fourgons Opel Combo\" \/>\n<meta property=\"og:description\" content=\"Contactez-nous sans engagement pour obtenir un devis personnalis\u00e9 pour l\u2019am\u00e9nagement de votre Opel Combo\" \/>\n<meta property=\"og:url\" content=\"https:\/\/www.storevan.com\/fr\/amenagement-vehicules-utilitaires\/fourgons-opel\/combo\/\" \/>\n<meta property=\"og:site_name\" content=\"Store Van\" \/>\n<meta property=\"article:modified_time\" content=\"2022-07-27T08:06:13+00:00\" \/>\n<meta property=\"og:image\" content=\"https:\/\/www.storevan.com\/wp-content\/uploads\/veicoli\/pianali-pannellature\/allestimenti-furgoni-piccoli-Safety-300x171.jpg\" \/>\n<meta name=\"twitter:label1\" content=\"Dur\u00e9e de lecture estim\u00e9e\" \/>\n\t<meta name=\"twitter:data1\" content=\"2 minutes\" \/>\n<script type=\"application\/ld+json\" class=\"yoast-schema-graph\">{\"@context\":\"https:\/\/schema.org\",\"@graph\":[{\"@type\":\"WebPage\",\"@id\":\"https:\/\/www.storevan.com\/fr\/amenagement-vehicules-utilitaires\/fourgons-opel\/combo\/\",\"url\":\"https:\/\/www.storevan.com\/fr\/amenagement-vehicules-utilitaires\/fourgons-opel\/combo\/\",\"name\":\"Am\u00e9nagements fourgons Opel Combo\",\"isPartOf\":{\"@id\":\"https:\/\/www.storevan.com\/pl\/#website\"},\"datePublished\":\"2015-12-09T14:58:48+00:00\",\"dateModified\":\"2022-07-27T08:06:13+00:00\",\"description\":\"Contactez-nous sans engagement pour obtenir un devis personnalis\u00e9 pour l\u2019am\u00e9nagement de votre Opel Combo\",\"breadcrumb\":{\"@id\":\"https:\/\/www.storevan.com\/fr\/amenagement-vehicules-utilitaires\/fourgons-opel\/combo\/#breadcrumb\"},\"inLanguage\":\"fr-FR\",\"potentialAction\":[{\"@type\":\"ReadAction\",\"target\":[\"https:\/\/www.storevan.com\/fr\/amenagement-vehicules-utilitaires\/fourgons-opel\/combo\/\"]}]},{\"@type\":\"BreadcrumbList\",\"@id\":\"https:\/\/www.storevan.com\/fr\/amenagement-vehicules-utilitaires\/fourgons-opel\/combo\/#breadcrumb\",\"itemListElement\":[{\"@type\":\"ListItem\",\"position\":1,\"name\":\"Home\",\"item\":\"https:\/\/www.storevan.com\/fr\/\"},{\"@type\":\"ListItem\",\"position\":2,\"name\":\"Am\u00e9nagement de v\u00e9hicule utilitaire\",\"item\":\"https:\/\/www.storevan.com\/fr\/amenagement-vehicules-utilitaires\/\"},{\"@type\":\"ListItem\",\"position\":3,\"name\":\"Opel\",\"item\":\"https:\/\/www.storevan.com\/fr\/amenagement-vehicules-utilitaires\/fourgons-opel\/\"},{\"@type\":\"ListItem\",\"position\":4,\"name\":\"Combo\"}]},{\"@type\":\"WebSite\",\"@id\":\"https:\/\/www.storevan.com\/pl\/#website\",\"url\":\"https:\/\/www.storevan.com\/pl\/\",\"name\":\"Store Van\",\"description\":\"Am\u00e9nagements fourgons\",\"potentialAction\":[{\"@type\":\"SearchAction\",\"target\":{\"@type\":\"EntryPoint\",\"urlTemplate\":\"https:\/\/www.storevan.com\/pl\/?s={search_term_string}\"},\"query-input\":\"required name=search_term_string\"}],\"inLanguage\":\"fr-FR\"}]}<\/script>\n<!-- \/ Yoast SEO plugin. -->","yoast_head_json":{"title":"Am\u00e9nagements fourgons Opel Combo","description":"Contactez-nous sans engagement pour obtenir un devis personnalis\u00e9 pour l\u2019am\u00e9nagement de votre Opel Combo","robots":{"index":"index","follow":"follow","max-snippet":"max-snippet:-1","max-image-preview":"max-image-preview:large","max-video-preview":"max-video-preview:-1"},"canonical":"https:\/\/www.storevan.com\/fr\/amenagement-vehicules-utilitaires\/fourgons-opel\/combo\/","og_locale":"fr_FR","og_type":"article","og_title":"Am\u00e9nagements fourgons Opel Combo","og_description":"Contactez-nous sans engagement pour obtenir un devis personnalis\u00e9 pour l\u2019am\u00e9nagement de votre Opel Combo","og_url":"https:\/\/www.storevan.com\/fr\/amenagement-vehicules-utilitaires\/fourgons-opel\/combo\/","og_site_name":"Store Van","article_modified_time":"2022-07-27T08:06:13+00:00","og_image":[{"url":"https:\/\/www.storevan.com\/wp-content\/uploads\/veicoli\/pianali-pannellature\/allestimenti-furgoni-piccoli-Safety-300x171.jpg"}],"twitter_misc":{"Dur\u00e9e de lecture estim\u00e9e":"2 minutes"},"schema":{"@context":"https:\/\/schema.org","@graph":[{"@type":"WebPage","@id":"https:\/\/www.storevan.com\/fr\/amenagement-vehicules-utilitaires\/fourgons-opel\/combo\/","url":"https:\/\/www.storevan.com\/fr\/amenagement-vehicules-utilitaires\/fourgons-opel\/combo\/","name":"Am\u00e9nagements fourgons Opel Combo","isPartOf":{"@id":"https:\/\/www.storevan.com\/pl\/#website"},"datePublished":"2015-12-09T14:58:48+00:00","dateModified":"2022-07-27T08:06:13+00:00","description":"Contactez-nous sans engagement pour obtenir un devis personnalis\u00e9 pour l\u2019am\u00e9nagement de votre Opel Combo","breadcrumb":{"@id":"https:\/\/www.storevan.com\/fr\/amenagement-vehicules-utilitaires\/fourgons-opel\/combo\/#breadcrumb"},"inLanguage":"fr-FR","potentialAction":[{"@type":"ReadAction","target":["https:\/\/www.storevan.com\/fr\/amenagement-vehicules-utilitaires\/fourgons-opel\/combo\/"]}]},{"@type":"BreadcrumbList","@id":"https:\/\/www.storevan.com\/fr\/amenagement-vehicules-utilitaires\/fourgons-opel\/combo\/#breadcrumb","itemListElement":[{"@type":"ListItem","position":1,"name":"Home","item":"https:\/\/www.storevan.com\/fr\/"},{"@type":"ListItem","position":2,"name":"Am\u00e9nagement de v\u00e9hicule utilitaire","item":"https:\/\/www.storevan.com\/fr\/amenagement-vehicules-utilitaires\/"},{"@type":"ListItem","position":3,"name":"Opel","item":"https:\/\/www.storevan.com\/fr\/amenagement-vehicules-utilitaires\/fourgons-opel\/"},{"@type":"ListItem","position":4,"name":"Combo"}]},{"@type":"WebSite","@id":"https:\/\/www.storevan.com\/pl\/#website","url":"https:\/\/www.storevan.com\/pl\/","name":"Store Van","description":"Am\u00e9nagements fourgons","potentialAction":[{"@type":"SearchAction","target":{"@type":"EntryPoint","urlTemplate":"https:\/\/www.storevan.com\/pl\/?s={search_term_string}"},"query-input":"required name=search_term_string"}],"inLanguage":"fr-FR"}]}},"_links":{"self":[{"href":"https:\/\/www.storevan.com\/fr\/wp-json\/wp\/v2\/pages\/26153"}],"collection":[{"href":"https:\/\/www.storevan.com\/fr\/wp-json\/wp\/v2\/pages"}],"about":[{"href":"https:\/\/www.storevan.com\/fr\/wp-json\/wp\/v2\/types\/page"}],"author":[{"embeddable":true,"href":"https:\/\/www.storevan.com\/fr\/wp-json\/wp\/v2\/users\/470"}],"replies":[{"embeddable":true,"href":"https:\/\/www.storevan.com\/fr\/wp-json\/wp\/v2\/comments?post=26153"}],"version-history":[{"count":9,"href":"https:\/\/www.storevan.com\/fr\/wp-json\/wp\/v2\/pages\/26153\/revisions"}],"predecessor-version":[{"id":146949,"href":"https:\/\/www.storevan.com\/fr\/wp-json\/wp\/v2\/pages\/26153\/revisions\/146949"}],"up":[{"embeddable":true,"href":"https:\/\/www.storevan.com\/fr\/wp-json\/wp\/v2\/pages\/26151"}],"wp:attachment":[{"href":"https:\/\/www.storevan.com\/fr\/wp-json\/wp\/v2\/media?parent=26153"}],"curies":[{"name":"wp","href":"https:\/\/api.w.org\/{rel}","templated":true}]}}