{"id":26133,"date":"2016-03-14T11:21:39","date_gmt":"2016-03-14T10:21:39","guid":{"rendered":"https:\/\/www.storevan.com\/fr\/allestimenti-veicoli-commerciali\/furgoni-mercedes-benz\/sprinter\/pianali-pannellature\/"},"modified":"2021-11-02T14:25:02","modified_gmt":"2021-11-02T14:25:02","slug":"planchers-habillages","status":"publish","type":"page","link":"https:\/\/www.storevan.com\/fr\/amenagement-vehicules-utilitaires\/fourgons-mercedes-benz\/sprinter\/planchers-habillages\/","title":{"rendered":"Planchers et habillages"},"content":{"rendered":"<h1 class=\"customblackTitleSmall\">Planchers et habillages pour fourgons Mercedes-Benz Sprinter<\/h1>\n<p>Le grand nombre de combinaisons possibles entre les empattements, les longueurs et les hauteurs, conf\u00e8re \u00e0 la gamme <strong>Mercedes-Benz Sprinter<\/strong> le r\u00f4le de mod\u00e8le de r\u00e9f\u00e9rence en termes de capacit\u00e9 de <strong>transport<\/strong>, gr\u00e2ce \u00e0 des volumes d\u2019espace de chargement hors classe. Pour garantir une plus longue dur\u00e9e \u00e0 la carrosserie int\u00e9rieure, et \u00e9viter que l\u2019usure ne puisse d\u00e9t\u00e9riorer de mani\u00e8re pr\u00e9coce la peinture de protection de la t\u00f4le d\u2019origine, il est n\u00e9cessaire d\u2019appliquer les rev\u00eatements int\u00e9rieurs Store Van : <strong>panneaux<\/strong> en polypropyl\u00e8ne alv\u00e9olaire pour les parois et les portes et <strong>plancher<\/strong> en bois marin multiplis \u00e0 <strong>rev\u00eatement<\/strong> ph\u00e9nolique, con\u00e7u en fonction des arrimages d\u2019origine du v\u00e9hicule. Cette solution garantit la protection de l\u2019espace de chargement de votre fourgon en \u00e9vitant les attaques de rouille et la corrosion. Plancher et <strong>habillages<\/strong> pour v\u00e9hicule avec porte lat\u00e9rale droite et parois en t\u00f4le.<\/p>\n<hr class=\"noColor\" \/>\n<h3 class=\"bigTxt\">HABILLAGES ET REV\u00caTEMENT INT\u00c9RIEUR SPRINTER:<\/h3>\n<div class=\"txtBlue\">HONEYCOMB<\/div>\n<hr class=\"noColor\" \/>\n<div class=\"one_half\">\n<img decoding=\"async\" loading=\"lazy\" class=\"alignnone size-full wp-image-64515\" src=\"https:\/\/www.storevan.com\/wp-content\/uploads\/veicoli\/pianali-pannellature\/pannellature-per-furgoni-Ducato-honeycomb.jpg\" alt=\"Habillage Sprinter - Honeycomb\" width=\"625\" height=\"390\" \/><\/p>\n<div class=\"smallTxtGrey blue\">HONEYCOMB PANEL &#8211; A<\/div>\n<p>Habillage en polypropyl\u00e8ne pour:<br \/>\n&#8211; paroi lat\u00e9rale gauche<br \/>\n&#8211; paroi lat\u00e9rale droite et porte coulissante<\/p>\n<div class=\"smallTxtGrey blue\">HONEYCOMB PANEL &#8211; B<\/div>\n<p>Habillage en polypropyl\u00e8ne pour:<br \/>\n&#8211; partie inf\u00e9rieure des portes arri\u00e8re battantes<\/p>\n<div class=\"smallTxtGrey blue\">HONEYCOMB PANEL &#8211; C<\/div>\n<p>Habillage en polypropyl\u00e8ne pour :<br \/>\n&#8211; partie sup\u00e9rieure des portes arri\u00e8re battantes<\/p>\n<\/div><div class=\"one_half last\">\n<p>TABLEAU DES R\u00c9F\u00c9RENCES DES ARTICLES PAR MOD\u00c8LE:<\/p>\n<table class=\"table tableBorder\">\n<thead>\n<tr>\n<th class=\"txtBkOrange\" width=\"20%\">V\u00c9HICULE<\/th>\n<th class=\"txtGrey\" style=\"text-align: center;\" colspan=\"2\" rowspan=\"1\">HABILLAGE<\/th>\n<\/tr>\n<tr>\n<th><\/th>\n<th class=\"TESTO12biancoCX\" style=\"text-align: center;\" bgcolor=\"#8d8d8d\">A + B<\/th>\n<th class=\"TESTO12biancoCX\" style=\"text-align: center;\" bgcolor=\"#8d8d8d\">C<\/th>\n<\/tr>\n<tr>\n<th><\/th>\n<th style=\"text-align: center;\">ART.<\/th>\n<th style=\"text-align: center;\">ART.<\/th>\n<\/tr>\n<\/thead>\n<tbody>\n<tr class=\"border_bottomGrey\">\n<td style=\"vertical-align: middle;\" bgcolor=\"#f0f0f0\">Compacte, Toit Normal<sup>A<\/sup><\/td>\n<td style=\"text-align: center;\"><span class=\"blue\">F22 HP SP10H1 A1 01<\/span><br \/>\n<span class=\"TESTO12neroCX\">14,12 kg<\/span><\/td>\n<td style=\"text-align: center;\"><span class=\"blue\">F22 HP SPDRH1 A1 01<\/span><br \/>\n<span class=\"TESTO12neroCX\">2,16 kg<\/span><\/td>\n<\/tr>\n<tr class=\"border_bottomGrey\">\n<td style=\"vertical-align: middle;\" bgcolor=\"#f0f0f0\">Compacte, Toit Normal<sup>B<\/sup><\/td>\n<td style=\"text-align: center;\"><span class=\"blue\">F22 HP SP10H1 J1 01<\/span><br \/>\n<span class=\"TESTO12neroCX\">13,94 kg<\/span><\/td>\n<td style=\"text-align: center;\"><span class=\"blue\">F22 HP SPDRH1 A1 01<\/span><br \/>\n<span class=\"TESTO12neroCX\">2,16 kg<\/span><\/td>\n<\/tr>\n<tr class=\"border_bottomGrey\">\n<td style=\"vertical-align: middle;\" bgcolor=\"#f0f0f0\">Compacte, Toit Sur\u00e9lev\u00e9<sup>A<\/sup><\/td>\n<td style=\"text-align: center;\"><span class=\"blue\">F22 HP SP10H2 A1 01<\/span><br \/>\n<span class=\"TESTO12neroCX\">16,89 kg<\/span><\/td>\n<td style=\"text-align: center;\"><span class=\"blue\">F22 HP SPDRH2 A1 01<\/span><br \/>\n<span class=\"TESTO12neroCX\">2,51 kg<\/span><\/td>\n<\/tr>\n<tr class=\"border_bottomGrey\">\n<td style=\"vertical-align: middle;\" bgcolor=\"#f0f0f0\">Standard, Toit Normal<sup>A<\/sup><\/td>\n<td style=\"text-align: center;\"><span class=\"blue\">F22 HP SP20H1 A1 01<\/span><br \/>\n<span class=\"TESTO12neroCX\">18,01 kg<\/span><\/td>\n<td style=\"text-align: center;\"><span class=\"blue\">F22 HP SPDRH1 A1 01<\/span><br \/>\n<span class=\"TESTO12neroCX\">2,16 kg<\/span><\/td>\n<\/tr>\n<tr class=\"border_bottomGrey\">\n<td style=\"vertical-align: middle;\" bgcolor=\"#f0f0f0\">Standard, Toit Normal<sup>B<\/sup><\/td>\n<td style=\"text-align: center;\"><span class=\"blue\">F22 HP SP20H1 J1 01<\/span><br \/>\n<span class=\"TESTO12neroCX\">17,84 kg<\/span><\/td>\n<td style=\"text-align: center;\"><span class=\"blue\">F22 HP SPDRH1 A1 01<\/span><br \/>\n<span class=\"TESTO12neroCX\">2,16 kg<\/span><\/td>\n<\/tr>\n<tr class=\"border_bottomGrey\">\n<td style=\"vertical-align: middle;\" bgcolor=\"#f0f0f0\">Standard, Toit Sur\u00e9lev\u00e9<sup>A<\/sup><\/td>\n<td style=\"text-align: center;\"><span class=\"blue\">F22 HP SP20H2 A1 01<\/span><br \/>\n<span class=\"TESTO12neroCX\">24,08 kg<\/span><\/td>\n<td style=\"text-align: center;\"><span class=\"blue\">F22 HP SPDRH2 A1 01<\/span><br \/>\n<span class=\"TESTO12neroCX\">2,51 kg<\/span><\/td>\n<\/tr>\n<tr class=\"border_bottomGrey\">\n<td style=\"vertical-align: middle;\" bgcolor=\"#f0f0f0\">Standard, Toit Sur\u00e9lev\u00e9<sup>B\/C<\/sup><\/td>\n<td style=\"text-align: center;\"><span class=\"blue\">F22 HP SP20H2 J1 01<\/span><br \/>\n<span class=\"TESTO12neroCX\">22,27 kg<\/span><\/td>\n<td style=\"text-align: center;\"><span class=\"blue\">F22 HP SPDRH2 A1 01<\/span><br \/>\n<span class=\"TESTO12neroCX\">2,51 kg<\/span><\/td>\n<\/tr>\n<tr class=\"border_bottomGrey\">\n<td style=\"vertical-align: middle;\" bgcolor=\"#f0f0f0\">Longue, Toit Sur\u00e9lev\u00e9\/Super Sur\u00e9lev\u00e9<sup>B\/C<\/sup><\/td>\n<td style=\"text-align: center;\"><span class=\"blue\">F22 HP SP30H2 J1 01<\/span><br \/>\n<span class=\"TESTO12neroCX\">29,31 kg<\/span><\/td>\n<td style=\"text-align: center;\"><span class=\"blue\">F22 HP SPDRH2 A1 01<\/span><br \/>\n<span class=\"TESTO12neroCX\">2,51 kg<\/span><\/td>\n<\/tr>\n<tr class=\"border_bottomGrey\">\n<td style=\"vertical-align: middle;\" bgcolor=\"#f0f0f0\">Extra-longue, Toit Sur\u00e9lev\u00e9\/Super Sur\u00e9lev\u00e9<sup>B\/C<\/sup><\/td>\n<td style=\"text-align: center;\"><span class=\"blue\">F22 HP SP3LH2 J1 01<\/span><br \/>\n<span class=\"TESTO12neroCX\">32,15 kg<\/span><\/td>\n<td style=\"text-align: center;\"><span class=\"blue\">F22 HP SPDRH2 A1 01<\/span><br \/>\n<span class=\"TESTO12neroCX\">2,51 kg<\/span><\/td>\n<\/tr>\n<\/tbody>\n<\/table>\n<p><sup>A<\/sup> Traction, roues individuelles<br \/>\n<sup>B<\/sup> Propulsion, roues individuelles<br \/>\n<sup>C<\/sup> Propulsion, roues jumel\u00e9es<\/p>\n<\/div><div class=\"clearboth\"><\/div>\n<div class=\"txtBlue\">ALUMINIUM PANEL<\/div>\n<hr class=\"noColor\" \/>\n<div class=\"one_half\">\n<img decoding=\"async\" loading=\"lazy\" class=\"alignnone size-full wp-image-64515\" src=\"https:\/\/www.storevan.com\/wp-content\/uploads\/veicoli\/pianali-pannellature\/pannellature-per-furgoni-Ducato-alluminio.jpg\" alt=\"Pannellature per Sprinter - Honeycomb\" width=\"738\" height=\"438\" \/><\/p>\n<div class=\"smallTxtGrey blue\">ALUMINIUM PANEL &#8211; A<\/div>\n<p>Panneaux en aluminium pour:<br \/>\n&#8211; paroi lat\u00e9rale gauche<br \/>\n&#8211; paroi lat\u00e9rale droite et porte coulissante<\/p>\n<div class=\"smallTxtGrey blue\">ALUMINIUM PANEL &#8211; B<\/div>\n<p>Panneaux en aluminium pour:<br \/>\n&#8211; partie inf\u00e9rieure des portes arri\u00e8re battantes<\/p>\n<div class=\"smallTxtGrey blue\">ALUMINIUM PANEL &#8211; C<\/div>\n<p>Panneaux en aluminium pour:<br \/>\n&#8211; partie sup\u00e9rieure des portes arri\u00e8re battantes<\/p>\n<\/div><div class=\"one_half last\">\n<p>TABLEAU DES R\u00c9F\u00c9RENCES DES ARTICLES PAR MOD\u00c8LE:<\/p>\n<table class=\"table tableBorder\">\n<thead>\n<tr>\n<th class=\"txtBkOrange\" width=\"20%\">V\u00c9HICULE<\/th>\n<th class=\"txtGrey\" style=\"text-align: center;\" colspan=\"2\" rowspan=\"1\">PANNEAUX EN ALUMINIUM<\/th>\n<\/tr>\n<tr>\n<th><\/th>\n<th class=\"TESTO12biancoCX\" style=\"text-align: center;\" bgcolor=\"#8d8d8d\">A + B<\/th>\n<th class=\"TESTO12biancoCX\" style=\"text-align: center;\" bgcolor=\"#8d8d8d\">C<\/th>\n<\/tr>\n<tr>\n<th><\/th>\n<th style=\"text-align: center;\">ART.<\/th>\n<th style=\"text-align: center;\">ART.<\/th>\n<\/tr>\n<\/thead>\n<tbody>\n<tr class=\"border_bottomGrey\">\n<td style=\"vertical-align: middle;\" bgcolor=\"#f0f0f0\">Compacte, Toit Normal<sup>A<\/sup><\/td>\n<td style=\"text-align: center;\"><span class=\"blue\">F22 AP SP10H1 A1 00<\/span><br \/>\n<span class=\"TESTO12neroCX\">24,44 kg<\/span><\/td>\n<td style=\"text-align: center;\"><span class=\"blue\">F22 AP SPDRH1 A1 00<\/span><br \/>\n<span class=\"TESTO12neroCX\">3,70 kg<\/span><\/td>\n<\/tr>\n<tr class=\"border_bottomGrey\">\n<td style=\"vertical-align: middle;\" bgcolor=\"#f0f0f0\">Compacte, Toit Normal<sup>B<\/sup><\/td>\n<td style=\"text-align: center;\"><span class=\"blue\">F22 AP SP10H1 J1 00<\/span><br \/>\n<span class=\"TESTO12neroCX\">24,16 kg<\/span><\/td>\n<td style=\"text-align: center;\"><span class=\"blue\">F22 AP SPDRH1 A1 00<\/span><br \/>\n<span class=\"TESTO12neroCX\">3,70 kg<\/span><\/td>\n<\/tr>\n<tr class=\"border_bottomGrey\">\n<td style=\"vertical-align: middle;\" bgcolor=\"#f0f0f0\">Compacte, Toit Sur\u00e9lev\u00e9<sup>A<\/sup><\/td>\n<td style=\"text-align: center;\"><span class=\"blue\">F22 AP SP10H2 A1 00<\/span><br \/>\n<span class=\"TESTO12neroCX\">28,92 kg<\/span><\/td>\n<td style=\"text-align: center;\"><span class=\"blue\">F22 AP SPDRH2 A1 00<\/span><br \/>\n<span class=\"TESTO12neroCX\">4,35 kg<\/span><\/td>\n<\/tr>\n<tr class=\"border_bottomGrey\">\n<td style=\"vertical-align: middle;\" bgcolor=\"#f0f0f0\">Standard, Toit Normal<sup>A<\/sup><\/td>\n<td style=\"text-align: center;\"><span class=\"blue\">F22 AP SP20H1 A1 00<\/span><br \/>\n<span class=\"TESTO12neroCX\">32,41 kg<\/span><\/td>\n<td style=\"text-align: center;\"><span class=\"blue\">F22 AP SPDRH1 A1 00<\/span><br \/>\n<span class=\"TESTO12neroCX\">3,70 kg<\/span><\/td>\n<\/tr>\n<tr class=\"border_bottomGrey\">\n<td style=\"vertical-align: middle;\" bgcolor=\"#f0f0f0\">Standard, Toit Normal<sup>B<\/sup><\/td>\n<td style=\"text-align: center;\"><span class=\"blue\">F22 AP SP20H1 J1 00<\/span><br \/>\n<span class=\"TESTO12neroCX\">24,08 kg<\/span><\/td>\n<td style=\"text-align: center;\"><span class=\"blue\">F22 AP SPDRH1 A1 00<\/span><br \/>\n<span class=\"TESTO12neroCX\">3,70 kg<\/span><\/td>\n<\/tr>\n<tr class=\"border_bottomGrey\">\n<td style=\"vertical-align: middle;\" bgcolor=\"#f0f0f0\">Standard, Toit Sur\u00e9lev\u00e9<sup>A<\/sup><\/td>\n<td style=\"text-align: center;\"><span class=\"blue\">F22 AP SP20H2 A1 00<\/span><br \/>\n<span class=\"TESTO12neroCX\">39,69 kg<\/span><\/td>\n<td style=\"text-align: center;\"><span class=\"blue\">F22 AP SPDRH2 A1 00<\/span><br \/>\n<span class=\"TESTO12neroCX\">4,35 kg<\/span><\/td>\n<\/tr>\n<tr class=\"border_bottomGrey\">\n<td style=\"vertical-align: middle;\" bgcolor=\"#f0f0f0\">Standard, Toit Sur\u00e9lev\u00e9<sup>B\/C<\/sup><\/td>\n<td style=\"text-align: center;\"><span class=\"blue\">F22 AP SP20H2 J1 00<\/span><br \/>\n<span class=\"TESTO12neroCX\">31,35 kg<\/span><\/td>\n<td style=\"text-align: center;\"><span class=\"blue\">F22 AP SPDRH2 A1 00<\/span><br \/>\n<span class=\"TESTO12neroCX\">4,35 kg<\/span><\/td>\n<\/tr>\n<tr class=\"border_bottomGrey\">\n<td style=\"vertical-align: middle;\" bgcolor=\"#f0f0f0\">Longue, Toit Sur\u00e9lev\u00e9\/Super Sur\u00e9lev\u00e9<sup>B\/C<\/sup><\/td>\n<td style=\"text-align: center;\"><span class=\"blue\">F22 AP SP30H2 J1 00<\/span><br \/>\n<span class=\"TESTO12neroCX\">51,59 kg<\/span><\/td>\n<td style=\"text-align: center;\"><span class=\"blue\">F22 AP SPDRH2 A1 00<\/span><br \/>\n<span class=\"TESTO12neroCX\">4,35 kg<\/span><\/td>\n<\/tr>\n<tr class=\"border_bottomGrey\">\n<td style=\"vertical-align: middle;\" bgcolor=\"#f0f0f0\">Extra-longue, Toit Sur\u00e9lev\u00e9\/Super Sur\u00e9lev\u00e9<sup>B\/C<\/sup><\/td>\n<td style=\"text-align: center;\"><span class=\"blue\">F22 AP SP3LH2 J1 00<\/span><br \/>\n<span class=\"TESTO12neroCX\">55,69 kg<\/span><\/td>\n<td style=\"text-align: center;\"><span class=\"blue\">F22 AP SPDRH2 A1 00<\/span><br \/>\n<span class=\"TESTO12neroCX\">4,35 kg<\/span><\/td>\n<\/tr>\n<\/tbody>\n<\/table>\n<p><sup>A<\/sup> Traction, roues individuelles<br \/>\n<sup>B<\/sup> Propulsion, roues individuelles<br \/>\n<sup>C<\/sup> Propulsion, roues jumel\u00e9es<br \/>\n<\/div><div class=\"clearboth\"><\/div>\n<hr \/>\n<h3 class=\"bigTxt\">SOLUTIONS DE PLANCHER POUR SPRINTER:<\/h3>\n<div class=\"txtBlue\">WOOD FLOOR<\/div>\n<hr class=\"noColor\" \/>\n<div class=\"one_half\">\n<img decoding=\"async\" loading=\"lazy\" src=\"https:\/\/www.storevan.com\/wp-content\/uploads\/veicoli\/pianali-pannellature\/pianale-furgone-tge-wood-floor.jpg\" alt=\"Plancher Sprinter - Wood Floor\" width=\"547\" height=\"325\" class=\"aligncenter size-full wp-image-126958\" \/><\/p>\n<div class=\"smallTxtGrey blue\">PLANCHER WOOD FLOOR &#8211; D<\/div>\n<p>Plancher en bois de 9\/12 mm d&rsquo;\u00e9paisseur avec rev\u00eatement ph\u00e9noliqueet \u00e9quip\u00e9 pour les ancrages originaux du v\u00e9hicule<\/p>\n<div class=\"smallTxtGrey blue\">PLANCHER WOOD FLOOR &#8211; F<\/div>\n<p>Panneau arri\u00e8re cabine en bois de 12 mm d\u2019\u00e9paisseur avec rev\u00eatement ph\u00e9nolique<\/p>\n<\/div><div class=\"one_half last\">\n<hr class=\"noColor\" \/>\n<p>TABLEAU DES R\u00c9F\u00c9RENCES DES ARTICLES PAR MOD\u00c8LE:<\/p>\n<table class=\"table tableBorder\">\n<thead>\n<tr>\n<th class=\"txtBkOrange\" width=\"20%\">V\u00c9HICULE<\/th>\n<th class=\"txtGrey\" style=\"text-align: center;\" colspan=\"2\" rowspan=\"1\">PLANCHER<\/th>\n<th class=\"txtGrey\" style=\"text-align: center;\">ARRI\u00c8RE CABINE<\/th>\n<\/tr>\n<tr>\n<th><\/th>\n<th class=\"TESTO12biancoCX\" style=\"text-align: center;\" bgcolor=\"#8d8d8d\">D (9 mm)<\/th>\n<th class=\"TESTO12biancoCX\" style=\"text-align: center;\" bgcolor=\"#8d8d8d\">D (12 mm)<\/th>\n<th class=\"TESTO12biancoCX\" style=\"text-align: center;\" bgcolor=\"#8d8d8d\">F (1580x680x12 mm)<\/th>\n<\/tr>\n<tr>\n<th><\/th>\n<th style=\"text-align: center;\" scope=\"col\">ART.<\/th>\n<th style=\"text-align: center;\" scope=\"col\">ART.<\/th>\n<th style=\"text-align: center;\" scope=\"col\">ART.<\/th>\n<\/tr>\n<\/thead>\n<tbody>\n<tr class=\"border_bottomGrey\">\n<td style=\"vertical-align: middle;\" bgcolor=\"#f0f0f0\">Compacte<sup>A<\/sup><\/td>\n<td style=\"text-align: center;\"><span class=\"blue\">F22WFSP10D1A11S<\/span><br \/>\n<span class=\"TESTO12neroCX\">29,26 kg<\/span><\/td>\n<td style=\"text-align: center;\"><span class=\"blue\">F22WFSP10T1A11S<\/span><br \/>\n<span class=\"TESTO12neroCX\">36,49 kg<\/span><\/td>\n<td style=\"text-align: center;\"><span class=\"blue\">F22WFSPWBT1A11S<\/span><br \/>\n<span class=\"TESTO12neroCX\">7,77 kg<\/span><\/td>\n<\/tr>\n<tr class=\"border_bottomGrey\">\n<td style=\"vertical-align: middle;\" bgcolor=\"#f0f0f0\">Compacte<sup>B<\/sup><\/td>\n<td style=\"text-align: center;\"><span class=\"blue\">F22WFSP10D1J11S<\/span><br \/>\n<span class=\"TESTO12neroCX\">27,28 kg<\/span><\/td>\n<td style=\"text-align: center;\"><span class=\"blue\">F22WFSP10T1J11S<\/span><br \/>\n<span class=\"TESTO12neroCX\">34,04 kg<\/span><\/td>\n<td style=\"text-align: center;\"><span class=\"blue\">F22WFSPWBT1A11S<\/span><br \/>\n<span class=\"TESTO12neroCX\">7,77 kg<\/span><\/td>\n<\/tr>\n<tr class=\"border_bottomGrey\">\n<td style=\"vertical-align: middle;\" bgcolor=\"#f0f0f0\">Standard<sup>A<\/sup><\/td>\n<td style=\"text-align: center;\"><span class=\"blue\">F22WFSP20D1A11S<\/span><br \/>\n<span class=\"TESTO12neroCX\">38,31 kg<\/span><\/td>\n<td style=\"text-align: center;\"><span class=\"blue\">F22WFSP20T1A11S<\/span><br \/>\n<span class=\"TESTO12neroCX\">47,57 kg<\/span><\/td>\n<td style=\"text-align: center;\"><span class=\"blue\">F22WFSPWBT1A11S<\/span><br \/>\n<span class=\"TESTO12neroCX\">7,77 kg<\/span><\/td>\n<\/tr>\n<tr class=\"border_bottomGrey\">\n<td style=\"vertical-align: middle;\" bgcolor=\"#f0f0f0\">Standard<sup>B<\/sup><\/td>\n<td style=\"text-align: center;\"><span class=\"blue\">F22WFSP20D1J11S<\/span><br \/>\n<span class=\"TESTO12neroCX\">34,09 kg<\/span><\/td>\n<td style=\"text-align: center;\"><span class=\"blue\">F22WFSP20T1J11S<\/span><br \/>\n<span class=\"TESTO12neroCX\">43,77 kg<\/span><\/td>\n<td style=\"text-align: center;\"><span class=\"blue\">F22WFSPWBT1A11S<\/span><br \/>\n<span class=\"TESTO12neroCX\">7,77 kg<\/span><\/td>\n<\/tr>\n<tr class=\"border_bottomGrey\">\n<td style=\"vertical-align: middle;\" bgcolor=\"#f0f0f0\">Standard<sup>C<\/sup><\/td>\n<td style=\"text-align: center;\"><span class=\"blue\">F22WFSP20D1S11S<\/span><br \/>\n<span class=\"TESTO12neroCX\">32,89 kg<\/span><\/td>\n<td style=\"text-align: center;\"><span class=\"blue\">F22WFSP20T1S11S<\/span><br \/>\n<span class=\"TESTO12neroCX\">40,89 kg<\/span><\/td>\n<td style=\"text-align: center;\"><span class=\"blue\">F22WFSPWBT1A11S<\/span><br \/>\n<span class=\"TESTO12neroCX\">7,77 kg<\/span><\/td>\n<\/tr>\n<tr class=\"border_bottomGrey\">\n<td style=\"vertical-align: middle;\" bgcolor=\"#f0f0f0\">Longue<sup>B<\/sup><\/td>\n<td style=\"text-align: center;\"><span class=\"blue\">F22WFSP30D1J11S<\/span><br \/>\n<span class=\"TESTO12neroCX\">46,08 kg<\/span><\/td>\n<td style=\"text-align: center;\"><span class=\"blue\">F22WFSP30T1J11S<\/span><br \/>\n<span class=\"TESTO12neroCX\">58,86 kg<\/span><\/td>\n<td style=\"text-align: center;\"><span class=\"blue\">F22WFSPWBT1A11S<\/span><br \/>\n<span class=\"TESTO12neroCX\">7,77 kg<\/span><\/td>\n<\/tr>\n<tr class=\"border_bottomGrey\">\n<td style=\"vertical-align: middle;\" bgcolor=\"#f0f0f0\">Longue<sup>C<\/sup><\/td>\n<td style=\"text-align: center;\"><span class=\"blue\">F22WFSP30D1S11S<\/span><br \/>\n<span class=\"TESTO12neroCX\">44,79 kg<\/span><\/td>\n<td style=\"text-align: center;\"><span class=\"blue\">F22WFSP30T1S11S<\/span><br \/>\n<span class=\"TESTO12neroCX\">55,92 kg<\/span><\/td>\n<td style=\"text-align: center;\"><span class=\"blue\">F22WFSPWBT1A11S<\/span><br \/>\n<span class=\"TESTO12neroCX\">7,77 kg<\/span><\/td>\n<tr class=\"border_bottomGrey\">\n<td style=\"vertical-align: middle;\" bgcolor=\"#f0f0f0\">Extra-longue<sup>B<\/sup><\/td>\n<td style=\"text-align: center;\"><span class=\"blue\">F22WFSP3LD1J11S<\/span><br \/>\n<span class=\"TESTO12neroCX\">51,25 kg<\/span><\/td>\n<td style=\"text-align: center;\"><span class=\"blue\">F22WFSP3LT1J11S<\/span><br \/>\n<span class=\"TESTO12neroCX\">65,24 kg<\/span><\/td>\n<td style=\"text-align: center;\"><span class=\"blue\">F22WFSPWBT1A11S<\/span><br \/>\n<span class=\"TESTO12neroCX\">7,77 kg<\/span><\/td>\n<\/tr>\n<tr class=\"border_bottomGrey\">\n<td style=\"vertical-align: middle;\" bgcolor=\"#f0f0f0\">Extra-longue<sup>C<\/sup><\/td>\n<td style=\"text-align: center;\"><span class=\"blue\">F22WFSP3LD1S11S<\/span><br \/>\n<span class=\"TESTO12neroCX\">48,35 kg<\/span><\/td>\n<td style=\"text-align: center;\"><span class=\"blue\">F22WFSP3LT1S11S<\/span><br \/>\n<span class=\"TESTO12neroCX\">60,31 kg<\/span><\/td>\n<td style=\"text-align: center;\"><span class=\"blue\">F22WFSPWBT1A11S<\/span><br \/>\n<span class=\"TESTO12neroCX\">7,77 kg<\/span><\/td>\n<\/tr>\n<\/tbody>\n<\/table>\n<p>Plancher pour v\u00e9hicule avec porte lat\u00e9rale droite et parois en t\u00f4le.<\/p>\n<p><sup>A<\/sup> Traction, roues individuelles<br \/>\n<sup>B<\/sup> Propulsion, roues individuelles<br \/>\n<sup>C<\/sup> Propulsion, roues jumel\u00e9es<\/p>\n<table class=\"table tableBorder\">\n<tbody>\n<tr class=\"border_bottomGrey\">\n<td><img decoding=\"async\" loading=\"lazy\" src=\"https:\/\/www.storevan.com\/wp-content\/uploads\/veicoli\/pianali-pannellature\/logo-ISO9001.jpg\" alt=\"T\u00dcV-certified\" width=\"120\" height=\"120\" \/><\/td>\n<td style=\"vertical-align: middle;\">Planchers en bois avec coefficient de friction certifi\u00e9 par <strong>T\u00dcV<\/strong><\/td>\n<\/tr>\n<\/tbody>\n<\/table>\n<\/div><div class=\"clearboth\"><\/div>\n<div class=\"txtBlue\">ALUMINIUM FLOOR<\/div>\n<hr class=\"noColor\" \/>\n<div class=\"one_half\">\n<img decoding=\"async\" loading=\"lazy\" class=\"alignnone size-full wp-image-64503\" src=\"https:\/\/www.storevan.com\/wp-content\/uploads\/veicoli\/pianali-pannellature\/pianale-per-furgoni-Ducato-alluminio.jpg\" alt=\"Pianale Sprinter - Aluminium\" width=\"738\" height=\"438\" \/><\/p>\n<div class=\"smallTxtGrey blue\">ALUMINIUM FLOOR &#8211; D<\/div>\n<p>Plancher en bois de 9 mm d\u2019\u00e9paisseur \u00e0 rev\u00eatement en aluminium larm\u00e9 de 2 mm, sp\u00e9cifiquement con\u00e7u pour s\u2019adapter aux ancrages d\u2019origine du v\u00e9hicule<\/p>\n<\/div><div class=\"one_half last\">\n<hr class=\"noColor\" \/>\n<p>TABLEAU DES R\u00c9F\u00c9RENCES DES ARTICLES PAR MOD\u00c8LE:<\/p>\n<table class=\"table tableBorder\">\n<thead>\n<tr>\n<th class=\"txtBkOrange\" width=\"20%\">V\u00c9HICULE<\/th>\n<th class=\"txtGrey\" style=\"text-align: center;\" colspan=\"2\" rowspan=\"1\">PLANCHER EN ALUMINIUM (Bois + Aluminium)<\/th>\n<\/tr>\n<tr>\n<th><\/th>\n<th class=\"TESTO12biancoCX\" style=\"text-align: center;\" bgcolor=\"#8d8d8d\">D<\/th>\n<\/tr>\n<tr>\n<th><\/th>\n<th style=\"text-align: center;\" scope=\"col\">ART.<\/th>\n<\/tr>\n<\/thead>\n<tbody>\n<tr class=\"border_bottomGrey\">\n<td style=\"vertical-align: middle;\" bgcolor=\"#f0f0f0\">Compacte<sup>A<\/sup><\/td>\n<td style=\"text-align: center;\"><span class=\"blue\">F22 AF SP10B1 A1 00 + F22 AF SP10A1 A1 00<\/span><br \/>\n<span class=\"TESTO12neroCX\">33,57 kg + 32,49 kg<\/span><\/td>\n<\/tr>\n<tr class=\"border_bottomGrey\">\n<td style=\"vertical-align: middle;\" bgcolor=\"#f0f0f0\">Compacte<sup>B<\/sup><\/td>\n<td style=\"text-align: center;\"><span class=\"blue\">F22 AF SP10B1 J1 00 + F22 AF SP10A1 J1 00<\/span><br \/>\n<span class=\"TESTO12neroCX\">31,71 kg + 28,89 kg<\/span><\/td>\n<\/tr>\n<tr class=\"border_bottomGrey\">\n<td style=\"vertical-align: middle;\" bgcolor=\"#f0f0f0\">Standard<sup>A<\/sup><\/td>\n<td style=\"text-align: center;\"><span class=\"blue\">F22 AF SP20B1 A1 00 + F22 AF SP20A1 A1 00<\/span><br \/>\n<span class=\"TESTO12neroCX\">42,16 kg + 40,05 kg<\/span><\/td>\n<\/tr>\n<tr class=\"border_bottomGrey\">\n<td style=\"vertical-align: middle;\" bgcolor=\"#f0f0f0\">Standard<sup>B<\/sup><\/td>\n<td style=\"text-align: center;\"><span class=\"blue\">F22 AF SP20B1 J1 00 + F22 AF SP20A1 J1 00<\/span><br \/>\n<span class=\"TESTO12neroCX\">39,20 kg + 37,57 kg<\/span><\/td>\n<\/tr>\n<tr class=\"border_bottomGrey\">\n<td style=\"vertical-align: middle;\" bgcolor=\"#f0f0f0\">Standard<sup>C<\/sup><\/td>\n<td style=\"text-align: center;\"><span class=\"blue\">F22 AF SP20B1 S1 00 + F22 AF SP20A1 S1 00<\/span><br \/>\n<span class=\"TESTO12neroCX\">36,75 kg + 35,37 kg<\/span><\/td>\n<\/tr>\n<tr class=\"border_bottomGrey\">\n<td style=\"vertical-align: middle;\" bgcolor=\"#f0f0f0\">Longue<sup>B<\/sup><\/td>\n<td style=\"text-align: center;\"><span class=\"blue\">F22 AF SP30B1 J1 00 + F22 AF SP30A1 J1 00<\/span><br \/>\n<span class=\"TESTO12neroCX\">51,15 kg + 49,23 kg<\/span><\/td>\n<\/tr>\n<tr class=\"border_bottomGrey\">\n<td style=\"vertical-align: middle;\" bgcolor=\"#f0f0f0\">Longue<sup>C<\/sup><\/td>\n<td style=\"text-align: center;\"><span class=\"blue\">F22 AF SP30B1 S1 00 + F22 AF SP30A1 S1 00<\/span><br \/>\n<span class=\"TESTO12neroCX\">48,88 kg + 47,02 kg<\/span><\/td>\n<\/tr>\n<tr class=\"border_bottomGrey\">\n<td style=\"vertical-align: middle;\" bgcolor=\"#f0f0f0\">Extra-longue<sup>B<\/sup><\/td>\n<td style=\"text-align: center;\"><span class=\"blue\">F22 AF SP3LB1 J1 00 + F22 AF SP3LA1 J1 00<\/span><br \/>\n<span class=\"TESTO12neroCX\">55,97 kg + 53,80 kg<\/span><\/td>\n<\/tr>\n<tr class=\"border_bottomGrey\">\n<td style=\"vertical-align: middle;\" bgcolor=\"#f0f0f0\">Extra-longue<sup>C<\/sup><\/td>\n<td style=\"text-align: center;\"><span class=\"blue\">F22 AF SP3LB1 S1 00 + F22 AF SP3LA1 S1 00<\/span><br \/>\n<span class=\"TESTO12neroCX\">53,70 kg + 51,80 kg<\/span><\/td>\n<\/tr>\n<\/tbody>\n<\/table>\n<p>Plancher pour v\u00e9hicule avec porte lat\u00e9rale droite et parois en t\u00f4le.<br \/>\n<sup>A<\/sup> Traction, roues individuelles<br \/>\n<sup>B<\/sup> Propulsion, roues individuelles<br \/>\n<sup>C<\/sup> Propulsion, roues jumel\u00e9es<br \/>\n<\/div><div class=\"clearboth\"><\/div>\n<div class=\"txtBlue\">SAFETY FLOOR<\/div>\n<hr class=\"noColor\" \/>\n<div class=\"one_half\">\n<img decoding=\"async\" loading=\"lazy\" src=\"https:\/\/www.storevan.com\/wp-content\/uploads\/veicoli\/pianali-pannellature\/pianale-furgone-tge-safety-floor.jpg\" alt=\"Plancher Sprinter - Safety Floor\" width=\"547\" height=\"343\" class=\"aligncenter size-full wp-image-126959\" \/><\/p>\n<div class=\"smallTxtGrey blue\">PLANCHER SAFETY FLOOR &#8211; D<\/div>\n<p>Plancher 9 mm en bois avec rev\u00eatement ph\u00e9nolique et points d\u2019ancrage suppl\u00e9mentaires<\/p>\n<div class=\"smallTxtGrey blue\">PLANCHER SAFETY FLOOR &#8211; F<\/div>\n<p>Panneau arri\u00e8re cabine en bois de 12 mm d\u2019\u00e9paisseur avec rev\u00eatement ph\u00e9nolique<br \/>\n<\/div><div class=\"one_half last\">\n<hr class=\"noColor\" \/>\n<p>TABLEAU DES R\u00c9F\u00c9RENCES DES ARTICLES PAR MOD\u00c8LE:<\/p>\n<table class=\"table tableBorder\">\n<thead>\n<tr>\n<th class=\"txtBkOrange\" width=\"20%\">V\u00c9HICULE<\/th>\n<th class=\"txtGrey\" style=\"text-align: center;\">PLANCHER<\/th>\n<th class=\"txtGrey\" style=\"text-align: center;\">ARRI\u00c8RE CABINE<\/th>\n<\/tr>\n<tr>\n<th><\/th>\n<th class=\"TESTO12biancoCX\" style=\"text-align: center;\" bgcolor=\"#8d8d8d\">D (9 mm)<\/th>\n<th class=\"TESTO12biancoCX\" style=\"text-align: center;\" bgcolor=\"#8d8d8d\">F (1580x680x12 mm)<\/th>\n<\/tr>\n<tr>\n<th><\/th>\n<th style=\"text-align: center;\">ART.<\/th>\n<th style=\"text-align: center;\">ART.<\/th>\n<\/tr>\n<\/thead>\n<tbody>\n<tr class=\"border_bottomGrey\">\n<td style=\"vertical-align: middle;\" bgcolor=\"#f0f0f0\">Compacte<sup>A<\/sup><\/td>\n<td style=\"text-align: center;\"><span class=\"blue\">F22 SF SP10G1 A1 1S<\/span><br \/>\n<span class=\"TESTO12neroCX\">32,35 kg<\/span><\/td>\n<td style=\"text-align: center;\"><span class=\"blue\">F22 WF SPWBT1 A1 1S<\/span><br \/>\n<span class=\"TESTO12neroCX\">7,77 kg<\/span><\/td>\n<\/tr>\n<tr class=\"border_bottomGrey\">\n<td style=\"vertical-align: middle;\" bgcolor=\"#f0f0f0\">Compacte<sup>B<\/sup><\/td>\n<td style=\"text-align: center;\"><span class=\"blue\">F22 SF SP10G1 J1 1S<\/span><br \/>\n<span class=\"TESTO12neroCX\">30,26 kg<\/span><\/td>\n<td style=\"text-align: center;\"><span class=\"blue\">F22 WF SPWBT1 A1 1S<\/span><br \/>\n<span class=\"TESTO12neroCX\">7,77 kg<\/span><\/td>\n<\/tr>\n<tr class=\"border_bottomGrey\">\n<td style=\"vertical-align: middle;\" bgcolor=\"#f0f0f0\">Standard<sup>A<\/sup><\/td>\n<td style=\"text-align: center;\"><span class=\"blue\">F22 SF SP20G1 A1 1S<\/span><br \/>\n<span class=\"TESTO12neroCX\">43,04 kg<\/span><\/td>\n<td style=\"text-align: center;\"><span class=\"blue\">F22 WF SPWBT1 A1 1S<\/span><br \/>\n<span class=\"TESTO12neroCX\">7,77 kg<\/span><\/td>\n<\/tr>\n<tr class=\"border_bottomGrey\">\n<td style=\"vertical-align: middle;\" bgcolor=\"#f0f0f0\">Standard<sup>B<\/sup><\/td>\n<td style=\"text-align: center;\"><span class=\"blue\">F22 SF SP20G1 J1 1S<\/span><br \/>\n<span class=\"TESTO12neroCX\">39,92 kg<\/span><\/td>\n<td style=\"text-align: center;\"><span class=\"blue\">F22 WF SPWBT1 A1 1S<\/span><br \/>\n<span class=\"TESTO12neroCX\">7,77 kg<\/span><\/td>\n<\/tr>\n<tr class=\"border_bottomGrey\">\n<td style=\"vertical-align: middle;\" bgcolor=\"#f0f0f0\">Standard<sup>C<\/sup><\/td>\n<td style=\"text-align: center;\"><span class=\"blue\">F22 SF SP20G1 S1 1S<\/span><br \/>\n<span class=\"TESTO12neroCX\">37,39 kg<\/span><\/td>\n<td style=\"text-align: center;\"><span class=\"blue\">F22 WF SPWBT1 A1 1S<\/span><br \/>\n<span class=\"TESTO12neroCX\">7,77 kg<\/span><\/td>\n<\/tr>\n<tr class=\"border_bottomGrey\">\n<td style=\"vertical-align: middle;\" bgcolor=\"#f0f0f0\">Longue<sup>B<\/sup><\/td>\n<td style=\"text-align: center;\"><span class=\"blue\">F22 SF SP30G1 J1 1S<\/span><br \/>\n<span class=\"TESTO12neroCX\">54,30 kg<\/span><\/td>\n<td style=\"text-align: center;\"><span class=\"blue\">F22 WF SPWBT1 A1 1S<\/span><br \/>\n<span class=\"TESTO12neroCX\">7,77 kg<\/span><\/td>\n<\/tr>\n<tr class=\"border_bottomGrey\">\n<td style=\"vertical-align: middle;\" bgcolor=\"#f0f0f0\">Longue<sup>c<\/sup><\/td>\n<td style=\"text-align: center;\"><span class=\"blue\">F22 SF SP30G1 S1 1S<\/span><br \/>\n<span class=\"TESTO12neroCX\">51,37 kg<\/span><\/td>\n<td style=\"text-align: center;\"><span class=\"blue\">F22 WF SPWBT1 A1 1S<\/span><br \/>\n<span class=\"TESTO12neroCX\">7,77 kg<\/span><\/td>\n<\/tr>\n<\/tbody>\n<\/table>\n<p>Plancher pour v\u00e9hicule avec porte lat\u00e9rale droite et parois en t\u00f4le.<br \/>\n<sup>A<\/sup> Traction, roues individuelles<br \/>\n<sup>B<\/sup> Propulsion, roues individuelles<br \/>\n<sup>C<\/sup> Propulsion, roues jumel\u00e9es<\/p>\n<div class=\"alert notice\">\n<div class=\"msg\">Le plancher doit \u00eatre coll\u00e9 au v\u00e9hicule<\/div>\n<\/div>\n<table class=\"table tableBorder\">\n<tbody>\n<tr class=\"border_bottomGrey\">\n<td><img decoding=\"async\" loading=\"lazy\" src=\"https:\/\/www.storevan.com\/wp-content\/uploads\/veicoli\/pianali-pannellature\/logo-ISO9001.jpg\" alt=\"T\u00dcV-certified\" width=\"120\" height=\"120\" \/><\/td>\n<td style=\"vertical-align: middle;\">Planchers en bois avec coefficient de friction certifi\u00e9 par <strong>T\u00dcV<\/strong><\/td>\n<\/tr>\n<\/tbody>\n<\/table>\n<\/div><div class=\"clearboth\"><\/div>\n<div class=\"smallTxtGrey blue\">ACCESSOIRES POUR LA S\u00c9CURISATION DU CHARGEMENT &#8211; (1-9)<\/div>\n<div class=\"col-xs-6 col-sm-4 col-md-3 col-lg-2 galleryPage text-center\"><span class=\"testoImgSfondo\">1<\/span><img decoding=\"async\" loading=\"lazy\" src=\"https:\/\/www.storevan.com\/wp-content\/uploads\/veicoli\/pianali-pannellature\/01-barra.jpg\" alt=\"Barre horizontale en aluminium\" width=\"200\" height=\"125\" border=\"0\" \/><span class=\"smaller\">Barre horizontale en aluminium<\/span><\/div>\n<div class=\"col-xs-6 col-sm-4 col-md-3 col-lg-2 galleryPage text-center\"><span class=\"testoImgSfondo\">2<\/span><img decoding=\"async\" loading=\"lazy\" src=\"https:\/\/www.storevan.com\/wp-content\/uploads\/veicoli\/pianali-pannellature\/02-barra.jpg\" alt=\"Barre horizontale en aluminium\" width=\"200\" height=\"125\" border=\"0\" \/><span class=\"smaller\">Barre horizontale en aluminium<\/span><\/div>\n<div class=\"col-xs-6 col-sm-4 col-md-3 col-lg-2 galleryPage text-center\"><span class=\"testoImgSfondo\">3<\/span><img decoding=\"async\" loading=\"lazy\" src=\"https:\/\/www.storevan.com\/wp-content\/uploads\/veicoli\/pianali-pannellature\/03-barra.jpg\" alt=\"Barre horizontale en aluminium\" width=\"200\" height=\"125\" border=\"0\" \/><span class=\"smaller\">Barre horizontale en aluminium<\/span><\/div>\n<div class=\"col-xs-6 col-sm-4 col-md-3 col-lg-2 galleryPage text-center\"><span class=\"testoImgSfondo\">4<\/span><img decoding=\"async\" loading=\"lazy\" src=\"https:\/\/www.storevan.com\/wp-content\/uploads\/veicoli\/pianali-pannellature\/04-barra-telescopica.jpg\" alt=\"Barre t\u00e9lescopique d\u2019arrimage\" width=\"200\" height=\"125\" border=\"0\" hspace=\"0\" \/><span class=\"smaller\">Barre t\u00e9lescopique d\u2019arrimage<\/span><\/div>\n<div class=\"col-xs-6 col-sm-4 col-md-3 col-lg-2 galleryPage text-center\"><span class=\"testoImgSfondo\">5<\/span><img decoding=\"async\" loading=\"lazy\" src=\"https:\/\/www.storevan.com\/wp-content\/uploads\/veicoli\/pianali-pannellature\/05-finale-plastica.jpg\" alt=\"Finale per barra in plastica\" width=\"200\" height=\"125\" border=\"0\" hspace=\"0\" \/><span class=\"smaller\">Bouchon en plastique<\/span><\/div>\n<div class=\"col-xs-6 col-sm-4 col-md-3 col-lg-2 galleryPage text-center\"><span class=\"testoImgSfondo\">6<\/span><img decoding=\"async\" loading=\"lazy\" src=\"https:\/\/www.storevan.com\/wp-content\/uploads\/veicoli\/pianali-pannellature\/06-anello-fermacarico.jpg\" alt=\"Anneau d\u2019arrimage\" width=\"200\" height=\"125\" border=\"0\" hspace=\"0\" \/><span class=\"smaller\">Anneau d\u2019arrimage<\/span><\/div>\n<div class=\"col-xs-6 col-sm-4 col-md-3 col-lg-2 galleryPage text-center\"><span class=\"testoImgSfondo\">7<\/span><img decoding=\"async\" loading=\"lazy\" src=\"https:\/\/www.storevan.com\/wp-content\/uploads\/veicoli\/pianali-pannellature\/07-cinghia-fermacarico.jpg\" alt=\"Sangle d\u2019arrimage avec crochet\" width=\"200\" height=\"125\" border=\"0\" hspace=\"0\" \/><span class=\"smaller\">Sangle d\u2019arrimage avec crochet<\/span><\/div>\n<div class=\"col-xs-6 col-sm-4 col-md-3 col-lg-2 galleryPage text-center\"><span class=\"testoImgSfondo\">8<\/span><img decoding=\"async\" loading=\"lazy\" src=\"https:\/\/www.storevan.com\/wp-content\/uploads\/veicoli\/pianali-pannellature\/08-cinghia-fermacarico.jpg\" alt=\"Sangle d\u2019arrimage \u00e0 cliquet\" width=\"200\" height=\"125\" border=\"0\" hspace=\"0\" \/><span class=\"smaller\">Sangle d\u2019arrimage \u00e0 cliquet<\/span><\/div>\n<div class=\"col-xs-6 col-sm-4 col-md-3 col-lg-2 galleryPage text-center\"><span class=\"testoImgSfondo\">9<\/span><img decoding=\"async\" loading=\"lazy\" src=\"https:\/\/www.storevan.com\/wp-content\/uploads\/veicoli\/pianali-pannellature\/09-cinghia-fermacarico.jpg\" alt=\"Sangle d\u2019arrimage \u00e0 cliquet\" width=\"200\" height=\"125\" border=\"0\" \/><span class=\"smaller\">Sangle d\u2019arrimage \u00e0 cliquet<\/span><\/div>\n<div class=\"break\"><\/div>\n<p><a class=\"btn btn-blue\" title=\"D\u00e9couvrez la gamme compl\u00e8te d\u2019accessoires\" href=\"https:\/\/www.storevan.com\/fr\/produits\/securisation-chargement\/\">D\u00e9couvrez la gamme compl\u00e8te d\u2019accessoires<\/a><\/p>\n<hr \/>\n<div class=\"col-xs-12 col-sm-12 col-md-6\">\n<div class=\"text-center\"><a class=\"btn btn-download\" title=\"APPELEZ-NOUS\" href=\"tel:+390424585455\"><i class=\"fa fa-phone\"><\/i> <span class=\"spanBtn\">APPELEZ-NOUS<\/span><br \/>\npour toute information<\/a><\/div>\n<\/div>\n<div class=\"col-xs-12 col-sm-12 col-md-6\">\n<div class=\"text-center\"><a class=\"btn btn-download\" title=\"T\u00c9L\u00c9CHARGEMENT\" href=\"https:\/\/www.storevan.com\/wp-content\/uploads\/doc\/MERCEDES-BENZ_SPRINTER_Allestimenti_Amenagements_StoreVan_itfr.pdf\" target=\"_blank\" rel=\"noopener\"><i class=\"fa fa-download\"><\/i> <span class=\"spanBtn\">T\u00c9L\u00c9CHARGEMENT<\/span><br \/>\nCATALOGUE SPRINTER<\/a><\/div>\n<\/div>\n<div class=\"break\"><\/div>\n<hr \/>\n<h4 class=\"bigTxt text-center txtBkOrange\"><i class=\"fa fa-envelope pull-left\"><\/i> VOULEZ-VOUS EN SAVOIR PLUS?<\/h4>\n\n<div class=\"wpcf7 no-js\" id=\"wpcf7-f67673-o1\" lang=\"it-IT\" dir=\"ltr\">\n<div class=\"screen-reader-response\"><p role=\"status\" aria-live=\"polite\" aria-atomic=\"true\"><\/p> <ul><\/ul><\/div>\n<form action=\"\/fr\/wp-json\/wp\/v2\/pages\/26133#wpcf7-f67673-o1\" method=\"post\" class=\"wpcf7-form init\" aria-label=\"Modulo di contatto\" novalidate=\"novalidate\" data-status=\"init\">\n<div style=\"display: none;\">\n<input type=\"hidden\" name=\"_wpcf7\" value=\"67673\" \/>\n<input type=\"hidden\" name=\"_wpcf7_version\" value=\"5.7.7\" \/>\n<input type=\"hidden\" name=\"_wpcf7_locale\" value=\"it_IT\" \/>\n<input type=\"hidden\" name=\"_wpcf7_unit_tag\" value=\"wpcf7-f67673-o1\" \/>\n<input type=\"hidden\" name=\"_wpcf7_container_post\" value=\"0\" \/>\n<input type=\"hidden\" name=\"_wpcf7_posted_data_hash\" value=\"\" \/>\n<input type=\"hidden\" name=\"_wpcf7_recaptcha_response\" value=\"\" \/>\n<\/div>\n<span class=\"wpcf7-form-control-wrap url\" data-name=\"url\"><input type=\"hidden\" name=\"url\" size=\"40\" class=\"wpcf7-form-control wpcf7-hidden wpcf7dtx wpcf7dtx-hidden\" aria-invalid=\"false\" value=\"planchers-habillages\" autocomplete=\"off\" \/><\/span>\n<p>Pour plus d'informations, remplissez les champs suivants. L'un de nos op\u00e9rateurs vous recontactera dans les plus brefs d\u00e9lais (* champs obligatoires):\n<\/p>\n<div class=\"col-xs-12 col-md-6\">\n\t<p><span class='titoli'>Pr\u00e9nom (*)<\/span>\n\t<\/p>\n\t<p><span class=\"wpcf7-form-control-wrap\" data-name=\"your-name\"><input size=\"40\" class=\"wpcf7-form-control wpcf7-text wpcf7-validates-as-required form-control\" aria-required=\"true\" aria-invalid=\"false\" value=\"\" type=\"text\" name=\"your-name\" \/><\/span>\n\t<\/p>\n<\/div>\n<div class=\"col-xs-12 col-md-6\">\n\t<p><span class='titoli'>Nom (*)<\/span>\n\t<\/p>\n\t<p><span class=\"wpcf7-form-control-wrap\" data-name=\"your-last-name\"><input size=\"40\" class=\"wpcf7-form-control wpcf7-text wpcf7-validates-as-required form-control\" aria-required=\"true\" aria-invalid=\"false\" value=\"\" type=\"text\" name=\"your-last-name\" \/><\/span>\n\t<\/p>\n<\/div>\n<div class=\"col-xs-12 col-md-6\">\n\t<p><span class='titoli'>Entreprise (*)<\/span>\n\t<\/p>\n\t<p><span class=\"wpcf7-form-control-wrap\" data-name=\"your-company\"><input size=\"40\" class=\"wpcf7-form-control wpcf7-text wpcf7-validates-as-required form-control\" aria-required=\"true\" aria-invalid=\"false\" value=\"\" type=\"text\" name=\"your-company\" \/><\/span>\n\t<\/p>\n<\/div>\n<div class=\"col-xs-12 col-md-6\">\n\t<p><span class='titoli'>TVA<\/span>\n\t<\/p>\n\t<p><span class=\"wpcf7-form-control-wrap\" data-name=\"p-iva\"><input size=\"40\" class=\"wpcf7-form-control wpcf7-text form-control\" aria-invalid=\"false\" value=\"\" type=\"text\" name=\"p-iva\" \/><\/span>\n\t<\/p>\n<\/div>\n<div class=\"clearboth\">\n<\/div>\n<div class=\"col-xs-12 col-md-4\">\n\t<p><span class='titoli'>Code Postal (*)<\/span>\n\t<\/p>\n\t<p><span class=\"wpcf7-form-control-wrap\" data-name=\"your-zip-code\"><input size=\"40\" class=\"wpcf7-form-control wpcf7-text wpcf7-validates-as-required form-control\" aria-required=\"true\" aria-invalid=\"false\" value=\"\" type=\"text\" name=\"your-zip-code\" \/><\/span>\n\t<\/p>\n<\/div>\n<div class=\"col-xs-12 col-md-4\">\n\t<p><span class='titoli'>Adresse (*)<\/span>\n\t<\/p>\n\t<p><span class=\"wpcf7-form-control-wrap\" data-name=\"your-address\"><input size=\"40\" class=\"wpcf7-form-control wpcf7-text wpcf7-validates-as-required form-control\" aria-required=\"true\" aria-invalid=\"false\" value=\"\" type=\"text\" name=\"your-address\" \/><\/span>\n\t<\/p>\n<\/div>\n<div class=\"col-xs-12 col-md-4\">\n\t<p><span class='titoli'>Ville (*)<\/span>\n\t<\/p>\n\t<p><span class=\"wpcf7-form-control-wrap\" data-name=\"your-Town\"><input size=\"40\" class=\"wpcf7-form-control wpcf7-text wpcf7-validates-as-required form-control\" aria-required=\"true\" aria-invalid=\"false\" value=\"\" type=\"text\" name=\"your-Town\" \/><\/span>\n\t<\/p>\n<\/div>\n<div class=\"clearboth\">\n<\/div>\n<div class=\"col-xs-12 col-md-6\">\n\t<p><span class='titoli'>email (*)<\/span>\n\t<\/p>\n\t<p><span class=\"wpcf7-form-control-wrap\" data-name=\"your-email\"><input size=\"40\" class=\"wpcf7-form-control wpcf7-text wpcf7-email wpcf7-validates-as-required wpcf7-validates-as-email form-control\" aria-required=\"true\" aria-invalid=\"false\" value=\"\" type=\"email\" name=\"your-email\" \/><\/span>\n\t<\/p>\n<\/div>\n<div class=\"col-xs-12 col-md-6\">\n\t<p><span class='titoli'>T\u00e9l\u00e9phone (*)<\/span>\n\t<\/p>\n\t<p><span class=\"wpcf7-form-control-wrap\" data-name=\"telefono\"><input size=\"40\" class=\"wpcf7-form-control wpcf7-text wpcf7-tel wpcf7-validates-as-required wpcf7-validates-as-tel form-control\" aria-required=\"true\" aria-invalid=\"false\" value=\"\" type=\"tel\" name=\"telefono\" \/><\/span>\n\t<\/p>\n<\/div>\n<div class=\"clearboth\">\n<\/div>\n<div class=\"col-xs-12 col-md-6\">\n\t<p><span class='titoli'>Objet <\/span>\n\t<\/p>\n\t<p><span class=\"wpcf7-form-control-wrap\" data-name=\"oggetto\"><select class=\"wpcf7-form-control wpcf7-select wpcf7-validates-as-required\" aria-required=\"true\" aria-invalid=\"false\" name=\"oggetto\"><option value=\"Citation\">Citation<\/option><option value=\"Information technique\">Information technique<\/option><option value=\"Rendez-vous\">Rendez-vous<\/option><\/select><\/span>\n\t<\/p>\n<\/div>\n<div class=\"col-xs-12 col-md-6\">\n\t<p><br \/>\n<span class=\"titoli\"> <span class=\"wpcf7-form-control-wrap\" data-name=\"cliente\"><span class=\"wpcf7-form-control wpcf7-checkbox\"><span class=\"wpcf7-list-item first last\"><label><span class=\"wpcf7-list-item-label\">Je suis d\u00e9j\u00e0 client<\/span><input type=\"checkbox\" name=\"cliente[]\" value=\"Je suis d\u00e9j\u00e0 client\" \/><\/label><\/span><\/span><\/span><\/span>\n\t<\/p>\n<\/div>\n<div class=\"col-xs-12 col-md-12\">\n\t<p><span class='titoli'>Message (*)<\/span>\n\t<\/p>\n\t<p><span class=\"wpcf7-form-control-wrap\" data-name=\"your-message\"><textarea cols=\"40\" rows=\"10\" class=\"wpcf7-form-control wpcf7-textarea wpcf7-validates-as-required form-control\" aria-required=\"true\" aria-invalid=\"false\" name=\"your-message\"><\/textarea><\/span>\n\t<\/p>\n<\/div>\n<div class=\"col-xs-12 col-md-12\">\n\t<p><small>Les donn\u00e9es saisies seront trait\u00e9es de mani\u00e8re strictement confidentielle conform\u00e9ment \u00e0 la loi et \u00e0 notre <a href=\"https:\/\/www.storevan.com\/fr\/privacy-policy\/\">politique de confidentialit\u00e9<\/a>.<\/small>\n\t<\/p>\n\t<p><span class=\"wpcf7-form-control-wrap\" data-name=\"AccettazionePrivacy\"><span class=\"wpcf7-form-control wpcf7-acceptance\"><span class=\"wpcf7-list-item\"><input type=\"checkbox\" name=\"AccettazionePrivacy\" value=\"1\" aria-invalid=\"false\" \/><\/span><\/span><\/span> Je d\u00e9clare avoir pris connaissance de la Note Informative sur les <a href=\"https:\/\/www.storevan.com\/fr\/privacy-policy\/\">Note Informative sur les Informations priv\u00e9es<\/a> et j\u2019autorise au traitement de mes donn\u00e9es personnelles en conformit\u00e9 avec ce qui y est \u00e9crit. (*)<br \/>\n\t<span class=\"wpcf7-form-control-wrap recaptcha\" data-name=\"recaptcha\"><span data-sitekey=\"6LdfM4AUAAAAAJjsAucux5WVNA3hsk5KP0a03T_n\" class=\"wpcf7-form-control g-recaptcha wpcf7-recaptcha\"><\/span>\r\n<noscript>\r\n\t<div class=\"grecaptcha-noscript\">\r\n\t\t<iframe src=\"https:\/\/www.google.com\/recaptcha\/api\/fallback?k=6LdfM4AUAAAAAJjsAucux5WVNA3hsk5KP0a03T_n\" frameborder=\"0\" scrolling=\"no\" width=\"310\" height=\"430\">\r\n\t\t<\/iframe>\r\n\t\t<textarea name=\"g-recaptcha-response\" rows=\"3\" cols=\"40\" placeholder=\"reCaptcha Response Here\">\r\n\t\t<\/textarea>\r\n\t<\/div>\r\n<\/noscript>\r\n<\/span>\n\t<\/p>\n<\/div>\n<hr class=\"noColor\" \/>\n<p><input class=\"wpcf7-form-control has-spinner wpcf7-submit\" type=\"submit\" value=\"Envoi\" \/>\n<\/p><div class=\"wpcf7-response-output\" aria-hidden=\"true\"><\/div>\n<\/form>\n<\/div>\n\n","protected":false},"excerpt":{"rendered":"<p>Planchers et habillages pour fourgons Mercedes-Benz Sprinter Le grand nombre de combinaisons possibles entre les empattements, les longueurs et les hauteurs, conf\u00e8re \u00e0 la gamme Mercedes-Benz Sprinter le r\u00f4le de.<\/p>\n","protected":false},"author":470,"featured_media":0,"parent":26131,"menu_order":0,"comment_status":"closed","ping_status":"closed","template":"","meta":[],"acf":[],"yoast_head":"<!-- This site is optimized with the Yoast SEO plugin v20.11 - https:\/\/yoast.com\/wordpress\/plugins\/seo\/ -->\n<title>Planchers et habillages pour fourgons Mercedes-Benz Sprinter<\/title>\n<meta name=\"description\" content=\"Store Van r\u00e9alise des planchers et des panneaux pour prot\u00e9ger votre fourgon Mercedes-Benz Sprinter\" \/>\n<meta name=\"robots\" content=\"index, follow, max-snippet:-1, max-image-preview:large, max-video-preview:-1\" \/>\n<link rel=\"canonical\" href=\"https:\/\/www.storevan.com\/fr\/amenagement-vehicules-utilitaires\/fourgons-mercedes-benz\/sprinter\/planchers-habillages\/\" \/>\n<meta property=\"og:locale\" content=\"fr_FR\" \/>\n<meta property=\"og:type\" content=\"article\" \/>\n<meta property=\"og:title\" content=\"Planchers et habillages pour fourgons Mercedes-Benz Sprinter\" \/>\n<meta property=\"og:description\" content=\"Store Van r\u00e9alise des planchers et des panneaux pour prot\u00e9ger votre fourgon Mercedes-Benz Sprinter\" \/>\n<meta property=\"og:url\" content=\"https:\/\/www.storevan.com\/fr\/amenagement-vehicules-utilitaires\/fourgons-mercedes-benz\/sprinter\/planchers-habillages\/\" \/>\n<meta property=\"og:site_name\" content=\"Store Van\" \/>\n<meta property=\"article:modified_time\" content=\"2021-11-02T14:25:02+00:00\" \/>\n<meta property=\"og:image\" content=\"https:\/\/www.storevan.com\/wp-content\/uploads\/veicoli\/pianali-pannellature\/pannellature-per-furgoni-Ducato-honeycomb.jpg\" \/>\n<meta name=\"twitter:label1\" content=\"Dur\u00e9e de lecture estim\u00e9e\" \/>\n\t<meta name=\"twitter:data1\" content=\"7 minutes\" \/>\n<script type=\"application\/ld+json\" class=\"yoast-schema-graph\">{\"@context\":\"https:\/\/schema.org\",\"@graph\":[{\"@type\":\"WebPage\",\"@id\":\"https:\/\/www.storevan.com\/fr\/amenagement-vehicules-utilitaires\/fourgons-mercedes-benz\/sprinter\/planchers-habillages\/\",\"url\":\"https:\/\/www.storevan.com\/fr\/amenagement-vehicules-utilitaires\/fourgons-mercedes-benz\/sprinter\/planchers-habillages\/\",\"name\":\"Planchers et habillages pour fourgons Mercedes-Benz Sprinter\",\"isPartOf\":{\"@id\":\"https:\/\/www.storevan.com\/pl\/#website\"},\"datePublished\":\"2016-03-14T10:21:39+00:00\",\"dateModified\":\"2021-11-02T14:25:02+00:00\",\"description\":\"Store Van r\u00e9alise des planchers et des panneaux pour prot\u00e9ger votre fourgon Mercedes-Benz Sprinter\",\"breadcrumb\":{\"@id\":\"https:\/\/www.storevan.com\/fr\/amenagement-vehicules-utilitaires\/fourgons-mercedes-benz\/sprinter\/planchers-habillages\/#breadcrumb\"},\"inLanguage\":\"fr-FR\",\"potentialAction\":[{\"@type\":\"ReadAction\",\"target\":[\"https:\/\/www.storevan.com\/fr\/amenagement-vehicules-utilitaires\/fourgons-mercedes-benz\/sprinter\/planchers-habillages\/\"]}]},{\"@type\":\"BreadcrumbList\",\"@id\":\"https:\/\/www.storevan.com\/fr\/amenagement-vehicules-utilitaires\/fourgons-mercedes-benz\/sprinter\/planchers-habillages\/#breadcrumb\",\"itemListElement\":[{\"@type\":\"ListItem\",\"position\":1,\"name\":\"Home\",\"item\":\"https:\/\/www.storevan.com\/fr\/\"},{\"@type\":\"ListItem\",\"position\":2,\"name\":\"Am\u00e9nagement de v\u00e9hicule utilitaire\",\"item\":\"https:\/\/www.storevan.com\/fr\/amenagement-vehicules-utilitaires\/\"},{\"@type\":\"ListItem\",\"position\":3,\"name\":\"Mercedes-benz\",\"item\":\"https:\/\/www.storevan.com\/fr\/amenagement-vehicules-utilitaires\/fourgons-mercedes-benz\/\"},{\"@type\":\"ListItem\",\"position\":4,\"name\":\"Sprinter\",\"item\":\"https:\/\/www.storevan.com\/fr\/amenagement-vehicules-utilitaires\/fourgons-mercedes-benz\/sprinter\/\"},{\"@type\":\"ListItem\",\"position\":5,\"name\":\"Planchers et habillages\"}]},{\"@type\":\"WebSite\",\"@id\":\"https:\/\/www.storevan.com\/pl\/#website\",\"url\":\"https:\/\/www.storevan.com\/pl\/\",\"name\":\"Store Van\",\"description\":\"Am\u00e9nagements fourgons\",\"potentialAction\":[{\"@type\":\"SearchAction\",\"target\":{\"@type\":\"EntryPoint\",\"urlTemplate\":\"https:\/\/www.storevan.com\/pl\/?s={search_term_string}\"},\"query-input\":\"required name=search_term_string\"}],\"inLanguage\":\"fr-FR\"}]}<\/script>\n<!-- \/ Yoast SEO plugin. -->","yoast_head_json":{"title":"Planchers et habillages pour fourgons Mercedes-Benz Sprinter","description":"Store Van r\u00e9alise des planchers et des panneaux pour prot\u00e9ger votre fourgon Mercedes-Benz Sprinter","robots":{"index":"index","follow":"follow","max-snippet":"max-snippet:-1","max-image-preview":"max-image-preview:large","max-video-preview":"max-video-preview:-1"},"canonical":"https:\/\/www.storevan.com\/fr\/amenagement-vehicules-utilitaires\/fourgons-mercedes-benz\/sprinter\/planchers-habillages\/","og_locale":"fr_FR","og_type":"article","og_title":"Planchers et habillages pour fourgons Mercedes-Benz Sprinter","og_description":"Store Van r\u00e9alise des planchers et des panneaux pour prot\u00e9ger votre fourgon Mercedes-Benz Sprinter","og_url":"https:\/\/www.storevan.com\/fr\/amenagement-vehicules-utilitaires\/fourgons-mercedes-benz\/sprinter\/planchers-habillages\/","og_site_name":"Store Van","article_modified_time":"2021-11-02T14:25:02+00:00","og_image":[{"url":"https:\/\/www.storevan.com\/wp-content\/uploads\/veicoli\/pianali-pannellature\/pannellature-per-furgoni-Ducato-honeycomb.jpg"}],"twitter_misc":{"Dur\u00e9e de lecture estim\u00e9e":"7 minutes"},"schema":{"@context":"https:\/\/schema.org","@graph":[{"@type":"WebPage","@id":"https:\/\/www.storevan.com\/fr\/amenagement-vehicules-utilitaires\/fourgons-mercedes-benz\/sprinter\/planchers-habillages\/","url":"https:\/\/www.storevan.com\/fr\/amenagement-vehicules-utilitaires\/fourgons-mercedes-benz\/sprinter\/planchers-habillages\/","name":"Planchers et habillages pour fourgons Mercedes-Benz Sprinter","isPartOf":{"@id":"https:\/\/www.storevan.com\/pl\/#website"},"datePublished":"2016-03-14T10:21:39+00:00","dateModified":"2021-11-02T14:25:02+00:00","description":"Store Van r\u00e9alise des planchers et des panneaux pour prot\u00e9ger votre fourgon Mercedes-Benz Sprinter","breadcrumb":{"@id":"https:\/\/www.storevan.com\/fr\/amenagement-vehicules-utilitaires\/fourgons-mercedes-benz\/sprinter\/planchers-habillages\/#breadcrumb"},"inLanguage":"fr-FR","potentialAction":[{"@type":"ReadAction","target":["https:\/\/www.storevan.com\/fr\/amenagement-vehicules-utilitaires\/fourgons-mercedes-benz\/sprinter\/planchers-habillages\/"]}]},{"@type":"BreadcrumbList","@id":"https:\/\/www.storevan.com\/fr\/amenagement-vehicules-utilitaires\/fourgons-mercedes-benz\/sprinter\/planchers-habillages\/#breadcrumb","itemListElement":[{"@type":"ListItem","position":1,"name":"Home","item":"https:\/\/www.storevan.com\/fr\/"},{"@type":"ListItem","position":2,"name":"Am\u00e9nagement de v\u00e9hicule utilitaire","item":"https:\/\/www.storevan.com\/fr\/amenagement-vehicules-utilitaires\/"},{"@type":"ListItem","position":3,"name":"Mercedes-benz","item":"https:\/\/www.storevan.com\/fr\/amenagement-vehicules-utilitaires\/fourgons-mercedes-benz\/"},{"@type":"ListItem","position":4,"name":"Sprinter","item":"https:\/\/www.storevan.com\/fr\/amenagement-vehicules-utilitaires\/fourgons-mercedes-benz\/sprinter\/"},{"@type":"ListItem","position":5,"name":"Planchers et habillages"}]},{"@type":"WebSite","@id":"https:\/\/www.storevan.com\/pl\/#website","url":"https:\/\/www.storevan.com\/pl\/","name":"Store Van","description":"Am\u00e9nagements fourgons","potentialAction":[{"@type":"SearchAction","target":{"@type":"EntryPoint","urlTemplate":"https:\/\/www.storevan.com\/pl\/?s={search_term_string}"},"query-input":"required name=search_term_string"}],"inLanguage":"fr-FR"}]}},"_links":{"self":[{"href":"https:\/\/www.storevan.com\/fr\/wp-json\/wp\/v2\/pages\/26133"}],"collection":[{"href":"https:\/\/www.storevan.com\/fr\/wp-json\/wp\/v2\/pages"}],"about":[{"href":"https:\/\/www.storevan.com\/fr\/wp-json\/wp\/v2\/types\/page"}],"author":[{"embeddable":true,"href":"https:\/\/www.storevan.com\/fr\/wp-json\/wp\/v2\/users\/470"}],"replies":[{"embeddable":true,"href":"https:\/\/www.storevan.com\/fr\/wp-json\/wp\/v2\/comments?post=26133"}],"version-history":[{"count":2,"href":"https:\/\/www.storevan.com\/fr\/wp-json\/wp\/v2\/pages\/26133\/revisions"}],"predecessor-version":[{"id":135337,"href":"https:\/\/www.storevan.com\/fr\/wp-json\/wp\/v2\/pages\/26133\/revisions\/135337"}],"up":[{"embeddable":true,"href":"https:\/\/www.storevan.com\/fr\/wp-json\/wp\/v2\/pages\/26131"}],"wp:attachment":[{"href":"https:\/\/www.storevan.com\/fr\/wp-json\/wp\/v2\/media?parent=26133"}],"curies":[{"name":"wp","href":"https:\/\/api.w.org\/{rel}","templated":true}]}}