{"id":26129,"date":"2016-03-15T15:32:41","date_gmt":"2016-03-15T14:32:41","guid":{"rendered":"https:\/\/www.storevan.com\/fr\/allestimenti-veicoli-commerciali\/furgoni-mercedes-benz\/citan\/portatutto-portascale\/"},"modified":"2019-02-07T15:55:55","modified_gmt":"2019-02-07T15:55:55","slug":"porte-tout-porte-echelles","status":"publish","type":"page","link":"https:\/\/www.storevan.com\/fr\/amenagement-vehicules-utilitaires\/fourgons-mercedes-benz\/citan\/porte-tout-porte-echelles\/","title":{"rendered":"Porte tout et Porte-\u00e9chelles"},"content":{"rendered":"<h1 class=\"customblackTitleSmall\">Porte tout et Porte-\u00e9chelles <strong>Mercedes-Benz Citan<\/strong><\/h1>\n<p>Le <strong>porte-\u00e9chelle<\/strong> et le <strong>porte-tout<\/strong>\u00a0Store Van sont des <strong>am\u00e9nagements<\/strong> con\u00e7us pour optimiser la capacit\u00e9 de chargement de votre <strong>fourgon Mercedes-Benz Citan<\/strong>, en vous permettant d\u2019utiliser la zone du toit comme espace utile de transport de l\u2019\u00e9chelle et des outillages encombrants. R\u00e9alis\u00e9s conform\u00e9ment \u00e0 la loi et certifi\u00e9s GS, les deux produits garantissent la s\u00e9curit\u00e9 du mat\u00e9riel transport\u00e9 durant les d\u00e9placements comme en cas de freinage brusque. Le rouleau de chargement et le chariot \u00e0 descente assist\u00e9e, construits en aluminium et acier inox, facilitent le chargement et le d\u00e9chargement du toit et ont une dur\u00e9e de vie illimit\u00e9e.<\/p>\n<div class=\"two_third\">\n<img decoding=\"async\" src=\"https:\/\/www.storevan.com\/wp-content\/uploads\/2016\/01\/storevan_citan_2012_portatutto.jpg\" alt=\"Porte tout pour Citan 2012\" \/><br \/>\n<\/div><div class=\"one_third last\">\nGalerie de toit compl\u00e8te de :<br \/>\n&#8211; barres en aluminium avec fixations<br \/>\net profil en caoutchouc<br \/>\n&#8211; rebords lat\u00e9raux en aluminium<br \/>\n&#8211; rouleau de chargement en aluminium<br \/>\n&#8211; visserie de fixation fournie en acier inox<br \/>\n<\/div><div class=\"clearboth\"><\/div>\n<h2 class=\"text-center\">PORTE TOUT<\/h2>\n<table class=\"table tableBorder\">\n<tbody>\n<tr>\n<td class=\"txtBkOrange\" bgcolor=\"#0071B9\">V\u00c9HICULE<\/td>\n<td class=\"txtBkOrange\" bgcolor=\"#0071B9\">PORTE TOUT<\/td>\n<td class=\"txtGrey\" bgcolor=\"#e4e4e4\">DIMENSIONS<\/td>\n<td class=\"txtGrey\" bgcolor=\"#e4e4e4\">POIDS<\/td>\n<td class=\"txtGrey\" bgcolor=\"#e4e4e4\">CHARGE<\/td>\n<\/tr>\n<tr>\n<td><\/td>\n<td class=\"TESTO12neroCX\"><strong>ART.<\/strong><\/td>\n<td><\/td>\n<td><\/td>\n<td><\/td>\n<\/tr>\n<tr>\n<td class=\"border_bottomGrey\" bgcolor=\"#f0f0f0\">L0 H1 COMPACT<\/td>\n<td class=\"blue\">POT 201<\/td>\n<td>1800\u00d71400 mm<\/td>\n<td>20,04 Kg<\/td>\n<td>69,00 Kg<\/td>\n<\/tr>\n<tr>\n<td class=\"border_bottomGrey\" bgcolor=\"#f0f0f0\">L1 H1<\/td>\n<td class=\"blue\">POT 202<\/td>\n<td>2000\u00d71400 mm<\/td>\n<td>20,88 Kg<\/td>\n<td>68,00 Kg<\/td>\n<\/tr>\n<tr>\n<td class=\"border_bottomGrey\" bgcolor=\"#f0f0f0\">L2 H1 MAXI<\/td>\n<td class=\"blue\">POT 217<\/td>\n<td>2500\u00d71400 mm<\/td>\n<td>23,18 Kg<\/td>\n<td>66,00 Kg<\/td>\n<\/tr>\n<tr>\n<td class=\"TESTO12neroSX\" colspan=\"5\">Seulement pour v\u00e9hicule avec portes arri\u00e8re battantes.<\/td>\n<\/tr>\n<\/tbody>\n<\/table>\n<hr class=\"noColor\">\n<div class=\"two_third\">\n<img decoding=\"async\" loading=\"lazy\" class=\"aligncenter size-full wp-image-6124\" src=\"https:\/\/www.storevan.com\/wp-content\/uploads\/2016\/03\/StoreVan_Citan_2012_portascale.jpg\" alt=\"Portes-\u00e9chelles pour Mercedes-Benz Citan\" width=\"625\" height=\"260\" \/><br \/>\n<\/div><div class=\"one_third last\">\nLadder rack complete of:<br \/>\n&#8211; aluminium crossbars with fixing parts<br \/>\nand rubber profile<br \/>\n&#8211; aluminium side rail<br \/>\n&#8211; aluminium loading roller<br \/>\n&#8211; ladder rack rail made of aluminium<br \/>\nand stainless steel<br \/>\n&#8211; fixing screws in stainless steel<br \/>\n<\/div><div class=\"clearboth\"><\/div>\n<h2 class=\"text-center\">Portes-\u00e9chelles pour Mercedes-Benz Citan 2012<\/h2>\n<table class=\"table tableBorder\">\n<tbody>\n<tr>\n<td class=\"txtBkOrange\" bgcolor=\"#0071B9\">V\u00c9HICULE<\/td>\n<td class=\"txtBkOrange\" bgcolor=\"#0071B9\">PORTE-\u00c9CHELLES<\/td>\n<td class=\"txtGrey\" bgcolor=\"#e4e4e4\">DIMENSIONS<\/td>\n<td class=\"txtGrey\" bgcolor=\"#e4e4e4\">POIDS<\/td>\n<td class=\"txtGrey\" bgcolor=\"#e4e4e4\">CHARGE<\/td>\n<\/tr>\n<tr>\n<td><\/td>\n<td class=\"TESTO12neroCX\"><strong>ART.<\/strong><\/td>\n<td><\/td>\n<td><\/td>\n<td><\/td>\n<\/tr>\n<tr>\n<td class=\"border_bottomGrey\" bgcolor=\"#f0f0f0\">L0 H1 COMPACT<\/td>\n<td class=\"blue\">POS 201<\/td>\n<td>2110&#215;1380 mm<\/td>\n<td>41,98 Kg<\/td>\n<td>48,00 Kg<\/td>\n<\/tr>\n<tr>\n<td class=\"border_bottomGrey\" bgcolor=\"#f0f0f0\">L1 H1<\/td>\n<td class=\"blue\">POS 202<\/td>\n<td>2110&#215;1380 mm<\/td>\n<td>43,30 Kg<\/td>\n<td>46,00 Kg<\/td>\n<\/tr>\n<tr>\n<td class=\"border_bottomGrey\" bgcolor=\"#f0f0f0\">L2 H1 MAXI<\/td>\n<td class=\"blue\">POS 217<\/td>\n<td>2650&#215;1380 mm<\/td>\n<td>46,97 Kg<\/td>\n<td>43,00 Kg<\/td>\n<\/tr>\n<tr>\n<td class=\"TESTO12neroSX\" colspan=\"5\">Seulement pour v\u00e9hicule avec portes arri\u00e8re battantes. Le chariot porte-\u00e9chelles peut \u00eatre mont\u00e9 \u00e0 droite ou \u00e0 gauche.<\/td>\n<\/tr>\n<\/tbody>\n<\/table>\n","protected":false},"excerpt":{"rendered":"<p>Porte tout et Porte-\u00e9chelles Mercedes-Benz Citan Le porte-\u00e9chelle et le porte-tout\u00a0Store Van sont des am\u00e9nagements con\u00e7us pour optimiser la capacit\u00e9 de chargement de votre fourgon Mercedes-Benz Citan, en vous permettant.<\/p>\n","protected":false},"author":470,"featured_media":0,"parent":26125,"menu_order":0,"comment_status":"closed","ping_status":"closed","template":"","meta":[],"acf":[],"yoast_head":"<!-- This site is optimized with the Yoast SEO plugin v20.11 - https:\/\/yoast.com\/wordpress\/plugins\/seo\/ -->\n<title>Porte tout et Porte-\u00e9chelles Mercedes-Benz Citan<\/title>\n<meta name=\"description\" content=\"Le porte-\u00e9chelle et le porte-tout Store Van sont des am\u00e9nagements con\u00e7us pour optimiser la capacit\u00e9 de chargement de votre fourgon Mercedes-Benz Citan.\" \/>\n<meta name=\"robots\" content=\"index, follow, max-snippet:-1, max-image-preview:large, max-video-preview:-1\" \/>\n<link rel=\"canonical\" href=\"https:\/\/www.storevan.com\/fr\/amenagement-vehicules-utilitaires\/fourgons-mercedes-benz\/citan\/porte-tout-porte-echelles\/\" \/>\n<meta property=\"og:locale\" content=\"fr_FR\" \/>\n<meta property=\"og:type\" content=\"article\" \/>\n<meta property=\"og:title\" content=\"Porte tout et Porte-\u00e9chelles Mercedes-Benz Citan\" \/>\n<meta property=\"og:description\" content=\"Le porte-\u00e9chelle et le porte-tout Store Van sont des am\u00e9nagements con\u00e7us pour optimiser la capacit\u00e9 de chargement de votre fourgon Mercedes-Benz Citan.\" \/>\n<meta property=\"og:url\" content=\"https:\/\/www.storevan.com\/fr\/amenagement-vehicules-utilitaires\/fourgons-mercedes-benz\/citan\/porte-tout-porte-echelles\/\" \/>\n<meta property=\"og:site_name\" content=\"Store Van\" \/>\n<meta property=\"article:modified_time\" content=\"2019-02-07T15:55:55+00:00\" \/>\n<meta property=\"og:image\" content=\"https:\/\/www.storevan.com\/wp-content\/uploads\/2016\/01\/storevan_citan_2012_portatutto.jpg\" \/>\n<meta name=\"twitter:label1\" content=\"Dur\u00e9e de lecture estim\u00e9e\" \/>\n\t<meta name=\"twitter:data1\" content=\"2 minutes\" \/>\n<script type=\"application\/ld+json\" class=\"yoast-schema-graph\">{\"@context\":\"https:\/\/schema.org\",\"@graph\":[{\"@type\":\"WebPage\",\"@id\":\"https:\/\/www.storevan.com\/fr\/amenagement-vehicules-utilitaires\/fourgons-mercedes-benz\/citan\/porte-tout-porte-echelles\/\",\"url\":\"https:\/\/www.storevan.com\/fr\/amenagement-vehicules-utilitaires\/fourgons-mercedes-benz\/citan\/porte-tout-porte-echelles\/\",\"name\":\"Porte tout et Porte-\u00e9chelles Mercedes-Benz Citan\",\"isPartOf\":{\"@id\":\"https:\/\/www.storevan.com\/pl\/#website\"},\"datePublished\":\"2016-03-15T14:32:41+00:00\",\"dateModified\":\"2019-02-07T15:55:55+00:00\",\"description\":\"Le porte-\u00e9chelle et le porte-tout Store Van sont des am\u00e9nagements con\u00e7us pour optimiser la capacit\u00e9 de chargement de votre fourgon Mercedes-Benz Citan.\",\"breadcrumb\":{\"@id\":\"https:\/\/www.storevan.com\/fr\/amenagement-vehicules-utilitaires\/fourgons-mercedes-benz\/citan\/porte-tout-porte-echelles\/#breadcrumb\"},\"inLanguage\":\"fr-FR\",\"potentialAction\":[{\"@type\":\"ReadAction\",\"target\":[\"https:\/\/www.storevan.com\/fr\/amenagement-vehicules-utilitaires\/fourgons-mercedes-benz\/citan\/porte-tout-porte-echelles\/\"]}]},{\"@type\":\"BreadcrumbList\",\"@id\":\"https:\/\/www.storevan.com\/fr\/amenagement-vehicules-utilitaires\/fourgons-mercedes-benz\/citan\/porte-tout-porte-echelles\/#breadcrumb\",\"itemListElement\":[{\"@type\":\"ListItem\",\"position\":1,\"name\":\"Home\",\"item\":\"https:\/\/www.storevan.com\/fr\/\"},{\"@type\":\"ListItem\",\"position\":2,\"name\":\"Am\u00e9nagement de v\u00e9hicule utilitaire\",\"item\":\"https:\/\/www.storevan.com\/fr\/amenagement-vehicules-utilitaires\/\"},{\"@type\":\"ListItem\",\"position\":3,\"name\":\"Mercedes-benz\",\"item\":\"https:\/\/www.storevan.com\/fr\/amenagement-vehicules-utilitaires\/fourgons-mercedes-benz\/\"},{\"@type\":\"ListItem\",\"position\":4,\"name\":\"Citan\",\"item\":\"https:\/\/www.storevan.com\/fr\/amenagement-vehicules-utilitaires\/fourgons-mercedes-benz\/citan\/\"},{\"@type\":\"ListItem\",\"position\":5,\"name\":\"Porte tout et Porte-\u00e9chelles\"}]},{\"@type\":\"WebSite\",\"@id\":\"https:\/\/www.storevan.com\/pl\/#website\",\"url\":\"https:\/\/www.storevan.com\/pl\/\",\"name\":\"Store Van\",\"description\":\"Am\u00e9nagements fourgons\",\"potentialAction\":[{\"@type\":\"SearchAction\",\"target\":{\"@type\":\"EntryPoint\",\"urlTemplate\":\"https:\/\/www.storevan.com\/pl\/?s={search_term_string}\"},\"query-input\":\"required name=search_term_string\"}],\"inLanguage\":\"fr-FR\"}]}<\/script>\n<!-- \/ Yoast SEO plugin. -->","yoast_head_json":{"title":"Porte tout et Porte-\u00e9chelles Mercedes-Benz Citan","description":"Le porte-\u00e9chelle et le porte-tout Store Van sont des am\u00e9nagements con\u00e7us pour optimiser la capacit\u00e9 de chargement de votre fourgon Mercedes-Benz Citan.","robots":{"index":"index","follow":"follow","max-snippet":"max-snippet:-1","max-image-preview":"max-image-preview:large","max-video-preview":"max-video-preview:-1"},"canonical":"https:\/\/www.storevan.com\/fr\/amenagement-vehicules-utilitaires\/fourgons-mercedes-benz\/citan\/porte-tout-porte-echelles\/","og_locale":"fr_FR","og_type":"article","og_title":"Porte tout et Porte-\u00e9chelles Mercedes-Benz Citan","og_description":"Le porte-\u00e9chelle et le porte-tout Store Van sont des am\u00e9nagements con\u00e7us pour optimiser la capacit\u00e9 de chargement de votre fourgon Mercedes-Benz Citan.","og_url":"https:\/\/www.storevan.com\/fr\/amenagement-vehicules-utilitaires\/fourgons-mercedes-benz\/citan\/porte-tout-porte-echelles\/","og_site_name":"Store Van","article_modified_time":"2019-02-07T15:55:55+00:00","og_image":[{"url":"https:\/\/www.storevan.com\/wp-content\/uploads\/2016\/01\/storevan_citan_2012_portatutto.jpg"}],"twitter_misc":{"Dur\u00e9e de lecture estim\u00e9e":"2 minutes"},"schema":{"@context":"https:\/\/schema.org","@graph":[{"@type":"WebPage","@id":"https:\/\/www.storevan.com\/fr\/amenagement-vehicules-utilitaires\/fourgons-mercedes-benz\/citan\/porte-tout-porte-echelles\/","url":"https:\/\/www.storevan.com\/fr\/amenagement-vehicules-utilitaires\/fourgons-mercedes-benz\/citan\/porte-tout-porte-echelles\/","name":"Porte tout et Porte-\u00e9chelles Mercedes-Benz Citan","isPartOf":{"@id":"https:\/\/www.storevan.com\/pl\/#website"},"datePublished":"2016-03-15T14:32:41+00:00","dateModified":"2019-02-07T15:55:55+00:00","description":"Le porte-\u00e9chelle et le porte-tout Store Van sont des am\u00e9nagements con\u00e7us pour optimiser la capacit\u00e9 de chargement de votre fourgon Mercedes-Benz Citan.","breadcrumb":{"@id":"https:\/\/www.storevan.com\/fr\/amenagement-vehicules-utilitaires\/fourgons-mercedes-benz\/citan\/porte-tout-porte-echelles\/#breadcrumb"},"inLanguage":"fr-FR","potentialAction":[{"@type":"ReadAction","target":["https:\/\/www.storevan.com\/fr\/amenagement-vehicules-utilitaires\/fourgons-mercedes-benz\/citan\/porte-tout-porte-echelles\/"]}]},{"@type":"BreadcrumbList","@id":"https:\/\/www.storevan.com\/fr\/amenagement-vehicules-utilitaires\/fourgons-mercedes-benz\/citan\/porte-tout-porte-echelles\/#breadcrumb","itemListElement":[{"@type":"ListItem","position":1,"name":"Home","item":"https:\/\/www.storevan.com\/fr\/"},{"@type":"ListItem","position":2,"name":"Am\u00e9nagement de v\u00e9hicule utilitaire","item":"https:\/\/www.storevan.com\/fr\/amenagement-vehicules-utilitaires\/"},{"@type":"ListItem","position":3,"name":"Mercedes-benz","item":"https:\/\/www.storevan.com\/fr\/amenagement-vehicules-utilitaires\/fourgons-mercedes-benz\/"},{"@type":"ListItem","position":4,"name":"Citan","item":"https:\/\/www.storevan.com\/fr\/amenagement-vehicules-utilitaires\/fourgons-mercedes-benz\/citan\/"},{"@type":"ListItem","position":5,"name":"Porte tout et Porte-\u00e9chelles"}]},{"@type":"WebSite","@id":"https:\/\/www.storevan.com\/pl\/#website","url":"https:\/\/www.storevan.com\/pl\/","name":"Store Van","description":"Am\u00e9nagements fourgons","potentialAction":[{"@type":"SearchAction","target":{"@type":"EntryPoint","urlTemplate":"https:\/\/www.storevan.com\/pl\/?s={search_term_string}"},"query-input":"required name=search_term_string"}],"inLanguage":"fr-FR"}]}},"_links":{"self":[{"href":"https:\/\/www.storevan.com\/fr\/wp-json\/wp\/v2\/pages\/26129"}],"collection":[{"href":"https:\/\/www.storevan.com\/fr\/wp-json\/wp\/v2\/pages"}],"about":[{"href":"https:\/\/www.storevan.com\/fr\/wp-json\/wp\/v2\/types\/page"}],"author":[{"embeddable":true,"href":"https:\/\/www.storevan.com\/fr\/wp-json\/wp\/v2\/users\/470"}],"replies":[{"embeddable":true,"href":"https:\/\/www.storevan.com\/fr\/wp-json\/wp\/v2\/comments?post=26129"}],"version-history":[{"count":2,"href":"https:\/\/www.storevan.com\/fr\/wp-json\/wp\/v2\/pages\/26129\/revisions"}],"predecessor-version":[{"id":97817,"href":"https:\/\/www.storevan.com\/fr\/wp-json\/wp\/v2\/pages\/26129\/revisions\/97817"}],"up":[{"embeddable":true,"href":"https:\/\/www.storevan.com\/fr\/wp-json\/wp\/v2\/pages\/26125"}],"wp:attachment":[{"href":"https:\/\/www.storevan.com\/fr\/wp-json\/wp\/v2\/media?parent=26129"}],"curies":[{"name":"wp","href":"https:\/\/api.w.org\/{rel}","templated":true}]}}