{"id":26125,"date":"2015-12-09T15:40:46","date_gmt":"2015-12-09T14:40:46","guid":{"rendered":"https:\/\/www.storevan.com\/fr\/allestimenti-veicoli-commerciali\/furgoni-mercedes-benz\/citan\/"},"modified":"2019-02-07T15:21:39","modified_gmt":"2019-02-07T15:21:39","slug":"citan","status":"publish","type":"page","link":"https:\/\/www.storevan.com\/fr\/amenagement-vehicules-utilitaires\/fourgons-mercedes-benz\/citan\/","title":{"rendered":"Citan"},"content":{"rendered":"<h1 class=\"customblackTitleSmall\">Am\u00e9nagements fourgons Mercedes-Benz Citan<\/h1>\n<p><img decoding=\"async\" class=\"aligncenter\" src=\"https:\/\/www.storevan.com\/wp-content\/uploads\/2015\/12\/Mercedes-Benz_Citan_2012_top.jpg\" alt=\"Am\u00e9nagement v\u00e9hicules utilitaires Mercedes-Benz Citan 2012\" \/><\/p>\n<p>La t\u00f4le recuite par galvanisation, utilis\u00e9e dans la production des <strong>am\u00e9nagements<\/strong> pour <strong>v\u00e9hicules utilitaires<\/strong> Store Van, est la variante de la t\u00f4le galvanis\u00e9e \u00e0 chaud qui subit un recuit \u00e0 une temp\u00e9rature d\u2019env. 550 \u00b0C. Gr\u00e2ce \u00e0 ce proc\u00e9d\u00e9, le zinc se soude \u00e0 la surface de la t\u00f4le et forme ainsi un alliage avec l\u2019acier et une couche galvanis\u00e9e uniforme. Ensuite, la robustesse de la t\u00f4le est encore renforc\u00e9e par la peinture par cataphor\u00e8se, un traitement qui laisse un d\u00e9p\u00f4t uniforme de r\u00e9sine acrylique sur la surface de l\u2019\u00e9l\u00e9ment, le prot\u00e9geant ainsi contre la rouille. C\u2019est pourquoi la qualit\u00e9 et le degr\u00e9 \u00e9lev\u00e9 de r\u00e9sistance \u00e0 la corrosion des modules pour atelier mobile de votre <strong>fourgon Mercedes-Benz Citan<\/strong> sont nettement sup\u00e9rieurs aux autres.<\/p>\n<h3 class=\"customblackTitleExtraSmall\">SOLUTIONS D\u2019AM\u00c9NAGEMENT:<\/h3>\n<section id=\"imgSlide\" class=\"regular sliderSV\">\n<div>\n<div class=\"txtBlue\">SAFETY<\/div>\n<div class=\"ts-gallery\"><a title=\"Am\u00e9nagements int\u00e9rieurs Safety pour fourgon Citan\" href=\"https:\/\/www.storevan.com\/wp-content\/uploads\/2018\/05\/allestimenti-furgoni-piccoli-Safety.jpg\"><img decoding=\"async\" loading=\"lazy\" class=\"alignnone wp-image-62778 size-medium\" src=\"https:\/\/www.storevan.com\/wp-content\/uploads\/2018\/02\/safety-1-300x280.jpg\" alt=\"Safety, l'am\u00e9nagement pour fourgons Mercedes-Benz Citan\" width=\"300\" height=\"280\" srcset=\"https:\/\/www.storevan.com\/wp-content\/uploads\/2018\/02\/safety-1-300x280.jpg 300w, https:\/\/www.storevan.com\/wp-content\/uploads\/2018\/02\/safety-1-600x560.jpg 600w, https:\/\/www.storevan.com\/wp-content\/uploads\/2018\/02\/safety-1.jpg 750w\" sizes=\"(max-width: 300px) 100vw, 300px\" \/><\/a><\/div>\n<h3 class=\"bigTxt\">Safety, rayonnages avec arrimage des charges de s\u00e9rie<\/h3>\n<div class=\"borderTitle\"><\/div>\n<p>Exemples d&rsquo;am\u00e9nagements: <\/p>\n<p><a title=\"Am\u00e9nagements int\u00e9rieurs Safety pour fourgon Citan L1 H1\" href=\"https:\/\/www.storevan.com\/fr\/amenagements-fourgon\/citan-l1h1-s\/\"><strong>L1 H1<\/strong> (Empattement 2697 mm)<\/a><br \/>\n<a title=\"Am\u00e9nagements int\u00e9rieurs Safety pour fourgon Citan L2 H1\" href=\"https:\/\/www.storevan.com\/fr\/amenagements-fourgon\/citan-l2h1-s\/\"><strong>L2 H1<\/strong> (Empattement 3081 mm)<\/a><\/p>\n<\/div>\n<div>\n<div class=\"txtBlue\">PROFESSIONAL<\/div>\n<div class=\"ts-gallery\"><a title=\"Am\u00e9nagements int\u00e9rieurs Professional pour fourgon Citan\" href=\"https:\/\/www.storevan.com\/wp-content\/uploads\/2018\/05\/scaffalature-per-furgone-piccolo-Professional.jpg\"><img decoding=\"async\" loading=\"lazy\" class=\"alignnone wp-image-62784 size-medium\" src=\"https:\/\/www.storevan.com\/wp-content\/uploads\/2018\/02\/professional-1-300x280.jpg\" alt=\"Professional, l'am\u00e9nagement pour fourgons Mercedes-Benz Citan\" width=\"300\" height=\"280\" srcset=\"https:\/\/www.storevan.com\/wp-content\/uploads\/2018\/02\/professional-1-300x280.jpg 300w, https:\/\/www.storevan.com\/wp-content\/uploads\/2018\/02\/professional-1-600x560.jpg 600w, https:\/\/www.storevan.com\/wp-content\/uploads\/2018\/02\/professional-1.jpg 750w\" sizes=\"(max-width: 300px) 100vw, 300px\" \/><\/a><\/div>\n<h3 class=\"bigTxt\">Professional, rayonnages avec syst\u00e8mes de maintien Airline suppl\u00e9mentaires<\/h3>\n<div class=\"borderTitle\"><\/div>\n<p>Exemples d&rsquo;am\u00e9nagements: <\/p>\n<p><a title=\"Am\u00e9nagement professional pour Citan L1 H1\" href=\"https:\/\/www.storevan.com\/fr\/amenagements-fourgon\/citan-l1h1-p\/\"><strong>L1 H1<\/strong> (Empattement 2697 mm)<\/a><br \/>\n<a title=\"Am\u00e9nagement professional pour Citan L2 H1\" href=\"https:\/\/www.storevan.com\/fr\/amenagements-fourgon\/citan-l2h1-p\/\"><strong>L2 H1<\/strong> (Empattement 3081 mm)<\/a><\/p>\n<\/div>\n<div>\n<div class=\"txtBlue\">MOBILE<\/div>\n<div id=\"myGallery\" class=\"ts-gallery\"><a title=\"Am\u00e9nagements int\u00e9rieurs Mobile pour fourgon Citan\" href=\"https:\/\/www.storevan.com\/wp-content\/uploads\/2018\/05\/allestimento-furgoni-piccoli-Mobile.jpg\"><img decoding=\"async\" loading=\"lazy\" class=\"alignnone wp-image-62790 size-medium\" src=\"https:\/\/www.storevan.com\/wp-content\/uploads\/2018\/02\/mobile-1-300x280.jpg\" alt=\"Mobile, l'am\u00e9nagement pour fourgons Mercedes-Benz Citan\" width=\"300\" height=\"280\" srcset=\"https:\/\/www.storevan.com\/wp-content\/uploads\/2018\/02\/mobile-1-300x280.jpg 300w, https:\/\/www.storevan.com\/wp-content\/uploads\/2018\/02\/mobile-1-600x560.jpg 600w, https:\/\/www.storevan.com\/wp-content\/uploads\/2018\/02\/mobile-1.jpg 750w\" sizes=\"(max-width: 300px) 100vw, 300px\" \/><\/a><\/div>\n<h3 class=\"bigTxt\">Mobile, am\u00e9nagement compl\u00e9t\u00e9 avec des mallettes pour petites pi\u00e8ces et des chariots<\/h3>\n<div class=\"borderTitle\"><\/div>\n<p>Exemples d&rsquo;am\u00e9nagements: <\/p>\n<p><a title=\"Am\u00e9nagements Mobile pour L1 H1\" href=\"https:\/\/www.storevan.com\/fr\/amenagements-fourgon\/citan-l1h1-m\/\"><strong>L1 H1<\/strong> (Empattement 2697 mm)<\/a><br \/>\n<a title=\"Am\u00e9nagements Mobile pour L2 H1\" href=\"https:\/\/www.storevan.com\/fr\/amenagements-fourgon\/citan-l2h1-m\/\"><strong>L2 H1<\/strong> (Empattement 3081 mm)<\/a><\/p>\n<\/div>\n<div>\n<div class=\"txtBlue\">FLOOR UP<\/div>\n<div class=\"ts-gallery\"><a title=\"Am\u00e9nagements int\u00e9rieurs Floor Up pour fourgon Citan\" href=\"https:\/\/www.storevan.com\/wp-content\/uploads\/2018\/05\/pianale-rialzato-con-cassetti-Floor-up.jpg\"><img decoding=\"async\" loading=\"lazy\" class=\"alignnone size-medium wp-image-63521\" src=\"https:\/\/www.storevan.com\/wp-content\/uploads\/2018\/03\/allestimento-floor-up-2-300x280.jpg\" alt=\"Floor Up, l'am\u00e9nagement pour fourgons Mercedes-Benz Citan\" width=\"300\" height=\"280\" srcset=\"https:\/\/www.storevan.com\/wp-content\/uploads\/2018\/03\/allestimento-floor-up-2-300x280.jpg 300w, https:\/\/www.storevan.com\/wp-content\/uploads\/2018\/03\/allestimento-floor-up-2-600x560.jpg 600w, https:\/\/www.storevan.com\/wp-content\/uploads\/2018\/03\/allestimento-floor-up-2.jpg 750w\" sizes=\"(max-width: 300px) 100vw, 300px\" \/><\/a><\/div>\n<h3 class=\"bigTxt\">Floor Up, solution avec des tiroirs sous le plancher et des rayonnages pour fourgons de petite taille et de taille moyenne<\/h3>\n<div class=\"borderTitle\"><\/div>\n<p>Exemples d&rsquo;am\u00e9nagements: <\/p>\n<p><a title=\"Floor Up, am\u00e9nagement Citan L1 H1\" href=\"https:\/\/www.storevan.com\/fr\/amenagements-fourgon\/citan-l1h1-f\/\"><strong>L1 H1<\/strong> (Empattement 2697 mm)<\/a><br \/>\n<a title=\"Floor Up, am\u00e9nagement Citan L2 H1\" href=\"https:\/\/www.storevan.com\/fr\/amenagements-fourgon\/citan-l2h1-f\/\"><strong>L2 H1<\/strong> (Empattement 3081 mm)<\/a><\/p>\n<\/div>\n<\/section>\n<hr class=\"noColor\" \/>\n<p><a class=\"btn btnLink\" title=\"Solution d\u2019am\u00e9nagements Safety, Professional, Mobile et Floor Up\" href=\"https:\/\/www.storevan.com\/fr\/amenagements-interieurs-fourgons\/\"> Cliquer ici pour en savoir plus sur les solutions <strong>SAFETY, PROFESSIONAL, MOBILE et FLOOR UP<\/strong><\/a><\/p>\n<h3 class=\"bigTxt text-center txtGrey\">LA BASE POUR UNE PROTECTION S\u00dbRE DES V\u00c9HICULES<\/h3>\n<hr class=\"noColor\" \/>\n<div class=\"two_third\">\n<a title=\"v\u00eatement int\u00e9rieur et plancher pour Mercedes-Benz Citan\" href=\"https:\/\/www.storevan.com\/fr\/amenagement-vehicules-utilitaires\/fourgons-mercedes-benz\/citan\/planchers-habillages\/\"><img decoding=\"async\" loading=\"lazy\" class=\"aligncenter size-full wp-image-64855\" src=\"https:\/\/www.storevan.com\/wp-content\/uploads\/2018\/03\/pianali-furgone-rivestimento-interno.jpg\" alt=\"Rev\u00eatement int\u00e9rieur et plancher pour Mercedes-Benz Citan\" width=\"750\" height=\"600\" srcset=\"https:\/\/www.storevan.com\/wp-content\/uploads\/2018\/03\/pianali-furgone-rivestimento-interno.jpg 750w, https:\/\/www.storevan.com\/wp-content\/uploads\/2018\/03\/pianali-furgone-rivestimento-interno-300x240.jpg 300w, https:\/\/www.storevan.com\/wp-content\/uploads\/2018\/03\/pianali-furgone-rivestimento-interno-600x480.jpg 600w\" sizes=\"(max-width: 750px) 100vw, 750px\" \/><\/a><\/p>\n<\/div><div class=\"one_third last\">\n<div class=\"boxBorder\">\n<h4 class=\"bigTxt blue hidden-xs\">PLANCHER CITAN ET REV\u00caTEMENT INT\u00c9RIEUR<\/h4>\n<div class=\"borderTitleCenter hidden-xs\"><\/div>\n<h5 class=\"hidden-xs\">Solutions certifi\u00e9 par T\u00dcV.<img decoding=\"async\" loading=\"lazy\" class=\"alignnone size-full wp-image-67764\" src=\"https:\/\/www.storevan.com\/wp-content\/uploads\/2018\/05\/logo-ISO9001.jpg\" alt=\"certifi\u00e9 par T\u00dcV\" width=\"50\" height=\"50\" srcset=\"https:\/\/www.storevan.com\/wp-content\/uploads\/2018\/05\/logo-ISO9001.jpg 120w, https:\/\/www.storevan.com\/wp-content\/uploads\/2018\/05\/logo-ISO9001-48x48.jpg 48w\" sizes=\"(max-width: 50px) 100vw, 50px\" \/><\/h5>\n<div class=\"borderTitleCenter hidden-xs\"><\/div>\n<hr class=\"noColor hidden-xs\" \/>\n<div class=\"ts-gallery hidden-xs\"><div class=\"one_half\">\n<a href=\"https:\/\/www.storevan.com\/wp-content\/uploads\/2018\/03\/Dettaglio-pianale-per-furgone-con-punti-ancoraggio-verticali-e-orizzontali-150x150.jpg\"><img decoding=\"async\" loading=\"lazy\" class=\"alignnone wp-image-64377 size-thumbnail\" title=\"planchers et habillages pour Citan\" src=\"https:\/\/www.storevan.com\/wp-content\/uploads\/2018\/03\/Dettaglio-pianale-per-furgone-con-punti-ancoraggio-verticali-e-orizzontali-150x150.jpg\" alt=\"planchers et habillages pour Citan\" width=\"150\" height=\"150\" srcset=\"https:\/\/www.storevan.com\/wp-content\/uploads\/2018\/03\/Dettaglio-pianale-per-furgone-con-punti-ancoraggio-verticali-e-orizzontali-150x150.jpg 150w, https:\/\/www.storevan.com\/wp-content\/uploads\/2018\/03\/Dettaglio-pianale-per-furgone-con-punti-ancoraggio-verticali-e-orizzontali-300x300.jpg 300w, https:\/\/www.storevan.com\/wp-content\/uploads\/2018\/03\/Dettaglio-pianale-per-furgone-con-punti-ancoraggio-verticali-e-orizzontali-768x768.jpg 768w, https:\/\/www.storevan.com\/wp-content\/uploads\/2018\/03\/Dettaglio-pianale-per-furgone-con-punti-ancoraggio-verticali-e-orizzontali-600x600.jpg 600w, https:\/\/www.storevan.com\/wp-content\/uploads\/2018\/03\/Dettaglio-pianale-per-furgone-con-punti-ancoraggio-verticali-e-orizzontali-48x48.jpg 48w, https:\/\/www.storevan.com\/wp-content\/uploads\/2018\/03\/Dettaglio-pianale-per-furgone-con-punti-ancoraggio-verticali-e-orizzontali-480x480.jpg 480w, https:\/\/www.storevan.com\/wp-content\/uploads\/2018\/03\/Dettaglio-pianale-per-furgone-con-punti-ancoraggio-verticali-e-orizzontali.jpg 800w\" sizes=\"(max-width: 150px) 100vw, 150px\" \/><\/a><br \/>\n<\/div><div class=\"one_half last\">\n<a href=\"https:\/\/www.storevan.com\/wp-content\/uploads\/2018\/03\/allestimento-per-furgone-con-pianale-wood-floor-150x150.jpg\"><img decoding=\"async\" loading=\"lazy\" class=\"alignnone wp-image-64446 size-thumbnail\" title=\"planchers et habillages\" src=\"https:\/\/www.storevan.com\/wp-content\/uploads\/2018\/03\/allestimento-per-furgone-con-pianale-wood-floor-150x150.jpg\" alt=\"Planchers et habillages\" width=\"150\" height=\"150\" srcset=\"https:\/\/www.storevan.com\/wp-content\/uploads\/2018\/03\/allestimento-per-furgone-con-pianale-wood-floor-150x150.jpg 150w, https:\/\/www.storevan.com\/wp-content\/uploads\/2018\/03\/allestimento-per-furgone-con-pianale-wood-floor-300x300.jpg 300w, https:\/\/www.storevan.com\/wp-content\/uploads\/2018\/03\/allestimento-per-furgone-con-pianale-wood-floor-768x768.jpg 768w, https:\/\/www.storevan.com\/wp-content\/uploads\/2018\/03\/allestimento-per-furgone-con-pianale-wood-floor-600x600.jpg 600w, https:\/\/www.storevan.com\/wp-content\/uploads\/2018\/03\/allestimento-per-furgone-con-pianale-wood-floor-48x48.jpg 48w, https:\/\/www.storevan.com\/wp-content\/uploads\/2018\/03\/allestimento-per-furgone-con-pianale-wood-floor-480x480.jpg 480w, https:\/\/www.storevan.com\/wp-content\/uploads\/2018\/03\/allestimento-per-furgone-con-pianale-wood-floor.jpg 800w\" sizes=\"(max-width: 150px) 100vw, 150px\" \/><\/a><br \/>\n<\/div><div class=\"clearboth\"><\/div><div class=\"one_half\">\n<a href=\"https:\/\/www.storevan.com\/wp-content\/uploads\/2018\/03\/guide-airline-soffitto-furgone-150x150.jpg\"><img decoding=\"async\" loading=\"lazy\" class=\"alignnone wp-image-64389 size-thumbnail\" title=\"planchers Safety Floor\" src=\"https:\/\/www.storevan.com\/wp-content\/uploads\/2018\/03\/guide-airline-soffitto-furgone-150x150.jpg\" alt=\"planchers Safety Floor\" width=\"150\" height=\"150\" srcset=\"https:\/\/www.storevan.com\/wp-content\/uploads\/2018\/03\/guide-airline-soffitto-furgone-150x150.jpg 150w, https:\/\/www.storevan.com\/wp-content\/uploads\/2018\/03\/guide-airline-soffitto-furgone-300x300.jpg 300w, https:\/\/www.storevan.com\/wp-content\/uploads\/2018\/03\/guide-airline-soffitto-furgone-768x768.jpg 768w, https:\/\/www.storevan.com\/wp-content\/uploads\/2018\/03\/guide-airline-soffitto-furgone-600x600.jpg 600w, https:\/\/www.storevan.com\/wp-content\/uploads\/2018\/03\/guide-airline-soffitto-furgone-48x48.jpg 48w, https:\/\/www.storevan.com\/wp-content\/uploads\/2018\/03\/guide-airline-soffitto-furgone-480x480.jpg 480w, https:\/\/www.storevan.com\/wp-content\/uploads\/2018\/03\/guide-airline-soffitto-furgone.jpg 800w\" sizes=\"(max-width: 150px) 100vw, 150px\" \/><\/a><br \/>\n<\/div><div class=\"one_half last\">\n<a href=\"https:\/\/www.storevan.com\/wp-content\/uploads\/2018\/03\/pianale-per-furgone-con-barre-fermacarico-150x150.jpg\"><img decoding=\"async\" loading=\"lazy\" class=\"alignnone wp-image-64413 size-thumbnail\" title=\"planchers et habillages pour Citan\" src=\"https:\/\/www.storevan.com\/wp-content\/uploads\/2018\/03\/pianale-per-furgone-con-barre-fermacarico-150x150.jpg\" alt=\"planchers et habillages pour Citan\" width=\"150\" height=\"150\" srcset=\"https:\/\/www.storevan.com\/wp-content\/uploads\/2018\/03\/pianale-per-furgone-con-barre-fermacarico-150x150.jpg 150w, https:\/\/www.storevan.com\/wp-content\/uploads\/2018\/03\/pianale-per-furgone-con-barre-fermacarico-300x300.jpg 300w, https:\/\/www.storevan.com\/wp-content\/uploads\/2018\/03\/pianale-per-furgone-con-barre-fermacarico-768x768.jpg 768w, https:\/\/www.storevan.com\/wp-content\/uploads\/2018\/03\/pianale-per-furgone-con-barre-fermacarico-600x600.jpg 600w, https:\/\/www.storevan.com\/wp-content\/uploads\/2018\/03\/pianale-per-furgone-con-barre-fermacarico-48x48.jpg 48w, https:\/\/www.storevan.com\/wp-content\/uploads\/2018\/03\/pianale-per-furgone-con-barre-fermacarico-480x480.jpg 480w, https:\/\/www.storevan.com\/wp-content\/uploads\/2018\/03\/pianale-per-furgone-con-barre-fermacarico.jpg 800w\" sizes=\"(max-width: 150px) 100vw, 150px\" \/><\/a><br \/>\n<\/div><div class=\"clearboth\"><\/div><\/div>\n<div class=\"btnFullWidth\"><a class=\"btn btn-blue\" href=\"https:\/\/www.storevan.com\/fr\/amenagement-vehicules-utilitaires\/fourgons-mercedes-benz\/citan\/planchers-habillages\/\">PLANCHERS ET HABILLAGES POUR CITAN <i class=\"fa fa-angle-double-right\"><\/i><\/a><\/div>\n<\/div>\n<\/div><div class=\"clearboth\"><\/div>\n<h3 class=\"bigTxt text-center txtGrey\">COMPL\u00c9TEZ L\u2019AM\u00c9NAGEMENT POUR CITAN AVEC<\/h3>\n<div class=\"two_third\">\n<img decoding=\"async\" loading=\"lazy\" class=\"aligncenter wp-image-66327 size-full\" src=\"https:\/\/www.storevan.com\/wp-content\/uploads\/2018\/04\/012-portascale_portatutto.jpg\" alt=\"Des supports multifonctions et des porte-\u00e9chelles pour Citan\" width=\"745\" height=\"200\" srcset=\"https:\/\/www.storevan.com\/wp-content\/uploads\/2018\/04\/012-portascale_portatutto.jpg 745w, https:\/\/www.storevan.com\/wp-content\/uploads\/2018\/04\/012-portascale_portatutto-300x81.jpg 300w, https:\/\/www.storevan.com\/wp-content\/uploads\/2018\/04\/012-portascale_portatutto-600x161.jpg 600w\" sizes=\"(max-width: 745px) 100vw, 745px\" \/><br \/>\n<\/div><div class=\"one_third last\">\n<h4 class=\"bigTxt blue\">DES SUPPORTS MULTIFONCTIONS ET DES PORTE-\u00c9CHELLES POUR CITAN<\/h4>\n<div class=\"borderTitle\"><\/div>\n<p>Quand le mat\u00e9riel et les outillages transport\u00e9s sont \u00e0 l\u2019\u00e9troit dans votre fourgon, vous pouvez leur faire de la place gr\u00e2ce au plancher \u00e0 deux niveaux Store Van. <\/p>\n<p><a class=\"btn btn-blue\" title=\"Supports multifonctions et porte-\u00e9chelles pour Citan\" href=\"https:\/\/www.storevan.com\/fr\/amenagement-vehicules-utilitaires\/fourgons-mercedes-benz\/citan\/porte-tout-porte-echelles\/\">PORTE TOUT ET PORTE-\u00c9CHELLES POUR CITAN<\/a><br \/>\n<\/div><div class=\"clearboth\"><\/div>\n<hr class=\"noColor\" \/>\n<div class=\"break\"><\/div>\n<hr \/>\n<div class=\"one_half\">\n<div class=\"text-center\"><a class=\"btn btn-download\" href=\"tel:+390424585455\"><i class=\"fa fa-phone\"><\/i> <span class=\"spanBtn\">Appelez-nous<\/span><br \/>\npour toute information<\/a><\/div>\n<\/div><div class=\"one_half last\">\n<div class=\"text-center\"><a class=\"btn btn-download\" href=\"https:\/\/www.storevan.com\/wp-content\/uploads\/doc\/MERCEDES-BENZ_CITAN_Allestimenti_Amenagements_StoreVan_itfr.pdf\" target=\"_blank\" rel=\"noopener\"><i class=\"fa fa-download\"><\/i> <span class=\"spanBtn\">T\u00e9l\u00e9chargement<\/span><br \/>\nCATALOGUE CITAN<\/a><\/div>\n<\/div><div class=\"clearboth\"><\/div>\n<hr \/>\n<h4 class=\"bigTxt text-center txtBkOrange\"><i class=\"fa fa-envelope pull-left\"><\/i>VOULEZ-VOUS EN SAVOIR PLUS?<\/h4>\n\n<div class=\"wpcf7 no-js\" id=\"wpcf7-f67673-o1\" lang=\"it-IT\" dir=\"ltr\">\n<div class=\"screen-reader-response\"><p role=\"status\" aria-live=\"polite\" aria-atomic=\"true\"><\/p> <ul><\/ul><\/div>\n<form action=\"\/fr\/wp-json\/wp\/v2\/pages\/26125#wpcf7-f67673-o1\" method=\"post\" class=\"wpcf7-form init\" aria-label=\"Modulo di contatto\" novalidate=\"novalidate\" data-status=\"init\">\n<div style=\"display: none;\">\n<input type=\"hidden\" name=\"_wpcf7\" value=\"67673\" \/>\n<input type=\"hidden\" name=\"_wpcf7_version\" value=\"5.7.7\" \/>\n<input type=\"hidden\" name=\"_wpcf7_locale\" value=\"it_IT\" \/>\n<input type=\"hidden\" name=\"_wpcf7_unit_tag\" value=\"wpcf7-f67673-o1\" \/>\n<input type=\"hidden\" name=\"_wpcf7_container_post\" value=\"0\" \/>\n<input type=\"hidden\" name=\"_wpcf7_posted_data_hash\" value=\"\" \/>\n<input type=\"hidden\" name=\"_wpcf7_recaptcha_response\" value=\"\" \/>\n<\/div>\n<span class=\"wpcf7-form-control-wrap url\" data-name=\"url\"><input type=\"hidden\" name=\"url\" size=\"40\" class=\"wpcf7-form-control wpcf7-hidden wpcf7dtx wpcf7dtx-hidden\" aria-invalid=\"false\" value=\"citan\" autocomplete=\"off\" \/><\/span>\n<p>Pour plus d'informations, remplissez les champs suivants. L'un de nos op\u00e9rateurs vous recontactera dans les plus brefs d\u00e9lais (* champs obligatoires):\n<\/p>\n<div class=\"col-xs-12 col-md-6\">\n\t<p><span class='titoli'>Pr\u00e9nom (*)<\/span>\n\t<\/p>\n\t<p><span class=\"wpcf7-form-control-wrap\" data-name=\"your-name\"><input size=\"40\" class=\"wpcf7-form-control wpcf7-text wpcf7-validates-as-required form-control\" aria-required=\"true\" aria-invalid=\"false\" value=\"\" type=\"text\" name=\"your-name\" \/><\/span>\n\t<\/p>\n<\/div>\n<div class=\"col-xs-12 col-md-6\">\n\t<p><span class='titoli'>Nom (*)<\/span>\n\t<\/p>\n\t<p><span class=\"wpcf7-form-control-wrap\" data-name=\"your-last-name\"><input size=\"40\" class=\"wpcf7-form-control wpcf7-text wpcf7-validates-as-required form-control\" aria-required=\"true\" aria-invalid=\"false\" value=\"\" type=\"text\" name=\"your-last-name\" \/><\/span>\n\t<\/p>\n<\/div>\n<div class=\"col-xs-12 col-md-6\">\n\t<p><span class='titoli'>Entreprise (*)<\/span>\n\t<\/p>\n\t<p><span class=\"wpcf7-form-control-wrap\" data-name=\"your-company\"><input size=\"40\" class=\"wpcf7-form-control wpcf7-text wpcf7-validates-as-required form-control\" aria-required=\"true\" aria-invalid=\"false\" value=\"\" type=\"text\" name=\"your-company\" \/><\/span>\n\t<\/p>\n<\/div>\n<div class=\"col-xs-12 col-md-6\">\n\t<p><span class='titoli'>TVA<\/span>\n\t<\/p>\n\t<p><span class=\"wpcf7-form-control-wrap\" data-name=\"p-iva\"><input size=\"40\" class=\"wpcf7-form-control wpcf7-text form-control\" aria-invalid=\"false\" value=\"\" type=\"text\" name=\"p-iva\" \/><\/span>\n\t<\/p>\n<\/div>\n<div class=\"clearboth\">\n<\/div>\n<div class=\"col-xs-12 col-md-4\">\n\t<p><span class='titoli'>Code Postal (*)<\/span>\n\t<\/p>\n\t<p><span class=\"wpcf7-form-control-wrap\" data-name=\"your-zip-code\"><input size=\"40\" class=\"wpcf7-form-control wpcf7-text wpcf7-validates-as-required form-control\" aria-required=\"true\" aria-invalid=\"false\" value=\"\" type=\"text\" name=\"your-zip-code\" \/><\/span>\n\t<\/p>\n<\/div>\n<div class=\"col-xs-12 col-md-4\">\n\t<p><span class='titoli'>Adresse (*)<\/span>\n\t<\/p>\n\t<p><span class=\"wpcf7-form-control-wrap\" data-name=\"your-address\"><input size=\"40\" class=\"wpcf7-form-control wpcf7-text wpcf7-validates-as-required form-control\" aria-required=\"true\" aria-invalid=\"false\" value=\"\" type=\"text\" name=\"your-address\" \/><\/span>\n\t<\/p>\n<\/div>\n<div class=\"col-xs-12 col-md-4\">\n\t<p><span class='titoli'>Ville (*)<\/span>\n\t<\/p>\n\t<p><span class=\"wpcf7-form-control-wrap\" data-name=\"your-Town\"><input size=\"40\" class=\"wpcf7-form-control wpcf7-text wpcf7-validates-as-required form-control\" aria-required=\"true\" aria-invalid=\"false\" value=\"\" type=\"text\" name=\"your-Town\" \/><\/span>\n\t<\/p>\n<\/div>\n<div class=\"clearboth\">\n<\/div>\n<div class=\"col-xs-12 col-md-6\">\n\t<p><span class='titoli'>email (*)<\/span>\n\t<\/p>\n\t<p><span class=\"wpcf7-form-control-wrap\" data-name=\"your-email\"><input size=\"40\" class=\"wpcf7-form-control wpcf7-text wpcf7-email wpcf7-validates-as-required wpcf7-validates-as-email form-control\" aria-required=\"true\" aria-invalid=\"false\" value=\"\" type=\"email\" name=\"your-email\" \/><\/span>\n\t<\/p>\n<\/div>\n<div class=\"col-xs-12 col-md-6\">\n\t<p><span class='titoli'>T\u00e9l\u00e9phone (*)<\/span>\n\t<\/p>\n\t<p><span class=\"wpcf7-form-control-wrap\" data-name=\"telefono\"><input size=\"40\" class=\"wpcf7-form-control wpcf7-text wpcf7-tel wpcf7-validates-as-required wpcf7-validates-as-tel form-control\" aria-required=\"true\" aria-invalid=\"false\" value=\"\" type=\"tel\" name=\"telefono\" \/><\/span>\n\t<\/p>\n<\/div>\n<div class=\"clearboth\">\n<\/div>\n<div class=\"col-xs-12 col-md-6\">\n\t<p><span class='titoli'>Objet <\/span>\n\t<\/p>\n\t<p><span class=\"wpcf7-form-control-wrap\" data-name=\"oggetto\"><select class=\"wpcf7-form-control wpcf7-select wpcf7-validates-as-required\" aria-required=\"true\" aria-invalid=\"false\" name=\"oggetto\"><option value=\"Citation\">Citation<\/option><option value=\"Information technique\">Information technique<\/option><option value=\"Rendez-vous\">Rendez-vous<\/option><\/select><\/span>\n\t<\/p>\n<\/div>\n<div class=\"col-xs-12 col-md-6\">\n\t<p><br \/>\n<span class=\"titoli\"> <span class=\"wpcf7-form-control-wrap\" data-name=\"cliente\"><span class=\"wpcf7-form-control wpcf7-checkbox\"><span class=\"wpcf7-list-item first last\"><label><span class=\"wpcf7-list-item-label\">Je suis d\u00e9j\u00e0 client<\/span><input type=\"checkbox\" name=\"cliente[]\" value=\"Je suis d\u00e9j\u00e0 client\" \/><\/label><\/span><\/span><\/span><\/span>\n\t<\/p>\n<\/div>\n<div class=\"col-xs-12 col-md-12\">\n\t<p><span class='titoli'>Message (*)<\/span>\n\t<\/p>\n\t<p><span class=\"wpcf7-form-control-wrap\" data-name=\"your-message\"><textarea cols=\"40\" rows=\"10\" class=\"wpcf7-form-control wpcf7-textarea wpcf7-validates-as-required form-control\" aria-required=\"true\" aria-invalid=\"false\" name=\"your-message\"><\/textarea><\/span>\n\t<\/p>\n<\/div>\n<div class=\"col-xs-12 col-md-12\">\n\t<p><small>Les donn\u00e9es saisies seront trait\u00e9es de mani\u00e8re strictement confidentielle conform\u00e9ment \u00e0 la loi et \u00e0 notre <a href=\"https:\/\/www.storevan.com\/fr\/privacy-policy\/\">politique de confidentialit\u00e9<\/a>.<\/small>\n\t<\/p>\n\t<p><span class=\"wpcf7-form-control-wrap\" data-name=\"AccettazionePrivacy\"><span class=\"wpcf7-form-control wpcf7-acceptance\"><span class=\"wpcf7-list-item\"><input type=\"checkbox\" name=\"AccettazionePrivacy\" value=\"1\" aria-invalid=\"false\" \/><\/span><\/span><\/span> Je d\u00e9clare avoir pris connaissance de la Note Informative sur les <a href=\"https:\/\/www.storevan.com\/fr\/privacy-policy\/\">Note Informative sur les Informations priv\u00e9es<\/a> et j\u2019autorise au traitement de mes donn\u00e9es personnelles en conformit\u00e9 avec ce qui y est \u00e9crit. (*)<br \/>\n\t<span class=\"wpcf7-form-control-wrap recaptcha\" data-name=\"recaptcha\"><span data-sitekey=\"6LdfM4AUAAAAAJjsAucux5WVNA3hsk5KP0a03T_n\" class=\"wpcf7-form-control g-recaptcha wpcf7-recaptcha\"><\/span>\r\n<noscript>\r\n\t<div class=\"grecaptcha-noscript\">\r\n\t\t<iframe src=\"https:\/\/www.google.com\/recaptcha\/api\/fallback?k=6LdfM4AUAAAAAJjsAucux5WVNA3hsk5KP0a03T_n\" frameborder=\"0\" scrolling=\"no\" width=\"310\" height=\"430\">\r\n\t\t<\/iframe>\r\n\t\t<textarea name=\"g-recaptcha-response\" rows=\"3\" cols=\"40\" placeholder=\"reCaptcha Response Here\">\r\n\t\t<\/textarea>\r\n\t<\/div>\r\n<\/noscript>\r\n<\/span>\n\t<\/p>\n<\/div>\n<hr class=\"noColor\" \/>\n<p><input class=\"wpcf7-form-control has-spinner wpcf7-submit\" type=\"submit\" value=\"Envoi\" \/>\n<\/p><div class=\"wpcf7-response-output\" aria-hidden=\"true\"><\/div>\n<\/form>\n<\/div>\n\n","protected":false},"excerpt":{"rendered":"<p>Am\u00e9nagements fourgons Mercedes-Benz Citan La t\u00f4le recuite par galvanisation, utilis\u00e9e dans la production des am\u00e9nagements pour v\u00e9hicules utilitaires Store Van, est la variante de la t\u00f4le galvanis\u00e9e \u00e0 chaud qui.<\/p>\n","protected":false},"author":470,"featured_media":0,"parent":26123,"menu_order":0,"comment_status":"closed","ping_status":"closed","template":"pageSlider.php","meta":[],"acf":[],"yoast_head":"<!-- This site is optimized with the Yoast SEO plugin v20.11 - https:\/\/yoast.com\/wordpress\/plugins\/seo\/ -->\n<title>Am\u00e9nagements fourgons Mercedes-Benz Citan<\/title>\n<meta name=\"description\" content=\"Contactez-nous sans engagement pour obtenir un devis personnalis\u00e9 pour l\u2019am\u00e9nagement de votre fourgon Mercedes-Benz Citan.\" \/>\n<meta name=\"robots\" content=\"index, follow, max-snippet:-1, max-image-preview:large, max-video-preview:-1\" \/>\n<link rel=\"canonical\" href=\"https:\/\/www.storevan.com\/fr\/amenagement-vehicules-utilitaires\/fourgons-mercedes-benz\/citan\/\" \/>\n<meta property=\"og:locale\" content=\"fr_FR\" \/>\n<meta property=\"og:type\" content=\"article\" \/>\n<meta property=\"og:title\" content=\"Am\u00e9nagements fourgons Mercedes-Benz Citan\" \/>\n<meta property=\"og:description\" content=\"Contactez-nous sans engagement pour obtenir un devis personnalis\u00e9 pour l\u2019am\u00e9nagement de votre fourgon Mercedes-Benz Citan.\" \/>\n<meta property=\"og:url\" content=\"https:\/\/www.storevan.com\/fr\/amenagement-vehicules-utilitaires\/fourgons-mercedes-benz\/citan\/\" \/>\n<meta property=\"og:site_name\" content=\"Store Van\" \/>\n<meta property=\"article:modified_time\" content=\"2019-02-07T15:21:39+00:00\" \/>\n<meta property=\"og:image\" content=\"https:\/\/www.storevan.com\/wp-content\/uploads\/2015\/12\/Mercedes-Benz_Citan_2012_top.jpg\" \/>\n<meta name=\"twitter:label1\" content=\"Dur\u00e9e de lecture estim\u00e9e\" \/>\n\t<meta name=\"twitter:data1\" content=\"2 minutes\" \/>\n<script type=\"application\/ld+json\" class=\"yoast-schema-graph\">{\"@context\":\"https:\/\/schema.org\",\"@graph\":[{\"@type\":\"WebPage\",\"@id\":\"https:\/\/www.storevan.com\/fr\/amenagement-vehicules-utilitaires\/fourgons-mercedes-benz\/citan\/\",\"url\":\"https:\/\/www.storevan.com\/fr\/amenagement-vehicules-utilitaires\/fourgons-mercedes-benz\/citan\/\",\"name\":\"Am\u00e9nagements fourgons Mercedes-Benz Citan\",\"isPartOf\":{\"@id\":\"https:\/\/www.storevan.com\/pl\/#website\"},\"datePublished\":\"2015-12-09T14:40:46+00:00\",\"dateModified\":\"2019-02-07T15:21:39+00:00\",\"description\":\"Contactez-nous sans engagement pour obtenir un devis personnalis\u00e9 pour l\u2019am\u00e9nagement de votre fourgon Mercedes-Benz Citan.\",\"breadcrumb\":{\"@id\":\"https:\/\/www.storevan.com\/fr\/amenagement-vehicules-utilitaires\/fourgons-mercedes-benz\/citan\/#breadcrumb\"},\"inLanguage\":\"fr-FR\",\"potentialAction\":[{\"@type\":\"ReadAction\",\"target\":[\"https:\/\/www.storevan.com\/fr\/amenagement-vehicules-utilitaires\/fourgons-mercedes-benz\/citan\/\"]}]},{\"@type\":\"BreadcrumbList\",\"@id\":\"https:\/\/www.storevan.com\/fr\/amenagement-vehicules-utilitaires\/fourgons-mercedes-benz\/citan\/#breadcrumb\",\"itemListElement\":[{\"@type\":\"ListItem\",\"position\":1,\"name\":\"Home\",\"item\":\"https:\/\/www.storevan.com\/fr\/\"},{\"@type\":\"ListItem\",\"position\":2,\"name\":\"Am\u00e9nagement de v\u00e9hicule utilitaire\",\"item\":\"https:\/\/www.storevan.com\/fr\/amenagement-vehicules-utilitaires\/\"},{\"@type\":\"ListItem\",\"position\":3,\"name\":\"Mercedes-benz\",\"item\":\"https:\/\/www.storevan.com\/fr\/amenagement-vehicules-utilitaires\/fourgons-mercedes-benz\/\"},{\"@type\":\"ListItem\",\"position\":4,\"name\":\"Citan\"}]},{\"@type\":\"WebSite\",\"@id\":\"https:\/\/www.storevan.com\/pl\/#website\",\"url\":\"https:\/\/www.storevan.com\/pl\/\",\"name\":\"Store Van\",\"description\":\"Am\u00e9nagements fourgons\",\"potentialAction\":[{\"@type\":\"SearchAction\",\"target\":{\"@type\":\"EntryPoint\",\"urlTemplate\":\"https:\/\/www.storevan.com\/pl\/?s={search_term_string}\"},\"query-input\":\"required name=search_term_string\"}],\"inLanguage\":\"fr-FR\"}]}<\/script>\n<!-- \/ Yoast SEO plugin. -->","yoast_head_json":{"title":"Am\u00e9nagements fourgons Mercedes-Benz Citan","description":"Contactez-nous sans engagement pour obtenir un devis personnalis\u00e9 pour l\u2019am\u00e9nagement de votre fourgon Mercedes-Benz Citan.","robots":{"index":"index","follow":"follow","max-snippet":"max-snippet:-1","max-image-preview":"max-image-preview:large","max-video-preview":"max-video-preview:-1"},"canonical":"https:\/\/www.storevan.com\/fr\/amenagement-vehicules-utilitaires\/fourgons-mercedes-benz\/citan\/","og_locale":"fr_FR","og_type":"article","og_title":"Am\u00e9nagements fourgons Mercedes-Benz Citan","og_description":"Contactez-nous sans engagement pour obtenir un devis personnalis\u00e9 pour l\u2019am\u00e9nagement de votre fourgon Mercedes-Benz Citan.","og_url":"https:\/\/www.storevan.com\/fr\/amenagement-vehicules-utilitaires\/fourgons-mercedes-benz\/citan\/","og_site_name":"Store Van","article_modified_time":"2019-02-07T15:21:39+00:00","og_image":[{"url":"https:\/\/www.storevan.com\/wp-content\/uploads\/2015\/12\/Mercedes-Benz_Citan_2012_top.jpg"}],"twitter_misc":{"Dur\u00e9e de lecture estim\u00e9e":"2 minutes"},"schema":{"@context":"https:\/\/schema.org","@graph":[{"@type":"WebPage","@id":"https:\/\/www.storevan.com\/fr\/amenagement-vehicules-utilitaires\/fourgons-mercedes-benz\/citan\/","url":"https:\/\/www.storevan.com\/fr\/amenagement-vehicules-utilitaires\/fourgons-mercedes-benz\/citan\/","name":"Am\u00e9nagements fourgons Mercedes-Benz Citan","isPartOf":{"@id":"https:\/\/www.storevan.com\/pl\/#website"},"datePublished":"2015-12-09T14:40:46+00:00","dateModified":"2019-02-07T15:21:39+00:00","description":"Contactez-nous sans engagement pour obtenir un devis personnalis\u00e9 pour l\u2019am\u00e9nagement de votre fourgon Mercedes-Benz Citan.","breadcrumb":{"@id":"https:\/\/www.storevan.com\/fr\/amenagement-vehicules-utilitaires\/fourgons-mercedes-benz\/citan\/#breadcrumb"},"inLanguage":"fr-FR","potentialAction":[{"@type":"ReadAction","target":["https:\/\/www.storevan.com\/fr\/amenagement-vehicules-utilitaires\/fourgons-mercedes-benz\/citan\/"]}]},{"@type":"BreadcrumbList","@id":"https:\/\/www.storevan.com\/fr\/amenagement-vehicules-utilitaires\/fourgons-mercedes-benz\/citan\/#breadcrumb","itemListElement":[{"@type":"ListItem","position":1,"name":"Home","item":"https:\/\/www.storevan.com\/fr\/"},{"@type":"ListItem","position":2,"name":"Am\u00e9nagement de v\u00e9hicule utilitaire","item":"https:\/\/www.storevan.com\/fr\/amenagement-vehicules-utilitaires\/"},{"@type":"ListItem","position":3,"name":"Mercedes-benz","item":"https:\/\/www.storevan.com\/fr\/amenagement-vehicules-utilitaires\/fourgons-mercedes-benz\/"},{"@type":"ListItem","position":4,"name":"Citan"}]},{"@type":"WebSite","@id":"https:\/\/www.storevan.com\/pl\/#website","url":"https:\/\/www.storevan.com\/pl\/","name":"Store Van","description":"Am\u00e9nagements fourgons","potentialAction":[{"@type":"SearchAction","target":{"@type":"EntryPoint","urlTemplate":"https:\/\/www.storevan.com\/pl\/?s={search_term_string}"},"query-input":"required name=search_term_string"}],"inLanguage":"fr-FR"}]}},"_links":{"self":[{"href":"https:\/\/www.storevan.com\/fr\/wp-json\/wp\/v2\/pages\/26125"}],"collection":[{"href":"https:\/\/www.storevan.com\/fr\/wp-json\/wp\/v2\/pages"}],"about":[{"href":"https:\/\/www.storevan.com\/fr\/wp-json\/wp\/v2\/types\/page"}],"author":[{"embeddable":true,"href":"https:\/\/www.storevan.com\/fr\/wp-json\/wp\/v2\/users\/470"}],"replies":[{"embeddable":true,"href":"https:\/\/www.storevan.com\/fr\/wp-json\/wp\/v2\/comments?post=26125"}],"version-history":[{"count":8,"href":"https:\/\/www.storevan.com\/fr\/wp-json\/wp\/v2\/pages\/26125\/revisions"}],"predecessor-version":[{"id":97802,"href":"https:\/\/www.storevan.com\/fr\/wp-json\/wp\/v2\/pages\/26125\/revisions\/97802"}],"up":[{"embeddable":true,"href":"https:\/\/www.storevan.com\/fr\/wp-json\/wp\/v2\/pages\/26123"}],"wp:attachment":[{"href":"https:\/\/www.storevan.com\/fr\/wp-json\/wp\/v2\/media?parent=26125"}],"curies":[{"name":"wp","href":"https:\/\/api.w.org\/{rel}","templated":true}]}}