{"id":26123,"date":"2015-12-14T10:03:40","date_gmt":"2015-12-14T09:03:40","guid":{"rendered":"https:\/\/www.storevan.com\/fr\/allestimenti-veicoli-commerciali\/furgoni-mercedes-benz\/"},"modified":"2021-11-04T13:47:01","modified_gmt":"2021-11-04T13:47:01","slug":"fourgons-mercedes-benz","status":"publish","type":"page","link":"https:\/\/www.storevan.com\/fr\/amenagement-vehicules-utilitaires\/fourgons-mercedes-benz\/","title":{"rendered":"Mercedes-benz"},"content":{"rendered":"<h1 class=\"customblackTitleSmall\">Am\u00e9nagements fourgons Mercedes-benz<\/h1>\n<h2>Am\u00e9nagement Mercedes-Benz de Store Van. De l\u2019entassement sauvage \u00e0 l\u2019ordre pr\u00e9\u00e9tabli.<\/h2>\n<p><img decoding=\"async\" loading=\"lazy\" class=\"alignright wp-image-43721 size-full\" title=\"Am\u00e9nagement Mercedes\" src=\"https:\/\/www.storevan.com\/wp-content\/uploads\/2017\/01\/HOME7-Allestimenti-MERCEDES-BENZ.png\" alt=\"Am\u00e9nagement Mercedes\" width=\"116\" height=\"105\" \/><\/p>\n<p>Store Van produit des solutions d\u2019<strong>am\u00e9nagement pour fourgons Mercedes-Benz<\/strong>. <strong>Rev\u00eatements<\/strong> pour la protection de l\u2019espace de chargement, galeries de toit et porte-\u00e9chelles pour transporter un chargement en toute s\u00e9curit\u00e9 sur le toit du fourgon, et nombreux rayonnages pour \u00e9quiper le v\u00e9hicule utilitaire en fonction des exigences professionnelles sp\u00e9cifiques. Nous avons toutes les solutions d\u2019am\u00e9nagement de <strong>fourgons<\/strong> Mercedes-Benz: Appelez-nous pour avoir un devis gratuit!<\/p>\n<h3 class=\"customblackTitleExtraSmall\">S\u00c9LECTIONNEZ LE MOD\u00c8LE DE VOTRE FOURGON:<\/h3>\n<div class=\"one_third\">\n<p class=\"text-center\"><strong>CITAN 2012<\/strong><\/p>\n<hr \/>\n<p><a href=\"https:\/\/www.storevan.com\/fr\/amenagement-vehicules-utilitaires\/fourgons-mercedes-benz\/citan\/\" class=\"txtOrange\" title=\"Am\u00e9nagement pour Citan\"><img decoding=\"async\" loading=\"lazy\" class=\"aligncenter size-full wp-image-40253\" src=\"https:\/\/www.storevan.com\/wp-content\/uploads\/2015\/12\/Allestimento-furgoni-Mercedes-Benz_Citan_2012-1.jpg\" alt=\"Am\u00e9nagement fourgons MERCEDES-BENZ Citan\" width=\"350\" height=\"220\" srcset=\"https:\/\/www.storevan.com\/wp-content\/uploads\/2015\/12\/Allestimento-furgoni-Mercedes-Benz_Citan_2012-1.jpg 350w, https:\/\/www.storevan.com\/wp-content\/uploads\/2015\/12\/Allestimento-furgoni-Mercedes-Benz_Citan_2012-1-300x189.jpg 300w\" sizes=\"(max-width: 350px) 100vw, 350px\" \/><br \/>\nAm\u00e9nagement pour Citan <i class=\"fa fa-angle-double-right\"><\/i><\/a><br \/>\n<a href=\"https:\/\/www.storevan.com\/fr\/amenagement-vehicules-utilitaires\/fourgons-mercedes-benz\/citan\/planchers-habillages\/\" class=\"txtOrange\" title=\"Plancher et rev\u00eatements int\u00e9rieurs Citan\">Plancher et rev\u00eatements int\u00e9rieurs  <i class=\"fa fa-angle-double-right\"><\/i><\/a><br \/>\n<a href=\"https:\/\/www.storevan.com\/fr\/amenagement-vehicules-utilitaires\/fourgons-mercedes-benz\/citan\/porte-tout-porte-echelles\/\" class=\"txtOrange\" title=\"Porte-\u00e9chelles et porte-tubes pour Citan\">Porte-\u00e9chelles et porte-tubes <i class=\"fa fa-angle-double-right\"><\/i><\/a> <\/p>\n<hr noshade=\"noshade\" size=\"1\" class=\"visible-xs\" \/>\n<\/div><div class=\"one_third\">\n<p class=\"text-center\"><strong>VITO 2015<\/strong><\/p>\n<hr \/>\n<p><a href=\"https:\/\/www.storevan.com\/fr\/amenagement-vehicules-utilitaires\/fourgons-mercedes-benz\/vito\/\" class=\"txtOrange\" title=\"Am\u00e9nagement pour Vito\"><img decoding=\"async\" loading=\"lazy\" class=\"aligncenter size-full wp-image-41406\" src=\"https:\/\/www.storevan.com\/wp-content\/uploads\/2015\/12\/Allestimento-furgoni-Mercedes-Benz_Vito_2015.jpg\" alt=\"Am\u00e9nagements fourgons Mercedes-benz Vito\" width=\"350\" height=\"220\" srcset=\"https:\/\/www.storevan.com\/wp-content\/uploads\/2015\/12\/Allestimento-furgoni-Mercedes-Benz_Vito_2015.jpg 350w, https:\/\/www.storevan.com\/wp-content\/uploads\/2015\/12\/Allestimento-furgoni-Mercedes-Benz_Vito_2015-300x189.jpg 300w\" sizes=\"(max-width: 350px) 100vw, 350px\" \/><br \/>\nAm\u00e9nagement pour Vito <i class=\"fa fa-angle-double-right\"><\/i><\/a><br \/>\n<a href=\"https:\/\/www.storevan.com\/fr\/amenagement-vehicules-utilitaires\/fourgons-mercedes-benz\/vito\/planchers-habillages\/\" class=\"txtOrange\" title=\"Plancher et rev\u00eatements int\u00e9rieurs Vito\">Plancher et rev\u00eatements int\u00e9rieurs  <i class=\"fa fa-angle-double-right\"><\/i><\/a><br \/>\n<a href=\"https:\/\/www.storevan.com\/fr\/amenagement-vehicules-utilitaires\/fourgons-mercedes-benz\/vito\/porte-tout-porte-echelles\/\" class=\"txtOrange\" title=\"Porte-\u00e9chelles et porte-tubes pour Vito\">Porte-\u00e9chelles et porte-tubes <i class=\"fa fa-angle-double-right\"><\/i><\/a> <\/p>\n<hr noshade=\"noshade\" size=\"1\" class=\"visible-xs\" \/>\n<\/div><div class=\"one_third last\">\n<p class=\"text-center\"><strong>SPRINTER 2018<\/strong><\/p>\n<hr \/>\n<p><a href=\"https:\/\/www.storevan.com\/fr\/amenagement-vehicules-utilitaires\/fourgons-mercedes-benz\/sprinter\/\" class=\"txtOrange\" title=\"Am\u00e9nagement pour Sprinter\"><img decoding=\"async\" loading=\"lazy\" class=\"aligncenter size-full wp-image-40259\" src=\"https:\/\/www.storevan.com\/wp-content\/uploads\/2015\/12\/Allestimento-furgoni-Mercedes-Benz-Sprinter-2006-1.jpg\" alt=\"Am\u00e9nagement fourgons MERCEDES-BENZ Sprinter\" width=\"350\" height=\"220\" srcset=\"https:\/\/www.storevan.com\/wp-content\/uploads\/2015\/12\/Allestimento-furgoni-Mercedes-Benz-Sprinter-2006-1.jpg 350w, https:\/\/www.storevan.com\/wp-content\/uploads\/2015\/12\/Allestimento-furgoni-Mercedes-Benz-Sprinter-2006-1-300x189.jpg 300w\" sizes=\"(max-width: 350px) 100vw, 350px\" \/><br \/>\nAm\u00e9nagement pour Sprinter  <i class=\"fa fa-angle-double-right\"><\/i><\/a><br \/>\n<a href=\"https:\/\/www.storevan.com\/fr\/amenagement-vehicules-utilitaires\/fourgons-mercedes-benz\/sprinter\/planchers-habillages\/\" class=\"txtOrange\" title=\"Plancher et rev\u00eatements int\u00e9rieurs Sprinter\">Plancher et rev\u00eatements int\u00e9rieurs  <i class=\"fa fa-angle-double-right\"><\/i><\/a><br \/>\n<a href=\"https:\/\/www.storevan.com\/fr\/amenagement-vehicules-utilitaires\/fourgons-mercedes-benz\/sprinter\/porte-tout-porte-echelles\/\" class=\"txtOrange\" title=\"Porte-\u00e9chelles et porte-tubes pour Sprinter\">Porte-\u00e9chelles et porte-tubes <i class=\"fa fa-angle-double-right\"><\/i><\/a> <\/p>\n<hr noshade=\"noshade\" size=\"1\" class=\"visible-xs\" \/>\n<\/div><div class=\"clearboth\"><\/div>\n<p>De l\u2019entassement sauvage \u00e0 l\u2019ordre pr\u00e9\u00e9tabli : un atelier mobile \u2013 le top de l\u2019am\u00e9nagement pour v\u00e9hicules utilitaires \u2013 est l\u2019extraordinaire transformation de l\u2019espace de chargement-pagaille en atelier sur roues parfaitement ordonn\u00e9 et efficace.<\/p>\n<p>De nombreux professionnels et ouvriers d\u2019entreprises multiservices qui travaillent quotidiennement hors de l\u2019atelier, chez un client, sur un chantier ou sur la route. Pour eux tous, chaque minute compte ! Nous pensons \u00e0 ceux qui s\u2019occupent de services utiles aux citoyens, tels que la maintenance des r\u00e9seaux d\u2019eau et d\u2019\u00e9gout ou l\u2019entretien des routes ; une intervention tardive peut parfois provoquer une aggravation des dommages. C\u2019est en se basant sur ces observations que Store Van a abord\u00e9 l\u2019am\u00e9nagement des fourgons Mercedes-Benz en organisant l\u2019espace de mani\u00e8re non seulement rationnelle et fonctionnelle mais aussi \u00ab <em>r\u00e9sistante<\/em> \u00bb pour chaque client.<\/p>\n<p>Les rayonnages pour fourgons Mercedes-Benz sont pratiques et \u00e9quip\u00e9s de composants utiles tels que des bacs avec diviseurs, des porte-mallettes, des tiroirs \u00e0 fermeture centralis\u00e9e, un \u00e9tabli pour \u00e9tau extractible, un support pour c\u00e2bles, etc.<\/p>\n","protected":false},"excerpt":{"rendered":"<p>Am\u00e9nagements fourgons Mercedes-benz Am\u00e9nagement Mercedes-Benz de Store Van. De l\u2019entassement sauvage \u00e0 l\u2019ordre pr\u00e9\u00e9tabli. Store Van produit des solutions d\u2019am\u00e9nagement pour fourgons Mercedes-Benz. Rev\u00eatements pour la protection de l\u2019espace de.<\/p>\n","protected":false},"author":470,"featured_media":0,"parent":26069,"menu_order":0,"comment_status":"closed","ping_status":"closed","template":"","meta":[],"acf":[],"yoast_head":"<!-- This site is optimized with the Yoast SEO plugin v20.11 - https:\/\/yoast.com\/wordpress\/plugins\/seo\/ -->\n<title>Am\u00e9nagements fourgons Mercedes-benz<\/title>\n<meta name=\"description\" content=\"Am\u00e9nagements de fourgons MERCEDES-BENZ. Store Van produit des am\u00e9nagements pour v\u00e9hicules utilitaires Mercedes. Rev\u00eatements, porte-\u00e9chelles, et modules.\" \/>\n<meta name=\"robots\" content=\"index, follow, max-snippet:-1, max-image-preview:large, max-video-preview:-1\" \/>\n<link rel=\"canonical\" href=\"https:\/\/www.storevan.com\/fr\/amenagement-vehicules-utilitaires\/fourgons-mercedes-benz\/\" \/>\n<meta property=\"og:locale\" content=\"fr_FR\" \/>\n<meta property=\"og:type\" content=\"article\" \/>\n<meta property=\"og:title\" content=\"Am\u00e9nagements fourgons Mercedes-benz\" \/>\n<meta property=\"og:description\" content=\"Am\u00e9nagements de fourgons MERCEDES-BENZ. Store Van produit des am\u00e9nagements pour v\u00e9hicules utilitaires Mercedes. Rev\u00eatements, porte-\u00e9chelles, et modules.\" \/>\n<meta property=\"og:url\" content=\"https:\/\/www.storevan.com\/fr\/amenagement-vehicules-utilitaires\/fourgons-mercedes-benz\/\" \/>\n<meta property=\"og:site_name\" content=\"Store Van\" \/>\n<meta property=\"article:modified_time\" content=\"2021-11-04T13:47:01+00:00\" \/>\n<meta property=\"og:image\" content=\"https:\/\/www.storevan.com\/wp-content\/uploads\/2017\/01\/HOME7-Allestimenti-MERCEDES-BENZ.png\" \/>\n<meta name=\"twitter:label1\" content=\"Dur\u00e9e de lecture estim\u00e9e\" \/>\n\t<meta name=\"twitter:data1\" content=\"2 minutes\" \/>\n<script type=\"application\/ld+json\" class=\"yoast-schema-graph\">{\"@context\":\"https:\/\/schema.org\",\"@graph\":[{\"@type\":\"WebPage\",\"@id\":\"https:\/\/www.storevan.com\/fr\/amenagement-vehicules-utilitaires\/fourgons-mercedes-benz\/\",\"url\":\"https:\/\/www.storevan.com\/fr\/amenagement-vehicules-utilitaires\/fourgons-mercedes-benz\/\",\"name\":\"Am\u00e9nagements fourgons Mercedes-benz\",\"isPartOf\":{\"@id\":\"https:\/\/www.storevan.com\/pl\/#website\"},\"datePublished\":\"2015-12-14T09:03:40+00:00\",\"dateModified\":\"2021-11-04T13:47:01+00:00\",\"description\":\"Am\u00e9nagements de fourgons MERCEDES-BENZ. Store Van produit des am\u00e9nagements pour v\u00e9hicules utilitaires Mercedes. Rev\u00eatements, porte-\u00e9chelles, et modules.\",\"breadcrumb\":{\"@id\":\"https:\/\/www.storevan.com\/fr\/amenagement-vehicules-utilitaires\/fourgons-mercedes-benz\/#breadcrumb\"},\"inLanguage\":\"fr-FR\",\"potentialAction\":[{\"@type\":\"ReadAction\",\"target\":[\"https:\/\/www.storevan.com\/fr\/amenagement-vehicules-utilitaires\/fourgons-mercedes-benz\/\"]}]},{\"@type\":\"BreadcrumbList\",\"@id\":\"https:\/\/www.storevan.com\/fr\/amenagement-vehicules-utilitaires\/fourgons-mercedes-benz\/#breadcrumb\",\"itemListElement\":[{\"@type\":\"ListItem\",\"position\":1,\"name\":\"Home\",\"item\":\"https:\/\/www.storevan.com\/fr\/\"},{\"@type\":\"ListItem\",\"position\":2,\"name\":\"Am\u00e9nagement de v\u00e9hicule utilitaire\",\"item\":\"https:\/\/www.storevan.com\/fr\/amenagement-vehicules-utilitaires\/\"},{\"@type\":\"ListItem\",\"position\":3,\"name\":\"Mercedes-benz\"}]},{\"@type\":\"WebSite\",\"@id\":\"https:\/\/www.storevan.com\/pl\/#website\",\"url\":\"https:\/\/www.storevan.com\/pl\/\",\"name\":\"Store Van\",\"description\":\"Am\u00e9nagements fourgons\",\"potentialAction\":[{\"@type\":\"SearchAction\",\"target\":{\"@type\":\"EntryPoint\",\"urlTemplate\":\"https:\/\/www.storevan.com\/pl\/?s={search_term_string}\"},\"query-input\":\"required name=search_term_string\"}],\"inLanguage\":\"fr-FR\"}]}<\/script>\n<!-- \/ Yoast SEO plugin. -->","yoast_head_json":{"title":"Am\u00e9nagements fourgons Mercedes-benz","description":"Am\u00e9nagements de fourgons MERCEDES-BENZ. Store Van produit des am\u00e9nagements pour v\u00e9hicules utilitaires Mercedes. Rev\u00eatements, porte-\u00e9chelles, et modules.","robots":{"index":"index","follow":"follow","max-snippet":"max-snippet:-1","max-image-preview":"max-image-preview:large","max-video-preview":"max-video-preview:-1"},"canonical":"https:\/\/www.storevan.com\/fr\/amenagement-vehicules-utilitaires\/fourgons-mercedes-benz\/","og_locale":"fr_FR","og_type":"article","og_title":"Am\u00e9nagements fourgons Mercedes-benz","og_description":"Am\u00e9nagements de fourgons MERCEDES-BENZ. Store Van produit des am\u00e9nagements pour v\u00e9hicules utilitaires Mercedes. Rev\u00eatements, porte-\u00e9chelles, et modules.","og_url":"https:\/\/www.storevan.com\/fr\/amenagement-vehicules-utilitaires\/fourgons-mercedes-benz\/","og_site_name":"Store Van","article_modified_time":"2021-11-04T13:47:01+00:00","og_image":[{"url":"https:\/\/www.storevan.com\/wp-content\/uploads\/2017\/01\/HOME7-Allestimenti-MERCEDES-BENZ.png"}],"twitter_misc":{"Dur\u00e9e de lecture estim\u00e9e":"2 minutes"},"schema":{"@context":"https:\/\/schema.org","@graph":[{"@type":"WebPage","@id":"https:\/\/www.storevan.com\/fr\/amenagement-vehicules-utilitaires\/fourgons-mercedes-benz\/","url":"https:\/\/www.storevan.com\/fr\/amenagement-vehicules-utilitaires\/fourgons-mercedes-benz\/","name":"Am\u00e9nagements fourgons Mercedes-benz","isPartOf":{"@id":"https:\/\/www.storevan.com\/pl\/#website"},"datePublished":"2015-12-14T09:03:40+00:00","dateModified":"2021-11-04T13:47:01+00:00","description":"Am\u00e9nagements de fourgons MERCEDES-BENZ. Store Van produit des am\u00e9nagements pour v\u00e9hicules utilitaires Mercedes. Rev\u00eatements, porte-\u00e9chelles, et modules.","breadcrumb":{"@id":"https:\/\/www.storevan.com\/fr\/amenagement-vehicules-utilitaires\/fourgons-mercedes-benz\/#breadcrumb"},"inLanguage":"fr-FR","potentialAction":[{"@type":"ReadAction","target":["https:\/\/www.storevan.com\/fr\/amenagement-vehicules-utilitaires\/fourgons-mercedes-benz\/"]}]},{"@type":"BreadcrumbList","@id":"https:\/\/www.storevan.com\/fr\/amenagement-vehicules-utilitaires\/fourgons-mercedes-benz\/#breadcrumb","itemListElement":[{"@type":"ListItem","position":1,"name":"Home","item":"https:\/\/www.storevan.com\/fr\/"},{"@type":"ListItem","position":2,"name":"Am\u00e9nagement de v\u00e9hicule utilitaire","item":"https:\/\/www.storevan.com\/fr\/amenagement-vehicules-utilitaires\/"},{"@type":"ListItem","position":3,"name":"Mercedes-benz"}]},{"@type":"WebSite","@id":"https:\/\/www.storevan.com\/pl\/#website","url":"https:\/\/www.storevan.com\/pl\/","name":"Store Van","description":"Am\u00e9nagements fourgons","potentialAction":[{"@type":"SearchAction","target":{"@type":"EntryPoint","urlTemplate":"https:\/\/www.storevan.com\/pl\/?s={search_term_string}"},"query-input":"required name=search_term_string"}],"inLanguage":"fr-FR"}]}},"_links":{"self":[{"href":"https:\/\/www.storevan.com\/fr\/wp-json\/wp\/v2\/pages\/26123"}],"collection":[{"href":"https:\/\/www.storevan.com\/fr\/wp-json\/wp\/v2\/pages"}],"about":[{"href":"https:\/\/www.storevan.com\/fr\/wp-json\/wp\/v2\/types\/page"}],"author":[{"embeddable":true,"href":"https:\/\/www.storevan.com\/fr\/wp-json\/wp\/v2\/users\/470"}],"replies":[{"embeddable":true,"href":"https:\/\/www.storevan.com\/fr\/wp-json\/wp\/v2\/comments?post=26123"}],"version-history":[{"count":8,"href":"https:\/\/www.storevan.com\/fr\/wp-json\/wp\/v2\/pages\/26123\/revisions"}],"predecessor-version":[{"id":135555,"href":"https:\/\/www.storevan.com\/fr\/wp-json\/wp\/v2\/pages\/26123\/revisions\/135555"}],"up":[{"embeddable":true,"href":"https:\/\/www.storevan.com\/fr\/wp-json\/wp\/v2\/pages\/26069"}],"wp:attachment":[{"href":"https:\/\/www.storevan.com\/fr\/wp-json\/wp\/v2\/media?parent=26123"}],"curies":[{"name":"wp","href":"https:\/\/api.w.org\/{rel}","templated":true}]}}