{"id":26111,"date":"2015-12-09T10:53:05","date_gmt":"2015-12-09T09:53:05","guid":{"rendered":"https:\/\/www.storevan.com\/fr\/allestimenti-veicoli-commerciali\/pavimenti-rivestimenti-interni-furgoni\/"},"modified":"2021-01-21T16:24:26","modified_gmt":"2021-01-21T16:24:26","slug":"planchers-panneaux-revetements-internes-fourgons","status":"publish","type":"page","link":"https:\/\/www.storevan.com\/fr\/amenagement-vehicules-utilitaires\/planchers-panneaux-revetements-internes-fourgons\/","title":{"rendered":"Planchers, panneaux et rev\u00eatements internes pour fourgons"},"content":{"rendered":"<h1 class=\"customblackTitleSmall\">Rev\u00eatements internes pour fourgons<\/h1>\n<div class=\"one_half\">\n<div id=\"cf4a\"><img decoding=\"async\" loading=\"lazy\" src=\"https:\/\/www.storevan.com\/wp-content\/uploads\/2019\/09\/rivestimenti-interni-per-furgoni.jpg\" alt=\"\" width=\"750\" height=\"600\" class=\"aligncenter size-full wp-image-107867\" srcset=\"https:\/\/www.storevan.com\/wp-content\/uploads\/2019\/09\/rivestimenti-interni-per-furgoni.jpg 750w, https:\/\/www.storevan.com\/wp-content\/uploads\/2019\/09\/rivestimenti-interni-per-furgoni-300x240.jpg 300w\" sizes=\"(max-width: 750px) 100vw, 750px\" \/><img decoding=\"async\" loading=\"lazy\" src=\"https:\/\/www.storevan.com\/wp-content\/uploads\/2019\/09\/rivestimento-interno-furgone.jpg\" alt=\"\" width=\"750\" height=\"600\" class=\"aligncenter size-full wp-image-107873\" srcset=\"https:\/\/www.storevan.com\/wp-content\/uploads\/2019\/09\/rivestimento-interno-furgone.jpg 750w, https:\/\/www.storevan.com\/wp-content\/uploads\/2019\/09\/rivestimento-interno-furgone-300x240.jpg 300w\" sizes=\"(max-width: 750px) 100vw, 750px\" \/><img decoding=\"async\" loading=\"lazy\" src=\"https:\/\/www.storevan.com\/wp-content\/uploads\/2019\/09\/rivestimento-pareti-pavimento-furgone.jpg\" alt=\"\" width=\"750\" height=\"600\" class=\"aligncenter size-full wp-image-107885\" srcset=\"https:\/\/www.storevan.com\/wp-content\/uploads\/2019\/09\/rivestimento-pareti-pavimento-furgone.jpg 750w, https:\/\/www.storevan.com\/wp-content\/uploads\/2019\/09\/rivestimento-pareti-pavimento-furgone-300x240.jpg 300w\" sizes=\"(max-width: 750px) 100vw, 750px\" \/><img decoding=\"async\" loading=\"lazy\" src=\"https:\/\/www.storevan.com\/wp-content\/uploads\/2019\/09\/rivestimento-pavimento-furgone.jpg\" alt=\"\" width=\"750\" height=\"600\" class=\"aligncenter size-full wp-image-107891\" srcset=\"https:\/\/www.storevan.com\/wp-content\/uploads\/2019\/09\/rivestimento-pavimento-furgone.jpg 750w, https:\/\/www.storevan.com\/wp-content\/uploads\/2019\/09\/rivestimento-pavimento-furgone-300x240.jpg 300w\" sizes=\"(max-width: 750px) 100vw, 750px\" \/><\/div>\n<\/div>\n<div class=\"one_half last\">\n<p class=\"txtUp customblackTitleExtraSmall\">Avec les habillages int\u00e9rieurs pour utilitaires de Store Van, la protection de la carrosserie de l\u2019espace de chargement est assur\u00e9e<\/p>\n<div class=\"borderTitleOrange\"><\/div>\n<hr class=\"noColor\" \/>\n<p><strong>Le sol de l\u2019utilitaire<\/strong> peut \u00eatre prot\u00e9g\u00e9 par un <strong>plancher en bois marin ou en aluminium larm\u00e9<\/strong>, prot\u00e9geant ainsi la peinture de protection du v\u00e9hicule et la carrosserie elle-m\u00eame contre les rayures et les chocs que le mat\u00e9riel et le chargement provoquent in\u00e9vitablement. <strong>Les parois lat\u00e9rales<\/strong> et la porti\u00e8re du v\u00e9hicule sont, quant \u00e0 eux, rev\u00eatus de <strong>panneaux de polypropyl\u00e8ne alv\u00e9olaire<\/strong>. <\/p>\n<p>Un habillage complet de l\u2019espace de chargement pr\u00e9voit \u00e9galement la <strong>protection de la cloison de s\u00e9paration de l\u2019arri\u00e8re de cabine<\/strong>\u00a0: avec l\u2019am\u00e9nagement de <strong>cloison pour utilitaire<\/strong> de Store Van, constitu\u00e9e de traverses et renforts lat\u00e9raux en acier et de panneaux en bois et\/ou m\u00e9tal perfor\u00e9, en plus de prot\u00e9ger la carrosserie, on b\u00e9n\u00e9ficie d\u2019une double fonction de stockage pour le mat\u00e9riel et les accessoires. <\/p>\n<p>Pour terminer l\u2019habillage de l\u2019utilitaire, il est possible d\u2019ajouter les <strong>couvre passage de roue<\/strong> Store Van, \u00e0 structure en acier et couvertures lat\u00e9rales en bois ou t\u00f4le perfor\u00e9e, cette derni\u00e8re \u00e9tant optimale pour fixer du mat\u00e9riel et des outils divers au moyen de sangles et de crochets d\u2019arrimage.<\/p>\n<\/div><div class=\"clearboth\"><\/div>\n<hr class=\"noColor\" \/>\n<hr \/>\n<div class=\"col-xs-12 col-sm-12 col-md-6\">\n<div class=\"text-center\"><a class=\"btn btn-download\" href=\"tel:+390424585455\"><i class=\"fa fa-phone\"><\/i> <span class=\"spanBtn\">APPELEZ-NOUS<\/span><br \/>\npour toute information<\/a><\/div>\n<\/div>\n<div class=\"col-xs-12 col-sm-12 col-md-6\">\n<div class=\"text-center\"><a class=\"btn btn-download btnToggle\" href=\"#formcontatto\"><i class=\"fa fa-envelope\"><\/i> <span class=\"spanBtn\">\u00c9CRIVEZ-NOUS<\/span><br \/>\nvous serez contact\u00e9s<\/a><\/div>\n<\/div>\n<div class=\"break\"><\/div>\n<hr \/>\n<hr class=\"noColor\" \/>\n<hr class=\"noColor\" \/>\n<hr class=\"noColor\" \/>\n<h3 class=\"customblackTitleExtraSmall\">Rev\u00eatements internes pour fourgons:<\/h3>\n<hr class=\"noColor\" \/>\n<div class=\"col-xs-12 col-sm-6 col-md-6\">\n<div style=\"padding: 10px;\">\n<div class=\"col-xs-6 col-sm-5 col-md-5\"><img decoding=\"async\" loading=\"lazy\" src=\"https:\/\/www.storevan.com\/wp-content\/uploads\/2019\/09\/pianale-furgone.jpg\" alt=\"Planchers\" width=\"300\" height=\"300\" class=\"aligncenter size-full wp-image-107903\" srcset=\"https:\/\/www.storevan.com\/wp-content\/uploads\/2019\/09\/pianale-furgone.jpg 300w, https:\/\/www.storevan.com\/wp-content\/uploads\/2019\/09\/pianale-furgone-150x150.jpg 150w, https:\/\/www.storevan.com\/wp-content\/uploads\/2019\/09\/pianale-furgone-48x48.jpg 48w\" sizes=\"(max-width: 300px) 100vw, 300px\" \/><\/div>\n<div class=\"col-xs-6 col-sm-7 col-md-7\">\n<h4 class=\"bigTxt txtUp txtBlack\">PLANCHER EN BOIS ET HABILLAGES EN POLYPROPYL\u00c8NE POUR FOURGONS<\/h4>\n<div class=\"borderTitle\"><\/div>\n<p>Planchers en bois de 9\/12 mm d&rsquo;\u00e9paisseur avec rev\u00eatement ph\u00e9nolique et coefficient de friction certifi\u00e9 par T\u00dcV. Habillages pour fourgons en polypropyl\u00e8ne d&rsquo;une \u00e9paisseur de 4 mm.<br \/>\n<a class=\"btn btn-primary noMarg\" title=\"Planchers\" href=\"https:\/\/www.storevan.com\/fr\/produits\/planchers-habillages-fourgons\/\">Rev\u00eatements pour fourgons en bois et polypropyl\u00e8ne <i class=\"fa fa-angle-double-right\"><\/i><\/a><\/p>\n<\/div>\n<div class=\"break\"><\/div>\n<\/div>\n<\/div>\n<div class=\"col-xs-12 col-sm-6 col-md-6\">\n<div style=\"padding: 10px;\">\n<div class=\"col-xs-6 col-sm-5 col-md-5\"><img decoding=\"async\" loading=\"lazy\" src=\"https:\/\/www.storevan.com\/wp-content\/uploads\/2018\/03\/rivestimenti-interni-in-alluminio-300x300.jpg\" alt=\"Rev\u00eatements en aluminium\" width=\"300\" height=\"300\" class=\"aligncenter size-full wp-image-107897\" \/><\/div>\n<div class=\"col-xs-6 col-sm-7 col-md-7\">\n<h4 class=\"bigTxt txtUp txtBlack\">REV\u00caTEMENTS EN ALUMINIUM<\/h4>\n<div class=\"borderTitle\"><\/div>\n<p>Rev\u00eatements en aluminium pour les parois lat\u00e9rales gauche et droite, la porte coulissante et, le cas \u00e9ch\u00e9ant, pour la partie inf\u00e9rieure des portes battantes arri\u00e8re\/hayon.<br \/>\nPlancher de chargement en aluminium larm\u00e9 avec trous de passage pour anneaux d\u2019arrimage.<br \/>\n<a class=\"btn btn-primary noMarg\" title=\"Habillages\" href=\"https:\/\/www.storevan.com\/fr\/produits\/habillages-interieurs-pour-fourgons-en-aluminium\/\">Rev\u00eatement int\u00e9rieurs en aluminium <i class=\"fa fa-angle-double-right\"><\/i><\/a><\/p>\n<\/div>\n<div class=\"break\"><\/div>\n<\/div>\n<\/div>\n<div class=\"break\"><\/div>\n<hr class=\"noColor\" \/>\n<div class=\"col-xs-12 col-sm-6 col-md-6\">\n<div style=\"padding: 10px;\">\n<div class=\"col-xs-6 col-sm-5 col-md-5\"><img decoding=\"async\" loading=\"lazy\" src=\"https:\/\/www.storevan.com\/wp-content\/uploads\/2019\/09\/rivestimento-paratia-divisoria-furgone.jpg\" alt=\"Am\u00e9nagement de cloison pour arri\u00e8re de cabine\" width=\"300\" height=\"300\" class=\"aligncenter size-full wp-image-107879\" srcset=\"https:\/\/www.storevan.com\/wp-content\/uploads\/2019\/09\/rivestimento-paratia-divisoria-furgone.jpg 300w, https:\/\/www.storevan.com\/wp-content\/uploads\/2019\/09\/rivestimento-paratia-divisoria-furgone-150x150.jpg 150w, https:\/\/www.storevan.com\/wp-content\/uploads\/2019\/09\/rivestimento-paratia-divisoria-furgone-48x48.jpg 48w\" sizes=\"(max-width: 300px) 100vw, 300px\" \/><\/div>\n<div class=\"col-xs-6 col-sm-7 col-md-7\">\n<h4 class=\"bigTxt txtUp txtBlack\">Am\u00e9nagement de cloison<\/h4>\n<div class=\"borderTitle\"><\/div>\n<p>Paroi de protection fix\u00e9e au dos de la cloison de s\u00e9paration de l\u2019utilitaire, compos\u00e9e d\u2019une solide structure constitu\u00e9e de traverses et de nervures lat\u00e9rales en acier et de panneaux modulables lisses, en contreplaqu\u00e9 de bouleau, ou perfor\u00e9s, en acier peint. Triple fonction de protection, stockage, s\u00e9curisation du chargement.<br \/>\n<a class=\"btn btn-primary noMarg\" title=\"Am\u00e9nagement de cloison\" href=\"https:\/\/www.storevan.com\/fr\/produits\/amenagement-cloison\/\">Am\u00e9nagement de cloison <i class=\"fa fa-angle-double-right\"><\/i><\/a><\/p>\n<\/div>\n<div class=\"break\"><\/div>\n<\/div>\n<\/div>\n<div class=\"col-xs-12 col-sm-6 col-md-6\">\n<div style=\"padding: 10px;\">\n<div class=\"col-xs-6 col-sm-5 col-md-5\"><img decoding=\"async\" class=\"aligncenter\" src=\"https:\/\/www.storevan.com\/wp-content\/uploads\/2019\/09\/02-copripassaruota-legno.jpg\" alt=\"Couvre passage de roue pour v\u00e9hicules utilitaires\" \/><\/div>\n<div class=\"col-xs-6 col-sm-7 col-md-7\">\n<h4 class=\"bigTxt txtUp txtBlack\">Couvre passage de roue<\/h4>\n<div class=\"borderTitle\"><\/div>\n<p>Le rev\u00eatement du couvre passage de roue \u00e9vite la d\u00e9formation de la carrosserie caus\u00e9e par le poids de la charge transport\u00e9e. Le couvre passage de roue de Store Van est r\u00e9alis\u00e9 en acier 12\/10 automobile, avec des trous sur les cadres lat\u00e9raux pour la fixation de mat\u00e9riel et d\u2019accessoires Store Van, et peut \u00eatre habill\u00e9 \u00e0 l\u2019avant avec des panneaux en acier ou en bois.<br \/>\n<a class=\"btn btn-primary noMarg\" title=\"Couvre passage de roue\" href=\"https:\/\/www.storevan.com\/fr\/produits\/couvre-passage-de-roue\/\">Couvre passage de roue <i class=\"fa fa-angle-double-right\"><\/i><\/a><\/p>\n<\/div>\n<div class=\"break\"><\/div>\n<\/div>\n<\/div>\n<div class=\"break\"><\/div>\n<hr class=\"noColor\" \/>\n<hr class=\"noColor\" \/>\n<hr class=\"noColor\" \/>\n<h4 class=\"customblackTitleExtraSmall\">S\u00e9lectionner le mod\u00e8le de votre fourgon:<\/h4>\n<hr class=\"noColor\" \/>\n<div class=\"selMarca txtBlue\"><div class=\"col-xs-12 col-sm-12 col-md-4\"><p>S\u00e9lectionnez l'am\u00e9nagement pour: <\/p><\/div>\n\t<div class=\"col-xs-12 col-sm-6 col-md-3\"><select id=\"make\" class=\"form-control\"><option value=\"0\">Marque<\/option><option value=\"1\">Citroen<\/option><option value=\"2\">Dacia<\/option><option value=\"3\">Fiat<\/option><option value=\"4\">Ford<\/option><option value=\"5\">Hyundai<\/option><option value=\"6\">Iveco<\/option><option value=\"7\">Man<\/option><option value=\"8\">Mercedes-benz<\/option><option value=\"9\">Nissan<\/option><option value=\"10\">Opel<\/option><option value=\"11\">Peugeot<\/option><option value=\"12\">Renault<\/option><option value=\"13\">Toyota<\/option><option value=\"14\">Volkswagen<\/option><\/select><\/div><hr class=\"noColor break visible-xs\"\/>\n\t<div class=\"col-xs-12 col-sm-6 col-md-3\"><select id=\"model\" class=\"form-control\"><option value=\"0\">Mod\u00e8le\u00a0<\/option><option id=\"https:\/\/www.storevan.com\/fr\/amenagement-vehicules-utilitaires\/fourgons-citroen\/nemo\/\" class=\"Nemo\" value=\"1\">Nemo<\/option><option id=\"https:\/\/www.storevan.com\/fr\/amenagement-vehicules-utilitaires\/fourgons-citroen\/jumpy-2016\/\" class=\"Jumpy\" value=\"1\">Jumpy<\/option><option id=\"https:\/\/www.storevan.com\/fr\/amenagement-vehicules-utilitaires\/fourgons-citroen\/jumper\/\" class=\"Jumper\" value=\"1\">Jumper<\/option><option id=\"https:\/\/www.storevan.com\/fr\/amenagement-vehicules-utilitaires\/fourgons-citroen\/berlingo\/\" class=\"Berlingo\" value=\"1\">Berlingo<\/option><option id=\"https:\/\/www.storevan.com\/fr\/amenagement-vehicules-utilitaires\/fourgons-citroen\/jumpy-2016\/\" class=\"Jumpy\" value=\"1\">Jumpy<\/option><option id=\"https:\/\/www.storevan.com\/fr\/amenagement-vehicules-utilitaires\/fourgons-dacia\/dokker\/\" class=\"Dokker\" value=\"2\">Dokker<\/option><option id=\"https:\/\/www.storevan.com\/fr\/amenagement-vehicules-utilitaires\/fourgons-fiat\/doblo\/\" class=\"Dobl\u00f2\" value=\"3\">Dobl\u00f2<\/option><option id=\"https:\/\/www.storevan.com\/fr\/amenagement-vehicules-utilitaires\/fourgons-fiat\/ducato\/\" class=\"Ducato\" value=\"3\">Ducato<\/option><option id=\"https:\/\/www.storevan.com\/fr\/amenagement-vehicules-utilitaires\/fourgons-fiat\/fiorino\/\" class=\"Fiorino\" value=\"3\">Fiorino<\/option><option id=\"https:\/\/www.storevan.com\/fr\/amenagement-vehicules-utilitaires\/fourgons-fiat\/talento\/\" class=\"Talento\" value=\"3\">Talento<\/option><option id=\"https:\/\/www.storevan.com\/fr\/amenagement-vehicules-utilitaires\/fourgons-ford\/courier\/\" class=\"Courier\" value=\"4\">Courier<\/option><option id=\"https:\/\/www.storevan.com\/fr\/amenagement-vehicules-utilitaires\/fourgons-ford\/connect\/\" class=\"Connect\" value=\"4\">Connect<\/option><option id=\"https:\/\/www.storevan.com\/fr\/amenagement-vehicules-utilitaires\/fourgons-ford\/custom\/\" class=\"Custom\" value=\"4\">Custom<\/option><option id=\"https:\/\/www.storevan.com\/fr\/amenagement-vehicules-utilitaires\/fourgons-ford\/transit\/\" class=\"Transit\" value=\"4\">Transit<\/option><option id=\"https:\/\/www.storevan.com\/fr\/amenagement-vehicules-utilitaires\/fourgons-hyundai\/h350\/\" class=\"H350\" value=\"5\">H350<\/option><option id=\"https:\/\/www.storevan.com\/fr\/amenagement-vehicules-utilitaires\/fourgons-iveco\/daily\/\" class=\"Daily\" value=\"6\">Daily<\/option><option id=\"https:\/\/www.storevan.com\/fr\/amenagement-vehicules-utilitaires\/man\/tge\/\" class=\"TGE\" value=\"7\">TGE<\/option><option id=\"https:\/\/www.storevan.com\/fr\/amenagement-vehicules-utilitaires\/fourgons-mercedes-benz\/citan\/\" class=\"Citan\" value=\"8\">Citan<\/option><option id=\"https:\/\/www.storevan.com\/fr\/amenagement-vehicules-utilitaires\/fourgons-mercedes-benz\/vito\/\" class=\"Vito\" value=\"8\">Vito<\/option><option id=\"https:\/\/www.storevan.com\/fr\/amenagement-vehicules-utilitaires\/fourgons-mercedes-benz\/sprinter\/\" class=\"Sprinter\" value=\"8\">Sprinter<\/option><option id=\"https:\/\/www.storevan.com\/fr\/amenagement-vehicules-utilitaires\/fourgons-nissan\/nv200\/\" class=\"NV200\" value=\"9\">NV200<\/option><option id=\"https:\/\/www.storevan.com\/fr\/amenagement-vehicules-utilitaires\/fourgons-nissan\/nv300\/\" class=\"NV300\" value=\"9\">NV300<\/option><option id=\"https:\/\/www.storevan.com\/fr\/amenagement-vehicules-utilitaires\/fourgons-nissan\/nv400\/\" class=\"NV400\" value=\"9\">NV400<\/option><option id=\"https:\/\/www.storevan.com\/fr\/amenagement-vehicules-utilitaires\/fourgons-opel\/combo\/\" class=\"Combo\" value=\"10\">Combo<\/option><option id=\"https:\/\/www.storevan.com\/fr\/amenagement-vehicules-utilitaires\/fourgons-opel\/vivaro\/\" class=\"Vivaro\" value=\"10\">Vivaro<\/option><option id=\"https:\/\/www.storevan.com\/fr\/amenagement-vehicules-utilitaires\/fourgons-opel\/movano\/\" class=\"Movano\" value=\"10\">Movano<\/option><option id=\"https:\/\/www.storevan.com\/fr\/amenagement-vehicules-utilitaires\/fourgons-opel\/movano-2021\/\" class=\"Movano 2021\" value=\"10\">Movano 2021<\/option><option id=\"https:\/\/www.storevan.com\/fr\/amenagement-vehicules-utilitaires\/fourgons-peugeot\/bipper\/\" class=\"Bipper\" value=\"11\">Bipper<\/option><option id=\"https:\/\/www.storevan.com\/fr\/amenagement-vehicules-utilitaires\/fourgons-peugeot\/partner\/\" class=\"Partner\" value=\"11\">Partner<\/option><option id=\"https:\/\/www.storevan.com\/fr\/amenagement-vehicules-utilitaires\/fourgons-peugeot\/boxer\/\" class=\"Boxer\" value=\"11\">Boxer<\/option><option id=\"https:\/\/www.storevan.com\/fr\/amenagement-vehicules-utilitaires\/fourgons-peugeot\/expert-2016\/\" class=\"Expert\" value=\"11\">Expert<\/option><option id=\"https:\/\/www.storevan.com\/fr\/amenagement-vehicules-utilitaires\/fourgons-renault\/kangoo\/\" class=\"Kangoo\" value=\"12\">Kangoo<\/option><option id=\"https:\/\/www.storevan.com\/fr\/amenagement-vehicules-utilitaires\/fourgons-renault\/trafic\/\" class=\"Trafic\" value=\"12\">Trafic<\/option><option id=\"https:\/\/www.storevan.com\/fr\/amenagement-vehicules-utilitaires\/fourgons-renault\/master\/\" class=\"Master\" value=\"12\">Master<\/option><option id=\"https:\/\/www.storevan.com\/fr\/amenagement-vehicules-utilitaires\/toyota\/proace\/\" class=\"Proace\" value=\"13\">Proace<\/option><option id=\"https:\/\/www.storevan.com\/fr\/amenagement-vehicules-utilitaires\/toyota\/proace-city\/\" class=\"Proace City\" value=\"13\">Proace City<\/option><option id=\"https:\/\/www.storevan.com\/fr\/amenagement-vehicules-utilitaires\/fourgons-volkswagen\/caddy\/\" class=\"Caddy\" value=\"14\">Caddy<\/option><option id=\"https:\/\/www.storevan.com\/fr\/amenagement-vehicules-utilitaires\/fourgons-volkswagen\/transporter\/\" class=\"Transporter\" value=\"14\">Transporter<\/option><option id=\"https:\/\/www.storevan.com\/fr\/amenagement-vehicules-utilitaires\/fourgons-volkswagen\/crafter-2017\/\" class=\"Crafter 2017\" value=\"14\">Crafter 2017<\/option><option id=\"https:\/\/www.storevan.com\/fr\/amenagement-vehicules-utilitaires\/fourgons-volkswagen\/crafter\/\" class=\"Crafter 2006\" value=\"14\">Crafter 2006<\/option><option id=\"https:\/\/www.storevan.com\/fr\/amenagement-vehicules-utilitaires\/fourgons-volkswagen\/caddy-cargo\/\" class=\"Caddy Cargo\" value=\"14\">Caddy Cargo<\/option><\/select><\/div><hr class=\"noColor break visible-xs\"\/>\n\t<div id=\"pagina\" class=\"col-xs-12 col-sm-12 col-md-2\"><input class=\"btn btn-primary\" type=\"submit\" name=\"button\" id=\"button\" value=\"Cherche \" onclick=\"showURL();\" \/><\/div>\n\t<div class=\"break\"><\/div><\/div>\n<hr class=\"noColor\" \/>\n<p><a name=\"formcontatto\" class=\"destination\"><\/a><\/p>\n<div class=\"formToggle\">\n<h4 class=\"bigTxt text-center txtBkOrange\"><i class=\"fa fa-envelope pull-left\"><\/i>Blocs-tiroirs pour v\u00e9hicules utilitaires prix et informations<\/h4>\n\n<div class=\"wpcf7 no-js\" id=\"wpcf7-f67673-o1\" lang=\"it-IT\" dir=\"ltr\">\n<div class=\"screen-reader-response\"><p role=\"status\" aria-live=\"polite\" aria-atomic=\"true\"><\/p> <ul><\/ul><\/div>\n<form action=\"\/fr\/wp-json\/wp\/v2\/pages\/26111#wpcf7-f67673-o1\" method=\"post\" class=\"wpcf7-form init\" id=\"form-pianali-pannellature-fr\" aria-label=\"Modulo di contatto\" novalidate=\"novalidate\" data-status=\"init\">\n<div style=\"display: none;\">\n<input type=\"hidden\" name=\"_wpcf7\" value=\"67673\" \/>\n<input type=\"hidden\" name=\"_wpcf7_version\" value=\"5.7.7\" \/>\n<input type=\"hidden\" name=\"_wpcf7_locale\" value=\"it_IT\" \/>\n<input type=\"hidden\" name=\"_wpcf7_unit_tag\" value=\"wpcf7-f67673-o1\" \/>\n<input type=\"hidden\" name=\"_wpcf7_container_post\" value=\"0\" \/>\n<input type=\"hidden\" name=\"_wpcf7_posted_data_hash\" value=\"\" \/>\n<input type=\"hidden\" name=\"_wpcf7_recaptcha_response\" value=\"\" \/>\n<\/div>\n<span class=\"wpcf7-form-control-wrap url\" data-name=\"url\"><input type=\"hidden\" name=\"url\" size=\"40\" class=\"wpcf7-form-control wpcf7-hidden wpcf7dtx wpcf7dtx-hidden\" aria-invalid=\"false\" value=\"planchers-panneaux-revetements-internes-fourgons\" autocomplete=\"off\" \/><\/span>\n<p>Pour plus d'informations, remplissez les champs suivants. L'un de nos op\u00e9rateurs vous recontactera dans les plus brefs d\u00e9lais (* champs obligatoires):\n<\/p>\n<div class=\"col-xs-12 col-md-6\">\n\t<p><span class='titoli'>Pr\u00e9nom (*)<\/span>\n\t<\/p>\n\t<p><span class=\"wpcf7-form-control-wrap\" data-name=\"your-name\"><input size=\"40\" class=\"wpcf7-form-control wpcf7-text wpcf7-validates-as-required form-control\" aria-required=\"true\" aria-invalid=\"false\" value=\"\" type=\"text\" name=\"your-name\" \/><\/span>\n\t<\/p>\n<\/div>\n<div class=\"col-xs-12 col-md-6\">\n\t<p><span class='titoli'>Nom (*)<\/span>\n\t<\/p>\n\t<p><span class=\"wpcf7-form-control-wrap\" data-name=\"your-last-name\"><input size=\"40\" class=\"wpcf7-form-control wpcf7-text wpcf7-validates-as-required form-control\" aria-required=\"true\" aria-invalid=\"false\" value=\"\" type=\"text\" name=\"your-last-name\" \/><\/span>\n\t<\/p>\n<\/div>\n<div class=\"col-xs-12 col-md-6\">\n\t<p><span class='titoli'>Entreprise (*)<\/span>\n\t<\/p>\n\t<p><span class=\"wpcf7-form-control-wrap\" data-name=\"your-company\"><input size=\"40\" class=\"wpcf7-form-control wpcf7-text wpcf7-validates-as-required form-control\" aria-required=\"true\" aria-invalid=\"false\" value=\"\" type=\"text\" name=\"your-company\" \/><\/span>\n\t<\/p>\n<\/div>\n<div class=\"col-xs-12 col-md-6\">\n\t<p><span class='titoli'>TVA<\/span>\n\t<\/p>\n\t<p><span class=\"wpcf7-form-control-wrap\" data-name=\"p-iva\"><input size=\"40\" class=\"wpcf7-form-control wpcf7-text form-control\" aria-invalid=\"false\" value=\"\" type=\"text\" name=\"p-iva\" \/><\/span>\n\t<\/p>\n<\/div>\n<div class=\"clearboth\">\n<\/div>\n<div class=\"col-xs-12 col-md-4\">\n\t<p><span class='titoli'>Code Postal (*)<\/span>\n\t<\/p>\n\t<p><span class=\"wpcf7-form-control-wrap\" data-name=\"your-zip-code\"><input size=\"40\" class=\"wpcf7-form-control wpcf7-text wpcf7-validates-as-required form-control\" aria-required=\"true\" aria-invalid=\"false\" value=\"\" type=\"text\" name=\"your-zip-code\" \/><\/span>\n\t<\/p>\n<\/div>\n<div class=\"col-xs-12 col-md-4\">\n\t<p><span class='titoli'>Adresse (*)<\/span>\n\t<\/p>\n\t<p><span class=\"wpcf7-form-control-wrap\" data-name=\"your-address\"><input size=\"40\" class=\"wpcf7-form-control wpcf7-text wpcf7-validates-as-required form-control\" aria-required=\"true\" aria-invalid=\"false\" value=\"\" type=\"text\" name=\"your-address\" \/><\/span>\n\t<\/p>\n<\/div>\n<div class=\"col-xs-12 col-md-4\">\n\t<p><span class='titoli'>Ville (*)<\/span>\n\t<\/p>\n\t<p><span class=\"wpcf7-form-control-wrap\" data-name=\"your-Town\"><input size=\"40\" class=\"wpcf7-form-control wpcf7-text wpcf7-validates-as-required form-control\" aria-required=\"true\" aria-invalid=\"false\" value=\"\" type=\"text\" name=\"your-Town\" \/><\/span>\n\t<\/p>\n<\/div>\n<div class=\"clearboth\">\n<\/div>\n<div class=\"col-xs-12 col-md-6\">\n\t<p><span class='titoli'>email (*)<\/span>\n\t<\/p>\n\t<p><span class=\"wpcf7-form-control-wrap\" data-name=\"your-email\"><input size=\"40\" class=\"wpcf7-form-control wpcf7-text wpcf7-email wpcf7-validates-as-required wpcf7-validates-as-email form-control\" aria-required=\"true\" aria-invalid=\"false\" value=\"\" type=\"email\" name=\"your-email\" \/><\/span>\n\t<\/p>\n<\/div>\n<div class=\"col-xs-12 col-md-6\">\n\t<p><span class='titoli'>T\u00e9l\u00e9phone (*)<\/span>\n\t<\/p>\n\t<p><span class=\"wpcf7-form-control-wrap\" data-name=\"telefono\"><input size=\"40\" class=\"wpcf7-form-control wpcf7-text wpcf7-tel wpcf7-validates-as-required wpcf7-validates-as-tel form-control\" aria-required=\"true\" aria-invalid=\"false\" value=\"\" type=\"tel\" name=\"telefono\" \/><\/span>\n\t<\/p>\n<\/div>\n<div class=\"clearboth\">\n<\/div>\n<div class=\"col-xs-12 col-md-6\">\n\t<p><span class='titoli'>Objet <\/span>\n\t<\/p>\n\t<p><span class=\"wpcf7-form-control-wrap\" data-name=\"oggetto\"><select class=\"wpcf7-form-control wpcf7-select wpcf7-validates-as-required\" aria-required=\"true\" aria-invalid=\"false\" name=\"oggetto\"><option value=\"Citation\">Citation<\/option><option value=\"Information technique\">Information technique<\/option><option value=\"Rendez-vous\">Rendez-vous<\/option><\/select><\/span>\n\t<\/p>\n<\/div>\n<div class=\"col-xs-12 col-md-6\">\n\t<p><br \/>\n<span class=\"titoli\"> <span class=\"wpcf7-form-control-wrap\" data-name=\"cliente\"><span class=\"wpcf7-form-control wpcf7-checkbox\"><span class=\"wpcf7-list-item first last\"><label><span class=\"wpcf7-list-item-label\">Je suis d\u00e9j\u00e0 client<\/span><input type=\"checkbox\" name=\"cliente[]\" value=\"Je suis d\u00e9j\u00e0 client\" \/><\/label><\/span><\/span><\/span><\/span>\n\t<\/p>\n<\/div>\n<div class=\"col-xs-12 col-md-12\">\n\t<p><span class='titoli'>Message (*)<\/span>\n\t<\/p>\n\t<p><span class=\"wpcf7-form-control-wrap\" data-name=\"your-message\"><textarea cols=\"40\" rows=\"10\" class=\"wpcf7-form-control wpcf7-textarea wpcf7-validates-as-required form-control\" aria-required=\"true\" aria-invalid=\"false\" name=\"your-message\"><\/textarea><\/span>\n\t<\/p>\n<\/div>\n<div class=\"col-xs-12 col-md-12\">\n\t<p><small>Les donn\u00e9es saisies seront trait\u00e9es de mani\u00e8re strictement confidentielle conform\u00e9ment \u00e0 la loi et \u00e0 notre <a href=\"https:\/\/www.storevan.com\/fr\/privacy-policy\/\">politique de confidentialit\u00e9<\/a>.<\/small>\n\t<\/p>\n\t<p><span class=\"wpcf7-form-control-wrap\" data-name=\"AccettazionePrivacy\"><span class=\"wpcf7-form-control wpcf7-acceptance\"><span class=\"wpcf7-list-item\"><input type=\"checkbox\" name=\"AccettazionePrivacy\" value=\"1\" aria-invalid=\"false\" \/><\/span><\/span><\/span> Je d\u00e9clare avoir pris connaissance de la Note Informative sur les <a href=\"https:\/\/www.storevan.com\/fr\/privacy-policy\/\">Note Informative sur les Informations priv\u00e9es<\/a> et j\u2019autorise au traitement de mes donn\u00e9es personnelles en conformit\u00e9 avec ce qui y est \u00e9crit. (*)<br \/>\n\t<span class=\"wpcf7-form-control-wrap recaptcha\" data-name=\"recaptcha\"><span data-sitekey=\"6LdfM4AUAAAAAJjsAucux5WVNA3hsk5KP0a03T_n\" class=\"wpcf7-form-control g-recaptcha wpcf7-recaptcha\"><\/span>\r\n<noscript>\r\n\t<div class=\"grecaptcha-noscript\">\r\n\t\t<iframe src=\"https:\/\/www.google.com\/recaptcha\/api\/fallback?k=6LdfM4AUAAAAAJjsAucux5WVNA3hsk5KP0a03T_n\" frameborder=\"0\" scrolling=\"no\" width=\"310\" height=\"430\">\r\n\t\t<\/iframe>\r\n\t\t<textarea name=\"g-recaptcha-response\" rows=\"3\" cols=\"40\" placeholder=\"reCaptcha Response Here\">\r\n\t\t<\/textarea>\r\n\t<\/div>\r\n<\/noscript>\r\n<\/span>\n\t<\/p>\n<\/div>\n<hr class=\"noColor\" \/>\n<p><input class=\"wpcf7-form-control has-spinner wpcf7-submit\" type=\"submit\" value=\"Envoi\" \/>\n<\/p><div class=\"wpcf7-response-output\" aria-hidden=\"true\"><\/div>\n<\/form>\n<\/div>\n<\/div>\n","protected":false},"excerpt":{"rendered":"<p>Rev\u00eatements internes pour fourgons APPELEZ-NOUS pour toute information \u00c9CRIVEZ-NOUS vous serez contact\u00e9s Rev\u00eatements internes pour fourgons: PLANCHER EN BOIS ET HABILLAGES EN POLYPROPYL\u00c8NE POUR FOURGONS Planchers en bois de 9\/12.<\/p>\n","protected":false},"author":470,"featured_media":108694,"parent":26069,"menu_order":0,"comment_status":"closed","ping_status":"closed","template":"","meta":[],"acf":[],"yoast_head":"<!-- This site is optimized with the Yoast SEO plugin v20.11 - https:\/\/yoast.com\/wordpress\/plugins\/seo\/ -->\n<title>Planchers, panneaux et rev\u00eatements internes pour fourgons<\/title>\n<meta name=\"description\" content=\"Planchers et panneaux pour la protection des parois int\u00e9rieures de l\u2019espace de chargement. Rev\u00eatements sur mesure pour l\u2019int\u00e9rieur du fourgon.\" \/>\n<meta name=\"robots\" content=\"index, follow, max-snippet:-1, max-image-preview:large, max-video-preview:-1\" \/>\n<link rel=\"canonical\" href=\"https:\/\/www.storevan.com\/fr\/amenagement-vehicules-utilitaires\/planchers-panneaux-revetements-internes-fourgons\/\" \/>\n<meta property=\"og:locale\" content=\"fr_FR\" \/>\n<meta property=\"og:type\" content=\"article\" \/>\n<meta property=\"og:title\" content=\"Planchers, panneaux et rev\u00eatements internes pour fourgons\" \/>\n<meta property=\"og:description\" content=\"Planchers et panneaux pour la protection des parois int\u00e9rieures de l\u2019espace de chargement. Rev\u00eatements sur mesure pour l\u2019int\u00e9rieur du fourgon.\" \/>\n<meta property=\"og:url\" content=\"https:\/\/www.storevan.com\/fr\/amenagement-vehicules-utilitaires\/planchers-panneaux-revetements-internes-fourgons\/\" \/>\n<meta property=\"og:site_name\" content=\"Store Van\" \/>\n<meta property=\"article:modified_time\" content=\"2021-01-21T16:24:26+00:00\" \/>\n<meta property=\"og:image\" content=\"https:\/\/www.storevan.com\/wp-content\/uploads\/2019\/09\/rivestimenti-interni-furgoni.jpg\" \/>\n\t<meta property=\"og:image:width\" content=\"800\" \/>\n\t<meta property=\"og:image:height\" content=\"800\" \/>\n\t<meta property=\"og:image:type\" content=\"image\/jpeg\" \/>\n<meta name=\"twitter:label1\" content=\"Dur\u00e9e de lecture estim\u00e9e\" \/>\n\t<meta name=\"twitter:data1\" content=\"3 minutes\" \/>\n<script type=\"application\/ld+json\" class=\"yoast-schema-graph\">{\"@context\":\"https:\/\/schema.org\",\"@graph\":[{\"@type\":\"WebPage\",\"@id\":\"https:\/\/www.storevan.com\/fr\/amenagement-vehicules-utilitaires\/planchers-panneaux-revetements-internes-fourgons\/\",\"url\":\"https:\/\/www.storevan.com\/fr\/amenagement-vehicules-utilitaires\/planchers-panneaux-revetements-internes-fourgons\/\",\"name\":\"Planchers, panneaux et rev\u00eatements internes pour fourgons\",\"isPartOf\":{\"@id\":\"https:\/\/www.storevan.com\/pl\/#website\"},\"datePublished\":\"2015-12-09T09:53:05+00:00\",\"dateModified\":\"2021-01-21T16:24:26+00:00\",\"description\":\"Planchers et panneaux pour la protection des parois int\u00e9rieures de l\u2019espace de chargement. Rev\u00eatements sur mesure pour l\u2019int\u00e9rieur du fourgon.\",\"breadcrumb\":{\"@id\":\"https:\/\/www.storevan.com\/fr\/amenagement-vehicules-utilitaires\/planchers-panneaux-revetements-internes-fourgons\/#breadcrumb\"},\"inLanguage\":\"fr-FR\",\"potentialAction\":[{\"@type\":\"ReadAction\",\"target\":[\"https:\/\/www.storevan.com\/fr\/amenagement-vehicules-utilitaires\/planchers-panneaux-revetements-internes-fourgons\/\"]}]},{\"@type\":\"BreadcrumbList\",\"@id\":\"https:\/\/www.storevan.com\/fr\/amenagement-vehicules-utilitaires\/planchers-panneaux-revetements-internes-fourgons\/#breadcrumb\",\"itemListElement\":[{\"@type\":\"ListItem\",\"position\":1,\"name\":\"Home\",\"item\":\"https:\/\/www.storevan.com\/fr\/\"},{\"@type\":\"ListItem\",\"position\":2,\"name\":\"Am\u00e9nagement de v\u00e9hicule utilitaire\",\"item\":\"https:\/\/www.storevan.com\/fr\/amenagement-vehicules-utilitaires\/\"},{\"@type\":\"ListItem\",\"position\":3,\"name\":\"Planchers, panneaux et rev\u00eatements internes pour fourgons\"}]},{\"@type\":\"WebSite\",\"@id\":\"https:\/\/www.storevan.com\/pl\/#website\",\"url\":\"https:\/\/www.storevan.com\/pl\/\",\"name\":\"Store Van\",\"description\":\"Am\u00e9nagements fourgons\",\"potentialAction\":[{\"@type\":\"SearchAction\",\"target\":{\"@type\":\"EntryPoint\",\"urlTemplate\":\"https:\/\/www.storevan.com\/pl\/?s={search_term_string}\"},\"query-input\":\"required name=search_term_string\"}],\"inLanguage\":\"fr-FR\"}]}<\/script>\n<!-- \/ Yoast SEO plugin. -->","yoast_head_json":{"title":"Planchers, panneaux et rev\u00eatements internes pour fourgons","description":"Planchers et panneaux pour la protection des parois int\u00e9rieures de l\u2019espace de chargement. Rev\u00eatements sur mesure pour l\u2019int\u00e9rieur du fourgon.","robots":{"index":"index","follow":"follow","max-snippet":"max-snippet:-1","max-image-preview":"max-image-preview:large","max-video-preview":"max-video-preview:-1"},"canonical":"https:\/\/www.storevan.com\/fr\/amenagement-vehicules-utilitaires\/planchers-panneaux-revetements-internes-fourgons\/","og_locale":"fr_FR","og_type":"article","og_title":"Planchers, panneaux et rev\u00eatements internes pour fourgons","og_description":"Planchers et panneaux pour la protection des parois int\u00e9rieures de l\u2019espace de chargement. Rev\u00eatements sur mesure pour l\u2019int\u00e9rieur du fourgon.","og_url":"https:\/\/www.storevan.com\/fr\/amenagement-vehicules-utilitaires\/planchers-panneaux-revetements-internes-fourgons\/","og_site_name":"Store Van","article_modified_time":"2021-01-21T16:24:26+00:00","og_image":[{"width":800,"height":800,"url":"https:\/\/www.storevan.com\/wp-content\/uploads\/2019\/09\/rivestimenti-interni-furgoni.jpg","type":"image\/jpeg"}],"twitter_misc":{"Dur\u00e9e de lecture estim\u00e9e":"3 minutes"},"schema":{"@context":"https:\/\/schema.org","@graph":[{"@type":"WebPage","@id":"https:\/\/www.storevan.com\/fr\/amenagement-vehicules-utilitaires\/planchers-panneaux-revetements-internes-fourgons\/","url":"https:\/\/www.storevan.com\/fr\/amenagement-vehicules-utilitaires\/planchers-panneaux-revetements-internes-fourgons\/","name":"Planchers, panneaux et rev\u00eatements internes pour fourgons","isPartOf":{"@id":"https:\/\/www.storevan.com\/pl\/#website"},"datePublished":"2015-12-09T09:53:05+00:00","dateModified":"2021-01-21T16:24:26+00:00","description":"Planchers et panneaux pour la protection des parois int\u00e9rieures de l\u2019espace de chargement. Rev\u00eatements sur mesure pour l\u2019int\u00e9rieur du fourgon.","breadcrumb":{"@id":"https:\/\/www.storevan.com\/fr\/amenagement-vehicules-utilitaires\/planchers-panneaux-revetements-internes-fourgons\/#breadcrumb"},"inLanguage":"fr-FR","potentialAction":[{"@type":"ReadAction","target":["https:\/\/www.storevan.com\/fr\/amenagement-vehicules-utilitaires\/planchers-panneaux-revetements-internes-fourgons\/"]}]},{"@type":"BreadcrumbList","@id":"https:\/\/www.storevan.com\/fr\/amenagement-vehicules-utilitaires\/planchers-panneaux-revetements-internes-fourgons\/#breadcrumb","itemListElement":[{"@type":"ListItem","position":1,"name":"Home","item":"https:\/\/www.storevan.com\/fr\/"},{"@type":"ListItem","position":2,"name":"Am\u00e9nagement de v\u00e9hicule utilitaire","item":"https:\/\/www.storevan.com\/fr\/amenagement-vehicules-utilitaires\/"},{"@type":"ListItem","position":3,"name":"Planchers, panneaux et rev\u00eatements internes pour fourgons"}]},{"@type":"WebSite","@id":"https:\/\/www.storevan.com\/pl\/#website","url":"https:\/\/www.storevan.com\/pl\/","name":"Store Van","description":"Am\u00e9nagements fourgons","potentialAction":[{"@type":"SearchAction","target":{"@type":"EntryPoint","urlTemplate":"https:\/\/www.storevan.com\/pl\/?s={search_term_string}"},"query-input":"required name=search_term_string"}],"inLanguage":"fr-FR"}]}},"_links":{"self":[{"href":"https:\/\/www.storevan.com\/fr\/wp-json\/wp\/v2\/pages\/26111"}],"collection":[{"href":"https:\/\/www.storevan.com\/fr\/wp-json\/wp\/v2\/pages"}],"about":[{"href":"https:\/\/www.storevan.com\/fr\/wp-json\/wp\/v2\/types\/page"}],"author":[{"embeddable":true,"href":"https:\/\/www.storevan.com\/fr\/wp-json\/wp\/v2\/users\/470"}],"replies":[{"embeddable":true,"href":"https:\/\/www.storevan.com\/fr\/wp-json\/wp\/v2\/comments?post=26111"}],"version-history":[{"count":9,"href":"https:\/\/www.storevan.com\/fr\/wp-json\/wp\/v2\/pages\/26111\/revisions"}],"predecessor-version":[{"id":123634,"href":"https:\/\/www.storevan.com\/fr\/wp-json\/wp\/v2\/pages\/26111\/revisions\/123634"}],"up":[{"embeddable":true,"href":"https:\/\/www.storevan.com\/fr\/wp-json\/wp\/v2\/pages\/26069"}],"wp:featuredmedia":[{"embeddable":true,"href":"https:\/\/www.storevan.com\/fr\/wp-json\/wp\/v2\/media\/108694"}],"wp:attachment":[{"href":"https:\/\/www.storevan.com\/fr\/wp-json\/wp\/v2\/media?parent=26111"}],"curies":[{"name":"wp","href":"https:\/\/api.w.org\/{rel}","templated":true}]}}