{"id":26087,"date":"2015-12-14T09:59:12","date_gmt":"2015-12-14T08:59:12","guid":{"rendered":"https:\/\/www.storevan.com\/fr\/allestimenti-veicoli-commerciali\/furgoni-ford\/"},"modified":"2022-03-10T13:29:44","modified_gmt":"2022-03-10T13:29:44","slug":"fourgons-ford","status":"publish","type":"page","link":"https:\/\/www.storevan.com\/fr\/amenagement-vehicules-utilitaires\/fourgons-ford\/","title":{"rendered":"Ford"},"content":{"rendered":"<h1 class=\"customblackTitleSmall\">Am\u00e9nagements fourgons Ford<\/h1>\n<h2>Atelier mobile et am\u00e9nagements pour v\u00e9hicules utilitaires Ford<\/h2>\n<p><img decoding=\"async\" loading=\"lazy\" class=\"alignright wp-image-43703 size-full\" title=\"Am\u00e9nagement Ford\" src=\"https:\/\/www.storevan.com\/wp-content\/uploads\/2017\/01\/HOME4-Allestimenti-FORD.png\" alt=\"Am\u00e9nagement Ford\" width=\"116\" height=\"105\" \/><br \/>\nStore Van produit des solutions d\u2019<strong>am\u00e9nagement<\/strong> sp\u00e9cifiques pour les <strong>fourgons Ford<\/strong>. Rev\u00eatements pour la protection de l\u2019espace de chargement, galeries de toit et <strong>porte-\u00e9chelle<\/strong>s pour transporter un chargement en toute s\u00e9curit\u00e9 sur le toit du fourgon, et nombreux rayonnages pour \u00e9quiper le <strong>v\u00e9hicule utilitaire<\/strong> en fonction des exigences professionnelles sp\u00e9cifiques.<\/p>\n<p>Quel que soit le mod\u00e8le de votre Ford, Store Van a l\u2019am\u00e9nagement qui vous permettra d\u2019am\u00e9liorer la fonctionnalit\u00e9 du fourgon. Les v\u00e9hicules utilitaires Ford sont disponibles dans de tr\u00e8s nombreuses variantes d\u2019empattement, de hauteur de toit, de carrosserie, de capacit\u00e9 de chargement, de type de cabine, de motorisations, de solutions technologiques de s\u00e9curit\u00e9 et d\u2019assistance \u00e0 la conduite; la gamme peut \u00eatre configur\u00e9e pour presque toutes les exigences de transport et d\u2019activit\u00e9 professionnelle. S\u2019ils sont transform\u00e9s en atelier mobile Store Van, ils atteignent des sommets en termes d\u2019efficacit\u00e9 et de rentabilit\u00e9!<\/p>\n<h3 class=\"customblackTitleExtraSmall\">S\u00c9LECTIONNEZ LE MOD\u00c8LE DE VOTRE FOURGON FORD:<\/h3>\n<div class=\"one_fourth\">\n<p class=\"text-center\"><strong>COURIER 2014<\/strong><\/p>\n<hr class=\"hidden-xs hidden-sm\"\/>\n<a href=\"https:\/\/www.storevan.com\/fr\/amenagement-vehicules-utilitaires\/fourgons-ford\/courier\/\" class=\"txtOrange\" title=\"Am\u00e9nagement pour Courier\"><img decoding=\"async\" loading=\"lazy\" class=\"aligncenter size-full wp-image-54411\" src=\"https:\/\/www.storevan.com\/wp-content\/uploads\/2015\/12\/Allestimento-furgoni-Ford-Transit-Courier.jpg\" alt=\"Am\u00e9nagements fourgons Ford Transit Courier\" width=\"350\" height=\"220\" srcset=\"https:\/\/www.storevan.com\/wp-content\/uploads\/2015\/12\/Allestimento-furgoni-Ford-Transit-Courier.jpg 350w, https:\/\/www.storevan.com\/wp-content\/uploads\/2015\/12\/Allestimento-furgoni-Ford-Transit-Courier-300x189.jpg 300w\" sizes=\"(max-width: 350px) 100vw, 350px\" \/><br \/>\nAm\u00e9nagement pour Courier <i class=\"fa fa-angle-double-right\"><\/i><\/a><br \/>\n<a href=\"https:\/\/www.storevan.com\/fr\/amenagement-vehicules-utilitaires\/fourgons-ford\/courier\/planchers-habillages\/\" class=\"txtOrange\" title=\"Plancher et rev\u00eatements int\u00e9rieurs Courier\">Plancher et rev\u00eatements int\u00e9rieurs  <i class=\"fa fa-angle-double-right\"><\/i><\/a><br \/>\n<a href=\"https:\/\/www.storevan.com\/fr\/amenagement-vehicules-utilitaires\/fourgons-ford\/courier\/porte-tout\/\" class=\"txtOrange\" title=\"Porte-tubes pour Courier\">Porte-\u00e9chelles et porte-tubes <i class=\"fa fa-angle-double-right\"><\/i><\/a><\/p>\n<hr noshade=\"noshade\" size=\"1\" class=\"visible-xs\" \/>\n<\/div>\n<div class=\"one_fourth\">\n<p class=\"text-center\"><strong>CONNECT 2013<\/strong><\/p>\n<hr class=\"hidden-xs hidden-sm\"\/>\n<p><a href=\"https:\/\/www.storevan.com\/fr\/amenagement-vehicules-utilitaires\/fourgons-ford\/connect\/\" class=\"txtOrange\" title=\"Am\u00e9nagement pour Connect \"><img decoding=\"async\" loading=\"lazy\" class=\"aligncenter wp-image-40196 size-full\" src=\"https:\/\/www.storevan.com\/wp-content\/uploads\/2015\/12\/Allestimento-furgoni-Ford-Connect-2013-1.jpg\" alt=\"Am\u00e9nagement fourgons Ford Connect 2013\" width=\"350\" height=\"220\" srcset=\"https:\/\/www.storevan.com\/wp-content\/uploads\/2015\/12\/Allestimento-furgoni-Ford-Connect-2013-1.jpg 350w, https:\/\/www.storevan.com\/wp-content\/uploads\/2015\/12\/Allestimento-furgoni-Ford-Connect-2013-1-300x189.jpg 300w\" sizes=\"(max-width: 350px) 100vw, 350px\" \/><br \/>\nAm\u00e9nagement pour Connect  <i class=\"fa fa-angle-double-right\"><\/i><\/a><br \/>\n<a href=\"https:\/\/www.storevan.com\/fr\/amenagement-vehicules-utilitaires\/fourgons-ford\/connect\/planchers-habillages\/\" class=\"txtOrange\" title=\"Plancher et rev\u00eatements int\u00e9rieurs Connect \">Plancher et rev\u00eatements int\u00e9rieurs  <i class=\"fa fa-angle-double-right\"><\/i><\/a><br \/>\n<a href=\"https:\/\/www.storevan.com\/fr\/amenagement-vehicules-utilitaires\/fourgons-ford\/connect\/porte-tout-porte-echelles\/\" class=\"txtOrange\" title=\"Porte-\u00e9chelles et porte-tubes pour Connect \">Porte-\u00e9chelles et porte-tubes <i class=\"fa fa-angle-double-right\"><\/i><\/a> <\/p>\n<hr noshade=\"noshade\" size=\"1\" class=\"visible-xs\" \/>\n<\/div>\n<div class=\"one_fourth\">\n<p style=\"text-align: center;\"><strong>CUSTOM 2012<\/strong><\/p>\n<hr class=\"hidden-xs hidden-sm\"\/>\n<p><a href=\"https:\/\/www.storevan.com\/fr\/amenagement-vehicules-utilitaires\/fourgons-ford\/custom\/\" class=\"txtOrange\" title=\"Am\u00e9nagement pour Custom \"><img decoding=\"async\" loading=\"lazy\" class=\"aligncenter size-full wp-image-40202\" src=\"https:\/\/www.storevan.com\/wp-content\/uploads\/2015\/12\/Allestimento-furgoni-Ford-Custom-2012-1.jpg\" alt=\"Am\u00e9nagement fourgons Ford Custom 2012\" width=\"350\" height=\"220\" srcset=\"https:\/\/www.storevan.com\/wp-content\/uploads\/2015\/12\/Allestimento-furgoni-Ford-Custom-2012-1.jpg 350w, https:\/\/www.storevan.com\/wp-content\/uploads\/2015\/12\/Allestimento-furgoni-Ford-Custom-2012-1-300x189.jpg 300w\" sizes=\"(max-width: 350px) 100vw, 350px\" \/><br \/>\nAm\u00e9nagement pour Custom <i class=\"fa fa-angle-double-right\"><\/i><\/a><br \/>\n<a href=\"https:\/\/www.storevan.com\/fr\/amenagement-vehicules-utilitaires\/fourgons-ford\/custom\/planchers-habillages\/\" class=\"txtOrange\" title=\"Plancher et rev\u00eatements int\u00e9rieurs Custom \">Plancher et rev\u00eatements int\u00e9rieurs  <i class=\"fa fa-angle-double-right\"><\/i><\/a><br \/>\n<a href=\"https:\/\/www.storevan.com\/fr\/amenagement-vehicules-utilitaires\/fourgons-ford\/custom\/porte-tout-porte-echelles\/\" class=\"txtOrange\" title=\"Porte-\u00e9chelles et porte-tubes pour Custom \">Porte-\u00e9chelles et porte-tubes <i class=\"fa fa-angle-double-right\"><\/i><\/a> <\/p>\n<hr noshade=\"noshade\" size=\"1\" class=\"visible-xs\" \/>\n<\/div>\n<div class=\"one_fourth last\">\n<p class=\"text-center\"><strong>TRANSIT 2014<\/strong><\/p>\n<hr class=\"hidden-xs hidden-sm\"\/>\n<p><a href=\"https:\/\/www.storevan.com\/fr\/amenagement-vehicules-utilitaires\/fourgons-ford\/transit\/\" class=\"txtOrange\" title=\"Am\u00e9nagement pour Transit\"><img decoding=\"async\" loading=\"lazy\" class=\"aligncenter size-full wp-image-40208\" src=\"https:\/\/www.storevan.com\/wp-content\/uploads\/2015\/12\/Allestimento-furgoni-Ford-Transit-2014-1.jpg\" alt=\"Am\u00e9nagement fourgons Ford Transit 2014\" width=\"350\" height=\"220\" srcset=\"https:\/\/www.storevan.com\/wp-content\/uploads\/2015\/12\/Allestimento-furgoni-Ford-Transit-2014-1.jpg 350w, https:\/\/www.storevan.com\/wp-content\/uploads\/2015\/12\/Allestimento-furgoni-Ford-Transit-2014-1-300x189.jpg 300w\" sizes=\"(max-width: 350px) 100vw, 350px\" \/><br \/>\nAm\u00e9nagement pour Transit <i class=\"fa fa-angle-double-right\"><\/i><\/a><br \/>\n<a href=\"https:\/\/www.storevan.com\/fr\/amenagement-vehicules-utilitaires\/fourgons-ford\/transit\/planchers-habillages\/\" class=\"txtOrange\" title=\"Plancher et rev\u00eatements int\u00e9rieurs Transit\">Plancher et rev\u00eatements int\u00e9rieurs  <i class=\"fa fa-angle-double-right\"><\/i><\/a><br \/>\n<a href=\"https:\/\/www.storevan.com\/fr\/amenagement-vehicules-utilitaires\/fourgons-ford\/transit\/porte-tout-porte-echelles\/\" class=\"txtOrange\" title=\"Porte-\u00e9chelles et porte-tubes pour Transit\">Porte-\u00e9chelles et porte-tubes <i class=\"fa fa-angle-double-right\"><\/i><\/a> <\/p>\n<hr noshade=\"noshade\" size=\"1\" class=\"visible-xs\" \/>\n<\/div><div class=\"clearboth\"><\/div>\n<h3 class=\"customblackTitleExtraSmall\">\u00abMission plus que possible\u00bb avec les am\u00e9nagements pour v\u00e9hicules utilitaires Ford:<\/h3>\n<p>Plancher et habillages pour la protection de la t\u00f4le de l\u2019espace de chargement, rayonnages, galeries porte-tout et porte-\u00e9chelles. Le porte-tubes en acier inox, avec possibilit\u00e9 de fermeture par cadenas, dot\u00e9 d\u2019une corde d\u2019extraction pour le pr\u00e9l\u00e8vement de mat\u00e9riel de petite taille, est \u00e9galement disponible.<\/p>\n<p>Sp\u00e9cifications techniques, dimensions et exemples simples : vous pouvez essayer de r\u00e9aliser votre solution personnalis\u00e9e ou bien appeler sans engagement le num\u00e9ro +39 0424 585455!<\/p>\n<h3 class=\"customblackTitleExtraSmall\">Transport et stockage de la marchandise et de l\u2019outillage<\/h3>\n<p>Encore mieux qu\u2019un atelier mobile! Les am\u00e9nagements Store Van con\u00e7us pour les v\u00e9hicules utilitaires Ford sont plut\u00f4t un v\u00e9ritable entrep\u00f4t sur quatre roues! En ajoutant des bacs et des blocs-tiroirs, il est en effet possible de stocker les fournitures des professionnels de l\u2019installation et de la maintenance: visserie, accessoires et pi\u00e8ces de rechange. Le montage de rails, de sangles et de barres d\u2019arrimage des charges permet de cr\u00e9er des syst\u00e8mes de fixation de la marchandise pour les charges lourdes.<\/p>\n","protected":false},"excerpt":{"rendered":"<p>Am\u00e9nagements fourgons Ford Atelier mobile et am\u00e9nagements pour v\u00e9hicules utilitaires Ford Store Van produit des solutions d\u2019am\u00e9nagement sp\u00e9cifiques pour les fourgons Ford. Rev\u00eatements pour la protection de l\u2019espace de chargement,.<\/p>\n","protected":false},"author":470,"featured_media":0,"parent":26069,"menu_order":0,"comment_status":"closed","ping_status":"closed","template":"","meta":[],"acf":[],"yoast_head":"<!-- This site is optimized with the Yoast SEO plugin v20.11 - https:\/\/yoast.com\/wordpress\/plugins\/seo\/ -->\n<title>Am\u00e9nagements fourgons Ford<\/title>\n<meta name=\"description\" content=\"Store Van produit des solutions d\u2019am\u00e9nagement pour fourgons Ford avec rev\u00eatements pour la protection de l\u2019espace de chargement.\" \/>\n<meta name=\"robots\" content=\"index, follow, max-snippet:-1, max-image-preview:large, max-video-preview:-1\" \/>\n<link rel=\"canonical\" href=\"https:\/\/www.storevan.com\/fr\/amenagement-vehicules-utilitaires\/fourgons-ford\/\" \/>\n<meta property=\"og:locale\" content=\"fr_FR\" \/>\n<meta property=\"og:type\" content=\"article\" \/>\n<meta property=\"og:title\" content=\"Am\u00e9nagements fourgons Ford\" \/>\n<meta property=\"og:description\" content=\"Store Van produit des solutions d\u2019am\u00e9nagement pour fourgons Ford avec rev\u00eatements pour la protection de l\u2019espace de chargement.\" \/>\n<meta property=\"og:url\" content=\"https:\/\/www.storevan.com\/fr\/amenagement-vehicules-utilitaires\/fourgons-ford\/\" \/>\n<meta property=\"og:site_name\" content=\"Store Van\" \/>\n<meta property=\"article:modified_time\" content=\"2022-03-10T13:29:44+00:00\" \/>\n<meta property=\"og:image\" content=\"https:\/\/www.storevan.com\/wp-content\/uploads\/2017\/01\/HOME4-Allestimenti-FORD.png\" \/>\n<meta name=\"twitter:label1\" content=\"Dur\u00e9e de lecture estim\u00e9e\" \/>\n\t<meta name=\"twitter:data1\" content=\"2 minutes\" \/>\n<script type=\"application\/ld+json\" class=\"yoast-schema-graph\">{\"@context\":\"https:\/\/schema.org\",\"@graph\":[{\"@type\":\"WebPage\",\"@id\":\"https:\/\/www.storevan.com\/fr\/amenagement-vehicules-utilitaires\/fourgons-ford\/\",\"url\":\"https:\/\/www.storevan.com\/fr\/amenagement-vehicules-utilitaires\/fourgons-ford\/\",\"name\":\"Am\u00e9nagements fourgons Ford\",\"isPartOf\":{\"@id\":\"https:\/\/www.storevan.com\/pl\/#website\"},\"datePublished\":\"2015-12-14T08:59:12+00:00\",\"dateModified\":\"2022-03-10T13:29:44+00:00\",\"description\":\"Store Van produit des solutions d\u2019am\u00e9nagement pour fourgons Ford avec rev\u00eatements pour la protection de l\u2019espace de chargement.\",\"breadcrumb\":{\"@id\":\"https:\/\/www.storevan.com\/fr\/amenagement-vehicules-utilitaires\/fourgons-ford\/#breadcrumb\"},\"inLanguage\":\"fr-FR\",\"potentialAction\":[{\"@type\":\"ReadAction\",\"target\":[\"https:\/\/www.storevan.com\/fr\/amenagement-vehicules-utilitaires\/fourgons-ford\/\"]}]},{\"@type\":\"BreadcrumbList\",\"@id\":\"https:\/\/www.storevan.com\/fr\/amenagement-vehicules-utilitaires\/fourgons-ford\/#breadcrumb\",\"itemListElement\":[{\"@type\":\"ListItem\",\"position\":1,\"name\":\"Home\",\"item\":\"https:\/\/www.storevan.com\/fr\/\"},{\"@type\":\"ListItem\",\"position\":2,\"name\":\"Am\u00e9nagement de v\u00e9hicule utilitaire\",\"item\":\"https:\/\/www.storevan.com\/fr\/amenagement-vehicules-utilitaires\/\"},{\"@type\":\"ListItem\",\"position\":3,\"name\":\"Ford\"}]},{\"@type\":\"WebSite\",\"@id\":\"https:\/\/www.storevan.com\/pl\/#website\",\"url\":\"https:\/\/www.storevan.com\/pl\/\",\"name\":\"Store Van\",\"description\":\"Am\u00e9nagements fourgons\",\"potentialAction\":[{\"@type\":\"SearchAction\",\"target\":{\"@type\":\"EntryPoint\",\"urlTemplate\":\"https:\/\/www.storevan.com\/pl\/?s={search_term_string}\"},\"query-input\":\"required name=search_term_string\"}],\"inLanguage\":\"fr-FR\"}]}<\/script>\n<!-- \/ Yoast SEO plugin. -->","yoast_head_json":{"title":"Am\u00e9nagements fourgons Ford","description":"Store Van produit des solutions d\u2019am\u00e9nagement pour fourgons Ford avec rev\u00eatements pour la protection de l\u2019espace de chargement.","robots":{"index":"index","follow":"follow","max-snippet":"max-snippet:-1","max-image-preview":"max-image-preview:large","max-video-preview":"max-video-preview:-1"},"canonical":"https:\/\/www.storevan.com\/fr\/amenagement-vehicules-utilitaires\/fourgons-ford\/","og_locale":"fr_FR","og_type":"article","og_title":"Am\u00e9nagements fourgons Ford","og_description":"Store Van produit des solutions d\u2019am\u00e9nagement pour fourgons Ford avec rev\u00eatements pour la protection de l\u2019espace de chargement.","og_url":"https:\/\/www.storevan.com\/fr\/amenagement-vehicules-utilitaires\/fourgons-ford\/","og_site_name":"Store Van","article_modified_time":"2022-03-10T13:29:44+00:00","og_image":[{"url":"https:\/\/www.storevan.com\/wp-content\/uploads\/2017\/01\/HOME4-Allestimenti-FORD.png"}],"twitter_misc":{"Dur\u00e9e de lecture estim\u00e9e":"2 minutes"},"schema":{"@context":"https:\/\/schema.org","@graph":[{"@type":"WebPage","@id":"https:\/\/www.storevan.com\/fr\/amenagement-vehicules-utilitaires\/fourgons-ford\/","url":"https:\/\/www.storevan.com\/fr\/amenagement-vehicules-utilitaires\/fourgons-ford\/","name":"Am\u00e9nagements fourgons Ford","isPartOf":{"@id":"https:\/\/www.storevan.com\/pl\/#website"},"datePublished":"2015-12-14T08:59:12+00:00","dateModified":"2022-03-10T13:29:44+00:00","description":"Store Van produit des solutions d\u2019am\u00e9nagement pour fourgons Ford avec rev\u00eatements pour la protection de l\u2019espace de chargement.","breadcrumb":{"@id":"https:\/\/www.storevan.com\/fr\/amenagement-vehicules-utilitaires\/fourgons-ford\/#breadcrumb"},"inLanguage":"fr-FR","potentialAction":[{"@type":"ReadAction","target":["https:\/\/www.storevan.com\/fr\/amenagement-vehicules-utilitaires\/fourgons-ford\/"]}]},{"@type":"BreadcrumbList","@id":"https:\/\/www.storevan.com\/fr\/amenagement-vehicules-utilitaires\/fourgons-ford\/#breadcrumb","itemListElement":[{"@type":"ListItem","position":1,"name":"Home","item":"https:\/\/www.storevan.com\/fr\/"},{"@type":"ListItem","position":2,"name":"Am\u00e9nagement de v\u00e9hicule utilitaire","item":"https:\/\/www.storevan.com\/fr\/amenagement-vehicules-utilitaires\/"},{"@type":"ListItem","position":3,"name":"Ford"}]},{"@type":"WebSite","@id":"https:\/\/www.storevan.com\/pl\/#website","url":"https:\/\/www.storevan.com\/pl\/","name":"Store Van","description":"Am\u00e9nagements fourgons","potentialAction":[{"@type":"SearchAction","target":{"@type":"EntryPoint","urlTemplate":"https:\/\/www.storevan.com\/pl\/?s={search_term_string}"},"query-input":"required name=search_term_string"}],"inLanguage":"fr-FR"}]}},"_links":{"self":[{"href":"https:\/\/www.storevan.com\/fr\/wp-json\/wp\/v2\/pages\/26087"}],"collection":[{"href":"https:\/\/www.storevan.com\/fr\/wp-json\/wp\/v2\/pages"}],"about":[{"href":"https:\/\/www.storevan.com\/fr\/wp-json\/wp\/v2\/types\/page"}],"author":[{"embeddable":true,"href":"https:\/\/www.storevan.com\/fr\/wp-json\/wp\/v2\/users\/470"}],"replies":[{"embeddable":true,"href":"https:\/\/www.storevan.com\/fr\/wp-json\/wp\/v2\/comments?post=26087"}],"version-history":[{"count":12,"href":"https:\/\/www.storevan.com\/fr\/wp-json\/wp\/v2\/pages\/26087\/revisions"}],"predecessor-version":[{"id":141851,"href":"https:\/\/www.storevan.com\/fr\/wp-json\/wp\/v2\/pages\/26087\/revisions\/141851"}],"up":[{"embeddable":true,"href":"https:\/\/www.storevan.com\/fr\/wp-json\/wp\/v2\/pages\/26069"}],"wp:attachment":[{"href":"https:\/\/www.storevan.com\/fr\/wp-json\/wp\/v2\/media?parent=26087"}],"curies":[{"name":"wp","href":"https:\/\/api.w.org\/{rel}","templated":true}]}}