{"id":26077,"date":"2016-03-10T17:03:38","date_gmt":"2016-03-10T16:03:38","guid":{"rendered":"https:\/\/www.storevan.com\/fr\/allestimenti-veicoli-commerciali\/furgoni-fiat\/fiorino\/pianali-pannellature\/"},"modified":"2022-07-21T11:45:51","modified_gmt":"2022-07-21T11:45:51","slug":"planchers-habillages","status":"publish","type":"page","link":"https:\/\/www.storevan.com\/fr\/amenagement-vehicules-utilitaires\/fourgons-fiat\/fiorino\/planchers-habillages\/","title":{"rendered":"Planchers et habillages"},"content":{"rendered":"<h1 class=\"customblackTitleSmall\">Planchers et habillages pour Fiat Fiorino<\/h1>\n<p><strong>Plancher<\/strong> et <strong>habillages\u00a0<\/strong>Store Van pour <strong>v\u00e9hicules utilitaires Fiat Fiorino<\/strong> : la solution id\u00e9ale pour prot\u00e9ger la t\u00f4le d\u2019origine de l\u2019espace de chargement de votre fourgon et ainsi augmenter sa valeur dans le temps. Nos rev\u00eatements int\u00e9rieurs de protection comprennent des panneaux en polypropyl\u00e8ne alv\u00e9olaire pour les parois lat\u00e9rales et pour les portes arri\u00e8re, et un plancher en bois marin multiplis de 12 mm d\u2019\u00e9paisseur \u00e0 rev\u00eatement ph\u00e9nolique, con\u00e7u en fonction des arrimages d\u2019origine du v\u00e9hicule.<\/p>\n<hr class=\"noColor\" \/>\n<h3 class=\"bigTxt\">HABILLAGES ET REV\u00caTEMENTS INT\u00c9RIEURS POUR FIAT FIORINO:<\/h3>\n<div class=\"txtBlue\">HONEYCOMB<\/div>\n<hr class=\"noColor\" \/>\n<div class=\"one_half\">\n<img decoding=\"async\" loading=\"lazy\" class=\"alignnone size-full wp-image-66167\" src=\"https:\/\/www.storevan.com\/wp-content\/uploads\/veicoli\/pianali-pannellature\/pannellature_Doblo.jpg\" alt=\"HABILLAGES POUR Fiorino - Honeycomb\" width=\"547\" height=\"265\" \/><\/p>\n<div class=\"smallTxtGrey blue\">HONEYCOMB PANEL &#8211; A<\/div>\n<p>Habillage en polypropyl\u00e8ne pour:<br \/>\n&#8211; paroi lat\u00e9rale gauche<br \/>\n&#8211; paroi lat\u00e9rale droite et porte coulissante<\/p>\n<div class=\"smallTxtGrey blue\">HONEYCOMB PANEL &#8211; C<\/div>\n<p>Habillage en polypropyl\u00e8ne pour:<br \/>\n&#8211; partie sup\u00e9rieure des portes arri\u00e8re battantes<\/p>\n<\/div><div class=\"one_half last\">\n<hr class=\"noColor\" \/>\n<p>TABLEAU DES R\u00c9F\u00c9RENCES DES ARTICLES PAR MOD\u00c8LE:<\/p>\n<table class=\"table tableBorder\">\n<thead>\n<tr>\n<th class=\"txtBkOrange\" width=\"20%\">V\u00c9HICULE<\/th>\n<th class=\"txtGrey\" style=\"text-align: center;\" colspan=\"2\" rowspan=\"1\">HABILLAGE<\/th>\n<\/tr>\n<tr>\n<th><\/th>\n<th class=\"TESTO12biancoCX\" style=\"text-align: center;\" bgcolor=\"#8d8d8d\">A<\/th>\n<th class=\"TESTO12biancoCX\" style=\"text-align: center;\" bgcolor=\"#8d8d8d\">C<\/th>\n<\/tr>\n<tr>\n<th><\/th>\n<th style=\"text-align: center;\">ART.<\/th>\n<th style=\"text-align: center;\">ART.<\/th>\n<\/tr>\n<\/thead>\n<tbody>\n<tr class=\"border_bottomGrey\">\n<td style=\"vertical-align: middle;\" bgcolor=\"#f0f0f0\">L1 H1<sup>A<\/sup><\/td>\n<td style=\"text-align: center;\"><span class=\"blue\">F22 HP FI10H1 A0 01<\/span><br \/>\n<span class=\"TESTO12neroCX\">1,92 kg<\/span><\/td>\n<td style=\"text-align: center;\"><span class=\"blue\">F22 HP FIDRH1 A0 01<\/span><br \/>\n<span class=\"TESTO12neroCX\">0,88 kg<\/span><\/td>\n<\/tr>\n<tr class=\"border_bottomGrey\">\n<td style=\"vertical-align: middle;\" bgcolor=\"#f0f0f0\">L1 H1<sup>B<\/sup><\/td>\n<td style=\"text-align: center;\"><span class=\"blue\">F22 HP FI10H1 A0 01<\/span><br \/>\n<span class=\"TESTO12neroCX\">1,92 kg<\/span><\/td>\n<td style=\"text-align: center;\"><span class=\"blue\">F22 HP FIDRH1 A0 01<\/span><br \/>\n<span class=\"TESTO12neroCX\">0,88 kg<\/span><\/td>\n<\/tr>\n<\/tbody>\n<\/table>\n<p>Habillages pour v\u00e9hicule avec porte lat\u00e9rale droite et parois en t\u00f4le.<br \/>\n<sup>A<\/sup>Panneau de s\u00e9paration t\u00f4l\u00e9<br \/>\n<sup>B<\/sup>Panneau de s\u00e9paration grillag\u00e9 avec portillon<br \/>\n<\/div><div class=\"clearboth\"><\/div>\n<hr \/>\n<h3 class=\"bigTxt\">SOLUTIONS DE PLANCHER POUR FIAT FIORINO:<\/h3>\n<div class=\"txtBlue\">WOOD FLOOR<\/div>\n<hr class=\"noColor\" \/>\n<div class=\"one_half\">\n<img decoding=\"async\" loading=\"lazy\" class=\"alignnone size-full wp-image-66173\" src=\"https:\/\/www.storevan.com\/wp-content\/uploads\/veicoli\/pianali-pannellature\/pianale_PICCOLO-Fiorino.jpg\" alt=\"Pianale per Fiorino - Wood Floor\" width=\"547\" height=\"265\" \/><\/p>\n<div class=\"smallTxtGrey blue\">WOOD FLOOR &#8211; D<\/div>\n<p>Plancher en bois de 9 mm avec rev\u00eatement ph\u00e9nolique et \u00e9quip\u00e9 pour les ancrages originaux du v\u00e9hicule<\/p>\n<div class=\"smallTxtGrey blue\">WOOD FLOOR &#8211; F<\/div>\n<p>Panneau arri\u00e8re cabine en bois de 12 mm d\u2019\u00e9paisseur avec rev\u00eatement ph\u00e9nolique<br \/>\n<\/div><div class=\"one_half last\">\n<hr class=\"noColor\" \/>\n<p>TABLEAU DES R\u00c9F\u00c9RENCES DES ARTICLES PAR MOD\u00c8LE:<\/p>\n<table class=\"table tableBorder\">\n<thead>\n<tr>\n<th class=\"txtBkOrange\" width=\"20%\">V\u00c9HICULE<\/th>\n<th class=\"txtGrey\" style=\"text-align: center;\">PLANCHER<\/th>\n<th class=\"txtGrey\" style=\"text-align: center;\">ARRI\u00c8RE CABINE<\/th>\n<\/tr>\n<tr>\n<th><\/th>\n<th class=\"TESTO12biancoCX\" style=\"text-align: center;\" bgcolor=\"#8d8d8d\">D (9 mm)<\/th>\n<th class=\"TESTO12biancoCX\" style=\"text-align: center;\" bgcolor=\"#8d8d8d\">F (1180x375x12 mm)<\/th>\n<\/tr>\n<tr>\n<th><\/th>\n<th style=\"text-align: center;\">ART.<\/th>\n<th style=\"text-align: center;\">ART.<\/th>\n<\/tr>\n<\/thead>\n<tbody>\n<tr class=\"border_bottomGrey\">\n<td style=\"vertical-align: middle;\" bgcolor=\"#f0f0f0\">L1 H1<sup>A<\/sup><\/td>\n<td style=\"text-align: center;\"><span class=\"blue\">F22 WF FI10D1 B0 1S<\/span><br \/>\n<span class=\"TESTO12neroCX\">11,95 kg<\/span><\/td>\n<td style=\"text-align: center;\"><span class=\"blue\">F22 WF FIWBT1 B0 1S<\/span><br \/>\n<span class=\"TESTO12neroCX\">3,40 kg<\/span><\/td>\n<\/tr>\n<tr class=\"border_bottomGrey\">\n<td style=\"vertical-align: middle;\" bgcolor=\"#f0f0f0\">L1 H1<sup>A<\/sup> M\u00e9thane<\/td>\n<td style=\"text-align: center;\"><span class=\"blue\">F22 WF FI10D1 B1 1S<\/span><br \/>\n<span class=\"TESTO12neroCX\">12,55 kg<\/span><\/td>\n<td style=\"text-align: center;\"><span class=\"blue\">F22 WF FIWBT1 B0 1S<\/span><br \/>\n<span class=\"TESTO12neroCX\">3,40 kg<\/span><\/td>\n<\/tr>\n<tr class=\"border_bottomGrey\">\n<td style=\"vertical-align: middle;\" bgcolor=\"#f0f0f0\">L1 H1<sup>B<\/sup><\/td>\n<td style=\"text-align: center;\"><span class=\"blue\">F22 WF FI10D2 B0 1S<\/span><br \/>\n<span class=\"TESTO12neroCX\">11,94 kg<\/span><\/td>\n<td style=\"text-align: center;\"><span class=\"blue\">F22 WF FIWBT1 B0 1S<\/span><br \/>\n<span class=\"TESTO12neroCX\">3,40 kg<\/span><\/td>\n<\/tr>\n<\/tbody>\n<\/table>\n<p>Plancher pour v\u00e9hicule avec porte lat\u00e9rale droite et parois en t\u00f4le.<br \/>\n<sup>A<\/sup> Panneau de s\u00e9paration t\u00f4l\u00e9<br \/>\n<sup>B<\/sup> Panneau de s\u00e9paration grillag\u00e9 avec portillon<\/p>\n<table class=\"table tableBorder\">\n<tbody>\n<tr class=\"border_bottomGrey\">\n<td><img decoding=\"async\" loading=\"lazy\" src=\"https:\/\/www.storevan.com\/wp-content\/uploads\/veicoli\/pianali-pannellature\/logo-ISO9001.jpg\" alt=\"T\u00dcV-certified\" width=\"120\" height=\"120\" \/><\/td>\n<td style=\"vertical-align: middle;\">Planchers en bois avec coefficient de friction certifi\u00e9 par <strong>T\u00dcV<\/strong><\/td>\n<\/tr>\n<\/tbody>\n<\/table>\n<\/div><div class=\"clearboth\"><\/div>\n<hr \/>\n<div class=\"txtBlue\">SAFETY FLOOR<\/div>\n<hr class=\"noColor\" \/>\n<div class=\"one_half\">\n<img decoding=\"async\" loading=\"lazy\" class=\"alignnone size-full wp-image-66179\" src=\"https:\/\/www.storevan.com\/wp-content\/uploads\/veicoli\/pianali-pannellature\/pianale_safety_PICCOLO-Fiorino.jpg\" alt=\"Pianale per Fiorino - Safety Floor\" width=\"547\" height=\"310\" \/><\/p>\n<div class=\"smallTxtGrey blue\">SAFETY FLOOR &#8211; D<\/div>\n<p>Plancher 9 mm en bois avec rev\u00eatement ph\u00e9nolique et points d\u2019ancrage suppl\u00e9mentaires<\/p>\n<div class=\"smallTxtGrey blue\">WOOD FLOOR &#8211; F<\/div>\n<p>Panneau arri\u00e8re cabine en bois de 12 mm d\u2019\u00e9paisseur avec rev\u00eatem ent ph\u00e9nolique<br \/>\n<\/div><div class=\"one_half last\">\n<hr class=\"noColor\" \/>\n<p>TABLEAU DES R\u00c9F\u00c9RENCES DES ARTICLES PAR MOD\u00c8LE:<\/p>\n<table class=\"table tableBorder\">\n<thead>\n<tr>\n<th class=\"txtBkOrange\" width=\"20%\">V\u00c9HICULE<\/th>\n<th class=\"txtGrey\" style=\"text-align: center;\">PLANCHER<\/th>\n<th class=\"txtGrey\" style=\"text-align: center;\">ARRI\u00c8RE CABINE<\/th>\n<\/tr>\n<tr>\n<th><\/th>\n<th class=\"TESTO12biancoCX\" style=\"text-align: center;\" bgcolor=\"#8d8d8d\">D (9 mm)<\/th>\n<th class=\"TESTO12biancoCX\" style=\"text-align: center;\" bgcolor=\"#8d8d8d\">F (1180x375x12 mm)<\/th>\n<\/tr>\n<tr>\n<th><\/th>\n<th style=\"text-align: center;\">ART.<\/th>\n<th style=\"text-align: center;\">ART.<\/th>\n<\/tr>\n<\/thead>\n<tbody>\n<tr class=\"border_bottomGrey\">\n<td style=\"vertical-align: middle;\" bgcolor=\"#f0f0f0\">L1 H1<sup>A<\/sup><\/td>\n<td style=\"text-align: center;\"><span class=\"blue\">F22 SF FI10K1 B0 1S<\/span><br \/>\n<span class=\"TESTO12neroCX\">13,31 kg<\/span><\/td>\n<td style=\"text-align: center;\"><span class=\"blue\">F22 WF FIWBT1 B0 1S<\/span><br \/>\n<span class=\"TESTO12neroCX\">3,40 kg<\/span><\/td>\n<\/tr>\n<tr class=\"border_bottomGrey\">\n<td style=\"vertical-align: middle;\" bgcolor=\"#f0f0f0\">L1 H1<sup>B<\/sup><\/td>\n<td style=\"text-align: center;\"><span class=\"blue\">F22 SF FI10K2 B0 1S<\/span><br \/>\n<span class=\"TESTO12neroCX\">12,96 kg<\/span><\/td>\n<td style=\"text-align: center;\"><span class=\"blue\">F22 WF FIWBT1 B0 1S<\/span><br \/>\n<span class=\"TESTO12neroCX\">3,40 kg<\/span><\/td>\n<\/tr>\n<\/tbody>\n<\/table>\n<p>Plancher pour v\u00e9hicule avec porte lat\u00e9rale droite et parois en t\u00f4le.<br \/>\n<sup>A<\/sup> Panneau de s\u00e9paration t\u00f4l\u00e9<br \/>\n<sup>B<\/sup> Panneau de s\u00e9paration grillag\u00e9 avec portillon<\/p>\n<div class=\"alert notice\">\n<div class=\"msg\">Le plancher doit \u00eatre coll\u00e9 au v\u00e9hicule<\/div>\n<\/div>\n<table class=\"table tableBorder\">\n<table class=\"table tableBorder\">\n<tbody>\n<tr class=\"border_bottomGrey\">\n<td><img decoding=\"async\" loading=\"lazy\" src=\"https:\/\/www.storevan.com\/wp-content\/uploads\/veicoli\/pianali-pannellature\/logo-ISO9001.jpg\" alt=\"T\u00dcV-certified\" width=\"120\" height=\"120\" \/><\/td>\n<td style=\"vertical-align: middle;\">Planchers en bois avec coefficient de friction certifi\u00e9 par <strong>T\u00dcV<\/strong><\/td>\n<\/tr>\n<\/tbody>\n<\/table>\n<tbody>\n<\/table>\n<\/div><div class=\"clearboth\"><\/div>\n<div class=\"smallTxtGrey blue\">ACCESSOIRES POUR LA S\u00c9CURISATION DU CHARGEMENT &#8211; (1-9)<\/div>\n<div class=\"col-xs-6 col-sm-4 col-md-3 col-lg-2 galleryPage text-center\"><span class=\"testoImgSfondo\">1<\/span><img decoding=\"async\" loading=\"lazy\" src=\"https:\/\/www.storevan.com\/wp-content\/uploads\/veicoli\/pianali-pannellature\/01-barra.jpg\" alt=\"Barre horizontale en aluminium\" width=\"200\" height=\"125\" border=\"0\" \/><span class=\"smaller\">Barre horizontale en aluminium<\/span><\/div>\n<div class=\"col-xs-6 col-sm-4 col-md-3 col-lg-2 galleryPage text-center\"><span class=\"testoImgSfondo\">2<\/span><img decoding=\"async\" loading=\"lazy\" src=\"https:\/\/www.storevan.com\/wp-content\/uploads\/veicoli\/pianali-pannellature\/02-barra.jpg\" alt=\"Barre horizontale en aluminium\" width=\"200\" height=\"125\" border=\"0\" \/><span class=\"smaller\">Barre horizontale en aluminium<\/span><\/div>\n<div class=\"col-xs-6 col-sm-4 col-md-3 col-lg-2 galleryPage text-center\"><span class=\"testoImgSfondo\">3<\/span><img decoding=\"async\" loading=\"lazy\" src=\"https:\/\/www.storevan.com\/wp-content\/uploads\/veicoli\/pianali-pannellature\/03-barra.jpg\" alt=\"Barre horizontale en aluminium\" width=\"200\" height=\"125\" border=\"0\" \/><span class=\"smaller\">Barre horizontale en aluminium<\/span><\/div>\n<div class=\"col-xs-6 col-sm-4 col-md-3 col-lg-2 galleryPage text-center\"><span class=\"testoImgSfondo\">4<\/span><img decoding=\"async\" loading=\"lazy\" src=\"https:\/\/www.storevan.com\/wp-content\/uploads\/veicoli\/pianali-pannellature\/04-barra-telescopica.jpg\" alt=\"Barre t\u00e9lescopique d\u2019arrimage\" width=\"200\" height=\"125\" border=\"0\" hspace=\"0\" \/><span class=\"smaller\">Barre t\u00e9lescopique d\u2019arrimage<\/span><\/div>\n<div class=\"col-xs-6 col-sm-4 col-md-3 col-lg-2 galleryPage text-center\"><span class=\"testoImgSfondo\">5<\/span><img decoding=\"async\" loading=\"lazy\" src=\"https:\/\/www.storevan.com\/wp-content\/uploads\/veicoli\/pianali-pannellature\/05-finale-plastica.jpg\" alt=\"Bouchon en plastique\" width=\"200\" height=\"125\" border=\"0\" hspace=\"0\" \/><span class=\"smaller\">Bouchon en plastique<\/span><\/div>\n<div class=\"col-xs-6 col-sm-4 col-md-3 col-lg-2 galleryPage text-center\"><span class=\"testoImgSfondo\">6<\/span><img decoding=\"async\" loading=\"lazy\" src=\"https:\/\/www.storevan.com\/wp-content\/uploads\/veicoli\/pianali-pannellature\/06-anello-fermacarico.jpg\" alt=\"Anneau d\u2019arrimage\" width=\"200\" height=\"125\" border=\"0\" hspace=\"0\" \/><span class=\"smaller\">Anneau d\u2019arrimage<\/span><\/div>\n<div class=\"col-xs-6 col-sm-4 col-md-3 col-lg-2 galleryPage text-center\"><span class=\"testoImgSfondo\">7<\/span><img decoding=\"async\" loading=\"lazy\" src=\"https:\/\/www.storevan.com\/wp-content\/uploads\/veicoli\/pianali-pannellature\/07-cinghia-fermacarico.jpg\" alt=\"Sangle d\u2019arrimage avec crochet\" width=\"200\" height=\"125\" border=\"0\" hspace=\"0\" \/><span class=\"smaller\">Sangle d\u2019arrimage avec crochet<\/span><\/div>\n<div class=\"col-xs-6 col-sm-4 col-md-3 col-lg-2 galleryPage text-center\"><span class=\"testoImgSfondo\">8<\/span><img decoding=\"async\" loading=\"lazy\" src=\"https:\/\/www.storevan.com\/wp-content\/uploads\/veicoli\/pianali-pannellature\/08-cinghia-fermacarico.jpg\" alt=\"Sangle d\u2019arrimage \u00e0 cliquet\" width=\"200\" height=\"125\" border=\"0\" hspace=\"0\" \/><span class=\"smaller\">Sangle d\u2019arrimage \u00e0 cliquet<\/span><\/div>\n<div class=\"col-xs-6 col-sm-4 col-md-3 col-lg-2 galleryPage text-center\"><span class=\"testoImgSfondo\">9<\/span><img decoding=\"async\" loading=\"lazy\" src=\"https:\/\/www.storevan.com\/wp-content\/uploads\/veicoli\/pianali-pannellature\/09-cinghia-fermacarico.jpg\" alt=\"Sangle d\u2019arrimage \u00e0 cliquet\" width=\"200\" height=\"125\" border=\"0\" \/><span class=\"smaller\">Sangle d\u2019arrimage \u00e0 cliquet<\/span><\/div>\n<div class=\"break\"><\/div>\n<p><a class=\"btn btn-blue\" title=\"D\u00e9couvrez la gamme compl\u00e8te d\u2019accessoires\" href=\"#\">D\u00e9couvrez la gamme compl\u00e8te d\u2019accessoires<\/a><\/p>\n<hr \/>\n<div class=\"col-xs-12 col-sm-12 col-md-6\">\n<div class=\"text-center\"><a class=\"btn btn-download\" title=\"Appelez-nous +39 0424 585455\" href=\"tel:+390424585455\"><i class=\"fa fa-phone\"><\/i> <span class=\"spanBtn\">APPELEZ-NOUS<\/span><br \/>\npour toute information<\/a><\/div>\n<\/div>\n<div class=\"col-xs-12 col-sm-12 col-md-6\">\n<div class=\"text-center\"><a class=\"btn btn-download\" title=\"Download - Dobl\u00f2 catalogue\" href=\"https:\/\/www.storevan.com\/wp-content\/uploads\/doc\/FIAT_FIORINO_Allestimenti_Amenagements_StoreVan_itfr.pdf\" target=\"_blank\" rel=\"noopener noreferrer\"><i class=\"fa fa-download\"><\/i> <span class=\"spanBtn\">DOWNLOAD<\/span><br \/>\nFIORINO CATALOGUE<\/a><\/div>\n<\/div>\n<div class=\"break\"><\/div>\n<hr \/>\n<h4 class=\"bigTxt text-center txtBkOrange\"><i class=\"fa fa-envelope pull-left\"><\/i> VOULEZ-VOUS EN SAVOIR PLUS?<\/h4>\n\n<div class=\"wpcf7 no-js\" id=\"wpcf7-f67673-o1\" lang=\"it-IT\" dir=\"ltr\">\n<div class=\"screen-reader-response\"><p role=\"status\" aria-live=\"polite\" aria-atomic=\"true\"><\/p> <ul><\/ul><\/div>\n<form action=\"\/fr\/wp-json\/wp\/v2\/pages\/26077#wpcf7-f67673-o1\" method=\"post\" class=\"wpcf7-form init\" aria-label=\"Modulo di contatto\" novalidate=\"novalidate\" data-status=\"init\">\n<div style=\"display: none;\">\n<input type=\"hidden\" name=\"_wpcf7\" value=\"67673\" \/>\n<input type=\"hidden\" name=\"_wpcf7_version\" value=\"5.7.7\" \/>\n<input type=\"hidden\" name=\"_wpcf7_locale\" value=\"it_IT\" \/>\n<input type=\"hidden\" name=\"_wpcf7_unit_tag\" value=\"wpcf7-f67673-o1\" \/>\n<input type=\"hidden\" name=\"_wpcf7_container_post\" value=\"0\" \/>\n<input type=\"hidden\" name=\"_wpcf7_posted_data_hash\" value=\"\" \/>\n<input type=\"hidden\" name=\"_wpcf7_recaptcha_response\" value=\"\" \/>\n<\/div>\n<span class=\"wpcf7-form-control-wrap url\" data-name=\"url\"><input type=\"hidden\" name=\"url\" size=\"40\" class=\"wpcf7-form-control wpcf7-hidden wpcf7dtx wpcf7dtx-hidden\" aria-invalid=\"false\" value=\"planchers-habillages\" autocomplete=\"off\" \/><\/span>\n<p>Pour plus d'informations, remplissez les champs suivants. L'un de nos op\u00e9rateurs vous recontactera dans les plus brefs d\u00e9lais (* champs obligatoires):\n<\/p>\n<div class=\"col-xs-12 col-md-6\">\n\t<p><span class='titoli'>Pr\u00e9nom (*)<\/span>\n\t<\/p>\n\t<p><span class=\"wpcf7-form-control-wrap\" data-name=\"your-name\"><input size=\"40\" class=\"wpcf7-form-control wpcf7-text wpcf7-validates-as-required form-control\" aria-required=\"true\" aria-invalid=\"false\" value=\"\" type=\"text\" name=\"your-name\" \/><\/span>\n\t<\/p>\n<\/div>\n<div class=\"col-xs-12 col-md-6\">\n\t<p><span class='titoli'>Nom (*)<\/span>\n\t<\/p>\n\t<p><span class=\"wpcf7-form-control-wrap\" data-name=\"your-last-name\"><input size=\"40\" class=\"wpcf7-form-control wpcf7-text wpcf7-validates-as-required form-control\" aria-required=\"true\" aria-invalid=\"false\" value=\"\" type=\"text\" name=\"your-last-name\" \/><\/span>\n\t<\/p>\n<\/div>\n<div class=\"col-xs-12 col-md-6\">\n\t<p><span class='titoli'>Entreprise (*)<\/span>\n\t<\/p>\n\t<p><span class=\"wpcf7-form-control-wrap\" data-name=\"your-company\"><input size=\"40\" class=\"wpcf7-form-control wpcf7-text wpcf7-validates-as-required form-control\" aria-required=\"true\" aria-invalid=\"false\" value=\"\" type=\"text\" name=\"your-company\" \/><\/span>\n\t<\/p>\n<\/div>\n<div class=\"col-xs-12 col-md-6\">\n\t<p><span class='titoli'>TVA<\/span>\n\t<\/p>\n\t<p><span class=\"wpcf7-form-control-wrap\" data-name=\"p-iva\"><input size=\"40\" class=\"wpcf7-form-control wpcf7-text form-control\" aria-invalid=\"false\" value=\"\" type=\"text\" name=\"p-iva\" \/><\/span>\n\t<\/p>\n<\/div>\n<div class=\"clearboth\">\n<\/div>\n<div class=\"col-xs-12 col-md-4\">\n\t<p><span class='titoli'>Code Postal (*)<\/span>\n\t<\/p>\n\t<p><span class=\"wpcf7-form-control-wrap\" data-name=\"your-zip-code\"><input size=\"40\" class=\"wpcf7-form-control wpcf7-text wpcf7-validates-as-required form-control\" aria-required=\"true\" aria-invalid=\"false\" value=\"\" type=\"text\" name=\"your-zip-code\" \/><\/span>\n\t<\/p>\n<\/div>\n<div class=\"col-xs-12 col-md-4\">\n\t<p><span class='titoli'>Adresse (*)<\/span>\n\t<\/p>\n\t<p><span class=\"wpcf7-form-control-wrap\" data-name=\"your-address\"><input size=\"40\" class=\"wpcf7-form-control wpcf7-text wpcf7-validates-as-required form-control\" aria-required=\"true\" aria-invalid=\"false\" value=\"\" type=\"text\" name=\"your-address\" \/><\/span>\n\t<\/p>\n<\/div>\n<div class=\"col-xs-12 col-md-4\">\n\t<p><span class='titoli'>Ville (*)<\/span>\n\t<\/p>\n\t<p><span class=\"wpcf7-form-control-wrap\" data-name=\"your-Town\"><input size=\"40\" class=\"wpcf7-form-control wpcf7-text wpcf7-validates-as-required form-control\" aria-required=\"true\" aria-invalid=\"false\" value=\"\" type=\"text\" name=\"your-Town\" \/><\/span>\n\t<\/p>\n<\/div>\n<div class=\"clearboth\">\n<\/div>\n<div class=\"col-xs-12 col-md-6\">\n\t<p><span class='titoli'>email (*)<\/span>\n\t<\/p>\n\t<p><span class=\"wpcf7-form-control-wrap\" data-name=\"your-email\"><input size=\"40\" class=\"wpcf7-form-control wpcf7-text wpcf7-email wpcf7-validates-as-required wpcf7-validates-as-email form-control\" aria-required=\"true\" aria-invalid=\"false\" value=\"\" type=\"email\" name=\"your-email\" \/><\/span>\n\t<\/p>\n<\/div>\n<div class=\"col-xs-12 col-md-6\">\n\t<p><span class='titoli'>T\u00e9l\u00e9phone (*)<\/span>\n\t<\/p>\n\t<p><span class=\"wpcf7-form-control-wrap\" data-name=\"telefono\"><input size=\"40\" class=\"wpcf7-form-control wpcf7-text wpcf7-tel wpcf7-validates-as-required wpcf7-validates-as-tel form-control\" aria-required=\"true\" aria-invalid=\"false\" value=\"\" type=\"tel\" name=\"telefono\" \/><\/span>\n\t<\/p>\n<\/div>\n<div class=\"clearboth\">\n<\/div>\n<div class=\"col-xs-12 col-md-6\">\n\t<p><span class='titoli'>Objet <\/span>\n\t<\/p>\n\t<p><span class=\"wpcf7-form-control-wrap\" data-name=\"oggetto\"><select class=\"wpcf7-form-control wpcf7-select wpcf7-validates-as-required\" aria-required=\"true\" aria-invalid=\"false\" name=\"oggetto\"><option value=\"Citation\">Citation<\/option><option value=\"Information technique\">Information technique<\/option><option value=\"Rendez-vous\">Rendez-vous<\/option><\/select><\/span>\n\t<\/p>\n<\/div>\n<div class=\"col-xs-12 col-md-6\">\n\t<p><br \/>\n<span class=\"titoli\"> <span class=\"wpcf7-form-control-wrap\" data-name=\"cliente\"><span class=\"wpcf7-form-control wpcf7-checkbox\"><span class=\"wpcf7-list-item first last\"><label><span class=\"wpcf7-list-item-label\">Je suis d\u00e9j\u00e0 client<\/span><input type=\"checkbox\" name=\"cliente[]\" value=\"Je suis d\u00e9j\u00e0 client\" \/><\/label><\/span><\/span><\/span><\/span>\n\t<\/p>\n<\/div>\n<div class=\"col-xs-12 col-md-12\">\n\t<p><span class='titoli'>Message (*)<\/span>\n\t<\/p>\n\t<p><span class=\"wpcf7-form-control-wrap\" data-name=\"your-message\"><textarea cols=\"40\" rows=\"10\" class=\"wpcf7-form-control wpcf7-textarea wpcf7-validates-as-required form-control\" aria-required=\"true\" aria-invalid=\"false\" name=\"your-message\"><\/textarea><\/span>\n\t<\/p>\n<\/div>\n<div class=\"col-xs-12 col-md-12\">\n\t<p><small>Les donn\u00e9es saisies seront trait\u00e9es de mani\u00e8re strictement confidentielle conform\u00e9ment \u00e0 la loi et \u00e0 notre <a href=\"https:\/\/www.storevan.com\/fr\/privacy-policy\/\">politique de confidentialit\u00e9<\/a>.<\/small>\n\t<\/p>\n\t<p><span class=\"wpcf7-form-control-wrap\" data-name=\"AccettazionePrivacy\"><span class=\"wpcf7-form-control wpcf7-acceptance\"><span class=\"wpcf7-list-item\"><input type=\"checkbox\" name=\"AccettazionePrivacy\" value=\"1\" aria-invalid=\"false\" \/><\/span><\/span><\/span> Je d\u00e9clare avoir pris connaissance de la Note Informative sur les <a href=\"https:\/\/www.storevan.com\/fr\/privacy-policy\/\">Note Informative sur les Informations priv\u00e9es<\/a> et j\u2019autorise au traitement de mes donn\u00e9es personnelles en conformit\u00e9 avec ce qui y est \u00e9crit. (*)<br \/>\n\t<span class=\"wpcf7-form-control-wrap recaptcha\" data-name=\"recaptcha\"><span data-sitekey=\"6LdfM4AUAAAAAJjsAucux5WVNA3hsk5KP0a03T_n\" class=\"wpcf7-form-control g-recaptcha wpcf7-recaptcha\"><\/span>\r\n<noscript>\r\n\t<div class=\"grecaptcha-noscript\">\r\n\t\t<iframe src=\"https:\/\/www.google.com\/recaptcha\/api\/fallback?k=6LdfM4AUAAAAAJjsAucux5WVNA3hsk5KP0a03T_n\" frameborder=\"0\" scrolling=\"no\" width=\"310\" height=\"430\">\r\n\t\t<\/iframe>\r\n\t\t<textarea name=\"g-recaptcha-response\" rows=\"3\" cols=\"40\" placeholder=\"reCaptcha Response Here\">\r\n\t\t<\/textarea>\r\n\t<\/div>\r\n<\/noscript>\r\n<\/span>\n\t<\/p>\n<\/div>\n<hr class=\"noColor\" \/>\n<p><input class=\"wpcf7-form-control has-spinner wpcf7-submit\" type=\"submit\" value=\"Envoi\" \/>\n<\/p><div class=\"wpcf7-response-output\" aria-hidden=\"true\"><\/div>\n<\/form>\n<\/div>\n\n","protected":false},"excerpt":{"rendered":"<p>Planchers et habillages pour Fiat Fiorino Plancher et habillages\u00a0Store Van pour v\u00e9hicules utilitaires Fiat Fiorino : la solution id\u00e9ale pour prot\u00e9ger la t\u00f4le d\u2019origine de l\u2019espace de chargement de votre.<\/p>\n","protected":false},"author":470,"featured_media":0,"parent":26075,"menu_order":0,"comment_status":"closed","ping_status":"closed","template":"","meta":[],"acf":[],"yoast_head":"<!-- This site is optimized with the Yoast SEO plugin v20.11 - https:\/\/yoast.com\/wordpress\/plugins\/seo\/ -->\n<title>Planchers et habillages pour Fiat Fiorino<\/title>\n<meta name=\"description\" content=\"Store Van r\u00e9alise des planchers et des panneaux pour prot\u00e9ger votre fourgon Fiat Fiorino\" \/>\n<meta name=\"robots\" content=\"index, follow, max-snippet:-1, max-image-preview:large, max-video-preview:-1\" \/>\n<link rel=\"canonical\" href=\"https:\/\/www.storevan.com\/fr\/amenagement-vehicules-utilitaires\/fourgons-fiat\/fiorino\/planchers-habillages\/\" \/>\n<meta property=\"og:locale\" content=\"fr_FR\" \/>\n<meta property=\"og:type\" content=\"article\" \/>\n<meta property=\"og:title\" content=\"Planchers et habillages pour Fiat Fiorino\" \/>\n<meta property=\"og:description\" content=\"Store Van r\u00e9alise des planchers et des panneaux pour prot\u00e9ger votre fourgon Fiat Fiorino\" \/>\n<meta property=\"og:url\" content=\"https:\/\/www.storevan.com\/fr\/amenagement-vehicules-utilitaires\/fourgons-fiat\/fiorino\/planchers-habillages\/\" \/>\n<meta property=\"og:site_name\" content=\"Store Van\" \/>\n<meta property=\"article:modified_time\" content=\"2022-07-21T11:45:51+00:00\" \/>\n<meta property=\"og:image\" content=\"https:\/\/www.storevan.com\/wp-content\/uploads\/veicoli\/pianali-pannellature\/pannellature_Doblo.jpg\" \/>\n<meta name=\"twitter:label1\" content=\"Dur\u00e9e de lecture estim\u00e9e\" \/>\n\t<meta name=\"twitter:data1\" content=\"3 minutes\" \/>\n<script type=\"application\/ld+json\" class=\"yoast-schema-graph\">{\"@context\":\"https:\/\/schema.org\",\"@graph\":[{\"@type\":\"WebPage\",\"@id\":\"https:\/\/www.storevan.com\/fr\/amenagement-vehicules-utilitaires\/fourgons-fiat\/fiorino\/planchers-habillages\/\",\"url\":\"https:\/\/www.storevan.com\/fr\/amenagement-vehicules-utilitaires\/fourgons-fiat\/fiorino\/planchers-habillages\/\",\"name\":\"Planchers et habillages pour Fiat Fiorino\",\"isPartOf\":{\"@id\":\"https:\/\/www.storevan.com\/pl\/#website\"},\"datePublished\":\"2016-03-10T16:03:38+00:00\",\"dateModified\":\"2022-07-21T11:45:51+00:00\",\"description\":\"Store Van r\u00e9alise des planchers et des panneaux pour prot\u00e9ger votre fourgon Fiat Fiorino\",\"breadcrumb\":{\"@id\":\"https:\/\/www.storevan.com\/fr\/amenagement-vehicules-utilitaires\/fourgons-fiat\/fiorino\/planchers-habillages\/#breadcrumb\"},\"inLanguage\":\"fr-FR\",\"potentialAction\":[{\"@type\":\"ReadAction\",\"target\":[\"https:\/\/www.storevan.com\/fr\/amenagement-vehicules-utilitaires\/fourgons-fiat\/fiorino\/planchers-habillages\/\"]}]},{\"@type\":\"BreadcrumbList\",\"@id\":\"https:\/\/www.storevan.com\/fr\/amenagement-vehicules-utilitaires\/fourgons-fiat\/fiorino\/planchers-habillages\/#breadcrumb\",\"itemListElement\":[{\"@type\":\"ListItem\",\"position\":1,\"name\":\"Home\",\"item\":\"https:\/\/www.storevan.com\/fr\/\"},{\"@type\":\"ListItem\",\"position\":2,\"name\":\"Am\u00e9nagement de v\u00e9hicule utilitaire\",\"item\":\"https:\/\/www.storevan.com\/fr\/amenagement-vehicules-utilitaires\/\"},{\"@type\":\"ListItem\",\"position\":3,\"name\":\"Fiat\",\"item\":\"https:\/\/www.storevan.com\/fr\/amenagement-vehicules-utilitaires\/fourgons-fiat\/\"},{\"@type\":\"ListItem\",\"position\":4,\"name\":\"Fiorino\",\"item\":\"https:\/\/www.storevan.com\/fr\/amenagement-vehicules-utilitaires\/fourgons-fiat\/fiorino\/\"},{\"@type\":\"ListItem\",\"position\":5,\"name\":\"Planchers et habillages\"}]},{\"@type\":\"WebSite\",\"@id\":\"https:\/\/www.storevan.com\/pl\/#website\",\"url\":\"https:\/\/www.storevan.com\/pl\/\",\"name\":\"Store Van\",\"description\":\"Am\u00e9nagements fourgons\",\"potentialAction\":[{\"@type\":\"SearchAction\",\"target\":{\"@type\":\"EntryPoint\",\"urlTemplate\":\"https:\/\/www.storevan.com\/pl\/?s={search_term_string}\"},\"query-input\":\"required name=search_term_string\"}],\"inLanguage\":\"fr-FR\"}]}<\/script>\n<!-- \/ Yoast SEO plugin. -->","yoast_head_json":{"title":"Planchers et habillages pour Fiat Fiorino","description":"Store Van r\u00e9alise des planchers et des panneaux pour prot\u00e9ger votre fourgon Fiat Fiorino","robots":{"index":"index","follow":"follow","max-snippet":"max-snippet:-1","max-image-preview":"max-image-preview:large","max-video-preview":"max-video-preview:-1"},"canonical":"https:\/\/www.storevan.com\/fr\/amenagement-vehicules-utilitaires\/fourgons-fiat\/fiorino\/planchers-habillages\/","og_locale":"fr_FR","og_type":"article","og_title":"Planchers et habillages pour Fiat Fiorino","og_description":"Store Van r\u00e9alise des planchers et des panneaux pour prot\u00e9ger votre fourgon Fiat Fiorino","og_url":"https:\/\/www.storevan.com\/fr\/amenagement-vehicules-utilitaires\/fourgons-fiat\/fiorino\/planchers-habillages\/","og_site_name":"Store Van","article_modified_time":"2022-07-21T11:45:51+00:00","og_image":[{"url":"https:\/\/www.storevan.com\/wp-content\/uploads\/veicoli\/pianali-pannellature\/pannellature_Doblo.jpg"}],"twitter_misc":{"Dur\u00e9e de lecture estim\u00e9e":"3 minutes"},"schema":{"@context":"https:\/\/schema.org","@graph":[{"@type":"WebPage","@id":"https:\/\/www.storevan.com\/fr\/amenagement-vehicules-utilitaires\/fourgons-fiat\/fiorino\/planchers-habillages\/","url":"https:\/\/www.storevan.com\/fr\/amenagement-vehicules-utilitaires\/fourgons-fiat\/fiorino\/planchers-habillages\/","name":"Planchers et habillages pour Fiat Fiorino","isPartOf":{"@id":"https:\/\/www.storevan.com\/pl\/#website"},"datePublished":"2016-03-10T16:03:38+00:00","dateModified":"2022-07-21T11:45:51+00:00","description":"Store Van r\u00e9alise des planchers et des panneaux pour prot\u00e9ger votre fourgon Fiat Fiorino","breadcrumb":{"@id":"https:\/\/www.storevan.com\/fr\/amenagement-vehicules-utilitaires\/fourgons-fiat\/fiorino\/planchers-habillages\/#breadcrumb"},"inLanguage":"fr-FR","potentialAction":[{"@type":"ReadAction","target":["https:\/\/www.storevan.com\/fr\/amenagement-vehicules-utilitaires\/fourgons-fiat\/fiorino\/planchers-habillages\/"]}]},{"@type":"BreadcrumbList","@id":"https:\/\/www.storevan.com\/fr\/amenagement-vehicules-utilitaires\/fourgons-fiat\/fiorino\/planchers-habillages\/#breadcrumb","itemListElement":[{"@type":"ListItem","position":1,"name":"Home","item":"https:\/\/www.storevan.com\/fr\/"},{"@type":"ListItem","position":2,"name":"Am\u00e9nagement de v\u00e9hicule utilitaire","item":"https:\/\/www.storevan.com\/fr\/amenagement-vehicules-utilitaires\/"},{"@type":"ListItem","position":3,"name":"Fiat","item":"https:\/\/www.storevan.com\/fr\/amenagement-vehicules-utilitaires\/fourgons-fiat\/"},{"@type":"ListItem","position":4,"name":"Fiorino","item":"https:\/\/www.storevan.com\/fr\/amenagement-vehicules-utilitaires\/fourgons-fiat\/fiorino\/"},{"@type":"ListItem","position":5,"name":"Planchers et habillages"}]},{"@type":"WebSite","@id":"https:\/\/www.storevan.com\/pl\/#website","url":"https:\/\/www.storevan.com\/pl\/","name":"Store Van","description":"Am\u00e9nagements fourgons","potentialAction":[{"@type":"SearchAction","target":{"@type":"EntryPoint","urlTemplate":"https:\/\/www.storevan.com\/pl\/?s={search_term_string}"},"query-input":"required name=search_term_string"}],"inLanguage":"fr-FR"}]}},"_links":{"self":[{"href":"https:\/\/www.storevan.com\/fr\/wp-json\/wp\/v2\/pages\/26077"}],"collection":[{"href":"https:\/\/www.storevan.com\/fr\/wp-json\/wp\/v2\/pages"}],"about":[{"href":"https:\/\/www.storevan.com\/fr\/wp-json\/wp\/v2\/types\/page"}],"author":[{"embeddable":true,"href":"https:\/\/www.storevan.com\/fr\/wp-json\/wp\/v2\/users\/470"}],"replies":[{"embeddable":true,"href":"https:\/\/www.storevan.com\/fr\/wp-json\/wp\/v2\/comments?post=26077"}],"version-history":[{"count":8,"href":"https:\/\/www.storevan.com\/fr\/wp-json\/wp\/v2\/pages\/26077\/revisions"}],"predecessor-version":[{"id":146711,"href":"https:\/\/www.storevan.com\/fr\/wp-json\/wp\/v2\/pages\/26077\/revisions\/146711"}],"up":[{"embeddable":true,"href":"https:\/\/www.storevan.com\/fr\/wp-json\/wp\/v2\/pages\/26075"}],"wp:attachment":[{"href":"https:\/\/www.storevan.com\/fr\/wp-json\/wp\/v2\/media?parent=26077"}],"curies":[{"name":"wp","href":"https:\/\/api.w.org\/{rel}","templated":true}]}}