{"id":26069,"date":"2015-12-09T09:42:40","date_gmt":"2015-12-09T08:42:40","guid":{"rendered":"https:\/\/www.storevan.com\/fr\/allestimenti-veicoli-commerciali\/"},"modified":"2018-11-09T08:24:50","modified_gmt":"2018-11-09T08:24:50","slug":"amenagement-vehicules-utilitaires","status":"publish","type":"page","link":"https:\/\/www.storevan.com\/fr\/amenagement-vehicules-utilitaires\/","title":{"rendered":"Am\u00e9nagement de v\u00e9hicule utilitaire"},"content":{"rendered":"<h1 class=\"customblackTitleSmall\">Am\u00e9nagement de v\u00e9hicule utilitaire<\/h1>\n<h2>Store Van r\u00e9alise depuis plus de dix ans, des am\u00e9nagements pour v\u00e9hicules utilitaires et fourgons professionnels.<\/h2>\n<p>Nos r\u00e9alisations sont bas\u00e9es non seulement sur l\u2019\u00e9tude du design\u00a0mais aussi et surtout sur la qualit\u00e9 des mat\u00e9riaux et sur l\u2019organisation des am\u00e9nagements. Elles garantissent un <strong>transport de marchandises s\u00fbr et ordonn\u00e9<\/strong> dans votre espace de chargement, gr\u00e2ce \u00e0 l\u2019optimisation des espaces, et sont con\u00e7ues pour durer dans le temps gr\u00e2ce \u00e0 leur r\u00e9sistance \u00e0 la corrosion nettement sup\u00e9rieure \u00e0 la moyenne.<\/p>\n<h3 class=\"customblackTitleExtraSmall\">Comme choisir l\u2019am\u00e9nagement de v\u00e9hicule utilitaire qui r\u00e9ponde \u00e0 vos exigences<\/h3>\n<p>Store Van\u00a0peut vous fournir un am\u00e9nagement\u00a0parfait de votre fourgon de ces marques et d\u2019autres encore:<\/p>\n<section class=\"clearfix\">\n<ul id=\"filters\" class=\"option-set clearfix unstyled listBrand\" data-option-key=\"filter\">\n<li><a title=\"Am\u00e9nagement v\u00e9hicule utilitaire Citroen\" href=\"https:\/\/www.storevan.com\/fr\/amenagement-vehicules-utilitaires\/fourgons-citroen\/\"><img decoding=\"async\" loading=\"lazy\" class=\"alignnone size-full wp-image-43683\" src=\"https:\/\/www.storevan.com\/wp-content\/uploads\/2017\/01\/HOME1-Allestimenti-CITROEN.png\" alt=\"Am\u00e9nagements de v\u00e9hicules utilitaires Citroen\" width=\"116\" height=\"105\" \/><\/a><\/li>\n<li><a title=\"Am\u00e9nagement de v\u00e9hicule utilitaire Dacia\" href=\"https:\/\/www.storevan.com\/fr\/amenagement-vehicules-utilitaires\/fourgons-dacia\/\"><img decoding=\"async\" loading=\"lazy\" class=\"alignnone size-full wp-image-43689\" src=\"https:\/\/www.storevan.com\/wp-content\/uploads\/2017\/01\/HOME2-Allestimenti-DACIA.png\" alt=\"Am\u00e9nagement de v\u00e9hicule utilitaire Dacia\" width=\"116\" height=\"105\" \/><\/a><\/li>\n<li><a title=\"Am\u00e9nagement v\u00e9hicule utilitaire Fiat\" href=\"https:\/\/www.storevan.com\/fr\/amenagement-vehicules-utilitaires\/fourgons-fiat\/\"><img decoding=\"async\" loading=\"lazy\" class=\"alignnone size-full wp-image-43695\" src=\"https:\/\/www.storevan.com\/wp-content\/uploads\/2017\/01\/HOME3-Allestimenti-FIAT.png\" alt=\"Am\u00e9nagement v\u00e9hicule utilitaire Fiat\" width=\"116\" height=\"105\" \/><\/a><\/li>\n<li><a title=\"Am\u00e9nagement de v\u00e9hicules utilitaires Ford\" href=\"https:\/\/www.storevan.com\/fr\/amenagement-vehicules-utilitaires\/fourgons-ford\/\"><img decoding=\"async\" loading=\"lazy\" class=\"alignnone size-full wp-image-43701\" src=\"https:\/\/www.storevan.com\/wp-content\/uploads\/2017\/01\/HOME4-Allestimenti-FORD.png\" alt=\"Am\u00e9nagement de v\u00e9hicules utilitaires Ford\" width=\"116\" height=\"105\" \/><\/a><\/li>\n<li><a title=\"Am\u00e9nagement de v\u00e9hicule utilitaire Hyundai\" href=\"https:\/\/www.storevan.com\/fr\/amenagement-vehicules-utilitaires\/fourgons-hyundai\/\"><img decoding=\"async\" loading=\"lazy\" class=\"alignnone size-full wp-image-43707\" src=\"https:\/\/www.storevan.com\/wp-content\/uploads\/2017\/01\/HOME5-Allestimenti-HYUNDAI.png\" alt=\"Am\u00e9nagement de v\u00e9hicule utilitaire Hyundai\" width=\"116\" height=\"105\" \/><\/a><\/li>\n<li><a title=\"AAm\u00e9nagement de v\u00e9hicules utilitaires Iveco\" href=\"https:\/\/www.storevan.com\/fr\/amenagement-vehicules-utilitaires\/fourgons-iveco\/\"><img decoding=\"async\" loading=\"lazy\" class=\"alignnone size-full wp-image-43713\" src=\"https:\/\/www.storevan.com\/wp-content\/uploads\/2017\/01\/HOME6-Allestimenti-IVECO.png\" alt=\"Am\u00e9nagement de v\u00e9hicules utilitaires Iveco\" width=\"116\" height=\"105\" \/><\/a><\/li>\n<li><a title=\"Am\u00e9nagement de v\u00e9hicule utilitaire MAN\" href=\"https:\/\/www.storevan.com\/fr\/amenagement-vehicules-utilitaires\/man\/\"><img decoding=\"async\" loading=\"lazy\" class=\"alignnone size-full wp-image-74411\" title=\"Am\u00e9nagement MAN\" src=\"https:\/\/www.storevan.com\/wp-content\/uploads\/2018\/06\/HOME14-Allestimenti-MAN.png\" alt=\"Am\u00e9nagement MAN\" width=\"116\" height=\"105\" \/><\/a><\/li>\n<li><a title=\"Am\u00e9nagement de v\u00e9hicule utilitaire Mercedes-Benz\" href=\"https:\/\/www.storevan.com\/fr\/amenagement-vehicules-utilitaires\/fourgons-mercedes-benz\/\"><img decoding=\"async\" loading=\"lazy\" class=\"alignnone size-full wp-image-43719\" src=\"https:\/\/www.storevan.com\/wp-content\/uploads\/2017\/01\/HOME7-Allestimenti-MERCEDES-BENZ.png\" alt=\"Am\u00e9nagement de v\u00e9hicule utilitaire Mercedes-Benz\" width=\"116\" height=\"105\" \/><\/a><\/li>\n<li><a title=\"Am\u00e9nagements de v\u00e9hicules utilitaires Nissan\" href=\"https:\/\/www.storevan.com\/fr\/amenagement-vehicules-utilitaires\/fourgons-nissan\/\"><img decoding=\"async\" loading=\"lazy\" class=\"alignnone size-full wp-image-43725\" src=\"https:\/\/www.storevan.com\/wp-content\/uploads\/2017\/01\/HOME8-Allestimenti-NISSAN.png\" alt=\"Am\u00e9nagements de v\u00e9hicules utilitaires Nissan\" width=\"116\" height=\"105\" \/><\/a><\/li>\n<li><a title=\"Am\u00e9nagement de v\u00e9hicule utilitaire Opel\" href=\"https:\/\/www.storevan.com\/fr\/amenagement-vehicules-utilitaires\/fourgons-opel\/\"><img decoding=\"async\" loading=\"lazy\" class=\"alignnone size-full wp-image-43731\" src=\"https:\/\/www.storevan.com\/wp-content\/uploads\/2017\/01\/HOME9-Allestimenti-OPEL.png\" alt=\"Am\u00e9nagement de v\u00e9hicule utilitaire Opel\" width=\"116\" height=\"105\" \/><\/a><\/li>\n<li><a title=\"Am\u00e9nagement v\u00e9hicule utilitaire Peugeot\" href=\"https:\/\/www.storevan.com\/fr\/amenagement-vehicules-utilitaires\/fourgons-peugeot\/\"><img decoding=\"async\" loading=\"lazy\" class=\"alignnone size-full wp-image-43737\" src=\"https:\/\/www.storevan.com\/wp-content\/uploads\/2017\/01\/HOME10-Allestimenti-PEUGEOT.png\" alt=\"Am\u00e9nagement v\u00e9hicule utilitaire Peugeot\" width=\"116\" height=\"105\" \/><\/a><\/li>\n<li><a title=\"Am\u00e9nagement v\u00e9hicule utilitaire Renault\" href=\"https:\/\/www.storevan.com\/fr\/amenagement-vehicules-utilitaires\/fourgons-renault\/\"><img decoding=\"async\" loading=\"lazy\" class=\"alignnone size-full wp-image-43743\" src=\"https:\/\/www.storevan.com\/wp-content\/uploads\/2017\/01\/HOME11-Allestimenti-RENAULT.png\" alt=\"Am\u00e9nagement v\u00e9hicule utilitaire Renault\" width=\"116\" height=\"105\" \/><\/a><\/li>\n<li><a title=\"Am\u00e9nagement de v\u00e9hicules utilitaires Toyota\" href=\"https:\/\/www.storevan.com\/fr\/amenagement-vehicules-utilitaires\/toyota\/\"><img decoding=\"async\" loading=\"lazy\" class=\"alignnone size-full wp-image-43749\" src=\"https:\/\/www.storevan.com\/wp-content\/uploads\/2017\/01\/HOME12-Allestimenti-TOYOTA.png\" alt=\"Am\u00e9nagement de v\u00e9hicules utilitaires Toyota\" width=\"116\" height=\"105\" \/><\/a><\/li>\n<li><a title=\"Am\u00e9nagement v\u00e9hicule utilitaire VOLKSWAGEN\" href=\"https:\/\/www.storevan.com\/fr\/amenagement-vehicules-utilitaires\/fourgons-volkswagen\/\"><img decoding=\"async\" loading=\"lazy\" class=\"alignnone size-full wp-image-43755\" src=\"https:\/\/www.storevan.com\/wp-content\/uploads\/2017\/01\/HOME13-Allestimenti-VOLKSWAGEN.png\" alt=\"Am\u00e9nagement v\u00e9hicule utilitaire VOLKSWAGEN\" width=\"116\" height=\"105\" \/><\/a><\/li>\n<\/ul>\n<\/section>\n<p>Avant toute conception d\u2019un am\u00e9nagement de fourgon, Store Van r\u00e9aliser un projet r\u00e9aliste en 3D comme\u00a0<a title=\"Mod\u00e9lisation 3D am\u00e9nagement fourgons\" href=\"https:\/\/www.storevan.com\/fr\/modelisation-3d-amenagement-fourgons\/\">celui-ci<\/a>, qui vous permet de choisir la solution d\u2019atelier mobile qui vous convient \u00e0 la perfection. <a title=\"Exemples d\u2019am\u00e9nagements de v\u00e9hicules utilitaires\" href=\"https:\/\/www.storevan.com\/fr\/amenagements-vehicule-utilitaire-gallery\/\">Visitez la\u00a0galerie<\/a> de photos si vous voulez voir quelques exemples d\u2019am\u00e9nagement Store Van!<\/p>\n<p>Avec Store Van, leader dans le secteur de l\u2019<strong>am\u00e9nagement de fourgons professionnels<\/strong>,\u00a0vous pourrez s\u00e9lectionner les composants de l\u2019am\u00e9nagement dans une <a href=\"https:\/\/www.storevan.com\/fr\/produits\/\" title=\"Produits Store Van\">vaste gamme de modules<\/a>:\u00a0rayonnages pour fourgons, planchers pour fourgons, mallettes pour petits composants et s\u00e9parateurs, mais aussi d\u2019autres produits comme la rampe de chargement, la galerie de toit, les planchers sur\u00e9lev\u00e9s et bien d\u2019autres accessoires pour transformer votre fourgon en v\u00e9ritable atelier mobile. Qu\u2019il s\u2019agisse de fourgons Fiat ou Ford n\u2019a pas d\u2019importance\u00a0: vous aurez un am\u00e9nagement sur mesure, y compris sur un fourgon d\u2019occasion.<\/p>\n<hr \/>\n<div class=\"col-xs-12 col-sm-12 col-md-6\">\n<div class=\"text-center\"><a class=\"btn btn-download\" href=\"tel:+390424585455\"><i class=\"fa fa-phone\"><\/i> <span class=\"spanBtn\">APPELEZ-NOUS<\/span><br \/>\npour toute information<\/a><\/div>\n<\/div>\n<div class=\"col-xs-12 col-sm-12 col-md-6\">\n<div class=\"text-center\"><a class=\"btn btn-download\" href=\"#formconttatto\"><i class=\"fa fa-envelope\"><\/i> <span class=\"spanBtn\">\u00c9CRIVEZ-NOUS<\/span><br \/>\nvous serez contact\u00e9s<\/a><\/div>\n<\/div>\n<div class=\"break\"><\/div>\n<hr \/>\n<h3 class=\"customblackTitleExtraSmall\">L\u2019am\u00e9nagement des v\u00e9hicules utilitaires est notre sp\u00e9cialit\u00e9<\/h3>\n<div class=\"two_third\">\nLes <strong>mati\u00e8res premi\u00e8res<\/strong> que nous utilisons et les <strong>technologies\u00a0ultra modernes<\/strong> que nous adoptons sont issues d\u2019un <strong>long travail de recherche et de d\u00e9veloppement constants<\/strong>, qui a d\u00e9but\u00e9 avec l\u2019usinage et la production de mobilier industriel en acier, aluminium et plastique, et a \u00e9t\u00e9 poursuivi par notre maison m\u00e8re Fami S.r.l.<\/p>\n<p>Store Van dispose d\u2019<strong>installations industrielles de derni\u00e8re g\u00e9n\u00e9ration et d\u2019applications technologiques d\u2019avant-garde<\/strong>, telles que la\u00a0peinture par immersion cathodique \u00e0 la r\u00e9sine acrylique\u00a0qui rend la production unique, en raison de sa haute qualit\u00e9 et d\u2019une optimisation des co\u00fbts.<\/p>\n<p>C\u2019est gr\u00e2ce \u00e0 notre <strong>professionnalisme<\/strong> et \u00e0 notre <strong>exp\u00e9rience<\/strong> que nous r\u00e9alisons chaque jour\u00a0des solutions diff\u00e9rentes, adapt\u00e9es \u00e0 toutes les exigences professionnelles, m\u00eame les plus sp\u00e9cifiques, comme l\u2019am\u00e9nagement de v\u00e9hicules utilitaires alimentaires, dont les rev\u00eatements int\u00e9rieurs pour la carrosserie et les syst\u00e8mes de fixation pour la s\u00e9curit\u00e9 de charge constituent des \u00e9l\u00e9ments prioritaires.<\/p>\n<p>Nos essais de collision t\u00e9moignent de toute l\u2019attention que nous accordons \u00e0 la s\u00e9curit\u00e9, de sorte que l\u2019am\u00e9nagement de votre fourgon ne puisse pas endommager l\u2019espace de chargement du v\u00e9hicule en cas d\u2019accident. <strong>Nos modules sont\u00a0certifi\u00e9s\u00a0<\/strong>et sont vendus en France, en Italie et\u00a0dans le\u00a0monde entier.<br \/>\n<a name=\"formconttatto\"><\/a><br \/>\nPour en savoir plus, n\u2019h\u00e9sitez pas \u00e0 nous contacter: nous vous expliquerons en d\u00e9tail comment sont r\u00e9alis\u00e9s les am\u00e9nagements Store Van.<br \/>\n<\/div><div class=\"one_third last\"><img decoding=\"async\" loading=\"lazy\" class=\"alignright size-full wp-image-78517\" src=\"https:\/\/www.storevan.com\/wp-content\/uploads\/2018\/07\/allestimento-furgoni-store-van.jpg\" alt=\"Am\u00e9nagement des v\u00e9hicules utilitaires Store Van\" width=\"667\" height=\"667\" srcset=\"https:\/\/www.storevan.com\/wp-content\/uploads\/2018\/07\/allestimento-furgoni-store-van.jpg 667w, https:\/\/www.storevan.com\/wp-content\/uploads\/2018\/07\/allestimento-furgoni-store-van-150x150.jpg 150w, https:\/\/www.storevan.com\/wp-content\/uploads\/2018\/07\/allestimento-furgoni-store-van-300x300.jpg 300w, https:\/\/www.storevan.com\/wp-content\/uploads\/2018\/07\/allestimento-furgoni-store-van-48x48.jpg 48w, https:\/\/www.storevan.com\/wp-content\/uploads\/2018\/07\/allestimento-furgoni-store-van-480x480.jpg 480w\" sizes=\"(max-width: 667px) 100vw, 667px\" \/><\/div><div class=\"clearboth\"><\/div>\n<hr \/>\n<h4 class=\"bigTxt text-center txtBkOrange\">VOULEZ-VOUS EN SAVOIR PLUS?<\/h4>\n\n<div class=\"wpcf7 no-js\" id=\"wpcf7-f67673-o1\" lang=\"it-IT\" dir=\"ltr\">\n<div class=\"screen-reader-response\"><p role=\"status\" aria-live=\"polite\" aria-atomic=\"true\"><\/p> <ul><\/ul><\/div>\n<form action=\"\/fr\/wp-json\/wp\/v2\/pages\/26069#wpcf7-f67673-o1\" method=\"post\" class=\"wpcf7-form init\" aria-label=\"Modulo di contatto\" novalidate=\"novalidate\" data-status=\"init\">\n<div style=\"display: none;\">\n<input type=\"hidden\" name=\"_wpcf7\" value=\"67673\" \/>\n<input type=\"hidden\" name=\"_wpcf7_version\" value=\"5.7.7\" \/>\n<input type=\"hidden\" name=\"_wpcf7_locale\" value=\"it_IT\" \/>\n<input type=\"hidden\" name=\"_wpcf7_unit_tag\" value=\"wpcf7-f67673-o1\" \/>\n<input type=\"hidden\" name=\"_wpcf7_container_post\" value=\"0\" \/>\n<input type=\"hidden\" name=\"_wpcf7_posted_data_hash\" value=\"\" \/>\n<input type=\"hidden\" name=\"_wpcf7_recaptcha_response\" value=\"\" \/>\n<\/div>\n<span class=\"wpcf7-form-control-wrap url\" data-name=\"url\"><input type=\"hidden\" name=\"url\" size=\"40\" class=\"wpcf7-form-control wpcf7-hidden wpcf7dtx wpcf7dtx-hidden\" aria-invalid=\"false\" value=\"amenagement-vehicules-utilitaires\" autocomplete=\"off\" \/><\/span>\n<p>Pour plus d'informations, remplissez les champs suivants. L'un de nos op\u00e9rateurs vous recontactera dans les plus brefs d\u00e9lais (* champs obligatoires):\n<\/p>\n<div class=\"col-xs-12 col-md-6\">\n\t<p><span class='titoli'>Pr\u00e9nom (*)<\/span>\n\t<\/p>\n\t<p><span class=\"wpcf7-form-control-wrap\" data-name=\"your-name\"><input size=\"40\" class=\"wpcf7-form-control wpcf7-text wpcf7-validates-as-required form-control\" aria-required=\"true\" aria-invalid=\"false\" value=\"\" type=\"text\" name=\"your-name\" \/><\/span>\n\t<\/p>\n<\/div>\n<div class=\"col-xs-12 col-md-6\">\n\t<p><span class='titoli'>Nom (*)<\/span>\n\t<\/p>\n\t<p><span class=\"wpcf7-form-control-wrap\" data-name=\"your-last-name\"><input size=\"40\" class=\"wpcf7-form-control wpcf7-text wpcf7-validates-as-required form-control\" aria-required=\"true\" aria-invalid=\"false\" value=\"\" type=\"text\" name=\"your-last-name\" \/><\/span>\n\t<\/p>\n<\/div>\n<div class=\"col-xs-12 col-md-6\">\n\t<p><span class='titoli'>Entreprise (*)<\/span>\n\t<\/p>\n\t<p><span class=\"wpcf7-form-control-wrap\" data-name=\"your-company\"><input size=\"40\" class=\"wpcf7-form-control wpcf7-text wpcf7-validates-as-required form-control\" aria-required=\"true\" aria-invalid=\"false\" value=\"\" type=\"text\" name=\"your-company\" \/><\/span>\n\t<\/p>\n<\/div>\n<div class=\"col-xs-12 col-md-6\">\n\t<p><span class='titoli'>TVA<\/span>\n\t<\/p>\n\t<p><span class=\"wpcf7-form-control-wrap\" data-name=\"p-iva\"><input size=\"40\" class=\"wpcf7-form-control wpcf7-text form-control\" aria-invalid=\"false\" value=\"\" type=\"text\" name=\"p-iva\" \/><\/span>\n\t<\/p>\n<\/div>\n<div class=\"clearboth\">\n<\/div>\n<div class=\"col-xs-12 col-md-4\">\n\t<p><span class='titoli'>Code Postal (*)<\/span>\n\t<\/p>\n\t<p><span class=\"wpcf7-form-control-wrap\" data-name=\"your-zip-code\"><input size=\"40\" class=\"wpcf7-form-control wpcf7-text wpcf7-validates-as-required form-control\" aria-required=\"true\" aria-invalid=\"false\" value=\"\" type=\"text\" name=\"your-zip-code\" \/><\/span>\n\t<\/p>\n<\/div>\n<div class=\"col-xs-12 col-md-4\">\n\t<p><span class='titoli'>Adresse (*)<\/span>\n\t<\/p>\n\t<p><span class=\"wpcf7-form-control-wrap\" data-name=\"your-address\"><input size=\"40\" class=\"wpcf7-form-control wpcf7-text wpcf7-validates-as-required form-control\" aria-required=\"true\" aria-invalid=\"false\" value=\"\" type=\"text\" name=\"your-address\" \/><\/span>\n\t<\/p>\n<\/div>\n<div class=\"col-xs-12 col-md-4\">\n\t<p><span class='titoli'>Ville (*)<\/span>\n\t<\/p>\n\t<p><span class=\"wpcf7-form-control-wrap\" data-name=\"your-Town\"><input size=\"40\" class=\"wpcf7-form-control wpcf7-text wpcf7-validates-as-required form-control\" aria-required=\"true\" aria-invalid=\"false\" value=\"\" type=\"text\" name=\"your-Town\" \/><\/span>\n\t<\/p>\n<\/div>\n<div class=\"clearboth\">\n<\/div>\n<div class=\"col-xs-12 col-md-6\">\n\t<p><span class='titoli'>email (*)<\/span>\n\t<\/p>\n\t<p><span class=\"wpcf7-form-control-wrap\" data-name=\"your-email\"><input size=\"40\" class=\"wpcf7-form-control wpcf7-text wpcf7-email wpcf7-validates-as-required wpcf7-validates-as-email form-control\" aria-required=\"true\" aria-invalid=\"false\" value=\"\" type=\"email\" name=\"your-email\" \/><\/span>\n\t<\/p>\n<\/div>\n<div class=\"col-xs-12 col-md-6\">\n\t<p><span class='titoli'>T\u00e9l\u00e9phone (*)<\/span>\n\t<\/p>\n\t<p><span class=\"wpcf7-form-control-wrap\" data-name=\"telefono\"><input size=\"40\" class=\"wpcf7-form-control wpcf7-text wpcf7-tel wpcf7-validates-as-required wpcf7-validates-as-tel form-control\" aria-required=\"true\" aria-invalid=\"false\" value=\"\" type=\"tel\" name=\"telefono\" \/><\/span>\n\t<\/p>\n<\/div>\n<div class=\"clearboth\">\n<\/div>\n<div class=\"col-xs-12 col-md-6\">\n\t<p><span class='titoli'>Objet <\/span>\n\t<\/p>\n\t<p><span class=\"wpcf7-form-control-wrap\" data-name=\"oggetto\"><select class=\"wpcf7-form-control wpcf7-select wpcf7-validates-as-required\" aria-required=\"true\" aria-invalid=\"false\" name=\"oggetto\"><option value=\"Citation\">Citation<\/option><option value=\"Information technique\">Information technique<\/option><option value=\"Rendez-vous\">Rendez-vous<\/option><\/select><\/span>\n\t<\/p>\n<\/div>\n<div class=\"col-xs-12 col-md-6\">\n\t<p><br \/>\n<span class=\"titoli\"> <span class=\"wpcf7-form-control-wrap\" data-name=\"cliente\"><span class=\"wpcf7-form-control wpcf7-checkbox\"><span class=\"wpcf7-list-item first last\"><label><span class=\"wpcf7-list-item-label\">Je suis d\u00e9j\u00e0 client<\/span><input type=\"checkbox\" name=\"cliente[]\" value=\"Je suis d\u00e9j\u00e0 client\" \/><\/label><\/span><\/span><\/span><\/span>\n\t<\/p>\n<\/div>\n<div class=\"col-xs-12 col-md-12\">\n\t<p><span class='titoli'>Message (*)<\/span>\n\t<\/p>\n\t<p><span class=\"wpcf7-form-control-wrap\" data-name=\"your-message\"><textarea cols=\"40\" rows=\"10\" class=\"wpcf7-form-control wpcf7-textarea wpcf7-validates-as-required form-control\" aria-required=\"true\" aria-invalid=\"false\" name=\"your-message\"><\/textarea><\/span>\n\t<\/p>\n<\/div>\n<div class=\"col-xs-12 col-md-12\">\n\t<p><small>Les donn\u00e9es saisies seront trait\u00e9es de mani\u00e8re strictement confidentielle conform\u00e9ment \u00e0 la loi et \u00e0 notre <a href=\"https:\/\/www.storevan.com\/fr\/privacy-policy\/\">politique de confidentialit\u00e9<\/a>.<\/small>\n\t<\/p>\n\t<p><span class=\"wpcf7-form-control-wrap\" data-name=\"AccettazionePrivacy\"><span class=\"wpcf7-form-control wpcf7-acceptance\"><span class=\"wpcf7-list-item\"><input type=\"checkbox\" name=\"AccettazionePrivacy\" value=\"1\" aria-invalid=\"false\" \/><\/span><\/span><\/span> Je d\u00e9clare avoir pris connaissance de la Note Informative sur les <a href=\"https:\/\/www.storevan.com\/fr\/privacy-policy\/\">Note Informative sur les Informations priv\u00e9es<\/a> et j\u2019autorise au traitement de mes donn\u00e9es personnelles en conformit\u00e9 avec ce qui y est \u00e9crit. (*)<br \/>\n\t<span class=\"wpcf7-form-control-wrap recaptcha\" data-name=\"recaptcha\"><span data-sitekey=\"6LdfM4AUAAAAAJjsAucux5WVNA3hsk5KP0a03T_n\" class=\"wpcf7-form-control g-recaptcha wpcf7-recaptcha\"><\/span>\r\n<noscript>\r\n\t<div class=\"grecaptcha-noscript\">\r\n\t\t<iframe src=\"https:\/\/www.google.com\/recaptcha\/api\/fallback?k=6LdfM4AUAAAAAJjsAucux5WVNA3hsk5KP0a03T_n\" frameborder=\"0\" scrolling=\"no\" width=\"310\" height=\"430\">\r\n\t\t<\/iframe>\r\n\t\t<textarea name=\"g-recaptcha-response\" rows=\"3\" cols=\"40\" placeholder=\"reCaptcha Response Here\">\r\n\t\t<\/textarea>\r\n\t<\/div>\r\n<\/noscript>\r\n<\/span>\n\t<\/p>\n<\/div>\n<hr class=\"noColor\" \/>\n<p><input class=\"wpcf7-form-control has-spinner wpcf7-submit\" type=\"submit\" value=\"Envoi\" \/>\n<\/p><div class=\"wpcf7-response-output\" aria-hidden=\"true\"><\/div>\n<\/form>\n<\/div>\n\n","protected":false},"excerpt":{"rendered":"<p>Am\u00e9nagement de v\u00e9hicule utilitaire Store Van r\u00e9alise depuis plus de dix ans, des am\u00e9nagements pour v\u00e9hicules utilitaires et fourgons professionnels. Nos r\u00e9alisations sont bas\u00e9es non seulement sur l\u2019\u00e9tude du design\u00a0mais.<\/p>\n","protected":false},"author":470,"featured_media":0,"parent":0,"menu_order":0,"comment_status":"closed","ping_status":"closed","template":"","meta":[],"acf":[],"yoast_head":"<!-- This site is optimized with the Yoast SEO plugin v20.11 - https:\/\/yoast.com\/wordpress\/plugins\/seo\/ -->\n<title>Am\u00e9nagement de v\u00e9hicule utilitaire \u00e0 votre mesure<\/title>\n<meta name=\"description\" content=\"Store Van r\u00e9alise de am\u00e9nagement de v\u00e9hicule utilitaire \u00e0 votre mesure et cr\u00e9e pour chacune de vos exigences un am\u00e9nagement sur mesure et certifi\u00e9.\" \/>\n<meta name=\"robots\" content=\"index, follow, max-snippet:-1, max-image-preview:large, max-video-preview:-1\" \/>\n<link rel=\"canonical\" href=\"https:\/\/www.storevan.com\/fr\/amenagement-vehicules-utilitaires\/\" \/>\n<meta property=\"og:locale\" content=\"fr_FR\" \/>\n<meta property=\"og:type\" content=\"article\" \/>\n<meta property=\"og:title\" content=\"Am\u00e9nagement de v\u00e9hicule utilitaire \u00e0 votre mesure\" \/>\n<meta property=\"og:description\" content=\"Store Van r\u00e9alise de am\u00e9nagement de v\u00e9hicule utilitaire \u00e0 votre mesure et cr\u00e9e pour chacune de vos exigences un am\u00e9nagement sur mesure et certifi\u00e9.\" \/>\n<meta property=\"og:url\" content=\"https:\/\/www.storevan.com\/fr\/amenagement-vehicules-utilitaires\/\" \/>\n<meta property=\"og:site_name\" content=\"Store Van\" \/>\n<meta property=\"article:modified_time\" content=\"2018-11-09T08:24:50+00:00\" \/>\n<meta property=\"og:image\" content=\"https:\/\/www.storevan.com\/wp-content\/uploads\/2017\/01\/HOME1-Allestimenti-CITROEN.png\" \/>\n<meta name=\"twitter:label1\" content=\"Dur\u00e9e de lecture estim\u00e9e\" \/>\n\t<meta name=\"twitter:data1\" content=\"3 minutes\" \/>\n<script type=\"application\/ld+json\" class=\"yoast-schema-graph\">{\"@context\":\"https:\/\/schema.org\",\"@graph\":[{\"@type\":\"WebPage\",\"@id\":\"https:\/\/www.storevan.com\/fr\/amenagement-vehicules-utilitaires\/\",\"url\":\"https:\/\/www.storevan.com\/fr\/amenagement-vehicules-utilitaires\/\",\"name\":\"Am\u00e9nagement de v\u00e9hicule utilitaire \u00e0 votre mesure\",\"isPartOf\":{\"@id\":\"https:\/\/www.storevan.com\/pl\/#website\"},\"datePublished\":\"2015-12-09T08:42:40+00:00\",\"dateModified\":\"2018-11-09T08:24:50+00:00\",\"description\":\"Store Van r\u00e9alise de am\u00e9nagement de v\u00e9hicule utilitaire \u00e0 votre mesure et cr\u00e9e pour chacune de vos exigences un am\u00e9nagement sur mesure et certifi\u00e9.\",\"breadcrumb\":{\"@id\":\"https:\/\/www.storevan.com\/fr\/amenagement-vehicules-utilitaires\/#breadcrumb\"},\"inLanguage\":\"fr-FR\",\"potentialAction\":[{\"@type\":\"ReadAction\",\"target\":[\"https:\/\/www.storevan.com\/fr\/amenagement-vehicules-utilitaires\/\"]}]},{\"@type\":\"BreadcrumbList\",\"@id\":\"https:\/\/www.storevan.com\/fr\/amenagement-vehicules-utilitaires\/#breadcrumb\",\"itemListElement\":[{\"@type\":\"ListItem\",\"position\":1,\"name\":\"Home\",\"item\":\"https:\/\/www.storevan.com\/fr\/\"},{\"@type\":\"ListItem\",\"position\":2,\"name\":\"Am\u00e9nagement de v\u00e9hicule utilitaire\"}]},{\"@type\":\"WebSite\",\"@id\":\"https:\/\/www.storevan.com\/pl\/#website\",\"url\":\"https:\/\/www.storevan.com\/pl\/\",\"name\":\"Store Van\",\"description\":\"Am\u00e9nagements fourgons\",\"potentialAction\":[{\"@type\":\"SearchAction\",\"target\":{\"@type\":\"EntryPoint\",\"urlTemplate\":\"https:\/\/www.storevan.com\/pl\/?s={search_term_string}\"},\"query-input\":\"required name=search_term_string\"}],\"inLanguage\":\"fr-FR\"}]}<\/script>\n<!-- \/ Yoast SEO plugin. -->","yoast_head_json":{"title":"Am\u00e9nagement de v\u00e9hicule utilitaire \u00e0 votre mesure","description":"Store Van r\u00e9alise de am\u00e9nagement de v\u00e9hicule utilitaire \u00e0 votre mesure et cr\u00e9e pour chacune de vos exigences un am\u00e9nagement sur mesure et certifi\u00e9.","robots":{"index":"index","follow":"follow","max-snippet":"max-snippet:-1","max-image-preview":"max-image-preview:large","max-video-preview":"max-video-preview:-1"},"canonical":"https:\/\/www.storevan.com\/fr\/amenagement-vehicules-utilitaires\/","og_locale":"fr_FR","og_type":"article","og_title":"Am\u00e9nagement de v\u00e9hicule utilitaire \u00e0 votre mesure","og_description":"Store Van r\u00e9alise de am\u00e9nagement de v\u00e9hicule utilitaire \u00e0 votre mesure et cr\u00e9e pour chacune de vos exigences un am\u00e9nagement sur mesure et certifi\u00e9.","og_url":"https:\/\/www.storevan.com\/fr\/amenagement-vehicules-utilitaires\/","og_site_name":"Store Van","article_modified_time":"2018-11-09T08:24:50+00:00","og_image":[{"url":"https:\/\/www.storevan.com\/wp-content\/uploads\/2017\/01\/HOME1-Allestimenti-CITROEN.png"}],"twitter_misc":{"Dur\u00e9e de lecture estim\u00e9e":"3 minutes"},"schema":{"@context":"https:\/\/schema.org","@graph":[{"@type":"WebPage","@id":"https:\/\/www.storevan.com\/fr\/amenagement-vehicules-utilitaires\/","url":"https:\/\/www.storevan.com\/fr\/amenagement-vehicules-utilitaires\/","name":"Am\u00e9nagement de v\u00e9hicule utilitaire \u00e0 votre mesure","isPartOf":{"@id":"https:\/\/www.storevan.com\/pl\/#website"},"datePublished":"2015-12-09T08:42:40+00:00","dateModified":"2018-11-09T08:24:50+00:00","description":"Store Van r\u00e9alise de am\u00e9nagement de v\u00e9hicule utilitaire \u00e0 votre mesure et cr\u00e9e pour chacune de vos exigences un am\u00e9nagement sur mesure et certifi\u00e9.","breadcrumb":{"@id":"https:\/\/www.storevan.com\/fr\/amenagement-vehicules-utilitaires\/#breadcrumb"},"inLanguage":"fr-FR","potentialAction":[{"@type":"ReadAction","target":["https:\/\/www.storevan.com\/fr\/amenagement-vehicules-utilitaires\/"]}]},{"@type":"BreadcrumbList","@id":"https:\/\/www.storevan.com\/fr\/amenagement-vehicules-utilitaires\/#breadcrumb","itemListElement":[{"@type":"ListItem","position":1,"name":"Home","item":"https:\/\/www.storevan.com\/fr\/"},{"@type":"ListItem","position":2,"name":"Am\u00e9nagement de v\u00e9hicule utilitaire"}]},{"@type":"WebSite","@id":"https:\/\/www.storevan.com\/pl\/#website","url":"https:\/\/www.storevan.com\/pl\/","name":"Store Van","description":"Am\u00e9nagements fourgons","potentialAction":[{"@type":"SearchAction","target":{"@type":"EntryPoint","urlTemplate":"https:\/\/www.storevan.com\/pl\/?s={search_term_string}"},"query-input":"required name=search_term_string"}],"inLanguage":"fr-FR"}]}},"_links":{"self":[{"href":"https:\/\/www.storevan.com\/fr\/wp-json\/wp\/v2\/pages\/26069"}],"collection":[{"href":"https:\/\/www.storevan.com\/fr\/wp-json\/wp\/v2\/pages"}],"about":[{"href":"https:\/\/www.storevan.com\/fr\/wp-json\/wp\/v2\/types\/page"}],"author":[{"embeddable":true,"href":"https:\/\/www.storevan.com\/fr\/wp-json\/wp\/v2\/users\/470"}],"replies":[{"embeddable":true,"href":"https:\/\/www.storevan.com\/fr\/wp-json\/wp\/v2\/comments?post=26069"}],"version-history":[{"count":6,"href":"https:\/\/www.storevan.com\/fr\/wp-json\/wp\/v2\/pages\/26069\/revisions"}],"predecessor-version":[{"id":94425,"href":"https:\/\/www.storevan.com\/fr\/wp-json\/wp\/v2\/pages\/26069\/revisions\/94425"}],"wp:attachment":[{"href":"https:\/\/www.storevan.com\/fr\/wp-json\/wp\/v2\/media?parent=26069"}],"curies":[{"name":"wp","href":"https:\/\/api.w.org\/{rel}","templated":true}]}}