{"id":26067,"date":"2015-12-09T15:18:28","date_gmt":"2015-12-09T14:18:28","guid":{"rendered":"https:\/\/www.storevan.com\/fr\/furgoni-fiat\/ducato\/"},"modified":"2021-06-09T12:26:23","modified_gmt":"2021-06-09T12:26:23","slug":"ducato","status":"publish","type":"page","link":"https:\/\/www.storevan.com\/fr\/amenagement-vehicules-utilitaires\/fourgons-fiat\/ducato\/","title":{"rendered":"Ducato"},"content":{"rendered":"<h1 class=\"customblackTitleSmall\">Am\u00e9nagement de fourgons Fiat Ducato<\/h1>\n<h2>Solutions d&rsquo;am\u00e9nagement Ducato avec planchers, rev\u00eatements int\u00e9rieurs et rayonnages pour une s\u00e9curisation totale du chargement<\/h2>\n<p>LLes solutions d&rsquo;am\u00e9nagement pour fourgons Fiat Ducato de Store Van sont id\u00e9ales pour pr\u00e9server de l&rsquo;usure et de la rouille la carrosserie de l&rsquo;espace de chargement et pour rationaliser l&rsquo;espace avec des syst\u00e8mes de stockage, tels que des rayonnages pour fourgons et des blocs-tiroirs, pour le mat\u00e9riel et les outillages utilis\u00e9s au quotidien ou occasionnellement, en particulier les \u00e9quipements de grande taille.<\/p>\n<h3 class=\"customblackTitleExtraSmall\">SOLUTIONS D\u2019AM\u00c9NAGEMENT:<\/h3>\n<section id=\"imgSlide\" class=\"regular sliderSV\">\n<div>\n<div class=\"txtBlue\">SAFETY<\/div>\n<div class=\"ts-gallery\"><a title=\"Am\u00e9nagements int\u00e9rieurs Safety pour fourgon Ducato\" href=\"https:\/\/www.storevan.com\/wp-content\/uploads\/2018\/02\/safety-1-300x280.jpg\"><img decoding=\"async\" loading=\"lazy\" class=\"alignnone wp-image-62778 size-medium\" src=\"https:\/\/www.storevan.com\/wp-content\/uploads\/2018\/02\/safety-1-300x280.jpg\" alt=\"Safety, l'am\u00e9nagement pour fourgons Fiat Ducato\" width=\"300\" height=\"280\" srcset=\"https:\/\/www.storevan.com\/wp-content\/uploads\/2018\/02\/safety-1-300x280.jpg 300w, https:\/\/www.storevan.com\/wp-content\/uploads\/2018\/02\/safety-1-600x560.jpg 600w, https:\/\/www.storevan.com\/wp-content\/uploads\/2018\/02\/safety-1.jpg 750w\" sizes=\"(max-width: 300px) 100vw, 300px\" \/><\/a><\/div>\n<h3 class=\"bigTxt\">Rayonnages avec arrimage des charges de s\u00e9rie<\/h3>\n<div class=\"borderTitle\"><\/div>\n<p>Exemples d&rsquo;am\u00e9nagements: <\/p>\n<p><a title=\"Am\u00e9nagements int\u00e9rieurs Safety L1 H1 \/ CH1\" href=\"https:\/\/www.storevan.com\/fr\/amenagements-fourgon\/ducato-l1h1ch1-s\/\"><strong>L1 H1 \/ CH1<\/strong> (Empattement\u00a03000 mm)<\/a><br \/>\n<a title=\"Am\u00e9nagements int\u00e9rieurs Safetyy L2 H1 \/ MH1\" href=\"https:\/\/www.storevan.com\/fr\/amenagements-fourgon\/ducato-l2h1mh1-s\/\"><strong>L2 H1 \/ MH1<\/strong> (Empattement 3450 mm)<\/a><br \/>\n<a title=\"Am\u00e9nagements int\u00e9rieurs Safety L2 H2 \/ MH2\" href=\"https:\/\/www.storevan.com\/fr\/amenagements-fourgon\/ducato-l2h2mh2-s\/\"><strong>L2 H2 \/ MH2<\/strong> (Empattement 3450 mm)<\/a><br \/>\n<a title=\"Am\u00e9nagements int\u00e9rieurs Safety L4 H2 \/ LH2\" href=\"https:\/\/www.storevan.com\/fr\/amenagements-fourgon\/ducato-l4h2lh2-s\/\"><strong>L4 H2 \/ LH2<\/strong> (Empattement 4035 mm)<\/a><\/p>\n<\/div>\n<div>\n<div class=\"txtBlue\">PROFESSIONAL<\/div>\n<div class=\"ts-gallery\"><a title=\"Am\u00e9nagements int\u00e9rieurs Professional pour fourgon Ducato\" href=\"https:\/\/www.storevan.com\/wp-content\/uploads\/2018\/02\/professional-1-300x280.jpg\"><img decoding=\"async\" loading=\"lazy\" class=\"alignnone wp-image-62784 size-medium\" src=\"https:\/\/www.storevan.com\/wp-content\/uploads\/2018\/02\/professional-1-300x280.jpg\" alt=\"Professional, l'am\u00e9nagement pour fourgons Fiat Ducato\" width=\"300\" height=\"280\" srcset=\"https:\/\/www.storevan.com\/wp-content\/uploads\/2018\/02\/professional-1-300x280.jpg 300w, https:\/\/www.storevan.com\/wp-content\/uploads\/2018\/02\/professional-1-600x560.jpg 600w, https:\/\/www.storevan.com\/wp-content\/uploads\/2018\/02\/professional-1.jpg 750w\" sizes=\"(max-width: 300px) 100vw, 300px\" \/><\/a><\/div>\n<h3 class=\"bigTxt\">Rayonnages avec syst\u00e8mes de maintien Airline suppl\u00e9mentaires<\/h3>\n<div class=\"borderTitle\"><\/div>\n<p>Exemples d&rsquo;am\u00e9nagements: <\/p>\n<p><a title=\"Am\u00e9nagement pour Ducato L1 H1 \/ CH1 Professional\" href=\"https:\/\/www.storevan.com\/fr\/amenagements-fourgon\/ducato-l1h1ch1-p\/\"><strong>L1 H1 \/ CH1<\/strong> (Empattement 3000 mm)<\/a><br \/>\n<a title=\"Am\u00e9nagement pour Ducato L2 H1 \/ MH1 Professional\" href=\"https:\/\/www.storevan.com\/fr\/amenagements-fourgon\/ducato-l2h1mh1-p\/\"><strong>L2 H1 \/ MH1<\/strong> (Empattement 3450 mm)<\/a><br \/>\n<a title=\"Am\u00e9nagement pour Ducato L2 H2 \/ MH2 Professional\" href=\"https:\/\/www.storevan.com\/fr\/amenagements-fourgon\/ducato-l2h2mh2-p\/\"><strong>L2 H2 \/ MH2<\/strong> (Empattement 3450 mm)<\/a><br \/>\n<a title=\"Am\u00e9nagement pour Ducato L4 H2 \/ LH2 Professional\" href=\"https:\/\/www.storevan.com\/fr\/amenagements-fourgon\/ducato-l4h2lh2-p\/\"><strong>L4 H2 \/ LH2<\/strong> (Empattement 4035 mm)<\/a><br \/>\n<a title=\"Am\u00e9nagement pour Ducato L5 H2 \/ XLH2 Professional\" href=\"https:\/\/www.storevan.com\/fr\/amenagements-fourgon\/ducato-l5h2xlh2-p\/\"><strong>L5 H2 \/ XLH2<\/strong> (Empattement 4035 mm)<\/a><\/p>\n<\/div>\n<div>\n<div class=\"txtBlue\">MOBILE<\/div>\n<div id=\"myGallery\" class=\"ts-gallery\"><a title=\"Am\u00e9nagements int\u00e9rieurs Mobile pour fourgon Ducato\" href=\"https:\/\/www.storevan.com\/wp-content\/uploads\/2018\/02\/mobile-1-300x280.jpg\"><img decoding=\"async\" loading=\"lazy\" class=\"alignnone wp-image-62790 size-medium\" src=\"https:\/\/www.storevan.com\/wp-content\/uploads\/2018\/02\/mobile-1-300x280.jpg\" alt=\"Mobile, l'am\u00e9nagement pour fourgons Fiat Ducato\" width=\"300\" height=\"280\" srcset=\"https:\/\/www.storevan.com\/wp-content\/uploads\/2018\/02\/mobile-1-300x280.jpg 300w, https:\/\/www.storevan.com\/wp-content\/uploads\/2018\/02\/mobile-1-600x560.jpg 600w, https:\/\/www.storevan.com\/wp-content\/uploads\/2018\/02\/mobile-1.jpg 750w\" sizes=\"(max-width: 300px) 100vw, 300px\" \/><\/a><\/div>\n<h3 class=\"bigTxt\">Am\u00e9nagement compl\u00e9t\u00e9 avec des mallettes pour petites pi\u00e8ces et des chariots<\/h3>\n<div class=\"borderTitle\"><\/div>\n<p>Exemples d&rsquo;am\u00e9nagements: <\/p>\n<p><a title=\"Am\u00e9nagements Mobile Ducato L1 H1 \/ CH1\" href=\"https:\/\/www.storevan.com\/fr\/amenagements-fourgon\/ducato-l1h1ch1-m\/\"><strong>L1 H1 \/ CH1<\/strong> (Empattement 3000 mm)<\/a><br \/>\n<a title=\"Am\u00e9nagement Mobile Ducato L2 H1 \/ MH1\" href=\"https:\/\/www.storevan.com\/fr\/amenagements-fourgon\/ducato-l2h1mh1-m\/\"><strong>L2 H1 \/ MH1<\/strong> (Empattement 3450 mm)<\/a><br \/>\n<a title=\"Am\u00e9nagements Mobile Ducato L2 H2 \/ MH2\" href=\"https:\/\/www.storevan.com\/fr\/amenagements-fourgon\/ducato-l2h2mh2-m\/\"><strong>L2 H2 \/ MH2<\/strong> (Empattement 3450 mm)<\/a><br \/>\n<a title=\"Am\u00e9nagement Mobile Ducato L4 H2 \/ LH2\" href=\"https:\/\/www.storevan.com\/fr\/amenagements-fourgon\/ducato-l4h2lh2-m\/\"><strong>L4 H2 \/ LH2<\/strong> (Empattement 4035 mm)<\/a><br \/>\n<a title=\"Am\u00e9nagements Mobile Ducato L5 H2 \/ XLH2\" href=\"https:\/\/www.storevan.com\/fr\/amenagements-fourgon\/ducato-l5h2xlh2-m\/\"><strong>L5 H2 \/ XLH2<\/strong> (Empattement 4035 mm)<\/a><\/p>\n<\/div>\n<div>\n<div class=\"txtBlue\">LIGHT SHELF<\/div>\n<div id=\"myGallery\" class=\"ts-gallery\"><a title=\"Am\u00e9nagements int\u00e9rieurs Light Shelf pour fourgon Ducato\" href=\"https:\/\/www.storevan.com\/wp-content\/uploads\/2019\/05\/lightshelf-1.jpg\"><img decoding=\"async\" loading=\"lazy\" src=\"https:\/\/www.storevan.com\/wp-content\/uploads\/2019\/05\/lightshelf-1-300x280.jpg\" alt=\"Am\u00e9nagements int\u00e9rieurs Light Shelf pour fourgon Fiat Ducato\" width=\"300\" height=\"280\" class=\"alignnone size-medium wp-image-103355\" srcset=\"https:\/\/www.storevan.com\/wp-content\/uploads\/2019\/05\/lightshelf-1-300x280.jpg 300w, https:\/\/www.storevan.com\/wp-content\/uploads\/2019\/05\/lightshelf-1.jpg 750w\" sizes=\"(max-width: 300px) 100vw, 300px\" \/><\/a><\/div>\n<h3 class=\"bigTxt\">\u00c9tag\u00e8res pliables<\/h3>\n<div class=\"borderTitle\"><\/div>\n<p>Exemples d&rsquo;am\u00e9nagements: <\/p>\n<p><a title=\"Am\u00e9nagements Light Shelf L2 H2 \/ MH2\" href=\"https:\/\/www.storevan.com\/fr\/amenagements-fourgon\/ducato-l2h2mh2-l\/\"><strong>L2 H2 \/ MH2<\/strong> (Empattement 3450 mm)<\/a><br \/>\n<a title=\"Am\u00e9nagements Light Shelf L4 H2 \/ LH2\" href=\"https:\/\/www.storevan.com\/fr\/amenagements-fourgon\/ducato-l4h2lh2-l\/\"><strong>L4 H2 \/ LH2<\/strong> (Empattement 4035 mm)<\/a><br \/>\n<a title=\"Am\u00e9nagements Light Shelf L5 H2 \/ XLH2\" href=\"https:\/\/www.storevan.com\/fr\/amenagements-fourgon\/ducato-l5h2xlh2-l\/\"><strong>L5 H2 \/ XLH2<\/strong> (Empattement 4035 mm)<\/a><\/p>\n<\/div>\n<\/section>\n<hr class=\"noColor\" \/>\n<p><a class=\"btn btnLink\" title=\"Solutions d'am\u00e9nagement pour fourgons Safety, Professional et Mobile\" href=\"https:\/\/www.storevan.com\/fr\/amenagements-interieurs-fourgons\/\"> Cliquer ici pour en savoir plus sur les solutions <strong>SAFETY, PROFESSIONAL et MOBILE<\/strong><\/a><\/p>\n<hr class=\"noColor\" \/>\n<h3 class=\"bigTxt text-center txtGrey\">LA BASE POUR UNE PROTECTION S\u00dbRE DES V\u00c9HICULES<\/h3>\n<hr class=\"noColor\" \/>\n<div class=\"two_third\">\n<a title=\"Rev\u00eatement int\u00e9rieur et plancher pour Fiat Ducato\" href=\"https:\/\/www.storevan.com\/fr\/amenagement-vehicules-utilitaires\/fourgons-fiat\/ducato\/planchers-habillages\/\"><img decoding=\"async\" loading=\"lazy\" class=\"aligncenter size-full wp-image-64855\" src=\"https:\/\/www.storevan.com\/wp-content\/uploads\/2018\/03\/pianali-furgone-rivestimento-interno.jpg\" alt=\"Rev\u00eatement int\u00e9rieur et plancher pour Fiat Ducato\" width=\"750\" height=\"600\" srcset=\"https:\/\/www.storevan.com\/wp-content\/uploads\/2018\/03\/pianali-furgone-rivestimento-interno.jpg 750w, https:\/\/www.storevan.com\/wp-content\/uploads\/2018\/03\/pianali-furgone-rivestimento-interno-300x240.jpg 300w, https:\/\/www.storevan.com\/wp-content\/uploads\/2018\/03\/pianali-furgone-rivestimento-interno-600x480.jpg 600w\" sizes=\"(max-width: 750px) 100vw, 750px\" \/><\/a><\/p>\n<\/div><div class=\"one_third last\">\n<div class=\"boxBorder\">\n<h4 class=\"bigTxt blue hidden-xs\">PLANCHER DUCATO ET REV\u00caTEMENT INT\u00c9RIEUR<\/h4>\n<div class=\"borderTitleCenter hidden-xs\"><\/div>\n<h5 class=\"hidden-xs\">Solutions certifi\u00e9 par T\u00dcV.<img decoding=\"async\" loading=\"lazy\" class=\"alignnone size-full wp-image-67766\" src=\"https:\/\/www.storevan.com\/wp-content\/uploads\/2018\/05\/logo-ISO9001.jpg\" alt=\"certifi\u00e9 par T\u00dcV\" width=\"50\" height=\"50\" srcset=\"https:\/\/www.storevan.com\/wp-content\/uploads\/2018\/05\/logo-ISO9001.jpg 120w, https:\/\/www.storevan.com\/wp-content\/uploads\/2018\/05\/logo-ISO9001-48x48.jpg 48w\" sizes=\"(max-width: 50px) 100vw, 50px\" \/><\/h5>\n<div class=\"borderTitleCenter hidden-xs\"><\/div>\n<hr class=\"noColor hidden-xs\" \/>\n<div class=\"ts-gallery hidden-xs\"><div class=\"one_half\">\n<a href=\"https:\/\/www.storevan.com\/wp-content\/uploads\/2018\/03\/Dettaglio-pianale-per-furgone-con-punti-ancoraggio-verticali-e-orizzontali-150x150.jpg\"><img decoding=\"async\" loading=\"lazy\" class=\"alignnone wp-image-64377 size-thumbnail\" title=\"planchers et habillages\" src=\"https:\/\/www.storevan.com\/wp-content\/uploads\/2018\/03\/Dettaglio-pianale-per-furgone-con-punti-ancoraggio-verticali-e-orizzontali-150x150.jpg\" alt=\"planchers et habillages\" width=\"150\" height=\"150\" srcset=\"https:\/\/www.storevan.com\/wp-content\/uploads\/2018\/03\/Dettaglio-pianale-per-furgone-con-punti-ancoraggio-verticali-e-orizzontali-150x150.jpg 150w, https:\/\/www.storevan.com\/wp-content\/uploads\/2018\/03\/Dettaglio-pianale-per-furgone-con-punti-ancoraggio-verticali-e-orizzontali-300x300.jpg 300w, https:\/\/www.storevan.com\/wp-content\/uploads\/2018\/03\/Dettaglio-pianale-per-furgone-con-punti-ancoraggio-verticali-e-orizzontali-768x768.jpg 768w, https:\/\/www.storevan.com\/wp-content\/uploads\/2018\/03\/Dettaglio-pianale-per-furgone-con-punti-ancoraggio-verticali-e-orizzontali-600x600.jpg 600w, https:\/\/www.storevan.com\/wp-content\/uploads\/2018\/03\/Dettaglio-pianale-per-furgone-con-punti-ancoraggio-verticali-e-orizzontali-48x48.jpg 48w, https:\/\/www.storevan.com\/wp-content\/uploads\/2018\/03\/Dettaglio-pianale-per-furgone-con-punti-ancoraggio-verticali-e-orizzontali-480x480.jpg 480w, https:\/\/www.storevan.com\/wp-content\/uploads\/2018\/03\/Dettaglio-pianale-per-furgone-con-punti-ancoraggio-verticali-e-orizzontali.jpg 800w\" sizes=\"(max-width: 150px) 100vw, 150px\" \/><\/a><br \/>\n<\/div><div class=\"one_half last\">\n<a href=\"https:\/\/www.storevan.com\/wp-content\/uploads\/2018\/03\/allestimento-per-furgone-con-pianale-wood-floor-150x150.jpg\"><img decoding=\"async\" loading=\"lazy\" class=\"alignnone wp-image-64446 size-thumbnail\" title=\"planchers et habillages\" src=\"https:\/\/www.storevan.com\/wp-content\/uploads\/2018\/03\/allestimento-per-furgone-con-pianale-wood-floor-150x150.jpg\" alt=\"Planchers et habillages\" width=\"150\" height=\"150\" srcset=\"https:\/\/www.storevan.com\/wp-content\/uploads\/2018\/03\/allestimento-per-furgone-con-pianale-wood-floor-150x150.jpg 150w, https:\/\/www.storevan.com\/wp-content\/uploads\/2018\/03\/allestimento-per-furgone-con-pianale-wood-floor-300x300.jpg 300w, https:\/\/www.storevan.com\/wp-content\/uploads\/2018\/03\/allestimento-per-furgone-con-pianale-wood-floor-768x768.jpg 768w, https:\/\/www.storevan.com\/wp-content\/uploads\/2018\/03\/allestimento-per-furgone-con-pianale-wood-floor-600x600.jpg 600w, https:\/\/www.storevan.com\/wp-content\/uploads\/2018\/03\/allestimento-per-furgone-con-pianale-wood-floor-48x48.jpg 48w, https:\/\/www.storevan.com\/wp-content\/uploads\/2018\/03\/allestimento-per-furgone-con-pianale-wood-floor-480x480.jpg 480w, https:\/\/www.storevan.com\/wp-content\/uploads\/2018\/03\/allestimento-per-furgone-con-pianale-wood-floor.jpg 800w\" sizes=\"(max-width: 150px) 100vw, 150px\" \/><\/a><br \/>\n<\/div><div class=\"clearboth\"><\/div><\/div>\n<div class=\"ts-gallery hidden-xs\"><div class=\"one_half\">\n<a href=\"https:\/\/www.storevan.com\/wp-content\/uploads\/2018\/03\/guide-airline-soffitto-furgone-150x150.jpg\"><img decoding=\"async\" loading=\"lazy\" class=\"alignnone wp-image-64389 size-thumbnail\" title=\"planchers Safety Floor\" src=\"https:\/\/www.storevan.com\/wp-content\/uploads\/2018\/03\/guide-airline-soffitto-furgone-150x150.jpg\" alt=\"planchers Safety Floor\" width=\"150\" height=\"150\" srcset=\"https:\/\/www.storevan.com\/wp-content\/uploads\/2018\/03\/guide-airline-soffitto-furgone-150x150.jpg 150w, https:\/\/www.storevan.com\/wp-content\/uploads\/2018\/03\/guide-airline-soffitto-furgone-300x300.jpg 300w, https:\/\/www.storevan.com\/wp-content\/uploads\/2018\/03\/guide-airline-soffitto-furgone-768x768.jpg 768w, https:\/\/www.storevan.com\/wp-content\/uploads\/2018\/03\/guide-airline-soffitto-furgone-600x600.jpg 600w, https:\/\/www.storevan.com\/wp-content\/uploads\/2018\/03\/guide-airline-soffitto-furgone-48x48.jpg 48w, https:\/\/www.storevan.com\/wp-content\/uploads\/2018\/03\/guide-airline-soffitto-furgone-480x480.jpg 480w, https:\/\/www.storevan.com\/wp-content\/uploads\/2018\/03\/guide-airline-soffitto-furgone.jpg 800w\" sizes=\"(max-width: 150px) 100vw, 150px\" \/><\/a><br \/>\n<\/div><div class=\"one_half last\">\n<a href=\"https:\/\/www.storevan.com\/wp-content\/uploads\/2018\/03\/pianale-per-furgone-con-barre-fermacarico-150x150.jpg\"><img decoding=\"async\" loading=\"lazy\" class=\"alignnone wp-image-64413 size-thumbnail\" title=\"planchers et habillages\" src=\"https:\/\/www.storevan.com\/wp-content\/uploads\/2018\/03\/pianale-per-furgone-con-barre-fermacarico-150x150.jpg\" alt=\"planchers et habillages\" width=\"150\" height=\"150\" srcset=\"https:\/\/www.storevan.com\/wp-content\/uploads\/2018\/03\/pianale-per-furgone-con-barre-fermacarico-150x150.jpg 150w, https:\/\/www.storevan.com\/wp-content\/uploads\/2018\/03\/pianale-per-furgone-con-barre-fermacarico-300x300.jpg 300w, https:\/\/www.storevan.com\/wp-content\/uploads\/2018\/03\/pianale-per-furgone-con-barre-fermacarico-768x768.jpg 768w, https:\/\/www.storevan.com\/wp-content\/uploads\/2018\/03\/pianale-per-furgone-con-barre-fermacarico-600x600.jpg 600w, https:\/\/www.storevan.com\/wp-content\/uploads\/2018\/03\/pianale-per-furgone-con-barre-fermacarico-48x48.jpg 48w, https:\/\/www.storevan.com\/wp-content\/uploads\/2018\/03\/pianale-per-furgone-con-barre-fermacarico-480x480.jpg 480w, https:\/\/www.storevan.com\/wp-content\/uploads\/2018\/03\/pianale-per-furgone-con-barre-fermacarico.jpg 800w\" sizes=\"(max-width: 150px) 100vw, 150px\" \/><\/a><br \/>\n<\/div><div class=\"clearboth\"><\/div><\/div>\n<div class=\"btnFullWidth\"><a class=\"btn btn-blue\" href=\"https:\/\/www.storevan.com\/fr\/amenagement-vehicules-utilitaires\/fourgons-fiat\/ducato\/planchers-habillages\/\">PLANCHERS ET HABILLAGES POUR DUCATO <i class=\"fa fa-angle-double-right\"><\/i><\/a><\/div>\n<\/div>\n<\/div><div class=\"clearboth\"><\/div>\n<p>Les rev\u00eatements int\u00e9rieurs et les planchers pour Fiat Ducato sont utiles \u00e0 la fois comme <strong>protection pour la carrosserie<\/strong> et comme base pour la fixation de l\u2019am\u00e9nagement. De plus, avec les planchers Store Van, il est possible d&rsquo;assurer le <strong>transport en toute s\u00e9curit\u00e9<\/strong> des marchandises fragiles et encombrantes gr\u00e2ce \u00e0 un syst\u00e8me de solides barres d&rsquo;arrimage des charges et de sangles d&rsquo;arrimage.<\/p>\n<p>En int\u00e9grant \u00e0 l&rsquo;am\u00e9nagement les rails \u00ab\u00a0Airline\u00a0\u00bb au niveau du fourgon ou des panneaux lat\u00e9raux du v\u00e9hicule, il est possible de cr\u00e9er des syst\u00e8mes complets d&rsquo;<strong>arrimage horizontal et vertical<\/strong>. Cette solution permet d&rsquo;arrimer la marchandise de mani\u00e8re flexible et s\u00fbre en conformit\u00e9 avec la <strong>directive 2014\/47\/UE<\/strong> pour les standards de qualit\u00e9 les plus \u00e9lev\u00e9s.<\/p>\n<h4>LES AVANTAGES<\/h4>\n<ul class=\"arrow\">\n<li>protection de la carrosserie<\/li>\n<li>transport de la marchandise en toute s\u00e9curit\u00e9<\/li>\n<li>conformit\u00e9 \u00e0 la directive 2014\/47\/UE<\/li>\n<\/ul>\n<h3 class=\"bigTxt text-center txtGrey\">COMPL\u00c9TEZ L\u2019AM\u00c9NAGEMENT POUR DUCATO AVEC:<\/h3>\n<div class=\"one_half\">\n<img decoding=\"async\" loading=\"lazy\" class=\"aligncenter wp-image-66329 size-full\" src=\"https:\/\/www.storevan.com\/wp-content\/uploads\/2021\/06\/portatutto-portascala-space-up.jpg\" alt=\"Support multifonction et porte-\u00e9chelles pour Fiat Ducato\" width=\"745\" height=\"200\" \/><\/p>\n<\/div><div class=\"one_half last\">\n<h4 class=\"bigTxt blue\">SUPPORT MULTIFONCTION ET PORTE-\u00c9CHELLES POUR DUCATO<\/h4>\n<div class=\"borderTitle\"><\/div>\n<p>Extr\u00eamement personnalisable, l\u2019am\u00e9nagement s&rsquo;adapte \u00e0 toutes les exigences\u00a0de transport de marchandises\u00a0; quand l&rsquo;espace int\u00e9rieur est insuffisant, il est ainsi possible d&rsquo;utiliser la surface du toit et de choisir parmi les diff\u00e9rents syst\u00e8mes propos\u00e9s\u00a0: <strong>barres de support multifonctions, porte-tubes et porte-\u00e9chelle<\/strong>.<\/p>\n<p><a class=\"btn btn-blue\" title=\"D\u00e9couvrez les supports multifonctions et les porte-\u00e9chelles pour Ducato\" href=\"https:\/\/www.storevan.com\/fr\/amenagement-vehicules-utilitaires\/fourgons-fiat\/ducato\/porte-tout-porte-echelles\/\">D\u00c9COUVREZ LES SUPPORTS MULTIFONCTIONS ET LES PORTE-\u00c9CHELLES POUR DUCATO<\/a><br \/>\n<\/div><div class=\"clearboth\"><\/div>\n<hr class=\"noColor\" \/>\n<div class=\"break\"><\/div>\n<p class=\"text-center\"><strong class=\"bigTxt\"><i>Pratique, fonctionnel et efficace, vous pensez\u00a0: \u00ab\u00a0fantastique\u00a0\u00bb\u00a0! Alors, ne vous contentez plus de r\u00eaver&#8230; Il est temps de le vouloir vraiment\u00a0! Lancez-vous dans votre am\u00e9nagement d\u00e8s maintenant!<\/i><\/strong><\/p>\n<hr \/>\n<div class=\"one_half\">\n<h4 class=\"bigTxt\">Transformation de votre fourgon Fiat Ducato en atelier mobile<\/h4>\n<div class=\"borderTitle\"><\/div>\n<p class=\"text-justify\">Pour la transformation de votre fourgon Ducato en atelier mobile, exigez les am\u00e9nagements Store Van. Nos <strong>rayonnages modulables<\/strong> sont construits en t\u00f4le recuite par galvanisation, une variante de la t\u00f4le galvanis\u00e9e \u00e0 chaud. Apr\u00e8s le proc\u00e9d\u00e9 de galvanisation \u00e0 chaud, le produit est encore chauff\u00e9 \u00e0 une temp\u00e9rature de 550\u00a0\u00b0C environ de sorte que le zinc se soude \u00e0 la surface de la t\u00f4le et forme un alliage avec l\u2019acier. On obtient ainsi une couche de zinc uniforme et \u00e0 la structure cristalline fine ainsi qu&rsquo;une <strong>qualit\u00e9 de surface et une r\u00e9sistance \u00e0 la corrosion bien sup\u00e9rieures<\/strong>. Ce proc\u00e9d\u00e9 est id\u00e9al pour les applications dans le secteur automobile. Store Van a \u00e9galement adopt\u00e9 et appliqu\u00e9 cette technologie dans le secteur des am\u00e9nagements pour fourgons. Demandez un devis gratuit pour l\u2019am\u00e9nagement de votre Fiat Ducato.<\/p>\n<p><a name=\"formconttatto\"><\/a><br \/>\n<a class=\"btn btn-blue\" title=\"Visitez la galerie de photos\" href=\"https:\/\/www.storevan.com\/fr\/amenagements-vehicule-utilitaire-gallery\/fiat\/\" target=\"_blank\" rel=\"noopener noreferrer\">Visitez la galerie de photos <i class=\"fa fa-angle-double-right\"><\/i><\/a><\/p>\n<\/div><div class=\"one_half last\">\n<iframe loading=\"lazy\" src=\"https:\/\/www.youtube.com\/embed\/-N4xsppZWx0\" width=\"560\" height=\"315\" frameborder=\"0\" allowfullscreen=\"allowfullscreen\">&lt;br \/&gt;<br \/>\n<\/iframe><br \/>\n<\/div><div class=\"clearboth\"><\/div>\n<hr \/>\n<div class=\"one_third\">\n<div class=\"text-center\"><a class=\"btn btn-download\" title=\"APPELEZ-NOUS!\" href=\"tel:+390424585455\"><i class=\"fa fa-phone\"><\/i> <span class=\"spanBtn\">APPELEZ-NOUS<\/span><br \/>\npour toute information<\/a><\/div>\n<\/div><div class=\"one_third\">\n<div class=\"text-center\"><a class=\"btn btn-download\" title=\"DOWNLOAD\" href=\"https:\/\/www.storevan.com\/wp-content\/uploads\/doc\/Lightshelf_ITFR_CCT01S2600_web.pdf\" target=\"_blank\" rel=\"noopener noreferrer\"><i class=\"fa fa-download\"><\/i> <span class=\"spanBtn\">DOWNLOAD<\/span><br \/>\nCATALOGUE LIGHT SHELF<\/a><\/div>\n<\/div><div class=\"one_third last\">\n<div class=\"text-center\"><a class=\"btn btn-download\" title=\"T\u00c9L\u00c9CHARGEMENT\" href=\"https:\/\/www.storevan.com\/wp-content\/uploads\/doc\/FIAT_DUCATO_Allestimenti_Amenagements_StoreVan_itfr.pdf\" target=\"_blank\" rel=\"noopener noreferrer\"><i class=\"fa fa-download\"><\/i> <span class=\"spanBtn\">T\u00c9L\u00c9CHARGEMENT<\/span><br \/>\nCATALOGUO DUCATO<\/a><\/div>\n<\/div><div class=\"clearboth\"><\/div>\n<hr \/>\n<h4 class=\"bigTxt text-center txtBkOrange\"><i class=\"fa fa-envelope pull-left\"><\/i>VOULEZ-VOUS EN SAVOIR PLUS?<\/h4>\n\n<div class=\"wpcf7 no-js\" id=\"wpcf7-f67673-o1\" lang=\"it-IT\" dir=\"ltr\">\n<div class=\"screen-reader-response\"><p role=\"status\" aria-live=\"polite\" aria-atomic=\"true\"><\/p> <ul><\/ul><\/div>\n<form action=\"\/fr\/wp-json\/wp\/v2\/pages\/26067#wpcf7-f67673-o1\" method=\"post\" class=\"wpcf7-form init\" aria-label=\"Modulo di contatto\" novalidate=\"novalidate\" data-status=\"init\">\n<div style=\"display: none;\">\n<input type=\"hidden\" name=\"_wpcf7\" value=\"67673\" \/>\n<input type=\"hidden\" name=\"_wpcf7_version\" value=\"5.7.7\" \/>\n<input type=\"hidden\" name=\"_wpcf7_locale\" value=\"it_IT\" \/>\n<input type=\"hidden\" name=\"_wpcf7_unit_tag\" value=\"wpcf7-f67673-o1\" \/>\n<input type=\"hidden\" name=\"_wpcf7_container_post\" value=\"0\" \/>\n<input type=\"hidden\" name=\"_wpcf7_posted_data_hash\" value=\"\" \/>\n<input type=\"hidden\" name=\"_wpcf7_recaptcha_response\" value=\"\" \/>\n<\/div>\n<span class=\"wpcf7-form-control-wrap url\" data-name=\"url\"><input type=\"hidden\" name=\"url\" size=\"40\" class=\"wpcf7-form-control wpcf7-hidden wpcf7dtx wpcf7dtx-hidden\" aria-invalid=\"false\" value=\"ducato\" autocomplete=\"off\" \/><\/span>\n<p>Pour plus d'informations, remplissez les champs suivants. L'un de nos op\u00e9rateurs vous recontactera dans les plus brefs d\u00e9lais (* champs obligatoires):\n<\/p>\n<div class=\"col-xs-12 col-md-6\">\n\t<p><span class='titoli'>Pr\u00e9nom (*)<\/span>\n\t<\/p>\n\t<p><span class=\"wpcf7-form-control-wrap\" data-name=\"your-name\"><input size=\"40\" class=\"wpcf7-form-control wpcf7-text wpcf7-validates-as-required form-control\" aria-required=\"true\" aria-invalid=\"false\" value=\"\" type=\"text\" name=\"your-name\" \/><\/span>\n\t<\/p>\n<\/div>\n<div class=\"col-xs-12 col-md-6\">\n\t<p><span class='titoli'>Nom (*)<\/span>\n\t<\/p>\n\t<p><span class=\"wpcf7-form-control-wrap\" data-name=\"your-last-name\"><input size=\"40\" class=\"wpcf7-form-control wpcf7-text wpcf7-validates-as-required form-control\" aria-required=\"true\" aria-invalid=\"false\" value=\"\" type=\"text\" name=\"your-last-name\" \/><\/span>\n\t<\/p>\n<\/div>\n<div class=\"col-xs-12 col-md-6\">\n\t<p><span class='titoli'>Entreprise (*)<\/span>\n\t<\/p>\n\t<p><span class=\"wpcf7-form-control-wrap\" data-name=\"your-company\"><input size=\"40\" class=\"wpcf7-form-control wpcf7-text wpcf7-validates-as-required form-control\" aria-required=\"true\" aria-invalid=\"false\" value=\"\" type=\"text\" name=\"your-company\" \/><\/span>\n\t<\/p>\n<\/div>\n<div class=\"col-xs-12 col-md-6\">\n\t<p><span class='titoli'>TVA<\/span>\n\t<\/p>\n\t<p><span class=\"wpcf7-form-control-wrap\" data-name=\"p-iva\"><input size=\"40\" class=\"wpcf7-form-control wpcf7-text form-control\" aria-invalid=\"false\" value=\"\" type=\"text\" name=\"p-iva\" \/><\/span>\n\t<\/p>\n<\/div>\n<div class=\"clearboth\">\n<\/div>\n<div class=\"col-xs-12 col-md-4\">\n\t<p><span class='titoli'>Code Postal (*)<\/span>\n\t<\/p>\n\t<p><span class=\"wpcf7-form-control-wrap\" data-name=\"your-zip-code\"><input size=\"40\" class=\"wpcf7-form-control wpcf7-text wpcf7-validates-as-required form-control\" aria-required=\"true\" aria-invalid=\"false\" value=\"\" type=\"text\" name=\"your-zip-code\" \/><\/span>\n\t<\/p>\n<\/div>\n<div class=\"col-xs-12 col-md-4\">\n\t<p><span class='titoli'>Adresse (*)<\/span>\n\t<\/p>\n\t<p><span class=\"wpcf7-form-control-wrap\" data-name=\"your-address\"><input size=\"40\" class=\"wpcf7-form-control wpcf7-text wpcf7-validates-as-required form-control\" aria-required=\"true\" aria-invalid=\"false\" value=\"\" type=\"text\" name=\"your-address\" \/><\/span>\n\t<\/p>\n<\/div>\n<div class=\"col-xs-12 col-md-4\">\n\t<p><span class='titoli'>Ville (*)<\/span>\n\t<\/p>\n\t<p><span class=\"wpcf7-form-control-wrap\" data-name=\"your-Town\"><input size=\"40\" class=\"wpcf7-form-control wpcf7-text wpcf7-validates-as-required form-control\" aria-required=\"true\" aria-invalid=\"false\" value=\"\" type=\"text\" name=\"your-Town\" \/><\/span>\n\t<\/p>\n<\/div>\n<div class=\"clearboth\">\n<\/div>\n<div class=\"col-xs-12 col-md-6\">\n\t<p><span class='titoli'>email (*)<\/span>\n\t<\/p>\n\t<p><span class=\"wpcf7-form-control-wrap\" data-name=\"your-email\"><input size=\"40\" class=\"wpcf7-form-control wpcf7-text wpcf7-email wpcf7-validates-as-required wpcf7-validates-as-email form-control\" aria-required=\"true\" aria-invalid=\"false\" value=\"\" type=\"email\" name=\"your-email\" \/><\/span>\n\t<\/p>\n<\/div>\n<div class=\"col-xs-12 col-md-6\">\n\t<p><span class='titoli'>T\u00e9l\u00e9phone (*)<\/span>\n\t<\/p>\n\t<p><span class=\"wpcf7-form-control-wrap\" data-name=\"telefono\"><input size=\"40\" class=\"wpcf7-form-control wpcf7-text wpcf7-tel wpcf7-validates-as-required wpcf7-validates-as-tel form-control\" aria-required=\"true\" aria-invalid=\"false\" value=\"\" type=\"tel\" name=\"telefono\" \/><\/span>\n\t<\/p>\n<\/div>\n<div class=\"clearboth\">\n<\/div>\n<div class=\"col-xs-12 col-md-6\">\n\t<p><span class='titoli'>Objet <\/span>\n\t<\/p>\n\t<p><span class=\"wpcf7-form-control-wrap\" data-name=\"oggetto\"><select class=\"wpcf7-form-control wpcf7-select wpcf7-validates-as-required\" aria-required=\"true\" aria-invalid=\"false\" name=\"oggetto\"><option value=\"Citation\">Citation<\/option><option value=\"Information technique\">Information technique<\/option><option value=\"Rendez-vous\">Rendez-vous<\/option><\/select><\/span>\n\t<\/p>\n<\/div>\n<div class=\"col-xs-12 col-md-6\">\n\t<p><br \/>\n<span class=\"titoli\"> <span class=\"wpcf7-form-control-wrap\" data-name=\"cliente\"><span class=\"wpcf7-form-control wpcf7-checkbox\"><span class=\"wpcf7-list-item first last\"><label><span class=\"wpcf7-list-item-label\">Je suis d\u00e9j\u00e0 client<\/span><input type=\"checkbox\" name=\"cliente[]\" value=\"Je suis d\u00e9j\u00e0 client\" \/><\/label><\/span><\/span><\/span><\/span>\n\t<\/p>\n<\/div>\n<div class=\"col-xs-12 col-md-12\">\n\t<p><span class='titoli'>Message (*)<\/span>\n\t<\/p>\n\t<p><span class=\"wpcf7-form-control-wrap\" data-name=\"your-message\"><textarea cols=\"40\" rows=\"10\" class=\"wpcf7-form-control wpcf7-textarea wpcf7-validates-as-required form-control\" aria-required=\"true\" aria-invalid=\"false\" name=\"your-message\"><\/textarea><\/span>\n\t<\/p>\n<\/div>\n<div class=\"col-xs-12 col-md-12\">\n\t<p><small>Les donn\u00e9es saisies seront trait\u00e9es de mani\u00e8re strictement confidentielle conform\u00e9ment \u00e0 la loi et \u00e0 notre <a href=\"https:\/\/www.storevan.com\/fr\/privacy-policy\/\">politique de confidentialit\u00e9<\/a>.<\/small>\n\t<\/p>\n\t<p><span class=\"wpcf7-form-control-wrap\" data-name=\"AccettazionePrivacy\"><span class=\"wpcf7-form-control wpcf7-acceptance\"><span class=\"wpcf7-list-item\"><input type=\"checkbox\" name=\"AccettazionePrivacy\" value=\"1\" aria-invalid=\"false\" \/><\/span><\/span><\/span> Je d\u00e9clare avoir pris connaissance de la Note Informative sur les <a href=\"https:\/\/www.storevan.com\/fr\/privacy-policy\/\">Note Informative sur les Informations priv\u00e9es<\/a> et j\u2019autorise au traitement de mes donn\u00e9es personnelles en conformit\u00e9 avec ce qui y est \u00e9crit. (*)<br \/>\n\t<span class=\"wpcf7-form-control-wrap recaptcha\" data-name=\"recaptcha\"><span data-sitekey=\"6LdfM4AUAAAAAJjsAucux5WVNA3hsk5KP0a03T_n\" class=\"wpcf7-form-control g-recaptcha wpcf7-recaptcha\"><\/span>\r\n<noscript>\r\n\t<div class=\"grecaptcha-noscript\">\r\n\t\t<iframe src=\"https:\/\/www.google.com\/recaptcha\/api\/fallback?k=6LdfM4AUAAAAAJjsAucux5WVNA3hsk5KP0a03T_n\" frameborder=\"0\" scrolling=\"no\" width=\"310\" height=\"430\">\r\n\t\t<\/iframe>\r\n\t\t<textarea name=\"g-recaptcha-response\" rows=\"3\" cols=\"40\" placeholder=\"reCaptcha Response Here\">\r\n\t\t<\/textarea>\r\n\t<\/div>\r\n<\/noscript>\r\n<\/span>\n\t<\/p>\n<\/div>\n<hr class=\"noColor\" \/>\n<p><input class=\"wpcf7-form-control has-spinner wpcf7-submit\" type=\"submit\" value=\"Envoi\" \/>\n<\/p><div class=\"wpcf7-response-output\" aria-hidden=\"true\"><\/div>\n<\/form>\n<\/div>\n\n","protected":false},"excerpt":{"rendered":"<p>Am\u00e9nagement de fourgons Fiat Ducato Solutions d&rsquo;am\u00e9nagement Ducato avec planchers, rev\u00eatements int\u00e9rieurs et rayonnages pour une s\u00e9curisation totale du chargement LLes solutions d&rsquo;am\u00e9nagement pour fourgons Fiat Ducato de Store Van.<\/p>\n","protected":false},"author":470,"featured_media":0,"parent":26059,"menu_order":0,"comment_status":"closed","ping_status":"closed","template":"pageSlider.php","meta":[],"acf":[],"yoast_head":"<!-- This site is optimized with the Yoast SEO plugin v20.11 - https:\/\/yoast.com\/wordpress\/plugins\/seo\/ -->\n<title>Am\u00e9nagement de fourgons Fiat Ducato<\/title>\n<meta name=\"description\" content=\"Solutions d&#039;am\u00e9nagement Ducato avec planchers, rev\u00eatements int\u00e9rieurs et rayonnages pour une s\u00e9curisation totale du chargement. Demandez un devis gratuit pour l\u2019am\u00e9nagement de votre Fiat Ducato!\" \/>\n<meta name=\"robots\" content=\"index, follow, max-snippet:-1, max-image-preview:large, max-video-preview:-1\" \/>\n<link rel=\"canonical\" href=\"https:\/\/www.storevan.com\/fr\/amenagement-vehicules-utilitaires\/fourgons-fiat\/ducato\/\" \/>\n<meta property=\"og:locale\" content=\"fr_FR\" \/>\n<meta property=\"og:type\" content=\"article\" \/>\n<meta property=\"og:title\" content=\"Am\u00e9nagement de fourgons Fiat Ducato\" \/>\n<meta property=\"og:description\" content=\"Solutions d&#039;am\u00e9nagement Ducato avec planchers, rev\u00eatements int\u00e9rieurs et rayonnages pour une s\u00e9curisation totale du chargement. Demandez un devis gratuit pour l\u2019am\u00e9nagement de votre Fiat Ducato!\" \/>\n<meta property=\"og:url\" content=\"https:\/\/www.storevan.com\/fr\/amenagement-vehicules-utilitaires\/fourgons-fiat\/ducato\/\" \/>\n<meta property=\"og:site_name\" content=\"Store Van\" \/>\n<meta property=\"article:modified_time\" content=\"2021-06-09T12:26:23+00:00\" \/>\n<meta property=\"og:image\" content=\"https:\/\/www.storevan.com\/wp-content\/uploads\/2018\/02\/safety-1-300x280.jpg\" \/>\n<meta name=\"twitter:label1\" content=\"Dur\u00e9e de lecture estim\u00e9e\" \/>\n\t<meta name=\"twitter:data1\" content=\"4 minutes\" \/>\n<script type=\"application\/ld+json\" class=\"yoast-schema-graph\">{\"@context\":\"https:\/\/schema.org\",\"@graph\":[{\"@type\":\"WebPage\",\"@id\":\"https:\/\/www.storevan.com\/fr\/amenagement-vehicules-utilitaires\/fourgons-fiat\/ducato\/\",\"url\":\"https:\/\/www.storevan.com\/fr\/amenagement-vehicules-utilitaires\/fourgons-fiat\/ducato\/\",\"name\":\"Am\u00e9nagement de fourgons Fiat Ducato\",\"isPartOf\":{\"@id\":\"https:\/\/www.storevan.com\/pl\/#website\"},\"datePublished\":\"2015-12-09T14:18:28+00:00\",\"dateModified\":\"2021-06-09T12:26:23+00:00\",\"description\":\"Solutions d'am\u00e9nagement Ducato avec planchers, rev\u00eatements int\u00e9rieurs et rayonnages pour une s\u00e9curisation totale du chargement. Demandez un devis gratuit pour l\u2019am\u00e9nagement de votre Fiat Ducato!\",\"breadcrumb\":{\"@id\":\"https:\/\/www.storevan.com\/fr\/amenagement-vehicules-utilitaires\/fourgons-fiat\/ducato\/#breadcrumb\"},\"inLanguage\":\"fr-FR\",\"potentialAction\":[{\"@type\":\"ReadAction\",\"target\":[\"https:\/\/www.storevan.com\/fr\/amenagement-vehicules-utilitaires\/fourgons-fiat\/ducato\/\"]}]},{\"@type\":\"BreadcrumbList\",\"@id\":\"https:\/\/www.storevan.com\/fr\/amenagement-vehicules-utilitaires\/fourgons-fiat\/ducato\/#breadcrumb\",\"itemListElement\":[{\"@type\":\"ListItem\",\"position\":1,\"name\":\"Home\",\"item\":\"https:\/\/www.storevan.com\/fr\/\"},{\"@type\":\"ListItem\",\"position\":2,\"name\":\"Am\u00e9nagement de v\u00e9hicule utilitaire\",\"item\":\"https:\/\/www.storevan.com\/fr\/amenagement-vehicules-utilitaires\/\"},{\"@type\":\"ListItem\",\"position\":3,\"name\":\"Fiat\",\"item\":\"https:\/\/www.storevan.com\/fr\/amenagement-vehicules-utilitaires\/fourgons-fiat\/\"},{\"@type\":\"ListItem\",\"position\":4,\"name\":\"Ducato\"}]},{\"@type\":\"WebSite\",\"@id\":\"https:\/\/www.storevan.com\/pl\/#website\",\"url\":\"https:\/\/www.storevan.com\/pl\/\",\"name\":\"Store Van\",\"description\":\"Am\u00e9nagements fourgons\",\"potentialAction\":[{\"@type\":\"SearchAction\",\"target\":{\"@type\":\"EntryPoint\",\"urlTemplate\":\"https:\/\/www.storevan.com\/pl\/?s={search_term_string}\"},\"query-input\":\"required name=search_term_string\"}],\"inLanguage\":\"fr-FR\"}]}<\/script>\n<!-- \/ Yoast SEO plugin. -->","yoast_head_json":{"title":"Am\u00e9nagement de fourgons Fiat Ducato","description":"Solutions d'am\u00e9nagement Ducato avec planchers, rev\u00eatements int\u00e9rieurs et rayonnages pour une s\u00e9curisation totale du chargement. Demandez un devis gratuit pour l\u2019am\u00e9nagement de votre Fiat Ducato!","robots":{"index":"index","follow":"follow","max-snippet":"max-snippet:-1","max-image-preview":"max-image-preview:large","max-video-preview":"max-video-preview:-1"},"canonical":"https:\/\/www.storevan.com\/fr\/amenagement-vehicules-utilitaires\/fourgons-fiat\/ducato\/","og_locale":"fr_FR","og_type":"article","og_title":"Am\u00e9nagement de fourgons Fiat Ducato","og_description":"Solutions d'am\u00e9nagement Ducato avec planchers, rev\u00eatements int\u00e9rieurs et rayonnages pour une s\u00e9curisation totale du chargement. Demandez un devis gratuit pour l\u2019am\u00e9nagement de votre Fiat Ducato!","og_url":"https:\/\/www.storevan.com\/fr\/amenagement-vehicules-utilitaires\/fourgons-fiat\/ducato\/","og_site_name":"Store Van","article_modified_time":"2021-06-09T12:26:23+00:00","og_image":[{"url":"https:\/\/www.storevan.com\/wp-content\/uploads\/2018\/02\/safety-1-300x280.jpg"}],"twitter_misc":{"Dur\u00e9e de lecture estim\u00e9e":"4 minutes"},"schema":{"@context":"https:\/\/schema.org","@graph":[{"@type":"WebPage","@id":"https:\/\/www.storevan.com\/fr\/amenagement-vehicules-utilitaires\/fourgons-fiat\/ducato\/","url":"https:\/\/www.storevan.com\/fr\/amenagement-vehicules-utilitaires\/fourgons-fiat\/ducato\/","name":"Am\u00e9nagement de fourgons Fiat Ducato","isPartOf":{"@id":"https:\/\/www.storevan.com\/pl\/#website"},"datePublished":"2015-12-09T14:18:28+00:00","dateModified":"2021-06-09T12:26:23+00:00","description":"Solutions d'am\u00e9nagement Ducato avec planchers, rev\u00eatements int\u00e9rieurs et rayonnages pour une s\u00e9curisation totale du chargement. Demandez un devis gratuit pour l\u2019am\u00e9nagement de votre Fiat Ducato!","breadcrumb":{"@id":"https:\/\/www.storevan.com\/fr\/amenagement-vehicules-utilitaires\/fourgons-fiat\/ducato\/#breadcrumb"},"inLanguage":"fr-FR","potentialAction":[{"@type":"ReadAction","target":["https:\/\/www.storevan.com\/fr\/amenagement-vehicules-utilitaires\/fourgons-fiat\/ducato\/"]}]},{"@type":"BreadcrumbList","@id":"https:\/\/www.storevan.com\/fr\/amenagement-vehicules-utilitaires\/fourgons-fiat\/ducato\/#breadcrumb","itemListElement":[{"@type":"ListItem","position":1,"name":"Home","item":"https:\/\/www.storevan.com\/fr\/"},{"@type":"ListItem","position":2,"name":"Am\u00e9nagement de v\u00e9hicule utilitaire","item":"https:\/\/www.storevan.com\/fr\/amenagement-vehicules-utilitaires\/"},{"@type":"ListItem","position":3,"name":"Fiat","item":"https:\/\/www.storevan.com\/fr\/amenagement-vehicules-utilitaires\/fourgons-fiat\/"},{"@type":"ListItem","position":4,"name":"Ducato"}]},{"@type":"WebSite","@id":"https:\/\/www.storevan.com\/pl\/#website","url":"https:\/\/www.storevan.com\/pl\/","name":"Store Van","description":"Am\u00e9nagements fourgons","potentialAction":[{"@type":"SearchAction","target":{"@type":"EntryPoint","urlTemplate":"https:\/\/www.storevan.com\/pl\/?s={search_term_string}"},"query-input":"required name=search_term_string"}],"inLanguage":"fr-FR"}]}},"_links":{"self":[{"href":"https:\/\/www.storevan.com\/fr\/wp-json\/wp\/v2\/pages\/26067"}],"collection":[{"href":"https:\/\/www.storevan.com\/fr\/wp-json\/wp\/v2\/pages"}],"about":[{"href":"https:\/\/www.storevan.com\/fr\/wp-json\/wp\/v2\/types\/page"}],"author":[{"embeddable":true,"href":"https:\/\/www.storevan.com\/fr\/wp-json\/wp\/v2\/users\/470"}],"replies":[{"embeddable":true,"href":"https:\/\/www.storevan.com\/fr\/wp-json\/wp\/v2\/comments?post=26067"}],"version-history":[{"count":7,"href":"https:\/\/www.storevan.com\/fr\/wp-json\/wp\/v2\/pages\/26067\/revisions"}],"predecessor-version":[{"id":127566,"href":"https:\/\/www.storevan.com\/fr\/wp-json\/wp\/v2\/pages\/26067\/revisions\/127566"}],"up":[{"embeddable":true,"href":"https:\/\/www.storevan.com\/fr\/wp-json\/wp\/v2\/pages\/26059"}],"wp:attachment":[{"href":"https:\/\/www.storevan.com\/fr\/wp-json\/wp\/v2\/media?parent=26067"}],"curies":[{"name":"wp","href":"https:\/\/api.w.org\/{rel}","templated":true}]}}